{"id":21110,"date":"2014-02-12T12:50:27","date_gmt":"2014-02-12T12:50:27","guid":{"rendered":"https:\/\/www.santjosep.net\/informacion-practica\/"},"modified":"2025-12-01T16:02:42","modified_gmt":"2025-12-01T15:02:42","slug":"praktische-informatie","status":"publish","type":"page","link":"https:\/\/www.santjosep.net\/nl\/praktische-informatie\/","title":{"rendered":"Praktische informatie"},"content":{"rendered":"<div class=\"wpb-content-wrapper\"><p>[vc_row enable_hue_rotation=&#8221;no&#8221; enable_text_marquee=&#8221;no&#8221; el_class=&#8221;filainfo&#8221;][vc_column width=&#8221;1\/3&#8243; css=&#8221;.vc_custom_1579710931106{border-radius: 1px !important;}&#8221;]<div class=\"edgtf-iwt clearfix  edgtf-iwt-icon-left edgtf-iwt-icon-small\">\n\t<div class=\"edgtf-iwt-icon\">\n\t\t\t\t\t\t\t\t\t    <span class=\"edgtf-icon-shortcode edgtf-circle   edgtf-icon-small\" style=\"background-color: #1ca8e2\" data-color=\"#ffffff\">\n                    <i class=\"edgtf-icon-font-awesome fa fa-plane edgtf-icon-element\" style=\"color: #ffffff\" ><\/i>            <\/span>\n\t\t\t\t\t\t<\/div>\n\t<div class=\"edgtf-iwt-content\" >\n\t\t\t\t\t<h4 class=\"edgtf-iwt-title\" >\n\t\t\t\t\t\t\t\t<span class=\"edgtf-iwt-title-text\">Hoe komt u er?<\/span>\n\t\t\t\t\t\t\t<\/h4>\n\t\t\t\t\t<\/div>\n<\/div>[vc_column_text]\u00b7 <a href=\"https:\/\/www.aena.es\/es\/ibiza.html\" target=\"_blank\" rel=\"noopener noreferrer\"> Luchthaven van Ibiza<\/a><br \/>\n\u00b7 <a href=\"https:\/\/www.aena.es\/es\/ibiza\/aerolineas-y-destinos\/aerolineas.html\" target=\"_blank\" rel=\"noopener noreferrer\">Luchtvaartmaatschappijen<\/a><br \/>\n\u00b7 <a href=\"https:\/\/www.balearia.com\" target=\"_blank\" rel=\"noopener noreferrer\">Balearia<\/a> (Boten)<br \/>\n\u00b7 <a href=\"http:\/\/www.trasmediterranea.es\/\" target=\"_blank\" rel=\"noopener noreferrer\">Trasmediterr\u00e1nea<\/a> (Boten)[\/vc_column_text][\/vc_column][vc_column width=&#8221;1\/3&#8243;]<div class=\"edgtf-iwt clearfix  edgtf-iwt-icon-left edgtf-iwt-icon-small\">\n\t<div class=\"edgtf-iwt-icon\">\n\t\t\t\t\t\t\t\t\t    <span class=\"edgtf-icon-shortcode edgtf-circle   edgtf-icon-small\" style=\"background-color: #1ca8e2\" data-color=\"#ffffff\">\n                    <i class=\"edgtf-icon-font-awesome fa fa-pencil edgtf-icon-element\" style=\"color: #ffffff\" ><\/i>            <\/span>\n\t\t\t\t\t\t<\/div>\n\t<div class=\"edgtf-iwt-content\" >\n\t\t\t\t\t<h4 class=\"edgtf-iwt-title\" >\n\t\t\t\t\t\t\t\t<span class=\"edgtf-iwt-title-text\">Reistips<\/span>\n\t\t\t\t\t\t\t<\/h4>\n\t\t\t\t\t<\/div>\n<\/div>[vc_column_text]\u00b7 <a href=\"http:\/\/www.spain.info\/en\/informacion-practica\/consejos-viaje\/consejos-practicos\/requisitos\/\" target=\"_blank\" rel=\"noopener noreferrer\">Wat heb ik nodig om Spanje binnen te komen?<\/a><br \/>\n\u00b7 <a href=\"http:\/\/www.spain.info\/en\/informacion-practica\/consejos-viaje\/consejos-practicos\/salud-seguridad\/\" target=\"_blank\" rel=\"noopener noreferrer\">Gezondheid en veiligheid<\/a><br \/>\n\u00b7 <a href=\"http:\/\/www.spain.info\/en\/informacion-practica\/consejos-viaje\/consejos-practicos\/comunicaciones\/\" target=\"_blank\" rel=\"noopener noreferrer\">Communicatie<br \/>\n<\/a>\u00b7 <a href=\"http:\/\/www.santjosep.org\/tu-municipio\/sanidad\/farmacias\" target=\"_blank\" rel=\"noopener noreferrer\">Apotheken<\/a>[\/vc_column_text][\/vc_column][vc_column width=&#8221;1\/3&#8243;]<div class=\"edgtf-iwt clearfix  edgtf-iwt-icon-left edgtf-iwt-icon-small\">\n\t<div class=\"edgtf-iwt-icon\">\n\t\t\t\t\t\t\t\t\t    <span class=\"edgtf-icon-shortcode edgtf-circle   edgtf-icon-small\" style=\"background-color: #1ca8e2\" data-color=\"#ffffff\">\n                    <i class=\"edgtf-icon-font-awesome fa fa-map-marker edgtf-icon-element\" style=\"color: #ffffff\" ><\/i>            <\/span>\n\t\t\t\t\t\t<\/div>\n\t<div class=\"edgtf-iwt-content\" >\n\t\t\t\t\t<h4 class=\"edgtf-iwt-title\" >\n\t\t\t\t\t\t\t\t<span class=\"edgtf-iwt-title-text\">Kaarten<\/span>\n\t\t\t\t\t\t\t<\/h4>\n\t\t\t\t\t<\/div>\n<\/div>[vc_column_text]\u00b7 <a href=\"https:\/\/www.santjosep.net\/wp-content\/uploads\/pdf\/Mapa-de-playas1.pdf\" target=\"_blank\" rel=\"noopener noreferrer\">Stranden van Ibiza<\/a><br \/>\n\u00b7 <a href=\"https:\/\/www.santjosep.net\/wp-content\/uploads\/pdf\/Mapa-Bahia-de-Portmany.pdf\" target=\"_blank\" rel=\"noopener noreferrer\">Baai van Sant Antoni<\/a><br \/>\n\u00b7 <a href=\"https:\/\/www.santjosep.net\/wp-content\/uploads\/pdf\/Mapa-Platja-den-Bossa.pdf\" target=\"_blank\" rel=\"noopener noreferrer\">Platja d&#8217;en Bossa<\/a>[\/vc_column_text][\/vc_column][\/vc_row][vc_row enable_hue_rotation=&#8221;no&#8221; enable_text_marquee=&#8221;no&#8221; el_class=&#8221;filainfo&#8221;][vc_column width=&#8221;1\/3&#8243; css=&#8221;.vc_custom_1579710931106{border-radius: 1px !important;}&#8221;]<div class=\"edgtf-iwt clearfix  edgtf-iwt-icon-left edgtf-iwt-icon-small\">\n\t<div class=\"edgtf-iwt-icon\">\n\t\t\t\t\t\t\t\t\t    <span class=\"edgtf-icon-shortcode edgtf-circle   edgtf-icon-small\" style=\"background-color: #1ca8e2\" data-color=\"#ffffff\">\n                    <i class=\"edgtf-icon-font-awesome fa fa-info edgtf-icon-element\" style=\"color: #ffffff\" ><\/i>            <\/span>\n\t\t\t\t\t\t<\/div>\n\t<div class=\"edgtf-iwt-content\" >\n\t\t\t\t\t<h4 class=\"edgtf-iwt-title\" >\n\t\t\t\t\t\t\t\t<span class=\"edgtf-iwt-title-text\">Toeristische informatie<\/span>\n\t\t\t\t\t\t\t<\/h4>\n\t\t\t\t\t<\/div>\n<\/div>[vc_column_text css=&#8221;&#8221;]<a href=\"mailto:turisme@santjosep.org\" target=\"_blank\" rel=\"noopener\">turisme@santjosep.org<\/a><\/p>\n<p><strong>VVV-kantoor van Sant Josep<\/strong><br \/>\nPere Escanelles (tegenover het gemeentehuis) \u2013 Sant Josep de sa Talaia<br \/>\nOpeningstijden: maandag tot zaterdag van 10.00 tot 15.00 uur.<br \/>\nTelefoon: (+34) 971 801 627.<br \/>\nGesloten op zondag.<\/p>\n<p><strong>VVV-kantoor van Cala de Bou<\/strong><br \/>\nC\/ Es Cal\u00f3, 7 \u2013 Sant Josep de sa Talaia<br \/>\nVan april tot oktober<br \/>\nOpeningstijden: maandag tot vrijdag van 10.00 tot 14.00 en van 15.00 tot 18.00, zaterdag van 10.00 tot 15.00.<br \/>\nGesloten op zondag.<\/p>\n<p><strong>VVV-kantoor van Playa d\u2019en Bossa<\/strong><br \/>\nCtra. Playa d\u2019en Bossa s\/n<br \/>\nVan april tot oktober<br \/>\nOpeningstijden: maandag tot vrijdag van 10.00 tot 19.00 uur, zaterdag en zondag van 10.00 tot 14.00 uur en van 15.00 tot 20.00 uur.[\/vc_column_text][\/vc_column][vc_column width=&#8221;1\/3&#8243;]<div class=\"edgtf-iwt clearfix  edgtf-iwt-icon-left edgtf-iwt-icon-small\">\n\t<div class=\"edgtf-iwt-icon\">\n\t\t\t\t\t\t\t\t\t    <span class=\"edgtf-icon-shortcode edgtf-circle   edgtf-icon-small\" style=\"background-color: #1ca8e2\" data-color=\"#ffffff\">\n                    <i class=\"edgtf-icon-font-awesome fa fa-road edgtf-icon-element\" style=\"color: #ffffff\" ><\/i>            <\/span>\n\t\t\t\t\t\t<\/div>\n\t<div class=\"edgtf-iwt-content\" >\n\t\t\t\t\t<h4 class=\"edgtf-iwt-title\" >\n\t\t\t\t\t\t\t\t<span class=\"edgtf-iwt-title-text\">Zich op het eiland verplaatsen<\/span>\n\t\t\t\t\t\t\t<\/h4>\n\t\t\t\t\t<\/div>\n<\/div>[vc_column_text]. <a href=\"http:\/\/ibizabus.com\/ibiza\/\" target=\"_blank\" rel=\"noopener noreferrer\">Bus<\/a> (reguliere lijnen)<br \/>\n\u00b7 <a href=\"https:\/\/ibiza.travel\/en\/directorio\/radio-taxi-eivissa\/\" target=\"_blank\" rel=\"noopener noreferrer\">Taxi<\/a> (openbare dienst)<br \/>\n\u00b7 <a href=\"https:\/\/ibiza.travel\/en\/organize-your-trip\/getting-around-the-island\/\" target=\"_blank\" rel=\"noopener noreferrer\">A Autoverhuur<br \/>\n<\/a>\u00b7 <a href=\"https:\/\/ibiza.travel\/en\/organize-your-trip\/getting-around-the-island\/\" target=\"_blank\" rel=\"noopener noreferrer\">Priv\u00e9-transfers<\/a><br \/>\n\u00b7 <a href=\"https:\/\/ibiza.travel\/en\/organize-your-trip\/getting-around-the-island\/\" target=\"_blank\" rel=\"noopener noreferrer\">Vervoer tussen de eilanden onderling<\/a>[\/vc_column_text][\/vc_column][vc_column width=&#8221;1\/3&#8243;]<div class=\"edgtf-iwt clearfix  edgtf-iwt-icon-left edgtf-iwt-icon-small\">\n\t<div class=\"edgtf-iwt-icon\">\n\t\t\t\t\t\t\t\t\t    <span class=\"edgtf-icon-shortcode edgtf-circle   edgtf-icon-small\" style=\"background-color: #1ca8e2\" data-color=\"#ffffff\">\n                    <i class=\"edgtf-icon-font-awesome fa fa-external-link edgtf-icon-element\" style=\"color: #ffffff\" ><\/i>            <\/span>\n\t\t\t\t\t\t<\/div>\n\t<div class=\"edgtf-iwt-content\" >\n\t\t\t\t\t<h4 class=\"edgtf-iwt-title\" >\n\t\t\t\t\t\t\t\t<span class=\"edgtf-iwt-title-text\">Offici\u00eble websites<\/span>\n\t\t\t\t\t\t\t<\/h4>\n\t\t\t\t\t<\/div>\n<\/div>[vc_column_text]\u00b7 <a href=\"http:\/\/ibiza.travel\/en\/\" target=\"_blank\" rel=\"noopener noreferrer\">Ibiza.travel<\/a><a href=\"http:\/\/www.ibiza.travel\/es\/tipostransporte.php\" target=\"_blank\" rel=\"noopener noreferrer\"><br \/>\n\u00b7 <\/a><a href=\"http:\/\/www.spain.info\" target=\"_blank\" rel=\"noopener noreferrer\">Spain.info<\/a><a href=\"http:\/\/www.ibiza.travel\/es\/tipostransporte.php\" target=\"_blank\" rel=\"noopener noreferrer\"><br \/>\n\u00b7 <\/a><a href=\"https:\/\/www.santjosep.org\" target=\"_blank\" rel=\"noopener noreferrer\">Gemeente Sant Josep<\/a><a href=\"http:\/\/www.ibiza.travel\/es\/tipostransporte.php\" target=\"_blank\" rel=\"noopener noreferrer\"><br \/>\n<\/a>[\/vc_column_text][\/vc_column][\/vc_row][vc_row enable_hue_rotation=&#8221;no&#8221; enable_text_marquee=&#8221;no&#8221;][vc_column][vc_column_text][\/vc_column_text][\/vc_column][\/vc_row]<\/p>\n<\/div>","protected":false},"excerpt":{"rendered":"<p>[vc_row enable_hue_rotation=&#8221;no&#8221; enable_text_marquee=&#8221;no&#8221; el_class=&#8221;filainfo&#8221;][vc_column width=&#8221;1\/3&#8243; css=&#8221;.vc_custom_1579710931106{border-radius: 1px !important;}&#8221;][vc_column_text]\u00b7 Luchthaven van Ibiza \u00b7 Luchtvaartmaatschappijen \u00b7 Balearia (Boten) \u00b7 Trasmediterr\u00e1nea (Boten)[\/vc_column_text][\/vc_column][vc_column width=&#8221;1\/3&#8243;][vc_column_text]\u00b7 Wat heb ik nodig om Spanje binnen te komen? \u00b7 Gezondheid en veiligheid \u00b7 Communicatie \u00b7 Apotheken[\/vc_column_text][\/vc_column][vc_column width=&#8221;1\/3&#8243;][vc_column_text]\u00b7 Stranden van [&hellip;]<\/p>\n","protected":false},"author":1,"featured_media":0,"parent":0,"menu_order":0,"comment_status":"open","ping_status":"closed","template":"","meta":{"_acf_changed":false,"inline_featured_image":false,"footnotes":""},"categoria_pagina":[],"class_list":["post-21110","page","type-page","status-publish","hentry"],"acf":[],"yoast_head":"<!-- This site is optimized with the Yoast SEO plugin v25.7 - https:\/\/yoast.com\/wordpress\/plugins\/seo\/ -->\n<title>Informaci\u00f3n pr\u00e1ctica para viajar a Sant Josep - Ibiza<\/title>\n<meta name=\"description\" content=\"Informaci\u00f3n pr\u00e1ctica sobre C\u00f3mo llegar a la isla de Ibiza, moverse en su interior, traslados, clima, salud, mapas descargablas y m\u00e1s.\" \/>\n<meta name=\"robots\" content=\"index, follow, max-snippet:-1, max-image-preview:large, max-video-preview:-1\" \/>\n<link rel=\"canonical\" href=\"https:\/\/www.santjosep.net\/nl\/praktische-informatie\/\" \/>\n<meta property=\"og:locale\" content=\"nl_NL\" \/>\n<meta property=\"og:type\" content=\"article\" \/>\n<meta property=\"og:title\" content=\"Informaci\u00f3n pr\u00e1ctica para viajar a Sant Josep - Ibiza\" \/>\n<meta property=\"og:description\" content=\"Informaci\u00f3n pr\u00e1ctica sobre C\u00f3mo llegar a la isla de Ibiza, moverse en su interior, traslados, clima, salud, mapas descargablas y m\u00e1s.\" \/>\n<meta property=\"og:url\" content=\"https:\/\/www.santjosep.net\/nl\/praktische-informatie\/\" \/>\n<meta property=\"og:site_name\" content=\"Santjosep.net\" \/>\n<meta property=\"article:modified_time\" content=\"2025-12-01T15:02:42+00:00\" \/>\n<meta name=\"twitter:card\" content=\"summary_large_image\" \/>\n<meta name=\"twitter:label1\" content=\"Geschatte leestijd\" \/>\n\t<meta name=\"twitter:data1\" content=\"2 minuten\" \/>\n<script type=\"application\/ld+json\" class=\"yoast-schema-graph\">{\"@context\":\"https:\/\/schema.org\",\"@graph\":[{\"@type\":\"WebPage\",\"@id\":\"https:\/\/www.santjosep.net\/nl\/praktische-informatie\/\",\"url\":\"https:\/\/www.santjosep.net\/nl\/praktische-informatie\/\",\"name\":\"Informaci\u00f3n pr\u00e1ctica para viajar a Sant Josep - Ibiza\",\"isPartOf\":{\"@id\":\"https:\/\/www.santjosep.net\/#website\"},\"datePublished\":\"2014-02-12T12:50:27+00:00\",\"dateModified\":\"2025-12-01T15:02:42+00:00\",\"description\":\"Informaci\u00f3n pr\u00e1ctica sobre C\u00f3mo llegar a la isla de Ibiza, moverse en su interior, traslados, clima, salud, mapas descargablas y m\u00e1s.\",\"inLanguage\":\"nl-NL\",\"potentialAction\":[{\"@type\":\"ReadAction\",\"target\":[\"https:\/\/www.santjosep.net\/nl\/praktische-informatie\/\"]}]},{\"@type\":\"WebSite\",\"@id\":\"https:\/\/www.santjosep.net\/#website\",\"url\":\"https:\/\/www.santjosep.net\/\",\"name\":\"Santjosep.net\",\"description\":\"\",\"potentialAction\":[{\"@type\":\"SearchAction\",\"target\":{\"@type\":\"EntryPoint\",\"urlTemplate\":\"https:\/\/www.santjosep.net\/?s={search_term_string}\"},\"query-input\":{\"@type\":\"PropertyValueSpecification\",\"valueRequired\":true,\"valueName\":\"search_term_string\"}}],\"inLanguage\":\"nl-NL\"}]}<\/script>\n<!-- \/ Yoast SEO plugin. -->","yoast_head_json":{"title":"Informaci\u00f3n pr\u00e1ctica para viajar a Sant Josep - Ibiza","description":"Informaci\u00f3n pr\u00e1ctica sobre C\u00f3mo llegar a la isla de Ibiza, moverse en su interior, traslados, clima, salud, mapas descargablas y m\u00e1s.","robots":{"index":"index","follow":"follow","max-snippet":"max-snippet:-1","max-image-preview":"max-image-preview:large","max-video-preview":"max-video-preview:-1"},"canonical":"https:\/\/www.santjosep.net\/nl\/praktische-informatie\/","og_locale":"nl_NL","og_type":"article","og_title":"Informaci\u00f3n pr\u00e1ctica para viajar a Sant Josep - Ibiza","og_description":"Informaci\u00f3n pr\u00e1ctica sobre C\u00f3mo llegar a la isla de Ibiza, moverse en su interior, traslados, clima, salud, mapas descargablas y m\u00e1s.","og_url":"https:\/\/www.santjosep.net\/nl\/praktische-informatie\/","og_site_name":"Santjosep.net","article_modified_time":"2025-12-01T15:02:42+00:00","twitter_card":"summary_large_image","twitter_misc":{"Geschatte leestijd":"2 minuten"},"schema":{"@context":"https:\/\/schema.org","@graph":[{"@type":"WebPage","@id":"https:\/\/www.santjosep.net\/nl\/praktische-informatie\/","url":"https:\/\/www.santjosep.net\/nl\/praktische-informatie\/","name":"Informaci\u00f3n pr\u00e1ctica para viajar a Sant Josep - Ibiza","isPartOf":{"@id":"https:\/\/www.santjosep.net\/#website"},"datePublished":"2014-02-12T12:50:27+00:00","dateModified":"2025-12-01T15:02:42+00:00","description":"Informaci\u00f3n pr\u00e1ctica sobre C\u00f3mo llegar a la isla de Ibiza, moverse en su interior, traslados, clima, salud, mapas descargablas y m\u00e1s.","inLanguage":"nl-NL","potentialAction":[{"@type":"ReadAction","target":["https:\/\/www.santjosep.net\/nl\/praktische-informatie\/"]}]},{"@type":"WebSite","@id":"https:\/\/www.santjosep.net\/#website","url":"https:\/\/www.santjosep.net\/","name":"Santjosep.net","description":"","potentialAction":[{"@type":"SearchAction","target":{"@type":"EntryPoint","urlTemplate":"https:\/\/www.santjosep.net\/?s={search_term_string}"},"query-input":{"@type":"PropertyValueSpecification","valueRequired":true,"valueName":"search_term_string"}}],"inLanguage":"nl-NL"}]}},"_links":{"self":[{"href":"https:\/\/www.santjosep.net\/nl\/wp-json\/wp\/v2\/pages\/21110","targetHints":{"allow":["GET"]}}],"collection":[{"href":"https:\/\/www.santjosep.net\/nl\/wp-json\/wp\/v2\/pages"}],"about":[{"href":"https:\/\/www.santjosep.net\/nl\/wp-json\/wp\/v2\/types\/page"}],"author":[{"embeddable":true,"href":"https:\/\/www.santjosep.net\/nl\/wp-json\/wp\/v2\/users\/1"}],"replies":[{"embeddable":true,"href":"https:\/\/www.santjosep.net\/nl\/wp-json\/wp\/v2\/comments?post=21110"}],"version-history":[{"count":2,"href":"https:\/\/www.santjosep.net\/nl\/wp-json\/wp\/v2\/pages\/21110\/revisions"}],"predecessor-version":[{"id":39403,"href":"https:\/\/www.santjosep.net\/nl\/wp-json\/wp\/v2\/pages\/21110\/revisions\/39403"}],"wp:attachment":[{"href":"https:\/\/www.santjosep.net\/nl\/wp-json\/wp\/v2\/media?parent=21110"}],"wp:term":[{"taxonomy":"categoria_pagina","embeddable":true,"href":"https:\/\/www.santjosep.net\/nl\/wp-json\/wp\/v2\/categoria_pagina?post=21110"}],"curies":[{"name":"wp","href":"https:\/\/api.w.org\/{rel}","templated":true}]}}