{"id":20847,"date":"2013-03-23T05:01:12","date_gmt":"2013-03-23T05:01:12","guid":{"rendered":"https:\/\/www.santjosep.net\/blog\/"},"modified":"2020-01-23T11:03:20","modified_gmt":"2020-01-23T10:03:20","slug":"blog","status":"publish","type":"page","link":"https:\/\/www.santjosep.net\/nl\/blog\/","title":{"rendered":"Viu Sant Josep"},"content":{"rendered":"<div class=\"wpb-content-wrapper\"><p>[vc_row enable_hue_rotation=&#8221;no&#8221; enable_text_marquee=&#8221;no&#8221; css=&#8221;.vc_custom_1579773818040{margin-top: 50px !important;}&#8221;][vc_column]<div class=\"edgtf-blog-list-holder edgtf-bl-standard edgtf-bl-two-columns edgtf-bl-large-space edgtf-bl-pag-no-pagination edgtf-bl-dark\"  data-type=standard data-number-of-posts=-1 data-number-of-columns=2 data-space-between-columns=large data-order-by=date data-order=DESC data-image-size=full data-skin=dark data-title-tag=h4 data-excerpt-length=40 data-post-info-section=yes data-post-info-image=yes data-post-info-author=no data-post-info-date=yes data-post-info-category=yes data-post-info-comments=no data-post-info-share=no data-pagination-type=no-pagination data-max-num-pages=0 data-next-page=2>\n\t<div class=\"edgtf-bl-wrapper\">\n\t\t<ul class=\"edgtf-blog-list\">\n\t\t\t<li class=\"edgtf-bl-item clearfix\">\n\t<div class=\"edgtf-bli-inner\">\n\t\t\n\t<div class=\"edgtf-post-image\">\n\t\t\t\t\t<a itemprop=\"url\" href=\"https:\/\/www.santjosep.net\/nl\/sant-josep-full-of-life\/\" title=\"Sant Josep, Full of Life\">\n\t\t\t\t\t\t\t\t\t<img loading=\"lazy\" decoding=\"async\" width=\"1620\" height=\"1080\" src=\"https:\/\/www.santjosep.net\/wp-content\/uploads\/2025\/11\/Disen\u0303o-sin-ti\u0301tulo-1.jpg\" class=\"attachment-full size-full wp-post-image\" alt=\"\" srcset=\"https:\/\/www.santjosep.net\/wp-content\/uploads\/2025\/11\/Disen\u0303o-sin-ti\u0301tulo-1.jpg 1620w, https:\/\/www.santjosep.net\/wp-content\/uploads\/2025\/11\/Disen\u0303o-sin-ti\u0301tulo-1-300x200.jpg 300w, https:\/\/www.santjosep.net\/wp-content\/uploads\/2025\/11\/Disen\u0303o-sin-ti\u0301tulo-1-1024x683.jpg 1024w, https:\/\/www.santjosep.net\/wp-content\/uploads\/2025\/11\/Disen\u0303o-sin-ti\u0301tulo-1-768x512.jpg 768w, https:\/\/www.santjosep.net\/wp-content\/uploads\/2025\/11\/Disen\u0303o-sin-ti\u0301tulo-1-1536x1024.jpg 1536w\" sizes=\"auto, (max-width: 1620px) 100vw, 1620px\" \/>\t\t\t\t\t\t\t\t<\/a>\n\t\t\t<\/div>\n        <div class=\"edgtf-bli-content\">\n                            <div class=\"edgtf-bli-date\">\n\t                <div itemprop=\"dateCreated\" class=\"edgtf-post-info-date entry-date published updated\">\n            <a itemprop=\"url\" href=\"https:\/\/www.santjosep.net\/nl\/2025\/11\/\">\n    \n        6 november 2025        <\/a>\n    <meta itemprop=\"interactionCount\" content=\"UserComments: 0\"\/>\n<\/div>                <\/div>\n            \t\n\t        \n<h4 itemprop=\"name\" class=\"entry-title edgtf-post-title\" >\n            <a itemprop=\"url\" href=\"https:\/\/www.santjosep.net\/nl\/sant-josep-full-of-life\/\" title=\"Sant Josep, Full of Life\">\n            Sant Josep, Full of Life            <\/a>\n    <\/h4>\n\t        <div class=\"edgtf-bli-info\">\n\t\t        <div class=\"edgtf-post-info-category\">\n    <a href=\"https:\/\/www.santjosep.net\/nl\/category\/uncategorized-nl\/\" rel=\"category tag\">uncategorized<\/a><\/div>\t        <\/div>\n\n\t        <div class=\"edgtf-bli-excerpt\">\n\t\t        \t\t<div class=\"edgtf-post-excerpt-holder\">\n\t\t\t<p itemprop=\"description\" class=\"edgtf-post-excerpt\">\n\t\t\t\tSant Josep, Full of Life\u201d is an invitation to discover an authentic, active destination full of energy all year round.\t\t\t<\/p>\n\t\t<\/div>\n\t\t\t        \t<div class=\"edgtf-post-read-more-button\">\n\t\t<a itemprop=\"url\" href=\"https:\/\/www.santjosep.net\/nl\/sant-josep-full-of-life\/\" target=\"_self\"  class=\"edgtf-btn edgtf-btn-medium edgtf-btn-simple edgtf-btn-switch-line edgtf-blog-list-button\"  >\t\t\t<span class=\"edgtf-btn-icon-element\"><\/span>\t\t<span class=\"edgtf-btn-text\">Lees meer\r<span class=\"edgtf-btn-text-line\" ><\/span><span class=\"edgtf-btn-switch-line\" ><\/span><\/span>\t<\/a>\t<\/div>\n\t        <\/div>\n        <\/div>\n\t<\/div>\n<\/li><li class=\"edgtf-bl-item clearfix\">\n\t<div class=\"edgtf-bli-inner\">\n\t\t\n\t<div class=\"edgtf-post-image\">\n\t\t\t\t\t<a itemprop=\"url\" href=\"https:\/\/www.santjosep.net\/nl\/museum-sa-caleta-de-fenicische-wereld\/\" title=\"Museum Sa Caleta, de Fenicische wereld\">\n\t\t\t\t\t\t\t\t\t<img loading=\"lazy\" decoding=\"async\" width=\"1920\" height=\"1280\" src=\"https:\/\/www.santjosep.net\/wp-content\/uploads\/2025\/06\/DSC08221.jpg\" class=\"attachment-full size-full wp-post-image\" alt=\"\" srcset=\"https:\/\/www.santjosep.net\/wp-content\/uploads\/2025\/06\/DSC08221.jpg 1920w, https:\/\/www.santjosep.net\/wp-content\/uploads\/2025\/06\/DSC08221-300x200.jpg 300w, https:\/\/www.santjosep.net\/wp-content\/uploads\/2025\/06\/DSC08221-1024x683.jpg 1024w, https:\/\/www.santjosep.net\/wp-content\/uploads\/2025\/06\/DSC08221-768x512.jpg 768w, https:\/\/www.santjosep.net\/wp-content\/uploads\/2025\/06\/DSC08221-1536x1024.jpg 1536w\" sizes=\"auto, (max-width: 1920px) 100vw, 1920px\" \/>\t\t\t\t\t\t\t\t<\/a>\n\t\t\t<\/div>\n        <div class=\"edgtf-bli-content\">\n                            <div class=\"edgtf-bli-date\">\n\t                <div itemprop=\"dateCreated\" class=\"edgtf-post-info-date entry-date published updated\">\n            <a itemprop=\"url\" href=\"https:\/\/www.santjosep.net\/nl\/2025\/06\/\">\n    \n        5 juni 2025        <\/a>\n    <meta itemprop=\"interactionCount\" content=\"UserComments: 0\"\/>\n<\/div>                <\/div>\n            \t\n\t        \n<h4 itemprop=\"name\" class=\"entry-title edgtf-post-title\" >\n            <a itemprop=\"url\" href=\"https:\/\/www.santjosep.net\/nl\/museum-sa-caleta-de-fenicische-wereld\/\" title=\"Museum Sa Caleta, de Fenicische wereld\">\n            Museum Sa Caleta, de Fenicische wereld            <\/a>\n    <\/h4>\n\t        <div class=\"edgtf-bli-info\">\n\t\t        <div class=\"edgtf-post-info-category\">\n    <a href=\"https:\/\/www.santjosep.net\/nl\/category\/cultuur\/\" rel=\"category tag\">Cultuur<\/a>, <a href=\"https:\/\/www.santjosep.net\/nl\/category\/erfgoed-nl\/\" rel=\"category tag\">Erfgoed<\/a><\/div>\t        <\/div>\n\n\t        <div class=\"edgtf-bli-excerpt\">\n\t\t        \t\t<div class=\"edgtf-post-excerpt-holder\">\n\t\t\t<p itemprop=\"description\" class=\"edgtf-post-excerpt\">\n\t\t\t\tEl Poblado Fenicio de Sa Caleta, ubicado en la costa sur de Ibiza, es un testimonio invaluable de los or\u00edgenes de la isla y de la expansi\u00f3n fenicia en el Mediterr\u00e1neo occidental.\t\t\t<\/p>\n\t\t<\/div>\n\t\t\t        \t<div class=\"edgtf-post-read-more-button\">\n\t\t<a itemprop=\"url\" href=\"https:\/\/www.santjosep.net\/nl\/museum-sa-caleta-de-fenicische-wereld\/\" target=\"_self\"  class=\"edgtf-btn edgtf-btn-medium edgtf-btn-simple edgtf-btn-switch-line edgtf-blog-list-button\"  >\t\t\t<span class=\"edgtf-btn-icon-element\"><\/span>\t\t<span class=\"edgtf-btn-text\">Lees meer\r<span class=\"edgtf-btn-text-line\" ><\/span><span class=\"edgtf-btn-switch-line\" ><\/span><\/span>\t<\/a>\t<\/div>\n\t        <\/div>\n        <\/div>\n\t<\/div>\n<\/li><li class=\"edgtf-bl-item clearfix\">\n\t<div class=\"edgtf-bli-inner\">\n\t\t\n\t<div class=\"edgtf-post-image\">\n\t\t\t\t\t<a itemprop=\"url\" href=\"https:\/\/www.santjosep.net\/nl\/regulacion-del-alquiler-de-caravanas-en-ibiza-multas-de-hasta-30-000-euros\/\" title=\"Regulering van caravanverhuur op Ibiza: boetes tot \u20ac30.000\">\n\t\t\t\t\t\t\t\t\t<img loading=\"lazy\" decoding=\"async\" width=\"1000\" height=\"662\" src=\"https:\/\/www.santjosep.net\/wp-content\/uploads\/2025\/02\/shutterstock_1702455343.jpg\" class=\"attachment-full size-full wp-post-image\" alt=\"\" srcset=\"https:\/\/www.santjosep.net\/wp-content\/uploads\/2025\/02\/shutterstock_1702455343.jpg 1000w, https:\/\/www.santjosep.net\/wp-content\/uploads\/2025\/02\/shutterstock_1702455343-300x199.jpg 300w, https:\/\/www.santjosep.net\/wp-content\/uploads\/2025\/02\/shutterstock_1702455343-768x508.jpg 768w\" sizes=\"auto, (max-width: 1000px) 100vw, 1000px\" \/>\t\t\t\t\t\t\t\t<\/a>\n\t\t\t<\/div>\n        <div class=\"edgtf-bli-content\">\n                            <div class=\"edgtf-bli-date\">\n\t                <div itemprop=\"dateCreated\" class=\"edgtf-post-info-date entry-date published updated\">\n            <a itemprop=\"url\" href=\"https:\/\/www.santjosep.net\/nl\/2025\/02\/\">\n    \n        26 februari 2025        <\/a>\n    <meta itemprop=\"interactionCount\" content=\"UserComments: 0\"\/>\n<\/div>                <\/div>\n            \t\n\t        \n<h4 itemprop=\"name\" class=\"entry-title edgtf-post-title\" >\n            <a itemprop=\"url\" href=\"https:\/\/www.santjosep.net\/nl\/regulacion-del-alquiler-de-caravanas-en-ibiza-multas-de-hasta-30-000-euros\/\" title=\"Regulering van caravanverhuur op Ibiza: boetes tot \u20ac30.000\">\n            Regulering van caravanverhuur op Ibiza: boetes tot \u20ac30.000            <\/a>\n    <\/h4>\n\t        <div class=\"edgtf-bli-info\">\n\t\t        <div class=\"edgtf-post-info-category\">\n    <a href=\"https:\/\/www.santjosep.net\/nl\/category\/bruikbare-informatie\/\" rel=\"category tag\">Bruikbare informatie<\/a><\/div>\t        <\/div>\n\n\t        <div class=\"edgtf-bli-excerpt\">\n\t\t        \t\t<div class=\"edgtf-post-excerpt-holder\">\n\t\t\t<p itemprop=\"description\" class=\"edgtf-post-excerpt\">\n\t\t\t\tPara evitar fraudes en el alquiler de caravanas y garantizar el cumplimiento de la normativa vigente, en Ibiza se aplica la Ley 5\/2024 de control de la afluencia de veh\u00edculos. Esta legislaci\u00f3n busca regular la presencia de veh\u00edculos en la\t\t\t<\/p>\n\t\t<\/div>\n\t\t\t        \t<div class=\"edgtf-post-read-more-button\">\n\t\t<a itemprop=\"url\" href=\"https:\/\/www.santjosep.net\/nl\/regulacion-del-alquiler-de-caravanas-en-ibiza-multas-de-hasta-30-000-euros\/\" target=\"_self\"  class=\"edgtf-btn edgtf-btn-medium edgtf-btn-simple edgtf-btn-switch-line edgtf-blog-list-button\"  >\t\t\t<span class=\"edgtf-btn-icon-element\"><\/span>\t\t<span class=\"edgtf-btn-text\">Lees meer\r<span class=\"edgtf-btn-text-line\" ><\/span><span class=\"edgtf-btn-switch-line\" ><\/span><\/span>\t<\/a>\t<\/div>\n\t        <\/div>\n        <\/div>\n\t<\/div>\n<\/li><li class=\"edgtf-bl-item clearfix\">\n\t<div class=\"edgtf-bli-inner\">\n\t\t\n\t<div class=\"edgtf-post-image\">\n\t\t\t\t\t<a itemprop=\"url\" href=\"https:\/\/www.santjosep.net\/nl\/sant-josep-presenteert-drie-zwemzones-in-zee-op-de-stranden-van-port-des-torrent-ses-salines-en-tussen-es-pouet-en-sestanyol\/\" title=\"Sant Josep presenteert drie zwemzones in zee op de stranden van Port des Torrent, Ses Salines en tussen Es Pouet en S&#8217;Estanyol\">\n\t\t\t\t\t\t\t\t\t<img loading=\"lazy\" decoding=\"async\" width=\"2048\" height=\"1479\" src=\"https:\/\/www.santjosep.net\/wp-content\/uploads\/2024\/07\/Canal-natacio-3.jpg\" class=\"attachment-full size-full wp-post-image\" alt=\"\" srcset=\"https:\/\/www.santjosep.net\/wp-content\/uploads\/2024\/07\/Canal-natacio-3.jpg 2048w, https:\/\/www.santjosep.net\/wp-content\/uploads\/2024\/07\/Canal-natacio-3-300x217.jpg 300w, https:\/\/www.santjosep.net\/wp-content\/uploads\/2024\/07\/Canal-natacio-3-1024x740.jpg 1024w, https:\/\/www.santjosep.net\/wp-content\/uploads\/2024\/07\/Canal-natacio-3-768x555.jpg 768w, https:\/\/www.santjosep.net\/wp-content\/uploads\/2024\/07\/Canal-natacio-3-1536x1109.jpg 1536w\" sizes=\"auto, (max-width: 2048px) 100vw, 2048px\" \/>\t\t\t\t\t\t\t\t<\/a>\n\t\t\t<\/div>\n        <div class=\"edgtf-bli-content\">\n                            <div class=\"edgtf-bli-date\">\n\t                <div itemprop=\"dateCreated\" class=\"edgtf-post-info-date entry-date published updated\">\n            <a itemprop=\"url\" href=\"https:\/\/www.santjosep.net\/nl\/2024\/07\/\">\n    \n        18 juli 2024        <\/a>\n    <meta itemprop=\"interactionCount\" content=\"UserComments: 0\"\/>\n<\/div>                <\/div>\n            \t\n\t        \n<h4 itemprop=\"name\" class=\"entry-title edgtf-post-title\" >\n            <a itemprop=\"url\" href=\"https:\/\/www.santjosep.net\/nl\/sant-josep-presenteert-drie-zwemzones-in-zee-op-de-stranden-van-port-des-torrent-ses-salines-en-tussen-es-pouet-en-sestanyol\/\" title=\"Sant Josep presenteert drie zwemzones in zee op de stranden van Port des Torrent, Ses Salines en tussen Es Pouet en S&#8217;Estanyol\">\n            Sant Josep presenteert drie zwemzones in zee op de stranden van Port des Torrent, Ses Salines en tussen Es Pouet en S&#8217;Estanyol            <\/a>\n    <\/h4>\n\t        <div class=\"edgtf-bli-info\">\n\t\t        <div class=\"edgtf-post-info-category\">\n    <a href=\"https:\/\/www.santjosep.net\/nl\/category\/stranden-nl\/\" rel=\"category tag\">Stranden<\/a><\/div>\t        <\/div>\n\n\t        <div class=\"edgtf-bli-excerpt\">\n\t\t        \t\t<div class=\"edgtf-post-excerpt-holder\">\n\t\t\t<p itemprop=\"description\" class=\"edgtf-post-excerpt\">\n\t\t\t\tDe drie zwemzones zijn ongeveer 500 meter lang en hebben stickers die de afgelegde afstand vanaf het startpunt aangeven.\r\n\r\nDe gemeente Sant Josep de Sa Talaia heeft vandaag via de afdeling Milieu, Kust en Duurzaamheid en de afdeling Sport, Jeugd en\t\t\t<\/p>\n\t\t<\/div>\n\t\t\t        \t<div class=\"edgtf-post-read-more-button\">\n\t\t<a itemprop=\"url\" href=\"https:\/\/www.santjosep.net\/nl\/sant-josep-presenteert-drie-zwemzones-in-zee-op-de-stranden-van-port-des-torrent-ses-salines-en-tussen-es-pouet-en-sestanyol\/\" target=\"_self\"  class=\"edgtf-btn edgtf-btn-medium edgtf-btn-simple edgtf-btn-switch-line edgtf-blog-list-button\"  >\t\t\t<span class=\"edgtf-btn-icon-element\"><\/span>\t\t<span class=\"edgtf-btn-text\">Lees meer\r<span class=\"edgtf-btn-text-line\" ><\/span><span class=\"edgtf-btn-switch-line\" ><\/span><\/span>\t<\/a>\t<\/div>\n\t        <\/div>\n        <\/div>\n\t<\/div>\n<\/li><li class=\"edgtf-bl-item clearfix\">\n\t<div class=\"edgtf-bli-inner\">\n\t\t\n\t<div class=\"edgtf-post-image\">\n\t\t\t\t\t<a itemprop=\"url\" href=\"https:\/\/www.santjosep.net\/nl\/la-costa-oeste-y-sur-de-ibiza-por-mar\/\" title=\"De west- en zuidkust van Ibiza over zee\">\n\t\t\t\t\t\t\t\t\t<img loading=\"lazy\" decoding=\"async\" width=\"1500\" height=\"1125\" src=\"https:\/\/www.santjosep.net\/wp-content\/uploads\/2023\/07\/portada_mar_ibiza.jpg\" class=\"attachment-full size-full wp-post-image\" alt=\"\" srcset=\"https:\/\/www.santjosep.net\/wp-content\/uploads\/2023\/07\/portada_mar_ibiza.jpg 1500w, https:\/\/www.santjosep.net\/wp-content\/uploads\/2023\/07\/portada_mar_ibiza-300x225.jpg 300w, https:\/\/www.santjosep.net\/wp-content\/uploads\/2023\/07\/portada_mar_ibiza-1024x768.jpg 1024w, https:\/\/www.santjosep.net\/wp-content\/uploads\/2023\/07\/portada_mar_ibiza-768x576.jpg 768w, https:\/\/www.santjosep.net\/wp-content\/uploads\/2023\/07\/portada_mar_ibiza-800x600.jpg 800w\" sizes=\"auto, (max-width: 1500px) 100vw, 1500px\" \/>\t\t\t\t\t\t\t\t<\/a>\n\t\t\t<\/div>\n        <div class=\"edgtf-bli-content\">\n                            <div class=\"edgtf-bli-date\">\n\t                <div itemprop=\"dateCreated\" class=\"edgtf-post-info-date entry-date published updated\">\n            <a itemprop=\"url\" href=\"https:\/\/www.santjosep.net\/nl\/2023\/07\/\">\n    \n        6 juli 2023        <\/a>\n    <meta itemprop=\"interactionCount\" content=\"UserComments: 0\"\/>\n<\/div>                <\/div>\n            \t\n\t        \n<h4 itemprop=\"name\" class=\"entry-title edgtf-post-title\" >\n            <a itemprop=\"url\" href=\"https:\/\/www.santjosep.net\/nl\/la-costa-oeste-y-sur-de-ibiza-por-mar\/\" title=\"De west- en zuidkust van Ibiza over zee\">\n            De west- en zuidkust van Ibiza over zee            <\/a>\n    <\/h4>\n\t        <div class=\"edgtf-bli-info\">\n\t\t        <div class=\"edgtf-post-info-category\">\n    <a href=\"https:\/\/www.santjosep.net\/nl\/category\/routes-nl\/\" rel=\"category tag\">Routes<\/a><\/div>\t        <\/div>\n\n\t        <div class=\"edgtf-bli-excerpt\">\n\t\t        \t\t<div class=\"edgtf-post-excerpt-holder\">\n\t\t\t<p itemprop=\"description\" class=\"edgtf-post-excerpt\">\n\t\t\t\tMeer dan 80 kilometer en 32 stranden. Met deze twee gegevens kan het enorme potentieel worden samengevat dat Sant Josep de sa Talaia te bieden heeft voor liefhebbers van zeilen.\t\t\t<\/p>\n\t\t<\/div>\n\t\t\t        \t<div class=\"edgtf-post-read-more-button\">\n\t\t<a itemprop=\"url\" href=\"https:\/\/www.santjosep.net\/nl\/la-costa-oeste-y-sur-de-ibiza-por-mar\/\" target=\"_self\"  class=\"edgtf-btn edgtf-btn-medium edgtf-btn-simple edgtf-btn-switch-line edgtf-blog-list-button\"  >\t\t\t<span class=\"edgtf-btn-icon-element\"><\/span>\t\t<span class=\"edgtf-btn-text\">Lees meer\r<span class=\"edgtf-btn-text-line\" ><\/span><span class=\"edgtf-btn-switch-line\" ><\/span><\/span>\t<\/a>\t<\/div>\n\t        <\/div>\n        <\/div>\n\t<\/div>\n<\/li><li class=\"edgtf-bl-item clearfix\">\n\t<div class=\"edgtf-bli-inner\">\n\t\t\n\t<div class=\"edgtf-post-image\">\n\t\t\t\t\t<a itemprop=\"url\" href=\"https:\/\/www.santjosep.net\/nl\/cala-carbo-un-rincon-con-encanto-al-sur-de-ibiza\/\" title=\"Cala Carb\u00f3, een pittoresk uithoekje in het zuiden van Ibiza\">\n\t\t\t\t\t\t\t\t\t<img loading=\"lazy\" decoding=\"async\" width=\"1900\" height=\"1425\" src=\"https:\/\/www.santjosep.net\/wp-content\/uploads\/2023\/07\/temp_image_for_default_share-6.jpg\" class=\"attachment-full size-full wp-post-image\" alt=\"\" srcset=\"https:\/\/www.santjosep.net\/wp-content\/uploads\/2023\/07\/temp_image_for_default_share-6.jpg 1900w, https:\/\/www.santjosep.net\/wp-content\/uploads\/2023\/07\/temp_image_for_default_share-6-300x225.jpg 300w, https:\/\/www.santjosep.net\/wp-content\/uploads\/2023\/07\/temp_image_for_default_share-6-1024x768.jpg 1024w, https:\/\/www.santjosep.net\/wp-content\/uploads\/2023\/07\/temp_image_for_default_share-6-768x576.jpg 768w, https:\/\/www.santjosep.net\/wp-content\/uploads\/2023\/07\/temp_image_for_default_share-6-1536x1152.jpg 1536w, https:\/\/www.santjosep.net\/wp-content\/uploads\/2023\/07\/temp_image_for_default_share-6-800x600.jpg 800w\" sizes=\"auto, (max-width: 1900px) 100vw, 1900px\" \/>\t\t\t\t\t\t\t\t<\/a>\n\t\t\t<\/div>\n        <div class=\"edgtf-bli-content\">\n                            <div class=\"edgtf-bli-date\">\n\t                <div itemprop=\"dateCreated\" class=\"edgtf-post-info-date entry-date published updated\">\n            <a itemprop=\"url\" href=\"https:\/\/www.santjosep.net\/nl\/2023\/06\/\">\n    \n        22 juni 2023        <\/a>\n    <meta itemprop=\"interactionCount\" content=\"UserComments: 0\"\/>\n<\/div>                <\/div>\n            \t\n\t        \n<h4 itemprop=\"name\" class=\"entry-title edgtf-post-title\" >\n            <a itemprop=\"url\" href=\"https:\/\/www.santjosep.net\/nl\/cala-carbo-un-rincon-con-encanto-al-sur-de-ibiza\/\" title=\"Cala Carb\u00f3, een pittoresk uithoekje in het zuiden van Ibiza\">\n            Cala Carb\u00f3, een pittoresk uithoekje in het zuiden van Ibiza            <\/a>\n    <\/h4>\n\t        <div class=\"edgtf-bli-info\">\n\t\t        <div class=\"edgtf-post-info-category\">\n    <a href=\"https:\/\/www.santjosep.net\/nl\/category\/stranden-nl\/\" rel=\"category tag\">Stranden<\/a><\/div>\t        <\/div>\n\n\t        <div class=\"edgtf-bli-excerpt\">\n\t\t        \t\t<div class=\"edgtf-post-excerpt-holder\">\n\t\t\t<p itemprop=\"description\" class=\"edgtf-post-excerpt\">\n\t\t\t\tCala Carb\u00f3 is een prachtig baaitje in het zuiden van het eiland Ibiza, waar alles wat de Middellandse Zeekust zo aantrekkelijk maakt samenkomt.\t\t\t<\/p>\n\t\t<\/div>\n\t\t\t        \t<div class=\"edgtf-post-read-more-button\">\n\t\t<a itemprop=\"url\" href=\"https:\/\/www.santjosep.net\/nl\/cala-carbo-un-rincon-con-encanto-al-sur-de-ibiza\/\" target=\"_self\"  class=\"edgtf-btn edgtf-btn-medium edgtf-btn-simple edgtf-btn-switch-line edgtf-blog-list-button\"  >\t\t\t<span class=\"edgtf-btn-icon-element\"><\/span>\t\t<span class=\"edgtf-btn-text\">Lees meer\r<span class=\"edgtf-btn-text-line\" ><\/span><span class=\"edgtf-btn-switch-line\" ><\/span><\/span>\t<\/a>\t<\/div>\n\t        <\/div>\n        <\/div>\n\t<\/div>\n<\/li><li class=\"edgtf-bl-item clearfix\">\n\t<div class=\"edgtf-bli-inner\">\n\t\t\n\t<div class=\"edgtf-post-image\">\n\t\t\t\t\t<a itemprop=\"url\" href=\"https:\/\/www.santjosep.net\/nl\/disfruta-de-la-gastronomia-de-sant-josep\/\" title=\"Geniet van de gastronomie van Sant Josep\">\n\t\t\t\t\t\t\t\t\t<img loading=\"lazy\" decoding=\"async\" width=\"1500\" height=\"1125\" src=\"https:\/\/www.santjosep.net\/wp-content\/uploads\/2023\/05\/Portada_P1055607.jpg\" class=\"attachment-full size-full wp-post-image\" alt=\"\" srcset=\"https:\/\/www.santjosep.net\/wp-content\/uploads\/2023\/05\/Portada_P1055607.jpg 1500w, https:\/\/www.santjosep.net\/wp-content\/uploads\/2023\/05\/Portada_P1055607-300x225.jpg 300w, https:\/\/www.santjosep.net\/wp-content\/uploads\/2023\/05\/Portada_P1055607-1024x768.jpg 1024w, https:\/\/www.santjosep.net\/wp-content\/uploads\/2023\/05\/Portada_P1055607-768x576.jpg 768w, https:\/\/www.santjosep.net\/wp-content\/uploads\/2023\/05\/Portada_P1055607-800x600.jpg 800w\" sizes=\"auto, (max-width: 1500px) 100vw, 1500px\" \/>\t\t\t\t\t\t\t\t<\/a>\n\t\t\t<\/div>\n        <div class=\"edgtf-bli-content\">\n                            <div class=\"edgtf-bli-date\">\n\t                <div itemprop=\"dateCreated\" class=\"edgtf-post-info-date entry-date published updated\">\n            <a itemprop=\"url\" href=\"https:\/\/www.santjosep.net\/nl\/2023\/05\/\">\n    \n        16 mei 2023        <\/a>\n    <meta itemprop=\"interactionCount\" content=\"UserComments: 0\"\/>\n<\/div>                <\/div>\n            \t\n\t        \n<h4 itemprop=\"name\" class=\"entry-title edgtf-post-title\" >\n            <a itemprop=\"url\" href=\"https:\/\/www.santjosep.net\/nl\/disfruta-de-la-gastronomia-de-sant-josep\/\" title=\"Geniet van de gastronomie van Sant Josep\">\n            Geniet van de gastronomie van Sant Josep            <\/a>\n    <\/h4>\n\t        <div class=\"edgtf-bli-info\">\n\t\t        <div class=\"edgtf-post-info-category\">\n    <a href=\"https:\/\/www.santjosep.net\/nl\/category\/gastronomie-nl\/\" rel=\"category tag\">Gastronomie<\/a><\/div>\t        <\/div>\n\n\t        <div class=\"edgtf-bli-excerpt\">\n\t\t        \t\t<div class=\"edgtf-post-excerpt-holder\">\n\t\t\t<p itemprop=\"description\" class=\"edgtf-post-excerpt\">\n\t\t\t\tDe afgelopen jaren is de gastronomie een van de essenti\u00eble attracties geworden van elke zichzelf respecterende toeristische trekpleister.\t\t\t<\/p>\n\t\t<\/div>\n\t\t\t        \t<div class=\"edgtf-post-read-more-button\">\n\t\t<a itemprop=\"url\" href=\"https:\/\/www.santjosep.net\/nl\/disfruta-de-la-gastronomia-de-sant-josep\/\" target=\"_self\"  class=\"edgtf-btn edgtf-btn-medium edgtf-btn-simple edgtf-btn-switch-line edgtf-blog-list-button\"  >\t\t\t<span class=\"edgtf-btn-icon-element\"><\/span>\t\t<span class=\"edgtf-btn-text\">Lees meer\r<span class=\"edgtf-btn-text-line\" ><\/span><span class=\"edgtf-btn-switch-line\" ><\/span><\/span>\t<\/a>\t<\/div>\n\t        <\/div>\n        <\/div>\n\t<\/div>\n<\/li><li class=\"edgtf-bl-item clearfix\">\n\t<div class=\"edgtf-bli-inner\">\n\t\t\n\t<div class=\"edgtf-post-image\">\n\t\t\t\t\t<a itemprop=\"url\" href=\"https:\/\/www.santjosep.net\/nl\/lovesantjosep-de-hashtag-van-instagram-om-de-mooiste-fotos-van-sant-josep-te-delen\/\" title=\"#LoveSantJosep, de hashtag van Instagram om de mooiste foto&#8217;s van Sant Josep te delen\">\n\t\t\t\t\t\t\t\t\t<img loading=\"lazy\" decoding=\"async\" width=\"890\" height=\"667\" src=\"https:\/\/www.santjosep.net\/wp-content\/uploads\/2020\/09\/lovesantjosep_cover.jpg\" class=\"attachment-full size-full wp-post-image\" alt=\"\" srcset=\"https:\/\/www.santjosep.net\/wp-content\/uploads\/2020\/09\/lovesantjosep_cover.jpg 890w, https:\/\/www.santjosep.net\/wp-content\/uploads\/2020\/09\/lovesantjosep_cover-300x225.jpg 300w, https:\/\/www.santjosep.net\/wp-content\/uploads\/2020\/09\/lovesantjosep_cover-768x576.jpg 768w, https:\/\/www.santjosep.net\/wp-content\/uploads\/2020\/09\/lovesantjosep_cover-800x600.jpg 800w\" sizes=\"auto, (max-width: 890px) 100vw, 890px\" \/>\t\t\t\t\t\t\t\t<\/a>\n\t\t\t<\/div>\n        <div class=\"edgtf-bli-content\">\n                            <div class=\"edgtf-bli-date\">\n\t                <div itemprop=\"dateCreated\" class=\"edgtf-post-info-date entry-date published updated\">\n            <a itemprop=\"url\" href=\"https:\/\/www.santjosep.net\/nl\/2023\/04\/\">\n    \n        10 april 2023        <\/a>\n    <meta itemprop=\"interactionCount\" content=\"UserComments: 0\"\/>\n<\/div>                <\/div>\n            \t\n\t        \n<h4 itemprop=\"name\" class=\"entry-title edgtf-post-title\" >\n            <a itemprop=\"url\" href=\"https:\/\/www.santjosep.net\/nl\/lovesantjosep-de-hashtag-van-instagram-om-de-mooiste-fotos-van-sant-josep-te-delen\/\" title=\"#LoveSantJosep, de hashtag van Instagram om de mooiste foto&#8217;s van Sant Josep te delen\">\n            #LoveSantJosep, de hashtag van Instagram om de mooiste foto&#8217;s van Sant Josep te delen            <\/a>\n    <\/h4>\n\t        <div class=\"edgtf-bli-info\">\n\t\t        <div class=\"edgtf-post-info-category\">\n    <a href=\"https:\/\/www.santjosep.net\/nl\/category\/uncategorized-nl\/\" rel=\"category tag\">uncategorized<\/a><\/div>\t        <\/div>\n\n\t        <div class=\"edgtf-bli-excerpt\">\n\t\t        \t\t<div class=\"edgtf-post-excerpt-holder\">\n\t\t\t<p itemprop=\"description\" class=\"edgtf-post-excerpt\">\n\t\t\t\tDesde hace tiempo venimos usando el hashtag #lovesantjosep en la red social Instagram. Este hashtag trata de reunir las instant\u00e1neas m\u00e1s impresionantes tomadas en nuestro municipio.\t\t\t<\/p>\n\t\t<\/div>\n\t\t\t        \t<div class=\"edgtf-post-read-more-button\">\n\t\t<a itemprop=\"url\" href=\"https:\/\/www.santjosep.net\/nl\/lovesantjosep-de-hashtag-van-instagram-om-de-mooiste-fotos-van-sant-josep-te-delen\/\" target=\"_self\"  class=\"edgtf-btn edgtf-btn-medium edgtf-btn-simple edgtf-btn-switch-line edgtf-blog-list-button\"  >\t\t\t<span class=\"edgtf-btn-icon-element\"><\/span>\t\t<span class=\"edgtf-btn-text\">Lees meer\r<span class=\"edgtf-btn-text-line\" ><\/span><span class=\"edgtf-btn-switch-line\" ><\/span><\/span>\t<\/a>\t<\/div>\n\t        <\/div>\n        <\/div>\n\t<\/div>\n<\/li><li class=\"edgtf-bl-item clearfix\">\n\t<div class=\"edgtf-bli-inner\">\n\t\t\n\t<div class=\"edgtf-post-image\">\n\t\t\t\t\t<a itemprop=\"url\" href=\"https:\/\/www.santjosep.net\/nl\/un-2023-lleno-de-puestas-de-sol-en-sant-josep\/\" title=\"2023 brengt prachtige zonsondergangen in Sant Josep\">\n\t\t\t\t\t\t\t\t\t<img loading=\"lazy\" decoding=\"async\" width=\"1024\" height=\"768\" src=\"https:\/\/www.santjosep.net\/wp-content\/uploads\/2023\/01\/portadasunsets_P1085058.png\" class=\"attachment-full size-full wp-post-image\" alt=\"\" srcset=\"https:\/\/www.santjosep.net\/wp-content\/uploads\/2023\/01\/portadasunsets_P1085058.png 1024w, https:\/\/www.santjosep.net\/wp-content\/uploads\/2023\/01\/portadasunsets_P1085058-300x225.png 300w, https:\/\/www.santjosep.net\/wp-content\/uploads\/2023\/01\/portadasunsets_P1085058-768x576.png 768w, https:\/\/www.santjosep.net\/wp-content\/uploads\/2023\/01\/portadasunsets_P1085058-800x600.png 800w\" sizes=\"auto, (max-width: 1024px) 100vw, 1024px\" \/>\t\t\t\t\t\t\t\t<\/a>\n\t\t\t<\/div>\n        <div class=\"edgtf-bli-content\">\n                            <div class=\"edgtf-bli-date\">\n\t                <div itemprop=\"dateCreated\" class=\"edgtf-post-info-date entry-date published updated\">\n            <a itemprop=\"url\" href=\"https:\/\/www.santjosep.net\/nl\/2023\/01\/\">\n    \n        5 januari 2023        <\/a>\n    <meta itemprop=\"interactionCount\" content=\"UserComments: 0\"\/>\n<\/div>                <\/div>\n            \t\n\t        \n<h4 itemprop=\"name\" class=\"entry-title edgtf-post-title\" >\n            <a itemprop=\"url\" href=\"https:\/\/www.santjosep.net\/nl\/un-2023-lleno-de-puestas-de-sol-en-sant-josep\/\" title=\"2023 brengt prachtige zonsondergangen in Sant Josep\">\n            2023 brengt prachtige zonsondergangen in Sant Josep            <\/a>\n    <\/h4>\n\t        <div class=\"edgtf-bli-info\">\n\t\t        <div class=\"edgtf-post-info-category\">\n    <a href=\"https:\/\/www.santjosep.net\/nl\/category\/stranden-nl\/\" rel=\"category tag\">Stranden<\/a>, <a href=\"https:\/\/www.santjosep.net\/nl\/category\/sunsets-nl\/\" rel=\"category tag\">Sunsets<\/a><\/div>\t        <\/div>\n\n\t        <div class=\"edgtf-bli-excerpt\">\n\t\t        \t\t<div class=\"edgtf-post-excerpt-holder\">\n\t\t\t<p itemprop=\"description\" class=\"edgtf-post-excerpt\">\n\t\t\t\tWe beginnen 2023 met grote verwachting voor mooie ervaringen in onze gemeente. Een van de mooiste geschenken die de natuur\t\t\t<\/p>\n\t\t<\/div>\n\t\t\t        \t<div class=\"edgtf-post-read-more-button\">\n\t\t<a itemprop=\"url\" href=\"https:\/\/www.santjosep.net\/nl\/un-2023-lleno-de-puestas-de-sol-en-sant-josep\/\" target=\"_self\"  class=\"edgtf-btn edgtf-btn-medium edgtf-btn-simple edgtf-btn-switch-line edgtf-blog-list-button\"  >\t\t\t<span class=\"edgtf-btn-icon-element\"><\/span>\t\t<span class=\"edgtf-btn-text\">Lees meer\r<span class=\"edgtf-btn-text-line\" ><\/span><span class=\"edgtf-btn-switch-line\" ><\/span><\/span>\t<\/a>\t<\/div>\n\t        <\/div>\n        <\/div>\n\t<\/div>\n<\/li><li class=\"edgtf-bl-item clearfix\">\n\t<div class=\"edgtf-bli-inner\">\n\t\t\n\t<div class=\"edgtf-post-image\">\n\t\t\t\t\t<a itemprop=\"url\" href=\"https:\/\/www.santjosep.net\/nl\/de-zon-en-het-licht-van-ibiza-vestigen-zich-in-londen\/\" title=\"De zon en het licht van Ibiza vestigen zich in Londen\">\n\t\t\t\t\t\t\t\t\t<img loading=\"lazy\" decoding=\"async\" width=\"1024\" height=\"768\" src=\"https:\/\/www.santjosep.net\/wp-content\/uploads\/2022\/11\/WhatsApp-Image-2022-11-08-at-6.18.33-PM-1.jpeg\" class=\"attachment-full size-full wp-post-image\" alt=\"\" srcset=\"https:\/\/www.santjosep.net\/wp-content\/uploads\/2022\/11\/WhatsApp-Image-2022-11-08-at-6.18.33-PM-1.jpeg 1024w, https:\/\/www.santjosep.net\/wp-content\/uploads\/2022\/11\/WhatsApp-Image-2022-11-08-at-6.18.33-PM-1-300x225.jpeg 300w, https:\/\/www.santjosep.net\/wp-content\/uploads\/2022\/11\/WhatsApp-Image-2022-11-08-at-6.18.33-PM-1-768x576.jpeg 768w, https:\/\/www.santjosep.net\/wp-content\/uploads\/2022\/11\/WhatsApp-Image-2022-11-08-at-6.18.33-PM-1-800x600.jpeg 800w\" sizes=\"auto, (max-width: 1024px) 100vw, 1024px\" \/>\t\t\t\t\t\t\t\t<\/a>\n\t\t\t<\/div>\n        <div class=\"edgtf-bli-content\">\n                            <div class=\"edgtf-bli-date\">\n\t                <div itemprop=\"dateCreated\" class=\"edgtf-post-info-date entry-date published updated\">\n            <a itemprop=\"url\" href=\"https:\/\/www.santjosep.net\/nl\/2022\/11\/\">\n    \n        9 november 2022        <\/a>\n    <meta itemprop=\"interactionCount\" content=\"UserComments: 0\"\/>\n<\/div>                <\/div>\n            \t\n\t        \n<h4 itemprop=\"name\" class=\"entry-title edgtf-post-title\" >\n            <a itemprop=\"url\" href=\"https:\/\/www.santjosep.net\/nl\/de-zon-en-het-licht-van-ibiza-vestigen-zich-in-londen\/\" title=\"De zon en het licht van Ibiza vestigen zich in Londen\">\n            De zon en het licht van Ibiza vestigen zich in Londen            <\/a>\n    <\/h4>\n\t        <div class=\"edgtf-bli-info\">\n\t\t        <div class=\"edgtf-post-info-category\">\n    <a href=\"https:\/\/www.santjosep.net\/nl\/category\/turismo-nl\/\" rel=\"category tag\">Turismo<\/a><\/div>\t        <\/div>\n\n\t        <div class=\"edgtf-bli-excerpt\">\n\t\t        \t\t<div class=\"edgtf-post-excerpt-holder\">\n\t\t\t<p itemprop=\"description\" class=\"edgtf-post-excerpt\">\n\t\t\t\tDe belangrijkste toeristische attracties van Sant Josep de sa Talaia worden gepromoot op de World Travel Market 2022.\t\t\t<\/p>\n\t\t<\/div>\n\t\t\t        \t<div class=\"edgtf-post-read-more-button\">\n\t\t<a itemprop=\"url\" href=\"https:\/\/www.santjosep.net\/nl\/de-zon-en-het-licht-van-ibiza-vestigen-zich-in-londen\/\" target=\"_self\"  class=\"edgtf-btn edgtf-btn-medium edgtf-btn-simple edgtf-btn-switch-line edgtf-blog-list-button\"  >\t\t\t<span class=\"edgtf-btn-icon-element\"><\/span>\t\t<span class=\"edgtf-btn-text\">Lees meer\r<span class=\"edgtf-btn-text-line\" ><\/span><span class=\"edgtf-btn-switch-line\" ><\/span><\/span>\t<\/a>\t<\/div>\n\t        <\/div>\n        <\/div>\n\t<\/div>\n<\/li><li class=\"edgtf-bl-item clearfix\">\n\t<div class=\"edgtf-bli-inner\">\n\t\t\n\t<div class=\"edgtf-post-image\">\n\t\t\t\t\t<a itemprop=\"url\" href=\"https:\/\/www.santjosep.net\/nl\/sant-josep-is-muziek\/\" title=\"Sant Josep is muziek\">\n\t\t\t\t\t\t\t\t\t<img loading=\"lazy\" decoding=\"async\" width=\"2048\" height=\"1536\" src=\"https:\/\/www.santjosep.net\/wp-content\/uploads\/2022\/09\/santjosep_esmusica.jpg\" class=\"attachment-full size-full wp-post-image\" alt=\"\" srcset=\"https:\/\/www.santjosep.net\/wp-content\/uploads\/2022\/09\/santjosep_esmusica.jpg 2048w, https:\/\/www.santjosep.net\/wp-content\/uploads\/2022\/09\/santjosep_esmusica-300x225.jpg 300w, https:\/\/www.santjosep.net\/wp-content\/uploads\/2022\/09\/santjosep_esmusica-1024x768.jpg 1024w, https:\/\/www.santjosep.net\/wp-content\/uploads\/2022\/09\/santjosep_esmusica-768x576.jpg 768w, https:\/\/www.santjosep.net\/wp-content\/uploads\/2022\/09\/santjosep_esmusica-1536x1152.jpg 1536w, https:\/\/www.santjosep.net\/wp-content\/uploads\/2022\/09\/santjosep_esmusica-800x600.jpg 800w\" sizes=\"auto, (max-width: 2048px) 100vw, 2048px\" \/>\t\t\t\t\t\t\t\t<\/a>\n\t\t\t<\/div>\n        <div class=\"edgtf-bli-content\">\n                            <div class=\"edgtf-bli-date\">\n\t                <div itemprop=\"dateCreated\" class=\"edgtf-post-info-date entry-date published updated\">\n            <a itemprop=\"url\" href=\"https:\/\/www.santjosep.net\/nl\/2022\/10\/\">\n    \n        13 oktober 2022        <\/a>\n    <meta itemprop=\"interactionCount\" content=\"UserComments: 0\"\/>\n<\/div>                <\/div>\n            \t\n\t        \n<h4 itemprop=\"name\" class=\"entry-title edgtf-post-title\" >\n            <a itemprop=\"url\" href=\"https:\/\/www.santjosep.net\/nl\/sant-josep-is-muziek\/\" title=\"Sant Josep is muziek\">\n            Sant Josep is muziek            <\/a>\n    <\/h4>\n\t        <div class=\"edgtf-bli-info\">\n\t\t        <div class=\"edgtf-post-info-category\">\n    <a href=\"https:\/\/www.santjosep.net\/nl\/category\/cultuur\/\" rel=\"category tag\">Cultuur<\/a><\/div>\t        <\/div>\n\n\t        <div class=\"edgtf-bli-excerpt\">\n\t\t        \t\t<div class=\"edgtf-post-excerpt-holder\">\n\t\t\t<p itemprop=\"description\" class=\"edgtf-post-excerpt\">\n\t\t\t\tEntre los valores patrimoniales que Sant Josep ofrece a sus visitantes y vecinos hay que reservar un espacio privilegiado para la m\u00fasica en todas sus expresiones.\t\t\t<\/p>\n\t\t<\/div>\n\t\t\t        \t<div class=\"edgtf-post-read-more-button\">\n\t\t<a itemprop=\"url\" href=\"https:\/\/www.santjosep.net\/nl\/sant-josep-is-muziek\/\" target=\"_self\"  class=\"edgtf-btn edgtf-btn-medium edgtf-btn-simple edgtf-btn-switch-line edgtf-blog-list-button\"  >\t\t\t<span class=\"edgtf-btn-icon-element\"><\/span>\t\t<span class=\"edgtf-btn-text\">Lees meer\r<span class=\"edgtf-btn-text-line\" ><\/span><span class=\"edgtf-btn-switch-line\" ><\/span><\/span>\t<\/a>\t<\/div>\n\t        <\/div>\n        <\/div>\n\t<\/div>\n<\/li><li class=\"edgtf-bl-item clearfix\">\n\t<div class=\"edgtf-bli-inner\">\n\t\t\n\t<div class=\"edgtf-post-image\">\n\t\t\t\t\t<a itemprop=\"url\" href=\"https:\/\/www.santjosep.net\/nl\/stranden-in-sant-josep-die-ideaal-zijn-om-er-met-het-gezin-te-genieten\/\" title=\"Stranden in Sant Josep die ideaal zijn om er met het gezin te genieten\">\n\t\t\t\t\t\t\t\t\t<img loading=\"lazy\" decoding=\"async\" width=\"2048\" height=\"1536\" src=\"https:\/\/www.santjosep.net\/wp-content\/uploads\/2022\/07\/playasnin\u0303os_santjosep_ibiza-1-1.jpg\" class=\"attachment-full size-full wp-post-image\" alt=\"\" srcset=\"https:\/\/www.santjosep.net\/wp-content\/uploads\/2022\/07\/playasnin\u0303os_santjosep_ibiza-1-1.jpg 2048w, https:\/\/www.santjosep.net\/wp-content\/uploads\/2022\/07\/playasnin\u0303os_santjosep_ibiza-1-1-300x225.jpg 300w, https:\/\/www.santjosep.net\/wp-content\/uploads\/2022\/07\/playasnin\u0303os_santjosep_ibiza-1-1-1024x768.jpg 1024w, https:\/\/www.santjosep.net\/wp-content\/uploads\/2022\/07\/playasnin\u0303os_santjosep_ibiza-1-1-768x576.jpg 768w, https:\/\/www.santjosep.net\/wp-content\/uploads\/2022\/07\/playasnin\u0303os_santjosep_ibiza-1-1-1536x1152.jpg 1536w, https:\/\/www.santjosep.net\/wp-content\/uploads\/2022\/07\/playasnin\u0303os_santjosep_ibiza-1-1-800x600.jpg 800w\" sizes=\"auto, (max-width: 2048px) 100vw, 2048px\" \/>\t\t\t\t\t\t\t\t<\/a>\n\t\t\t<\/div>\n        <div class=\"edgtf-bli-content\">\n                            <div class=\"edgtf-bli-date\">\n\t                <div itemprop=\"dateCreated\" class=\"edgtf-post-info-date entry-date published updated\">\n            <a itemprop=\"url\" href=\"https:\/\/www.santjosep.net\/nl\/2022\/07\/\">\n    \n        26 juli 2022        <\/a>\n    <meta itemprop=\"interactionCount\" content=\"UserComments: 0\"\/>\n<\/div>                <\/div>\n            \t\n\t        \n<h4 itemprop=\"name\" class=\"entry-title edgtf-post-title\" >\n            <a itemprop=\"url\" href=\"https:\/\/www.santjosep.net\/nl\/stranden-in-sant-josep-die-ideaal-zijn-om-er-met-het-gezin-te-genieten\/\" title=\"Stranden in Sant Josep die ideaal zijn om er met het gezin te genieten\">\n            Stranden in Sant Josep die ideaal zijn om er met het gezin te genieten            <\/a>\n    <\/h4>\n\t        <div class=\"edgtf-bli-info\">\n\t\t        <div class=\"edgtf-post-info-category\">\n    <a href=\"https:\/\/www.santjosep.net\/nl\/category\/stranden-nl\/\" rel=\"category tag\">Stranden<\/a><\/div>\t        <\/div>\n\n\t        <div class=\"edgtf-bli-excerpt\">\n\t\t        \t\t<div class=\"edgtf-post-excerpt-holder\">\n\t\t\t<p itemprop=\"description\" class=\"edgtf-post-excerpt\">\n\t\t\t\tDe zomer is de tijd van het jaar waarin het woord \"vakantie\" centraal staat. En als het om gezinnen met kinderen gaat, nog meer, vooral als de bestemming een uitstapje naar het strand is.\t\t\t<\/p>\n\t\t<\/div>\n\t\t\t        \t<div class=\"edgtf-post-read-more-button\">\n\t\t<a itemprop=\"url\" href=\"https:\/\/www.santjosep.net\/nl\/stranden-in-sant-josep-die-ideaal-zijn-om-er-met-het-gezin-te-genieten\/\" target=\"_self\"  class=\"edgtf-btn edgtf-btn-medium edgtf-btn-simple edgtf-btn-switch-line edgtf-blog-list-button\"  >\t\t\t<span class=\"edgtf-btn-icon-element\"><\/span>\t\t<span class=\"edgtf-btn-text\">Lees meer\r<span class=\"edgtf-btn-text-line\" ><\/span><span class=\"edgtf-btn-switch-line\" ><\/span><\/span>\t<\/a>\t<\/div>\n\t        <\/div>\n        <\/div>\n\t<\/div>\n<\/li><li class=\"edgtf-bl-item clearfix\">\n\t<div class=\"edgtf-bli-inner\">\n\t\t\n\t<div class=\"edgtf-post-image\">\n\t\t\t\t\t<a itemprop=\"url\" href=\"https:\/\/www.santjosep.net\/nl\/de-westkust-van-sant-josep-kristalhelder-water-en-zonsondergangen-op-ibiza\/\" title=\"De westkust van Sant Josep, kristalhelder water en zonsondergangen op Ibiza\">\n\t\t\t\t\t\t\t\t\t<img loading=\"lazy\" decoding=\"async\" width=\"2048\" height=\"1536\" src=\"https:\/\/www.santjosep.net\/wp-content\/uploads\/2014\/01\/platgesdecomte_santjosep.jpg\" class=\"attachment-full size-full wp-post-image\" alt=\"\" srcset=\"https:\/\/www.santjosep.net\/wp-content\/uploads\/2014\/01\/platgesdecomte_santjosep.jpg 2048w, https:\/\/www.santjosep.net\/wp-content\/uploads\/2014\/01\/platgesdecomte_santjosep-300x225.jpg 300w, https:\/\/www.santjosep.net\/wp-content\/uploads\/2014\/01\/platgesdecomte_santjosep-1024x768.jpg 1024w, https:\/\/www.santjosep.net\/wp-content\/uploads\/2014\/01\/platgesdecomte_santjosep-768x576.jpg 768w, https:\/\/www.santjosep.net\/wp-content\/uploads\/2014\/01\/platgesdecomte_santjosep-1536x1152.jpg 1536w, https:\/\/www.santjosep.net\/wp-content\/uploads\/2014\/01\/platgesdecomte_santjosep-800x600.jpg 800w\" sizes=\"auto, (max-width: 2048px) 100vw, 2048px\" \/>\t\t\t\t\t\t\t\t<\/a>\n\t\t\t<\/div>\n        <div class=\"edgtf-bli-content\">\n                            <div class=\"edgtf-bli-date\">\n\t                <div itemprop=\"dateCreated\" class=\"edgtf-post-info-date entry-date published updated\">\n            <a itemprop=\"url\" href=\"https:\/\/www.santjosep.net\/nl\/2022\/06\/\">\n    \n        16 juni 2022        <\/a>\n    <meta itemprop=\"interactionCount\" content=\"UserComments: 0\"\/>\n<\/div>                <\/div>\n            \t\n\t        \n<h4 itemprop=\"name\" class=\"entry-title edgtf-post-title\" >\n            <a itemprop=\"url\" href=\"https:\/\/www.santjosep.net\/nl\/de-westkust-van-sant-josep-kristalhelder-water-en-zonsondergangen-op-ibiza\/\" title=\"De westkust van Sant Josep, kristalhelder water en zonsondergangen op Ibiza\">\n            De westkust van Sant Josep, kristalhelder water en zonsondergangen op Ibiza            <\/a>\n    <\/h4>\n\t        <div class=\"edgtf-bli-info\">\n\t\t        <div class=\"edgtf-post-info-category\">\n    <a href=\"https:\/\/www.santjosep.net\/nl\/category\/gebieden-nl\/\" rel=\"category tag\">Gebieden<\/a>, <a href=\"https:\/\/www.santjosep.net\/nl\/category\/wandelen-nl\/\" rel=\"category tag\">Wandelen<\/a><\/div>\t        <\/div>\n\n\t        <div class=\"edgtf-bli-excerpt\">\n\t\t        \t\t<div class=\"edgtf-post-excerpt-holder\">\n\t\t\t<p itemprop=\"description\" class=\"edgtf-post-excerpt\">\n\t\t\t\tWe maken een virtuele tour door het westelijke deel van de gemeente Sant Josep de sa Talaia. Wij zullen u vertellen waar u een ongelooflijke zonsondergang kunt zien, het kristalheldere water om in te zwemmen en de heerlijke plaatselijke gastronomie.\t\t\t<\/p>\n\t\t<\/div>\n\t\t\t        \t<div class=\"edgtf-post-read-more-button\">\n\t\t<a itemprop=\"url\" href=\"https:\/\/www.santjosep.net\/nl\/de-westkust-van-sant-josep-kristalhelder-water-en-zonsondergangen-op-ibiza\/\" target=\"_self\"  class=\"edgtf-btn edgtf-btn-medium edgtf-btn-simple edgtf-btn-switch-line edgtf-blog-list-button\"  >\t\t\t<span class=\"edgtf-btn-icon-element\"><\/span>\t\t<span class=\"edgtf-btn-text\">Lees meer\r<span class=\"edgtf-btn-text-line\" ><\/span><span class=\"edgtf-btn-switch-line\" ><\/span><\/span>\t<\/a>\t<\/div>\n\t        <\/div>\n        <\/div>\n\t<\/div>\n<\/li><li class=\"edgtf-bl-item clearfix\">\n\t<div class=\"edgtf-bli-inner\">\n\t\t\n\t<div class=\"edgtf-post-image\">\n\t\t\t\t\t<a itemprop=\"url\" href=\"https:\/\/www.santjosep.net\/nl\/heerlijke-gastronomie-aan-de-kust-van-sant-josep\/\" title=\"Heerlijke gastronomie aan de kust van Sant Josep\">\n\t\t\t\t\t\t\t\t\t<img loading=\"lazy\" decoding=\"async\" width=\"800\" height=\"600\" src=\"https:\/\/www.santjosep.net\/wp-content\/uploads\/2022\/06\/gastro_santjosep.png\" class=\"attachment-full size-full wp-post-image\" alt=\"\" srcset=\"https:\/\/www.santjosep.net\/wp-content\/uploads\/2022\/06\/gastro_santjosep.png 800w, https:\/\/www.santjosep.net\/wp-content\/uploads\/2022\/06\/gastro_santjosep-300x225.png 300w, https:\/\/www.santjosep.net\/wp-content\/uploads\/2022\/06\/gastro_santjosep-768x576.png 768w\" sizes=\"auto, (max-width: 800px) 100vw, 800px\" \/>\t\t\t\t\t\t\t\t<\/a>\n\t\t\t<\/div>\n        <div class=\"edgtf-bli-content\">\n                            <div class=\"edgtf-bli-date\">\n\t                <div itemprop=\"dateCreated\" class=\"edgtf-post-info-date entry-date published updated\">\n            <a itemprop=\"url\" href=\"https:\/\/www.santjosep.net\/nl\/2022\/05\/\">\n    \n        7 mei 2022        <\/a>\n    <meta itemprop=\"interactionCount\" content=\"UserComments: 0\"\/>\n<\/div>                <\/div>\n            \t\n\t        \n<h4 itemprop=\"name\" class=\"entry-title edgtf-post-title\" >\n            <a itemprop=\"url\" href=\"https:\/\/www.santjosep.net\/nl\/heerlijke-gastronomie-aan-de-kust-van-sant-josep\/\" title=\"Heerlijke gastronomie aan de kust van Sant Josep\">\n            Heerlijke gastronomie aan de kust van Sant Josep            <\/a>\n    <\/h4>\n\t        <div class=\"edgtf-bli-info\">\n\t\t        <div class=\"edgtf-post-info-category\">\n    <a href=\"https:\/\/www.santjosep.net\/nl\/category\/gastronomie-nl\/\" rel=\"category tag\">Gastronomie<\/a><\/div>\t        <\/div>\n\n\t        <div class=\"edgtf-bli-excerpt\">\n\t\t        \t\t<div class=\"edgtf-post-excerpt-holder\">\n\t\t\t<p itemprop=\"description\" class=\"edgtf-post-excerpt\">\n\t\t\t\tDe zee is een van de meest invloedrijke elementen geweest in de keuken van het eiland, waar geweldige gerechten zoals bullit, arroz a banda of gebakken vis opvallen.\t\t\t<\/p>\n\t\t<\/div>\n\t\t\t        \t<div class=\"edgtf-post-read-more-button\">\n\t\t<a itemprop=\"url\" href=\"https:\/\/www.santjosep.net\/nl\/heerlijke-gastronomie-aan-de-kust-van-sant-josep\/\" target=\"_self\"  class=\"edgtf-btn edgtf-btn-medium edgtf-btn-simple edgtf-btn-switch-line edgtf-blog-list-button\"  >\t\t\t<span class=\"edgtf-btn-icon-element\"><\/span>\t\t<span class=\"edgtf-btn-text\">Lees meer\r<span class=\"edgtf-btn-text-line\" ><\/span><span class=\"edgtf-btn-switch-line\" ><\/span><\/span>\t<\/a>\t<\/div>\n\t        <\/div>\n        <\/div>\n\t<\/div>\n<\/li><li class=\"edgtf-bl-item clearfix\">\n\t<div class=\"edgtf-bli-inner\">\n\t\t\n\t<div class=\"edgtf-post-image\">\n\t\t\t\t\t<a itemprop=\"url\" href=\"https:\/\/www.santjosep.net\/nl\/ontdek-het-natuurpark-ses-salines-te-voet-of-met-de-fiets-sa-sal-rossa-route\/\" title=\"Ontdek het natuurpark Ses Salines te voet of met de fiets: sa Sal Rossa Route\">\n\t\t\t\t\t\t\t\t\t<img loading=\"lazy\" decoding=\"async\" width=\"800\" height=\"600\" src=\"https:\/\/www.santjosep.net\/wp-content\/uploads\/2022\/04\/rutas_santjosep_salrossa.png\" class=\"attachment-full size-full wp-post-image\" alt=\"\" srcset=\"https:\/\/www.santjosep.net\/wp-content\/uploads\/2022\/04\/rutas_santjosep_salrossa.png 800w, https:\/\/www.santjosep.net\/wp-content\/uploads\/2022\/04\/rutas_santjosep_salrossa-300x225.png 300w, https:\/\/www.santjosep.net\/wp-content\/uploads\/2022\/04\/rutas_santjosep_salrossa-768x576.png 768w\" sizes=\"auto, (max-width: 800px) 100vw, 800px\" \/>\t\t\t\t\t\t\t\t<\/a>\n\t\t\t<\/div>\n        <div class=\"edgtf-bli-content\">\n                            <div class=\"edgtf-bli-date\">\n\t                <div itemprop=\"dateCreated\" class=\"edgtf-post-info-date entry-date published updated\">\n            <a itemprop=\"url\" href=\"https:\/\/www.santjosep.net\/nl\/2022\/04\/\">\n    \n        25 april 2022        <\/a>\n    <meta itemprop=\"interactionCount\" content=\"UserComments: 0\"\/>\n<\/div>                <\/div>\n            \t\n\t        \n<h4 itemprop=\"name\" class=\"entry-title edgtf-post-title\" >\n            <a itemprop=\"url\" href=\"https:\/\/www.santjosep.net\/nl\/ontdek-het-natuurpark-ses-salines-te-voet-of-met-de-fiets-sa-sal-rossa-route\/\" title=\"Ontdek het natuurpark Ses Salines te voet of met de fiets: sa Sal Rossa Route\">\n            Ontdek het natuurpark Ses Salines te voet of met de fiets: sa Sal Rossa Route            <\/a>\n    <\/h4>\n\t        <div class=\"edgtf-bli-info\">\n\t\t        <div class=\"edgtf-post-info-category\">\n    <a href=\"https:\/\/www.santjosep.net\/nl\/category\/wandelen-nl\/\" rel=\"category tag\">Wandelen<\/a><\/div>\t        <\/div>\n\n\t        <div class=\"edgtf-bli-excerpt\">\n\t\t        \t\t<div class=\"edgtf-post-excerpt-holder\">\n\t\t\t<p itemprop=\"description\" class=\"edgtf-post-excerpt\">\n\t\t\t\tNatuur, geschiedenis en cultuur bij de ontmoeting van wandelaars en fietsers\t\t\t<\/p>\n\t\t<\/div>\n\t\t\t        \t<div class=\"edgtf-post-read-more-button\">\n\t\t<a itemprop=\"url\" href=\"https:\/\/www.santjosep.net\/nl\/ontdek-het-natuurpark-ses-salines-te-voet-of-met-de-fiets-sa-sal-rossa-route\/\" target=\"_self\"  class=\"edgtf-btn edgtf-btn-medium edgtf-btn-simple edgtf-btn-switch-line edgtf-blog-list-button\"  >\t\t\t<span class=\"edgtf-btn-icon-element\"><\/span>\t\t<span class=\"edgtf-btn-text\">Lees meer\r<span class=\"edgtf-btn-text-line\" ><\/span><span class=\"edgtf-btn-switch-line\" ><\/span><\/span>\t<\/a>\t<\/div>\n\t        <\/div>\n        <\/div>\n\t<\/div>\n<\/li><li class=\"edgtf-bl-item clearfix\">\n\t<div class=\"edgtf-bli-inner\">\n\t\t\n\t<div class=\"edgtf-post-image\">\n\t\t\t\t\t<a itemprop=\"url\" href=\"https:\/\/www.santjosep.net\/nl\/ontdek-het-natuurpark-ses-salines-te-voet-of-met-de-fiets-ses-portes-route\/\" title=\"Ontdek het natuurpark Ses Salines te voet of met de fiets: Ses Portes-route\">\n\t\t\t\t\t\t\t\t\t<img loading=\"lazy\" decoding=\"async\" width=\"800\" height=\"600\" src=\"https:\/\/www.santjosep.net\/wp-content\/uploads\/2022\/03\/rutas_santjosep.jpg\" class=\"attachment-full size-full wp-post-image\" alt=\"\" srcset=\"https:\/\/www.santjosep.net\/wp-content\/uploads\/2022\/03\/rutas_santjosep.jpg 800w, https:\/\/www.santjosep.net\/wp-content\/uploads\/2022\/03\/rutas_santjosep-300x225.jpg 300w, https:\/\/www.santjosep.net\/wp-content\/uploads\/2022\/03\/rutas_santjosep-768x576.jpg 768w\" sizes=\"auto, (max-width: 800px) 100vw, 800px\" \/>\t\t\t\t\t\t\t\t<\/a>\n\t\t\t<\/div>\n        <div class=\"edgtf-bli-content\">\n                            <div class=\"edgtf-bli-date\">\n\t                <div itemprop=\"dateCreated\" class=\"edgtf-post-info-date entry-date published updated\">\n            <a itemprop=\"url\" href=\"https:\/\/www.santjosep.net\/nl\/2022\/03\/\">\n    \n        21 maart 2022        <\/a>\n    <meta itemprop=\"interactionCount\" content=\"UserComments: 0\"\/>\n<\/div>                <\/div>\n            \t\n\t        \n<h4 itemprop=\"name\" class=\"entry-title edgtf-post-title\" >\n            <a itemprop=\"url\" href=\"https:\/\/www.santjosep.net\/nl\/ontdek-het-natuurpark-ses-salines-te-voet-of-met-de-fiets-ses-portes-route\/\" title=\"Ontdek het natuurpark Ses Salines te voet of met de fiets: Ses Portes-route\">\n            Ontdek het natuurpark Ses Salines te voet of met de fiets: Ses Portes-route            <\/a>\n    <\/h4>\n\t        <div class=\"edgtf-bli-info\">\n\t\t        <div class=\"edgtf-post-info-category\">\n    <a href=\"https:\/\/www.santjosep.net\/nl\/category\/wandelen-nl\/\" rel=\"category tag\">Wandelen<\/a><\/div>\t        <\/div>\n\n\t        <div class=\"edgtf-bli-excerpt\">\n\t\t        \t\t<div class=\"edgtf-post-excerpt-holder\">\n\t\t\t<p itemprop=\"description\" class=\"edgtf-post-excerpt\">\n\t\t\t\tNatuur, geschiedenis en cultuur ontmoeten de wandelaar en fietser.\t\t\t<\/p>\n\t\t<\/div>\n\t\t\t        \t<div class=\"edgtf-post-read-more-button\">\n\t\t<a itemprop=\"url\" href=\"https:\/\/www.santjosep.net\/nl\/ontdek-het-natuurpark-ses-salines-te-voet-of-met-de-fiets-ses-portes-route\/\" target=\"_self\"  class=\"edgtf-btn edgtf-btn-medium edgtf-btn-simple edgtf-btn-switch-line edgtf-blog-list-button\"  >\t\t\t<span class=\"edgtf-btn-icon-element\"><\/span>\t\t<span class=\"edgtf-btn-text\">Lees meer\r<span class=\"edgtf-btn-text-line\" ><\/span><span class=\"edgtf-btn-switch-line\" ><\/span><\/span>\t<\/a>\t<\/div>\n\t        <\/div>\n        <\/div>\n\t<\/div>\n<\/li><li class=\"edgtf-bl-item clearfix\">\n\t<div class=\"edgtf-bli-inner\">\n\t\t\n\t<div class=\"edgtf-post-image\">\n\t\t\t\t\t<a itemprop=\"url\" href=\"https:\/\/www.santjosep.net\/nl\/snorkelen-in-het-water-van-sant-josep\/\" title=\"Snorkelen in het water van Sant Josep\">\n\t\t\t\t\t\t\t\t\t<img loading=\"lazy\" decoding=\"async\" width=\"800\" height=\"600\" src=\"https:\/\/www.santjosep.net\/wp-content\/uploads\/2022\/02\/snorkel_santjosep.jpg\" class=\"attachment-full size-full wp-post-image\" alt=\"\" srcset=\"https:\/\/www.santjosep.net\/wp-content\/uploads\/2022\/02\/snorkel_santjosep.jpg 800w, https:\/\/www.santjosep.net\/wp-content\/uploads\/2022\/02\/snorkel_santjosep-300x225.jpg 300w, https:\/\/www.santjosep.net\/wp-content\/uploads\/2022\/02\/snorkel_santjosep-768x576.jpg 768w\" sizes=\"auto, (max-width: 800px) 100vw, 800px\" \/>\t\t\t\t\t\t\t\t<\/a>\n\t\t\t<\/div>\n        <div class=\"edgtf-bli-content\">\n                            <div class=\"edgtf-bli-date\">\n\t                <div itemprop=\"dateCreated\" class=\"edgtf-post-info-date entry-date published updated\">\n            <a itemprop=\"url\" href=\"https:\/\/www.santjosep.net\/nl\/2022\/02\/\">\n    \n        22 februari 2022        <\/a>\n    <meta itemprop=\"interactionCount\" content=\"UserComments: 0\"\/>\n<\/div>                <\/div>\n            \t\n\t        \n<h4 itemprop=\"name\" class=\"entry-title edgtf-post-title\" >\n            <a itemprop=\"url\" href=\"https:\/\/www.santjosep.net\/nl\/snorkelen-in-het-water-van-sant-josep\/\" title=\"Snorkelen in het water van Sant Josep\">\n            Snorkelen in het water van Sant Josep            <\/a>\n    <\/h4>\n\t        <div class=\"edgtf-bli-info\">\n\t\t        <div class=\"edgtf-post-info-category\">\n    <a href=\"https:\/\/www.santjosep.net\/nl\/category\/sport-nl\/\" rel=\"category tag\">Sport<\/a>, <a href=\"https:\/\/www.santjosep.net\/nl\/category\/stranden-nl\/\" rel=\"category tag\">Stranden<\/a><\/div>\t        <\/div>\n\n\t        <div class=\"edgtf-bli-excerpt\">\n\t\t        \t\t<div class=\"edgtf-post-excerpt-holder\">\n\t\t\t<p itemprop=\"description\" class=\"edgtf-post-excerpt\">\n\t\t\t\tDe meer dan 80 kilometer lange kustlijn die het maritieme facet van de gemeente Sant Josep schetst en het kristalheldere water vormen een perfect ecosysteem en een droomparadijs voor snorkelliefhebbers.\t\t\t<\/p>\n\t\t<\/div>\n\t\t\t        \t<div class=\"edgtf-post-read-more-button\">\n\t\t<a itemprop=\"url\" href=\"https:\/\/www.santjosep.net\/nl\/snorkelen-in-het-water-van-sant-josep\/\" target=\"_self\"  class=\"edgtf-btn edgtf-btn-medium edgtf-btn-simple edgtf-btn-switch-line edgtf-blog-list-button\"  >\t\t\t<span class=\"edgtf-btn-icon-element\"><\/span>\t\t<span class=\"edgtf-btn-text\">Lees meer\r<span class=\"edgtf-btn-text-line\" ><\/span><span class=\"edgtf-btn-switch-line\" ><\/span><\/span>\t<\/a>\t<\/div>\n\t        <\/div>\n        <\/div>\n\t<\/div>\n<\/li><li class=\"edgtf-bl-item clearfix\">\n\t<div class=\"edgtf-bli-inner\">\n\t\t\n\t<div class=\"edgtf-post-image\">\n\t\t\t\t\t<a itemprop=\"url\" href=\"https:\/\/www.santjosep.net\/nl\/sant-josep-op-fitur-2022\/\" title=\"Sant Josep op Fitur 2022\">\n\t\t\t\t\t\t\t\t\t<img loading=\"lazy\" decoding=\"async\" width=\"890\" height=\"667\" src=\"https:\/\/www.santjosep.net\/wp-content\/uploads\/2022\/01\/fitur_santjosep_ibiza.png\" class=\"attachment-full size-full wp-post-image\" alt=\"\" srcset=\"https:\/\/www.santjosep.net\/wp-content\/uploads\/2022\/01\/fitur_santjosep_ibiza.png 890w, https:\/\/www.santjosep.net\/wp-content\/uploads\/2022\/01\/fitur_santjosep_ibiza-300x225.png 300w, https:\/\/www.santjosep.net\/wp-content\/uploads\/2022\/01\/fitur_santjosep_ibiza-768x576.png 768w, https:\/\/www.santjosep.net\/wp-content\/uploads\/2022\/01\/fitur_santjosep_ibiza-800x600.png 800w\" sizes=\"auto, (max-width: 890px) 100vw, 890px\" \/>\t\t\t\t\t\t\t\t<\/a>\n\t\t\t<\/div>\n        <div class=\"edgtf-bli-content\">\n                            <div class=\"edgtf-bli-date\">\n\t                <div itemprop=\"dateCreated\" class=\"edgtf-post-info-date entry-date published updated\">\n            <a itemprop=\"url\" href=\"https:\/\/www.santjosep.net\/nl\/2022\/01\/\">\n    \n        24 januari 2022        <\/a>\n    <meta itemprop=\"interactionCount\" content=\"UserComments: 0\"\/>\n<\/div>                <\/div>\n            \t\n\t        \n<h4 itemprop=\"name\" class=\"entry-title edgtf-post-title\" >\n            <a itemprop=\"url\" href=\"https:\/\/www.santjosep.net\/nl\/sant-josep-op-fitur-2022\/\" title=\"Sant Josep op Fitur 2022\">\n            Sant Josep op Fitur 2022            <\/a>\n    <\/h4>\n\t        <div class=\"edgtf-bli-info\">\n\t\t        <div class=\"edgtf-post-info-category\">\n    <a href=\"https:\/\/www.santjosep.net\/nl\/category\/turismo-nl\/\" rel=\"category tag\">Turismo<\/a><\/div>\t        <\/div>\n\n\t        <div class=\"edgtf-bli-excerpt\">\n\t\t        \t\t<div class=\"edgtf-post-excerpt-holder\">\n\t\t\t<p itemprop=\"description\" class=\"edgtf-post-excerpt\">\n\t\t\t\tSant Josep de sa Talaia was aanwezig op Fitur om, ook dit jaar weer, de attracties van de gemeente en de nieuwigheden van haar catalogus met mogelijkheden voor bezoekers te presenteren\t\t\t<\/p>\n\t\t<\/div>\n\t\t\t        \t<div class=\"edgtf-post-read-more-button\">\n\t\t<a itemprop=\"url\" href=\"https:\/\/www.santjosep.net\/nl\/sant-josep-op-fitur-2022\/\" target=\"_self\"  class=\"edgtf-btn edgtf-btn-medium edgtf-btn-simple edgtf-btn-switch-line edgtf-blog-list-button\"  >\t\t\t<span class=\"edgtf-btn-icon-element\"><\/span>\t\t<span class=\"edgtf-btn-text\">Lees meer\r<span class=\"edgtf-btn-text-line\" ><\/span><span class=\"edgtf-btn-switch-line\" ><\/span><\/span>\t<\/a>\t<\/div>\n\t        <\/div>\n        <\/div>\n\t<\/div>\n<\/li><li class=\"edgtf-bl-item clearfix\">\n\t<div class=\"edgtf-bli-inner\">\n\t\t\n\t<div class=\"edgtf-post-image\">\n\t\t\t\t\t<a itemprop=\"url\" href=\"https:\/\/www.santjosep.net\/nl\/lovesantjosep-herfst-wintereditie\/\" title=\"#LoveSantJosep herfst-wintereditie\">\n\t\t\t\t\t\t\t\t\t<img loading=\"lazy\" decoding=\"async\" width=\"890\" height=\"667\" src=\"https:\/\/www.santjosep.net\/wp-content\/uploads\/2021\/12\/auditorio_santjosep_ibiza.jpg\" class=\"attachment-full size-full wp-post-image\" alt=\"\" srcset=\"https:\/\/www.santjosep.net\/wp-content\/uploads\/2021\/12\/auditorio_santjosep_ibiza.jpg 890w, https:\/\/www.santjosep.net\/wp-content\/uploads\/2021\/12\/auditorio_santjosep_ibiza-300x225.jpg 300w, https:\/\/www.santjosep.net\/wp-content\/uploads\/2021\/12\/auditorio_santjosep_ibiza-768x576.jpg 768w, https:\/\/www.santjosep.net\/wp-content\/uploads\/2021\/12\/auditorio_santjosep_ibiza-800x600.jpg 800w\" sizes=\"auto, (max-width: 890px) 100vw, 890px\" \/>\t\t\t\t\t\t\t\t<\/a>\n\t\t\t<\/div>\n        <div class=\"edgtf-bli-content\">\n                            <div class=\"edgtf-bli-date\">\n\t                <div itemprop=\"dateCreated\" class=\"edgtf-post-info-date entry-date published updated\">\n            <a itemprop=\"url\" href=\"https:\/\/www.santjosep.net\/nl\/2021\/12\/\">\n    \n        14 december 2021        <\/a>\n    <meta itemprop=\"interactionCount\" content=\"UserComments: 0\"\/>\n<\/div>                <\/div>\n            \t\n\t        \n<h4 itemprop=\"name\" class=\"entry-title edgtf-post-title\" >\n            <a itemprop=\"url\" href=\"https:\/\/www.santjosep.net\/nl\/lovesantjosep-herfst-wintereditie\/\" title=\"#LoveSantJosep herfst-wintereditie\">\n            #LoveSantJosep herfst-wintereditie            <\/a>\n    <\/h4>\n\t        <div class=\"edgtf-bli-info\">\n\t\t        <div class=\"edgtf-post-info-category\">\n    <a href=\"https:\/\/www.santjosep.net\/nl\/category\/stranden-nl\/\" rel=\"category tag\">Stranden<\/a>, <a href=\"https:\/\/www.santjosep.net\/nl\/category\/sunsets-nl\/\" rel=\"category tag\">Sunsets<\/a><\/div>\t        <\/div>\n\n\t        <div class=\"edgtf-bli-excerpt\">\n\t\t        \t\t<div class=\"edgtf-post-excerpt-holder\">\n\t\t\t<p itemprop=\"description\" class=\"edgtf-post-excerpt\">\n\t\t\t\tHier laten we een kleine verzameling van de laatste paar herfstmaanden zien. We hopen dat je ervan geniet!\t\t\t<\/p>\n\t\t<\/div>\n\t\t\t        \t<div class=\"edgtf-post-read-more-button\">\n\t\t<a itemprop=\"url\" href=\"https:\/\/www.santjosep.net\/nl\/lovesantjosep-herfst-wintereditie\/\" target=\"_self\"  class=\"edgtf-btn edgtf-btn-medium edgtf-btn-simple edgtf-btn-switch-line edgtf-blog-list-button\"  >\t\t\t<span class=\"edgtf-btn-icon-element\"><\/span>\t\t<span class=\"edgtf-btn-text\">Lees meer\r<span class=\"edgtf-btn-text-line\" ><\/span><span class=\"edgtf-btn-switch-line\" ><\/span><\/span>\t<\/a>\t<\/div>\n\t        <\/div>\n        <\/div>\n\t<\/div>\n<\/li><li class=\"edgtf-bl-item clearfix\">\n\t<div class=\"edgtf-bli-inner\">\n\t\t\n\t<div class=\"edgtf-post-image\">\n\t\t\t\t\t<a itemprop=\"url\" href=\"https:\/\/www.santjosep.net\/nl\/7-culturele-ruimten-in-sant-josep\/\" title=\"7 culturele ruimten in Sant Josep\">\n\t\t\t\t\t\t\t\t\t<img loading=\"lazy\" decoding=\"async\" width=\"890\" height=\"667\" src=\"https:\/\/www.santjosep.net\/wp-content\/uploads\/2021\/11\/auditorio_santjosep_ibiza.png\" class=\"attachment-full size-full wp-post-image\" alt=\"\" srcset=\"https:\/\/www.santjosep.net\/wp-content\/uploads\/2021\/11\/auditorio_santjosep_ibiza.png 890w, https:\/\/www.santjosep.net\/wp-content\/uploads\/2021\/11\/auditorio_santjosep_ibiza-300x225.png 300w, https:\/\/www.santjosep.net\/wp-content\/uploads\/2021\/11\/auditorio_santjosep_ibiza-768x576.png 768w, https:\/\/www.santjosep.net\/wp-content\/uploads\/2021\/11\/auditorio_santjosep_ibiza-800x600.png 800w\" sizes=\"auto, (max-width: 890px) 100vw, 890px\" \/>\t\t\t\t\t\t\t\t<\/a>\n\t\t\t<\/div>\n        <div class=\"edgtf-bli-content\">\n                            <div class=\"edgtf-bli-date\">\n\t                <div itemprop=\"dateCreated\" class=\"edgtf-post-info-date entry-date published updated\">\n            <a itemprop=\"url\" href=\"https:\/\/www.santjosep.net\/nl\/2021\/11\/\">\n    \n        23 november 2021        <\/a>\n    <meta itemprop=\"interactionCount\" content=\"UserComments: 0\"\/>\n<\/div>                <\/div>\n            \t\n\t        \n<h4 itemprop=\"name\" class=\"entry-title edgtf-post-title\" >\n            <a itemprop=\"url\" href=\"https:\/\/www.santjosep.net\/nl\/7-culturele-ruimten-in-sant-josep\/\" title=\"7 culturele ruimten in Sant Josep\">\n            7 culturele ruimten in Sant Josep            <\/a>\n    <\/h4>\n\t        <div class=\"edgtf-bli-info\">\n\t\t        <div class=\"edgtf-post-info-category\">\n    <a href=\"https:\/\/www.santjosep.net\/nl\/category\/cultuur\/\" rel=\"category tag\">Cultuur<\/a><\/div>\t        <\/div>\n\n\t        <div class=\"edgtf-bli-excerpt\">\n\t\t        \t\t<div class=\"edgtf-post-excerpt-holder\">\n\t\t\t<p itemprop=\"description\" class=\"edgtf-post-excerpt\">\n\t\t\t\tIn Sant Josep is er het hele jaar door een compleet cultureel activiteitenprogramma waarbij kunstenaars en ambachtslieden, verenigingen, inwoners, initiatiefnemers en projecten van allerlei aard betrokken zijn.\t\t\t<\/p>\n\t\t<\/div>\n\t\t\t        \t<div class=\"edgtf-post-read-more-button\">\n\t\t<a itemprop=\"url\" href=\"https:\/\/www.santjosep.net\/nl\/7-culturele-ruimten-in-sant-josep\/\" target=\"_self\"  class=\"edgtf-btn edgtf-btn-medium edgtf-btn-simple edgtf-btn-switch-line edgtf-blog-list-button\"  >\t\t\t<span class=\"edgtf-btn-icon-element\"><\/span>\t\t<span class=\"edgtf-btn-text\">Lees meer\r<span class=\"edgtf-btn-text-line\" ><\/span><span class=\"edgtf-btn-switch-line\" ><\/span><\/span>\t<\/a>\t<\/div>\n\t        <\/div>\n        <\/div>\n\t<\/div>\n<\/li><li class=\"edgtf-bl-item clearfix\">\n\t<div class=\"edgtf-bli-inner\">\n\t\t\n\t<div class=\"edgtf-post-image\">\n\t\t\t\t\t<a itemprop=\"url\" href=\"https:\/\/www.santjosep.net\/nl\/het-weer-in-sant-josep-het-hele-jaar-door\/\" title=\"Het weer in Sant Josep het hele jaar door\">\n\t\t\t\t\t\t\t\t\t<img loading=\"lazy\" decoding=\"async\" width=\"890\" height=\"667\" src=\"https:\/\/www.santjosep.net\/wp-content\/uploads\/2021\/10\/clima_santjosep_ibiza.jpg\" class=\"attachment-full size-full wp-post-image\" alt=\"\" srcset=\"https:\/\/www.santjosep.net\/wp-content\/uploads\/2021\/10\/clima_santjosep_ibiza.jpg 890w, https:\/\/www.santjosep.net\/wp-content\/uploads\/2021\/10\/clima_santjosep_ibiza-300x225.jpg 300w, https:\/\/www.santjosep.net\/wp-content\/uploads\/2021\/10\/clima_santjosep_ibiza-768x576.jpg 768w, https:\/\/www.santjosep.net\/wp-content\/uploads\/2021\/10\/clima_santjosep_ibiza-800x600.jpg 800w\" sizes=\"auto, (max-width: 890px) 100vw, 890px\" \/>\t\t\t\t\t\t\t\t<\/a>\n\t\t\t<\/div>\n        <div class=\"edgtf-bli-content\">\n                            <div class=\"edgtf-bli-date\">\n\t                <div itemprop=\"dateCreated\" class=\"edgtf-post-info-date entry-date published updated\">\n            <a itemprop=\"url\" href=\"https:\/\/www.santjosep.net\/nl\/2021\/10\/\">\n    \n        26 oktober 2021        <\/a>\n    <meta itemprop=\"interactionCount\" content=\"UserComments: 0\"\/>\n<\/div>                <\/div>\n            \t\n\t        \n<h4 itemprop=\"name\" class=\"entry-title edgtf-post-title\" >\n            <a itemprop=\"url\" href=\"https:\/\/www.santjosep.net\/nl\/het-weer-in-sant-josep-het-hele-jaar-door\/\" title=\"Het weer in Sant Josep het hele jaar door\">\n            Het weer in Sant Josep het hele jaar door            <\/a>\n    <\/h4>\n\t        <div class=\"edgtf-bli-info\">\n\t\t        <div class=\"edgtf-post-info-category\">\n    <a href=\"https:\/\/www.santjosep.net\/nl\/category\/bruikbare-informatie\/\" rel=\"category tag\">Bruikbare informatie<\/a><\/div>\t        <\/div>\n\n\t        <div class=\"edgtf-bli-excerpt\">\n\t\t        \t\t<div class=\"edgtf-post-excerpt-holder\">\n\t\t\t<p itemprop=\"description\" class=\"edgtf-post-excerpt\">\n\t\t\t\tHet land en het water van de gemeente, gelegen in het hart van de Middellandse Zee, profiteert het hele jaar door van een mild en aangenaam klimaat\t\t\t<\/p>\n\t\t<\/div>\n\t\t\t        \t<div class=\"edgtf-post-read-more-button\">\n\t\t<a itemprop=\"url\" href=\"https:\/\/www.santjosep.net\/nl\/het-weer-in-sant-josep-het-hele-jaar-door\/\" target=\"_self\"  class=\"edgtf-btn edgtf-btn-medium edgtf-btn-simple edgtf-btn-switch-line edgtf-blog-list-button\"  >\t\t\t<span class=\"edgtf-btn-icon-element\"><\/span>\t\t<span class=\"edgtf-btn-text\">Lees meer\r<span class=\"edgtf-btn-text-line\" ><\/span><span class=\"edgtf-btn-switch-line\" ><\/span><\/span>\t<\/a>\t<\/div>\n\t        <\/div>\n        <\/div>\n\t<\/div>\n<\/li><li class=\"edgtf-bl-item clearfix\">\n\t<div class=\"edgtf-bli-inner\">\n\t\t\n\t<div class=\"edgtf-post-image\">\n\t\t\t\t\t<a itemprop=\"url\" href=\"https:\/\/www.santjosep.net\/nl\/representatieve-ondernemingen-in-sant-josep\/\" title=\"Representatieve ondernemingen in Sant Josep\">\n\t\t\t\t\t\t\t\t\t<img loading=\"lazy\" decoding=\"async\" width=\"890\" height=\"667\" src=\"https:\/\/www.santjosep.net\/wp-content\/uploads\/2021\/10\/emblematics_santjosep.jpg\" class=\"attachment-full size-full wp-post-image\" alt=\"\" srcset=\"https:\/\/www.santjosep.net\/wp-content\/uploads\/2021\/10\/emblematics_santjosep.jpg 890w, https:\/\/www.santjosep.net\/wp-content\/uploads\/2021\/10\/emblematics_santjosep-300x225.jpg 300w, https:\/\/www.santjosep.net\/wp-content\/uploads\/2021\/10\/emblematics_santjosep-768x576.jpg 768w, https:\/\/www.santjosep.net\/wp-content\/uploads\/2021\/10\/emblematics_santjosep-800x600.jpg 800w\" sizes=\"auto, (max-width: 890px) 100vw, 890px\" \/>\t\t\t\t\t\t\t\t<\/a>\n\t\t\t<\/div>\n        <div class=\"edgtf-bli-content\">\n                            <div class=\"edgtf-bli-date\">\n\t                <div itemprop=\"dateCreated\" class=\"edgtf-post-info-date entry-date published updated\">\n            <a itemprop=\"url\" href=\"https:\/\/www.santjosep.net\/nl\/2021\/09\/\">\n    \n        25 september 2021        <\/a>\n    <meta itemprop=\"interactionCount\" content=\"UserComments: 0\"\/>\n<\/div>                <\/div>\n            \t\n\t        \n<h4 itemprop=\"name\" class=\"entry-title edgtf-post-title\" >\n            <a itemprop=\"url\" href=\"https:\/\/www.santjosep.net\/nl\/representatieve-ondernemingen-in-sant-josep\/\" title=\"Representatieve ondernemingen in Sant Josep\">\n            Representatieve ondernemingen in Sant Josep            <\/a>\n    <\/h4>\n\t        <div class=\"edgtf-bli-info\">\n\t\t        <div class=\"edgtf-post-info-category\">\n    <a href=\"https:\/\/www.santjosep.net\/nl\/category\/tradities-nl\/\" rel=\"category tag\">Tradities<\/a><\/div>\t        <\/div>\n\n\t        <div class=\"edgtf-bli-excerpt\">\n\t\t        \t\t<div class=\"edgtf-post-excerpt-holder\">\n\t\t\t<p itemprop=\"description\" class=\"edgtf-post-excerpt\">\n\t\t\t\tSant Josep de sa Talaia is een van de deelnemers geweest die de eerste namen hebben aangedragen voor deze virtuele catalogus ter bevordering en erkenning van de plaatselijke handel.\t\t\t<\/p>\n\t\t<\/div>\n\t\t\t        \t<div class=\"edgtf-post-read-more-button\">\n\t\t<a itemprop=\"url\" href=\"https:\/\/www.santjosep.net\/nl\/representatieve-ondernemingen-in-sant-josep\/\" target=\"_self\"  class=\"edgtf-btn edgtf-btn-medium edgtf-btn-simple edgtf-btn-switch-line edgtf-blog-list-button\"  >\t\t\t<span class=\"edgtf-btn-icon-element\"><\/span>\t\t<span class=\"edgtf-btn-text\">Lees meer\r<span class=\"edgtf-btn-text-line\" ><\/span><span class=\"edgtf-btn-switch-line\" ><\/span><\/span>\t<\/a>\t<\/div>\n\t        <\/div>\n        <\/div>\n\t<\/div>\n<\/li><li class=\"edgtf-bl-item clearfix\">\n\t<div class=\"edgtf-bli-inner\">\n\t\t\n\t<div class=\"edgtf-post-image\">\n\t\t\t\t\t<a itemprop=\"url\" href=\"https:\/\/www.santjosep.net\/nl\/lovesantjosep-zomereditie\/\" title=\"#LoveSantJosep zomereditie\">\n\t\t\t\t\t\t\t\t\t<img loading=\"lazy\" decoding=\"async\" width=\"890\" height=\"667\" src=\"https:\/\/www.santjosep.net\/wp-content\/uploads\/2021\/08\/lovesantjosep.jpg\" class=\"attachment-full size-full wp-post-image\" alt=\"\" srcset=\"https:\/\/www.santjosep.net\/wp-content\/uploads\/2021\/08\/lovesantjosep.jpg 890w, https:\/\/www.santjosep.net\/wp-content\/uploads\/2021\/08\/lovesantjosep-300x225.jpg 300w, https:\/\/www.santjosep.net\/wp-content\/uploads\/2021\/08\/lovesantjosep-768x576.jpg 768w, https:\/\/www.santjosep.net\/wp-content\/uploads\/2021\/08\/lovesantjosep-800x600.jpg 800w\" sizes=\"auto, (max-width: 890px) 100vw, 890px\" \/>\t\t\t\t\t\t\t\t<\/a>\n\t\t\t<\/div>\n        <div class=\"edgtf-bli-content\">\n                            <div class=\"edgtf-bli-date\">\n\t                <div itemprop=\"dateCreated\" class=\"edgtf-post-info-date entry-date published updated\">\n            <a itemprop=\"url\" href=\"https:\/\/www.santjosep.net\/nl\/2021\/08\/\">\n    \n        9 augustus 2021        <\/a>\n    <meta itemprop=\"interactionCount\" content=\"UserComments: 0\"\/>\n<\/div>                <\/div>\n            \t\n\t        \n<h4 itemprop=\"name\" class=\"entry-title edgtf-post-title\" >\n            <a itemprop=\"url\" href=\"https:\/\/www.santjosep.net\/nl\/lovesantjosep-zomereditie\/\" title=\"#LoveSantJosep zomereditie\">\n            #LoveSantJosep zomereditie            <\/a>\n    <\/h4>\n\t        <div class=\"edgtf-bli-info\">\n\t\t        <div class=\"edgtf-post-info-category\">\n    <a href=\"https:\/\/www.santjosep.net\/nl\/category\/stranden-nl\/\" rel=\"category tag\">Stranden<\/a><\/div>\t        <\/div>\n\n\t        <div class=\"edgtf-bli-excerpt\">\n\t\t        \t\t<div class=\"edgtf-post-excerpt-holder\">\n\t\t\t<p itemprop=\"description\" class=\"edgtf-post-excerpt\">\n\t\t\t\tStranden, kerken, uitkijkposten, dorpen, zonsondergangen, natuur en nog veel meer. In deze post laten we een kleine verzameling zien van de foto's die deze hashtag ons deze zomer heeft opgeleverd.\t\t\t<\/p>\n\t\t<\/div>\n\t\t\t        \t<div class=\"edgtf-post-read-more-button\">\n\t\t<a itemprop=\"url\" href=\"https:\/\/www.santjosep.net\/nl\/lovesantjosep-zomereditie\/\" target=\"_self\"  class=\"edgtf-btn edgtf-btn-medium edgtf-btn-simple edgtf-btn-switch-line edgtf-blog-list-button\"  >\t\t\t<span class=\"edgtf-btn-icon-element\"><\/span>\t\t<span class=\"edgtf-btn-text\">Lees meer\r<span class=\"edgtf-btn-text-line\" ><\/span><span class=\"edgtf-btn-switch-line\" ><\/span><\/span>\t<\/a>\t<\/div>\n\t        <\/div>\n        <\/div>\n\t<\/div>\n<\/li><li class=\"edgtf-bl-item clearfix\">\n\t<div class=\"edgtf-bli-inner\">\n\t\t\n\t<div class=\"edgtf-post-image\">\n\t\t\t\t\t<a itemprop=\"url\" href=\"https:\/\/www.santjosep.net\/nl\/de-es-carregador-a-es-codolar-una-ruta-cargada-de-historia\/\" title=\"Van Es Carregador naar Es Codolar, een route met een rijke geschiedenis\">\n\t\t\t\t\t\t\t\t\t<img loading=\"lazy\" decoding=\"async\" width=\"890\" height=\"667\" src=\"https:\/\/www.santjosep.net\/wp-content\/uploads\/2021\/04\/carrerocanblai.jpg\" class=\"attachment-full size-full wp-post-image\" alt=\"\" srcset=\"https:\/\/www.santjosep.net\/wp-content\/uploads\/2021\/04\/carrerocanblai.jpg 890w, https:\/\/www.santjosep.net\/wp-content\/uploads\/2021\/04\/carrerocanblai-300x225.jpg 300w, https:\/\/www.santjosep.net\/wp-content\/uploads\/2021\/04\/carrerocanblai-768x576.jpg 768w, https:\/\/www.santjosep.net\/wp-content\/uploads\/2021\/04\/carrerocanblai-800x600.jpg 800w\" sizes=\"auto, (max-width: 890px) 100vw, 890px\" \/>\t\t\t\t\t\t\t\t<\/a>\n\t\t\t<\/div>\n        <div class=\"edgtf-bli-content\">\n                            <div class=\"edgtf-bli-date\">\n\t                <div itemprop=\"dateCreated\" class=\"edgtf-post-info-date entry-date published updated\">\n            <a itemprop=\"url\" href=\"https:\/\/www.santjosep.net\/nl\/2021\/04\/\">\n    \n        30 april 2021        <\/a>\n    <meta itemprop=\"interactionCount\" content=\"UserComments: 0\"\/>\n<\/div>                <\/div>\n            \t\n\t        \n<h4 itemprop=\"name\" class=\"entry-title edgtf-post-title\" >\n            <a itemprop=\"url\" href=\"https:\/\/www.santjosep.net\/nl\/de-es-carregador-a-es-codolar-una-ruta-cargada-de-historia\/\" title=\"Van Es Carregador naar Es Codolar, een route met een rijke geschiedenis\">\n            Van Es Carregador naar Es Codolar, een route met een rijke geschiedenis            <\/a>\n    <\/h4>\n\t        <div class=\"edgtf-bli-info\">\n\t\t        <div class=\"edgtf-post-info-category\">\n    <a href=\"https:\/\/www.santjosep.net\/nl\/category\/cultuur\/\" rel=\"category tag\">Cultuur<\/a>, <a href=\"https:\/\/www.santjosep.net\/nl\/category\/erfgoed-nl\/\" rel=\"category tag\">Erfgoed<\/a>, <a href=\"https:\/\/www.santjosep.net\/nl\/category\/wandelen-nl\/\" rel=\"category tag\">Wandelen<\/a><\/div>\t        <\/div>\n\n\t        <div class=\"edgtf-bli-excerpt\">\n\t\t        \t\t<div class=\"edgtf-post-excerpt-holder\">\n\t\t\t<p itemprop=\"description\" class=\"edgtf-post-excerpt\">\n\t\t\t\tIn Sant Josep wacht ons een route met een rijke geschiedenis die ons terugvoert naar tijden van weleer en naar primitieve vormen van nijverheid die hun weg baanden op een eiland met een beginnend economisch potentieel sinds de Punisch-Fenicische periode.\t\t\t<\/p>\n\t\t<\/div>\n\t\t\t        \t<div class=\"edgtf-post-read-more-button\">\n\t\t<a itemprop=\"url\" href=\"https:\/\/www.santjosep.net\/nl\/de-es-carregador-a-es-codolar-una-ruta-cargada-de-historia\/\" target=\"_self\"  class=\"edgtf-btn edgtf-btn-medium edgtf-btn-simple edgtf-btn-switch-line edgtf-blog-list-button\"  >\t\t\t<span class=\"edgtf-btn-icon-element\"><\/span>\t\t<span class=\"edgtf-btn-text\">Lees meer\r<span class=\"edgtf-btn-text-line\" ><\/span><span class=\"edgtf-btn-switch-line\" ><\/span><\/span>\t<\/a>\t<\/div>\n\t        <\/div>\n        <\/div>\n\t<\/div>\n<\/li><li class=\"edgtf-bl-item clearfix\">\n\t<div class=\"edgtf-bli-inner\">\n\t\t\n\t<div class=\"edgtf-post-image\">\n\t\t\t\t\t<a itemprop=\"url\" href=\"https:\/\/www.santjosep.net\/nl\/gebruik-lovesantjosep-op-instagram-en-deel-uw-fotos-van-sant-josep\/\" title=\"Gebruik #LoveSantJosep op Instagram en deel uw foto&#8217;s van Sant Josep\">\n\t\t\t\t\t\t\t\t\t<img loading=\"lazy\" decoding=\"async\" width=\"890\" height=\"667\" src=\"https:\/\/www.santjosep.net\/wp-content\/uploads\/2021\/02\/lovesantjosep.jpg\" class=\"attachment-full size-full wp-post-image\" alt=\"\" srcset=\"https:\/\/www.santjosep.net\/wp-content\/uploads\/2021\/02\/lovesantjosep.jpg 890w, https:\/\/www.santjosep.net\/wp-content\/uploads\/2021\/02\/lovesantjosep-300x225.jpg 300w, https:\/\/www.santjosep.net\/wp-content\/uploads\/2021\/02\/lovesantjosep-768x576.jpg 768w, https:\/\/www.santjosep.net\/wp-content\/uploads\/2021\/02\/lovesantjosep-800x600.jpg 800w\" sizes=\"auto, (max-width: 890px) 100vw, 890px\" \/>\t\t\t\t\t\t\t\t<\/a>\n\t\t\t<\/div>\n        <div class=\"edgtf-bli-content\">\n                            <div class=\"edgtf-bli-date\">\n\t                <div itemprop=\"dateCreated\" class=\"edgtf-post-info-date entry-date published updated\">\n            <a itemprop=\"url\" href=\"https:\/\/www.santjosep.net\/nl\/2021\/02\/\">\n    \n        18 februari 2021        <\/a>\n    <meta itemprop=\"interactionCount\" content=\"UserComments: 0\"\/>\n<\/div>                <\/div>\n            \t\n\t        \n<h4 itemprop=\"name\" class=\"entry-title edgtf-post-title\" >\n            <a itemprop=\"url\" href=\"https:\/\/www.santjosep.net\/nl\/gebruik-lovesantjosep-op-instagram-en-deel-uw-fotos-van-sant-josep\/\" title=\"Gebruik #LoveSantJosep op Instagram en deel uw foto&#8217;s van Sant Josep\">\n            Gebruik #LoveSantJosep op Instagram en deel uw foto&#8217;s van Sant Josep            <\/a>\n    <\/h4>\n\t        <div class=\"edgtf-bli-info\">\n\t\t        <div class=\"edgtf-post-info-category\">\n    <a href=\"https:\/\/www.santjosep.net\/nl\/category\/cultuur\/\" rel=\"category tag\">Cultuur<\/a>, <a href=\"https:\/\/www.santjosep.net\/nl\/category\/erfgoed-nl\/\" rel=\"category tag\">Erfgoed<\/a>, <a href=\"https:\/\/www.santjosep.net\/nl\/category\/stranden-nl\/\" rel=\"category tag\">Stranden<\/a>, <a href=\"https:\/\/www.santjosep.net\/nl\/category\/wandelen-nl\/\" rel=\"category tag\">Wandelen<\/a><\/div>\t        <\/div>\n\n\t        <div class=\"edgtf-bli-excerpt\">\n\t\t        \t\t<div class=\"edgtf-post-excerpt-holder\">\n\t\t\t<p itemprop=\"description\" class=\"edgtf-post-excerpt\">\n\t\t\t\tMuchos son los que cada d\u00eda comparten fotograf\u00edas en sus redes sociales de nuestro bello municipio.\t\t\t<\/p>\n\t\t<\/div>\n\t\t\t        \t<div class=\"edgtf-post-read-more-button\">\n\t\t<a itemprop=\"url\" href=\"https:\/\/www.santjosep.net\/nl\/gebruik-lovesantjosep-op-instagram-en-deel-uw-fotos-van-sant-josep\/\" target=\"_self\"  class=\"edgtf-btn edgtf-btn-medium edgtf-btn-simple edgtf-btn-switch-line edgtf-blog-list-button\"  >\t\t\t<span class=\"edgtf-btn-icon-element\"><\/span>\t\t<span class=\"edgtf-btn-text\">Lees meer\r<span class=\"edgtf-btn-text-line\" ><\/span><span class=\"edgtf-btn-switch-line\" ><\/span><\/span>\t<\/a>\t<\/div>\n\t        <\/div>\n        <\/div>\n\t<\/div>\n<\/li><li class=\"edgtf-bl-item clearfix\">\n\t<div class=\"edgtf-bli-inner\">\n\t\t\n\t<div class=\"edgtf-post-image\">\n\t\t\t\t\t<a itemprop=\"url\" href=\"https:\/\/www.santjosep.net\/nl\/koers-zetten-naar-sant-josep-de-kust-die-bekoort\/\" title=\"Koers zetten naar Sant Josep, de kust die bekoort\">\n\t\t\t\t\t\t\t\t\t<img loading=\"lazy\" decoding=\"async\" width=\"1500\" height=\"1125\" src=\"https:\/\/www.santjosep.net\/wp-content\/uploads\/2021\/01\/ok__0000_shutterstock_1822684487.jpg\" class=\"attachment-full size-full wp-post-image\" alt=\"\" srcset=\"https:\/\/www.santjosep.net\/wp-content\/uploads\/2021\/01\/ok__0000_shutterstock_1822684487.jpg 1500w, https:\/\/www.santjosep.net\/wp-content\/uploads\/2021\/01\/ok__0000_shutterstock_1822684487-300x225.jpg 300w, https:\/\/www.santjosep.net\/wp-content\/uploads\/2021\/01\/ok__0000_shutterstock_1822684487-1024x768.jpg 1024w, https:\/\/www.santjosep.net\/wp-content\/uploads\/2021\/01\/ok__0000_shutterstock_1822684487-768x576.jpg 768w, https:\/\/www.santjosep.net\/wp-content\/uploads\/2021\/01\/ok__0000_shutterstock_1822684487-800x600.jpg 800w\" sizes=\"auto, (max-width: 1500px) 100vw, 1500px\" \/>\t\t\t\t\t\t\t\t<\/a>\n\t\t\t<\/div>\n        <div class=\"edgtf-bli-content\">\n                            <div class=\"edgtf-bli-date\">\n\t                <div itemprop=\"dateCreated\" class=\"edgtf-post-info-date entry-date published updated\">\n            <a itemprop=\"url\" href=\"https:\/\/www.santjosep.net\/nl\/2021\/01\/\">\n    \n        18 januari 2021        <\/a>\n    <meta itemprop=\"interactionCount\" content=\"UserComments: 0\"\/>\n<\/div>                <\/div>\n            \t\n\t        \n<h4 itemprop=\"name\" class=\"entry-title edgtf-post-title\" >\n            <a itemprop=\"url\" href=\"https:\/\/www.santjosep.net\/nl\/koers-zetten-naar-sant-josep-de-kust-die-bekoort\/\" title=\"Koers zetten naar Sant Josep, de kust die bekoort\">\n            Koers zetten naar Sant Josep, de kust die bekoort            <\/a>\n    <\/h4>\n\t        <div class=\"edgtf-bli-info\">\n\t\t        <div class=\"edgtf-post-info-category\">\n    <a href=\"https:\/\/www.santjosep.net\/nl\/category\/erfgoed-nl\/\" rel=\"category tag\">Erfgoed<\/a>, <a href=\"https:\/\/www.santjosep.net\/nl\/category\/stranden-nl\/\" rel=\"category tag\">Stranden<\/a><\/div>\t        <\/div>\n\n\t        <div class=\"edgtf-bli-excerpt\">\n\t\t        \t\t<div class=\"edgtf-post-excerpt-holder\">\n\t\t\t<p itemprop=\"description\" class=\"edgtf-post-excerpt\">\n\t\t\t\tSant Josep is zonder twijfel een bevoorrecht gebied op het eiland Ibiza dat een kustlijn vol attracties heeft.\t\t\t<\/p>\n\t\t<\/div>\n\t\t\t        \t<div class=\"edgtf-post-read-more-button\">\n\t\t<a itemprop=\"url\" href=\"https:\/\/www.santjosep.net\/nl\/koers-zetten-naar-sant-josep-de-kust-die-bekoort\/\" target=\"_self\"  class=\"edgtf-btn edgtf-btn-medium edgtf-btn-simple edgtf-btn-switch-line edgtf-blog-list-button\"  >\t\t\t<span class=\"edgtf-btn-icon-element\"><\/span>\t\t<span class=\"edgtf-btn-text\">Lees meer\r<span class=\"edgtf-btn-text-line\" ><\/span><span class=\"edgtf-btn-switch-line\" ><\/span><\/span>\t<\/a>\t<\/div>\n\t        <\/div>\n        <\/div>\n\t<\/div>\n<\/li><li class=\"edgtf-bl-item clearfix\">\n\t<div class=\"edgtf-bli-inner\">\n\t\t\n\t<div class=\"edgtf-post-image\">\n\t\t\t\t\t<a itemprop=\"url\" href=\"https:\/\/www.santjosep.net\/nl\/sant-josep-de-beste-filmset\/\" title=\"Sant Josep, de beste filmset\">\n\t\t\t\t\t\t\t\t\t<img loading=\"lazy\" decoding=\"async\" width=\"890\" height=\"667\" src=\"https:\/\/www.santjosep.net\/wp-content\/uploads\/2020\/11\/filmcomission_cover.jpg\" class=\"attachment-full size-full wp-post-image\" alt=\"\" srcset=\"https:\/\/www.santjosep.net\/wp-content\/uploads\/2020\/11\/filmcomission_cover.jpg 890w, https:\/\/www.santjosep.net\/wp-content\/uploads\/2020\/11\/filmcomission_cover-300x225.jpg 300w, https:\/\/www.santjosep.net\/wp-content\/uploads\/2020\/11\/filmcomission_cover-768x576.jpg 768w, https:\/\/www.santjosep.net\/wp-content\/uploads\/2020\/11\/filmcomission_cover-800x600.jpg 800w\" sizes=\"auto, (max-width: 890px) 100vw, 890px\" \/>\t\t\t\t\t\t\t\t<\/a>\n\t\t\t<\/div>\n        <div class=\"edgtf-bli-content\">\n                            <div class=\"edgtf-bli-date\">\n\t                <div itemprop=\"dateCreated\" class=\"edgtf-post-info-date entry-date published updated\">\n            <a itemprop=\"url\" href=\"https:\/\/www.santjosep.net\/nl\/2020\/11\/\">\n    \n        26 november 2020        <\/a>\n    <meta itemprop=\"interactionCount\" content=\"UserComments: 0\"\/>\n<\/div>                <\/div>\n            \t\n\t        \n<h4 itemprop=\"name\" class=\"entry-title edgtf-post-title\" >\n            <a itemprop=\"url\" href=\"https:\/\/www.santjosep.net\/nl\/sant-josep-de-beste-filmset\/\" title=\"Sant Josep, de beste filmset\">\n            Sant Josep, de beste filmset            <\/a>\n    <\/h4>\n\t        <div class=\"edgtf-bli-info\">\n\t\t        <div class=\"edgtf-post-info-category\">\n    <a href=\"https:\/\/www.santjosep.net\/nl\/category\/cultuur\/\" rel=\"category tag\">Cultuur<\/a><\/div>\t        <\/div>\n\n\t        <div class=\"edgtf-bli-excerpt\">\n\t\t        \t\t<div class=\"edgtf-post-excerpt-holder\">\n\t\t\t<p itemprop=\"description\" class=\"edgtf-post-excerpt\">\n\t\t\t\tOm de audiovisuele sector te voorzien van een hulpmiddel dat aan zijn behoeften voldoet, beschikt de gemeente Sant Josep over het Sant Josep Film Office.\t\t\t<\/p>\n\t\t<\/div>\n\t\t\t        \t<div class=\"edgtf-post-read-more-button\">\n\t\t<a itemprop=\"url\" href=\"https:\/\/www.santjosep.net\/nl\/sant-josep-de-beste-filmset\/\" target=\"_self\"  class=\"edgtf-btn edgtf-btn-medium edgtf-btn-simple edgtf-btn-switch-line edgtf-blog-list-button\"  >\t\t\t<span class=\"edgtf-btn-icon-element\"><\/span>\t\t<span class=\"edgtf-btn-text\">Lees meer\r<span class=\"edgtf-btn-text-line\" ><\/span><span class=\"edgtf-btn-switch-line\" ><\/span><\/span>\t<\/a>\t<\/div>\n\t        <\/div>\n        <\/div>\n\t<\/div>\n<\/li><li class=\"edgtf-bl-item clearfix\">\n\t<div class=\"edgtf-bli-inner\">\n\t\t\n\t<div class=\"edgtf-post-image\">\n\t\t\t\t\t<a itemprop=\"url\" href=\"https:\/\/www.santjosep.net\/nl\/video-cala-carbo\/\" title=\"Video Cala Carb\u00f3\">\n\t\t\t\t\t\t\t\t\t<img loading=\"lazy\" decoding=\"async\" width=\"890\" height=\"667\" src=\"https:\/\/www.santjosep.net\/wp-content\/uploads\/2020\/11\/cover_calacarbo.jpg\" class=\"attachment-full size-full wp-post-image\" alt=\"\" srcset=\"https:\/\/www.santjosep.net\/wp-content\/uploads\/2020\/11\/cover_calacarbo.jpg 890w, https:\/\/www.santjosep.net\/wp-content\/uploads\/2020\/11\/cover_calacarbo-300x225.jpg 300w, https:\/\/www.santjosep.net\/wp-content\/uploads\/2020\/11\/cover_calacarbo-768x576.jpg 768w, https:\/\/www.santjosep.net\/wp-content\/uploads\/2020\/11\/cover_calacarbo-800x600.jpg 800w\" sizes=\"auto, (max-width: 890px) 100vw, 890px\" \/>\t\t\t\t\t\t\t\t<\/a>\n\t\t\t<\/div>\n        <div class=\"edgtf-bli-content\">\n                            <div class=\"edgtf-bli-date\">\n\t                <div itemprop=\"dateCreated\" class=\"edgtf-post-info-date entry-date published updated\">\n            <a itemprop=\"url\" href=\"https:\/\/www.santjosep.net\/nl\/2020\/11\/\">\n    \n        15 november 2020        <\/a>\n    <meta itemprop=\"interactionCount\" content=\"UserComments: 0\"\/>\n<\/div>                <\/div>\n            \t\n\t        \n<h4 itemprop=\"name\" class=\"entry-title edgtf-post-title\" >\n            <a itemprop=\"url\" href=\"https:\/\/www.santjosep.net\/nl\/video-cala-carbo\/\" title=\"Video Cala Carb\u00f3\">\n            Video Cala Carb\u00f3            <\/a>\n    <\/h4>\n\t        <div class=\"edgtf-bli-info\">\n\t\t        <div class=\"edgtf-post-info-category\">\n    <a href=\"https:\/\/www.santjosep.net\/nl\/category\/stranden-nl\/\" rel=\"category tag\">Stranden<\/a><\/div>\t        <\/div>\n\n\t        <div class=\"edgtf-bli-excerpt\">\n\t\t        \t\t<div class=\"edgtf-post-excerpt-holder\">\n\t\t\t<p itemprop=\"description\" class=\"edgtf-post-excerpt\">\n\t\t\t\tCala Carb\u00f3 is een kleine en rustige baai gelegen in het Natuurreservaat van Cala d'Hort, in de gemeente Sant Josep. \r\nDe baai is met name geschikt voor gezinnen of mensen die houden van een rustige omgeving met de mogelijkheid om\t\t\t<\/p>\n\t\t<\/div>\n\t\t\t        \t<div class=\"edgtf-post-read-more-button\">\n\t\t<a itemprop=\"url\" href=\"https:\/\/www.santjosep.net\/nl\/video-cala-carbo\/\" target=\"_self\"  class=\"edgtf-btn edgtf-btn-medium edgtf-btn-simple edgtf-btn-switch-line edgtf-blog-list-button\"  >\t\t\t<span class=\"edgtf-btn-icon-element\"><\/span>\t\t<span class=\"edgtf-btn-text\">Lees meer\r<span class=\"edgtf-btn-text-line\" ><\/span><span class=\"edgtf-btn-switch-line\" ><\/span><\/span>\t<\/a>\t<\/div>\n\t        <\/div>\n        <\/div>\n\t<\/div>\n<\/li><li class=\"edgtf-bl-item clearfix\">\n\t<div class=\"edgtf-bli-inner\">\n\t\t\n\t<div class=\"edgtf-post-image\">\n\t\t\t\t\t<a itemprop=\"url\" href=\"https:\/\/www.santjosep.net\/nl\/6-ideeen-om-te-genieten-in-cala-vedella\/\" title=\"6 idee\u00ebn om te genieten in Cala Vedella\">\n\t\t\t\t\t\t\t\t\t<img loading=\"lazy\" decoding=\"async\" width=\"890\" height=\"667\" src=\"https:\/\/www.santjosep.net\/wp-content\/uploads\/2020\/10\/calavadella_cover.jpg\" class=\"attachment-full size-full wp-post-image\" alt=\"\" srcset=\"https:\/\/www.santjosep.net\/wp-content\/uploads\/2020\/10\/calavadella_cover.jpg 890w, https:\/\/www.santjosep.net\/wp-content\/uploads\/2020\/10\/calavadella_cover-300x225.jpg 300w, https:\/\/www.santjosep.net\/wp-content\/uploads\/2020\/10\/calavadella_cover-768x576.jpg 768w, https:\/\/www.santjosep.net\/wp-content\/uploads\/2020\/10\/calavadella_cover-800x600.jpg 800w\" sizes=\"auto, (max-width: 890px) 100vw, 890px\" \/>\t\t\t\t\t\t\t\t<\/a>\n\t\t\t<\/div>\n        <div class=\"edgtf-bli-content\">\n                            <div class=\"edgtf-bli-date\">\n\t                <div itemprop=\"dateCreated\" class=\"edgtf-post-info-date entry-date published updated\">\n            <a itemprop=\"url\" href=\"https:\/\/www.santjosep.net\/nl\/2020\/10\/\">\n    \n        1 oktober 2020        <\/a>\n    <meta itemprop=\"interactionCount\" content=\"UserComments: 0\"\/>\n<\/div>                <\/div>\n            \t\n\t        \n<h4 itemprop=\"name\" class=\"entry-title edgtf-post-title\" >\n            <a itemprop=\"url\" href=\"https:\/\/www.santjosep.net\/nl\/6-ideeen-om-te-genieten-in-cala-vedella\/\" title=\"6 idee\u00ebn om te genieten in Cala Vedella\">\n            6 idee\u00ebn om te genieten in Cala Vedella            <\/a>\n    <\/h4>\n\t        <div class=\"edgtf-bli-info\">\n\t\t        <div class=\"edgtf-post-info-category\">\n    <a href=\"https:\/\/www.santjosep.net\/nl\/category\/gastronomie-nl\/\" rel=\"category tag\">Gastronomie<\/a>, <a href=\"https:\/\/www.santjosep.net\/nl\/category\/sport-nl\/\" rel=\"category tag\">Sport<\/a>, <a href=\"https:\/\/www.santjosep.net\/nl\/category\/stranden-nl\/\" rel=\"category tag\">Stranden<\/a>, <a href=\"https:\/\/www.santjosep.net\/nl\/category\/sunsets-nl\/\" rel=\"category tag\">Sunsets<\/a><\/div>\t        <\/div>\n\n\t        <div class=\"edgtf-bli-excerpt\">\n\t\t        \t\t<div class=\"edgtf-post-excerpt-holder\">\n\t\t\t<p itemprop=\"description\" class=\"edgtf-post-excerpt\">\n\t\t\t\tCala Vedella is altijd al een klassieker geweest in het zomerseizoen voor Ibizanen van het hele eiland. Vandaag de dag is Cala Vedella nog even beroemd, zelfs op internationaal niveau, vooral bij gezinnen die weten te waarderen wat dit kleine\t\t\t<\/p>\n\t\t<\/div>\n\t\t\t        \t<div class=\"edgtf-post-read-more-button\">\n\t\t<a itemprop=\"url\" href=\"https:\/\/www.santjosep.net\/nl\/6-ideeen-om-te-genieten-in-cala-vedella\/\" target=\"_self\"  class=\"edgtf-btn edgtf-btn-medium edgtf-btn-simple edgtf-btn-switch-line edgtf-blog-list-button\"  >\t\t\t<span class=\"edgtf-btn-icon-element\"><\/span>\t\t<span class=\"edgtf-btn-text\">Lees meer\r<span class=\"edgtf-btn-text-line\" ><\/span><span class=\"edgtf-btn-switch-line\" ><\/span><\/span>\t<\/a>\t<\/div>\n\t        <\/div>\n        <\/div>\n\t<\/div>\n<\/li><li class=\"edgtf-bl-item clearfix\">\n\t<div class=\"edgtf-bli-inner\">\n\t\t\n\t<div class=\"edgtf-post-image\">\n\t\t\t\t\t<a itemprop=\"url\" href=\"https:\/\/www.santjosep.net\/nl\/traditionelles-ibizenkisches-kunsthandwerk\/\" title=\"Traditionelles ibizenkisches Kunsthandwerk\">\n\t\t\t\t\t\t\t\t\t<img loading=\"lazy\" decoding=\"async\" width=\"2000\" height=\"1500\" src=\"https:\/\/www.santjosep.net\/wp-content\/uploads\/2020\/08\/artesanos-santjosep.jpg\" class=\"attachment-full size-full wp-post-image\" alt=\"\" srcset=\"https:\/\/www.santjosep.net\/wp-content\/uploads\/2020\/08\/artesanos-santjosep.jpg 2000w, https:\/\/www.santjosep.net\/wp-content\/uploads\/2020\/08\/artesanos-santjosep-300x225.jpg 300w, https:\/\/www.santjosep.net\/wp-content\/uploads\/2020\/08\/artesanos-santjosep-1024x768.jpg 1024w, https:\/\/www.santjosep.net\/wp-content\/uploads\/2020\/08\/artesanos-santjosep-768x576.jpg 768w, https:\/\/www.santjosep.net\/wp-content\/uploads\/2020\/08\/artesanos-santjosep-1536x1152.jpg 1536w, https:\/\/www.santjosep.net\/wp-content\/uploads\/2020\/08\/artesanos-santjosep-800x600.jpg 800w\" sizes=\"auto, (max-width: 2000px) 100vw, 2000px\" \/>\t\t\t\t\t\t\t\t<\/a>\n\t\t\t<\/div>\n        <div class=\"edgtf-bli-content\">\n                            <div class=\"edgtf-bli-date\">\n\t                <div itemprop=\"dateCreated\" class=\"edgtf-post-info-date entry-date published updated\">\n            <a itemprop=\"url\" href=\"https:\/\/www.santjosep.net\/nl\/2020\/08\/\">\n    \n        4 augustus 2020        <\/a>\n    <meta itemprop=\"interactionCount\" content=\"UserComments: 0\"\/>\n<\/div>                <\/div>\n            \t\n\t        \n<h4 itemprop=\"name\" class=\"entry-title edgtf-post-title\" >\n            <a itemprop=\"url\" href=\"https:\/\/www.santjosep.net\/nl\/traditionelles-ibizenkisches-kunsthandwerk\/\" title=\"Traditionelles ibizenkisches Kunsthandwerk\">\n            Traditionelles ibizenkisches Kunsthandwerk            <\/a>\n    <\/h4>\n\t        <div class=\"edgtf-bli-info\">\n\t\t        <div class=\"edgtf-post-info-category\">\n    <a href=\"https:\/\/www.santjosep.net\/nl\/category\/cultuur\/\" rel=\"category tag\">Cultuur<\/a>, <a href=\"https:\/\/www.santjosep.net\/nl\/category\/erfgoed-nl\/\" rel=\"category tag\">Erfgoed<\/a><\/div>\t        <\/div>\n\n\t        <div class=\"edgtf-bli-excerpt\">\n\t\t        \t\t<div class=\"edgtf-post-excerpt-holder\">\n\t\t\t<p itemprop=\"description\" class=\"edgtf-post-excerpt\">\n\t\t\t\tSant Josep de sa Talaia atesora un enorme legado artesanal, herencia de culturas ancestrales y de influencias de civilizaciones diversas.\t\t\t<\/p>\n\t\t<\/div>\n\t\t\t        \t<div class=\"edgtf-post-read-more-button\">\n\t\t<a itemprop=\"url\" href=\"https:\/\/www.santjosep.net\/nl\/traditionelles-ibizenkisches-kunsthandwerk\/\" target=\"_self\"  class=\"edgtf-btn edgtf-btn-medium edgtf-btn-simple edgtf-btn-switch-line edgtf-blog-list-button\"  >\t\t\t<span class=\"edgtf-btn-icon-element\"><\/span>\t\t<span class=\"edgtf-btn-text\">Lees meer\r<span class=\"edgtf-btn-text-line\" ><\/span><span class=\"edgtf-btn-switch-line\" ><\/span><\/span>\t<\/a>\t<\/div>\n\t        <\/div>\n        <\/div>\n\t<\/div>\n<\/li><li class=\"edgtf-bl-item clearfix\">\n\t<div class=\"edgtf-bli-inner\">\n\t\t\n\t<div class=\"edgtf-post-image\">\n\t\t\t\t\t<a itemprop=\"url\" href=\"https:\/\/www.santjosep.net\/nl\/ibiza-family-experience\/\" title=\"Ibiza Family Experience\">\n\t\t\t\t\t\t\t\t\t<img loading=\"lazy\" decoding=\"async\" width=\"2000\" height=\"1500\" src=\"https:\/\/www.santjosep.net\/wp-content\/uploads\/2020\/07\/ibizaexperience.jpg\" class=\"attachment-full size-full wp-post-image\" alt=\"\" srcset=\"https:\/\/www.santjosep.net\/wp-content\/uploads\/2020\/07\/ibizaexperience.jpg 2000w, https:\/\/www.santjosep.net\/wp-content\/uploads\/2020\/07\/ibizaexperience-300x225.jpg 300w, https:\/\/www.santjosep.net\/wp-content\/uploads\/2020\/07\/ibizaexperience-1024x768.jpg 1024w, https:\/\/www.santjosep.net\/wp-content\/uploads\/2020\/07\/ibizaexperience-768x576.jpg 768w, https:\/\/www.santjosep.net\/wp-content\/uploads\/2020\/07\/ibizaexperience-1536x1152.jpg 1536w, https:\/\/www.santjosep.net\/wp-content\/uploads\/2020\/07\/ibizaexperience-800x600.jpg 800w\" sizes=\"auto, (max-width: 2000px) 100vw, 2000px\" \/>\t\t\t\t\t\t\t\t<\/a>\n\t\t\t<\/div>\n        <div class=\"edgtf-bli-content\">\n                            <div class=\"edgtf-bli-date\">\n\t                <div itemprop=\"dateCreated\" class=\"edgtf-post-info-date entry-date published updated\">\n            <a itemprop=\"url\" href=\"https:\/\/www.santjosep.net\/nl\/2020\/07\/\">\n    \n        1 juli 2020        <\/a>\n    <meta itemprop=\"interactionCount\" content=\"UserComments: 0\"\/>\n<\/div>                <\/div>\n            \t\n\t        \n<h4 itemprop=\"name\" class=\"entry-title edgtf-post-title\" >\n            <a itemprop=\"url\" href=\"https:\/\/www.santjosep.net\/nl\/ibiza-family-experience\/\" title=\"Ibiza Family Experience\">\n            Ibiza Family Experience            <\/a>\n    <\/h4>\n\t        <div class=\"edgtf-bli-info\">\n\t\t        <div class=\"edgtf-post-info-category\">\n    <a href=\"https:\/\/www.santjosep.net\/nl\/category\/sport-nl\/\" rel=\"category tag\">Sport<\/a><\/div>\t        <\/div>\n\n\t        <div class=\"edgtf-bli-excerpt\">\n\t\t        \t\t<div class=\"edgtf-post-excerpt-holder\">\n\t\t\t<p itemprop=\"description\" class=\"edgtf-post-excerpt\">\n\t\t\t\tElk jaar komen er meer gezinnen met kinderen naar Ibiza om van het eiland te genieten en vaak komen ze weer terug.\t\t\t<\/p>\n\t\t<\/div>\n\t\t\t        \t<div class=\"edgtf-post-read-more-button\">\n\t\t<a itemprop=\"url\" href=\"https:\/\/www.santjosep.net\/nl\/ibiza-family-experience\/\" target=\"_self\"  class=\"edgtf-btn edgtf-btn-medium edgtf-btn-simple edgtf-btn-switch-line edgtf-blog-list-button\"  >\t\t\t<span class=\"edgtf-btn-icon-element\"><\/span>\t\t<span class=\"edgtf-btn-text\">Lees meer\r<span class=\"edgtf-btn-text-line\" ><\/span><span class=\"edgtf-btn-switch-line\" ><\/span><\/span>\t<\/a>\t<\/div>\n\t        <\/div>\n        <\/div>\n\t<\/div>\n<\/li><li class=\"edgtf-bl-item clearfix\">\n\t<div class=\"edgtf-bli-inner\">\n\t\t\n\t<div class=\"edgtf-post-image\">\n\t\t\t\t\t<a itemprop=\"url\" href=\"https:\/\/www.santjosep.net\/nl\/wandeling-van-port-des-torrent-naar-cala-bassa\/\" title=\"Wandeling van Port des Torrent naar Cala Bassa\">\n\t\t\t\t\t\t\t\t\t<img loading=\"lazy\" decoding=\"async\" width=\"2000\" height=\"1500\" src=\"https:\/\/www.santjosep.net\/wp-content\/uploads\/2020\/07\/paseocalabassa.jpg\" class=\"attachment-full size-full wp-post-image\" alt=\"\" srcset=\"https:\/\/www.santjosep.net\/wp-content\/uploads\/2020\/07\/paseocalabassa.jpg 2000w, https:\/\/www.santjosep.net\/wp-content\/uploads\/2020\/07\/paseocalabassa-300x225.jpg 300w, https:\/\/www.santjosep.net\/wp-content\/uploads\/2020\/07\/paseocalabassa-1024x768.jpg 1024w, https:\/\/www.santjosep.net\/wp-content\/uploads\/2020\/07\/paseocalabassa-768x576.jpg 768w, https:\/\/www.santjosep.net\/wp-content\/uploads\/2020\/07\/paseocalabassa-1536x1152.jpg 1536w, https:\/\/www.santjosep.net\/wp-content\/uploads\/2020\/07\/paseocalabassa-800x600.jpg 800w\" sizes=\"auto, (max-width: 2000px) 100vw, 2000px\" \/>\t\t\t\t\t\t\t\t<\/a>\n\t\t\t<\/div>\n        <div class=\"edgtf-bli-content\">\n                            <div class=\"edgtf-bli-date\">\n\t                <div itemprop=\"dateCreated\" class=\"edgtf-post-info-date entry-date published updated\">\n            <a itemprop=\"url\" href=\"https:\/\/www.santjosep.net\/nl\/2020\/06\/\">\n    \n        28 juni 2020        <\/a>\n    <meta itemprop=\"interactionCount\" content=\"UserComments: 0\"\/>\n<\/div>                <\/div>\n            \t\n\t        \n<h4 itemprop=\"name\" class=\"entry-title edgtf-post-title\" >\n            <a itemprop=\"url\" href=\"https:\/\/www.santjosep.net\/nl\/wandeling-van-port-des-torrent-naar-cala-bassa\/\" title=\"Wandeling van Port des Torrent naar Cala Bassa\">\n            Wandeling van Port des Torrent naar Cala Bassa            <\/a>\n    <\/h4>\n\t        <div class=\"edgtf-bli-info\">\n\t\t        <div class=\"edgtf-post-info-category\">\n    <a href=\"https:\/\/www.santjosep.net\/nl\/category\/sport-nl\/\" rel=\"category tag\">Sport<\/a>, <a href=\"https:\/\/www.santjosep.net\/nl\/category\/stranden-nl\/\" rel=\"category tag\">Stranden<\/a>, <a href=\"https:\/\/www.santjosep.net\/nl\/category\/wandelen-nl\/\" rel=\"category tag\">Wandelen<\/a><\/div>\t        <\/div>\n\n\t        <div class=\"edgtf-bli-excerpt\">\n\t\t        \t\t<div class=\"edgtf-post-excerpt-holder\">\n\t\t\t<p itemprop=\"description\" class=\"edgtf-post-excerpt\">\n\t\t\t\tDeze route voert ons langs de kustlijn die zich ten zuiden van de baai van Sant Antoni uitstrekt en begint en eindigt bij twee populaire en tegelijkertijd zeer verschillende stranden.\u00a0\t\t\t<\/p>\n\t\t<\/div>\n\t\t\t        \t<div class=\"edgtf-post-read-more-button\">\n\t\t<a itemprop=\"url\" href=\"https:\/\/www.santjosep.net\/nl\/wandeling-van-port-des-torrent-naar-cala-bassa\/\" target=\"_self\"  class=\"edgtf-btn edgtf-btn-medium edgtf-btn-simple edgtf-btn-switch-line edgtf-blog-list-button\"  >\t\t\t<span class=\"edgtf-btn-icon-element\"><\/span>\t\t<span class=\"edgtf-btn-text\">Lees meer\r<span class=\"edgtf-btn-text-line\" ><\/span><span class=\"edgtf-btn-switch-line\" ><\/span><\/span>\t<\/a>\t<\/div>\n\t        <\/div>\n        <\/div>\n\t<\/div>\n<\/li><li class=\"edgtf-bl-item clearfix\">\n\t<div class=\"edgtf-bli-inner\">\n\t\t\n\t<div class=\"edgtf-post-image\">\n\t\t\t\t\t<a itemprop=\"url\" href=\"https:\/\/www.santjosep.net\/nl\/kajaktour-von-cala-carbo-nach-cala-dhort-es-vedra-sa-pedrera\/\" title=\"Kajaktour von Cala Carb\u00f3 nach Cala d\u2019Hort \u2013 Es Vedr\u00e0 \u2013 Sa Pedrera\">\n\t\t\t\t\t\t\t\t\t<img loading=\"lazy\" decoding=\"async\" width=\"2000\" height=\"1500\" src=\"https:\/\/www.santjosep.net\/wp-content\/uploads\/2020\/06\/Rutacalacarbo.jpg\" class=\"attachment-full size-full wp-post-image\" alt=\"\" srcset=\"https:\/\/www.santjosep.net\/wp-content\/uploads\/2020\/06\/Rutacalacarbo.jpg 2000w, https:\/\/www.santjosep.net\/wp-content\/uploads\/2020\/06\/Rutacalacarbo-300x225.jpg 300w, https:\/\/www.santjosep.net\/wp-content\/uploads\/2020\/06\/Rutacalacarbo-1024x768.jpg 1024w, https:\/\/www.santjosep.net\/wp-content\/uploads\/2020\/06\/Rutacalacarbo-768x576.jpg 768w, https:\/\/www.santjosep.net\/wp-content\/uploads\/2020\/06\/Rutacalacarbo-1536x1152.jpg 1536w, https:\/\/www.santjosep.net\/wp-content\/uploads\/2020\/06\/Rutacalacarbo-800x600.jpg 800w\" sizes=\"auto, (max-width: 2000px) 100vw, 2000px\" \/>\t\t\t\t\t\t\t\t<\/a>\n\t\t\t<\/div>\n        <div class=\"edgtf-bli-content\">\n                            <div class=\"edgtf-bli-date\">\n\t                <div itemprop=\"dateCreated\" class=\"edgtf-post-info-date entry-date published updated\">\n            <a itemprop=\"url\" href=\"https:\/\/www.santjosep.net\/nl\/2020\/06\/\">\n    \n        15 juni 2020        <\/a>\n    <meta itemprop=\"interactionCount\" content=\"UserComments: 0\"\/>\n<\/div>                <\/div>\n            \t\n\t        \n<h4 itemprop=\"name\" class=\"entry-title edgtf-post-title\" >\n            <a itemprop=\"url\" href=\"https:\/\/www.santjosep.net\/nl\/kajaktour-von-cala-carbo-nach-cala-dhort-es-vedra-sa-pedrera\/\" title=\"Kajaktour von Cala Carb\u00f3 nach Cala d\u2019Hort \u2013 Es Vedr\u00e0 \u2013 Sa Pedrera\">\n            Kajaktour von Cala Carb\u00f3 nach Cala d\u2019Hort \u2013 Es Vedr\u00e0 \u2013 Sa Pedrera            <\/a>\n    <\/h4>\n\t        <div class=\"edgtf-bli-info\">\n\t\t        <div class=\"edgtf-post-info-category\">\n    <a href=\"https:\/\/www.santjosep.net\/nl\/category\/routes-nl\/\" rel=\"category tag\">Routes<\/a>, <a href=\"https:\/\/www.santjosep.net\/nl\/category\/sport-nl\/\" rel=\"category tag\">Sport<\/a><\/div>\t        <\/div>\n\n\t        <div class=\"edgtf-bli-excerpt\">\n\t\t        \t\t<div class=\"edgtf-post-excerpt-holder\">\n\t\t\t<p itemprop=\"description\" class=\"edgtf-post-excerpt\">\n\t\t\t\tDe toegang tot het strand is vlak en ongecompliceerd. Zodra we de beschutting van de baai verlaten, kunnen we het gevaarte Es Vedr\u00e0 bewonderen, waarvan de top al vanaf het begin van de tocht waarneembaar was. Na een paar peddelslagen\t\t\t<\/p>\n\t\t<\/div>\n\t\t\t        \t<div class=\"edgtf-post-read-more-button\">\n\t\t<a itemprop=\"url\" href=\"https:\/\/www.santjosep.net\/nl\/kajaktour-von-cala-carbo-nach-cala-dhort-es-vedra-sa-pedrera\/\" target=\"_self\"  class=\"edgtf-btn edgtf-btn-medium edgtf-btn-simple edgtf-btn-switch-line edgtf-blog-list-button\"  >\t\t\t<span class=\"edgtf-btn-icon-element\"><\/span>\t\t<span class=\"edgtf-btn-text\">Lees meer\r<span class=\"edgtf-btn-text-line\" ><\/span><span class=\"edgtf-btn-switch-line\" ><\/span><\/span>\t<\/a>\t<\/div>\n\t        <\/div>\n        <\/div>\n\t<\/div>\n<\/li><li class=\"edgtf-bl-item clearfix\">\n\t<div class=\"edgtf-bli-inner\">\n\t\t\n\t<div class=\"edgtf-post-image\">\n\t\t\t\t\t<a itemprop=\"url\" href=\"https:\/\/www.santjosep.net\/nl\/lovesantjosep-voert-ons-naar-de-meest-magische-plekjes-van-sant-josep\/\" title=\"#LoveSantJosep voert ons naar de meest magische plekjes van Sant Josep\">\n\t\t\t\t\t\t\t\t\t<img loading=\"lazy\" decoding=\"async\" width=\"890\" height=\"667\" src=\"https:\/\/www.santjosep.net\/wp-content\/uploads\/2020\/05\/lovesantjosep_cover.png\" class=\"attachment-full size-full wp-post-image\" alt=\"\" srcset=\"https:\/\/www.santjosep.net\/wp-content\/uploads\/2020\/05\/lovesantjosep_cover.png 890w, https:\/\/www.santjosep.net\/wp-content\/uploads\/2020\/05\/lovesantjosep_cover-300x225.png 300w, https:\/\/www.santjosep.net\/wp-content\/uploads\/2020\/05\/lovesantjosep_cover-768x576.png 768w, https:\/\/www.santjosep.net\/wp-content\/uploads\/2020\/05\/lovesantjosep_cover-800x600.png 800w\" sizes=\"auto, (max-width: 890px) 100vw, 890px\" \/>\t\t\t\t\t\t\t\t<\/a>\n\t\t\t<\/div>\n        <div class=\"edgtf-bli-content\">\n                            <div class=\"edgtf-bli-date\">\n\t                <div itemprop=\"dateCreated\" class=\"edgtf-post-info-date entry-date published updated\">\n            <a itemprop=\"url\" href=\"https:\/\/www.santjosep.net\/nl\/2020\/05\/\">\n    \n        6 mei 2020        <\/a>\n    <meta itemprop=\"interactionCount\" content=\"UserComments: 0\"\/>\n<\/div>                <\/div>\n            \t\n\t        \n<h4 itemprop=\"name\" class=\"entry-title edgtf-post-title\" >\n            <a itemprop=\"url\" href=\"https:\/\/www.santjosep.net\/nl\/lovesantjosep-voert-ons-naar-de-meest-magische-plekjes-van-sant-josep\/\" title=\"#LoveSantJosep voert ons naar de meest magische plekjes van Sant Josep\">\n            #LoveSantJosep voert ons naar de meest magische plekjes van Sant Josep            <\/a>\n    <\/h4>\n\t        <div class=\"edgtf-bli-info\">\n\t\t        <div class=\"edgtf-post-info-category\">\n    <a href=\"https:\/\/www.santjosep.net\/nl\/category\/fauna-nl\/\" rel=\"category tag\">Fauna<\/a>, <a href=\"https:\/\/www.santjosep.net\/nl\/category\/sport-nl\/\" rel=\"category tag\">Sport<\/a>, <a href=\"https:\/\/www.santjosep.net\/nl\/category\/stranden-nl\/\" rel=\"category tag\">Stranden<\/a>, <a href=\"https:\/\/www.santjosep.net\/nl\/category\/sunsets-nl\/\" rel=\"category tag\">Sunsets<\/a>, <a href=\"https:\/\/www.santjosep.net\/nl\/category\/volkeren-nl\/\" rel=\"category tag\">Volkeren<\/a>, <a href=\"https:\/\/www.santjosep.net\/nl\/category\/wandelen-nl\/\" rel=\"category tag\">Wandelen<\/a><\/div>\t        <\/div>\n\n\t        <div class=\"edgtf-bli-excerpt\">\n\t\t        \t\t<div class=\"edgtf-post-excerpt-holder\">\n\t\t\t<p itemprop=\"description\" class=\"edgtf-post-excerpt\">\n\t\t\t\tInstagram, het sociale netwerk dat ons magische plaatsen en droomplekjes onthult. Een aantal maanden geleden zijn we begonnen met het initiatief #LoveSantJosep op Instagram, een hashtag van Instagram waarmee u foto's van de mooiste plekjes van onze gemeente gemaakt door\t\t\t<\/p>\n\t\t<\/div>\n\t\t\t        \t<div class=\"edgtf-post-read-more-button\">\n\t\t<a itemprop=\"url\" href=\"https:\/\/www.santjosep.net\/nl\/lovesantjosep-voert-ons-naar-de-meest-magische-plekjes-van-sant-josep\/\" target=\"_self\"  class=\"edgtf-btn edgtf-btn-medium edgtf-btn-simple edgtf-btn-switch-line edgtf-blog-list-button\"  >\t\t\t<span class=\"edgtf-btn-icon-element\"><\/span>\t\t<span class=\"edgtf-btn-text\">Lees meer\r<span class=\"edgtf-btn-text-line\" ><\/span><span class=\"edgtf-btn-switch-line\" ><\/span><\/span>\t<\/a>\t<\/div>\n\t        <\/div>\n        <\/div>\n\t<\/div>\n<\/li><li class=\"edgtf-bl-item clearfix\">\n\t<div class=\"edgtf-bli-inner\">\n\t\t\n\t<div class=\"edgtf-post-image\">\n\t\t\t\t\t<a itemprop=\"url\" href=\"https:\/\/www.santjosep.net\/nl\/ball-pages-een-eeuwenoud-ritueel-in-topvorm\/\" title=\"Ball pag\u00e8s, een eeuwenoud ritueel in topvorm\">\n\t\t\t\t\t\t\t\t\t<img loading=\"lazy\" decoding=\"async\" width=\"2000\" height=\"1500\" src=\"https:\/\/www.santjosep.net\/wp-content\/uploads\/2020\/01\/Ballpages-1.jpg\" class=\"attachment-full size-full wp-post-image\" alt=\"\" srcset=\"https:\/\/www.santjosep.net\/wp-content\/uploads\/2020\/01\/Ballpages-1.jpg 2000w, https:\/\/www.santjosep.net\/wp-content\/uploads\/2020\/01\/Ballpages-1-300x225.jpg 300w, https:\/\/www.santjosep.net\/wp-content\/uploads\/2020\/01\/Ballpages-1-1024x768.jpg 1024w, https:\/\/www.santjosep.net\/wp-content\/uploads\/2020\/01\/Ballpages-1-768x576.jpg 768w, https:\/\/www.santjosep.net\/wp-content\/uploads\/2020\/01\/Ballpages-1-1536x1152.jpg 1536w, https:\/\/www.santjosep.net\/wp-content\/uploads\/2020\/01\/Ballpages-1-800x600.jpg 800w\" sizes=\"auto, (max-width: 2000px) 100vw, 2000px\" \/>\t\t\t\t\t\t\t\t<\/a>\n\t\t\t<\/div>\n        <div class=\"edgtf-bli-content\">\n                            <div class=\"edgtf-bli-date\">\n\t                <div itemprop=\"dateCreated\" class=\"edgtf-post-info-date entry-date published updated\">\n            <a itemprop=\"url\" href=\"https:\/\/www.santjosep.net\/nl\/2020\/01\/\">\n    \n        22 januari 2020        <\/a>\n    <meta itemprop=\"interactionCount\" content=\"UserComments: 0\"\/>\n<\/div>                <\/div>\n            \t\n\t        \n<h4 itemprop=\"name\" class=\"entry-title edgtf-post-title\" >\n            <a itemprop=\"url\" href=\"https:\/\/www.santjosep.net\/nl\/ball-pages-een-eeuwenoud-ritueel-in-topvorm\/\" title=\"Ball pag\u00e8s, een eeuwenoud ritueel in topvorm\">\n            Ball pag\u00e8s, een eeuwenoud ritueel in topvorm            <\/a>\n    <\/h4>\n\t        <div class=\"edgtf-bli-info\">\n\t\t        <div class=\"edgtf-post-info-category\">\n    <a href=\"https:\/\/www.santjosep.net\/nl\/category\/tradities-nl\/\" rel=\"category tag\">Tradities<\/a><\/div>\t        <\/div>\n\n\t        <div class=\"edgtf-bli-excerpt\">\n\t\t        \t\t<div class=\"edgtf-post-excerpt-holder\">\n\t\t\t<p itemprop=\"description\" class=\"edgtf-post-excerpt\">\n\t\t\t\tDe ball pag\u00e8s is de typische dans van de Pityusen en een van de belangrijkste culturele erfgoederen van de eilanden. De kleuren, het ritme en de choreografie lijken ons naar verre tijden en plaatsen te voeren, hoewel de oorsprong ervan\t\t\t<\/p>\n\t\t<\/div>\n\t\t\t        \t<div class=\"edgtf-post-read-more-button\">\n\t\t<a itemprop=\"url\" href=\"https:\/\/www.santjosep.net\/nl\/ball-pages-een-eeuwenoud-ritueel-in-topvorm\/\" target=\"_self\"  class=\"edgtf-btn edgtf-btn-medium edgtf-btn-simple edgtf-btn-switch-line edgtf-blog-list-button\"  >\t\t\t<span class=\"edgtf-btn-icon-element\"><\/span>\t\t<span class=\"edgtf-btn-text\">Lees meer\r<span class=\"edgtf-btn-text-line\" ><\/span><span class=\"edgtf-btn-switch-line\" ><\/span><\/span>\t<\/a>\t<\/div>\n\t        <\/div>\n        <\/div>\n\t<\/div>\n<\/li><li class=\"edgtf-bl-item clearfix\">\n\t<div class=\"edgtf-bli-inner\">\n\t\t\n\t<div class=\"edgtf-post-image\">\n\t\t\t\t\t<a itemprop=\"url\" href=\"https:\/\/www.santjosep.net\/nl\/de-flamingo-een-levend-icoon-van-het-natuurpark-ses-salines\/\" title=\"De flamingo, een levend icoon van het Natuurpark Ses Salines\">\n\t\t\t\t\t\t\t\t\t<img loading=\"lazy\" decoding=\"async\" width=\"2000\" height=\"1500\" src=\"https:\/\/www.santjosep.net\/wp-content\/uploads\/2020\/01\/flamencoiconosesalines-1.jpg\" class=\"attachment-full size-full wp-post-image\" alt=\"\" srcset=\"https:\/\/www.santjosep.net\/wp-content\/uploads\/2020\/01\/flamencoiconosesalines-1.jpg 2000w, https:\/\/www.santjosep.net\/wp-content\/uploads\/2020\/01\/flamencoiconosesalines-1-300x225.jpg 300w, https:\/\/www.santjosep.net\/wp-content\/uploads\/2020\/01\/flamencoiconosesalines-1-1024x768.jpg 1024w, https:\/\/www.santjosep.net\/wp-content\/uploads\/2020\/01\/flamencoiconosesalines-1-768x576.jpg 768w, https:\/\/www.santjosep.net\/wp-content\/uploads\/2020\/01\/flamencoiconosesalines-1-1536x1152.jpg 1536w, https:\/\/www.santjosep.net\/wp-content\/uploads\/2020\/01\/flamencoiconosesalines-1-800x600.jpg 800w\" sizes=\"auto, (max-width: 2000px) 100vw, 2000px\" \/>\t\t\t\t\t\t\t\t<\/a>\n\t\t\t<\/div>\n        <div class=\"edgtf-bli-content\">\n                            <div class=\"edgtf-bli-date\">\n\t                <div itemprop=\"dateCreated\" class=\"edgtf-post-info-date entry-date published updated\">\n            <a itemprop=\"url\" href=\"https:\/\/www.santjosep.net\/nl\/2020\/01\/\">\n    \n        10 januari 2020        <\/a>\n    <meta itemprop=\"interactionCount\" content=\"UserComments: 0\"\/>\n<\/div>                <\/div>\n            \t\n\t        \n<h4 itemprop=\"name\" class=\"entry-title edgtf-post-title\" >\n            <a itemprop=\"url\" href=\"https:\/\/www.santjosep.net\/nl\/de-flamingo-een-levend-icoon-van-het-natuurpark-ses-salines\/\" title=\"De flamingo, een levend icoon van het Natuurpark Ses Salines\">\n            De flamingo, een levend icoon van het Natuurpark Ses Salines            <\/a>\n    <\/h4>\n\t        <div class=\"edgtf-bli-info\">\n\t\t        <div class=\"edgtf-post-info-category\">\n    <a href=\"https:\/\/www.santjosep.net\/nl\/category\/fauna-nl\/\" rel=\"category tag\">Fauna<\/a>, <a href=\"https:\/\/www.santjosep.net\/nl\/category\/gebieden-nl\/\" rel=\"category tag\">Gebieden<\/a><\/div>\t        <\/div>\n\n\t        <div class=\"edgtf-bli-excerpt\">\n\t\t        \t\t<div class=\"edgtf-post-excerpt-holder\">\n\t\t\t<p itemprop=\"description\" class=\"edgtf-post-excerpt\">\n\t\t\t\tDe zoutpannen van Ibiza vormen een van de meest charismatische natuurlandschappen van het eiland en het belangrijkste moerasgebied van de Pityusen. Het is een integraal onderdeel van het natuurpark Ses Salines d\u2019Eivissa i Formentera, dat ook het maritieme gebied omvat\t\t\t<\/p>\n\t\t<\/div>\n\t\t\t        \t<div class=\"edgtf-post-read-more-button\">\n\t\t<a itemprop=\"url\" href=\"https:\/\/www.santjosep.net\/nl\/de-flamingo-een-levend-icoon-van-het-natuurpark-ses-salines\/\" target=\"_self\"  class=\"edgtf-btn edgtf-btn-medium edgtf-btn-simple edgtf-btn-switch-line edgtf-blog-list-button\"  >\t\t\t<span class=\"edgtf-btn-icon-element\"><\/span>\t\t<span class=\"edgtf-btn-text\">Lees meer\r<span class=\"edgtf-btn-text-line\" ><\/span><span class=\"edgtf-btn-switch-line\" ><\/span><\/span>\t<\/a>\t<\/div>\n\t        <\/div>\n        <\/div>\n\t<\/div>\n<\/li><li class=\"edgtf-bl-item clearfix\">\n\t<div class=\"edgtf-bli-inner\">\n\t\t\n\t<div class=\"edgtf-post-image\">\n\t\t\t\t\t<a itemprop=\"url\" href=\"https:\/\/www.santjosep.net\/nl\/sant-josep-een-zee-van-recreatiemogelijkheden\/\" title=\"Sant Josep, een zee van recreatiemogelijkheden\">\n\t\t\t\t\t\t\t\t\t<img loading=\"lazy\" decoding=\"async\" width=\"2000\" height=\"1500\" src=\"https:\/\/www.santjosep.net\/wp-content\/uploads\/2020\/01\/santjoseptodounmarposibilidades.jpg\" class=\"attachment-full size-full wp-post-image\" alt=\"\" srcset=\"https:\/\/www.santjosep.net\/wp-content\/uploads\/2020\/01\/santjoseptodounmarposibilidades.jpg 2000w, https:\/\/www.santjosep.net\/wp-content\/uploads\/2020\/01\/santjoseptodounmarposibilidades-300x225.jpg 300w, https:\/\/www.santjosep.net\/wp-content\/uploads\/2020\/01\/santjoseptodounmarposibilidades-1024x768.jpg 1024w, https:\/\/www.santjosep.net\/wp-content\/uploads\/2020\/01\/santjoseptodounmarposibilidades-768x576.jpg 768w, https:\/\/www.santjosep.net\/wp-content\/uploads\/2020\/01\/santjoseptodounmarposibilidades-1536x1152.jpg 1536w, https:\/\/www.santjosep.net\/wp-content\/uploads\/2020\/01\/santjoseptodounmarposibilidades-800x600.jpg 800w\" sizes=\"auto, (max-width: 2000px) 100vw, 2000px\" \/>\t\t\t\t\t\t\t\t<\/a>\n\t\t\t<\/div>\n        <div class=\"edgtf-bli-content\">\n                            <div class=\"edgtf-bli-date\">\n\t                <div itemprop=\"dateCreated\" class=\"edgtf-post-info-date entry-date published updated\">\n            <a itemprop=\"url\" href=\"https:\/\/www.santjosep.net\/nl\/2020\/01\/\">\n    \n        2 januari 2020        <\/a>\n    <meta itemprop=\"interactionCount\" content=\"UserComments: 0\"\/>\n<\/div>                <\/div>\n            \t\n\t        \n<h4 itemprop=\"name\" class=\"entry-title edgtf-post-title\" >\n            <a itemprop=\"url\" href=\"https:\/\/www.santjosep.net\/nl\/sant-josep-een-zee-van-recreatiemogelijkheden\/\" title=\"Sant Josep, een zee van recreatiemogelijkheden\">\n            Sant Josep, een zee van recreatiemogelijkheden            <\/a>\n    <\/h4>\n\t        <div class=\"edgtf-bli-info\">\n\t\t        <div class=\"edgtf-post-info-category\">\n    <a href=\"https:\/\/www.santjosep.net\/nl\/category\/sport-nl\/\" rel=\"category tag\">Sport<\/a><\/div>\t        <\/div>\n\n\t        <div class=\"edgtf-bli-excerpt\">\n\t\t        \t\t<div class=\"edgtf-post-excerpt-holder\">\n\t\t\t<p itemprop=\"description\" class=\"edgtf-post-excerpt\">\n\t\t\t\tDe gemeente Sant Josep de sa Talaia heeft een uitgestrekte kust die bijna 84 kilometer beslaat, met talloze baaien en plekjes met kristalhelder water en een zeebodem vol flora en fauna. Iconische profielen zoals die van de eilandjes Es Vedr\u00e0\t\t\t<\/p>\n\t\t<\/div>\n\t\t\t        \t<div class=\"edgtf-post-read-more-button\">\n\t\t<a itemprop=\"url\" href=\"https:\/\/www.santjosep.net\/nl\/sant-josep-een-zee-van-recreatiemogelijkheden\/\" target=\"_self\"  class=\"edgtf-btn edgtf-btn-medium edgtf-btn-simple edgtf-btn-switch-line edgtf-blog-list-button\"  >\t\t\t<span class=\"edgtf-btn-icon-element\"><\/span>\t\t<span class=\"edgtf-btn-text\">Lees meer\r<span class=\"edgtf-btn-text-line\" ><\/span><span class=\"edgtf-btn-switch-line\" ><\/span><\/span>\t<\/a>\t<\/div>\n\t        <\/div>\n        <\/div>\n\t<\/div>\n<\/li><li class=\"edgtf-bl-item clearfix\">\n\t<div class=\"edgtf-bli-inner\">\n\t\t\n\t<div class=\"edgtf-post-image\">\n\t\t\t\t\t<a itemprop=\"url\" href=\"https:\/\/www.santjosep.net\/nl\/het-beste-panoramische-uitzicht-van-de-gemeente-sant-josep\/\" title=\"Het beste panoramische uitzicht van de gemeente Sant Josep\">\n\t\t\t\t\t\t\t\t\t<img loading=\"lazy\" decoding=\"async\" width=\"890\" height=\"667\" src=\"https:\/\/www.santjosep.net\/wp-content\/uploads\/2019\/12\/cover_blog.jpg\" class=\"attachment-full size-full wp-post-image\" alt=\"\" srcset=\"https:\/\/www.santjosep.net\/wp-content\/uploads\/2019\/12\/cover_blog.jpg 890w, https:\/\/www.santjosep.net\/wp-content\/uploads\/2019\/12\/cover_blog-300x225.jpg 300w, https:\/\/www.santjosep.net\/wp-content\/uploads\/2019\/12\/cover_blog-768x576.jpg 768w, https:\/\/www.santjosep.net\/wp-content\/uploads\/2019\/12\/cover_blog-800x600.jpg 800w\" sizes=\"auto, (max-width: 890px) 100vw, 890px\" \/>\t\t\t\t\t\t\t\t<\/a>\n\t\t\t<\/div>\n        <div class=\"edgtf-bli-content\">\n                            <div class=\"edgtf-bli-date\">\n\t                <div itemprop=\"dateCreated\" class=\"edgtf-post-info-date entry-date published updated\">\n            <a itemprop=\"url\" href=\"https:\/\/www.santjosep.net\/nl\/2019\/12\/\">\n    \n        22 december 2019        <\/a>\n    <meta itemprop=\"interactionCount\" content=\"UserComments: 0\"\/>\n<\/div>                <\/div>\n            \t\n\t        \n<h4 itemprop=\"name\" class=\"entry-title edgtf-post-title\" >\n            <a itemprop=\"url\" href=\"https:\/\/www.santjosep.net\/nl\/het-beste-panoramische-uitzicht-van-de-gemeente-sant-josep\/\" title=\"Het beste panoramische uitzicht van de gemeente Sant Josep\">\n            Het beste panoramische uitzicht van de gemeente Sant Josep            <\/a>\n    <\/h4>\n\t        <div class=\"edgtf-bli-info\">\n\t\t        <div class=\"edgtf-post-info-category\">\n    <a href=\"https:\/\/www.santjosep.net\/nl\/category\/gebieden-nl\/\" rel=\"category tag\">Gebieden<\/a>, <a href=\"https:\/\/www.santjosep.net\/nl\/category\/wandelen-nl\/\" rel=\"category tag\">Wandelen<\/a><\/div>\t        <\/div>\n\n\t        <div class=\"edgtf-bli-excerpt\">\n\t\t        \t\t<div class=\"edgtf-post-excerpt-holder\">\n\t\t\t<p itemprop=\"description\" class=\"edgtf-post-excerpt\">\n\t\t\t\tSant Josep de sa Talaia brengt in de 154 km\u00b2 die de gemeente inneemt een reeks natuurlijke attracties samen die verder gaan dan de 32 stranden en meer dan 80 km kustlijn. Elk jaar komen duizenden bezoekers naar de grootste\t\t\t<\/p>\n\t\t<\/div>\n\t\t\t        \t<div class=\"edgtf-post-read-more-button\">\n\t\t<a itemprop=\"url\" href=\"https:\/\/www.santjosep.net\/nl\/het-beste-panoramische-uitzicht-van-de-gemeente-sant-josep\/\" target=\"_self\"  class=\"edgtf-btn edgtf-btn-medium edgtf-btn-simple edgtf-btn-switch-line edgtf-blog-list-button\"  >\t\t\t<span class=\"edgtf-btn-icon-element\"><\/span>\t\t<span class=\"edgtf-btn-text\">Lees meer\r<span class=\"edgtf-btn-text-line\" ><\/span><span class=\"edgtf-btn-switch-line\" ><\/span><\/span>\t<\/a>\t<\/div>\n\t        <\/div>\n        <\/div>\n\t<\/div>\n<\/li><li class=\"edgtf-bl-item clearfix\">\n\t<div class=\"edgtf-bli-inner\">\n\t\t\n\t<div class=\"edgtf-post-image\">\n\t\t\t\t\t<a itemprop=\"url\" href=\"https:\/\/www.santjosep.net\/nl\/de-kerk-van-sant-agusti-200-jaar-geschiedenis-en-voor-en-tegenspoed\/\" title=\"De kerk van Sant Agust\u00ed, 200 jaar geschiedenis en voor- en tegenspoed\">\n\t\t\t\t\t\t\t\t\t<img loading=\"lazy\" decoding=\"async\" width=\"2000\" height=\"1500\" src=\"https:\/\/www.santjosep.net\/wp-content\/uploads\/2019\/12\/iglesiasanagustin.jpg\" class=\"attachment-full size-full wp-post-image\" alt=\"\" srcset=\"https:\/\/www.santjosep.net\/wp-content\/uploads\/2019\/12\/iglesiasanagustin.jpg 2000w, https:\/\/www.santjosep.net\/wp-content\/uploads\/2019\/12\/iglesiasanagustin-300x225.jpg 300w, https:\/\/www.santjosep.net\/wp-content\/uploads\/2019\/12\/iglesiasanagustin-1024x768.jpg 1024w, https:\/\/www.santjosep.net\/wp-content\/uploads\/2019\/12\/iglesiasanagustin-768x576.jpg 768w, https:\/\/www.santjosep.net\/wp-content\/uploads\/2019\/12\/iglesiasanagustin-1536x1152.jpg 1536w, https:\/\/www.santjosep.net\/wp-content\/uploads\/2019\/12\/iglesiasanagustin-800x600.jpg 800w\" sizes=\"auto, (max-width: 2000px) 100vw, 2000px\" \/>\t\t\t\t\t\t\t\t<\/a>\n\t\t\t<\/div>\n        <div class=\"edgtf-bli-content\">\n                            <div class=\"edgtf-bli-date\">\n\t                <div itemprop=\"dateCreated\" class=\"edgtf-post-info-date entry-date published updated\">\n            <a itemprop=\"url\" href=\"https:\/\/www.santjosep.net\/nl\/2019\/12\/\">\n    \n        18 december 2019        <\/a>\n    <meta itemprop=\"interactionCount\" content=\"UserComments: 0\"\/>\n<\/div>                <\/div>\n            \t\n\t        \n<h4 itemprop=\"name\" class=\"entry-title edgtf-post-title\" >\n            <a itemprop=\"url\" href=\"https:\/\/www.santjosep.net\/nl\/de-kerk-van-sant-agusti-200-jaar-geschiedenis-en-voor-en-tegenspoed\/\" title=\"De kerk van Sant Agust\u00ed, 200 jaar geschiedenis en voor- en tegenspoed\">\n            De kerk van Sant Agust\u00ed, 200 jaar geschiedenis en voor- en tegenspoed            <\/a>\n    <\/h4>\n\t        <div class=\"edgtf-bli-info\">\n\t\t        <div class=\"edgtf-post-info-category\">\n    <a href=\"https:\/\/www.santjosep.net\/nl\/category\/volkeren-nl\/\" rel=\"category tag\">Volkeren<\/a><\/div>\t        <\/div>\n\n\t        <div class=\"edgtf-bli-excerpt\">\n\t\t        \t\t<div class=\"edgtf-post-excerpt-holder\">\n\t\t\t<p itemprop=\"description\" class=\"edgtf-post-excerpt\">\n\t\t\t\tDe kerk van Sant Agust\u00ed viert in 2019 haar tweehonderdjarig bestaan. Een geschiedenis vol voor- en tegenspoed die teruggaat tot 1788, het jaar waarin de eerste steen werd gelegd, en die, als eerste weetje, op een andere plaats stond dan\t\t\t<\/p>\n\t\t<\/div>\n\t\t\t        \t<div class=\"edgtf-post-read-more-button\">\n\t\t<a itemprop=\"url\" href=\"https:\/\/www.santjosep.net\/nl\/de-kerk-van-sant-agusti-200-jaar-geschiedenis-en-voor-en-tegenspoed\/\" target=\"_self\"  class=\"edgtf-btn edgtf-btn-medium edgtf-btn-simple edgtf-btn-switch-line edgtf-blog-list-button\"  >\t\t\t<span class=\"edgtf-btn-icon-element\"><\/span>\t\t<span class=\"edgtf-btn-text\">Lees meer\r<span class=\"edgtf-btn-text-line\" ><\/span><span class=\"edgtf-btn-switch-line\" ><\/span><\/span>\t<\/a>\t<\/div>\n\t        <\/div>\n        <\/div>\n\t<\/div>\n<\/li><li class=\"edgtf-bl-item clearfix\">\n\t<div class=\"edgtf-bli-inner\">\n\t\t\n\t<div class=\"edgtf-post-image\">\n\t\t\t\t\t<a itemprop=\"url\" href=\"https:\/\/www.santjosep.net\/nl\/iv-fira-de-la-sal-2019\/\" title=\"IV Fira de la Sal 2019\">\n\t\t\t\t\t\t\t\t\t<img loading=\"lazy\" decoding=\"async\" width=\"2000\" height=\"1500\" src=\"https:\/\/www.santjosep.net\/wp-content\/uploads\/2017\/11\/firadelasal.jpg\" class=\"attachment-full size-full wp-post-image\" alt=\"\" srcset=\"https:\/\/www.santjosep.net\/wp-content\/uploads\/2017\/11\/firadelasal.jpg 2000w, https:\/\/www.santjosep.net\/wp-content\/uploads\/2017\/11\/firadelasal-300x225.jpg 300w, https:\/\/www.santjosep.net\/wp-content\/uploads\/2017\/11\/firadelasal-1024x768.jpg 1024w, https:\/\/www.santjosep.net\/wp-content\/uploads\/2017\/11\/firadelasal-768x576.jpg 768w, https:\/\/www.santjosep.net\/wp-content\/uploads\/2017\/11\/firadelasal-1536x1152.jpg 1536w, https:\/\/www.santjosep.net\/wp-content\/uploads\/2017\/11\/firadelasal-800x600.jpg 800w\" sizes=\"auto, (max-width: 2000px) 100vw, 2000px\" \/>\t\t\t\t\t\t\t\t<\/a>\n\t\t\t<\/div>\n        <div class=\"edgtf-bli-content\">\n                            <div class=\"edgtf-bli-date\">\n\t                <div itemprop=\"dateCreated\" class=\"edgtf-post-info-date entry-date published updated\">\n            <a itemprop=\"url\" href=\"https:\/\/www.santjosep.net\/nl\/2019\/10\/\">\n    \n        29 oktober 2019        <\/a>\n    <meta itemprop=\"interactionCount\" content=\"UserComments: 0\"\/>\n<\/div>                <\/div>\n            \t\n\t        \n<h4 itemprop=\"name\" class=\"entry-title edgtf-post-title\" >\n            <a itemprop=\"url\" href=\"https:\/\/www.santjosep.net\/nl\/iv-fira-de-la-sal-2019\/\" title=\"IV Fira de la Sal 2019\">\n            IV Fira de la Sal 2019            <\/a>\n    <\/h4>\n\t        <div class=\"edgtf-bli-info\">\n\t\t        <div class=\"edgtf-post-info-category\">\n    <a href=\"https:\/\/www.santjosep.net\/nl\/category\/erfgoed-nl\/\" rel=\"category tag\">Erfgoed<\/a>, <a href=\"https:\/\/www.santjosep.net\/nl\/category\/evenementen-nl\/\" rel=\"category tag\">Evenementen<\/a><\/div>\t        <\/div>\n\n\t        <div class=\"edgtf-bli-excerpt\">\n\t\t        \t\t<div class=\"edgtf-post-excerpt-holder\">\n\t\t\t<p itemprop=\"description\" class=\"edgtf-post-excerpt\">\n\t\t\t\tOp 25, 26 en 27 oktober werd in de Salinas de Ibiza de IV Fira de la Salgevierd, een toeristisch en cultureel evenement dat gericht is op het verspreiden van erfgoed en cultuur. Georganiseerd door de gemeenteraad van Sant Josep,\t\t\t<\/p>\n\t\t<\/div>\n\t\t\t        \t<div class=\"edgtf-post-read-more-button\">\n\t\t<a itemprop=\"url\" href=\"https:\/\/www.santjosep.net\/nl\/iv-fira-de-la-sal-2019\/\" target=\"_self\"  class=\"edgtf-btn edgtf-btn-medium edgtf-btn-simple edgtf-btn-switch-line edgtf-blog-list-button\"  >\t\t\t<span class=\"edgtf-btn-icon-element\"><\/span>\t\t<span class=\"edgtf-btn-text\">Lees meer\r<span class=\"edgtf-btn-text-line\" ><\/span><span class=\"edgtf-btn-switch-line\" ><\/span><\/span>\t<\/a>\t<\/div>\n\t        <\/div>\n        <\/div>\n\t<\/div>\n<\/li><li class=\"edgtf-bl-item clearfix\">\n\t<div class=\"edgtf-bli-inner\">\n\t\t\n\t<div class=\"edgtf-post-image\">\n\t\t\t\t\t<a itemprop=\"url\" href=\"https:\/\/www.santjosep.net\/nl\/hippiemarkt-playa-den-bossa\/\" title=\"Hippiemarkt Playa d\u2019en Bossa\">\n\t\t\t\t\t\t\t\t\t<img loading=\"lazy\" decoding=\"async\" width=\"890\" height=\"667\" src=\"https:\/\/www.santjosep.net\/wp-content\/uploads\/2019\/09\/cvover_video.jpg\" class=\"attachment-full size-full wp-post-image\" alt=\"\" srcset=\"https:\/\/www.santjosep.net\/wp-content\/uploads\/2019\/09\/cvover_video.jpg 890w, https:\/\/www.santjosep.net\/wp-content\/uploads\/2019\/09\/cvover_video-300x225.jpg 300w, https:\/\/www.santjosep.net\/wp-content\/uploads\/2019\/09\/cvover_video-768x576.jpg 768w, https:\/\/www.santjosep.net\/wp-content\/uploads\/2019\/09\/cvover_video-800x600.jpg 800w\" sizes=\"auto, (max-width: 890px) 100vw, 890px\" \/>\t\t\t\t\t\t\t\t<\/a>\n\t\t\t<\/div>\n        <div class=\"edgtf-bli-content\">\n                            <div class=\"edgtf-bli-date\">\n\t                <div itemprop=\"dateCreated\" class=\"edgtf-post-info-date entry-date published updated\">\n            <a itemprop=\"url\" href=\"https:\/\/www.santjosep.net\/nl\/2019\/09\/\">\n    \n        3 september 2019        <\/a>\n    <meta itemprop=\"interactionCount\" content=\"UserComments: 0\"\/>\n<\/div>                <\/div>\n            \t\n\t        \n<h4 itemprop=\"name\" class=\"entry-title edgtf-post-title\" >\n            <a itemprop=\"url\" href=\"https:\/\/www.santjosep.net\/nl\/hippiemarkt-playa-den-bossa\/\" title=\"Hippiemarkt Playa d\u2019en Bossa\">\n            Hippiemarkt Playa d\u2019en Bossa            <\/a>\n    <\/h4>\n\t        <div class=\"edgtf-bli-info\">\n\t\t        <div class=\"edgtf-post-info-category\">\n    <a href=\"https:\/\/www.santjosep.net\/nl\/category\/video-nl\/\" rel=\"category tag\">Video<\/a><\/div>\t        <\/div>\n\n\t        <div class=\"edgtf-bli-excerpt\">\n\t\t        \t\t<div class=\"edgtf-post-excerpt-holder\">\n\t\t\t<p itemprop=\"description\" class=\"edgtf-post-excerpt\">\n\t\t\t\tTijdens het zomerseizoen vindt u er een grote verscheidenheid aan kraampjes met ambachtelijke producten, accessoires, bijouterie, lederwaren en keramiek in Ibizastijl op de hippiemarkt van Playa d\u2019en Bossa.\r\n\r\nDagelijks geopend van 18 tot 00.00 uur. Calle de la Ruda y del\t\t\t<\/p>\n\t\t<\/div>\n\t\t\t        \t<div class=\"edgtf-post-read-more-button\">\n\t\t<a itemprop=\"url\" href=\"https:\/\/www.santjosep.net\/nl\/hippiemarkt-playa-den-bossa\/\" target=\"_self\"  class=\"edgtf-btn edgtf-btn-medium edgtf-btn-simple edgtf-btn-switch-line edgtf-blog-list-button\"  >\t\t\t<span class=\"edgtf-btn-icon-element\"><\/span>\t\t<span class=\"edgtf-btn-text\">Lees meer\r<span class=\"edgtf-btn-text-line\" ><\/span><span class=\"edgtf-btn-switch-line\" ><\/span><\/span>\t<\/a>\t<\/div>\n\t        <\/div>\n        <\/div>\n\t<\/div>\n<\/li><li class=\"edgtf-bl-item clearfix\">\n\t<div class=\"edgtf-bli-inner\">\n\t\t\n\t<div class=\"edgtf-post-image\">\n\t\t\t\t\t<a itemprop=\"url\" href=\"https:\/\/www.santjosep.net\/nl\/zonsondergang-in-platges-de-comte\/\" title=\"Zonsondergang in Platges de Comte\">\n\t\t\t\t\t\t\t\t\t<img loading=\"lazy\" decoding=\"async\" width=\"890\" height=\"667\" src=\"https:\/\/www.santjosep.net\/wp-content\/uploads\/2019\/08\/cover_videos_0009_P1013403.jpg\" class=\"attachment-full size-full wp-post-image\" alt=\"\" srcset=\"https:\/\/www.santjosep.net\/wp-content\/uploads\/2019\/08\/cover_videos_0009_P1013403.jpg 890w, https:\/\/www.santjosep.net\/wp-content\/uploads\/2019\/08\/cover_videos_0009_P1013403-300x225.jpg 300w, https:\/\/www.santjosep.net\/wp-content\/uploads\/2019\/08\/cover_videos_0009_P1013403-768x576.jpg 768w, https:\/\/www.santjosep.net\/wp-content\/uploads\/2019\/08\/cover_videos_0009_P1013403-800x600.jpg 800w\" sizes=\"auto, (max-width: 890px) 100vw, 890px\" \/>\t\t\t\t\t\t\t\t<\/a>\n\t\t\t<\/div>\n        <div class=\"edgtf-bli-content\">\n                            <div class=\"edgtf-bli-date\">\n\t                <div itemprop=\"dateCreated\" class=\"edgtf-post-info-date entry-date published updated\">\n            <a itemprop=\"url\" href=\"https:\/\/www.santjosep.net\/nl\/2019\/08\/\">\n    \n        12 augustus 2019        <\/a>\n    <meta itemprop=\"interactionCount\" content=\"UserComments: 0\"\/>\n<\/div>                <\/div>\n            \t\n\t        \n<h4 itemprop=\"name\" class=\"entry-title edgtf-post-title\" >\n            <a itemprop=\"url\" href=\"https:\/\/www.santjosep.net\/nl\/zonsondergang-in-platges-de-comte\/\" title=\"Zonsondergang in Platges de Comte\">\n            Zonsondergang in Platges de Comte            <\/a>\n    <\/h4>\n\t        <div class=\"edgtf-bli-info\">\n\t\t        <div class=\"edgtf-post-info-category\">\n    <a href=\"https:\/\/www.santjosep.net\/nl\/category\/stranden-nl\/\" rel=\"category tag\">Stranden<\/a>, <a href=\"https:\/\/www.santjosep.net\/nl\/category\/sunsets-nl\/\" rel=\"category tag\">Sunsets<\/a><\/div>\t        <\/div>\n\n\t        <div class=\"edgtf-bli-excerpt\">\n\t\t        \t\t<div class=\"edgtf-post-excerpt-holder\">\n\t\t\t<p itemprop=\"description\" class=\"edgtf-post-excerpt\">\n\t\t\t\tDit is een van de mooiste stranden van het hele eiland en vanwege het sensationele panoramische uitzicht mag u het beslist niet overslaan. De variatie aan plekjes biedt grote mogelijkheden om te zonnebaden, rustig te zwemmen en in de omgeving\t\t\t<\/p>\n\t\t<\/div>\n\t\t\t        \t<div class=\"edgtf-post-read-more-button\">\n\t\t<a itemprop=\"url\" href=\"https:\/\/www.santjosep.net\/nl\/zonsondergang-in-platges-de-comte\/\" target=\"_self\"  class=\"edgtf-btn edgtf-btn-medium edgtf-btn-simple edgtf-btn-switch-line edgtf-blog-list-button\"  >\t\t\t<span class=\"edgtf-btn-icon-element\"><\/span>\t\t<span class=\"edgtf-btn-text\">Lees meer\r<span class=\"edgtf-btn-text-line\" ><\/span><span class=\"edgtf-btn-switch-line\" ><\/span><\/span>\t<\/a>\t<\/div>\n\t        <\/div>\n        <\/div>\n\t<\/div>\n<\/li><li class=\"edgtf-bl-item clearfix\">\n\t<div class=\"edgtf-bli-inner\">\n\t\t\n\t<div class=\"edgtf-post-image\">\n\t\t\t\t\t<a itemprop=\"url\" href=\"https:\/\/www.santjosep.net\/nl\/boothuisjes-de-plaats-van-de-llaut\/\" title=\"Boothuisjes: de plaats van de lla\u00fct (vissersboot)\">\n\t\t\t\t\t\t\t\t\t<img loading=\"lazy\" decoding=\"async\" width=\"2000\" height=\"1500\" src=\"https:\/\/www.santjosep.net\/wp-content\/uploads\/2019\/04\/casetasvaradero.jpg\" class=\"attachment-full size-full wp-post-image\" alt=\"\" srcset=\"https:\/\/www.santjosep.net\/wp-content\/uploads\/2019\/04\/casetasvaradero.jpg 2000w, https:\/\/www.santjosep.net\/wp-content\/uploads\/2019\/04\/casetasvaradero-300x225.jpg 300w, https:\/\/www.santjosep.net\/wp-content\/uploads\/2019\/04\/casetasvaradero-1024x768.jpg 1024w, https:\/\/www.santjosep.net\/wp-content\/uploads\/2019\/04\/casetasvaradero-768x576.jpg 768w, https:\/\/www.santjosep.net\/wp-content\/uploads\/2019\/04\/casetasvaradero-1536x1152.jpg 1536w, https:\/\/www.santjosep.net\/wp-content\/uploads\/2019\/04\/casetasvaradero-800x600.jpg 800w\" sizes=\"auto, (max-width: 2000px) 100vw, 2000px\" \/>\t\t\t\t\t\t\t\t<\/a>\n\t\t\t<\/div>\n        <div class=\"edgtf-bli-content\">\n                            <div class=\"edgtf-bli-date\">\n\t                <div itemprop=\"dateCreated\" class=\"edgtf-post-info-date entry-date published updated\">\n            <a itemprop=\"url\" href=\"https:\/\/www.santjosep.net\/nl\/2019\/04\/\">\n    \n        24 april 2019        <\/a>\n    <meta itemprop=\"interactionCount\" content=\"UserComments: 0\"\/>\n<\/div>                <\/div>\n            \t\n\t        \n<h4 itemprop=\"name\" class=\"entry-title edgtf-post-title\" >\n            <a itemprop=\"url\" href=\"https:\/\/www.santjosep.net\/nl\/boothuisjes-de-plaats-van-de-llaut\/\" title=\"Boothuisjes: de plaats van de lla\u00fct (vissersboot)\">\n            Boothuisjes: de plaats van de lla\u00fct (vissersboot)            <\/a>\n    <\/h4>\n\t        <div class=\"edgtf-bli-info\">\n\t\t        <div class=\"edgtf-post-info-category\">\n    <a href=\"https:\/\/www.santjosep.net\/nl\/category\/gebieden-nl\/\" rel=\"category tag\">Gebieden<\/a>, <a href=\"https:\/\/www.santjosep.net\/nl\/category\/stranden-nl\/\" rel=\"category tag\">Stranden<\/a><\/div>\t        <\/div>\n\n\t        <div class=\"edgtf-bli-excerpt\">\n\t\t        \t\t<div class=\"edgtf-post-excerpt-holder\">\n\t\t\t<p itemprop=\"description\" class=\"edgtf-post-excerpt\">\n\t\t\t\tAan de prachtige kust van Sant Josep zijn talrijke overblijfselen bewaard gebleven die ons vertellen over de nog steeds tastbare geschiedenis van onze gemeente, de activiteiten van de bewoners en hun gebruiken en cultuur. Een van de meest kenmerkende daarvan\t\t\t<\/p>\n\t\t<\/div>\n\t\t\t        \t<div class=\"edgtf-post-read-more-button\">\n\t\t<a itemprop=\"url\" href=\"https:\/\/www.santjosep.net\/nl\/boothuisjes-de-plaats-van-de-llaut\/\" target=\"_self\"  class=\"edgtf-btn edgtf-btn-medium edgtf-btn-simple edgtf-btn-switch-line edgtf-blog-list-button\"  >\t\t\t<span class=\"edgtf-btn-icon-element\"><\/span>\t\t<span class=\"edgtf-btn-text\">Lees meer\r<span class=\"edgtf-btn-text-line\" ><\/span><span class=\"edgtf-btn-switch-line\" ><\/span><\/span>\t<\/a>\t<\/div>\n\t        <\/div>\n        <\/div>\n\t<\/div>\n<\/li><li class=\"edgtf-bl-item clearfix\">\n\t<div class=\"edgtf-bli-inner\">\n\t\t\n\t<div class=\"edgtf-post-image\">\n\t\t\t\t\t<a itemprop=\"url\" href=\"https:\/\/www.santjosep.net\/nl\/presentatie-van-het-boek-en-de-video-patrimoni-op-de-fitur\/\" title=\"Presentatie van het boek en de video \u00abPatrimoni\u00bb op de FITUR\">\n\t\t\t\t\t\t\t\t\t<img loading=\"lazy\" decoding=\"async\" width=\"2000\" height=\"1500\" src=\"https:\/\/www.santjosep.net\/wp-content\/uploads\/2019\/01\/patrimoniolibro.jpg\" class=\"attachment-full size-full wp-post-image\" alt=\"\" srcset=\"https:\/\/www.santjosep.net\/wp-content\/uploads\/2019\/01\/patrimoniolibro.jpg 2000w, https:\/\/www.santjosep.net\/wp-content\/uploads\/2019\/01\/patrimoniolibro-300x225.jpg 300w, https:\/\/www.santjosep.net\/wp-content\/uploads\/2019\/01\/patrimoniolibro-1024x768.jpg 1024w, https:\/\/www.santjosep.net\/wp-content\/uploads\/2019\/01\/patrimoniolibro-768x576.jpg 768w, https:\/\/www.santjosep.net\/wp-content\/uploads\/2019\/01\/patrimoniolibro-1536x1152.jpg 1536w, https:\/\/www.santjosep.net\/wp-content\/uploads\/2019\/01\/patrimoniolibro-800x600.jpg 800w\" sizes=\"auto, (max-width: 2000px) 100vw, 2000px\" \/>\t\t\t\t\t\t\t\t<\/a>\n\t\t\t<\/div>\n        <div class=\"edgtf-bli-content\">\n                            <div class=\"edgtf-bli-date\">\n\t                <div itemprop=\"dateCreated\" class=\"edgtf-post-info-date entry-date published updated\">\n            <a itemprop=\"url\" href=\"https:\/\/www.santjosep.net\/nl\/2019\/01\/\">\n    \n        25 januari 2019        <\/a>\n    <meta itemprop=\"interactionCount\" content=\"UserComments: 0\"\/>\n<\/div>                <\/div>\n            \t\n\t        \n<h4 itemprop=\"name\" class=\"entry-title edgtf-post-title\" >\n            <a itemprop=\"url\" href=\"https:\/\/www.santjosep.net\/nl\/presentatie-van-het-boek-en-de-video-patrimoni-op-de-fitur\/\" title=\"Presentatie van het boek en de video \u00abPatrimoni\u00bb op de FITUR\">\n            Presentatie van het boek en de video \u00abPatrimoni\u00bb op de FITUR            <\/a>\n    <\/h4>\n\t        <div class=\"edgtf-bli-info\">\n\t\t        <div class=\"edgtf-post-info-category\">\n    <a href=\"https:\/\/www.santjosep.net\/nl\/category\/video-nl\/\" rel=\"category tag\">Video<\/a><\/div>\t        <\/div>\n\n\t        <div class=\"edgtf-bli-excerpt\">\n\t\t        \t\t<div class=\"edgtf-post-excerpt-holder\">\n\t\t\t<p itemprop=\"description\" class=\"edgtf-post-excerpt\">\n\t\t\t\tDe gemeente Sant Josep heeft tijdens de FITUR het fotoboek \u201cPatrimoni\u201d gepresenteerd. \u00abPatrimoni\u201d is een boek met foto\u00b4s die zijn aangeboden door Xavier Sans\u00f3 en Xavier M\u00e1s en is bestemd om het culturele en natuurlijke erfgoed van de gemeente te\t\t\t<\/p>\n\t\t<\/div>\n\t\t\t        \t<div class=\"edgtf-post-read-more-button\">\n\t\t<a itemprop=\"url\" href=\"https:\/\/www.santjosep.net\/nl\/presentatie-van-het-boek-en-de-video-patrimoni-op-de-fitur\/\" target=\"_self\"  class=\"edgtf-btn edgtf-btn-medium edgtf-btn-simple edgtf-btn-switch-line edgtf-blog-list-button\"  >\t\t\t<span class=\"edgtf-btn-icon-element\"><\/span>\t\t<span class=\"edgtf-btn-text\">Lees meer\r<span class=\"edgtf-btn-text-line\" ><\/span><span class=\"edgtf-btn-switch-line\" ><\/span><\/span>\t<\/a>\t<\/div>\n\t        <\/div>\n        <\/div>\n\t<\/div>\n<\/li><li class=\"edgtf-bl-item clearfix\">\n\t<div class=\"edgtf-bli-inner\">\n\t\t\n\t<div class=\"edgtf-post-image\">\n\t\t\t\t\t<a itemprop=\"url\" href=\"https:\/\/www.santjosep.net\/nl\/5-ideeen-voor-cala-tarida\/\" title=\"5 idee\u00ebn voor Cala Tarida\">\n\t\t\t\t\t\t\t\t\t<img loading=\"lazy\" decoding=\"async\" width=\"2000\" height=\"1500\" src=\"https:\/\/www.santjosep.net\/wp-content\/uploads\/2018\/09\/calatarida5ideas-1.jpg\" class=\"attachment-full size-full wp-post-image\" alt=\"\" srcset=\"https:\/\/www.santjosep.net\/wp-content\/uploads\/2018\/09\/calatarida5ideas-1.jpg 2000w, https:\/\/www.santjosep.net\/wp-content\/uploads\/2018\/09\/calatarida5ideas-1-300x225.jpg 300w, https:\/\/www.santjosep.net\/wp-content\/uploads\/2018\/09\/calatarida5ideas-1-1024x768.jpg 1024w, https:\/\/www.santjosep.net\/wp-content\/uploads\/2018\/09\/calatarida5ideas-1-768x576.jpg 768w, https:\/\/www.santjosep.net\/wp-content\/uploads\/2018\/09\/calatarida5ideas-1-1536x1152.jpg 1536w, https:\/\/www.santjosep.net\/wp-content\/uploads\/2018\/09\/calatarida5ideas-1-800x600.jpg 800w\" sizes=\"auto, (max-width: 2000px) 100vw, 2000px\" \/>\t\t\t\t\t\t\t\t<\/a>\n\t\t\t<\/div>\n        <div class=\"edgtf-bli-content\">\n                            <div class=\"edgtf-bli-date\">\n\t                <div itemprop=\"dateCreated\" class=\"edgtf-post-info-date entry-date published updated\">\n            <a itemprop=\"url\" href=\"https:\/\/www.santjosep.net\/nl\/2018\/09\/\">\n    \n        15 september 2018        <\/a>\n    <meta itemprop=\"interactionCount\" content=\"UserComments: 0\"\/>\n<\/div>                <\/div>\n            \t\n\t        \n<h4 itemprop=\"name\" class=\"entry-title edgtf-post-title\" >\n            <a itemprop=\"url\" href=\"https:\/\/www.santjosep.net\/nl\/5-ideeen-voor-cala-tarida\/\" title=\"5 idee\u00ebn voor Cala Tarida\">\n            5 idee\u00ebn voor Cala Tarida            <\/a>\n    <\/h4>\n\t        <div class=\"edgtf-bli-info\">\n\t\t        <div class=\"edgtf-post-info-category\">\n    <a href=\"https:\/\/www.santjosep.net\/nl\/category\/stranden-nl\/\" rel=\"category tag\">Stranden<\/a><\/div>\t        <\/div>\n\n\t        <div class=\"edgtf-bli-excerpt\">\n\t\t        \t\t<div class=\"edgtf-post-excerpt-holder\">\n\t\t\t<p itemprop=\"description\" class=\"edgtf-post-excerpt\">\n\t\t\t\tEen idyllische vakantie in Ibiza bestaat uit zon- en stranddagen, verfrissende duiken in zee, wandelingen en lekker eten. Een plaats op het eiland waar u van dat alles kunt genieten is Cala Tarida, gelegen in het westen en met een\t\t\t<\/p>\n\t\t<\/div>\n\t\t\t        \t<div class=\"edgtf-post-read-more-button\">\n\t\t<a itemprop=\"url\" href=\"https:\/\/www.santjosep.net\/nl\/5-ideeen-voor-cala-tarida\/\" target=\"_self\"  class=\"edgtf-btn edgtf-btn-medium edgtf-btn-simple edgtf-btn-switch-line edgtf-blog-list-button\"  >\t\t\t<span class=\"edgtf-btn-icon-element\"><\/span>\t\t<span class=\"edgtf-btn-text\">Lees meer\r<span class=\"edgtf-btn-text-line\" ><\/span><span class=\"edgtf-btn-switch-line\" ><\/span><\/span>\t<\/a>\t<\/div>\n\t        <\/div>\n        <\/div>\n\t<\/div>\n<\/li><li class=\"edgtf-bl-item clearfix\">\n\t<div class=\"edgtf-bli-inner\">\n\t\t\n\t<div class=\"edgtf-post-image\">\n\t\t\t\t\t<a itemprop=\"url\" href=\"https:\/\/www.santjosep.net\/nl\/de-kerk-van-sant-josep\/\" title=\"De kerk van Sant Josep\">\n\t\t\t\t\t\t\t\t\t<img loading=\"lazy\" decoding=\"async\" width=\"2000\" height=\"1500\" src=\"https:\/\/www.santjosep.net\/wp-content\/uploads\/2018\/05\/iglesiasanjosep.jpg\" class=\"attachment-full size-full wp-post-image\" alt=\"\" srcset=\"https:\/\/www.santjosep.net\/wp-content\/uploads\/2018\/05\/iglesiasanjosep.jpg 2000w, https:\/\/www.santjosep.net\/wp-content\/uploads\/2018\/05\/iglesiasanjosep-300x225.jpg 300w, https:\/\/www.santjosep.net\/wp-content\/uploads\/2018\/05\/iglesiasanjosep-1024x768.jpg 1024w, https:\/\/www.santjosep.net\/wp-content\/uploads\/2018\/05\/iglesiasanjosep-768x576.jpg 768w, https:\/\/www.santjosep.net\/wp-content\/uploads\/2018\/05\/iglesiasanjosep-1536x1152.jpg 1536w, https:\/\/www.santjosep.net\/wp-content\/uploads\/2018\/05\/iglesiasanjosep-800x600.jpg 800w\" sizes=\"auto, (max-width: 2000px) 100vw, 2000px\" \/>\t\t\t\t\t\t\t\t<\/a>\n\t\t\t<\/div>\n        <div class=\"edgtf-bli-content\">\n                            <div class=\"edgtf-bli-date\">\n\t                <div itemprop=\"dateCreated\" class=\"edgtf-post-info-date entry-date published updated\">\n            <a itemprop=\"url\" href=\"https:\/\/www.santjosep.net\/nl\/2018\/05\/\">\n    \n        7 mei 2018        <\/a>\n    <meta itemprop=\"interactionCount\" content=\"UserComments: 0\"\/>\n<\/div>                <\/div>\n            \t\n\t        \n<h4 itemprop=\"name\" class=\"entry-title edgtf-post-title\" >\n            <a itemprop=\"url\" href=\"https:\/\/www.santjosep.net\/nl\/de-kerk-van-sant-josep\/\" title=\"De kerk van Sant Josep\">\n            De kerk van Sant Josep            <\/a>\n    <\/h4>\n\t        <div class=\"edgtf-bli-info\">\n\t\t        <div class=\"edgtf-post-info-category\">\n    <a href=\"https:\/\/www.santjosep.net\/nl\/category\/volkeren-nl\/\" rel=\"category tag\">Volkeren<\/a><\/div>\t        <\/div>\n\n\t        <div class=\"edgtf-bli-excerpt\">\n\t\t        \t\t<div class=\"edgtf-post-excerpt-holder\">\n\t\t\t<p itemprop=\"description\" class=\"edgtf-post-excerpt\">\n\t\t\t\tIn het hart van het dorp Sant Josep staat de indrukwekkende versterkte kerk, die behoorlijk hoog is. St. Jozef is, behalve patroonheilige van de universele kerk, ook patroonheilige van de kerk van onze gemeente.\r\n\r\nNa de verovering door de Catalanen werd\t\t\t<\/p>\n\t\t<\/div>\n\t\t\t        \t<div class=\"edgtf-post-read-more-button\">\n\t\t<a itemprop=\"url\" href=\"https:\/\/www.santjosep.net\/nl\/de-kerk-van-sant-josep\/\" target=\"_self\"  class=\"edgtf-btn edgtf-btn-medium edgtf-btn-simple edgtf-btn-switch-line edgtf-blog-list-button\"  >\t\t\t<span class=\"edgtf-btn-icon-element\"><\/span>\t\t<span class=\"edgtf-btn-text\">Lees meer\r<span class=\"edgtf-btn-text-line\" ><\/span><span class=\"edgtf-btn-switch-line\" ><\/span><\/span>\t<\/a>\t<\/div>\n\t        <\/div>\n        <\/div>\n\t<\/div>\n<\/li><li class=\"edgtf-bl-item clearfix\">\n\t<div class=\"edgtf-bli-inner\">\n\t\t\n\t<div class=\"edgtf-post-image\">\n\t\t\t\t\t<a itemprop=\"url\" href=\"https:\/\/www.santjosep.net\/nl\/actief-toerisme-in-sant-josep\/\" title=\"Actief toerisme in Sant Josep\">\n\t\t\t\t\t\t\t\t\t<img loading=\"lazy\" decoding=\"async\" width=\"2000\" height=\"1500\" src=\"https:\/\/www.santjosep.net\/wp-content\/uploads\/2018\/04\/II-Fira-de-la-Sal__SGC5420-1.jpg\" class=\"attachment-full size-full wp-post-image\" alt=\"\" srcset=\"https:\/\/www.santjosep.net\/wp-content\/uploads\/2018\/04\/II-Fira-de-la-Sal__SGC5420-1.jpg 2000w, https:\/\/www.santjosep.net\/wp-content\/uploads\/2018\/04\/II-Fira-de-la-Sal__SGC5420-1-300x225.jpg 300w, https:\/\/www.santjosep.net\/wp-content\/uploads\/2018\/04\/II-Fira-de-la-Sal__SGC5420-1-1024x768.jpg 1024w, https:\/\/www.santjosep.net\/wp-content\/uploads\/2018\/04\/II-Fira-de-la-Sal__SGC5420-1-768x576.jpg 768w, https:\/\/www.santjosep.net\/wp-content\/uploads\/2018\/04\/II-Fira-de-la-Sal__SGC5420-1-1536x1152.jpg 1536w, https:\/\/www.santjosep.net\/wp-content\/uploads\/2018\/04\/II-Fira-de-la-Sal__SGC5420-1-800x600.jpg 800w\" sizes=\"auto, (max-width: 2000px) 100vw, 2000px\" \/>\t\t\t\t\t\t\t\t<\/a>\n\t\t\t<\/div>\n        <div class=\"edgtf-bli-content\">\n                            <div class=\"edgtf-bli-date\">\n\t                <div itemprop=\"dateCreated\" class=\"edgtf-post-info-date entry-date published updated\">\n            <a itemprop=\"url\" href=\"https:\/\/www.santjosep.net\/nl\/2018\/04\/\">\n    \n        24 april 2018        <\/a>\n    <meta itemprop=\"interactionCount\" content=\"UserComments: 0\"\/>\n<\/div>                <\/div>\n            \t\n\t        \n<h4 itemprop=\"name\" class=\"entry-title edgtf-post-title\" >\n            <a itemprop=\"url\" href=\"https:\/\/www.santjosep.net\/nl\/actief-toerisme-in-sant-josep\/\" title=\"Actief toerisme in Sant Josep\">\n            Actief toerisme in Sant Josep            <\/a>\n    <\/h4>\n\t        <div class=\"edgtf-bli-info\">\n\t\t        <div class=\"edgtf-post-info-category\">\n    <a href=\"https:\/\/www.santjosep.net\/nl\/category\/routes-nl\/\" rel=\"category tag\">Routes<\/a>, <a href=\"https:\/\/www.santjosep.net\/nl\/category\/wandelen-nl\/\" rel=\"category tag\">Wandelen<\/a><\/div>\t        <\/div>\n\n\t        <div class=\"edgtf-bli-excerpt\">\n\t\t        \t\t<div class=\"edgtf-post-excerpt-holder\">\n\t\t\t<p itemprop=\"description\" class=\"edgtf-post-excerpt\">\n\t\t\t\tDankzij het aanzicht en het klimaat van de Balearen is het gebied het hele jaar door geschikt voor het beoefenen van sporten in de buitenlucht. De gemeente Sant Josep is dan ook bij uitstek de plaats om van de zee\t\t\t<\/p>\n\t\t<\/div>\n\t\t\t        \t<div class=\"edgtf-post-read-more-button\">\n\t\t<a itemprop=\"url\" href=\"https:\/\/www.santjosep.net\/nl\/actief-toerisme-in-sant-josep\/\" target=\"_self\"  class=\"edgtf-btn edgtf-btn-medium edgtf-btn-simple edgtf-btn-switch-line edgtf-blog-list-button\"  >\t\t\t<span class=\"edgtf-btn-icon-element\"><\/span>\t\t<span class=\"edgtf-btn-text\">Lees meer\r<span class=\"edgtf-btn-text-line\" ><\/span><span class=\"edgtf-btn-switch-line\" ><\/span><\/span>\t<\/a>\t<\/div>\n\t        <\/div>\n        <\/div>\n\t<\/div>\n<\/li><li class=\"edgtf-bl-item clearfix\">\n\t<div class=\"edgtf-bli-inner\">\n\t\t\n\t<div class=\"edgtf-post-image\">\n\t\t\t\t\t<a itemprop=\"url\" href=\"https:\/\/www.santjosep.net\/nl\/natuur-in-pure-staat-ses-salines-de-ibiza\/\" title=\"Natuur in pure staat, Ses Salines de Ibiza\">\n\t\t\t\t\t\t\t\t\t<img loading=\"lazy\" decoding=\"async\" width=\"2000\" height=\"1500\" src=\"https:\/\/www.santjosep.net\/wp-content\/uploads\/2018\/02\/naturalezaenestadopuro.jpg\" class=\"attachment-full size-full wp-post-image\" alt=\"\" srcset=\"https:\/\/www.santjosep.net\/wp-content\/uploads\/2018\/02\/naturalezaenestadopuro.jpg 2000w, https:\/\/www.santjosep.net\/wp-content\/uploads\/2018\/02\/naturalezaenestadopuro-300x225.jpg 300w, https:\/\/www.santjosep.net\/wp-content\/uploads\/2018\/02\/naturalezaenestadopuro-1024x768.jpg 1024w, https:\/\/www.santjosep.net\/wp-content\/uploads\/2018\/02\/naturalezaenestadopuro-768x576.jpg 768w, https:\/\/www.santjosep.net\/wp-content\/uploads\/2018\/02\/naturalezaenestadopuro-1536x1152.jpg 1536w, https:\/\/www.santjosep.net\/wp-content\/uploads\/2018\/02\/naturalezaenestadopuro-800x600.jpg 800w\" sizes=\"auto, (max-width: 2000px) 100vw, 2000px\" \/>\t\t\t\t\t\t\t\t<\/a>\n\t\t\t<\/div>\n        <div class=\"edgtf-bli-content\">\n                            <div class=\"edgtf-bli-date\">\n\t                <div itemprop=\"dateCreated\" class=\"edgtf-post-info-date entry-date published updated\">\n            <a itemprop=\"url\" href=\"https:\/\/www.santjosep.net\/nl\/2018\/02\/\">\n    \n        27 februari 2018        <\/a>\n    <meta itemprop=\"interactionCount\" content=\"UserComments: 0\"\/>\n<\/div>                <\/div>\n            \t\n\t        \n<h4 itemprop=\"name\" class=\"entry-title edgtf-post-title\" >\n            <a itemprop=\"url\" href=\"https:\/\/www.santjosep.net\/nl\/natuur-in-pure-staat-ses-salines-de-ibiza\/\" title=\"Natuur in pure staat, Ses Salines de Ibiza\">\n            Natuur in pure staat, Ses Salines de Ibiza            <\/a>\n    <\/h4>\n\t        <div class=\"edgtf-bli-info\">\n\t\t        <div class=\"edgtf-post-info-category\">\n    <a href=\"https:\/\/www.santjosep.net\/nl\/category\/gebieden-nl\/\" rel=\"category tag\">Gebieden<\/a>, <a href=\"https:\/\/www.santjosep.net\/nl\/category\/wandelen-nl\/\" rel=\"category tag\">Wandelen<\/a><\/div>\t        <\/div>\n\n\t        <div class=\"edgtf-bli-excerpt\">\n\t\t        \t\t<div class=\"edgtf-post-excerpt-holder\">\n\t\t\t<p itemprop=\"description\" class=\"edgtf-post-excerpt\">\n\t\t\t\tSes Salines is de zuidelijkste zone van het eiland Ibiza en het Natuurpark, waaronder ook het noorden van Formentera valt, is er een belangrijk onderdeel van. In dit gebied worden tot op de dag van vandaag grote hoeveelheden zout gewonnen\t\t\t<\/p>\n\t\t<\/div>\n\t\t\t        \t<div class=\"edgtf-post-read-more-button\">\n\t\t<a itemprop=\"url\" href=\"https:\/\/www.santjosep.net\/nl\/natuur-in-pure-staat-ses-salines-de-ibiza\/\" target=\"_self\"  class=\"edgtf-btn edgtf-btn-medium edgtf-btn-simple edgtf-btn-switch-line edgtf-blog-list-button\"  >\t\t\t<span class=\"edgtf-btn-icon-element\"><\/span>\t\t<span class=\"edgtf-btn-text\">Lees meer\r<span class=\"edgtf-btn-text-line\" ><\/span><span class=\"edgtf-btn-switch-line\" ><\/span><\/span>\t<\/a>\t<\/div>\n\t        <\/div>\n        <\/div>\n\t<\/div>\n<\/li><li class=\"edgtf-bl-item clearfix\">\n\t<div class=\"edgtf-bli-inner\">\n\t\t\n\t<div class=\"edgtf-post-image\">\n\t\t\t\t\t<a itemprop=\"url\" href=\"https:\/\/www.santjosep.net\/nl\/posidonia-oceanica\/\" title=\"Posidonia oceanica\">\n\t\t\t\t\t\t\t\t\t<img loading=\"lazy\" decoding=\"async\" width=\"2000\" height=\"1500\" src=\"https:\/\/www.santjosep.net\/wp-content\/uploads\/2018\/01\/posidonia2-1.jpg\" class=\"attachment-full size-full wp-post-image\" alt=\"\" srcset=\"https:\/\/www.santjosep.net\/wp-content\/uploads\/2018\/01\/posidonia2-1.jpg 2000w, https:\/\/www.santjosep.net\/wp-content\/uploads\/2018\/01\/posidonia2-1-300x225.jpg 300w, https:\/\/www.santjosep.net\/wp-content\/uploads\/2018\/01\/posidonia2-1-1024x768.jpg 1024w, https:\/\/www.santjosep.net\/wp-content\/uploads\/2018\/01\/posidonia2-1-768x576.jpg 768w, https:\/\/www.santjosep.net\/wp-content\/uploads\/2018\/01\/posidonia2-1-1536x1152.jpg 1536w, https:\/\/www.santjosep.net\/wp-content\/uploads\/2018\/01\/posidonia2-1-800x600.jpg 800w\" sizes=\"auto, (max-width: 2000px) 100vw, 2000px\" \/>\t\t\t\t\t\t\t\t<\/a>\n\t\t\t<\/div>\n        <div class=\"edgtf-bli-content\">\n                            <div class=\"edgtf-bli-date\">\n\t                <div itemprop=\"dateCreated\" class=\"edgtf-post-info-date entry-date published updated\">\n            <a itemprop=\"url\" href=\"https:\/\/www.santjosep.net\/nl\/2018\/01\/\">\n    \n        25 januari 2018        <\/a>\n    <meta itemprop=\"interactionCount\" content=\"UserComments: 0\"\/>\n<\/div>                <\/div>\n            \t\n\t        \n<h4 itemprop=\"name\" class=\"entry-title edgtf-post-title\" >\n            <a itemprop=\"url\" href=\"https:\/\/www.santjosep.net\/nl\/posidonia-oceanica\/\" title=\"Posidonia oceanica\">\n            Posidonia oceanica            <\/a>\n    <\/h4>\n\t        <div class=\"edgtf-bli-info\">\n\t\t        <div class=\"edgtf-post-info-category\">\n    <a href=\"https:\/\/www.santjosep.net\/nl\/category\/erfgoed-nl\/\" rel=\"category tag\">Erfgoed<\/a><\/div>\t        <\/div>\n\n\t        <div class=\"edgtf-bli-excerpt\">\n\t\t        \t\t<div class=\"edgtf-post-excerpt-holder\">\n\t\t\t<p itemprop=\"description\" class=\"edgtf-post-excerpt\">\n\t\t\t\tEen van de verrassingen die iedereen die voor het eerst onze kust te zien krijgt is de helderheid van het zeewater. Zoals velen van u al weten komt dit door een fantastische plant die aan onze kust groeit: Posidonia oceanica.\r\n\r\nOp\t\t\t<\/p>\n\t\t<\/div>\n\t\t\t        \t<div class=\"edgtf-post-read-more-button\">\n\t\t<a itemprop=\"url\" href=\"https:\/\/www.santjosep.net\/nl\/posidonia-oceanica\/\" target=\"_self\"  class=\"edgtf-btn edgtf-btn-medium edgtf-btn-simple edgtf-btn-switch-line edgtf-blog-list-button\"  >\t\t\t<span class=\"edgtf-btn-icon-element\"><\/span>\t\t<span class=\"edgtf-btn-text\">Lees meer\r<span class=\"edgtf-btn-text-line\" ><\/span><span class=\"edgtf-btn-switch-line\" ><\/span><\/span>\t<\/a>\t<\/div>\n\t        <\/div>\n        <\/div>\n\t<\/div>\n<\/li><li class=\"edgtf-bl-item clearfix\">\n\t<div class=\"edgtf-bli-inner\">\n\t\t\n\t<div class=\"edgtf-post-image\">\n\t\t\t\t\t<a itemprop=\"url\" href=\"https:\/\/www.santjosep.net\/nl\/actividades-deportivaspaseosescubells-cala-llentrisca-circular\/\" title=\"Es Cubells &#8211; Cala Llentrisca Route\">\n\t\t\t\t\t\t\t\t\t<img loading=\"lazy\" decoding=\"async\" width=\"2000\" height=\"1500\" src=\"https:\/\/www.santjosep.net\/wp-content\/uploads\/2017\/12\/Ruta-desde-Es-Cubells-a-Cala-Llentrisca-.jpg\" class=\"attachment-full size-full wp-post-image\" alt=\"\" srcset=\"https:\/\/www.santjosep.net\/wp-content\/uploads\/2017\/12\/Ruta-desde-Es-Cubells-a-Cala-Llentrisca-.jpg 2000w, https:\/\/www.santjosep.net\/wp-content\/uploads\/2017\/12\/Ruta-desde-Es-Cubells-a-Cala-Llentrisca--300x225.jpg 300w, https:\/\/www.santjosep.net\/wp-content\/uploads\/2017\/12\/Ruta-desde-Es-Cubells-a-Cala-Llentrisca--1024x768.jpg 1024w, https:\/\/www.santjosep.net\/wp-content\/uploads\/2017\/12\/Ruta-desde-Es-Cubells-a-Cala-Llentrisca--768x576.jpg 768w, https:\/\/www.santjosep.net\/wp-content\/uploads\/2017\/12\/Ruta-desde-Es-Cubells-a-Cala-Llentrisca--1536x1152.jpg 1536w, https:\/\/www.santjosep.net\/wp-content\/uploads\/2017\/12\/Ruta-desde-Es-Cubells-a-Cala-Llentrisca--800x600.jpg 800w\" sizes=\"auto, (max-width: 2000px) 100vw, 2000px\" \/>\t\t\t\t\t\t\t\t<\/a>\n\t\t\t<\/div>\n        <div class=\"edgtf-bli-content\">\n                            <div class=\"edgtf-bli-date\">\n\t                <div itemprop=\"dateCreated\" class=\"edgtf-post-info-date entry-date published updated\">\n            <a itemprop=\"url\" href=\"https:\/\/www.santjosep.net\/nl\/2017\/12\/\">\n    \n        29 december 2017        <\/a>\n    <meta itemprop=\"interactionCount\" content=\"UserComments: 0\"\/>\n<\/div>                <\/div>\n            \t\n\t        \n<h4 itemprop=\"name\" class=\"entry-title edgtf-post-title\" >\n            <a itemprop=\"url\" href=\"https:\/\/www.santjosep.net\/nl\/actividades-deportivaspaseosescubells-cala-llentrisca-circular\/\" title=\"Es Cubells &#8211; Cala Llentrisca Route\">\n            Es Cubells &#8211; Cala Llentrisca Route            <\/a>\n    <\/h4>\n\t        <div class=\"edgtf-bli-info\">\n\t\t        <div class=\"edgtf-post-info-category\">\n    <a href=\"https:\/\/www.santjosep.net\/nl\/category\/routes-nl\/\" rel=\"category tag\">Routes<\/a>, <a href=\"https:\/\/www.santjosep.net\/nl\/category\/wandelen-nl\/\" rel=\"category tag\">Wandelen<\/a><\/div>\t        <\/div>\n\n\t        <div class=\"edgtf-bli-excerpt\">\n\t\t        \t\t<div class=\"edgtf-post-excerpt-holder\">\n\t\t\t<p itemprop=\"description\" class=\"edgtf-post-excerpt\">\n\t\t\t\tDankzij de bijzondere ligging van het dorp , aan de rand van een spectaculaire klif ten zuiden van Sant Josep, kunnen we langs deze route een uitzonderlijk uitzicht op zee aanschouwen, van de natuur genieten en stranden ontdekken die \u2018s\t\t\t<\/p>\n\t\t<\/div>\n\t\t\t        \t<div class=\"edgtf-post-read-more-button\">\n\t\t<a itemprop=\"url\" href=\"https:\/\/www.santjosep.net\/nl\/actividades-deportivaspaseosescubells-cala-llentrisca-circular\/\" target=\"_self\"  class=\"edgtf-btn edgtf-btn-medium edgtf-btn-simple edgtf-btn-switch-line edgtf-blog-list-button\"  >\t\t\t<span class=\"edgtf-btn-icon-element\"><\/span>\t\t<span class=\"edgtf-btn-text\">Lees meer\r<span class=\"edgtf-btn-text-line\" ><\/span><span class=\"edgtf-btn-switch-line\" ><\/span><\/span>\t<\/a>\t<\/div>\n\t        <\/div>\n        <\/div>\n\t<\/div>\n<\/li><li class=\"edgtf-bl-item clearfix\">\n\t<div class=\"edgtf-bli-inner\">\n\t\t\n\t<div class=\"edgtf-post-image\">\n\t\t\t\t\t<a itemprop=\"url\" href=\"https:\/\/www.santjosep.net\/nl\/fira-de-la-sal-zoutmarkt\/\" title=\"Fira de la sal (Zoutmarkt)\">\n\t\t\t\t\t\t\t\t\t<img loading=\"lazy\" decoding=\"async\" width=\"2000\" height=\"1500\" src=\"https:\/\/www.santjosep.net\/wp-content\/uploads\/2017\/11\/firadelasalold-1.jpg\" class=\"attachment-full size-full wp-post-image\" alt=\"\" srcset=\"https:\/\/www.santjosep.net\/wp-content\/uploads\/2017\/11\/firadelasalold-1.jpg 2000w, https:\/\/www.santjosep.net\/wp-content\/uploads\/2017\/11\/firadelasalold-1-300x225.jpg 300w, https:\/\/www.santjosep.net\/wp-content\/uploads\/2017\/11\/firadelasalold-1-1024x768.jpg 1024w, https:\/\/www.santjosep.net\/wp-content\/uploads\/2017\/11\/firadelasalold-1-768x576.jpg 768w, https:\/\/www.santjosep.net\/wp-content\/uploads\/2017\/11\/firadelasalold-1-1536x1152.jpg 1536w, https:\/\/www.santjosep.net\/wp-content\/uploads\/2017\/11\/firadelasalold-1-800x600.jpg 800w\" sizes=\"auto, (max-width: 2000px) 100vw, 2000px\" \/>\t\t\t\t\t\t\t\t<\/a>\n\t\t\t<\/div>\n        <div class=\"edgtf-bli-content\">\n                            <div class=\"edgtf-bli-date\">\n\t                <div itemprop=\"dateCreated\" class=\"edgtf-post-info-date entry-date published updated\">\n            <a itemprop=\"url\" href=\"https:\/\/www.santjosep.net\/nl\/2017\/11\/\">\n    \n        23 november 2017        <\/a>\n    <meta itemprop=\"interactionCount\" content=\"UserComments: 0\"\/>\n<\/div>                <\/div>\n            \t\n\t        \n<h4 itemprop=\"name\" class=\"entry-title edgtf-post-title\" >\n            <a itemprop=\"url\" href=\"https:\/\/www.santjosep.net\/nl\/fira-de-la-sal-zoutmarkt\/\" title=\"Fira de la sal (Zoutmarkt)\">\n            Fira de la sal (Zoutmarkt)            <\/a>\n    <\/h4>\n\t        <div class=\"edgtf-bli-info\">\n\t\t        <div class=\"edgtf-post-info-category\">\n    <a href=\"https:\/\/www.santjosep.net\/nl\/category\/evenementen-nl\/\" rel=\"category tag\">Evenementen<\/a><\/div>\t        <\/div>\n\n\t        <div class=\"edgtf-bli-excerpt\">\n\t\t        \t\t<div class=\"edgtf-post-excerpt-holder\">\n\t\t\t<p itemprop=\"description\" class=\"edgtf-post-excerpt\">\n\t\t\t\tIn oktober wordt in las Salinas de Ibiza, de Fira de la Sal (Zoutmarkt) gehouden, een nieuw toeristisch en cultureel evenement dat gericht is op het verspreiden van erfgoed en cultuur. Het wordt georganiseerd door de Gemeente Sant Josep, het\t\t\t<\/p>\n\t\t<\/div>\n\t\t\t        \t<div class=\"edgtf-post-read-more-button\">\n\t\t<a itemprop=\"url\" href=\"https:\/\/www.santjosep.net\/nl\/fira-de-la-sal-zoutmarkt\/\" target=\"_self\"  class=\"edgtf-btn edgtf-btn-medium edgtf-btn-simple edgtf-btn-switch-line edgtf-blog-list-button\"  >\t\t\t<span class=\"edgtf-btn-icon-element\"><\/span>\t\t<span class=\"edgtf-btn-text\">Lees meer\r<span class=\"edgtf-btn-text-line\" ><\/span><span class=\"edgtf-btn-switch-line\" ><\/span><\/span>\t<\/a>\t<\/div>\n\t        <\/div>\n        <\/div>\n\t<\/div>\n<\/li><li class=\"edgtf-bl-item clearfix\">\n\t<div class=\"edgtf-bli-inner\">\n\t\t\n\t<div class=\"edgtf-post-image\">\n\t\t\t\t\t<a itemprop=\"url\" href=\"https:\/\/www.santjosep.net\/nl\/12-plaatsen-in-sant-josep-die-niet-mogen-ontbreken-op-uw-instagram\/\" title=\"12 plaatsen in Sant Josep die niet mogen ontbreken op uw Instagram\">\n\t\t\t\t\t\t\t\t\t<img loading=\"lazy\" decoding=\"async\" width=\"1500\" height=\"1125\" src=\"https:\/\/www.santjosep.net\/wp-content\/uploads\/2017\/10\/12lugaressantjosep_esvedra.jpg\" class=\"attachment-full size-full wp-post-image\" alt=\"\" srcset=\"https:\/\/www.santjosep.net\/wp-content\/uploads\/2017\/10\/12lugaressantjosep_esvedra.jpg 1500w, https:\/\/www.santjosep.net\/wp-content\/uploads\/2017\/10\/12lugaressantjosep_esvedra-300x225.jpg 300w, https:\/\/www.santjosep.net\/wp-content\/uploads\/2017\/10\/12lugaressantjosep_esvedra-1024x768.jpg 1024w, https:\/\/www.santjosep.net\/wp-content\/uploads\/2017\/10\/12lugaressantjosep_esvedra-768x576.jpg 768w, https:\/\/www.santjosep.net\/wp-content\/uploads\/2017\/10\/12lugaressantjosep_esvedra-800x600.jpg 800w\" sizes=\"auto, (max-width: 1500px) 100vw, 1500px\" \/>\t\t\t\t\t\t\t\t<\/a>\n\t\t\t<\/div>\n        <div class=\"edgtf-bli-content\">\n                            <div class=\"edgtf-bli-date\">\n\t                <div itemprop=\"dateCreated\" class=\"edgtf-post-info-date entry-date published updated\">\n            <a itemprop=\"url\" href=\"https:\/\/www.santjosep.net\/nl\/2017\/10\/\">\n    \n        20 oktober 2017        <\/a>\n    <meta itemprop=\"interactionCount\" content=\"UserComments: 0\"\/>\n<\/div>                <\/div>\n            \t\n\t        \n<h4 itemprop=\"name\" class=\"entry-title edgtf-post-title\" >\n            <a itemprop=\"url\" href=\"https:\/\/www.santjosep.net\/nl\/12-plaatsen-in-sant-josep-die-niet-mogen-ontbreken-op-uw-instagram\/\" title=\"12 plaatsen in Sant Josep die niet mogen ontbreken op uw Instagram\">\n            12 plaatsen in Sant Josep die niet mogen ontbreken op uw Instagram            <\/a>\n    <\/h4>\n\t        <div class=\"edgtf-bli-info\">\n\t\t        <div class=\"edgtf-post-info-category\">\n    <a href=\"https:\/\/www.santjosep.net\/nl\/category\/stranden-nl\/\" rel=\"category tag\">Stranden<\/a>, <a href=\"https:\/\/www.santjosep.net\/nl\/category\/sunsets-nl\/\" rel=\"category tag\">Sunsets<\/a>, <a href=\"https:\/\/www.santjosep.net\/nl\/category\/volkeren-nl\/\" rel=\"category tag\">Volkeren<\/a><\/div>\t        <\/div>\n\n\t        <div class=\"edgtf-bli-excerpt\">\n\t\t        \t\t<div class=\"edgtf-post-excerpt-holder\">\n\t\t\t<p itemprop=\"description\" class=\"edgtf-post-excerpt\">\n\t\t\t\t[vc_row enable_hue_rotation=\"no\" enable_text_marquee=\"no\"][vc_column][vc_column_text]Zij het wegens het klimaat, de paradijselijke stranden, de essentie, gastronomie, de sfeer of contracten, Ibiza is een blijft een van de meest gefotografeerde eilanden ter wereld, en wij weten waarom. De gemeente Sant Josep stelt ons in\t\t\t<\/p>\n\t\t<\/div>\n\t\t\t        \t<div class=\"edgtf-post-read-more-button\">\n\t\t<a itemprop=\"url\" href=\"https:\/\/www.santjosep.net\/nl\/12-plaatsen-in-sant-josep-die-niet-mogen-ontbreken-op-uw-instagram\/\" target=\"_self\"  class=\"edgtf-btn edgtf-btn-medium edgtf-btn-simple edgtf-btn-switch-line edgtf-blog-list-button\"  >\t\t\t<span class=\"edgtf-btn-icon-element\"><\/span>\t\t<span class=\"edgtf-btn-text\">Lees meer\r<span class=\"edgtf-btn-text-line\" ><\/span><span class=\"edgtf-btn-switch-line\" ><\/span><\/span>\t<\/a>\t<\/div>\n\t        <\/div>\n        <\/div>\n\t<\/div>\n<\/li><li class=\"edgtf-bl-item clearfix\">\n\t<div class=\"edgtf-bli-inner\">\n\t\t\n\t<div class=\"edgtf-post-image\">\n\t\t\t\t\t<a itemprop=\"url\" href=\"https:\/\/www.santjosep.net\/nl\/6-zeemansgerechten-om-ibiza-te-leren-kennen\/\" title=\"6 Zeemansgerechten om Ibiza te leren kennen\">\n\t\t\t\t\t\t\t\t\t<img loading=\"lazy\" decoding=\"async\" width=\"890\" height=\"667\" src=\"https:\/\/www.santjosep.net\/wp-content\/uploads\/2017\/07\/cover_platosmarineros.jpg\" class=\"attachment-full size-full wp-post-image\" alt=\"\" srcset=\"https:\/\/www.santjosep.net\/wp-content\/uploads\/2017\/07\/cover_platosmarineros.jpg 890w, https:\/\/www.santjosep.net\/wp-content\/uploads\/2017\/07\/cover_platosmarineros-300x225.jpg 300w, https:\/\/www.santjosep.net\/wp-content\/uploads\/2017\/07\/cover_platosmarineros-768x576.jpg 768w, https:\/\/www.santjosep.net\/wp-content\/uploads\/2017\/07\/cover_platosmarineros-800x600.jpg 800w\" sizes=\"auto, (max-width: 890px) 100vw, 890px\" \/>\t\t\t\t\t\t\t\t<\/a>\n\t\t\t<\/div>\n        <div class=\"edgtf-bli-content\">\n                            <div class=\"edgtf-bli-date\">\n\t                <div itemprop=\"dateCreated\" class=\"edgtf-post-info-date entry-date published updated\">\n            <a itemprop=\"url\" href=\"https:\/\/www.santjosep.net\/nl\/2017\/07\/\">\n    \n        14 juli 2017        <\/a>\n    <meta itemprop=\"interactionCount\" content=\"UserComments: 0\"\/>\n<\/div>                <\/div>\n            \t\n\t        \n<h4 itemprop=\"name\" class=\"entry-title edgtf-post-title\" >\n            <a itemprop=\"url\" href=\"https:\/\/www.santjosep.net\/nl\/6-zeemansgerechten-om-ibiza-te-leren-kennen\/\" title=\"6 Zeemansgerechten om Ibiza te leren kennen\">\n            6 Zeemansgerechten om Ibiza te leren kennen            <\/a>\n    <\/h4>\n\t        <div class=\"edgtf-bli-info\">\n\t\t        <div class=\"edgtf-post-info-category\">\n    <a href=\"https:\/\/www.santjosep.net\/nl\/category\/gastronomie-nl\/\" rel=\"category tag\">Gastronomie<\/a><\/div>\t        <\/div>\n\n\t        <div class=\"edgtf-bli-excerpt\">\n\t\t        \t\t<div class=\"edgtf-post-excerpt-holder\">\n\t\t\t<p itemprop=\"description\" class=\"edgtf-post-excerpt\">\n\t\t\t\tOns eiland is over de hele wereld om verschillende redenen bekend, zowel door het nachtleven als de ontspanningsmogelijkheden en de natuur aan de kust en de prachtige stranden. Maar: welke rol speelt de gastronomie in deze presentatiebrief? Het eiland kent\t\t\t<\/p>\n\t\t<\/div>\n\t\t\t        \t<div class=\"edgtf-post-read-more-button\">\n\t\t<a itemprop=\"url\" href=\"https:\/\/www.santjosep.net\/nl\/6-zeemansgerechten-om-ibiza-te-leren-kennen\/\" target=\"_self\"  class=\"edgtf-btn edgtf-btn-medium edgtf-btn-simple edgtf-btn-switch-line edgtf-blog-list-button\"  >\t\t\t<span class=\"edgtf-btn-icon-element\"><\/span>\t\t<span class=\"edgtf-btn-text\">Lees meer\r<span class=\"edgtf-btn-text-line\" ><\/span><span class=\"edgtf-btn-switch-line\" ><\/span><\/span>\t<\/a>\t<\/div>\n\t        <\/div>\n        <\/div>\n\t<\/div>\n<\/li><li class=\"edgtf-bl-item clearfix\">\n\t<div class=\"edgtf-bli-inner\">\n\t\t\n\t<div class=\"edgtf-post-image\">\n\t\t\t\t\t<a itemprop=\"url\" href=\"https:\/\/www.santjosep.net\/nl\/ses-boques-in-sant-josep-ibiza\/\" title=\"Ses Boques in Sant Josep, Ibiza\">\n\t\t\t\t\t\t\t\t\t<img loading=\"lazy\" decoding=\"async\" width=\"890\" height=\"667\" src=\"https:\/\/www.santjosep.net\/wp-content\/uploads\/2017\/06\/cover_videos_0006_P1170132.jpg\" class=\"attachment-full size-full wp-post-image\" alt=\"\" srcset=\"https:\/\/www.santjosep.net\/wp-content\/uploads\/2017\/06\/cover_videos_0006_P1170132.jpg 890w, https:\/\/www.santjosep.net\/wp-content\/uploads\/2017\/06\/cover_videos_0006_P1170132-300x225.jpg 300w, https:\/\/www.santjosep.net\/wp-content\/uploads\/2017\/06\/cover_videos_0006_P1170132-768x576.jpg 768w, https:\/\/www.santjosep.net\/wp-content\/uploads\/2017\/06\/cover_videos_0006_P1170132-800x600.jpg 800w\" sizes=\"auto, (max-width: 890px) 100vw, 890px\" \/>\t\t\t\t\t\t\t\t<\/a>\n\t\t\t<\/div>\n        <div class=\"edgtf-bli-content\">\n                            <div class=\"edgtf-bli-date\">\n\t                <div itemprop=\"dateCreated\" class=\"edgtf-post-info-date entry-date published updated\">\n            <a itemprop=\"url\" href=\"https:\/\/www.santjosep.net\/nl\/2017\/06\/\">\n    \n        23 juni 2017        <\/a>\n    <meta itemprop=\"interactionCount\" content=\"UserComments: 0\"\/>\n<\/div>                <\/div>\n            \t\n\t        \n<h4 itemprop=\"name\" class=\"entry-title edgtf-post-title\" >\n            <a itemprop=\"url\" href=\"https:\/\/www.santjosep.net\/nl\/ses-boques-in-sant-josep-ibiza\/\" title=\"Ses Boques in Sant Josep, Ibiza\">\n            Ses Boques in Sant Josep, Ibiza            <\/a>\n    <\/h4>\n\t        <div class=\"edgtf-bli-info\">\n\t\t        <div class=\"edgtf-post-info-category\">\n    <a href=\"https:\/\/www.santjosep.net\/nl\/category\/gebieden-nl\/\" rel=\"category tag\">Gebieden<\/a>, <a href=\"https:\/\/www.santjosep.net\/nl\/category\/stranden-nl\/\" rel=\"category tag\">Stranden<\/a>, <a href=\"https:\/\/www.santjosep.net\/nl\/category\/video-nl\/\" rel=\"category tag\">Video<\/a><\/div>\t        <\/div>\n\n\t        <div class=\"edgtf-bli-excerpt\">\n\t\t        \t\t<div class=\"edgtf-post-excerpt-holder\">\n\t\t\t<p itemprop=\"description\" class=\"edgtf-post-excerpt\">\n\t\t\t\tSes Boques is een rustig strand met grote kiezenstenen, gelegen onder de klif van Es Cubells. Het strand valt op door de kleine afmeting en het ongerepte landschap, waardoor het een unieke achtergrond vormt. Vanwege de lokatie en de open\t\t\t<\/p>\n\t\t<\/div>\n\t\t\t        \t<div class=\"edgtf-post-read-more-button\">\n\t\t<a itemprop=\"url\" href=\"https:\/\/www.santjosep.net\/nl\/ses-boques-in-sant-josep-ibiza\/\" target=\"_self\"  class=\"edgtf-btn edgtf-btn-medium edgtf-btn-simple edgtf-btn-switch-line edgtf-blog-list-button\"  >\t\t\t<span class=\"edgtf-btn-icon-element\"><\/span>\t\t<span class=\"edgtf-btn-text\">Lees meer\r<span class=\"edgtf-btn-text-line\" ><\/span><span class=\"edgtf-btn-switch-line\" ><\/span><\/span>\t<\/a>\t<\/div>\n\t        <\/div>\n        <\/div>\n\t<\/div>\n<\/li><li class=\"edgtf-bl-item clearfix\">\n\t<div class=\"edgtf-bli-inner\">\n\t\t\n\t<div class=\"edgtf-post-image\">\n\t\t\t\t\t<a itemprop=\"url\" href=\"https:\/\/www.santjosep.net\/nl\/cubells-sant-josep-ibiza\/\" title=\"Es Cubells in Sant Josep, Ibiza\">\n\t\t\t\t\t\t\t\t\t<img loading=\"lazy\" decoding=\"async\" width=\"1000\" height=\"667\" src=\"https:\/\/www.santjosep.net\/wp-content\/uploads\/2017\/06\/cover_escubells-1.jpg\" class=\"attachment-full size-full wp-post-image\" alt=\"\" srcset=\"https:\/\/www.santjosep.net\/wp-content\/uploads\/2017\/06\/cover_escubells-1.jpg 1000w, https:\/\/www.santjosep.net\/wp-content\/uploads\/2017\/06\/cover_escubells-1-300x200.jpg 300w, https:\/\/www.santjosep.net\/wp-content\/uploads\/2017\/06\/cover_escubells-1-768x512.jpg 768w\" sizes=\"auto, (max-width: 1000px) 100vw, 1000px\" \/>\t\t\t\t\t\t\t\t<\/a>\n\t\t\t<\/div>\n        <div class=\"edgtf-bli-content\">\n                            <div class=\"edgtf-bli-date\">\n\t                <div itemprop=\"dateCreated\" class=\"edgtf-post-info-date entry-date published updated\">\n            <a itemprop=\"url\" href=\"https:\/\/www.santjosep.net\/nl\/2017\/06\/\">\n    \n        20 juni 2017        <\/a>\n    <meta itemprop=\"interactionCount\" content=\"UserComments: 0\"\/>\n<\/div>                <\/div>\n            \t\n\t        \n<h4 itemprop=\"name\" class=\"entry-title edgtf-post-title\" >\n            <a itemprop=\"url\" href=\"https:\/\/www.santjosep.net\/nl\/cubells-sant-josep-ibiza\/\" title=\"Es Cubells in Sant Josep, Ibiza\">\n            Es Cubells in Sant Josep, Ibiza            <\/a>\n    <\/h4>\n\t        <div class=\"edgtf-bli-info\">\n\t\t        <div class=\"edgtf-post-info-category\">\n    <a href=\"https:\/\/www.santjosep.net\/nl\/category\/gebieden-nl\/\" rel=\"category tag\">Gebieden<\/a>, <a href=\"https:\/\/www.santjosep.net\/nl\/category\/stranden-nl\/\" rel=\"category tag\">Stranden<\/a>, <a href=\"https:\/\/www.santjosep.net\/nl\/category\/video-nl\/\" rel=\"category tag\">Video<\/a>, <a href=\"https:\/\/www.santjosep.net\/nl\/category\/volkeren-nl\/\" rel=\"category tag\">Volkeren<\/a><\/div>\t        <\/div>\n\n\t        <div class=\"edgtf-bli-excerpt\">\n\t\t        \t\t<div class=\"edgtf-post-excerpt-holder\">\n\t\t\t<p itemprop=\"description\" class=\"edgtf-post-excerpt\">\n\t\t\t\tHet dorp Es Cubells bevindt zich vlakbij een klif waaronder het strand van Ses Boques ligt. In dit dorp staat een monument dat werd opgericht in 1996 en een eerbetoon is aan de zeelieden. Ook vindt u er een van\t\t\t<\/p>\n\t\t<\/div>\n\t\t\t        \t<div class=\"edgtf-post-read-more-button\">\n\t\t<a itemprop=\"url\" href=\"https:\/\/www.santjosep.net\/nl\/cubells-sant-josep-ibiza\/\" target=\"_self\"  class=\"edgtf-btn edgtf-btn-medium edgtf-btn-simple edgtf-btn-switch-line edgtf-blog-list-button\"  >\t\t\t<span class=\"edgtf-btn-icon-element\"><\/span>\t\t<span class=\"edgtf-btn-text\">Lees meer\r<span class=\"edgtf-btn-text-line\" ><\/span><span class=\"edgtf-btn-switch-line\" ><\/span><\/span>\t<\/a>\t<\/div>\n\t        <\/div>\n        <\/div>\n\t<\/div>\n<\/li><li class=\"edgtf-bl-item clearfix\">\n\t<div class=\"edgtf-bli-inner\">\n\t\t\n\t<div class=\"edgtf-post-image\">\n\t\t\t\t\t<a itemprop=\"url\" href=\"https:\/\/www.santjosep.net\/nl\/minigids-om-van-sant-josep-te-genieten-met-kinderen\/\" title=\"Minigids om van Sant Josep te genieten met kinderen\">\n\t\t\t\t\t\t\t\t\t<img loading=\"lazy\" decoding=\"async\" width=\"1200\" height=\"800\" src=\"https:\/\/www.santjosep.net\/wp-content\/uploads\/2017\/05\/play_playa_port_des_torrent.jpg\" class=\"attachment-full size-full wp-post-image\" alt=\"\" srcset=\"https:\/\/www.santjosep.net\/wp-content\/uploads\/2017\/05\/play_playa_port_des_torrent.jpg 1200w, https:\/\/www.santjosep.net\/wp-content\/uploads\/2017\/05\/play_playa_port_des_torrent-300x200.jpg 300w, https:\/\/www.santjosep.net\/wp-content\/uploads\/2017\/05\/play_playa_port_des_torrent-768x512.jpg 768w, https:\/\/www.santjosep.net\/wp-content\/uploads\/2017\/05\/play_playa_port_des_torrent-1024x683.jpg 1024w\" sizes=\"auto, (max-width: 1200px) 100vw, 1200px\" \/>\t\t\t\t\t\t\t\t<\/a>\n\t\t\t<\/div>\n        <div class=\"edgtf-bli-content\">\n                            <div class=\"edgtf-bli-date\">\n\t                <div itemprop=\"dateCreated\" class=\"edgtf-post-info-date entry-date published updated\">\n            <a itemprop=\"url\" href=\"https:\/\/www.santjosep.net\/nl\/2017\/05\/\">\n    \n        16 mei 2017        <\/a>\n    <meta itemprop=\"interactionCount\" content=\"UserComments: 0\"\/>\n<\/div>                <\/div>\n            \t\n\t        \n<h4 itemprop=\"name\" class=\"entry-title edgtf-post-title\" >\n            <a itemprop=\"url\" href=\"https:\/\/www.santjosep.net\/nl\/minigids-om-van-sant-josep-te-genieten-met-kinderen\/\" title=\"Minigids om van Sant Josep te genieten met kinderen\">\n            Minigids om van Sant Josep te genieten met kinderen            <\/a>\n    <\/h4>\n\t        <div class=\"edgtf-bli-info\">\n\t\t        <div class=\"edgtf-post-info-category\">\n    <a href=\"https:\/\/www.santjosep.net\/nl\/category\/gebieden-nl\/\" rel=\"category tag\">Gebieden<\/a>, <a href=\"https:\/\/www.santjosep.net\/nl\/category\/routes-nl\/\" rel=\"category tag\">Routes<\/a>, <a href=\"https:\/\/www.santjosep.net\/nl\/category\/stranden-nl\/\" rel=\"category tag\">Stranden<\/a>, <a href=\"https:\/\/www.santjosep.net\/nl\/category\/sunsets-nl\/\" rel=\"category tag\">Sunsets<\/a>, <a href=\"https:\/\/www.santjosep.net\/nl\/category\/uncategorized-nl\/\" rel=\"category tag\">uncategorized<\/a><\/div>\t        <\/div>\n\n\t        <div class=\"edgtf-bli-excerpt\">\n\t\t        \t\t<div class=\"edgtf-post-excerpt-holder\">\n\t\t\t<p itemprop=\"description\" class=\"edgtf-post-excerpt\">\n\t\t\t\tEen reis met de kinderen naar Sant Josep de sa Talaia plannen kan een unieke en complete ervaring zijn. Er is niets beters dan kinderen in contact te brengen met de natuur door met ze te gaan wandelen, ze de\t\t\t<\/p>\n\t\t<\/div>\n\t\t\t        \t<div class=\"edgtf-post-read-more-button\">\n\t\t<a itemprop=\"url\" href=\"https:\/\/www.santjosep.net\/nl\/minigids-om-van-sant-josep-te-genieten-met-kinderen\/\" target=\"_self\"  class=\"edgtf-btn edgtf-btn-medium edgtf-btn-simple edgtf-btn-switch-line edgtf-blog-list-button\"  >\t\t\t<span class=\"edgtf-btn-icon-element\"><\/span>\t\t<span class=\"edgtf-btn-text\">Lees meer\r<span class=\"edgtf-btn-text-line\" ><\/span><span class=\"edgtf-btn-switch-line\" ><\/span><\/span>\t<\/a>\t<\/div>\n\t        <\/div>\n        <\/div>\n\t<\/div>\n<\/li><li class=\"edgtf-bl-item clearfix\">\n\t<div class=\"edgtf-bli-inner\">\n\t\t\n\t<div class=\"edgtf-post-image\">\n\t\t\t\t\t<a itemprop=\"url\" href=\"https:\/\/www.santjosep.net\/nl\/een-wandeling-naar-het-hart-van-de-gemeente-sant-josep-de-sa-talaia-benimussa\/\" title=\"Een wandeling naar het hart van de gemeente Sant Josep de sa Talaia: Benimussa\">\n\t\t\t\t\t\t\t\t\t<img loading=\"lazy\" decoding=\"async\" width=\"890\" height=\"667\" src=\"https:\/\/www.santjosep.net\/wp-content\/uploads\/2017\/03\/cover2.jpg\" class=\"attachment-full size-full wp-post-image\" alt=\"\" srcset=\"https:\/\/www.santjosep.net\/wp-content\/uploads\/2017\/03\/cover2.jpg 890w, https:\/\/www.santjosep.net\/wp-content\/uploads\/2017\/03\/cover2-300x225.jpg 300w, https:\/\/www.santjosep.net\/wp-content\/uploads\/2017\/03\/cover2-768x576.jpg 768w, https:\/\/www.santjosep.net\/wp-content\/uploads\/2017\/03\/cover2-800x600.jpg 800w\" sizes=\"auto, (max-width: 890px) 100vw, 890px\" \/>\t\t\t\t\t\t\t\t<\/a>\n\t\t\t<\/div>\n        <div class=\"edgtf-bli-content\">\n                            <div class=\"edgtf-bli-date\">\n\t                <div itemprop=\"dateCreated\" class=\"edgtf-post-info-date entry-date published updated\">\n            <a itemprop=\"url\" href=\"https:\/\/www.santjosep.net\/nl\/2017\/03\/\">\n    \n        2 maart 2017        <\/a>\n    <meta itemprop=\"interactionCount\" content=\"UserComments: 0\"\/>\n<\/div>                <\/div>\n            \t\n\t        \n<h4 itemprop=\"name\" class=\"entry-title edgtf-post-title\" >\n            <a itemprop=\"url\" href=\"https:\/\/www.santjosep.net\/nl\/een-wandeling-naar-het-hart-van-de-gemeente-sant-josep-de-sa-talaia-benimussa\/\" title=\"Een wandeling naar het hart van de gemeente Sant Josep de sa Talaia: Benimussa\">\n            Een wandeling naar het hart van de gemeente Sant Josep de sa Talaia: Benimussa            <\/a>\n    <\/h4>\n\t        <div class=\"edgtf-bli-info\">\n\t\t        <div class=\"edgtf-post-info-category\">\n    <a href=\"https:\/\/www.santjosep.net\/nl\/category\/gebieden-nl\/\" rel=\"category tag\">Gebieden<\/a>, <a href=\"https:\/\/www.santjosep.net\/nl\/category\/routes-nl\/\" rel=\"category tag\">Routes<\/a>, <a href=\"https:\/\/www.santjosep.net\/nl\/category\/wandelen-nl\/\" rel=\"category tag\">Wandelen<\/a><\/div>\t        <\/div>\n\n\t        <div class=\"edgtf-bli-excerpt\">\n\t\t        \t\t<div class=\"edgtf-post-excerpt-holder\">\n\t\t\t<p itemprop=\"description\" class=\"edgtf-post-excerpt\">\n\t\t\t\tIn de gemeente Sant Josep vindt u diverse landschappen: stranden met mediterrane schoonheid, majestueuze kliffen, groene bergen met pijnbomen en natuurlijk het platteland. \r\nDat is een belangrijk onderdeel deel van het grondgebied omdat het essentieel was voor het levensonderhoud van\t\t\t<\/p>\n\t\t<\/div>\n\t\t\t        \t<div class=\"edgtf-post-read-more-button\">\n\t\t<a itemprop=\"url\" href=\"https:\/\/www.santjosep.net\/nl\/een-wandeling-naar-het-hart-van-de-gemeente-sant-josep-de-sa-talaia-benimussa\/\" target=\"_self\"  class=\"edgtf-btn edgtf-btn-medium edgtf-btn-simple edgtf-btn-switch-line edgtf-blog-list-button\"  >\t\t\t<span class=\"edgtf-btn-icon-element\"><\/span>\t\t<span class=\"edgtf-btn-text\">Lees meer\r<span class=\"edgtf-btn-text-line\" ><\/span><span class=\"edgtf-btn-switch-line\" ><\/span><\/span>\t<\/a>\t<\/div>\n\t        <\/div>\n        <\/div>\n\t<\/div>\n<\/li><li class=\"edgtf-bl-item clearfix\">\n\t<div class=\"edgtf-bli-inner\">\n\t\t\n\t<div class=\"edgtf-post-image\">\n\t\t\t\t\t<a itemprop=\"url\" href=\"https:\/\/www.santjosep.net\/nl\/101-redenen-om-naar-sant-josep-te-gaan\/\" title=\"10+1 Redenen om naar Sant Josep te gaan\">\n\t\t\t\t\t\t\t\t\t<img loading=\"lazy\" decoding=\"async\" width=\"890\" height=\"667\" src=\"https:\/\/www.santjosep.net\/wp-content\/uploads\/2016\/12\/cover.jpg\" class=\"attachment-full size-full wp-post-image\" alt=\"\" srcset=\"https:\/\/www.santjosep.net\/wp-content\/uploads\/2016\/12\/cover.jpg 890w, https:\/\/www.santjosep.net\/wp-content\/uploads\/2016\/12\/cover-300x225.jpg 300w, https:\/\/www.santjosep.net\/wp-content\/uploads\/2016\/12\/cover-768x576.jpg 768w, https:\/\/www.santjosep.net\/wp-content\/uploads\/2016\/12\/cover-800x600.jpg 800w\" sizes=\"auto, (max-width: 890px) 100vw, 890px\" \/>\t\t\t\t\t\t\t\t<\/a>\n\t\t\t<\/div>\n        <div class=\"edgtf-bli-content\">\n                            <div class=\"edgtf-bli-date\">\n\t                <div itemprop=\"dateCreated\" class=\"edgtf-post-info-date entry-date published updated\">\n            <a itemprop=\"url\" href=\"https:\/\/www.santjosep.net\/nl\/2016\/12\/\">\n    \n        13 december 2016        <\/a>\n    <meta itemprop=\"interactionCount\" content=\"UserComments: 0\"\/>\n<\/div>                <\/div>\n            \t\n\t        \n<h4 itemprop=\"name\" class=\"entry-title edgtf-post-title\" >\n            <a itemprop=\"url\" href=\"https:\/\/www.santjosep.net\/nl\/101-redenen-om-naar-sant-josep-te-gaan\/\" title=\"10+1 Redenen om naar Sant Josep te gaan\">\n            10+1 Redenen om naar Sant Josep te gaan            <\/a>\n    <\/h4>\n\t        <div class=\"edgtf-bli-info\">\n\t\t        <div class=\"edgtf-post-info-category\">\n    <a href=\"https:\/\/www.santjosep.net\/nl\/category\/evenementen-nl\/\" rel=\"category tag\">Evenementen<\/a>, <a href=\"https:\/\/www.santjosep.net\/nl\/category\/gebieden-nl\/\" rel=\"category tag\">Gebieden<\/a>, <a href=\"https:\/\/www.santjosep.net\/nl\/category\/stranden-nl\/\" rel=\"category tag\">Stranden<\/a>, <a href=\"https:\/\/www.santjosep.net\/nl\/category\/sunsets-nl\/\" rel=\"category tag\">Sunsets<\/a>, <a href=\"https:\/\/www.santjosep.net\/nl\/category\/volkeren-nl\/\" rel=\"category tag\">Volkeren<\/a><\/div>\t        <\/div>\n\n\t        <div class=\"edgtf-bli-excerpt\">\n\t\t        \t\t<div class=\"edgtf-post-excerpt-holder\">\n\t\t\t<p itemprop=\"description\" class=\"edgtf-post-excerpt\">\n\t\t\t\tKlik HIER om de folder \u201c10+1 Redenen om naar Sant Josep te gaan\u201d te downloaden\t\t\t<\/p>\n\t\t<\/div>\n\t\t\t        \t<div class=\"edgtf-post-read-more-button\">\n\t\t<a itemprop=\"url\" href=\"https:\/\/www.santjosep.net\/nl\/101-redenen-om-naar-sant-josep-te-gaan\/\" target=\"_self\"  class=\"edgtf-btn edgtf-btn-medium edgtf-btn-simple edgtf-btn-switch-line edgtf-blog-list-button\"  >\t\t\t<span class=\"edgtf-btn-icon-element\"><\/span>\t\t<span class=\"edgtf-btn-text\">Lees meer\r<span class=\"edgtf-btn-text-line\" ><\/span><span class=\"edgtf-btn-switch-line\" ><\/span><\/span>\t<\/a>\t<\/div>\n\t        <\/div>\n        <\/div>\n\t<\/div>\n<\/li><li class=\"edgtf-bl-item clearfix\">\n\t<div class=\"edgtf-bli-inner\">\n\t\t\n\t<div class=\"edgtf-post-image\">\n\t\t\t\t\t<a itemprop=\"url\" href=\"https:\/\/www.santjosep.net\/nl\/10-dingen-die-u-beslist-moet-doen-in-sant-josep\/\" title=\"10 dingen die u beslist moet doen in Sant Josep\">\n\t\t\t\t\t\t\t\t\t<img loading=\"lazy\" decoding=\"async\" width=\"1000\" height=\"667\" src=\"https:\/\/www.santjosep.net\/wp-content\/uploads\/2013\/11\/tropicanacalajondal_IMG_7889.jpg\" class=\"attachment-full size-full wp-post-image\" alt=\"\" srcset=\"https:\/\/www.santjosep.net\/wp-content\/uploads\/2013\/11\/tropicanacalajondal_IMG_7889.jpg 1000w, https:\/\/www.santjosep.net\/wp-content\/uploads\/2013\/11\/tropicanacalajondal_IMG_7889-300x200.jpg 300w\" sizes=\"auto, (max-width: 1000px) 100vw, 1000px\" \/>\t\t\t\t\t\t\t\t<\/a>\n\t\t\t<\/div>\n        <div class=\"edgtf-bli-content\">\n                            <div class=\"edgtf-bli-date\">\n\t                <div itemprop=\"dateCreated\" class=\"edgtf-post-info-date entry-date published updated\">\n            <a itemprop=\"url\" href=\"https:\/\/www.santjosep.net\/nl\/2016\/11\/\">\n    \n        14 november 2016        <\/a>\n    <meta itemprop=\"interactionCount\" content=\"UserComments: 0\"\/>\n<\/div>                <\/div>\n            \t\n\t        \n<h4 itemprop=\"name\" class=\"entry-title edgtf-post-title\" >\n            <a itemprop=\"url\" href=\"https:\/\/www.santjosep.net\/nl\/10-dingen-die-u-beslist-moet-doen-in-sant-josep\/\" title=\"10 dingen die u beslist moet doen in Sant Josep\">\n            10 dingen die u beslist moet doen in Sant Josep            <\/a>\n    <\/h4>\n\t        <div class=\"edgtf-bli-info\">\n\t\t        <div class=\"edgtf-post-info-category\">\n    <a href=\"https:\/\/www.santjosep.net\/nl\/category\/evenementen-nl\/\" rel=\"category tag\">Evenementen<\/a>, <a href=\"https:\/\/www.santjosep.net\/nl\/category\/routes-nl\/\" rel=\"category tag\">Routes<\/a>, <a href=\"https:\/\/www.santjosep.net\/nl\/category\/stranden-nl\/\" rel=\"category tag\">Stranden<\/a>, <a href=\"https:\/\/www.santjosep.net\/nl\/category\/sunsets-nl\/\" rel=\"category tag\">Sunsets<\/a>, <a href=\"https:\/\/www.santjosep.net\/nl\/category\/volkeren-nl\/\" rel=\"category tag\">Volkeren<\/a>, <a href=\"https:\/\/www.santjosep.net\/nl\/category\/wandelen-nl\/\" rel=\"category tag\">Wandelen<\/a><\/div>\t        <\/div>\n\n\t        <div class=\"edgtf-bli-excerpt\">\n\t\t        \t\t<div class=\"edgtf-post-excerpt-holder\">\n\t\t\t<p itemprop=\"description\" class=\"edgtf-post-excerpt\">\n\t\t\t\tAls grootste gemeente van Ibiza heeft Sant Josep talrijke plaatsen die de moeite waard zijn om tijdens uw vakantie op het eiland te bezoeken. En om ervoor te zorgen dat u geen enkel detail mist, noemen wij hier 10 dingen\t\t\t<\/p>\n\t\t<\/div>\n\t\t\t        \t<div class=\"edgtf-post-read-more-button\">\n\t\t<a itemprop=\"url\" href=\"https:\/\/www.santjosep.net\/nl\/10-dingen-die-u-beslist-moet-doen-in-sant-josep\/\" target=\"_self\"  class=\"edgtf-btn edgtf-btn-medium edgtf-btn-simple edgtf-btn-switch-line edgtf-blog-list-button\"  >\t\t\t<span class=\"edgtf-btn-icon-element\"><\/span>\t\t<span class=\"edgtf-btn-text\">Lees meer\r<span class=\"edgtf-btn-text-line\" ><\/span><span class=\"edgtf-btn-switch-line\" ><\/span><\/span>\t<\/a>\t<\/div>\n\t        <\/div>\n        <\/div>\n\t<\/div>\n<\/li><li class=\"edgtf-bl-item clearfix\">\n\t<div class=\"edgtf-bli-inner\">\n\t\t\n\t<div class=\"edgtf-post-image\">\n\t\t\t\t\t<a itemprop=\"url\" href=\"https:\/\/www.santjosep.net\/nl\/72-uur-in-sant-josep-ibiza-deel-2\/\" title=\"72 Uur in Sant Josep \u2013 Ibiza (Deel 2)\">\n\t\t\t\t\t\t\t\t\t<img loading=\"lazy\" decoding=\"async\" width=\"1000\" height=\"667\" src=\"https:\/\/www.santjosep.net\/wp-content\/uploads\/2016\/09\/esvedra.jpg\" class=\"attachment-full size-full wp-post-image\" alt=\"\" srcset=\"https:\/\/www.santjosep.net\/wp-content\/uploads\/2016\/09\/esvedra.jpg 1000w, https:\/\/www.santjosep.net\/wp-content\/uploads\/2016\/09\/esvedra-300x200.jpg 300w, https:\/\/www.santjosep.net\/wp-content\/uploads\/2016\/09\/esvedra-768x512.jpg 768w\" sizes=\"auto, (max-width: 1000px) 100vw, 1000px\" \/>\t\t\t\t\t\t\t\t<\/a>\n\t\t\t<\/div>\n        <div class=\"edgtf-bli-content\">\n                            <div class=\"edgtf-bli-date\">\n\t                <div itemprop=\"dateCreated\" class=\"edgtf-post-info-date entry-date published updated\">\n            <a itemprop=\"url\" href=\"https:\/\/www.santjosep.net\/nl\/2016\/09\/\">\n    \n        29 september 2016        <\/a>\n    <meta itemprop=\"interactionCount\" content=\"UserComments: 0\"\/>\n<\/div>                <\/div>\n            \t\n\t        \n<h4 itemprop=\"name\" class=\"entry-title edgtf-post-title\" >\n            <a itemprop=\"url\" href=\"https:\/\/www.santjosep.net\/nl\/72-uur-in-sant-josep-ibiza-deel-2\/\" title=\"72 Uur in Sant Josep \u2013 Ibiza (Deel 2)\">\n            72 Uur in Sant Josep \u2013 Ibiza (Deel 2)            <\/a>\n    <\/h4>\n\t        <div class=\"edgtf-bli-info\">\n\t\t        <div class=\"edgtf-post-info-category\">\n    <a href=\"https:\/\/www.santjosep.net\/nl\/category\/stranden-nl\/\" rel=\"category tag\">Stranden<\/a>, <a href=\"https:\/\/www.santjosep.net\/nl\/category\/sunsets-nl\/\" rel=\"category tag\">Sunsets<\/a>, <a href=\"https:\/\/www.santjosep.net\/nl\/category\/uncategorized-nl\/\" rel=\"category tag\">uncategorized<\/a>, <a href=\"https:\/\/www.santjosep.net\/nl\/category\/volkeren-nl\/\" rel=\"category tag\">Volkeren<\/a>, <a href=\"https:\/\/www.santjosep.net\/nl\/category\/wandelen-nl\/\" rel=\"category tag\">Wandelen<\/a><\/div>\t        <\/div>\n\n\t        <div class=\"edgtf-bli-excerpt\">\n\t\t        \t\t<div class=\"edgtf-post-excerpt-holder\">\n\t\t\t<p itemprop=\"description\" class=\"edgtf-post-excerpt\">\n\t\t\t\tWe gaan verder met deze kleine gids door de gemeente Sant Josep de sa Talaia in 72 uur.\r\n\r\nAls u het eerste deel van deze gids nog niet heeft gelezen, dan vindt u die hier.\r\nZaterdag\r\n19u. Voordat de zon onder gaat moet\t\t\t<\/p>\n\t\t<\/div>\n\t\t\t        \t<div class=\"edgtf-post-read-more-button\">\n\t\t<a itemprop=\"url\" href=\"https:\/\/www.santjosep.net\/nl\/72-uur-in-sant-josep-ibiza-deel-2\/\" target=\"_self\"  class=\"edgtf-btn edgtf-btn-medium edgtf-btn-simple edgtf-btn-switch-line edgtf-blog-list-button\"  >\t\t\t<span class=\"edgtf-btn-icon-element\"><\/span>\t\t<span class=\"edgtf-btn-text\">Lees meer\r<span class=\"edgtf-btn-text-line\" ><\/span><span class=\"edgtf-btn-switch-line\" ><\/span><\/span>\t<\/a>\t<\/div>\n\t        <\/div>\n        <\/div>\n\t<\/div>\n<\/li><li class=\"edgtf-bl-item clearfix\">\n\t<div class=\"edgtf-bli-inner\">\n\t\t\n\t<div class=\"edgtf-post-image\">\n\t\t\t\t\t<a itemprop=\"url\" href=\"https:\/\/www.santjosep.net\/nl\/platges-comte-sant-josep-ibiza\/\" title=\"Platges de Comte in Sant Josep \u2013 Ibiza\">\n\t\t\t\t\t\t\t\t\t<img loading=\"lazy\" decoding=\"async\" width=\"1000\" height=\"667\" src=\"https:\/\/www.santjosep.net\/wp-content\/uploads\/2016\/09\/cover_videos_platgesdecomte.jpg\" class=\"attachment-full size-full wp-post-image\" alt=\"\" srcset=\"https:\/\/www.santjosep.net\/wp-content\/uploads\/2016\/09\/cover_videos_platgesdecomte.jpg 1000w, https:\/\/www.santjosep.net\/wp-content\/uploads\/2016\/09\/cover_videos_platgesdecomte-300x200.jpg 300w, https:\/\/www.santjosep.net\/wp-content\/uploads\/2016\/09\/cover_videos_platgesdecomte-768x512.jpg 768w\" sizes=\"auto, (max-width: 1000px) 100vw, 1000px\" \/>\t\t\t\t\t\t\t\t<\/a>\n\t\t\t<\/div>\n        <div class=\"edgtf-bli-content\">\n                            <div class=\"edgtf-bli-date\">\n\t                <div itemprop=\"dateCreated\" class=\"edgtf-post-info-date entry-date published updated\">\n            <a itemprop=\"url\" href=\"https:\/\/www.santjosep.net\/nl\/2016\/09\/\">\n    \n        1 september 2016        <\/a>\n    <meta itemprop=\"interactionCount\" content=\"UserComments: 0\"\/>\n<\/div>                <\/div>\n            \t\n\t        \n<h4 itemprop=\"name\" class=\"entry-title edgtf-post-title\" >\n            <a itemprop=\"url\" href=\"https:\/\/www.santjosep.net\/nl\/platges-comte-sant-josep-ibiza\/\" title=\"Platges de Comte in Sant Josep \u2013 Ibiza\">\n            Platges de Comte in Sant Josep \u2013 Ibiza            <\/a>\n    <\/h4>\n\t        <div class=\"edgtf-bli-info\">\n\t\t        <div class=\"edgtf-post-info-category\">\n    <a href=\"https:\/\/www.santjosep.net\/nl\/category\/routes-nl\/\" rel=\"category tag\">Routes<\/a>, <a href=\"https:\/\/www.santjosep.net\/nl\/category\/stranden-nl\/\" rel=\"category tag\">Stranden<\/a>, <a href=\"https:\/\/www.santjosep.net\/nl\/category\/video-nl\/\" rel=\"category tag\">Video<\/a><\/div>\t        <\/div>\n\n\t        <div class=\"edgtf-bli-excerpt\">\n\t\t        \t\t<div class=\"edgtf-post-excerpt-holder\">\n\t\t\t<p itemprop=\"description\" class=\"edgtf-post-excerpt\">\n\t\t\t\tPlatges de Comte is een van de paradijzen van Ibiza. Het kristalheldere water, witte zand, talrijke baaitjes waar u kunt zwemmen, panoramische uitzichten en ongelofelijke zonsondergangen maken het een must voor alle bezoekers van het eiland. Hier vindt u meer\t\t\t<\/p>\n\t\t<\/div>\n\t\t\t        \t<div class=\"edgtf-post-read-more-button\">\n\t\t<a itemprop=\"url\" href=\"https:\/\/www.santjosep.net\/nl\/platges-comte-sant-josep-ibiza\/\" target=\"_self\"  class=\"edgtf-btn edgtf-btn-medium edgtf-btn-simple edgtf-btn-switch-line edgtf-blog-list-button\"  >\t\t\t<span class=\"edgtf-btn-icon-element\"><\/span>\t\t<span class=\"edgtf-btn-text\">Lees meer\r<span class=\"edgtf-btn-text-line\" ><\/span><span class=\"edgtf-btn-switch-line\" ><\/span><\/span>\t<\/a>\t<\/div>\n\t        <\/div>\n        <\/div>\n\t<\/div>\n<\/li><li class=\"edgtf-bl-item clearfix\">\n\t<div class=\"edgtf-bli-inner\">\n\t\t\n\t<div class=\"edgtf-post-image\">\n\t\t\t\t\t<a itemprop=\"url\" href=\"https:\/\/www.santjosep.net\/nl\/72-uur-in-sant-josep-ibiza\/\" title=\"72 Uur in Sant Josep \u2013 Ibiza (Deel 1)\">\n\t\t\t\t\t\t\t\t\t<img loading=\"lazy\" decoding=\"async\" width=\"1000\" height=\"667\" src=\"https:\/\/www.santjosep.net\/wp-content\/uploads\/2016\/08\/sesboques_IMG_0965.jpg\" class=\"attachment-full size-full wp-post-image\" alt=\"\" srcset=\"https:\/\/www.santjosep.net\/wp-content\/uploads\/2016\/08\/sesboques_IMG_0965.jpg 1000w, https:\/\/www.santjosep.net\/wp-content\/uploads\/2016\/08\/sesboques_IMG_0965-300x200.jpg 300w, https:\/\/www.santjosep.net\/wp-content\/uploads\/2016\/08\/sesboques_IMG_0965-768x512.jpg 768w\" sizes=\"auto, (max-width: 1000px) 100vw, 1000px\" \/>\t\t\t\t\t\t\t\t<\/a>\n\t\t\t<\/div>\n        <div class=\"edgtf-bli-content\">\n                            <div class=\"edgtf-bli-date\">\n\t                <div itemprop=\"dateCreated\" class=\"edgtf-post-info-date entry-date published updated\">\n            <a itemprop=\"url\" href=\"https:\/\/www.santjosep.net\/nl\/2016\/08\/\">\n    \n        10 augustus 2016        <\/a>\n    <meta itemprop=\"interactionCount\" content=\"UserComments: 0\"\/>\n<\/div>                <\/div>\n            \t\n\t        \n<h4 itemprop=\"name\" class=\"entry-title edgtf-post-title\" >\n            <a itemprop=\"url\" href=\"https:\/\/www.santjosep.net\/nl\/72-uur-in-sant-josep-ibiza\/\" title=\"72 Uur in Sant Josep \u2013 Ibiza (Deel 1)\">\n            72 Uur in Sant Josep \u2013 Ibiza (Deel 1)            <\/a>\n    <\/h4>\n\t        <div class=\"edgtf-bli-info\">\n\t\t        <div class=\"edgtf-post-info-category\">\n    <a href=\"https:\/\/www.santjosep.net\/nl\/category\/gebieden-nl\/\" rel=\"category tag\">Gebieden<\/a>, <a href=\"https:\/\/www.santjosep.net\/nl\/category\/routes-nl\/\" rel=\"category tag\">Routes<\/a>, <a href=\"https:\/\/www.santjosep.net\/nl\/category\/stranden-nl\/\" rel=\"category tag\">Stranden<\/a>, <a href=\"https:\/\/www.santjosep.net\/nl\/category\/volkeren-nl\/\" rel=\"category tag\">Volkeren<\/a>, <a href=\"https:\/\/www.santjosep.net\/nl\/category\/wandelen-nl\/\" rel=\"category tag\">Wandelen<\/a><\/div>\t        <\/div>\n\n\t        <div class=\"edgtf-bli-excerpt\">\n\t\t        \t\t<div class=\"edgtf-post-excerpt-holder\">\n\t\t\t<p itemprop=\"description\" class=\"edgtf-post-excerpt\">\n\t\t\t\tHet is tijd om een uitstapje te maken, ook al is het maar een weekend, om de dagelijkse sfeer te doorbreken. En welke plaats is daar beter geschikt voor dan het magische eiland Ibiza om uit te rusten en te\t\t\t<\/p>\n\t\t<\/div>\n\t\t\t        \t<div class=\"edgtf-post-read-more-button\">\n\t\t<a itemprop=\"url\" href=\"https:\/\/www.santjosep.net\/nl\/72-uur-in-sant-josep-ibiza\/\" target=\"_self\"  class=\"edgtf-btn edgtf-btn-medium edgtf-btn-simple edgtf-btn-switch-line edgtf-blog-list-button\"  >\t\t\t<span class=\"edgtf-btn-icon-element\"><\/span>\t\t<span class=\"edgtf-btn-text\">Lees meer\r<span class=\"edgtf-btn-text-line\" ><\/span><span class=\"edgtf-btn-switch-line\" ><\/span><\/span>\t<\/a>\t<\/div>\n\t        <\/div>\n        <\/div>\n\t<\/div>\n<\/li><li class=\"edgtf-bl-item clearfix\">\n\t<div class=\"edgtf-bli-inner\">\n\t\t\n\t<div class=\"edgtf-post-image\">\n\t\t\t\t\t<a itemprop=\"url\" href=\"https:\/\/www.santjosep.net\/nl\/het-strand-van-cala-dhort-in-sant-josep-ibiza\/\" title=\"Het strand van Cala d\u2019Hort in Sant Josep \u2013 Ibiza\">\n\t\t\t\t\t\t\t\t\t<img loading=\"lazy\" decoding=\"async\" width=\"1000\" height=\"667\" src=\"https:\/\/www.santjosep.net\/wp-content\/uploads\/2016\/07\/covercaladhort.jpg\" class=\"attachment-full size-full wp-post-image\" alt=\"\" srcset=\"https:\/\/www.santjosep.net\/wp-content\/uploads\/2016\/07\/covercaladhort.jpg 1000w, https:\/\/www.santjosep.net\/wp-content\/uploads\/2016\/07\/covercaladhort-300x200.jpg 300w, https:\/\/www.santjosep.net\/wp-content\/uploads\/2016\/07\/covercaladhort-768x512.jpg 768w\" sizes=\"auto, (max-width: 1000px) 100vw, 1000px\" \/>\t\t\t\t\t\t\t\t<\/a>\n\t\t\t<\/div>\n        <div class=\"edgtf-bli-content\">\n                            <div class=\"edgtf-bli-date\">\n\t                <div itemprop=\"dateCreated\" class=\"edgtf-post-info-date entry-date published updated\">\n            <a itemprop=\"url\" href=\"https:\/\/www.santjosep.net\/nl\/2016\/07\/\">\n    \n        21 juli 2016        <\/a>\n    <meta itemprop=\"interactionCount\" content=\"UserComments: 0\"\/>\n<\/div>                <\/div>\n            \t\n\t        \n<h4 itemprop=\"name\" class=\"entry-title edgtf-post-title\" >\n            <a itemprop=\"url\" href=\"https:\/\/www.santjosep.net\/nl\/het-strand-van-cala-dhort-in-sant-josep-ibiza\/\" title=\"Het strand van Cala d\u2019Hort in Sant Josep \u2013 Ibiza\">\n            Het strand van Cala d\u2019Hort in Sant Josep \u2013 Ibiza            <\/a>\n    <\/h4>\n\t        <div class=\"edgtf-bli-info\">\n\t\t        <div class=\"edgtf-post-info-category\">\n    <a href=\"https:\/\/www.santjosep.net\/nl\/category\/gebieden-nl\/\" rel=\"category tag\">Gebieden<\/a>, <a href=\"https:\/\/www.santjosep.net\/nl\/category\/routes-nl\/\" rel=\"category tag\">Routes<\/a>, <a href=\"https:\/\/www.santjosep.net\/nl\/category\/stranden-nl\/\" rel=\"category tag\">Stranden<\/a>, <a href=\"https:\/\/www.santjosep.net\/nl\/category\/video-nl\/\" rel=\"category tag\">Video<\/a><\/div>\t        <\/div>\n\n\t        <div class=\"edgtf-bli-excerpt\">\n\t\t        \t\t<div class=\"edgtf-post-excerpt-holder\">\n\t\t\t<p itemprop=\"description\" class=\"edgtf-post-excerpt\">\n\t\t\t\tHet strand van Cala d\u2019Hort, tegenover het rotseiland Es Vedr\u00e0, is een van de meest emblematische plaatsen van het eiland Ibiza. Het is gelegen in het zuidwesten van het eiland en aan de kust liggen veel steile kliffen. Het water\t\t\t<\/p>\n\t\t<\/div>\n\t\t\t        \t<div class=\"edgtf-post-read-more-button\">\n\t\t<a itemprop=\"url\" href=\"https:\/\/www.santjosep.net\/nl\/het-strand-van-cala-dhort-in-sant-josep-ibiza\/\" target=\"_self\"  class=\"edgtf-btn edgtf-btn-medium edgtf-btn-simple edgtf-btn-switch-line edgtf-blog-list-button\"  >\t\t\t<span class=\"edgtf-btn-icon-element\"><\/span>\t\t<span class=\"edgtf-btn-text\">Lees meer\r<span class=\"edgtf-btn-text-line\" ><\/span><span class=\"edgtf-btn-switch-line\" ><\/span><\/span>\t<\/a>\t<\/div>\n\t        <\/div>\n        <\/div>\n\t<\/div>\n<\/li><li class=\"edgtf-bl-item clearfix\">\n\t<div class=\"edgtf-bli-inner\">\n\t\t\n\t<div class=\"edgtf-post-image\">\n\t\t\t\t\t<a itemprop=\"url\" href=\"https:\/\/www.santjosep.net\/nl\/cala-tarida-video-sant-josep-ibiza\/\" title=\"Cala Tarida Sant Josep \u2013 Ibiza\">\n\t\t\t\t\t\t\t\t\t<img loading=\"lazy\" decoding=\"async\" width=\"1000\" height=\"667\" src=\"https:\/\/www.santjosep.net\/wp-content\/uploads\/2016\/06\/thumbcalatarida.jpg\" class=\"attachment-full size-full wp-post-image\" alt=\"\" srcset=\"https:\/\/www.santjosep.net\/wp-content\/uploads\/2016\/06\/thumbcalatarida.jpg 1000w, https:\/\/www.santjosep.net\/wp-content\/uploads\/2016\/06\/thumbcalatarida-300x200.jpg 300w, https:\/\/www.santjosep.net\/wp-content\/uploads\/2016\/06\/thumbcalatarida-768x512.jpg 768w\" sizes=\"auto, (max-width: 1000px) 100vw, 1000px\" \/>\t\t\t\t\t\t\t\t<\/a>\n\t\t\t<\/div>\n        <div class=\"edgtf-bli-content\">\n                            <div class=\"edgtf-bli-date\">\n\t                <div itemprop=\"dateCreated\" class=\"edgtf-post-info-date entry-date published updated\">\n            <a itemprop=\"url\" href=\"https:\/\/www.santjosep.net\/nl\/2016\/06\/\">\n    \n        2 juni 2016        <\/a>\n    <meta itemprop=\"interactionCount\" content=\"UserComments: 0\"\/>\n<\/div>                <\/div>\n            \t\n\t        \n<h4 itemprop=\"name\" class=\"entry-title edgtf-post-title\" >\n            <a itemprop=\"url\" href=\"https:\/\/www.santjosep.net\/nl\/cala-tarida-video-sant-josep-ibiza\/\" title=\"Cala Tarida Sant Josep \u2013 Ibiza\">\n            Cala Tarida Sant Josep \u2013 Ibiza            <\/a>\n    <\/h4>\n\t        <div class=\"edgtf-bli-info\">\n\t\t        <div class=\"edgtf-post-info-category\">\n    <a href=\"https:\/\/www.santjosep.net\/nl\/category\/routes-nl\/\" rel=\"category tag\">Routes<\/a>, <a href=\"https:\/\/www.santjosep.net\/nl\/category\/video-nl\/\" rel=\"category tag\">Video<\/a><\/div>\t        <\/div>\n\n\t        <div class=\"edgtf-bli-excerpt\">\n\t\t        \t\t<div class=\"edgtf-post-excerpt-holder\">\n\t\t\t<p itemprop=\"description\" class=\"edgtf-post-excerpt\">\n\t\t\t\tHet strand van Cala Tarida is een van de meest bezochte stranden van Ibiza. De lengte, talrijke diensten, gastronomie en prachtige plaatsen maken dit strand tot een ideale plaats voor allerlei bezoekers. Gezinnen, kinderen, stellen en vrienden\u2026 Iedereen vindt een\t\t\t<\/p>\n\t\t<\/div>\n\t\t\t        \t<div class=\"edgtf-post-read-more-button\">\n\t\t<a itemprop=\"url\" href=\"https:\/\/www.santjosep.net\/nl\/cala-tarida-video-sant-josep-ibiza\/\" target=\"_self\"  class=\"edgtf-btn edgtf-btn-medium edgtf-btn-simple edgtf-btn-switch-line edgtf-blog-list-button\"  >\t\t\t<span class=\"edgtf-btn-icon-element\"><\/span>\t\t<span class=\"edgtf-btn-text\">Lees meer\r<span class=\"edgtf-btn-text-line\" ><\/span><span class=\"edgtf-btn-switch-line\" ><\/span><\/span>\t<\/a>\t<\/div>\n\t        <\/div>\n        <\/div>\n\t<\/div>\n<\/li><li class=\"edgtf-bl-item clearfix\">\n\t<div class=\"edgtf-bli-inner\">\n\t\t\n\t<div class=\"edgtf-post-image\">\n\t\t\t\t\t<a itemprop=\"url\" href=\"https:\/\/www.santjosep.net\/nl\/6-ideeen-een-gids-voor-cala-dhort-ibiza\/\" title=\"6 Idee\u00ebn: Een gids voor Cala d\u2019Hort (Ibiza)\">\n\t\t\t\t\t\t\t\t\t<img loading=\"lazy\" decoding=\"async\" width=\"1200\" height=\"800\" src=\"https:\/\/www.santjosep.net\/wp-content\/uploads\/2016\/04\/caladhort.jpg\" class=\"attachment-full size-full wp-post-image\" alt=\"\" srcset=\"https:\/\/www.santjosep.net\/wp-content\/uploads\/2016\/04\/caladhort.jpg 1200w, https:\/\/www.santjosep.net\/wp-content\/uploads\/2016\/04\/caladhort-300x200.jpg 300w, https:\/\/www.santjosep.net\/wp-content\/uploads\/2016\/04\/caladhort-1024x683.jpg 1024w, https:\/\/www.santjosep.net\/wp-content\/uploads\/2016\/04\/caladhort-768x512.jpg 768w\" sizes=\"auto, (max-width: 1200px) 100vw, 1200px\" \/>\t\t\t\t\t\t\t\t<\/a>\n\t\t\t<\/div>\n        <div class=\"edgtf-bli-content\">\n                            <div class=\"edgtf-bli-date\">\n\t                <div itemprop=\"dateCreated\" class=\"edgtf-post-info-date entry-date published updated\">\n            <a itemprop=\"url\" href=\"https:\/\/www.santjosep.net\/nl\/2016\/04\/\">\n    \n        25 april 2016        <\/a>\n    <meta itemprop=\"interactionCount\" content=\"UserComments: 0\"\/>\n<\/div>                <\/div>\n            \t\n\t        \n<h4 itemprop=\"name\" class=\"entry-title edgtf-post-title\" >\n            <a itemprop=\"url\" href=\"https:\/\/www.santjosep.net\/nl\/6-ideeen-een-gids-voor-cala-dhort-ibiza\/\" title=\"6 Idee\u00ebn: Een gids voor Cala d\u2019Hort (Ibiza)\">\n            6 Idee\u00ebn: Een gids voor Cala d\u2019Hort (Ibiza)            <\/a>\n    <\/h4>\n\t        <div class=\"edgtf-bli-info\">\n\t\t        <div class=\"edgtf-post-info-category\">\n    <a href=\"https:\/\/www.santjosep.net\/nl\/category\/routes-nl\/\" rel=\"category tag\">Routes<\/a>, <a href=\"https:\/\/www.santjosep.net\/nl\/category\/stranden-nl\/\" rel=\"category tag\">Stranden<\/a>, <a href=\"https:\/\/www.santjosep.net\/nl\/category\/wandelen-nl\/\" rel=\"category tag\">Wandelen<\/a><\/div>\t        <\/div>\n\n\t        <div class=\"edgtf-bli-excerpt\">\n\t\t        \t\t<div class=\"edgtf-post-excerpt-holder\">\n\t\t\t<p itemprop=\"description\" class=\"edgtf-post-excerpt\">\n\t\t\t\tEen van de meest emblematische stranden van Ibiza ligt in het zuidwesten van de gemeente Sant Josep: Cala d\u2019Hort, de bevoorrechte wacht van het rotseiland Es Vedr\u00e0, een niet te missen icoon van het eiland.\u00a0 We richten dus onze aandacht\t\t\t<\/p>\n\t\t<\/div>\n\t\t\t        \t<div class=\"edgtf-post-read-more-button\">\n\t\t<a itemprop=\"url\" href=\"https:\/\/www.santjosep.net\/nl\/6-ideeen-een-gids-voor-cala-dhort-ibiza\/\" target=\"_self\"  class=\"edgtf-btn edgtf-btn-medium edgtf-btn-simple edgtf-btn-switch-line edgtf-blog-list-button\"  >\t\t\t<span class=\"edgtf-btn-icon-element\"><\/span>\t\t<span class=\"edgtf-btn-text\">Lees meer\r<span class=\"edgtf-btn-text-line\" ><\/span><span class=\"edgtf-btn-switch-line\" ><\/span><\/span>\t<\/a>\t<\/div>\n\t        <\/div>\n        <\/div>\n\t<\/div>\n<\/li><li class=\"edgtf-bl-item clearfix\">\n\t<div class=\"edgtf-bli-inner\">\n\t\t\n\t<div class=\"edgtf-post-image\">\n\t\t\t\t\t<a itemprop=\"url\" href=\"https:\/\/www.santjosep.net\/nl\/mountainbiken-in-sant-josep-ibiza\/\" title=\"Mountainbiken in Sant Josep \u2013 Ibiza\">\n\t\t\t\t\t\t\t\t\t<img loading=\"lazy\" decoding=\"async\" width=\"1000\" height=\"667\" src=\"https:\/\/www.santjosep.net\/wp-content\/uploads\/2016\/04\/coveribizabtt.jpg\" class=\"attachment-full size-full wp-post-image\" alt=\"\" srcset=\"https:\/\/www.santjosep.net\/wp-content\/uploads\/2016\/04\/coveribizabtt.jpg 1000w, https:\/\/www.santjosep.net\/wp-content\/uploads\/2016\/04\/coveribizabtt-300x200.jpg 300w, https:\/\/www.santjosep.net\/wp-content\/uploads\/2016\/04\/coveribizabtt-768x512.jpg 768w\" sizes=\"auto, (max-width: 1000px) 100vw, 1000px\" \/>\t\t\t\t\t\t\t\t<\/a>\n\t\t\t<\/div>\n        <div class=\"edgtf-bli-content\">\n                            <div class=\"edgtf-bli-date\">\n\t                <div itemprop=\"dateCreated\" class=\"edgtf-post-info-date entry-date published updated\">\n            <a itemprop=\"url\" href=\"https:\/\/www.santjosep.net\/nl\/2016\/04\/\">\n    \n        5 april 2016        <\/a>\n    <meta itemprop=\"interactionCount\" content=\"UserComments: 0\"\/>\n<\/div>                <\/div>\n            \t\n\t        \n<h4 itemprop=\"name\" class=\"entry-title edgtf-post-title\" >\n            <a itemprop=\"url\" href=\"https:\/\/www.santjosep.net\/nl\/mountainbiken-in-sant-josep-ibiza\/\" title=\"Mountainbiken in Sant Josep \u2013 Ibiza\">\n            Mountainbiken in Sant Josep \u2013 Ibiza            <\/a>\n    <\/h4>\n\t        <div class=\"edgtf-bli-info\">\n\t\t        <div class=\"edgtf-post-info-category\">\n    <a href=\"https:\/\/www.santjosep.net\/nl\/category\/routes-nl\/\" rel=\"category tag\">Routes<\/a>, <a href=\"https:\/\/www.santjosep.net\/nl\/category\/video-nl\/\" rel=\"category tag\">Video<\/a><\/div>\t        <\/div>\n\n\t        <div class=\"edgtf-bli-excerpt\">\n\t\t        \t\t<div class=\"edgtf-post-excerpt-holder\">\n\t\t\t<p itemprop=\"description\" class=\"edgtf-post-excerpt\">\n\t\t\t\tDe omgeving van Sant Josep (Ibiza) is perfect om te mountainbiken. Talrijke bewegwijzerde routes, een spectaculaire kust, dalen en klimmen en een spectaculair uitzicht voor iedereen.\r\n\r\nHier kunt u mountainbikeroutes ontdekken: Mountainbikeroutes in Sant Josep.\t\t\t<\/p>\n\t\t<\/div>\n\t\t\t        \t<div class=\"edgtf-post-read-more-button\">\n\t\t<a itemprop=\"url\" href=\"https:\/\/www.santjosep.net\/nl\/mountainbiken-in-sant-josep-ibiza\/\" target=\"_self\"  class=\"edgtf-btn edgtf-btn-medium edgtf-btn-simple edgtf-btn-switch-line edgtf-blog-list-button\"  >\t\t\t<span class=\"edgtf-btn-icon-element\"><\/span>\t\t<span class=\"edgtf-btn-text\">Lees meer\r<span class=\"edgtf-btn-text-line\" ><\/span><span class=\"edgtf-btn-switch-line\" ><\/span><\/span>\t<\/a>\t<\/div>\n\t        <\/div>\n        <\/div>\n\t<\/div>\n<\/li><li class=\"edgtf-bl-item clearfix\">\n\t<div class=\"edgtf-bli-inner\">\n\t\t\n\t<div class=\"edgtf-post-image\">\n\t\t\t\t\t<a itemprop=\"url\" href=\"https:\/\/www.santjosep.net\/nl\/golven-in-platges-de-comte-cala-conta-ibiza\/\" title=\"Golven in Platges de Comte (Cala Conta) \u2013 Ibiza\">\n\t\t\t\t\t\t\t\t\t<img loading=\"lazy\" decoding=\"async\" width=\"1000\" height=\"667\" src=\"https:\/\/www.santjosep.net\/wp-content\/uploads\/2016\/02\/wavescover.jpg\" class=\"attachment-full size-full wp-post-image\" alt=\"\" srcset=\"https:\/\/www.santjosep.net\/wp-content\/uploads\/2016\/02\/wavescover.jpg 1000w, https:\/\/www.santjosep.net\/wp-content\/uploads\/2016\/02\/wavescover-300x200.jpg 300w, https:\/\/www.santjosep.net\/wp-content\/uploads\/2016\/02\/wavescover-768x512.jpg 768w\" sizes=\"auto, (max-width: 1000px) 100vw, 1000px\" \/>\t\t\t\t\t\t\t\t<\/a>\n\t\t\t<\/div>\n        <div class=\"edgtf-bli-content\">\n                            <div class=\"edgtf-bli-date\">\n\t                <div itemprop=\"dateCreated\" class=\"edgtf-post-info-date entry-date published updated\">\n            <a itemprop=\"url\" href=\"https:\/\/www.santjosep.net\/nl\/2016\/02\/\">\n    \n        29 februari 2016        <\/a>\n    <meta itemprop=\"interactionCount\" content=\"UserComments: 0\"\/>\n<\/div>                <\/div>\n            \t\n\t        \n<h4 itemprop=\"name\" class=\"entry-title edgtf-post-title\" >\n            <a itemprop=\"url\" href=\"https:\/\/www.santjosep.net\/nl\/golven-in-platges-de-comte-cala-conta-ibiza\/\" title=\"Golven in Platges de Comte (Cala Conta) \u2013 Ibiza\">\n            Golven in Platges de Comte (Cala Conta) \u2013 Ibiza            <\/a>\n    <\/h4>\n\t        <div class=\"edgtf-bli-info\">\n\t\t        <div class=\"edgtf-post-info-category\">\n    <a href=\"https:\/\/www.santjosep.net\/nl\/category\/video-nl\/\" rel=\"category tag\">Video<\/a>, <a href=\"https:\/\/www.santjosep.net\/nl\/category\/wandelen-nl\/\" rel=\"category tag\">Wandelen<\/a><\/div>\t        <\/div>\n\n\t        <div class=\"edgtf-bli-excerpt\">\n\t\t        \t\t<div class=\"edgtf-post-excerpt-holder\">\n\t\t\t<p itemprop=\"description\" class=\"edgtf-post-excerpt\">\n\t\t\t\tPlatges de Comte (Cala Conta) is tijdens de lente en zomer een van de meest bezochte stranden van Ibiza. In de winter, als er geen ligstoelen, mensen, parasols en boten te zien zijn, is het een waar paradijs. Op winderige\t\t\t<\/p>\n\t\t<\/div>\n\t\t\t        \t<div class=\"edgtf-post-read-more-button\">\n\t\t<a itemprop=\"url\" href=\"https:\/\/www.santjosep.net\/nl\/golven-in-platges-de-comte-cala-conta-ibiza\/\" target=\"_self\"  class=\"edgtf-btn edgtf-btn-medium edgtf-btn-simple edgtf-btn-switch-line edgtf-blog-list-button\"  >\t\t\t<span class=\"edgtf-btn-icon-element\"><\/span>\t\t<span class=\"edgtf-btn-text\">Lees meer\r<span class=\"edgtf-btn-text-line\" ><\/span><span class=\"edgtf-btn-switch-line\" ><\/span><\/span>\t<\/a>\t<\/div>\n\t        <\/div>\n        <\/div>\n\t<\/div>\n<\/li><li class=\"edgtf-bl-item clearfix\">\n\t<div class=\"edgtf-bli-inner\">\n\t\t\n\t<div class=\"edgtf-post-image\">\n\t\t\t\t\t<a itemprop=\"url\" href=\"https:\/\/www.santjosep.net\/nl\/amandelbomen-in-bloei-in-sant-josep-ibiza\/\" title=\"Amandelbomen in bloei in Sant Josep \u2013 Ibiza\">\n\t\t\t\t\t\t\t\t\t<img loading=\"lazy\" decoding=\"async\" width=\"1000\" height=\"667\" src=\"https:\/\/www.santjosep.net\/wp-content\/uploads\/2016\/02\/almedroscover.jpg\" class=\"attachment-full size-full wp-post-image\" alt=\"\" srcset=\"https:\/\/www.santjosep.net\/wp-content\/uploads\/2016\/02\/almedroscover.jpg 1000w, https:\/\/www.santjosep.net\/wp-content\/uploads\/2016\/02\/almedroscover-300x200.jpg 300w, https:\/\/www.santjosep.net\/wp-content\/uploads\/2016\/02\/almedroscover-768x512.jpg 768w\" sizes=\"auto, (max-width: 1000px) 100vw, 1000px\" \/>\t\t\t\t\t\t\t\t<\/a>\n\t\t\t<\/div>\n        <div class=\"edgtf-bli-content\">\n                            <div class=\"edgtf-bli-date\">\n\t                <div itemprop=\"dateCreated\" class=\"edgtf-post-info-date entry-date published updated\">\n            <a itemprop=\"url\" href=\"https:\/\/www.santjosep.net\/nl\/2016\/01\/\">\n    \n        25 januari 2016        <\/a>\n    <meta itemprop=\"interactionCount\" content=\"UserComments: 0\"\/>\n<\/div>                <\/div>\n            \t\n\t        \n<h4 itemprop=\"name\" class=\"entry-title edgtf-post-title\" >\n            <a itemprop=\"url\" href=\"https:\/\/www.santjosep.net\/nl\/amandelbomen-in-bloei-in-sant-josep-ibiza\/\" title=\"Amandelbomen in bloei in Sant Josep \u2013 Ibiza\">\n            Amandelbomen in bloei in Sant Josep \u2013 Ibiza            <\/a>\n    <\/h4>\n\t        <div class=\"edgtf-bli-info\">\n\t\t        <div class=\"edgtf-post-info-category\">\n    <a href=\"https:\/\/www.santjosep.net\/nl\/category\/video-nl\/\" rel=\"category tag\">Video<\/a><\/div>\t        <\/div>\n\n\t        <div class=\"edgtf-bli-excerpt\">\n\t\t        \t\t<div class=\"edgtf-post-excerpt-holder\">\n\t\t\t<p itemprop=\"description\" class=\"edgtf-post-excerpt\">\n\t\t\t\tLeder jaar wordt het platteland van Sant Josep overspoeld door wit. De bloei van de amandelbomen kondigt de komst van de lente aan en geeft aan dat het landschap binnenkort weer groen zal zijn.\t\t\t<\/p>\n\t\t<\/div>\n\t\t\t        \t<div class=\"edgtf-post-read-more-button\">\n\t\t<a itemprop=\"url\" href=\"https:\/\/www.santjosep.net\/nl\/amandelbomen-in-bloei-in-sant-josep-ibiza\/\" target=\"_self\"  class=\"edgtf-btn edgtf-btn-medium edgtf-btn-simple edgtf-btn-switch-line edgtf-blog-list-button\"  >\t\t\t<span class=\"edgtf-btn-icon-element\"><\/span>\t\t<span class=\"edgtf-btn-text\">Lees meer\r<span class=\"edgtf-btn-text-line\" ><\/span><span class=\"edgtf-btn-switch-line\" ><\/span><\/span>\t<\/a>\t<\/div>\n\t        <\/div>\n        <\/div>\n\t<\/div>\n<\/li><li class=\"edgtf-bl-item clearfix\">\n\t<div class=\"edgtf-bli-inner\">\n\t\t\n\t<div class=\"edgtf-post-image\">\n\t\t\t\t\t<a itemprop=\"url\" href=\"https:\/\/www.santjosep.net\/nl\/sant-jordi-y-sant-francesc-los-dos-bellos-pueblos-del-sur-de-sant-josep\/\" title=\"Sant Jordi en Sant Francesc, twee mooie dorpen in het zuiden van Sant Josep\">\n\t\t\t\t\t\t\t\t\t<img loading=\"lazy\" decoding=\"async\" width=\"1200\" height=\"800\" src=\"https:\/\/www.santjosep.net\/wp-content\/uploads\/2015\/07\/IMG_1138.jpg\" class=\"attachment-full size-full wp-post-image\" alt=\"\" srcset=\"https:\/\/www.santjosep.net\/wp-content\/uploads\/2015\/07\/IMG_1138.jpg 1200w, https:\/\/www.santjosep.net\/wp-content\/uploads\/2015\/07\/IMG_1138-300x200.jpg 300w, https:\/\/www.santjosep.net\/wp-content\/uploads\/2015\/07\/IMG_1138-1024x682.jpg 1024w\" sizes=\"auto, (max-width: 1200px) 100vw, 1200px\" \/>\t\t\t\t\t\t\t\t<\/a>\n\t\t\t<\/div>\n        <div class=\"edgtf-bli-content\">\n                            <div class=\"edgtf-bli-date\">\n\t                <div itemprop=\"dateCreated\" class=\"edgtf-post-info-date entry-date published updated\">\n            <a itemprop=\"url\" href=\"https:\/\/www.santjosep.net\/nl\/2015\/07\/\">\n    \n        20 juli 2015        <\/a>\n    <meta itemprop=\"interactionCount\" content=\"UserComments: 0\"\/>\n<\/div>                <\/div>\n            \t\n\t        \n<h4 itemprop=\"name\" class=\"entry-title edgtf-post-title\" >\n            <a itemprop=\"url\" href=\"https:\/\/www.santjosep.net\/nl\/sant-jordi-y-sant-francesc-los-dos-bellos-pueblos-del-sur-de-sant-josep\/\" title=\"Sant Jordi en Sant Francesc, twee mooie dorpen in het zuiden van Sant Josep\">\n            Sant Jordi en Sant Francesc, twee mooie dorpen in het zuiden van Sant Josep            <\/a>\n    <\/h4>\n\t        <div class=\"edgtf-bli-info\">\n\t\t        <div class=\"edgtf-post-info-category\">\n    <a href=\"https:\/\/www.santjosep.net\/nl\/category\/gebieden-nl\/\" rel=\"category tag\">Gebieden<\/a>, <a href=\"https:\/\/www.santjosep.net\/nl\/category\/volkeren-nl\/\" rel=\"category tag\">Volkeren<\/a><\/div>\t        <\/div>\n\n\t        <div class=\"edgtf-bli-excerpt\">\n\t\t        \t\t<div class=\"edgtf-post-excerpt-holder\">\n\t\t\t<p itemprop=\"description\" class=\"edgtf-post-excerpt\">\n\t\t\t\tWandelen door de gemeente Sant Josep is de beste manier om alle schoonheid en charme van dit deel van het eiland beter te leren kennen. Daarom wijden wij vandaag enkele paragrafen aan twee dorpen die de landkaart van de gemeente\t\t\t<\/p>\n\t\t<\/div>\n\t\t\t        \t<div class=\"edgtf-post-read-more-button\">\n\t\t<a itemprop=\"url\" href=\"https:\/\/www.santjosep.net\/nl\/sant-jordi-y-sant-francesc-los-dos-bellos-pueblos-del-sur-de-sant-josep\/\" target=\"_self\"  class=\"edgtf-btn edgtf-btn-medium edgtf-btn-simple edgtf-btn-switch-line edgtf-blog-list-button\"  >\t\t\t<span class=\"edgtf-btn-icon-element\"><\/span>\t\t<span class=\"edgtf-btn-text\">Lees meer\r<span class=\"edgtf-btn-text-line\" ><\/span><span class=\"edgtf-btn-switch-line\" ><\/span><\/span>\t<\/a>\t<\/div>\n\t        <\/div>\n        <\/div>\n\t<\/div>\n<\/li><li class=\"edgtf-bl-item clearfix\">\n\t<div class=\"edgtf-bli-inner\">\n\t\t\n\t<div class=\"edgtf-post-image\">\n\t\t\t\t\t<a itemprop=\"url\" href=\"https:\/\/www.santjosep.net\/nl\/6-ideeen-een-gids-voor-platja-des-jondal-ibiza\/\" title=\"6 Idee\u00ebn: Een gids voor Platja des Jondal (Ibiza)\">\n\t\t\t\t\t\t\t\t\t<img loading=\"lazy\" decoding=\"async\" width=\"1200\" height=\"800\" src=\"https:\/\/www.santjosep.net\/wp-content\/uploads\/2015\/05\/desjondal.jpg\" class=\"attachment-full size-full wp-post-image\" alt=\"\" srcset=\"https:\/\/www.santjosep.net\/wp-content\/uploads\/2015\/05\/desjondal.jpg 1200w, https:\/\/www.santjosep.net\/wp-content\/uploads\/2015\/05\/desjondal-300x200.jpg 300w, https:\/\/www.santjosep.net\/wp-content\/uploads\/2015\/05\/desjondal-1024x683.jpg 1024w, https:\/\/www.santjosep.net\/wp-content\/uploads\/2015\/05\/desjondal-768x512.jpg 768w\" sizes=\"auto, (max-width: 1200px) 100vw, 1200px\" \/>\t\t\t\t\t\t\t\t<\/a>\n\t\t\t<\/div>\n        <div class=\"edgtf-bli-content\">\n                            <div class=\"edgtf-bli-date\">\n\t                <div itemprop=\"dateCreated\" class=\"edgtf-post-info-date entry-date published updated\">\n            <a itemprop=\"url\" href=\"https:\/\/www.santjosep.net\/nl\/2015\/05\/\">\n    \n        19 mei 2015        <\/a>\n    <meta itemprop=\"interactionCount\" content=\"UserComments: 0\"\/>\n<\/div>                <\/div>\n            \t\n\t        \n<h4 itemprop=\"name\" class=\"entry-title edgtf-post-title\" >\n            <a itemprop=\"url\" href=\"https:\/\/www.santjosep.net\/nl\/6-ideeen-een-gids-voor-platja-des-jondal-ibiza\/\" title=\"6 Idee\u00ebn: Een gids voor Platja des Jondal (Ibiza)\">\n            6 Idee\u00ebn: Een gids voor Platja des Jondal (Ibiza)            <\/a>\n    <\/h4>\n\t        <div class=\"edgtf-bli-info\">\n\t\t        <div class=\"edgtf-post-info-category\">\n    <a href=\"https:\/\/www.santjosep.net\/nl\/category\/gebieden-nl\/\" rel=\"category tag\">Gebieden<\/a>, <a href=\"https:\/\/www.santjosep.net\/nl\/category\/sunsets-nl\/\" rel=\"category tag\">Sunsets<\/a>, <a href=\"https:\/\/www.santjosep.net\/nl\/category\/wandelen-nl\/\" rel=\"category tag\">Wandelen<\/a><\/div>\t        <\/div>\n\n\t        <div class=\"edgtf-bli-excerpt\">\n\t\t        \t\t<div class=\"edgtf-post-excerpt-holder\">\n\t\t\t<p itemprop=\"description\" class=\"edgtf-post-excerpt\">\n\t\t\t\tDe gemeente Sant Josep herbergt paradijselijke stranden op ieder plaatsje aan de kust. Een daarvan is het indrukwekkende Platja des Jondal, ook bekend als Cala Jondal, een plek die steeds meer in de mode raakt en waar u in de\t\t\t<\/p>\n\t\t<\/div>\n\t\t\t        \t<div class=\"edgtf-post-read-more-button\">\n\t\t<a itemprop=\"url\" href=\"https:\/\/www.santjosep.net\/nl\/6-ideeen-een-gids-voor-platja-des-jondal-ibiza\/\" target=\"_self\"  class=\"edgtf-btn edgtf-btn-medium edgtf-btn-simple edgtf-btn-switch-line edgtf-blog-list-button\"  >\t\t\t<span class=\"edgtf-btn-icon-element\"><\/span>\t\t<span class=\"edgtf-btn-text\">Lees meer\r<span class=\"edgtf-btn-text-line\" ><\/span><span class=\"edgtf-btn-switch-line\" ><\/span><\/span>\t<\/a>\t<\/div>\n\t        <\/div>\n        <\/div>\n\t<\/div>\n<\/li><li class=\"edgtf-bl-item clearfix\">\n\t<div class=\"edgtf-bli-inner\">\n\t\t\n\t<div class=\"edgtf-post-image\">\n\t\t\t\t\t<a itemprop=\"url\" href=\"https:\/\/www.santjosep.net\/nl\/duiken-langs-de-kust-van-sant-josep-ibiza\/\" title=\"Duiken langs de kust van Sant Josep, Ibiza\">\n\t\t\t\t\t\t\t\t\t<img loading=\"lazy\" decoding=\"async\" width=\"964\" height=\"643\" src=\"https:\/\/www.santjosep.net\/wp-content\/uploads\/2015\/03\/cover.jpg\" class=\"attachment-full size-full wp-post-image\" alt=\"\" srcset=\"https:\/\/www.santjosep.net\/wp-content\/uploads\/2015\/03\/cover.jpg 964w, https:\/\/www.santjosep.net\/wp-content\/uploads\/2015\/03\/cover-300x200.jpg 300w\" sizes=\"auto, (max-width: 964px) 100vw, 964px\" \/>\t\t\t\t\t\t\t\t<\/a>\n\t\t\t<\/div>\n        <div class=\"edgtf-bli-content\">\n                            <div class=\"edgtf-bli-date\">\n\t                <div itemprop=\"dateCreated\" class=\"edgtf-post-info-date entry-date published updated\">\n            <a itemprop=\"url\" href=\"https:\/\/www.santjosep.net\/nl\/2015\/03\/\">\n    \n        30 maart 2015        <\/a>\n    <meta itemprop=\"interactionCount\" content=\"UserComments: 0\"\/>\n<\/div>                <\/div>\n            \t\n\t        \n<h4 itemprop=\"name\" class=\"entry-title edgtf-post-title\" >\n            <a itemprop=\"url\" href=\"https:\/\/www.santjosep.net\/nl\/duiken-langs-de-kust-van-sant-josep-ibiza\/\" title=\"Duiken langs de kust van Sant Josep, Ibiza\">\n            Duiken langs de kust van Sant Josep, Ibiza            <\/a>\n    <\/h4>\n\t        <div class=\"edgtf-bli-info\">\n\t\t        <div class=\"edgtf-post-info-category\">\n    <a href=\"https:\/\/www.santjosep.net\/nl\/category\/gebieden-nl\/\" rel=\"category tag\">Gebieden<\/a>, <a href=\"https:\/\/www.santjosep.net\/nl\/category\/routes-nl\/\" rel=\"category tag\">Routes<\/a><\/div>\t        <\/div>\n\n\t        <div class=\"edgtf-bli-excerpt\">\n\t\t        \t\t<div class=\"edgtf-post-excerpt-holder\">\n\t\t\t<p itemprop=\"description\" class=\"edgtf-post-excerpt\">\n\t\t\t\tDe gemeente Sant Josep tot in de puntjes leren kennen is geen eenvoudige opgave. Een van de belangrijkste schatten van de zone die de moeite waard zijn, is de spectaculaire zeebodem. Die ligt echter alleen binnen bereik van degenen die\t\t\t<\/p>\n\t\t<\/div>\n\t\t\t        \t<div class=\"edgtf-post-read-more-button\">\n\t\t<a itemprop=\"url\" href=\"https:\/\/www.santjosep.net\/nl\/duiken-langs-de-kust-van-sant-josep-ibiza\/\" target=\"_self\"  class=\"edgtf-btn edgtf-btn-medium edgtf-btn-simple edgtf-btn-switch-line edgtf-blog-list-button\"  >\t\t\t<span class=\"edgtf-btn-icon-element\"><\/span>\t\t<span class=\"edgtf-btn-text\">Lees meer\r<span class=\"edgtf-btn-text-line\" ><\/span><span class=\"edgtf-btn-switch-line\" ><\/span><\/span>\t<\/a>\t<\/div>\n\t        <\/div>\n        <\/div>\n\t<\/div>\n<\/li><li class=\"edgtf-bl-item clearfix\">\n\t<div class=\"edgtf-bli-inner\">\n\t\t\n\t<div class=\"edgtf-post-image\">\n\t\t\t\t\t<a itemprop=\"url\" href=\"https:\/\/www.santjosep.net\/nl\/6-ideeen-een-gids-voor-platja-den-bossa-ibiza\/\" title=\"6 Idee\u00ebn: Een gids voor Platja d\u2019en Bossa (Ibiza)\">\n\t\t\t\t\t\t\t\t\t<img loading=\"lazy\" decoding=\"async\" width=\"1200\" height=\"800\" src=\"https:\/\/www.santjosep.net\/wp-content\/uploads\/2015\/02\/calaconta.jpg\" class=\"attachment-full size-full wp-post-image\" alt=\"\" srcset=\"https:\/\/www.santjosep.net\/wp-content\/uploads\/2015\/02\/calaconta.jpg 1200w, https:\/\/www.santjosep.net\/wp-content\/uploads\/2015\/02\/calaconta-300x200.jpg 300w, https:\/\/www.santjosep.net\/wp-content\/uploads\/2015\/02\/calaconta-1024x683.jpg 1024w, https:\/\/www.santjosep.net\/wp-content\/uploads\/2015\/02\/calaconta-768x512.jpg 768w\" sizes=\"auto, (max-width: 1200px) 100vw, 1200px\" \/>\t\t\t\t\t\t\t\t<\/a>\n\t\t\t<\/div>\n        <div class=\"edgtf-bli-content\">\n                            <div class=\"edgtf-bli-date\">\n\t                <div itemprop=\"dateCreated\" class=\"edgtf-post-info-date entry-date published updated\">\n            <a itemprop=\"url\" href=\"https:\/\/www.santjosep.net\/nl\/2015\/02\/\">\n    \n        22 februari 2015        <\/a>\n    <meta itemprop=\"interactionCount\" content=\"UserComments: 0\"\/>\n<\/div>                <\/div>\n            \t\n\t        \n<h4 itemprop=\"name\" class=\"entry-title edgtf-post-title\" >\n            <a itemprop=\"url\" href=\"https:\/\/www.santjosep.net\/nl\/6-ideeen-een-gids-voor-platja-den-bossa-ibiza\/\" title=\"6 Idee\u00ebn: Een gids voor Platja d\u2019en Bossa (Ibiza)\">\n            6 Idee\u00ebn: Een gids voor Platja d\u2019en Bossa (Ibiza)            <\/a>\n    <\/h4>\n\t        <div class=\"edgtf-bli-info\">\n\t\t        <div class=\"edgtf-post-info-category\">\n    <a href=\"https:\/\/www.santjosep.net\/nl\/category\/gebieden-nl\/\" rel=\"category tag\">Gebieden<\/a>, <a href=\"https:\/\/www.santjosep.net\/nl\/category\/sunsets-nl\/\" rel=\"category tag\">Sunsets<\/a>, <a href=\"https:\/\/www.santjosep.net\/nl\/category\/wandelen-nl\/\" rel=\"category tag\">Wandelen<\/a><\/div>\t        <\/div>\n\n\t        <div class=\"edgtf-bli-excerpt\">\n\t\t        \t\t<div class=\"edgtf-post-excerpt-holder\">\n\t\t\t<p itemprop=\"description\" class=\"edgtf-post-excerpt\">\n\t\t\t\tIbiza is over de hele wereld bekend vanwege de stranden en gezellige sfeer, maar in Platja d\u2019en Bossa vindt u de perfecte plaats om deze ervaring volop te beleven. Het is bekend als het uitgestrektste strand van het eiland en\t\t\t<\/p>\n\t\t<\/div>\n\t\t\t        \t<div class=\"edgtf-post-read-more-button\">\n\t\t<a itemprop=\"url\" href=\"https:\/\/www.santjosep.net\/nl\/6-ideeen-een-gids-voor-platja-den-bossa-ibiza\/\" target=\"_self\"  class=\"edgtf-btn edgtf-btn-medium edgtf-btn-simple edgtf-btn-switch-line edgtf-blog-list-button\"  >\t\t\t<span class=\"edgtf-btn-icon-element\"><\/span>\t\t<span class=\"edgtf-btn-text\">Lees meer\r<span class=\"edgtf-btn-text-line\" ><\/span><span class=\"edgtf-btn-switch-line\" ><\/span><\/span>\t<\/a>\t<\/div>\n\t        <\/div>\n        <\/div>\n\t<\/div>\n<\/li><li class=\"edgtf-bl-item clearfix\">\n\t<div class=\"edgtf-bli-inner\">\n\t\t\n\t<div class=\"edgtf-post-image\">\n\t\t\t\t\t<a itemprop=\"url\" href=\"https:\/\/www.santjosep.net\/nl\/6-ideeen-een-gids-voor-platges-de-comte-cala-conta-ibiza\/\" title=\"6 Idee\u00ebn: Een gids voor Platges de Comte (Cala Conta) \u2013 Ibiza\">\n\t\t\t\t\t\t\t\t\t<img loading=\"lazy\" decoding=\"async\" width=\"1200\" height=\"800\" src=\"https:\/\/www.santjosep.net\/wp-content\/uploads\/2015\/02\/compte.jpg\" class=\"attachment-full size-full wp-post-image\" alt=\"\" srcset=\"https:\/\/www.santjosep.net\/wp-content\/uploads\/2015\/02\/compte.jpg 1200w, https:\/\/www.santjosep.net\/wp-content\/uploads\/2015\/02\/compte-300x200.jpg 300w, https:\/\/www.santjosep.net\/wp-content\/uploads\/2015\/02\/compte-1024x683.jpg 1024w, https:\/\/www.santjosep.net\/wp-content\/uploads\/2015\/02\/compte-768x512.jpg 768w\" sizes=\"auto, (max-width: 1200px) 100vw, 1200px\" \/>\t\t\t\t\t\t\t\t<\/a>\n\t\t\t<\/div>\n        <div class=\"edgtf-bli-content\">\n                            <div class=\"edgtf-bli-date\">\n\t                <div itemprop=\"dateCreated\" class=\"edgtf-post-info-date entry-date published updated\">\n            <a itemprop=\"url\" href=\"https:\/\/www.santjosep.net\/nl\/2015\/02\/\">\n    \n        10 februari 2015        <\/a>\n    <meta itemprop=\"interactionCount\" content=\"UserComments: 0\"\/>\n<\/div>                <\/div>\n            \t\n\t        \n<h4 itemprop=\"name\" class=\"entry-title edgtf-post-title\" >\n            <a itemprop=\"url\" href=\"https:\/\/www.santjosep.net\/nl\/6-ideeen-een-gids-voor-platges-de-comte-cala-conta-ibiza\/\" title=\"6 Idee\u00ebn: Een gids voor Platges de Comte (Cala Conta) \u2013 Ibiza\">\n            6 Idee\u00ebn: Een gids voor Platges de Comte (Cala Conta) \u2013 Ibiza            <\/a>\n    <\/h4>\n\t        <div class=\"edgtf-bli-info\">\n\t\t        <div class=\"edgtf-post-info-category\">\n    <a href=\"https:\/\/www.santjosep.net\/nl\/category\/gebieden-nl\/\" rel=\"category tag\">Gebieden<\/a>, <a href=\"https:\/\/www.santjosep.net\/nl\/category\/sunsets-nl\/\" rel=\"category tag\">Sunsets<\/a>, <a href=\"https:\/\/www.santjosep.net\/nl\/category\/wandelen-nl\/\" rel=\"category tag\">Wandelen<\/a><\/div>\t        <\/div>\n\n\t        <div class=\"edgtf-bli-excerpt\">\n\t\t        \t\t<div class=\"edgtf-post-excerpt-holder\">\n\t\t\t<p itemprop=\"description\" class=\"edgtf-post-excerpt\">\n\t\t\t\tIn een perfecte vakantie op Ibiza zijn zonnige dagen op het strand en verfrissende duiken in zee inbegrepen. En wat is er beter dan om daarvan genieten op een idyllische plaats als Platges de Comte, die dankzij het turquoisekleurige water\t\t\t<\/p>\n\t\t<\/div>\n\t\t\t        \t<div class=\"edgtf-post-read-more-button\">\n\t\t<a itemprop=\"url\" href=\"https:\/\/www.santjosep.net\/nl\/6-ideeen-een-gids-voor-platges-de-comte-cala-conta-ibiza\/\" target=\"_self\"  class=\"edgtf-btn edgtf-btn-medium edgtf-btn-simple edgtf-btn-switch-line edgtf-blog-list-button\"  >\t\t\t<span class=\"edgtf-btn-icon-element\"><\/span>\t\t<span class=\"edgtf-btn-text\">Lees meer\r<span class=\"edgtf-btn-text-line\" ><\/span><span class=\"edgtf-btn-switch-line\" ><\/span><\/span>\t<\/a>\t<\/div>\n\t        <\/div>\n        <\/div>\n\t<\/div>\n<\/li><li class=\"edgtf-bl-item clearfix\">\n\t<div class=\"edgtf-bli-inner\">\n\t\t\n\t<div class=\"edgtf-post-image\">\n\t\t\t\t\t<a itemprop=\"url\" href=\"https:\/\/www.santjosep.net\/nl\/5-ideeen-om-te-genieten-van-de-herfst-in-sant-josep-ibiza\/\" title=\"5 idee\u00ebn om te genieten van de herfst in Sant Josep, Ibiza\">\n\t\t\t\t\t\t\t\t\t<img loading=\"lazy\" decoding=\"async\" width=\"1200\" height=\"823\" src=\"https:\/\/www.santjosep.net\/wp-content\/uploads\/2014\/10\/puesta_DSC00234.jpg\" class=\"attachment-full size-full wp-post-image\" alt=\"\" srcset=\"https:\/\/www.santjosep.net\/wp-content\/uploads\/2014\/10\/puesta_DSC00234.jpg 1200w, https:\/\/www.santjosep.net\/wp-content\/uploads\/2014\/10\/puesta_DSC00234-300x205.jpg 300w, https:\/\/www.santjosep.net\/wp-content\/uploads\/2014\/10\/puesta_DSC00234-1024x702.jpg 1024w\" sizes=\"auto, (max-width: 1200px) 100vw, 1200px\" \/>\t\t\t\t\t\t\t\t<\/a>\n\t\t\t<\/div>\n        <div class=\"edgtf-bli-content\">\n                            <div class=\"edgtf-bli-date\">\n\t                <div itemprop=\"dateCreated\" class=\"edgtf-post-info-date entry-date published updated\">\n            <a itemprop=\"url\" href=\"https:\/\/www.santjosep.net\/nl\/2014\/10\/\">\n    \n        27 oktober 2014        <\/a>\n    <meta itemprop=\"interactionCount\" content=\"UserComments: 0\"\/>\n<\/div>                <\/div>\n            \t\n\t        \n<h4 itemprop=\"name\" class=\"entry-title edgtf-post-title\" >\n            <a itemprop=\"url\" href=\"https:\/\/www.santjosep.net\/nl\/5-ideeen-om-te-genieten-van-de-herfst-in-sant-josep-ibiza\/\" title=\"5 idee\u00ebn om te genieten van de herfst in Sant Josep, Ibiza\">\n            5 idee\u00ebn om te genieten van de herfst in Sant Josep, Ibiza            <\/a>\n    <\/h4>\n\t        <div class=\"edgtf-bli-info\">\n\t\t        <div class=\"edgtf-post-info-category\">\n    <a href=\"https:\/\/www.santjosep.net\/nl\/category\/uncategorized-nl\/\" rel=\"category tag\">uncategorized<\/a><\/div>\t        <\/div>\n\n\t        <div class=\"edgtf-bli-excerpt\">\n\t\t        \t\t<div class=\"edgtf-post-excerpt-holder\">\n\t\t\t<p itemprop=\"description\" class=\"edgtf-post-excerpt\">\n\t\t\t\tHoewel Ibiza, en met name de zone van Sant Josep, bekend is vanwege de stranden en het uitgaansleven in de zomer, is de herfst een perfect seizoen om van het eiland te genieten. Zachte temperaturen, veel minder druk, ideaal om\t\t\t<\/p>\n\t\t<\/div>\n\t\t\t        \t<div class=\"edgtf-post-read-more-button\">\n\t\t<a itemprop=\"url\" href=\"https:\/\/www.santjosep.net\/nl\/5-ideeen-om-te-genieten-van-de-herfst-in-sant-josep-ibiza\/\" target=\"_self\"  class=\"edgtf-btn edgtf-btn-medium edgtf-btn-simple edgtf-btn-switch-line edgtf-blog-list-button\"  >\t\t\t<span class=\"edgtf-btn-icon-element\"><\/span>\t\t<span class=\"edgtf-btn-text\">Lees meer\r<span class=\"edgtf-btn-text-line\" ><\/span><span class=\"edgtf-btn-switch-line\" ><\/span><\/span>\t<\/a>\t<\/div>\n\t        <\/div>\n        <\/div>\n\t<\/div>\n<\/li>\t\t<\/ul>\n\t<\/div>\n\t<\/div>[\/vc_column][\/vc_row]<\/p>\n<\/div>","protected":false},"excerpt":{"rendered":"<p>[vc_row enable_hue_rotation=&#8221;no&#8221; enable_text_marquee=&#8221;no&#8221; css=&#8221;.vc_custom_1579773818040{margin-top: 50px !important;}&#8221;][vc_column][\/vc_column][\/vc_row]<\/p>\n","protected":false},"author":1,"featured_media":0,"parent":0,"menu_order":0,"comment_status":"open","ping_status":"open","template":"","meta":{"_acf_changed":false,"inline_featured_image":false,"footnotes":""},"categoria_pagina":[],"class_list":["post-20847","page","type-page","status-publish","hentry"],"acf":[],"yoast_head":"<!-- This site is optimized with the Yoast SEO plugin v25.7 - https:\/\/yoast.com\/wordpress\/plugins\/seo\/ -->\n<title>Viu Sant Josep - Santjosep.net<\/title>\n<meta name=\"description\" content=\"De blog te ontdekken en te ervaren Sant Josep\" \/>\n<meta name=\"robots\" content=\"index, follow, max-snippet:-1, max-image-preview:large, max-video-preview:-1\" \/>\n<link rel=\"canonical\" href=\"https:\/\/www.santjosep.net\/nl\/blog\/\" \/>\n<meta property=\"og:locale\" content=\"nl_NL\" \/>\n<meta property=\"og:type\" content=\"article\" \/>\n<meta property=\"og:title\" content=\"Viu Sant Josep - Santjosep.net\" \/>\n<meta property=\"og:description\" content=\"De blog te ontdekken en te ervaren Sant Josep\" \/>\n<meta property=\"og:url\" content=\"https:\/\/www.santjosep.net\/nl\/blog\/\" \/>\n<meta property=\"og:site_name\" content=\"Santjosep.net\" \/>\n<meta property=\"article:modified_time\" content=\"2020-01-23T10:03:20+00:00\" \/>\n<meta name=\"twitter:card\" content=\"summary_large_image\" \/>\n<script type=\"application\/ld+json\" class=\"yoast-schema-graph\">{\"@context\":\"https:\/\/schema.org\",\"@graph\":[{\"@type\":\"WebPage\",\"@id\":\"https:\/\/www.santjosep.net\/nl\/blog\/\",\"url\":\"https:\/\/www.santjosep.net\/nl\/blog\/\",\"name\":\"Viu Sant Josep - Santjosep.net\",\"isPartOf\":{\"@id\":\"https:\/\/www.santjosep.net\/#website\"},\"datePublished\":\"2013-03-23T05:01:12+00:00\",\"dateModified\":\"2020-01-23T10:03:20+00:00\",\"description\":\"De blog te ontdekken en te ervaren Sant Josep\",\"inLanguage\":\"nl-NL\",\"potentialAction\":[{\"@type\":\"ReadAction\",\"target\":[\"https:\/\/www.santjosep.net\/nl\/blog\/\"]}]},{\"@type\":\"WebSite\",\"@id\":\"https:\/\/www.santjosep.net\/#website\",\"url\":\"https:\/\/www.santjosep.net\/\",\"name\":\"Santjosep.net\",\"description\":\"\",\"potentialAction\":[{\"@type\":\"SearchAction\",\"target\":{\"@type\":\"EntryPoint\",\"urlTemplate\":\"https:\/\/www.santjosep.net\/?s={search_term_string}\"},\"query-input\":{\"@type\":\"PropertyValueSpecification\",\"valueRequired\":true,\"valueName\":\"search_term_string\"}}],\"inLanguage\":\"nl-NL\"}]}<\/script>\n<!-- \/ Yoast SEO plugin. -->","yoast_head_json":{"title":"Viu Sant Josep - Santjosep.net","description":"De blog te ontdekken en te ervaren Sant Josep","robots":{"index":"index","follow":"follow","max-snippet":"max-snippet:-1","max-image-preview":"max-image-preview:large","max-video-preview":"max-video-preview:-1"},"canonical":"https:\/\/www.santjosep.net\/nl\/blog\/","og_locale":"nl_NL","og_type":"article","og_title":"Viu Sant Josep - Santjosep.net","og_description":"De blog te ontdekken en te ervaren Sant Josep","og_url":"https:\/\/www.santjosep.net\/nl\/blog\/","og_site_name":"Santjosep.net","article_modified_time":"2020-01-23T10:03:20+00:00","twitter_card":"summary_large_image","schema":{"@context":"https:\/\/schema.org","@graph":[{"@type":"WebPage","@id":"https:\/\/www.santjosep.net\/nl\/blog\/","url":"https:\/\/www.santjosep.net\/nl\/blog\/","name":"Viu Sant Josep - Santjosep.net","isPartOf":{"@id":"https:\/\/www.santjosep.net\/#website"},"datePublished":"2013-03-23T05:01:12+00:00","dateModified":"2020-01-23T10:03:20+00:00","description":"De blog te ontdekken en te ervaren Sant Josep","inLanguage":"nl-NL","potentialAction":[{"@type":"ReadAction","target":["https:\/\/www.santjosep.net\/nl\/blog\/"]}]},{"@type":"WebSite","@id":"https:\/\/www.santjosep.net\/#website","url":"https:\/\/www.santjosep.net\/","name":"Santjosep.net","description":"","potentialAction":[{"@type":"SearchAction","target":{"@type":"EntryPoint","urlTemplate":"https:\/\/www.santjosep.net\/?s={search_term_string}"},"query-input":{"@type":"PropertyValueSpecification","valueRequired":true,"valueName":"search_term_string"}}],"inLanguage":"nl-NL"}]}},"_links":{"self":[{"href":"https:\/\/www.santjosep.net\/nl\/wp-json\/wp\/v2\/pages\/20847","targetHints":{"allow":["GET"]}}],"collection":[{"href":"https:\/\/www.santjosep.net\/nl\/wp-json\/wp\/v2\/pages"}],"about":[{"href":"https:\/\/www.santjosep.net\/nl\/wp-json\/wp\/v2\/types\/page"}],"author":[{"embeddable":true,"href":"https:\/\/www.santjosep.net\/nl\/wp-json\/wp\/v2\/users\/1"}],"replies":[{"embeddable":true,"href":"https:\/\/www.santjosep.net\/nl\/wp-json\/wp\/v2\/comments?post=20847"}],"version-history":[{"count":0,"href":"https:\/\/www.santjosep.net\/nl\/wp-json\/wp\/v2\/pages\/20847\/revisions"}],"wp:attachment":[{"href":"https:\/\/www.santjosep.net\/nl\/wp-json\/wp\/v2\/media?parent=20847"}],"wp:term":[{"taxonomy":"categoria_pagina","embeddable":true,"href":"https:\/\/www.santjosep.net\/nl\/wp-json\/wp\/v2\/categoria_pagina?post=20847"}],"curies":[{"name":"wp","href":"https:\/\/api.w.org\/{rel}","templated":true}]}}