{"id":6249,"date":"2016-03-07T08:53:10","date_gmt":"2016-03-07T08:53:10","guid":{"rendered":"https:\/\/www.santjosep.net\/en\/nature\/ses-salines-deivissa-y-formentera\/"},"modified":"2025-06-28T09:24:24","modified_gmt":"2025-06-28T07:24:24","slug":"ses-salines-deivissa-and-formentera","status":"publish","type":"page","link":"https:\/\/www.santjosep.net\/en\/what-to-see\/nature\/ses-salines-deivissa-and-formentera\/","title":{"rendered":"Ses Salines d&#8217;Eivissa i Formentera"},"content":{"rendered":"<div class=\"wpb-content-wrapper\"><p>[vc_row enable_hue_rotation=&#8221;no&#8221; enable_text_marquee=&#8221;no&#8221; el_id=&#8221;b1-natsalinas&#8221;][vc_column][vc_row_inner][vc_column_inner width=&#8221;1\/2&#8243;][vc_column_text]<\/p>\n<h2><span style=\"line-height: 1.5;\">Ses Salines d\u2019Eivissa i Formentera<\/span><\/h2>\n<p>Located between the two Pitiu\u0308ses Islands, the salt marsh natural park Ses Salines d\u2019Eivissa i Formentera, along with the adjacent marine and land reserves, sprawls from the south of Eivissa to the north of Formentera, and covers the channel that separates the two islands, with a land area of some 2752.5 hectares (1,776.3 of which belong to the park and 106.8 to the nature reserve) and an aquatic area of 14,028 hectares (13,611 of which correspond to the park and 416.9 to the nature reserve).<\/p>\n<p>The Ses Salines d\u2019Eivissa i Formentera Natural Park is a prime example of the Mediterranean\u2019s rich biodiversity. The uniqueness of this park resides in the fact that it is a rest area and a nesting ground for countless birds, along their migratory paths. As a Natural Area of Special Interest, the park includes a diverse range of land and marine habitats of vast international ecological, landscape, historical and cultural value.<\/p>\n<p>Other measures of official protection<br \/>\nThe Marine Reserve of Es Freus d\u2019Eivissa i Formentera (Decree 63\/1999, of 28 May).<br \/>\nThe site forms part of the Balearic contribution to the Natura 2000 Network. It is also a Site of Community Interest and an Area of Special Protection for Birds, by virtue of the Resolution of the Regional Parliament of 3 March 2006 and Decree 29\/2006 of 24 March.<br \/>\nMoreover, the ponds of Ses Salines are listed on the Ramsar List of Wetlands of International Importance.<\/p>\n<h2><span style=\"line-height: 1.5;\">Interpretation Center of Sant Francesc de Ses Salines<\/span><\/h2>\n<p>Information about the Natural Park of Ses Salines d\u2019Eivissa i Formentera.<br \/>\nFrom Tuesday to Saturday, from 9:00 AM to 3:00 PM, all year round..<br \/>\nSes Salines road \u2013 Sa Canal PM 802, km 2<br \/>\nPhone: 971 177 688 Ext 3 i 4.<br \/>\nFree entry<\/p>\n<p>More information <a href=\"http:\/\/www.balearsnatura.com\/\">www.balearsnatura.com<\/a>[\/vc_column_text][\/vc_column_inner][vc_column_inner el_class=&#8221;b1-colRight&#8221; width=&#8221;1\/2&#8243; css=&#8221;.vc_custom_1644220911702{padding-left: 35% !important;}&#8221;][vc_column_text]<\/p>\n<h3><strong>Visit the Park<\/strong><\/h3>\n<p>[\/vc_column_text]<div class=\"edgtf-iwt clearfix  edgtf-iwt-icon-left edgtf-iwt-icon-medium\">\n\t<div class=\"edgtf-iwt-icon\">\n\t\t\t\t\t<a itemprop=\"url\" href=\"https:\/\/www.santjosep.net\/en\/routes-ses-salines\/the-sa-sal-rossa-route\/\" target=\"_self\">\n\t\t\t\t\t\t\t\t\t<img loading=\"lazy\" decoding=\"async\" width=\"59\" height=\"44\" src=\"https:\/\/www.santjosep.net\/wp-content\/uploads\/2022\/01\/loc-recorrido.png\" class=\"attachment-full size-full\" alt=\"\" \/>\t\t\t\t\t\t\t\t<\/a>\n\t\t\t<\/div>\n\t<div class=\"edgtf-iwt-content\" >\n\t\t\t\t\t<h4 class=\"edgtf-iwt-title\" >\n\t\t\t\t\t\t\t\t\t<a itemprop=\"url\" href=\"https:\/\/www.santjosep.net\/en\/routes-ses-salines\/the-sa-sal-rossa-route\/\" target=\"_self\">\n\t\t\t\t\t\t\t\t<span class=\"edgtf-iwt-title-text\">Sa Sal Rossa Route<\/span>\n\t\t\t\t\t\t\t\t\t<\/a>\n\t\t\t\t\t\t\t<\/h4>\n\t\t\t\t\t<\/div>\n<\/div><div class=\"edgtf-iwt clearfix  edgtf-iwt-icon-left edgtf-iwt-icon-medium\">\n\t<div class=\"edgtf-iwt-icon\">\n\t\t\t\t\t<a itemprop=\"url\" href=\"https:\/\/www.santjosep.net\/en\/routes-ses-salines\/ruta-de-ses-portes\/\" target=\"_self\">\n\t\t\t\t\t\t\t\t\t<img loading=\"lazy\" decoding=\"async\" width=\"59\" height=\"44\" src=\"https:\/\/www.santjosep.net\/wp-content\/uploads\/2022\/01\/loc-recorrido.png\" class=\"attachment-full size-full\" alt=\"\" \/>\t\t\t\t\t\t\t\t<\/a>\n\t\t\t<\/div>\n\t<div class=\"edgtf-iwt-content\" >\n\t\t\t\t\t<h4 class=\"edgtf-iwt-title\" >\n\t\t\t\t\t\t\t\t\t<a itemprop=\"url\" href=\"https:\/\/www.santjosep.net\/en\/routes-ses-salines\/ruta-de-ses-portes\/\" target=\"_self\">\n\t\t\t\t\t\t\t\t<span class=\"edgtf-iwt-title-text\">Ses Portes Route<\/span>\n\t\t\t\t\t\t\t\t\t<\/a>\n\t\t\t\t\t\t\t<\/h4>\n\t\t\t\t\t<\/div>\n<\/div><div class=\"edgtf-iwt clearfix  edgtf-iwt-icon-left edgtf-iwt-icon-medium\">\n\t<div class=\"edgtf-iwt-icon\">\n\t\t\t\t\t<a itemprop=\"url\" href=\"https:\/\/www.santjosep.net\/en\/what-to-see\/heritage-and-culture\/sant-francesc-interpretation-center\/\" target=\"_self\">\n\t\t\t\t\t\t\t\t\t<img loading=\"lazy\" decoding=\"async\" width=\"59\" height=\"44\" src=\"https:\/\/www.santjosep.net\/wp-content\/uploads\/2022\/01\/punto.png\" class=\"attachment-full size-full\" alt=\"\" \/>\t\t\t\t\t\t\t\t<\/a>\n\t\t\t<\/div>\n\t<div class=\"edgtf-iwt-content\" >\n\t\t\t\t\t<h4 class=\"edgtf-iwt-title\" >\n\t\t\t\t\t\t\t\t\t<a itemprop=\"url\" href=\"https:\/\/www.santjosep.net\/en\/what-to-see\/heritage-and-culture\/sant-francesc-interpretation-center\/\" target=\"_self\">\n\t\t\t\t\t\t\t\t<span class=\"edgtf-iwt-title-text\">Interpretation Center<\/span>\n\t\t\t\t\t\t\t\t\t<\/a>\n\t\t\t\t\t\t\t<\/h4>\n\t\t\t\t\t<\/div>\n<\/div>[\/vc_column_inner][\/vc_row_inner][\/vc_column][\/vc_row][vc_row enable_hue_rotation=&#8221;no&#8221; enable_text_marquee=&#8221;no&#8221;][vc_column][\/vc_column][\/vc_row][vc_row full_width=&#8221;stretch_row_content_no_spaces&#8221; enable_hue_rotation=&#8221;no&#8221; enable_text_marquee=&#8221;no&#8221; el_class=&#8221;galeria&#8221;][vc_column css=&#8221;.vc_custom_1579097066588{padding-bottom: 20px !important;}&#8221;][vc_column_text]<style>#jtg-19095 .modula-item .jtg-social a, .lightbox-socials.jtg-social a{ fill: #ffffff; color: #ffffff }#jtg-19095 .modula-item .jtg-social-mobile a{ fill: #ffffff; color: #ffffff }#jtg-19095 .modula-item .jtg-social svg, .lightbox-socials.jtg-social svg { height: 16px; width: 16px }#jtg-19095 .modula-item .jtg-social-mobile svg { height: 16px; width: 16px }#jtg-19095 .modula-item .jtg-social a:not(:last-child), .lightbox-socials.jtg-social a:not(:last-child) { margin-right: 10px }#jtg-19095 .modula-item .jtg-social-mobile .jtg-social-mobile-icons a:not(:last-child){ margin-right: 10px }#jtg-19095 .modula-item .figc {color:#ffffff;}#jtg-19095 .modula-item .modula-item-content { transform: scale(1) }#jtg-19095 .modula-items .figc p.description { font-size:14px; }#jtg-19095 .modula-items .figc p.description { color:#ffffff;}#jtg-19095.modula-gallery .modula-item > a, #jtg-19095.modula-gallery .modula-item, #jtg-19095.modula-gallery .modula-item-content > a:not(.modula-no-follow) { cursor:zoom-in; } #jtg-19095.modula-gallery .modula-item-content .modula-no-follow { cursor: default; } @media screen and (max-width:480px){#jtg-19095 .modula-item .figc .jtg-title {  font-size: 12px; }#jtg-19095 .modula-items .figc p.description { color:#ffffff;font-size:10px; }}#jtg-19095 .modula-items .modula-item:hover img{opacity:1;}<\/style>\n<div  id=\"jtg-19095\" class=\"modula modula-gallery modula-custom-grid\" data-config=\"{&quot;height&quot;:800,&quot;tabletHeight&quot;:800,&quot;mobileHeight&quot;:800,&quot;desktopHeight&quot;:800,&quot;enableTwitter&quot;:true,&quot;enableWhatsapp&quot;:false,&quot;enableFacebook&quot;:true,&quot;enablePinterest&quot;:true,&quot;enableLinkedin&quot;:true,&quot;enableEmail&quot;:false,&quot;randomFactor&quot;:0.5,&quot;type&quot;:&quot;custom-grid&quot;,&quot;columns&quot;:12,&quot;gutter&quot;:0,&quot;mobileGutter&quot;:0,&quot;tabletGutter&quot;:0,&quot;desktopGutter&quot;:0,&quot;enableResponsive&quot;:&quot;1&quot;,&quot;tabletColumns&quot;:&quot;2&quot;,&quot;mobileColumns&quot;:&quot;1&quot;,&quot;lazyLoad&quot;:&quot;0&quot;,&quot;lightboxOpts&quot;:{&quot;animated&quot;:true,&quot;Thumbs&quot;:{&quot;type&quot;:&quot;modern&quot;,&quot;showOnStart&quot;:false},&quot;Toolbar&quot;:{&quot;display&quot;:{&quot;right&quot;:[&quot;close&quot;]},&quot;enabled&quot;:true},&quot;Carousel&quot;:{&quot;Panzoom&quot;:{&quot;touch&quot;:false},&quot;infinite&quot;:false},&quot;keyboard&quot;:{&quot;Escape&quot;:&quot;close&quot;,&quot;Delete&quot;:&quot;close&quot;,&quot;Backspace&quot;:&quot;close&quot;,&quot;PageUp&quot;:false,&quot;PageDown&quot;:false,&quot;ArrowUp&quot;:false,&quot;ArrowDown&quot;:false,&quot;ArrowRight&quot;:false,&quot;ArrowLeft&quot;:false},&quot;touch&quot;:false,&quot;backdropClick&quot;:false,&quot;l10n&quot;:{&quot;CLOSE&quot;:&quot;Close&quot;,&quot;NEXT&quot;:&quot;Next&quot;,&quot;PREV&quot;:&quot;Previous&quot;,&quot;Error&quot;:&quot;The requested content cannot be loaded. Please try again later.&quot;,&quot;PLAY_START&quot;:&quot;Start slideshow&quot;,&quot;PLAY_STOP&quot;:&quot;Pause slideshow&quot;,&quot;FULL_SCREEN&quot;:&quot;Full screen&quot;,&quot;THUMBS&quot;:&quot;Thumbnails&quot;,&quot;DOWNLOAD&quot;:&quot;Download&quot;,&quot;SHARE&quot;:&quot;Share&quot;,&quot;ZOOM&quot;:&quot;Zoom&quot;,&quot;EMAIL&quot;:&quot;Here is the link to the image : %%image_link%% and this is the link to the gallery : %%gallery_link%%&quot;,&quot;MODAL&quot;:&quot;You can close this modal content with the ESC key&quot;,&quot;ERROR&quot;:&quot;Something Went Wrong, Please Try Again Later&quot;,&quot;IMAGE_ERROR&quot;:&quot;Image Not Found&quot;,&quot;ELEMENT_NOT_FOUND&quot;:&quot;HTML Element Not Found&quot;,&quot;AJAX_NOT_FOUND&quot;:&quot;Error Loading AJAX : Not Found&quot;,&quot;AJAX_FORBIDDEN&quot;:&quot;Error Loading AJAX : Forbidden&quot;,&quot;IFRAME_ERROR&quot;:&quot;Error Loading Page&quot;,&quot;TOGGLE_ZOOM&quot;:&quot;Toggle zoom level&quot;,&quot;TOGGLE_THUMBS&quot;:&quot;Toggle thumbnails&quot;,&quot;TOGGLE_SLIDESHOW&quot;:&quot;Toggle slideshow&quot;,&quot;TOGGLE_FULLSCREEN&quot;:&quot;Toggle full-screen mode&quot;},&quot;Images&quot;:{&quot;Panzoom&quot;:{&quot;maxScale&quot;:2}},&quot;mainClass&quot;:&quot;modula-fancybox-container modula-lightbox-jtg-19095&quot;,&quot;Html&quot;:{&quot;videoAutoplay&quot;:0,&quot;videoTpl&quot;:&quot;&lt;video class=\\&quot;fancybox__html5video\\&quot; controls muted playsinline controlsList controlsList=\\&quot;nodownload\\&quot; poster=\\&quot;{{poster}}\\&quot; src=\\&quot;{{src}}\\&quot; type=\\&quot;{{format}}\\&quot; &gt;  Sorry, your browser doesn&#039;t support embedded videos, &lt;a href=\\&quot;{{src}}\\&quot;&gt; download &lt;\\\/a&gt; and watch with your favorite video player! &lt;\\\/video&gt;&quot;}},&quot;inView&quot;:false,&quot;email_subject&quot;:&quot;Check out this awesome image !!&quot;,&quot;email_message&quot;:&quot;Here is the link to the image : %%image_link%% and this is the link to the gallery : %%gallery_link%%&quot;,&quot;lightbox&quot;:&quot;fancybox&quot;}\">\n\n\t\n\t<div  class=\"modula-items\">\n\t\t<div class=\"modula-item\" data-width=\"12\" data-height=\"7\" >\n\t<div class=\"modula-item-content\">\n\t\t\n\t\t\t\t\t<a data-image-id=\"17703\" tabindex=\"0\" rel=\"jtg-19095\" data-caption=\"\" aria-label=\"Open image in lightbox\" role=\"button\" class=\"tile-inner modula-item-link\"><\/a>\n\t\t\n\t\t<img loading=\"lazy\" decoding=\"async\" class=\"pic wp-image-17703\"  data-valign=\"middle\" data-halign=\"center\" alt=\"\" data-full=\"https:\/\/www.santjosep.net\/wp-content\/uploads\/2020\/01\/IMG_0033.jpg\" title=\"IMG_0033\" width=\"1200\" height=\"800\" src=\"https:\/\/www.santjosep.net\/wp-content\/uploads\/2020\/01\/IMG_0033.jpg\" data-src=\"https:\/\/www.santjosep.net\/wp-content\/uploads\/2020\/01\/IMG_0033.jpg\" data-caption=\"\" srcset=\"https:\/\/www.santjosep.net\/wp-content\/uploads\/2020\/01\/IMG_0033.jpg 1200w, https:\/\/www.santjosep.net\/wp-content\/uploads\/2020\/01\/IMG_0033-300x200.jpg 300w, https:\/\/www.santjosep.net\/wp-content\/uploads\/2020\/01\/IMG_0033-1024x683.jpg 1024w, https:\/\/www.santjosep.net\/wp-content\/uploads\/2020\/01\/IMG_0033-768x512.jpg 768w\" sizes=\"auto, (max-width: 1200px) 100vw, 1200px\" \/>\n\t<\/div>\n\n<\/div>\t\t\n\t<\/div>\n\n\t\n\t\n\t<script type=\"application\/ld+json\">\n\t{\n\t\t\"@context\": \"http:\/\/schema.org\",\n\t\t\"@type\"   : \"ImageGallery\",\n\t\t\"id\"      : \"https:\/\/www.santjosep.net\/en\/what-to-see\/nature\/ses-salines-deivissa-and-formentera\/\",\n\t\t\"url\"     : \"https:\/\/www.santjosep.net\/en\/what-to-see\/nature\/ses-salines-deivissa-and-formentera\/\"\n\t}\n\n\t<\/script>\n\n\t\n<\/div>\n[\/vc_column_text][\/vc_column][\/vc_row][vc_row enable_hue_rotation=&#8221;no&#8221; enable_text_marquee=&#8221;no&#8221;][vc_column][vc_column_text]<\/p>\n<h2>HISTORY OF THE NATURAL PARK<\/h2>\n<p>Since the 1970s, many efforts have been made to protect Ses Salines through legislation. All of those efforts were further promoted by the constant demand of the local people for the respect and protection of one of the most important natural sites in the Islands. The declaration as a Natural Area of Special Interest in 1991 covers much of the park\u2019s area, and by virtue of State Law 26\/1995, of 31 July, Ses Salines became a Nature Reserve. Finally, through Law 17\/2001, of 19 December, on the Environmental Protection of Ses Salines d\u2019Eivissa i Formentera, the entire area was declared a Natural Park and the Government of the Balearic Islands undertook its management and administration.[\/vc_column_text][\/vc_column][\/vc_row][vc_row full_width=&#8221;stretch_row_content_no_spaces&#8221; enable_hue_rotation=&#8221;no&#8221; enable_text_marquee=&#8221;no&#8221; el_class=&#8221;galeria&#8221;][vc_column css=&#8221;.vc_custom_1579097066588{padding-bottom: 20px !important;}&#8221;][vc_column_text]<style>#jtg-19097 .modula-item .jtg-social a, .lightbox-socials.jtg-social a{ fill: #ffffff; color: #ffffff }#jtg-19097 .modula-item .jtg-social-mobile a{ fill: #ffffff; color: #ffffff }#jtg-19097 .modula-item .jtg-social svg, .lightbox-socials.jtg-social svg { height: 16px; width: 16px }#jtg-19097 .modula-item .jtg-social-mobile svg { height: 16px; width: 16px }#jtg-19097 .modula-item .jtg-social a:not(:last-child), .lightbox-socials.jtg-social a:not(:last-child) { margin-right: 10px }#jtg-19097 .modula-item .jtg-social-mobile .jtg-social-mobile-icons a:not(:last-child){ margin-right: 10px }#jtg-19097 .modula-item .figc {color:#ffffff;}#jtg-19097 .modula-item .modula-item-content { transform: scale(1) }#jtg-19097 .modula-items .figc p.description { font-size:14px; }#jtg-19097 .modula-items .figc p.description { color:#ffffff;}#jtg-19097.modula-gallery .modula-item > a, #jtg-19097.modula-gallery .modula-item, #jtg-19097.modula-gallery .modula-item-content > a:not(.modula-no-follow) { cursor:zoom-in; } #jtg-19097.modula-gallery .modula-item-content .modula-no-follow { cursor: default; } @media screen and (max-width:480px){#jtg-19097 .modula-item .figc .jtg-title {  font-size: 12px; }#jtg-19097 .modula-items .figc p.description { color:#ffffff;font-size:10px; }}#jtg-19097 .modula-items .modula-item:hover img{opacity:1;}<\/style>\n<div  id=\"jtg-19097\" class=\"modula modula-gallery modula-custom-grid\" data-config=\"{&quot;height&quot;:800,&quot;tabletHeight&quot;:800,&quot;mobileHeight&quot;:800,&quot;desktopHeight&quot;:800,&quot;enableTwitter&quot;:true,&quot;enableWhatsapp&quot;:false,&quot;enableFacebook&quot;:true,&quot;enablePinterest&quot;:true,&quot;enableLinkedin&quot;:true,&quot;enableEmail&quot;:false,&quot;randomFactor&quot;:0.5,&quot;type&quot;:&quot;custom-grid&quot;,&quot;columns&quot;:12,&quot;gutter&quot;:0,&quot;mobileGutter&quot;:0,&quot;tabletGutter&quot;:0,&quot;desktopGutter&quot;:0,&quot;enableResponsive&quot;:&quot;1&quot;,&quot;tabletColumns&quot;:&quot;2&quot;,&quot;mobileColumns&quot;:&quot;1&quot;,&quot;lazyLoad&quot;:&quot;0&quot;,&quot;lightboxOpts&quot;:{&quot;animated&quot;:true,&quot;Thumbs&quot;:{&quot;type&quot;:&quot;modern&quot;,&quot;showOnStart&quot;:false},&quot;Toolbar&quot;:{&quot;display&quot;:{&quot;right&quot;:[&quot;close&quot;]},&quot;enabled&quot;:true},&quot;Carousel&quot;:{&quot;Panzoom&quot;:{&quot;touch&quot;:false},&quot;infinite&quot;:false},&quot;keyboard&quot;:{&quot;Escape&quot;:&quot;close&quot;,&quot;Delete&quot;:&quot;close&quot;,&quot;Backspace&quot;:&quot;close&quot;,&quot;PageUp&quot;:false,&quot;PageDown&quot;:false,&quot;ArrowUp&quot;:false,&quot;ArrowDown&quot;:false,&quot;ArrowRight&quot;:false,&quot;ArrowLeft&quot;:false},&quot;touch&quot;:false,&quot;backdropClick&quot;:false,&quot;l10n&quot;:{&quot;CLOSE&quot;:&quot;Close&quot;,&quot;NEXT&quot;:&quot;Next&quot;,&quot;PREV&quot;:&quot;Previous&quot;,&quot;Error&quot;:&quot;The requested content cannot be loaded. Please try again later.&quot;,&quot;PLAY_START&quot;:&quot;Start slideshow&quot;,&quot;PLAY_STOP&quot;:&quot;Pause slideshow&quot;,&quot;FULL_SCREEN&quot;:&quot;Full screen&quot;,&quot;THUMBS&quot;:&quot;Thumbnails&quot;,&quot;DOWNLOAD&quot;:&quot;Download&quot;,&quot;SHARE&quot;:&quot;Share&quot;,&quot;ZOOM&quot;:&quot;Zoom&quot;,&quot;EMAIL&quot;:&quot;Here is the link to the image : %%image_link%% and this is the link to the gallery : %%gallery_link%%&quot;,&quot;MODAL&quot;:&quot;You can close this modal content with the ESC key&quot;,&quot;ERROR&quot;:&quot;Something Went Wrong, Please Try Again Later&quot;,&quot;IMAGE_ERROR&quot;:&quot;Image Not Found&quot;,&quot;ELEMENT_NOT_FOUND&quot;:&quot;HTML Element Not Found&quot;,&quot;AJAX_NOT_FOUND&quot;:&quot;Error Loading AJAX : Not Found&quot;,&quot;AJAX_FORBIDDEN&quot;:&quot;Error Loading AJAX : Forbidden&quot;,&quot;IFRAME_ERROR&quot;:&quot;Error Loading Page&quot;,&quot;TOGGLE_ZOOM&quot;:&quot;Toggle zoom level&quot;,&quot;TOGGLE_THUMBS&quot;:&quot;Toggle thumbnails&quot;,&quot;TOGGLE_SLIDESHOW&quot;:&quot;Toggle slideshow&quot;,&quot;TOGGLE_FULLSCREEN&quot;:&quot;Toggle full-screen mode&quot;},&quot;Images&quot;:{&quot;Panzoom&quot;:{&quot;maxScale&quot;:2}},&quot;mainClass&quot;:&quot;modula-fancybox-container modula-lightbox-jtg-19097&quot;,&quot;Html&quot;:{&quot;videoAutoplay&quot;:0,&quot;videoTpl&quot;:&quot;&lt;video class=\\&quot;fancybox__html5video\\&quot; controls muted playsinline controlsList controlsList=\\&quot;nodownload\\&quot; poster=\\&quot;{{poster}}\\&quot; src=\\&quot;{{src}}\\&quot; type=\\&quot;{{format}}\\&quot; &gt;  Sorry, your browser doesn&#039;t support embedded videos, &lt;a href=\\&quot;{{src}}\\&quot;&gt; download &lt;\\\/a&gt; and watch with your favorite video player! &lt;\\\/video&gt;&quot;}},&quot;inView&quot;:false,&quot;email_subject&quot;:&quot;Check out this awesome image !!&quot;,&quot;email_message&quot;:&quot;Here is the link to the image : %%image_link%% and this is the link to the gallery : %%gallery_link%%&quot;,&quot;lightbox&quot;:&quot;fancybox&quot;}\">\n\n\t\n\t<div  class=\"modula-items\">\n\t\t<div class=\"modula-item\" data-width=\"12\" data-height=\"7\" >\n\t<div class=\"modula-item-content\">\n\t\t\n\t\t\t\t\t<a data-image-id=\"18880\" tabindex=\"0\" rel=\"jtg-19097\" data-caption=\"DCIM\/100MEDIA\/DJI_0397.JPG\" aria-label=\"Open image in lightbox\" role=\"button\" class=\"tile-inner modula-item-link\"><\/a>\n\t\t\n\t\t<img loading=\"lazy\" decoding=\"async\" class=\"pic wp-image-18880\"  data-valign=\"middle\" data-halign=\"center\" alt=\"\" data-full=\"https:\/\/www.santjosep.net\/wp-content\/uploads\/2020\/01\/AdobeStock_233975072.jpg\" title=\"Aerial view of Ses Cavallet beach, Ibiza. Spain.\" width=\"1900\" height=\"1425\" src=\"https:\/\/www.santjosep.net\/wp-content\/uploads\/2020\/01\/AdobeStock_233975072.jpg\" data-src=\"https:\/\/www.santjosep.net\/wp-content\/uploads\/2020\/01\/AdobeStock_233975072.jpg\" data-caption=\"DCIM\/100MEDIA\/DJI_0397.JPG\" srcset=\"https:\/\/www.santjosep.net\/wp-content\/uploads\/2020\/01\/AdobeStock_233975072.jpg 1900w, https:\/\/www.santjosep.net\/wp-content\/uploads\/2020\/01\/AdobeStock_233975072-300x225.jpg 300w, https:\/\/www.santjosep.net\/wp-content\/uploads\/2020\/01\/AdobeStock_233975072-1024x768.jpg 1024w, https:\/\/www.santjosep.net\/wp-content\/uploads\/2020\/01\/AdobeStock_233975072-768x576.jpg 768w, https:\/\/www.santjosep.net\/wp-content\/uploads\/2020\/01\/AdobeStock_233975072-1536x1152.jpg 1536w, https:\/\/www.santjosep.net\/wp-content\/uploads\/2020\/01\/AdobeStock_233975072-800x600.jpg 800w\" sizes=\"auto, (max-width: 1900px) 100vw, 1900px\" \/>\n\t<\/div>\n\n<\/div><div class=\"modula-item\" data-width=\"6\" data-height=\"6\" >\n\t<div class=\"modula-item-content\">\n\t\t\n\t\t\t\t\t<a data-image-id=\"18890\" tabindex=\"0\" rel=\"jtg-19097\" data-caption=\"DCIM\/100MEDIA\/DJI_0391.JPG\" aria-label=\"Open image in lightbox\" role=\"button\" class=\"tile-inner modula-item-link\"><\/a>\n\t\t\n\t\t<img loading=\"lazy\" decoding=\"async\" class=\"pic wp-image-18890\"  data-valign=\"middle\" data-halign=\"center\" alt=\"\" data-full=\"https:\/\/www.santjosep.net\/wp-content\/uploads\/2020\/01\/AdobeStock_234370382-1.jpg\" title=\"Aerial view of Ses Salines Natural Park, Ibiza. Spain.\" width=\"1900\" height=\"1425\" src=\"https:\/\/www.santjosep.net\/wp-content\/uploads\/2020\/01\/AdobeStock_234370382-1.jpg\" data-src=\"https:\/\/www.santjosep.net\/wp-content\/uploads\/2020\/01\/AdobeStock_234370382-1.jpg\" data-caption=\"DCIM\/100MEDIA\/DJI_0391.JPG\" srcset=\"https:\/\/www.santjosep.net\/wp-content\/uploads\/2020\/01\/AdobeStock_234370382-1.jpg 1900w, https:\/\/www.santjosep.net\/wp-content\/uploads\/2020\/01\/AdobeStock_234370382-1-300x225.jpg 300w, https:\/\/www.santjosep.net\/wp-content\/uploads\/2020\/01\/AdobeStock_234370382-1-1024x768.jpg 1024w, https:\/\/www.santjosep.net\/wp-content\/uploads\/2020\/01\/AdobeStock_234370382-1-768x576.jpg 768w, https:\/\/www.santjosep.net\/wp-content\/uploads\/2020\/01\/AdobeStock_234370382-1-1536x1152.jpg 1536w, https:\/\/www.santjosep.net\/wp-content\/uploads\/2020\/01\/AdobeStock_234370382-1-800x600.jpg 800w\" sizes=\"auto, (max-width: 1900px) 100vw, 1900px\" \/>\n\t<\/div>\n\n<\/div><div class=\"modula-item\" data-width=\"6\" data-height=\"6\" >\n\t<div class=\"modula-item-content\">\n\t\t\n\t\t\t\t\t<a data-image-id=\"18885\" tabindex=\"0\" rel=\"jtg-19097\" data-caption=\"DCIM\/100MEDIA\/DJI_0359.JPG\" aria-label=\"Open image in lightbox\" role=\"button\" class=\"tile-inner modula-item-link\"><\/a>\n\t\t\n\t\t<img loading=\"lazy\" decoding=\"async\" class=\"pic wp-image-18885\"  data-valign=\"middle\" data-halign=\"center\" alt=\"\" data-full=\"https:\/\/www.santjosep.net\/wp-content\/uploads\/2020\/01\/AdobeStock_233975191.jpg\" title=\"Aerial view of Ses Salines beach, Ibiza. Spain.\" width=\"1900\" height=\"1425\" src=\"https:\/\/www.santjosep.net\/wp-content\/uploads\/2020\/01\/AdobeStock_233975191.jpg\" data-src=\"https:\/\/www.santjosep.net\/wp-content\/uploads\/2020\/01\/AdobeStock_233975191.jpg\" data-caption=\"DCIM\/100MEDIA\/DJI_0359.JPG\" srcset=\"https:\/\/www.santjosep.net\/wp-content\/uploads\/2020\/01\/AdobeStock_233975191.jpg 1900w, https:\/\/www.santjosep.net\/wp-content\/uploads\/2020\/01\/AdobeStock_233975191-300x225.jpg 300w, https:\/\/www.santjosep.net\/wp-content\/uploads\/2020\/01\/AdobeStock_233975191-1024x768.jpg 1024w, https:\/\/www.santjosep.net\/wp-content\/uploads\/2020\/01\/AdobeStock_233975191-768x576.jpg 768w, https:\/\/www.santjosep.net\/wp-content\/uploads\/2020\/01\/AdobeStock_233975191-1536x1152.jpg 1536w, https:\/\/www.santjosep.net\/wp-content\/uploads\/2020\/01\/AdobeStock_233975191-800x600.jpg 800w\" sizes=\"auto, (max-width: 1900px) 100vw, 1900px\" \/>\n\t<\/div>\n\n<\/div>\t\t\n\t<\/div>\n\n\t\n\t\n\t<script type=\"application\/ld+json\">\n\t{\n\t\t\"@context\": \"http:\/\/schema.org\",\n\t\t\"@type\"   : \"ImageGallery\",\n\t\t\"id\"      : \"https:\/\/www.santjosep.net\/en\/what-to-see\/nature\/ses-salines-deivissa-and-formentera\/\",\n\t\t\"url\"     : \"https:\/\/www.santjosep.net\/en\/what-to-see\/nature\/ses-salines-deivissa-and-formentera\/\"\n\t}\n\n\t<\/script>\n\n\t\n<\/div>\n[\/vc_column_text][\/vc_column][\/vc_row][vc_row enable_hue_rotation=&#8221;no&#8221; enable_text_marquee=&#8221;no&#8221;][vc_column][vc_column_text]<\/p>\n<h2>CULTURAL AND ETHNOLOGICAL HERITAGE<\/h2>\n<p>The vestiges of ancient civilizations and the footprints of history in the Pitiu\u0308ses Islands can also be seen in the natural park. Bearing witness to this are the remains found at the Phoenician Settlement of Sa Caleta (which was declared World Heritage by UNESCO), and the five defence towers that dot the park\u2019s coastline. The presence of the salt industry, which dates back thousands of years, with all of its historical, cultural and socio-economic value, is an additional unique feature of vast natural beauty and importance that fits in perfectly with the natural ecosystemss.[\/vc_column_text][\/vc_column][\/vc_row][vc_row full_width=&#8221;stretch_row_content_no_spaces&#8221; enable_hue_rotation=&#8221;no&#8221; enable_text_marquee=&#8221;no&#8221; el_class=&#8221;galeria&#8221;][vc_column css=&#8221;.vc_custom_1579097066588{padding-bottom: 20px !important;}&#8221;][vc_column_text]<style>#jtg-19098 .modula-item .jtg-social a, .lightbox-socials.jtg-social a{ fill: #ffffff; color: #ffffff }#jtg-19098 .modula-item .jtg-social-mobile a{ fill: #ffffff; color: #ffffff }#jtg-19098 .modula-item .jtg-social svg, .lightbox-socials.jtg-social svg { height: 16px; width: 16px }#jtg-19098 .modula-item .jtg-social-mobile svg { height: 16px; width: 16px }#jtg-19098 .modula-item .jtg-social a:not(:last-child), .lightbox-socials.jtg-social a:not(:last-child) { margin-right: 10px }#jtg-19098 .modula-item .jtg-social-mobile .jtg-social-mobile-icons a:not(:last-child){ margin-right: 10px }#jtg-19098 .modula-item .figc {color:#ffffff;}#jtg-19098 .modula-item .modula-item-content { transform: scale(1) }#jtg-19098 .modula-items .figc p.description { font-size:14px; }#jtg-19098 .modula-items .figc p.description { color:#ffffff;}#jtg-19098.modula-gallery .modula-item > a, #jtg-19098.modula-gallery .modula-item, #jtg-19098.modula-gallery .modula-item-content > a:not(.modula-no-follow) { cursor:zoom-in; } #jtg-19098.modula-gallery .modula-item-content .modula-no-follow { cursor: default; } @media screen and (max-width:480px){#jtg-19098 .modula-item .figc .jtg-title {  font-size: 12px; }#jtg-19098 .modula-items .figc p.description { color:#ffffff;font-size:10px; }}#jtg-19098 .modula-items .modula-item:hover img{opacity:1;}<\/style>\n<div  id=\"jtg-19098\" class=\"modula modula-gallery modula-custom-grid\" data-config=\"{&quot;height&quot;:800,&quot;tabletHeight&quot;:800,&quot;mobileHeight&quot;:800,&quot;desktopHeight&quot;:800,&quot;enableTwitter&quot;:true,&quot;enableWhatsapp&quot;:false,&quot;enableFacebook&quot;:true,&quot;enablePinterest&quot;:true,&quot;enableLinkedin&quot;:true,&quot;enableEmail&quot;:false,&quot;randomFactor&quot;:0.5,&quot;type&quot;:&quot;custom-grid&quot;,&quot;columns&quot;:12,&quot;gutter&quot;:0,&quot;mobileGutter&quot;:0,&quot;tabletGutter&quot;:0,&quot;desktopGutter&quot;:0,&quot;enableResponsive&quot;:&quot;1&quot;,&quot;tabletColumns&quot;:&quot;2&quot;,&quot;mobileColumns&quot;:&quot;1&quot;,&quot;lazyLoad&quot;:&quot;0&quot;,&quot;lightboxOpts&quot;:{&quot;animated&quot;:true,&quot;Thumbs&quot;:{&quot;type&quot;:&quot;modern&quot;,&quot;showOnStart&quot;:false},&quot;Toolbar&quot;:{&quot;display&quot;:{&quot;right&quot;:[&quot;close&quot;]},&quot;enabled&quot;:true},&quot;Carousel&quot;:{&quot;Panzoom&quot;:{&quot;touch&quot;:false},&quot;infinite&quot;:false},&quot;keyboard&quot;:{&quot;Escape&quot;:&quot;close&quot;,&quot;Delete&quot;:&quot;close&quot;,&quot;Backspace&quot;:&quot;close&quot;,&quot;PageUp&quot;:false,&quot;PageDown&quot;:false,&quot;ArrowUp&quot;:false,&quot;ArrowDown&quot;:false,&quot;ArrowRight&quot;:false,&quot;ArrowLeft&quot;:false},&quot;touch&quot;:false,&quot;backdropClick&quot;:false,&quot;l10n&quot;:{&quot;CLOSE&quot;:&quot;Close&quot;,&quot;NEXT&quot;:&quot;Next&quot;,&quot;PREV&quot;:&quot;Previous&quot;,&quot;Error&quot;:&quot;The requested content cannot be loaded. Please try again later.&quot;,&quot;PLAY_START&quot;:&quot;Start slideshow&quot;,&quot;PLAY_STOP&quot;:&quot;Pause slideshow&quot;,&quot;FULL_SCREEN&quot;:&quot;Full screen&quot;,&quot;THUMBS&quot;:&quot;Thumbnails&quot;,&quot;DOWNLOAD&quot;:&quot;Download&quot;,&quot;SHARE&quot;:&quot;Share&quot;,&quot;ZOOM&quot;:&quot;Zoom&quot;,&quot;EMAIL&quot;:&quot;Here is the link to the image : %%image_link%% and this is the link to the gallery : %%gallery_link%%&quot;,&quot;MODAL&quot;:&quot;You can close this modal content with the ESC key&quot;,&quot;ERROR&quot;:&quot;Something Went Wrong, Please Try Again Later&quot;,&quot;IMAGE_ERROR&quot;:&quot;Image Not Found&quot;,&quot;ELEMENT_NOT_FOUND&quot;:&quot;HTML Element Not Found&quot;,&quot;AJAX_NOT_FOUND&quot;:&quot;Error Loading AJAX : Not Found&quot;,&quot;AJAX_FORBIDDEN&quot;:&quot;Error Loading AJAX : Forbidden&quot;,&quot;IFRAME_ERROR&quot;:&quot;Error Loading Page&quot;,&quot;TOGGLE_ZOOM&quot;:&quot;Toggle zoom level&quot;,&quot;TOGGLE_THUMBS&quot;:&quot;Toggle thumbnails&quot;,&quot;TOGGLE_SLIDESHOW&quot;:&quot;Toggle slideshow&quot;,&quot;TOGGLE_FULLSCREEN&quot;:&quot;Toggle full-screen mode&quot;},&quot;Images&quot;:{&quot;Panzoom&quot;:{&quot;maxScale&quot;:2}},&quot;mainClass&quot;:&quot;modula-fancybox-container modula-lightbox-jtg-19098&quot;,&quot;Html&quot;:{&quot;videoAutoplay&quot;:0,&quot;videoTpl&quot;:&quot;&lt;video class=\\&quot;fancybox__html5video\\&quot; controls muted playsinline controlsList controlsList=\\&quot;nodownload\\&quot; poster=\\&quot;{{poster}}\\&quot; src=\\&quot;{{src}}\\&quot; type=\\&quot;{{format}}\\&quot; &gt;  Sorry, your browser doesn&#039;t support embedded videos, &lt;a href=\\&quot;{{src}}\\&quot;&gt; download &lt;\\\/a&gt; and watch with your favorite video player! &lt;\\\/video&gt;&quot;}},&quot;inView&quot;:false,&quot;email_subject&quot;:&quot;Check out this awesome image !!&quot;,&quot;email_message&quot;:&quot;Here is the link to the image : %%image_link%% and this is the link to the gallery : %%gallery_link%%&quot;,&quot;lightbox&quot;:&quot;fancybox&quot;}\">\n\n\t\n\t<div  class=\"modula-items\">\n\t\t<div class=\"modula-item\" data-width=\"7\" data-height=\"5\" >\n\t<div class=\"modula-item-content\">\n\t\t\n\t\t\t\t\t<a data-image-id=\"19099\" tabindex=\"0\" rel=\"jtg-19098\" data-caption=\"\" aria-label=\"Open image in lightbox\" role=\"button\" class=\"tile-inner modula-item-link\"><\/a>\n\t\t\n\t\t<img loading=\"lazy\" decoding=\"async\" class=\"pic wp-image-19099\"  data-valign=\"middle\" data-halign=\"center\" alt=\"\" data-full=\"https:\/\/www.santjosep.net\/wp-content\/uploads\/2020\/01\/P1110413.jpg\" title=\"P1110413\" width=\"1200\" height=\"900\" src=\"https:\/\/www.santjosep.net\/wp-content\/uploads\/2020\/01\/P1110413.jpg\" data-src=\"https:\/\/www.santjosep.net\/wp-content\/uploads\/2020\/01\/P1110413.jpg\" data-caption=\"\" srcset=\"https:\/\/www.santjosep.net\/wp-content\/uploads\/2020\/01\/P1110413.jpg 1200w, https:\/\/www.santjosep.net\/wp-content\/uploads\/2020\/01\/P1110413-300x225.jpg 300w, https:\/\/www.santjosep.net\/wp-content\/uploads\/2020\/01\/P1110413-1024x768.jpg 1024w, https:\/\/www.santjosep.net\/wp-content\/uploads\/2020\/01\/P1110413-768x576.jpg 768w, https:\/\/www.santjosep.net\/wp-content\/uploads\/2020\/01\/P1110413-800x600.jpg 800w\" sizes=\"auto, (max-width: 1200px) 100vw, 1200px\" \/>\n\t<\/div>\n\n<\/div><div class=\"modula-item\" data-width=\"5\" data-height=\"5\" >\n\t<div class=\"modula-item-content\">\n\t\t\n\t\t\t\t\t<a data-image-id=\"19104\" tabindex=\"0\" rel=\"jtg-19098\" data-caption=\"\" aria-label=\"Open image in lightbox\" role=\"button\" class=\"tile-inner modula-item-link\"><\/a>\n\t\t\n\t\t<img loading=\"lazy\" decoding=\"async\" class=\"pic wp-image-19104\"  data-valign=\"middle\" data-halign=\"center\" alt=\"\" data-full=\"https:\/\/www.santjosep.net\/wp-content\/uploads\/2020\/01\/P1110378.jpg\" title=\"P1110378\" width=\"1200\" height=\"900\" src=\"https:\/\/www.santjosep.net\/wp-content\/uploads\/2020\/01\/P1110378.jpg\" data-src=\"https:\/\/www.santjosep.net\/wp-content\/uploads\/2020\/01\/P1110378.jpg\" data-caption=\"\" srcset=\"https:\/\/www.santjosep.net\/wp-content\/uploads\/2020\/01\/P1110378.jpg 1200w, https:\/\/www.santjosep.net\/wp-content\/uploads\/2020\/01\/P1110378-300x225.jpg 300w, https:\/\/www.santjosep.net\/wp-content\/uploads\/2020\/01\/P1110378-1024x768.jpg 1024w, https:\/\/www.santjosep.net\/wp-content\/uploads\/2020\/01\/P1110378-768x576.jpg 768w, https:\/\/www.santjosep.net\/wp-content\/uploads\/2020\/01\/P1110378-800x600.jpg 800w\" sizes=\"auto, (max-width: 1200px) 100vw, 1200px\" \/>\n\t<\/div>\n\n<\/div>\t\t\n\t<\/div>\n\n\t\n\t\n\t<script type=\"application\/ld+json\">\n\t{\n\t\t\"@context\": \"http:\/\/schema.org\",\n\t\t\"@type\"   : \"ImageGallery\",\n\t\t\"id\"      : \"https:\/\/www.santjosep.net\/en\/what-to-see\/nature\/ses-salines-deivissa-and-formentera\/\",\n\t\t\"url\"     : \"https:\/\/www.santjosep.net\/en\/what-to-see\/nature\/ses-salines-deivissa-and-formentera\/\"\n\t}\n\n\t<\/script>\n\n\t\n<\/div>\n[\/vc_column_text][\/vc_column][\/vc_row][vc_row enable_hue_rotation=&#8221;no&#8221; enable_text_marquee=&#8221;no&#8221;][vc_column][vc_column_text]<\/p>\n<h2>MARINE ENVIRONMENT<\/h2>\n<p>The sea accounts for approximately 85% of the park\u2019s area and is characterised by the ecological importance of its underwater Posidonia oceanica beds. This marine plant, which is exclusive to our sea, ensures the continued survival of the fish populations and other sea life. Moreover, it oxygenates the waters, keeping them clean and clear, while sheltering the beaches from the erosive effects of the waves and maintaining the natural dynamics of the dune systems. The best-conserved Posidonia prairies in the entire Mediterranean, these seaweed beds are protected by the Directive on Habitats (92\/43\/EEC) and have been declared World Heritage by UNESCO.<\/p>\n<p>&nbsp;<\/p>\n<h2>PLANT LIFE AND FAUNA<\/h2>\n<p>En el \u00e1mbito terrestre, el Parque natural acoge una representaci\u00f3n magn\u00edfica de la mayor\u00eda de especies vegetales existentes en las islas Pitiusas, (178 especies en total). Est\u00e1n representados los pinares mediterr\u00e1neos, los sabinares costeros, los salicorniares y la vegetaci\u00f3n hal\u00f3fila que rodea los estanques, los sistemas dunares y la vegetaci\u00f3n litoral de acantilados.<\/p>\n<p>On land, the natural park boasts a magnificent representation of most of the existing plant formations in the Pitiu\u0308ses Islands, with some 178 different species in all. These include Mediterranean pine groves, coastal savin groves, glasswort beds and the halophilic plants that surround the ponds, the dune systems and the coastal plants found along the cliffs.<br \/>\nSome 210 bird species have been catalogued in the natural park. Particularly worthy of note are the aquatic bird populations, including the flamingo (Phoenicopterus roseus), the black-winged stilt (Himantopus himantopus), the shelduck (Tadorna tadorna), the Kentish plover (Charadrius alexandrinus), and seafaring birds such as the Audouin\u2019s gull (Larus audouinii) and the Balearic shearwater (Puffinus mauretanicus). The lagoon, Estany Pudent de Formentera, boasts one of the largest communities of the black-necked grebe (Podiceps nigricollis) in Europe.<br \/>\nOther animal species worthy of note in the park\u2019s land areas include the Eivissa wall lizard (Podarcis pityusensis), which is endemic to these islands and appears on the other islets in different subspecies; the large garden dormouse (Elyomis quercinus ophiusae) on Formentera; and many different endemic beetle and snail species.[\/vc_column_text][\/vc_column][\/vc_row][vc_row full_width=&#8221;stretch_row_content_no_spaces&#8221; enable_hue_rotation=&#8221;no&#8221; enable_text_marquee=&#8221;no&#8221; el_id=&#8221;galeria&#8221; el_class=&#8221;galeria&#8221;][vc_column css=&#8221;.vc_custom_1579097066588{padding-bottom: 20px !important;}&#8221;][vc_column_text]<style>#jtg-19096 .modula-item .jtg-social a, .lightbox-socials.jtg-social a{ fill: #ffffff; color: #ffffff }#jtg-19096 .modula-item .jtg-social-mobile a{ fill: #ffffff; color: #ffffff }#jtg-19096 .modula-item .jtg-social svg, .lightbox-socials.jtg-social svg { height: 16px; width: 16px }#jtg-19096 .modula-item .jtg-social-mobile svg { height: 16px; width: 16px }#jtg-19096 .modula-item .jtg-social a:not(:last-child), .lightbox-socials.jtg-social a:not(:last-child) { margin-right: 10px }#jtg-19096 .modula-item .jtg-social-mobile .jtg-social-mobile-icons a:not(:last-child){ margin-right: 10px }#jtg-19096 .modula-item .figc {color:#ffffff;}#jtg-19096 .modula-item .modula-item-content { transform: scale(1) }#jtg-19096 .modula-items .figc p.description { font-size:14px; }#jtg-19096 .modula-items .figc p.description { color:#ffffff;}#jtg-19096.modula-gallery .modula-item > a, #jtg-19096.modula-gallery .modula-item, #jtg-19096.modula-gallery .modula-item-content > a:not(.modula-no-follow) { cursor:zoom-in; } #jtg-19096.modula-gallery .modula-item-content .modula-no-follow { cursor: default; } @media screen and (max-width:480px){#jtg-19096 .modula-item .figc .jtg-title {  font-size: 12px; }#jtg-19096 .modula-items .figc p.description { color:#ffffff;font-size:10px; }}#jtg-19096 .modula-items .modula-item:hover img{opacity:1;}<\/style>\n<div  id=\"jtg-19096\" class=\"modula modula-gallery modula-custom-grid\" data-config=\"{&quot;height&quot;:800,&quot;tabletHeight&quot;:800,&quot;mobileHeight&quot;:800,&quot;desktopHeight&quot;:800,&quot;enableTwitter&quot;:true,&quot;enableWhatsapp&quot;:false,&quot;enableFacebook&quot;:true,&quot;enablePinterest&quot;:true,&quot;enableLinkedin&quot;:true,&quot;enableEmail&quot;:false,&quot;randomFactor&quot;:0.5,&quot;type&quot;:&quot;custom-grid&quot;,&quot;columns&quot;:12,&quot;gutter&quot;:0,&quot;mobileGutter&quot;:0,&quot;tabletGutter&quot;:0,&quot;desktopGutter&quot;:0,&quot;enableResponsive&quot;:&quot;1&quot;,&quot;tabletColumns&quot;:&quot;2&quot;,&quot;mobileColumns&quot;:&quot;1&quot;,&quot;lazyLoad&quot;:&quot;0&quot;,&quot;lightboxOpts&quot;:{&quot;animated&quot;:true,&quot;Thumbs&quot;:{&quot;type&quot;:&quot;modern&quot;,&quot;showOnStart&quot;:false},&quot;Toolbar&quot;:{&quot;display&quot;:{&quot;right&quot;:[&quot;close&quot;]},&quot;enabled&quot;:true},&quot;Carousel&quot;:{&quot;Panzoom&quot;:{&quot;touch&quot;:false},&quot;infinite&quot;:false},&quot;keyboard&quot;:{&quot;Escape&quot;:&quot;close&quot;,&quot;Delete&quot;:&quot;close&quot;,&quot;Backspace&quot;:&quot;close&quot;,&quot;PageUp&quot;:false,&quot;PageDown&quot;:false,&quot;ArrowUp&quot;:false,&quot;ArrowDown&quot;:false,&quot;ArrowRight&quot;:false,&quot;ArrowLeft&quot;:false},&quot;touch&quot;:false,&quot;backdropClick&quot;:false,&quot;l10n&quot;:{&quot;CLOSE&quot;:&quot;Close&quot;,&quot;NEXT&quot;:&quot;Next&quot;,&quot;PREV&quot;:&quot;Previous&quot;,&quot;Error&quot;:&quot;The requested content cannot be loaded. Please try again later.&quot;,&quot;PLAY_START&quot;:&quot;Start slideshow&quot;,&quot;PLAY_STOP&quot;:&quot;Pause slideshow&quot;,&quot;FULL_SCREEN&quot;:&quot;Full screen&quot;,&quot;THUMBS&quot;:&quot;Thumbnails&quot;,&quot;DOWNLOAD&quot;:&quot;Download&quot;,&quot;SHARE&quot;:&quot;Share&quot;,&quot;ZOOM&quot;:&quot;Zoom&quot;,&quot;EMAIL&quot;:&quot;Here is the link to the image : %%image_link%% and this is the link to the gallery : %%gallery_link%%&quot;,&quot;MODAL&quot;:&quot;You can close this modal content with the ESC key&quot;,&quot;ERROR&quot;:&quot;Something Went Wrong, Please Try Again Later&quot;,&quot;IMAGE_ERROR&quot;:&quot;Image Not Found&quot;,&quot;ELEMENT_NOT_FOUND&quot;:&quot;HTML Element Not Found&quot;,&quot;AJAX_NOT_FOUND&quot;:&quot;Error Loading AJAX : Not Found&quot;,&quot;AJAX_FORBIDDEN&quot;:&quot;Error Loading AJAX : Forbidden&quot;,&quot;IFRAME_ERROR&quot;:&quot;Error Loading Page&quot;,&quot;TOGGLE_ZOOM&quot;:&quot;Toggle zoom level&quot;,&quot;TOGGLE_THUMBS&quot;:&quot;Toggle thumbnails&quot;,&quot;TOGGLE_SLIDESHOW&quot;:&quot;Toggle slideshow&quot;,&quot;TOGGLE_FULLSCREEN&quot;:&quot;Toggle full-screen mode&quot;},&quot;Images&quot;:{&quot;Panzoom&quot;:{&quot;maxScale&quot;:2}},&quot;mainClass&quot;:&quot;modula-fancybox-container modula-lightbox-jtg-19096&quot;,&quot;Html&quot;:{&quot;videoAutoplay&quot;:0,&quot;videoTpl&quot;:&quot;&lt;video class=\\&quot;fancybox__html5video\\&quot; controls muted playsinline controlsList controlsList=\\&quot;nodownload\\&quot; poster=\\&quot;{{poster}}\\&quot; src=\\&quot;{{src}}\\&quot; type=\\&quot;{{format}}\\&quot; &gt;  Sorry, your browser doesn&#039;t support embedded videos, &lt;a href=\\&quot;{{src}}\\&quot;&gt; download &lt;\\\/a&gt; and watch with your favorite video player! &lt;\\\/video&gt;&quot;}},&quot;inView&quot;:false,&quot;email_subject&quot;:&quot;Check out this awesome image !!&quot;,&quot;email_message&quot;:&quot;Here is the link to the image : %%image_link%% and this is the link to the gallery : %%gallery_link%%&quot;,&quot;lightbox&quot;:&quot;fancybox&quot;}\">\n\n\t\n\t<div  class=\"modula-items\">\n\t\t<div class=\"modula-item\" data-width=\"12\" data-height=\"5\" >\n\t<div class=\"modula-item-content\">\n\t\t\n\t\t\t\t\t<a data-image-id=\"18863\" tabindex=\"0\" rel=\"jtg-19096\" data-caption=\"\" aria-label=\"Open image in lightbox\" role=\"button\" class=\"tile-inner modula-item-link\"><\/a>\n\t\t\n\t\t<img loading=\"lazy\" decoding=\"async\" class=\"pic wp-image-18863\"  data-valign=\"middle\" data-halign=\"center\" alt=\"\" data-full=\"https:\/\/www.santjosep.net\/wp-content\/uploads\/2020\/01\/shutterstock_1230809923.jpg\" title=\"shutterstock_1230809923\" width=\"1400\" height=\"933\" src=\"https:\/\/www.santjosep.net\/wp-content\/uploads\/2020\/01\/shutterstock_1230809923.jpg\" data-src=\"https:\/\/www.santjosep.net\/wp-content\/uploads\/2020\/01\/shutterstock_1230809923.jpg\" data-caption=\"\" srcset=\"https:\/\/www.santjosep.net\/wp-content\/uploads\/2020\/01\/shutterstock_1230809923.jpg 1400w, https:\/\/www.santjosep.net\/wp-content\/uploads\/2020\/01\/shutterstock_1230809923-300x200.jpg 300w, https:\/\/www.santjosep.net\/wp-content\/uploads\/2020\/01\/shutterstock_1230809923-1024x682.jpg 1024w, https:\/\/www.santjosep.net\/wp-content\/uploads\/2020\/01\/shutterstock_1230809923-768x512.jpg 768w\" sizes=\"auto, (max-width: 1400px) 100vw, 1400px\" \/>\n\t<\/div>\n\n<\/div><div class=\"modula-item\" data-width=\"5\" data-height=\"5\" >\n\t<div class=\"modula-item-content\">\n\t\t\n\t\t\t\t\t<a data-image-id=\"18911\" tabindex=\"0\" rel=\"jtg-19096\" data-caption=\"\" aria-label=\"Open image in lightbox\" role=\"button\" class=\"tile-inner modula-item-link\"><\/a>\n\t\t\n\t\t<img loading=\"lazy\" decoding=\"async\" class=\"pic wp-image-18911\"  data-valign=\"middle\" data-halign=\"center\" alt=\"\" data-full=\"https:\/\/www.santjosep.net\/wp-content\/uploads\/2020\/01\/P1083949.jpg\" title=\"P1083949\" width=\"1500\" height=\"1125\" src=\"https:\/\/www.santjosep.net\/wp-content\/uploads\/2020\/01\/P1083949.jpg\" data-src=\"https:\/\/www.santjosep.net\/wp-content\/uploads\/2020\/01\/P1083949.jpg\" data-caption=\"\" srcset=\"https:\/\/www.santjosep.net\/wp-content\/uploads\/2020\/01\/P1083949.jpg 1500w, https:\/\/www.santjosep.net\/wp-content\/uploads\/2020\/01\/P1083949-300x225.jpg 300w, https:\/\/www.santjosep.net\/wp-content\/uploads\/2020\/01\/P1083949-1024x768.jpg 1024w, https:\/\/www.santjosep.net\/wp-content\/uploads\/2020\/01\/P1083949-768x576.jpg 768w, https:\/\/www.santjosep.net\/wp-content\/uploads\/2020\/01\/P1083949-800x600.jpg 800w\" sizes=\"auto, (max-width: 1500px) 100vw, 1500px\" \/>\n\t<\/div>\n\n<\/div><div class=\"modula-item\" data-width=\"7\" data-height=\"5\" >\n\t<div class=\"modula-item-content\">\n\t\t\n\t\t\t\t\t<a data-image-id=\"19027\" tabindex=\"0\" rel=\"jtg-19096\" data-caption=\"\" aria-label=\"Open image in lightbox\" role=\"button\" class=\"tile-inner modula-item-link\"><\/a>\n\t\t\n\t\t<img loading=\"lazy\" decoding=\"async\" class=\"pic wp-image-19027\"  data-valign=\"middle\" data-halign=\"center\" alt=\"\" data-full=\"https:\/\/www.santjosep.net\/wp-content\/uploads\/2020\/01\/AdobeStock_4537670.jpg\" title=\"Lagartijas\" width=\"1800\" height=\"1200\" src=\"https:\/\/www.santjosep.net\/wp-content\/uploads\/2020\/01\/AdobeStock_4537670.jpg\" data-src=\"https:\/\/www.santjosep.net\/wp-content\/uploads\/2020\/01\/AdobeStock_4537670.jpg\" data-caption=\"\" srcset=\"https:\/\/www.santjosep.net\/wp-content\/uploads\/2020\/01\/AdobeStock_4537670.jpg 1800w, https:\/\/www.santjosep.net\/wp-content\/uploads\/2020\/01\/AdobeStock_4537670-300x200.jpg 300w, https:\/\/www.santjosep.net\/wp-content\/uploads\/2020\/01\/AdobeStock_4537670-1024x683.jpg 1024w, https:\/\/www.santjosep.net\/wp-content\/uploads\/2020\/01\/AdobeStock_4537670-768x512.jpg 768w, https:\/\/www.santjosep.net\/wp-content\/uploads\/2020\/01\/AdobeStock_4537670-1536x1024.jpg 1536w\" sizes=\"auto, (max-width: 1800px) 100vw, 1800px\" \/>\n\t<\/div>\n\n<\/div>\t\t\n\t<\/div>\n\n\t\n\t\n\t<script type=\"application\/ld+json\">\n\t{\n\t\t\"@context\": \"http:\/\/schema.org\",\n\t\t\"@type\"   : \"ImageGallery\",\n\t\t\"id\"      : \"https:\/\/www.santjosep.net\/en\/what-to-see\/nature\/ses-salines-deivissa-and-formentera\/\",\n\t\t\"url\"     : \"https:\/\/www.santjosep.net\/en\/what-to-see\/nature\/ses-salines-deivissa-and-formentera\/\"\n\t}\n\n\t<\/script>\n\n\t\n<\/div>\n[\/vc_column_text][\/vc_column][\/vc_row][vc_row enable_hue_rotation=&#8221;no&#8221; enable_text_marquee=&#8221;no&#8221;][vc_column][vc_column_text]<\/p>\n<h2>MAP<\/h2>\n<p><a href=\"https:\/\/www.santjosep.net\/wp-content\/uploads\/2016\/03\/mapa_Page_2.jpg\" rel=\"attachment wp-att-5637\"><img loading=\"lazy\" decoding=\"async\" class=\"alignnone size-full wp-image-5638\" src=\"https:\/\/www.santjosep.net\/wp-content\/uploads\/2016\/03\/mapa_Page_2.jpg\" alt=\"mapa_Page_2\" width=\"1000\" height=\"1405\" srcset=\"https:\/\/www.santjosep.net\/wp-content\/uploads\/2016\/03\/mapa_Page_2.jpg 1000w, https:\/\/www.santjosep.net\/wp-content\/uploads\/2016\/03\/mapa_Page_2-214x300.jpg 214w, https:\/\/www.santjosep.net\/wp-content\/uploads\/2016\/03\/mapa_Page_2-768x1079.jpg 768w, https:\/\/www.santjosep.net\/wp-content\/uploads\/2016\/03\/mapa_Page_2-729x1024.jpg 729w, https:\/\/www.santjosep.net\/wp-content\/uploads\/2016\/03\/mapa_Page_2-300x422.jpg 300w\" sizes=\"auto, (max-width: 1000px) 100vw, 1000px\" \/><\/a><\/p>\n<h2>ACTIVIDADES OBJETO DE COMUNICACI\u00d3N, AUTORIZACI\u00d3N O PROHIBIDAS<\/h2>\n<p>Se tienen que autorizar previamente, entre otras, las actividades siguientes:<br \/>\n\u2022 Los proyectos de investigaci\u00f3n.<br \/>\n\u2022 El buceo deportivo.<br \/>\n\u2022 Las filmaciones y sesiones fotogr\u00e1ficas.<br \/>\n\u2022 Encender fuego.<br \/>\nNo se pueden llevar a cabo las actividades y aprovechamientos incompatibles con la conservaci\u00f3n y en especial:<br \/>\n\u2022 La circulaci\u00f3n con motos acu\u00e1ticas.<br \/>\n\u2022 La pesca submarina.<br \/>\n\u2022 El ba\u00f1o y la utilizaci\u00f3n de los barros de la laguna de S\u2019Espalmador.<br \/>\n\u2022 El uso p\u00fablico en los islotes y farallones y, por lo tanto, el desembarque en estas zonas y su frecuentaci\u00f3n.<br \/>\n\u2022 La extracci\u00f3n o recogida de fauna y flora tanto en el \u00e1mbito terrestre como en el marino.<br \/>\n\u2022 El uso de los estanques o \u00e1reas de explotaci\u00f3n salinera, fuera de las visitas o actividades debidamente autorizadas.<br \/>\n\u2022 La pernoctaci\u00f3n en acampada libre o mediante caravanas.<br \/>\n\u2022 Cualquier tipo de circulaci\u00f3n motorizada fuera de caminos y viales.<br \/>\n\u2022 La circulaci\u00f3n a pie por los sistemas dunares o h\u00e1bitats de inter\u00e9s o inter\u00e9s especial, fuera de las pasarelas o de las sendas y caminos se\u00f1alizados.<br \/>\nPara comunicar estas actividades o solicitar su autorizaci\u00f3n, pueden dirigirse a la Conserjer\u00eda de Medio Ambiente de la<br \/>\nc\/ Murcia, 6, Eivissa o Av. Gabriel Alomar i Villalonga, 33, Palma.<\/p>\n<p>ACTIVIDADES OBJETO DE COMUNICACI\u00d3N, AUTORIZACI\u00d3N O PROHIBIDAS<br \/>\nOficina del Parque natural de Ses Salines d\u2019Eivissa i Formentera<br \/>\nCarrer Murcia, 6 \u2013 Eivissa 07800<br \/>\nTel. 971 17 76 88 Ext. 4<br \/>\nFax. 971 39 47 95<br \/>\nwww.caib.es[\/vc_column_text][\/vc_column][\/vc_row]<\/p>\n<\/div>","protected":false},"excerpt":{"rendered":"<p>[vc_row enable_hue_rotation=&#8221;no&#8221; enable_text_marquee=&#8221;no&#8221; el_id=&#8221;b1-natsalinas&#8221;][vc_column][vc_row_inner][vc_column_inner width=&#8221;1\/2&#8243;][vc_column_text] Ses Salines d\u2019Eivissa i Formentera Located between the two Pitiu\u0308ses Islands, the salt marsh natural park Ses Salines d\u2019Eivissa i Formentera, along with the adjacent marine and land reserves, sprawls from the south of Eivissa [&hellip;]<\/p>\n","protected":false},"author":1,"featured_media":18969,"parent":6204,"menu_order":0,"comment_status":"closed","ping_status":"closed","template":"","meta":{"_acf_changed":false,"inline_featured_image":false,"footnotes":""},"categoria_pagina":[],"class_list":["post-6249","page","type-page","status-publish","has-post-thumbnail","hentry"],"acf":[],"yoast_head":"<!-- This site is optimized with the Yoast SEO plugin v25.7 - https:\/\/yoast.com\/wordpress\/plugins\/seo\/ -->\n<title>Ses Salines d&#039;Eivissa i Formentera - Santjosep.net<\/title>\n<meta name=\"robots\" content=\"index, follow, max-snippet:-1, max-image-preview:large, max-video-preview:-1\" \/>\n<link rel=\"canonical\" href=\"https:\/\/www.santjosep.net\/en\/what-to-see\/nature\/ses-salines-deivissa-and-formentera\/\" \/>\n<meta property=\"og:locale\" content=\"en_US\" \/>\n<meta property=\"og:type\" content=\"article\" \/>\n<meta property=\"og:title\" content=\"Ses Salines d&#039;Eivissa i Formentera - Santjosep.net\" \/>\n<meta property=\"og:description\" content=\"[vc_row enable_hue_rotation=&#8221;no&#8221; enable_text_marquee=&#8221;no&#8221; el_id=&#8221;b1-natsalinas&#8221;][vc_column][vc_row_inner][vc_column_inner width=&#8221;1\/2&#8243;][vc_column_text] Ses Salines d\u2019Eivissa i Formentera Located between the two Pitiu\u0308ses Islands, the salt marsh natural park Ses Salines d\u2019Eivissa i Formentera, along with the adjacent marine and land reserves, sprawls from the south of Eivissa [&hellip;]\" \/>\n<meta property=\"og:url\" content=\"https:\/\/www.santjosep.net\/en\/what-to-see\/nature\/ses-salines-deivissa-and-formentera\/\" \/>\n<meta property=\"og:site_name\" content=\"Santjosep.net\" \/>\n<meta property=\"article:modified_time\" content=\"2025-06-28T07:24:24+00:00\" \/>\n<meta property=\"og:image\" content=\"https:\/\/www.santjosep.net\/wp-content\/uploads\/2020\/01\/patrimoni.jpg\" \/>\n\t<meta property=\"og:image:width\" content=\"1920\" \/>\n\t<meta property=\"og:image:height\" content=\"1080\" \/>\n\t<meta property=\"og:image:type\" content=\"image\/jpeg\" \/>\n<meta name=\"twitter:card\" content=\"summary_large_image\" \/>\n<meta name=\"twitter:label1\" content=\"Est. reading time\" \/>\n\t<meta name=\"twitter:data1\" content=\"7 minutes\" \/>\n<script type=\"application\/ld+json\" class=\"yoast-schema-graph\">{\"@context\":\"https:\/\/schema.org\",\"@graph\":[{\"@type\":\"WebPage\",\"@id\":\"https:\/\/www.santjosep.net\/en\/what-to-see\/nature\/ses-salines-deivissa-and-formentera\/\",\"url\":\"https:\/\/www.santjosep.net\/en\/what-to-see\/nature\/ses-salines-deivissa-and-formentera\/\",\"name\":\"Ses Salines d'Eivissa i Formentera - Santjosep.net\",\"isPartOf\":{\"@id\":\"https:\/\/www.santjosep.net\/#website\"},\"primaryImageOfPage\":{\"@id\":\"https:\/\/www.santjosep.net\/en\/what-to-see\/nature\/ses-salines-deivissa-and-formentera\/#primaryimage\"},\"image\":{\"@id\":\"https:\/\/www.santjosep.net\/en\/what-to-see\/nature\/ses-salines-deivissa-and-formentera\/#primaryimage\"},\"thumbnailUrl\":\"https:\/\/www.santjosep.net\/wp-content\/uploads\/2020\/01\/patrimoni.jpg\",\"datePublished\":\"2016-03-07T08:53:10+00:00\",\"dateModified\":\"2025-06-28T07:24:24+00:00\",\"breadcrumb\":{\"@id\":\"https:\/\/www.santjosep.net\/en\/what-to-see\/nature\/ses-salines-deivissa-and-formentera\/#breadcrumb\"},\"inLanguage\":\"en-US\",\"potentialAction\":[{\"@type\":\"ReadAction\",\"target\":[\"https:\/\/www.santjosep.net\/en\/what-to-see\/nature\/ses-salines-deivissa-and-formentera\/\"]}]},{\"@type\":\"ImageObject\",\"inLanguage\":\"en-US\",\"@id\":\"https:\/\/www.santjosep.net\/en\/what-to-see\/nature\/ses-salines-deivissa-and-formentera\/#primaryimage\",\"url\":\"https:\/\/www.santjosep.net\/wp-content\/uploads\/2020\/01\/patrimoni.jpg\",\"contentUrl\":\"https:\/\/www.santjosep.net\/wp-content\/uploads\/2020\/01\/patrimoni.jpg\",\"width\":1920,\"height\":1080},{\"@type\":\"BreadcrumbList\",\"@id\":\"https:\/\/www.santjosep.net\/en\/what-to-see\/nature\/ses-salines-deivissa-and-formentera\/#breadcrumb\",\"itemListElement\":[{\"@type\":\"ListItem\",\"position\":1,\"name\":\"What to see\",\"item\":\"https:\/\/www.santjosep.net\/en\/what-to-see\/\"},{\"@type\":\"ListItem\",\"position\":2,\"name\":\"Nature\",\"item\":\"https:\/\/www.santjosep.net\/en\/what-to-see\/nature\/\"},{\"@type\":\"ListItem\",\"position\":3,\"name\":\"Ses Salines d&#8217;Eivissa i Formentera\"}]},{\"@type\":\"WebSite\",\"@id\":\"https:\/\/www.santjosep.net\/#website\",\"url\":\"https:\/\/www.santjosep.net\/\",\"name\":\"Santjosep.net\",\"description\":\"\",\"potentialAction\":[{\"@type\":\"SearchAction\",\"target\":{\"@type\":\"EntryPoint\",\"urlTemplate\":\"https:\/\/www.santjosep.net\/?s={search_term_string}\"},\"query-input\":{\"@type\":\"PropertyValueSpecification\",\"valueRequired\":true,\"valueName\":\"search_term_string\"}}],\"inLanguage\":\"en-US\"}]}<\/script>\n<!-- \/ Yoast SEO plugin. -->","yoast_head_json":{"title":"Ses Salines d'Eivissa i Formentera - Santjosep.net","robots":{"index":"index","follow":"follow","max-snippet":"max-snippet:-1","max-image-preview":"max-image-preview:large","max-video-preview":"max-video-preview:-1"},"canonical":"https:\/\/www.santjosep.net\/en\/what-to-see\/nature\/ses-salines-deivissa-and-formentera\/","og_locale":"en_US","og_type":"article","og_title":"Ses Salines d'Eivissa i Formentera - Santjosep.net","og_description":"[vc_row enable_hue_rotation=&#8221;no&#8221; enable_text_marquee=&#8221;no&#8221; el_id=&#8221;b1-natsalinas&#8221;][vc_column][vc_row_inner][vc_column_inner width=&#8221;1\/2&#8243;][vc_column_text] Ses Salines d\u2019Eivissa i Formentera Located between the two Pitiu\u0308ses Islands, the salt marsh natural park Ses Salines d\u2019Eivissa i Formentera, along with the adjacent marine and land reserves, sprawls from the south of Eivissa [&hellip;]","og_url":"https:\/\/www.santjosep.net\/en\/what-to-see\/nature\/ses-salines-deivissa-and-formentera\/","og_site_name":"Santjosep.net","article_modified_time":"2025-06-28T07:24:24+00:00","og_image":[{"width":1920,"height":1080,"url":"https:\/\/www.santjosep.net\/wp-content\/uploads\/2020\/01\/patrimoni.jpg","type":"image\/jpeg"}],"twitter_card":"summary_large_image","twitter_misc":{"Est. reading time":"7 minutes"},"schema":{"@context":"https:\/\/schema.org","@graph":[{"@type":"WebPage","@id":"https:\/\/www.santjosep.net\/en\/what-to-see\/nature\/ses-salines-deivissa-and-formentera\/","url":"https:\/\/www.santjosep.net\/en\/what-to-see\/nature\/ses-salines-deivissa-and-formentera\/","name":"Ses Salines d'Eivissa i Formentera - Santjosep.net","isPartOf":{"@id":"https:\/\/www.santjosep.net\/#website"},"primaryImageOfPage":{"@id":"https:\/\/www.santjosep.net\/en\/what-to-see\/nature\/ses-salines-deivissa-and-formentera\/#primaryimage"},"image":{"@id":"https:\/\/www.santjosep.net\/en\/what-to-see\/nature\/ses-salines-deivissa-and-formentera\/#primaryimage"},"thumbnailUrl":"https:\/\/www.santjosep.net\/wp-content\/uploads\/2020\/01\/patrimoni.jpg","datePublished":"2016-03-07T08:53:10+00:00","dateModified":"2025-06-28T07:24:24+00:00","breadcrumb":{"@id":"https:\/\/www.santjosep.net\/en\/what-to-see\/nature\/ses-salines-deivissa-and-formentera\/#breadcrumb"},"inLanguage":"en-US","potentialAction":[{"@type":"ReadAction","target":["https:\/\/www.santjosep.net\/en\/what-to-see\/nature\/ses-salines-deivissa-and-formentera\/"]}]},{"@type":"ImageObject","inLanguage":"en-US","@id":"https:\/\/www.santjosep.net\/en\/what-to-see\/nature\/ses-salines-deivissa-and-formentera\/#primaryimage","url":"https:\/\/www.santjosep.net\/wp-content\/uploads\/2020\/01\/patrimoni.jpg","contentUrl":"https:\/\/www.santjosep.net\/wp-content\/uploads\/2020\/01\/patrimoni.jpg","width":1920,"height":1080},{"@type":"BreadcrumbList","@id":"https:\/\/www.santjosep.net\/en\/what-to-see\/nature\/ses-salines-deivissa-and-formentera\/#breadcrumb","itemListElement":[{"@type":"ListItem","position":1,"name":"What to see","item":"https:\/\/www.santjosep.net\/en\/what-to-see\/"},{"@type":"ListItem","position":2,"name":"Nature","item":"https:\/\/www.santjosep.net\/en\/what-to-see\/nature\/"},{"@type":"ListItem","position":3,"name":"Ses Salines d&#8217;Eivissa i Formentera"}]},{"@type":"WebSite","@id":"https:\/\/www.santjosep.net\/#website","url":"https:\/\/www.santjosep.net\/","name":"Santjosep.net","description":"","potentialAction":[{"@type":"SearchAction","target":{"@type":"EntryPoint","urlTemplate":"https:\/\/www.santjosep.net\/?s={search_term_string}"},"query-input":{"@type":"PropertyValueSpecification","valueRequired":true,"valueName":"search_term_string"}}],"inLanguage":"en-US"}]}},"_links":{"self":[{"href":"https:\/\/www.santjosep.net\/en\/wp-json\/wp\/v2\/pages\/6249","targetHints":{"allow":["GET"]}}],"collection":[{"href":"https:\/\/www.santjosep.net\/en\/wp-json\/wp\/v2\/pages"}],"about":[{"href":"https:\/\/www.santjosep.net\/en\/wp-json\/wp\/v2\/types\/page"}],"author":[{"embeddable":true,"href":"https:\/\/www.santjosep.net\/en\/wp-json\/wp\/v2\/users\/1"}],"replies":[{"embeddable":true,"href":"https:\/\/www.santjosep.net\/en\/wp-json\/wp\/v2\/comments?post=6249"}],"version-history":[{"count":0,"href":"https:\/\/www.santjosep.net\/en\/wp-json\/wp\/v2\/pages\/6249\/revisions"}],"up":[{"embeddable":true,"href":"https:\/\/www.santjosep.net\/en\/wp-json\/wp\/v2\/pages\/6204"}],"wp:featuredmedia":[{"embeddable":true,"href":"https:\/\/www.santjosep.net\/en\/wp-json\/wp\/v2\/media\/18969"}],"wp:attachment":[{"href":"https:\/\/www.santjosep.net\/en\/wp-json\/wp\/v2\/media?parent=6249"}],"wp:term":[{"taxonomy":"categoria_pagina","embeddable":true,"href":"https:\/\/www.santjosep.net\/en\/wp-json\/wp\/v2\/categoria_pagina?post=6249"}],"curies":[{"name":"wp","href":"https:\/\/api.w.org\/{rel}","templated":true}]}}