{"id":1459,"date":"2013-03-23T05:01:12","date_gmt":"2013-03-23T05:01:12","guid":{"rendered":"https:\/\/www.santjosep.net\/?page_id=1459"},"modified":"2020-01-23T10:52:21","modified_gmt":"2020-01-23T09:52:21","slug":"blog","status":"publish","type":"page","link":"https:\/\/www.santjosep.net\/en\/blog\/","title":{"rendered":"Viu Sant Josep"},"content":{"rendered":"<div class=\"wpb-content-wrapper\"><p>[vc_row enable_hue_rotation=&#8221;no&#8221; enable_text_marquee=&#8221;no&#8221; css=&#8221;.vc_custom_1579773245451{margin-top: 50px !important;}&#8221;][vc_column]<div class=\"edgtf-blog-list-holder edgtf-bl-standard edgtf-bl-two-columns edgtf-bl-large-space edgtf-bl-pag-no-pagination edgtf-bl-dark\"  data-type=standard data-number-of-posts=-1 data-number-of-columns=2 data-space-between-columns=large data-order-by=date data-order=DESC data-image-size=full data-skin=dark data-title-tag=h4 data-excerpt-length=75 data-post-info-section=yes data-post-info-image=yes data-post-info-author=no data-post-info-date=yes data-post-info-category=yes data-post-info-comments=no data-post-info-share=no data-pagination-type=no-pagination data-max-num-pages=0 data-next-page=2>\n\t<div class=\"edgtf-bl-wrapper\">\n\t\t<ul class=\"edgtf-blog-list\">\n\t\t\t<li class=\"edgtf-bl-item clearfix\">\n\t<div class=\"edgtf-bli-inner\">\n\t\t\n\t<div class=\"edgtf-post-image\">\n\t\t\t\t\t<a itemprop=\"url\" href=\"https:\/\/www.santjosep.net\/en\/sant-josep-full-of-life\/\" title=\"Sant Josep, Full of Life\">\n\t\t\t\t\t\t\t\t\t<img loading=\"lazy\" decoding=\"async\" width=\"1620\" height=\"1080\" src=\"https:\/\/www.santjosep.net\/wp-content\/uploads\/2025\/11\/Disen\u0303o-sin-ti\u0301tulo-1.jpg\" class=\"attachment-full size-full wp-post-image\" alt=\"\" srcset=\"https:\/\/www.santjosep.net\/wp-content\/uploads\/2025\/11\/Disen\u0303o-sin-ti\u0301tulo-1.jpg 1620w, https:\/\/www.santjosep.net\/wp-content\/uploads\/2025\/11\/Disen\u0303o-sin-ti\u0301tulo-1-300x200.jpg 300w, https:\/\/www.santjosep.net\/wp-content\/uploads\/2025\/11\/Disen\u0303o-sin-ti\u0301tulo-1-1024x683.jpg 1024w, https:\/\/www.santjosep.net\/wp-content\/uploads\/2025\/11\/Disen\u0303o-sin-ti\u0301tulo-1-768x512.jpg 768w, https:\/\/www.santjosep.net\/wp-content\/uploads\/2025\/11\/Disen\u0303o-sin-ti\u0301tulo-1-1536x1024.jpg 1536w\" sizes=\"auto, (max-width: 1620px) 100vw, 1620px\" \/>\t\t\t\t\t\t\t\t<\/a>\n\t\t\t<\/div>\n        <div class=\"edgtf-bli-content\">\n                            <div class=\"edgtf-bli-date\">\n\t                <div itemprop=\"dateCreated\" class=\"edgtf-post-info-date entry-date published updated\">\n            <a itemprop=\"url\" href=\"https:\/\/www.santjosep.net\/en\/2025\/11\/\">\n    \n        6 November 2025        <\/a>\n    <meta itemprop=\"interactionCount\" content=\"UserComments: 0\"\/>\n<\/div>                <\/div>\n            \t\n\t        \n<h4 itemprop=\"name\" class=\"entry-title edgtf-post-title\" >\n            <a itemprop=\"url\" href=\"https:\/\/www.santjosep.net\/en\/sant-josep-full-of-life\/\" title=\"Sant Josep, Full of Life\">\n            Sant Josep, Full of Life            <\/a>\n    <\/h4>\n\t        <div class=\"edgtf-bli-info\">\n\t\t        <div class=\"edgtf-post-info-category\">\n    <a href=\"https:\/\/www.santjosep.net\/en\/category\/uncategorized\/\" rel=\"category tag\">Uncategorized<\/a><\/div>\t        <\/div>\n\n\t        <div class=\"edgtf-bli-excerpt\">\n\t\t        \t\t<div class=\"edgtf-post-excerpt-holder\">\n\t\t\t<p itemprop=\"description\" class=\"edgtf-post-excerpt\">\n\t\t\t\tSant Josep, Full of Life\u201d is an invitation to discover an authentic, active destination full of energy all year round.\t\t\t<\/p>\n\t\t<\/div>\n\t\t\t        \t<div class=\"edgtf-post-read-more-button\">\n\t\t<a itemprop=\"url\" href=\"https:\/\/www.santjosep.net\/en\/sant-josep-full-of-life\/\" target=\"_self\"  class=\"edgtf-btn edgtf-btn-medium edgtf-btn-simple edgtf-btn-switch-line edgtf-blog-list-button\"  >\t\t\t<span class=\"edgtf-btn-icon-element\"><\/span>\t\t<span class=\"edgtf-btn-text\">READ MORE<span class=\"edgtf-btn-text-line\" ><\/span><span class=\"edgtf-btn-switch-line\" ><\/span><\/span>\t<\/a>\t<\/div>\n\t        <\/div>\n        <\/div>\n\t<\/div>\n<\/li><li class=\"edgtf-bl-item clearfix\">\n\t<div class=\"edgtf-bli-inner\">\n\t\t\n\t<div class=\"edgtf-post-image\">\n\t\t\t\t\t<a itemprop=\"url\" href=\"https:\/\/www.santjosep.net\/en\/sa-caleta-museum-the-phoenician-world\/\" title=\"Sa Caleta Museum, the Phoenician world\">\n\t\t\t\t\t\t\t\t\t<img loading=\"lazy\" decoding=\"async\" width=\"1920\" height=\"1280\" src=\"https:\/\/www.santjosep.net\/wp-content\/uploads\/2025\/06\/DSC08221.jpg\" class=\"attachment-full size-full wp-post-image\" alt=\"\" srcset=\"https:\/\/www.santjosep.net\/wp-content\/uploads\/2025\/06\/DSC08221.jpg 1920w, https:\/\/www.santjosep.net\/wp-content\/uploads\/2025\/06\/DSC08221-300x200.jpg 300w, https:\/\/www.santjosep.net\/wp-content\/uploads\/2025\/06\/DSC08221-1024x683.jpg 1024w, https:\/\/www.santjosep.net\/wp-content\/uploads\/2025\/06\/DSC08221-768x512.jpg 768w, https:\/\/www.santjosep.net\/wp-content\/uploads\/2025\/06\/DSC08221-1536x1024.jpg 1536w\" sizes=\"auto, (max-width: 1920px) 100vw, 1920px\" \/>\t\t\t\t\t\t\t\t<\/a>\n\t\t\t<\/div>\n        <div class=\"edgtf-bli-content\">\n                            <div class=\"edgtf-bli-date\">\n\t                <div itemprop=\"dateCreated\" class=\"edgtf-post-info-date entry-date published updated\">\n            <a itemprop=\"url\" href=\"https:\/\/www.santjosep.net\/en\/2025\/06\/\">\n    \n        5 June 2025        <\/a>\n    <meta itemprop=\"interactionCount\" content=\"UserComments: 0\"\/>\n<\/div>                <\/div>\n            \t\n\t        \n<h4 itemprop=\"name\" class=\"entry-title edgtf-post-title\" >\n            <a itemprop=\"url\" href=\"https:\/\/www.santjosep.net\/en\/sa-caleta-museum-the-phoenician-world\/\" title=\"Sa Caleta Museum, the Phoenician world\">\n            Sa Caleta Museum, the Phoenician world            <\/a>\n    <\/h4>\n\t        <div class=\"edgtf-bli-info\">\n\t\t        <div class=\"edgtf-post-info-category\">\n    <a href=\"https:\/\/www.santjosep.net\/en\/category\/culture\/\" rel=\"category tag\">Culture<\/a>, <a href=\"https:\/\/www.santjosep.net\/en\/category\/heritage-en\/\" rel=\"category tag\">Heritage<\/a><\/div>\t        <\/div>\n\n\t        <div class=\"edgtf-bli-excerpt\">\n\t\t        \t\t<div class=\"edgtf-post-excerpt-holder\">\n\t\t\t<p itemprop=\"description\" class=\"edgtf-post-excerpt\">\n\t\t\t\tThe Phoenician settlement of Sa Caleta, on the south coast of Ibiza, is an invaluable testimony to the origins of the island and the Phoenician expansion in the western Mediterranean.\t\t\t<\/p>\n\t\t<\/div>\n\t\t\t        \t<div class=\"edgtf-post-read-more-button\">\n\t\t<a itemprop=\"url\" href=\"https:\/\/www.santjosep.net\/en\/sa-caleta-museum-the-phoenician-world\/\" target=\"_self\"  class=\"edgtf-btn edgtf-btn-medium edgtf-btn-simple edgtf-btn-switch-line edgtf-blog-list-button\"  >\t\t\t<span class=\"edgtf-btn-icon-element\"><\/span>\t\t<span class=\"edgtf-btn-text\">READ MORE<span class=\"edgtf-btn-text-line\" ><\/span><span class=\"edgtf-btn-switch-line\" ><\/span><\/span>\t<\/a>\t<\/div>\n\t        <\/div>\n        <\/div>\n\t<\/div>\n<\/li><li class=\"edgtf-bl-item clearfix\">\n\t<div class=\"edgtf-bli-inner\">\n\t\t\n\t<div class=\"edgtf-post-image\">\n\t\t\t\t\t<a itemprop=\"url\" href=\"https:\/\/www.santjosep.net\/en\/regulacion-del-alquiler-de-caravanas-en-ibiza-multas-de-hasta-30-000-euros\/\" title=\"Regulation of Caravan Rentals in Ibiza: Fines of Up to \u20ac30,000\">\n\t\t\t\t\t\t\t\t\t<img loading=\"lazy\" decoding=\"async\" width=\"1000\" height=\"662\" src=\"https:\/\/www.santjosep.net\/wp-content\/uploads\/2025\/02\/shutterstock_1702455343.jpg\" class=\"attachment-full size-full wp-post-image\" alt=\"\" srcset=\"https:\/\/www.santjosep.net\/wp-content\/uploads\/2025\/02\/shutterstock_1702455343.jpg 1000w, https:\/\/www.santjosep.net\/wp-content\/uploads\/2025\/02\/shutterstock_1702455343-300x199.jpg 300w, https:\/\/www.santjosep.net\/wp-content\/uploads\/2025\/02\/shutterstock_1702455343-768x508.jpg 768w\" sizes=\"auto, (max-width: 1000px) 100vw, 1000px\" \/>\t\t\t\t\t\t\t\t<\/a>\n\t\t\t<\/div>\n        <div class=\"edgtf-bli-content\">\n                            <div class=\"edgtf-bli-date\">\n\t                <div itemprop=\"dateCreated\" class=\"edgtf-post-info-date entry-date published updated\">\n            <a itemprop=\"url\" href=\"https:\/\/www.santjosep.net\/en\/2025\/02\/\">\n    \n        26 February 2025        <\/a>\n    <meta itemprop=\"interactionCount\" content=\"UserComments: 0\"\/>\n<\/div>                <\/div>\n            \t\n\t        \n<h4 itemprop=\"name\" class=\"entry-title edgtf-post-title\" >\n            <a itemprop=\"url\" href=\"https:\/\/www.santjosep.net\/en\/regulacion-del-alquiler-de-caravanas-en-ibiza-multas-de-hasta-30-000-euros\/\" title=\"Regulation of Caravan Rentals in Ibiza: Fines of Up to \u20ac30,000\">\n            Regulation of Caravan Rentals in Ibiza: Fines of Up to \u20ac30,000            <\/a>\n    <\/h4>\n\t        <div class=\"edgtf-bli-info\">\n\t\t        <div class=\"edgtf-post-info-category\">\n    <a href=\"https:\/\/www.santjosep.net\/en\/category\/useful-information\/\" rel=\"category tag\">Useful information<\/a><\/div>\t        <\/div>\n\n\t        <div class=\"edgtf-bli-excerpt\">\n\t\t        \t\t<div class=\"edgtf-post-excerpt-holder\">\n\t\t\t<p itemprop=\"description\" class=\"edgtf-post-excerpt\">\n\t\t\t\tTo prevent fraud in caravan rentals and ensure compliance with current regulations, Ibiza enforces Law 5\/2024 on vehicle influx control. This legislation aims to regulate the presence of vehicles on the island and protect the natural environment from potential misuse.\t\t\t<\/p>\n\t\t<\/div>\n\t\t\t        \t<div class=\"edgtf-post-read-more-button\">\n\t\t<a itemprop=\"url\" href=\"https:\/\/www.santjosep.net\/en\/regulacion-del-alquiler-de-caravanas-en-ibiza-multas-de-hasta-30-000-euros\/\" target=\"_self\"  class=\"edgtf-btn edgtf-btn-medium edgtf-btn-simple edgtf-btn-switch-line edgtf-blog-list-button\"  >\t\t\t<span class=\"edgtf-btn-icon-element\"><\/span>\t\t<span class=\"edgtf-btn-text\">READ MORE<span class=\"edgtf-btn-text-line\" ><\/span><span class=\"edgtf-btn-switch-line\" ><\/span><\/span>\t<\/a>\t<\/div>\n\t        <\/div>\n        <\/div>\n\t<\/div>\n<\/li><li class=\"edgtf-bl-item clearfix\">\n\t<div class=\"edgtf-bli-inner\">\n\t\t\n\t<div class=\"edgtf-post-image\">\n\t\t\t\t\t<a itemprop=\"url\" href=\"https:\/\/www.santjosep.net\/en\/photography-festival-san-josep-es-foto\/\" title=\"Photography Festival \u201cSan Josep \u00e9s Foto\u201d\">\n\t\t\t\t\t\t\t\t\t<img loading=\"lazy\" decoding=\"async\" width=\"1000\" height=\"664\" src=\"https:\/\/www.santjosep.net\/wp-content\/uploads\/2024\/11\/shutterstock_289575698-1.jpg\" class=\"attachment-full size-full wp-post-image\" alt=\"\" srcset=\"https:\/\/www.santjosep.net\/wp-content\/uploads\/2024\/11\/shutterstock_289575698-1.jpg 1000w, https:\/\/www.santjosep.net\/wp-content\/uploads\/2024\/11\/shutterstock_289575698-1-300x199.jpg 300w, https:\/\/www.santjosep.net\/wp-content\/uploads\/2024\/11\/shutterstock_289575698-1-768x510.jpg 768w\" sizes=\"auto, (max-width: 1000px) 100vw, 1000px\" \/>\t\t\t\t\t\t\t\t<\/a>\n\t\t\t<\/div>\n        <div class=\"edgtf-bli-content\">\n                            <div class=\"edgtf-bli-date\">\n\t                <div itemprop=\"dateCreated\" class=\"edgtf-post-info-date entry-date published updated\">\n            <a itemprop=\"url\" href=\"https:\/\/www.santjosep.net\/en\/2024\/11\/\">\n    \n        6 November 2024        <\/a>\n    <meta itemprop=\"interactionCount\" content=\"UserComments: 0\"\/>\n<\/div>                <\/div>\n            \t\n\t        \n<h4 itemprop=\"name\" class=\"entry-title edgtf-post-title\" >\n            <a itemprop=\"url\" href=\"https:\/\/www.santjosep.net\/en\/photography-festival-san-josep-es-foto\/\" title=\"Photography Festival \u201cSan Josep \u00e9s Foto\u201d\">\n            Photography Festival \u201cSan Josep \u00e9s Foto\u201d            <\/a>\n    <\/h4>\n\t        <div class=\"edgtf-bli-info\">\n\t\t        <div class=\"edgtf-post-info-category\">\n    <a href=\"https:\/\/www.santjosep.net\/en\/category\/events-en\/\" rel=\"category tag\">Events<\/a><\/div>\t        <\/div>\n\n\t        <div class=\"edgtf-bli-excerpt\">\n\t\t        \t\t<div class=\"edgtf-post-excerpt-holder\">\n\t\t\t<p itemprop=\"description\" class=\"edgtf-post-excerpt\">\n\t\t\t\tThe \u201cSant Josep \u00e9s Foto\u201d Festival makes photography the protagonist of the island of Ibiza. With a congress with renowned photographers who will share their experience, three photography exhibitions and a popular photography marathon, the festival invites professionals, amateurs and the general public to enjoy and explore photography in all its facets.\r\n\r\nA cultural meeting point where the passion for image is lived in every corner of San Josep. Don\u2019t miss it!\r\nEnjoy three unforgettable days on\t\t\t<\/p>\n\t\t<\/div>\n\t\t\t        \t<div class=\"edgtf-post-read-more-button\">\n\t\t<a itemprop=\"url\" href=\"https:\/\/www.santjosep.net\/en\/photography-festival-san-josep-es-foto\/\" target=\"_self\"  class=\"edgtf-btn edgtf-btn-medium edgtf-btn-simple edgtf-btn-switch-line edgtf-blog-list-button\"  >\t\t\t<span class=\"edgtf-btn-icon-element\"><\/span>\t\t<span class=\"edgtf-btn-text\">READ MORE<span class=\"edgtf-btn-text-line\" ><\/span><span class=\"edgtf-btn-switch-line\" ><\/span><\/span>\t<\/a>\t<\/div>\n\t        <\/div>\n        <\/div>\n\t<\/div>\n<\/li><li class=\"edgtf-bl-item clearfix\">\n\t<div class=\"edgtf-bli-inner\">\n\t\t\n\t<div class=\"edgtf-post-image\">\n\t\t\t\t\t<a itemprop=\"url\" href=\"https:\/\/www.santjosep.net\/en\/sant-josep-announces-three-open-water-swimming-channels-for-the-beaches-of-port-des-torrent-ses-salines-and-between-es-pouet-and-sestanyol\/\" title=\"Sant Josep announces three open water swimming channels for the beaches of Port des Torrent, Ses Salines and between Es Pouet and S&#8217;Estanyol\">\n\t\t\t\t\t\t\t\t\t<img loading=\"lazy\" decoding=\"async\" width=\"2048\" height=\"1479\" src=\"https:\/\/www.santjosep.net\/wp-content\/uploads\/2024\/07\/Canal-natacio-3.jpg\" class=\"attachment-full size-full wp-post-image\" alt=\"\" srcset=\"https:\/\/www.santjosep.net\/wp-content\/uploads\/2024\/07\/Canal-natacio-3.jpg 2048w, https:\/\/www.santjosep.net\/wp-content\/uploads\/2024\/07\/Canal-natacio-3-300x217.jpg 300w, https:\/\/www.santjosep.net\/wp-content\/uploads\/2024\/07\/Canal-natacio-3-1024x740.jpg 1024w, https:\/\/www.santjosep.net\/wp-content\/uploads\/2024\/07\/Canal-natacio-3-768x555.jpg 768w, https:\/\/www.santjosep.net\/wp-content\/uploads\/2024\/07\/Canal-natacio-3-1536x1109.jpg 1536w\" sizes=\"auto, (max-width: 2048px) 100vw, 2048px\" \/>\t\t\t\t\t\t\t\t<\/a>\n\t\t\t<\/div>\n        <div class=\"edgtf-bli-content\">\n                            <div class=\"edgtf-bli-date\">\n\t                <div itemprop=\"dateCreated\" class=\"edgtf-post-info-date entry-date published updated\">\n            <a itemprop=\"url\" href=\"https:\/\/www.santjosep.net\/en\/2024\/07\/\">\n    \n        18 July 2024        <\/a>\n    <meta itemprop=\"interactionCount\" content=\"UserComments: 0\"\/>\n<\/div>                <\/div>\n            \t\n\t        \n<h4 itemprop=\"name\" class=\"entry-title edgtf-post-title\" >\n            <a itemprop=\"url\" href=\"https:\/\/www.santjosep.net\/en\/sant-josep-announces-three-open-water-swimming-channels-for-the-beaches-of-port-des-torrent-ses-salines-and-between-es-pouet-and-sestanyol\/\" title=\"Sant Josep announces three open water swimming channels for the beaches of Port des Torrent, Ses Salines and between Es Pouet and S&#8217;Estanyol\">\n            Sant Josep announces three open water swimming channels for the beaches of Port des Torrent, Ses Salines and between Es Pouet and S&#8217;Estanyol            <\/a>\n    <\/h4>\n\t        <div class=\"edgtf-bli-info\">\n\t\t        <div class=\"edgtf-post-info-category\">\n    <a href=\"https:\/\/www.santjosep.net\/en\/category\/beaches\/\" rel=\"category tag\">Beaches<\/a><\/div>\t        <\/div>\n\n\t        <div class=\"edgtf-bli-excerpt\">\n\t\t        \t\t<div class=\"edgtf-post-excerpt-holder\">\n\t\t\t<p itemprop=\"description\" class=\"edgtf-post-excerpt\">\n\t\t\t\tAll three are approximately 500 metres in length and are equipped with stickers that indicate the distance swum from the outset.\r\n\r\n&nbsp;\r\n\r\nToday, at Port d'es Torrent, the Department of Environment, Coastline and Sustainability and the Department of Sport, Youth and Transparency of the Sant Josep de Sa Talaia Town Council, inaugurated one of the three new open water swimming channels set up by the municipality. The other two are on Ses Salines beach and between the\t\t\t<\/p>\n\t\t<\/div>\n\t\t\t        \t<div class=\"edgtf-post-read-more-button\">\n\t\t<a itemprop=\"url\" href=\"https:\/\/www.santjosep.net\/en\/sant-josep-announces-three-open-water-swimming-channels-for-the-beaches-of-port-des-torrent-ses-salines-and-between-es-pouet-and-sestanyol\/\" target=\"_self\"  class=\"edgtf-btn edgtf-btn-medium edgtf-btn-simple edgtf-btn-switch-line edgtf-blog-list-button\"  >\t\t\t<span class=\"edgtf-btn-icon-element\"><\/span>\t\t<span class=\"edgtf-btn-text\">READ MORE<span class=\"edgtf-btn-text-line\" ><\/span><span class=\"edgtf-btn-switch-line\" ><\/span><\/span>\t<\/a>\t<\/div>\n\t        <\/div>\n        <\/div>\n\t<\/div>\n<\/li><li class=\"edgtf-bl-item clearfix\">\n\t<div class=\"edgtf-bli-inner\">\n\t\t\n\t<div class=\"edgtf-post-image\">\n\t\t\t\t\t<a itemprop=\"url\" href=\"https:\/\/www.santjosep.net\/en\/la-costa-oeste-y-sur-de-ibiza-por-mar\/\" title=\"A sea trip along Ibiza\u2019s western and southern coasts\">\n\t\t\t\t\t\t\t\t\t<img loading=\"lazy\" decoding=\"async\" width=\"1500\" height=\"1125\" src=\"https:\/\/www.santjosep.net\/wp-content\/uploads\/2023\/07\/portada_mar_ibiza.jpg\" class=\"attachment-full size-full wp-post-image\" alt=\"\" srcset=\"https:\/\/www.santjosep.net\/wp-content\/uploads\/2023\/07\/portada_mar_ibiza.jpg 1500w, https:\/\/www.santjosep.net\/wp-content\/uploads\/2023\/07\/portada_mar_ibiza-300x225.jpg 300w, https:\/\/www.santjosep.net\/wp-content\/uploads\/2023\/07\/portada_mar_ibiza-1024x768.jpg 1024w, https:\/\/www.santjosep.net\/wp-content\/uploads\/2023\/07\/portada_mar_ibiza-768x576.jpg 768w, https:\/\/www.santjosep.net\/wp-content\/uploads\/2023\/07\/portada_mar_ibiza-800x600.jpg 800w\" sizes=\"auto, (max-width: 1500px) 100vw, 1500px\" \/>\t\t\t\t\t\t\t\t<\/a>\n\t\t\t<\/div>\n        <div class=\"edgtf-bli-content\">\n                            <div class=\"edgtf-bli-date\">\n\t                <div itemprop=\"dateCreated\" class=\"edgtf-post-info-date entry-date published updated\">\n            <a itemprop=\"url\" href=\"https:\/\/www.santjosep.net\/en\/2023\/07\/\">\n    \n        6 July 2023        <\/a>\n    <meta itemprop=\"interactionCount\" content=\"UserComments: 0\"\/>\n<\/div>                <\/div>\n            \t\n\t        \n<h4 itemprop=\"name\" class=\"entry-title edgtf-post-title\" >\n            <a itemprop=\"url\" href=\"https:\/\/www.santjosep.net\/en\/la-costa-oeste-y-sur-de-ibiza-por-mar\/\" title=\"A sea trip along Ibiza\u2019s western and southern coasts\">\n            A sea trip along Ibiza\u2019s western and southern coasts            <\/a>\n    <\/h4>\n\t        <div class=\"edgtf-bli-info\">\n\t\t        <div class=\"edgtf-post-info-category\">\n    <a href=\"https:\/\/www.santjosep.net\/en\/category\/routes\/\" rel=\"category tag\">Routes<\/a><\/div>\t        <\/div>\n\n\t        <div class=\"edgtf-bli-excerpt\">\n\t\t        \t\t<div class=\"edgtf-post-excerpt-holder\">\n\t\t\t<p itemprop=\"description\" class=\"edgtf-post-excerpt\">\n\t\t\t\tOver 80 kilometres and 32 beaches. These two figures illustrate the enormous potential of Sant Josep de sa Talaia for sailing enthusiasts.\t\t\t<\/p>\n\t\t<\/div>\n\t\t\t        \t<div class=\"edgtf-post-read-more-button\">\n\t\t<a itemprop=\"url\" href=\"https:\/\/www.santjosep.net\/en\/la-costa-oeste-y-sur-de-ibiza-por-mar\/\" target=\"_self\"  class=\"edgtf-btn edgtf-btn-medium edgtf-btn-simple edgtf-btn-switch-line edgtf-blog-list-button\"  >\t\t\t<span class=\"edgtf-btn-icon-element\"><\/span>\t\t<span class=\"edgtf-btn-text\">READ MORE<span class=\"edgtf-btn-text-line\" ><\/span><span class=\"edgtf-btn-switch-line\" ><\/span><\/span>\t<\/a>\t<\/div>\n\t        <\/div>\n        <\/div>\n\t<\/div>\n<\/li><li class=\"edgtf-bl-item clearfix\">\n\t<div class=\"edgtf-bli-inner\">\n\t\t\n\t<div class=\"edgtf-post-image\">\n\t\t\t\t\t<a itemprop=\"url\" href=\"https:\/\/www.santjosep.net\/en\/cala-carbo-un-rincon-con-encanto-al-sur-de-ibiza\/\" title=\"Cala Carb\u00f3, a charming little corner of southern Ibiza\">\n\t\t\t\t\t\t\t\t\t<img loading=\"lazy\" decoding=\"async\" width=\"1900\" height=\"1425\" src=\"https:\/\/www.santjosep.net\/wp-content\/uploads\/2023\/07\/temp_image_for_default_share-6.jpg\" class=\"attachment-full size-full wp-post-image\" alt=\"\" srcset=\"https:\/\/www.santjosep.net\/wp-content\/uploads\/2023\/07\/temp_image_for_default_share-6.jpg 1900w, https:\/\/www.santjosep.net\/wp-content\/uploads\/2023\/07\/temp_image_for_default_share-6-300x225.jpg 300w, https:\/\/www.santjosep.net\/wp-content\/uploads\/2023\/07\/temp_image_for_default_share-6-1024x768.jpg 1024w, https:\/\/www.santjosep.net\/wp-content\/uploads\/2023\/07\/temp_image_for_default_share-6-768x576.jpg 768w, https:\/\/www.santjosep.net\/wp-content\/uploads\/2023\/07\/temp_image_for_default_share-6-1536x1152.jpg 1536w, https:\/\/www.santjosep.net\/wp-content\/uploads\/2023\/07\/temp_image_for_default_share-6-800x600.jpg 800w\" sizes=\"auto, (max-width: 1900px) 100vw, 1900px\" \/>\t\t\t\t\t\t\t\t<\/a>\n\t\t\t<\/div>\n        <div class=\"edgtf-bli-content\">\n                            <div class=\"edgtf-bli-date\">\n\t                <div itemprop=\"dateCreated\" class=\"edgtf-post-info-date entry-date published updated\">\n            <a itemprop=\"url\" href=\"https:\/\/www.santjosep.net\/en\/2023\/06\/\">\n    \n        22 June 2023        <\/a>\n    <meta itemprop=\"interactionCount\" content=\"UserComments: 0\"\/>\n<\/div>                <\/div>\n            \t\n\t        \n<h4 itemprop=\"name\" class=\"entry-title edgtf-post-title\" >\n            <a itemprop=\"url\" href=\"https:\/\/www.santjosep.net\/en\/cala-carbo-un-rincon-con-encanto-al-sur-de-ibiza\/\" title=\"Cala Carb\u00f3, a charming little corner of southern Ibiza\">\n            Cala Carb\u00f3, a charming little corner of southern Ibiza            <\/a>\n    <\/h4>\n\t        <div class=\"edgtf-bli-info\">\n\t\t        <div class=\"edgtf-post-info-category\">\n    <a href=\"https:\/\/www.santjosep.net\/en\/category\/beaches\/\" rel=\"category tag\">Beaches<\/a><\/div>\t        <\/div>\n\n\t        <div class=\"edgtf-bli-excerpt\">\n\t\t        \t\t<div class=\"edgtf-post-excerpt-holder\">\n\t\t\t<p itemprop=\"description\" class=\"edgtf-post-excerpt\">\n\t\t\t\tCala Carb\u00f3 is a beautiful little cove in the southern part of the island of Ibiza, and it has all the attractions typical of Mediterranean coastal resorts.\t\t\t<\/p>\n\t\t<\/div>\n\t\t\t        \t<div class=\"edgtf-post-read-more-button\">\n\t\t<a itemprop=\"url\" href=\"https:\/\/www.santjosep.net\/en\/cala-carbo-un-rincon-con-encanto-al-sur-de-ibiza\/\" target=\"_self\"  class=\"edgtf-btn edgtf-btn-medium edgtf-btn-simple edgtf-btn-switch-line edgtf-blog-list-button\"  >\t\t\t<span class=\"edgtf-btn-icon-element\"><\/span>\t\t<span class=\"edgtf-btn-text\">READ MORE<span class=\"edgtf-btn-text-line\" ><\/span><span class=\"edgtf-btn-switch-line\" ><\/span><\/span>\t<\/a>\t<\/div>\n\t        <\/div>\n        <\/div>\n\t<\/div>\n<\/li><li class=\"edgtf-bl-item clearfix\">\n\t<div class=\"edgtf-bli-inner\">\n\t\t\n\t<div class=\"edgtf-post-image\">\n\t\t\t\t\t<a itemprop=\"url\" href=\"https:\/\/www.santjosep.net\/en\/disfruta-de-la-gastronomia-de-sant-josep\/\" title=\"Enjoy fine dining in San Josep\">\n\t\t\t\t\t\t\t\t\t<img loading=\"lazy\" decoding=\"async\" width=\"1500\" height=\"1125\" src=\"https:\/\/www.santjosep.net\/wp-content\/uploads\/2023\/05\/Portada_P1055607.jpg\" class=\"attachment-full size-full wp-post-image\" alt=\"\" srcset=\"https:\/\/www.santjosep.net\/wp-content\/uploads\/2023\/05\/Portada_P1055607.jpg 1500w, https:\/\/www.santjosep.net\/wp-content\/uploads\/2023\/05\/Portada_P1055607-300x225.jpg 300w, https:\/\/www.santjosep.net\/wp-content\/uploads\/2023\/05\/Portada_P1055607-1024x768.jpg 1024w, https:\/\/www.santjosep.net\/wp-content\/uploads\/2023\/05\/Portada_P1055607-768x576.jpg 768w, https:\/\/www.santjosep.net\/wp-content\/uploads\/2023\/05\/Portada_P1055607-800x600.jpg 800w\" sizes=\"auto, (max-width: 1500px) 100vw, 1500px\" \/>\t\t\t\t\t\t\t\t<\/a>\n\t\t\t<\/div>\n        <div class=\"edgtf-bli-content\">\n                            <div class=\"edgtf-bli-date\">\n\t                <div itemprop=\"dateCreated\" class=\"edgtf-post-info-date entry-date published updated\">\n            <a itemprop=\"url\" href=\"https:\/\/www.santjosep.net\/en\/2023\/05\/\">\n    \n        16 May 2023        <\/a>\n    <meta itemprop=\"interactionCount\" content=\"UserComments: 0\"\/>\n<\/div>                <\/div>\n            \t\n\t        \n<h4 itemprop=\"name\" class=\"entry-title edgtf-post-title\" >\n            <a itemprop=\"url\" href=\"https:\/\/www.santjosep.net\/en\/disfruta-de-la-gastronomia-de-sant-josep\/\" title=\"Enjoy fine dining in San Josep\">\n            Enjoy fine dining in San Josep            <\/a>\n    <\/h4>\n\t        <div class=\"edgtf-bli-info\">\n\t\t        <div class=\"edgtf-post-info-category\">\n    <a href=\"https:\/\/www.santjosep.net\/en\/category\/gastronomia-2-en\/\" rel=\"category tag\">Gastronom\u00eda<\/a><\/div>\t        <\/div>\n\n\t        <div class=\"edgtf-bli-excerpt\">\n\t\t        \t\t<div class=\"edgtf-post-excerpt-holder\">\n\t\t\t<p itemprop=\"description\" class=\"edgtf-post-excerpt\">\n\t\t\t\tIn recent years, an indispensable attraction for any tourist area worth its salt is its gastronomy.\t\t\t<\/p>\n\t\t<\/div>\n\t\t\t        \t<div class=\"edgtf-post-read-more-button\">\n\t\t<a itemprop=\"url\" href=\"https:\/\/www.santjosep.net\/en\/disfruta-de-la-gastronomia-de-sant-josep\/\" target=\"_self\"  class=\"edgtf-btn edgtf-btn-medium edgtf-btn-simple edgtf-btn-switch-line edgtf-blog-list-button\"  >\t\t\t<span class=\"edgtf-btn-icon-element\"><\/span>\t\t<span class=\"edgtf-btn-text\">READ MORE<span class=\"edgtf-btn-text-line\" ><\/span><span class=\"edgtf-btn-switch-line\" ><\/span><\/span>\t<\/a>\t<\/div>\n\t        <\/div>\n        <\/div>\n\t<\/div>\n<\/li><li class=\"edgtf-bl-item clearfix\">\n\t<div class=\"edgtf-bli-inner\">\n\t\t\n\t<div class=\"edgtf-post-image\">\n\t\t\t\t\t<a itemprop=\"url\" href=\"https:\/\/www.santjosep.net\/en\/lovesantjosep-the-hashtag-on-instagram-where-you-can-share-the-most-beautiful-pictures-of-sant-josep\/\" title=\"#LoveSantJosep, the hashtag on Instagram where you can share the most beautiful pictures of Sant Josep\">\n\t\t\t\t\t\t\t\t\t<img loading=\"lazy\" decoding=\"async\" width=\"890\" height=\"667\" src=\"https:\/\/www.santjosep.net\/wp-content\/uploads\/2020\/09\/lovesantjosep_cover.jpg\" class=\"attachment-full size-full wp-post-image\" alt=\"\" srcset=\"https:\/\/www.santjosep.net\/wp-content\/uploads\/2020\/09\/lovesantjosep_cover.jpg 890w, https:\/\/www.santjosep.net\/wp-content\/uploads\/2020\/09\/lovesantjosep_cover-300x225.jpg 300w, https:\/\/www.santjosep.net\/wp-content\/uploads\/2020\/09\/lovesantjosep_cover-768x576.jpg 768w, https:\/\/www.santjosep.net\/wp-content\/uploads\/2020\/09\/lovesantjosep_cover-800x600.jpg 800w\" sizes=\"auto, (max-width: 890px) 100vw, 890px\" \/>\t\t\t\t\t\t\t\t<\/a>\n\t\t\t<\/div>\n        <div class=\"edgtf-bli-content\">\n                            <div class=\"edgtf-bli-date\">\n\t                <div itemprop=\"dateCreated\" class=\"edgtf-post-info-date entry-date published updated\">\n            <a itemprop=\"url\" href=\"https:\/\/www.santjosep.net\/en\/2023\/04\/\">\n    \n        10 April 2023        <\/a>\n    <meta itemprop=\"interactionCount\" content=\"UserComments: 0\"\/>\n<\/div>                <\/div>\n            \t\n\t        \n<h4 itemprop=\"name\" class=\"entry-title edgtf-post-title\" >\n            <a itemprop=\"url\" href=\"https:\/\/www.santjosep.net\/en\/lovesantjosep-the-hashtag-on-instagram-where-you-can-share-the-most-beautiful-pictures-of-sant-josep\/\" title=\"#LoveSantJosep, the hashtag on Instagram where you can share the most beautiful pictures of Sant Josep\">\n            #LoveSantJosep, the hashtag on Instagram where you can share the most beautiful pictures of Sant Josep            <\/a>\n    <\/h4>\n\t        <div class=\"edgtf-bli-info\">\n\t\t        <div class=\"edgtf-post-info-category\">\n    <a href=\"https:\/\/www.santjosep.net\/en\/category\/uncategorized\/\" rel=\"category tag\">Uncategorized<\/a><\/div>\t        <\/div>\n\n\t        <div class=\"edgtf-bli-excerpt\">\n\t\t        \t\t<div class=\"edgtf-post-excerpt-holder\">\n\t\t\t<p itemprop=\"description\" class=\"edgtf-post-excerpt\">\n\t\t\t\tSome time ago we launched the hashtag #lovesantjosep on Instagram. Under this hashtag you will find impressing pictures taken in our town.\t\t\t<\/p>\n\t\t<\/div>\n\t\t\t        \t<div class=\"edgtf-post-read-more-button\">\n\t\t<a itemprop=\"url\" href=\"https:\/\/www.santjosep.net\/en\/lovesantjosep-the-hashtag-on-instagram-where-you-can-share-the-most-beautiful-pictures-of-sant-josep\/\" target=\"_self\"  class=\"edgtf-btn edgtf-btn-medium edgtf-btn-simple edgtf-btn-switch-line edgtf-blog-list-button\"  >\t\t\t<span class=\"edgtf-btn-icon-element\"><\/span>\t\t<span class=\"edgtf-btn-text\">READ MORE<span class=\"edgtf-btn-text-line\" ><\/span><span class=\"edgtf-btn-switch-line\" ><\/span><\/span>\t<\/a>\t<\/div>\n\t        <\/div>\n        <\/div>\n\t<\/div>\n<\/li><li class=\"edgtf-bl-item clearfix\">\n\t<div class=\"edgtf-bli-inner\">\n\t\t\n\t<div class=\"edgtf-post-image\">\n\t\t\t\t\t<a itemprop=\"url\" href=\"https:\/\/www.santjosep.net\/en\/a-2023-full-of-sunsets-in-sant-josep\/\" title=\"A 2023 full of sunsets in Sant Josep\">\n\t\t\t\t\t\t\t\t\t<img loading=\"lazy\" decoding=\"async\" width=\"1024\" height=\"768\" src=\"https:\/\/www.santjosep.net\/wp-content\/uploads\/2023\/01\/portadasunsets_P1085058.png\" class=\"attachment-full size-full wp-post-image\" alt=\"\" srcset=\"https:\/\/www.santjosep.net\/wp-content\/uploads\/2023\/01\/portadasunsets_P1085058.png 1024w, https:\/\/www.santjosep.net\/wp-content\/uploads\/2023\/01\/portadasunsets_P1085058-300x225.png 300w, https:\/\/www.santjosep.net\/wp-content\/uploads\/2023\/01\/portadasunsets_P1085058-768x576.png 768w, https:\/\/www.santjosep.net\/wp-content\/uploads\/2023\/01\/portadasunsets_P1085058-800x600.png 800w\" sizes=\"auto, (max-width: 1024px) 100vw, 1024px\" \/>\t\t\t\t\t\t\t\t<\/a>\n\t\t\t<\/div>\n        <div class=\"edgtf-bli-content\">\n                            <div class=\"edgtf-bli-date\">\n\t                <div itemprop=\"dateCreated\" class=\"edgtf-post-info-date entry-date published updated\">\n            <a itemprop=\"url\" href=\"https:\/\/www.santjosep.net\/en\/2023\/01\/\">\n    \n        5 January 2023        <\/a>\n    <meta itemprop=\"interactionCount\" content=\"UserComments: 0\"\/>\n<\/div>                <\/div>\n            \t\n\t        \n<h4 itemprop=\"name\" class=\"entry-title edgtf-post-title\" >\n            <a itemprop=\"url\" href=\"https:\/\/www.santjosep.net\/en\/a-2023-full-of-sunsets-in-sant-josep\/\" title=\"A 2023 full of sunsets in Sant Josep\">\n            A 2023 full of sunsets in Sant Josep            <\/a>\n    <\/h4>\n\t        <div class=\"edgtf-bli-info\">\n\t\t        <div class=\"edgtf-post-info-category\">\n    <a href=\"https:\/\/www.santjosep.net\/en\/category\/beaches\/\" rel=\"category tag\">Beaches<\/a>, <a href=\"https:\/\/www.santjosep.net\/en\/category\/sunsets\/\" rel=\"category tag\">Sunsets<\/a><\/div>\t        <\/div>\n\n\t        <div class=\"edgtf-bli-excerpt\">\n\t\t        \t\t<div class=\"edgtf-post-excerpt-holder\">\n\t\t\t<p itemprop=\"description\" class=\"edgtf-post-excerpt\">\n\t\t\t\tWe start this 2023 with great enthusiasm and eager to continue enjoying our town. And one of the natural\t\t\t<\/p>\n\t\t<\/div>\n\t\t\t        \t<div class=\"edgtf-post-read-more-button\">\n\t\t<a itemprop=\"url\" href=\"https:\/\/www.santjosep.net\/en\/a-2023-full-of-sunsets-in-sant-josep\/\" target=\"_self\"  class=\"edgtf-btn edgtf-btn-medium edgtf-btn-simple edgtf-btn-switch-line edgtf-blog-list-button\"  >\t\t\t<span class=\"edgtf-btn-icon-element\"><\/span>\t\t<span class=\"edgtf-btn-text\">READ MORE<span class=\"edgtf-btn-text-line\" ><\/span><span class=\"edgtf-btn-switch-line\" ><\/span><\/span>\t<\/a>\t<\/div>\n\t        <\/div>\n        <\/div>\n\t<\/div>\n<\/li><li class=\"edgtf-bl-item clearfix\">\n\t<div class=\"edgtf-bli-inner\">\n\t\t\n\t<div class=\"edgtf-post-image\">\n\t\t\t\t\t<a itemprop=\"url\" href=\"https:\/\/www.santjosep.net\/en\/the-sun-and-light-of-ibiza-come-to-london\/\" title=\"The sun and light of Ibiza come to London\">\n\t\t\t\t\t\t\t\t\t<img loading=\"lazy\" decoding=\"async\" width=\"1024\" height=\"768\" src=\"https:\/\/www.santjosep.net\/wp-content\/uploads\/2022\/11\/WhatsApp-Image-2022-11-08-at-6.18.33-PM-1.jpeg\" class=\"attachment-full size-full wp-post-image\" alt=\"\" srcset=\"https:\/\/www.santjosep.net\/wp-content\/uploads\/2022\/11\/WhatsApp-Image-2022-11-08-at-6.18.33-PM-1.jpeg 1024w, https:\/\/www.santjosep.net\/wp-content\/uploads\/2022\/11\/WhatsApp-Image-2022-11-08-at-6.18.33-PM-1-300x225.jpeg 300w, https:\/\/www.santjosep.net\/wp-content\/uploads\/2022\/11\/WhatsApp-Image-2022-11-08-at-6.18.33-PM-1-768x576.jpeg 768w, https:\/\/www.santjosep.net\/wp-content\/uploads\/2022\/11\/WhatsApp-Image-2022-11-08-at-6.18.33-PM-1-800x600.jpeg 800w\" sizes=\"auto, (max-width: 1024px) 100vw, 1024px\" \/>\t\t\t\t\t\t\t\t<\/a>\n\t\t\t<\/div>\n        <div class=\"edgtf-bli-content\">\n                            <div class=\"edgtf-bli-date\">\n\t                <div itemprop=\"dateCreated\" class=\"edgtf-post-info-date entry-date published updated\">\n            <a itemprop=\"url\" href=\"https:\/\/www.santjosep.net\/en\/2022\/11\/\">\n    \n        9 November 2022        <\/a>\n    <meta itemprop=\"interactionCount\" content=\"UserComments: 0\"\/>\n<\/div>                <\/div>\n            \t\n\t        \n<h4 itemprop=\"name\" class=\"entry-title edgtf-post-title\" >\n            <a itemprop=\"url\" href=\"https:\/\/www.santjosep.net\/en\/the-sun-and-light-of-ibiza-come-to-london\/\" title=\"The sun and light of Ibiza come to London\">\n            The sun and light of Ibiza come to London            <\/a>\n    <\/h4>\n\t        <div class=\"edgtf-bli-info\">\n\t\t        <div class=\"edgtf-post-info-category\">\n    <a href=\"https:\/\/www.santjosep.net\/en\/category\/turismo-en\/\" rel=\"category tag\">Turismo<\/a><\/div>\t        <\/div>\n\n\t        <div class=\"edgtf-bli-excerpt\">\n\t\t        \t\t<div class=\"edgtf-post-excerpt-holder\">\n\t\t\t<p itemprop=\"description\" class=\"edgtf-post-excerpt\">\n\t\t\t\tSant Josep de sa Talaia's major tourist attractions to be promoted at the World Travel Market 2022 fair\t\t\t<\/p>\n\t\t<\/div>\n\t\t\t        \t<div class=\"edgtf-post-read-more-button\">\n\t\t<a itemprop=\"url\" href=\"https:\/\/www.santjosep.net\/en\/the-sun-and-light-of-ibiza-come-to-london\/\" target=\"_self\"  class=\"edgtf-btn edgtf-btn-medium edgtf-btn-simple edgtf-btn-switch-line edgtf-blog-list-button\"  >\t\t\t<span class=\"edgtf-btn-icon-element\"><\/span>\t\t<span class=\"edgtf-btn-text\">READ MORE<span class=\"edgtf-btn-text-line\" ><\/span><span class=\"edgtf-btn-switch-line\" ><\/span><\/span>\t<\/a>\t<\/div>\n\t        <\/div>\n        <\/div>\n\t<\/div>\n<\/li><li class=\"edgtf-bl-item clearfix\">\n\t<div class=\"edgtf-bli-inner\">\n\t\t\n\t<div class=\"edgtf-post-image\">\n\t\t\t\t\t<a itemprop=\"url\" href=\"https:\/\/www.santjosep.net\/en\/sant-josep-is-music\/\" title=\"Sant Josep is Music\">\n\t\t\t\t\t\t\t\t\t<img loading=\"lazy\" decoding=\"async\" width=\"2048\" height=\"1536\" src=\"https:\/\/www.santjosep.net\/wp-content\/uploads\/2022\/09\/santjosep_esmusica.jpg\" class=\"attachment-full size-full wp-post-image\" alt=\"\" srcset=\"https:\/\/www.santjosep.net\/wp-content\/uploads\/2022\/09\/santjosep_esmusica.jpg 2048w, https:\/\/www.santjosep.net\/wp-content\/uploads\/2022\/09\/santjosep_esmusica-300x225.jpg 300w, https:\/\/www.santjosep.net\/wp-content\/uploads\/2022\/09\/santjosep_esmusica-1024x768.jpg 1024w, https:\/\/www.santjosep.net\/wp-content\/uploads\/2022\/09\/santjosep_esmusica-768x576.jpg 768w, https:\/\/www.santjosep.net\/wp-content\/uploads\/2022\/09\/santjosep_esmusica-1536x1152.jpg 1536w, https:\/\/www.santjosep.net\/wp-content\/uploads\/2022\/09\/santjosep_esmusica-800x600.jpg 800w\" sizes=\"auto, (max-width: 2048px) 100vw, 2048px\" \/>\t\t\t\t\t\t\t\t<\/a>\n\t\t\t<\/div>\n        <div class=\"edgtf-bli-content\">\n                            <div class=\"edgtf-bli-date\">\n\t                <div itemprop=\"dateCreated\" class=\"edgtf-post-info-date entry-date published updated\">\n            <a itemprop=\"url\" href=\"https:\/\/www.santjosep.net\/en\/2022\/10\/\">\n    \n        13 October 2022        <\/a>\n    <meta itemprop=\"interactionCount\" content=\"UserComments: 0\"\/>\n<\/div>                <\/div>\n            \t\n\t        \n<h4 itemprop=\"name\" class=\"entry-title edgtf-post-title\" >\n            <a itemprop=\"url\" href=\"https:\/\/www.santjosep.net\/en\/sant-josep-is-music\/\" title=\"Sant Josep is Music\">\n            Sant Josep is Music            <\/a>\n    <\/h4>\n\t        <div class=\"edgtf-bli-info\">\n\t\t        <div class=\"edgtf-post-info-category\">\n    <a href=\"https:\/\/www.santjosep.net\/en\/category\/culture\/\" rel=\"category tag\">Culture<\/a><\/div>\t        <\/div>\n\n\t        <div class=\"edgtf-bli-excerpt\">\n\t\t        \t\t<div class=\"edgtf-post-excerpt-holder\">\n\t\t\t<p itemprop=\"description\" class=\"edgtf-post-excerpt\">\n\t\t\t\tEntre los valores patrimoniales que Sant Josep ofrece a sus visitantes y vecinos hay que reservar un espacio privilegiado para la m\u00fasica en todas sus expresiones.\t\t\t<\/p>\n\t\t<\/div>\n\t\t\t        \t<div class=\"edgtf-post-read-more-button\">\n\t\t<a itemprop=\"url\" href=\"https:\/\/www.santjosep.net\/en\/sant-josep-is-music\/\" target=\"_self\"  class=\"edgtf-btn edgtf-btn-medium edgtf-btn-simple edgtf-btn-switch-line edgtf-blog-list-button\"  >\t\t\t<span class=\"edgtf-btn-icon-element\"><\/span>\t\t<span class=\"edgtf-btn-text\">READ MORE<span class=\"edgtf-btn-text-line\" ><\/span><span class=\"edgtf-btn-switch-line\" ><\/span><\/span>\t<\/a>\t<\/div>\n\t        <\/div>\n        <\/div>\n\t<\/div>\n<\/li><li class=\"edgtf-bl-item clearfix\">\n\t<div class=\"edgtf-bli-inner\">\n\t\t\n\t<div class=\"edgtf-post-image\">\n\t\t\t\t\t<a itemprop=\"url\" href=\"https:\/\/www.santjosep.net\/en\/ideal-beaches-for-family-fun-in-sant-josep\/\" title=\"Ideal beaches for family fun in Sant Josep\">\n\t\t\t\t\t\t\t\t\t<img loading=\"lazy\" decoding=\"async\" width=\"2048\" height=\"1536\" src=\"https:\/\/www.santjosep.net\/wp-content\/uploads\/2022\/07\/playasnin\u0303os_santjosep_ibiza-1-1.jpg\" class=\"attachment-full size-full wp-post-image\" alt=\"\" srcset=\"https:\/\/www.santjosep.net\/wp-content\/uploads\/2022\/07\/playasnin\u0303os_santjosep_ibiza-1-1.jpg 2048w, https:\/\/www.santjosep.net\/wp-content\/uploads\/2022\/07\/playasnin\u0303os_santjosep_ibiza-1-1-300x225.jpg 300w, https:\/\/www.santjosep.net\/wp-content\/uploads\/2022\/07\/playasnin\u0303os_santjosep_ibiza-1-1-1024x768.jpg 1024w, https:\/\/www.santjosep.net\/wp-content\/uploads\/2022\/07\/playasnin\u0303os_santjosep_ibiza-1-1-768x576.jpg 768w, https:\/\/www.santjosep.net\/wp-content\/uploads\/2022\/07\/playasnin\u0303os_santjosep_ibiza-1-1-1536x1152.jpg 1536w, https:\/\/www.santjosep.net\/wp-content\/uploads\/2022\/07\/playasnin\u0303os_santjosep_ibiza-1-1-800x600.jpg 800w\" sizes=\"auto, (max-width: 2048px) 100vw, 2048px\" \/>\t\t\t\t\t\t\t\t<\/a>\n\t\t\t<\/div>\n        <div class=\"edgtf-bli-content\">\n                            <div class=\"edgtf-bli-date\">\n\t                <div itemprop=\"dateCreated\" class=\"edgtf-post-info-date entry-date published updated\">\n            <a itemprop=\"url\" href=\"https:\/\/www.santjosep.net\/en\/2022\/07\/\">\n    \n        26 July 2022        <\/a>\n    <meta itemprop=\"interactionCount\" content=\"UserComments: 0\"\/>\n<\/div>                <\/div>\n            \t\n\t        \n<h4 itemprop=\"name\" class=\"entry-title edgtf-post-title\" >\n            <a itemprop=\"url\" href=\"https:\/\/www.santjosep.net\/en\/ideal-beaches-for-family-fun-in-sant-josep\/\" title=\"Ideal beaches for family fun in Sant Josep\">\n            Ideal beaches for family fun in Sant Josep            <\/a>\n    <\/h4>\n\t        <div class=\"edgtf-bli-info\">\n\t\t        <div class=\"edgtf-post-info-category\">\n    <a href=\"https:\/\/www.santjosep.net\/en\/category\/beaches\/\" rel=\"category tag\">Beaches<\/a><\/div>\t        <\/div>\n\n\t        <div class=\"edgtf-bli-excerpt\">\n\t\t        \t\t<div class=\"edgtf-post-excerpt-holder\">\n\t\t\t<p itemprop=\"description\" class=\"edgtf-post-excerpt\">\n\t\t\t\tSummer is the time of year when the word \"holiday\" takes centre stage. And when it comes to families with children, even more so, especially if it is a trip with the beach as the final destination.\t\t\t<\/p>\n\t\t<\/div>\n\t\t\t        \t<div class=\"edgtf-post-read-more-button\">\n\t\t<a itemprop=\"url\" href=\"https:\/\/www.santjosep.net\/en\/ideal-beaches-for-family-fun-in-sant-josep\/\" target=\"_self\"  class=\"edgtf-btn edgtf-btn-medium edgtf-btn-simple edgtf-btn-switch-line edgtf-blog-list-button\"  >\t\t\t<span class=\"edgtf-btn-icon-element\"><\/span>\t\t<span class=\"edgtf-btn-text\">READ MORE<span class=\"edgtf-btn-text-line\" ><\/span><span class=\"edgtf-btn-switch-line\" ><\/span><\/span>\t<\/a>\t<\/div>\n\t        <\/div>\n        <\/div>\n\t<\/div>\n<\/li><li class=\"edgtf-bl-item clearfix\">\n\t<div class=\"edgtf-bli-inner\">\n\t\t\n\t<div class=\"edgtf-post-image\">\n\t\t\t\t\t<a itemprop=\"url\" href=\"https:\/\/www.santjosep.net\/en\/west-coast-sant-josep-crystalline-waters-sunsets-ibiza\/\" title=\"The west coast of Sant Josep: crystalline waters and sunsets in Ibiza\">\n\t\t\t\t\t\t\t\t\t<img loading=\"lazy\" decoding=\"async\" width=\"2048\" height=\"1536\" src=\"https:\/\/www.santjosep.net\/wp-content\/uploads\/2014\/01\/platgesdecomte_santjosep.jpg\" class=\"attachment-full size-full wp-post-image\" alt=\"\" srcset=\"https:\/\/www.santjosep.net\/wp-content\/uploads\/2014\/01\/platgesdecomte_santjosep.jpg 2048w, https:\/\/www.santjosep.net\/wp-content\/uploads\/2014\/01\/platgesdecomte_santjosep-300x225.jpg 300w, https:\/\/www.santjosep.net\/wp-content\/uploads\/2014\/01\/platgesdecomte_santjosep-1024x768.jpg 1024w, https:\/\/www.santjosep.net\/wp-content\/uploads\/2014\/01\/platgesdecomte_santjosep-768x576.jpg 768w, https:\/\/www.santjosep.net\/wp-content\/uploads\/2014\/01\/platgesdecomte_santjosep-1536x1152.jpg 1536w, https:\/\/www.santjosep.net\/wp-content\/uploads\/2014\/01\/platgesdecomte_santjosep-800x600.jpg 800w\" sizes=\"auto, (max-width: 2048px) 100vw, 2048px\" \/>\t\t\t\t\t\t\t\t<\/a>\n\t\t\t<\/div>\n        <div class=\"edgtf-bli-content\">\n                            <div class=\"edgtf-bli-date\">\n\t                <div itemprop=\"dateCreated\" class=\"edgtf-post-info-date entry-date published updated\">\n            <a itemprop=\"url\" href=\"https:\/\/www.santjosep.net\/en\/2022\/06\/\">\n    \n        16 June 2022        <\/a>\n    <meta itemprop=\"interactionCount\" content=\"UserComments: 0\"\/>\n<\/div>                <\/div>\n            \t\n\t        \n<h4 itemprop=\"name\" class=\"entry-title edgtf-post-title\" >\n            <a itemprop=\"url\" href=\"https:\/\/www.santjosep.net\/en\/west-coast-sant-josep-crystalline-waters-sunsets-ibiza\/\" title=\"The west coast of Sant Josep: crystalline waters and sunsets in Ibiza\">\n            The west coast of Sant Josep: crystalline waters and sunsets in Ibiza            <\/a>\n    <\/h4>\n\t        <div class=\"edgtf-bli-info\">\n\t\t        <div class=\"edgtf-post-info-category\">\n    <a href=\"https:\/\/www.santjosep.net\/en\/category\/areas\/\" rel=\"category tag\">Areas<\/a>, <a href=\"https:\/\/www.santjosep.net\/en\/category\/walks\/\" rel=\"category tag\">Walks<\/a><\/div>\t        <\/div>\n\n\t        <div class=\"edgtf-bli-excerpt\">\n\t\t        \t\t<div class=\"edgtf-post-excerpt-holder\">\n\t\t\t<p itemprop=\"description\" class=\"edgtf-post-excerpt\">\n\t\t\t\tWe will take a virtual tour through the western part of Sant Josep de sa Talaia.\t\t\t<\/p>\n\t\t<\/div>\n\t\t\t        \t<div class=\"edgtf-post-read-more-button\">\n\t\t<a itemprop=\"url\" href=\"https:\/\/www.santjosep.net\/en\/west-coast-sant-josep-crystalline-waters-sunsets-ibiza\/\" target=\"_self\"  class=\"edgtf-btn edgtf-btn-medium edgtf-btn-simple edgtf-btn-switch-line edgtf-blog-list-button\"  >\t\t\t<span class=\"edgtf-btn-icon-element\"><\/span>\t\t<span class=\"edgtf-btn-text\">READ MORE<span class=\"edgtf-btn-text-line\" ><\/span><span class=\"edgtf-btn-switch-line\" ><\/span><\/span>\t<\/a>\t<\/div>\n\t        <\/div>\n        <\/div>\n\t<\/div>\n<\/li><li class=\"edgtf-bl-item clearfix\">\n\t<div class=\"edgtf-bli-inner\">\n\t\t\n\t<div class=\"edgtf-post-image\">\n\t\t\t\t\t<a itemprop=\"url\" href=\"https:\/\/www.santjosep.net\/en\/delicious-seafood-cuisine-in-the-coast-of-sant-josep\/\" title=\"Delicious seafood cuisine in the coast of Sant Josep\">\n\t\t\t\t\t\t\t\t\t<img loading=\"lazy\" decoding=\"async\" width=\"800\" height=\"600\" src=\"https:\/\/www.santjosep.net\/wp-content\/uploads\/2022\/06\/gastro_santjosep.png\" class=\"attachment-full size-full wp-post-image\" alt=\"\" srcset=\"https:\/\/www.santjosep.net\/wp-content\/uploads\/2022\/06\/gastro_santjosep.png 800w, https:\/\/www.santjosep.net\/wp-content\/uploads\/2022\/06\/gastro_santjosep-300x225.png 300w, https:\/\/www.santjosep.net\/wp-content\/uploads\/2022\/06\/gastro_santjosep-768x576.png 768w\" sizes=\"auto, (max-width: 800px) 100vw, 800px\" \/>\t\t\t\t\t\t\t\t<\/a>\n\t\t\t<\/div>\n        <div class=\"edgtf-bli-content\">\n                            <div class=\"edgtf-bli-date\">\n\t                <div itemprop=\"dateCreated\" class=\"edgtf-post-info-date entry-date published updated\">\n            <a itemprop=\"url\" href=\"https:\/\/www.santjosep.net\/en\/2022\/05\/\">\n    \n        7 May 2022        <\/a>\n    <meta itemprop=\"interactionCount\" content=\"UserComments: 0\"\/>\n<\/div>                <\/div>\n            \t\n\t        \n<h4 itemprop=\"name\" class=\"entry-title edgtf-post-title\" >\n            <a itemprop=\"url\" href=\"https:\/\/www.santjosep.net\/en\/delicious-seafood-cuisine-in-the-coast-of-sant-josep\/\" title=\"Delicious seafood cuisine in the coast of Sant Josep\">\n            Delicious seafood cuisine in the coast of Sant Josep            <\/a>\n    <\/h4>\n\t        <div class=\"edgtf-bli-info\">\n\t\t        <div class=\"edgtf-post-info-category\">\n    <a href=\"https:\/\/www.santjosep.net\/en\/category\/gastronomia-2-en\/\" rel=\"category tag\">Gastronom\u00eda<\/a><\/div>\t        <\/div>\n\n\t        <div class=\"edgtf-bli-excerpt\">\n\t\t        \t\t<div class=\"edgtf-post-excerpt-holder\">\n\t\t\t<p itemprop=\"description\" class=\"edgtf-post-excerpt\">\n\t\t\t\tThe sea has been one of the most influential elements in the island\u2019s cuisine, where great dishes stand out such as \u201cbullit\u201d, \u201carroz a banda\u201d and baked fish dishes.\t\t\t<\/p>\n\t\t<\/div>\n\t\t\t        \t<div class=\"edgtf-post-read-more-button\">\n\t\t<a itemprop=\"url\" href=\"https:\/\/www.santjosep.net\/en\/delicious-seafood-cuisine-in-the-coast-of-sant-josep\/\" target=\"_self\"  class=\"edgtf-btn edgtf-btn-medium edgtf-btn-simple edgtf-btn-switch-line edgtf-blog-list-button\"  >\t\t\t<span class=\"edgtf-btn-icon-element\"><\/span>\t\t<span class=\"edgtf-btn-text\">READ MORE<span class=\"edgtf-btn-text-line\" ><\/span><span class=\"edgtf-btn-switch-line\" ><\/span><\/span>\t<\/a>\t<\/div>\n\t        <\/div>\n        <\/div>\n\t<\/div>\n<\/li><li class=\"edgtf-bl-item clearfix\">\n\t<div class=\"edgtf-bli-inner\">\n\t\t\n\t<div class=\"edgtf-post-image\">\n\t\t\t\t\t<a itemprop=\"url\" href=\"https:\/\/www.santjosep.net\/en\/discover-ses-salines-nature-park-on-foot-or-by-bicycle-ruta-sa-sal-rossa\/\" title=\"Discover Ses Salines Nature Park on foot or by bicycle: Ruta sa Sal Rossa\">\n\t\t\t\t\t\t\t\t\t<img loading=\"lazy\" decoding=\"async\" width=\"800\" height=\"600\" src=\"https:\/\/www.santjosep.net\/wp-content\/uploads\/2022\/04\/rutas_santjosep_salrossa.png\" class=\"attachment-full size-full wp-post-image\" alt=\"\" srcset=\"https:\/\/www.santjosep.net\/wp-content\/uploads\/2022\/04\/rutas_santjosep_salrossa.png 800w, https:\/\/www.santjosep.net\/wp-content\/uploads\/2022\/04\/rutas_santjosep_salrossa-300x225.png 300w, https:\/\/www.santjosep.net\/wp-content\/uploads\/2022\/04\/rutas_santjosep_salrossa-768x576.png 768w\" sizes=\"auto, (max-width: 800px) 100vw, 800px\" \/>\t\t\t\t\t\t\t\t<\/a>\n\t\t\t<\/div>\n        <div class=\"edgtf-bli-content\">\n                            <div class=\"edgtf-bli-date\">\n\t                <div itemprop=\"dateCreated\" class=\"edgtf-post-info-date entry-date published updated\">\n            <a itemprop=\"url\" href=\"https:\/\/www.santjosep.net\/en\/2022\/04\/\">\n    \n        25 April 2022        <\/a>\n    <meta itemprop=\"interactionCount\" content=\"UserComments: 0\"\/>\n<\/div>                <\/div>\n            \t\n\t        \n<h4 itemprop=\"name\" class=\"entry-title edgtf-post-title\" >\n            <a itemprop=\"url\" href=\"https:\/\/www.santjosep.net\/en\/discover-ses-salines-nature-park-on-foot-or-by-bicycle-ruta-sa-sal-rossa\/\" title=\"Discover Ses Salines Nature Park on foot or by bicycle: Ruta sa Sal Rossa\">\n            Discover Ses Salines Nature Park on foot or by bicycle: Ruta sa Sal Rossa            <\/a>\n    <\/h4>\n\t        <div class=\"edgtf-bli-info\">\n\t\t        <div class=\"edgtf-post-info-category\">\n    <a href=\"https:\/\/www.santjosep.net\/en\/category\/walks\/\" rel=\"category tag\">Walks<\/a><\/div>\t        <\/div>\n\n\t        <div class=\"edgtf-bli-excerpt\">\n\t\t        \t\t<div class=\"edgtf-post-excerpt-holder\">\n\t\t\t<p itemprop=\"description\" class=\"edgtf-post-excerpt\">\n\t\t\t\tNature, history and culture emerge at the walker's and cyclist's encounter\t\t\t<\/p>\n\t\t<\/div>\n\t\t\t        \t<div class=\"edgtf-post-read-more-button\">\n\t\t<a itemprop=\"url\" href=\"https:\/\/www.santjosep.net\/en\/discover-ses-salines-nature-park-on-foot-or-by-bicycle-ruta-sa-sal-rossa\/\" target=\"_self\"  class=\"edgtf-btn edgtf-btn-medium edgtf-btn-simple edgtf-btn-switch-line edgtf-blog-list-button\"  >\t\t\t<span class=\"edgtf-btn-icon-element\"><\/span>\t\t<span class=\"edgtf-btn-text\">READ MORE<span class=\"edgtf-btn-text-line\" ><\/span><span class=\"edgtf-btn-switch-line\" ><\/span><\/span>\t<\/a>\t<\/div>\n\t        <\/div>\n        <\/div>\n\t<\/div>\n<\/li><li class=\"edgtf-bl-item clearfix\">\n\t<div class=\"edgtf-bli-inner\">\n\t\t\n\t<div class=\"edgtf-post-image\">\n\t\t\t\t\t<a itemprop=\"url\" href=\"https:\/\/www.santjosep.net\/en\/discover-ses-salines-nature-park-on-foot-or-by-bicycle-ses-portes-route\/\" title=\"Discover Ses Salines Nature Park on foot or by bicycle: Ses Portes route\">\n\t\t\t\t\t\t\t\t\t<img loading=\"lazy\" decoding=\"async\" width=\"800\" height=\"600\" src=\"https:\/\/www.santjosep.net\/wp-content\/uploads\/2022\/03\/rutas_santjosep.jpg\" class=\"attachment-full size-full wp-post-image\" alt=\"\" srcset=\"https:\/\/www.santjosep.net\/wp-content\/uploads\/2022\/03\/rutas_santjosep.jpg 800w, https:\/\/www.santjosep.net\/wp-content\/uploads\/2022\/03\/rutas_santjosep-300x225.jpg 300w, https:\/\/www.santjosep.net\/wp-content\/uploads\/2022\/03\/rutas_santjosep-768x576.jpg 768w\" sizes=\"auto, (max-width: 800px) 100vw, 800px\" \/>\t\t\t\t\t\t\t\t<\/a>\n\t\t\t<\/div>\n        <div class=\"edgtf-bli-content\">\n                            <div class=\"edgtf-bli-date\">\n\t                <div itemprop=\"dateCreated\" class=\"edgtf-post-info-date entry-date published updated\">\n            <a itemprop=\"url\" href=\"https:\/\/www.santjosep.net\/en\/2022\/03\/\">\n    \n        21 March 2022        <\/a>\n    <meta itemprop=\"interactionCount\" content=\"UserComments: 0\"\/>\n<\/div>                <\/div>\n            \t\n\t        \n<h4 itemprop=\"name\" class=\"entry-title edgtf-post-title\" >\n            <a itemprop=\"url\" href=\"https:\/\/www.santjosep.net\/en\/discover-ses-salines-nature-park-on-foot-or-by-bicycle-ses-portes-route\/\" title=\"Discover Ses Salines Nature Park on foot or by bicycle: Ses Portes route\">\n            Discover Ses Salines Nature Park on foot or by bicycle: Ses Portes route            <\/a>\n    <\/h4>\n\t        <div class=\"edgtf-bli-info\">\n\t\t        <div class=\"edgtf-post-info-category\">\n    <a href=\"https:\/\/www.santjosep.net\/en\/category\/walks\/\" rel=\"category tag\">Walks<\/a><\/div>\t        <\/div>\n\n\t        <div class=\"edgtf-bli-excerpt\">\n\t\t        \t\t<div class=\"edgtf-post-excerpt-holder\">\n\t\t\t<p itemprop=\"description\" class=\"edgtf-post-excerpt\">\n\t\t\t\tNature, history and culture meet the walker and cyclist.\t\t\t<\/p>\n\t\t<\/div>\n\t\t\t        \t<div class=\"edgtf-post-read-more-button\">\n\t\t<a itemprop=\"url\" href=\"https:\/\/www.santjosep.net\/en\/discover-ses-salines-nature-park-on-foot-or-by-bicycle-ses-portes-route\/\" target=\"_self\"  class=\"edgtf-btn edgtf-btn-medium edgtf-btn-simple edgtf-btn-switch-line edgtf-blog-list-button\"  >\t\t\t<span class=\"edgtf-btn-icon-element\"><\/span>\t\t<span class=\"edgtf-btn-text\">READ MORE<span class=\"edgtf-btn-text-line\" ><\/span><span class=\"edgtf-btn-switch-line\" ><\/span><\/span>\t<\/a>\t<\/div>\n\t        <\/div>\n        <\/div>\n\t<\/div>\n<\/li><li class=\"edgtf-bl-item clearfix\">\n\t<div class=\"edgtf-bli-inner\">\n\t\t\n\t<div class=\"edgtf-post-image\">\n\t\t\t\t\t<a itemprop=\"url\" href=\"https:\/\/www.santjosep.net\/en\/snorkelling-in-the-waters-around-sant-josep\/\" title=\"Snorkelling in the waters around Sant Josep\">\n\t\t\t\t\t\t\t\t\t<img loading=\"lazy\" decoding=\"async\" width=\"800\" height=\"600\" src=\"https:\/\/www.santjosep.net\/wp-content\/uploads\/2022\/02\/snorkel_santjosep.jpg\" class=\"attachment-full size-full wp-post-image\" alt=\"\" srcset=\"https:\/\/www.santjosep.net\/wp-content\/uploads\/2022\/02\/snorkel_santjosep.jpg 800w, https:\/\/www.santjosep.net\/wp-content\/uploads\/2022\/02\/snorkel_santjosep-300x225.jpg 300w, https:\/\/www.santjosep.net\/wp-content\/uploads\/2022\/02\/snorkel_santjosep-768x576.jpg 768w\" sizes=\"auto, (max-width: 800px) 100vw, 800px\" \/>\t\t\t\t\t\t\t\t<\/a>\n\t\t\t<\/div>\n        <div class=\"edgtf-bli-content\">\n                            <div class=\"edgtf-bli-date\">\n\t                <div itemprop=\"dateCreated\" class=\"edgtf-post-info-date entry-date published updated\">\n            <a itemprop=\"url\" href=\"https:\/\/www.santjosep.net\/en\/2022\/02\/\">\n    \n        22 February 2022        <\/a>\n    <meta itemprop=\"interactionCount\" content=\"UserComments: 0\"\/>\n<\/div>                <\/div>\n            \t\n\t        \n<h4 itemprop=\"name\" class=\"entry-title edgtf-post-title\" >\n            <a itemprop=\"url\" href=\"https:\/\/www.santjosep.net\/en\/snorkelling-in-the-waters-around-sant-josep\/\" title=\"Snorkelling in the waters around Sant Josep\">\n            Snorkelling in the waters around Sant Josep            <\/a>\n    <\/h4>\n\t        <div class=\"edgtf-bli-info\">\n\t\t        <div class=\"edgtf-post-info-category\">\n    <a href=\"https:\/\/www.santjosep.net\/en\/category\/beaches\/\" rel=\"category tag\">Beaches<\/a>, <a href=\"https:\/\/www.santjosep.net\/en\/category\/sports-en\/\" rel=\"category tag\">Sports<\/a><\/div>\t        <\/div>\n\n\t        <div class=\"edgtf-bli-excerpt\">\n\t\t        \t\t<div class=\"edgtf-post-excerpt-holder\">\n\t\t\t<p itemprop=\"description\" class=\"edgtf-post-excerpt\">\n\t\t\t\tWith over 80 kilometres of coastline skirting the municipal district of Sant Josep, and crystal-clear waters, this is a place where snorkelling fans will find a perfect ecosystem that is a paradise for divers.\t\t\t<\/p>\n\t\t<\/div>\n\t\t\t        \t<div class=\"edgtf-post-read-more-button\">\n\t\t<a itemprop=\"url\" href=\"https:\/\/www.santjosep.net\/en\/snorkelling-in-the-waters-around-sant-josep\/\" target=\"_self\"  class=\"edgtf-btn edgtf-btn-medium edgtf-btn-simple edgtf-btn-switch-line edgtf-blog-list-button\"  >\t\t\t<span class=\"edgtf-btn-icon-element\"><\/span>\t\t<span class=\"edgtf-btn-text\">READ MORE<span class=\"edgtf-btn-text-line\" ><\/span><span class=\"edgtf-btn-switch-line\" ><\/span><\/span>\t<\/a>\t<\/div>\n\t        <\/div>\n        <\/div>\n\t<\/div>\n<\/li><li class=\"edgtf-bl-item clearfix\">\n\t<div class=\"edgtf-bli-inner\">\n\t\t\n\t<div class=\"edgtf-post-image\">\n\t\t\t\t\t<a itemprop=\"url\" href=\"https:\/\/www.santjosep.net\/en\/sant-josep-in-fitur-2022\/\" title=\"Sant Josep in Fitur 2022\">\n\t\t\t\t\t\t\t\t\t<img loading=\"lazy\" decoding=\"async\" width=\"890\" height=\"667\" src=\"https:\/\/www.santjosep.net\/wp-content\/uploads\/2022\/01\/fitur_santjosep_ibiza.png\" class=\"attachment-full size-full wp-post-image\" alt=\"\" srcset=\"https:\/\/www.santjosep.net\/wp-content\/uploads\/2022\/01\/fitur_santjosep_ibiza.png 890w, https:\/\/www.santjosep.net\/wp-content\/uploads\/2022\/01\/fitur_santjosep_ibiza-300x225.png 300w, https:\/\/www.santjosep.net\/wp-content\/uploads\/2022\/01\/fitur_santjosep_ibiza-768x576.png 768w, https:\/\/www.santjosep.net\/wp-content\/uploads\/2022\/01\/fitur_santjosep_ibiza-800x600.png 800w\" sizes=\"auto, (max-width: 890px) 100vw, 890px\" \/>\t\t\t\t\t\t\t\t<\/a>\n\t\t\t<\/div>\n        <div class=\"edgtf-bli-content\">\n                            <div class=\"edgtf-bli-date\">\n\t                <div itemprop=\"dateCreated\" class=\"edgtf-post-info-date entry-date published updated\">\n            <a itemprop=\"url\" href=\"https:\/\/www.santjosep.net\/en\/2022\/01\/\">\n    \n        24 January 2022        <\/a>\n    <meta itemprop=\"interactionCount\" content=\"UserComments: 0\"\/>\n<\/div>                <\/div>\n            \t\n\t        \n<h4 itemprop=\"name\" class=\"entry-title edgtf-post-title\" >\n            <a itemprop=\"url\" href=\"https:\/\/www.santjosep.net\/en\/sant-josep-in-fitur-2022\/\" title=\"Sant Josep in Fitur 2022\">\n            Sant Josep in Fitur 2022            <\/a>\n    <\/h4>\n\t        <div class=\"edgtf-bli-info\">\n\t\t        <div class=\"edgtf-post-info-category\">\n    <a href=\"https:\/\/www.santjosep.net\/en\/category\/turismo-en\/\" rel=\"category tag\">Turismo<\/a><\/div>\t        <\/div>\n\n\t        <div class=\"edgtf-bli-excerpt\">\n\t\t        \t\t<div class=\"edgtf-post-excerpt-holder\">\n\t\t\t<p itemprop=\"description\" class=\"edgtf-post-excerpt\">\n\t\t\t\tSant Josep de sa Talaia was in attendance once again this year at Fitur, showcasing all the attractions of this municipality\t\t\t<\/p>\n\t\t<\/div>\n\t\t\t        \t<div class=\"edgtf-post-read-more-button\">\n\t\t<a itemprop=\"url\" href=\"https:\/\/www.santjosep.net\/en\/sant-josep-in-fitur-2022\/\" target=\"_self\"  class=\"edgtf-btn edgtf-btn-medium edgtf-btn-simple edgtf-btn-switch-line edgtf-blog-list-button\"  >\t\t\t<span class=\"edgtf-btn-icon-element\"><\/span>\t\t<span class=\"edgtf-btn-text\">READ MORE<span class=\"edgtf-btn-text-line\" ><\/span><span class=\"edgtf-btn-switch-line\" ><\/span><\/span>\t<\/a>\t<\/div>\n\t        <\/div>\n        <\/div>\n\t<\/div>\n<\/li><li class=\"edgtf-bl-item clearfix\">\n\t<div class=\"edgtf-bli-inner\">\n\t\t\n\t<div class=\"edgtf-post-image\">\n\t\t\t\t\t<a itemprop=\"url\" href=\"https:\/\/www.santjosep.net\/en\/lovesantjosep-autumn-winter-edition\/\" title=\"#LoveSantJosep autumn-winter edition\">\n\t\t\t\t\t\t\t\t\t<img loading=\"lazy\" decoding=\"async\" width=\"890\" height=\"667\" src=\"https:\/\/www.santjosep.net\/wp-content\/uploads\/2021\/12\/auditorio_santjosep_ibiza.jpg\" class=\"attachment-full size-full wp-post-image\" alt=\"\" srcset=\"https:\/\/www.santjosep.net\/wp-content\/uploads\/2021\/12\/auditorio_santjosep_ibiza.jpg 890w, https:\/\/www.santjosep.net\/wp-content\/uploads\/2021\/12\/auditorio_santjosep_ibiza-300x225.jpg 300w, https:\/\/www.santjosep.net\/wp-content\/uploads\/2021\/12\/auditorio_santjosep_ibiza-768x576.jpg 768w, https:\/\/www.santjosep.net\/wp-content\/uploads\/2021\/12\/auditorio_santjosep_ibiza-800x600.jpg 800w\" sizes=\"auto, (max-width: 890px) 100vw, 890px\" \/>\t\t\t\t\t\t\t\t<\/a>\n\t\t\t<\/div>\n        <div class=\"edgtf-bli-content\">\n                            <div class=\"edgtf-bli-date\">\n\t                <div itemprop=\"dateCreated\" class=\"edgtf-post-info-date entry-date published updated\">\n            <a itemprop=\"url\" href=\"https:\/\/www.santjosep.net\/en\/2021\/12\/\">\n    \n        14 December 2021        <\/a>\n    <meta itemprop=\"interactionCount\" content=\"UserComments: 0\"\/>\n<\/div>                <\/div>\n            \t\n\t        \n<h4 itemprop=\"name\" class=\"entry-title edgtf-post-title\" >\n            <a itemprop=\"url\" href=\"https:\/\/www.santjosep.net\/en\/lovesantjosep-autumn-winter-edition\/\" title=\"#LoveSantJosep autumn-winter edition\">\n            #LoveSantJosep autumn-winter edition            <\/a>\n    <\/h4>\n\t        <div class=\"edgtf-bli-info\">\n\t\t        <div class=\"edgtf-post-info-category\">\n    <a href=\"https:\/\/www.santjosep.net\/en\/category\/beaches\/\" rel=\"category tag\">Beaches<\/a>, <a href=\"https:\/\/www.santjosep.net\/en\/category\/sunsets\/\" rel=\"category tag\">Sunsets<\/a><\/div>\t        <\/div>\n\n\t        <div class=\"edgtf-bli-excerpt\">\n\t\t        \t\t<div class=\"edgtf-post-excerpt-holder\">\n\t\t\t<p itemprop=\"description\" class=\"edgtf-post-excerpt\">\n\t\t\t\tWe leave you with a small compilation of the last few months of autumn, we hope you enjoy it!\t\t\t<\/p>\n\t\t<\/div>\n\t\t\t        \t<div class=\"edgtf-post-read-more-button\">\n\t\t<a itemprop=\"url\" href=\"https:\/\/www.santjosep.net\/en\/lovesantjosep-autumn-winter-edition\/\" target=\"_self\"  class=\"edgtf-btn edgtf-btn-medium edgtf-btn-simple edgtf-btn-switch-line edgtf-blog-list-button\"  >\t\t\t<span class=\"edgtf-btn-icon-element\"><\/span>\t\t<span class=\"edgtf-btn-text\">READ MORE<span class=\"edgtf-btn-text-line\" ><\/span><span class=\"edgtf-btn-switch-line\" ><\/span><\/span>\t<\/a>\t<\/div>\n\t        <\/div>\n        <\/div>\n\t<\/div>\n<\/li><li class=\"edgtf-bl-item clearfix\">\n\t<div class=\"edgtf-bli-inner\">\n\t\t\n\t<div class=\"edgtf-post-image\">\n\t\t\t\t\t<a itemprop=\"url\" href=\"https:\/\/www.santjosep.net\/en\/7-cultural-venues-in-sant-josep\/\" title=\"7 cultural venues in Sant Josep\">\n\t\t\t\t\t\t\t\t\t<img loading=\"lazy\" decoding=\"async\" width=\"890\" height=\"667\" src=\"https:\/\/www.santjosep.net\/wp-content\/uploads\/2021\/11\/auditorio_santjosep_ibiza.png\" class=\"attachment-full size-full wp-post-image\" alt=\"\" srcset=\"https:\/\/www.santjosep.net\/wp-content\/uploads\/2021\/11\/auditorio_santjosep_ibiza.png 890w, https:\/\/www.santjosep.net\/wp-content\/uploads\/2021\/11\/auditorio_santjosep_ibiza-300x225.png 300w, https:\/\/www.santjosep.net\/wp-content\/uploads\/2021\/11\/auditorio_santjosep_ibiza-768x576.png 768w, https:\/\/www.santjosep.net\/wp-content\/uploads\/2021\/11\/auditorio_santjosep_ibiza-800x600.png 800w\" sizes=\"auto, (max-width: 890px) 100vw, 890px\" \/>\t\t\t\t\t\t\t\t<\/a>\n\t\t\t<\/div>\n        <div class=\"edgtf-bli-content\">\n                            <div class=\"edgtf-bli-date\">\n\t                <div itemprop=\"dateCreated\" class=\"edgtf-post-info-date entry-date published updated\">\n            <a itemprop=\"url\" href=\"https:\/\/www.santjosep.net\/en\/2021\/11\/\">\n    \n        23 November 2021        <\/a>\n    <meta itemprop=\"interactionCount\" content=\"UserComments: 0\"\/>\n<\/div>                <\/div>\n            \t\n\t        \n<h4 itemprop=\"name\" class=\"entry-title edgtf-post-title\" >\n            <a itemprop=\"url\" href=\"https:\/\/www.santjosep.net\/en\/7-cultural-venues-in-sant-josep\/\" title=\"7 cultural venues in Sant Josep\">\n            7 cultural venues in Sant Josep            <\/a>\n    <\/h4>\n\t        <div class=\"edgtf-bli-info\">\n\t\t        <div class=\"edgtf-post-info-category\">\n    <a href=\"https:\/\/www.santjosep.net\/en\/category\/culture\/\" rel=\"category tag\">Culture<\/a><\/div>\t        <\/div>\n\n\t        <div class=\"edgtf-bli-excerpt\">\n\t\t        \t\t<div class=\"edgtf-post-excerpt-holder\">\n\t\t\t<p itemprop=\"description\" class=\"edgtf-post-excerpt\">\n\t\t\t\tIn Sant Josep there is a full programme of cultural activities throughout the year involving artists and craftworkers, associations, residents, promoters and projects of all kinds.\t\t\t<\/p>\n\t\t<\/div>\n\t\t\t        \t<div class=\"edgtf-post-read-more-button\">\n\t\t<a itemprop=\"url\" href=\"https:\/\/www.santjosep.net\/en\/7-cultural-venues-in-sant-josep\/\" target=\"_self\"  class=\"edgtf-btn edgtf-btn-medium edgtf-btn-simple edgtf-btn-switch-line edgtf-blog-list-button\"  >\t\t\t<span class=\"edgtf-btn-icon-element\"><\/span>\t\t<span class=\"edgtf-btn-text\">READ MORE<span class=\"edgtf-btn-text-line\" ><\/span><span class=\"edgtf-btn-switch-line\" ><\/span><\/span>\t<\/a>\t<\/div>\n\t        <\/div>\n        <\/div>\n\t<\/div>\n<\/li><li class=\"edgtf-bl-item clearfix\">\n\t<div class=\"edgtf-bli-inner\">\n\t\t\n\t<div class=\"edgtf-post-image\">\n\t\t\t\t\t<a itemprop=\"url\" href=\"https:\/\/www.santjosep.net\/en\/sant-joseps-weather-all-year-round\/\" title=\"Sant Josep\u2019s weather all year round\">\n\t\t\t\t\t\t\t\t\t<img loading=\"lazy\" decoding=\"async\" width=\"890\" height=\"667\" src=\"https:\/\/www.santjosep.net\/wp-content\/uploads\/2021\/10\/clima_santjosep_ibiza.jpg\" class=\"attachment-full size-full wp-post-image\" alt=\"\" srcset=\"https:\/\/www.santjosep.net\/wp-content\/uploads\/2021\/10\/clima_santjosep_ibiza.jpg 890w, https:\/\/www.santjosep.net\/wp-content\/uploads\/2021\/10\/clima_santjosep_ibiza-300x225.jpg 300w, https:\/\/www.santjosep.net\/wp-content\/uploads\/2021\/10\/clima_santjosep_ibiza-768x576.jpg 768w, https:\/\/www.santjosep.net\/wp-content\/uploads\/2021\/10\/clima_santjosep_ibiza-800x600.jpg 800w\" sizes=\"auto, (max-width: 890px) 100vw, 890px\" \/>\t\t\t\t\t\t\t\t<\/a>\n\t\t\t<\/div>\n        <div class=\"edgtf-bli-content\">\n                            <div class=\"edgtf-bli-date\">\n\t                <div itemprop=\"dateCreated\" class=\"edgtf-post-info-date entry-date published updated\">\n            <a itemprop=\"url\" href=\"https:\/\/www.santjosep.net\/en\/2021\/10\/\">\n    \n        26 October 2021        <\/a>\n    <meta itemprop=\"interactionCount\" content=\"UserComments: 0\"\/>\n<\/div>                <\/div>\n            \t\n\t        \n<h4 itemprop=\"name\" class=\"entry-title edgtf-post-title\" >\n            <a itemprop=\"url\" href=\"https:\/\/www.santjosep.net\/en\/sant-joseps-weather-all-year-round\/\" title=\"Sant Josep\u2019s weather all year round\">\n            Sant Josep\u2019s weather all year round            <\/a>\n    <\/h4>\n\t        <div class=\"edgtf-bli-info\">\n\t\t        <div class=\"edgtf-post-info-category\">\n    <a href=\"https:\/\/www.santjosep.net\/en\/category\/useful-information\/\" rel=\"category tag\">Useful information<\/a><\/div>\t        <\/div>\n\n\t        <div class=\"edgtf-bli-excerpt\">\n\t\t        \t\t<div class=\"edgtf-post-excerpt-holder\">\n\t\t\t<p itemprop=\"description\" class=\"edgtf-post-excerpt\">\n\t\t\t\tSet in the heart of the Mediterranean, its land and waters benefit from a mild and pleasant climate all year round.\t\t\t<\/p>\n\t\t<\/div>\n\t\t\t        \t<div class=\"edgtf-post-read-more-button\">\n\t\t<a itemprop=\"url\" href=\"https:\/\/www.santjosep.net\/en\/sant-joseps-weather-all-year-round\/\" target=\"_self\"  class=\"edgtf-btn edgtf-btn-medium edgtf-btn-simple edgtf-btn-switch-line edgtf-blog-list-button\"  >\t\t\t<span class=\"edgtf-btn-icon-element\"><\/span>\t\t<span class=\"edgtf-btn-text\">READ MORE<span class=\"edgtf-btn-text-line\" ><\/span><span class=\"edgtf-btn-switch-line\" ><\/span><\/span>\t<\/a>\t<\/div>\n\t        <\/div>\n        <\/div>\n\t<\/div>\n<\/li><li class=\"edgtf-bl-item clearfix\">\n\t<div class=\"edgtf-bli-inner\">\n\t\t\n\t<div class=\"edgtf-post-image\">\n\t\t\t\t\t<a itemprop=\"url\" href=\"https:\/\/www.santjosep.net\/en\/emblematic-establishments-in-sant-josep\/\" title=\"Emblematic establishments in Sant Josep\">\n\t\t\t\t\t\t\t\t\t<img loading=\"lazy\" decoding=\"async\" width=\"890\" height=\"667\" src=\"https:\/\/www.santjosep.net\/wp-content\/uploads\/2021\/10\/emblematics_santjosep.jpg\" class=\"attachment-full size-full wp-post-image\" alt=\"\" srcset=\"https:\/\/www.santjosep.net\/wp-content\/uploads\/2021\/10\/emblematics_santjosep.jpg 890w, https:\/\/www.santjosep.net\/wp-content\/uploads\/2021\/10\/emblematics_santjosep-300x225.jpg 300w, https:\/\/www.santjosep.net\/wp-content\/uploads\/2021\/10\/emblematics_santjosep-768x576.jpg 768w, https:\/\/www.santjosep.net\/wp-content\/uploads\/2021\/10\/emblematics_santjosep-800x600.jpg 800w\" sizes=\"auto, (max-width: 890px) 100vw, 890px\" \/>\t\t\t\t\t\t\t\t<\/a>\n\t\t\t<\/div>\n        <div class=\"edgtf-bli-content\">\n                            <div class=\"edgtf-bli-date\">\n\t                <div itemprop=\"dateCreated\" class=\"edgtf-post-info-date entry-date published updated\">\n            <a itemprop=\"url\" href=\"https:\/\/www.santjosep.net\/en\/2021\/09\/\">\n    \n        25 September 2021        <\/a>\n    <meta itemprop=\"interactionCount\" content=\"UserComments: 0\"\/>\n<\/div>                <\/div>\n            \t\n\t        \n<h4 itemprop=\"name\" class=\"entry-title edgtf-post-title\" >\n            <a itemprop=\"url\" href=\"https:\/\/www.santjosep.net\/en\/emblematic-establishments-in-sant-josep\/\" title=\"Emblematic establishments in Sant Josep\">\n            Emblematic establishments in Sant Josep            <\/a>\n    <\/h4>\n\t        <div class=\"edgtf-bli-info\">\n\t\t        <div class=\"edgtf-post-info-category\">\n    <a href=\"https:\/\/www.santjosep.net\/en\/category\/traditions\/\" rel=\"category tag\">Traditions<\/a><\/div>\t        <\/div>\n\n\t        <div class=\"edgtf-bli-excerpt\">\n\t\t        \t\t<div class=\"edgtf-post-excerpt-holder\">\n\t\t\t<p itemprop=\"description\" class=\"edgtf-post-excerpt\">\n\t\t\t\tSant Josep de sa Talaia was one of the ground-breaking places to put forward the first names for inclusion in this virtual catalogue designed to promote and acknowledge local trade.\t\t\t<\/p>\n\t\t<\/div>\n\t\t\t        \t<div class=\"edgtf-post-read-more-button\">\n\t\t<a itemprop=\"url\" href=\"https:\/\/www.santjosep.net\/en\/emblematic-establishments-in-sant-josep\/\" target=\"_self\"  class=\"edgtf-btn edgtf-btn-medium edgtf-btn-simple edgtf-btn-switch-line edgtf-blog-list-button\"  >\t\t\t<span class=\"edgtf-btn-icon-element\"><\/span>\t\t<span class=\"edgtf-btn-text\">READ MORE<span class=\"edgtf-btn-text-line\" ><\/span><span class=\"edgtf-btn-switch-line\" ><\/span><\/span>\t<\/a>\t<\/div>\n\t        <\/div>\n        <\/div>\n\t<\/div>\n<\/li><li class=\"edgtf-bl-item clearfix\">\n\t<div class=\"edgtf-bli-inner\">\n\t\t\n\t<div class=\"edgtf-post-image\">\n\t\t\t\t\t<a itemprop=\"url\" href=\"https:\/\/www.santjosep.net\/en\/lovesantjosep-edicion-verano\/\" title=\"#LoveSantJosep summer edition\">\n\t\t\t\t\t\t\t\t\t<img loading=\"lazy\" decoding=\"async\" width=\"890\" height=\"667\" src=\"https:\/\/www.santjosep.net\/wp-content\/uploads\/2021\/08\/lovesantjosep.jpg\" class=\"attachment-full size-full wp-post-image\" alt=\"\" srcset=\"https:\/\/www.santjosep.net\/wp-content\/uploads\/2021\/08\/lovesantjosep.jpg 890w, https:\/\/www.santjosep.net\/wp-content\/uploads\/2021\/08\/lovesantjosep-300x225.jpg 300w, https:\/\/www.santjosep.net\/wp-content\/uploads\/2021\/08\/lovesantjosep-768x576.jpg 768w, https:\/\/www.santjosep.net\/wp-content\/uploads\/2021\/08\/lovesantjosep-800x600.jpg 800w\" sizes=\"auto, (max-width: 890px) 100vw, 890px\" \/>\t\t\t\t\t\t\t\t<\/a>\n\t\t\t<\/div>\n        <div class=\"edgtf-bli-content\">\n                            <div class=\"edgtf-bli-date\">\n\t                <div itemprop=\"dateCreated\" class=\"edgtf-post-info-date entry-date published updated\">\n            <a itemprop=\"url\" href=\"https:\/\/www.santjosep.net\/en\/2021\/08\/\">\n    \n        9 August 2021        <\/a>\n    <meta itemprop=\"interactionCount\" content=\"UserComments: 0\"\/>\n<\/div>                <\/div>\n            \t\n\t        \n<h4 itemprop=\"name\" class=\"entry-title edgtf-post-title\" >\n            <a itemprop=\"url\" href=\"https:\/\/www.santjosep.net\/en\/lovesantjosep-edicion-verano\/\" title=\"#LoveSantJosep summer edition\">\n            #LoveSantJosep summer edition            <\/a>\n    <\/h4>\n\t        <div class=\"edgtf-bli-info\">\n\t\t        <div class=\"edgtf-post-info-category\">\n    <a href=\"https:\/\/www.santjosep.net\/en\/category\/beaches\/\" rel=\"category tag\">Beaches<\/a><\/div>\t        <\/div>\n\n\t        <div class=\"edgtf-bli-excerpt\">\n\t\t        \t\t<div class=\"edgtf-post-excerpt-holder\">\n\t\t\t<p itemprop=\"description\" class=\"edgtf-post-excerpt\">\n\t\t\t\tThis post contains a sample of just a few of the snapshots that this hashtag has been gifting us all summer.\t\t\t<\/p>\n\t\t<\/div>\n\t\t\t        \t<div class=\"edgtf-post-read-more-button\">\n\t\t<a itemprop=\"url\" href=\"https:\/\/www.santjosep.net\/en\/lovesantjosep-edicion-verano\/\" target=\"_self\"  class=\"edgtf-btn edgtf-btn-medium edgtf-btn-simple edgtf-btn-switch-line edgtf-blog-list-button\"  >\t\t\t<span class=\"edgtf-btn-icon-element\"><\/span>\t\t<span class=\"edgtf-btn-text\">READ MORE<span class=\"edgtf-btn-text-line\" ><\/span><span class=\"edgtf-btn-switch-line\" ><\/span><\/span>\t<\/a>\t<\/div>\n\t        <\/div>\n        <\/div>\n\t<\/div>\n<\/li><li class=\"edgtf-bl-item clearfix\">\n\t<div class=\"edgtf-bli-inner\">\n\t\t\n\t<div class=\"edgtf-post-image\">\n\t\t\t\t\t<a itemprop=\"url\" href=\"https:\/\/www.santjosep.net\/en\/from-es-carregador-to-es-codolar-a-stroll-through-history\/\" title=\"From Es Carregador to Es Codolar, a stroll through history\">\n\t\t\t\t\t\t\t\t\t<img loading=\"lazy\" decoding=\"async\" width=\"890\" height=\"667\" src=\"https:\/\/www.santjosep.net\/wp-content\/uploads\/2021\/04\/carrerocanblai.jpg\" class=\"attachment-full size-full wp-post-image\" alt=\"\" srcset=\"https:\/\/www.santjosep.net\/wp-content\/uploads\/2021\/04\/carrerocanblai.jpg 890w, https:\/\/www.santjosep.net\/wp-content\/uploads\/2021\/04\/carrerocanblai-300x225.jpg 300w, https:\/\/www.santjosep.net\/wp-content\/uploads\/2021\/04\/carrerocanblai-768x576.jpg 768w, https:\/\/www.santjosep.net\/wp-content\/uploads\/2021\/04\/carrerocanblai-800x600.jpg 800w\" sizes=\"auto, (max-width: 890px) 100vw, 890px\" \/>\t\t\t\t\t\t\t\t<\/a>\n\t\t\t<\/div>\n        <div class=\"edgtf-bli-content\">\n                            <div class=\"edgtf-bli-date\">\n\t                <div itemprop=\"dateCreated\" class=\"edgtf-post-info-date entry-date published updated\">\n            <a itemprop=\"url\" href=\"https:\/\/www.santjosep.net\/en\/2021\/04\/\">\n    \n        30 April 2021        <\/a>\n    <meta itemprop=\"interactionCount\" content=\"UserComments: 0\"\/>\n<\/div>                <\/div>\n            \t\n\t        \n<h4 itemprop=\"name\" class=\"entry-title edgtf-post-title\" >\n            <a itemprop=\"url\" href=\"https:\/\/www.santjosep.net\/en\/from-es-carregador-to-es-codolar-a-stroll-through-history\/\" title=\"From Es Carregador to Es Codolar, a stroll through history\">\n            From Es Carregador to Es Codolar, a stroll through history            <\/a>\n    <\/h4>\n\t        <div class=\"edgtf-bli-info\">\n\t\t        <div class=\"edgtf-post-info-category\">\n    <a href=\"https:\/\/www.santjosep.net\/en\/category\/culture\/\" rel=\"category tag\">Culture<\/a>, <a href=\"https:\/\/www.santjosep.net\/en\/category\/heritage-en\/\" rel=\"category tag\">Heritage<\/a>, <a href=\"https:\/\/www.santjosep.net\/en\/category\/walks\/\" rel=\"category tag\">Walks<\/a><\/div>\t        <\/div>\n\n\t        <div class=\"edgtf-bli-excerpt\">\n\t\t        \t\t<div class=\"edgtf-post-excerpt-holder\">\n\t\t\t<p itemprop=\"description\" class=\"edgtf-post-excerpt\">\n\t\t\t\tThere is a route in Sant Josep that is brimming with history that will take you back to remote times when the earliest industries began to emerge in an island which had been showing considerable economic promise since Phoenician and Carthaginian times.\t\t\t<\/p>\n\t\t<\/div>\n\t\t\t        \t<div class=\"edgtf-post-read-more-button\">\n\t\t<a itemprop=\"url\" href=\"https:\/\/www.santjosep.net\/en\/from-es-carregador-to-es-codolar-a-stroll-through-history\/\" target=\"_self\"  class=\"edgtf-btn edgtf-btn-medium edgtf-btn-simple edgtf-btn-switch-line edgtf-blog-list-button\"  >\t\t\t<span class=\"edgtf-btn-icon-element\"><\/span>\t\t<span class=\"edgtf-btn-text\">READ MORE<span class=\"edgtf-btn-text-line\" ><\/span><span class=\"edgtf-btn-switch-line\" ><\/span><\/span>\t<\/a>\t<\/div>\n\t        <\/div>\n        <\/div>\n\t<\/div>\n<\/li><li class=\"edgtf-bl-item clearfix\">\n\t<div class=\"edgtf-bli-inner\">\n\t\t\n\t<div class=\"edgtf-post-image\">\n\t\t\t\t\t<a itemprop=\"url\" href=\"https:\/\/www.santjosep.net\/en\/use-lovesantjosep-on-instagram-and-share-your-photos-of-sant-josep\/\" title=\"Use #LoveSantJosep on Instagram and share your photos of Sant Josep\">\n\t\t\t\t\t\t\t\t\t<img loading=\"lazy\" decoding=\"async\" width=\"890\" height=\"667\" src=\"https:\/\/www.santjosep.net\/wp-content\/uploads\/2021\/02\/lovesantjosep.jpg\" class=\"attachment-full size-full wp-post-image\" alt=\"\" srcset=\"https:\/\/www.santjosep.net\/wp-content\/uploads\/2021\/02\/lovesantjosep.jpg 890w, https:\/\/www.santjosep.net\/wp-content\/uploads\/2021\/02\/lovesantjosep-300x225.jpg 300w, https:\/\/www.santjosep.net\/wp-content\/uploads\/2021\/02\/lovesantjosep-768x576.jpg 768w, https:\/\/www.santjosep.net\/wp-content\/uploads\/2021\/02\/lovesantjosep-800x600.jpg 800w\" sizes=\"auto, (max-width: 890px) 100vw, 890px\" \/>\t\t\t\t\t\t\t\t<\/a>\n\t\t\t<\/div>\n        <div class=\"edgtf-bli-content\">\n                            <div class=\"edgtf-bli-date\">\n\t                <div itemprop=\"dateCreated\" class=\"edgtf-post-info-date entry-date published updated\">\n            <a itemprop=\"url\" href=\"https:\/\/www.santjosep.net\/en\/2021\/02\/\">\n    \n        18 February 2021        <\/a>\n    <meta itemprop=\"interactionCount\" content=\"UserComments: 0\"\/>\n<\/div>                <\/div>\n            \t\n\t        \n<h4 itemprop=\"name\" class=\"entry-title edgtf-post-title\" >\n            <a itemprop=\"url\" href=\"https:\/\/www.santjosep.net\/en\/use-lovesantjosep-on-instagram-and-share-your-photos-of-sant-josep\/\" title=\"Use #LoveSantJosep on Instagram and share your photos of Sant Josep\">\n            Use #LoveSantJosep on Instagram and share your photos of Sant Josep            <\/a>\n    <\/h4>\n\t        <div class=\"edgtf-bli-info\">\n\t\t        <div class=\"edgtf-post-info-category\">\n    <a href=\"https:\/\/www.santjosep.net\/en\/category\/beaches\/\" rel=\"category tag\">Beaches<\/a>, <a href=\"https:\/\/www.santjosep.net\/en\/category\/culture\/\" rel=\"category tag\">Culture<\/a>, <a href=\"https:\/\/www.santjosep.net\/en\/category\/heritage-en\/\" rel=\"category tag\">Heritage<\/a>, <a href=\"https:\/\/www.santjosep.net\/en\/category\/walks\/\" rel=\"category tag\">Walks<\/a><\/div>\t        <\/div>\n\n\t        <div class=\"edgtf-bli-excerpt\">\n\t\t        \t\t<div class=\"edgtf-post-excerpt-holder\">\n\t\t\t<p itemprop=\"description\" class=\"edgtf-post-excerpt\">\n\t\t\t\tMuchos son los que cada d\u00eda comparten fotograf\u00edas en sus redes sociales de nuestro bello municipio.\t\t\t<\/p>\n\t\t<\/div>\n\t\t\t        \t<div class=\"edgtf-post-read-more-button\">\n\t\t<a itemprop=\"url\" href=\"https:\/\/www.santjosep.net\/en\/use-lovesantjosep-on-instagram-and-share-your-photos-of-sant-josep\/\" target=\"_self\"  class=\"edgtf-btn edgtf-btn-medium edgtf-btn-simple edgtf-btn-switch-line edgtf-blog-list-button\"  >\t\t\t<span class=\"edgtf-btn-icon-element\"><\/span>\t\t<span class=\"edgtf-btn-text\">READ MORE<span class=\"edgtf-btn-text-line\" ><\/span><span class=\"edgtf-btn-switch-line\" ><\/span><\/span>\t<\/a>\t<\/div>\n\t        <\/div>\n        <\/div>\n\t<\/div>\n<\/li><li class=\"edgtf-bl-item clearfix\">\n\t<div class=\"edgtf-bli-inner\">\n\t\t\n\t<div class=\"edgtf-post-image\">\n\t\t\t\t\t<a itemprop=\"url\" href=\"https:\/\/www.santjosep.net\/en\/take-a-trip-to-sant-josep-and-fall-in-love-with-its-coastline\/\" title=\"Take a trip to Sant Josep, and fall in love with its coastline\">\n\t\t\t\t\t\t\t\t\t<img loading=\"lazy\" decoding=\"async\" width=\"1500\" height=\"1125\" src=\"https:\/\/www.santjosep.net\/wp-content\/uploads\/2021\/01\/ok__0000_shutterstock_1822684487.jpg\" class=\"attachment-full size-full wp-post-image\" alt=\"\" srcset=\"https:\/\/www.santjosep.net\/wp-content\/uploads\/2021\/01\/ok__0000_shutterstock_1822684487.jpg 1500w, https:\/\/www.santjosep.net\/wp-content\/uploads\/2021\/01\/ok__0000_shutterstock_1822684487-300x225.jpg 300w, https:\/\/www.santjosep.net\/wp-content\/uploads\/2021\/01\/ok__0000_shutterstock_1822684487-1024x768.jpg 1024w, https:\/\/www.santjosep.net\/wp-content\/uploads\/2021\/01\/ok__0000_shutterstock_1822684487-768x576.jpg 768w, https:\/\/www.santjosep.net\/wp-content\/uploads\/2021\/01\/ok__0000_shutterstock_1822684487-800x600.jpg 800w\" sizes=\"auto, (max-width: 1500px) 100vw, 1500px\" \/>\t\t\t\t\t\t\t\t<\/a>\n\t\t\t<\/div>\n        <div class=\"edgtf-bli-content\">\n                            <div class=\"edgtf-bli-date\">\n\t                <div itemprop=\"dateCreated\" class=\"edgtf-post-info-date entry-date published updated\">\n            <a itemprop=\"url\" href=\"https:\/\/www.santjosep.net\/en\/2021\/01\/\">\n    \n        18 January 2021        <\/a>\n    <meta itemprop=\"interactionCount\" content=\"UserComments: 0\"\/>\n<\/div>                <\/div>\n            \t\n\t        \n<h4 itemprop=\"name\" class=\"entry-title edgtf-post-title\" >\n            <a itemprop=\"url\" href=\"https:\/\/www.santjosep.net\/en\/take-a-trip-to-sant-josep-and-fall-in-love-with-its-coastline\/\" title=\"Take a trip to Sant Josep, and fall in love with its coastline\">\n            Take a trip to Sant Josep, and fall in love with its coastline            <\/a>\n    <\/h4>\n\t        <div class=\"edgtf-bli-info\">\n\t\t        <div class=\"edgtf-post-info-category\">\n    <a href=\"https:\/\/www.santjosep.net\/en\/category\/beaches\/\" rel=\"category tag\">Beaches<\/a>, <a href=\"https:\/\/www.santjosep.net\/en\/category\/heritage-en\/\" rel=\"category tag\">Heritage<\/a><\/div>\t        <\/div>\n\n\t        <div class=\"edgtf-bli-excerpt\">\n\t\t        \t\t<div class=\"edgtf-post-excerpt-holder\">\n\t\t\t<p itemprop=\"description\" class=\"edgtf-post-excerpt\">\n\t\t\t\tSant Josep is undeniably one of Ibiza\u2019s most special places, with a coastline that boasts innumerable attractions.\t\t\t<\/p>\n\t\t<\/div>\n\t\t\t        \t<div class=\"edgtf-post-read-more-button\">\n\t\t<a itemprop=\"url\" href=\"https:\/\/www.santjosep.net\/en\/take-a-trip-to-sant-josep-and-fall-in-love-with-its-coastline\/\" target=\"_self\"  class=\"edgtf-btn edgtf-btn-medium edgtf-btn-simple edgtf-btn-switch-line edgtf-blog-list-button\"  >\t\t\t<span class=\"edgtf-btn-icon-element\"><\/span>\t\t<span class=\"edgtf-btn-text\">READ MORE<span class=\"edgtf-btn-text-line\" ><\/span><span class=\"edgtf-btn-switch-line\" ><\/span><\/span>\t<\/a>\t<\/div>\n\t        <\/div>\n        <\/div>\n\t<\/div>\n<\/li><li class=\"edgtf-bl-item clearfix\">\n\t<div class=\"edgtf-bli-inner\">\n\t\t\n\t<div class=\"edgtf-post-image\">\n\t\t\t\t\t<a itemprop=\"url\" href=\"https:\/\/www.santjosep.net\/en\/sant-josep-the-best-film-set\/\" title=\"Sant Josep, the best film set\">\n\t\t\t\t\t\t\t\t\t<img loading=\"lazy\" decoding=\"async\" width=\"890\" height=\"667\" src=\"https:\/\/www.santjosep.net\/wp-content\/uploads\/2020\/11\/filmcomission_cover.jpg\" class=\"attachment-full size-full wp-post-image\" alt=\"\" srcset=\"https:\/\/www.santjosep.net\/wp-content\/uploads\/2020\/11\/filmcomission_cover.jpg 890w, https:\/\/www.santjosep.net\/wp-content\/uploads\/2020\/11\/filmcomission_cover-300x225.jpg 300w, https:\/\/www.santjosep.net\/wp-content\/uploads\/2020\/11\/filmcomission_cover-768x576.jpg 768w, https:\/\/www.santjosep.net\/wp-content\/uploads\/2020\/11\/filmcomission_cover-800x600.jpg 800w\" sizes=\"auto, (max-width: 890px) 100vw, 890px\" \/>\t\t\t\t\t\t\t\t<\/a>\n\t\t\t<\/div>\n        <div class=\"edgtf-bli-content\">\n                            <div class=\"edgtf-bli-date\">\n\t                <div itemprop=\"dateCreated\" class=\"edgtf-post-info-date entry-date published updated\">\n            <a itemprop=\"url\" href=\"https:\/\/www.santjosep.net\/en\/2020\/11\/\">\n    \n        26 November 2020        <\/a>\n    <meta itemprop=\"interactionCount\" content=\"UserComments: 0\"\/>\n<\/div>                <\/div>\n            \t\n\t        \n<h4 itemprop=\"name\" class=\"entry-title edgtf-post-title\" >\n            <a itemprop=\"url\" href=\"https:\/\/www.santjosep.net\/en\/sant-josep-the-best-film-set\/\" title=\"Sant Josep, the best film set\">\n            Sant Josep, the best film set            <\/a>\n    <\/h4>\n\t        <div class=\"edgtf-bli-info\">\n\t\t        <div class=\"edgtf-post-info-category\">\n    <a href=\"https:\/\/www.santjosep.net\/en\/category\/culture\/\" rel=\"category tag\">Culture<\/a><\/div>\t        <\/div>\n\n\t        <div class=\"edgtf-bli-excerpt\">\n\t\t        \t\t<div class=\"edgtf-post-excerpt-holder\">\n\t\t\t<p itemprop=\"description\" class=\"edgtf-post-excerpt\">\n\t\t\t\tIn order to provide the industry with a tool that meets its needs, the Sant Josep Town Council has set up the Sant Josep Film Office.\t\t\t<\/p>\n\t\t<\/div>\n\t\t\t        \t<div class=\"edgtf-post-read-more-button\">\n\t\t<a itemprop=\"url\" href=\"https:\/\/www.santjosep.net\/en\/sant-josep-the-best-film-set\/\" target=\"_self\"  class=\"edgtf-btn edgtf-btn-medium edgtf-btn-simple edgtf-btn-switch-line edgtf-blog-list-button\"  >\t\t\t<span class=\"edgtf-btn-icon-element\"><\/span>\t\t<span class=\"edgtf-btn-text\">READ MORE<span class=\"edgtf-btn-text-line\" ><\/span><span class=\"edgtf-btn-switch-line\" ><\/span><\/span>\t<\/a>\t<\/div>\n\t        <\/div>\n        <\/div>\n\t<\/div>\n<\/li><li class=\"edgtf-bl-item clearfix\">\n\t<div class=\"edgtf-bli-inner\">\n\t\t\n\t<div class=\"edgtf-post-image\">\n\t\t\t\t\t<a itemprop=\"url\" href=\"https:\/\/www.santjosep.net\/en\/cala-carbo-video\/\" title=\"Cala Carb\u00f3 video\">\n\t\t\t\t\t\t\t\t\t<img loading=\"lazy\" decoding=\"async\" width=\"890\" height=\"667\" src=\"https:\/\/www.santjosep.net\/wp-content\/uploads\/2020\/11\/cover_calacarbo.jpg\" class=\"attachment-full size-full wp-post-image\" alt=\"\" srcset=\"https:\/\/www.santjosep.net\/wp-content\/uploads\/2020\/11\/cover_calacarbo.jpg 890w, https:\/\/www.santjosep.net\/wp-content\/uploads\/2020\/11\/cover_calacarbo-300x225.jpg 300w, https:\/\/www.santjosep.net\/wp-content\/uploads\/2020\/11\/cover_calacarbo-768x576.jpg 768w, https:\/\/www.santjosep.net\/wp-content\/uploads\/2020\/11\/cover_calacarbo-800x600.jpg 800w\" sizes=\"auto, (max-width: 890px) 100vw, 890px\" \/>\t\t\t\t\t\t\t\t<\/a>\n\t\t\t<\/div>\n        <div class=\"edgtf-bli-content\">\n                            <div class=\"edgtf-bli-date\">\n\t                <div itemprop=\"dateCreated\" class=\"edgtf-post-info-date entry-date published updated\">\n            <a itemprop=\"url\" href=\"https:\/\/www.santjosep.net\/en\/2020\/11\/\">\n    \n        15 November 2020        <\/a>\n    <meta itemprop=\"interactionCount\" content=\"UserComments: 0\"\/>\n<\/div>                <\/div>\n            \t\n\t        \n<h4 itemprop=\"name\" class=\"entry-title edgtf-post-title\" >\n            <a itemprop=\"url\" href=\"https:\/\/www.santjosep.net\/en\/cala-carbo-video\/\" title=\"Cala Carb\u00f3 video\">\n            Cala Carb\u00f3 video            <\/a>\n    <\/h4>\n\t        <div class=\"edgtf-bli-info\">\n\t\t        <div class=\"edgtf-post-info-category\">\n    <a href=\"https:\/\/www.santjosep.net\/en\/category\/beaches\/\" rel=\"category tag\">Beaches<\/a><\/div>\t        <\/div>\n\n\t        <div class=\"edgtf-bli-excerpt\">\n\t\t        \t\t<div class=\"edgtf-post-excerpt-holder\">\n\t\t\t<p itemprop=\"description\" class=\"edgtf-post-excerpt\">\n\t\t\t\tCala Carb\u00f3 is a small quiet cove located in the Cala d'Hort Nature Reserve, in the municipality of Sant Josep. It is especially suitable for families or people who love quiet places with the possibility of bathing and sunbathing without any risk for children. You can also try the typical Ibizan cuisine there.\t\t\t<\/p>\n\t\t<\/div>\n\t\t\t        \t<div class=\"edgtf-post-read-more-button\">\n\t\t<a itemprop=\"url\" href=\"https:\/\/www.santjosep.net\/en\/cala-carbo-video\/\" target=\"_self\"  class=\"edgtf-btn edgtf-btn-medium edgtf-btn-simple edgtf-btn-switch-line edgtf-blog-list-button\"  >\t\t\t<span class=\"edgtf-btn-icon-element\"><\/span>\t\t<span class=\"edgtf-btn-text\">READ MORE<span class=\"edgtf-btn-text-line\" ><\/span><span class=\"edgtf-btn-switch-line\" ><\/span><\/span>\t<\/a>\t<\/div>\n\t        <\/div>\n        <\/div>\n\t<\/div>\n<\/li><li class=\"edgtf-bl-item clearfix\">\n\t<div class=\"edgtf-bli-inner\">\n\t\t\n\t<div class=\"edgtf-post-image\">\n\t\t\t\t\t<a itemprop=\"url\" href=\"https:\/\/www.santjosep.net\/en\/6-things-to-enjoy-in-cala-vedella\/\" title=\"6 things to enjoy in Cala Vedella\">\n\t\t\t\t\t\t\t\t\t<img loading=\"lazy\" decoding=\"async\" width=\"890\" height=\"667\" src=\"https:\/\/www.santjosep.net\/wp-content\/uploads\/2020\/10\/calavadella_cover.jpg\" class=\"attachment-full size-full wp-post-image\" alt=\"\" srcset=\"https:\/\/www.santjosep.net\/wp-content\/uploads\/2020\/10\/calavadella_cover.jpg 890w, https:\/\/www.santjosep.net\/wp-content\/uploads\/2020\/10\/calavadella_cover-300x225.jpg 300w, https:\/\/www.santjosep.net\/wp-content\/uploads\/2020\/10\/calavadella_cover-768x576.jpg 768w, https:\/\/www.santjosep.net\/wp-content\/uploads\/2020\/10\/calavadella_cover-800x600.jpg 800w\" sizes=\"auto, (max-width: 890px) 100vw, 890px\" \/>\t\t\t\t\t\t\t\t<\/a>\n\t\t\t<\/div>\n        <div class=\"edgtf-bli-content\">\n                            <div class=\"edgtf-bli-date\">\n\t                <div itemprop=\"dateCreated\" class=\"edgtf-post-info-date entry-date published updated\">\n            <a itemprop=\"url\" href=\"https:\/\/www.santjosep.net\/en\/2020\/10\/\">\n    \n        1 October 2020        <\/a>\n    <meta itemprop=\"interactionCount\" content=\"UserComments: 0\"\/>\n<\/div>                <\/div>\n            \t\n\t        \n<h4 itemprop=\"name\" class=\"entry-title edgtf-post-title\" >\n            <a itemprop=\"url\" href=\"https:\/\/www.santjosep.net\/en\/6-things-to-enjoy-in-cala-vedella\/\" title=\"6 things to enjoy in Cala Vedella\">\n            6 things to enjoy in Cala Vedella            <\/a>\n    <\/h4>\n\t        <div class=\"edgtf-bli-info\">\n\t\t        <div class=\"edgtf-post-info-category\">\n    <a href=\"https:\/\/www.santjosep.net\/en\/category\/beaches\/\" rel=\"category tag\">Beaches<\/a>, <a href=\"https:\/\/www.santjosep.net\/en\/category\/gastronomia-2-en\/\" rel=\"category tag\">Gastronom\u00eda<\/a>, <a href=\"https:\/\/www.santjosep.net\/en\/category\/sports-en\/\" rel=\"category tag\">Sports<\/a>, <a href=\"https:\/\/www.santjosep.net\/en\/category\/sunsets\/\" rel=\"category tag\">Sunsets<\/a><\/div>\t        <\/div>\n\n\t        <div class=\"edgtf-bli-excerpt\">\n\t\t        \t\t<div class=\"edgtf-post-excerpt-holder\">\n\t\t\t<p itemprop=\"description\" class=\"edgtf-post-excerpt\">\n\t\t\t\tToday its fame continues, now at an international level, especially among families who appreciate just how much this little corner has to offer. Here are a few examples.\t\t\t<\/p>\n\t\t<\/div>\n\t\t\t        \t<div class=\"edgtf-post-read-more-button\">\n\t\t<a itemprop=\"url\" href=\"https:\/\/www.santjosep.net\/en\/6-things-to-enjoy-in-cala-vedella\/\" target=\"_self\"  class=\"edgtf-btn edgtf-btn-medium edgtf-btn-simple edgtf-btn-switch-line edgtf-blog-list-button\"  >\t\t\t<span class=\"edgtf-btn-icon-element\"><\/span>\t\t<span class=\"edgtf-btn-text\">READ MORE<span class=\"edgtf-btn-text-line\" ><\/span><span class=\"edgtf-btn-switch-line\" ><\/span><\/span>\t<\/a>\t<\/div>\n\t        <\/div>\n        <\/div>\n\t<\/div>\n<\/li><li class=\"edgtf-bl-item clearfix\">\n\t<div class=\"edgtf-bli-inner\">\n\t\t\n\t<div class=\"edgtf-post-image\">\n\t\t\t\t\t<a itemprop=\"url\" href=\"https:\/\/www.santjosep.net\/en\/traditional-ibizan-craftsmanship\/\" title=\"Traditional Ibizan craftsmanship\">\n\t\t\t\t\t\t\t\t\t<img loading=\"lazy\" decoding=\"async\" width=\"2000\" height=\"1500\" src=\"https:\/\/www.santjosep.net\/wp-content\/uploads\/2020\/08\/artesanos-santjosep.jpg\" class=\"attachment-full size-full wp-post-image\" alt=\"\" srcset=\"https:\/\/www.santjosep.net\/wp-content\/uploads\/2020\/08\/artesanos-santjosep.jpg 2000w, https:\/\/www.santjosep.net\/wp-content\/uploads\/2020\/08\/artesanos-santjosep-300x225.jpg 300w, https:\/\/www.santjosep.net\/wp-content\/uploads\/2020\/08\/artesanos-santjosep-1024x768.jpg 1024w, https:\/\/www.santjosep.net\/wp-content\/uploads\/2020\/08\/artesanos-santjosep-768x576.jpg 768w, https:\/\/www.santjosep.net\/wp-content\/uploads\/2020\/08\/artesanos-santjosep-1536x1152.jpg 1536w, https:\/\/www.santjosep.net\/wp-content\/uploads\/2020\/08\/artesanos-santjosep-800x600.jpg 800w\" sizes=\"auto, (max-width: 2000px) 100vw, 2000px\" \/>\t\t\t\t\t\t\t\t<\/a>\n\t\t\t<\/div>\n        <div class=\"edgtf-bli-content\">\n                            <div class=\"edgtf-bli-date\">\n\t                <div itemprop=\"dateCreated\" class=\"edgtf-post-info-date entry-date published updated\">\n            <a itemprop=\"url\" href=\"https:\/\/www.santjosep.net\/en\/2020\/08\/\">\n    \n        4 August 2020        <\/a>\n    <meta itemprop=\"interactionCount\" content=\"UserComments: 0\"\/>\n<\/div>                <\/div>\n            \t\n\t        \n<h4 itemprop=\"name\" class=\"entry-title edgtf-post-title\" >\n            <a itemprop=\"url\" href=\"https:\/\/www.santjosep.net\/en\/traditional-ibizan-craftsmanship\/\" title=\"Traditional Ibizan craftsmanship\">\n            Traditional Ibizan craftsmanship            <\/a>\n    <\/h4>\n\t        <div class=\"edgtf-bli-info\">\n\t\t        <div class=\"edgtf-post-info-category\">\n    <a href=\"https:\/\/www.santjosep.net\/en\/category\/culture\/\" rel=\"category tag\">Culture<\/a>, <a href=\"https:\/\/www.santjosep.net\/en\/category\/heritage-en\/\" rel=\"category tag\">Heritage<\/a><\/div>\t        <\/div>\n\n\t        <div class=\"edgtf-bli-excerpt\">\n\t\t        \t\t<div class=\"edgtf-post-excerpt-holder\">\n\t\t\t<p itemprop=\"description\" class=\"edgtf-post-excerpt\">\n\t\t\t\tSant Josep de sa Talaia boasts a vast legacy of craftsmanship, a heritage of ancestral cultures and influences from diverse civilizations.\t\t\t<\/p>\n\t\t<\/div>\n\t\t\t        \t<div class=\"edgtf-post-read-more-button\">\n\t\t<a itemprop=\"url\" href=\"https:\/\/www.santjosep.net\/en\/traditional-ibizan-craftsmanship\/\" target=\"_self\"  class=\"edgtf-btn edgtf-btn-medium edgtf-btn-simple edgtf-btn-switch-line edgtf-blog-list-button\"  >\t\t\t<span class=\"edgtf-btn-icon-element\"><\/span>\t\t<span class=\"edgtf-btn-text\">READ MORE<span class=\"edgtf-btn-text-line\" ><\/span><span class=\"edgtf-btn-switch-line\" ><\/span><\/span>\t<\/a>\t<\/div>\n\t        <\/div>\n        <\/div>\n\t<\/div>\n<\/li><li class=\"edgtf-bl-item clearfix\">\n\t<div class=\"edgtf-bli-inner\">\n\t\t\n\t<div class=\"edgtf-post-image\">\n\t\t\t\t\t<a itemprop=\"url\" href=\"https:\/\/www.santjosep.net\/en\/ibiza-family-experience\/\" title=\"Ibiza Family Experience\">\n\t\t\t\t\t\t\t\t\t<img loading=\"lazy\" decoding=\"async\" width=\"2000\" height=\"1500\" src=\"https:\/\/www.santjosep.net\/wp-content\/uploads\/2020\/07\/ibizaexperience.jpg\" class=\"attachment-full size-full wp-post-image\" alt=\"\" srcset=\"https:\/\/www.santjosep.net\/wp-content\/uploads\/2020\/07\/ibizaexperience.jpg 2000w, https:\/\/www.santjosep.net\/wp-content\/uploads\/2020\/07\/ibizaexperience-300x225.jpg 300w, https:\/\/www.santjosep.net\/wp-content\/uploads\/2020\/07\/ibizaexperience-1024x768.jpg 1024w, https:\/\/www.santjosep.net\/wp-content\/uploads\/2020\/07\/ibizaexperience-768x576.jpg 768w, https:\/\/www.santjosep.net\/wp-content\/uploads\/2020\/07\/ibizaexperience-1536x1152.jpg 1536w, https:\/\/www.santjosep.net\/wp-content\/uploads\/2020\/07\/ibizaexperience-800x600.jpg 800w\" sizes=\"auto, (max-width: 2000px) 100vw, 2000px\" \/>\t\t\t\t\t\t\t\t<\/a>\n\t\t\t<\/div>\n        <div class=\"edgtf-bli-content\">\n                            <div class=\"edgtf-bli-date\">\n\t                <div itemprop=\"dateCreated\" class=\"edgtf-post-info-date entry-date published updated\">\n            <a itemprop=\"url\" href=\"https:\/\/www.santjosep.net\/en\/2020\/07\/\">\n    \n        1 July 2020        <\/a>\n    <meta itemprop=\"interactionCount\" content=\"UserComments: 0\"\/>\n<\/div>                <\/div>\n            \t\n\t        \n<h4 itemprop=\"name\" class=\"entry-title edgtf-post-title\" >\n            <a itemprop=\"url\" href=\"https:\/\/www.santjosep.net\/en\/ibiza-family-experience\/\" title=\"Ibiza Family Experience\">\n            Ibiza Family Experience            <\/a>\n    <\/h4>\n\t        <div class=\"edgtf-bli-info\">\n\t\t        <div class=\"edgtf-post-info-category\">\n    <a href=\"https:\/\/www.santjosep.net\/en\/category\/sports-en\/\" rel=\"category tag\">Sports<\/a><\/div>\t        <\/div>\n\n\t        <div class=\"edgtf-bli-excerpt\">\n\t\t        \t\t<div class=\"edgtf-post-excerpt-holder\">\n\t\t\t<p itemprop=\"description\" class=\"edgtf-post-excerpt\">\n\t\t\t\tEvery year more families with children come to the island of Ibiza to enjoy themselves and even repeat the experience. Therefore, the Council of Ibiza has created the \u00abIbiza Family Experience\u00ab Project, with the aim of showing that Ibiza is an ideal destination for your holidays.\t\t\t<\/p>\n\t\t<\/div>\n\t\t\t        \t<div class=\"edgtf-post-read-more-button\">\n\t\t<a itemprop=\"url\" href=\"https:\/\/www.santjosep.net\/en\/ibiza-family-experience\/\" target=\"_self\"  class=\"edgtf-btn edgtf-btn-medium edgtf-btn-simple edgtf-btn-switch-line edgtf-blog-list-button\"  >\t\t\t<span class=\"edgtf-btn-icon-element\"><\/span>\t\t<span class=\"edgtf-btn-text\">READ MORE<span class=\"edgtf-btn-text-line\" ><\/span><span class=\"edgtf-btn-switch-line\" ><\/span><\/span>\t<\/a>\t<\/div>\n\t        <\/div>\n        <\/div>\n\t<\/div>\n<\/li><li class=\"edgtf-bl-item clearfix\">\n\t<div class=\"edgtf-bli-inner\">\n\t\t\n\t<div class=\"edgtf-post-image\">\n\t\t\t\t\t<a itemprop=\"url\" href=\"https:\/\/www.santjosep.net\/en\/walk-from-port-des-torrent-to-cala-bassa\/\" title=\"Walk from Port des Torrent to Cala Bassa\">\n\t\t\t\t\t\t\t\t\t<img loading=\"lazy\" decoding=\"async\" width=\"2000\" height=\"1500\" src=\"https:\/\/www.santjosep.net\/wp-content\/uploads\/2020\/07\/paseocalabassa.jpg\" class=\"attachment-full size-full wp-post-image\" alt=\"\" srcset=\"https:\/\/www.santjosep.net\/wp-content\/uploads\/2020\/07\/paseocalabassa.jpg 2000w, https:\/\/www.santjosep.net\/wp-content\/uploads\/2020\/07\/paseocalabassa-300x225.jpg 300w, https:\/\/www.santjosep.net\/wp-content\/uploads\/2020\/07\/paseocalabassa-1024x768.jpg 1024w, https:\/\/www.santjosep.net\/wp-content\/uploads\/2020\/07\/paseocalabassa-768x576.jpg 768w, https:\/\/www.santjosep.net\/wp-content\/uploads\/2020\/07\/paseocalabassa-1536x1152.jpg 1536w, https:\/\/www.santjosep.net\/wp-content\/uploads\/2020\/07\/paseocalabassa-800x600.jpg 800w\" sizes=\"auto, (max-width: 2000px) 100vw, 2000px\" \/>\t\t\t\t\t\t\t\t<\/a>\n\t\t\t<\/div>\n        <div class=\"edgtf-bli-content\">\n                            <div class=\"edgtf-bli-date\">\n\t                <div itemprop=\"dateCreated\" class=\"edgtf-post-info-date entry-date published updated\">\n            <a itemprop=\"url\" href=\"https:\/\/www.santjosep.net\/en\/2020\/06\/\">\n    \n        28 June 2020        <\/a>\n    <meta itemprop=\"interactionCount\" content=\"UserComments: 0\"\/>\n<\/div>                <\/div>\n            \t\n\t        \n<h4 itemprop=\"name\" class=\"entry-title edgtf-post-title\" >\n            <a itemprop=\"url\" href=\"https:\/\/www.santjosep.net\/en\/walk-from-port-des-torrent-to-cala-bassa\/\" title=\"Walk from Port des Torrent to Cala Bassa\">\n            Walk from Port des Torrent to Cala Bassa            <\/a>\n    <\/h4>\n\t        <div class=\"edgtf-bli-info\">\n\t\t        <div class=\"edgtf-post-info-category\">\n    <a href=\"https:\/\/www.santjosep.net\/en\/category\/beaches\/\" rel=\"category tag\">Beaches<\/a>, <a href=\"https:\/\/www.santjosep.net\/en\/category\/sports-en\/\" rel=\"category tag\">Sports<\/a>, <a href=\"https:\/\/www.santjosep.net\/en\/category\/walks\/\" rel=\"category tag\">Walks<\/a><\/div>\t        <\/div>\n\n\t        <div class=\"edgtf-bli-excerpt\">\n\t\t        \t\t<div class=\"edgtf-post-excerpt-holder\">\n\t\t\t<p itemprop=\"description\" class=\"edgtf-post-excerpt\">\n\t\t\t\tThis walk follows the coastline to the south of Sant Antoni Bay, beginning and ending at two popular and yet very different beaches.\t\t\t<\/p>\n\t\t<\/div>\n\t\t\t        \t<div class=\"edgtf-post-read-more-button\">\n\t\t<a itemprop=\"url\" href=\"https:\/\/www.santjosep.net\/en\/walk-from-port-des-torrent-to-cala-bassa\/\" target=\"_self\"  class=\"edgtf-btn edgtf-btn-medium edgtf-btn-simple edgtf-btn-switch-line edgtf-blog-list-button\"  >\t\t\t<span class=\"edgtf-btn-icon-element\"><\/span>\t\t<span class=\"edgtf-btn-text\">READ MORE<span class=\"edgtf-btn-text-line\" ><\/span><span class=\"edgtf-btn-switch-line\" ><\/span><\/span>\t<\/a>\t<\/div>\n\t        <\/div>\n        <\/div>\n\t<\/div>\n<\/li><li class=\"edgtf-bl-item clearfix\">\n\t<div class=\"edgtf-bli-inner\">\n\t\t\n\t<div class=\"edgtf-post-image\">\n\t\t\t\t\t<a itemprop=\"url\" href=\"https:\/\/www.santjosep.net\/en\/kayak-tour-from-cala-carbo-to-cala-dhort-es-vedra-sa-pedrera\/\" title=\"Kayak tour from Cala Carb\u00f3 to Cala d&#8217;Hort &#8211; Es Vedr\u00e0 &#8211; Sa Pedrera\">\n\t\t\t\t\t\t\t\t\t<img loading=\"lazy\" decoding=\"async\" width=\"2000\" height=\"1500\" src=\"https:\/\/www.santjosep.net\/wp-content\/uploads\/2020\/06\/Rutacalacarbo.jpg\" class=\"attachment-full size-full wp-post-image\" alt=\"\" srcset=\"https:\/\/www.santjosep.net\/wp-content\/uploads\/2020\/06\/Rutacalacarbo.jpg 2000w, https:\/\/www.santjosep.net\/wp-content\/uploads\/2020\/06\/Rutacalacarbo-300x225.jpg 300w, https:\/\/www.santjosep.net\/wp-content\/uploads\/2020\/06\/Rutacalacarbo-1024x768.jpg 1024w, https:\/\/www.santjosep.net\/wp-content\/uploads\/2020\/06\/Rutacalacarbo-768x576.jpg 768w, https:\/\/www.santjosep.net\/wp-content\/uploads\/2020\/06\/Rutacalacarbo-1536x1152.jpg 1536w, https:\/\/www.santjosep.net\/wp-content\/uploads\/2020\/06\/Rutacalacarbo-800x600.jpg 800w\" sizes=\"auto, (max-width: 2000px) 100vw, 2000px\" \/>\t\t\t\t\t\t\t\t<\/a>\n\t\t\t<\/div>\n        <div class=\"edgtf-bli-content\">\n                            <div class=\"edgtf-bli-date\">\n\t                <div itemprop=\"dateCreated\" class=\"edgtf-post-info-date entry-date published updated\">\n            <a itemprop=\"url\" href=\"https:\/\/www.santjosep.net\/en\/2020\/06\/\">\n    \n        15 June 2020        <\/a>\n    <meta itemprop=\"interactionCount\" content=\"UserComments: 0\"\/>\n<\/div>                <\/div>\n            \t\n\t        \n<h4 itemprop=\"name\" class=\"entry-title edgtf-post-title\" >\n            <a itemprop=\"url\" href=\"https:\/\/www.santjosep.net\/en\/kayak-tour-from-cala-carbo-to-cala-dhort-es-vedra-sa-pedrera\/\" title=\"Kayak tour from Cala Carb\u00f3 to Cala d&#8217;Hort &#8211; Es Vedr\u00e0 &#8211; Sa Pedrera\">\n            Kayak tour from Cala Carb\u00f3 to Cala d&#8217;Hort &#8211; Es Vedr\u00e0 &#8211; Sa Pedrera            <\/a>\n    <\/h4>\n\t        <div class=\"edgtf-bli-info\">\n\t\t        <div class=\"edgtf-post-info-category\">\n    <a href=\"https:\/\/www.santjosep.net\/en\/category\/routes\/\" rel=\"category tag\">Routes<\/a>, <a href=\"https:\/\/www.santjosep.net\/en\/category\/sports-en\/\" rel=\"category tag\">Sports<\/a><\/div>\t        <\/div>\n\n\t        <div class=\"edgtf-bli-excerpt\">\n\t\t        \t\t<div class=\"edgtf-post-excerpt-holder\">\n\t\t\t<p itemprop=\"description\" class=\"edgtf-post-excerpt\">\n\t\t\t\tAccess to the beach is flat and easy. After leaving the shelter of the cove, we will see the immense mass of Es Vedr\u00e0 on our port side, the top of which was already visible from the start of the tour. In just a few paddle strokes we will be in front of Cala Truja\t\t\t<\/p>\n\t\t<\/div>\n\t\t\t        \t<div class=\"edgtf-post-read-more-button\">\n\t\t<a itemprop=\"url\" href=\"https:\/\/www.santjosep.net\/en\/kayak-tour-from-cala-carbo-to-cala-dhort-es-vedra-sa-pedrera\/\" target=\"_self\"  class=\"edgtf-btn edgtf-btn-medium edgtf-btn-simple edgtf-btn-switch-line edgtf-blog-list-button\"  >\t\t\t<span class=\"edgtf-btn-icon-element\"><\/span>\t\t<span class=\"edgtf-btn-text\">READ MORE<span class=\"edgtf-btn-text-line\" ><\/span><span class=\"edgtf-btn-switch-line\" ><\/span><\/span>\t<\/a>\t<\/div>\n\t        <\/div>\n        <\/div>\n\t<\/div>\n<\/li><li class=\"edgtf-bl-item clearfix\">\n\t<div class=\"edgtf-bli-inner\">\n\t\t\n\t<div class=\"edgtf-post-image\">\n\t\t\t\t\t<a itemprop=\"url\" href=\"https:\/\/www.santjosep.net\/en\/lovesantjosep-brings-us-to-the-most-magical-places-in-sant-josep\/\" title=\"#LoveSantJosep brings us to the most magical places in Sant Josep\">\n\t\t\t\t\t\t\t\t\t<img loading=\"lazy\" decoding=\"async\" width=\"890\" height=\"667\" src=\"https:\/\/www.santjosep.net\/wp-content\/uploads\/2020\/05\/lovesantjosep_cover.png\" class=\"attachment-full size-full wp-post-image\" alt=\"\" srcset=\"https:\/\/www.santjosep.net\/wp-content\/uploads\/2020\/05\/lovesantjosep_cover.png 890w, https:\/\/www.santjosep.net\/wp-content\/uploads\/2020\/05\/lovesantjosep_cover-300x225.png 300w, https:\/\/www.santjosep.net\/wp-content\/uploads\/2020\/05\/lovesantjosep_cover-768x576.png 768w, https:\/\/www.santjosep.net\/wp-content\/uploads\/2020\/05\/lovesantjosep_cover-800x600.png 800w\" sizes=\"auto, (max-width: 890px) 100vw, 890px\" \/>\t\t\t\t\t\t\t\t<\/a>\n\t\t\t<\/div>\n        <div class=\"edgtf-bli-content\">\n                            <div class=\"edgtf-bli-date\">\n\t                <div itemprop=\"dateCreated\" class=\"edgtf-post-info-date entry-date published updated\">\n            <a itemprop=\"url\" href=\"https:\/\/www.santjosep.net\/en\/2020\/05\/\">\n    \n        6 May 2020        <\/a>\n    <meta itemprop=\"interactionCount\" content=\"UserComments: 0\"\/>\n<\/div>                <\/div>\n            \t\n\t        \n<h4 itemprop=\"name\" class=\"entry-title edgtf-post-title\" >\n            <a itemprop=\"url\" href=\"https:\/\/www.santjosep.net\/en\/lovesantjosep-brings-us-to-the-most-magical-places-in-sant-josep\/\" title=\"#LoveSantJosep brings us to the most magical places in Sant Josep\">\n            #LoveSantJosep brings us to the most magical places in Sant Josep            <\/a>\n    <\/h4>\n\t        <div class=\"edgtf-bli-info\">\n\t\t        <div class=\"edgtf-post-info-category\">\n    <a href=\"https:\/\/www.santjosep.net\/en\/category\/beaches\/\" rel=\"category tag\">Beaches<\/a>, <a href=\"https:\/\/www.santjosep.net\/en\/category\/fauna-en\/\" rel=\"category tag\">Fauna<\/a>, <a href=\"https:\/\/www.santjosep.net\/en\/category\/sports-en\/\" rel=\"category tag\">Sports<\/a>, <a href=\"https:\/\/www.santjosep.net\/en\/category\/sunsets\/\" rel=\"category tag\">Sunsets<\/a>, <a href=\"https:\/\/www.santjosep.net\/en\/category\/villages\/\" rel=\"category tag\">Villages<\/a>, <a href=\"https:\/\/www.santjosep.net\/en\/category\/walks\/\" rel=\"category tag\">Walks<\/a><\/div>\t        <\/div>\n\n\t        <div class=\"edgtf-bli-excerpt\">\n\t\t        \t\t<div class=\"edgtf-post-excerpt-holder\">\n\t\t\t<p itemprop=\"description\" class=\"edgtf-post-excerpt\">\n\t\t\t\tInstagram, the social network opening a window to magical places and enchanting spots. We launched the proposal #LoveSantJosep on Instagram some months ago; you may find pictures taken by tourists or locals of the most beautiful places of our town: beaches, churches, viewpoints, villages, sunsets, nature and much more. Here you have a brief compilation of all those images, a short virtual walk throughout the most representative pictures.\t\t\t<\/p>\n\t\t<\/div>\n\t\t\t        \t<div class=\"edgtf-post-read-more-button\">\n\t\t<a itemprop=\"url\" href=\"https:\/\/www.santjosep.net\/en\/lovesantjosep-brings-us-to-the-most-magical-places-in-sant-josep\/\" target=\"_self\"  class=\"edgtf-btn edgtf-btn-medium edgtf-btn-simple edgtf-btn-switch-line edgtf-blog-list-button\"  >\t\t\t<span class=\"edgtf-btn-icon-element\"><\/span>\t\t<span class=\"edgtf-btn-text\">READ MORE<span class=\"edgtf-btn-text-line\" ><\/span><span class=\"edgtf-btn-switch-line\" ><\/span><\/span>\t<\/a>\t<\/div>\n\t        <\/div>\n        <\/div>\n\t<\/div>\n<\/li><li class=\"edgtf-bl-item clearfix\">\n\t<div class=\"edgtf-bli-inner\">\n\t\t\n\t<div class=\"edgtf-post-image\">\n\t\t\t\t\t<a itemprop=\"url\" href=\"https:\/\/www.santjosep.net\/en\/ball-pages-an-ancestral-ritual-in-full-swing\/\" title=\"Ball pag\u00e8s, an ancestral ritual in full swing\">\n\t\t\t\t\t\t\t\t\t<img loading=\"lazy\" decoding=\"async\" width=\"2000\" height=\"1500\" src=\"https:\/\/www.santjosep.net\/wp-content\/uploads\/2020\/01\/Ballpages-1.jpg\" class=\"attachment-full size-full wp-post-image\" alt=\"\" srcset=\"https:\/\/www.santjosep.net\/wp-content\/uploads\/2020\/01\/Ballpages-1.jpg 2000w, https:\/\/www.santjosep.net\/wp-content\/uploads\/2020\/01\/Ballpages-1-300x225.jpg 300w, https:\/\/www.santjosep.net\/wp-content\/uploads\/2020\/01\/Ballpages-1-1024x768.jpg 1024w, https:\/\/www.santjosep.net\/wp-content\/uploads\/2020\/01\/Ballpages-1-768x576.jpg 768w, https:\/\/www.santjosep.net\/wp-content\/uploads\/2020\/01\/Ballpages-1-1536x1152.jpg 1536w, https:\/\/www.santjosep.net\/wp-content\/uploads\/2020\/01\/Ballpages-1-800x600.jpg 800w\" sizes=\"auto, (max-width: 2000px) 100vw, 2000px\" \/>\t\t\t\t\t\t\t\t<\/a>\n\t\t\t<\/div>\n        <div class=\"edgtf-bli-content\">\n                            <div class=\"edgtf-bli-date\">\n\t                <div itemprop=\"dateCreated\" class=\"edgtf-post-info-date entry-date published updated\">\n            <a itemprop=\"url\" href=\"https:\/\/www.santjosep.net\/en\/2020\/01\/\">\n    \n        22 January 2020        <\/a>\n    <meta itemprop=\"interactionCount\" content=\"UserComments: 0\"\/>\n<\/div>                <\/div>\n            \t\n\t        \n<h4 itemprop=\"name\" class=\"entry-title edgtf-post-title\" >\n            <a itemprop=\"url\" href=\"https:\/\/www.santjosep.net\/en\/ball-pages-an-ancestral-ritual-in-full-swing\/\" title=\"Ball pag\u00e8s, an ancestral ritual in full swing\">\n            Ball pag\u00e8s, an ancestral ritual in full swing            <\/a>\n    <\/h4>\n\t        <div class=\"edgtf-bli-info\">\n\t\t        <div class=\"edgtf-post-info-category\">\n    <a href=\"https:\/\/www.santjosep.net\/en\/category\/traditions\/\" rel=\"category tag\">Traditions<\/a><\/div>\t        <\/div>\n\n\t        <div class=\"edgtf-bli-excerpt\">\n\t\t        \t\t<div class=\"edgtf-post-excerpt-holder\">\n\t\t\t<p itemprop=\"description\" class=\"edgtf-post-excerpt\">\n\t\t\t\tThe ball pag\u00e8s is the typical dance of the Pityusic Islands and is one of the most important cultural assets on the islands. Its colours, rhythm and choreography seem to carry us back to remote times and places, although in fact its origins are completely unknown.\r\n\r\nWe do know, however, that the extreme differentiation of roles between men and women and the rhythm that accompanies the dance could reflect influences from archaic pagan rites established in\t\t\t<\/p>\n\t\t<\/div>\n\t\t\t        \t<div class=\"edgtf-post-read-more-button\">\n\t\t<a itemprop=\"url\" href=\"https:\/\/www.santjosep.net\/en\/ball-pages-an-ancestral-ritual-in-full-swing\/\" target=\"_self\"  class=\"edgtf-btn edgtf-btn-medium edgtf-btn-simple edgtf-btn-switch-line edgtf-blog-list-button\"  >\t\t\t<span class=\"edgtf-btn-icon-element\"><\/span>\t\t<span class=\"edgtf-btn-text\">READ MORE<span class=\"edgtf-btn-text-line\" ><\/span><span class=\"edgtf-btn-switch-line\" ><\/span><\/span>\t<\/a>\t<\/div>\n\t        <\/div>\n        <\/div>\n\t<\/div>\n<\/li><li class=\"edgtf-bl-item clearfix\">\n\t<div class=\"edgtf-bli-inner\">\n\t\t\n\t<div class=\"edgtf-post-image\">\n\t\t\t\t\t<a itemprop=\"url\" href=\"https:\/\/www.santjosep.net\/en\/the-flamingo-a-living-legend-of-the-ses-salines-natural-park\/\" title=\"The flamingo, a living legend of the Ses Salines Natural Park\">\n\t\t\t\t\t\t\t\t\t<img loading=\"lazy\" decoding=\"async\" width=\"2000\" height=\"1500\" src=\"https:\/\/www.santjosep.net\/wp-content\/uploads\/2020\/01\/flamencoiconosesalines-1.jpg\" class=\"attachment-full size-full wp-post-image\" alt=\"\" srcset=\"https:\/\/www.santjosep.net\/wp-content\/uploads\/2020\/01\/flamencoiconosesalines-1.jpg 2000w, https:\/\/www.santjosep.net\/wp-content\/uploads\/2020\/01\/flamencoiconosesalines-1-300x225.jpg 300w, https:\/\/www.santjosep.net\/wp-content\/uploads\/2020\/01\/flamencoiconosesalines-1-1024x768.jpg 1024w, https:\/\/www.santjosep.net\/wp-content\/uploads\/2020\/01\/flamencoiconosesalines-1-768x576.jpg 768w, https:\/\/www.santjosep.net\/wp-content\/uploads\/2020\/01\/flamencoiconosesalines-1-1536x1152.jpg 1536w, https:\/\/www.santjosep.net\/wp-content\/uploads\/2020\/01\/flamencoiconosesalines-1-800x600.jpg 800w\" sizes=\"auto, (max-width: 2000px) 100vw, 2000px\" \/>\t\t\t\t\t\t\t\t<\/a>\n\t\t\t<\/div>\n        <div class=\"edgtf-bli-content\">\n                            <div class=\"edgtf-bli-date\">\n\t                <div itemprop=\"dateCreated\" class=\"edgtf-post-info-date entry-date published updated\">\n            <a itemprop=\"url\" href=\"https:\/\/www.santjosep.net\/en\/2020\/01\/\">\n    \n        10 January 2020        <\/a>\n    <meta itemprop=\"interactionCount\" content=\"UserComments: 0\"\/>\n<\/div>                <\/div>\n            \t\n\t        \n<h4 itemprop=\"name\" class=\"entry-title edgtf-post-title\" >\n            <a itemprop=\"url\" href=\"https:\/\/www.santjosep.net\/en\/the-flamingo-a-living-legend-of-the-ses-salines-natural-park\/\" title=\"The flamingo, a living legend of the Ses Salines Natural Park\">\n            The flamingo, a living legend of the Ses Salines Natural Park            <\/a>\n    <\/h4>\n\t        <div class=\"edgtf-bli-info\">\n\t\t        <div class=\"edgtf-post-info-category\">\n    <a href=\"https:\/\/www.santjosep.net\/en\/category\/areas\/\" rel=\"category tag\">Areas<\/a>, <a href=\"https:\/\/www.santjosep.net\/en\/category\/fauna-en\/\" rel=\"category tag\">Fauna<\/a><\/div>\t        <\/div>\n\n\t        <div class=\"edgtf-bli-excerpt\">\n\t\t        \t\t<div class=\"edgtf-post-excerpt-holder\">\n\t\t\t<p itemprop=\"description\" class=\"edgtf-post-excerpt\">\n\t\t\t\tThe salt pans of Ibiza are one of the most emblematic natural landscapes of the island and the most important wetland of the Pityusic Islands. They are an integral part of the natural park of the salt ponds of Ibiza and Formentera, which also includes the marine area that connects the end of the Sa Torre de Ses Portes headland, the promontory extending to the south of Ibiza, with the north of Formentera.\r\n\r\nThe total area\t\t\t<\/p>\n\t\t<\/div>\n\t\t\t        \t<div class=\"edgtf-post-read-more-button\">\n\t\t<a itemprop=\"url\" href=\"https:\/\/www.santjosep.net\/en\/the-flamingo-a-living-legend-of-the-ses-salines-natural-park\/\" target=\"_self\"  class=\"edgtf-btn edgtf-btn-medium edgtf-btn-simple edgtf-btn-switch-line edgtf-blog-list-button\"  >\t\t\t<span class=\"edgtf-btn-icon-element\"><\/span>\t\t<span class=\"edgtf-btn-text\">READ MORE<span class=\"edgtf-btn-text-line\" ><\/span><span class=\"edgtf-btn-switch-line\" ><\/span><\/span>\t<\/a>\t<\/div>\n\t        <\/div>\n        <\/div>\n\t<\/div>\n<\/li><li class=\"edgtf-bl-item clearfix\">\n\t<div class=\"edgtf-bli-inner\">\n\t\t\n\t<div class=\"edgtf-post-image\">\n\t\t\t\t\t<a itemprop=\"url\" href=\"https:\/\/www.santjosep.net\/en\/sant-josep-an-ocean-of-recreational-possibilities\/\" title=\"Sant Josep, an ocean of recreational possibilities\">\n\t\t\t\t\t\t\t\t\t<img loading=\"lazy\" decoding=\"async\" width=\"2000\" height=\"1500\" src=\"https:\/\/www.santjosep.net\/wp-content\/uploads\/2020\/01\/santjoseptodounmarposibilidades.jpg\" class=\"attachment-full size-full wp-post-image\" alt=\"\" srcset=\"https:\/\/www.santjosep.net\/wp-content\/uploads\/2020\/01\/santjoseptodounmarposibilidades.jpg 2000w, https:\/\/www.santjosep.net\/wp-content\/uploads\/2020\/01\/santjoseptodounmarposibilidades-300x225.jpg 300w, https:\/\/www.santjosep.net\/wp-content\/uploads\/2020\/01\/santjoseptodounmarposibilidades-1024x768.jpg 1024w, https:\/\/www.santjosep.net\/wp-content\/uploads\/2020\/01\/santjoseptodounmarposibilidades-768x576.jpg 768w, https:\/\/www.santjosep.net\/wp-content\/uploads\/2020\/01\/santjoseptodounmarposibilidades-1536x1152.jpg 1536w, https:\/\/www.santjosep.net\/wp-content\/uploads\/2020\/01\/santjoseptodounmarposibilidades-800x600.jpg 800w\" sizes=\"auto, (max-width: 2000px) 100vw, 2000px\" \/>\t\t\t\t\t\t\t\t<\/a>\n\t\t\t<\/div>\n        <div class=\"edgtf-bli-content\">\n                            <div class=\"edgtf-bli-date\">\n\t                <div itemprop=\"dateCreated\" class=\"edgtf-post-info-date entry-date published updated\">\n            <a itemprop=\"url\" href=\"https:\/\/www.santjosep.net\/en\/2020\/01\/\">\n    \n        2 January 2020        <\/a>\n    <meta itemprop=\"interactionCount\" content=\"UserComments: 0\"\/>\n<\/div>                <\/div>\n            \t\n\t        \n<h4 itemprop=\"name\" class=\"entry-title edgtf-post-title\" >\n            <a itemprop=\"url\" href=\"https:\/\/www.santjosep.net\/en\/sant-josep-an-ocean-of-recreational-possibilities\/\" title=\"Sant Josep, an ocean of recreational possibilities\">\n            Sant Josep, an ocean of recreational possibilities            <\/a>\n    <\/h4>\n\t        <div class=\"edgtf-bli-info\">\n\t\t        <div class=\"edgtf-post-info-category\">\n    <a href=\"https:\/\/www.santjosep.net\/en\/category\/sports-en\/\" rel=\"category tag\">Sports<\/a><\/div>\t        <\/div>\n\n\t        <div class=\"edgtf-bli-excerpt\">\n\t\t        \t\t<div class=\"edgtf-post-excerpt-holder\">\n\t\t\t<p itemprop=\"description\" class=\"edgtf-post-excerpt\">\n\t\t\t\tThe municipality of Sant Josep de sa Talaia has an extensive coastline of nearly 84 kilometres, with countless coves and inlets of crystal-clear water and a lush seabed replete with flora and fauna. The emblematic silhouettes of the islets of Es Vedr\u00e0 and Es Vedranell and the famous sandy beaches of Ses Salines and Es Cavallet are just a small example of the natural beauty visitors can enjoy all year round.\t\t\t<\/p>\n\t\t<\/div>\n\t\t\t        \t<div class=\"edgtf-post-read-more-button\">\n\t\t<a itemprop=\"url\" href=\"https:\/\/www.santjosep.net\/en\/sant-josep-an-ocean-of-recreational-possibilities\/\" target=\"_self\"  class=\"edgtf-btn edgtf-btn-medium edgtf-btn-simple edgtf-btn-switch-line edgtf-blog-list-button\"  >\t\t\t<span class=\"edgtf-btn-icon-element\"><\/span>\t\t<span class=\"edgtf-btn-text\">READ MORE<span class=\"edgtf-btn-text-line\" ><\/span><span class=\"edgtf-btn-switch-line\" ><\/span><\/span>\t<\/a>\t<\/div>\n\t        <\/div>\n        <\/div>\n\t<\/div>\n<\/li><li class=\"edgtf-bl-item clearfix\">\n\t<div class=\"edgtf-bli-inner\">\n\t\t\n\t<div class=\"edgtf-post-image\">\n\t\t\t\t\t<a itemprop=\"url\" href=\"https:\/\/www.santjosep.net\/en\/las-mejores-vistas-panoramicas-del-municipio-de-sant-josep\/\" title=\"The best panoramic views of the municipality of Sant Josep\">\n\t\t\t\t\t\t\t\t\t<img loading=\"lazy\" decoding=\"async\" width=\"890\" height=\"667\" src=\"https:\/\/www.santjosep.net\/wp-content\/uploads\/2019\/12\/cover_blog.jpg\" class=\"attachment-full size-full wp-post-image\" alt=\"\" srcset=\"https:\/\/www.santjosep.net\/wp-content\/uploads\/2019\/12\/cover_blog.jpg 890w, https:\/\/www.santjosep.net\/wp-content\/uploads\/2019\/12\/cover_blog-300x225.jpg 300w, https:\/\/www.santjosep.net\/wp-content\/uploads\/2019\/12\/cover_blog-768x576.jpg 768w, https:\/\/www.santjosep.net\/wp-content\/uploads\/2019\/12\/cover_blog-800x600.jpg 800w\" sizes=\"auto, (max-width: 890px) 100vw, 890px\" \/>\t\t\t\t\t\t\t\t<\/a>\n\t\t\t<\/div>\n        <div class=\"edgtf-bli-content\">\n                            <div class=\"edgtf-bli-date\">\n\t                <div itemprop=\"dateCreated\" class=\"edgtf-post-info-date entry-date published updated\">\n            <a itemprop=\"url\" href=\"https:\/\/www.santjosep.net\/en\/2019\/12\/\">\n    \n        22 December 2019        <\/a>\n    <meta itemprop=\"interactionCount\" content=\"UserComments: 0\"\/>\n<\/div>                <\/div>\n            \t\n\t        \n<h4 itemprop=\"name\" class=\"entry-title edgtf-post-title\" >\n            <a itemprop=\"url\" href=\"https:\/\/www.santjosep.net\/en\/las-mejores-vistas-panoramicas-del-municipio-de-sant-josep\/\" title=\"The best panoramic views of the municipality of Sant Josep\">\n            The best panoramic views of the municipality of Sant Josep            <\/a>\n    <\/h4>\n\t        <div class=\"edgtf-bli-info\">\n\t\t        <div class=\"edgtf-post-info-category\">\n    <a href=\"https:\/\/www.santjosep.net\/en\/category\/areas\/\" rel=\"category tag\">Areas<\/a>, <a href=\"https:\/\/www.santjosep.net\/en\/category\/walks\/\" rel=\"category tag\">Walks<\/a><\/div>\t        <\/div>\n\n\t        <div class=\"edgtf-bli-excerpt\">\n\t\t        \t\t<div class=\"edgtf-post-excerpt-holder\">\n\t\t\t<p itemprop=\"description\" class=\"edgtf-post-excerpt\">\n\t\t\t\tIn its 154 km\u00b2, Sant Josep de sa Talaia offers a whole range of natural attractions in addition to its 32 beaches and more than 80 km of coastline. Every year thousands of visitors come to the largest municipality on the island to admire the natural beauty of the inland area: its forests, mountains, fields and valleys. A natural treasure that is accompanied by a rich cultural heritage reflecting centuries of history in a place\t\t\t<\/p>\n\t\t<\/div>\n\t\t\t        \t<div class=\"edgtf-post-read-more-button\">\n\t\t<a itemprop=\"url\" href=\"https:\/\/www.santjosep.net\/en\/las-mejores-vistas-panoramicas-del-municipio-de-sant-josep\/\" target=\"_self\"  class=\"edgtf-btn edgtf-btn-medium edgtf-btn-simple edgtf-btn-switch-line edgtf-blog-list-button\"  >\t\t\t<span class=\"edgtf-btn-icon-element\"><\/span>\t\t<span class=\"edgtf-btn-text\">READ MORE<span class=\"edgtf-btn-text-line\" ><\/span><span class=\"edgtf-btn-switch-line\" ><\/span><\/span>\t<\/a>\t<\/div>\n\t        <\/div>\n        <\/div>\n\t<\/div>\n<\/li><li class=\"edgtf-bl-item clearfix\">\n\t<div class=\"edgtf-bli-inner\">\n\t\t\n\t<div class=\"edgtf-post-image\">\n\t\t\t\t\t<a itemprop=\"url\" href=\"https:\/\/www.santjosep.net\/en\/sant-agusti-church-200-years-of-history-and-adversity\/\" title=\"Sant Agust\u00ed Church, 200 years of history and adversity\">\n\t\t\t\t\t\t\t\t\t<img loading=\"lazy\" decoding=\"async\" width=\"2000\" height=\"1500\" src=\"https:\/\/www.santjosep.net\/wp-content\/uploads\/2019\/12\/iglesiasanagustin.jpg\" class=\"attachment-full size-full wp-post-image\" alt=\"\" srcset=\"https:\/\/www.santjosep.net\/wp-content\/uploads\/2019\/12\/iglesiasanagustin.jpg 2000w, https:\/\/www.santjosep.net\/wp-content\/uploads\/2019\/12\/iglesiasanagustin-300x225.jpg 300w, https:\/\/www.santjosep.net\/wp-content\/uploads\/2019\/12\/iglesiasanagustin-1024x768.jpg 1024w, https:\/\/www.santjosep.net\/wp-content\/uploads\/2019\/12\/iglesiasanagustin-768x576.jpg 768w, https:\/\/www.santjosep.net\/wp-content\/uploads\/2019\/12\/iglesiasanagustin-1536x1152.jpg 1536w, https:\/\/www.santjosep.net\/wp-content\/uploads\/2019\/12\/iglesiasanagustin-800x600.jpg 800w\" sizes=\"auto, (max-width: 2000px) 100vw, 2000px\" \/>\t\t\t\t\t\t\t\t<\/a>\n\t\t\t<\/div>\n        <div class=\"edgtf-bli-content\">\n                            <div class=\"edgtf-bli-date\">\n\t                <div itemprop=\"dateCreated\" class=\"edgtf-post-info-date entry-date published updated\">\n            <a itemprop=\"url\" href=\"https:\/\/www.santjosep.net\/en\/2019\/12\/\">\n    \n        18 December 2019        <\/a>\n    <meta itemprop=\"interactionCount\" content=\"UserComments: 0\"\/>\n<\/div>                <\/div>\n            \t\n\t        \n<h4 itemprop=\"name\" class=\"entry-title edgtf-post-title\" >\n            <a itemprop=\"url\" href=\"https:\/\/www.santjosep.net\/en\/sant-agusti-church-200-years-of-history-and-adversity\/\" title=\"Sant Agust\u00ed Church, 200 years of history and adversity\">\n            Sant Agust\u00ed Church, 200 years of history and adversity            <\/a>\n    <\/h4>\n\t        <div class=\"edgtf-bli-info\">\n\t\t        <div class=\"edgtf-post-info-category\">\n    <a href=\"https:\/\/www.santjosep.net\/en\/category\/heritage-en\/\" rel=\"category tag\">Heritage<\/a>, <a href=\"https:\/\/www.santjosep.net\/en\/category\/villages\/\" rel=\"category tag\">Villages<\/a><\/div>\t        <\/div>\n\n\t        <div class=\"edgtf-bli-excerpt\">\n\t\t        \t\t<div class=\"edgtf-post-excerpt-holder\">\n\t\t\t<p itemprop=\"description\" class=\"edgtf-post-excerpt\">\n\t\t\t\tSant Agust\u00ed church celebrates its two hundredth year anniversary in 2019. It \u0301s history is full of challenges and difficulties that date back to 1788, the year in which the first stone was laid, and, reflecting its first idiosyncrasy, was located in a different place to the one now occupied by the building.\r\n\r\nIts construction followed the decision of the first bishop of Ibiza and Formentera, Manuel Abad y Lasierra, to create a parish between the\t\t\t<\/p>\n\t\t<\/div>\n\t\t\t        \t<div class=\"edgtf-post-read-more-button\">\n\t\t<a itemprop=\"url\" href=\"https:\/\/www.santjosep.net\/en\/sant-agusti-church-200-years-of-history-and-adversity\/\" target=\"_self\"  class=\"edgtf-btn edgtf-btn-medium edgtf-btn-simple edgtf-btn-switch-line edgtf-blog-list-button\"  >\t\t\t<span class=\"edgtf-btn-icon-element\"><\/span>\t\t<span class=\"edgtf-btn-text\">READ MORE<span class=\"edgtf-btn-text-line\" ><\/span><span class=\"edgtf-btn-switch-line\" ><\/span><\/span>\t<\/a>\t<\/div>\n\t        <\/div>\n        <\/div>\n\t<\/div>\n<\/li><li class=\"edgtf-bl-item clearfix\">\n\t<div class=\"edgtf-bli-inner\">\n\t\t\n\t<div class=\"edgtf-post-image\">\n\t\t\t\t\t<a itemprop=\"url\" href=\"https:\/\/www.santjosep.net\/en\/iv-fira-de-la-sal-2019\/\" title=\"IV Fira de la Sal 2019\">\n\t\t\t\t\t\t\t\t\t<img loading=\"lazy\" decoding=\"async\" width=\"2000\" height=\"1500\" src=\"https:\/\/www.santjosep.net\/wp-content\/uploads\/2017\/11\/firadelasal.jpg\" class=\"attachment-full size-full wp-post-image\" alt=\"\" srcset=\"https:\/\/www.santjosep.net\/wp-content\/uploads\/2017\/11\/firadelasal.jpg 2000w, https:\/\/www.santjosep.net\/wp-content\/uploads\/2017\/11\/firadelasal-300x225.jpg 300w, https:\/\/www.santjosep.net\/wp-content\/uploads\/2017\/11\/firadelasal-1024x768.jpg 1024w, https:\/\/www.santjosep.net\/wp-content\/uploads\/2017\/11\/firadelasal-768x576.jpg 768w, https:\/\/www.santjosep.net\/wp-content\/uploads\/2017\/11\/firadelasal-1536x1152.jpg 1536w, https:\/\/www.santjosep.net\/wp-content\/uploads\/2017\/11\/firadelasal-800x600.jpg 800w\" sizes=\"auto, (max-width: 2000px) 100vw, 2000px\" \/>\t\t\t\t\t\t\t\t<\/a>\n\t\t\t<\/div>\n        <div class=\"edgtf-bli-content\">\n                            <div class=\"edgtf-bli-date\">\n\t                <div itemprop=\"dateCreated\" class=\"edgtf-post-info-date entry-date published updated\">\n            <a itemprop=\"url\" href=\"https:\/\/www.santjosep.net\/en\/2019\/10\/\">\n    \n        29 October 2019        <\/a>\n    <meta itemprop=\"interactionCount\" content=\"UserComments: 0\"\/>\n<\/div>                <\/div>\n            \t\n\t        \n<h4 itemprop=\"name\" class=\"entry-title edgtf-post-title\" >\n            <a itemprop=\"url\" href=\"https:\/\/www.santjosep.net\/en\/iv-fira-de-la-sal-2019\/\" title=\"IV Fira de la Sal 2019\">\n            IV Fira de la Sal 2019            <\/a>\n    <\/h4>\n\t        <div class=\"edgtf-bli-info\">\n\t\t        <div class=\"edgtf-post-info-category\">\n    <a href=\"https:\/\/www.santjosep.net\/en\/category\/events-en\/\" rel=\"category tag\">Events<\/a>, <a href=\"https:\/\/www.santjosep.net\/en\/category\/heritage-en\/\" rel=\"category tag\">Heritage<\/a><\/div>\t        <\/div>\n\n\t        <div class=\"edgtf-bli-excerpt\">\n\t\t        \t\t<div class=\"edgtf-post-excerpt-holder\">\n\t\t\t<p itemprop=\"description\" class=\"edgtf-post-excerpt\">\n\t\t\t\tOn 25, 26 and 27 October, the 4th Fira de la Sal (Salt Fair) was held at the Ibiza Salt Flats, a tourist and cultural event aimed at disseminating heritage and culture. It was organised by the Sant Josep Town Council, the Consell d'Eivissa and the Natural Park Ses Salines d'Eivissa i Formentera, as a commemoration and tribute to the people who worked in the salt flats, to raise awareness of the traditions surrounding the\t\t\t<\/p>\n\t\t<\/div>\n\t\t\t        \t<div class=\"edgtf-post-read-more-button\">\n\t\t<a itemprop=\"url\" href=\"https:\/\/www.santjosep.net\/en\/iv-fira-de-la-sal-2019\/\" target=\"_self\"  class=\"edgtf-btn edgtf-btn-medium edgtf-btn-simple edgtf-btn-switch-line edgtf-blog-list-button\"  >\t\t\t<span class=\"edgtf-btn-icon-element\"><\/span>\t\t<span class=\"edgtf-btn-text\">READ MORE<span class=\"edgtf-btn-text-line\" ><\/span><span class=\"edgtf-btn-switch-line\" ><\/span><\/span>\t<\/a>\t<\/div>\n\t        <\/div>\n        <\/div>\n\t<\/div>\n<\/li><li class=\"edgtf-bl-item clearfix\">\n\t<div class=\"edgtf-bli-inner\">\n\t\t\n\t<div class=\"edgtf-post-image\">\n\t\t\t\t\t<a itemprop=\"url\" href=\"https:\/\/www.santjosep.net\/en\/hippy-market-playa-den-bossa\/\" title=\"Hippy Market Playa d\u2019en Bossa\">\n\t\t\t\t\t\t\t\t\t<img loading=\"lazy\" decoding=\"async\" width=\"890\" height=\"667\" src=\"https:\/\/www.santjosep.net\/wp-content\/uploads\/2019\/09\/cvover_video.jpg\" class=\"attachment-full size-full wp-post-image\" alt=\"\" srcset=\"https:\/\/www.santjosep.net\/wp-content\/uploads\/2019\/09\/cvover_video.jpg 890w, https:\/\/www.santjosep.net\/wp-content\/uploads\/2019\/09\/cvover_video-300x225.jpg 300w, https:\/\/www.santjosep.net\/wp-content\/uploads\/2019\/09\/cvover_video-768x576.jpg 768w, https:\/\/www.santjosep.net\/wp-content\/uploads\/2019\/09\/cvover_video-800x600.jpg 800w\" sizes=\"auto, (max-width: 890px) 100vw, 890px\" \/>\t\t\t\t\t\t\t\t<\/a>\n\t\t\t<\/div>\n        <div class=\"edgtf-bli-content\">\n                            <div class=\"edgtf-bli-date\">\n\t                <div itemprop=\"dateCreated\" class=\"edgtf-post-info-date entry-date published updated\">\n            <a itemprop=\"url\" href=\"https:\/\/www.santjosep.net\/en\/2019\/09\/\">\n    \n        3 September 2019        <\/a>\n    <meta itemprop=\"interactionCount\" content=\"UserComments: 0\"\/>\n<\/div>                <\/div>\n            \t\n\t        \n<h4 itemprop=\"name\" class=\"entry-title edgtf-post-title\" >\n            <a itemprop=\"url\" href=\"https:\/\/www.santjosep.net\/en\/hippy-market-playa-den-bossa\/\" title=\"Hippy Market Playa d\u2019en Bossa\">\n            Hippy Market Playa d\u2019en Bossa            <\/a>\n    <\/h4>\n\t        <div class=\"edgtf-bli-info\">\n\t\t        <div class=\"edgtf-post-info-category\">\n    <a href=\"https:\/\/www.santjosep.net\/en\/category\/video-en\/\" rel=\"category tag\">Video<\/a><\/div>\t        <\/div>\n\n\t        <div class=\"edgtf-bli-excerpt\">\n\t\t        \t\t<div class=\"edgtf-post-excerpt-holder\">\n\t\t\t<p itemprop=\"description\" class=\"edgtf-post-excerpt\">\n\t\t\t\tDuring the Summer months one will find a large number of stalls offering handicrafts, accessories, costume jewellery, leather goods and Ibiza pottery on the Hippy Market in Playa d\u2019en Bossa.  Opening hours daily from 6pm till midnight in Calle de la Ruda y del Bruc.\t\t\t<\/p>\n\t\t<\/div>\n\t\t\t        \t<div class=\"edgtf-post-read-more-button\">\n\t\t<a itemprop=\"url\" href=\"https:\/\/www.santjosep.net\/en\/hippy-market-playa-den-bossa\/\" target=\"_self\"  class=\"edgtf-btn edgtf-btn-medium edgtf-btn-simple edgtf-btn-switch-line edgtf-blog-list-button\"  >\t\t\t<span class=\"edgtf-btn-icon-element\"><\/span>\t\t<span class=\"edgtf-btn-text\">READ MORE<span class=\"edgtf-btn-text-line\" ><\/span><span class=\"edgtf-btn-switch-line\" ><\/span><\/span>\t<\/a>\t<\/div>\n\t        <\/div>\n        <\/div>\n\t<\/div>\n<\/li><li class=\"edgtf-bl-item clearfix\">\n\t<div class=\"edgtf-bli-inner\">\n\t\t\n\t<div class=\"edgtf-post-image\">\n\t\t\t\t\t<a itemprop=\"url\" href=\"https:\/\/www.santjosep.net\/en\/sunset-platges-de-comte\/\" title=\"Sunset at Platges de Comte\">\n\t\t\t\t\t\t\t\t\t<img loading=\"lazy\" decoding=\"async\" width=\"890\" height=\"667\" src=\"https:\/\/www.santjosep.net\/wp-content\/uploads\/2019\/08\/cover_videos_0009_P1013403.jpg\" class=\"attachment-full size-full wp-post-image\" alt=\"\" srcset=\"https:\/\/www.santjosep.net\/wp-content\/uploads\/2019\/08\/cover_videos_0009_P1013403.jpg 890w, https:\/\/www.santjosep.net\/wp-content\/uploads\/2019\/08\/cover_videos_0009_P1013403-300x225.jpg 300w, https:\/\/www.santjosep.net\/wp-content\/uploads\/2019\/08\/cover_videos_0009_P1013403-768x576.jpg 768w, https:\/\/www.santjosep.net\/wp-content\/uploads\/2019\/08\/cover_videos_0009_P1013403-800x600.jpg 800w\" sizes=\"auto, (max-width: 890px) 100vw, 890px\" \/>\t\t\t\t\t\t\t\t<\/a>\n\t\t\t<\/div>\n        <div class=\"edgtf-bli-content\">\n                            <div class=\"edgtf-bli-date\">\n\t                <div itemprop=\"dateCreated\" class=\"edgtf-post-info-date entry-date published updated\">\n            <a itemprop=\"url\" href=\"https:\/\/www.santjosep.net\/en\/2019\/08\/\">\n    \n        12 August 2019        <\/a>\n    <meta itemprop=\"interactionCount\" content=\"UserComments: 0\"\/>\n<\/div>                <\/div>\n            \t\n\t        \n<h4 itemprop=\"name\" class=\"entry-title edgtf-post-title\" >\n            <a itemprop=\"url\" href=\"https:\/\/www.santjosep.net\/en\/sunset-platges-de-comte\/\" title=\"Sunset at Platges de Comte\">\n            Sunset at Platges de Comte            <\/a>\n    <\/h4>\n\t        <div class=\"edgtf-bli-info\">\n\t\t        <div class=\"edgtf-post-info-category\">\n    <a href=\"https:\/\/www.santjosep.net\/en\/category\/beaches\/\" rel=\"category tag\">Beaches<\/a>, <a href=\"https:\/\/www.santjosep.net\/en\/category\/sunsets\/\" rel=\"category tag\">Sunsets<\/a><\/div>\t        <\/div>\n\n\t        <div class=\"edgtf-bli-excerpt\">\n\t\t        \t\t<div class=\"edgtf-post-excerpt-holder\">\n\t\t\t<p itemprop=\"description\" class=\"edgtf-post-excerpt\">\n\t\t\t\tPlatges de Comte is a group made up of several small coves, located in a natural environment of extraordinary beauty.<div class=\"edgtf-more-link-container\"><a href=\"https:\/\/www.santjosep.net\/en\/sunset-platges-de-comte\/#more-15533\" target=\"_self\" class=\"edgtf-btn edgtf-btn-medium edgtf-btn-solid\">\t\t\t<span class=\"edgtf-btn-icon-element\"><\/span>\t\t<span class=\"edgtf-btn-text\">Continue reading<\/span>\t<\/a><\/div>\n\t\t<\/div>\n\t\t\t        \t        <\/div>\n        <\/div>\n\t<\/div>\n<\/li><li class=\"edgtf-bl-item clearfix\">\n\t<div class=\"edgtf-bli-inner\">\n\t\t\n\t<div class=\"edgtf-post-image\">\n\t\t\t\t\t<a itemprop=\"url\" href=\"https:\/\/www.santjosep.net\/en\/bicycle-excursions-for-all-the-family-on-a-treasure-hunt-by-bicycle\/\" title=\"Bicycle excursions for all the family &#8211;  \u201cOn a treasure hunt by bicycle\u201d\">\n\t\t\t\t\t\t\t\t\t<img loading=\"lazy\" decoding=\"async\" width=\"2000\" height=\"1500\" src=\"https:\/\/www.santjosep.net\/wp-content\/uploads\/2019\/05\/bicisessalines-1.jpg\" class=\"attachment-full size-full wp-post-image\" alt=\"\" srcset=\"https:\/\/www.santjosep.net\/wp-content\/uploads\/2019\/05\/bicisessalines-1.jpg 2000w, https:\/\/www.santjosep.net\/wp-content\/uploads\/2019\/05\/bicisessalines-1-300x225.jpg 300w, https:\/\/www.santjosep.net\/wp-content\/uploads\/2019\/05\/bicisessalines-1-1024x768.jpg 1024w, https:\/\/www.santjosep.net\/wp-content\/uploads\/2019\/05\/bicisessalines-1-768x576.jpg 768w, https:\/\/www.santjosep.net\/wp-content\/uploads\/2019\/05\/bicisessalines-1-1536x1152.jpg 1536w, https:\/\/www.santjosep.net\/wp-content\/uploads\/2019\/05\/bicisessalines-1-800x600.jpg 800w\" sizes=\"auto, (max-width: 2000px) 100vw, 2000px\" \/>\t\t\t\t\t\t\t\t<\/a>\n\t\t\t<\/div>\n        <div class=\"edgtf-bli-content\">\n                            <div class=\"edgtf-bli-date\">\n\t                <div itemprop=\"dateCreated\" class=\"edgtf-post-info-date entry-date published updated\">\n            <a itemprop=\"url\" href=\"https:\/\/www.santjosep.net\/en\/2019\/05\/\">\n    \n        6 May 2019        <\/a>\n    <meta itemprop=\"interactionCount\" content=\"UserComments: 0\"\/>\n<\/div>                <\/div>\n            \t\n\t        \n<h4 itemprop=\"name\" class=\"entry-title edgtf-post-title\" >\n            <a itemprop=\"url\" href=\"https:\/\/www.santjosep.net\/en\/bicycle-excursions-for-all-the-family-on-a-treasure-hunt-by-bicycle\/\" title=\"Bicycle excursions for all the family &#8211;  \u201cOn a treasure hunt by bicycle\u201d\">\n            Bicycle excursions for all the family &#8211;  \u201cOn a treasure hunt by bicycle\u201d            <\/a>\n    <\/h4>\n\t        <div class=\"edgtf-bli-info\">\n\t\t        <div class=\"edgtf-post-info-category\">\n    <a href=\"https:\/\/www.santjosep.net\/en\/category\/sports-en\/\" rel=\"category tag\">Sports<\/a><\/div>\t        <\/div>\n\n\t        <div class=\"edgtf-bli-excerpt\">\n\t\t        \t\t<div class=\"edgtf-post-excerpt-holder\">\n\t\t\t<p itemprop=\"description\" class=\"edgtf-post-excerpt\">\n\t\t\t\tOur environmentally friendly guided tours for the whole family are intended to let you get to know the natural beauty of this area in a dynamic and entertaining experience for all ages.\r\n\r\nHere, both adults and children work together to achieve the aims of the activity using bicycles to discover the whole of this nature reserve. All participants will have to pass the tests and overcome the challenges that are to be found at different points\t\t\t<\/p>\n\t\t<\/div>\n\t\t\t        \t<div class=\"edgtf-post-read-more-button\">\n\t\t<a itemprop=\"url\" href=\"https:\/\/www.santjosep.net\/en\/bicycle-excursions-for-all-the-family-on-a-treasure-hunt-by-bicycle\/\" target=\"_self\"  class=\"edgtf-btn edgtf-btn-medium edgtf-btn-simple edgtf-btn-switch-line edgtf-blog-list-button\"  >\t\t\t<span class=\"edgtf-btn-icon-element\"><\/span>\t\t<span class=\"edgtf-btn-text\">READ MORE<span class=\"edgtf-btn-text-line\" ><\/span><span class=\"edgtf-btn-switch-line\" ><\/span><\/span>\t<\/a>\t<\/div>\n\t        <\/div>\n        <\/div>\n\t<\/div>\n<\/li><li class=\"edgtf-bl-item clearfix\">\n\t<div class=\"edgtf-bli-inner\">\n\t\t\n\t<div class=\"edgtf-post-image\">\n\t\t\t\t\t<a itemprop=\"url\" href=\"https:\/\/www.santjosep.net\/en\/boathouses-the-home-of-the-llaut-traditional-fishing-boat\/\" title=\"Boathouses, the home of the lla\u00fct (traditional fishing boat)\">\n\t\t\t\t\t\t\t\t\t<img loading=\"lazy\" decoding=\"async\" width=\"2000\" height=\"1500\" src=\"https:\/\/www.santjosep.net\/wp-content\/uploads\/2019\/04\/casetasvaradero.jpg\" class=\"attachment-full size-full wp-post-image\" alt=\"\" srcset=\"https:\/\/www.santjosep.net\/wp-content\/uploads\/2019\/04\/casetasvaradero.jpg 2000w, https:\/\/www.santjosep.net\/wp-content\/uploads\/2019\/04\/casetasvaradero-300x225.jpg 300w, https:\/\/www.santjosep.net\/wp-content\/uploads\/2019\/04\/casetasvaradero-1024x768.jpg 1024w, https:\/\/www.santjosep.net\/wp-content\/uploads\/2019\/04\/casetasvaradero-768x576.jpg 768w, https:\/\/www.santjosep.net\/wp-content\/uploads\/2019\/04\/casetasvaradero-1536x1152.jpg 1536w, https:\/\/www.santjosep.net\/wp-content\/uploads\/2019\/04\/casetasvaradero-800x600.jpg 800w\" sizes=\"auto, (max-width: 2000px) 100vw, 2000px\" \/>\t\t\t\t\t\t\t\t<\/a>\n\t\t\t<\/div>\n        <div class=\"edgtf-bli-content\">\n                            <div class=\"edgtf-bli-date\">\n\t                <div itemprop=\"dateCreated\" class=\"edgtf-post-info-date entry-date published updated\">\n            <a itemprop=\"url\" href=\"https:\/\/www.santjosep.net\/en\/2019\/04\/\">\n    \n        24 April 2019        <\/a>\n    <meta itemprop=\"interactionCount\" content=\"UserComments: 0\"\/>\n<\/div>                <\/div>\n            \t\n\t        \n<h4 itemprop=\"name\" class=\"entry-title edgtf-post-title\" >\n            <a itemprop=\"url\" href=\"https:\/\/www.santjosep.net\/en\/boathouses-the-home-of-the-llaut-traditional-fishing-boat\/\" title=\"Boathouses, the home of the lla\u00fct (traditional fishing boat)\">\n            Boathouses, the home of the lla\u00fct (traditional fishing boat)            <\/a>\n    <\/h4>\n\t        <div class=\"edgtf-bli-info\">\n\t\t        <div class=\"edgtf-post-info-category\">\n    <a href=\"https:\/\/www.santjosep.net\/en\/category\/areas\/\" rel=\"category tag\">Areas<\/a>, <a href=\"https:\/\/www.santjosep.net\/en\/category\/beaches\/\" rel=\"category tag\">Beaches<\/a><\/div>\t        <\/div>\n\n\t        <div class=\"edgtf-bli-excerpt\">\n\t\t        \t\t<div class=\"edgtf-post-excerpt-holder\">\n\t\t\t<p itemprop=\"description\" class=\"edgtf-post-excerpt\">\n\t\t\t\tThe beautiful coastline of Sant Josep is lined with remains that tell us about the history of our municipality, the activities of its inhabitants, its customs and its culture. One of the most characteristic and easily identifiable features are the boathouses. These constructions can be found in countless nooks and crannies of the coast and represent the seafaring lifestyle that has been an essential part of the island's identity.\r\n\r\n&nbsp;\r\nOrigins of the boathouses\r\nThe origins of the\t\t\t<\/p>\n\t\t<\/div>\n\t\t\t        \t<div class=\"edgtf-post-read-more-button\">\n\t\t<a itemprop=\"url\" href=\"https:\/\/www.santjosep.net\/en\/boathouses-the-home-of-the-llaut-traditional-fishing-boat\/\" target=\"_self\"  class=\"edgtf-btn edgtf-btn-medium edgtf-btn-simple edgtf-btn-switch-line edgtf-blog-list-button\"  >\t\t\t<span class=\"edgtf-btn-icon-element\"><\/span>\t\t<span class=\"edgtf-btn-text\">READ MORE<span class=\"edgtf-btn-text-line\" ><\/span><span class=\"edgtf-btn-switch-line\" ><\/span><\/span>\t<\/a>\t<\/div>\n\t        <\/div>\n        <\/div>\n\t<\/div>\n<\/li><li class=\"edgtf-bl-item clearfix\">\n\t<div class=\"edgtf-bli-inner\">\n\t\t\n\t<div class=\"edgtf-post-image\">\n\t\t\t\t\t<a itemprop=\"url\" href=\"https:\/\/www.santjosep.net\/en\/presentacion-del-libro-y-video-patrimoni-en-fitur\/\" title=\"FITUR presentation\">\n\t\t\t\t\t\t\t\t\t<img loading=\"lazy\" decoding=\"async\" width=\"2000\" height=\"1500\" src=\"https:\/\/www.santjosep.net\/wp-content\/uploads\/2019\/01\/patrimoniolibro.jpg\" class=\"attachment-full size-full wp-post-image\" alt=\"\" srcset=\"https:\/\/www.santjosep.net\/wp-content\/uploads\/2019\/01\/patrimoniolibro.jpg 2000w, https:\/\/www.santjosep.net\/wp-content\/uploads\/2019\/01\/patrimoniolibro-300x225.jpg 300w, https:\/\/www.santjosep.net\/wp-content\/uploads\/2019\/01\/patrimoniolibro-1024x768.jpg 1024w, https:\/\/www.santjosep.net\/wp-content\/uploads\/2019\/01\/patrimoniolibro-768x576.jpg 768w, https:\/\/www.santjosep.net\/wp-content\/uploads\/2019\/01\/patrimoniolibro-1536x1152.jpg 1536w, https:\/\/www.santjosep.net\/wp-content\/uploads\/2019\/01\/patrimoniolibro-800x600.jpg 800w\" sizes=\"auto, (max-width: 2000px) 100vw, 2000px\" \/>\t\t\t\t\t\t\t\t<\/a>\n\t\t\t<\/div>\n        <div class=\"edgtf-bli-content\">\n                            <div class=\"edgtf-bli-date\">\n\t                <div itemprop=\"dateCreated\" class=\"edgtf-post-info-date entry-date published updated\">\n            <a itemprop=\"url\" href=\"https:\/\/www.santjosep.net\/en\/2019\/01\/\">\n    \n        25 January 2019        <\/a>\n    <meta itemprop=\"interactionCount\" content=\"UserComments: 0\"\/>\n<\/div>                <\/div>\n            \t\n\t        \n<h4 itemprop=\"name\" class=\"entry-title edgtf-post-title\" >\n            <a itemprop=\"url\" href=\"https:\/\/www.santjosep.net\/en\/presentacion-del-libro-y-video-patrimoni-en-fitur\/\" title=\"FITUR presentation\">\n            FITUR presentation            <\/a>\n    <\/h4>\n\t        <div class=\"edgtf-bli-info\">\n\t\t        <div class=\"edgtf-post-info-category\">\n    <a href=\"https:\/\/www.santjosep.net\/en\/category\/video-en\/\" rel=\"category tag\">Video<\/a><\/div>\t        <\/div>\n\n\t        <div class=\"edgtf-bli-excerpt\">\n\t\t        \t\t<div class=\"edgtf-post-excerpt-holder\">\n\t\t\t<p itemprop=\"description\" class=\"edgtf-post-excerpt\">\n\t\t\t\tThe Sant Josep Town Council has presented the book of photographs \"Patrimoni\" at FITUR. \"Patrimoni\" is a book of photographs donated by Xavier Sans\u00f3 and Xavier M\u00e1s whose aim is to promote the cultural and natural heritage of the municipality. A work that is complemented with audiovisual material to present the various attractions of the municipality, such as churches, fountains, wells, watchtowers, World Heritage sites and Natural Reserves, which will serve to give future visitors\t\t\t<\/p>\n\t\t<\/div>\n\t\t\t        \t<div class=\"edgtf-post-read-more-button\">\n\t\t<a itemprop=\"url\" href=\"https:\/\/www.santjosep.net\/en\/presentacion-del-libro-y-video-patrimoni-en-fitur\/\" target=\"_self\"  class=\"edgtf-btn edgtf-btn-medium edgtf-btn-simple edgtf-btn-switch-line edgtf-blog-list-button\"  >\t\t\t<span class=\"edgtf-btn-icon-element\"><\/span>\t\t<span class=\"edgtf-btn-text\">READ MORE<span class=\"edgtf-btn-text-line\" ><\/span><span class=\"edgtf-btn-switch-line\" ><\/span><\/span>\t<\/a>\t<\/div>\n\t        <\/div>\n        <\/div>\n\t<\/div>\n<\/li><li class=\"edgtf-bl-item clearfix\">\n\t<div class=\"edgtf-bli-inner\">\n\t\t\n\t<div class=\"edgtf-post-image\">\n\t\t\t\t\t<a itemprop=\"url\" href=\"https:\/\/www.santjosep.net\/en\/5-ideas-cala-tarida\/\" title=\"5 ideas Cala Tarida\">\n\t\t\t\t\t\t\t\t\t<img loading=\"lazy\" decoding=\"async\" width=\"2000\" height=\"1500\" src=\"https:\/\/www.santjosep.net\/wp-content\/uploads\/2018\/09\/calatarida5ideas-1.jpg\" class=\"attachment-full size-full wp-post-image\" alt=\"\" srcset=\"https:\/\/www.santjosep.net\/wp-content\/uploads\/2018\/09\/calatarida5ideas-1.jpg 2000w, https:\/\/www.santjosep.net\/wp-content\/uploads\/2018\/09\/calatarida5ideas-1-300x225.jpg 300w, https:\/\/www.santjosep.net\/wp-content\/uploads\/2018\/09\/calatarida5ideas-1-1024x768.jpg 1024w, https:\/\/www.santjosep.net\/wp-content\/uploads\/2018\/09\/calatarida5ideas-1-768x576.jpg 768w, https:\/\/www.santjosep.net\/wp-content\/uploads\/2018\/09\/calatarida5ideas-1-1536x1152.jpg 1536w, https:\/\/www.santjosep.net\/wp-content\/uploads\/2018\/09\/calatarida5ideas-1-800x600.jpg 800w\" sizes=\"auto, (max-width: 2000px) 100vw, 2000px\" \/>\t\t\t\t\t\t\t\t<\/a>\n\t\t\t<\/div>\n        <div class=\"edgtf-bli-content\">\n                            <div class=\"edgtf-bli-date\">\n\t                <div itemprop=\"dateCreated\" class=\"edgtf-post-info-date entry-date published updated\">\n            <a itemprop=\"url\" href=\"https:\/\/www.santjosep.net\/en\/2018\/09\/\">\n    \n        15 September 2018        <\/a>\n    <meta itemprop=\"interactionCount\" content=\"UserComments: 0\"\/>\n<\/div>                <\/div>\n            \t\n\t        \n<h4 itemprop=\"name\" class=\"entry-title edgtf-post-title\" >\n            <a itemprop=\"url\" href=\"https:\/\/www.santjosep.net\/en\/5-ideas-cala-tarida\/\" title=\"5 ideas Cala Tarida\">\n            5 ideas Cala Tarida            <\/a>\n    <\/h4>\n\t        <div class=\"edgtf-bli-info\">\n\t\t        <div class=\"edgtf-post-info-category\">\n    <a href=\"https:\/\/www.santjosep.net\/en\/category\/beaches\/\" rel=\"category tag\">Beaches<\/a><\/div>\t        <\/div>\n\n\t        <div class=\"edgtf-bli-excerpt\">\n\t\t        \t\t<div class=\"edgtf-post-excerpt-holder\">\n\t\t\t<p itemprop=\"description\" class=\"edgtf-post-excerpt\">\n\t\t\t\tAn idyllic holiday in Ibiza features sunny days on the beach, swimming in the refreshing sea, walks and good food. Cala Tarida is a very special part of the island where you can enjoy all of these. It is located to the west and offers one of the most beautiful and spectacular coastal landscapes on the island.\r\n\r\nHere are our 5 top tips to make the most of the area.\r\n\r\n&nbsp;\r\nEATING OUT\r\n\r\n\r\nCala Tarida has several beach bars,\t\t\t<\/p>\n\t\t<\/div>\n\t\t\t        \t<div class=\"edgtf-post-read-more-button\">\n\t\t<a itemprop=\"url\" href=\"https:\/\/www.santjosep.net\/en\/5-ideas-cala-tarida\/\" target=\"_self\"  class=\"edgtf-btn edgtf-btn-medium edgtf-btn-simple edgtf-btn-switch-line edgtf-blog-list-button\"  >\t\t\t<span class=\"edgtf-btn-icon-element\"><\/span>\t\t<span class=\"edgtf-btn-text\">READ MORE<span class=\"edgtf-btn-text-line\" ><\/span><span class=\"edgtf-btn-switch-line\" ><\/span><\/span>\t<\/a>\t<\/div>\n\t        <\/div>\n        <\/div>\n\t<\/div>\n<\/li><li class=\"edgtf-bl-item clearfix\">\n\t<div class=\"edgtf-bli-inner\">\n\t\t\n\t<div class=\"edgtf-post-image\">\n\t\t\t\t\t<a itemprop=\"url\" href=\"https:\/\/www.santjosep.net\/en\/sant_josep_market\/\" title=\"Sant Josep Market\">\n\t\t\t\t\t\t\t\t\t<img loading=\"lazy\" decoding=\"async\" width=\"890\" height=\"667\" src=\"https:\/\/www.santjosep.net\/wp-content\/uploads\/2018\/07\/cover_videos_0008_P1190706.jpg\" class=\"attachment-full size-full wp-post-image\" alt=\"\" srcset=\"https:\/\/www.santjosep.net\/wp-content\/uploads\/2018\/07\/cover_videos_0008_P1190706.jpg 890w, https:\/\/www.santjosep.net\/wp-content\/uploads\/2018\/07\/cover_videos_0008_P1190706-300x225.jpg 300w, https:\/\/www.santjosep.net\/wp-content\/uploads\/2018\/07\/cover_videos_0008_P1190706-768x576.jpg 768w, https:\/\/www.santjosep.net\/wp-content\/uploads\/2018\/07\/cover_videos_0008_P1190706-800x600.jpg 800w\" sizes=\"auto, (max-width: 890px) 100vw, 890px\" \/>\t\t\t\t\t\t\t\t<\/a>\n\t\t\t<\/div>\n        <div class=\"edgtf-bli-content\">\n                            <div class=\"edgtf-bli-date\">\n\t                <div itemprop=\"dateCreated\" class=\"edgtf-post-info-date entry-date published updated\">\n            <a itemprop=\"url\" href=\"https:\/\/www.santjosep.net\/en\/2018\/07\/\">\n    \n        30 July 2018        <\/a>\n    <meta itemprop=\"interactionCount\" content=\"UserComments: 0\"\/>\n<\/div>                <\/div>\n            \t\n\t        \n<h4 itemprop=\"name\" class=\"entry-title edgtf-post-title\" >\n            <a itemprop=\"url\" href=\"https:\/\/www.santjosep.net\/en\/sant_josep_market\/\" title=\"Sant Josep Market\">\n            Sant Josep Market            <\/a>\n    <\/h4>\n\t        <div class=\"edgtf-bli-info\">\n\t\t        <div class=\"edgtf-post-info-category\">\n    <a href=\"https:\/\/www.santjosep.net\/en\/category\/video-en\/\" rel=\"category tag\">Video<\/a><\/div>\t        <\/div>\n\n\t        <div class=\"edgtf-bli-excerpt\">\n\t\t        \t\t<div class=\"edgtf-post-excerpt-holder\">\n\t\t\t<p itemprop=\"description\" class=\"edgtf-post-excerpt\">\n\t\t\t\tA market with handcrafted, local and organic products\r\nA meeting point for the people of our city and for the tourists who visit us every summer where you will be able to buy organic, handcrafted or locally elaborated products. Also, you will be able to taste the menus prepared by the retaurants of our city.\r\n\r\nFrom 2 June until 20 October, every Saturday from 9:030 AM until 01:30 PM.\t\t\t<\/p>\n\t\t<\/div>\n\t\t\t        \t<div class=\"edgtf-post-read-more-button\">\n\t\t<a itemprop=\"url\" href=\"https:\/\/www.santjosep.net\/en\/sant_josep_market\/\" target=\"_self\"  class=\"edgtf-btn edgtf-btn-medium edgtf-btn-simple edgtf-btn-switch-line edgtf-blog-list-button\"  >\t\t\t<span class=\"edgtf-btn-icon-element\"><\/span>\t\t<span class=\"edgtf-btn-text\">READ MORE<span class=\"edgtf-btn-text-line\" ><\/span><span class=\"edgtf-btn-switch-line\" ><\/span><\/span>\t<\/a>\t<\/div>\n\t        <\/div>\n        <\/div>\n\t<\/div>\n<\/li><li class=\"edgtf-bl-item clearfix\">\n\t<div class=\"edgtf-bli-inner\">\n\t\t\n\t<div class=\"edgtf-post-image\">\n\t\t\t\t\t<a itemprop=\"url\" href=\"https:\/\/www.santjosep.net\/en\/ruta-cala-carbo-cala-dhort-ses-paisses-cala-dhort-circular\/\" title=\"Cala Carb\u00f3 &#8211; Cala d&#8217;Hort &#8211; Ses Pa\u00efsses de Cala d&#8217;Hort Route (circular walk)\">\n\t\t\t\t\t\t\t\t\t<img loading=\"lazy\" decoding=\"async\" width=\"2000\" height=\"1500\" src=\"https:\/\/www.santjosep.net\/wp-content\/uploads\/2018\/07\/12lugaressantjosep_esvedra-1.jpg\" class=\"attachment-full size-full wp-post-image\" alt=\"\" srcset=\"https:\/\/www.santjosep.net\/wp-content\/uploads\/2018\/07\/12lugaressantjosep_esvedra-1.jpg 2000w, https:\/\/www.santjosep.net\/wp-content\/uploads\/2018\/07\/12lugaressantjosep_esvedra-1-300x225.jpg 300w, https:\/\/www.santjosep.net\/wp-content\/uploads\/2018\/07\/12lugaressantjosep_esvedra-1-1024x768.jpg 1024w, https:\/\/www.santjosep.net\/wp-content\/uploads\/2018\/07\/12lugaressantjosep_esvedra-1-768x576.jpg 768w, https:\/\/www.santjosep.net\/wp-content\/uploads\/2018\/07\/12lugaressantjosep_esvedra-1-1536x1152.jpg 1536w, https:\/\/www.santjosep.net\/wp-content\/uploads\/2018\/07\/12lugaressantjosep_esvedra-1-800x600.jpg 800w\" sizes=\"auto, (max-width: 2000px) 100vw, 2000px\" \/>\t\t\t\t\t\t\t\t<\/a>\n\t\t\t<\/div>\n        <div class=\"edgtf-bli-content\">\n                            <div class=\"edgtf-bli-date\">\n\t                <div itemprop=\"dateCreated\" class=\"edgtf-post-info-date entry-date published updated\">\n            <a itemprop=\"url\" href=\"https:\/\/www.santjosep.net\/en\/2018\/07\/\">\n    \n        4 July 2018        <\/a>\n    <meta itemprop=\"interactionCount\" content=\"UserComments: 0\"\/>\n<\/div>                <\/div>\n            \t\n\t        \n<h4 itemprop=\"name\" class=\"entry-title edgtf-post-title\" >\n            <a itemprop=\"url\" href=\"https:\/\/www.santjosep.net\/en\/ruta-cala-carbo-cala-dhort-ses-paisses-cala-dhort-circular\/\" title=\"Cala Carb\u00f3 &#8211; Cala d&#8217;Hort &#8211; Ses Pa\u00efsses de Cala d&#8217;Hort Route (circular walk)\">\n            Cala Carb\u00f3 &#8211; Cala d&#8217;Hort &#8211; Ses Pa\u00efsses de Cala d&#8217;Hort Route (circular walk)            <\/a>\n    <\/h4>\n\t        <div class=\"edgtf-bli-info\">\n\t\t        <div class=\"edgtf-post-info-category\">\n    <a href=\"https:\/\/www.santjosep.net\/en\/category\/routes\/\" rel=\"category tag\">Routes<\/a>, <a href=\"https:\/\/www.santjosep.net\/en\/category\/walks\/\" rel=\"category tag\">Walks<\/a><\/div>\t        <\/div>\n\n\t        <div class=\"edgtf-bli-excerpt\">\n\t\t        \t\t<div class=\"edgtf-post-excerpt-holder\">\n\t\t\t<p itemprop=\"description\" class=\"edgtf-post-excerpt\">\n\t\t\t\tA beautiful route along which you will visit two of the island's finest beaches whilst enjoying spectacular views of the islet of Es Vedr\u00e0 and learning a little more about the history of Ibiza. This is a route with fantastic sea views and pleasant walks in the heart of the countryside where walkers can take refuge from the sun under large pine trees. It is a relatively easy walk, just 5.8 km including 100 metres\t\t\t<\/p>\n\t\t<\/div>\n\t\t\t        \t<div class=\"edgtf-post-read-more-button\">\n\t\t<a itemprop=\"url\" href=\"https:\/\/www.santjosep.net\/en\/ruta-cala-carbo-cala-dhort-ses-paisses-cala-dhort-circular\/\" target=\"_self\"  class=\"edgtf-btn edgtf-btn-medium edgtf-btn-simple edgtf-btn-switch-line edgtf-blog-list-button\"  >\t\t\t<span class=\"edgtf-btn-icon-element\"><\/span>\t\t<span class=\"edgtf-btn-text\">READ MORE<span class=\"edgtf-btn-text-line\" ><\/span><span class=\"edgtf-btn-switch-line\" ><\/span><\/span>\t<\/a>\t<\/div>\n\t        <\/div>\n        <\/div>\n\t<\/div>\n<\/li><li class=\"edgtf-bl-item clearfix\">\n\t<div class=\"edgtf-bli-inner\">\n\t\t\n\t<div class=\"edgtf-post-image\">\n\t\t\t\t\t<a itemprop=\"url\" href=\"https:\/\/www.santjosep.net\/en\/la-iglesia-sant-josep\/\" title=\"Sant Josep church\">\n\t\t\t\t\t\t\t\t\t<img loading=\"lazy\" decoding=\"async\" width=\"2000\" height=\"1500\" src=\"https:\/\/www.santjosep.net\/wp-content\/uploads\/2018\/05\/iglesiasanjosep.jpg\" class=\"attachment-full size-full wp-post-image\" alt=\"\" srcset=\"https:\/\/www.santjosep.net\/wp-content\/uploads\/2018\/05\/iglesiasanjosep.jpg 2000w, https:\/\/www.santjosep.net\/wp-content\/uploads\/2018\/05\/iglesiasanjosep-300x225.jpg 300w, https:\/\/www.santjosep.net\/wp-content\/uploads\/2018\/05\/iglesiasanjosep-1024x768.jpg 1024w, https:\/\/www.santjosep.net\/wp-content\/uploads\/2018\/05\/iglesiasanjosep-768x576.jpg 768w, https:\/\/www.santjosep.net\/wp-content\/uploads\/2018\/05\/iglesiasanjosep-1536x1152.jpg 1536w, https:\/\/www.santjosep.net\/wp-content\/uploads\/2018\/05\/iglesiasanjosep-800x600.jpg 800w\" sizes=\"auto, (max-width: 2000px) 100vw, 2000px\" \/>\t\t\t\t\t\t\t\t<\/a>\n\t\t\t<\/div>\n        <div class=\"edgtf-bli-content\">\n                            <div class=\"edgtf-bli-date\">\n\t                <div itemprop=\"dateCreated\" class=\"edgtf-post-info-date entry-date published updated\">\n            <a itemprop=\"url\" href=\"https:\/\/www.santjosep.net\/en\/2018\/05\/\">\n    \n        7 May 2018        <\/a>\n    <meta itemprop=\"interactionCount\" content=\"UserComments: 0\"\/>\n<\/div>                <\/div>\n            \t\n\t        \n<h4 itemprop=\"name\" class=\"entry-title edgtf-post-title\" >\n            <a itemprop=\"url\" href=\"https:\/\/www.santjosep.net\/en\/la-iglesia-sant-josep\/\" title=\"Sant Josep church\">\n            Sant Josep church            <\/a>\n    <\/h4>\n\t        <div class=\"edgtf-bli-info\">\n\t\t        <div class=\"edgtf-post-info-category\">\n    <a href=\"https:\/\/www.santjosep.net\/en\/category\/villages\/\" rel=\"category tag\">Villages<\/a><\/div>\t        <\/div>\n\n\t        <div class=\"edgtf-bli-excerpt\">\n\t\t        \t\t<div class=\"edgtf-post-excerpt-holder\">\n\t\t\t<p itemprop=\"description\" class=\"edgtf-post-excerpt\">\n\t\t\t\tThis imposing fortified church is in the heart of the village of Sant Josep. St. Joseph is patron of the Universal Church and he is also the patron saint of our local church.\r\n\r\nAfter the conquest of Catalonia, the island was divided into 4 quarters: the Salines quarter, the Portmany quarter, the Balansat quarter and the Santa Eul\u00e0ria quarter.\r\n\r\n\r\n\r\nIn 1726, the inhabitants of the southern part of Portmany (des Vedrans and Benimussa) asked the Archbishop of\t\t\t<\/p>\n\t\t<\/div>\n\t\t\t        \t<div class=\"edgtf-post-read-more-button\">\n\t\t<a itemprop=\"url\" href=\"https:\/\/www.santjosep.net\/en\/la-iglesia-sant-josep\/\" target=\"_self\"  class=\"edgtf-btn edgtf-btn-medium edgtf-btn-simple edgtf-btn-switch-line edgtf-blog-list-button\"  >\t\t\t<span class=\"edgtf-btn-icon-element\"><\/span>\t\t<span class=\"edgtf-btn-text\">READ MORE<span class=\"edgtf-btn-text-line\" ><\/span><span class=\"edgtf-btn-switch-line\" ><\/span><\/span>\t<\/a>\t<\/div>\n\t        <\/div>\n        <\/div>\n\t<\/div>\n<\/li><li class=\"edgtf-bl-item clearfix\">\n\t<div class=\"edgtf-bli-inner\">\n\t\t\n\t<div class=\"edgtf-post-image\">\n\t\t\t\t\t<a itemprop=\"url\" href=\"https:\/\/www.santjosep.net\/en\/turismo-activo-sant-josep\/\" title=\"Active Tourism in Sant Josep\">\n\t\t\t\t\t\t\t\t\t<img loading=\"lazy\" decoding=\"async\" width=\"2000\" height=\"1500\" src=\"https:\/\/www.santjosep.net\/wp-content\/uploads\/2018\/04\/II-Fira-de-la-Sal__SGC5420-1.jpg\" class=\"attachment-full size-full wp-post-image\" alt=\"\" srcset=\"https:\/\/www.santjosep.net\/wp-content\/uploads\/2018\/04\/II-Fira-de-la-Sal__SGC5420-1.jpg 2000w, https:\/\/www.santjosep.net\/wp-content\/uploads\/2018\/04\/II-Fira-de-la-Sal__SGC5420-1-300x225.jpg 300w, https:\/\/www.santjosep.net\/wp-content\/uploads\/2018\/04\/II-Fira-de-la-Sal__SGC5420-1-1024x768.jpg 1024w, https:\/\/www.santjosep.net\/wp-content\/uploads\/2018\/04\/II-Fira-de-la-Sal__SGC5420-1-768x576.jpg 768w, https:\/\/www.santjosep.net\/wp-content\/uploads\/2018\/04\/II-Fira-de-la-Sal__SGC5420-1-1536x1152.jpg 1536w, https:\/\/www.santjosep.net\/wp-content\/uploads\/2018\/04\/II-Fira-de-la-Sal__SGC5420-1-800x600.jpg 800w\" sizes=\"auto, (max-width: 2000px) 100vw, 2000px\" \/>\t\t\t\t\t\t\t\t<\/a>\n\t\t\t<\/div>\n        <div class=\"edgtf-bli-content\">\n                            <div class=\"edgtf-bli-date\">\n\t                <div itemprop=\"dateCreated\" class=\"edgtf-post-info-date entry-date published updated\">\n            <a itemprop=\"url\" href=\"https:\/\/www.santjosep.net\/en\/2018\/04\/\">\n    \n        24 April 2018        <\/a>\n    <meta itemprop=\"interactionCount\" content=\"UserComments: 0\"\/>\n<\/div>                <\/div>\n            \t\n\t        \n<h4 itemprop=\"name\" class=\"entry-title edgtf-post-title\" >\n            <a itemprop=\"url\" href=\"https:\/\/www.santjosep.net\/en\/turismo-activo-sant-josep\/\" title=\"Active Tourism in Sant Josep\">\n            Active Tourism in Sant Josep            <\/a>\n    <\/h4>\n\t        <div class=\"edgtf-bli-info\">\n\t\t        <div class=\"edgtf-post-info-category\">\n    <a href=\"https:\/\/www.santjosep.net\/en\/category\/routes\/\" rel=\"category tag\">Routes<\/a>, <a href=\"https:\/\/www.santjosep.net\/en\/category\/walks\/\" rel=\"category tag\">Walks<\/a><\/div>\t        <\/div>\n\n\t        <div class=\"edgtf-bli-excerpt\">\n\t\t        \t\t<div class=\"edgtf-post-excerpt-holder\">\n\t\t\t<p itemprop=\"description\" class=\"edgtf-post-excerpt\">\n\t\t\t\tThe landscape and climate of the Balearic Islands is conducive to the practice of outdoor sports almost all year round. And, without a doubt, the municipality of Sant Josep is the perfect destination to explore the islands by land and sea. Its mountains, seabeds, villages and hidden bays provide the perfect setting for outdoor activities in the heart of nature.\r\n\r\n&nbsp;\r\nDiving\r\nThe municipality of Sant Josep covers almost the entire southern half of the island, so you\t\t\t<\/p>\n\t\t<\/div>\n\t\t\t        \t<div class=\"edgtf-post-read-more-button\">\n\t\t<a itemprop=\"url\" href=\"https:\/\/www.santjosep.net\/en\/turismo-activo-sant-josep\/\" target=\"_self\"  class=\"edgtf-btn edgtf-btn-medium edgtf-btn-simple edgtf-btn-switch-line edgtf-blog-list-button\"  >\t\t\t<span class=\"edgtf-btn-icon-element\"><\/span>\t\t<span class=\"edgtf-btn-text\">READ MORE<span class=\"edgtf-btn-text-line\" ><\/span><span class=\"edgtf-btn-switch-line\" ><\/span><\/span>\t<\/a>\t<\/div>\n\t        <\/div>\n        <\/div>\n\t<\/div>\n<\/li><li class=\"edgtf-bl-item clearfix\">\n\t<div class=\"edgtf-bli-inner\">\n\t\t\n\t<div class=\"edgtf-post-image\">\n\t\t\t\t\t<a itemprop=\"url\" href=\"https:\/\/www.santjosep.net\/en\/pure-nature-ses-salines\/\" title=\"Pure nature, Ses Salines beach in Ibiza\">\n\t\t\t\t\t\t\t\t\t<img loading=\"lazy\" decoding=\"async\" width=\"2000\" height=\"1500\" src=\"https:\/\/www.santjosep.net\/wp-content\/uploads\/2018\/02\/naturalezaenestadopuro.jpg\" class=\"attachment-full size-full wp-post-image\" alt=\"\" srcset=\"https:\/\/www.santjosep.net\/wp-content\/uploads\/2018\/02\/naturalezaenestadopuro.jpg 2000w, https:\/\/www.santjosep.net\/wp-content\/uploads\/2018\/02\/naturalezaenestadopuro-300x225.jpg 300w, https:\/\/www.santjosep.net\/wp-content\/uploads\/2018\/02\/naturalezaenestadopuro-1024x768.jpg 1024w, https:\/\/www.santjosep.net\/wp-content\/uploads\/2018\/02\/naturalezaenestadopuro-768x576.jpg 768w, https:\/\/www.santjosep.net\/wp-content\/uploads\/2018\/02\/naturalezaenestadopuro-1536x1152.jpg 1536w, https:\/\/www.santjosep.net\/wp-content\/uploads\/2018\/02\/naturalezaenestadopuro-800x600.jpg 800w\" sizes=\"auto, (max-width: 2000px) 100vw, 2000px\" \/>\t\t\t\t\t\t\t\t<\/a>\n\t\t\t<\/div>\n        <div class=\"edgtf-bli-content\">\n                            <div class=\"edgtf-bli-date\">\n\t                <div itemprop=\"dateCreated\" class=\"edgtf-post-info-date entry-date published updated\">\n            <a itemprop=\"url\" href=\"https:\/\/www.santjosep.net\/en\/2018\/02\/\">\n    \n        27 February 2018        <\/a>\n    <meta itemprop=\"interactionCount\" content=\"UserComments: 0\"\/>\n<\/div>                <\/div>\n            \t\n\t        \n<h4 itemprop=\"name\" class=\"entry-title edgtf-post-title\" >\n            <a itemprop=\"url\" href=\"https:\/\/www.santjosep.net\/en\/pure-nature-ses-salines\/\" title=\"Pure nature, Ses Salines beach in Ibiza\">\n            Pure nature, Ses Salines beach in Ibiza            <\/a>\n    <\/h4>\n\t        <div class=\"edgtf-bli-info\">\n\t\t        <div class=\"edgtf-post-info-category\">\n    <a href=\"https:\/\/www.santjosep.net\/en\/category\/areas\/\" rel=\"category tag\">Areas<\/a>, <a href=\"https:\/\/www.santjosep.net\/en\/category\/walks\/\" rel=\"category tag\">Walks<\/a><\/div>\t        <\/div>\n\n\t        <div class=\"edgtf-bli-excerpt\">\n\t\t        \t\t<div class=\"edgtf-post-excerpt-holder\">\n\t\t\t<p itemprop=\"description\" class=\"edgtf-post-excerpt\">\n\t\t\t\tIn this area is still extracted and exported large amounts of sea salt. In fact, from the main road you can see the amazing white mountains of salt ready to be refined. For centuries, the salt was the livelihood of many families on the island. The \u201csalineros\u201d (the people who work extracting the sea salt) are recognised for their hard work with a statue next to the church of Sant Francesc de Ses Salines.\r\n\r\n&nbsp;\r\nSes Salines\t\t\t<\/p>\n\t\t<\/div>\n\t\t\t        \t<div class=\"edgtf-post-read-more-button\">\n\t\t<a itemprop=\"url\" href=\"https:\/\/www.santjosep.net\/en\/pure-nature-ses-salines\/\" target=\"_self\"  class=\"edgtf-btn edgtf-btn-medium edgtf-btn-simple edgtf-btn-switch-line edgtf-blog-list-button\"  >\t\t\t<span class=\"edgtf-btn-icon-element\"><\/span>\t\t<span class=\"edgtf-btn-text\">READ MORE<span class=\"edgtf-btn-text-line\" ><\/span><span class=\"edgtf-btn-switch-line\" ><\/span><\/span>\t<\/a>\t<\/div>\n\t        <\/div>\n        <\/div>\n\t<\/div>\n<\/li><li class=\"edgtf-bl-item clearfix\">\n\t<div class=\"edgtf-bli-inner\">\n\t\t\n\t<div class=\"edgtf-post-image\">\n\t\t\t\t\t<a itemprop=\"url\" href=\"https:\/\/www.santjosep.net\/en\/la-posidonia-oceanica\/\" title=\"The Posidonia Oce\u00e1nica\">\n\t\t\t\t\t\t\t\t\t<img loading=\"lazy\" decoding=\"async\" width=\"2000\" height=\"1500\" src=\"https:\/\/www.santjosep.net\/wp-content\/uploads\/2018\/01\/posidonia2-1.jpg\" class=\"attachment-full size-full wp-post-image\" alt=\"\" srcset=\"https:\/\/www.santjosep.net\/wp-content\/uploads\/2018\/01\/posidonia2-1.jpg 2000w, https:\/\/www.santjosep.net\/wp-content\/uploads\/2018\/01\/posidonia2-1-300x225.jpg 300w, https:\/\/www.santjosep.net\/wp-content\/uploads\/2018\/01\/posidonia2-1-1024x768.jpg 1024w, https:\/\/www.santjosep.net\/wp-content\/uploads\/2018\/01\/posidonia2-1-768x576.jpg 768w, https:\/\/www.santjosep.net\/wp-content\/uploads\/2018\/01\/posidonia2-1-1536x1152.jpg 1536w, https:\/\/www.santjosep.net\/wp-content\/uploads\/2018\/01\/posidonia2-1-800x600.jpg 800w\" sizes=\"auto, (max-width: 2000px) 100vw, 2000px\" \/>\t\t\t\t\t\t\t\t<\/a>\n\t\t\t<\/div>\n        <div class=\"edgtf-bli-content\">\n                            <div class=\"edgtf-bli-date\">\n\t                <div itemprop=\"dateCreated\" class=\"edgtf-post-info-date entry-date published updated\">\n            <a itemprop=\"url\" href=\"https:\/\/www.santjosep.net\/en\/2018\/01\/\">\n    \n        25 January 2018        <\/a>\n    <meta itemprop=\"interactionCount\" content=\"UserComments: 0\"\/>\n<\/div>                <\/div>\n            \t\n\t        \n<h4 itemprop=\"name\" class=\"entry-title edgtf-post-title\" >\n            <a itemprop=\"url\" href=\"https:\/\/www.santjosep.net\/en\/la-posidonia-oceanica\/\" title=\"The Posidonia Oce\u00e1nica\">\n            The Posidonia Oce\u00e1nica            <\/a>\n    <\/h4>\n\t        <div class=\"edgtf-bli-info\">\n\t\t        <div class=\"edgtf-post-info-category\">\n    <a href=\"https:\/\/www.santjosep.net\/en\/category\/heritage-en\/\" rel=\"category tag\">Heritage<\/a>, <a href=\"https:\/\/www.santjosep.net\/en\/category\/uncategorized\/\" rel=\"category tag\">Uncategorized<\/a><\/div>\t        <\/div>\n\n\t        <div class=\"edgtf-bli-excerpt\">\n\t\t        \t\t<div class=\"edgtf-post-excerpt-holder\">\n\t\t\t<p itemprop=\"description\" class=\"edgtf-post-excerpt\">\n\t\t\t\tOne thing that surprises everyone who comes to our coast for the first time is how clear the sea water is. And, as many of you already know, this is thanks to the presence of the wonderful Posidonia plant on the Balearic coasts.\r\n\r\n&nbsp;\r\n\r\nThe Balearic Islands and Pityusic Islands (Ibiza, Formentera and other small islets) are home to some 750 km2 of Posidonia meadows growing on sandy seabeds and, in some cases, on rocky seabeds. These\t\t\t<\/p>\n\t\t<\/div>\n\t\t\t        \t<div class=\"edgtf-post-read-more-button\">\n\t\t<a itemprop=\"url\" href=\"https:\/\/www.santjosep.net\/en\/la-posidonia-oceanica\/\" target=\"_self\"  class=\"edgtf-btn edgtf-btn-medium edgtf-btn-simple edgtf-btn-switch-line edgtf-blog-list-button\"  >\t\t\t<span class=\"edgtf-btn-icon-element\"><\/span>\t\t<span class=\"edgtf-btn-text\">READ MORE<span class=\"edgtf-btn-text-line\" ><\/span><span class=\"edgtf-btn-switch-line\" ><\/span><\/span>\t<\/a>\t<\/div>\n\t        <\/div>\n        <\/div>\n\t<\/div>\n<\/li><li class=\"edgtf-bl-item clearfix\">\n\t<div class=\"edgtf-bli-inner\">\n\t\t\n\t<div class=\"edgtf-post-image\">\n\t\t\t\t\t<a itemprop=\"url\" href=\"https:\/\/www.santjosep.net\/en\/walks_escubells_calallentrisca\/\" title=\"Es Cubells to Cala Llentrisca bay route\">\n\t\t\t\t\t\t\t\t\t<img loading=\"lazy\" decoding=\"async\" width=\"2000\" height=\"1500\" src=\"https:\/\/www.santjosep.net\/wp-content\/uploads\/2017\/12\/Ruta-desde-Es-Cubells-a-Cala-Llentrisca-.jpg\" class=\"attachment-full size-full wp-post-image\" alt=\"\" srcset=\"https:\/\/www.santjosep.net\/wp-content\/uploads\/2017\/12\/Ruta-desde-Es-Cubells-a-Cala-Llentrisca-.jpg 2000w, https:\/\/www.santjosep.net\/wp-content\/uploads\/2017\/12\/Ruta-desde-Es-Cubells-a-Cala-Llentrisca--300x225.jpg 300w, https:\/\/www.santjosep.net\/wp-content\/uploads\/2017\/12\/Ruta-desde-Es-Cubells-a-Cala-Llentrisca--1024x768.jpg 1024w, https:\/\/www.santjosep.net\/wp-content\/uploads\/2017\/12\/Ruta-desde-Es-Cubells-a-Cala-Llentrisca--768x576.jpg 768w, https:\/\/www.santjosep.net\/wp-content\/uploads\/2017\/12\/Ruta-desde-Es-Cubells-a-Cala-Llentrisca--1536x1152.jpg 1536w, https:\/\/www.santjosep.net\/wp-content\/uploads\/2017\/12\/Ruta-desde-Es-Cubells-a-Cala-Llentrisca--800x600.jpg 800w\" sizes=\"auto, (max-width: 2000px) 100vw, 2000px\" \/>\t\t\t\t\t\t\t\t<\/a>\n\t\t\t<\/div>\n        <div class=\"edgtf-bli-content\">\n                            <div class=\"edgtf-bli-date\">\n\t                <div itemprop=\"dateCreated\" class=\"edgtf-post-info-date entry-date published updated\">\n            <a itemprop=\"url\" href=\"https:\/\/www.santjosep.net\/en\/2017\/12\/\">\n    \n        29 December 2017        <\/a>\n    <meta itemprop=\"interactionCount\" content=\"UserComments: 0\"\/>\n<\/div>                <\/div>\n            \t\n\t        \n<h4 itemprop=\"name\" class=\"entry-title edgtf-post-title\" >\n            <a itemprop=\"url\" href=\"https:\/\/www.santjosep.net\/en\/walks_escubells_calallentrisca\/\" title=\"Es Cubells to Cala Llentrisca bay route\">\n            Es Cubells to Cala Llentrisca bay route            <\/a>\n    <\/h4>\n\t        <div class=\"edgtf-bli-info\">\n\t\t        <div class=\"edgtf-post-info-category\">\n    <a href=\"https:\/\/www.santjosep.net\/en\/category\/routes\/\" rel=\"category tag\">Routes<\/a>, <a href=\"https:\/\/www.santjosep.net\/en\/category\/walks\/\" rel=\"category tag\">Walks<\/a><\/div>\t        <\/div>\n\n\t        <div class=\"edgtf-bli-excerpt\">\n\t\t        \t\t<div class=\"edgtf-post-excerpt-holder\">\n\t\t\t<p itemprop=\"description\" class=\"edgtf-post-excerpt\">\n\t\t\t\tThe village of Es Cubells is perched on the edge of a spectacular cliff to the south of Sant Josep. Its spectacular setting means that walkers on this route enjoy exceptional views as they gaze at the ocean, enjoy nature and discover hidden beaches away from the summer crowds. Although it is a medium to high difficulty route there is really no cause for concern. \u00a0It is a quiet walk with some steep but short\t\t\t<\/p>\n\t\t<\/div>\n\t\t\t        \t<div class=\"edgtf-post-read-more-button\">\n\t\t<a itemprop=\"url\" href=\"https:\/\/www.santjosep.net\/en\/walks_escubells_calallentrisca\/\" target=\"_self\"  class=\"edgtf-btn edgtf-btn-medium edgtf-btn-simple edgtf-btn-switch-line edgtf-blog-list-button\"  >\t\t\t<span class=\"edgtf-btn-icon-element\"><\/span>\t\t<span class=\"edgtf-btn-text\">READ MORE<span class=\"edgtf-btn-text-line\" ><\/span><span class=\"edgtf-btn-switch-line\" ><\/span><\/span>\t<\/a>\t<\/div>\n\t        <\/div>\n        <\/div>\n\t<\/div>\n<\/li><li class=\"edgtf-bl-item clearfix\">\n\t<div class=\"edgtf-bli-inner\">\n\t\t\n\t<div class=\"edgtf-post-image\">\n\t\t\t\t\t<a itemprop=\"url\" href=\"https:\/\/www.santjosep.net\/en\/fira-la-sal\/\" title=\"Fira de la Sal\">\n\t\t\t\t\t\t\t\t\t<img loading=\"lazy\" decoding=\"async\" width=\"2000\" height=\"1500\" src=\"https:\/\/www.santjosep.net\/wp-content\/uploads\/2017\/11\/firadelasal.jpg\" class=\"attachment-full size-full wp-post-image\" alt=\"\" srcset=\"https:\/\/www.santjosep.net\/wp-content\/uploads\/2017\/11\/firadelasal.jpg 2000w, https:\/\/www.santjosep.net\/wp-content\/uploads\/2017\/11\/firadelasal-300x225.jpg 300w, https:\/\/www.santjosep.net\/wp-content\/uploads\/2017\/11\/firadelasal-1024x768.jpg 1024w, https:\/\/www.santjosep.net\/wp-content\/uploads\/2017\/11\/firadelasal-768x576.jpg 768w, https:\/\/www.santjosep.net\/wp-content\/uploads\/2017\/11\/firadelasal-1536x1152.jpg 1536w, https:\/\/www.santjosep.net\/wp-content\/uploads\/2017\/11\/firadelasal-800x600.jpg 800w\" sizes=\"auto, (max-width: 2000px) 100vw, 2000px\" \/>\t\t\t\t\t\t\t\t<\/a>\n\t\t\t<\/div>\n        <div class=\"edgtf-bli-content\">\n                            <div class=\"edgtf-bli-date\">\n\t                <div itemprop=\"dateCreated\" class=\"edgtf-post-info-date entry-date published updated\">\n            <a itemprop=\"url\" href=\"https:\/\/www.santjosep.net\/en\/2017\/11\/\">\n    \n        23 November 2017        <\/a>\n    <meta itemprop=\"interactionCount\" content=\"UserComments: 0\"\/>\n<\/div>                <\/div>\n            \t\n\t        \n<h4 itemprop=\"name\" class=\"entry-title edgtf-post-title\" >\n            <a itemprop=\"url\" href=\"https:\/\/www.santjosep.net\/en\/fira-la-sal\/\" title=\"Fira de la Sal\">\n            Fira de la Sal            <\/a>\n    <\/h4>\n\t        <div class=\"edgtf-bli-info\">\n\t\t        <div class=\"edgtf-post-info-category\">\n    <a href=\"https:\/\/www.santjosep.net\/en\/category\/events-en\/\" rel=\"category tag\">Events<\/a><\/div>\t        <\/div>\n\n\t        <div class=\"edgtf-bli-excerpt\">\n\t\t        \t\t<div class=\"edgtf-post-excerpt-holder\">\n\t\t\t<p itemprop=\"description\" class=\"edgtf-post-excerpt\">\n\t\t\t\tThe Salt Festival is celebrated in October and represents a new tourist and cultural event destined to promote local heritage and culture. \r\n\r\nOrganised jointly by the Town Council of Sant Josep, Eivissa Council and the Nature Reserve Ses Salines d'Eivissa i Formentera, the Feria de la Sal aims to pay tribute and to remember the people who worked in the salt-pans and to use a variety of activities throughout the day to promote awareness of\t\t\t<\/p>\n\t\t<\/div>\n\t\t\t        \t<div class=\"edgtf-post-read-more-button\">\n\t\t<a itemprop=\"url\" href=\"https:\/\/www.santjosep.net\/en\/fira-la-sal\/\" target=\"_self\"  class=\"edgtf-btn edgtf-btn-medium edgtf-btn-simple edgtf-btn-switch-line edgtf-blog-list-button\"  >\t\t\t<span class=\"edgtf-btn-icon-element\"><\/span>\t\t<span class=\"edgtf-btn-text\">READ MORE<span class=\"edgtf-btn-text-line\" ><\/span><span class=\"edgtf-btn-switch-line\" ><\/span><\/span>\t<\/a>\t<\/div>\n\t        <\/div>\n        <\/div>\n\t<\/div>\n<\/li><li class=\"edgtf-bl-item clearfix\">\n\t<div class=\"edgtf-bli-inner\">\n\t\t\n\t<div class=\"edgtf-post-image\">\n\t\t\t\t\t<a itemprop=\"url\" href=\"https:\/\/www.santjosep.net\/en\/12-instagrammable-places-sant-josep-ibiza\/\" title=\"The 12 most Instagrammable Places in Sant Josep\">\n\t\t\t\t\t\t\t\t\t<img loading=\"lazy\" decoding=\"async\" width=\"1500\" height=\"1125\" src=\"https:\/\/www.santjosep.net\/wp-content\/uploads\/2017\/10\/12lugaressantjosep_esvedra.jpg\" class=\"attachment-full size-full wp-post-image\" alt=\"\" srcset=\"https:\/\/www.santjosep.net\/wp-content\/uploads\/2017\/10\/12lugaressantjosep_esvedra.jpg 1500w, https:\/\/www.santjosep.net\/wp-content\/uploads\/2017\/10\/12lugaressantjosep_esvedra-300x225.jpg 300w, https:\/\/www.santjosep.net\/wp-content\/uploads\/2017\/10\/12lugaressantjosep_esvedra-1024x768.jpg 1024w, https:\/\/www.santjosep.net\/wp-content\/uploads\/2017\/10\/12lugaressantjosep_esvedra-768x576.jpg 768w, https:\/\/www.santjosep.net\/wp-content\/uploads\/2017\/10\/12lugaressantjosep_esvedra-800x600.jpg 800w\" sizes=\"auto, (max-width: 1500px) 100vw, 1500px\" \/>\t\t\t\t\t\t\t\t<\/a>\n\t\t\t<\/div>\n        <div class=\"edgtf-bli-content\">\n                            <div class=\"edgtf-bli-date\">\n\t                <div itemprop=\"dateCreated\" class=\"edgtf-post-info-date entry-date published updated\">\n            <a itemprop=\"url\" href=\"https:\/\/www.santjosep.net\/en\/2017\/10\/\">\n    \n        20 October 2017        <\/a>\n    <meta itemprop=\"interactionCount\" content=\"UserComments: 0\"\/>\n<\/div>                <\/div>\n            \t\n\t        \n<h4 itemprop=\"name\" class=\"entry-title edgtf-post-title\" >\n            <a itemprop=\"url\" href=\"https:\/\/www.santjosep.net\/en\/12-instagrammable-places-sant-josep-ibiza\/\" title=\"The 12 most Instagrammable Places in Sant Josep\">\n            The 12 most Instagrammable Places in Sant Josep            <\/a>\n    <\/h4>\n\t        <div class=\"edgtf-bli-info\">\n\t\t        <div class=\"edgtf-post-info-category\">\n    <a href=\"https:\/\/www.santjosep.net\/en\/category\/beaches\/\" rel=\"category tag\">Beaches<\/a>, <a href=\"https:\/\/www.santjosep.net\/en\/category\/sunsets\/\" rel=\"category tag\">Sunsets<\/a>, <a href=\"https:\/\/www.santjosep.net\/en\/category\/villages\/\" rel=\"category tag\">Villages<\/a><\/div>\t        <\/div>\n\n\t        <div class=\"edgtf-bli-excerpt\">\n\t\t        \t\t<div class=\"edgtf-post-excerpt-holder\">\n\t\t\t<p itemprop=\"description\" class=\"edgtf-post-excerpt\">\n\t\t\t\t[vc_row enable_hue_rotation=\"no\" enable_text_marquee=\"no\"][vc_column][vc_column_text]Be it because of its climate, its idyllic beaches, its charm, its cuisine, its atmosphere or its many contrasts, Ibiza is one of the most photographed islands in the world, and we know why. Some of the island\u2019s prettiest and most Instagram-worthy spots that showcase Ibiza\u2019s unrivalled natural beauty are in the municipality of Sant Josep.\r\n\r\nJust to whet your appetite here is a selection of the top 12 places to Instagram on your\t\t\t<\/p>\n\t\t<\/div>\n\t\t\t        \t<div class=\"edgtf-post-read-more-button\">\n\t\t<a itemprop=\"url\" href=\"https:\/\/www.santjosep.net\/en\/12-instagrammable-places-sant-josep-ibiza\/\" target=\"_self\"  class=\"edgtf-btn edgtf-btn-medium edgtf-btn-simple edgtf-btn-switch-line edgtf-blog-list-button\"  >\t\t\t<span class=\"edgtf-btn-icon-element\"><\/span>\t\t<span class=\"edgtf-btn-text\">READ MORE<span class=\"edgtf-btn-text-line\" ><\/span><span class=\"edgtf-btn-switch-line\" ><\/span><\/span>\t<\/a>\t<\/div>\n\t        <\/div>\n        <\/div>\n\t<\/div>\n<\/li><li class=\"edgtf-bl-item clearfix\">\n\t<div class=\"edgtf-bli-inner\">\n\t\t\n\t<div class=\"edgtf-post-image\">\n\t\t\t\t\t<a itemprop=\"url\" href=\"https:\/\/www.santjosep.net\/en\/bol-nou-sant-josep-ibiza\/\" title=\"Es Bol Nou in Sant Josep, Ibiza\">\n\t\t\t\t\t\t\t\t\t<img loading=\"lazy\" decoding=\"async\" width=\"890\" height=\"667\" src=\"https:\/\/www.santjosep.net\/wp-content\/uploads\/2017\/08\/cover_videos_0007_P1100828.jpg\" class=\"attachment-full size-full wp-post-image\" alt=\"\" srcset=\"https:\/\/www.santjosep.net\/wp-content\/uploads\/2017\/08\/cover_videos_0007_P1100828.jpg 890w, https:\/\/www.santjosep.net\/wp-content\/uploads\/2017\/08\/cover_videos_0007_P1100828-300x225.jpg 300w, https:\/\/www.santjosep.net\/wp-content\/uploads\/2017\/08\/cover_videos_0007_P1100828-768x576.jpg 768w, https:\/\/www.santjosep.net\/wp-content\/uploads\/2017\/08\/cover_videos_0007_P1100828-800x600.jpg 800w\" sizes=\"auto, (max-width: 890px) 100vw, 890px\" \/>\t\t\t\t\t\t\t\t<\/a>\n\t\t\t<\/div>\n        <div class=\"edgtf-bli-content\">\n                            <div class=\"edgtf-bli-date\">\n\t                <div itemprop=\"dateCreated\" class=\"edgtf-post-info-date entry-date published updated\">\n            <a itemprop=\"url\" href=\"https:\/\/www.santjosep.net\/en\/2017\/08\/\">\n    \n        31 August 2017        <\/a>\n    <meta itemprop=\"interactionCount\" content=\"UserComments: 0\"\/>\n<\/div>                <\/div>\n            \t\n\t        \n<h4 itemprop=\"name\" class=\"entry-title edgtf-post-title\" >\n            <a itemprop=\"url\" href=\"https:\/\/www.santjosep.net\/en\/bol-nou-sant-josep-ibiza\/\" title=\"Es Bol Nou in Sant Josep, Ibiza\">\n            Es Bol Nou in Sant Josep, Ibiza            <\/a>\n    <\/h4>\n\t        <div class=\"edgtf-bli-info\">\n\t\t        <div class=\"edgtf-post-info-category\">\n    <a href=\"https:\/\/www.santjosep.net\/en\/category\/areas\/\" rel=\"category tag\">Areas<\/a>, <a href=\"https:\/\/www.santjosep.net\/en\/category\/beaches\/\" rel=\"category tag\">Beaches<\/a>, <a href=\"https:\/\/www.santjosep.net\/en\/category\/video-en\/\" rel=\"category tag\">Video<\/a><\/div>\t        <\/div>\n\n\t        <div class=\"edgtf-bli-excerpt\">\n\t\t        \t\t<div class=\"edgtf-post-excerpt-holder\">\n\t\t\t<p itemprop=\"description\" class=\"edgtf-post-excerpt\">\n\t\t\t\tEs Bol Nou is a beach formed by a group of different sandy coves and beaches that alternate with pebbles and rocky areas; it is located between marine slopes and a closed bay. From Es Bol Nou we can emphasize the reddish colour of its cliffs, which contrast with the clear waters of this area. The Es Bol Nou beach is placed next to the Phoenician settlement and the fishing harbour of Sa Caleta, surrounded\t\t\t<\/p>\n\t\t<\/div>\n\t\t\t        \t<div class=\"edgtf-post-read-more-button\">\n\t\t<a itemprop=\"url\" href=\"https:\/\/www.santjosep.net\/en\/bol-nou-sant-josep-ibiza\/\" target=\"_self\"  class=\"edgtf-btn edgtf-btn-medium edgtf-btn-simple edgtf-btn-switch-line edgtf-blog-list-button\"  >\t\t\t<span class=\"edgtf-btn-icon-element\"><\/span>\t\t<span class=\"edgtf-btn-text\">READ MORE<span class=\"edgtf-btn-text-line\" ><\/span><span class=\"edgtf-btn-switch-line\" ><\/span><\/span>\t<\/a>\t<\/div>\n\t        <\/div>\n        <\/div>\n\t<\/div>\n<\/li><li class=\"edgtf-bl-item clearfix\">\n\t<div class=\"edgtf-bli-inner\">\n\t\t\n\t<div class=\"edgtf-post-image\">\n\t\t\t\t\t<a itemprop=\"url\" href=\"https:\/\/www.santjosep.net\/en\/6-platos-marineros-ibiza\/\" title=\"6 seafood dishes that offer a taste of Ibiza\">\n\t\t\t\t\t\t\t\t\t<img loading=\"lazy\" decoding=\"async\" width=\"890\" height=\"667\" src=\"https:\/\/www.santjosep.net\/wp-content\/uploads\/2017\/07\/cover_platosmarineros.jpg\" class=\"attachment-full size-full wp-post-image\" alt=\"\" srcset=\"https:\/\/www.santjosep.net\/wp-content\/uploads\/2017\/07\/cover_platosmarineros.jpg 890w, https:\/\/www.santjosep.net\/wp-content\/uploads\/2017\/07\/cover_platosmarineros-300x225.jpg 300w, https:\/\/www.santjosep.net\/wp-content\/uploads\/2017\/07\/cover_platosmarineros-768x576.jpg 768w, https:\/\/www.santjosep.net\/wp-content\/uploads\/2017\/07\/cover_platosmarineros-800x600.jpg 800w\" sizes=\"auto, (max-width: 890px) 100vw, 890px\" \/>\t\t\t\t\t\t\t\t<\/a>\n\t\t\t<\/div>\n        <div class=\"edgtf-bli-content\">\n                            <div class=\"edgtf-bli-date\">\n\t                <div itemprop=\"dateCreated\" class=\"edgtf-post-info-date entry-date published updated\">\n            <a itemprop=\"url\" href=\"https:\/\/www.santjosep.net\/en\/2017\/07\/\">\n    \n        14 July 2017        <\/a>\n    <meta itemprop=\"interactionCount\" content=\"UserComments: 0\"\/>\n<\/div>                <\/div>\n            \t\n\t        \n<h4 itemprop=\"name\" class=\"entry-title edgtf-post-title\" >\n            <a itemprop=\"url\" href=\"https:\/\/www.santjosep.net\/en\/6-platos-marineros-ibiza\/\" title=\"6 seafood dishes that offer a taste of Ibiza\">\n            6 seafood dishes that offer a taste of Ibiza            <\/a>\n    <\/h4>\n\t        <div class=\"edgtf-bli-info\">\n\t\t        <div class=\"edgtf-post-info-category\">\n    <a href=\"https:\/\/www.santjosep.net\/en\/category\/uncategorized\/\" rel=\"category tag\">Uncategorized<\/a><\/div>\t        <\/div>\n\n\t        <div class=\"edgtf-bli-excerpt\">\n\t\t        \t\t<div class=\"edgtf-post-excerpt-holder\">\n\t\t\t<p itemprop=\"description\" class=\"edgtf-post-excerpt\">\n\t\t\t\tOur island is famous the world over for many things ranging from its nightlife to relaxation and from its natural coastline to its delightful beaches but\t\t\t<\/p>\n\t\t<\/div>\n\t\t\t        \t<div class=\"edgtf-post-read-more-button\">\n\t\t<a itemprop=\"url\" href=\"https:\/\/www.santjosep.net\/en\/6-platos-marineros-ibiza\/\" target=\"_self\"  class=\"edgtf-btn edgtf-btn-medium edgtf-btn-simple edgtf-btn-switch-line edgtf-blog-list-button\"  >\t\t\t<span class=\"edgtf-btn-icon-element\"><\/span>\t\t<span class=\"edgtf-btn-text\">READ MORE<span class=\"edgtf-btn-text-line\" ><\/span><span class=\"edgtf-btn-switch-line\" ><\/span><\/span>\t<\/a>\t<\/div>\n\t        <\/div>\n        <\/div>\n\t<\/div>\n<\/li><li class=\"edgtf-bl-item clearfix\">\n\t<div class=\"edgtf-bli-inner\">\n\t\t\n\t<div class=\"edgtf-post-image\">\n\t\t\t\t\t<a itemprop=\"url\" href=\"https:\/\/www.santjosep.net\/en\/ses_boques_video\/\" title=\"Ses Boques in Sant Josep, Ibiza\">\n\t\t\t\t\t\t\t\t\t<img loading=\"lazy\" decoding=\"async\" width=\"890\" height=\"667\" src=\"https:\/\/www.santjosep.net\/wp-content\/uploads\/2017\/06\/cover_videos_0006_P1170132.jpg\" class=\"attachment-full size-full wp-post-image\" alt=\"\" srcset=\"https:\/\/www.santjosep.net\/wp-content\/uploads\/2017\/06\/cover_videos_0006_P1170132.jpg 890w, https:\/\/www.santjosep.net\/wp-content\/uploads\/2017\/06\/cover_videos_0006_P1170132-300x225.jpg 300w, https:\/\/www.santjosep.net\/wp-content\/uploads\/2017\/06\/cover_videos_0006_P1170132-768x576.jpg 768w, https:\/\/www.santjosep.net\/wp-content\/uploads\/2017\/06\/cover_videos_0006_P1170132-800x600.jpg 800w\" sizes=\"auto, (max-width: 890px) 100vw, 890px\" \/>\t\t\t\t\t\t\t\t<\/a>\n\t\t\t<\/div>\n        <div class=\"edgtf-bli-content\">\n                            <div class=\"edgtf-bli-date\">\n\t                <div itemprop=\"dateCreated\" class=\"edgtf-post-info-date entry-date published updated\">\n            <a itemprop=\"url\" href=\"https:\/\/www.santjosep.net\/en\/2017\/06\/\">\n    \n        23 June 2017        <\/a>\n    <meta itemprop=\"interactionCount\" content=\"UserComments: 0\"\/>\n<\/div>                <\/div>\n            \t\n\t        \n<h4 itemprop=\"name\" class=\"entry-title edgtf-post-title\" >\n            <a itemprop=\"url\" href=\"https:\/\/www.santjosep.net\/en\/ses_boques_video\/\" title=\"Ses Boques in Sant Josep, Ibiza\">\n            Ses Boques in Sant Josep, Ibiza            <\/a>\n    <\/h4>\n\t        <div class=\"edgtf-bli-info\">\n\t\t        <div class=\"edgtf-post-info-category\">\n    <a href=\"https:\/\/www.santjosep.net\/en\/category\/areas\/\" rel=\"category tag\">Areas<\/a>, <a href=\"https:\/\/www.santjosep.net\/en\/category\/beaches\/\" rel=\"category tag\">Beaches<\/a>, <a href=\"https:\/\/www.santjosep.net\/en\/category\/video-en\/\" rel=\"category tag\">Video<\/a><\/div>\t        <\/div>\n\n\t        <div class=\"edgtf-bli-excerpt\">\n\t\t        \t\t<div class=\"edgtf-post-excerpt-holder\">\n\t\t\t<p itemprop=\"description\" class=\"edgtf-post-excerpt\">\n\t\t\t\tSes Boques is a peaceful pebble beach below the cliffs of Es Cubells. It is special because of its small size and untouched landscape, which together are quite spectacular and unique. Due to its location by the open sea, on this beach there is usually a swell, which increases its natural beauty and still allows going for a swim. This beach is surrounded by coniferous trees along the cliffs and on the left end of\t\t\t<\/p>\n\t\t<\/div>\n\t\t\t        \t<div class=\"edgtf-post-read-more-button\">\n\t\t<a itemprop=\"url\" href=\"https:\/\/www.santjosep.net\/en\/ses_boques_video\/\" target=\"_self\"  class=\"edgtf-btn edgtf-btn-medium edgtf-btn-simple edgtf-btn-switch-line edgtf-blog-list-button\"  >\t\t\t<span class=\"edgtf-btn-icon-element\"><\/span>\t\t<span class=\"edgtf-btn-text\">READ MORE<span class=\"edgtf-btn-text-line\" ><\/span><span class=\"edgtf-btn-switch-line\" ><\/span><\/span>\t<\/a>\t<\/div>\n\t        <\/div>\n        <\/div>\n\t<\/div>\n<\/li><li class=\"edgtf-bl-item clearfix\">\n\t<div class=\"edgtf-bli-inner\">\n\t\t\n\t<div class=\"edgtf-post-image\">\n\t\t\t\t\t<a itemprop=\"url\" href=\"https:\/\/www.santjosep.net\/en\/cubells-sant-josep-ibiza\/\" title=\"Es Cubells in Sant Josep, Ibiza\">\n\t\t\t\t\t\t\t\t\t<img loading=\"lazy\" decoding=\"async\" width=\"1000\" height=\"667\" src=\"https:\/\/www.santjosep.net\/wp-content\/uploads\/2017\/06\/cover_escubells-1.jpg\" class=\"attachment-full size-full wp-post-image\" alt=\"\" srcset=\"https:\/\/www.santjosep.net\/wp-content\/uploads\/2017\/06\/cover_escubells-1.jpg 1000w, https:\/\/www.santjosep.net\/wp-content\/uploads\/2017\/06\/cover_escubells-1-300x200.jpg 300w, https:\/\/www.santjosep.net\/wp-content\/uploads\/2017\/06\/cover_escubells-1-768x512.jpg 768w\" sizes=\"auto, (max-width: 1000px) 100vw, 1000px\" \/>\t\t\t\t\t\t\t\t<\/a>\n\t\t\t<\/div>\n        <div class=\"edgtf-bli-content\">\n                            <div class=\"edgtf-bli-date\">\n\t                <div itemprop=\"dateCreated\" class=\"edgtf-post-info-date entry-date published updated\">\n            <a itemprop=\"url\" href=\"https:\/\/www.santjosep.net\/en\/2017\/06\/\">\n    \n        20 June 2017        <\/a>\n    <meta itemprop=\"interactionCount\" content=\"UserComments: 0\"\/>\n<\/div>                <\/div>\n            \t\n\t        \n<h4 itemprop=\"name\" class=\"entry-title edgtf-post-title\" >\n            <a itemprop=\"url\" href=\"https:\/\/www.santjosep.net\/en\/cubells-sant-josep-ibiza\/\" title=\"Es Cubells in Sant Josep, Ibiza\">\n            Es Cubells in Sant Josep, Ibiza            <\/a>\n    <\/h4>\n\t        <div class=\"edgtf-bli-info\">\n\t\t        <div class=\"edgtf-post-info-category\">\n    <a href=\"https:\/\/www.santjosep.net\/en\/category\/areas\/\" rel=\"category tag\">Areas<\/a>, <a href=\"https:\/\/www.santjosep.net\/en\/category\/beaches\/\" rel=\"category tag\">Beaches<\/a>, <a href=\"https:\/\/www.santjosep.net\/en\/category\/video-en\/\" rel=\"category tag\">Video<\/a>, <a href=\"https:\/\/www.santjosep.net\/en\/category\/villages\/\" rel=\"category tag\">Villages<\/a><\/div>\t        <\/div>\n\n\t        <div class=\"edgtf-bli-excerpt\">\n\t\t        \t\t<div class=\"edgtf-post-excerpt-holder\">\n\t\t\t<p itemprop=\"description\" class=\"edgtf-post-excerpt\">\n\t\t\t\tEs Cubells village is next to a cliff under which lays the Ses Bosques beach. In this village, we can find a monument erected in 1996 that pays tribute to the seamen. In Es Cubells it seems that time stands still and the beauty and the tranquility of the old days prevail. Here you will find more information about Platges de Comte.\u00a0here\t\t\t<\/p>\n\t\t<\/div>\n\t\t\t        \t<div class=\"edgtf-post-read-more-button\">\n\t\t<a itemprop=\"url\" href=\"https:\/\/www.santjosep.net\/en\/cubells-sant-josep-ibiza\/\" target=\"_self\"  class=\"edgtf-btn edgtf-btn-medium edgtf-btn-simple edgtf-btn-switch-line edgtf-blog-list-button\"  >\t\t\t<span class=\"edgtf-btn-icon-element\"><\/span>\t\t<span class=\"edgtf-btn-text\">READ MORE<span class=\"edgtf-btn-text-line\" ><\/span><span class=\"edgtf-btn-switch-line\" ><\/span><\/span>\t<\/a>\t<\/div>\n\t        <\/div>\n        <\/div>\n\t<\/div>\n<\/li><li class=\"edgtf-bl-item clearfix\">\n\t<div class=\"edgtf-bli-inner\">\n\t\t\n\t<div class=\"edgtf-post-image\">\n\t\t\t\t\t<a itemprop=\"url\" href=\"https:\/\/www.santjosep.net\/en\/miniguide-sant-josep-families\/\" title=\"A miniguide to enjoy Sant Josep for families\">\n\t\t\t\t\t\t\t\t\t<img loading=\"lazy\" decoding=\"async\" width=\"1200\" height=\"800\" src=\"https:\/\/www.santjosep.net\/wp-content\/uploads\/2017\/05\/play_playa_port_des_torrent.jpg\" class=\"attachment-full size-full wp-post-image\" alt=\"\" srcset=\"https:\/\/www.santjosep.net\/wp-content\/uploads\/2017\/05\/play_playa_port_des_torrent.jpg 1200w, https:\/\/www.santjosep.net\/wp-content\/uploads\/2017\/05\/play_playa_port_des_torrent-300x200.jpg 300w, https:\/\/www.santjosep.net\/wp-content\/uploads\/2017\/05\/play_playa_port_des_torrent-768x512.jpg 768w, https:\/\/www.santjosep.net\/wp-content\/uploads\/2017\/05\/play_playa_port_des_torrent-1024x683.jpg 1024w\" sizes=\"auto, (max-width: 1200px) 100vw, 1200px\" \/>\t\t\t\t\t\t\t\t<\/a>\n\t\t\t<\/div>\n        <div class=\"edgtf-bli-content\">\n                            <div class=\"edgtf-bli-date\">\n\t                <div itemprop=\"dateCreated\" class=\"edgtf-post-info-date entry-date published updated\">\n            <a itemprop=\"url\" href=\"https:\/\/www.santjosep.net\/en\/2017\/05\/\">\n    \n        16 May 2017        <\/a>\n    <meta itemprop=\"interactionCount\" content=\"UserComments: 0\"\/>\n<\/div>                <\/div>\n            \t\n\t        \n<h4 itemprop=\"name\" class=\"entry-title edgtf-post-title\" >\n            <a itemprop=\"url\" href=\"https:\/\/www.santjosep.net\/en\/miniguide-sant-josep-families\/\" title=\"A miniguide to enjoy Sant Josep for families\">\n            A miniguide to enjoy Sant Josep for families            <\/a>\n    <\/h4>\n\t        <div class=\"edgtf-bli-info\">\n\t\t        <div class=\"edgtf-post-info-category\">\n    <a href=\"https:\/\/www.santjosep.net\/en\/category\/areas\/\" rel=\"category tag\">Areas<\/a>, <a href=\"https:\/\/www.santjosep.net\/en\/category\/beaches\/\" rel=\"category tag\">Beaches<\/a>, <a href=\"https:\/\/www.santjosep.net\/en\/category\/routes\/\" rel=\"category tag\">Routes<\/a>, <a href=\"https:\/\/www.santjosep.net\/en\/category\/sunsets\/\" rel=\"category tag\">Sunsets<\/a>, <a href=\"https:\/\/www.santjosep.net\/en\/category\/uncategorized\/\" rel=\"category tag\">Uncategorized<\/a><\/div>\t        <\/div>\n\n\t        <div class=\"edgtf-bli-excerpt\">\n\t\t        \t\t<div class=\"edgtf-post-excerpt-holder\">\n\t\t\t<p itemprop=\"description\" class=\"edgtf-post-excerpt\">\n\t\t\t\tPlanning a family trip to Sant Josep de sa Talaia can be a complete and unique experience. You can't beat seeing the little ones connect with nature, be it walking or marvelling at the beauty of the seabed as they snorkel around the coast. They'll feel like real explorers, visiting the watchtowers and most importantly\u2026 they'll have a ball! Because, alongside the activities they can enjoy on the Mediterranean coasts and green hills of Ibiza,\t\t\t<\/p>\n\t\t<\/div>\n\t\t\t        \t<div class=\"edgtf-post-read-more-button\">\n\t\t<a itemprop=\"url\" href=\"https:\/\/www.santjosep.net\/en\/miniguide-sant-josep-families\/\" target=\"_self\"  class=\"edgtf-btn edgtf-btn-medium edgtf-btn-simple edgtf-btn-switch-line edgtf-blog-list-button\"  >\t\t\t<span class=\"edgtf-btn-icon-element\"><\/span>\t\t<span class=\"edgtf-btn-text\">READ MORE<span class=\"edgtf-btn-text-line\" ><\/span><span class=\"edgtf-btn-switch-line\" ><\/span><\/span>\t<\/a>\t<\/div>\n\t        <\/div>\n        <\/div>\n\t<\/div>\n<\/li><li class=\"edgtf-bl-item clearfix\">\n\t<div class=\"edgtf-bli-inner\">\n\t\t\n\t<div class=\"edgtf-post-image\">\n\t\t\t\t\t<a itemprop=\"url\" href=\"https:\/\/www.santjosep.net\/en\/ruta-desde-cala-bassa-platges-comte\/\" title=\"Cala Bassa to Platges de Comte Route\">\n\t\t\t\t\t\t\t\t\t<img loading=\"lazy\" decoding=\"async\" width=\"1000\" height=\"665\" src=\"https:\/\/www.santjosep.net\/wp-content\/uploads\/2017\/04\/aerea.jpg\" class=\"attachment-full size-full wp-post-image\" alt=\"\" \/>\t\t\t\t\t\t\t\t<\/a>\n\t\t\t<\/div>\n        <div class=\"edgtf-bli-content\">\n                            <div class=\"edgtf-bli-date\">\n\t                <div itemprop=\"dateCreated\" class=\"edgtf-post-info-date entry-date published updated\">\n            <a itemprop=\"url\" href=\"https:\/\/www.santjosep.net\/en\/2017\/04\/\">\n    \n        27 April 2017        <\/a>\n    <meta itemprop=\"interactionCount\" content=\"UserComments: 0\"\/>\n<\/div>                <\/div>\n            \t\n\t        \n<h4 itemprop=\"name\" class=\"entry-title edgtf-post-title\" >\n            <a itemprop=\"url\" href=\"https:\/\/www.santjosep.net\/en\/ruta-desde-cala-bassa-platges-comte\/\" title=\"Cala Bassa to Platges de Comte Route\">\n            Cala Bassa to Platges de Comte Route            <\/a>\n    <\/h4>\n\t        <div class=\"edgtf-bli-info\">\n\t\t        <div class=\"edgtf-post-info-category\">\n    <a href=\"https:\/\/www.santjosep.net\/en\/category\/routes\/\" rel=\"category tag\">Routes<\/a>, <a href=\"https:\/\/www.santjosep.net\/en\/category\/walks\/\" rel=\"category tag\">Walks<\/a><\/div>\t        <\/div>\n\n\t        <div class=\"edgtf-bli-excerpt\">\n\t\t        \t\t<div class=\"edgtf-post-excerpt-holder\">\n\t\t\t<p itemprop=\"description\" class=\"edgtf-post-excerpt\">\n\t\t\t\tThis is a nice coastal route that connects two of the island's prettiest beaches - Cala Bassa and Platges de Comte. The trail offers fantastic views of the sea all along its route where traditional fishermen's cottages, breath-taking cliffs and an Ibizan defence tower all await you.\r\nIt is an easy walk of no more than 6km round trip and each section takes 50 minutes. The route is also relatively flat, allowing the walker to enjoy\t\t\t<\/p>\n\t\t<\/div>\n\t\t\t        \t<div class=\"edgtf-post-read-more-button\">\n\t\t<a itemprop=\"url\" href=\"https:\/\/www.santjosep.net\/en\/ruta-desde-cala-bassa-platges-comte\/\" target=\"_self\"  class=\"edgtf-btn edgtf-btn-medium edgtf-btn-simple edgtf-btn-switch-line edgtf-blog-list-button\"  >\t\t\t<span class=\"edgtf-btn-icon-element\"><\/span>\t\t<span class=\"edgtf-btn-text\">READ MORE<span class=\"edgtf-btn-text-line\" ><\/span><span class=\"edgtf-btn-switch-line\" ><\/span><\/span>\t<\/a>\t<\/div>\n\t        <\/div>\n        <\/div>\n\t<\/div>\n<\/li><li class=\"edgtf-bl-item clearfix\">\n\t<div class=\"edgtf-bli-inner\">\n\t\t\n\t<div class=\"edgtf-post-image\">\n\t\t\t\t\t<a itemprop=\"url\" href=\"https:\/\/www.santjosep.net\/en\/a-trip-to-the-heart-of-the-municipality-of-sant-josep-de-sa-talaia-benimussa\/\" title=\"A trip to the heart of the municipality of Sant Josep de sa Talaia: Benimussa\">\n\t\t\t\t\t\t\t\t\t<img loading=\"lazy\" decoding=\"async\" width=\"890\" height=\"667\" src=\"https:\/\/www.santjosep.net\/wp-content\/uploads\/2017\/03\/cover2.jpg\" class=\"attachment-full size-full wp-post-image\" alt=\"\" srcset=\"https:\/\/www.santjosep.net\/wp-content\/uploads\/2017\/03\/cover2.jpg 890w, https:\/\/www.santjosep.net\/wp-content\/uploads\/2017\/03\/cover2-300x225.jpg 300w, https:\/\/www.santjosep.net\/wp-content\/uploads\/2017\/03\/cover2-768x576.jpg 768w, https:\/\/www.santjosep.net\/wp-content\/uploads\/2017\/03\/cover2-800x600.jpg 800w\" sizes=\"auto, (max-width: 890px) 100vw, 890px\" \/>\t\t\t\t\t\t\t\t<\/a>\n\t\t\t<\/div>\n        <div class=\"edgtf-bli-content\">\n                            <div class=\"edgtf-bli-date\">\n\t                <div itemprop=\"dateCreated\" class=\"edgtf-post-info-date entry-date published updated\">\n            <a itemprop=\"url\" href=\"https:\/\/www.santjosep.net\/en\/2017\/03\/\">\n    \n        2 March 2017        <\/a>\n    <meta itemprop=\"interactionCount\" content=\"UserComments: 0\"\/>\n<\/div>                <\/div>\n            \t\n\t        \n<h4 itemprop=\"name\" class=\"entry-title edgtf-post-title\" >\n            <a itemprop=\"url\" href=\"https:\/\/www.santjosep.net\/en\/a-trip-to-the-heart-of-the-municipality-of-sant-josep-de-sa-talaia-benimussa\/\" title=\"A trip to the heart of the municipality of Sant Josep de sa Talaia: Benimussa\">\n            A trip to the heart of the municipality of Sant Josep de sa Talaia: Benimussa            <\/a>\n    <\/h4>\n\t        <div class=\"edgtf-bli-info\">\n\t\t        <div class=\"edgtf-post-info-category\">\n    <a href=\"https:\/\/www.santjosep.net\/en\/category\/areas\/\" rel=\"category tag\">Areas<\/a>, <a href=\"https:\/\/www.santjosep.net\/en\/category\/routes\/\" rel=\"category tag\">Routes<\/a>, <a href=\"https:\/\/www.santjosep.net\/en\/category\/walks\/\" rel=\"category tag\">Walks<\/a><\/div>\t        <\/div>\n\n\t        <div class=\"edgtf-bli-excerpt\">\n\t\t        \t\t<div class=\"edgtf-post-excerpt-holder\">\n\t\t\t<p itemprop=\"description\" class=\"edgtf-post-excerpt\">\n\t\t\t\tThe municipality of Sant Josep has all types of landscapes to delight the visitor: beautiful Mediterranean beaches, majestic cliffs, green mountains covered in pine trees and of course the countryside - the heart of this land - that sustained our ancestors and remains today to remind us of that past so closely interconnected with the land.\r\nFields of crops and fruit trees can be easily found in any of the villages in this area but there\t\t\t<\/p>\n\t\t<\/div>\n\t\t\t        \t<div class=\"edgtf-post-read-more-button\">\n\t\t<a itemprop=\"url\" href=\"https:\/\/www.santjosep.net\/en\/a-trip-to-the-heart-of-the-municipality-of-sant-josep-de-sa-talaia-benimussa\/\" target=\"_self\"  class=\"edgtf-btn edgtf-btn-medium edgtf-btn-simple edgtf-btn-switch-line edgtf-blog-list-button\"  >\t\t\t<span class=\"edgtf-btn-icon-element\"><\/span>\t\t<span class=\"edgtf-btn-text\">READ MORE<span class=\"edgtf-btn-text-line\" ><\/span><span class=\"edgtf-btn-switch-line\" ><\/span><\/span>\t<\/a>\t<\/div>\n\t        <\/div>\n        <\/div>\n\t<\/div>\n<\/li><li class=\"edgtf-bl-item clearfix\">\n\t<div class=\"edgtf-bli-inner\">\n\t\t\n\t<div class=\"edgtf-post-image\">\n\t\t\t\t\t<a itemprop=\"url\" href=\"https:\/\/www.santjosep.net\/en\/101-razones-visitar-sant-josep\/\" title=\"10+1 Reasons to visit Sant Josep\">\n\t\t\t\t\t\t\t\t\t<img loading=\"lazy\" decoding=\"async\" width=\"890\" height=\"667\" src=\"https:\/\/www.santjosep.net\/wp-content\/uploads\/2016\/12\/cover.jpg\" class=\"attachment-full size-full wp-post-image\" alt=\"\" srcset=\"https:\/\/www.santjosep.net\/wp-content\/uploads\/2016\/12\/cover.jpg 890w, https:\/\/www.santjosep.net\/wp-content\/uploads\/2016\/12\/cover-300x225.jpg 300w, https:\/\/www.santjosep.net\/wp-content\/uploads\/2016\/12\/cover-768x576.jpg 768w, https:\/\/www.santjosep.net\/wp-content\/uploads\/2016\/12\/cover-800x600.jpg 800w\" sizes=\"auto, (max-width: 890px) 100vw, 890px\" \/>\t\t\t\t\t\t\t\t<\/a>\n\t\t\t<\/div>\n        <div class=\"edgtf-bli-content\">\n                            <div class=\"edgtf-bli-date\">\n\t                <div itemprop=\"dateCreated\" class=\"edgtf-post-info-date entry-date published updated\">\n            <a itemprop=\"url\" href=\"https:\/\/www.santjosep.net\/en\/2016\/12\/\">\n    \n        13 December 2016        <\/a>\n    <meta itemprop=\"interactionCount\" content=\"UserComments: 0\"\/>\n<\/div>                <\/div>\n            \t\n\t        \n<h4 itemprop=\"name\" class=\"entry-title edgtf-post-title\" >\n            <a itemprop=\"url\" href=\"https:\/\/www.santjosep.net\/en\/101-razones-visitar-sant-josep\/\" title=\"10+1 Reasons to visit Sant Josep\">\n            10+1 Reasons to visit Sant Josep            <\/a>\n    <\/h4>\n\t        <div class=\"edgtf-bli-info\">\n\t\t        <div class=\"edgtf-post-info-category\">\n    <a href=\"https:\/\/www.santjosep.net\/en\/category\/areas\/\" rel=\"category tag\">Areas<\/a>, <a href=\"https:\/\/www.santjosep.net\/en\/category\/beaches\/\" rel=\"category tag\">Beaches<\/a>, <a href=\"https:\/\/www.santjosep.net\/en\/category\/events-en\/\" rel=\"category tag\">Events<\/a>, <a href=\"https:\/\/www.santjosep.net\/en\/category\/sunsets\/\" rel=\"category tag\">Sunsets<\/a>, <a href=\"https:\/\/www.santjosep.net\/en\/category\/villages\/\" rel=\"category tag\">Villages<\/a><\/div>\t        <\/div>\n\n\t        <div class=\"edgtf-bli-excerpt\">\n\t\t        \t\t<div class=\"edgtf-post-excerpt-holder\">\n\t\t\t<p itemprop=\"description\" class=\"edgtf-post-excerpt\">\n\t\t\t\tTo download the file \"10 + 1 Reasons to visit Sant Josep\" click HERE\r\n\r\n&nbsp;\t\t\t<\/p>\n\t\t<\/div>\n\t\t\t        \t<div class=\"edgtf-post-read-more-button\">\n\t\t<a itemprop=\"url\" href=\"https:\/\/www.santjosep.net\/en\/101-razones-visitar-sant-josep\/\" target=\"_self\"  class=\"edgtf-btn edgtf-btn-medium edgtf-btn-simple edgtf-btn-switch-line edgtf-blog-list-button\"  >\t\t\t<span class=\"edgtf-btn-icon-element\"><\/span>\t\t<span class=\"edgtf-btn-text\">READ MORE<span class=\"edgtf-btn-text-line\" ><\/span><span class=\"edgtf-btn-switch-line\" ><\/span><\/span>\t<\/a>\t<\/div>\n\t        <\/div>\n        <\/div>\n\t<\/div>\n<\/li><li class=\"edgtf-bl-item clearfix\">\n\t<div class=\"edgtf-bli-inner\">\n\t\t\n\t<div class=\"edgtf-post-image\">\n\t\t\t\t\t<a itemprop=\"url\" href=\"https:\/\/www.santjosep.net\/en\/paseo-los-acantilados-del-poniente-sant-josep\/\" title=\"A Walk along the Western Cliffs of Sant Josep\">\n\t\t\t\t\t\t\t\t\t<img loading=\"lazy\" decoding=\"async\" width=\"1000\" height=\"665\" src=\"https:\/\/www.santjosep.net\/wp-content\/uploads\/2016\/12\/Sin-ti\u0301tulo-1-e1504698376548.jpg\" class=\"attachment-full size-full wp-post-image\" alt=\"\" srcset=\"https:\/\/www.santjosep.net\/wp-content\/uploads\/2016\/12\/Sin-ti\u0301tulo-1-e1504698376548.jpg 1000w, https:\/\/www.santjosep.net\/wp-content\/uploads\/2016\/12\/Sin-ti\u0301tulo-1-e1504698376548-300x200.jpg 300w, https:\/\/www.santjosep.net\/wp-content\/uploads\/2016\/12\/Sin-ti\u0301tulo-1-e1504698376548-768x511.jpg 768w\" sizes=\"auto, (max-width: 1000px) 100vw, 1000px\" \/>\t\t\t\t\t\t\t\t<\/a>\n\t\t\t<\/div>\n        <div class=\"edgtf-bli-content\">\n                            <div class=\"edgtf-bli-date\">\n\t                <div itemprop=\"dateCreated\" class=\"edgtf-post-info-date entry-date published updated\">\n            <a itemprop=\"url\" href=\"https:\/\/www.santjosep.net\/en\/2016\/12\/\">\n    \n        9 December 2016        <\/a>\n    <meta itemprop=\"interactionCount\" content=\"UserComments: 0\"\/>\n<\/div>                <\/div>\n            \t\n\t        \n<h4 itemprop=\"name\" class=\"entry-title edgtf-post-title\" >\n            <a itemprop=\"url\" href=\"https:\/\/www.santjosep.net\/en\/paseo-los-acantilados-del-poniente-sant-josep\/\" title=\"A Walk along the Western Cliffs of Sant Josep\">\n            A Walk along the Western Cliffs of Sant Josep            <\/a>\n    <\/h4>\n\t        <div class=\"edgtf-bli-info\">\n\t\t        <div class=\"edgtf-post-info-category\">\n    <a href=\"https:\/\/www.santjosep.net\/en\/category\/routes\/\" rel=\"category tag\">Routes<\/a>, <a href=\"https:\/\/www.santjosep.net\/en\/category\/walks\/\" rel=\"category tag\">Walks<\/a><\/div>\t        <\/div>\n\n\t        <div class=\"edgtf-bli-excerpt\">\n\t\t        \t\t<div class=\"edgtf-post-excerpt-holder\">\n\t\t\t<p itemprop=\"description\" class=\"edgtf-post-excerpt\">\n\t\t\t\tIn Ibiza, any time of the day is perfect for a walk \u2013 you know, one of those long hikes that bring you into contact with nature and when you get back you feel your batteries have been charged. But if you had to pick a time that was more special than any other, it would be the twilight, when the sky comes alive with colour and the heat gives way to cooler temperatures. For\t\t\t<\/p>\n\t\t<\/div>\n\t\t\t        \t<div class=\"edgtf-post-read-more-button\">\n\t\t<a itemprop=\"url\" href=\"https:\/\/www.santjosep.net\/en\/paseo-los-acantilados-del-poniente-sant-josep\/\" target=\"_self\"  class=\"edgtf-btn edgtf-btn-medium edgtf-btn-simple edgtf-btn-switch-line edgtf-blog-list-button\"  >\t\t\t<span class=\"edgtf-btn-icon-element\"><\/span>\t\t<span class=\"edgtf-btn-text\">READ MORE<span class=\"edgtf-btn-text-line\" ><\/span><span class=\"edgtf-btn-switch-line\" ><\/span><\/span>\t<\/a>\t<\/div>\n\t        <\/div>\n        <\/div>\n\t<\/div>\n<\/li><li class=\"edgtf-bl-item clearfix\">\n\t<div class=\"edgtf-bli-inner\">\n\t\t\n\t<div class=\"edgtf-post-image\">\n\t\t\t\t\t<a itemprop=\"url\" href=\"https:\/\/www.santjosep.net\/en\/fira-sal-2016-ibiza\/\" title=\"Fira de Sal 2016\">\n\t\t\t\t\t\t\t\t\t<img loading=\"lazy\" decoding=\"async\" width=\"1000\" height=\"667\" src=\"https:\/\/www.santjosep.net\/wp-content\/uploads\/2016\/11\/cover_firasal.jpg\" class=\"attachment-full size-full wp-post-image\" alt=\"\" srcset=\"https:\/\/www.santjosep.net\/wp-content\/uploads\/2016\/11\/cover_firasal.jpg 1000w, https:\/\/www.santjosep.net\/wp-content\/uploads\/2016\/11\/cover_firasal-300x200.jpg 300w, https:\/\/www.santjosep.net\/wp-content\/uploads\/2016\/11\/cover_firasal-768x512.jpg 768w\" sizes=\"auto, (max-width: 1000px) 100vw, 1000px\" \/>\t\t\t\t\t\t\t\t<\/a>\n\t\t\t<\/div>\n        <div class=\"edgtf-bli-content\">\n                            <div class=\"edgtf-bli-date\">\n\t                <div itemprop=\"dateCreated\" class=\"edgtf-post-info-date entry-date published updated\">\n            <a itemprop=\"url\" href=\"https:\/\/www.santjosep.net\/en\/2016\/11\/\">\n    \n        15 November 2016        <\/a>\n    <meta itemprop=\"interactionCount\" content=\"UserComments: 0\"\/>\n<\/div>                <\/div>\n            \t\n\t        \n<h4 itemprop=\"name\" class=\"entry-title edgtf-post-title\" >\n            <a itemprop=\"url\" href=\"https:\/\/www.santjosep.net\/en\/fira-sal-2016-ibiza\/\" title=\"Fira de Sal 2016\">\n            Fira de Sal 2016            <\/a>\n    <\/h4>\n\t        <div class=\"edgtf-bli-info\">\n\t\t        <div class=\"edgtf-post-info-category\">\n    <a href=\"https:\/\/www.santjosep.net\/en\/category\/events-en\/\" rel=\"category tag\">Events<\/a>, <a href=\"https:\/\/www.santjosep.net\/en\/category\/routes\/\" rel=\"category tag\">Routes<\/a>, <a href=\"https:\/\/www.santjosep.net\/en\/category\/video-en\/\" rel=\"category tag\">Video<\/a>, <a href=\"https:\/\/www.santjosep.net\/en\/category\/villages\/\" rel=\"category tag\">Villages<\/a><\/div>\t        <\/div>\n\n\t        <div class=\"edgtf-bli-excerpt\">\n\t\t        \t\t<div class=\"edgtf-post-excerpt-holder\">\n\t\t\t<p itemprop=\"description\" class=\"edgtf-post-excerpt\">\n\t\t\t\tEl \u00faltimo s\u00e1bado de octubre se celebra en las Salinas de Ibiza la Feria de la Sal como un nuevo acontecimiento tur\u00edstico y cultural enfocado a difundir el patrimonio y la cultura.\t\t\t<\/p>\n\t\t<\/div>\n\t\t\t        \t<div class=\"edgtf-post-read-more-button\">\n\t\t<a itemprop=\"url\" href=\"https:\/\/www.santjosep.net\/en\/fira-sal-2016-ibiza\/\" target=\"_self\"  class=\"edgtf-btn edgtf-btn-medium edgtf-btn-simple edgtf-btn-switch-line edgtf-blog-list-button\"  >\t\t\t<span class=\"edgtf-btn-icon-element\"><\/span>\t\t<span class=\"edgtf-btn-text\">READ MORE<span class=\"edgtf-btn-text-line\" ><\/span><span class=\"edgtf-btn-switch-line\" ><\/span><\/span>\t<\/a>\t<\/div>\n\t        <\/div>\n        <\/div>\n\t<\/div>\n<\/li><li class=\"edgtf-bl-item clearfix\">\n\t<div class=\"edgtf-bli-inner\">\n\t\t\n\t<div class=\"edgtf-post-image\">\n\t\t\t\t\t<a itemprop=\"url\" href=\"https:\/\/www.santjosep.net\/en\/10-essential-things-to-do-at-sant-josep\/\" title=\"10 Essential Things to do at Sant Josep\">\n\t\t\t\t\t\t\t\t\t<img loading=\"lazy\" decoding=\"async\" width=\"1000\" height=\"667\" src=\"https:\/\/www.santjosep.net\/wp-content\/uploads\/2013\/11\/tropicanacalajondal_IMG_7889.jpg\" class=\"attachment-full size-full wp-post-image\" alt=\"\" srcset=\"https:\/\/www.santjosep.net\/wp-content\/uploads\/2013\/11\/tropicanacalajondal_IMG_7889.jpg 1000w, https:\/\/www.santjosep.net\/wp-content\/uploads\/2013\/11\/tropicanacalajondal_IMG_7889-300x200.jpg 300w\" sizes=\"auto, (max-width: 1000px) 100vw, 1000px\" \/>\t\t\t\t\t\t\t\t<\/a>\n\t\t\t<\/div>\n        <div class=\"edgtf-bli-content\">\n                            <div class=\"edgtf-bli-date\">\n\t                <div itemprop=\"dateCreated\" class=\"edgtf-post-info-date entry-date published updated\">\n            <a itemprop=\"url\" href=\"https:\/\/www.santjosep.net\/en\/2016\/11\/\">\n    \n        14 November 2016        <\/a>\n    <meta itemprop=\"interactionCount\" content=\"UserComments: 0\"\/>\n<\/div>                <\/div>\n            \t\n\t        \n<h4 itemprop=\"name\" class=\"entry-title edgtf-post-title\" >\n            <a itemprop=\"url\" href=\"https:\/\/www.santjosep.net\/en\/10-essential-things-to-do-at-sant-josep\/\" title=\"10 Essential Things to do at Sant Josep\">\n            10 Essential Things to do at Sant Josep            <\/a>\n    <\/h4>\n\t        <div class=\"edgtf-bli-info\">\n\t\t        <div class=\"edgtf-post-info-category\">\n    <a href=\"https:\/\/www.santjosep.net\/en\/category\/beaches\/\" rel=\"category tag\">Beaches<\/a>, <a href=\"https:\/\/www.santjosep.net\/en\/category\/events-en\/\" rel=\"category tag\">Events<\/a>, <a href=\"https:\/\/www.santjosep.net\/en\/category\/routes\/\" rel=\"category tag\">Routes<\/a>, <a href=\"https:\/\/www.santjosep.net\/en\/category\/sunsets\/\" rel=\"category tag\">Sunsets<\/a>, <a href=\"https:\/\/www.santjosep.net\/en\/category\/villages\/\" rel=\"category tag\">Villages<\/a>, <a href=\"https:\/\/www.santjosep.net\/en\/category\/walks\/\" rel=\"category tag\">Walks<\/a><\/div>\t        <\/div>\n\n\t        <div class=\"edgtf-bli-excerpt\">\n\t\t        \t\t<div class=\"edgtf-post-excerpt-holder\">\n\t\t\t<p itemprop=\"description\" class=\"edgtf-post-excerpt\">\n\t\t\t\tAs the largest municipality of Ibiza, Sant Josep has plenty of places worth seeing during your holidays in Ibiza. And In order not to miss anything, we want to show you 10 essential things you can\u2019t miss. These 10 experiences will give your visit a colourful touch and will help you discover the \u2018treasures\u2019 of this part of the island.\r\n\r\n1. Watching The Sunset At Platges de Comte\r\nPerhaps it is a romantic clich\u00e9, but the sunsets\t\t\t<\/p>\n\t\t<\/div>\n\t\t\t        \t<div class=\"edgtf-post-read-more-button\">\n\t\t<a itemprop=\"url\" href=\"https:\/\/www.santjosep.net\/en\/10-essential-things-to-do-at-sant-josep\/\" target=\"_self\"  class=\"edgtf-btn edgtf-btn-medium edgtf-btn-simple edgtf-btn-switch-line edgtf-blog-list-button\"  >\t\t\t<span class=\"edgtf-btn-icon-element\"><\/span>\t\t<span class=\"edgtf-btn-text\">READ MORE<span class=\"edgtf-btn-text-line\" ><\/span><span class=\"edgtf-btn-switch-line\" ><\/span><\/span>\t<\/a>\t<\/div>\n\t        <\/div>\n        <\/div>\n\t<\/div>\n<\/li><li class=\"edgtf-bl-item clearfix\">\n\t<div class=\"edgtf-bli-inner\">\n\t\t\n\t<div class=\"edgtf-post-image\">\n\t\t\t\t\t<a itemprop=\"url\" href=\"https:\/\/www.santjosep.net\/en\/72-hours-sant-josep-ibiza-part-2\/\" title=\"72 Hours in Sant Josep \u2013 Ibiza (Part 2)\">\n\t\t\t\t\t\t\t\t\t<img loading=\"lazy\" decoding=\"async\" width=\"1200\" height=\"900\" src=\"https:\/\/www.santjosep.net\/wp-content\/uploads\/2016\/09\/P1060580.jpg\" class=\"attachment-full size-full wp-post-image\" alt=\"\" srcset=\"https:\/\/www.santjosep.net\/wp-content\/uploads\/2016\/09\/P1060580.jpg 1200w, https:\/\/www.santjosep.net\/wp-content\/uploads\/2016\/09\/P1060580-300x225.jpg 300w, https:\/\/www.santjosep.net\/wp-content\/uploads\/2016\/09\/P1060580-768x576.jpg 768w, https:\/\/www.santjosep.net\/wp-content\/uploads\/2016\/09\/P1060580-1024x768.jpg 1024w\" sizes=\"auto, (max-width: 1200px) 100vw, 1200px\" \/>\t\t\t\t\t\t\t\t<\/a>\n\t\t\t<\/div>\n        <div class=\"edgtf-bli-content\">\n                            <div class=\"edgtf-bli-date\">\n\t                <div itemprop=\"dateCreated\" class=\"edgtf-post-info-date entry-date published updated\">\n            <a itemprop=\"url\" href=\"https:\/\/www.santjosep.net\/en\/2016\/09\/\">\n    \n        29 September 2016        <\/a>\n    <meta itemprop=\"interactionCount\" content=\"UserComments: 0\"\/>\n<\/div>                <\/div>\n            \t\n\t        \n<h4 itemprop=\"name\" class=\"entry-title edgtf-post-title\" >\n            <a itemprop=\"url\" href=\"https:\/\/www.santjosep.net\/en\/72-hours-sant-josep-ibiza-part-2\/\" title=\"72 Hours in Sant Josep \u2013 Ibiza (Part 2)\">\n            72 Hours in Sant Josep \u2013 Ibiza (Part 2)            <\/a>\n    <\/h4>\n\t        <div class=\"edgtf-bli-info\">\n\t\t        <div class=\"edgtf-post-info-category\">\n    <a href=\"https:\/\/www.santjosep.net\/en\/category\/beaches\/\" rel=\"category tag\">Beaches<\/a>, <a href=\"https:\/\/www.santjosep.net\/en\/category\/sunsets\/\" rel=\"category tag\">Sunsets<\/a>, <a href=\"https:\/\/www.santjosep.net\/en\/category\/uncategorized\/\" rel=\"category tag\">Uncategorized<\/a>, <a href=\"https:\/\/www.santjosep.net\/en\/category\/villages\/\" rel=\"category tag\">Villages<\/a>, <a href=\"https:\/\/www.santjosep.net\/en\/category\/walks\/\" rel=\"category tag\">Walks<\/a><\/div>\t        <\/div>\n\n\t        <div class=\"edgtf-bli-excerpt\">\n\t\t        \t\t<div class=\"edgtf-post-excerpt-holder\">\n\t\t\t<p itemprop=\"description\" class=\"edgtf-post-excerpt\">\n\t\t\t\tWe continue with this little guide to visit\u00a0Sant Josep de Sa Talaia in 72 hours.\r\nIf you have not read the first part of this guide you can find it here.\r\n\r\n&nbsp;\r\nSaturday\r\n7.00 pm. Before the sunset we must find a new place from where farewell the sun. This time lets go to the neighboring beach of Cala d'Hort, a perfect place for a quick dip, since the viewpoint chosen to enjoy the sunset is somewhat off the\t\t\t<\/p>\n\t\t<\/div>\n\t\t\t        \t<div class=\"edgtf-post-read-more-button\">\n\t\t<a itemprop=\"url\" href=\"https:\/\/www.santjosep.net\/en\/72-hours-sant-josep-ibiza-part-2\/\" target=\"_self\"  class=\"edgtf-btn edgtf-btn-medium edgtf-btn-simple edgtf-btn-switch-line edgtf-blog-list-button\"  >\t\t\t<span class=\"edgtf-btn-icon-element\"><\/span>\t\t<span class=\"edgtf-btn-text\">READ MORE<span class=\"edgtf-btn-text-line\" ><\/span><span class=\"edgtf-btn-switch-line\" ><\/span><\/span>\t<\/a>\t<\/div>\n\t        <\/div>\n        <\/div>\n\t<\/div>\n<\/li><li class=\"edgtf-bl-item clearfix\">\n\t<div class=\"edgtf-bli-inner\">\n\t\t\n\t<div class=\"edgtf-post-image\">\n\t\t\t\t\t<a itemprop=\"url\" href=\"https:\/\/www.santjosep.net\/en\/platges-comte-sant-josep-ibiza\/\" title=\"Platges de Comte en Sant Josep beach &#8211; Ibiza\">\n\t\t\t\t\t\t\t\t\t<img loading=\"lazy\" decoding=\"async\" width=\"1000\" height=\"667\" src=\"https:\/\/www.santjosep.net\/wp-content\/uploads\/2016\/09\/cover_videos_platgesdecomte.jpg\" class=\"attachment-full size-full wp-post-image\" alt=\"\" srcset=\"https:\/\/www.santjosep.net\/wp-content\/uploads\/2016\/09\/cover_videos_platgesdecomte.jpg 1000w, https:\/\/www.santjosep.net\/wp-content\/uploads\/2016\/09\/cover_videos_platgesdecomte-300x200.jpg 300w, https:\/\/www.santjosep.net\/wp-content\/uploads\/2016\/09\/cover_videos_platgesdecomte-768x512.jpg 768w\" sizes=\"auto, (max-width: 1000px) 100vw, 1000px\" \/>\t\t\t\t\t\t\t\t<\/a>\n\t\t\t<\/div>\n        <div class=\"edgtf-bli-content\">\n                            <div class=\"edgtf-bli-date\">\n\t                <div itemprop=\"dateCreated\" class=\"edgtf-post-info-date entry-date published updated\">\n            <a itemprop=\"url\" href=\"https:\/\/www.santjosep.net\/en\/2016\/09\/\">\n    \n        1 September 2016        <\/a>\n    <meta itemprop=\"interactionCount\" content=\"UserComments: 0\"\/>\n<\/div>                <\/div>\n            \t\n\t        \n<h4 itemprop=\"name\" class=\"entry-title edgtf-post-title\" >\n            <a itemprop=\"url\" href=\"https:\/\/www.santjosep.net\/en\/platges-comte-sant-josep-ibiza\/\" title=\"Platges de Comte en Sant Josep beach &#8211; Ibiza\">\n            Platges de Comte en Sant Josep beach &#8211; Ibiza            <\/a>\n    <\/h4>\n\t        <div class=\"edgtf-bli-info\">\n\t\t        <div class=\"edgtf-post-info-category\">\n    <a href=\"https:\/\/www.santjosep.net\/en\/category\/beaches\/\" rel=\"category tag\">Beaches<\/a>, <a href=\"https:\/\/www.santjosep.net\/en\/category\/routes\/\" rel=\"category tag\">Routes<\/a>, <a href=\"https:\/\/www.santjosep.net\/en\/category\/video-en\/\" rel=\"category tag\">Video<\/a><\/div>\t        <\/div>\n\n\t        <div class=\"edgtf-bli-excerpt\">\n\t\t        \t\t<div class=\"edgtf-post-excerpt-holder\">\n\t\t\t<p itemprop=\"description\" class=\"edgtf-post-excerpt\">\n\t\t\t\tPlatges de Comte is one of the paradises in the island of Ibiza. Its crystal waters,\u00a0fabulous panoramic views, white sand, numerous coves to enjoy the bath\u00a0and\u00a0sunsets make it a must for all visitors to the island. You can find more information about Platges de Comte here.\t\t\t<\/p>\n\t\t<\/div>\n\t\t\t        \t<div class=\"edgtf-post-read-more-button\">\n\t\t<a itemprop=\"url\" href=\"https:\/\/www.santjosep.net\/en\/platges-comte-sant-josep-ibiza\/\" target=\"_self\"  class=\"edgtf-btn edgtf-btn-medium edgtf-btn-simple edgtf-btn-switch-line edgtf-blog-list-button\"  >\t\t\t<span class=\"edgtf-btn-icon-element\"><\/span>\t\t<span class=\"edgtf-btn-text\">READ MORE<span class=\"edgtf-btn-text-line\" ><\/span><span class=\"edgtf-btn-switch-line\" ><\/span><\/span>\t<\/a>\t<\/div>\n\t        <\/div>\n        <\/div>\n\t<\/div>\n<\/li><li class=\"edgtf-bl-item clearfix\">\n\t<div class=\"edgtf-bli-inner\">\n\t\t\n\t<div class=\"edgtf-post-image\">\n\t\t\t\t\t<a itemprop=\"url\" href=\"https:\/\/www.santjosep.net\/en\/72-hours-in-sant-josep-ibiza-part-1\/\" title=\"Sant Josep in 72 hours &#8211; Ibiza (Part 1)\">\n\t\t\t\t\t\t\t\t\t<img loading=\"lazy\" decoding=\"async\" width=\"1000\" height=\"667\" src=\"https:\/\/www.santjosep.net\/wp-content\/uploads\/2016\/08\/sesboques_IMG_0965.jpg\" class=\"attachment-full size-full wp-post-image\" alt=\"\" srcset=\"https:\/\/www.santjosep.net\/wp-content\/uploads\/2016\/08\/sesboques_IMG_0965.jpg 1000w, https:\/\/www.santjosep.net\/wp-content\/uploads\/2016\/08\/sesboques_IMG_0965-300x200.jpg 300w, https:\/\/www.santjosep.net\/wp-content\/uploads\/2016\/08\/sesboques_IMG_0965-768x512.jpg 768w\" sizes=\"auto, (max-width: 1000px) 100vw, 1000px\" \/>\t\t\t\t\t\t\t\t<\/a>\n\t\t\t<\/div>\n        <div class=\"edgtf-bli-content\">\n                            <div class=\"edgtf-bli-date\">\n\t                <div itemprop=\"dateCreated\" class=\"edgtf-post-info-date entry-date published updated\">\n            <a itemprop=\"url\" href=\"https:\/\/www.santjosep.net\/en\/2016\/08\/\">\n    \n        10 August 2016        <\/a>\n    <meta itemprop=\"interactionCount\" content=\"UserComments: 0\"\/>\n<\/div>                <\/div>\n            \t\n\t        \n<h4 itemprop=\"name\" class=\"entry-title edgtf-post-title\" >\n            <a itemprop=\"url\" href=\"https:\/\/www.santjosep.net\/en\/72-hours-in-sant-josep-ibiza-part-1\/\" title=\"Sant Josep in 72 hours &#8211; Ibiza (Part 1)\">\n            Sant Josep in 72 hours &#8211; Ibiza (Part 1)            <\/a>\n    <\/h4>\n\t        <div class=\"edgtf-bli-info\">\n\t\t        <div class=\"edgtf-post-info-category\">\n    <a href=\"https:\/\/www.santjosep.net\/en\/category\/areas\/\" rel=\"category tag\">Areas<\/a>, <a href=\"https:\/\/www.santjosep.net\/en\/category\/beaches\/\" rel=\"category tag\">Beaches<\/a>, <a href=\"https:\/\/www.santjosep.net\/en\/category\/routes\/\" rel=\"category tag\">Routes<\/a>, <a href=\"https:\/\/www.santjosep.net\/en\/category\/villages\/\" rel=\"category tag\">Villages<\/a>, <a href=\"https:\/\/www.santjosep.net\/en\/category\/walks\/\" rel=\"category tag\">Walks<\/a><\/div>\t        <\/div>\n\n\t        <div class=\"edgtf-bli-excerpt\">\n\t\t        \t\t<div class=\"edgtf-post-excerpt-holder\">\n\t\t\t<p itemprop=\"description\" class=\"edgtf-post-excerpt\">\n\t\t\t\tIt\u2019s time for a break, even if it\u2019s just for a weekend to unwind from the daily routine. And what better place than the magical island of Ibiza where you can relax and have fun in the hot summer months.\r\n\r\nIbiza has endless special corners to discover where you can enjoy your summer holidays, but if you visit for just a few days, here we bring a great guide for you to discover the wonders of\t\t\t<\/p>\n\t\t<\/div>\n\t\t\t        \t<div class=\"edgtf-post-read-more-button\">\n\t\t<a itemprop=\"url\" href=\"https:\/\/www.santjosep.net\/en\/72-hours-in-sant-josep-ibiza-part-1\/\" target=\"_self\"  class=\"edgtf-btn edgtf-btn-medium edgtf-btn-simple edgtf-btn-switch-line edgtf-blog-list-button\"  >\t\t\t<span class=\"edgtf-btn-icon-element\"><\/span>\t\t<span class=\"edgtf-btn-text\">READ MORE<span class=\"edgtf-btn-text-line\" ><\/span><span class=\"edgtf-btn-switch-line\" ><\/span><\/span>\t<\/a>\t<\/div>\n\t        <\/div>\n        <\/div>\n\t<\/div>\n<\/li><li class=\"edgtf-bl-item clearfix\">\n\t<div class=\"edgtf-bli-inner\">\n\t\t\n\t<div class=\"edgtf-post-image\">\n\t\t\t\t\t<a itemprop=\"url\" href=\"https:\/\/www.santjosep.net\/en\/cala-dhort-sant-josep-ibiza\/\" title=\"Cala d&#8217;Hort beach in Sant Josep &#8211; Ibiza\">\n\t\t\t\t\t\t\t\t\t<img loading=\"lazy\" decoding=\"async\" width=\"1000\" height=\"667\" src=\"https:\/\/www.santjosep.net\/wp-content\/uploads\/2016\/07\/covercaladhort.jpg\" class=\"attachment-full size-full wp-post-image\" alt=\"\" srcset=\"https:\/\/www.santjosep.net\/wp-content\/uploads\/2016\/07\/covercaladhort.jpg 1000w, https:\/\/www.santjosep.net\/wp-content\/uploads\/2016\/07\/covercaladhort-300x200.jpg 300w, https:\/\/www.santjosep.net\/wp-content\/uploads\/2016\/07\/covercaladhort-768x512.jpg 768w\" sizes=\"auto, (max-width: 1000px) 100vw, 1000px\" \/>\t\t\t\t\t\t\t\t<\/a>\n\t\t\t<\/div>\n        <div class=\"edgtf-bli-content\">\n                            <div class=\"edgtf-bli-date\">\n\t                <div itemprop=\"dateCreated\" class=\"edgtf-post-info-date entry-date published updated\">\n            <a itemprop=\"url\" href=\"https:\/\/www.santjosep.net\/en\/2016\/07\/\">\n    \n        21 July 2016        <\/a>\n    <meta itemprop=\"interactionCount\" content=\"UserComments: 0\"\/>\n<\/div>                <\/div>\n            \t\n\t        \n<h4 itemprop=\"name\" class=\"entry-title edgtf-post-title\" >\n            <a itemprop=\"url\" href=\"https:\/\/www.santjosep.net\/en\/cala-dhort-sant-josep-ibiza\/\" title=\"Cala d&#8217;Hort beach in Sant Josep &#8211; Ibiza\">\n            Cala d&#8217;Hort beach in Sant Josep &#8211; Ibiza            <\/a>\n    <\/h4>\n\t        <div class=\"edgtf-bli-info\">\n\t\t        <div class=\"edgtf-post-info-category\">\n    <a href=\"https:\/\/www.santjosep.net\/en\/category\/areas\/\" rel=\"category tag\">Areas<\/a>, <a href=\"https:\/\/www.santjosep.net\/en\/category\/beaches\/\" rel=\"category tag\">Beaches<\/a>, <a href=\"https:\/\/www.santjosep.net\/en\/category\/routes\/\" rel=\"category tag\">Routes<\/a>, <a href=\"https:\/\/www.santjosep.net\/en\/category\/video-en\/\" rel=\"category tag\">Video<\/a><\/div>\t        <\/div>\n\n\t        <div class=\"edgtf-bli-excerpt\">\n\t\t        \t\t<div class=\"edgtf-post-excerpt-holder\">\n\t\t\t<p itemprop=\"description\" class=\"edgtf-post-excerpt\">\n\t\t\t\tThe beach of Cala d'Hort in front of\u00a0Es Vedr\u00e0 islet is one of the most emblematic spots of Ibiza. Located in the south-west of the island its coast is full of steep cliffs. The\u00a0waters are calm, white sand and spectacular transparency. The local cuisine is one of the strengths of the beach and in the restaurants you can taste the local cuisine seafood. Definitely a unique place to enjoy a beach day\u00a0in Ibiza.\t\t\t<\/p>\n\t\t<\/div>\n\t\t\t        \t<div class=\"edgtf-post-read-more-button\">\n\t\t<a itemprop=\"url\" href=\"https:\/\/www.santjosep.net\/en\/cala-dhort-sant-josep-ibiza\/\" target=\"_self\"  class=\"edgtf-btn edgtf-btn-medium edgtf-btn-simple edgtf-btn-switch-line edgtf-blog-list-button\"  >\t\t\t<span class=\"edgtf-btn-icon-element\"><\/span>\t\t<span class=\"edgtf-btn-text\">READ MORE<span class=\"edgtf-btn-text-line\" ><\/span><span class=\"edgtf-btn-switch-line\" ><\/span><\/span>\t<\/a>\t<\/div>\n\t        <\/div>\n        <\/div>\n\t<\/div>\n<\/li><li class=\"edgtf-bl-item clearfix\">\n\t<div class=\"edgtf-bli-inner\">\n\t\t\n\t<div class=\"edgtf-post-image\">\n\t\t\t\t\t<a itemprop=\"url\" href=\"https:\/\/www.santjosep.net\/en\/walk-from-es-bol-nou-to-es-codolar\/\" title=\"A walk from Es Bol Nou to Es Codolar\">\n\t\t\t\t\t\t\t\t\t<img loading=\"lazy\" decoding=\"async\" width=\"1200\" height=\"798\" src=\"https:\/\/www.santjosep.net\/wp-content\/uploads\/2016\/06\/DJI_0075-3.jpg\" class=\"attachment-full size-full wp-post-image\" alt=\"\" \/>\t\t\t\t\t\t\t\t<\/a>\n\t\t\t<\/div>\n        <div class=\"edgtf-bli-content\">\n                            <div class=\"edgtf-bli-date\">\n\t                <div itemprop=\"dateCreated\" class=\"edgtf-post-info-date entry-date published updated\">\n            <a itemprop=\"url\" href=\"https:\/\/www.santjosep.net\/en\/2016\/06\/\">\n    \n        15 June 2016        <\/a>\n    <meta itemprop=\"interactionCount\" content=\"UserComments: 0\"\/>\n<\/div>                <\/div>\n            \t\n\t        \n<h4 itemprop=\"name\" class=\"entry-title edgtf-post-title\" >\n            <a itemprop=\"url\" href=\"https:\/\/www.santjosep.net\/en\/walk-from-es-bol-nou-to-es-codolar\/\" title=\"A walk from Es Bol Nou to Es Codolar\">\n            A walk from Es Bol Nou to Es Codolar            <\/a>\n    <\/h4>\n\t        <div class=\"edgtf-bli-info\">\n\t\t        <div class=\"edgtf-post-info-category\">\n    <a href=\"https:\/\/www.santjosep.net\/en\/category\/routes\/\" rel=\"category tag\">Routes<\/a>, <a href=\"https:\/\/www.santjosep.net\/en\/category\/walks\/\" rel=\"category tag\">Walks<\/a><\/div>\t        <\/div>\n\n\t        <div class=\"edgtf-bli-excerpt\">\n\t\t        \t\t<div class=\"edgtf-post-excerpt-holder\">\n\t\t\t<p itemprop=\"description\" class=\"edgtf-post-excerpt\">\n\t\t\t\tIt is always comforting to know that Ibiza has a thousand and one paths where to get lost and enjoy long walks with fantastic vistas to the sea and its exceptional landscapes. And especially in Sant Josep you\u2019ll find many of these inviting corners to unwind such as Sa Caleta. This bit of coast is ideal for enjoying a lovely walk. But is also a unique place to delve into the history of Ibiza and\t\t\t<\/p>\n\t\t<\/div>\n\t\t\t        \t<div class=\"edgtf-post-read-more-button\">\n\t\t<a itemprop=\"url\" href=\"https:\/\/www.santjosep.net\/en\/walk-from-es-bol-nou-to-es-codolar\/\" target=\"_self\"  class=\"edgtf-btn edgtf-btn-medium edgtf-btn-simple edgtf-btn-switch-line edgtf-blog-list-button\"  >\t\t\t<span class=\"edgtf-btn-icon-element\"><\/span>\t\t<span class=\"edgtf-btn-text\">READ MORE<span class=\"edgtf-btn-text-line\" ><\/span><span class=\"edgtf-btn-switch-line\" ><\/span><\/span>\t<\/a>\t<\/div>\n\t        <\/div>\n        <\/div>\n\t<\/div>\n<\/li><li class=\"edgtf-bl-item clearfix\">\n\t<div class=\"edgtf-bli-inner\">\n\t\t\n\t<div class=\"edgtf-post-image\">\n\t\t\t\t\t<a itemprop=\"url\" href=\"https:\/\/www.santjosep.net\/en\/cala-tarida-video-sant-josep-ibiza\/\" title=\"Cala Tarida Sant Josep &#8211; Ibiza\">\n\t\t\t\t\t\t\t\t\t<img loading=\"lazy\" decoding=\"async\" width=\"1000\" height=\"667\" src=\"https:\/\/www.santjosep.net\/wp-content\/uploads\/2016\/06\/thumbcalatarida.jpg\" class=\"attachment-full size-full wp-post-image\" alt=\"\" srcset=\"https:\/\/www.santjosep.net\/wp-content\/uploads\/2016\/06\/thumbcalatarida.jpg 1000w, https:\/\/www.santjosep.net\/wp-content\/uploads\/2016\/06\/thumbcalatarida-300x200.jpg 300w, https:\/\/www.santjosep.net\/wp-content\/uploads\/2016\/06\/thumbcalatarida-768x512.jpg 768w\" sizes=\"auto, (max-width: 1000px) 100vw, 1000px\" \/>\t\t\t\t\t\t\t\t<\/a>\n\t\t\t<\/div>\n        <div class=\"edgtf-bli-content\">\n                            <div class=\"edgtf-bli-date\">\n\t                <div itemprop=\"dateCreated\" class=\"edgtf-post-info-date entry-date published updated\">\n            <a itemprop=\"url\" href=\"https:\/\/www.santjosep.net\/en\/2016\/06\/\">\n    \n        2 June 2016        <\/a>\n    <meta itemprop=\"interactionCount\" content=\"UserComments: 0\"\/>\n<\/div>                <\/div>\n            \t\n\t        \n<h4 itemprop=\"name\" class=\"entry-title edgtf-post-title\" >\n            <a itemprop=\"url\" href=\"https:\/\/www.santjosep.net\/en\/cala-tarida-video-sant-josep-ibiza\/\" title=\"Cala Tarida Sant Josep &#8211; Ibiza\">\n            Cala Tarida Sant Josep &#8211; Ibiza            <\/a>\n    <\/h4>\n\t        <div class=\"edgtf-bli-info\">\n\t\t        <div class=\"edgtf-post-info-category\">\n    <a href=\"https:\/\/www.santjosep.net\/en\/category\/beaches\/\" rel=\"category tag\">Beaches<\/a>, <a href=\"https:\/\/www.santjosep.net\/en\/category\/routes\/\" rel=\"category tag\">Routes<\/a>, <a href=\"https:\/\/www.santjosep.net\/en\/category\/video-en\/\" rel=\"category tag\">Video<\/a><\/div>\t        <\/div>\n\n\t        <div class=\"edgtf-bli-excerpt\">\n\t\t        \t\t<div class=\"edgtf-post-excerpt-holder\">\n\t\t\t<p itemprop=\"description\" class=\"edgtf-post-excerpt\">\n\t\t\t\tThe beach of Cala Tarida is one of the most visited on the island of Ibiza. Its great length, a multitude of services, cuisine and beautiful corners, makes this beach ideal for all types of visitors. Families, children, couples and friends everyone will find a perfect place on this beach.\r\n\r\nLearn more about Cala Tarida here\t\t\t<\/p>\n\t\t<\/div>\n\t\t\t        \t<div class=\"edgtf-post-read-more-button\">\n\t\t<a itemprop=\"url\" href=\"https:\/\/www.santjosep.net\/en\/cala-tarida-video-sant-josep-ibiza\/\" target=\"_self\"  class=\"edgtf-btn edgtf-btn-medium edgtf-btn-simple edgtf-btn-switch-line edgtf-blog-list-button\"  >\t\t\t<span class=\"edgtf-btn-icon-element\"><\/span>\t\t<span class=\"edgtf-btn-text\">READ MORE<span class=\"edgtf-btn-text-line\" ><\/span><span class=\"edgtf-btn-switch-line\" ><\/span><\/span>\t<\/a>\t<\/div>\n\t        <\/div>\n        <\/div>\n\t<\/div>\n<\/li><li class=\"edgtf-bl-item clearfix\">\n\t<div class=\"edgtf-bli-inner\">\n\t\t\n\t<div class=\"edgtf-post-image\">\n\t\t\t\t\t<a itemprop=\"url\" href=\"https:\/\/www.santjosep.net\/en\/6-ideas-una-guia-cala-dhort-ibiza\/\" title=\"6 Tips: A Guide to Cala d\u2019Hort (Ibiza)\">\n\t\t\t\t\t\t\t\t\t<img loading=\"lazy\" decoding=\"async\" width=\"1200\" height=\"800\" src=\"https:\/\/www.santjosep.net\/wp-content\/uploads\/2016\/04\/caladhort.jpg\" class=\"attachment-full size-full wp-post-image\" alt=\"\" srcset=\"https:\/\/www.santjosep.net\/wp-content\/uploads\/2016\/04\/caladhort.jpg 1200w, https:\/\/www.santjosep.net\/wp-content\/uploads\/2016\/04\/caladhort-300x200.jpg 300w, https:\/\/www.santjosep.net\/wp-content\/uploads\/2016\/04\/caladhort-1024x683.jpg 1024w, https:\/\/www.santjosep.net\/wp-content\/uploads\/2016\/04\/caladhort-768x512.jpg 768w\" sizes=\"auto, (max-width: 1200px) 100vw, 1200px\" \/>\t\t\t\t\t\t\t\t<\/a>\n\t\t\t<\/div>\n        <div class=\"edgtf-bli-content\">\n                            <div class=\"edgtf-bli-date\">\n\t                <div itemprop=\"dateCreated\" class=\"edgtf-post-info-date entry-date published updated\">\n            <a itemprop=\"url\" href=\"https:\/\/www.santjosep.net\/en\/2016\/04\/\">\n    \n        25 April 2016        <\/a>\n    <meta itemprop=\"interactionCount\" content=\"UserComments: 0\"\/>\n<\/div>                <\/div>\n            \t\n\t        \n<h4 itemprop=\"name\" class=\"entry-title edgtf-post-title\" >\n            <a itemprop=\"url\" href=\"https:\/\/www.santjosep.net\/en\/6-ideas-una-guia-cala-dhort-ibiza\/\" title=\"6 Tips: A Guide to Cala d\u2019Hort (Ibiza)\">\n            6 Tips: A Guide to Cala d\u2019Hort (Ibiza)            <\/a>\n    <\/h4>\n\t        <div class=\"edgtf-bli-info\">\n\t\t        <div class=\"edgtf-post-info-category\">\n    <a href=\"https:\/\/www.santjosep.net\/en\/category\/beaches\/\" rel=\"category tag\">Beaches<\/a>, <a href=\"https:\/\/www.santjosep.net\/en\/category\/routes\/\" rel=\"category tag\">Routes<\/a>, <a href=\"https:\/\/www.santjosep.net\/en\/category\/walks\/\" rel=\"category tag\">Walks<\/a><\/div>\t        <\/div>\n\n\t        <div class=\"edgtf-bli-excerpt\">\n\t\t        \t\t<div class=\"edgtf-post-excerpt-holder\">\n\t\t\t<p itemprop=\"description\" class=\"edgtf-post-excerpt\">\n\t\t\t\tOne of the most iconic beaches in Ibiza, located on the southwest of the municipality of Sant Josep, is Cala d'Hort, the privileged guardian of the island of Es Vedr\u00e0, an unmistakable icon of the island. And today we will devote our attention to this bit of our coast, probably one of the most beautiful areas for spending the day by the sea.\r\n\r\n<div class=\"edgtf-more-link-container\"><a href=\"https:\/\/www.santjosep.net\/en\/6-ideas-una-guia-cala-dhort-ibiza\/#more-6880\" target=\"_self\" class=\"edgtf-btn edgtf-btn-medium edgtf-btn-solid\">\t\t\t<span class=\"edgtf-btn-icon-element\"><\/span>\t\t<span class=\"edgtf-btn-text\">Continue reading<\/span>\t<\/a><\/div>\n\t\t<\/div>\n\t\t\t        \t        <\/div>\n        <\/div>\n\t<\/div>\n<\/li><li class=\"edgtf-bl-item clearfix\">\n\t<div class=\"edgtf-bli-inner\">\n\t\t\n\t<div class=\"edgtf-post-image\">\n\t\t\t\t\t<a itemprop=\"url\" href=\"https:\/\/www.santjosep.net\/en\/mountain-bike-sant-josep-ibiza\/\" title=\"Mountain Bike Sant Josep &#8211; Ibiza\">\n\t\t\t\t\t\t\t\t\t<img loading=\"lazy\" decoding=\"async\" width=\"1000\" height=\"667\" src=\"https:\/\/www.santjosep.net\/wp-content\/uploads\/2016\/04\/coveribizabtt.jpg\" class=\"attachment-full size-full wp-post-image\" alt=\"\" srcset=\"https:\/\/www.santjosep.net\/wp-content\/uploads\/2016\/04\/coveribizabtt.jpg 1000w, https:\/\/www.santjosep.net\/wp-content\/uploads\/2016\/04\/coveribizabtt-300x200.jpg 300w, https:\/\/www.santjosep.net\/wp-content\/uploads\/2016\/04\/coveribizabtt-768x512.jpg 768w\" sizes=\"auto, (max-width: 1000px) 100vw, 1000px\" \/>\t\t\t\t\t\t\t\t<\/a>\n\t\t\t<\/div>\n        <div class=\"edgtf-bli-content\">\n                            <div class=\"edgtf-bli-date\">\n\t                <div itemprop=\"dateCreated\" class=\"edgtf-post-info-date entry-date published updated\">\n            <a itemprop=\"url\" href=\"https:\/\/www.santjosep.net\/en\/2016\/04\/\">\n    \n        5 April 2016        <\/a>\n    <meta itemprop=\"interactionCount\" content=\"UserComments: 0\"\/>\n<\/div>                <\/div>\n            \t\n\t        \n<h4 itemprop=\"name\" class=\"entry-title edgtf-post-title\" >\n            <a itemprop=\"url\" href=\"https:\/\/www.santjosep.net\/en\/mountain-bike-sant-josep-ibiza\/\" title=\"Mountain Bike Sant Josep &#8211; Ibiza\">\n            Mountain Bike Sant Josep &#8211; Ibiza            <\/a>\n    <\/h4>\n\t        <div class=\"edgtf-bli-info\">\n\t\t        <div class=\"edgtf-post-info-category\">\n    <a href=\"https:\/\/www.santjosep.net\/en\/category\/routes\/\" rel=\"category tag\">Routes<\/a>, <a href=\"https:\/\/www.santjosep.net\/en\/category\/video-en\/\" rel=\"category tag\">Video<\/a><\/div>\t        <\/div>\n\n\t        <div class=\"edgtf-bli-excerpt\">\n\t\t        \t\t<div class=\"edgtf-post-excerpt-holder\">\n\t\t\t<p itemprop=\"description\" class=\"edgtf-post-excerpt\">\n\t\t\t\tThe environment of Sant Josep (Ibiza) is perfect for Mountain Bike practice. Numerous marked trails, a spectacular coastline, big ups and downs and spectacular views for all audiences.\r\n\r\nYou can discover mountain bike routes here: Sant Josep MTB\t\t\t<\/p>\n\t\t<\/div>\n\t\t\t        \t<div class=\"edgtf-post-read-more-button\">\n\t\t<a itemprop=\"url\" href=\"https:\/\/www.santjosep.net\/en\/mountain-bike-sant-josep-ibiza\/\" target=\"_self\"  class=\"edgtf-btn edgtf-btn-medium edgtf-btn-simple edgtf-btn-switch-line edgtf-blog-list-button\"  >\t\t\t<span class=\"edgtf-btn-icon-element\"><\/span>\t\t<span class=\"edgtf-btn-text\">READ MORE<span class=\"edgtf-btn-text-line\" ><\/span><span class=\"edgtf-btn-switch-line\" ><\/span><\/span>\t<\/a>\t<\/div>\n\t        <\/div>\n        <\/div>\n\t<\/div>\n<\/li><li class=\"edgtf-bl-item clearfix\">\n\t<div class=\"edgtf-bli-inner\">\n\t\t\n\t<div class=\"edgtf-post-image\">\n\t\t\t\t\t<a itemprop=\"url\" href=\"https:\/\/www.santjosep.net\/en\/waves-at-platges-de-comte-cala-conta-ibiza\/\" title=\"Waves at Platges de Comte (Cala Conta) &#8211; Ibiza\">\n\t\t\t\t\t\t\t\t\t<img loading=\"lazy\" decoding=\"async\" width=\"1000\" height=\"667\" src=\"https:\/\/www.santjosep.net\/wp-content\/uploads\/2016\/02\/wavescover.jpg\" class=\"attachment-full size-full wp-post-image\" alt=\"\" srcset=\"https:\/\/www.santjosep.net\/wp-content\/uploads\/2016\/02\/wavescover.jpg 1000w, https:\/\/www.santjosep.net\/wp-content\/uploads\/2016\/02\/wavescover-300x200.jpg 300w, https:\/\/www.santjosep.net\/wp-content\/uploads\/2016\/02\/wavescover-768x512.jpg 768w\" sizes=\"auto, (max-width: 1000px) 100vw, 1000px\" \/>\t\t\t\t\t\t\t\t<\/a>\n\t\t\t<\/div>\n        <div class=\"edgtf-bli-content\">\n                            <div class=\"edgtf-bli-date\">\n\t                <div itemprop=\"dateCreated\" class=\"edgtf-post-info-date entry-date published updated\">\n            <a itemprop=\"url\" href=\"https:\/\/www.santjosep.net\/en\/2016\/02\/\">\n    \n        29 February 2016        <\/a>\n    <meta itemprop=\"interactionCount\" content=\"UserComments: 0\"\/>\n<\/div>                <\/div>\n            \t\n\t        \n<h4 itemprop=\"name\" class=\"entry-title edgtf-post-title\" >\n            <a itemprop=\"url\" href=\"https:\/\/www.santjosep.net\/en\/waves-at-platges-de-comte-cala-conta-ibiza\/\" title=\"Waves at Platges de Comte (Cala Conta) &#8211; Ibiza\">\n            Waves at Platges de Comte (Cala Conta) &#8211; Ibiza            <\/a>\n    <\/h4>\n\t        <div class=\"edgtf-bli-info\">\n\t\t        <div class=\"edgtf-post-info-category\">\n    <a href=\"https:\/\/www.santjosep.net\/en\/category\/video-en\/\" rel=\"category tag\">Video<\/a>, <a href=\"https:\/\/www.santjosep.net\/en\/category\/walks\/\" rel=\"category tag\">Walks<\/a><\/div>\t        <\/div>\n\n\t        <div class=\"edgtf-bli-excerpt\">\n\t\t        \t\t<div class=\"edgtf-post-excerpt-holder\">\n\t\t\t<p itemprop=\"description\" class=\"edgtf-post-excerpt\">\n\t\t\t\tPlatges de Comte (Cala Conta) is one of the most visited beaches in Ibiza during the spring and summer. Nude of hammocks, people, umbrellas and boats in winter becomes a real paradise. The days of wind and blue sky the natural spectacle worth a visit.\t\t\t<\/p>\n\t\t<\/div>\n\t\t\t        \t<div class=\"edgtf-post-read-more-button\">\n\t\t<a itemprop=\"url\" href=\"https:\/\/www.santjosep.net\/en\/waves-at-platges-de-comte-cala-conta-ibiza\/\" target=\"_self\"  class=\"edgtf-btn edgtf-btn-medium edgtf-btn-simple edgtf-btn-switch-line edgtf-blog-list-button\"  >\t\t\t<span class=\"edgtf-btn-icon-element\"><\/span>\t\t<span class=\"edgtf-btn-text\">READ MORE<span class=\"edgtf-btn-text-line\" ><\/span><span class=\"edgtf-btn-switch-line\" ><\/span><\/span>\t<\/a>\t<\/div>\n\t        <\/div>\n        <\/div>\n\t<\/div>\n<\/li><li class=\"edgtf-bl-item clearfix\">\n\t<div class=\"edgtf-bli-inner\">\n\t\t\n\t<div class=\"edgtf-post-image\">\n\t\t\t\t\t<a itemprop=\"url\" href=\"https:\/\/www.santjosep.net\/en\/almond-blossom-sant-josep-ibiza\/\" title=\"Almond blossom at Sant Josep &#8211; Ibiza\">\n\t\t\t\t\t\t\t\t\t<img loading=\"lazy\" decoding=\"async\" width=\"1000\" height=\"667\" src=\"https:\/\/www.santjosep.net\/wp-content\/uploads\/2016\/02\/almedroscover.jpg\" class=\"attachment-full size-full wp-post-image\" alt=\"\" srcset=\"https:\/\/www.santjosep.net\/wp-content\/uploads\/2016\/02\/almedroscover.jpg 1000w, https:\/\/www.santjosep.net\/wp-content\/uploads\/2016\/02\/almedroscover-300x200.jpg 300w, https:\/\/www.santjosep.net\/wp-content\/uploads\/2016\/02\/almedroscover-768x512.jpg 768w\" sizes=\"auto, (max-width: 1000px) 100vw, 1000px\" \/>\t\t\t\t\t\t\t\t<\/a>\n\t\t\t<\/div>\n        <div class=\"edgtf-bli-content\">\n                            <div class=\"edgtf-bli-date\">\n\t                <div itemprop=\"dateCreated\" class=\"edgtf-post-info-date entry-date published updated\">\n            <a itemprop=\"url\" href=\"https:\/\/www.santjosep.net\/en\/2016\/01\/\">\n    \n        24 January 2016        <\/a>\n    <meta itemprop=\"interactionCount\" content=\"UserComments: 0\"\/>\n<\/div>                <\/div>\n            \t\n\t        \n<h4 itemprop=\"name\" class=\"entry-title edgtf-post-title\" >\n            <a itemprop=\"url\" href=\"https:\/\/www.santjosep.net\/en\/almond-blossom-sant-josep-ibiza\/\" title=\"Almond blossom at Sant Josep &#8211; Ibiza\">\n            Almond blossom at Sant Josep &#8211; Ibiza            <\/a>\n    <\/h4>\n\t        <div class=\"edgtf-bli-info\">\n\t\t        <div class=\"edgtf-post-info-category\">\n    <a href=\"https:\/\/www.santjosep.net\/en\/category\/video-en\/\" rel=\"category tag\">Video<\/a><\/div>\t        <\/div>\n\n\t        <div class=\"edgtf-bli-excerpt\">\n\t\t        \t\t<div class=\"edgtf-post-excerpt-holder\">\n\t\t\t<p itemprop=\"description\" class=\"edgtf-post-excerpt\">\n\t\t\t\tEvery year in late January Sant Josep fields is flooded with white. Almond blossom trees announces the arrival of spring and soon overflow with green landscape.\t\t\t<\/p>\n\t\t<\/div>\n\t\t\t        \t<div class=\"edgtf-post-read-more-button\">\n\t\t<a itemprop=\"url\" href=\"https:\/\/www.santjosep.net\/en\/almond-blossom-sant-josep-ibiza\/\" target=\"_self\"  class=\"edgtf-btn edgtf-btn-medium edgtf-btn-simple edgtf-btn-switch-line edgtf-blog-list-button\"  >\t\t\t<span class=\"edgtf-btn-icon-element\"><\/span>\t\t<span class=\"edgtf-btn-text\">READ MORE<span class=\"edgtf-btn-text-line\" ><\/span><span class=\"edgtf-btn-switch-line\" ><\/span><\/span>\t<\/a>\t<\/div>\n\t        <\/div>\n        <\/div>\n\t<\/div>\n<\/li><li class=\"edgtf-bl-item clearfix\">\n\t<div class=\"edgtf-bli-inner\">\n\t\t\n\t<div class=\"edgtf-post-image\">\n\t\t\t\t\t<a itemprop=\"url\" href=\"https:\/\/www.santjosep.net\/en\/la-floracion-de-los-almendros-en-sant-josep\/\" title=\"La floraci\u00f3n de los almendros en Sant Josep\">\n\t\t\t\t\t\t\t\t\t<img loading=\"lazy\" decoding=\"async\" width=\"1000\" height=\"667\" src=\"https:\/\/www.santjosep.net\/wp-content\/uploads\/2016\/02\/almedroscover.jpg\" class=\"attachment-full size-full wp-post-image\" alt=\"\" srcset=\"https:\/\/www.santjosep.net\/wp-content\/uploads\/2016\/02\/almedroscover.jpg 1000w, https:\/\/www.santjosep.net\/wp-content\/uploads\/2016\/02\/almedroscover-300x200.jpg 300w, https:\/\/www.santjosep.net\/wp-content\/uploads\/2016\/02\/almedroscover-768x512.jpg 768w\" sizes=\"auto, (max-width: 1000px) 100vw, 1000px\" \/>\t\t\t\t\t\t\t\t<\/a>\n\t\t\t<\/div>\n        <div class=\"edgtf-bli-content\">\n                            <div class=\"edgtf-bli-date\">\n\t                <div itemprop=\"dateCreated\" class=\"edgtf-post-info-date entry-date published updated\">\n            <a itemprop=\"url\" href=\"https:\/\/www.santjosep.net\/en\/2016\/01\/\">\n    \n        22 January 2016        <\/a>\n    <meta itemprop=\"interactionCount\" content=\"UserComments: 0\"\/>\n<\/div>                <\/div>\n            \t\n\t        \n<h4 itemprop=\"name\" class=\"entry-title edgtf-post-title\" >\n            <a itemprop=\"url\" href=\"https:\/\/www.santjosep.net\/en\/la-floracion-de-los-almendros-en-sant-josep\/\" title=\"La floraci\u00f3n de los almendros en Sant Josep\">\n            La floraci\u00f3n de los almendros en Sant Josep            <\/a>\n    <\/h4>\n\t        <div class=\"edgtf-bli-info\">\n\t\t        <div class=\"edgtf-post-info-category\">\n    <a href=\"https:\/\/www.santjosep.net\/en\/category\/video-en\/\" rel=\"category tag\">Video<\/a><\/div>\t        <\/div>\n\n\t        <div class=\"edgtf-bli-excerpt\">\n\t\t        \t\t<div class=\"edgtf-post-excerpt-holder\">\n\t\t\t<p itemprop=\"description\" class=\"edgtf-post-excerpt\">\n\t\t\t\tCada a\u00f1o a finales de enero el campo de Sant Josep se inunda de blanco. La floraci\u00f3n de los almendros anuncia la llegada de la primavera y pronto el paisaje rebosar\u00e1 color verde.\t\t\t<\/p>\n\t\t<\/div>\n\t\t\t        \t<div class=\"edgtf-post-read-more-button\">\n\t\t<a itemprop=\"url\" href=\"https:\/\/www.santjosep.net\/en\/la-floracion-de-los-almendros-en-sant-josep\/\" target=\"_self\"  class=\"edgtf-btn edgtf-btn-medium edgtf-btn-simple edgtf-btn-switch-line edgtf-blog-list-button\"  >\t\t\t<span class=\"edgtf-btn-icon-element\"><\/span>\t\t<span class=\"edgtf-btn-text\">READ MORE<span class=\"edgtf-btn-text-line\" ><\/span><span class=\"edgtf-btn-switch-line\" ><\/span><\/span>\t<\/a>\t<\/div>\n\t        <\/div>\n        <\/div>\n\t<\/div>\n<\/li><li class=\"edgtf-bl-item clearfix\">\n\t<div class=\"edgtf-bli-inner\">\n\t\t\n\t<div class=\"edgtf-post-image\">\n\t\t\t\t\t<a itemprop=\"url\" href=\"https:\/\/www.santjosep.net\/en\/sant-jordi-and-sant-francesc-two-beautiful-villages-south-ibiza\/\" title=\"Sant Jordi and Sant Francesc, two beautiful villages in the south of Ibiza\">\n\t\t\t\t\t\t\t\t\t<img loading=\"lazy\" decoding=\"async\" width=\"1200\" height=\"800\" src=\"https:\/\/www.santjosep.net\/wp-content\/uploads\/2015\/07\/IMG_1138.jpg\" class=\"attachment-full size-full wp-post-image\" alt=\"\" srcset=\"https:\/\/www.santjosep.net\/wp-content\/uploads\/2015\/07\/IMG_1138.jpg 1200w, https:\/\/www.santjosep.net\/wp-content\/uploads\/2015\/07\/IMG_1138-300x200.jpg 300w, https:\/\/www.santjosep.net\/wp-content\/uploads\/2015\/07\/IMG_1138-1024x682.jpg 1024w\" sizes=\"auto, (max-width: 1200px) 100vw, 1200px\" \/>\t\t\t\t\t\t\t\t<\/a>\n\t\t\t<\/div>\n        <div class=\"edgtf-bli-content\">\n                            <div class=\"edgtf-bli-date\">\n\t                <div itemprop=\"dateCreated\" class=\"edgtf-post-info-date entry-date published updated\">\n            <a itemprop=\"url\" href=\"https:\/\/www.santjosep.net\/en\/2015\/07\/\">\n    \n        20 July 2015        <\/a>\n    <meta itemprop=\"interactionCount\" content=\"UserComments: 0\"\/>\n<\/div>                <\/div>\n            \t\n\t        \n<h4 itemprop=\"name\" class=\"entry-title edgtf-post-title\" >\n            <a itemprop=\"url\" href=\"https:\/\/www.santjosep.net\/en\/sant-jordi-and-sant-francesc-two-beautiful-villages-south-ibiza\/\" title=\"Sant Jordi and Sant Francesc, two beautiful villages in the south of Ibiza\">\n            Sant Jordi and Sant Francesc, two beautiful villages in the south of Ibiza            <\/a>\n    <\/h4>\n\t        <div class=\"edgtf-bli-info\">\n\t\t        <div class=\"edgtf-post-info-category\">\n    <a href=\"https:\/\/www.santjosep.net\/en\/category\/areas\/\" rel=\"category tag\">Areas<\/a>, <a href=\"https:\/\/www.santjosep.net\/en\/category\/villages\/\" rel=\"category tag\">Villages<\/a><\/div>\t        <\/div>\n\n\t        <div class=\"edgtf-bli-excerpt\">\n\t\t        \t\t<div class=\"edgtf-post-excerpt-holder\">\n\t\t\t<p itemprop=\"description\" class=\"edgtf-post-excerpt\">\n\t\t\t\tStrolling around the municipality of Sant Josep is the best way to discover the beauty and charm that\u2019s hidden in this part of the island. That's why today we will dedicate a few paragraphs to the two lovely villages that complete the tour of the municipality.\r\n\r\n\r\n[su_row] \u00a0 \u00a0[\/su_row]\r\n\r\nSant Jordi de Ses Salines, is the most populated town in the municipality of Sant Josep, probably because in its surroundings there is one of the biggest tourist\t\t\t<\/p>\n\t\t<\/div>\n\t\t\t        \t<div class=\"edgtf-post-read-more-button\">\n\t\t<a itemprop=\"url\" href=\"https:\/\/www.santjosep.net\/en\/sant-jordi-and-sant-francesc-two-beautiful-villages-south-ibiza\/\" target=\"_self\"  class=\"edgtf-btn edgtf-btn-medium edgtf-btn-simple edgtf-btn-switch-line edgtf-blog-list-button\"  >\t\t\t<span class=\"edgtf-btn-icon-element\"><\/span>\t\t<span class=\"edgtf-btn-text\">READ MORE<span class=\"edgtf-btn-text-line\" ><\/span><span class=\"edgtf-btn-switch-line\" ><\/span><\/span>\t<\/a>\t<\/div>\n\t        <\/div>\n        <\/div>\n\t<\/div>\n<\/li><li class=\"edgtf-bl-item clearfix\">\n\t<div class=\"edgtf-bli-inner\">\n\t\t\n\t<div class=\"edgtf-post-image\">\n\t\t\t\t\t<a itemprop=\"url\" href=\"https:\/\/www.santjosep.net\/en\/6-tips-a-guide-to-cala-jondal-beach\/\" title=\"6 Tips: A Guide to Platja des Jondal (Cala Jondal &#8211; Ibiza)\">\n\t\t\t\t\t\t\t\t\t<img loading=\"lazy\" decoding=\"async\" width=\"1200\" height=\"800\" src=\"https:\/\/www.santjosep.net\/wp-content\/uploads\/2015\/05\/desjondal.jpg\" class=\"attachment-full size-full wp-post-image\" alt=\"\" srcset=\"https:\/\/www.santjosep.net\/wp-content\/uploads\/2015\/05\/desjondal.jpg 1200w, https:\/\/www.santjosep.net\/wp-content\/uploads\/2015\/05\/desjondal-300x200.jpg 300w, https:\/\/www.santjosep.net\/wp-content\/uploads\/2015\/05\/desjondal-1024x683.jpg 1024w, https:\/\/www.santjosep.net\/wp-content\/uploads\/2015\/05\/desjondal-768x512.jpg 768w\" sizes=\"auto, (max-width: 1200px) 100vw, 1200px\" \/>\t\t\t\t\t\t\t\t<\/a>\n\t\t\t<\/div>\n        <div class=\"edgtf-bli-content\">\n                            <div class=\"edgtf-bli-date\">\n\t                <div itemprop=\"dateCreated\" class=\"edgtf-post-info-date entry-date published updated\">\n            <a itemprop=\"url\" href=\"https:\/\/www.santjosep.net\/en\/2015\/05\/\">\n    \n        19 May 2015        <\/a>\n    <meta itemprop=\"interactionCount\" content=\"UserComments: 0\"\/>\n<\/div>                <\/div>\n            \t\n\t        \n<h4 itemprop=\"name\" class=\"entry-title edgtf-post-title\" >\n            <a itemprop=\"url\" href=\"https:\/\/www.santjosep.net\/en\/6-tips-a-guide-to-cala-jondal-beach\/\" title=\"6 Tips: A Guide to Platja des Jondal (Cala Jondal &#8211; Ibiza)\">\n            6 Tips: A Guide to Platja des Jondal (Cala Jondal &#8211; Ibiza)            <\/a>\n    <\/h4>\n\t        <div class=\"edgtf-bli-info\">\n\t\t        <div class=\"edgtf-post-info-category\">\n    <a href=\"https:\/\/www.santjosep.net\/en\/category\/areas\/\" rel=\"category tag\">Areas<\/a>, <a href=\"https:\/\/www.santjosep.net\/en\/category\/sunsets\/\" rel=\"category tag\">Sunsets<\/a>, <a href=\"https:\/\/www.santjosep.net\/en\/category\/walks\/\" rel=\"category tag\">Walks<\/a><\/div>\t        <\/div>\n\n\t        <div class=\"edgtf-bli-excerpt\">\n\t\t        \t\t<div class=\"edgtf-post-excerpt-holder\">\n\t\t\t<p itemprop=\"description\" class=\"edgtf-post-excerpt\">\n\t\t\t\tThe municipality of Sant Josep has paradisiacal beaches on every inch of its coast. One of them is the amazing Platja des Jondal, also known as Cala Jondal, an increasingly fashionable and trendy spot to spend your time on the hot summer month under the shade of a beach umbrella or going for a swim in its clear, turquoise waters. A beach that always surprises its visitors. Here are a few tips to make the\t\t\t<\/p>\n\t\t<\/div>\n\t\t\t        \t<div class=\"edgtf-post-read-more-button\">\n\t\t<a itemprop=\"url\" href=\"https:\/\/www.santjosep.net\/en\/6-tips-a-guide-to-cala-jondal-beach\/\" target=\"_self\"  class=\"edgtf-btn edgtf-btn-medium edgtf-btn-simple edgtf-btn-switch-line edgtf-blog-list-button\"  >\t\t\t<span class=\"edgtf-btn-icon-element\"><\/span>\t\t<span class=\"edgtf-btn-text\">READ MORE<span class=\"edgtf-btn-text-line\" ><\/span><span class=\"edgtf-btn-switch-line\" ><\/span><\/span>\t<\/a>\t<\/div>\n\t        <\/div>\n        <\/div>\n\t<\/div>\n<\/li><li class=\"edgtf-bl-item clearfix\">\n\t<div class=\"edgtf-bli-inner\">\n\t\t\n\t<div class=\"edgtf-post-image\">\n\t\t\t\t\t<a itemprop=\"url\" href=\"https:\/\/www.santjosep.net\/en\/diving-on-the-coast-of-sant-josep-ibiza\/\" title=\"Diving on the coasts of Sant Josep, Ibiza\">\n\t\t\t\t\t\t\t\t\t<img loading=\"lazy\" decoding=\"async\" width=\"964\" height=\"643\" src=\"https:\/\/www.santjosep.net\/wp-content\/uploads\/2015\/03\/cover.jpg\" class=\"attachment-full size-full wp-post-image\" alt=\"\" srcset=\"https:\/\/www.santjosep.net\/wp-content\/uploads\/2015\/03\/cover.jpg 964w, https:\/\/www.santjosep.net\/wp-content\/uploads\/2015\/03\/cover-300x200.jpg 300w\" sizes=\"auto, (max-width: 964px) 100vw, 964px\" \/>\t\t\t\t\t\t\t\t<\/a>\n\t\t\t<\/div>\n        <div class=\"edgtf-bli-content\">\n                            <div class=\"edgtf-bli-date\">\n\t                <div itemprop=\"dateCreated\" class=\"edgtf-post-info-date entry-date published updated\">\n            <a itemprop=\"url\" href=\"https:\/\/www.santjosep.net\/en\/2015\/03\/\">\n    \n        30 March 2015        <\/a>\n    <meta itemprop=\"interactionCount\" content=\"UserComments: 0\"\/>\n<\/div>                <\/div>\n            \t\n\t        \n<h4 itemprop=\"name\" class=\"entry-title edgtf-post-title\" >\n            <a itemprop=\"url\" href=\"https:\/\/www.santjosep.net\/en\/diving-on-the-coast-of-sant-josep-ibiza\/\" title=\"Diving on the coasts of Sant Josep, Ibiza\">\n            Diving on the coasts of Sant Josep, Ibiza            <\/a>\n    <\/h4>\n\t        <div class=\"edgtf-bli-info\">\n\t\t        <div class=\"edgtf-post-info-category\">\n    <a href=\"https:\/\/www.santjosep.net\/en\/category\/areas\/\" rel=\"category tag\">Areas<\/a>, <a href=\"https:\/\/www.santjosep.net\/en\/category\/routes\/\" rel=\"category tag\">Routes<\/a><\/div>\t        <\/div>\n\n\t        <div class=\"edgtf-bli-excerpt\">\n\t\t        \t\t<div class=\"edgtf-post-excerpt-holder\">\n\t\t\t<p itemprop=\"description\" class=\"edgtf-post-excerpt\">\n\t\t\t\tTo fully discover the municipality of Sant Josep is no easy task, as one of the most precious treasures of the area and well worth visiting is its spectacular seabed, only available to the more adventurous who are willing to explore its waters diving.\r\n\r\n&nbsp;\r\n\r\nUnderwater diving in Ibiza, especially on the coast of Sant Josep which encompasses most of the southern half of the island, is one of the most recommendable activities to practice during your\t\t\t<\/p>\n\t\t<\/div>\n\t\t\t        \t<div class=\"edgtf-post-read-more-button\">\n\t\t<a itemprop=\"url\" href=\"https:\/\/www.santjosep.net\/en\/diving-on-the-coast-of-sant-josep-ibiza\/\" target=\"_self\"  class=\"edgtf-btn edgtf-btn-medium edgtf-btn-simple edgtf-btn-switch-line edgtf-blog-list-button\"  >\t\t\t<span class=\"edgtf-btn-icon-element\"><\/span>\t\t<span class=\"edgtf-btn-text\">READ MORE<span class=\"edgtf-btn-text-line\" ><\/span><span class=\"edgtf-btn-switch-line\" ><\/span><\/span>\t<\/a>\t<\/div>\n\t        <\/div>\n        <\/div>\n\t<\/div>\n<\/li><li class=\"edgtf-bl-item clearfix\">\n\t<div class=\"edgtf-bli-inner\">\n\t\t\n\t<div class=\"edgtf-post-image\">\n\t\t\t\t\t<a itemprop=\"url\" href=\"https:\/\/www.santjosep.net\/en\/6-ideas-a-guia-to-visit-platja-den-bossa-beach-ibiza\/\" title=\"6 Ideas: A guide to Platja d&#8217;en Bossa beach (Ibiza)\">\n\t\t\t\t\t\t\t\t\t<img loading=\"lazy\" decoding=\"async\" width=\"1200\" height=\"800\" src=\"https:\/\/www.santjosep.net\/wp-content\/uploads\/2015\/02\/calaconta.jpg\" class=\"attachment-full size-full wp-post-image\" alt=\"\" srcset=\"https:\/\/www.santjosep.net\/wp-content\/uploads\/2015\/02\/calaconta.jpg 1200w, https:\/\/www.santjosep.net\/wp-content\/uploads\/2015\/02\/calaconta-300x200.jpg 300w, https:\/\/www.santjosep.net\/wp-content\/uploads\/2015\/02\/calaconta-1024x683.jpg 1024w, https:\/\/www.santjosep.net\/wp-content\/uploads\/2015\/02\/calaconta-768x512.jpg 768w\" sizes=\"auto, (max-width: 1200px) 100vw, 1200px\" \/>\t\t\t\t\t\t\t\t<\/a>\n\t\t\t<\/div>\n        <div class=\"edgtf-bli-content\">\n                            <div class=\"edgtf-bli-date\">\n\t                <div itemprop=\"dateCreated\" class=\"edgtf-post-info-date entry-date published updated\">\n            <a itemprop=\"url\" href=\"https:\/\/www.santjosep.net\/en\/2015\/02\/\">\n    \n        22 February 2015        <\/a>\n    <meta itemprop=\"interactionCount\" content=\"UserComments: 0\"\/>\n<\/div>                <\/div>\n            \t\n\t        \n<h4 itemprop=\"name\" class=\"entry-title edgtf-post-title\" >\n            <a itemprop=\"url\" href=\"https:\/\/www.santjosep.net\/en\/6-ideas-a-guia-to-visit-platja-den-bossa-beach-ibiza\/\" title=\"6 Ideas: A guide to Platja d&#8217;en Bossa beach (Ibiza)\">\n            6 Ideas: A guide to Platja d&#8217;en Bossa beach (Ibiza)            <\/a>\n    <\/h4>\n\t        <div class=\"edgtf-bli-info\">\n\t\t        <div class=\"edgtf-post-info-category\">\n    <a href=\"https:\/\/www.santjosep.net\/en\/category\/areas\/\" rel=\"category tag\">Areas<\/a>, <a href=\"https:\/\/www.santjosep.net\/en\/category\/sunsets\/\" rel=\"category tag\">Sunsets<\/a>, <a href=\"https:\/\/www.santjosep.net\/en\/category\/walks\/\" rel=\"category tag\">Walks<\/a><\/div>\t        <\/div>\n\n\t        <div class=\"edgtf-bli-excerpt\">\n\t\t        \t\t<div class=\"edgtf-post-excerpt-holder\">\n\t\t\t<p itemprop=\"description\" class=\"edgtf-post-excerpt\">\n\t\t\t\tIbiza is worldwide known for its beaches and its relaxed atmosphere, but only at Platja d'en Bossa you'll find the perfect place to fully enjoy this experience. It\u2019s the most extensive beach on the island and one of the most cosmopolitan spots in the municipality of Sant Josep with a wide range of leisure and entertainment places both by day and night. Here are 5 ideas to fully enjoy Platja d\u2019en Bossa:\r\nEAT\r\n\r\n[su_row] \u00a0 \u00a0[\/su_row]\r\n\r\nPlatja d'en\t\t\t<\/p>\n\t\t<\/div>\n\t\t\t        \t<div class=\"edgtf-post-read-more-button\">\n\t\t<a itemprop=\"url\" href=\"https:\/\/www.santjosep.net\/en\/6-ideas-a-guia-to-visit-platja-den-bossa-beach-ibiza\/\" target=\"_self\"  class=\"edgtf-btn edgtf-btn-medium edgtf-btn-simple edgtf-btn-switch-line edgtf-blog-list-button\"  >\t\t\t<span class=\"edgtf-btn-icon-element\"><\/span>\t\t<span class=\"edgtf-btn-text\">READ MORE<span class=\"edgtf-btn-text-line\" ><\/span><span class=\"edgtf-btn-switch-line\" ><\/span><\/span>\t<\/a>\t<\/div>\n\t        <\/div>\n        <\/div>\n\t<\/div>\n<\/li><li class=\"edgtf-bl-item clearfix\">\n\t<div class=\"edgtf-bli-inner\">\n\t\t\n\t<div class=\"edgtf-post-image\">\n\t\t\t\t\t<a itemprop=\"url\" href=\"https:\/\/www.santjosep.net\/en\/6-ideas-a-guide-to-platges-de-comte-ibiza\/\" title=\"6 Ideas: A guide to Platges de Comte (Cala Conta &#8211; Ibiza)\">\n\t\t\t\t\t\t\t\t\t<img loading=\"lazy\" decoding=\"async\" width=\"1200\" height=\"800\" src=\"https:\/\/www.santjosep.net\/wp-content\/uploads\/2015\/02\/calaconta__6IDEAS_IMG_0007.jpg\" class=\"attachment-full size-full wp-post-image\" alt=\"\" srcset=\"https:\/\/www.santjosep.net\/wp-content\/uploads\/2015\/02\/calaconta__6IDEAS_IMG_0007.jpg 1200w, https:\/\/www.santjosep.net\/wp-content\/uploads\/2015\/02\/calaconta__6IDEAS_IMG_0007-300x200.jpg 300w, https:\/\/www.santjosep.net\/wp-content\/uploads\/2015\/02\/calaconta__6IDEAS_IMG_0007-1024x682.jpg 1024w\" sizes=\"auto, (max-width: 1200px) 100vw, 1200px\" \/>\t\t\t\t\t\t\t\t<\/a>\n\t\t\t<\/div>\n        <div class=\"edgtf-bli-content\">\n                            <div class=\"edgtf-bli-date\">\n\t                <div itemprop=\"dateCreated\" class=\"edgtf-post-info-date entry-date published updated\">\n            <a itemprop=\"url\" href=\"https:\/\/www.santjosep.net\/en\/2015\/02\/\">\n    \n        10 February 2015        <\/a>\n    <meta itemprop=\"interactionCount\" content=\"UserComments: 0\"\/>\n<\/div>                <\/div>\n            \t\n\t        \n<h4 itemprop=\"name\" class=\"entry-title edgtf-post-title\" >\n            <a itemprop=\"url\" href=\"https:\/\/www.santjosep.net\/en\/6-ideas-a-guide-to-platges-de-comte-ibiza\/\" title=\"6 Ideas: A guide to Platges de Comte (Cala Conta &#8211; Ibiza)\">\n            6 Ideas: A guide to Platges de Comte (Cala Conta &#8211; Ibiza)            <\/a>\n    <\/h4>\n\t        <div class=\"edgtf-bli-info\">\n\t\t        <div class=\"edgtf-post-info-category\">\n    <a href=\"https:\/\/www.santjosep.net\/en\/category\/areas\/\" rel=\"category tag\">Areas<\/a>, <a href=\"https:\/\/www.santjosep.net\/en\/category\/sunsets\/\" rel=\"category tag\">Sunsets<\/a>, <a href=\"https:\/\/www.santjosep.net\/en\/category\/walks\/\" rel=\"category tag\">Walks<\/a><\/div>\t        <\/div>\n\n\t        <div class=\"edgtf-bli-excerpt\">\n\t\t        \t\t<div class=\"edgtf-post-excerpt-holder\">\n\t\t\t<p itemprop=\"description\" class=\"edgtf-post-excerpt\">\n\t\t\t\tA perfect holiday in Ibiza always include sunny days on the beach and refreshing swims in the sea. And what better way to enjoy all this in an idyllic place like Platges de Comte beach, where its turquoise waters and amazing sunsets make this place have nothing to envy to the beaches of the Caribbean. Here\u2019s a guide to fully enjoy a beach day at Platges de Comte:\r\nEAT\r\n\r\n[su_row] \u00a0 \u00a0[\/su_row]\r\n\r\nPlatges de Comte has three seaside\t\t\t<\/p>\n\t\t<\/div>\n\t\t\t        \t<div class=\"edgtf-post-read-more-button\">\n\t\t<a itemprop=\"url\" href=\"https:\/\/www.santjosep.net\/en\/6-ideas-a-guide-to-platges-de-comte-ibiza\/\" target=\"_self\"  class=\"edgtf-btn edgtf-btn-medium edgtf-btn-simple edgtf-btn-switch-line edgtf-blog-list-button\"  >\t\t\t<span class=\"edgtf-btn-icon-element\"><\/span>\t\t<span class=\"edgtf-btn-text\">READ MORE<span class=\"edgtf-btn-text-line\" ><\/span><span class=\"edgtf-btn-switch-line\" ><\/span><\/span>\t<\/a>\t<\/div>\n\t        <\/div>\n        <\/div>\n\t<\/div>\n<\/li><li class=\"edgtf-bl-item clearfix\">\n\t<div class=\"edgtf-bli-inner\">\n\t\t\n\t<div class=\"edgtf-post-image\">\n\t\t\t\t\t<a itemprop=\"url\" href=\"https:\/\/www.santjosep.net\/en\/pig-slaughter-sobrasada-ibiza\/\" title=\"Pig slaughter in Ibiza\">\n\t\t\t\t\t\t\t\t\t<img loading=\"lazy\" decoding=\"async\" width=\"1200\" height=\"800\" src=\"https:\/\/www.santjosep.net\/wp-content\/uploads\/2015\/01\/IMG_2501.jpg\" class=\"attachment-full size-full wp-post-image\" alt=\"\" srcset=\"https:\/\/www.santjosep.net\/wp-content\/uploads\/2015\/01\/IMG_2501.jpg 1200w, https:\/\/www.santjosep.net\/wp-content\/uploads\/2015\/01\/IMG_2501-300x200.jpg 300w, https:\/\/www.santjosep.net\/wp-content\/uploads\/2015\/01\/IMG_2501-1024x682.jpg 1024w\" sizes=\"auto, (max-width: 1200px) 100vw, 1200px\" \/>\t\t\t\t\t\t\t\t<\/a>\n\t\t\t<\/div>\n        <div class=\"edgtf-bli-content\">\n                            <div class=\"edgtf-bli-date\">\n\t                <div itemprop=\"dateCreated\" class=\"edgtf-post-info-date entry-date published updated\">\n            <a itemprop=\"url\" href=\"https:\/\/www.santjosep.net\/en\/2015\/01\/\">\n    \n        30 January 2015        <\/a>\n    <meta itemprop=\"interactionCount\" content=\"UserComments: 0\"\/>\n<\/div>                <\/div>\n            \t\n\t        \n<h4 itemprop=\"name\" class=\"entry-title edgtf-post-title\" >\n            <a itemprop=\"url\" href=\"https:\/\/www.santjosep.net\/en\/pig-slaughter-sobrasada-ibiza\/\" title=\"Pig slaughter in Ibiza\">\n            Pig slaughter in Ibiza            <\/a>\n    <\/h4>\n\t        <div class=\"edgtf-bli-info\">\n\t\t        <div class=\"edgtf-post-info-category\">\n    <a href=\"https:\/\/www.santjosep.net\/en\/category\/villages\/\" rel=\"category tag\">Villages<\/a><\/div>\t        <\/div>\n\n\t        <div class=\"edgtf-bli-excerpt\">\n\t\t        \t\t<div class=\"edgtf-post-excerpt-holder\">\n\t\t\t<p itemprop=\"description\" class=\"edgtf-post-excerpt\">\n\t\t\t\t'Sa matan\u00e7a' is the popular name by which the traditional pig slaughter for food purpose is known for in Ibiza. Since the domestic economy characterized by the Ibizan countryside is based on a mixture of dry land crop and kitchen garden and with fattening of poultry, sheep\u2026 But the animal, par excellence, which is mostly profitable food wise, and which with Ibiza\u2019s specific conditions it is easier to raise, is the pig.\r\n&nbsp;\r\n\r\nEvery year when winter\t\t\t<\/p>\n\t\t<\/div>\n\t\t\t        \t<div class=\"edgtf-post-read-more-button\">\n\t\t<a itemprop=\"url\" href=\"https:\/\/www.santjosep.net\/en\/pig-slaughter-sobrasada-ibiza\/\" target=\"_self\"  class=\"edgtf-btn edgtf-btn-medium edgtf-btn-simple edgtf-btn-switch-line edgtf-blog-list-button\"  >\t\t\t<span class=\"edgtf-btn-icon-element\"><\/span>\t\t<span class=\"edgtf-btn-text\">READ MORE<span class=\"edgtf-btn-text-line\" ><\/span><span class=\"edgtf-btn-switch-line\" ><\/span><\/span>\t<\/a>\t<\/div>\n\t        <\/div>\n        <\/div>\n\t<\/div>\n<\/li><li class=\"edgtf-bl-item clearfix\">\n\t<div class=\"edgtf-bli-inner\">\n\t\t\n\t<div class=\"edgtf-post-image\">\n\t\t\t\t\t<a itemprop=\"url\" href=\"https:\/\/www.santjosep.net\/en\/visit-es-cubells-village-ibiza\/\" title=\"Visit the village of Es Cubells &#8211; Ibiza\">\n\t\t\t\t\t\t\t\t\t<img loading=\"lazy\" decoding=\"async\" width=\"1200\" height=\"800\" src=\"https:\/\/www.santjosep.net\/wp-content\/uploads\/2014\/12\/IMG_0900.jpg\" class=\"attachment-full size-full wp-post-image\" alt=\"\" srcset=\"https:\/\/www.santjosep.net\/wp-content\/uploads\/2014\/12\/IMG_0900.jpg 1200w, https:\/\/www.santjosep.net\/wp-content\/uploads\/2014\/12\/IMG_0900-300x200.jpg 300w, https:\/\/www.santjosep.net\/wp-content\/uploads\/2014\/12\/IMG_0900-1024x682.jpg 1024w\" sizes=\"auto, (max-width: 1200px) 100vw, 1200px\" \/>\t\t\t\t\t\t\t\t<\/a>\n\t\t\t<\/div>\n        <div class=\"edgtf-bli-content\">\n                            <div class=\"edgtf-bli-date\">\n\t                <div itemprop=\"dateCreated\" class=\"edgtf-post-info-date entry-date published updated\">\n            <a itemprop=\"url\" href=\"https:\/\/www.santjosep.net\/en\/2014\/12\/\">\n    \n        15 December 2014        <\/a>\n    <meta itemprop=\"interactionCount\" content=\"UserComments: 0\"\/>\n<\/div>                <\/div>\n            \t\n\t        \n<h4 itemprop=\"name\" class=\"entry-title edgtf-post-title\" >\n            <a itemprop=\"url\" href=\"https:\/\/www.santjosep.net\/en\/visit-es-cubells-village-ibiza\/\" title=\"Visit the village of Es Cubells &#8211; Ibiza\">\n            Visit the village of Es Cubells &#8211; Ibiza            <\/a>\n    <\/h4>\n\t        <div class=\"edgtf-bli-info\">\n\t\t        <div class=\"edgtf-post-info-category\">\n    <a href=\"https:\/\/www.santjosep.net\/en\/category\/areas\/\" rel=\"category tag\">Areas<\/a>, <a href=\"https:\/\/www.santjosep.net\/en\/category\/routes\/\" rel=\"category tag\">Routes<\/a>, <a href=\"https:\/\/www.santjosep.net\/en\/category\/villages\/\" rel=\"category tag\">Villages<\/a>, <a href=\"https:\/\/www.santjosep.net\/en\/category\/walks\/\" rel=\"category tag\">Walks<\/a><\/div>\t        <\/div>\n\n\t        <div class=\"edgtf-bli-excerpt\">\n\t\t        \t\t<div class=\"edgtf-post-excerpt-holder\">\n\t\t\t<p itemprop=\"description\" class=\"edgtf-post-excerpt\">\n\t\t\t\tIn Es Cubells it seems as if time doesn\u2019t pass. Oblivious to the hustle and bustle of the island during the summer, it\u2019s one of the few spots where the beauty and peace of old villages still remain.\r\n\r\nThis is one of the most hidden villages of the island, located southwest, in the municipality of Sant Josep de sa Talaia. Its name, unlike most villages of the island, is taken from the ancient name of the\t\t\t<\/p>\n\t\t<\/div>\n\t\t\t        \t<div class=\"edgtf-post-read-more-button\">\n\t\t<a itemprop=\"url\" href=\"https:\/\/www.santjosep.net\/en\/visit-es-cubells-village-ibiza\/\" target=\"_self\"  class=\"edgtf-btn edgtf-btn-medium edgtf-btn-simple edgtf-btn-switch-line edgtf-blog-list-button\"  >\t\t\t<span class=\"edgtf-btn-icon-element\"><\/span>\t\t<span class=\"edgtf-btn-text\">READ MORE<span class=\"edgtf-btn-text-line\" ><\/span><span class=\"edgtf-btn-switch-line\" ><\/span><\/span>\t<\/a>\t<\/div>\n\t        <\/div>\n        <\/div>\n\t<\/div>\n<\/li><li class=\"edgtf-bl-item clearfix\">\n\t<div class=\"edgtf-bli-inner\">\n\t\t\n\t<div class=\"edgtf-post-image\">\n\t\t\t\t\t<a itemprop=\"url\" href=\"https:\/\/www.santjosep.net\/en\/discover-sant-josep-ibiza-defence-towers\/\" title=\"Discover Sant Josep\u2019s Defence Towers\">\n\t\t\t\t\t\t\t\t\t<img loading=\"lazy\" decoding=\"async\" width=\"800\" height=\"533\" src=\"https:\/\/www.santjosep.net\/wp-content\/uploads\/2017\/05\/1-1.jpg\" class=\"attachment-full size-full wp-post-image\" alt=\"\" srcset=\"https:\/\/www.santjosep.net\/wp-content\/uploads\/2017\/05\/1-1.jpg 800w, https:\/\/www.santjosep.net\/wp-content\/uploads\/2017\/05\/1-1-300x200.jpg 300w, https:\/\/www.santjosep.net\/wp-content\/uploads\/2017\/05\/1-1-768x512.jpg 768w\" sizes=\"auto, (max-width: 800px) 100vw, 800px\" \/>\t\t\t\t\t\t\t\t<\/a>\n\t\t\t<\/div>\n        <div class=\"edgtf-bli-content\">\n                            <div class=\"edgtf-bli-date\">\n\t                <div itemprop=\"dateCreated\" class=\"edgtf-post-info-date entry-date published updated\">\n            <a itemprop=\"url\" href=\"https:\/\/www.santjosep.net\/en\/2014\/12\/\">\n    \n        3 December 2014        <\/a>\n    <meta itemprop=\"interactionCount\" content=\"UserComments: 0\"\/>\n<\/div>                <\/div>\n            \t\n\t        \n<h4 itemprop=\"name\" class=\"entry-title edgtf-post-title\" >\n            <a itemprop=\"url\" href=\"https:\/\/www.santjosep.net\/en\/discover-sant-josep-ibiza-defence-towers\/\" title=\"Discover Sant Josep\u2019s Defence Towers\">\n            Discover Sant Josep\u2019s Defence Towers            <\/a>\n    <\/h4>\n\t        <div class=\"edgtf-bli-info\">\n\t\t        <div class=\"edgtf-post-info-category\">\n    <a href=\"https:\/\/www.santjosep.net\/en\/category\/areas\/\" rel=\"category tag\">Areas<\/a>, <a href=\"https:\/\/www.santjosep.net\/en\/category\/routes\/\" rel=\"category tag\">Routes<\/a><\/div>\t        <\/div>\n\n\t        <div class=\"edgtf-bli-excerpt\">\n\t\t        \t\t<div class=\"edgtf-post-excerpt-holder\">\n\t\t\t<p itemprop=\"description\" class=\"edgtf-post-excerpt\">\n\t\t\t\tMany are the architectural vestiges of the past that still remain today on the island of Ibiza. One of the most noteworthy are the defence towers which still today remain on the coasts of Ibiza. There are a total of seven coastal defence towers in the island of Ibiza and four of them are located in the municipality of Sant Josep de Sa Talaia.\r\n\r\nThese towers were built between the 16th and 18th centuries with the\t\t\t<\/p>\n\t\t<\/div>\n\t\t\t        \t<div class=\"edgtf-post-read-more-button\">\n\t\t<a itemprop=\"url\" href=\"https:\/\/www.santjosep.net\/en\/discover-sant-josep-ibiza-defence-towers\/\" target=\"_self\"  class=\"edgtf-btn edgtf-btn-medium edgtf-btn-simple edgtf-btn-switch-line edgtf-blog-list-button\"  >\t\t\t<span class=\"edgtf-btn-icon-element\"><\/span>\t\t<span class=\"edgtf-btn-text\">READ MORE<span class=\"edgtf-btn-text-line\" ><\/span><span class=\"edgtf-btn-switch-line\" ><\/span><\/span>\t<\/a>\t<\/div>\n\t        <\/div>\n        <\/div>\n\t<\/div>\n<\/li><li class=\"edgtf-bl-item clearfix\">\n\t<div class=\"edgtf-bli-inner\">\n\t\t\n\t<div class=\"edgtf-post-image\">\n\t\t\t\t\t<a itemprop=\"url\" href=\"https:\/\/www.santjosep.net\/en\/visiting-ses-salines-natural-park\/\" title=\"Visiting Ses Salines Natural Park\">\n\t\t\t\t\t\t\t\t\t<img loading=\"lazy\" decoding=\"async\" width=\"1200\" height=\"800\" src=\"https:\/\/www.santjosep.net\/wp-content\/uploads\/2014\/11\/sessalinesparque_IMG_9843.jpg\" class=\"attachment-full size-full wp-post-image\" alt=\"\" srcset=\"https:\/\/www.santjosep.net\/wp-content\/uploads\/2014\/11\/sessalinesparque_IMG_9843.jpg 1200w, https:\/\/www.santjosep.net\/wp-content\/uploads\/2014\/11\/sessalinesparque_IMG_9843-300x200.jpg 300w, https:\/\/www.santjosep.net\/wp-content\/uploads\/2014\/11\/sessalinesparque_IMG_9843-1024x682.jpg 1024w\" sizes=\"auto, (max-width: 1200px) 100vw, 1200px\" \/>\t\t\t\t\t\t\t\t<\/a>\n\t\t\t<\/div>\n        <div class=\"edgtf-bli-content\">\n                            <div class=\"edgtf-bli-date\">\n\t                <div itemprop=\"dateCreated\" class=\"edgtf-post-info-date entry-date published updated\">\n            <a itemprop=\"url\" href=\"https:\/\/www.santjosep.net\/en\/2014\/11\/\">\n    \n        10 November 2014        <\/a>\n    <meta itemprop=\"interactionCount\" content=\"UserComments: 0\"\/>\n<\/div>                <\/div>\n            \t\n\t        \n<h4 itemprop=\"name\" class=\"entry-title edgtf-post-title\" >\n            <a itemprop=\"url\" href=\"https:\/\/www.santjosep.net\/en\/visiting-ses-salines-natural-park\/\" title=\"Visiting Ses Salines Natural Park\">\n            Visiting Ses Salines Natural Park            <\/a>\n    <\/h4>\n\t        <div class=\"edgtf-bli-info\">\n\t\t        <div class=\"edgtf-post-info-category\">\n    <a href=\"https:\/\/www.santjosep.net\/en\/category\/routes\/\" rel=\"category tag\">Routes<\/a>, <a href=\"https:\/\/www.santjosep.net\/en\/category\/walks\/\" rel=\"category tag\">Walks<\/a><\/div>\t        <\/div>\n\n\t        <div class=\"edgtf-bli-excerpt\">\n\t\t        \t\t<div class=\"edgtf-post-excerpt-holder\">\n\t\t\t<p itemprop=\"description\" class=\"edgtf-post-excerpt\">\n\t\t\t\tOne of the most impressive sceneries in Ibiza is the Natural Park of Ses Salines (declared in 2001) located in the south of the island of Ibiza. The salt production activity carried out in this area for hundreds of years has formed a unique landscape, a wetland where plenty of birds roost and nest in their migrations. Countless ecological, aesthetic, historical and cultural values concentrated on 3,000 hectares of land and 13,000 marine hectares.\r\n\r\n\r\n\r\nThe coastline\t\t\t<\/p>\n\t\t<\/div>\n\t\t\t        \t<div class=\"edgtf-post-read-more-button\">\n\t\t<a itemprop=\"url\" href=\"https:\/\/www.santjosep.net\/en\/visiting-ses-salines-natural-park\/\" target=\"_self\"  class=\"edgtf-btn edgtf-btn-medium edgtf-btn-simple edgtf-btn-switch-line edgtf-blog-list-button\"  >\t\t\t<span class=\"edgtf-btn-icon-element\"><\/span>\t\t<span class=\"edgtf-btn-text\">READ MORE<span class=\"edgtf-btn-text-line\" ><\/span><span class=\"edgtf-btn-switch-line\" ><\/span><\/span>\t<\/a>\t<\/div>\n\t        <\/div>\n        <\/div>\n\t<\/div>\n<\/li><li class=\"edgtf-bl-item clearfix\">\n\t<div class=\"edgtf-bli-inner\">\n\t\t\n\t<div class=\"edgtf-post-image\">\n\t\t\t\t\t<a itemprop=\"url\" href=\"https:\/\/www.santjosep.net\/en\/5-tips-for-enjoying-autumn-in-sant-josep-ibiza\/\" title=\"5 Tips for enjoying autumn in Sant Josep, Ibiza\">\n\t\t\t\t\t\t\t\t\t<img loading=\"lazy\" decoding=\"async\" width=\"1200\" height=\"823\" src=\"https:\/\/www.santjosep.net\/wp-content\/uploads\/2014\/10\/puesta_DSC00234.jpg\" class=\"attachment-full size-full wp-post-image\" alt=\"\" srcset=\"https:\/\/www.santjosep.net\/wp-content\/uploads\/2014\/10\/puesta_DSC00234.jpg 1200w, https:\/\/www.santjosep.net\/wp-content\/uploads\/2014\/10\/puesta_DSC00234-300x205.jpg 300w, https:\/\/www.santjosep.net\/wp-content\/uploads\/2014\/10\/puesta_DSC00234-1024x702.jpg 1024w\" sizes=\"auto, (max-width: 1200px) 100vw, 1200px\" \/>\t\t\t\t\t\t\t\t<\/a>\n\t\t\t<\/div>\n        <div class=\"edgtf-bli-content\">\n                            <div class=\"edgtf-bli-date\">\n\t                <div itemprop=\"dateCreated\" class=\"edgtf-post-info-date entry-date published updated\">\n            <a itemprop=\"url\" href=\"https:\/\/www.santjosep.net\/en\/2014\/10\/\">\n    \n        27 October 2014        <\/a>\n    <meta itemprop=\"interactionCount\" content=\"UserComments: 0\"\/>\n<\/div>                <\/div>\n            \t\n\t        \n<h4 itemprop=\"name\" class=\"entry-title edgtf-post-title\" >\n            <a itemprop=\"url\" href=\"https:\/\/www.santjosep.net\/en\/5-tips-for-enjoying-autumn-in-sant-josep-ibiza\/\" title=\"5 Tips for enjoying autumn in Sant Josep, Ibiza\">\n            5 Tips for enjoying autumn in Sant Josep, Ibiza            <\/a>\n    <\/h4>\n\t        <div class=\"edgtf-bli-info\">\n\t\t        <div class=\"edgtf-post-info-category\">\n    <a href=\"https:\/\/www.santjosep.net\/en\/category\/uncategorized\/\" rel=\"category tag\">Uncategorized<\/a><\/div>\t        <\/div>\n\n\t        <div class=\"edgtf-bli-excerpt\">\n\t\t        \t\t<div class=\"edgtf-post-excerpt-holder\">\n\t\t\t<p itemprop=\"description\" class=\"edgtf-post-excerpt\">\n\t\t\t\tAlthough Ibiza, and especially the area of Sant Josep, is known for its beautiful beaches and its fiesta atmosphere in summer. Autumn is a perfect season to enjoy the island. Mild temperatures, the bustle disappears, ideal for practicing sports and outdoor activities\u2026 Here are 5 great tips.\r\n\r\n&nbsp;\r\n\r\n\r\n1. Enjoying the coastline, the beaches and the sea\r\nThe months of October and November are great to enjoy the sea. While nighttime temperatures are falling, the days are nice\t\t\t<\/p>\n\t\t<\/div>\n\t\t\t        \t<div class=\"edgtf-post-read-more-button\">\n\t\t<a itemprop=\"url\" href=\"https:\/\/www.santjosep.net\/en\/5-tips-for-enjoying-autumn-in-sant-josep-ibiza\/\" target=\"_self\"  class=\"edgtf-btn edgtf-btn-medium edgtf-btn-simple edgtf-btn-switch-line edgtf-blog-list-button\"  >\t\t\t<span class=\"edgtf-btn-icon-element\"><\/span>\t\t<span class=\"edgtf-btn-text\">READ MORE<span class=\"edgtf-btn-text-line\" ><\/span><span class=\"edgtf-btn-switch-line\" ><\/span><\/span>\t<\/a>\t<\/div>\n\t        <\/div>\n        <\/div>\n\t<\/div>\n<\/li><li class=\"edgtf-bl-item clearfix\">\n\t<div class=\"edgtf-bli-inner\">\n\t\t\n\t<div class=\"edgtf-post-image\">\n\t\t\t\t\t<a itemprop=\"url\" href=\"https:\/\/www.santjosep.net\/en\/a-boat-route-down-west-coast-sant-josep-ibiza\/\" title=\"A boat route to Es Vedr\u00e0 island in Sant Josep, Ibiza\">\n\t\t\t\t\t\t\t\t\t<img loading=\"lazy\" decoding=\"async\" width=\"1200\" height=\"800\" src=\"https:\/\/www.santjosep.net\/wp-content\/uploads\/2014\/08\/IMG_0385.jpg\" class=\"attachment-full size-full wp-post-image\" alt=\"\" srcset=\"https:\/\/www.santjosep.net\/wp-content\/uploads\/2014\/08\/IMG_0385.jpg 1200w, https:\/\/www.santjosep.net\/wp-content\/uploads\/2014\/08\/IMG_0385-300x200.jpg 300w, https:\/\/www.santjosep.net\/wp-content\/uploads\/2014\/08\/IMG_0385-1024x682.jpg 1024w\" sizes=\"auto, (max-width: 1200px) 100vw, 1200px\" \/>\t\t\t\t\t\t\t\t<\/a>\n\t\t\t<\/div>\n        <div class=\"edgtf-bli-content\">\n                            <div class=\"edgtf-bli-date\">\n\t                <div itemprop=\"dateCreated\" class=\"edgtf-post-info-date entry-date published updated\">\n            <a itemprop=\"url\" href=\"https:\/\/www.santjosep.net\/en\/2014\/08\/\">\n    \n        7 August 2014        <\/a>\n    <meta itemprop=\"interactionCount\" content=\"UserComments: 0\"\/>\n<\/div>                <\/div>\n            \t\n\t        \n<h4 itemprop=\"name\" class=\"entry-title edgtf-post-title\" >\n            <a itemprop=\"url\" href=\"https:\/\/www.santjosep.net\/en\/a-boat-route-down-west-coast-sant-josep-ibiza\/\" title=\"A boat route to Es Vedr\u00e0 island in Sant Josep, Ibiza\">\n            A boat route to Es Vedr\u00e0 island in Sant Josep, Ibiza            <\/a>\n    <\/h4>\n\t        <div class=\"edgtf-bli-info\">\n\t\t        <div class=\"edgtf-post-info-category\">\n    <a href=\"https:\/\/www.santjosep.net\/en\/category\/areas\/\" rel=\"category tag\">Areas<\/a>, <a href=\"https:\/\/www.santjosep.net\/en\/category\/events-en\/\" rel=\"category tag\">Events<\/a>, <a href=\"https:\/\/www.santjosep.net\/en\/category\/routes\/\" rel=\"category tag\">Routes<\/a><\/div>\t        <\/div>\n\n\t        <div class=\"edgtf-bli-excerpt\">\n\t\t        \t\t<div class=\"edgtf-post-excerpt-holder\">\n\t\t\t<p itemprop=\"description\" class=\"edgtf-post-excerpt\">\n\t\t\t\tOne of the most fascinating experiences you can live in Ibiza is to take a boat tour along the coast of Sant Josep. Enjoying the coast, seeing the beautiful islets, the different bird species and even dolphins, are just some of the attractions of this type of activity. A highly recommended route is departing from the port of Sant Antoni to the island of Es Vedr\u00e0, stopping at the beaches of Cala d'Hort and at\t\t\t<\/p>\n\t\t<\/div>\n\t\t\t        \t<div class=\"edgtf-post-read-more-button\">\n\t\t<a itemprop=\"url\" href=\"https:\/\/www.santjosep.net\/en\/a-boat-route-down-west-coast-sant-josep-ibiza\/\" target=\"_self\"  class=\"edgtf-btn edgtf-btn-medium edgtf-btn-simple edgtf-btn-switch-line edgtf-blog-list-button\"  >\t\t\t<span class=\"edgtf-btn-icon-element\"><\/span>\t\t<span class=\"edgtf-btn-text\">READ MORE<span class=\"edgtf-btn-text-line\" ><\/span><span class=\"edgtf-btn-switch-line\" ><\/span><\/span>\t<\/a>\t<\/div>\n\t        <\/div>\n        <\/div>\n\t<\/div>\n<\/li><li class=\"edgtf-bl-item clearfix\">\n\t<div class=\"edgtf-bli-inner\">\n\t\t\n\t<div class=\"edgtf-post-image\">\n\t\t\t\t\t<a itemprop=\"url\" href=\"https:\/\/www.santjosep.net\/en\/9-lugares-para-ver-la-puesta-de-sol-en-sant-josep-ibiza\/\" title=\"9 places to enjoy the sunset in Sant Josep, Ibiza\">\n\t\t\t\t\t\t\t\t\t<img loading=\"lazy\" decoding=\"async\" width=\"1200\" height=\"800\" src=\"https:\/\/www.santjosep.net\/wp-content\/uploads\/2014\/07\/puestasol_IMG_0359.jpg\" class=\"attachment-full size-full wp-post-image\" alt=\"\" srcset=\"https:\/\/www.santjosep.net\/wp-content\/uploads\/2014\/07\/puestasol_IMG_0359.jpg 1200w, https:\/\/www.santjosep.net\/wp-content\/uploads\/2014\/07\/puestasol_IMG_0359-300x200.jpg 300w, https:\/\/www.santjosep.net\/wp-content\/uploads\/2014\/07\/puestasol_IMG_0359-1024x682.jpg 1024w\" sizes=\"auto, (max-width: 1200px) 100vw, 1200px\" \/>\t\t\t\t\t\t\t\t<\/a>\n\t\t\t<\/div>\n        <div class=\"edgtf-bli-content\">\n                            <div class=\"edgtf-bli-date\">\n\t                <div itemprop=\"dateCreated\" class=\"edgtf-post-info-date entry-date published updated\">\n            <a itemprop=\"url\" href=\"https:\/\/www.santjosep.net\/en\/2014\/07\/\">\n    \n        25 July 2014        <\/a>\n    <meta itemprop=\"interactionCount\" content=\"UserComments: 0\"\/>\n<\/div>                <\/div>\n            \t\n\t        \n<h4 itemprop=\"name\" class=\"entry-title edgtf-post-title\" >\n            <a itemprop=\"url\" href=\"https:\/\/www.santjosep.net\/en\/9-lugares-para-ver-la-puesta-de-sol-en-sant-josep-ibiza\/\" title=\"9 places to enjoy the sunset in Sant Josep, Ibiza\">\n            9 places to enjoy the sunset in Sant Josep, Ibiza            <\/a>\n    <\/h4>\n\t        <div class=\"edgtf-bli-info\">\n\t\t        <div class=\"edgtf-post-info-category\">\n    <a href=\"https:\/\/www.santjosep.net\/en\/category\/areas\/\" rel=\"category tag\">Areas<\/a>, <a href=\"https:\/\/www.santjosep.net\/en\/category\/sunsets\/\" rel=\"category tag\">Sunsets<\/a>, <a href=\"https:\/\/www.santjosep.net\/en\/category\/walks\/\" rel=\"category tag\">Walks<\/a><\/div>\t        <\/div>\n\n\t        <div class=\"edgtf-bli-excerpt\">\n\t\t        \t\t<div class=\"edgtf-post-excerpt-holder\">\n\t\t\t<p itemprop=\"description\" class=\"edgtf-post-excerpt\">\n\t\t\t\tYou can not leave Sant Josep (Ibiza) without watching one of it\u2019s many sunsets. A unique experience that is repeated every evening from many locations. 9 amazing places to immortalize with your camera this magic moment, the sunset.\r\nLocation map\r\n\r\n1. Platges de Comte - Cala Conta\r\n\r\nA natural paradise with turquoise waters on the west coast of Sant Josep. For many who visit us each year, is one of the favorite places to watch the sunset each\t\t\t<\/p>\n\t\t<\/div>\n\t\t\t        \t<div class=\"edgtf-post-read-more-button\">\n\t\t<a itemprop=\"url\" href=\"https:\/\/www.santjosep.net\/en\/9-lugares-para-ver-la-puesta-de-sol-en-sant-josep-ibiza\/\" target=\"_self\"  class=\"edgtf-btn edgtf-btn-medium edgtf-btn-simple edgtf-btn-switch-line edgtf-blog-list-button\"  >\t\t\t<span class=\"edgtf-btn-icon-element\"><\/span>\t\t<span class=\"edgtf-btn-text\">READ MORE<span class=\"edgtf-btn-text-line\" ><\/span><span class=\"edgtf-btn-switch-line\" ><\/span><\/span>\t<\/a>\t<\/div>\n\t        <\/div>\n        <\/div>\n\t<\/div>\n<\/li><li class=\"edgtf-bl-item clearfix\">\n\t<div class=\"edgtf-bli-inner\">\n\t\t\n\t<div class=\"edgtf-post-image\">\n\t\t\t\t\t<a itemprop=\"url\" href=\"https:\/\/www.santjosep.net\/en\/a-walk-es-cavallet-ses-salines\/\" title=\"A walk from Es Cavallet to Ses Salines\">\n\t\t\t\t\t\t\t\t\t<img loading=\"lazy\" decoding=\"async\" width=\"1200\" height=\"800\" src=\"https:\/\/www.santjosep.net\/wp-content\/uploads\/2014\/06\/torre_IMG_9378.jpg\" class=\"attachment-full size-full wp-post-image\" alt=\"\" srcset=\"https:\/\/www.santjosep.net\/wp-content\/uploads\/2014\/06\/torre_IMG_9378.jpg 1200w, https:\/\/www.santjosep.net\/wp-content\/uploads\/2014\/06\/torre_IMG_9378-300x200.jpg 300w, https:\/\/www.santjosep.net\/wp-content\/uploads\/2014\/06\/torre_IMG_9378-1024x682.jpg 1024w\" sizes=\"auto, (max-width: 1200px) 100vw, 1200px\" \/>\t\t\t\t\t\t\t\t<\/a>\n\t\t\t<\/div>\n        <div class=\"edgtf-bli-content\">\n                            <div class=\"edgtf-bli-date\">\n\t                <div itemprop=\"dateCreated\" class=\"edgtf-post-info-date entry-date published updated\">\n            <a itemprop=\"url\" href=\"https:\/\/www.santjosep.net\/en\/2014\/06\/\">\n    \n        11 June 2014        <\/a>\n    <meta itemprop=\"interactionCount\" content=\"UserComments: 0\"\/>\n<\/div>                <\/div>\n            \t\n\t        \n<h4 itemprop=\"name\" class=\"entry-title edgtf-post-title\" >\n            <a itemprop=\"url\" href=\"https:\/\/www.santjosep.net\/en\/a-walk-es-cavallet-ses-salines\/\" title=\"A walk from Es Cavallet to Ses Salines\">\n            A walk from Es Cavallet to Ses Salines            <\/a>\n    <\/h4>\n\t        <div class=\"edgtf-bli-info\">\n\t\t        <div class=\"edgtf-post-info-category\">\n    <a href=\"https:\/\/www.santjosep.net\/en\/category\/routes\/\" rel=\"category tag\">Routes<\/a><\/div>\t        <\/div>\n\n\t        <div class=\"edgtf-bli-excerpt\">\n\t\t        \t\t<div class=\"edgtf-post-excerpt-holder\">\n\t\t\t<p itemprop=\"description\" class=\"edgtf-post-excerpt\">\n\t\t\t\tThe natural park of Ses Salines is one of the most spectacular sceneries in Ibiza, with its ponds, its salt mountains and its beautiful beaches. That\u2019s why it\u2019s worth taking a walk to appreciate its beauty. The whole walk is about an hour long both ways and we recommend to wear sunglasses, a hat, and to use sunscreen to avoid possible skin burn.\r\n\r\n&nbsp;\r\nRoute map\r\n\r\n\r\nDificulty: Low\r\nDistance: 4,38 km.\r\nEstimated time: 2 hours\r\nRecomendations: Sport shoes and clothes and\t\t\t<\/p>\n\t\t<\/div>\n\t\t\t        \t<div class=\"edgtf-post-read-more-button\">\n\t\t<a itemprop=\"url\" href=\"https:\/\/www.santjosep.net\/en\/a-walk-es-cavallet-ses-salines\/\" target=\"_self\"  class=\"edgtf-btn edgtf-btn-medium edgtf-btn-simple edgtf-btn-switch-line edgtf-blog-list-button\"  >\t\t\t<span class=\"edgtf-btn-icon-element\"><\/span>\t\t<span class=\"edgtf-btn-text\">READ MORE<span class=\"edgtf-btn-text-line\" ><\/span><span class=\"edgtf-btn-switch-line\" ><\/span><\/span>\t<\/a>\t<\/div>\n\t        <\/div>\n        <\/div>\n\t<\/div>\n<\/li><li class=\"edgtf-bl-item clearfix\">\n\t<div class=\"edgtf-bli-inner\">\n\t\t\n\t<div class=\"edgtf-post-image\">\n\t\t\t\t\t<a itemprop=\"url\" href=\"https:\/\/www.santjosep.net\/en\/una-ruta-al-punto-mas-alto-de-la-isla-de-ibiza-sa-talaia-en-sant-josep\/\" title=\"A route to the highest point in Ibiza island, Sa Talaia mountain in Sant Josep\">\n\t\t\t\t\t\t\t\t\t<img loading=\"lazy\" decoding=\"async\" width=\"1200\" height=\"800\" src=\"https:\/\/www.santjosep.net\/wp-content\/uploads\/2014\/05\/satalaia_IMG_4787.jpg\" class=\"attachment-full size-full wp-post-image\" alt=\"\" srcset=\"https:\/\/www.santjosep.net\/wp-content\/uploads\/2014\/05\/satalaia_IMG_4787.jpg 1200w, https:\/\/www.santjosep.net\/wp-content\/uploads\/2014\/05\/satalaia_IMG_4787-300x200.jpg 300w, https:\/\/www.santjosep.net\/wp-content\/uploads\/2014\/05\/satalaia_IMG_4787-1024x682.jpg 1024w\" sizes=\"auto, (max-width: 1200px) 100vw, 1200px\" \/>\t\t\t\t\t\t\t\t<\/a>\n\t\t\t<\/div>\n        <div class=\"edgtf-bli-content\">\n                            <div class=\"edgtf-bli-date\">\n\t                <div itemprop=\"dateCreated\" class=\"edgtf-post-info-date entry-date published updated\">\n            <a itemprop=\"url\" href=\"https:\/\/www.santjosep.net\/en\/2014\/05\/\">\n    \n        15 May 2014        <\/a>\n    <meta itemprop=\"interactionCount\" content=\"UserComments: 0\"\/>\n<\/div>                <\/div>\n            \t\n\t        \n<h4 itemprop=\"name\" class=\"entry-title edgtf-post-title\" >\n            <a itemprop=\"url\" href=\"https:\/\/www.santjosep.net\/en\/una-ruta-al-punto-mas-alto-de-la-isla-de-ibiza-sa-talaia-en-sant-josep\/\" title=\"A route to the highest point in Ibiza island, Sa Talaia mountain in Sant Josep\">\n            A route to the highest point in Ibiza island, Sa Talaia mountain in Sant Josep            <\/a>\n    <\/h4>\n\t        <div class=\"edgtf-bli-info\">\n\t\t        <div class=\"edgtf-post-info-category\">\n    <a href=\"https:\/\/www.santjosep.net\/en\/category\/routes\/\" rel=\"category tag\">Routes<\/a><\/div>\t        <\/div>\n\n\t        <div class=\"edgtf-bli-excerpt\">\n\t\t        \t\t<div class=\"edgtf-post-excerpt-holder\">\n\t\t\t<p itemprop=\"description\" class=\"edgtf-post-excerpt\">\n\t\t\t\tWe\u2019ve prepared for you a new walking route through one of the most iconic places in Sant Josep de Sa Talaia: To climb to the top of Sa Talaia, the highest mountain in Ibiza, with 475 meters, allowing us to enjoy the incredible views of the municipality and a big part of the island of Ibiza and the coast of Formentera. A highly recommended excursion on a nice and clear day.\r\nRoute map\r\n\r\n\r\nDifficulty: Low-Average\r\nDistance: 2,40 km.\r\nAverage\t\t\t<\/p>\n\t\t<\/div>\n\t\t\t        \t<div class=\"edgtf-post-read-more-button\">\n\t\t<a itemprop=\"url\" href=\"https:\/\/www.santjosep.net\/en\/una-ruta-al-punto-mas-alto-de-la-isla-de-ibiza-sa-talaia-en-sant-josep\/\" target=\"_self\"  class=\"edgtf-btn edgtf-btn-medium edgtf-btn-simple edgtf-btn-switch-line edgtf-blog-list-button\"  >\t\t\t<span class=\"edgtf-btn-icon-element\"><\/span>\t\t<span class=\"edgtf-btn-text\">READ MORE<span class=\"edgtf-btn-text-line\" ><\/span><span class=\"edgtf-btn-switch-line\" ><\/span><\/span>\t<\/a>\t<\/div>\n\t        <\/div>\n        <\/div>\n\t<\/div>\n<\/li><li class=\"edgtf-bl-item clearfix\">\n\t<div class=\"edgtf-bli-inner\">\n\t\t\n\t<div class=\"edgtf-post-image\">\n\t\t\t\t\t<a itemprop=\"url\" href=\"https:\/\/www.santjosep.net\/en\/sant-agusti-des-vedra-ibiza-village\/\" title=\"El pueblo de Sant Agust\u00ed des Vedr\u00e0 (Ibiza)\">\n\t\t\t\t\t\t\t\t\t<img loading=\"lazy\" decoding=\"async\" width=\"800\" height=\"533\" src=\"https:\/\/www.santjosep.net\/wp-content\/uploads\/2013\/11\/santagusti_IMG_1055.jpg\" class=\"attachment-full size-full wp-post-image\" alt=\"\" srcset=\"https:\/\/www.santjosep.net\/wp-content\/uploads\/2013\/11\/santagusti_IMG_1055.jpg 800w, https:\/\/www.santjosep.net\/wp-content\/uploads\/2013\/11\/santagusti_IMG_1055-300x199.jpg 300w\" sizes=\"auto, (max-width: 800px) 100vw, 800px\" \/>\t\t\t\t\t\t\t\t<\/a>\n\t\t\t<\/div>\n        <div class=\"edgtf-bli-content\">\n                            <div class=\"edgtf-bli-date\">\n\t                <div itemprop=\"dateCreated\" class=\"edgtf-post-info-date entry-date published updated\">\n            <a itemprop=\"url\" href=\"https:\/\/www.santjosep.net\/en\/2014\/04\/\">\n    \n        28 April 2014        <\/a>\n    <meta itemprop=\"interactionCount\" content=\"UserComments: 0\"\/>\n<\/div>                <\/div>\n            \t\n\t        \n<h4 itemprop=\"name\" class=\"entry-title edgtf-post-title\" >\n            <a itemprop=\"url\" href=\"https:\/\/www.santjosep.net\/en\/sant-agusti-des-vedra-ibiza-village\/\" title=\"El pueblo de Sant Agust\u00ed des Vedr\u00e0 (Ibiza)\">\n            El pueblo de Sant Agust\u00ed des Vedr\u00e0 (Ibiza)            <\/a>\n    <\/h4>\n\t        <div class=\"edgtf-bli-info\">\n\t\t        <div class=\"edgtf-post-info-category\">\n    <a href=\"https:\/\/www.santjosep.net\/en\/category\/areas\/\" rel=\"category tag\">Areas<\/a><\/div>\t        <\/div>\n\n\t        <div class=\"edgtf-bli-excerpt\">\n\t\t        \t\t<div class=\"edgtf-post-excerpt-holder\">\n\t\t\t<p itemprop=\"description\" class=\"edgtf-post-excerpt\">\n\t\t\t\tAs you already know, from this blog we want to a bring you a little closer to our municipality, so we always suggest you to visit different places: beaches and coves, churches, villages, monuments\u2026\r\n\r\nToday we want to show you one of the most authentic villages on the island of Ibiza: Sant Agust\u00ed des Vedr\u00e0. This small village is located at about 4 km from Sant Josep. It is one of the best preserved villages in\t\t\t<\/p>\n\t\t<\/div>\n\t\t\t        \t<div class=\"edgtf-post-read-more-button\">\n\t\t<a itemprop=\"url\" href=\"https:\/\/www.santjosep.net\/en\/sant-agusti-des-vedra-ibiza-village\/\" target=\"_self\"  class=\"edgtf-btn edgtf-btn-medium edgtf-btn-simple edgtf-btn-switch-line edgtf-blog-list-button\"  >\t\t\t<span class=\"edgtf-btn-icon-element\"><\/span>\t\t<span class=\"edgtf-btn-text\">READ MORE<span class=\"edgtf-btn-text-line\" ><\/span><span class=\"edgtf-btn-switch-line\" ><\/span><\/span>\t<\/a>\t<\/div>\n\t        <\/div>\n        <\/div>\n\t<\/div>\n<\/li><li class=\"edgtf-bl-item clearfix\">\n\t<div class=\"edgtf-bli-inner\">\n\t\t\n\t<div class=\"edgtf-post-image\">\n\t\t\t\t\t<a itemprop=\"url\" href=\"https:\/\/www.santjosep.net\/en\/sant-josep-cosmopolitan-mountain-village\/\" title=\"Sant Josep, a cosmopolitan mountain village\">\n\t\t\t\t\t\t\t\t\t<img loading=\"lazy\" decoding=\"async\" width=\"1000\" height=\"667\" src=\"https:\/\/www.santjosep.net\/wp-content\/uploads\/2014\/03\/IMG_1091.jpg\" class=\"attachment-full size-full wp-post-image\" alt=\"\" srcset=\"https:\/\/www.santjosep.net\/wp-content\/uploads\/2014\/03\/IMG_1091.jpg 1000w, https:\/\/www.santjosep.net\/wp-content\/uploads\/2014\/03\/IMG_1091-300x200.jpg 300w\" sizes=\"auto, (max-width: 1000px) 100vw, 1000px\" \/>\t\t\t\t\t\t\t\t<\/a>\n\t\t\t<\/div>\n        <div class=\"edgtf-bli-content\">\n                            <div class=\"edgtf-bli-date\">\n\t                <div itemprop=\"dateCreated\" class=\"edgtf-post-info-date entry-date published updated\">\n            <a itemprop=\"url\" href=\"https:\/\/www.santjosep.net\/en\/2014\/03\/\">\n    \n        28 March 2014        <\/a>\n    <meta itemprop=\"interactionCount\" content=\"UserComments: 0\"\/>\n<\/div>                <\/div>\n            \t\n\t        \n<h4 itemprop=\"name\" class=\"entry-title edgtf-post-title\" >\n            <a itemprop=\"url\" href=\"https:\/\/www.santjosep.net\/en\/sant-josep-cosmopolitan-mountain-village\/\" title=\"Sant Josep, a cosmopolitan mountain village\">\n            Sant Josep, a cosmopolitan mountain village            <\/a>\n    <\/h4>\n\t        <div class=\"edgtf-bli-info\">\n\t\t        <div class=\"edgtf-post-info-category\">\n    <a href=\"https:\/\/www.santjosep.net\/en\/category\/areas\/\" rel=\"category tag\">Areas<\/a>, <a href=\"https:\/\/www.santjosep.net\/en\/category\/walks\/\" rel=\"category tag\">Walks<\/a><\/div>\t        <\/div>\n\n\t        <div class=\"edgtf-bli-excerpt\">\n\t\t        \t\t<div class=\"edgtf-post-excerpt-holder\">\n\t\t\t<p itemprop=\"description\" class=\"edgtf-post-excerpt\">\n\t\t\t\t\r\n\r\nWe can say that Sant Josep is the most mountainous village in Ibiza, an island with very hilly landscapes but not very high mountains. Behind the village rises majestic the highest peak of Ibiza, Sa Talaia, which is 475 meters high. Sant Josep is also the administrative center of the municipality, which also includes the villages of Es Cubells, Sant Agust\u00ed, Sant Jordi and Sant Francesc. Reason why it houses the Sant Josep Town Hall\t\t\t<\/p>\n\t\t<\/div>\n\t\t\t        \t<div class=\"edgtf-post-read-more-button\">\n\t\t<a itemprop=\"url\" href=\"https:\/\/www.santjosep.net\/en\/sant-josep-cosmopolitan-mountain-village\/\" target=\"_self\"  class=\"edgtf-btn edgtf-btn-medium edgtf-btn-simple edgtf-btn-switch-line edgtf-blog-list-button\"  >\t\t\t<span class=\"edgtf-btn-icon-element\"><\/span>\t\t<span class=\"edgtf-btn-text\">READ MORE<span class=\"edgtf-btn-text-line\" ><\/span><span class=\"edgtf-btn-switch-line\" ><\/span><\/span>\t<\/a>\t<\/div>\n\t        <\/div>\n        <\/div>\n\t<\/div>\n<\/li><li class=\"edgtf-bl-item clearfix\">\n\t<div class=\"edgtf-bli-inner\">\n\t\t\n\t<div class=\"edgtf-post-image\">\n\t\t\t\t\t<a itemprop=\"url\" href=\"https:\/\/www.santjosep.net\/en\/port-des-torrent-and-cala-de-bou-area\/\" title=\"Port des torrent and Cala de Bou area (Ibiza)\">\n\t\t\t\t\t\t\t\t\t<img loading=\"lazy\" decoding=\"async\" width=\"1000\" height=\"667\" src=\"https:\/\/www.santjosep.net\/wp-content\/uploads\/2014\/03\/IMG_9980.jpg\" class=\"attachment-full size-full wp-post-image\" alt=\"\" srcset=\"https:\/\/www.santjosep.net\/wp-content\/uploads\/2014\/03\/IMG_9980.jpg 1000w, https:\/\/www.santjosep.net\/wp-content\/uploads\/2014\/03\/IMG_9980-300x200.jpg 300w\" sizes=\"auto, (max-width: 1000px) 100vw, 1000px\" \/>\t\t\t\t\t\t\t\t<\/a>\n\t\t\t<\/div>\n        <div class=\"edgtf-bli-content\">\n                            <div class=\"edgtf-bli-date\">\n\t                <div itemprop=\"dateCreated\" class=\"edgtf-post-info-date entry-date published updated\">\n            <a itemprop=\"url\" href=\"https:\/\/www.santjosep.net\/en\/2014\/03\/\">\n    \n        19 March 2014        <\/a>\n    <meta itemprop=\"interactionCount\" content=\"UserComments: 0\"\/>\n<\/div>                <\/div>\n            \t\n\t        \n<h4 itemprop=\"name\" class=\"entry-title edgtf-post-title\" >\n            <a itemprop=\"url\" href=\"https:\/\/www.santjosep.net\/en\/port-des-torrent-and-cala-de-bou-area\/\" title=\"Port des torrent and Cala de Bou area (Ibiza)\">\n            Port des torrent and Cala de Bou area (Ibiza)            <\/a>\n    <\/h4>\n\t        <div class=\"edgtf-bli-info\">\n\t\t        <div class=\"edgtf-post-info-category\">\n    <a href=\"https:\/\/www.santjosep.net\/en\/category\/areas\/\" rel=\"category tag\">Areas<\/a><\/div>\t        <\/div>\n\n\t        <div class=\"edgtf-bli-excerpt\">\n\t\t        \t\t<div class=\"edgtf-post-excerpt-holder\">\n\t\t\t<p itemprop=\"description\" class=\"edgtf-post-excerpt\">\n\t\t\t\t\r\n\r\nIn today\u2019s post we want to show you the Port des Torrent and Cala de Bou areas. In these places you\u2019ll find plenty of activities to do with your sweetheart, family or friends, since its a resort area for everyone.\r\n\r\nCala de Bou is an area with many tourists during the summer, particularly from the United Kingdom. Hotels, apartments and vacation houses are part of the environment of this waterfront enclave. In Cala de Bou you\u2019ll\t\t\t<\/p>\n\t\t<\/div>\n\t\t\t        \t<div class=\"edgtf-post-read-more-button\">\n\t\t<a itemprop=\"url\" href=\"https:\/\/www.santjosep.net\/en\/port-des-torrent-and-cala-de-bou-area\/\" target=\"_self\"  class=\"edgtf-btn edgtf-btn-medium edgtf-btn-simple edgtf-btn-switch-line edgtf-blog-list-button\"  >\t\t\t<span class=\"edgtf-btn-icon-element\"><\/span>\t\t<span class=\"edgtf-btn-text\">READ MORE<span class=\"edgtf-btn-text-line\" ><\/span><span class=\"edgtf-btn-switch-line\" ><\/span><\/span>\t<\/a>\t<\/div>\n\t        <\/div>\n        <\/div>\n\t<\/div>\n<\/li><li class=\"edgtf-bl-item clearfix\">\n\t<div class=\"edgtf-bli-inner\">\n\t\t\n\t<div class=\"edgtf-post-image\">\n\t\t\t\t\t<a itemprop=\"url\" href=\"https:\/\/www.santjosep.net\/en\/zona-sur-oeste-cala-dhort-y-es-vedra\/\" title=\"South-West area, Cala d&#8217;Hort and Es Vedr\u00e0 (Ibiza)\">\n\t\t\t\t\t\t\t\t\t<img loading=\"lazy\" decoding=\"async\" width=\"1000\" height=\"667\" src=\"https:\/\/www.santjosep.net\/wp-content\/uploads\/2013\/11\/esvedra_IMG_5384.jpg\" class=\"attachment-full size-full wp-post-image\" alt=\"\" srcset=\"https:\/\/www.santjosep.net\/wp-content\/uploads\/2013\/11\/esvedra_IMG_5384.jpg 1000w, https:\/\/www.santjosep.net\/wp-content\/uploads\/2013\/11\/esvedra_IMG_5384-300x200.jpg 300w\" sizes=\"auto, (max-width: 1000px) 100vw, 1000px\" \/>\t\t\t\t\t\t\t\t<\/a>\n\t\t\t<\/div>\n        <div class=\"edgtf-bli-content\">\n                            <div class=\"edgtf-bli-date\">\n\t                <div itemprop=\"dateCreated\" class=\"edgtf-post-info-date entry-date published updated\">\n            <a itemprop=\"url\" href=\"https:\/\/www.santjosep.net\/en\/2014\/03\/\">\n    \n        1 March 2014        <\/a>\n    <meta itemprop=\"interactionCount\" content=\"UserComments: 0\"\/>\n<\/div>                <\/div>\n            \t\n\t        \n<h4 itemprop=\"name\" class=\"entry-title edgtf-post-title\" >\n            <a itemprop=\"url\" href=\"https:\/\/www.santjosep.net\/en\/zona-sur-oeste-cala-dhort-y-es-vedra\/\" title=\"South-West area, Cala d&#8217;Hort and Es Vedr\u00e0 (Ibiza)\">\n            South-West area, Cala d&#8217;Hort and Es Vedr\u00e0 (Ibiza)            <\/a>\n    <\/h4>\n\t        <div class=\"edgtf-bli-info\">\n\t\t        <div class=\"edgtf-post-info-category\">\n    <a href=\"https:\/\/www.santjosep.net\/en\/category\/areas\/\" rel=\"category tag\">Areas<\/a>, <a href=\"https:\/\/www.santjosep.net\/en\/category\/walks\/\" rel=\"category tag\">Walks<\/a><\/div>\t        <\/div>\n\n\t        <div class=\"edgtf-bli-excerpt\">\n\t\t        \t\t<div class=\"edgtf-post-excerpt-holder\">\n\t\t\t<p itemprop=\"description\" class=\"edgtf-post-excerpt\">\n\t\t\t\t\r\n\r\nOn our last post we talked about the southern part of the Sant Josep area, and today we\u2019ll continue showing you some suggestions and ideas so you can keep enjoying these wonderful nature environments in Sant Josep. We\u2019ll take a walk around Cala d'Hort and show you its beaches and nature reserves. As well, we\u2019ll see one of the most amazing sunsets in Ibiza. Keep reading and make sure to write down these tips and\t\t\t<\/p>\n\t\t<\/div>\n\t\t\t        \t<div class=\"edgtf-post-read-more-button\">\n\t\t<a itemprop=\"url\" href=\"https:\/\/www.santjosep.net\/en\/zona-sur-oeste-cala-dhort-y-es-vedra\/\" target=\"_self\"  class=\"edgtf-btn edgtf-btn-medium edgtf-btn-simple edgtf-btn-switch-line edgtf-blog-list-button\"  >\t\t\t<span class=\"edgtf-btn-icon-element\"><\/span>\t\t<span class=\"edgtf-btn-text\">READ MORE<span class=\"edgtf-btn-text-line\" ><\/span><span class=\"edgtf-btn-switch-line\" ><\/span><\/span>\t<\/a>\t<\/div>\n\t        <\/div>\n        <\/div>\n\t<\/div>\n<\/li><li class=\"edgtf-bl-item clearfix\">\n\t<div class=\"edgtf-bli-inner\">\n\t\t\n\t<div class=\"edgtf-post-image\">\n\t\t\t\t\t<a itemprop=\"url\" href=\"https:\/\/www.santjosep.net\/en\/zona-sur-oeste-de-ibiza-3-calas-de-aire-muy-marinero\/\" title=\"South-West area. Three coves with a marine touch\">\n\t\t\t\t\t\t\t\t\t<img loading=\"lazy\" decoding=\"async\" width=\"800\" height=\"533\" src=\"https:\/\/www.santjosep.net\/wp-content\/uploads\/2013\/11\/escubellsplaya_IMG_09831.jpg\" class=\"attachment-full size-full wp-post-image\" alt=\"\" srcset=\"https:\/\/www.santjosep.net\/wp-content\/uploads\/2013\/11\/escubellsplaya_IMG_09831.jpg 800w, https:\/\/www.santjosep.net\/wp-content\/uploads\/2013\/11\/escubellsplaya_IMG_09831-300x199.jpg 300w\" sizes=\"auto, (max-width: 800px) 100vw, 800px\" \/>\t\t\t\t\t\t\t\t<\/a>\n\t\t\t<\/div>\n        <div class=\"edgtf-bli-content\">\n                            <div class=\"edgtf-bli-date\">\n\t                <div itemprop=\"dateCreated\" class=\"edgtf-post-info-date entry-date published updated\">\n            <a itemprop=\"url\" href=\"https:\/\/www.santjosep.net\/en\/2014\/02\/\">\n    \n        20 February 2014        <\/a>\n    <meta itemprop=\"interactionCount\" content=\"UserComments: 0\"\/>\n<\/div>                <\/div>\n            \t\n\t        \n<h4 itemprop=\"name\" class=\"entry-title edgtf-post-title\" >\n            <a itemprop=\"url\" href=\"https:\/\/www.santjosep.net\/en\/zona-sur-oeste-de-ibiza-3-calas-de-aire-muy-marinero\/\" title=\"South-West area. Three coves with a marine touch\">\n            South-West area. Three coves with a marine touch            <\/a>\n    <\/h4>\n\t        <div class=\"edgtf-bli-info\">\n\t\t        <div class=\"edgtf-post-info-category\">\n    <a href=\"https:\/\/www.santjosep.net\/en\/category\/areas\/\" rel=\"category tag\">Areas<\/a>, <a href=\"https:\/\/www.santjosep.net\/en\/category\/walks\/\" rel=\"category tag\">Walks<\/a><\/div>\t        <\/div>\n\n\t        <div class=\"edgtf-bli-excerpt\">\n\t\t        \t\t<div class=\"edgtf-post-excerpt-holder\">\n\t\t\t<p itemprop=\"description\" class=\"edgtf-post-excerpt\">\n\t\t\t\tToday we\u2019ll take you through a virtual tour of the southwest of the Sant Josep area, where we\u2019ll visit the charming village of Es Cubells and we\u2019ll also take a walk through some of the most beautiful bays and coves in the area: Es Torrent, Es Xarco and Ses Boques..\r\n\r\nEs Cubells is one of the smallest villages of the island of Ibiza. The urban core is formed by a large whitewashed church, two bars, a\t\t\t<\/p>\n\t\t<\/div>\n\t\t\t        \t<div class=\"edgtf-post-read-more-button\">\n\t\t<a itemprop=\"url\" href=\"https:\/\/www.santjosep.net\/en\/zona-sur-oeste-de-ibiza-3-calas-de-aire-muy-marinero\/\" target=\"_self\"  class=\"edgtf-btn edgtf-btn-medium edgtf-btn-simple edgtf-btn-switch-line edgtf-blog-list-button\"  >\t\t\t<span class=\"edgtf-btn-icon-element\"><\/span>\t\t<span class=\"edgtf-btn-text\">READ MORE<span class=\"edgtf-btn-text-line\" ><\/span><span class=\"edgtf-btn-switch-line\" ><\/span><\/span>\t<\/a>\t<\/div>\n\t        <\/div>\n        <\/div>\n\t<\/div>\n<\/li><li class=\"edgtf-bl-item clearfix\">\n\t<div class=\"edgtf-bli-inner\">\n\t\t\n\t<div class=\"edgtf-post-image\">\n\t\t\t\t\t<a itemprop=\"url\" href=\"https:\/\/www.santjosep.net\/en\/south-sant-josep-sa-caleta-es-bol-nou-cala-jondal\/\" title=\"South of Sant Josep, Sa Caleta, Es Bol Nou and Cala Jondal\">\n\t\t\t\t\t\t\t\t\t<img loading=\"lazy\" decoding=\"async\" width=\"488\" height=\"325\" src=\"https:\/\/www.santjosep.net\/wp-content\/uploads\/2013\/11\/sacaleta_IMG_0783.jpg\" class=\"attachment-full size-full wp-post-image\" alt=\"\" srcset=\"https:\/\/www.santjosep.net\/wp-content\/uploads\/2013\/11\/sacaleta_IMG_0783.jpg 488w, https:\/\/www.santjosep.net\/wp-content\/uploads\/2013\/11\/sacaleta_IMG_0783-300x199.jpg 300w\" sizes=\"auto, (max-width: 488px) 100vw, 488px\" \/>\t\t\t\t\t\t\t\t<\/a>\n\t\t\t<\/div>\n        <div class=\"edgtf-bli-content\">\n                            <div class=\"edgtf-bli-date\">\n\t                <div itemprop=\"dateCreated\" class=\"edgtf-post-info-date entry-date published updated\">\n            <a itemprop=\"url\" href=\"https:\/\/www.santjosep.net\/en\/2014\/02\/\">\n    \n        5 February 2014        <\/a>\n    <meta itemprop=\"interactionCount\" content=\"UserComments: 0\"\/>\n<\/div>                <\/div>\n            \t\n\t        \n<h4 itemprop=\"name\" class=\"entry-title edgtf-post-title\" >\n            <a itemprop=\"url\" href=\"https:\/\/www.santjosep.net\/en\/south-sant-josep-sa-caleta-es-bol-nou-cala-jondal\/\" title=\"South of Sant Josep, Sa Caleta, Es Bol Nou and Cala Jondal\">\n            South of Sant Josep, Sa Caleta, Es Bol Nou and Cala Jondal            <\/a>\n    <\/h4>\n\t        <div class=\"edgtf-bli-info\">\n\t\t        <div class=\"edgtf-post-info-category\">\n    <a href=\"https:\/\/www.santjosep.net\/en\/category\/areas\/\" rel=\"category tag\">Areas<\/a>, <a href=\"https:\/\/www.santjosep.net\/en\/category\/walks\/\" rel=\"category tag\">Walks<\/a><\/div>\t        <\/div>\n\n\t        <div class=\"edgtf-bli-excerpt\">\n\t\t        \t\t<div class=\"edgtf-post-excerpt-holder\">\n\t\t\t<p itemprop=\"description\" class=\"edgtf-post-excerpt\">\n\t\t\t\t[gallery ids=\"997,1301,995,999,1005,963,1001,1003\"]\r\n\r\nThe southern area of Sant Josep, just like the rest of the island of Ibiza, is a place of contrasts. We can find many places to enjoy the peace, solitude and beauty of the island\u2019s landscapes or, on the contrary, we may be driven by a more lively and fiesta atmosphere.\r\n\r\n<div class=\"edgtf-more-link-container\"><a href=\"https:\/\/www.santjosep.net\/en\/south-sant-josep-sa-caleta-es-bol-nou-cala-jondal\/#more-1784\" target=\"_self\" class=\"edgtf-btn edgtf-btn-medium edgtf-btn-solid\">\t\t\t<span class=\"edgtf-btn-icon-element\"><\/span>\t\t<span class=\"edgtf-btn-text\">Continue reading<\/span>\t<\/a><\/div>\n\t\t<\/div>\n\t\t\t        \t        <\/div>\n        <\/div>\n\t<\/div>\n<\/li><li class=\"edgtf-bl-item clearfix\">\n\t<div class=\"edgtf-bli-inner\">\n\t\t\n\t<div class=\"edgtf-post-image\">\n\t\t\t\t\t<a itemprop=\"url\" href=\"https:\/\/www.santjosep.net\/en\/want-know-municipality-sant-josep\/\" title=\"Do you want to know the municipality of Sant Josep?\">\n\t\t\t\t\t\t\t\t\t<img loading=\"lazy\" decoding=\"async\" width=\"1000\" height=\"667\" src=\"https:\/\/www.santjosep.net\/wp-content\/uploads\/2014\/01\/torresesportes_IMG_9411.jpg\" class=\"attachment-full size-full wp-post-image\" alt=\"\" srcset=\"https:\/\/www.santjosep.net\/wp-content\/uploads\/2014\/01\/torresesportes_IMG_9411.jpg 1000w, https:\/\/www.santjosep.net\/wp-content\/uploads\/2014\/01\/torresesportes_IMG_9411-300x200.jpg 300w\" sizes=\"auto, (max-width: 1000px) 100vw, 1000px\" \/>\t\t\t\t\t\t\t\t<\/a>\n\t\t\t<\/div>\n        <div class=\"edgtf-bli-content\">\n                            <div class=\"edgtf-bli-date\">\n\t                <div itemprop=\"dateCreated\" class=\"edgtf-post-info-date entry-date published updated\">\n            <a itemprop=\"url\" href=\"https:\/\/www.santjosep.net\/en\/2014\/01\/\">\n    \n        31 January 2014        <\/a>\n    <meta itemprop=\"interactionCount\" content=\"UserComments: 0\"\/>\n<\/div>                <\/div>\n            \t\n\t        \n<h4 itemprop=\"name\" class=\"entry-title edgtf-post-title\" >\n            <a itemprop=\"url\" href=\"https:\/\/www.santjosep.net\/en\/want-know-municipality-sant-josep\/\" title=\"Do you want to know the municipality of Sant Josep?\">\n            Do you want to know the municipality of Sant Josep?            <\/a>\n    <\/h4>\n\t        <div class=\"edgtf-bli-info\">\n\t\t        <div class=\"edgtf-post-info-category\">\n    <a href=\"https:\/\/www.santjosep.net\/en\/category\/areas\/\" rel=\"category tag\">Areas<\/a><\/div>\t        <\/div>\n\n\t        <div class=\"edgtf-bli-excerpt\">\n\t\t        \t\t<div class=\"edgtf-post-excerpt-holder\">\n\t\t\t<p itemprop=\"description\" class=\"edgtf-post-excerpt\">\n\t\t\t\tWelcome to the blog of the new website of the municipality of Sant Josep de sa Talaia.\r\n\r\nWith this post we want to show you the latest features of our new website. As you can see, you can surf around the site in a much more intuitive and visual way with the new layout. And it\u2019s also available in two languages, Spanish and English.\r\n\r\nWe\u2019ve divided the municipality into 9 areas so this way will be much\t\t\t<\/p>\n\t\t<\/div>\n\t\t\t        \t<div class=\"edgtf-post-read-more-button\">\n\t\t<a itemprop=\"url\" href=\"https:\/\/www.santjosep.net\/en\/want-know-municipality-sant-josep\/\" target=\"_self\"  class=\"edgtf-btn edgtf-btn-medium edgtf-btn-simple edgtf-btn-switch-line edgtf-blog-list-button\"  >\t\t\t<span class=\"edgtf-btn-icon-element\"><\/span>\t\t<span class=\"edgtf-btn-text\">READ MORE<span class=\"edgtf-btn-text-line\" ><\/span><span class=\"edgtf-btn-switch-line\" ><\/span><\/span>\t<\/a>\t<\/div>\n\t        <\/div>\n        <\/div>\n\t<\/div>\n<\/li><li class=\"edgtf-bl-item clearfix\">\n\t<div class=\"edgtf-bli-inner\">\n\t\t\n\t<div class=\"edgtf-post-image\">\n\t\t\t\t\t<a itemprop=\"url\" href=\"https:\/\/www.santjosep.net\/en\/merry-christmas-happy-new-year-sant-josep\/\" title=\"Merry Christmas and Happy New Year Sant Josep!\">\n\t\t\t\t\t\t\t\t\t<img loading=\"lazy\" decoding=\"async\" width=\"2100\" height=\"1575\" src=\"https:\/\/www.santjosep.net\/wp-content\/uploads\/2013\/12\/felizanavidad_santjosep_P1012833.jpg\" class=\"attachment-full size-full wp-post-image\" alt=\"\" srcset=\"https:\/\/www.santjosep.net\/wp-content\/uploads\/2013\/12\/felizanavidad_santjosep_P1012833.jpg 2100w, https:\/\/www.santjosep.net\/wp-content\/uploads\/2013\/12\/felizanavidad_santjosep_P1012833-300x225.jpg 300w, https:\/\/www.santjosep.net\/wp-content\/uploads\/2013\/12\/felizanavidad_santjosep_P1012833-1024x768.jpg 1024w, https:\/\/www.santjosep.net\/wp-content\/uploads\/2013\/12\/felizanavidad_santjosep_P1012833-768x576.jpg 768w, https:\/\/www.santjosep.net\/wp-content\/uploads\/2013\/12\/felizanavidad_santjosep_P1012833-1536x1152.jpg 1536w, https:\/\/www.santjosep.net\/wp-content\/uploads\/2013\/12\/felizanavidad_santjosep_P1012833-800x600.jpg 800w\" sizes=\"auto, (max-width: 2100px) 100vw, 2100px\" \/>\t\t\t\t\t\t\t\t<\/a>\n\t\t\t<\/div>\n        <div class=\"edgtf-bli-content\">\n                            <div class=\"edgtf-bli-date\">\n\t                <div itemprop=\"dateCreated\" class=\"edgtf-post-info-date entry-date published updated\">\n            <a itemprop=\"url\" href=\"https:\/\/www.santjosep.net\/en\/2013\/12\/\">\n    \n        23 December 2013        <\/a>\n    <meta itemprop=\"interactionCount\" content=\"UserComments: 0\"\/>\n<\/div>                <\/div>\n            \t\n\t        \n<h4 itemprop=\"name\" class=\"entry-title edgtf-post-title\" >\n            <a itemprop=\"url\" href=\"https:\/\/www.santjosep.net\/en\/merry-christmas-happy-new-year-sant-josep\/\" title=\"Merry Christmas and Happy New Year Sant Josep!\">\n            Merry Christmas and Happy New Year Sant Josep!            <\/a>\n    <\/h4>\n\t        <div class=\"edgtf-bli-info\">\n\t\t        <div class=\"edgtf-post-info-category\">\n    <a href=\"https:\/\/www.santjosep.net\/en\/category\/events-en\/\" rel=\"category tag\">Events<\/a>, <a href=\"https:\/\/www.santjosep.net\/en\/category\/events\/\" rel=\"category tag\">Events<\/a><\/div>\t        <\/div>\n\n\t        <div class=\"edgtf-bli-excerpt\">\n\t\t        \t\t<div class=\"edgtf-post-excerpt-holder\">\n\t\t\t<p itemprop=\"description\" class=\"edgtf-post-excerpt\">\n\t\t\t\tChristmas is just around the corner! And that\u2019s why from Sant Josep de sa Talaia\u2019s town hall website, we want to keep you posted with all the different activities and events taking place in the different parts of the municipality to celebrate the Christmas holidays.\r\n\r\nIn the village of Sant Josep will be a Christmas decoration contest with many prizes for the best decorated balconies, porches and house entrances. There will also be many different activities,\t\t\t<\/p>\n\t\t<\/div>\n\t\t\t        \t<div class=\"edgtf-post-read-more-button\">\n\t\t<a itemprop=\"url\" href=\"https:\/\/www.santjosep.net\/en\/merry-christmas-happy-new-year-sant-josep\/\" target=\"_self\"  class=\"edgtf-btn edgtf-btn-medium edgtf-btn-simple edgtf-btn-switch-line edgtf-blog-list-button\"  >\t\t\t<span class=\"edgtf-btn-icon-element\"><\/span>\t\t<span class=\"edgtf-btn-text\">READ MORE<span class=\"edgtf-btn-text-line\" ><\/span><span class=\"edgtf-btn-switch-line\" ><\/span><\/span>\t<\/a>\t<\/div>\n\t        <\/div>\n        <\/div>\n\t<\/div>\n<\/li><li class=\"edgtf-bl-item clearfix\">\n\t<div class=\"edgtf-bli-inner\">\n\t\t\n\t<div class=\"edgtf-post-image\">\n\t\t\t\t\t<a itemprop=\"url\" href=\"https:\/\/www.santjosep.net\/en\/playa-den-bossa-atmosphere-all-day\/\" title=\"Playa d\u2019en Bossa, nice atmosphere all the time\">\n\t\t\t\t\t\t\t\t\t<img loading=\"lazy\" decoding=\"async\" width=\"800\" height=\"550\" src=\"https:\/\/www.santjosep.net\/wp-content\/uploads\/2013\/12\/playabossa_IMG_9817.jpg\" class=\"attachment-full size-full wp-post-image\" alt=\"\" srcset=\"https:\/\/www.santjosep.net\/wp-content\/uploads\/2013\/12\/playabossa_IMG_9817.jpg 800w, https:\/\/www.santjosep.net\/wp-content\/uploads\/2013\/12\/playabossa_IMG_9817-300x206.jpg 300w\" sizes=\"auto, (max-width: 800px) 100vw, 800px\" \/>\t\t\t\t\t\t\t\t<\/a>\n\t\t\t<\/div>\n        <div class=\"edgtf-bli-content\">\n                            <div class=\"edgtf-bli-date\">\n\t                <div itemprop=\"dateCreated\" class=\"edgtf-post-info-date entry-date published updated\">\n            <a itemprop=\"url\" href=\"https:\/\/www.santjosep.net\/en\/2013\/12\/\">\n    \n        3 December 2013        <\/a>\n    <meta itemprop=\"interactionCount\" content=\"UserComments: 0\"\/>\n<\/div>                <\/div>\n            \t\n\t        \n<h4 itemprop=\"name\" class=\"entry-title edgtf-post-title\" >\n            <a itemprop=\"url\" href=\"https:\/\/www.santjosep.net\/en\/playa-den-bossa-atmosphere-all-day\/\" title=\"Playa d\u2019en Bossa, nice atmosphere all the time\">\n            Playa d\u2019en Bossa, nice atmosphere all the time            <\/a>\n    <\/h4>\n\t        <div class=\"edgtf-bli-info\">\n\t\t        <div class=\"edgtf-post-info-category\">\n    <a href=\"https:\/\/www.santjosep.net\/en\/category\/areas\/\" rel=\"category tag\">Areas<\/a>, <a href=\"https:\/\/www.santjosep.net\/en\/category\/walks\/\" rel=\"category tag\">Walks<\/a><\/div>\t        <\/div>\n\n\t        <div class=\"edgtf-bli-excerpt\">\n\t\t        \t\t<div class=\"edgtf-post-excerpt-holder\">\n\t\t\t<p itemprop=\"description\" class=\"edgtf-post-excerpt\">\n\t\t\t\tPlaya d\u2019en Bossa is the largest sand beach in Ibiza and one of the most visited by the tourists who choose our island as their holiday destination.\r\n\r\nIn Playa d\u2019en Bossa there\u2019s a large number of nice hotels with fantastic sea views in the most pure Ibiza style ambiance. On the beach you can experience the incredible party atmosphere that many visitors look for on the \u201cwhite island\u201d every summer. Along the coastline you\u2019ll find some\t\t\t<\/p>\n\t\t<\/div>\n\t\t\t        \t<div class=\"edgtf-post-read-more-button\">\n\t\t<a itemprop=\"url\" href=\"https:\/\/www.santjosep.net\/en\/playa-den-bossa-atmosphere-all-day\/\" target=\"_self\"  class=\"edgtf-btn edgtf-btn-medium edgtf-btn-simple edgtf-btn-switch-line edgtf-blog-list-button\"  >\t\t\t<span class=\"edgtf-btn-icon-element\"><\/span>\t\t<span class=\"edgtf-btn-text\">READ MORE<span class=\"edgtf-btn-text-line\" ><\/span><span class=\"edgtf-btn-switch-line\" ><\/span><\/span>\t<\/a>\t<\/div>\n\t        <\/div>\n        <\/div>\n\t<\/div>\n<\/li><li class=\"edgtf-bl-item clearfix\">\n\t<div class=\"edgtf-bli-inner\">\n\t\t\n\t<div class=\"edgtf-post-image\">\n\t\t\t\t\t<a itemprop=\"url\" href=\"https:\/\/www.santjosep.net\/en\/susnets-sant-josep-ibiza\/\" title=\"A fabulous autumn sunset in Sant Josep\">\n\t\t\t\t\t\t\t\t\t<img loading=\"lazy\" decoding=\"async\" width=\"800\" height=\"550\" src=\"https:\/\/www.santjosep.net\/wp-content\/uploads\/2013\/11\/puestasdesol.jpg\" class=\"attachment-full size-full wp-post-image\" alt=\"\" srcset=\"https:\/\/www.santjosep.net\/wp-content\/uploads\/2013\/11\/puestasdesol.jpg 800w, https:\/\/www.santjosep.net\/wp-content\/uploads\/2013\/11\/puestasdesol-300x206.jpg 300w\" sizes=\"auto, (max-width: 800px) 100vw, 800px\" \/>\t\t\t\t\t\t\t\t<\/a>\n\t\t\t<\/div>\n        <div class=\"edgtf-bli-content\">\n                            <div class=\"edgtf-bli-date\">\n\t                <div itemprop=\"dateCreated\" class=\"edgtf-post-info-date entry-date published updated\">\n            <a itemprop=\"url\" href=\"https:\/\/www.santjosep.net\/en\/2013\/11\/\">\n    \n        14 November 2013        <\/a>\n    <meta itemprop=\"interactionCount\" content=\"UserComments: 0\"\/>\n<\/div>                <\/div>\n            \t\n\t        \n<h4 itemprop=\"name\" class=\"entry-title edgtf-post-title\" >\n            <a itemprop=\"url\" href=\"https:\/\/www.santjosep.net\/en\/susnets-sant-josep-ibiza\/\" title=\"A fabulous autumn sunset in Sant Josep\">\n            A fabulous autumn sunset in Sant Josep            <\/a>\n    <\/h4>\n\t        <div class=\"edgtf-bli-info\">\n\t\t        <div class=\"edgtf-post-info-category\">\n    <a href=\"https:\/\/www.santjosep.net\/en\/category\/sunsets\/\" rel=\"category tag\">Sunsets<\/a>, <a href=\"https:\/\/www.santjosep.net\/en\/category\/walks\/\" rel=\"category tag\">Walks<\/a><\/div>\t        <\/div>\n\n\t        <div class=\"edgtf-bli-excerpt\">\n\t\t        \t\t<div class=\"edgtf-post-excerpt-holder\">\n\t\t\t<p itemprop=\"description\" class=\"edgtf-post-excerpt\">\n\t\t\t\tAutumn is a wonderful season to enjoy the island of Ibiza in a different way, such as the spectacular sunsets you can watch in the Municipality of Sant Josep de Sa Talaia.\r\n\r\nAnd one of the best places to enjoy it is in the beautiful beach of Cala d\u2019Hort. This small cove allows you to enjoy during the colder seasons of a magical sunset, with the silhouettes of the islands of Es Vedr\u00e0 and Es Vedranell\t\t\t<\/p>\n\t\t<\/div>\n\t\t\t        \t<div class=\"edgtf-post-read-more-button\">\n\t\t<a itemprop=\"url\" href=\"https:\/\/www.santjosep.net\/en\/susnets-sant-josep-ibiza\/\" target=\"_self\"  class=\"edgtf-btn edgtf-btn-medium edgtf-btn-simple edgtf-btn-switch-line edgtf-blog-list-button\"  >\t\t\t<span class=\"edgtf-btn-icon-element\"><\/span>\t\t<span class=\"edgtf-btn-text\">READ MORE<span class=\"edgtf-btn-text-line\" ><\/span><span class=\"edgtf-btn-switch-line\" ><\/span><\/span>\t<\/a>\t<\/div>\n\t        <\/div>\n        <\/div>\n\t<\/div>\n<\/li><li class=\"edgtf-bl-item clearfix\">\n\t<div class=\"edgtf-bli-inner\">\n\t\t\n\t<div class=\"edgtf-post-image\">\n\t\t\t\t\t<a itemprop=\"url\" href=\"https:\/\/www.santjosep.net\/en\/touring-sant-josep\/\" title=\"Touring around Sant Josep\">\n\t\t\t\t\t\t\t\t\t<img loading=\"lazy\" decoding=\"async\" width=\"800\" height=\"550\" src=\"https:\/\/www.santjosep.net\/wp-content\/uploads\/2013\/11\/santjosep2.jpg\" class=\"attachment-full size-full wp-post-image\" alt=\"\" srcset=\"https:\/\/www.santjosep.net\/wp-content\/uploads\/2013\/11\/santjosep2.jpg 800w, https:\/\/www.santjosep.net\/wp-content\/uploads\/2013\/11\/santjosep2-300x206.jpg 300w\" sizes=\"auto, (max-width: 800px) 100vw, 800px\" \/>\t\t\t\t\t\t\t\t<\/a>\n\t\t\t<\/div>\n        <div class=\"edgtf-bli-content\">\n                            <div class=\"edgtf-bli-date\">\n\t                <div itemprop=\"dateCreated\" class=\"edgtf-post-info-date entry-date published updated\">\n            <a itemprop=\"url\" href=\"https:\/\/www.santjosep.net\/en\/2013\/11\/\">\n    \n        10 November 2013        <\/a>\n    <meta itemprop=\"interactionCount\" content=\"UserComments: 0\"\/>\n<\/div>                <\/div>\n            \t\n\t        \n<h4 itemprop=\"name\" class=\"entry-title edgtf-post-title\" >\n            <a itemprop=\"url\" href=\"https:\/\/www.santjosep.net\/en\/touring-sant-josep\/\" title=\"Touring around Sant Josep\">\n            Touring around Sant Josep            <\/a>\n    <\/h4>\n\t        <div class=\"edgtf-bli-info\">\n\t\t        <div class=\"edgtf-post-info-category\">\n    <a href=\"https:\/\/www.santjosep.net\/en\/category\/walks\/\" rel=\"category tag\">Walks<\/a><\/div>\t        <\/div>\n\n\t        <div class=\"edgtf-bli-excerpt\">\n\t\t        \t\t<div class=\"edgtf-post-excerpt-holder\">\n\t\t\t<p itemprop=\"description\" class=\"edgtf-post-excerpt\">\n\t\t\t\tToday we woke up fancying a good walk. And from our blog we propose an interesting route to get to know the most interesting places of this Ibicenco municipality that sure you\u2019ll love, the Sant Josep area.\r\nWe\u2019ll start the route from the famous village of Sant Josep de sa Talaia, and why not gaining energy with a good breakfast? In the centre of Sant Josep there\u2019s many different snack bars and cafeterias, from the most\t\t\t<\/p>\n\t\t<\/div>\n\t\t\t        \t<div class=\"edgtf-post-read-more-button\">\n\t\t<a itemprop=\"url\" href=\"https:\/\/www.santjosep.net\/en\/touring-sant-josep\/\" target=\"_self\"  class=\"edgtf-btn edgtf-btn-medium edgtf-btn-simple edgtf-btn-switch-line edgtf-blog-list-button\"  >\t\t\t<span class=\"edgtf-btn-icon-element\"><\/span>\t\t<span class=\"edgtf-btn-text\">READ MORE<span class=\"edgtf-btn-text-line\" ><\/span><span class=\"edgtf-btn-switch-line\" ><\/span><\/span>\t<\/a>\t<\/div>\n\t        <\/div>\n        <\/div>\n\t<\/div>\n<\/li>\t\t<\/ul>\n\t<\/div>\n\t<\/div>[\/vc_column][\/vc_row]<\/p>\n<\/div>","protected":false},"excerpt":{"rendered":"<p>[vc_row enable_hue_rotation=&#8221;no&#8221; enable_text_marquee=&#8221;no&#8221; css=&#8221;.vc_custom_1579773245451{margin-top: 50px !important;}&#8221;][vc_column][\/vc_column][\/vc_row]<\/p>\n","protected":false},"author":1,"featured_media":0,"parent":0,"menu_order":0,"comment_status":"open","ping_status":"open","template":"","meta":{"_acf_changed":false,"inline_featured_image":false,"footnotes":""},"categoria_pagina":[],"class_list":["post-1459","page","type-page","status-publish","hentry"],"acf":[],"yoast_head":"<!-- This site is optimized with the Yoast SEO plugin v25.7 - https:\/\/yoast.com\/wordpress\/plugins\/seo\/ -->\n<title>Viu Sant Josep - Santjosep.net<\/title>\n<meta name=\"description\" content=\"The blog to discover and experience Sant Josep\" \/>\n<meta name=\"robots\" content=\"index, follow, max-snippet:-1, max-image-preview:large, max-video-preview:-1\" \/>\n<link rel=\"canonical\" href=\"https:\/\/www.santjosep.net\/en\/blog\/\" \/>\n<meta property=\"og:locale\" content=\"en_US\" \/>\n<meta property=\"og:type\" content=\"article\" \/>\n<meta property=\"og:title\" content=\"Viu Sant Josep - Santjosep.net\" \/>\n<meta property=\"og:description\" content=\"The blog to discover and experience Sant Josep\" \/>\n<meta property=\"og:url\" content=\"https:\/\/www.santjosep.net\/en\/blog\/\" \/>\n<meta property=\"og:site_name\" content=\"Santjosep.net\" \/>\n<meta property=\"article:modified_time\" content=\"2020-01-23T09:52:21+00:00\" \/>\n<meta name=\"twitter:card\" content=\"summary_large_image\" \/>\n<script type=\"application\/ld+json\" class=\"yoast-schema-graph\">{\"@context\":\"https:\/\/schema.org\",\"@graph\":[{\"@type\":\"WebPage\",\"@id\":\"https:\/\/www.santjosep.net\/en\/blog\/\",\"url\":\"https:\/\/www.santjosep.net\/en\/blog\/\",\"name\":\"Viu Sant Josep - Santjosep.net\",\"isPartOf\":{\"@id\":\"https:\/\/www.santjosep.net\/#website\"},\"datePublished\":\"2013-03-23T05:01:12+00:00\",\"dateModified\":\"2020-01-23T09:52:21+00:00\",\"description\":\"The blog to discover and experience Sant Josep\",\"inLanguage\":\"en-US\",\"potentialAction\":[{\"@type\":\"ReadAction\",\"target\":[\"https:\/\/www.santjosep.net\/en\/blog\/\"]}]},{\"@type\":\"WebSite\",\"@id\":\"https:\/\/www.santjosep.net\/#website\",\"url\":\"https:\/\/www.santjosep.net\/\",\"name\":\"Santjosep.net\",\"description\":\"\",\"potentialAction\":[{\"@type\":\"SearchAction\",\"target\":{\"@type\":\"EntryPoint\",\"urlTemplate\":\"https:\/\/www.santjosep.net\/?s={search_term_string}\"},\"query-input\":{\"@type\":\"PropertyValueSpecification\",\"valueRequired\":true,\"valueName\":\"search_term_string\"}}],\"inLanguage\":\"en-US\"}]}<\/script>\n<!-- \/ Yoast SEO plugin. -->","yoast_head_json":{"title":"Viu Sant Josep - Santjosep.net","description":"The blog to discover and experience Sant Josep","robots":{"index":"index","follow":"follow","max-snippet":"max-snippet:-1","max-image-preview":"max-image-preview:large","max-video-preview":"max-video-preview:-1"},"canonical":"https:\/\/www.santjosep.net\/en\/blog\/","og_locale":"en_US","og_type":"article","og_title":"Viu Sant Josep - Santjosep.net","og_description":"The blog to discover and experience Sant Josep","og_url":"https:\/\/www.santjosep.net\/en\/blog\/","og_site_name":"Santjosep.net","article_modified_time":"2020-01-23T09:52:21+00:00","twitter_card":"summary_large_image","schema":{"@context":"https:\/\/schema.org","@graph":[{"@type":"WebPage","@id":"https:\/\/www.santjosep.net\/en\/blog\/","url":"https:\/\/www.santjosep.net\/en\/blog\/","name":"Viu Sant Josep - Santjosep.net","isPartOf":{"@id":"https:\/\/www.santjosep.net\/#website"},"datePublished":"2013-03-23T05:01:12+00:00","dateModified":"2020-01-23T09:52:21+00:00","description":"The blog to discover and experience Sant Josep","inLanguage":"en-US","potentialAction":[{"@type":"ReadAction","target":["https:\/\/www.santjosep.net\/en\/blog\/"]}]},{"@type":"WebSite","@id":"https:\/\/www.santjosep.net\/#website","url":"https:\/\/www.santjosep.net\/","name":"Santjosep.net","description":"","potentialAction":[{"@type":"SearchAction","target":{"@type":"EntryPoint","urlTemplate":"https:\/\/www.santjosep.net\/?s={search_term_string}"},"query-input":{"@type":"PropertyValueSpecification","valueRequired":true,"valueName":"search_term_string"}}],"inLanguage":"en-US"}]}},"_links":{"self":[{"href":"https:\/\/www.santjosep.net\/en\/wp-json\/wp\/v2\/pages\/1459","targetHints":{"allow":["GET"]}}],"collection":[{"href":"https:\/\/www.santjosep.net\/en\/wp-json\/wp\/v2\/pages"}],"about":[{"href":"https:\/\/www.santjosep.net\/en\/wp-json\/wp\/v2\/types\/page"}],"author":[{"embeddable":true,"href":"https:\/\/www.santjosep.net\/en\/wp-json\/wp\/v2\/users\/1"}],"replies":[{"embeddable":true,"href":"https:\/\/www.santjosep.net\/en\/wp-json\/wp\/v2\/comments?post=1459"}],"version-history":[{"count":0,"href":"https:\/\/www.santjosep.net\/en\/wp-json\/wp\/v2\/pages\/1459\/revisions"}],"wp:attachment":[{"href":"https:\/\/www.santjosep.net\/en\/wp-json\/wp\/v2\/media?parent=1459"}],"wp:term":[{"taxonomy":"categoria_pagina","embeddable":true,"href":"https:\/\/www.santjosep.net\/en\/wp-json\/wp\/v2\/categoria_pagina?post=1459"}],"curies":[{"name":"wp","href":"https:\/\/api.w.org\/{rel}","templated":true}]}}