{"id":9256,"date":"2017-06-15T14:09:12","date_gmt":"2017-06-15T14:09:12","guid":{"rendered":"https:\/\/www.santjosep.net\/de\/evento\/mercado-sant-josep-ecologico-local-artesania\/"},"modified":"2020-06-11T12:20:15","modified_gmt":"2020-06-11T10:20:15","slug":"mercado-sant-josep-ecologico-local-artesania","status":"publish","type":"tribe_events","link":"https:\/\/www.santjosep.net\/de\/veranstaltung\/mercado-sant-josep-ecologico-local-artesania\/","title":{"rendered":"Sant Josep Makt &#8211; mit \u00f6kologischen, lokalen und kunsthandwerklichen Produkten"},"content":{"rendered":"<p>Mercat de Sant Josep \u2013 einen Markt, der Treffpunkt f\u00fcr die Einwohner unserer Gemeinde und f\u00fcr die Touristen sein m\u00f6chte, die uns jeden Sommer besuchen kommen. Hier finden Sie \u00f6kologische, kunsthandwerkliche oder aus lokaler Produktion stammende Produkte.<\/p>\n<div id=\"new-royalslider-72\" class=\"royalSlider new-royalslider-72 rsDefaultInv rs-default-template\" style=\"width:100%;height:533px;;\" data-rs-options='{&quot;template&quot;:&quot;default&quot;,&quot;image_generation&quot;:{&quot;imageWidth&quot;:&quot;&quot;,&quot;imageHeight&quot;:&quot;&quot;,&quot;thumbImageWidth&quot;:&quot;&quot;,&quot;thumbImageHeight&quot;:&quot;&quot;},&quot;thumbs&quot;:{&quot;thumbWidth&quot;:96,&quot;thumbHeight&quot;:72},&quot;autoPlay&quot;:{&quot;enabled&quot;:&quot;true&quot;,&quot;delay&quot;:5000},&quot;block&quot;:{&quot;moveOffset&quot;:20,&quot;speed&quot;:400,&quot;delay&quot;:200},&quot;width&quot;:&quot;100%&quot;,&quot;height&quot;:533,&quot;autoScaleSlider&quot;:&quot;true&quot;,&quot;autoScaleSliderHeight&quot;:533,&quot;imageScalePadding&quot;:0,&quot;arrowsNavAutoHide&quot;:&quot;false&quot;,&quot;globalCaption&quot;:&quot;true&quot;}'>\n<div class=\"rsContent\">\n  <img decoding=\"async\" class=\"rsImg\" src=\"https:\/\/www.santjosep.net\/wp-content\/uploads\/2017\/06\/Mercadillo-Artesanal-Sant-Josep_1-1024x768.jpg\" alt=\"Mercadillo Artesanal Sant Josep_1\"\/>\n  \n  \n  \n<\/div>\n<div class=\"rsContent\">\n  <img decoding=\"async\" class=\"rsImg\" src=\"https:\/\/www.santjosep.net\/wp-content\/uploads\/2017\/06\/Mercadillo-Artesanal-Sant-Josep_2-1024x768.jpg\" alt=\"Mercadillo Artesanal Sant Josep_2\"\/>\n  \n  \n  \n<\/div>\n<div class=\"rsContent\">\n  <img decoding=\"async\" class=\"rsImg\" src=\"https:\/\/www.santjosep.net\/wp-content\/uploads\/2017\/06\/Mercadillo-Artesanal-Sant-Josep_3-1024x768.jpg\" alt=\"Mercadillo Artesanal Sant Josep_3\"\/>\n  \n  \n  \n<\/div>\n<div class=\"rsContent\">\n  <img decoding=\"async\" class=\"rsImg\" src=\"https:\/\/www.santjosep.net\/wp-content\/uploads\/2017\/06\/Mercadillo-Artesanal-Sant-Josep_4-1024x768.jpg\" alt=\"Mercadillo Artesanal Sant Josep_4\"\/>\n  \n  \n  \n<\/div>\n<div class=\"rsContent\">\n  <img decoding=\"async\" class=\"rsImg\" src=\"https:\/\/www.santjosep.net\/wp-content\/uploads\/2017\/06\/Mercadillo-Artesanal-Sant-Josep_5-1024x768.jpg\" alt=\"Mercadillo Artesanal Sant Josep_5\"\/>\n  \n  \n  \n<\/div>\n<div class=\"rsContent\">\n  <img decoding=\"async\" class=\"rsImg\" src=\"https:\/\/www.santjosep.net\/wp-content\/uploads\/2017\/06\/Mercadillo-Artesanal-Sant-Josep_6-1024x768.jpg\" alt=\"Mercadillo Artesanal Sant Josep_6\"\/>\n  \n  \n  \n<\/div>\n<div class=\"rsContent\">\n  <img decoding=\"async\" class=\"rsImg\" src=\"https:\/\/www.santjosep.net\/wp-content\/uploads\/2017\/06\/Mercadillo-Artesanal-Sant-Josep_7-1024x768.jpg\" alt=\"Mercadillo Artesanal Sant Josep_7\"\/>\n  \n  \n  \n<\/div>\n<div class=\"rsContent\">\n  <img decoding=\"async\" class=\"rsImg\" src=\"https:\/\/www.santjosep.net\/wp-content\/uploads\/2017\/06\/Mercadillo-Artesanal-Sant-Josep_8-1024x768.jpg\" alt=\"Mercadillo Artesanal Sant Josep_8\"\/>\n  \n  \n  \n<\/div>\n<div class=\"rsContent\">\n  <img decoding=\"async\" class=\"rsImg\" src=\"https:\/\/www.santjosep.net\/wp-content\/uploads\/2017\/06\/Mercadillo-Artesanal-Sant-Josep_9-1024x768.jpg\" alt=\"Mercadillo Artesanal Sant Josep_9\"\/>\n  \n  \n  \n<\/div>\n<div class=\"rsContent\">\n  <img decoding=\"async\" class=\"rsImg\" src=\"https:\/\/www.santjosep.net\/wp-content\/uploads\/2017\/06\/Mercadillo-Artesanal-Sant-Josep_10-1024x768.jpg\" alt=\"Mercadillo Artesanal Sant Josep_10\"\/>\n  \n  \n  \n<\/div>\n<div class=\"rsContent\">\n  <img decoding=\"async\" class=\"rsImg\" src=\"https:\/\/www.santjosep.net\/wp-content\/uploads\/2017\/06\/Mercadillo-Artesanal-Sant-Josep_11-1024x768.jpg\" alt=\"Mercadillo Artesanal Sant Josep_11\"\/>\n  \n  \n  \n<\/div>\n<div class=\"rsContent\">\n  <img decoding=\"async\" class=\"rsImg\" src=\"https:\/\/www.santjosep.net\/wp-content\/uploads\/2017\/06\/Mercadillo-Artesanal-Sant-Josep_12-1024x768.jpg\" alt=\"Mercadillo Artesanal Sant Josep_12\"\/>\n  \n  \n  \n<\/div>\n<div class=\"rsContent\">\n  <img decoding=\"async\" class=\"rsImg\" src=\"https:\/\/www.santjosep.net\/wp-content\/uploads\/2017\/06\/Mercadillo-Artesanal-Sant-Josep_13-1024x768.jpg\" alt=\"Mercadillo Artesanal Sant Josep_13\"\/>\n  \n  \n  \n<\/div>\n<div class=\"rsContent\">\n  <img decoding=\"async\" class=\"rsImg\" src=\"https:\/\/www.santjosep.net\/wp-content\/uploads\/2017\/06\/Mercadillo-Artesanal-Sant-Josep_14-1024x768.jpg\" alt=\"Mercadillo Artesanal Sant Josep_14\"\/>\n  \n  \n  \n<\/div>\n<div class=\"rsContent\">\n  <img decoding=\"async\" class=\"rsImg\" src=\"https:\/\/www.santjosep.net\/wp-content\/uploads\/2017\/06\/Mercadillo-Artesanal-Sant-Josep_15-1024x768.jpg\" alt=\"Mercadillo Artesanal Sant Josep_15\"\/>\n  \n  \n  \n<\/div>\n<div class=\"rsContent\">\n  <img decoding=\"async\" class=\"rsImg\" src=\"https:\/\/www.santjosep.net\/wp-content\/uploads\/2017\/06\/Mercadillo-Artesanal-Sant-Josep_16-1024x768.jpg\" alt=\"Mercadillo Artesanal Sant Josep_16\"\/>\n  \n  \n  \n<\/div>\n<div class=\"rsContent\">\n  <img decoding=\"async\" class=\"rsImg\" src=\"https:\/\/www.santjosep.net\/wp-content\/uploads\/2017\/06\/Mercadillo-Artesanal-Sant-Josep_17-1024x768.jpg\" alt=\"Mercadillo Artesanal Sant Josep_17\"\/>\n  \n  \n  \n<\/div>\n<div class=\"rsContent\">\n  <img decoding=\"async\" class=\"rsImg\" src=\"https:\/\/www.santjosep.net\/wp-content\/uploads\/2017\/06\/Mercadillo-Artesanal-Sant-Josep_18-1024x768.jpg\" alt=\"Mercadillo Artesanal Sant Josep_18\"\/>\n  \n  \n  \n<\/div>\n<div class=\"rsContent\">\n  <img decoding=\"async\" class=\"rsImg\" src=\"https:\/\/www.santjosep.net\/wp-content\/uploads\/2017\/06\/Mercadillo-Artesanal-Sant-Josep_19-1024x768.jpg\" alt=\"Mercadillo Artesanal Sant Josep_19\"\/>\n  \n  \n  \n<\/div>\n<div class=\"rsContent\">\n  <img decoding=\"async\" class=\"rsImg\" src=\"https:\/\/www.santjosep.net\/wp-content\/uploads\/2017\/06\/Mercadillo-Artesanal-Sant-Josep_20-1024x768.jpg\" alt=\"Mercadillo Artesanal Sant Josep_20\"\/>\n  \n  \n  \n<\/div>\n<div class=\"rsContent\">\n  <img decoding=\"async\" class=\"rsImg\" src=\"https:\/\/www.santjosep.net\/wp-content\/uploads\/2017\/06\/Mercadillo-Artesanal-Sant-Josep_21-1024x768.jpg\" alt=\"Mercadillo Artesanal Sant Josep_21\"\/>\n  \n  \n  \n<\/div>\n<div class=\"rsContent\">\n  <img decoding=\"async\" class=\"rsImg\" src=\"https:\/\/www.santjosep.net\/wp-content\/uploads\/2017\/06\/Mercadillo-Artesanal-Sant-Josep_22-1024x768.jpg\" alt=\"Mercadillo Artesanal Sant Josep_22\"\/>\n  \n  \n  \n<\/div>\n<div class=\"rsContent\">\n  <img decoding=\"async\" class=\"rsImg\" src=\"https:\/\/www.santjosep.net\/wp-content\/uploads\/2017\/06\/Mercadillo-Artesanal-Sant-Josep_23-1024x768.jpg\" alt=\"Mercadillo Artesanal Sant Josep_23\"\/>\n  \n  \n  \n<\/div>\n<div class=\"rsContent\">\n  <img decoding=\"async\" class=\"rsImg\" src=\"https:\/\/www.santjosep.net\/wp-content\/uploads\/2017\/06\/Mercadillo-Artesanal-Sant-Josep_24-1024x768.jpg\" alt=\"Mercadillo Artesanal Sant Josep_24\"\/>\n  \n  \n  \n<\/div>\n<div class=\"rsContent\">\n  <img decoding=\"async\" class=\"rsImg\" src=\"https:\/\/www.santjosep.net\/wp-content\/uploads\/2017\/06\/Mercadillo-Artesanal-Sant-Josep_25-1024x768.jpg\" alt=\"Mercadillo Artesanal Sant Josep_25\"\/>\n  \n  \n  \n<\/div>\n<div class=\"rsContent\">\n  <img decoding=\"async\" class=\"rsImg\" src=\"https:\/\/www.santjosep.net\/wp-content\/uploads\/2017\/06\/Mercadillo-Artesanal-Sant-Josep_26-1024x768.jpg\" alt=\"Mercadillo Artesanal Sant Josep_26\"\/>\n  \n  \n  \n<\/div>\n<div class=\"rsContent\">\n  <img decoding=\"async\" class=\"rsImg\" src=\"https:\/\/www.santjosep.net\/wp-content\/uploads\/2017\/06\/Mercadillo-Artesanal-Sant-Josep_27-1024x768.jpg\" alt=\"Mercadillo Artesanal Sant Josep_27\"\/>\n  \n  \n  \n<\/div>\n<div class=\"rsContent\">\n  <img decoding=\"async\" class=\"rsImg\" src=\"https:\/\/www.santjosep.net\/wp-content\/uploads\/2017\/06\/Mercadillo-Artesanal-Sant-Josep_28-1024x768.jpg\" alt=\"Mercadillo Artesanal Sant Josep_28\"\/>\n  \n  \n  \n<\/div>\n<div class=\"rsContent\">\n  <img decoding=\"async\" class=\"rsImg\" src=\"https:\/\/www.santjosep.net\/wp-content\/uploads\/2017\/06\/Mercadillo-Artesanal-Sant-Josep_29-1024x768.jpg\" alt=\"Mercadillo Artesanal Sant Josep_29\"\/>\n  \n  \n  \n<\/div>\n<div class=\"rsContent\">\n  <img decoding=\"async\" class=\"rsImg\" src=\"https:\/\/www.santjosep.net\/wp-content\/uploads\/2017\/06\/Mercadillo-Artesanal-Sant-Josep_30-1024x768.jpg\" alt=\"Mercadillo Artesanal Sant Josep_30\"\/>\n  \n  \n  \n<\/div>\n<div class=\"rsContent\">\n  <img decoding=\"async\" class=\"rsImg\" src=\"https:\/\/www.santjosep.net\/wp-content\/uploads\/2017\/06\/Mercadillo-Artesanal-Sant-Josep_31-1024x768.jpg\" alt=\"Mercadillo Artesanal Sant Josep_31\"\/>\n  \n  \n  \n<\/div>\n<div class=\"rsContent\">\n  <img decoding=\"async\" class=\"rsImg\" src=\"https:\/\/www.santjosep.net\/wp-content\/uploads\/2017\/06\/Mercadillo-Artesanal-Sant-Josep_32-1024x768.jpg\" alt=\"Mercadillo Artesanal Sant Josep_32\"\/>\n  \n  \n  \n<\/div>\n<div class=\"rsContent\">\n  <img decoding=\"async\" class=\"rsImg\" src=\"https:\/\/www.santjosep.net\/wp-content\/uploads\/2017\/06\/Mercadillo-Artesanal-Sant-Josep_33-1024x768.jpg\" alt=\"Mercadillo Artesanal Sant Josep_33\"\/>\n  \n  \n  \n<\/div>\n<div class=\"rsContent\">\n  <img decoding=\"async\" class=\"rsImg\" src=\"https:\/\/www.santjosep.net\/wp-content\/uploads\/2017\/06\/Mercadillo-Artesanal-Sant-Josep_34-1024x768.jpg\" alt=\"Mercadillo Artesanal Sant Josep_34\"\/>\n  \n  \n  \n<\/div>\n<div class=\"rsContent\">\n  <img decoding=\"async\" class=\"rsImg\" src=\"https:\/\/www.santjosep.net\/wp-content\/uploads\/2017\/06\/Mercadillo-Artesanal-Sant-Josep_35-1024x768.jpg\" alt=\"Mercadillo Artesanal Sant Josep_35\"\/>\n  \n  \n  \n<\/div>\n<div class=\"rsContent\">\n  <img decoding=\"async\" class=\"rsImg\" src=\"https:\/\/www.santjosep.net\/wp-content\/uploads\/2017\/06\/Mercadillo-Artesanal-Sant-Josep_36-1024x768.jpg\" alt=\"Mercadillo Artesanal Sant Josep_36\"\/>\n  \n  \n  \n<\/div>\n<div class=\"rsContent\">\n  <img decoding=\"async\" class=\"rsImg\" src=\"https:\/\/www.santjosep.net\/wp-content\/uploads\/2017\/06\/Mercadillo-Artesanal-Sant-Josep_37-1024x768.jpg\" alt=\"Mercadillo Artesanal Sant Josep_37\"\/>\n  \n  \n  \n<\/div>\n<div class=\"rsContent\">\n  <img decoding=\"async\" class=\"rsImg\" src=\"https:\/\/www.santjosep.net\/wp-content\/uploads\/2017\/06\/Mercadillo-Artesanal-Sant-Josep_38-1024x768.jpg\" alt=\"Mercadillo Artesanal Sant Josep_38\"\/>\n  \n  \n  \n<\/div>\n<div class=\"rsContent\">\n  <img decoding=\"async\" class=\"rsImg\" src=\"https:\/\/www.santjosep.net\/wp-content\/uploads\/2017\/06\/Mercadillo-Artesanal-Sant-Josep_39-1024x768.jpg\" alt=\"Mercadillo Artesanal Sant Josep_39\"\/>\n  \n  \n  \n<\/div>\n<div class=\"rsContent\">\n  <img decoding=\"async\" class=\"rsImg\" src=\"https:\/\/www.santjosep.net\/wp-content\/uploads\/2017\/06\/Mercadillo-Artesanal-Sant-Josep_40-1024x768.jpg\" alt=\"Mercadillo Artesanal Sant Josep_40\"\/>\n  \n  \n  \n<\/div>\n<div class=\"rsContent\">\n  <img decoding=\"async\" class=\"rsImg\" src=\"https:\/\/www.santjosep.net\/wp-content\/uploads\/2017\/06\/Mercadillo-Artesanal-Sant-Josep_41-1024x768.jpg\" alt=\"Mercadillo Artesanal Sant Josep_41\"\/>\n  \n  \n  \n<\/div>\n<div class=\"rsContent\">\n  <img decoding=\"async\" class=\"rsImg\" src=\"https:\/\/www.santjosep.net\/wp-content\/uploads\/2017\/06\/Mercadillo-Artesanal-Sant-Josep_42-1024x768.jpg\" alt=\"Mercadillo Artesanal Sant Josep_42\"\/>\n  \n  \n  \n<\/div>\n<div class=\"rsContent\">\n  <img decoding=\"async\" class=\"rsImg\" src=\"https:\/\/www.santjosep.net\/wp-content\/uploads\/2017\/06\/Mercadillo-Artesanal-Sant-Josep_43-1024x768.jpg\" alt=\"Mercadillo Artesanal Sant Josep_43\"\/>\n  \n  \n  \n<\/div>\n<div class=\"rsContent\">\n  <img decoding=\"async\" class=\"rsImg\" src=\"https:\/\/www.santjosep.net\/wp-content\/uploads\/2017\/06\/Mercadillo-Artesanal-Sant-Josep_44-1024x768.jpg\" alt=\"Mercadillo Artesanal Sant Josep_44\"\/>\n  \n  \n  \n<\/div>\n<div class=\"rsContent\">\n  <img decoding=\"async\" class=\"rsImg\" src=\"https:\/\/www.santjosep.net\/wp-content\/uploads\/2017\/06\/Mercadillo-Artesanal-Sant-Josep_45-1024x768.jpg\" alt=\"Mercadillo Artesanal Sant Josep_45\"\/>\n  \n  \n  \n<\/div>\n<div class=\"rsContent\">\n  <img decoding=\"async\" class=\"rsImg\" src=\"https:\/\/www.santjosep.net\/wp-content\/uploads\/2017\/06\/Mercadillo-Artesanal-Sant-Josep_46-1024x768.jpg\" alt=\"Mercadillo Artesanal Sant Josep_46\"\/>\n  \n  \n  \n<\/div>\n<div class=\"rsContent\">\n  <img decoding=\"async\" class=\"rsImg\" src=\"https:\/\/www.santjosep.net\/wp-content\/uploads\/2017\/06\/Mercadillo-Artesanal-Sant-Josep_47.jpg\" alt=\"Mercadillo Artesanal Sant Josep_47\"\/>\n  \n  \n  \n<\/div>\n<div class=\"rsContent\">\n  <img decoding=\"async\" class=\"rsImg\" src=\"https:\/\/www.santjosep.net\/wp-content\/uploads\/2017\/06\/Mercadillo-Artesanal-Sant-Josep_48-1024x768.jpg\" alt=\"Mercadillo Artesanal Sant Josep_48\"\/>\n  \n  \n  \n<\/div>\n<div class=\"rsContent\">\n  <img decoding=\"async\" class=\"rsImg\" src=\"https:\/\/www.santjosep.net\/wp-content\/uploads\/2017\/06\/Mercadillo-Artesanal-Sant-Josep_49-1024x768.jpg\" alt=\"Mercadillo Artesanal Sant Josep_49\"\/>\n  \n  \n  \n<\/div>\n<div class=\"rsContent\">\n  <img decoding=\"async\" class=\"rsImg\" src=\"https:\/\/www.santjosep.net\/wp-content\/uploads\/2017\/06\/Mercadillo-Artesanal-Sant-Josep_50-1024x768.jpg\" alt=\"Mercadillo Artesanal Sant Josep_50\"\/>\n  \n  \n  \n<\/div>\n<div class=\"rsContent\">\n  <img decoding=\"async\" class=\"rsImg\" src=\"https:\/\/www.santjosep.net\/wp-content\/uploads\/2017\/06\/Mercadillo-Artesanal-Sant-Josep_51-1024x768.jpg\" alt=\"Mercadillo Artesanal Sant Josep_51\"\/>\n  \n  \n  \n<\/div>\n<div class=\"rsContent\">\n  <img decoding=\"async\" class=\"rsImg\" src=\"https:\/\/www.santjosep.net\/wp-content\/uploads\/2017\/06\/Mercadillo-Artesanal-Sant-Josep_52-1024x768.jpg\" alt=\"Mercadillo Artesanal Sant Josep_52\"\/>\n  \n  \n  \n<\/div>\n<div class=\"rsContent\">\n  <img decoding=\"async\" class=\"rsImg\" src=\"https:\/\/www.santjosep.net\/wp-content\/uploads\/2017\/06\/Mercadillo-Artesanal-Sant-Josep_53-1024x768.jpg\" alt=\"Mercadillo Artesanal Sant Josep_53\"\/>\n  \n  \n  \n<\/div>\n<div class=\"rsContent\">\n  <img decoding=\"async\" class=\"rsImg\" src=\"https:\/\/www.santjosep.net\/wp-content\/uploads\/2017\/06\/Mercadillo-Artesanal-Sant-Josep_54-1024x768.jpg\" alt=\"Mercadillo Artesanal Sant Josep_54\"\/>\n  \n  \n  \n<\/div>\n<div class=\"rsContent\">\n  <img decoding=\"async\" class=\"rsImg\" src=\"https:\/\/www.santjosep.net\/wp-content\/uploads\/2017\/06\/Mercadillo-Artesanal-Sant-Josep_55-1024x768.jpg\" alt=\"Mercadillo Artesanal Sant Josep_55\"\/>\n  \n  \n  \n<\/div>\n<div class=\"rsContent\">\n  <img decoding=\"async\" class=\"rsImg\" src=\"https:\/\/www.santjosep.net\/wp-content\/uploads\/2017\/06\/Mercadillo-Artesanal-Sant-Josep_56-1024x768.jpg\" alt=\"Mercadillo Artesanal Sant Josep_56\"\/>\n  \n  \n  \n<\/div>\n<div class=\"rsContent\">\n  <img decoding=\"async\" class=\"rsImg\" src=\"https:\/\/www.santjosep.net\/wp-content\/uploads\/2017\/06\/Mercadillo-Artesanal-Sant-Josep_57-1024x768.jpg\" alt=\"Mercadillo Artesanal Sant Josep_57\"\/>\n  \n  \n  \n<\/div>\n<div class=\"rsContent\">\n  <img decoding=\"async\" class=\"rsImg\" src=\"https:\/\/www.santjosep.net\/wp-content\/uploads\/2017\/06\/Mercadillo-Artesanal-Sant-Josep_58-1024x768.jpg\" alt=\"Mercadillo Artesanal Sant Josep_58\"\/>\n  \n  \n  \n<\/div>\n\n<\/div>\n\n<p><img loading=\"lazy\" decoding=\"async\" class=\"alignnone size-full wp-image-22427\" src=\"https:\/\/www.santjosep.net\/wp-content\/uploads\/2017\/06\/mercat.jpg\" alt=\"\" width=\"1200\" height=\"1751\" srcset=\"https:\/\/www.santjosep.net\/wp-content\/uploads\/2017\/06\/mercat.jpg 1200w, https:\/\/www.santjosep.net\/wp-content\/uploads\/2017\/06\/mercat-206x300.jpg 206w, https:\/\/www.santjosep.net\/wp-content\/uploads\/2017\/06\/mercat-702x1024.jpg 702w, https:\/\/www.santjosep.net\/wp-content\/uploads\/2017\/06\/mercat-768x1121.jpg 768w, https:\/\/www.santjosep.net\/wp-content\/uploads\/2017\/06\/mercat-1053x1536.jpg 1053w\" sizes=\"auto, (max-width: 1200px) 100vw, 1200px\" \/><\/p>\n<p>&nbsp;<\/p>\n<p>&nbsp;<\/p>\n","protected":false},"excerpt":{"rendered":"<p>Mercat de Sant Josep \u2013 einen Markt, der Treffpunkt f\u00fcr die Einwohner unserer Gemeinde und f\u00fcr die Touristen sein m\u00f6chte, die uns jeden Sommer besuchen kommen. Hier finden Sie \u00f6kologische, kunsthandwerkliche oder aus lokaler Produktion stammende Produkte. &nbsp; &nbsp;<\/p>\n","protected":false},"author":1,"featured_media":11103,"template":"","meta":{"_acf_changed":false,"inline_featured_image":false,"_tribe_events_status":"","_tribe_events_status_reason":"","footnotes":""},"tags":[],"tribe_events_cat":[125,126,121],"class_list":["post-9256","tribe_events","type-tribe_events","status-publish","has-post-thumbnail","hentry","tribe_events_cat-freizeit","tribe_events_cat-gastronomie","tribe_events_cat-kultur","cat_freizeit","cat_gastronomie","cat_kultur"],"acf":[],"yoast_head":"<!-- This site is optimized with the Yoast SEO plugin v25.7 - https:\/\/yoast.com\/wordpress\/plugins\/seo\/ -->\n<title>Sant Josep Makt - mit \u00f6kologischen, lokalen und kunsthandwerklichen Produkten - Santjosep.net<\/title>\n<meta name=\"robots\" content=\"index, follow, max-snippet:-1, max-image-preview:large, max-video-preview:-1\" \/>\n<link rel=\"canonical\" href=\"https:\/\/www.santjosep.net\/de\/veranstaltung\/mercado-sant-josep-ecologico-local-artesania\/\" \/>\n<meta property=\"og:locale\" content=\"de_DE\" \/>\n<meta property=\"og:type\" content=\"article\" \/>\n<meta property=\"og:title\" content=\"Sant Josep Makt - mit \u00f6kologischen, lokalen und kunsthandwerklichen Produkten - Santjosep.net\" \/>\n<meta property=\"og:description\" content=\"Mercat de Sant Josep \u2013 einen Markt, der Treffpunkt f\u00fcr die Einwohner unserer Gemeinde und f\u00fcr die Touristen sein m\u00f6chte, die uns jeden Sommer besuchen kommen. Hier finden Sie \u00f6kologische, kunsthandwerkliche oder aus lokaler Produktion stammende Produkte. &nbsp; &nbsp;\" \/>\n<meta property=\"og:url\" content=\"https:\/\/www.santjosep.net\/de\/veranstaltung\/mercado-sant-josep-ecologico-local-artesania\/\" \/>\n<meta property=\"og:site_name\" content=\"Santjosep.net\" \/>\n<meta property=\"article:modified_time\" content=\"2020-06-11T10:20:15+00:00\" \/>\n<meta property=\"og:image\" content=\"https:\/\/www.santjosep.net\/wp-content\/uploads\/2018\/02\/mercado_artesanal_sant_josep.jpg\" \/>\n\t<meta property=\"og:image:width\" content=\"1200\" \/>\n\t<meta property=\"og:image:height\" content=\"798\" \/>\n\t<meta property=\"og:image:type\" content=\"image\/jpeg\" \/>\n<meta name=\"twitter:card\" content=\"summary_large_image\" \/>\n<script type=\"application\/ld+json\" class=\"yoast-schema-graph\">{\"@context\":\"https:\/\/schema.org\",\"@graph\":[{\"@type\":\"WebPage\",\"@id\":\"https:\/\/www.santjosep.net\/de\/veranstaltung\/mercado-sant-josep-ecologico-local-artesania\/\",\"url\":\"https:\/\/www.santjosep.net\/de\/veranstaltung\/mercado-sant-josep-ecologico-local-artesania\/\",\"name\":\"Sant Josep Makt - mit \u00f6kologischen, lokalen und kunsthandwerklichen Produkten - Santjosep.net\",\"isPartOf\":{\"@id\":\"https:\/\/www.santjosep.net\/#website\"},\"primaryImageOfPage\":{\"@id\":\"https:\/\/www.santjosep.net\/de\/veranstaltung\/mercado-sant-josep-ecologico-local-artesania\/#primaryimage\"},\"image\":{\"@id\":\"https:\/\/www.santjosep.net\/de\/veranstaltung\/mercado-sant-josep-ecologico-local-artesania\/#primaryimage\"},\"thumbnailUrl\":\"https:\/\/www.santjosep.net\/wp-content\/uploads\/2018\/02\/mercado_artesanal_sant_josep.jpg\",\"datePublished\":\"2017-06-15T14:09:12+00:00\",\"dateModified\":\"2020-06-11T10:20:15+00:00\",\"breadcrumb\":{\"@id\":\"https:\/\/www.santjosep.net\/de\/veranstaltung\/mercado-sant-josep-ecologico-local-artesania\/#breadcrumb\"},\"inLanguage\":\"de\",\"potentialAction\":[{\"@type\":\"ReadAction\",\"target\":[\"https:\/\/www.santjosep.net\/de\/veranstaltung\/mercado-sant-josep-ecologico-local-artesania\/\"]}]},{\"@type\":\"ImageObject\",\"inLanguage\":\"de\",\"@id\":\"https:\/\/www.santjosep.net\/de\/veranstaltung\/mercado-sant-josep-ecologico-local-artesania\/#primaryimage\",\"url\":\"https:\/\/www.santjosep.net\/wp-content\/uploads\/2018\/02\/mercado_artesanal_sant_josep.jpg\",\"contentUrl\":\"https:\/\/www.santjosep.net\/wp-content\/uploads\/2018\/02\/mercado_artesanal_sant_josep.jpg\",\"width\":1200,\"height\":798},{\"@type\":\"BreadcrumbList\",\"@id\":\"https:\/\/www.santjosep.net\/de\/veranstaltung\/mercado-sant-josep-ecologico-local-artesania\/#breadcrumb\",\"itemListElement\":[{\"@type\":\"ListItem\",\"position\":1,\"name\":\"Eventos\",\"item\":\"https:\/\/www.santjosep.net\/agenda\/\"},{\"@type\":\"ListItem\",\"position\":2,\"name\":\"Sant Josep Makt &#8211; mit \u00f6kologischen, lokalen und kunsthandwerklichen Produkten\"}]},{\"@type\":\"WebSite\",\"@id\":\"https:\/\/www.santjosep.net\/#website\",\"url\":\"https:\/\/www.santjosep.net\/\",\"name\":\"Santjosep.net\",\"description\":\"\",\"potentialAction\":[{\"@type\":\"SearchAction\",\"target\":{\"@type\":\"EntryPoint\",\"urlTemplate\":\"https:\/\/www.santjosep.net\/?s={search_term_string}\"},\"query-input\":{\"@type\":\"PropertyValueSpecification\",\"valueRequired\":true,\"valueName\":\"search_term_string\"}}],\"inLanguage\":\"de\"}]}<\/script>\n<!-- \/ Yoast SEO plugin. -->","yoast_head_json":{"title":"Sant Josep Makt - mit \u00f6kologischen, lokalen und kunsthandwerklichen Produkten - Santjosep.net","robots":{"index":"index","follow":"follow","max-snippet":"max-snippet:-1","max-image-preview":"max-image-preview:large","max-video-preview":"max-video-preview:-1"},"canonical":"https:\/\/www.santjosep.net\/de\/veranstaltung\/mercado-sant-josep-ecologico-local-artesania\/","og_locale":"de_DE","og_type":"article","og_title":"Sant Josep Makt - mit \u00f6kologischen, lokalen und kunsthandwerklichen Produkten - Santjosep.net","og_description":"Mercat de Sant Josep \u2013 einen Markt, der Treffpunkt f\u00fcr die Einwohner unserer Gemeinde und f\u00fcr die Touristen sein m\u00f6chte, die uns jeden Sommer besuchen kommen. Hier finden Sie \u00f6kologische, kunsthandwerkliche oder aus lokaler Produktion stammende Produkte. &nbsp; &nbsp;","og_url":"https:\/\/www.santjosep.net\/de\/veranstaltung\/mercado-sant-josep-ecologico-local-artesania\/","og_site_name":"Santjosep.net","article_modified_time":"2020-06-11T10:20:15+00:00","og_image":[{"width":1200,"height":798,"url":"https:\/\/www.santjosep.net\/wp-content\/uploads\/2018\/02\/mercado_artesanal_sant_josep.jpg","type":"image\/jpeg"}],"twitter_card":"summary_large_image","schema":{"@context":"https:\/\/schema.org","@graph":[{"@type":"WebPage","@id":"https:\/\/www.santjosep.net\/de\/veranstaltung\/mercado-sant-josep-ecologico-local-artesania\/","url":"https:\/\/www.santjosep.net\/de\/veranstaltung\/mercado-sant-josep-ecologico-local-artesania\/","name":"Sant Josep Makt - mit \u00f6kologischen, lokalen und kunsthandwerklichen Produkten - Santjosep.net","isPartOf":{"@id":"https:\/\/www.santjosep.net\/#website"},"primaryImageOfPage":{"@id":"https:\/\/www.santjosep.net\/de\/veranstaltung\/mercado-sant-josep-ecologico-local-artesania\/#primaryimage"},"image":{"@id":"https:\/\/www.santjosep.net\/de\/veranstaltung\/mercado-sant-josep-ecologico-local-artesania\/#primaryimage"},"thumbnailUrl":"https:\/\/www.santjosep.net\/wp-content\/uploads\/2018\/02\/mercado_artesanal_sant_josep.jpg","datePublished":"2017-06-15T14:09:12+00:00","dateModified":"2020-06-11T10:20:15+00:00","breadcrumb":{"@id":"https:\/\/www.santjosep.net\/de\/veranstaltung\/mercado-sant-josep-ecologico-local-artesania\/#breadcrumb"},"inLanguage":"de","potentialAction":[{"@type":"ReadAction","target":["https:\/\/www.santjosep.net\/de\/veranstaltung\/mercado-sant-josep-ecologico-local-artesania\/"]}]},{"@type":"ImageObject","inLanguage":"de","@id":"https:\/\/www.santjosep.net\/de\/veranstaltung\/mercado-sant-josep-ecologico-local-artesania\/#primaryimage","url":"https:\/\/www.santjosep.net\/wp-content\/uploads\/2018\/02\/mercado_artesanal_sant_josep.jpg","contentUrl":"https:\/\/www.santjosep.net\/wp-content\/uploads\/2018\/02\/mercado_artesanal_sant_josep.jpg","width":1200,"height":798},{"@type":"BreadcrumbList","@id":"https:\/\/www.santjosep.net\/de\/veranstaltung\/mercado-sant-josep-ecologico-local-artesania\/#breadcrumb","itemListElement":[{"@type":"ListItem","position":1,"name":"Eventos","item":"https:\/\/www.santjosep.net\/agenda\/"},{"@type":"ListItem","position":2,"name":"Sant Josep Makt &#8211; mit \u00f6kologischen, lokalen und kunsthandwerklichen Produkten"}]},{"@type":"WebSite","@id":"https:\/\/www.santjosep.net\/#website","url":"https:\/\/www.santjosep.net\/","name":"Santjosep.net","description":"","potentialAction":[{"@type":"SearchAction","target":{"@type":"EntryPoint","urlTemplate":"https:\/\/www.santjosep.net\/?s={search_term_string}"},"query-input":{"@type":"PropertyValueSpecification","valueRequired":true,"valueName":"search_term_string"}}],"inLanguage":"de"}]}},"_links":{"self":[{"href":"https:\/\/www.santjosep.net\/de\/wp-json\/wp\/v2\/tribe_events\/9256","targetHints":{"allow":["GET"]}}],"collection":[{"href":"https:\/\/www.santjosep.net\/de\/wp-json\/wp\/v2\/tribe_events"}],"about":[{"href":"https:\/\/www.santjosep.net\/de\/wp-json\/wp\/v2\/types\/tribe_events"}],"author":[{"embeddable":true,"href":"https:\/\/www.santjosep.net\/de\/wp-json\/wp\/v2\/users\/1"}],"version-history":[{"count":0,"href":"https:\/\/www.santjosep.net\/de\/wp-json\/wp\/v2\/tribe_events\/9256\/revisions"}],"wp:featuredmedia":[{"embeddable":true,"href":"https:\/\/www.santjosep.net\/de\/wp-json\/wp\/v2\/media\/11103"}],"wp:attachment":[{"href":"https:\/\/www.santjosep.net\/de\/wp-json\/wp\/v2\/media?parent=9256"}],"wp:term":[{"taxonomy":"post_tag","embeddable":true,"href":"https:\/\/www.santjosep.net\/de\/wp-json\/wp\/v2\/tags?post=9256"},{"taxonomy":"tribe_events_cat","embeddable":true,"href":"https:\/\/www.santjosep.net\/de\/wp-json\/wp\/v2\/tribe_events_cat?post=9256"}],"curies":[{"name":"wp","href":"https:\/\/api.w.org\/{rel}","templated":true}]}}