{"id":5355,"date":"2016-01-26T15:00:15","date_gmt":"2016-01-26T15:00:15","guid":{"rendered":"https:\/\/www.santjosep.net\/de\/evento\/fiestas-sant-agusti-des-vedra\/"},"modified":"2018-10-04T11:54:14","modified_gmt":"2018-10-04T11:54:14","slug":"dorffest-sant-agusti-des-vedra","status":"publish","type":"tribe_events","link":"https:\/\/www.santjosep.net\/de\/veranstaltung\/dorffest-sant-agusti-des-vedra\/","title":{"rendered":"Dorffest in Sant Agust\u00ed des Vedr\u00e0"},"content":{"rendered":"<p><span style=\"font-weight: 400;\">Im Hochsommer, am 28. August, finden die Feierlichkeiten zu Ehren des Heiligen Augustin statt. Auf dieses sehr bekannte Fest freut sich die gesamte Region. Verschiedene Musikgruppen spielen bis in die Sommernacht, und es gibt eine traditionelle Messe und Prozession f\u00fcr den Schutzheiligen mit anschlie\u00dfenden folkloristischen T\u00e4nzen. Au\u00dferdem gibt w\u00e4hrend des Sommers viele Sportveranstaltungen und kleinere Feste wie das historisch Brunnenfest am Pou d\u2019en Rafal. Der perfekte Plan f\u00fcr den ibizenkischen Sommer.<\/span><\/p>\n","protected":false},"excerpt":{"rendered":"<p>Im Hochsommer, am 28. August, finden die Feierlichkeiten zu Ehren des Heiligen Augustin statt. Auf dieses sehr bekannte Fest freut sich die gesamte Region. Verschiedene Musikgruppen spielen bis in die Sommernacht, und es gibt eine traditionelle Messe und Prozession f\u00fcr [&hellip;]<\/p>\n","protected":false},"author":1,"featured_media":5356,"template":"","meta":{"_acf_changed":false,"inline_featured_image":false,"_tribe_events_status":"","_tribe_events_status_reason":"","footnotes":""},"tags":[],"tribe_events_cat":[124],"class_list":["post-5355","tribe_events","type-tribe_events","status-publish","has-post-thumbnail","hentry","tribe_events_cat-stadtfes","cat_stadtfes"],"acf":[],"yoast_head":"<!-- This site is optimized with the Yoast SEO plugin v25.7 - https:\/\/yoast.com\/wordpress\/plugins\/seo\/ -->\n<title>Dorffest in Sant Agust\u00ed des Vedr\u00e0 - Santjosep.net<\/title>\n<meta name=\"robots\" content=\"index, follow, max-snippet:-1, max-image-preview:large, max-video-preview:-1\" \/>\n<link rel=\"canonical\" href=\"https:\/\/www.santjosep.net\/de\/veranstaltung\/dorffest-sant-agusti-des-vedra\/\" \/>\n<meta property=\"og:locale\" content=\"de_DE\" \/>\n<meta property=\"og:type\" content=\"article\" \/>\n<meta property=\"og:title\" content=\"Dorffest in Sant Agust\u00ed des Vedr\u00e0 - Santjosep.net\" \/>\n<meta property=\"og:description\" content=\"Im Hochsommer, am 28. August, finden die Feierlichkeiten zu Ehren des Heiligen Augustin statt. Auf dieses sehr bekannte Fest freut sich die gesamte Region. Verschiedene Musikgruppen spielen bis in die Sommernacht, und es gibt eine traditionelle Messe und Prozession f\u00fcr [&hellip;]\" \/>\n<meta property=\"og:url\" content=\"https:\/\/www.santjosep.net\/de\/veranstaltung\/dorffest-sant-agusti-des-vedra\/\" \/>\n<meta property=\"og:site_name\" content=\"Santjosep.net\" \/>\n<meta property=\"article:modified_time\" content=\"2018-10-04T11:54:14+00:00\" \/>\n<meta property=\"og:image\" content=\"https:\/\/www.santjosep.net\/wp-content\/uploads\/2016\/01\/P1000118_sant_Agusti_des_vedra.jpg\" \/>\n\t<meta property=\"og:image:width\" content=\"1200\" \/>\n\t<meta property=\"og:image:height\" content=\"800\" \/>\n\t<meta property=\"og:image:type\" content=\"image\/jpeg\" \/>\n<meta name=\"twitter:card\" content=\"summary_large_image\" \/>\n<script type=\"application\/ld+json\" class=\"yoast-schema-graph\">{\"@context\":\"https:\/\/schema.org\",\"@graph\":[{\"@type\":\"WebPage\",\"@id\":\"https:\/\/www.santjosep.net\/de\/veranstaltung\/dorffest-sant-agusti-des-vedra\/\",\"url\":\"https:\/\/www.santjosep.net\/de\/veranstaltung\/dorffest-sant-agusti-des-vedra\/\",\"name\":\"Dorffest in Sant Agust\u00ed des Vedr\u00e0 - Santjosep.net\",\"isPartOf\":{\"@id\":\"https:\/\/www.santjosep.net\/#website\"},\"primaryImageOfPage\":{\"@id\":\"https:\/\/www.santjosep.net\/de\/veranstaltung\/dorffest-sant-agusti-des-vedra\/#primaryimage\"},\"image\":{\"@id\":\"https:\/\/www.santjosep.net\/de\/veranstaltung\/dorffest-sant-agusti-des-vedra\/#primaryimage\"},\"thumbnailUrl\":\"https:\/\/www.santjosep.net\/wp-content\/uploads\/2016\/01\/P1000118_sant_Agusti_des_vedra.jpg\",\"datePublished\":\"2016-01-26T15:00:15+00:00\",\"dateModified\":\"2018-10-04T11:54:14+00:00\",\"breadcrumb\":{\"@id\":\"https:\/\/www.santjosep.net\/de\/veranstaltung\/dorffest-sant-agusti-des-vedra\/#breadcrumb\"},\"inLanguage\":\"de\",\"potentialAction\":[{\"@type\":\"ReadAction\",\"target\":[\"https:\/\/www.santjosep.net\/de\/veranstaltung\/dorffest-sant-agusti-des-vedra\/\"]}]},{\"@type\":\"ImageObject\",\"inLanguage\":\"de\",\"@id\":\"https:\/\/www.santjosep.net\/de\/veranstaltung\/dorffest-sant-agusti-des-vedra\/#primaryimage\",\"url\":\"https:\/\/www.santjosep.net\/wp-content\/uploads\/2016\/01\/P1000118_sant_Agusti_des_vedra.jpg\",\"contentUrl\":\"https:\/\/www.santjosep.net\/wp-content\/uploads\/2016\/01\/P1000118_sant_Agusti_des_vedra.jpg\",\"width\":1200,\"height\":800},{\"@type\":\"BreadcrumbList\",\"@id\":\"https:\/\/www.santjosep.net\/de\/veranstaltung\/dorffest-sant-agusti-des-vedra\/#breadcrumb\",\"itemListElement\":[{\"@type\":\"ListItem\",\"position\":1,\"name\":\"Eventos\",\"item\":\"https:\/\/www.santjosep.net\/agenda\/\"},{\"@type\":\"ListItem\",\"position\":2,\"name\":\"Dorffest in Sant Agust\u00ed des Vedr\u00e0\"}]},{\"@type\":\"WebSite\",\"@id\":\"https:\/\/www.santjosep.net\/#website\",\"url\":\"https:\/\/www.santjosep.net\/\",\"name\":\"Santjosep.net\",\"description\":\"\",\"potentialAction\":[{\"@type\":\"SearchAction\",\"target\":{\"@type\":\"EntryPoint\",\"urlTemplate\":\"https:\/\/www.santjosep.net\/?s={search_term_string}\"},\"query-input\":{\"@type\":\"PropertyValueSpecification\",\"valueRequired\":true,\"valueName\":\"search_term_string\"}}],\"inLanguage\":\"de\"}]}<\/script>\n<!-- \/ Yoast SEO plugin. -->","yoast_head_json":{"title":"Dorffest in Sant Agust\u00ed des Vedr\u00e0 - Santjosep.net","robots":{"index":"index","follow":"follow","max-snippet":"max-snippet:-1","max-image-preview":"max-image-preview:large","max-video-preview":"max-video-preview:-1"},"canonical":"https:\/\/www.santjosep.net\/de\/veranstaltung\/dorffest-sant-agusti-des-vedra\/","og_locale":"de_DE","og_type":"article","og_title":"Dorffest in Sant Agust\u00ed des Vedr\u00e0 - Santjosep.net","og_description":"Im Hochsommer, am 28. August, finden die Feierlichkeiten zu Ehren des Heiligen Augustin statt. Auf dieses sehr bekannte Fest freut sich die gesamte Region. Verschiedene Musikgruppen spielen bis in die Sommernacht, und es gibt eine traditionelle Messe und Prozession f\u00fcr [&hellip;]","og_url":"https:\/\/www.santjosep.net\/de\/veranstaltung\/dorffest-sant-agusti-des-vedra\/","og_site_name":"Santjosep.net","article_modified_time":"2018-10-04T11:54:14+00:00","og_image":[{"width":1200,"height":800,"url":"https:\/\/www.santjosep.net\/wp-content\/uploads\/2016\/01\/P1000118_sant_Agusti_des_vedra.jpg","type":"image\/jpeg"}],"twitter_card":"summary_large_image","schema":{"@context":"https:\/\/schema.org","@graph":[{"@type":"WebPage","@id":"https:\/\/www.santjosep.net\/de\/veranstaltung\/dorffest-sant-agusti-des-vedra\/","url":"https:\/\/www.santjosep.net\/de\/veranstaltung\/dorffest-sant-agusti-des-vedra\/","name":"Dorffest in Sant Agust\u00ed des Vedr\u00e0 - Santjosep.net","isPartOf":{"@id":"https:\/\/www.santjosep.net\/#website"},"primaryImageOfPage":{"@id":"https:\/\/www.santjosep.net\/de\/veranstaltung\/dorffest-sant-agusti-des-vedra\/#primaryimage"},"image":{"@id":"https:\/\/www.santjosep.net\/de\/veranstaltung\/dorffest-sant-agusti-des-vedra\/#primaryimage"},"thumbnailUrl":"https:\/\/www.santjosep.net\/wp-content\/uploads\/2016\/01\/P1000118_sant_Agusti_des_vedra.jpg","datePublished":"2016-01-26T15:00:15+00:00","dateModified":"2018-10-04T11:54:14+00:00","breadcrumb":{"@id":"https:\/\/www.santjosep.net\/de\/veranstaltung\/dorffest-sant-agusti-des-vedra\/#breadcrumb"},"inLanguage":"de","potentialAction":[{"@type":"ReadAction","target":["https:\/\/www.santjosep.net\/de\/veranstaltung\/dorffest-sant-agusti-des-vedra\/"]}]},{"@type":"ImageObject","inLanguage":"de","@id":"https:\/\/www.santjosep.net\/de\/veranstaltung\/dorffest-sant-agusti-des-vedra\/#primaryimage","url":"https:\/\/www.santjosep.net\/wp-content\/uploads\/2016\/01\/P1000118_sant_Agusti_des_vedra.jpg","contentUrl":"https:\/\/www.santjosep.net\/wp-content\/uploads\/2016\/01\/P1000118_sant_Agusti_des_vedra.jpg","width":1200,"height":800},{"@type":"BreadcrumbList","@id":"https:\/\/www.santjosep.net\/de\/veranstaltung\/dorffest-sant-agusti-des-vedra\/#breadcrumb","itemListElement":[{"@type":"ListItem","position":1,"name":"Eventos","item":"https:\/\/www.santjosep.net\/agenda\/"},{"@type":"ListItem","position":2,"name":"Dorffest in Sant Agust\u00ed des Vedr\u00e0"}]},{"@type":"WebSite","@id":"https:\/\/www.santjosep.net\/#website","url":"https:\/\/www.santjosep.net\/","name":"Santjosep.net","description":"","potentialAction":[{"@type":"SearchAction","target":{"@type":"EntryPoint","urlTemplate":"https:\/\/www.santjosep.net\/?s={search_term_string}"},"query-input":{"@type":"PropertyValueSpecification","valueRequired":true,"valueName":"search_term_string"}}],"inLanguage":"de"}]}},"_links":{"self":[{"href":"https:\/\/www.santjosep.net\/de\/wp-json\/wp\/v2\/tribe_events\/5355","targetHints":{"allow":["GET"]}}],"collection":[{"href":"https:\/\/www.santjosep.net\/de\/wp-json\/wp\/v2\/tribe_events"}],"about":[{"href":"https:\/\/www.santjosep.net\/de\/wp-json\/wp\/v2\/types\/tribe_events"}],"author":[{"embeddable":true,"href":"https:\/\/www.santjosep.net\/de\/wp-json\/wp\/v2\/users\/1"}],"version-history":[{"count":0,"href":"https:\/\/www.santjosep.net\/de\/wp-json\/wp\/v2\/tribe_events\/5355\/revisions"}],"wp:featuredmedia":[{"embeddable":true,"href":"https:\/\/www.santjosep.net\/de\/wp-json\/wp\/v2\/media\/5356"}],"wp:attachment":[{"href":"https:\/\/www.santjosep.net\/de\/wp-json\/wp\/v2\/media?parent=5355"}],"wp:term":[{"taxonomy":"post_tag","embeddable":true,"href":"https:\/\/www.santjosep.net\/de\/wp-json\/wp\/v2\/tags?post=5355"},{"taxonomy":"tribe_events_cat","embeddable":true,"href":"https:\/\/www.santjosep.net\/de\/wp-json\/wp\/v2\/tribe_events_cat?post=5355"}],"curies":[{"name":"wp","href":"https:\/\/api.w.org\/{rel}","templated":true}]}}