{"id":35418,"date":"2024-11-06T09:19:24","date_gmt":"2024-11-06T08:19:24","guid":{"rendered":"https:\/\/www.santjosep.net\/evento\/i-edicion-del-festival-sant-josep-es-foto\/"},"modified":"2024-11-12T10:16:26","modified_gmt":"2024-11-12T09:16:26","slug":"i-edicion-del-festival-sant-josep-es-foto","status":"publish","type":"tribe_events","link":"https:\/\/www.santjosep.net\/de\/veranstaltung\/i-edicion-del-festival-sant-josep-es-foto\/","title":{"rendered":"Erste Ausgabe des Festivals \u201eSant Josep \u00e9s Foto\u201c"},"content":{"rendered":"<h3>Sant Josep de sa Talaia wird im April 2025 die spektakul\u00e4re erste Ausgabe des Festivals &#8218;Sant Josep \u00e9s Foto&#8216; ausrichten<\/h3>\n<p>Ab dem n\u00e4chsten Jahr wird der April zum Monat der Fotografie auf Ibiza. Die Gemeinde Sant Josep de sa Talaia, die sowohl geografisch als auch kulturell die gr\u00f6\u00dfte und vielf\u00e4ltigste ist, wird die erste Ausgabe des Festivals \u2018<a href=\"https:\/\/www.santjosepesfoto.com\/\">Sant Josep \u00e9s Foto<\/a>\u2019, willkommen hei\u00dfen, mit einem umfangreichen und ehrgeizigen Veranstaltungsprogramm, dessen Zentrum das Auditorium Cal\u00f3 de s&#8217;Oli sein wird. Dieser ikonische Kulturort zeichnet sich durch seine Lage direkt am Meer und seine spektakul\u00e4re, moderne Architektur aus.<\/p>\n","protected":false},"excerpt":{"rendered":"<p>Sant Josep de sa Talaia wird im April 2025 die spektakul\u00e4re erste Ausgabe des Festivals &#8218;Sant Josep \u00e9s Foto&#8216; ausrichten Ab dem n\u00e4chsten Jahr wird der April zum Monat der Fotografie auf Ibiza. Die Gemeinde Sant Josep de sa Talaia, [&hellip;]<\/p>\n","protected":false},"author":1,"featured_media":35359,"template":"","meta":{"_acf_changed":false,"inline_featured_image":false,"_tribe_events_status":"","_tribe_events_status_reason":"","footnotes":""},"tags":[],"tribe_events_cat":[121],"class_list":["post-35418","tribe_events","type-tribe_events","status-publish","has-post-thumbnail","hentry","tribe_events_cat-kultur","cat_kultur"],"acf":[],"yoast_head":"<!-- This site is optimized with the Yoast SEO plugin v25.7 - https:\/\/yoast.com\/wordpress\/plugins\/seo\/ -->\n<title>Erste Ausgabe des Festivals \u201eSant Josep \u00e9s Foto\u201c - Santjosep.net<\/title>\n<meta name=\"robots\" content=\"index, follow, max-snippet:-1, max-image-preview:large, max-video-preview:-1\" \/>\n<link rel=\"canonical\" href=\"https:\/\/www.santjosep.net\/de\/veranstaltung\/i-edicion-del-festival-sant-josep-es-foto\/\" \/>\n<meta property=\"og:locale\" content=\"de_DE\" \/>\n<meta property=\"og:type\" content=\"article\" \/>\n<meta property=\"og:title\" content=\"Erste Ausgabe des Festivals \u201eSant Josep \u00e9s Foto\u201c - Santjosep.net\" \/>\n<meta property=\"og:description\" content=\"Sant Josep de sa Talaia wird im April 2025 die spektakul\u00e4re erste Ausgabe des Festivals &#8218;Sant Josep \u00e9s Foto&#8216; ausrichten Ab dem n\u00e4chsten Jahr wird der April zum Monat der Fotografie auf Ibiza. Die Gemeinde Sant Josep de sa Talaia, [&hellip;]\" \/>\n<meta property=\"og:url\" content=\"https:\/\/www.santjosep.net\/de\/veranstaltung\/i-edicion-del-festival-sant-josep-es-foto\/\" \/>\n<meta property=\"og:site_name\" content=\"Santjosep.net\" \/>\n<meta property=\"article:modified_time\" content=\"2024-11-12T09:16:26+00:00\" \/>\n<meta property=\"og:image\" content=\"https:\/\/www.santjosep.net\/wp-content\/uploads\/2024\/11\/shutterstock_289575698.jpg\" \/>\n\t<meta property=\"og:image:width\" content=\"1000\" \/>\n\t<meta property=\"og:image:height\" content=\"664\" \/>\n\t<meta property=\"og:image:type\" content=\"image\/jpeg\" \/>\n<meta name=\"twitter:card\" content=\"summary_large_image\" \/>\n<meta name=\"twitter:label1\" content=\"Gesch\u00e4tzte Lesezeit\" \/>\n\t<meta name=\"twitter:data1\" content=\"1\u00a0Minute\" \/>\n<script type=\"application\/ld+json\" class=\"yoast-schema-graph\">{\"@context\":\"https:\/\/schema.org\",\"@graph\":[{\"@type\":\"WebPage\",\"@id\":\"https:\/\/www.santjosep.net\/de\/veranstaltung\/i-edicion-del-festival-sant-josep-es-foto\/\",\"url\":\"https:\/\/www.santjosep.net\/de\/veranstaltung\/i-edicion-del-festival-sant-josep-es-foto\/\",\"name\":\"Erste Ausgabe des Festivals \u201eSant Josep \u00e9s Foto\u201c - Santjosep.net\",\"isPartOf\":{\"@id\":\"https:\/\/www.santjosep.net\/#website\"},\"primaryImageOfPage\":{\"@id\":\"https:\/\/www.santjosep.net\/de\/veranstaltung\/i-edicion-del-festival-sant-josep-es-foto\/#primaryimage\"},\"image\":{\"@id\":\"https:\/\/www.santjosep.net\/de\/veranstaltung\/i-edicion-del-festival-sant-josep-es-foto\/#primaryimage\"},\"thumbnailUrl\":\"https:\/\/www.santjosep.net\/wp-content\/uploads\/2024\/11\/shutterstock_289575698.jpg\",\"datePublished\":\"2024-11-06T08:19:24+00:00\",\"dateModified\":\"2024-11-12T09:16:26+00:00\",\"breadcrumb\":{\"@id\":\"https:\/\/www.santjosep.net\/de\/veranstaltung\/i-edicion-del-festival-sant-josep-es-foto\/#breadcrumb\"},\"inLanguage\":\"de\",\"potentialAction\":[{\"@type\":\"ReadAction\",\"target\":[\"https:\/\/www.santjosep.net\/de\/veranstaltung\/i-edicion-del-festival-sant-josep-es-foto\/\"]}]},{\"@type\":\"ImageObject\",\"inLanguage\":\"de\",\"@id\":\"https:\/\/www.santjosep.net\/de\/veranstaltung\/i-edicion-del-festival-sant-josep-es-foto\/#primaryimage\",\"url\":\"https:\/\/www.santjosep.net\/wp-content\/uploads\/2024\/11\/shutterstock_289575698.jpg\",\"contentUrl\":\"https:\/\/www.santjosep.net\/wp-content\/uploads\/2024\/11\/shutterstock_289575698.jpg\",\"width\":1000,\"height\":664},{\"@type\":\"BreadcrumbList\",\"@id\":\"https:\/\/www.santjosep.net\/de\/veranstaltung\/i-edicion-del-festival-sant-josep-es-foto\/#breadcrumb\",\"itemListElement\":[{\"@type\":\"ListItem\",\"position\":1,\"name\":\"Eventos\",\"item\":\"https:\/\/www.santjosep.net\/agenda\/\"},{\"@type\":\"ListItem\",\"position\":2,\"name\":\"Erste Ausgabe des Festivals \u201eSant Josep \u00e9s Foto\u201c\"}]},{\"@type\":\"WebSite\",\"@id\":\"https:\/\/www.santjosep.net\/#website\",\"url\":\"https:\/\/www.santjosep.net\/\",\"name\":\"Santjosep.net\",\"description\":\"\",\"potentialAction\":[{\"@type\":\"SearchAction\",\"target\":{\"@type\":\"EntryPoint\",\"urlTemplate\":\"https:\/\/www.santjosep.net\/?s={search_term_string}\"},\"query-input\":{\"@type\":\"PropertyValueSpecification\",\"valueRequired\":true,\"valueName\":\"search_term_string\"}}],\"inLanguage\":\"de\"}]}<\/script>\n<!-- \/ Yoast SEO plugin. -->","yoast_head_json":{"title":"Erste Ausgabe des Festivals \u201eSant Josep \u00e9s Foto\u201c - Santjosep.net","robots":{"index":"index","follow":"follow","max-snippet":"max-snippet:-1","max-image-preview":"max-image-preview:large","max-video-preview":"max-video-preview:-1"},"canonical":"https:\/\/www.santjosep.net\/de\/veranstaltung\/i-edicion-del-festival-sant-josep-es-foto\/","og_locale":"de_DE","og_type":"article","og_title":"Erste Ausgabe des Festivals \u201eSant Josep \u00e9s Foto\u201c - Santjosep.net","og_description":"Sant Josep de sa Talaia wird im April 2025 die spektakul\u00e4re erste Ausgabe des Festivals &#8218;Sant Josep \u00e9s Foto&#8216; ausrichten Ab dem n\u00e4chsten Jahr wird der April zum Monat der Fotografie auf Ibiza. Die Gemeinde Sant Josep de sa Talaia, [&hellip;]","og_url":"https:\/\/www.santjosep.net\/de\/veranstaltung\/i-edicion-del-festival-sant-josep-es-foto\/","og_site_name":"Santjosep.net","article_modified_time":"2024-11-12T09:16:26+00:00","og_image":[{"width":1000,"height":664,"url":"https:\/\/www.santjosep.net\/wp-content\/uploads\/2024\/11\/shutterstock_289575698.jpg","type":"image\/jpeg"}],"twitter_card":"summary_large_image","twitter_misc":{"Gesch\u00e4tzte Lesezeit":"1\u00a0Minute"},"schema":{"@context":"https:\/\/schema.org","@graph":[{"@type":"WebPage","@id":"https:\/\/www.santjosep.net\/de\/veranstaltung\/i-edicion-del-festival-sant-josep-es-foto\/","url":"https:\/\/www.santjosep.net\/de\/veranstaltung\/i-edicion-del-festival-sant-josep-es-foto\/","name":"Erste Ausgabe des Festivals \u201eSant Josep \u00e9s Foto\u201c - Santjosep.net","isPartOf":{"@id":"https:\/\/www.santjosep.net\/#website"},"primaryImageOfPage":{"@id":"https:\/\/www.santjosep.net\/de\/veranstaltung\/i-edicion-del-festival-sant-josep-es-foto\/#primaryimage"},"image":{"@id":"https:\/\/www.santjosep.net\/de\/veranstaltung\/i-edicion-del-festival-sant-josep-es-foto\/#primaryimage"},"thumbnailUrl":"https:\/\/www.santjosep.net\/wp-content\/uploads\/2024\/11\/shutterstock_289575698.jpg","datePublished":"2024-11-06T08:19:24+00:00","dateModified":"2024-11-12T09:16:26+00:00","breadcrumb":{"@id":"https:\/\/www.santjosep.net\/de\/veranstaltung\/i-edicion-del-festival-sant-josep-es-foto\/#breadcrumb"},"inLanguage":"de","potentialAction":[{"@type":"ReadAction","target":["https:\/\/www.santjosep.net\/de\/veranstaltung\/i-edicion-del-festival-sant-josep-es-foto\/"]}]},{"@type":"ImageObject","inLanguage":"de","@id":"https:\/\/www.santjosep.net\/de\/veranstaltung\/i-edicion-del-festival-sant-josep-es-foto\/#primaryimage","url":"https:\/\/www.santjosep.net\/wp-content\/uploads\/2024\/11\/shutterstock_289575698.jpg","contentUrl":"https:\/\/www.santjosep.net\/wp-content\/uploads\/2024\/11\/shutterstock_289575698.jpg","width":1000,"height":664},{"@type":"BreadcrumbList","@id":"https:\/\/www.santjosep.net\/de\/veranstaltung\/i-edicion-del-festival-sant-josep-es-foto\/#breadcrumb","itemListElement":[{"@type":"ListItem","position":1,"name":"Eventos","item":"https:\/\/www.santjosep.net\/agenda\/"},{"@type":"ListItem","position":2,"name":"Erste Ausgabe des Festivals \u201eSant Josep \u00e9s Foto\u201c"}]},{"@type":"WebSite","@id":"https:\/\/www.santjosep.net\/#website","url":"https:\/\/www.santjosep.net\/","name":"Santjosep.net","description":"","potentialAction":[{"@type":"SearchAction","target":{"@type":"EntryPoint","urlTemplate":"https:\/\/www.santjosep.net\/?s={search_term_string}"},"query-input":{"@type":"PropertyValueSpecification","valueRequired":true,"valueName":"search_term_string"}}],"inLanguage":"de"}]}},"_links":{"self":[{"href":"https:\/\/www.santjosep.net\/de\/wp-json\/wp\/v2\/tribe_events\/35418","targetHints":{"allow":["GET"]}}],"collection":[{"href":"https:\/\/www.santjosep.net\/de\/wp-json\/wp\/v2\/tribe_events"}],"about":[{"href":"https:\/\/www.santjosep.net\/de\/wp-json\/wp\/v2\/types\/tribe_events"}],"author":[{"embeddable":true,"href":"https:\/\/www.santjosep.net\/de\/wp-json\/wp\/v2\/users\/1"}],"version-history":[{"count":0,"href":"https:\/\/www.santjosep.net\/de\/wp-json\/wp\/v2\/tribe_events\/35418\/revisions"}],"wp:featuredmedia":[{"embeddable":true,"href":"https:\/\/www.santjosep.net\/de\/wp-json\/wp\/v2\/media\/35359"}],"wp:attachment":[{"href":"https:\/\/www.santjosep.net\/de\/wp-json\/wp\/v2\/media?parent=35418"}],"wp:term":[{"taxonomy":"post_tag","embeddable":true,"href":"https:\/\/www.santjosep.net\/de\/wp-json\/wp\/v2\/tags?post=35418"},{"taxonomy":"tribe_events_cat","embeddable":true,"href":"https:\/\/www.santjosep.net\/de\/wp-json\/wp\/v2\/tribe_events_cat?post=35418"}],"curies":[{"name":"wp","href":"https:\/\/api.w.org\/{rel}","templated":true}]}}