{"id":25743,"date":"2021-10-05T15:59:30","date_gmt":"2021-10-05T13:59:30","guid":{"rendered":"https:\/\/www.santjosep.net\/evento\/jornadas-gastronomicas-de-otono-ibizasabor21\/"},"modified":"2021-10-27T10:56:48","modified_gmt":"2021-10-27T08:56:48","slug":"jornadas-gastronomicas-de-otono-ibizasabor21","status":"publish","type":"tribe_events","link":"https:\/\/www.santjosep.net\/de\/veranstaltung\/jornadas-gastronomicas-de-otono-ibizasabor21\/","title":{"rendered":"Jornadas Gastron\u00f3micas de Oto\u00f1o #IbizaSabor21"},"content":{"rendered":"<p>La Pimeef, con la colaboraci\u00f3n del Consell Insular d\u2019Eivissa, organiza las Jornadas gastron\u00f3micas de oto\u00f1o en las que \u00a022 restaurantes de la isla ofrecen men\u00fas donde los protagonistas son los productos de temporada de la isla: El pollo pay\u00e9s, el pez raya, la algarroba y la calabaza.<\/p>\n<p><a href=\"https:\/\/saborsdeivissa.es\/experiencias\/\">VER TODOS LOS PARTICIPANTES<\/a><\/p>\n<p><strong>SE DESARROLLAN DEL 01 DE OCTUBRE AL 04 DE NOVIEMBRE<\/strong>\u00a0Y OFRECEN LA POSIBILIDAD DE DEGUSTAR MEN\u00daS A 25 \u20ac (BEBIDA NO INCLUIDA), CON PAN Y ACEITE DE IBIZA COMO APERITIVO. PUEDEN ACOMPA\u00d1ARSE DE VINOS DE LA ISLA (PRECIO A PARTE).<\/p>\n<p><strong>PRODUCTO MEDITERR\u00c1NEO\u00a0 Y DE TEMPORADA<\/strong><\/p>\n<p>La mar, la huerta, el secano, el olivar o el vi\u00f1edo, la diversidad de paisajes y un clima mediterr\u00e1neo suave nos ofrecen una diversidad de ingredientes que cambian al ritmo de las estaciones y que constituyen la base de nuestra cocina.<\/p>\n<p><strong>TRADICI\u00d3N<\/strong><\/p>\n<p>El aislamiento propio de una isla ha permitido desarrollar y conservar una cultura gastron\u00f3mica que se refleja en platos \u00fanicos como la \u201cfrita de polp\u201d, el \u201cbullit de peix\u201d o el \u201csofrit pag\u00e8s\u201d, donde la patata roja de Ibiza es un acompa\u00f1ante de lujo que condensa y transmite los sabores.<\/p>\n<p><strong>INNOVACI\u00d3N<\/strong><\/p>\n<p>Isla cosmopolita, siempre abierta a nuevas influencias, Ibiza cuenta tambi\u00e9n con una cocina innovadora que se refleja en los men\u00fas, como un salmonete Tataky, o un chupachups de sobrasada y miel.<\/p>\n<p><strong>SOSTENIBILIDAD<\/strong><\/p>\n<p>Conscientes del impacto de nuestra alimentaci\u00f3n en el medio ambiente, la sostenibilidad de los recursos y de los sistemas de producci\u00f3n son fundamentales para asegurar su futuro. El etiquetaje individual de los peces y mariscos de mayor tama\u00f1o con el doble distintivo <a href=\"http:\/\/www.peixnostrum.com\">PEIX NOSTRUM<\/a> y SABORS D\u2019EIVISSA permite asegurar su origen y la pesca por parte de pescadores profesionales.<\/p>\n<p>El algarrobo es tambi\u00e9n uno de los ingredientes protagonistas en reconocimiento a uno de los \u00e1rboles m\u00e1s representativos de la isla y que tiene un papel fundamental en la conservaci\u00f3n del paisaje de secano, predominante en la isla y sometido a un progresivo abandono.<\/p>\n","protected":false},"excerpt":{"rendered":"<p>La Pimeef, con la colaboraci\u00f3n del Consell Insular d\u2019Eivissa, organiza las Jornadas gastron\u00f3micas de oto\u00f1o en las que \u00a022 restaurantes de la isla ofrecen men\u00fas donde los protagonistas son los productos de temporada de la isla: El pollo pay\u00e9s, el [&hellip;]<\/p>\n","protected":false},"author":1,"featured_media":25737,"template":"","meta":{"_acf_changed":false,"inline_featured_image":false,"_tribe_events_status":"","_tribe_events_status_reason":"","footnotes":""},"tags":[],"tribe_events_cat":[126],"class_list":["post-25743","tribe_events","type-tribe_events","status-publish","has-post-thumbnail","hentry","tribe_events_cat-gastronomie","cat_gastronomie"],"acf":[],"yoast_head":"<!-- This site is optimized with the Yoast SEO plugin v25.7 - https:\/\/yoast.com\/wordpress\/plugins\/seo\/ -->\n<title>Jornadas Gastron\u00f3micas de Oto\u00f1o #IbizaSabor21 - Santjosep.net<\/title>\n<meta name=\"robots\" content=\"index, follow, max-snippet:-1, max-image-preview:large, max-video-preview:-1\" \/>\n<link rel=\"canonical\" href=\"https:\/\/www.santjosep.net\/de\/veranstaltung\/jornadas-gastronomicas-de-otono-ibizasabor21\/\" \/>\n<meta property=\"og:locale\" content=\"de_DE\" \/>\n<meta property=\"og:type\" content=\"article\" \/>\n<meta property=\"og:title\" content=\"Jornadas Gastron\u00f3micas de Oto\u00f1o #IbizaSabor21 - Santjosep.net\" \/>\n<meta property=\"og:description\" content=\"La Pimeef, con la colaboraci\u00f3n del Consell Insular d\u2019Eivissa, organiza las Jornadas gastron\u00f3micas de oto\u00f1o en las que \u00a022 restaurantes de la isla ofrecen men\u00fas donde los protagonistas son los productos de temporada de la isla: El pollo pay\u00e9s, el [&hellip;]\" \/>\n<meta property=\"og:url\" content=\"https:\/\/www.santjosep.net\/de\/veranstaltung\/jornadas-gastronomicas-de-otono-ibizasabor21\/\" \/>\n<meta property=\"og:site_name\" content=\"Santjosep.net\" \/>\n<meta property=\"article:modified_time\" content=\"2021-10-27T08:56:48+00:00\" \/>\n<meta property=\"og:image\" content=\"https:\/\/www.santjosep.net\/wp-content\/uploads\/2021\/10\/Captura-de-pantalla-2021-10-05-a-las-16.00.43.png\" \/>\n\t<meta property=\"og:image:width\" content=\"627\" \/>\n\t<meta property=\"og:image:height\" content=\"364\" \/>\n\t<meta property=\"og:image:type\" content=\"image\/png\" \/>\n<meta name=\"twitter:card\" content=\"summary_large_image\" \/>\n<meta name=\"twitter:label1\" content=\"Gesch\u00e4tzte Lesezeit\" \/>\n\t<meta name=\"twitter:data1\" content=\"2\u00a0Minuten\" \/>\n<script type=\"application\/ld+json\" class=\"yoast-schema-graph\">{\"@context\":\"https:\/\/schema.org\",\"@graph\":[{\"@type\":\"WebPage\",\"@id\":\"https:\/\/www.santjosep.net\/de\/veranstaltung\/jornadas-gastronomicas-de-otono-ibizasabor21\/\",\"url\":\"https:\/\/www.santjosep.net\/de\/veranstaltung\/jornadas-gastronomicas-de-otono-ibizasabor21\/\",\"name\":\"Jornadas Gastron\u00f3micas de Oto\u00f1o #IbizaSabor21 - Santjosep.net\",\"isPartOf\":{\"@id\":\"https:\/\/www.santjosep.net\/#website\"},\"primaryImageOfPage\":{\"@id\":\"https:\/\/www.santjosep.net\/de\/veranstaltung\/jornadas-gastronomicas-de-otono-ibizasabor21\/#primaryimage\"},\"image\":{\"@id\":\"https:\/\/www.santjosep.net\/de\/veranstaltung\/jornadas-gastronomicas-de-otono-ibizasabor21\/#primaryimage\"},\"thumbnailUrl\":\"https:\/\/www.santjosep.net\/wp-content\/uploads\/2021\/10\/Captura-de-pantalla-2021-10-05-a-las-16.00.43.png\",\"datePublished\":\"2021-10-05T13:59:30+00:00\",\"dateModified\":\"2021-10-27T08:56:48+00:00\",\"breadcrumb\":{\"@id\":\"https:\/\/www.santjosep.net\/de\/veranstaltung\/jornadas-gastronomicas-de-otono-ibizasabor21\/#breadcrumb\"},\"inLanguage\":\"de\",\"potentialAction\":[{\"@type\":\"ReadAction\",\"target\":[\"https:\/\/www.santjosep.net\/de\/veranstaltung\/jornadas-gastronomicas-de-otono-ibizasabor21\/\"]}]},{\"@type\":\"ImageObject\",\"inLanguage\":\"de\",\"@id\":\"https:\/\/www.santjosep.net\/de\/veranstaltung\/jornadas-gastronomicas-de-otono-ibizasabor21\/#primaryimage\",\"url\":\"https:\/\/www.santjosep.net\/wp-content\/uploads\/2021\/10\/Captura-de-pantalla-2021-10-05-a-las-16.00.43.png\",\"contentUrl\":\"https:\/\/www.santjosep.net\/wp-content\/uploads\/2021\/10\/Captura-de-pantalla-2021-10-05-a-las-16.00.43.png\",\"width\":627,\"height\":364},{\"@type\":\"BreadcrumbList\",\"@id\":\"https:\/\/www.santjosep.net\/de\/veranstaltung\/jornadas-gastronomicas-de-otono-ibizasabor21\/#breadcrumb\",\"itemListElement\":[{\"@type\":\"ListItem\",\"position\":1,\"name\":\"Eventos\",\"item\":\"https:\/\/www.santjosep.net\/agenda\/\"},{\"@type\":\"ListItem\",\"position\":2,\"name\":\"Jornadas Gastron\u00f3micas de Oto\u00f1o #IbizaSabor21\"}]},{\"@type\":\"WebSite\",\"@id\":\"https:\/\/www.santjosep.net\/#website\",\"url\":\"https:\/\/www.santjosep.net\/\",\"name\":\"Santjosep.net\",\"description\":\"\",\"potentialAction\":[{\"@type\":\"SearchAction\",\"target\":{\"@type\":\"EntryPoint\",\"urlTemplate\":\"https:\/\/www.santjosep.net\/?s={search_term_string}\"},\"query-input\":{\"@type\":\"PropertyValueSpecification\",\"valueRequired\":true,\"valueName\":\"search_term_string\"}}],\"inLanguage\":\"de\"}]}<\/script>\n<!-- \/ Yoast SEO plugin. -->","yoast_head_json":{"title":"Jornadas Gastron\u00f3micas de Oto\u00f1o #IbizaSabor21 - Santjosep.net","robots":{"index":"index","follow":"follow","max-snippet":"max-snippet:-1","max-image-preview":"max-image-preview:large","max-video-preview":"max-video-preview:-1"},"canonical":"https:\/\/www.santjosep.net\/de\/veranstaltung\/jornadas-gastronomicas-de-otono-ibizasabor21\/","og_locale":"de_DE","og_type":"article","og_title":"Jornadas Gastron\u00f3micas de Oto\u00f1o #IbizaSabor21 - Santjosep.net","og_description":"La Pimeef, con la colaboraci\u00f3n del Consell Insular d\u2019Eivissa, organiza las Jornadas gastron\u00f3micas de oto\u00f1o en las que \u00a022 restaurantes de la isla ofrecen men\u00fas donde los protagonistas son los productos de temporada de la isla: El pollo pay\u00e9s, el [&hellip;]","og_url":"https:\/\/www.santjosep.net\/de\/veranstaltung\/jornadas-gastronomicas-de-otono-ibizasabor21\/","og_site_name":"Santjosep.net","article_modified_time":"2021-10-27T08:56:48+00:00","og_image":[{"width":627,"height":364,"url":"https:\/\/www.santjosep.net\/wp-content\/uploads\/2021\/10\/Captura-de-pantalla-2021-10-05-a-las-16.00.43.png","type":"image\/png"}],"twitter_card":"summary_large_image","twitter_misc":{"Gesch\u00e4tzte Lesezeit":"2\u00a0Minuten"},"schema":{"@context":"https:\/\/schema.org","@graph":[{"@type":"WebPage","@id":"https:\/\/www.santjosep.net\/de\/veranstaltung\/jornadas-gastronomicas-de-otono-ibizasabor21\/","url":"https:\/\/www.santjosep.net\/de\/veranstaltung\/jornadas-gastronomicas-de-otono-ibizasabor21\/","name":"Jornadas Gastron\u00f3micas de Oto\u00f1o #IbizaSabor21 - Santjosep.net","isPartOf":{"@id":"https:\/\/www.santjosep.net\/#website"},"primaryImageOfPage":{"@id":"https:\/\/www.santjosep.net\/de\/veranstaltung\/jornadas-gastronomicas-de-otono-ibizasabor21\/#primaryimage"},"image":{"@id":"https:\/\/www.santjosep.net\/de\/veranstaltung\/jornadas-gastronomicas-de-otono-ibizasabor21\/#primaryimage"},"thumbnailUrl":"https:\/\/www.santjosep.net\/wp-content\/uploads\/2021\/10\/Captura-de-pantalla-2021-10-05-a-las-16.00.43.png","datePublished":"2021-10-05T13:59:30+00:00","dateModified":"2021-10-27T08:56:48+00:00","breadcrumb":{"@id":"https:\/\/www.santjosep.net\/de\/veranstaltung\/jornadas-gastronomicas-de-otono-ibizasabor21\/#breadcrumb"},"inLanguage":"de","potentialAction":[{"@type":"ReadAction","target":["https:\/\/www.santjosep.net\/de\/veranstaltung\/jornadas-gastronomicas-de-otono-ibizasabor21\/"]}]},{"@type":"ImageObject","inLanguage":"de","@id":"https:\/\/www.santjosep.net\/de\/veranstaltung\/jornadas-gastronomicas-de-otono-ibizasabor21\/#primaryimage","url":"https:\/\/www.santjosep.net\/wp-content\/uploads\/2021\/10\/Captura-de-pantalla-2021-10-05-a-las-16.00.43.png","contentUrl":"https:\/\/www.santjosep.net\/wp-content\/uploads\/2021\/10\/Captura-de-pantalla-2021-10-05-a-las-16.00.43.png","width":627,"height":364},{"@type":"BreadcrumbList","@id":"https:\/\/www.santjosep.net\/de\/veranstaltung\/jornadas-gastronomicas-de-otono-ibizasabor21\/#breadcrumb","itemListElement":[{"@type":"ListItem","position":1,"name":"Eventos","item":"https:\/\/www.santjosep.net\/agenda\/"},{"@type":"ListItem","position":2,"name":"Jornadas Gastron\u00f3micas de Oto\u00f1o #IbizaSabor21"}]},{"@type":"WebSite","@id":"https:\/\/www.santjosep.net\/#website","url":"https:\/\/www.santjosep.net\/","name":"Santjosep.net","description":"","potentialAction":[{"@type":"SearchAction","target":{"@type":"EntryPoint","urlTemplate":"https:\/\/www.santjosep.net\/?s={search_term_string}"},"query-input":{"@type":"PropertyValueSpecification","valueRequired":true,"valueName":"search_term_string"}}],"inLanguage":"de"}]}},"_links":{"self":[{"href":"https:\/\/www.santjosep.net\/de\/wp-json\/wp\/v2\/tribe_events\/25743","targetHints":{"allow":["GET"]}}],"collection":[{"href":"https:\/\/www.santjosep.net\/de\/wp-json\/wp\/v2\/tribe_events"}],"about":[{"href":"https:\/\/www.santjosep.net\/de\/wp-json\/wp\/v2\/types\/tribe_events"}],"author":[{"embeddable":true,"href":"https:\/\/www.santjosep.net\/de\/wp-json\/wp\/v2\/users\/1"}],"version-history":[{"count":0,"href":"https:\/\/www.santjosep.net\/de\/wp-json\/wp\/v2\/tribe_events\/25743\/revisions"}],"wp:featuredmedia":[{"embeddable":true,"href":"https:\/\/www.santjosep.net\/de\/wp-json\/wp\/v2\/media\/25737"}],"wp:attachment":[{"href":"https:\/\/www.santjosep.net\/de\/wp-json\/wp\/v2\/media?parent=25743"}],"wp:term":[{"taxonomy":"post_tag","embeddable":true,"href":"https:\/\/www.santjosep.net\/de\/wp-json\/wp\/v2\/tags?post=25743"},{"taxonomy":"tribe_events_cat","embeddable":true,"href":"https:\/\/www.santjosep.net\/de\/wp-json\/wp\/v2\/tribe_events_cat?post=25743"}],"curies":[{"name":"wp","href":"https:\/\/api.w.org\/{rel}","templated":true}]}}