{"id":9906,"date":"2017-09-06T11:22:38","date_gmt":"2017-09-06T11:22:38","guid":{"rendered":"https:\/\/www.santjosep.net\/de\/?page_id=9906"},"modified":"2020-01-23T11:50:21","modified_gmt":"2020-01-23T10:50:21","slug":"westkueste","status":"publish","type":"page","link":"https:\/\/www.santjosep.net\/de\/aktiver-tourismus\/wanderungen-in-sant-josep-ibiza\/westkueste\/","title":{"rendered":"Westk\u00fcste"},"content":{"rendered":"<p>Ganz egal zu welcher Tageszeit, ein Spaziergang lohnt sich auf Ibiza immer. Einer dieser langen Spazierg\u00e4nge, bei denen man mit der Natur in Verbindung tritt und die Batterien wieder aufl\u00e4dt. Am reizvollsten ist allerdings die Abendd\u00e4mmerung, wenn die Landschaft sich in Rott\u00f6nen f\u00e4rbt und die Hitze des Tages der angenehmen Nachtk\u00fchle weicht.<\/p>\n<p>Dies ist die beste Zeit f\u00fcr einen Ausflug zu den sch\u00f6nsten Flecken der K\u00fcste bei San Josep, zwischen Cala Codolar und Platges de Comte, wo man in den Sommermonaten besonders gut den Sonnenuntergang beobachten kann. Entdecken Sie, was die Westk\u00fcste Ibizas zu bieten hat.<\/p>\n<p>&nbsp;<\/p>\n<h2><b class=\"b3\">Routenplanung<\/b><\/h2>\n<p><iframe loading=\"lazy\" src=\"https:\/\/www.google.com\/maps\/d\/embed?mid=1hjhxGF-KrtYvcqTk8EVUOEAzmgA\" width=\"800\" height=\"500\"><\/iframe><br \/>\n<strong><b class=\"b2\">Schwierigkeitsgrad<\/b>:<\/strong> M<b class=\"b3\">ittelhoch<\/b><br \/>\n<strong>Entfernung:<\/strong> 3,32 km.<br \/>\n<strong>Zeitsch\u00e4tzung:<\/strong> 2 zeit .<br \/>\n<strong>Empfehlungen:<\/strong> Tragen Sie Sportschuhe, Sportbekleidung und Wasser.<\/p>\n<p>Von San Josep aus fahren Sie in Richtung Sant Agust\u00ed. Kurz nach der Abzweigung die zum Ortszentrum f\u00fchrt, folgt auf der linken Seite eine weitere Abzweigung zu den Str\u00e4nden der Gegend, die meisten davon sind nach Westen ausgerichtet. Folgen Sie der Landstra\u00dfe in Richtung Platges de Comte und nur wenige Kilometer, bevor man zu diesen spektakul\u00e4ren Str\u00e4nden gelangt, f\u00fchrt ein Weg nach Cala Codolar. Wir beginnen unsere abwechslungsreiche Wanderung in dieser verborgenen Bucht.<\/p>\n<p><img loading=\"lazy\" decoding=\"async\" class=\"alignnone size-large wp-image-8205\" src=\"https:\/\/www.santjosep.net\/wp-content\/uploads\/2016\/12\/Cala-codolar-1024x683.jpg\" alt=\"cala-codolar\" width=\"1024\" height=\"683\" srcset=\"https:\/\/www.santjosep.net\/wp-content\/uploads\/2016\/12\/Cala-codolar-1024x683.jpg 1024w, https:\/\/www.santjosep.net\/wp-content\/uploads\/2016\/12\/Cala-codolar-300x200.jpg 300w, https:\/\/www.santjosep.net\/wp-content\/uploads\/2016\/12\/Cala-codolar-768x512.jpg 768w, https:\/\/www.santjosep.net\/wp-content\/uploads\/2016\/12\/Cala-codolar.jpg 1200w\" sizes=\"auto, (max-width: 1024px) 100vw, 1024px\" \/><\/p>\n<p>Genie\u00dfen Sie hier den Moment, nehmen Sie die Sch\u00f6nheit dieser kleinen Strandbucht in sich auf und lassen Sie die Ruhe fernab der Hektik der Ballungsgebiete auf sich wirken. Die Bucht ist naturbelassen, abgesehen von einigen wenigen Dienstleistern, und wie \u00fcberall in der Gegend ist das Wasser kristallklar. Bringen Sie am besten feste Schuhe mit, sodass Sie im S\u00fcden der Bucht nach Cala Llentia hinaufwandern k\u00f6nnen \u2013 ein noch verborgener gelegener Strand, den wir auf unserer Tour keinesfalls vergessen sollten.<\/p>\n<p><img loading=\"lazy\" decoding=\"async\" class=\"alignnone size-large wp-image-8214\" src=\"https:\/\/www.santjosep.net\/wp-content\/uploads\/2016\/12\/Cala-Llentia-1024x683.jpg\" alt=\"cala-llentia\" width=\"1024\" height=\"683\" srcset=\"https:\/\/www.santjosep.net\/wp-content\/uploads\/2016\/12\/Cala-Llentia-1024x683.jpg 1024w, https:\/\/www.santjosep.net\/wp-content\/uploads\/2016\/12\/Cala-Llentia-300x200.jpg 300w, https:\/\/www.santjosep.net\/wp-content\/uploads\/2016\/12\/Cala-Llentia-768x512.jpg 768w, https:\/\/www.santjosep.net\/wp-content\/uploads\/2016\/12\/Cala-Llentia.jpg 1200w\" sizes=\"auto, (max-width: 1024px) 100vw, 1024px\" \/><\/p>\n<p>Cala Llentia ist gerade deshalb so attraktiv, weil der Strand so schwer zu erreichen ist. Es gibt keine M\u00f6glichkeit, ihn mit dem Auto zu besuchen, sodass er nahezu unber\u00fchrt ist. Er liegt in einer versteckten kleinen Bucht vor der Steilk\u00fcste zwischen Cala Corral und Cala Codolar. Oben auf der Klippe bietet sich Besuchern eine atemberaubende Aussicht auf das Meer und die Felseninsel Es Vedr\u00e0 im S\u00fcden. An klaren Tagen kann man in der Ferne die K\u00fcste von D\u00e9nia auf dem spanischen Festland erkennen. In den fr\u00fchen und den sp\u00e4ten Sommermonaten ist die Klippe besonders in den Abendstunden einen Besuch wert. Von dort aus f\u00fchrt ein kleiner Wanderweg hinab ans Ufer von Cala Llentia, ein Strand mit Kieselsteinen und kristallklarem Wasser. Mit etwas Gl\u00fcck haben Sie den Strand ganz f\u00fcr sich alleine. Die kleinen Bootsh\u00fctten machen den Ort besonders romantisch und verleihen ihm seinen typisch ibizenkischen Charakter.<\/p>\n<p><img loading=\"lazy\" decoding=\"async\" class=\"alignnone size-large wp-image-8217\" src=\"https:\/\/www.santjosep.net\/wp-content\/uploads\/2016\/12\/Cala-Llentia-vista-es-vedra-1024x683.jpg\" alt=\"cala-llentia-vista-es-vedra\" width=\"1024\" height=\"683\" srcset=\"https:\/\/www.santjosep.net\/wp-content\/uploads\/2016\/12\/Cala-Llentia-vista-es-vedra-1024x683.jpg 1024w, https:\/\/www.santjosep.net\/wp-content\/uploads\/2016\/12\/Cala-Llentia-vista-es-vedra-300x200.jpg 300w, https:\/\/www.santjosep.net\/wp-content\/uploads\/2016\/12\/Cala-Llentia-vista-es-vedra-768x512.jpg 768w, https:\/\/www.santjosep.net\/wp-content\/uploads\/2016\/12\/Cala-Llentia-vista-es-vedra.jpg 1200w\" sizes=\"auto, (max-width: 1024px) 100vw, 1024px\" \/><\/p>\n<p>Vom Startpunkt unserer Tour in Cala Codolar begeben wir uns nun weiter durch die malerische Landschaft. Wir wandern weiter nach Norden und durchqueren die Siedlung in Puig des Dof\u00ed. Von dort aus folgen wir der K\u00fcste bis zur Bucht sa Figuera Borda, die besonders von oben betrachtet einen \u00fcberraschend stimmungsvollen Anblick bietet. Die eigentliche Attraktion ist allerdings der h\u00f6hlenartige Felsbogen, der wie ein Nadel\u00f6hr \u00fcber dem Felsenufer liegt. Von dort aus hat man einen besonders guten Ausblick auf s\u2019Espartar, eine kleine Insel vor der K\u00fcste. Von der Steilklippe f\u00fchrt im Norden eine Treppe hinab in die Bucht. Von dort aus gelangt man zu den Fischerh\u00fctten, die sich im Schutz der H\u00f6hle in den Felsen schmiegen. Nehmen Sie sich ruhig Zeit und genie\u00dfen Sie die Felsenk\u00fcste an diesem ganz und gar ungew\u00f6hnlichen Ort, tauchen Sie in das glasklare Wasser ein oder betrachten Sie die Landschaft durch das steinerne Nadel\u00f6hr.<\/p>\n<p><img loading=\"lazy\" decoding=\"async\" class=\"alignnone size-large wp-image-8220\" src=\"https:\/\/www.santjosep.net\/wp-content\/uploads\/2016\/12\/Cueva-figuera-683x1024.jpg\" alt=\"cueva-figuera\" width=\"683\" height=\"1024\" srcset=\"https:\/\/www.santjosep.net\/wp-content\/uploads\/2016\/12\/Cueva-figuera-683x1024.jpg 683w, https:\/\/www.santjosep.net\/wp-content\/uploads\/2016\/12\/Cueva-figuera-200x300.jpg 200w, https:\/\/www.santjosep.net\/wp-content\/uploads\/2016\/12\/Cueva-figuera-768x1152.jpg 768w, https:\/\/www.santjosep.net\/wp-content\/uploads\/2016\/12\/Cueva-figuera-300x450.jpg 300w, https:\/\/www.santjosep.net\/wp-content\/uploads\/2016\/12\/Cueva-figuera.jpg 800w\" sizes=\"auto, (max-width: 683px) 100vw, 683px\" \/><\/p>\n<p>Wenn wir wieder auf die Steilklippe hinaufsteigen, bietet sich uns ein Panoramablick \u00fcber den Westen Ibizas und die vorgelagerte Insel s\u2019Espartar. Diese kleine Felseninsel ist bekannt daf\u00fcr, dass hier in vergangenen Zeiten das sog. Estpartogras gepfl\u00fcckt wurde. Heutzutage wird das Gras nicht mehr in gro\u00dfen Mengen geerntet, allerdings gibt es noch den ein oder anderen Sammler mit Genehmigung, der die Tradition des Korbflechtens am Leben erh\u00e4lt. Der folgende Steilk\u00fcstenabschnitt wird Ses Roques Males genannt. Von hier aus f\u00fchrt ein Fu\u00dfweg direkt nach Platges de Comte, dem Endpunkt unserer kleinen Wanderung.<\/p>\n<p><img loading=\"lazy\" decoding=\"async\" class=\"alignnone size-large wp-image-8235\" src=\"https:\/\/www.santjosep.net\/wp-content\/uploads\/2016\/12\/DSC_3421-1024x685.jpg\" alt=\"dsc_3421\" width=\"1024\" height=\"685\" srcset=\"https:\/\/www.santjosep.net\/wp-content\/uploads\/2016\/12\/DSC_3421-1024x685.jpg 1024w, https:\/\/www.santjosep.net\/wp-content\/uploads\/2016\/12\/DSC_3421-300x201.jpg 300w, https:\/\/www.santjosep.net\/wp-content\/uploads\/2016\/12\/DSC_3421-768x514.jpg 768w\" sizes=\"auto, (max-width: 1024px) 100vw, 1024px\" \/><\/p>\n<p>Wenn wir dem Weg entlang der K\u00fcste folgen, f\u00fchrt er uns zuerst in die Bucht Rac\u00f3 d\u2019en Xic mit ihrem kleinen Sandstrand und einigen Fischerh\u00fctten. Dies ist der perfekte Ort f\u00fcr ein Bad im klaren Wasser vor dieser K\u00fcste. Wir k\u00f6nnen hier entlang der gro\u00dfen Felsen weitergehen und gelangen so zu dem Strand Playa de Poniente, der besonders bei Sonnenuntergang bei Besuchern sehr beliebt ist, wenn die Sonne den Strand in glutrotes Licht taucht, bevor sie endg\u00fcltig hinter dem Horizont verschwindet. Ein St\u00fcckchen weiter befindet sich der Strand von Tramuntana. Hier hat man zwar nicht denselben spektakul\u00e4ren Ausblick auf den Sonnenuntergang, doch seine Sch\u00f6nheit steht den anderen Str\u00e4nden in nichts nach. Von hier aus hat man eine gute Sicht auf die unbestrittene Hauptattraktion von Platges de Comte, eine als s\u2019Illa des Bosc bekannte Felseninsel. Im Hintergrund kann man auch die Inseln Illots de Ponent erkennen, die zusammen mit Es Vedr\u00e0 und Es Vedranell eines der wichtigsten Naturschutzgebiete der Gemeinde darstellen.<\/p>\n<p><img loading=\"lazy\" decoding=\"async\" class=\"alignnone size-large wp-image-8223\" src=\"https:\/\/www.santjosep.net\/wp-content\/uploads\/2016\/12\/raco-xic-1024x683.jpg\" alt=\"raco-xic\" width=\"1024\" height=\"683\" srcset=\"https:\/\/www.santjosep.net\/wp-content\/uploads\/2016\/12\/raco-xic-1024x683.jpg 1024w, https:\/\/www.santjosep.net\/wp-content\/uploads\/2016\/12\/raco-xic-300x200.jpg 300w, https:\/\/www.santjosep.net\/wp-content\/uploads\/2016\/12\/raco-xic-768x512.jpg 768w, https:\/\/www.santjosep.net\/wp-content\/uploads\/2016\/12\/raco-xic.jpg 1200w\" sizes=\"auto, (max-width: 1024px) 100vw, 1024px\" \/><\/p>\n<p>Nach der Wanderung \u00fcber D\u00fcnen, Buchten und Str\u00e4nde kann man sich hier im Ufersand zwischen den kleinen Felsen niederlassen und so die spektakul\u00e4re Wanderung mit dem Sonnenuntergang in Platges de Comte ausklingen lassen.<\/p>\n<p><img loading=\"lazy\" decoding=\"async\" class=\"alignnone size-large wp-image-8226\" src=\"https:\/\/www.santjosep.net\/wp-content\/uploads\/2016\/12\/puesta-sol-1024x768.jpg\" alt=\"puesta-sol\" width=\"1024\" height=\"768\" srcset=\"https:\/\/www.santjosep.net\/wp-content\/uploads\/2016\/12\/puesta-sol-1024x768.jpg 1024w, https:\/\/www.santjosep.net\/wp-content\/uploads\/2016\/12\/puesta-sol-300x225.jpg 300w, https:\/\/www.santjosep.net\/wp-content\/uploads\/2016\/12\/puesta-sol-768x576.jpg 768w, https:\/\/www.santjosep.net\/wp-content\/uploads\/2016\/12\/puesta-sol.jpg 1200w\" sizes=\"auto, (max-width: 1024px) 100vw, 1024px\" \/><\/p>\n","protected":false},"excerpt":{"rendered":"<p>Ganz egal zu welcher Tageszeit, ein Spaziergang lohnt sich auf Ibiza immer. Einer dieser langen Spazierg\u00e4nge, bei denen man mit der Natur in Verbindung tritt und die Batterien wieder aufl\u00e4dt. Am reizvollsten ist allerdings die Abendd\u00e4mmerung, wenn die Landschaft sich [&hellip;]<\/p>\n","protected":false},"author":1,"featured_media":8245,"parent":5557,"menu_order":0,"comment_status":"closed","ping_status":"closed","template":"page-actividad.php","meta":{"_acf_changed":false,"inline_featured_image":false,"footnotes":""},"categoria_pagina":[],"class_list":["post-9906","page","type-page","status-publish","has-post-thumbnail","hentry"],"acf":[],"yoast_head":"<!-- This site is optimized with the Yoast SEO plugin v25.7 - https:\/\/yoast.com\/wordpress\/plugins\/seo\/ -->\n<title>Westk\u00fcste - Santjosep.net<\/title>\n<meta name=\"robots\" content=\"index, follow, max-snippet:-1, max-image-preview:large, max-video-preview:-1\" \/>\n<link rel=\"canonical\" href=\"https:\/\/www.santjosep.net\/de\/aktiver-tourismus\/wanderungen-in-sant-josep-ibiza\/westkueste\/\" \/>\n<meta property=\"og:locale\" content=\"de_DE\" \/>\n<meta property=\"og:type\" content=\"article\" \/>\n<meta property=\"og:title\" content=\"Westk\u00fcste - Santjosep.net\" \/>\n<meta property=\"og:description\" content=\"Ganz egal zu welcher Tageszeit, ein Spaziergang lohnt sich auf Ibiza immer. Einer dieser langen Spazierg\u00e4nge, bei denen man mit der Natur in Verbindung tritt und die Batterien wieder aufl\u00e4dt. Am reizvollsten ist allerdings die Abendd\u00e4mmerung, wenn die Landschaft sich [&hellip;]\" \/>\n<meta property=\"og:url\" content=\"https:\/\/www.santjosep.net\/de\/aktiver-tourismus\/wanderungen-in-sant-josep-ibiza\/westkueste\/\" \/>\n<meta property=\"og:site_name\" content=\"Santjosep.net\" \/>\n<meta property=\"article:modified_time\" content=\"2020-01-23T10:50:21+00:00\" \/>\n<meta property=\"og:image\" content=\"https:\/\/www.santjosep.net\/wp-content\/uploads\/2016\/12\/Sin-ti\u0301tulo-1-e1504698308646.jpg\" \/>\n\t<meta property=\"og:image:width\" content=\"1000\" \/>\n\t<meta property=\"og:image:height\" content=\"665\" \/>\n\t<meta property=\"og:image:type\" content=\"image\/jpeg\" \/>\n<meta name=\"twitter:card\" content=\"summary_large_image\" \/>\n<meta name=\"twitter:label1\" content=\"Gesch\u00e4tzte Lesezeit\" \/>\n\t<meta name=\"twitter:data1\" content=\"5\u00a0Minuten\" \/>\n<script type=\"application\/ld+json\" class=\"yoast-schema-graph\">{\"@context\":\"https:\/\/schema.org\",\"@graph\":[{\"@type\":\"WebPage\",\"@id\":\"https:\/\/www.santjosep.net\/de\/aktiver-tourismus\/wanderungen-in-sant-josep-ibiza\/westkueste\/\",\"url\":\"https:\/\/www.santjosep.net\/de\/aktiver-tourismus\/wanderungen-in-sant-josep-ibiza\/westkueste\/\",\"name\":\"Westk\u00fcste - Santjosep.net\",\"isPartOf\":{\"@id\":\"https:\/\/www.santjosep.net\/#website\"},\"primaryImageOfPage\":{\"@id\":\"https:\/\/www.santjosep.net\/de\/aktiver-tourismus\/wanderungen-in-sant-josep-ibiza\/westkueste\/#primaryimage\"},\"image\":{\"@id\":\"https:\/\/www.santjosep.net\/de\/aktiver-tourismus\/wanderungen-in-sant-josep-ibiza\/westkueste\/#primaryimage\"},\"thumbnailUrl\":\"https:\/\/www.santjosep.net\/wp-content\/uploads\/2016\/12\/Sin-ti\u0301tulo-1-e1504698308646.jpg\",\"datePublished\":\"2017-09-06T11:22:38+00:00\",\"dateModified\":\"2020-01-23T10:50:21+00:00\",\"breadcrumb\":{\"@id\":\"https:\/\/www.santjosep.net\/de\/aktiver-tourismus\/wanderungen-in-sant-josep-ibiza\/westkueste\/#breadcrumb\"},\"inLanguage\":\"de\",\"potentialAction\":[{\"@type\":\"ReadAction\",\"target\":[\"https:\/\/www.santjosep.net\/de\/aktiver-tourismus\/wanderungen-in-sant-josep-ibiza\/westkueste\/\"]}]},{\"@type\":\"ImageObject\",\"inLanguage\":\"de\",\"@id\":\"https:\/\/www.santjosep.net\/de\/aktiver-tourismus\/wanderungen-in-sant-josep-ibiza\/westkueste\/#primaryimage\",\"url\":\"https:\/\/www.santjosep.net\/wp-content\/uploads\/2016\/12\/Sin-ti\u0301tulo-1-e1504698308646.jpg\",\"contentUrl\":\"https:\/\/www.santjosep.net\/wp-content\/uploads\/2016\/12\/Sin-ti\u0301tulo-1-e1504698308646.jpg\",\"width\":1000,\"height\":665},{\"@type\":\"BreadcrumbList\",\"@id\":\"https:\/\/www.santjosep.net\/de\/aktiver-tourismus\/wanderungen-in-sant-josep-ibiza\/westkueste\/#breadcrumb\",\"itemListElement\":[{\"@type\":\"ListItem\",\"position\":1,\"name\":\"Aktiver Tourismus\",\"item\":\"https:\/\/www.santjosep.net\/de\/aktiver-tourismus\/\"},{\"@type\":\"ListItem\",\"position\":2,\"name\":\"Wanderungen\",\"item\":\"https:\/\/www.santjosep.net\/de\/aktiver-tourismus\/wanderungen-in-sant-josep-ibiza\/\"},{\"@type\":\"ListItem\",\"position\":3,\"name\":\"Westk\u00fcste\"}]},{\"@type\":\"WebSite\",\"@id\":\"https:\/\/www.santjosep.net\/#website\",\"url\":\"https:\/\/www.santjosep.net\/\",\"name\":\"Santjosep.net\",\"description\":\"\",\"potentialAction\":[{\"@type\":\"SearchAction\",\"target\":{\"@type\":\"EntryPoint\",\"urlTemplate\":\"https:\/\/www.santjosep.net\/?s={search_term_string}\"},\"query-input\":{\"@type\":\"PropertyValueSpecification\",\"valueRequired\":true,\"valueName\":\"search_term_string\"}}],\"inLanguage\":\"de\"}]}<\/script>\n<!-- \/ Yoast SEO plugin. -->","yoast_head_json":{"title":"Westk\u00fcste - Santjosep.net","robots":{"index":"index","follow":"follow","max-snippet":"max-snippet:-1","max-image-preview":"max-image-preview:large","max-video-preview":"max-video-preview:-1"},"canonical":"https:\/\/www.santjosep.net\/de\/aktiver-tourismus\/wanderungen-in-sant-josep-ibiza\/westkueste\/","og_locale":"de_DE","og_type":"article","og_title":"Westk\u00fcste - Santjosep.net","og_description":"Ganz egal zu welcher Tageszeit, ein Spaziergang lohnt sich auf Ibiza immer. Einer dieser langen Spazierg\u00e4nge, bei denen man mit der Natur in Verbindung tritt und die Batterien wieder aufl\u00e4dt. Am reizvollsten ist allerdings die Abendd\u00e4mmerung, wenn die Landschaft sich [&hellip;]","og_url":"https:\/\/www.santjosep.net\/de\/aktiver-tourismus\/wanderungen-in-sant-josep-ibiza\/westkueste\/","og_site_name":"Santjosep.net","article_modified_time":"2020-01-23T10:50:21+00:00","og_image":[{"width":1000,"height":665,"url":"https:\/\/www.santjosep.net\/wp-content\/uploads\/2016\/12\/Sin-ti\u0301tulo-1-e1504698308646.jpg","type":"image\/jpeg"}],"twitter_card":"summary_large_image","twitter_misc":{"Gesch\u00e4tzte Lesezeit":"5\u00a0Minuten"},"schema":{"@context":"https:\/\/schema.org","@graph":[{"@type":"WebPage","@id":"https:\/\/www.santjosep.net\/de\/aktiver-tourismus\/wanderungen-in-sant-josep-ibiza\/westkueste\/","url":"https:\/\/www.santjosep.net\/de\/aktiver-tourismus\/wanderungen-in-sant-josep-ibiza\/westkueste\/","name":"Westk\u00fcste - Santjosep.net","isPartOf":{"@id":"https:\/\/www.santjosep.net\/#website"},"primaryImageOfPage":{"@id":"https:\/\/www.santjosep.net\/de\/aktiver-tourismus\/wanderungen-in-sant-josep-ibiza\/westkueste\/#primaryimage"},"image":{"@id":"https:\/\/www.santjosep.net\/de\/aktiver-tourismus\/wanderungen-in-sant-josep-ibiza\/westkueste\/#primaryimage"},"thumbnailUrl":"https:\/\/www.santjosep.net\/wp-content\/uploads\/2016\/12\/Sin-ti\u0301tulo-1-e1504698308646.jpg","datePublished":"2017-09-06T11:22:38+00:00","dateModified":"2020-01-23T10:50:21+00:00","breadcrumb":{"@id":"https:\/\/www.santjosep.net\/de\/aktiver-tourismus\/wanderungen-in-sant-josep-ibiza\/westkueste\/#breadcrumb"},"inLanguage":"de","potentialAction":[{"@type":"ReadAction","target":["https:\/\/www.santjosep.net\/de\/aktiver-tourismus\/wanderungen-in-sant-josep-ibiza\/westkueste\/"]}]},{"@type":"ImageObject","inLanguage":"de","@id":"https:\/\/www.santjosep.net\/de\/aktiver-tourismus\/wanderungen-in-sant-josep-ibiza\/westkueste\/#primaryimage","url":"https:\/\/www.santjosep.net\/wp-content\/uploads\/2016\/12\/Sin-ti\u0301tulo-1-e1504698308646.jpg","contentUrl":"https:\/\/www.santjosep.net\/wp-content\/uploads\/2016\/12\/Sin-ti\u0301tulo-1-e1504698308646.jpg","width":1000,"height":665},{"@type":"BreadcrumbList","@id":"https:\/\/www.santjosep.net\/de\/aktiver-tourismus\/wanderungen-in-sant-josep-ibiza\/westkueste\/#breadcrumb","itemListElement":[{"@type":"ListItem","position":1,"name":"Aktiver Tourismus","item":"https:\/\/www.santjosep.net\/de\/aktiver-tourismus\/"},{"@type":"ListItem","position":2,"name":"Wanderungen","item":"https:\/\/www.santjosep.net\/de\/aktiver-tourismus\/wanderungen-in-sant-josep-ibiza\/"},{"@type":"ListItem","position":3,"name":"Westk\u00fcste"}]},{"@type":"WebSite","@id":"https:\/\/www.santjosep.net\/#website","url":"https:\/\/www.santjosep.net\/","name":"Santjosep.net","description":"","potentialAction":[{"@type":"SearchAction","target":{"@type":"EntryPoint","urlTemplate":"https:\/\/www.santjosep.net\/?s={search_term_string}"},"query-input":{"@type":"PropertyValueSpecification","valueRequired":true,"valueName":"search_term_string"}}],"inLanguage":"de"}]}},"_links":{"self":[{"href":"https:\/\/www.santjosep.net\/de\/wp-json\/wp\/v2\/pages\/9906","targetHints":{"allow":["GET"]}}],"collection":[{"href":"https:\/\/www.santjosep.net\/de\/wp-json\/wp\/v2\/pages"}],"about":[{"href":"https:\/\/www.santjosep.net\/de\/wp-json\/wp\/v2\/types\/page"}],"author":[{"embeddable":true,"href":"https:\/\/www.santjosep.net\/de\/wp-json\/wp\/v2\/users\/1"}],"replies":[{"embeddable":true,"href":"https:\/\/www.santjosep.net\/de\/wp-json\/wp\/v2\/comments?post=9906"}],"version-history":[{"count":0,"href":"https:\/\/www.santjosep.net\/de\/wp-json\/wp\/v2\/pages\/9906\/revisions"}],"up":[{"embeddable":true,"href":"https:\/\/www.santjosep.net\/de\/wp-json\/wp\/v2\/pages\/5557"}],"wp:featuredmedia":[{"embeddable":true,"href":"https:\/\/www.santjosep.net\/de\/wp-json\/wp\/v2\/media\/8245"}],"wp:attachment":[{"href":"https:\/\/www.santjosep.net\/de\/wp-json\/wp\/v2\/media?parent=9906"}],"wp:term":[{"taxonomy":"categoria_pagina","embeddable":true,"href":"https:\/\/www.santjosep.net\/de\/wp-json\/wp\/v2\/categoria_pagina?post=9906"}],"curies":[{"name":"wp","href":"https:\/\/api.w.org\/{rel}","templated":true}]}}