{"id":6736,"date":"2016-03-04T10:43:08","date_gmt":"2016-03-04T10:43:08","guid":{"rendered":"https:\/\/www.santjosep.net\/de\/sportliche-aktivitaeten\/kajak-sant-josep-ibiza\/es-boques-es-cubells-to-cala-carbo-ibiza\/"},"modified":"2020-01-27T14:07:49","modified_gmt":"2020-01-27T13:07:49","slug":"ses-boques-es-cubells-auf-cala-carbo-ibiza","status":"publish","type":"page","link":"https:\/\/www.santjosep.net\/de\/aktiver-tourismus\/kajak-sant-josep-ibiza\/ses-boques-es-cubells-auf-cala-carbo-ibiza\/","title":{"rendered":"Kajak Route von Ses Boques (Es Cubells) auf Cala Carb\u00f3 &#8211; Ibiza"},"content":{"rendered":"<p><iframe loading=\"lazy\" src=\"https:\/\/www.google.com\/maps\/d\/embed?mid=z5YVYhWup8YU.kamROlkukR8Y\" width=\"780\" height=\"480\"><\/iframe><\/p>\n<p>DAUER: 3.30 Stunden<br \/>\nL\u00c4NGE: 7,2 Seemeilen<br \/>\nSCHWIERIGKEITSGRAD: Mittel<br \/>\nAUSGANGSPUNKT: Ses Boques<br \/>\nANKUNFTSPUNKT: Cala Carb\u00f3<\/p>\n<p><strong>ANFAHRT:<\/strong><\/p>\n<div class=\"page\" title=\"Page 13\">\n<div class=\"layoutArea\">\n<div class=\"column\">\n<p>Von Sant Josep aus nehmen Sie die Stra\u00dfe in Richtung Es Cubells (PM-803-1). Bevor Sie das Dorf und die Kirche erreichen, biegen Sie links in Richtung Playa de Ses Bosques ab, folgen Sie den Schildern bis zum Strand.<\/p>\n<\/div>\n<\/div>\n<\/div>\n<p><strong>KAJAKTOUR:<\/strong><\/p>\n<div class=\"page\" title=\"Page 13\">\n<div class=\"layoutArea\">\n<div class=\"column\">\n<p>Verlassen Sie den Strand von Ses Bosques in Richtung Westen, nach einigen Minuten gelangen Sie zu der Steinbucht Es Niu de s\u2019A\u0300guila mit kleinen Fischerh\u00fctten und einem spitzen Felsen, der aus dem Wasser ragt. Einst nisteten hier in den Steilk\u00fcsten Fischadler.<\/p>\n<\/div>\n<\/div>\n<\/div>\n<p><img loading=\"lazy\" decoding=\"async\" class=\"alignnone size-full wp-image-1087\" src=\"https:\/\/www.santjosep.net\/wp-content\/uploads\/2013\/11\/tiasesboques_IMG_0965.jpg\" alt=\"tiasesboques_IMG_0965\" width=\"1000\" height=\"667\" srcset=\"https:\/\/www.santjosep.net\/wp-content\/uploads\/2013\/11\/tiasesboques_IMG_0965.jpg 1000w, https:\/\/www.santjosep.net\/wp-content\/uploads\/2013\/11\/tiasesboques_IMG_0965-300x200.jpg 300w\" sizes=\"auto, (max-width: 1000px) 100vw, 1000px\" \/><\/p>\n<div class=\"page\" title=\"Page 13\">\n<div class=\"layoutArea\">\n<div class=\"column\">\n<p>Gleich darauf kommen Sie an einer Bucht vorbei, in der ein Sturzbach m\u00fcndet. Wenn Sie weiterpaddeln, gelangen Sie nach Cala Llentrisca. In diesem kleinen Fischerhafen mit seinen Bootsh\u00e4uschen k\u00f6nnen Sie mit dem Kajak anlegen. Die recht wilde Natur ist durch den erschwerten Zugang vom Land aus sehr gut erhaltenen geblieben. Beachten Sie, dass Sie von hier ca. eine Stunde zur n\u00e4chsten Anlegem\u00f6glichkeit brauchen werden.<\/p>\n<\/div>\n<\/div>\n<\/div>\n<p><img loading=\"lazy\" decoding=\"async\" class=\"alignnone size-full wp-image-2610\" src=\"https:\/\/www.santjosep.net\/wp-content\/uploads\/2014\/12\/calallentrisca_playas_ibiza.jpg\" alt=\"calallentrisca_playas_ibiza\" width=\"900\" height=\"600\" srcset=\"https:\/\/www.santjosep.net\/wp-content\/uploads\/2014\/12\/calallentrisca_playas_ibiza.jpg 900w, https:\/\/www.santjosep.net\/wp-content\/uploads\/2014\/12\/calallentrisca_playas_ibiza-300x200.jpg 300w\" sizes=\"auto, (max-width: 900px) 100vw, 900px\" \/><\/p>\n<div class=\"page\" title=\"Page 13\">\n<div class=\"layoutArea\">\n<div class=\"column\">\n<p>Ab hier paddeln Sie entlang beeindruckender Steilk\u00fcsten, an denen sich das Anlegen als recht schwierig erweist. Kurz darauf erreichen Sie das Gebiet von Ses Covetes mit einigen leicht zug\u00e4nglichen H\u00f6hlen, wo Sie durchaus einige Greifv\u00f6gel in der Luft ersp\u00e4hen k\u00f6nnen \u2013 angeblich soll hier der Fischadler auf Fischfang sein. Genie\u00dfen Sie den herrlichen Ausblick auf Es Vedra\u0300 und Es Vedranell.<\/p>\n<\/div>\n<\/div>\n<\/div>\n<p><a href=\"https:\/\/www.santjosep.net\/wp-content\/uploads\/2013\/11\/esvedra.jpg\" rel=\"attachment wp-att-1073\"><img loading=\"lazy\" decoding=\"async\" class=\"size-full wp-image-1073\" src=\"https:\/\/www.santjosep.net\/wp-content\/uploads\/2013\/11\/esvedra.jpg\" alt=\"Es Vedr\u00e0 y Es Vedranell\" width=\"1000\" height=\"667\" srcset=\"https:\/\/www.santjosep.net\/wp-content\/uploads\/2013\/11\/esvedra.jpg 1000w, https:\/\/www.santjosep.net\/wp-content\/uploads\/2013\/11\/esvedra-300x200.jpg 300w\" sizes=\"auto, (max-width: 1000px) 100vw, 1000px\" \/><\/a><\/p>\n<div class=\"page\" title=\"Page 13\">\n<div class=\"layoutArea\">\n<div class=\"column\">\n<p>Wenn Sie ein bisschen weiterfahren, gelangen Sie zu mehreren Passagen, die durch die Felsen f\u00fchren, sowie zu einer kleinen Sandbucht, in der Sie mit Ihrem Kajak eine Pause einlegen k\u00f6nnen. Paddeln Sie dann entlang Sa Pedrera, einem ehemaligen Steinbruch, in dem interessante Felsformationen entstanden sind.<\/p>\n<\/div>\n<\/div>\n<\/div>\n<p><a href=\"https:\/\/www.santjosep.net\/wp-content\/uploads\/2016\/03\/IMG_9962.jpg\" rel=\"attachment wp-att-5093\"><img loading=\"lazy\" decoding=\"async\" class=\"alignnone size-full wp-image-5093\" src=\"https:\/\/www.santjosep.net\/wp-content\/uploads\/2016\/03\/IMG_9962.jpg\" alt=\"IMG_9962\" width=\"1200\" height=\"800\" srcset=\"https:\/\/www.santjosep.net\/wp-content\/uploads\/2016\/03\/IMG_9962.jpg 1200w, https:\/\/www.santjosep.net\/wp-content\/uploads\/2016\/03\/IMG_9962-300x200.jpg 300w, https:\/\/www.santjosep.net\/wp-content\/uploads\/2016\/03\/IMG_9962-768x512.jpg 768w, https:\/\/www.santjosep.net\/wp-content\/uploads\/2016\/03\/IMG_9962-1024x683.jpg 1024w\" sizes=\"auto, (max-width: 1200px) 100vw, 1200px\" \/><\/a><\/p>\n<div class=\"page\" title=\"Page 13\">\n<div class=\"layoutArea\">\n<div class=\"column\">\n<p>Kurz darauf erreichen Sie Punta de l\u2019Oliva, wo Sie Gelegenheit haben, die Felseninseln Es Vedra\u0300 und Es Vedranell aus der N\u00e4he zu bestaunen. Richten Sie Ihren Blick nach oben: Zu Ihrer Rechten sehen Sie auf dem Cap des Jueu den sagenumwobenen alten Wehrturm Torre des Savinar. Er ist auch unter dem Namen \u201ePiratenturm\u201c bekannt, da der Roman \u201eDie Toten befehlen\u201c von Vicente Blasco Iba\u0301n\u0303ez an diesem Ort spielt.<\/p>\n<\/div>\n<\/div>\n<\/div>\n<div class=\"page\" title=\"Page 13\">\n<div class=\"layoutArea\">\n<div class=\"column\">\n<p>Setzen Sie Ihren Weg entlang des Cap Blanc fort und bevor Sie nach Cala d \u0301Hort gelangen, erreichen Sie Felspassagen, in denen sich verschiedene Anlegem\u00f6glichkeiten bieten.<\/p>\n<\/div>\n<\/div>\n<\/div>\n<p><a href=\"https:\/\/www.santjosep.net\/wp-content\/uploads\/2016\/01\/caladhort_IMG_3943.jpg\" rel=\"attachment wp-att-4621\"><img loading=\"lazy\" decoding=\"async\" class=\"alignnone size-full wp-image-4621\" src=\"https:\/\/www.santjosep.net\/wp-content\/uploads\/2016\/01\/caladhort_IMG_3943.jpg\" alt=\"caladhort_IMG_3943\" width=\"1200\" height=\"800\" srcset=\"https:\/\/www.santjosep.net\/wp-content\/uploads\/2016\/01\/caladhort_IMG_3943.jpg 1200w, https:\/\/www.santjosep.net\/wp-content\/uploads\/2016\/01\/caladhort_IMG_3943-300x200.jpg 300w, https:\/\/www.santjosep.net\/wp-content\/uploads\/2016\/01\/caladhort_IMG_3943-768x512.jpg 768w, https:\/\/www.santjosep.net\/wp-content\/uploads\/2016\/01\/caladhort_IMG_3943-1024x683.jpg 1024w\" sizes=\"auto, (max-width: 1200px) 100vw, 1200px\" \/><\/a><\/p>\n<div class=\"page\" title=\"Page 13\">\n<div class=\"layoutArea\">\n<div class=\"column\">\n<p>Cala d \u0301Hort ist ein wundersch\u00f6ner Strand mit Fischerh\u00fctten, Restaurants und vielen anderen Dienstleistungen. Er ist mit dem beeindruckenden Blick auf die Felseninseln Es Vedra\u0300 und Es Vedranell einer der sch\u00f6nsten Str\u00e4nde der Gemeinde.<\/p>\n<\/div>\n<\/div>\n<\/div>\n<div class=\"page\" title=\"Page 13\">\n<div class=\"layoutArea\">\n<div class=\"column\">\n<p>Paddeln Sie weiter Richtung Norden zur Cala Truja. Sie erreichen so die kleine Sandbucht Cala Carbo\u0301, hier befindet sich neben einem Parkplatz auch ein Restaurant.<\/p>\n<\/div>\n<\/div>\n<\/div>\n","protected":false},"excerpt":{"rendered":"<p>DAUER: 3.30 Stunden L\u00c4NGE: 7,2 Seemeilen SCHWIERIGKEITSGRAD: Mittel AUSGANGSPUNKT: Ses Boques ANKUNFTSPUNKT: Cala Carb\u00f3 ANFAHRT: Von Sant Josep aus nehmen Sie die Stra\u00dfe in Richtung Es Cubells (PM-803-1). Bevor Sie das Dorf und die Kirche erreichen, biegen Sie links in [&hellip;]<\/p>\n","protected":false},"author":1,"featured_media":6737,"parent":5316,"menu_order":0,"comment_status":"closed","ping_status":"closed","template":"page-actividad.php","meta":{"_acf_changed":false,"inline_featured_image":false,"footnotes":""},"categoria_pagina":[],"class_list":["post-6736","page","type-page","status-publish","has-post-thumbnail","hentry"],"acf":[],"yoast_head":"<!-- This site is optimized with the Yoast SEO plugin v25.7 - https:\/\/yoast.com\/wordpress\/plugins\/seo\/ -->\n<title>Kajak Route von Ses Boques (Es Cubells) auf Cala Carb\u00f3 - Ibiza - Santjosep.net<\/title>\n<meta name=\"robots\" content=\"index, follow, max-snippet:-1, max-image-preview:large, max-video-preview:-1\" \/>\n<link rel=\"canonical\" href=\"https:\/\/www.santjosep.net\/de\/aktiver-tourismus\/kajak-sant-josep-ibiza\/ses-boques-es-cubells-auf-cala-carbo-ibiza\/\" \/>\n<meta property=\"og:locale\" content=\"de_DE\" \/>\n<meta property=\"og:type\" content=\"article\" \/>\n<meta property=\"og:title\" content=\"Kajak Route von Ses Boques (Es Cubells) auf Cala Carb\u00f3 - Ibiza - Santjosep.net\" \/>\n<meta property=\"og:description\" content=\"DAUER: 3.30 Stunden L\u00c4NGE: 7,2 Seemeilen SCHWIERIGKEITSGRAD: Mittel AUSGANGSPUNKT: Ses Boques ANKUNFTSPUNKT: Cala Carb\u00f3 ANFAHRT: Von Sant Josep aus nehmen Sie die Stra\u00dfe in Richtung Es Cubells (PM-803-1). Bevor Sie das Dorf und die Kirche erreichen, biegen Sie links in [&hellip;]\" \/>\n<meta property=\"og:url\" content=\"https:\/\/www.santjosep.net\/de\/aktiver-tourismus\/kajak-sant-josep-ibiza\/ses-boques-es-cubells-auf-cala-carbo-ibiza\/\" \/>\n<meta property=\"og:site_name\" content=\"Santjosep.net\" \/>\n<meta property=\"article:modified_time\" content=\"2020-01-27T13:07:49+00:00\" \/>\n<meta property=\"og:image\" content=\"https:\/\/www.santjosep.net\/wp-content\/uploads\/2015\/10\/IMG_57081.jpg\" \/>\n\t<meta property=\"og:image:width\" content=\"1200\" \/>\n\t<meta property=\"og:image:height\" content=\"800\" \/>\n\t<meta property=\"og:image:type\" content=\"image\/jpeg\" \/>\n<meta name=\"twitter:card\" content=\"summary_large_image\" \/>\n<meta name=\"twitter:label1\" content=\"Gesch\u00e4tzte Lesezeit\" \/>\n\t<meta name=\"twitter:data1\" content=\"2\u00a0Minuten\" \/>\n<script type=\"application\/ld+json\" class=\"yoast-schema-graph\">{\"@context\":\"https:\/\/schema.org\",\"@graph\":[{\"@type\":\"WebPage\",\"@id\":\"https:\/\/www.santjosep.net\/de\/aktiver-tourismus\/kajak-sant-josep-ibiza\/ses-boques-es-cubells-auf-cala-carbo-ibiza\/\",\"url\":\"https:\/\/www.santjosep.net\/de\/aktiver-tourismus\/kajak-sant-josep-ibiza\/ses-boques-es-cubells-auf-cala-carbo-ibiza\/\",\"name\":\"Kajak Route von Ses Boques (Es Cubells) auf Cala Carb\u00f3 - Ibiza - Santjosep.net\",\"isPartOf\":{\"@id\":\"https:\/\/www.santjosep.net\/#website\"},\"primaryImageOfPage\":{\"@id\":\"https:\/\/www.santjosep.net\/de\/aktiver-tourismus\/kajak-sant-josep-ibiza\/ses-boques-es-cubells-auf-cala-carbo-ibiza\/#primaryimage\"},\"image\":{\"@id\":\"https:\/\/www.santjosep.net\/de\/aktiver-tourismus\/kajak-sant-josep-ibiza\/ses-boques-es-cubells-auf-cala-carbo-ibiza\/#primaryimage\"},\"thumbnailUrl\":\"https:\/\/www.santjosep.net\/wp-content\/uploads\/2015\/10\/IMG_57081.jpg\",\"datePublished\":\"2016-03-04T10:43:08+00:00\",\"dateModified\":\"2020-01-27T13:07:49+00:00\",\"breadcrumb\":{\"@id\":\"https:\/\/www.santjosep.net\/de\/aktiver-tourismus\/kajak-sant-josep-ibiza\/ses-boques-es-cubells-auf-cala-carbo-ibiza\/#breadcrumb\"},\"inLanguage\":\"de\",\"potentialAction\":[{\"@type\":\"ReadAction\",\"target\":[\"https:\/\/www.santjosep.net\/de\/aktiver-tourismus\/kajak-sant-josep-ibiza\/ses-boques-es-cubells-auf-cala-carbo-ibiza\/\"]}]},{\"@type\":\"ImageObject\",\"inLanguage\":\"de\",\"@id\":\"https:\/\/www.santjosep.net\/de\/aktiver-tourismus\/kajak-sant-josep-ibiza\/ses-boques-es-cubells-auf-cala-carbo-ibiza\/#primaryimage\",\"url\":\"https:\/\/www.santjosep.net\/wp-content\/uploads\/2015\/10\/IMG_57081.jpg\",\"contentUrl\":\"https:\/\/www.santjosep.net\/wp-content\/uploads\/2015\/10\/IMG_57081.jpg\",\"width\":1200,\"height\":800},{\"@type\":\"BreadcrumbList\",\"@id\":\"https:\/\/www.santjosep.net\/de\/aktiver-tourismus\/kajak-sant-josep-ibiza\/ses-boques-es-cubells-auf-cala-carbo-ibiza\/#breadcrumb\",\"itemListElement\":[{\"@type\":\"ListItem\",\"position\":1,\"name\":\"Aktiver Tourismus\",\"item\":\"https:\/\/www.santjosep.net\/de\/aktiver-tourismus\/\"},{\"@type\":\"ListItem\",\"position\":2,\"name\":\"Kajak\",\"item\":\"https:\/\/www.santjosep.net\/de\/aktiver-tourismus\/kajak-sant-josep-ibiza\/\"},{\"@type\":\"ListItem\",\"position\":3,\"name\":\"Kajak Route von Ses Boques (Es Cubells) auf Cala Carb\u00f3 &#8211; Ibiza\"}]},{\"@type\":\"WebSite\",\"@id\":\"https:\/\/www.santjosep.net\/#website\",\"url\":\"https:\/\/www.santjosep.net\/\",\"name\":\"Santjosep.net\",\"description\":\"\",\"potentialAction\":[{\"@type\":\"SearchAction\",\"target\":{\"@type\":\"EntryPoint\",\"urlTemplate\":\"https:\/\/www.santjosep.net\/?s={search_term_string}\"},\"query-input\":{\"@type\":\"PropertyValueSpecification\",\"valueRequired\":true,\"valueName\":\"search_term_string\"}}],\"inLanguage\":\"de\"}]}<\/script>\n<!-- \/ Yoast SEO plugin. -->","yoast_head_json":{"title":"Kajak Route von Ses Boques (Es Cubells) auf Cala Carb\u00f3 - Ibiza - Santjosep.net","robots":{"index":"index","follow":"follow","max-snippet":"max-snippet:-1","max-image-preview":"max-image-preview:large","max-video-preview":"max-video-preview:-1"},"canonical":"https:\/\/www.santjosep.net\/de\/aktiver-tourismus\/kajak-sant-josep-ibiza\/ses-boques-es-cubells-auf-cala-carbo-ibiza\/","og_locale":"de_DE","og_type":"article","og_title":"Kajak Route von Ses Boques (Es Cubells) auf Cala Carb\u00f3 - Ibiza - Santjosep.net","og_description":"DAUER: 3.30 Stunden L\u00c4NGE: 7,2 Seemeilen SCHWIERIGKEITSGRAD: Mittel AUSGANGSPUNKT: Ses Boques ANKUNFTSPUNKT: Cala Carb\u00f3 ANFAHRT: Von Sant Josep aus nehmen Sie die Stra\u00dfe in Richtung Es Cubells (PM-803-1). Bevor Sie das Dorf und die Kirche erreichen, biegen Sie links in [&hellip;]","og_url":"https:\/\/www.santjosep.net\/de\/aktiver-tourismus\/kajak-sant-josep-ibiza\/ses-boques-es-cubells-auf-cala-carbo-ibiza\/","og_site_name":"Santjosep.net","article_modified_time":"2020-01-27T13:07:49+00:00","og_image":[{"width":1200,"height":800,"url":"https:\/\/www.santjosep.net\/wp-content\/uploads\/2015\/10\/IMG_57081.jpg","type":"image\/jpeg"}],"twitter_card":"summary_large_image","twitter_misc":{"Gesch\u00e4tzte Lesezeit":"2\u00a0Minuten"},"schema":{"@context":"https:\/\/schema.org","@graph":[{"@type":"WebPage","@id":"https:\/\/www.santjosep.net\/de\/aktiver-tourismus\/kajak-sant-josep-ibiza\/ses-boques-es-cubells-auf-cala-carbo-ibiza\/","url":"https:\/\/www.santjosep.net\/de\/aktiver-tourismus\/kajak-sant-josep-ibiza\/ses-boques-es-cubells-auf-cala-carbo-ibiza\/","name":"Kajak Route von Ses Boques (Es Cubells) auf Cala Carb\u00f3 - Ibiza - Santjosep.net","isPartOf":{"@id":"https:\/\/www.santjosep.net\/#website"},"primaryImageOfPage":{"@id":"https:\/\/www.santjosep.net\/de\/aktiver-tourismus\/kajak-sant-josep-ibiza\/ses-boques-es-cubells-auf-cala-carbo-ibiza\/#primaryimage"},"image":{"@id":"https:\/\/www.santjosep.net\/de\/aktiver-tourismus\/kajak-sant-josep-ibiza\/ses-boques-es-cubells-auf-cala-carbo-ibiza\/#primaryimage"},"thumbnailUrl":"https:\/\/www.santjosep.net\/wp-content\/uploads\/2015\/10\/IMG_57081.jpg","datePublished":"2016-03-04T10:43:08+00:00","dateModified":"2020-01-27T13:07:49+00:00","breadcrumb":{"@id":"https:\/\/www.santjosep.net\/de\/aktiver-tourismus\/kajak-sant-josep-ibiza\/ses-boques-es-cubells-auf-cala-carbo-ibiza\/#breadcrumb"},"inLanguage":"de","potentialAction":[{"@type":"ReadAction","target":["https:\/\/www.santjosep.net\/de\/aktiver-tourismus\/kajak-sant-josep-ibiza\/ses-boques-es-cubells-auf-cala-carbo-ibiza\/"]}]},{"@type":"ImageObject","inLanguage":"de","@id":"https:\/\/www.santjosep.net\/de\/aktiver-tourismus\/kajak-sant-josep-ibiza\/ses-boques-es-cubells-auf-cala-carbo-ibiza\/#primaryimage","url":"https:\/\/www.santjosep.net\/wp-content\/uploads\/2015\/10\/IMG_57081.jpg","contentUrl":"https:\/\/www.santjosep.net\/wp-content\/uploads\/2015\/10\/IMG_57081.jpg","width":1200,"height":800},{"@type":"BreadcrumbList","@id":"https:\/\/www.santjosep.net\/de\/aktiver-tourismus\/kajak-sant-josep-ibiza\/ses-boques-es-cubells-auf-cala-carbo-ibiza\/#breadcrumb","itemListElement":[{"@type":"ListItem","position":1,"name":"Aktiver Tourismus","item":"https:\/\/www.santjosep.net\/de\/aktiver-tourismus\/"},{"@type":"ListItem","position":2,"name":"Kajak","item":"https:\/\/www.santjosep.net\/de\/aktiver-tourismus\/kajak-sant-josep-ibiza\/"},{"@type":"ListItem","position":3,"name":"Kajak Route von Ses Boques (Es Cubells) auf Cala Carb\u00f3 &#8211; Ibiza"}]},{"@type":"WebSite","@id":"https:\/\/www.santjosep.net\/#website","url":"https:\/\/www.santjosep.net\/","name":"Santjosep.net","description":"","potentialAction":[{"@type":"SearchAction","target":{"@type":"EntryPoint","urlTemplate":"https:\/\/www.santjosep.net\/?s={search_term_string}"},"query-input":{"@type":"PropertyValueSpecification","valueRequired":true,"valueName":"search_term_string"}}],"inLanguage":"de"}]}},"_links":{"self":[{"href":"https:\/\/www.santjosep.net\/de\/wp-json\/wp\/v2\/pages\/6736","targetHints":{"allow":["GET"]}}],"collection":[{"href":"https:\/\/www.santjosep.net\/de\/wp-json\/wp\/v2\/pages"}],"about":[{"href":"https:\/\/www.santjosep.net\/de\/wp-json\/wp\/v2\/types\/page"}],"author":[{"embeddable":true,"href":"https:\/\/www.santjosep.net\/de\/wp-json\/wp\/v2\/users\/1"}],"replies":[{"embeddable":true,"href":"https:\/\/www.santjosep.net\/de\/wp-json\/wp\/v2\/comments?post=6736"}],"version-history":[{"count":0,"href":"https:\/\/www.santjosep.net\/de\/wp-json\/wp\/v2\/pages\/6736\/revisions"}],"up":[{"embeddable":true,"href":"https:\/\/www.santjosep.net\/de\/wp-json\/wp\/v2\/pages\/5316"}],"wp:featuredmedia":[{"embeddable":true,"href":"https:\/\/www.santjosep.net\/de\/wp-json\/wp\/v2\/media\/6737"}],"wp:attachment":[{"href":"https:\/\/www.santjosep.net\/de\/wp-json\/wp\/v2\/media?parent=6736"}],"wp:term":[{"taxonomy":"categoria_pagina","embeddable":true,"href":"https:\/\/www.santjosep.net\/de\/wp-json\/wp\/v2\/categoria_pagina?post=6736"}],"curies":[{"name":"wp","href":"https:\/\/api.w.org\/{rel}","templated":true}]}}