{"id":6729,"date":"2016-03-04T12:06:26","date_gmt":"2016-03-04T12:06:26","guid":{"rendered":"https:\/\/www.santjosep.net\/de\/sportliche-aktivitaeten\/kajak-sant-josep-ibiza\/platges-de-comte-to-sa-conillera\/"},"modified":"2020-01-27T14:07:58","modified_gmt":"2020-01-27T13:07:58","slug":"platges-de-comte-auf-sa-conillera","status":"publish","type":"page","link":"https:\/\/www.santjosep.net\/de\/aktiver-tourismus\/kajak-sant-josep-ibiza\/platges-de-comte-auf-sa-conillera\/","title":{"rendered":"Kajak Route von Platges de Comte auf Sa Conillera &#8211; Ibiza"},"content":{"rendered":"<p><iframe loading=\"lazy\" src=\"https:\/\/www.google.com\/maps\/d\/embed?mid=z5YVYhWup8YU.kZWNhN3BJ5ks\" width=\"780\" height=\"480\"><\/iframe><\/p>\n<p>DAUER: 4.00 Stunden<br \/>\nL\u00c4NGE: 6,3 Seemeilen<br \/>\nSCHWIERIGKEITSGRAD: Schwer<br \/>\nAUSGANGSPUNKT: Platges de Comte<br \/>\nANKUNFTSPUNKT: Platges de Comte<\/p>\n<p><strong>ANFAHRT<\/strong>:<\/p>\n<div class=\"page\" title=\"Page 22\">\n<div class=\"section\">\n<div class=\"layoutArea\">\n<div class=\"column\">\n<p>Fahren Sie von Sant Josep aus auf der Landstra\u00dfe PM-803 in Richtung Sant Antoni. Auf der H\u00f6he von Sant Agust\u00ed nehmen Sie die Ausfahrt auf der linken Seite in Richtung Cala Comte (Platges de Comte). Folgen Sie der Stra\u00dfe bis zum Strand.<\/p>\n<\/div>\n<\/div>\n<\/div>\n<\/div>\n<p><strong>KAJAKTOUR<\/strong>:<\/p>\n<div class=\"page\" title=\"Page 22\">\n<div class=\"section\">\n<div class=\"layoutArea\">\n<div class=\"column\">\n<p>Diese Strecke f\u00fchrt zur Felseninsel Sa Conillera, die mit einer L\u00e4nge von einer Seemeile die gr\u00f6\u00dfte der Gemeinde ist.<\/p>\n<\/div>\n<\/div>\n<\/div>\n<\/div>\n<div class=\"page\" title=\"Page 22\">\n<div class=\"section\">\n<div class=\"layoutArea\">\n<div class=\"column\">\n<p>Sie sollten wissen, dass es auf dieser Strecke weder eine Anlegem\u00f6glichkeit gibt, noch eine Pause zur Verpflegung eingelegt werden kann. An einigen Stellen kann die Strecke auch gef\u00e4hrlich werden, vor allem an der Westseite von Sa Conillera, da man sich hier auf offenem Meer befindet. Deshalb empfehlen wir, sich im Vorfeld mit allem N\u00f6tigen zu versorgen und die Vorkehrungen zu treffen, die f\u00fcr diese Strecke angebracht sind.<\/p>\n<\/div>\n<\/div>\n<\/div>\n<\/div>\n<p><a href=\"https:\/\/www.santjosep.net\/wp-content\/uploads\/2016\/03\/conillera_IMG_0062-1.jpg\" rel=\"attachment wp-att-5115\"><img loading=\"lazy\" decoding=\"async\" class=\"alignnone size-full wp-image-5115\" src=\"https:\/\/www.santjosep.net\/wp-content\/uploads\/2016\/03\/conillera_IMG_0062-1.jpg\" alt=\"conillera_IMG_0062\" width=\"1200\" height=\"800\" srcset=\"https:\/\/www.santjosep.net\/wp-content\/uploads\/2016\/03\/conillera_IMG_0062-1.jpg 1200w, https:\/\/www.santjosep.net\/wp-content\/uploads\/2016\/03\/conillera_IMG_0062-1-300x200.jpg 300w, https:\/\/www.santjosep.net\/wp-content\/uploads\/2016\/03\/conillera_IMG_0062-1-768x512.jpg 768w, https:\/\/www.santjosep.net\/wp-content\/uploads\/2016\/03\/conillera_IMG_0062-1-1024x683.jpg 1024w\" sizes=\"auto, (max-width: 1200px) 100vw, 1200px\" \/><\/a><\/p>\n<div class=\"page\" title=\"Page 22\">\n<div class=\"section\">\n<div class=\"layoutArea\">\n<div class=\"column\">\n<p>Beginnen Sie die Tour in Richtung der Insel Es Bosc und lassen diese dann auf der Backbordseite hinter sich. Fahren Sie an dem Felsvorsprung Sa Cova des Porcs vorbei und setzen Sie den Weg unterhalb der Steilk\u00fcnsten dieser fast dreieckigen Insel fort.<\/p>\n<\/div>\n<\/div>\n<\/div>\n<\/div>\n<div class=\"page\" title=\"Page 22\">\n<div class=\"section\">\n<div class=\"layoutArea\">\n<div class=\"column\">\n<p>So erreichen Sie die sch\u00f6nen Felsen Es Cap des Picatxos, die mit ihren herrlichen Formen aus dem Meer herausragen. Hier fahren Sie dann vorsichtig entlang eines felsigen Abschnitts mit starken Str\u00f6mungen und hohen Wellen, der zus\u00e4tzlich von vielen anderen Booten befahren wird.<\/p>\n<\/div>\n<\/div>\n<\/div>\n<\/div>\n<div class=\"page\" title=\"Page 22\">\n<div class=\"section\">\n<div class=\"layoutArea\">\n<div class=\"column\">\n<p>Haben Sie den Abschnitt durchquert, lassen Sie Es Cap Blanc auf der Steuerbordseite hinter sich und fahren l\u00e4ngs der K\u00fcste von Sa Conillera in Richtung Norden.<\/p>\n<\/div>\n<\/div>\n<\/div>\n<\/div>\n<div class=\"page\" title=\"Page 23\">\n<div class=\"layoutArea\">\n<div class=\"column\">\n<p>In diesem Bereich treffen Sie auf eine hohe Steilk\u00fcste und erreichen dann den Felsvorsprung Llebeig de s\u2019Estufador, der weit ins offene Meer ragt. Etwas weiter auf der Strecke kommen Sie zur Bucht s\u2019\u0301Estancia de Fora mit etwas kleineren Felsen, die dann im Cap de s\u2019A\u0300guila endet. Hier beginnt eine neue Zone mit Steilk\u00fcste, an die die Meeresstr\u00f6mung brandet.<\/p>\n<\/div>\n<\/div>\n<\/div>\n<div class=\"page\" title=\"Page 23\">\n<div class=\"layoutArea\">\n<div class=\"column\">\n<p>Auf diesem Weg gelangen Sie zu dem Felsvorsprung Es Rellotge, von wo aus Sie den Leuchtturm sehen k\u00f6nnen, der einer der sch\u00f6nsten der Pityusen und auch wichtigsten dieser K\u00fcste ist. Paddeln Sie weiter entlang der Nordk\u00fcste der Insel an den Felsvorspr\u00fcngen Punta des Cavall und Punta de Na Collet vorbei. Auch auf diesem Abschnitt sind starke Wellen zu erwarten.<\/p>\n<\/div>\n<\/div>\n<\/div>\n<div class=\"page\" title=\"Page 23\">\n<div class=\"layoutArea\">\n<div class=\"column\">\n<p>Bereits im \u00f6stlichen Teil der Insel, der normalerweise gesch\u00fctzter ist, verschwinden die hohen Steilh\u00e4nge und die K\u00fcste, die zwar noch felsig ist, wird flacher. Obwohl die Vegetation auf der Insel recht karg ist, gibt es hier einige endemische Pflanzen und unter Naturschutz stehende V\u00f6gel. Nachdem Sie an der Bucht Tramontana de s\u2019Escull angekommen sind, sehen Sie den gro\u00dfen Felsen s\u2019Escull de Sa Conillera, den Sie umrunden k\u00f6nnen, wenn das Meer ruhig ist. Sie k\u00f6nnen so zwischen dem Felsen und der K\u00fcste entlangpaddeln.<\/p>\n<\/div>\n<\/div>\n<\/div>\n<div class=\"page\" title=\"Page 23\">\n<div class=\"layoutArea\">\n<div class=\"column\">\n<p>Nun kommen Sie langsam nach s\u2019Estancia de Dins. In dieser gro\u00dfen Bucht befindet sich ein Anlegesteg, den Sie bitte nur im Notfall nutzen. Sobald Sie die Bucht durchfahren haben, erreichen Sie die Gegend von s\u2019Olleta und hier umrunden Sie den Landvorsprung Es Grum de Sal.<\/p>\n<\/div>\n<\/div>\n<\/div>\n<div class=\"page\" title=\"Page 23\">\n<div class=\"layoutArea\">\n<div class=\"column\">\n<p>Ab diesem Punkt wird die K\u00fcste wieder steiler und interessante Felsformationen begleiten Sie bis zum Cap Blanc.<\/p>\n<\/div>\n<\/div>\n<\/div>\n<p><a href=\"https:\/\/www.santjosep.net\/wp-content\/uploads\/2016\/03\/IMG_5334_1200-x-800olas.jpg\" rel=\"attachment wp-att-5119\"><img loading=\"lazy\" decoding=\"async\" class=\"alignnone size-full wp-image-5119\" src=\"https:\/\/www.santjosep.net\/wp-content\/uploads\/2016\/03\/IMG_5334_1200-x-800olas.jpg\" alt=\"IMG_5334_1200 x 800olas\" width=\"1200\" height=\"800\" srcset=\"https:\/\/www.santjosep.net\/wp-content\/uploads\/2016\/03\/IMG_5334_1200-x-800olas.jpg 1200w, https:\/\/www.santjosep.net\/wp-content\/uploads\/2016\/03\/IMG_5334_1200-x-800olas-300x200.jpg 300w, https:\/\/www.santjosep.net\/wp-content\/uploads\/2016\/03\/IMG_5334_1200-x-800olas-768x512.jpg 768w, https:\/\/www.santjosep.net\/wp-content\/uploads\/2016\/03\/IMG_5334_1200-x-800olas-1024x683.jpg 1024w\" sizes=\"auto, (max-width: 1200px) 100vw, 1200px\" \/><\/a><\/p>\n<div class=\"page\" title=\"Page 23\">\n<div class=\"layoutArea\">\n<div class=\"column\">\n<p>Nun fahren Sie wieder durch den Kanal zwischen den beiden Inseln, diesmal jedoch mit s\u2019Illa des Bosc auf der Backbordseite, da Sie die Insel nun von Westen aus umrunden. Nachdem Sie den Felsvorsprung Na Juliana hinter sich gelassen haben, paddeln Sie entlang der K\u00fcste mit Escull Llarg auf Steuerbordseite. Fahren Sie weiter, bis Sie wieder in Cala Comte angelangt sind.<\/p>\n<\/div>\n<\/div>\n<\/div>\n","protected":false},"excerpt":{"rendered":"<p>DAUER: 4.00 Stunden L\u00c4NGE: 6,3 Seemeilen SCHWIERIGKEITSGRAD: Schwer AUSGANGSPUNKT: Platges de Comte ANKUNFTSPUNKT: Platges de Comte ANFAHRT: Fahren Sie von Sant Josep aus auf der Landstra\u00dfe PM-803 in Richtung Sant Antoni. Auf der H\u00f6he von Sant Agust\u00ed nehmen Sie die [&hellip;]<\/p>\n","protected":false},"author":1,"featured_media":5121,"parent":5316,"menu_order":0,"comment_status":"closed","ping_status":"closed","template":"page-actividad.php","meta":{"_acf_changed":false,"inline_featured_image":false,"footnotes":""},"categoria_pagina":[],"class_list":["post-6729","page","type-page","status-publish","has-post-thumbnail","hentry"],"acf":[],"yoast_head":"<!-- This site is optimized with the Yoast SEO plugin v25.7 - https:\/\/yoast.com\/wordpress\/plugins\/seo\/ -->\n<title>Kajak Route von Platges de Comte auf Sa Conillera - Ibiza - Santjosep.net<\/title>\n<meta name=\"robots\" content=\"index, follow, max-snippet:-1, max-image-preview:large, max-video-preview:-1\" \/>\n<link rel=\"canonical\" href=\"https:\/\/www.santjosep.net\/de\/aktiver-tourismus\/kajak-sant-josep-ibiza\/platges-de-comte-auf-sa-conillera\/\" \/>\n<meta property=\"og:locale\" content=\"de_DE\" \/>\n<meta property=\"og:type\" content=\"article\" \/>\n<meta property=\"og:title\" content=\"Kajak Route von Platges de Comte auf Sa Conillera - Ibiza - Santjosep.net\" \/>\n<meta property=\"og:description\" content=\"DAUER: 4.00 Stunden L\u00c4NGE: 6,3 Seemeilen SCHWIERIGKEITSGRAD: Schwer AUSGANGSPUNKT: Platges de Comte ANKUNFTSPUNKT: Platges de Comte ANFAHRT: Fahren Sie von Sant Josep aus auf der Landstra\u00dfe PM-803 in Richtung Sant Antoni. Auf der H\u00f6he von Sant Agust\u00ed nehmen Sie die [&hellip;]\" \/>\n<meta property=\"og:url\" content=\"https:\/\/www.santjosep.net\/de\/aktiver-tourismus\/kajak-sant-josep-ibiza\/platges-de-comte-auf-sa-conillera\/\" \/>\n<meta property=\"og:site_name\" content=\"Santjosep.net\" \/>\n<meta property=\"article:modified_time\" content=\"2020-01-27T13:07:58+00:00\" \/>\n<meta property=\"og:image\" content=\"https:\/\/www.santjosep.net\/wp-content\/uploads\/2016\/03\/IMG_5334_1200-x-800olas.jpg\" \/>\n\t<meta property=\"og:image:width\" content=\"1200\" \/>\n\t<meta property=\"og:image:height\" content=\"800\" \/>\n\t<meta property=\"og:image:type\" content=\"image\/jpeg\" \/>\n<meta name=\"twitter:card\" content=\"summary_large_image\" \/>\n<meta name=\"twitter:label1\" content=\"Gesch\u00e4tzte Lesezeit\" \/>\n\t<meta name=\"twitter:data1\" content=\"3\u00a0Minuten\" \/>\n<script type=\"application\/ld+json\" class=\"yoast-schema-graph\">{\"@context\":\"https:\/\/schema.org\",\"@graph\":[{\"@type\":\"WebPage\",\"@id\":\"https:\/\/www.santjosep.net\/de\/aktiver-tourismus\/kajak-sant-josep-ibiza\/platges-de-comte-auf-sa-conillera\/\",\"url\":\"https:\/\/www.santjosep.net\/de\/aktiver-tourismus\/kajak-sant-josep-ibiza\/platges-de-comte-auf-sa-conillera\/\",\"name\":\"Kajak Route von Platges de Comte auf Sa Conillera - Ibiza - Santjosep.net\",\"isPartOf\":{\"@id\":\"https:\/\/www.santjosep.net\/#website\"},\"primaryImageOfPage\":{\"@id\":\"https:\/\/www.santjosep.net\/de\/aktiver-tourismus\/kajak-sant-josep-ibiza\/platges-de-comte-auf-sa-conillera\/#primaryimage\"},\"image\":{\"@id\":\"https:\/\/www.santjosep.net\/de\/aktiver-tourismus\/kajak-sant-josep-ibiza\/platges-de-comte-auf-sa-conillera\/#primaryimage\"},\"thumbnailUrl\":\"https:\/\/www.santjosep.net\/wp-content\/uploads\/2016\/03\/IMG_5334_1200-x-800olas.jpg\",\"datePublished\":\"2016-03-04T12:06:26+00:00\",\"dateModified\":\"2020-01-27T13:07:58+00:00\",\"breadcrumb\":{\"@id\":\"https:\/\/www.santjosep.net\/de\/aktiver-tourismus\/kajak-sant-josep-ibiza\/platges-de-comte-auf-sa-conillera\/#breadcrumb\"},\"inLanguage\":\"de\",\"potentialAction\":[{\"@type\":\"ReadAction\",\"target\":[\"https:\/\/www.santjosep.net\/de\/aktiver-tourismus\/kajak-sant-josep-ibiza\/platges-de-comte-auf-sa-conillera\/\"]}]},{\"@type\":\"ImageObject\",\"inLanguage\":\"de\",\"@id\":\"https:\/\/www.santjosep.net\/de\/aktiver-tourismus\/kajak-sant-josep-ibiza\/platges-de-comte-auf-sa-conillera\/#primaryimage\",\"url\":\"https:\/\/www.santjosep.net\/wp-content\/uploads\/2016\/03\/IMG_5334_1200-x-800olas.jpg\",\"contentUrl\":\"https:\/\/www.santjosep.net\/wp-content\/uploads\/2016\/03\/IMG_5334_1200-x-800olas.jpg\",\"width\":1200,\"height\":800},{\"@type\":\"BreadcrumbList\",\"@id\":\"https:\/\/www.santjosep.net\/de\/aktiver-tourismus\/kajak-sant-josep-ibiza\/platges-de-comte-auf-sa-conillera\/#breadcrumb\",\"itemListElement\":[{\"@type\":\"ListItem\",\"position\":1,\"name\":\"Aktiver Tourismus\",\"item\":\"https:\/\/www.santjosep.net\/de\/aktiver-tourismus\/\"},{\"@type\":\"ListItem\",\"position\":2,\"name\":\"Kajak\",\"item\":\"https:\/\/www.santjosep.net\/de\/aktiver-tourismus\/kajak-sant-josep-ibiza\/\"},{\"@type\":\"ListItem\",\"position\":3,\"name\":\"Kajak Route von Platges de Comte auf Sa Conillera &#8211; Ibiza\"}]},{\"@type\":\"WebSite\",\"@id\":\"https:\/\/www.santjosep.net\/#website\",\"url\":\"https:\/\/www.santjosep.net\/\",\"name\":\"Santjosep.net\",\"description\":\"\",\"potentialAction\":[{\"@type\":\"SearchAction\",\"target\":{\"@type\":\"EntryPoint\",\"urlTemplate\":\"https:\/\/www.santjosep.net\/?s={search_term_string}\"},\"query-input\":{\"@type\":\"PropertyValueSpecification\",\"valueRequired\":true,\"valueName\":\"search_term_string\"}}],\"inLanguage\":\"de\"}]}<\/script>\n<!-- \/ Yoast SEO plugin. -->","yoast_head_json":{"title":"Kajak Route von Platges de Comte auf Sa Conillera - Ibiza - Santjosep.net","robots":{"index":"index","follow":"follow","max-snippet":"max-snippet:-1","max-image-preview":"max-image-preview:large","max-video-preview":"max-video-preview:-1"},"canonical":"https:\/\/www.santjosep.net\/de\/aktiver-tourismus\/kajak-sant-josep-ibiza\/platges-de-comte-auf-sa-conillera\/","og_locale":"de_DE","og_type":"article","og_title":"Kajak Route von Platges de Comte auf Sa Conillera - Ibiza - Santjosep.net","og_description":"DAUER: 4.00 Stunden L\u00c4NGE: 6,3 Seemeilen SCHWIERIGKEITSGRAD: Schwer AUSGANGSPUNKT: Platges de Comte ANKUNFTSPUNKT: Platges de Comte ANFAHRT: Fahren Sie von Sant Josep aus auf der Landstra\u00dfe PM-803 in Richtung Sant Antoni. Auf der H\u00f6he von Sant Agust\u00ed nehmen Sie die [&hellip;]","og_url":"https:\/\/www.santjosep.net\/de\/aktiver-tourismus\/kajak-sant-josep-ibiza\/platges-de-comte-auf-sa-conillera\/","og_site_name":"Santjosep.net","article_modified_time":"2020-01-27T13:07:58+00:00","og_image":[{"width":1200,"height":800,"url":"https:\/\/www.santjosep.net\/wp-content\/uploads\/2016\/03\/IMG_5334_1200-x-800olas.jpg","type":"image\/jpeg"}],"twitter_card":"summary_large_image","twitter_misc":{"Gesch\u00e4tzte Lesezeit":"3\u00a0Minuten"},"schema":{"@context":"https:\/\/schema.org","@graph":[{"@type":"WebPage","@id":"https:\/\/www.santjosep.net\/de\/aktiver-tourismus\/kajak-sant-josep-ibiza\/platges-de-comte-auf-sa-conillera\/","url":"https:\/\/www.santjosep.net\/de\/aktiver-tourismus\/kajak-sant-josep-ibiza\/platges-de-comte-auf-sa-conillera\/","name":"Kajak Route von Platges de Comte auf Sa Conillera - Ibiza - Santjosep.net","isPartOf":{"@id":"https:\/\/www.santjosep.net\/#website"},"primaryImageOfPage":{"@id":"https:\/\/www.santjosep.net\/de\/aktiver-tourismus\/kajak-sant-josep-ibiza\/platges-de-comte-auf-sa-conillera\/#primaryimage"},"image":{"@id":"https:\/\/www.santjosep.net\/de\/aktiver-tourismus\/kajak-sant-josep-ibiza\/platges-de-comte-auf-sa-conillera\/#primaryimage"},"thumbnailUrl":"https:\/\/www.santjosep.net\/wp-content\/uploads\/2016\/03\/IMG_5334_1200-x-800olas.jpg","datePublished":"2016-03-04T12:06:26+00:00","dateModified":"2020-01-27T13:07:58+00:00","breadcrumb":{"@id":"https:\/\/www.santjosep.net\/de\/aktiver-tourismus\/kajak-sant-josep-ibiza\/platges-de-comte-auf-sa-conillera\/#breadcrumb"},"inLanguage":"de","potentialAction":[{"@type":"ReadAction","target":["https:\/\/www.santjosep.net\/de\/aktiver-tourismus\/kajak-sant-josep-ibiza\/platges-de-comte-auf-sa-conillera\/"]}]},{"@type":"ImageObject","inLanguage":"de","@id":"https:\/\/www.santjosep.net\/de\/aktiver-tourismus\/kajak-sant-josep-ibiza\/platges-de-comte-auf-sa-conillera\/#primaryimage","url":"https:\/\/www.santjosep.net\/wp-content\/uploads\/2016\/03\/IMG_5334_1200-x-800olas.jpg","contentUrl":"https:\/\/www.santjosep.net\/wp-content\/uploads\/2016\/03\/IMG_5334_1200-x-800olas.jpg","width":1200,"height":800},{"@type":"BreadcrumbList","@id":"https:\/\/www.santjosep.net\/de\/aktiver-tourismus\/kajak-sant-josep-ibiza\/platges-de-comte-auf-sa-conillera\/#breadcrumb","itemListElement":[{"@type":"ListItem","position":1,"name":"Aktiver Tourismus","item":"https:\/\/www.santjosep.net\/de\/aktiver-tourismus\/"},{"@type":"ListItem","position":2,"name":"Kajak","item":"https:\/\/www.santjosep.net\/de\/aktiver-tourismus\/kajak-sant-josep-ibiza\/"},{"@type":"ListItem","position":3,"name":"Kajak Route von Platges de Comte auf Sa Conillera &#8211; Ibiza"}]},{"@type":"WebSite","@id":"https:\/\/www.santjosep.net\/#website","url":"https:\/\/www.santjosep.net\/","name":"Santjosep.net","description":"","potentialAction":[{"@type":"SearchAction","target":{"@type":"EntryPoint","urlTemplate":"https:\/\/www.santjosep.net\/?s={search_term_string}"},"query-input":{"@type":"PropertyValueSpecification","valueRequired":true,"valueName":"search_term_string"}}],"inLanguage":"de"}]}},"_links":{"self":[{"href":"https:\/\/www.santjosep.net\/de\/wp-json\/wp\/v2\/pages\/6729","targetHints":{"allow":["GET"]}}],"collection":[{"href":"https:\/\/www.santjosep.net\/de\/wp-json\/wp\/v2\/pages"}],"about":[{"href":"https:\/\/www.santjosep.net\/de\/wp-json\/wp\/v2\/types\/page"}],"author":[{"embeddable":true,"href":"https:\/\/www.santjosep.net\/de\/wp-json\/wp\/v2\/users\/1"}],"replies":[{"embeddable":true,"href":"https:\/\/www.santjosep.net\/de\/wp-json\/wp\/v2\/comments?post=6729"}],"version-history":[{"count":0,"href":"https:\/\/www.santjosep.net\/de\/wp-json\/wp\/v2\/pages\/6729\/revisions"}],"up":[{"embeddable":true,"href":"https:\/\/www.santjosep.net\/de\/wp-json\/wp\/v2\/pages\/5316"}],"wp:featuredmedia":[{"embeddable":true,"href":"https:\/\/www.santjosep.net\/de\/wp-json\/wp\/v2\/media\/5121"}],"wp:attachment":[{"href":"https:\/\/www.santjosep.net\/de\/wp-json\/wp\/v2\/media?parent=6729"}],"wp:term":[{"taxonomy":"categoria_pagina","embeddable":true,"href":"https:\/\/www.santjosep.net\/de\/wp-json\/wp\/v2\/categoria_pagina?post=6729"}],"curies":[{"name":"wp","href":"https:\/\/api.w.org\/{rel}","templated":true}]}}