{"id":6363,"date":"2013-03-23T05:01:12","date_gmt":"2013-03-23T05:01:12","guid":{"rendered":"https:\/\/www.santjosep.net\/de\/blog\/"},"modified":"2020-01-23T10:57:12","modified_gmt":"2020-01-23T09:57:12","slug":"blog","status":"publish","type":"page","link":"https:\/\/www.santjosep.net\/de\/blog\/","title":{"rendered":"Viu Sant Josep"},"content":{"rendered":"<div class=\"wpb-content-wrapper\"><p>[vc_row enable_hue_rotation=&#8220;no&#8220; enable_text_marquee=&#8220;no&#8220; css=&#8220;.vc_custom_1579773470836{margin-top: 50px !important;}&#8220;][vc_column]<div class=\"edgtf-blog-list-holder edgtf-bl-standard edgtf-bl-two-columns edgtf-bl-large-space edgtf-bl-pag-no-pagination edgtf-bl-dark\"  data-type=standard data-number-of-posts=-1 data-number-of-columns=2 data-space-between-columns=large data-order-by=date data-order=DESC data-image-size=full data-skin=dark data-title-tag=h4 data-excerpt-length=40 data-post-info-section=yes data-post-info-image=yes data-post-info-author=no data-post-info-date=yes data-post-info-category=yes data-post-info-comments=no data-post-info-share=no data-pagination-type=no-pagination data-max-num-pages=0 data-next-page=2>\n\t<div class=\"edgtf-bl-wrapper\">\n\t\t<ul class=\"edgtf-blog-list\">\n\t\t\t<li class=\"edgtf-bl-item clearfix\">\n\t<div class=\"edgtf-bli-inner\">\n\t\t\n\t<div class=\"edgtf-post-image\">\n\t\t\t\t\t<a itemprop=\"url\" href=\"https:\/\/www.santjosep.net\/de\/sant-josep-full-of-life\/\" title=\"Sant Josep, Full of Life\">\n\t\t\t\t\t\t\t\t\t<img loading=\"lazy\" decoding=\"async\" width=\"1620\" height=\"1080\" src=\"https:\/\/www.santjosep.net\/wp-content\/uploads\/2025\/11\/Disen\u0303o-sin-ti\u0301tulo-1.jpg\" class=\"attachment-full size-full wp-post-image\" alt=\"\" srcset=\"https:\/\/www.santjosep.net\/wp-content\/uploads\/2025\/11\/Disen\u0303o-sin-ti\u0301tulo-1.jpg 1620w, https:\/\/www.santjosep.net\/wp-content\/uploads\/2025\/11\/Disen\u0303o-sin-ti\u0301tulo-1-300x200.jpg 300w, https:\/\/www.santjosep.net\/wp-content\/uploads\/2025\/11\/Disen\u0303o-sin-ti\u0301tulo-1-1024x683.jpg 1024w, https:\/\/www.santjosep.net\/wp-content\/uploads\/2025\/11\/Disen\u0303o-sin-ti\u0301tulo-1-768x512.jpg 768w, https:\/\/www.santjosep.net\/wp-content\/uploads\/2025\/11\/Disen\u0303o-sin-ti\u0301tulo-1-1536x1024.jpg 1536w\" sizes=\"auto, (max-width: 1620px) 100vw, 1620px\" \/>\t\t\t\t\t\t\t\t<\/a>\n\t\t\t<\/div>\n        <div class=\"edgtf-bli-content\">\n                            <div class=\"edgtf-bli-date\">\n\t                <div itemprop=\"dateCreated\" class=\"edgtf-post-info-date entry-date published updated\">\n            <a itemprop=\"url\" href=\"https:\/\/www.santjosep.net\/de\/2025\/11\/\">\n    \n        6 November 2025        <\/a>\n    <meta itemprop=\"interactionCount\" content=\"UserComments: 0\"\/>\n<\/div>                <\/div>\n            \t\n\t        \n<h4 itemprop=\"name\" class=\"entry-title edgtf-post-title\" >\n            <a itemprop=\"url\" href=\"https:\/\/www.santjosep.net\/de\/sant-josep-full-of-life\/\" title=\"Sant Josep, Full of Life\">\n            Sant Josep, Full of Life            <\/a>\n    <\/h4>\n\t        <div class=\"edgtf-bli-info\">\n\t\t        <div class=\"edgtf-post-info-category\">\n    <a href=\"https:\/\/www.santjosep.net\/de\/category\/unkategorisiert\/\" rel=\"category tag\">Unkategorisiert<\/a><\/div>\t        <\/div>\n\n\t        <div class=\"edgtf-bli-excerpt\">\n\t\t        \t\t<div class=\"edgtf-post-excerpt-holder\">\n\t\t\t<p itemprop=\"description\" class=\"edgtf-post-excerpt\">\n\t\t\t\tSant Josep, Full of Life\u201d is an invitation to discover an authentic, active destination full of energy all year round.\t\t\t<\/p>\n\t\t<\/div>\n\t\t\t        \t<div class=\"edgtf-post-read-more-button\">\n\t\t<a itemprop=\"url\" href=\"https:\/\/www.santjosep.net\/de\/sant-josep-full-of-life\/\" target=\"_self\"  class=\"edgtf-btn edgtf-btn-medium edgtf-btn-simple edgtf-btn-switch-line edgtf-blog-list-button\"  >\t\t\t<span class=\"edgtf-btn-icon-element\"><\/span>\t\t<span class=\"edgtf-btn-text\">Weiterlesen<span class=\"edgtf-btn-text-line\" ><\/span><span class=\"edgtf-btn-switch-line\" ><\/span><\/span>\t<\/a>\t<\/div>\n\t        <\/div>\n        <\/div>\n\t<\/div>\n<\/li><li class=\"edgtf-bl-item clearfix\">\n\t<div class=\"edgtf-bli-inner\">\n\t\t\n\t<div class=\"edgtf-post-image\">\n\t\t\t\t\t<a itemprop=\"url\" href=\"https:\/\/www.santjosep.net\/de\/museum-sa-caleta-die-phoenizische-welt\/\" title=\"Museum Sa Caleta, die ph\u00f6nizische Welt\">\n\t\t\t\t\t\t\t\t\t<img loading=\"lazy\" decoding=\"async\" width=\"1920\" height=\"1280\" src=\"https:\/\/www.santjosep.net\/wp-content\/uploads\/2025\/06\/DSC08221.jpg\" class=\"attachment-full size-full wp-post-image\" alt=\"\" srcset=\"https:\/\/www.santjosep.net\/wp-content\/uploads\/2025\/06\/DSC08221.jpg 1920w, https:\/\/www.santjosep.net\/wp-content\/uploads\/2025\/06\/DSC08221-300x200.jpg 300w, https:\/\/www.santjosep.net\/wp-content\/uploads\/2025\/06\/DSC08221-1024x683.jpg 1024w, https:\/\/www.santjosep.net\/wp-content\/uploads\/2025\/06\/DSC08221-768x512.jpg 768w, https:\/\/www.santjosep.net\/wp-content\/uploads\/2025\/06\/DSC08221-1536x1024.jpg 1536w\" sizes=\"auto, (max-width: 1920px) 100vw, 1920px\" \/>\t\t\t\t\t\t\t\t<\/a>\n\t\t\t<\/div>\n        <div class=\"edgtf-bli-content\">\n                            <div class=\"edgtf-bli-date\">\n\t                <div itemprop=\"dateCreated\" class=\"edgtf-post-info-date entry-date published updated\">\n            <a itemprop=\"url\" href=\"https:\/\/www.santjosep.net\/de\/2025\/06\/\">\n    \n        5 Juni 2025        <\/a>\n    <meta itemprop=\"interactionCount\" content=\"UserComments: 0\"\/>\n<\/div>                <\/div>\n            \t\n\t        \n<h4 itemprop=\"name\" class=\"entry-title edgtf-post-title\" >\n            <a itemprop=\"url\" href=\"https:\/\/www.santjosep.net\/de\/museum-sa-caleta-die-phoenizische-welt\/\" title=\"Museum Sa Caleta, die ph\u00f6nizische Welt\">\n            Museum Sa Caleta, die ph\u00f6nizische Welt            <\/a>\n    <\/h4>\n\t        <div class=\"edgtf-bli-info\">\n\t\t        <div class=\"edgtf-post-info-category\">\n    <a href=\"https:\/\/www.santjosep.net\/de\/category\/erbe\/\" rel=\"category tag\">Erbe<\/a>, <a href=\"https:\/\/www.santjosep.net\/de\/category\/kultur\/\" rel=\"category tag\">Kultur<\/a><\/div>\t        <\/div>\n\n\t        <div class=\"edgtf-bli-excerpt\">\n\t\t        \t\t<div class=\"edgtf-post-excerpt-holder\">\n\t\t\t<p itemprop=\"description\" class=\"edgtf-post-excerpt\">\n\t\t\t\tDas Ph\u00f6nizische Dorf in Sa Caleta an der S\u00fcdk\u00fcste Ibizas ist ein wertvolles Zeitzeugnis, das Auskunft \u00fcber die Urspr\u00fcnge der Insel und die Ausbreitung der Ph\u00f6nizier im westlichen Mittelmeer gibt.\t\t\t<\/p>\n\t\t<\/div>\n\t\t\t        \t<div class=\"edgtf-post-read-more-button\">\n\t\t<a itemprop=\"url\" href=\"https:\/\/www.santjosep.net\/de\/museum-sa-caleta-die-phoenizische-welt\/\" target=\"_self\"  class=\"edgtf-btn edgtf-btn-medium edgtf-btn-simple edgtf-btn-switch-line edgtf-blog-list-button\"  >\t\t\t<span class=\"edgtf-btn-icon-element\"><\/span>\t\t<span class=\"edgtf-btn-text\">Weiterlesen<span class=\"edgtf-btn-text-line\" ><\/span><span class=\"edgtf-btn-switch-line\" ><\/span><\/span>\t<\/a>\t<\/div>\n\t        <\/div>\n        <\/div>\n\t<\/div>\n<\/li><li class=\"edgtf-bl-item clearfix\">\n\t<div class=\"edgtf-bli-inner\">\n\t\t\n\t<div class=\"edgtf-post-image\">\n\t\t\t\t\t<a itemprop=\"url\" href=\"https:\/\/www.santjosep.net\/de\/regulacion-del-alquiler-de-caravanas-en-ibiza-multas-de-hasta-30-000-euros\/\" title=\"Regulierung der Wohnmobilvermietung auf Ibiza: Geldstrafen von bis zu 30.000 Euro\">\n\t\t\t\t\t\t\t\t\t<img loading=\"lazy\" decoding=\"async\" width=\"1000\" height=\"662\" src=\"https:\/\/www.santjosep.net\/wp-content\/uploads\/2025\/02\/shutterstock_1702455343.jpg\" class=\"attachment-full size-full wp-post-image\" alt=\"\" srcset=\"https:\/\/www.santjosep.net\/wp-content\/uploads\/2025\/02\/shutterstock_1702455343.jpg 1000w, https:\/\/www.santjosep.net\/wp-content\/uploads\/2025\/02\/shutterstock_1702455343-300x199.jpg 300w, https:\/\/www.santjosep.net\/wp-content\/uploads\/2025\/02\/shutterstock_1702455343-768x508.jpg 768w\" sizes=\"auto, (max-width: 1000px) 100vw, 1000px\" \/>\t\t\t\t\t\t\t\t<\/a>\n\t\t\t<\/div>\n        <div class=\"edgtf-bli-content\">\n                            <div class=\"edgtf-bli-date\">\n\t                <div itemprop=\"dateCreated\" class=\"edgtf-post-info-date entry-date published updated\">\n            <a itemprop=\"url\" href=\"https:\/\/www.santjosep.net\/de\/2025\/02\/\">\n    \n        26 Februar 2025        <\/a>\n    <meta itemprop=\"interactionCount\" content=\"UserComments: 0\"\/>\n<\/div>                <\/div>\n            \t\n\t        \n<h4 itemprop=\"name\" class=\"entry-title edgtf-post-title\" >\n            <a itemprop=\"url\" href=\"https:\/\/www.santjosep.net\/de\/regulacion-del-alquiler-de-caravanas-en-ibiza-multas-de-hasta-30-000-euros\/\" title=\"Regulierung der Wohnmobilvermietung auf Ibiza: Geldstrafen von bis zu 30.000 Euro\">\n            Regulierung der Wohnmobilvermietung auf Ibiza: Geldstrafen von bis zu 30.000 Euro            <\/a>\n    <\/h4>\n\t        <div class=\"edgtf-bli-info\">\n\t\t        <div class=\"edgtf-post-info-category\">\n    <a href=\"https:\/\/www.santjosep.net\/de\/category\/nuetzliche-informationen\/\" rel=\"category tag\">N\u00fctzliche Informationen<\/a><\/div>\t        <\/div>\n\n\t        <div class=\"edgtf-bli-excerpt\">\n\t\t        \t\t<div class=\"edgtf-post-excerpt-holder\">\n\t\t\t<p itemprop=\"description\" class=\"edgtf-post-excerpt\">\n\t\t\t\tUm Betrug bei der Vermietung von Wohnmobilen zu verhindern und die Einhaltung der geltenden Vorschriften sicherzustellen, gilt auf Ibiza das Gesetz 5\/2024 zur Kontrolle des Fahrzeugaufkommens. Diese Gesetzgebung zielt darauf ab, die Pr\u00e4senz von Fahrzeugen auf der Insel zu regulieren\t\t\t<\/p>\n\t\t<\/div>\n\t\t\t        \t<div class=\"edgtf-post-read-more-button\">\n\t\t<a itemprop=\"url\" href=\"https:\/\/www.santjosep.net\/de\/regulacion-del-alquiler-de-caravanas-en-ibiza-multas-de-hasta-30-000-euros\/\" target=\"_self\"  class=\"edgtf-btn edgtf-btn-medium edgtf-btn-simple edgtf-btn-switch-line edgtf-blog-list-button\"  >\t\t\t<span class=\"edgtf-btn-icon-element\"><\/span>\t\t<span class=\"edgtf-btn-text\">Weiterlesen<span class=\"edgtf-btn-text-line\" ><\/span><span class=\"edgtf-btn-switch-line\" ><\/span><\/span>\t<\/a>\t<\/div>\n\t        <\/div>\n        <\/div>\n\t<\/div>\n<\/li><li class=\"edgtf-bl-item clearfix\">\n\t<div class=\"edgtf-bli-inner\">\n\t\t\n\t<div class=\"edgtf-post-image\">\n\t\t\t\t\t<a itemprop=\"url\" href=\"https:\/\/www.santjosep.net\/de\/sant-josep-praesentiert-drei-schwimmkanaele-im-meer-an-den-straenden-port-des-torrent-ses-salines-und-zwischen-es-pouet-und-sestanyol\/\" title=\"Sant Josep pr\u00e4sentiert drei Schwimmkan\u00e4le im Meer an den Str\u00e4nden Port des Torrent, Ses Salines und zwischen Es Pouet und S&#8217;Estanyol\">\n\t\t\t\t\t\t\t\t\t<img loading=\"lazy\" decoding=\"async\" width=\"2048\" height=\"1479\" src=\"https:\/\/www.santjosep.net\/wp-content\/uploads\/2024\/07\/Canal-natacio-3.jpg\" class=\"attachment-full size-full wp-post-image\" alt=\"\" srcset=\"https:\/\/www.santjosep.net\/wp-content\/uploads\/2024\/07\/Canal-natacio-3.jpg 2048w, https:\/\/www.santjosep.net\/wp-content\/uploads\/2024\/07\/Canal-natacio-3-300x217.jpg 300w, https:\/\/www.santjosep.net\/wp-content\/uploads\/2024\/07\/Canal-natacio-3-1024x740.jpg 1024w, https:\/\/www.santjosep.net\/wp-content\/uploads\/2024\/07\/Canal-natacio-3-768x555.jpg 768w, https:\/\/www.santjosep.net\/wp-content\/uploads\/2024\/07\/Canal-natacio-3-1536x1109.jpg 1536w\" sizes=\"auto, (max-width: 2048px) 100vw, 2048px\" \/>\t\t\t\t\t\t\t\t<\/a>\n\t\t\t<\/div>\n        <div class=\"edgtf-bli-content\">\n                            <div class=\"edgtf-bli-date\">\n\t                <div itemprop=\"dateCreated\" class=\"edgtf-post-info-date entry-date published updated\">\n            <a itemprop=\"url\" href=\"https:\/\/www.santjosep.net\/de\/2024\/07\/\">\n    \n        18 Juli 2024        <\/a>\n    <meta itemprop=\"interactionCount\" content=\"UserComments: 0\"\/>\n<\/div>                <\/div>\n            \t\n\t        \n<h4 itemprop=\"name\" class=\"entry-title edgtf-post-title\" >\n            <a itemprop=\"url\" href=\"https:\/\/www.santjosep.net\/de\/sant-josep-praesentiert-drei-schwimmkanaele-im-meer-an-den-straenden-port-des-torrent-ses-salines-und-zwischen-es-pouet-und-sestanyol\/\" title=\"Sant Josep pr\u00e4sentiert drei Schwimmkan\u00e4le im Meer an den Str\u00e4nden Port des Torrent, Ses Salines und zwischen Es Pouet und S&#8217;Estanyol\">\n            Sant Josep pr\u00e4sentiert drei Schwimmkan\u00e4le im Meer an den Str\u00e4nden Port des Torrent, Ses Salines und zwischen Es Pouet und S&#8217;Estanyol            <\/a>\n    <\/h4>\n\t        <div class=\"edgtf-bli-info\">\n\t\t        <div class=\"edgtf-post-info-category\">\n    <a href=\"https:\/\/www.santjosep.net\/de\/category\/straende\/\" rel=\"category tag\">Str\u00e4nde<\/a><\/div>\t        <\/div>\n\n\t        <div class=\"edgtf-bli-excerpt\">\n\t\t        \t\t<div class=\"edgtf-post-excerpt-holder\">\n\t\t\t<p itemprop=\"description\" class=\"edgtf-post-excerpt\">\n\t\t\t\tAlle drei sind ungef\u00e4hr 500 Meter lang und mit Aufklebern gekennzeichnet, die die L\u00e4nge der zur\u00fcckgelegten Strecke ab dem Ausgangspunkt angeben.\r\n\r\nDie Gemeinde Sant Josep de Sa Talaia, genauer die Beh\u00f6rde f\u00fcr Umwelt, K\u00fcsten und Nachhaltigkeit und die Beh\u00f6rde f\u00fcr Sport,\t\t\t<\/p>\n\t\t<\/div>\n\t\t\t        \t<div class=\"edgtf-post-read-more-button\">\n\t\t<a itemprop=\"url\" href=\"https:\/\/www.santjosep.net\/de\/sant-josep-praesentiert-drei-schwimmkanaele-im-meer-an-den-straenden-port-des-torrent-ses-salines-und-zwischen-es-pouet-und-sestanyol\/\" target=\"_self\"  class=\"edgtf-btn edgtf-btn-medium edgtf-btn-simple edgtf-btn-switch-line edgtf-blog-list-button\"  >\t\t\t<span class=\"edgtf-btn-icon-element\"><\/span>\t\t<span class=\"edgtf-btn-text\">Weiterlesen<span class=\"edgtf-btn-text-line\" ><\/span><span class=\"edgtf-btn-switch-line\" ><\/span><\/span>\t<\/a>\t<\/div>\n\t        <\/div>\n        <\/div>\n\t<\/div>\n<\/li><li class=\"edgtf-bl-item clearfix\">\n\t<div class=\"edgtf-bli-inner\">\n\t\t\n\t<div class=\"edgtf-post-image\">\n\t\t\t\t\t<a itemprop=\"url\" href=\"https:\/\/www.santjosep.net\/de\/la-costa-oeste-y-sur-de-ibiza-por-mar\/\" title=\"Die West- und S\u00fcdk\u00fcste Ibizas vom Wasser aus entdecken\">\n\t\t\t\t\t\t\t\t\t<img loading=\"lazy\" decoding=\"async\" width=\"1500\" height=\"1125\" src=\"https:\/\/www.santjosep.net\/wp-content\/uploads\/2023\/07\/portada_mar_ibiza.jpg\" class=\"attachment-full size-full wp-post-image\" alt=\"\" srcset=\"https:\/\/www.santjosep.net\/wp-content\/uploads\/2023\/07\/portada_mar_ibiza.jpg 1500w, https:\/\/www.santjosep.net\/wp-content\/uploads\/2023\/07\/portada_mar_ibiza-300x225.jpg 300w, https:\/\/www.santjosep.net\/wp-content\/uploads\/2023\/07\/portada_mar_ibiza-1024x768.jpg 1024w, https:\/\/www.santjosep.net\/wp-content\/uploads\/2023\/07\/portada_mar_ibiza-768x576.jpg 768w, https:\/\/www.santjosep.net\/wp-content\/uploads\/2023\/07\/portada_mar_ibiza-800x600.jpg 800w\" sizes=\"auto, (max-width: 1500px) 100vw, 1500px\" \/>\t\t\t\t\t\t\t\t<\/a>\n\t\t\t<\/div>\n        <div class=\"edgtf-bli-content\">\n                            <div class=\"edgtf-bli-date\">\n\t                <div itemprop=\"dateCreated\" class=\"edgtf-post-info-date entry-date published updated\">\n            <a itemprop=\"url\" href=\"https:\/\/www.santjosep.net\/de\/2023\/07\/\">\n    \n        6 Juli 2023        <\/a>\n    <meta itemprop=\"interactionCount\" content=\"UserComments: 0\"\/>\n<\/div>                <\/div>\n            \t\n\t        \n<h4 itemprop=\"name\" class=\"entry-title edgtf-post-title\" >\n            <a itemprop=\"url\" href=\"https:\/\/www.santjosep.net\/de\/la-costa-oeste-y-sur-de-ibiza-por-mar\/\" title=\"Die West- und S\u00fcdk\u00fcste Ibizas vom Wasser aus entdecken\">\n            Die West- und S\u00fcdk\u00fcste Ibizas vom Wasser aus entdecken            <\/a>\n    <\/h4>\n\t        <div class=\"edgtf-bli-info\">\n\t\t        <div class=\"edgtf-post-info-category\">\n    <a href=\"https:\/\/www.santjosep.net\/de\/category\/rounten\/\" rel=\"category tag\">Rounten<\/a><\/div>\t        <\/div>\n\n\t        <div class=\"edgtf-bli-excerpt\">\n\t\t        \t\t<div class=\"edgtf-post-excerpt-holder\">\n\t\t\t<p itemprop=\"description\" class=\"edgtf-post-excerpt\">\n\t\t\t\tMehr als 80 km K\u00fcstenlinie und 32 Str\u00e4nde. Diese beiden Zahlen fassen gut zusammen, welches Riesenpotenzial die Gemeinde Sant Josep de sa Talaia f\u00fcr Freunde des Bootssports birgt.\t\t\t<\/p>\n\t\t<\/div>\n\t\t\t        \t<div class=\"edgtf-post-read-more-button\">\n\t\t<a itemprop=\"url\" href=\"https:\/\/www.santjosep.net\/de\/la-costa-oeste-y-sur-de-ibiza-por-mar\/\" target=\"_self\"  class=\"edgtf-btn edgtf-btn-medium edgtf-btn-simple edgtf-btn-switch-line edgtf-blog-list-button\"  >\t\t\t<span class=\"edgtf-btn-icon-element\"><\/span>\t\t<span class=\"edgtf-btn-text\">Weiterlesen<span class=\"edgtf-btn-text-line\" ><\/span><span class=\"edgtf-btn-switch-line\" ><\/span><\/span>\t<\/a>\t<\/div>\n\t        <\/div>\n        <\/div>\n\t<\/div>\n<\/li><li class=\"edgtf-bl-item clearfix\">\n\t<div class=\"edgtf-bli-inner\">\n\t\t\n\t<div class=\"edgtf-post-image\">\n\t\t\t\t\t<a itemprop=\"url\" href=\"https:\/\/www.santjosep.net\/de\/cala-carbo-un-rincon-con-encanto-al-sur-de-ibiza\/\" title=\"Cala Carb\u00f3, ein zauberhaftes Fleckchen Erde im S\u00fcden Ibizas\">\n\t\t\t\t\t\t\t\t\t<img loading=\"lazy\" decoding=\"async\" width=\"1900\" height=\"1425\" src=\"https:\/\/www.santjosep.net\/wp-content\/uploads\/2023\/07\/temp_image_for_default_share-6.jpg\" class=\"attachment-full size-full wp-post-image\" alt=\"\" srcset=\"https:\/\/www.santjosep.net\/wp-content\/uploads\/2023\/07\/temp_image_for_default_share-6.jpg 1900w, https:\/\/www.santjosep.net\/wp-content\/uploads\/2023\/07\/temp_image_for_default_share-6-300x225.jpg 300w, https:\/\/www.santjosep.net\/wp-content\/uploads\/2023\/07\/temp_image_for_default_share-6-1024x768.jpg 1024w, https:\/\/www.santjosep.net\/wp-content\/uploads\/2023\/07\/temp_image_for_default_share-6-768x576.jpg 768w, https:\/\/www.santjosep.net\/wp-content\/uploads\/2023\/07\/temp_image_for_default_share-6-1536x1152.jpg 1536w, https:\/\/www.santjosep.net\/wp-content\/uploads\/2023\/07\/temp_image_for_default_share-6-800x600.jpg 800w\" sizes=\"auto, (max-width: 1900px) 100vw, 1900px\" \/>\t\t\t\t\t\t\t\t<\/a>\n\t\t\t<\/div>\n        <div class=\"edgtf-bli-content\">\n                            <div class=\"edgtf-bli-date\">\n\t                <div itemprop=\"dateCreated\" class=\"edgtf-post-info-date entry-date published updated\">\n            <a itemprop=\"url\" href=\"https:\/\/www.santjosep.net\/de\/2023\/06\/\">\n    \n        22 Juni 2023        <\/a>\n    <meta itemprop=\"interactionCount\" content=\"UserComments: 0\"\/>\n<\/div>                <\/div>\n            \t\n\t        \n<h4 itemprop=\"name\" class=\"entry-title edgtf-post-title\" >\n            <a itemprop=\"url\" href=\"https:\/\/www.santjosep.net\/de\/cala-carbo-un-rincon-con-encanto-al-sur-de-ibiza\/\" title=\"Cala Carb\u00f3, ein zauberhaftes Fleckchen Erde im S\u00fcden Ibizas\">\n            Cala Carb\u00f3, ein zauberhaftes Fleckchen Erde im S\u00fcden Ibizas            <\/a>\n    <\/h4>\n\t        <div class=\"edgtf-bli-info\">\n\t\t        <div class=\"edgtf-post-info-category\">\n    <a href=\"https:\/\/www.santjosep.net\/de\/category\/straende\/\" rel=\"category tag\">Str\u00e4nde<\/a><\/div>\t        <\/div>\n\n\t        <div class=\"edgtf-bli-excerpt\">\n\t\t        \t\t<div class=\"edgtf-post-excerpt-holder\">\n\t\t\t<p itemprop=\"description\" class=\"edgtf-post-excerpt\">\n\t\t\t\tCala Carb\u00f3 ist eine bezaubernde Buch im S\u00fcden der Insel. Hier findet sich alles, was die kleinen K\u00fcstenorte des Mittelmeers so attraktiv macht.\t\t\t<\/p>\n\t\t<\/div>\n\t\t\t        \t<div class=\"edgtf-post-read-more-button\">\n\t\t<a itemprop=\"url\" href=\"https:\/\/www.santjosep.net\/de\/cala-carbo-un-rincon-con-encanto-al-sur-de-ibiza\/\" target=\"_self\"  class=\"edgtf-btn edgtf-btn-medium edgtf-btn-simple edgtf-btn-switch-line edgtf-blog-list-button\"  >\t\t\t<span class=\"edgtf-btn-icon-element\"><\/span>\t\t<span class=\"edgtf-btn-text\">Weiterlesen<span class=\"edgtf-btn-text-line\" ><\/span><span class=\"edgtf-btn-switch-line\" ><\/span><\/span>\t<\/a>\t<\/div>\n\t        <\/div>\n        <\/div>\n\t<\/div>\n<\/li><li class=\"edgtf-bl-item clearfix\">\n\t<div class=\"edgtf-bli-inner\">\n\t\t\n\t<div class=\"edgtf-post-image\">\n\t\t\t\t\t<a itemprop=\"url\" href=\"https:\/\/www.santjosep.net\/de\/disfruta-de-la-gastronomia-de-sant-josep\/\" title=\"Lass\u2019 dich von der Gastronomie von Sant Josep begeistern\">\n\t\t\t\t\t\t\t\t\t<img loading=\"lazy\" decoding=\"async\" width=\"1500\" height=\"1125\" src=\"https:\/\/www.santjosep.net\/wp-content\/uploads\/2023\/05\/Portada_P1055607.jpg\" class=\"attachment-full size-full wp-post-image\" alt=\"\" srcset=\"https:\/\/www.santjosep.net\/wp-content\/uploads\/2023\/05\/Portada_P1055607.jpg 1500w, https:\/\/www.santjosep.net\/wp-content\/uploads\/2023\/05\/Portada_P1055607-300x225.jpg 300w, https:\/\/www.santjosep.net\/wp-content\/uploads\/2023\/05\/Portada_P1055607-1024x768.jpg 1024w, https:\/\/www.santjosep.net\/wp-content\/uploads\/2023\/05\/Portada_P1055607-768x576.jpg 768w, https:\/\/www.santjosep.net\/wp-content\/uploads\/2023\/05\/Portada_P1055607-800x600.jpg 800w\" sizes=\"auto, (max-width: 1500px) 100vw, 1500px\" \/>\t\t\t\t\t\t\t\t<\/a>\n\t\t\t<\/div>\n        <div class=\"edgtf-bli-content\">\n                            <div class=\"edgtf-bli-date\">\n\t                <div itemprop=\"dateCreated\" class=\"edgtf-post-info-date entry-date published updated\">\n            <a itemprop=\"url\" href=\"https:\/\/www.santjosep.net\/de\/2023\/05\/\">\n    \n        16 Mai 2023        <\/a>\n    <meta itemprop=\"interactionCount\" content=\"UserComments: 0\"\/>\n<\/div>                <\/div>\n            \t\n\t        \n<h4 itemprop=\"name\" class=\"entry-title edgtf-post-title\" >\n            <a itemprop=\"url\" href=\"https:\/\/www.santjosep.net\/de\/disfruta-de-la-gastronomia-de-sant-josep\/\" title=\"Lass\u2019 dich von der Gastronomie von Sant Josep begeistern\">\n            Lass\u2019 dich von der Gastronomie von Sant Josep begeistern            <\/a>\n    <\/h4>\n\t        <div class=\"edgtf-bli-info\">\n\t\t        <div class=\"edgtf-post-info-category\">\n    <a href=\"https:\/\/www.santjosep.net\/de\/category\/gastronomia-2-de\/\" rel=\"category tag\">Gastronom\u00eda<\/a><\/div>\t        <\/div>\n\n\t        <div class=\"edgtf-bli-excerpt\">\n\t\t        \t\t<div class=\"edgtf-post-excerpt-holder\">\n\t\t\t<p itemprop=\"description\" class=\"edgtf-post-excerpt\">\n\t\t\t\tDie Gastronomie hat sich in den vergangenen Jahren f\u00fcr touristisch gepr\u00e4gte Orte mit einem gewissen Anspruch zu einem unentbehrlichen Bestandteil des Angebots entwickelt.\t\t\t<\/p>\n\t\t<\/div>\n\t\t\t        \t<div class=\"edgtf-post-read-more-button\">\n\t\t<a itemprop=\"url\" href=\"https:\/\/www.santjosep.net\/de\/disfruta-de-la-gastronomia-de-sant-josep\/\" target=\"_self\"  class=\"edgtf-btn edgtf-btn-medium edgtf-btn-simple edgtf-btn-switch-line edgtf-blog-list-button\"  >\t\t\t<span class=\"edgtf-btn-icon-element\"><\/span>\t\t<span class=\"edgtf-btn-text\">Weiterlesen<span class=\"edgtf-btn-text-line\" ><\/span><span class=\"edgtf-btn-switch-line\" ><\/span><\/span>\t<\/a>\t<\/div>\n\t        <\/div>\n        <\/div>\n\t<\/div>\n<\/li><li class=\"edgtf-bl-item clearfix\">\n\t<div class=\"edgtf-bli-inner\">\n\t\t\n\t<div class=\"edgtf-post-image\">\n\t\t\t\t\t<a itemprop=\"url\" href=\"https:\/\/www.santjosep.net\/de\/lovesantjosep-das-hashtag-auf-instagram-unter-dem-die-schoensten-fotos-von-sant-josep-geteilt-werden\/\" title=\"#LoveSantJosep, das Hashtag auf Instagram, unter dem die sch\u00f6nsten Fotos von Sant Josep geteilt werden\">\n\t\t\t\t\t\t\t\t\t<img loading=\"lazy\" decoding=\"async\" width=\"890\" height=\"667\" src=\"https:\/\/www.santjosep.net\/wp-content\/uploads\/2020\/09\/lovesantjosep_cover.jpg\" class=\"attachment-full size-full wp-post-image\" alt=\"\" srcset=\"https:\/\/www.santjosep.net\/wp-content\/uploads\/2020\/09\/lovesantjosep_cover.jpg 890w, https:\/\/www.santjosep.net\/wp-content\/uploads\/2020\/09\/lovesantjosep_cover-300x225.jpg 300w, https:\/\/www.santjosep.net\/wp-content\/uploads\/2020\/09\/lovesantjosep_cover-768x576.jpg 768w, https:\/\/www.santjosep.net\/wp-content\/uploads\/2020\/09\/lovesantjosep_cover-800x600.jpg 800w\" sizes=\"auto, (max-width: 890px) 100vw, 890px\" \/>\t\t\t\t\t\t\t\t<\/a>\n\t\t\t<\/div>\n        <div class=\"edgtf-bli-content\">\n                            <div class=\"edgtf-bli-date\">\n\t                <div itemprop=\"dateCreated\" class=\"edgtf-post-info-date entry-date published updated\">\n            <a itemprop=\"url\" href=\"https:\/\/www.santjosep.net\/de\/2023\/04\/\">\n    \n        10 April 2023        <\/a>\n    <meta itemprop=\"interactionCount\" content=\"UserComments: 0\"\/>\n<\/div>                <\/div>\n            \t\n\t        \n<h4 itemprop=\"name\" class=\"entry-title edgtf-post-title\" >\n            <a itemprop=\"url\" href=\"https:\/\/www.santjosep.net\/de\/lovesantjosep-das-hashtag-auf-instagram-unter-dem-die-schoensten-fotos-von-sant-josep-geteilt-werden\/\" title=\"#LoveSantJosep, das Hashtag auf Instagram, unter dem die sch\u00f6nsten Fotos von Sant Josep geteilt werden\">\n            #LoveSantJosep, das Hashtag auf Instagram, unter dem die sch\u00f6nsten Fotos von Sant Josep geteilt werden            <\/a>\n    <\/h4>\n\t        <div class=\"edgtf-bli-info\">\n\t\t        <div class=\"edgtf-post-info-category\">\n    <a href=\"https:\/\/www.santjosep.net\/de\/category\/unkategorisiert\/\" rel=\"category tag\">Unkategorisiert<\/a><\/div>\t        <\/div>\n\n\t        <div class=\"edgtf-bli-excerpt\">\n\t\t        \t\t<div class=\"edgtf-post-excerpt-holder\">\n\t\t\t<p itemprop=\"description\" class=\"edgtf-post-excerpt\">\n\t\t\t\tDesde hace tiempo venimos usando el hashtag #lovesantjosep en la red social Instagram. Este hashtag trata de reunir las instant\u00e1neas m\u00e1s impresionantes tomadas en nuestro municipio.\t\t\t<\/p>\n\t\t<\/div>\n\t\t\t        \t<div class=\"edgtf-post-read-more-button\">\n\t\t<a itemprop=\"url\" href=\"https:\/\/www.santjosep.net\/de\/lovesantjosep-das-hashtag-auf-instagram-unter-dem-die-schoensten-fotos-von-sant-josep-geteilt-werden\/\" target=\"_self\"  class=\"edgtf-btn edgtf-btn-medium edgtf-btn-simple edgtf-btn-switch-line edgtf-blog-list-button\"  >\t\t\t<span class=\"edgtf-btn-icon-element\"><\/span>\t\t<span class=\"edgtf-btn-text\">Weiterlesen<span class=\"edgtf-btn-text-line\" ><\/span><span class=\"edgtf-btn-switch-line\" ><\/span><\/span>\t<\/a>\t<\/div>\n\t        <\/div>\n        <\/div>\n\t<\/div>\n<\/li><li class=\"edgtf-bl-item clearfix\">\n\t<div class=\"edgtf-bli-inner\">\n\t\t\n\t<div class=\"edgtf-post-image\">\n\t\t\t\t\t<a itemprop=\"url\" href=\"https:\/\/www.santjosep.net\/de\/ein-2023-voller-sonnenuntergaenge-in-sant-josep\/\" title=\"Ein 2023 voller Sonnenunterg\u00e4nge in Sant Josep\">\n\t\t\t\t\t\t\t\t\t<img loading=\"lazy\" decoding=\"async\" width=\"1024\" height=\"768\" src=\"https:\/\/www.santjosep.net\/wp-content\/uploads\/2023\/01\/portadasunsets_P1085058.png\" class=\"attachment-full size-full wp-post-image\" alt=\"\" srcset=\"https:\/\/www.santjosep.net\/wp-content\/uploads\/2023\/01\/portadasunsets_P1085058.png 1024w, https:\/\/www.santjosep.net\/wp-content\/uploads\/2023\/01\/portadasunsets_P1085058-300x225.png 300w, https:\/\/www.santjosep.net\/wp-content\/uploads\/2023\/01\/portadasunsets_P1085058-768x576.png 768w, https:\/\/www.santjosep.net\/wp-content\/uploads\/2023\/01\/portadasunsets_P1085058-800x600.png 800w\" sizes=\"auto, (max-width: 1024px) 100vw, 1024px\" \/>\t\t\t\t\t\t\t\t<\/a>\n\t\t\t<\/div>\n        <div class=\"edgtf-bli-content\">\n                            <div class=\"edgtf-bli-date\">\n\t                <div itemprop=\"dateCreated\" class=\"edgtf-post-info-date entry-date published updated\">\n            <a itemprop=\"url\" href=\"https:\/\/www.santjosep.net\/de\/2023\/01\/\">\n    \n        5 Januar 2023        <\/a>\n    <meta itemprop=\"interactionCount\" content=\"UserComments: 0\"\/>\n<\/div>                <\/div>\n            \t\n\t        \n<h4 itemprop=\"name\" class=\"entry-title edgtf-post-title\" >\n            <a itemprop=\"url\" href=\"https:\/\/www.santjosep.net\/de\/ein-2023-voller-sonnenuntergaenge-in-sant-josep\/\" title=\"Ein 2023 voller Sonnenunterg\u00e4nge in Sant Josep\">\n            Ein 2023 voller Sonnenunterg\u00e4nge in Sant Josep            <\/a>\n    <\/h4>\n\t        <div class=\"edgtf-bli-info\">\n\t\t        <div class=\"edgtf-post-info-category\">\n    <a href=\"https:\/\/www.santjosep.net\/de\/category\/sonnenuntergang\/\" rel=\"category tag\">Sonnenuntergang<\/a>, <a href=\"https:\/\/www.santjosep.net\/de\/category\/straende\/\" rel=\"category tag\">Str\u00e4nde<\/a><\/div>\t        <\/div>\n\n\t        <div class=\"edgtf-bli-excerpt\">\n\t\t        \t\t<div class=\"edgtf-post-excerpt-holder\">\n\t\t\t<p itemprop=\"description\" class=\"edgtf-post-excerpt\">\n\t\t\t\tWir beginnen das Jahr 2023 mit gro\u00dfem Enthusiasmus und sind begierig darauf, unsere Stadt weiterhin zu genie\u00dfen. Und eines der nat\u00fcrlichen\t\t\t<\/p>\n\t\t<\/div>\n\t\t\t        \t<div class=\"edgtf-post-read-more-button\">\n\t\t<a itemprop=\"url\" href=\"https:\/\/www.santjosep.net\/de\/ein-2023-voller-sonnenuntergaenge-in-sant-josep\/\" target=\"_self\"  class=\"edgtf-btn edgtf-btn-medium edgtf-btn-simple edgtf-btn-switch-line edgtf-blog-list-button\"  >\t\t\t<span class=\"edgtf-btn-icon-element\"><\/span>\t\t<span class=\"edgtf-btn-text\">Weiterlesen<span class=\"edgtf-btn-text-line\" ><\/span><span class=\"edgtf-btn-switch-line\" ><\/span><\/span>\t<\/a>\t<\/div>\n\t        <\/div>\n        <\/div>\n\t<\/div>\n<\/li><li class=\"edgtf-bl-item clearfix\">\n\t<div class=\"edgtf-bli-inner\">\n\t\t\n\t<div class=\"edgtf-post-image\">\n\t\t\t\t\t<a itemprop=\"url\" href=\"https:\/\/www.santjosep.net\/de\/die-sonne-und-das-licht-ibizas-reisen-nach-london\/\" title=\"Die Sonne und das Licht Ibizas reisen nach London\">\n\t\t\t\t\t\t\t\t\t<img loading=\"lazy\" decoding=\"async\" width=\"1024\" height=\"768\" src=\"https:\/\/www.santjosep.net\/wp-content\/uploads\/2022\/11\/WhatsApp-Image-2022-11-08-at-6.18.33-PM-1.jpeg\" class=\"attachment-full size-full wp-post-image\" alt=\"\" srcset=\"https:\/\/www.santjosep.net\/wp-content\/uploads\/2022\/11\/WhatsApp-Image-2022-11-08-at-6.18.33-PM-1.jpeg 1024w, https:\/\/www.santjosep.net\/wp-content\/uploads\/2022\/11\/WhatsApp-Image-2022-11-08-at-6.18.33-PM-1-300x225.jpeg 300w, https:\/\/www.santjosep.net\/wp-content\/uploads\/2022\/11\/WhatsApp-Image-2022-11-08-at-6.18.33-PM-1-768x576.jpeg 768w, https:\/\/www.santjosep.net\/wp-content\/uploads\/2022\/11\/WhatsApp-Image-2022-11-08-at-6.18.33-PM-1-800x600.jpeg 800w\" sizes=\"auto, (max-width: 1024px) 100vw, 1024px\" \/>\t\t\t\t\t\t\t\t<\/a>\n\t\t\t<\/div>\n        <div class=\"edgtf-bli-content\">\n                            <div class=\"edgtf-bli-date\">\n\t                <div itemprop=\"dateCreated\" class=\"edgtf-post-info-date entry-date published updated\">\n            <a itemprop=\"url\" href=\"https:\/\/www.santjosep.net\/de\/2022\/11\/\">\n    \n        9 November 2022        <\/a>\n    <meta itemprop=\"interactionCount\" content=\"UserComments: 0\"\/>\n<\/div>                <\/div>\n            \t\n\t        \n<h4 itemprop=\"name\" class=\"entry-title edgtf-post-title\" >\n            <a itemprop=\"url\" href=\"https:\/\/www.santjosep.net\/de\/die-sonne-und-das-licht-ibizas-reisen-nach-london\/\" title=\"Die Sonne und das Licht Ibizas reisen nach London\">\n            Die Sonne und das Licht Ibizas reisen nach London            <\/a>\n    <\/h4>\n\t        <div class=\"edgtf-bli-info\">\n\t\t        <div class=\"edgtf-post-info-category\">\n    <a href=\"https:\/\/www.santjosep.net\/de\/category\/turismo-de\/\" rel=\"category tag\">Turismo<\/a><\/div>\t        <\/div>\n\n\t        <div class=\"edgtf-bli-excerpt\">\n\t\t        \t\t<div class=\"edgtf-post-excerpt-holder\">\n\t\t\t<p itemprop=\"description\" class=\"edgtf-post-excerpt\">\n\t\t\t\tDie wichtigsten touristischen Attraktionen von Sant Josep de sa Talaia werden auf der Messe World Travel Market 2022 vorgestellt\t\t\t<\/p>\n\t\t<\/div>\n\t\t\t        \t<div class=\"edgtf-post-read-more-button\">\n\t\t<a itemprop=\"url\" href=\"https:\/\/www.santjosep.net\/de\/die-sonne-und-das-licht-ibizas-reisen-nach-london\/\" target=\"_self\"  class=\"edgtf-btn edgtf-btn-medium edgtf-btn-simple edgtf-btn-switch-line edgtf-blog-list-button\"  >\t\t\t<span class=\"edgtf-btn-icon-element\"><\/span>\t\t<span class=\"edgtf-btn-text\">Weiterlesen<span class=\"edgtf-btn-text-line\" ><\/span><span class=\"edgtf-btn-switch-line\" ><\/span><\/span>\t<\/a>\t<\/div>\n\t        <\/div>\n        <\/div>\n\t<\/div>\n<\/li><li class=\"edgtf-bl-item clearfix\">\n\t<div class=\"edgtf-bli-inner\">\n\t\t\n\t<div class=\"edgtf-post-image\">\n\t\t\t\t\t<a itemprop=\"url\" href=\"https:\/\/www.santjosep.net\/de\/sant-josep-ist-musik-pur\/\" title=\"Sant Josep ist Musik pur!\">\n\t\t\t\t\t\t\t\t\t<img loading=\"lazy\" decoding=\"async\" width=\"2048\" height=\"1536\" src=\"https:\/\/www.santjosep.net\/wp-content\/uploads\/2022\/09\/santjosep_esmusica.jpg\" class=\"attachment-full size-full wp-post-image\" alt=\"\" srcset=\"https:\/\/www.santjosep.net\/wp-content\/uploads\/2022\/09\/santjosep_esmusica.jpg 2048w, https:\/\/www.santjosep.net\/wp-content\/uploads\/2022\/09\/santjosep_esmusica-300x225.jpg 300w, https:\/\/www.santjosep.net\/wp-content\/uploads\/2022\/09\/santjosep_esmusica-1024x768.jpg 1024w, https:\/\/www.santjosep.net\/wp-content\/uploads\/2022\/09\/santjosep_esmusica-768x576.jpg 768w, https:\/\/www.santjosep.net\/wp-content\/uploads\/2022\/09\/santjosep_esmusica-1536x1152.jpg 1536w, https:\/\/www.santjosep.net\/wp-content\/uploads\/2022\/09\/santjosep_esmusica-800x600.jpg 800w\" sizes=\"auto, (max-width: 2048px) 100vw, 2048px\" \/>\t\t\t\t\t\t\t\t<\/a>\n\t\t\t<\/div>\n        <div class=\"edgtf-bli-content\">\n                            <div class=\"edgtf-bli-date\">\n\t                <div itemprop=\"dateCreated\" class=\"edgtf-post-info-date entry-date published updated\">\n            <a itemprop=\"url\" href=\"https:\/\/www.santjosep.net\/de\/2022\/10\/\">\n    \n        13 Oktober 2022        <\/a>\n    <meta itemprop=\"interactionCount\" content=\"UserComments: 0\"\/>\n<\/div>                <\/div>\n            \t\n\t        \n<h4 itemprop=\"name\" class=\"entry-title edgtf-post-title\" >\n            <a itemprop=\"url\" href=\"https:\/\/www.santjosep.net\/de\/sant-josep-ist-musik-pur\/\" title=\"Sant Josep ist Musik pur!\">\n            Sant Josep ist Musik pur!            <\/a>\n    <\/h4>\n\t        <div class=\"edgtf-bli-info\">\n\t\t        <div class=\"edgtf-post-info-category\">\n    <a href=\"https:\/\/www.santjosep.net\/de\/category\/kultur\/\" rel=\"category tag\">Kultur<\/a><\/div>\t        <\/div>\n\n\t        <div class=\"edgtf-bli-excerpt\">\n\t\t        \t\t<div class=\"edgtf-post-excerpt-holder\">\n\t\t\t<p itemprop=\"description\" class=\"edgtf-post-excerpt\">\n\t\t\t\tEntre los valores patrimoniales que Sant Josep ofrece a sus visitantes y vecinos hay que reservar un espacio privilegiado para la m\u00fasica en todas sus expresiones.\t\t\t<\/p>\n\t\t<\/div>\n\t\t\t        \t<div class=\"edgtf-post-read-more-button\">\n\t\t<a itemprop=\"url\" href=\"https:\/\/www.santjosep.net\/de\/sant-josep-ist-musik-pur\/\" target=\"_self\"  class=\"edgtf-btn edgtf-btn-medium edgtf-btn-simple edgtf-btn-switch-line edgtf-blog-list-button\"  >\t\t\t<span class=\"edgtf-btn-icon-element\"><\/span>\t\t<span class=\"edgtf-btn-text\">Weiterlesen<span class=\"edgtf-btn-text-line\" ><\/span><span class=\"edgtf-btn-switch-line\" ><\/span><\/span>\t<\/a>\t<\/div>\n\t        <\/div>\n        <\/div>\n\t<\/div>\n<\/li><li class=\"edgtf-bl-item clearfix\">\n\t<div class=\"edgtf-bli-inner\">\n\t\t\n\t<div class=\"edgtf-post-image\">\n\t\t\t\t\t<a itemprop=\"url\" href=\"https:\/\/www.santjosep.net\/de\/familienfreundliche-straende-in-sant-josep\/\" title=\"Familienfreundliche Str\u00e4nde in Sant Josep\">\n\t\t\t\t\t\t\t\t\t<img loading=\"lazy\" decoding=\"async\" width=\"2048\" height=\"1536\" src=\"https:\/\/www.santjosep.net\/wp-content\/uploads\/2022\/07\/playasnin\u0303os_santjosep_ibiza-1-1.jpg\" class=\"attachment-full size-full wp-post-image\" alt=\"\" srcset=\"https:\/\/www.santjosep.net\/wp-content\/uploads\/2022\/07\/playasnin\u0303os_santjosep_ibiza-1-1.jpg 2048w, https:\/\/www.santjosep.net\/wp-content\/uploads\/2022\/07\/playasnin\u0303os_santjosep_ibiza-1-1-300x225.jpg 300w, https:\/\/www.santjosep.net\/wp-content\/uploads\/2022\/07\/playasnin\u0303os_santjosep_ibiza-1-1-1024x768.jpg 1024w, https:\/\/www.santjosep.net\/wp-content\/uploads\/2022\/07\/playasnin\u0303os_santjosep_ibiza-1-1-768x576.jpg 768w, https:\/\/www.santjosep.net\/wp-content\/uploads\/2022\/07\/playasnin\u0303os_santjosep_ibiza-1-1-1536x1152.jpg 1536w, https:\/\/www.santjosep.net\/wp-content\/uploads\/2022\/07\/playasnin\u0303os_santjosep_ibiza-1-1-800x600.jpg 800w\" sizes=\"auto, (max-width: 2048px) 100vw, 2048px\" \/>\t\t\t\t\t\t\t\t<\/a>\n\t\t\t<\/div>\n        <div class=\"edgtf-bli-content\">\n                            <div class=\"edgtf-bli-date\">\n\t                <div itemprop=\"dateCreated\" class=\"edgtf-post-info-date entry-date published updated\">\n            <a itemprop=\"url\" href=\"https:\/\/www.santjosep.net\/de\/2022\/07\/\">\n    \n        26 Juli 2022        <\/a>\n    <meta itemprop=\"interactionCount\" content=\"UserComments: 0\"\/>\n<\/div>                <\/div>\n            \t\n\t        \n<h4 itemprop=\"name\" class=\"entry-title edgtf-post-title\" >\n            <a itemprop=\"url\" href=\"https:\/\/www.santjosep.net\/de\/familienfreundliche-straende-in-sant-josep\/\" title=\"Familienfreundliche Str\u00e4nde in Sant Josep\">\n            Familienfreundliche Str\u00e4nde in Sant Josep            <\/a>\n    <\/h4>\n\t        <div class=\"edgtf-bli-info\">\n\t\t        <div class=\"edgtf-post-info-category\">\n    <a href=\"https:\/\/www.santjosep.net\/de\/category\/straende\/\" rel=\"category tag\">Str\u00e4nde<\/a><\/div>\t        <\/div>\n\n\t        <div class=\"edgtf-bli-excerpt\">\n\t\t        \t\t<div class=\"edgtf-post-excerpt-holder\">\n\t\t\t<p itemprop=\"description\" class=\"edgtf-post-excerpt\">\n\t\t\t\tDer Sommer ist die Zeit des Jahres, in der das Wort \"Urlaub\" im Mittelpunkt steht. Und wenn es um Familien mit Kindern geht, umso mehr, vor allem, wenn es sich um eine Reise mit dem Strand als Ziel handelt.\t\t\t<\/p>\n\t\t<\/div>\n\t\t\t        \t<div class=\"edgtf-post-read-more-button\">\n\t\t<a itemprop=\"url\" href=\"https:\/\/www.santjosep.net\/de\/familienfreundliche-straende-in-sant-josep\/\" target=\"_self\"  class=\"edgtf-btn edgtf-btn-medium edgtf-btn-simple edgtf-btn-switch-line edgtf-blog-list-button\"  >\t\t\t<span class=\"edgtf-btn-icon-element\"><\/span>\t\t<span class=\"edgtf-btn-text\">Weiterlesen<span class=\"edgtf-btn-text-line\" ><\/span><span class=\"edgtf-btn-switch-line\" ><\/span><\/span>\t<\/a>\t<\/div>\n\t        <\/div>\n        <\/div>\n\t<\/div>\n<\/li><li class=\"edgtf-bl-item clearfix\">\n\t<div class=\"edgtf-bli-inner\">\n\t\t\n\t<div class=\"edgtf-post-image\">\n\t\t\t\t\t<a itemprop=\"url\" href=\"https:\/\/www.santjosep.net\/de\/die-westkueste-von-sant-josep-kristallklares-wasser-und-sonnenuntergaenge-auf-ibiza-geniessen\/\" title=\"Die Westk\u00fcste von Sant Josep, kristallklares Wasser und Sonnenunterg\u00e4nge auf Ibiza genie\u00dfen\">\n\t\t\t\t\t\t\t\t\t<img loading=\"lazy\" decoding=\"async\" width=\"2048\" height=\"1536\" src=\"https:\/\/www.santjosep.net\/wp-content\/uploads\/2014\/01\/platgesdecomte_santjosep.jpg\" class=\"attachment-full size-full wp-post-image\" alt=\"\" srcset=\"https:\/\/www.santjosep.net\/wp-content\/uploads\/2014\/01\/platgesdecomte_santjosep.jpg 2048w, https:\/\/www.santjosep.net\/wp-content\/uploads\/2014\/01\/platgesdecomte_santjosep-300x225.jpg 300w, https:\/\/www.santjosep.net\/wp-content\/uploads\/2014\/01\/platgesdecomte_santjosep-1024x768.jpg 1024w, https:\/\/www.santjosep.net\/wp-content\/uploads\/2014\/01\/platgesdecomte_santjosep-768x576.jpg 768w, https:\/\/www.santjosep.net\/wp-content\/uploads\/2014\/01\/platgesdecomte_santjosep-1536x1152.jpg 1536w, https:\/\/www.santjosep.net\/wp-content\/uploads\/2014\/01\/platgesdecomte_santjosep-800x600.jpg 800w\" sizes=\"auto, (max-width: 2048px) 100vw, 2048px\" \/>\t\t\t\t\t\t\t\t<\/a>\n\t\t\t<\/div>\n        <div class=\"edgtf-bli-content\">\n                            <div class=\"edgtf-bli-date\">\n\t                <div itemprop=\"dateCreated\" class=\"edgtf-post-info-date entry-date published updated\">\n            <a itemprop=\"url\" href=\"https:\/\/www.santjosep.net\/de\/2022\/06\/\">\n    \n        16 Juni 2022        <\/a>\n    <meta itemprop=\"interactionCount\" content=\"UserComments: 0\"\/>\n<\/div>                <\/div>\n            \t\n\t        \n<h4 itemprop=\"name\" class=\"entry-title edgtf-post-title\" >\n            <a itemprop=\"url\" href=\"https:\/\/www.santjosep.net\/de\/die-westkueste-von-sant-josep-kristallklares-wasser-und-sonnenuntergaenge-auf-ibiza-geniessen\/\" title=\"Die Westk\u00fcste von Sant Josep, kristallklares Wasser und Sonnenunterg\u00e4nge auf Ibiza genie\u00dfen\">\n            Die Westk\u00fcste von Sant Josep, kristallklares Wasser und Sonnenunterg\u00e4nge auf Ibiza genie\u00dfen            <\/a>\n    <\/h4>\n\t        <div class=\"edgtf-bli-info\">\n\t\t        <div class=\"edgtf-post-info-category\">\n    <a href=\"https:\/\/www.santjosep.net\/de\/category\/fahrten\/\" rel=\"category tag\">Fahrten<\/a>, <a href=\"https:\/\/www.santjosep.net\/de\/category\/landstrich\/\" rel=\"category tag\">Landstrich<\/a><\/div>\t        <\/div>\n\n\t        <div class=\"edgtf-bli-excerpt\">\n\t\t        \t\t<div class=\"edgtf-post-excerpt-holder\">\n\t\t\t<p itemprop=\"description\" class=\"edgtf-post-excerpt\">\n\t\t\t\tWir werden einen virtuellen Rundgang durch den westlichen Teil der Gemeinde Sant Josep de sa Talaia machen. Wir sagen Ihnen, wo Sie einen unglaublichen Sonnenuntergang erleben k\u00f6nnen, wo das kristallklare Wasser zum Schwimmen einl\u00e4dt und wo Sie die k\u00f6stliche lokale\t\t\t<\/p>\n\t\t<\/div>\n\t\t\t        \t<div class=\"edgtf-post-read-more-button\">\n\t\t<a itemprop=\"url\" href=\"https:\/\/www.santjosep.net\/de\/die-westkueste-von-sant-josep-kristallklares-wasser-und-sonnenuntergaenge-auf-ibiza-geniessen\/\" target=\"_self\"  class=\"edgtf-btn edgtf-btn-medium edgtf-btn-simple edgtf-btn-switch-line edgtf-blog-list-button\"  >\t\t\t<span class=\"edgtf-btn-icon-element\"><\/span>\t\t<span class=\"edgtf-btn-text\">Weiterlesen<span class=\"edgtf-btn-text-line\" ><\/span><span class=\"edgtf-btn-switch-line\" ><\/span><\/span>\t<\/a>\t<\/div>\n\t        <\/div>\n        <\/div>\n\t<\/div>\n<\/li><li class=\"edgtf-bl-item clearfix\">\n\t<div class=\"edgtf-bli-inner\">\n\t\t\n\t<div class=\"edgtf-post-image\">\n\t\t\t\t\t<a itemprop=\"url\" href=\"https:\/\/www.santjosep.net\/de\/koestliche-meereskueche-an-der-kueste-von-sant-josep\/\" title=\"K\u00f6stliche Meeresk\u00fcche an der K\u00fcste von Sant Josep\">\n\t\t\t\t\t\t\t\t\t<img loading=\"lazy\" decoding=\"async\" width=\"800\" height=\"600\" src=\"https:\/\/www.santjosep.net\/wp-content\/uploads\/2022\/06\/gastro_santjosep.png\" class=\"attachment-full size-full wp-post-image\" alt=\"\" srcset=\"https:\/\/www.santjosep.net\/wp-content\/uploads\/2022\/06\/gastro_santjosep.png 800w, https:\/\/www.santjosep.net\/wp-content\/uploads\/2022\/06\/gastro_santjosep-300x225.png 300w, https:\/\/www.santjosep.net\/wp-content\/uploads\/2022\/06\/gastro_santjosep-768x576.png 768w\" sizes=\"auto, (max-width: 800px) 100vw, 800px\" \/>\t\t\t\t\t\t\t\t<\/a>\n\t\t\t<\/div>\n        <div class=\"edgtf-bli-content\">\n                            <div class=\"edgtf-bli-date\">\n\t                <div itemprop=\"dateCreated\" class=\"edgtf-post-info-date entry-date published updated\">\n            <a itemprop=\"url\" href=\"https:\/\/www.santjosep.net\/de\/2022\/05\/\">\n    \n        7 Mai 2022        <\/a>\n    <meta itemprop=\"interactionCount\" content=\"UserComments: 0\"\/>\n<\/div>                <\/div>\n            \t\n\t        \n<h4 itemprop=\"name\" class=\"entry-title edgtf-post-title\" >\n            <a itemprop=\"url\" href=\"https:\/\/www.santjosep.net\/de\/koestliche-meereskueche-an-der-kueste-von-sant-josep\/\" title=\"K\u00f6stliche Meeresk\u00fcche an der K\u00fcste von Sant Josep\">\n            K\u00f6stliche Meeresk\u00fcche an der K\u00fcste von Sant Josep            <\/a>\n    <\/h4>\n\t        <div class=\"edgtf-bli-info\">\n\t\t        <div class=\"edgtf-post-info-category\">\n    <a href=\"https:\/\/www.santjosep.net\/de\/category\/gastronomia-2-de\/\" rel=\"category tag\">Gastronom\u00eda<\/a><\/div>\t        <\/div>\n\n\t        <div class=\"edgtf-bli-excerpt\">\n\t\t        \t\t<div class=\"edgtf-post-excerpt-holder\">\n\t\t\t<p itemprop=\"description\" class=\"edgtf-post-excerpt\">\n\t\t\t\tDas Meer ist eines der einflussreichsten Elemente in der K\u00fcche der Insel, in der so wunderbare Gerichte wie Bullit, Arroz a Banda oder gebackener Fisch zu finden sind.\t\t\t<\/p>\n\t\t<\/div>\n\t\t\t        \t<div class=\"edgtf-post-read-more-button\">\n\t\t<a itemprop=\"url\" href=\"https:\/\/www.santjosep.net\/de\/koestliche-meereskueche-an-der-kueste-von-sant-josep\/\" target=\"_self\"  class=\"edgtf-btn edgtf-btn-medium edgtf-btn-simple edgtf-btn-switch-line edgtf-blog-list-button\"  >\t\t\t<span class=\"edgtf-btn-icon-element\"><\/span>\t\t<span class=\"edgtf-btn-text\">Weiterlesen<span class=\"edgtf-btn-text-line\" ><\/span><span class=\"edgtf-btn-switch-line\" ><\/span><\/span>\t<\/a>\t<\/div>\n\t        <\/div>\n        <\/div>\n\t<\/div>\n<\/li><li class=\"edgtf-bl-item clearfix\">\n\t<div class=\"edgtf-bli-inner\">\n\t\t\n\t<div class=\"edgtf-post-image\">\n\t\t\t\t\t<a itemprop=\"url\" href=\"https:\/\/www.santjosep.net\/de\/entdecke-den-naturpark-ses-salines-zu-fuss-oder-auf-dem-fahrrad-wanderroute-sa-sal-rossa\/\" title=\"Entdecke den Naturpark Ses Salines zu Fu\u00df oder auf dem Fahrrad: Wanderroute sa Sal Rossa\">\n\t\t\t\t\t\t\t\t\t<img loading=\"lazy\" decoding=\"async\" width=\"800\" height=\"600\" src=\"https:\/\/www.santjosep.net\/wp-content\/uploads\/2022\/04\/rutas_santjosep_salrossa.png\" class=\"attachment-full size-full wp-post-image\" alt=\"\" srcset=\"https:\/\/www.santjosep.net\/wp-content\/uploads\/2022\/04\/rutas_santjosep_salrossa.png 800w, https:\/\/www.santjosep.net\/wp-content\/uploads\/2022\/04\/rutas_santjosep_salrossa-300x225.png 300w, https:\/\/www.santjosep.net\/wp-content\/uploads\/2022\/04\/rutas_santjosep_salrossa-768x576.png 768w\" sizes=\"auto, (max-width: 800px) 100vw, 800px\" \/>\t\t\t\t\t\t\t\t<\/a>\n\t\t\t<\/div>\n        <div class=\"edgtf-bli-content\">\n                            <div class=\"edgtf-bli-date\">\n\t                <div itemprop=\"dateCreated\" class=\"edgtf-post-info-date entry-date published updated\">\n            <a itemprop=\"url\" href=\"https:\/\/www.santjosep.net\/de\/2022\/04\/\">\n    \n        25 April 2022        <\/a>\n    <meta itemprop=\"interactionCount\" content=\"UserComments: 0\"\/>\n<\/div>                <\/div>\n            \t\n\t        \n<h4 itemprop=\"name\" class=\"entry-title edgtf-post-title\" >\n            <a itemprop=\"url\" href=\"https:\/\/www.santjosep.net\/de\/entdecke-den-naturpark-ses-salines-zu-fuss-oder-auf-dem-fahrrad-wanderroute-sa-sal-rossa\/\" title=\"Entdecke den Naturpark Ses Salines zu Fu\u00df oder auf dem Fahrrad: Wanderroute sa Sal Rossa\">\n            Entdecke den Naturpark Ses Salines zu Fu\u00df oder auf dem Fahrrad: Wanderroute sa Sal Rossa            <\/a>\n    <\/h4>\n\t        <div class=\"edgtf-bli-info\">\n\t\t        <div class=\"edgtf-post-info-category\">\n    <a href=\"https:\/\/www.santjosep.net\/de\/category\/fahrten\/\" rel=\"category tag\">Fahrten<\/a><\/div>\t        <\/div>\n\n\t        <div class=\"edgtf-bli-excerpt\">\n\t\t        \t\t<div class=\"edgtf-post-excerpt-holder\">\n\t\t\t<p itemprop=\"description\" class=\"edgtf-post-excerpt\">\n\t\t\t\tNatur, Geschichte und Kultur bei der Begegnung von Wanderern und Radfahrern\t\t\t<\/p>\n\t\t<\/div>\n\t\t\t        \t<div class=\"edgtf-post-read-more-button\">\n\t\t<a itemprop=\"url\" href=\"https:\/\/www.santjosep.net\/de\/entdecke-den-naturpark-ses-salines-zu-fuss-oder-auf-dem-fahrrad-wanderroute-sa-sal-rossa\/\" target=\"_self\"  class=\"edgtf-btn edgtf-btn-medium edgtf-btn-simple edgtf-btn-switch-line edgtf-blog-list-button\"  >\t\t\t<span class=\"edgtf-btn-icon-element\"><\/span>\t\t<span class=\"edgtf-btn-text\">Weiterlesen<span class=\"edgtf-btn-text-line\" ><\/span><span class=\"edgtf-btn-switch-line\" ><\/span><\/span>\t<\/a>\t<\/div>\n\t        <\/div>\n        <\/div>\n\t<\/div>\n<\/li><li class=\"edgtf-bl-item clearfix\">\n\t<div class=\"edgtf-bli-inner\">\n\t\t\n\t<div class=\"edgtf-post-image\">\n\t\t\t\t\t<a itemprop=\"url\" href=\"https:\/\/www.santjosep.net\/de\/entdecke-den-naturpark-ses-salines-zu-fuss-oder-auf-dem-fahrrad-wanderroute-ses-portes\/\" title=\"Entdecke den Naturpark Ses Salines zu Fu\u00df oder auf dem Fahrrad: Wanderroute Ses Portes\">\n\t\t\t\t\t\t\t\t\t<img loading=\"lazy\" decoding=\"async\" width=\"800\" height=\"600\" src=\"https:\/\/www.santjosep.net\/wp-content\/uploads\/2022\/03\/rutas_santjosep.jpg\" class=\"attachment-full size-full wp-post-image\" alt=\"\" srcset=\"https:\/\/www.santjosep.net\/wp-content\/uploads\/2022\/03\/rutas_santjosep.jpg 800w, https:\/\/www.santjosep.net\/wp-content\/uploads\/2022\/03\/rutas_santjosep-300x225.jpg 300w, https:\/\/www.santjosep.net\/wp-content\/uploads\/2022\/03\/rutas_santjosep-768x576.jpg 768w\" sizes=\"auto, (max-width: 800px) 100vw, 800px\" \/>\t\t\t\t\t\t\t\t<\/a>\n\t\t\t<\/div>\n        <div class=\"edgtf-bli-content\">\n                            <div class=\"edgtf-bli-date\">\n\t                <div itemprop=\"dateCreated\" class=\"edgtf-post-info-date entry-date published updated\">\n            <a itemprop=\"url\" href=\"https:\/\/www.santjosep.net\/de\/2022\/03\/\">\n    \n        21 M\u00e4rz 2022        <\/a>\n    <meta itemprop=\"interactionCount\" content=\"UserComments: 0\"\/>\n<\/div>                <\/div>\n            \t\n\t        \n<h4 itemprop=\"name\" class=\"entry-title edgtf-post-title\" >\n            <a itemprop=\"url\" href=\"https:\/\/www.santjosep.net\/de\/entdecke-den-naturpark-ses-salines-zu-fuss-oder-auf-dem-fahrrad-wanderroute-ses-portes\/\" title=\"Entdecke den Naturpark Ses Salines zu Fu\u00df oder auf dem Fahrrad: Wanderroute Ses Portes\">\n            Entdecke den Naturpark Ses Salines zu Fu\u00df oder auf dem Fahrrad: Wanderroute Ses Portes            <\/a>\n    <\/h4>\n\t        <div class=\"edgtf-bli-info\">\n\t\t        <div class=\"edgtf-post-info-category\">\n    <a href=\"https:\/\/www.santjosep.net\/de\/category\/fahrten\/\" rel=\"category tag\">Fahrten<\/a><\/div>\t        <\/div>\n\n\t        <div class=\"edgtf-bli-excerpt\">\n\t\t        \t\t<div class=\"edgtf-post-excerpt-holder\">\n\t\t\t<p itemprop=\"description\" class=\"edgtf-post-excerpt\">\n\t\t\t\tNatur, Geschichte und Kultur treffen auf den Wanderer und Radfahrer.\t\t\t<\/p>\n\t\t<\/div>\n\t\t\t        \t<div class=\"edgtf-post-read-more-button\">\n\t\t<a itemprop=\"url\" href=\"https:\/\/www.santjosep.net\/de\/entdecke-den-naturpark-ses-salines-zu-fuss-oder-auf-dem-fahrrad-wanderroute-ses-portes\/\" target=\"_self\"  class=\"edgtf-btn edgtf-btn-medium edgtf-btn-simple edgtf-btn-switch-line edgtf-blog-list-button\"  >\t\t\t<span class=\"edgtf-btn-icon-element\"><\/span>\t\t<span class=\"edgtf-btn-text\">Weiterlesen<span class=\"edgtf-btn-text-line\" ><\/span><span class=\"edgtf-btn-switch-line\" ><\/span><\/span>\t<\/a>\t<\/div>\n\t        <\/div>\n        <\/div>\n\t<\/div>\n<\/li><li class=\"edgtf-bl-item clearfix\">\n\t<div class=\"edgtf-bli-inner\">\n\t\t\n\t<div class=\"edgtf-post-image\">\n\t\t\t\t\t<a itemprop=\"url\" href=\"https:\/\/www.santjosep.net\/de\/schnorcheln-vor-der-kueste-von-sant-josepsnorkel-en-las-aguas-de-sant-josep\/\" title=\"Schnorcheln vor der K\u00fcste von Sant Josep\">\n\t\t\t\t\t\t\t\t\t<img loading=\"lazy\" decoding=\"async\" width=\"800\" height=\"600\" src=\"https:\/\/www.santjosep.net\/wp-content\/uploads\/2022\/02\/snorkel_santjosep.jpg\" class=\"attachment-full size-full wp-post-image\" alt=\"\" srcset=\"https:\/\/www.santjosep.net\/wp-content\/uploads\/2022\/02\/snorkel_santjosep.jpg 800w, https:\/\/www.santjosep.net\/wp-content\/uploads\/2022\/02\/snorkel_santjosep-300x225.jpg 300w, https:\/\/www.santjosep.net\/wp-content\/uploads\/2022\/02\/snorkel_santjosep-768x576.jpg 768w\" sizes=\"auto, (max-width: 800px) 100vw, 800px\" \/>\t\t\t\t\t\t\t\t<\/a>\n\t\t\t<\/div>\n        <div class=\"edgtf-bli-content\">\n                            <div class=\"edgtf-bli-date\">\n\t                <div itemprop=\"dateCreated\" class=\"edgtf-post-info-date entry-date published updated\">\n            <a itemprop=\"url\" href=\"https:\/\/www.santjosep.net\/de\/2022\/02\/\">\n    \n        22 Februar 2022        <\/a>\n    <meta itemprop=\"interactionCount\" content=\"UserComments: 0\"\/>\n<\/div>                <\/div>\n            \t\n\t        \n<h4 itemprop=\"name\" class=\"entry-title edgtf-post-title\" >\n            <a itemprop=\"url\" href=\"https:\/\/www.santjosep.net\/de\/schnorcheln-vor-der-kueste-von-sant-josepsnorkel-en-las-aguas-de-sant-josep\/\" title=\"Schnorcheln vor der K\u00fcste von Sant Josep\">\n            Schnorcheln vor der K\u00fcste von Sant Josep            <\/a>\n    <\/h4>\n\t        <div class=\"edgtf-bli-info\">\n\t\t        <div class=\"edgtf-post-info-category\">\n    <a href=\"https:\/\/www.santjosep.net\/de\/category\/sport-de\/\" rel=\"category tag\">Sport<\/a>, <a href=\"https:\/\/www.santjosep.net\/de\/category\/straende\/\" rel=\"category tag\">Str\u00e4nde<\/a><\/div>\t        <\/div>\n\n\t        <div class=\"edgtf-bli-excerpt\">\n\t\t        \t\t<div class=\"edgtf-post-excerpt-holder\">\n\t\t\t<p itemprop=\"description\" class=\"edgtf-post-excerpt\">\n\t\t\t\tDie mehr als 80 Kilometer lange K\u00fcstenlinie mit ihren kristallklaren Gew\u00e4ssern, die der Gemeinde Sant Josep ihr maritimes Flair verleiht, ist ein unnachahmliches \u00d6kosystem und ein wahres Paradies f\u00fcr Schnorchelfreunde.\t\t\t<\/p>\n\t\t<\/div>\n\t\t\t        \t<div class=\"edgtf-post-read-more-button\">\n\t\t<a itemprop=\"url\" href=\"https:\/\/www.santjosep.net\/de\/schnorcheln-vor-der-kueste-von-sant-josepsnorkel-en-las-aguas-de-sant-josep\/\" target=\"_self\"  class=\"edgtf-btn edgtf-btn-medium edgtf-btn-simple edgtf-btn-switch-line edgtf-blog-list-button\"  >\t\t\t<span class=\"edgtf-btn-icon-element\"><\/span>\t\t<span class=\"edgtf-btn-text\">Weiterlesen<span class=\"edgtf-btn-text-line\" ><\/span><span class=\"edgtf-btn-switch-line\" ><\/span><\/span>\t<\/a>\t<\/div>\n\t        <\/div>\n        <\/div>\n\t<\/div>\n<\/li><li class=\"edgtf-bl-item clearfix\">\n\t<div class=\"edgtf-bli-inner\">\n\t\t\n\t<div class=\"edgtf-post-image\">\n\t\t\t\t\t<a itemprop=\"url\" href=\"https:\/\/www.santjosep.net\/de\/sant-josep-auf-der-fitur-2022\/\" title=\"Sant Josep auf der Fitur 2022\">\n\t\t\t\t\t\t\t\t\t<img loading=\"lazy\" decoding=\"async\" width=\"890\" height=\"667\" src=\"https:\/\/www.santjosep.net\/wp-content\/uploads\/2022\/01\/fitur_santjosep_ibiza.png\" class=\"attachment-full size-full wp-post-image\" alt=\"\" srcset=\"https:\/\/www.santjosep.net\/wp-content\/uploads\/2022\/01\/fitur_santjosep_ibiza.png 890w, https:\/\/www.santjosep.net\/wp-content\/uploads\/2022\/01\/fitur_santjosep_ibiza-300x225.png 300w, https:\/\/www.santjosep.net\/wp-content\/uploads\/2022\/01\/fitur_santjosep_ibiza-768x576.png 768w, https:\/\/www.santjosep.net\/wp-content\/uploads\/2022\/01\/fitur_santjosep_ibiza-800x600.png 800w\" sizes=\"auto, (max-width: 890px) 100vw, 890px\" \/>\t\t\t\t\t\t\t\t<\/a>\n\t\t\t<\/div>\n        <div class=\"edgtf-bli-content\">\n                            <div class=\"edgtf-bli-date\">\n\t                <div itemprop=\"dateCreated\" class=\"edgtf-post-info-date entry-date published updated\">\n            <a itemprop=\"url\" href=\"https:\/\/www.santjosep.net\/de\/2022\/01\/\">\n    \n        24 Januar 2022        <\/a>\n    <meta itemprop=\"interactionCount\" content=\"UserComments: 0\"\/>\n<\/div>                <\/div>\n            \t\n\t        \n<h4 itemprop=\"name\" class=\"entry-title edgtf-post-title\" >\n            <a itemprop=\"url\" href=\"https:\/\/www.santjosep.net\/de\/sant-josep-auf-der-fitur-2022\/\" title=\"Sant Josep auf der Fitur 2022\">\n            Sant Josep auf der Fitur 2022            <\/a>\n    <\/h4>\n\t        <div class=\"edgtf-bli-info\">\n\t\t        <div class=\"edgtf-post-info-category\">\n    <a href=\"https:\/\/www.santjosep.net\/de\/category\/turismo-de\/\" rel=\"category tag\">Turismo<\/a><\/div>\t        <\/div>\n\n\t        <div class=\"edgtf-bli-excerpt\">\n\t\t        \t\t<div class=\"edgtf-post-excerpt-holder\">\n\t\t\t<p itemprop=\"description\" class=\"edgtf-post-excerpt\">\n\t\t\t\tDie Gemeinde Sant Josep de sa Talaia war auch in diesem Jahr wieder auf der Touristikmesse Fitur vertreten und stellte ihre attraktiven touristischen\t\t\t<\/p>\n\t\t<\/div>\n\t\t\t        \t<div class=\"edgtf-post-read-more-button\">\n\t\t<a itemprop=\"url\" href=\"https:\/\/www.santjosep.net\/de\/sant-josep-auf-der-fitur-2022\/\" target=\"_self\"  class=\"edgtf-btn edgtf-btn-medium edgtf-btn-simple edgtf-btn-switch-line edgtf-blog-list-button\"  >\t\t\t<span class=\"edgtf-btn-icon-element\"><\/span>\t\t<span class=\"edgtf-btn-text\">Weiterlesen<span class=\"edgtf-btn-text-line\" ><\/span><span class=\"edgtf-btn-switch-line\" ><\/span><\/span>\t<\/a>\t<\/div>\n\t        <\/div>\n        <\/div>\n\t<\/div>\n<\/li><li class=\"edgtf-bl-item clearfix\">\n\t<div class=\"edgtf-bli-inner\">\n\t\t\n\t<div class=\"edgtf-post-image\">\n\t\t\t\t\t<a itemprop=\"url\" href=\"https:\/\/www.santjosep.net\/de\/lovesantjosep-herbst-winter-ausgabe\/\" title=\"#LoveSantJosep Herbst-Winter-Ausgabe\">\n\t\t\t\t\t\t\t\t\t<img loading=\"lazy\" decoding=\"async\" width=\"890\" height=\"667\" src=\"https:\/\/www.santjosep.net\/wp-content\/uploads\/2021\/12\/auditorio_santjosep_ibiza.jpg\" class=\"attachment-full size-full wp-post-image\" alt=\"\" srcset=\"https:\/\/www.santjosep.net\/wp-content\/uploads\/2021\/12\/auditorio_santjosep_ibiza.jpg 890w, https:\/\/www.santjosep.net\/wp-content\/uploads\/2021\/12\/auditorio_santjosep_ibiza-300x225.jpg 300w, https:\/\/www.santjosep.net\/wp-content\/uploads\/2021\/12\/auditorio_santjosep_ibiza-768x576.jpg 768w, https:\/\/www.santjosep.net\/wp-content\/uploads\/2021\/12\/auditorio_santjosep_ibiza-800x600.jpg 800w\" sizes=\"auto, (max-width: 890px) 100vw, 890px\" \/>\t\t\t\t\t\t\t\t<\/a>\n\t\t\t<\/div>\n        <div class=\"edgtf-bli-content\">\n                            <div class=\"edgtf-bli-date\">\n\t                <div itemprop=\"dateCreated\" class=\"edgtf-post-info-date entry-date published updated\">\n            <a itemprop=\"url\" href=\"https:\/\/www.santjosep.net\/de\/2021\/12\/\">\n    \n        14 Dezember 2021        <\/a>\n    <meta itemprop=\"interactionCount\" content=\"UserComments: 0\"\/>\n<\/div>                <\/div>\n            \t\n\t        \n<h4 itemprop=\"name\" class=\"entry-title edgtf-post-title\" >\n            <a itemprop=\"url\" href=\"https:\/\/www.santjosep.net\/de\/lovesantjosep-herbst-winter-ausgabe\/\" title=\"#LoveSantJosep Herbst-Winter-Ausgabe\">\n            #LoveSantJosep Herbst-Winter-Ausgabe            <\/a>\n    <\/h4>\n\t        <div class=\"edgtf-bli-info\">\n\t\t        <div class=\"edgtf-post-info-category\">\n    <a href=\"https:\/\/www.santjosep.net\/de\/category\/sonnenuntergang\/\" rel=\"category tag\">Sonnenuntergang<\/a>, <a href=\"https:\/\/www.santjosep.net\/de\/category\/straende\/\" rel=\"category tag\">Str\u00e4nde<\/a><\/div>\t        <\/div>\n\n\t        <div class=\"edgtf-bli-excerpt\">\n\t\t        \t\t<div class=\"edgtf-post-excerpt-holder\">\n\t\t\t<p itemprop=\"description\" class=\"edgtf-post-excerpt\">\n\t\t\t\tHier eine kleine Zusammenstellung der letzten Herbstmonate. Viel Spa\u00df beim Anschauen!\t\t\t<\/p>\n\t\t<\/div>\n\t\t\t        \t<div class=\"edgtf-post-read-more-button\">\n\t\t<a itemprop=\"url\" href=\"https:\/\/www.santjosep.net\/de\/lovesantjosep-herbst-winter-ausgabe\/\" target=\"_self\"  class=\"edgtf-btn edgtf-btn-medium edgtf-btn-simple edgtf-btn-switch-line edgtf-blog-list-button\"  >\t\t\t<span class=\"edgtf-btn-icon-element\"><\/span>\t\t<span class=\"edgtf-btn-text\">Weiterlesen<span class=\"edgtf-btn-text-line\" ><\/span><span class=\"edgtf-btn-switch-line\" ><\/span><\/span>\t<\/a>\t<\/div>\n\t        <\/div>\n        <\/div>\n\t<\/div>\n<\/li><li class=\"edgtf-bl-item clearfix\">\n\t<div class=\"edgtf-bli-inner\">\n\t\t\n\t<div class=\"edgtf-post-image\">\n\t\t\t\t\t<a itemprop=\"url\" href=\"https:\/\/www.santjosep.net\/de\/7-kulturraeume-in-sant-josep\/\" title=\"7 Kulturr\u00e4ume in Sant Josep\">\n\t\t\t\t\t\t\t\t\t<img loading=\"lazy\" decoding=\"async\" width=\"890\" height=\"667\" src=\"https:\/\/www.santjosep.net\/wp-content\/uploads\/2021\/11\/auditorio_santjosep_ibiza.png\" class=\"attachment-full size-full wp-post-image\" alt=\"\" srcset=\"https:\/\/www.santjosep.net\/wp-content\/uploads\/2021\/11\/auditorio_santjosep_ibiza.png 890w, https:\/\/www.santjosep.net\/wp-content\/uploads\/2021\/11\/auditorio_santjosep_ibiza-300x225.png 300w, https:\/\/www.santjosep.net\/wp-content\/uploads\/2021\/11\/auditorio_santjosep_ibiza-768x576.png 768w, https:\/\/www.santjosep.net\/wp-content\/uploads\/2021\/11\/auditorio_santjosep_ibiza-800x600.png 800w\" sizes=\"auto, (max-width: 890px) 100vw, 890px\" \/>\t\t\t\t\t\t\t\t<\/a>\n\t\t\t<\/div>\n        <div class=\"edgtf-bli-content\">\n                            <div class=\"edgtf-bli-date\">\n\t                <div itemprop=\"dateCreated\" class=\"edgtf-post-info-date entry-date published updated\">\n            <a itemprop=\"url\" href=\"https:\/\/www.santjosep.net\/de\/2021\/11\/\">\n    \n        23 November 2021        <\/a>\n    <meta itemprop=\"interactionCount\" content=\"UserComments: 0\"\/>\n<\/div>                <\/div>\n            \t\n\t        \n<h4 itemprop=\"name\" class=\"entry-title edgtf-post-title\" >\n            <a itemprop=\"url\" href=\"https:\/\/www.santjosep.net\/de\/7-kulturraeume-in-sant-josep\/\" title=\"7 Kulturr\u00e4ume in Sant Josep\">\n            7 Kulturr\u00e4ume in Sant Josep            <\/a>\n    <\/h4>\n\t        <div class=\"edgtf-bli-info\">\n\t\t        <div class=\"edgtf-post-info-category\">\n    <a href=\"https:\/\/www.santjosep.net\/de\/category\/kultur\/\" rel=\"category tag\">Kultur<\/a><\/div>\t        <\/div>\n\n\t        <div class=\"edgtf-bli-excerpt\">\n\t\t        \t\t<div class=\"edgtf-post-excerpt-holder\">\n\t\t\t<p itemprop=\"description\" class=\"edgtf-post-excerpt\">\n\t\t\t\tIn Sant Josep finden das ganze Jahr \u00fcber kulturelle Veranstaltungen statt, bei denen sich K\u00fcnstler und Kunsthandwerker, Vereine, Nachbarschaftsvereinigungen und Veranstalter in unterschiedlichsten Projekten engagieren.\t\t\t<\/p>\n\t\t<\/div>\n\t\t\t        \t<div class=\"edgtf-post-read-more-button\">\n\t\t<a itemprop=\"url\" href=\"https:\/\/www.santjosep.net\/de\/7-kulturraeume-in-sant-josep\/\" target=\"_self\"  class=\"edgtf-btn edgtf-btn-medium edgtf-btn-simple edgtf-btn-switch-line edgtf-blog-list-button\"  >\t\t\t<span class=\"edgtf-btn-icon-element\"><\/span>\t\t<span class=\"edgtf-btn-text\">Weiterlesen<span class=\"edgtf-btn-text-line\" ><\/span><span class=\"edgtf-btn-switch-line\" ><\/span><\/span>\t<\/a>\t<\/div>\n\t        <\/div>\n        <\/div>\n\t<\/div>\n<\/li><li class=\"edgtf-bl-item clearfix\">\n\t<div class=\"edgtf-bli-inner\">\n\t\t\n\t<div class=\"edgtf-post-image\">\n\t\t\t\t\t<a itemprop=\"url\" href=\"https:\/\/www.santjosep.net\/de\/das-klima-in-sant-josep-zu-allen-jahreszeiten\/\" title=\"Das Klima in Sant Josep zu allen Jahreszeiten\">\n\t\t\t\t\t\t\t\t\t<img loading=\"lazy\" decoding=\"async\" width=\"890\" height=\"667\" src=\"https:\/\/www.santjosep.net\/wp-content\/uploads\/2021\/10\/clima_santjosep_ibiza.jpg\" class=\"attachment-full size-full wp-post-image\" alt=\"\" srcset=\"https:\/\/www.santjosep.net\/wp-content\/uploads\/2021\/10\/clima_santjosep_ibiza.jpg 890w, https:\/\/www.santjosep.net\/wp-content\/uploads\/2021\/10\/clima_santjosep_ibiza-300x225.jpg 300w, https:\/\/www.santjosep.net\/wp-content\/uploads\/2021\/10\/clima_santjosep_ibiza-768x576.jpg 768w, https:\/\/www.santjosep.net\/wp-content\/uploads\/2021\/10\/clima_santjosep_ibiza-800x600.jpg 800w\" sizes=\"auto, (max-width: 890px) 100vw, 890px\" \/>\t\t\t\t\t\t\t\t<\/a>\n\t\t\t<\/div>\n        <div class=\"edgtf-bli-content\">\n                            <div class=\"edgtf-bli-date\">\n\t                <div itemprop=\"dateCreated\" class=\"edgtf-post-info-date entry-date published updated\">\n            <a itemprop=\"url\" href=\"https:\/\/www.santjosep.net\/de\/2021\/10\/\">\n    \n        26 Oktober 2021        <\/a>\n    <meta itemprop=\"interactionCount\" content=\"UserComments: 0\"\/>\n<\/div>                <\/div>\n            \t\n\t        \n<h4 itemprop=\"name\" class=\"entry-title edgtf-post-title\" >\n            <a itemprop=\"url\" href=\"https:\/\/www.santjosep.net\/de\/das-klima-in-sant-josep-zu-allen-jahreszeiten\/\" title=\"Das Klima in Sant Josep zu allen Jahreszeiten\">\n            Das Klima in Sant Josep zu allen Jahreszeiten            <\/a>\n    <\/h4>\n\t        <div class=\"edgtf-bli-info\">\n\t\t        <div class=\"edgtf-post-info-category\">\n    <a href=\"https:\/\/www.santjosep.net\/de\/category\/nuetzliche-informationen\/\" rel=\"category tag\">N\u00fctzliche Informationen<\/a><\/div>\t        <\/div>\n\n\t        <div class=\"edgtf-bli-excerpt\">\n\t\t        \t\t<div class=\"edgtf-post-excerpt-holder\">\n\t\t\t<p itemprop=\"description\" class=\"edgtf-post-excerpt\">\n\t\t\t\tIm Herzen des Mittelmeers gelegen, profitieren das Land und die Gew\u00e4sser von einem ganzj\u00e4hrig milden und angenehmen Klima\t\t\t<\/p>\n\t\t<\/div>\n\t\t\t        \t<div class=\"edgtf-post-read-more-button\">\n\t\t<a itemprop=\"url\" href=\"https:\/\/www.santjosep.net\/de\/das-klima-in-sant-josep-zu-allen-jahreszeiten\/\" target=\"_self\"  class=\"edgtf-btn edgtf-btn-medium edgtf-btn-simple edgtf-btn-switch-line edgtf-blog-list-button\"  >\t\t\t<span class=\"edgtf-btn-icon-element\"><\/span>\t\t<span class=\"edgtf-btn-text\">Weiterlesen<span class=\"edgtf-btn-text-line\" ><\/span><span class=\"edgtf-btn-switch-line\" ><\/span><\/span>\t<\/a>\t<\/div>\n\t        <\/div>\n        <\/div>\n\t<\/div>\n<\/li><li class=\"edgtf-bl-item clearfix\">\n\t<div class=\"edgtf-bli-inner\">\n\t\t\n\t<div class=\"edgtf-post-image\">\n\t\t\t\t\t<a itemprop=\"url\" href=\"https:\/\/www.santjosep.net\/de\/geschaefte-mit-geschicht-in-sant-josep\/\" title=\"Gesch\u00e4fte mit Geschichte in Sant Josep\">\n\t\t\t\t\t\t\t\t\t<img loading=\"lazy\" decoding=\"async\" width=\"890\" height=\"667\" src=\"https:\/\/www.santjosep.net\/wp-content\/uploads\/2021\/10\/emblematics_santjosep.jpg\" class=\"attachment-full size-full wp-post-image\" alt=\"\" srcset=\"https:\/\/www.santjosep.net\/wp-content\/uploads\/2021\/10\/emblematics_santjosep.jpg 890w, https:\/\/www.santjosep.net\/wp-content\/uploads\/2021\/10\/emblematics_santjosep-300x225.jpg 300w, https:\/\/www.santjosep.net\/wp-content\/uploads\/2021\/10\/emblematics_santjosep-768x576.jpg 768w, https:\/\/www.santjosep.net\/wp-content\/uploads\/2021\/10\/emblematics_santjosep-800x600.jpg 800w\" sizes=\"auto, (max-width: 890px) 100vw, 890px\" \/>\t\t\t\t\t\t\t\t<\/a>\n\t\t\t<\/div>\n        <div class=\"edgtf-bli-content\">\n                            <div class=\"edgtf-bli-date\">\n\t                <div itemprop=\"dateCreated\" class=\"edgtf-post-info-date entry-date published updated\">\n            <a itemprop=\"url\" href=\"https:\/\/www.santjosep.net\/de\/2021\/09\/\">\n    \n        25 September 2021        <\/a>\n    <meta itemprop=\"interactionCount\" content=\"UserComments: 0\"\/>\n<\/div>                <\/div>\n            \t\n\t        \n<h4 itemprop=\"name\" class=\"entry-title edgtf-post-title\" >\n            <a itemprop=\"url\" href=\"https:\/\/www.santjosep.net\/de\/geschaefte-mit-geschicht-in-sant-josep\/\" title=\"Gesch\u00e4fte mit Geschichte in Sant Josep\">\n            Gesch\u00e4fte mit Geschichte in Sant Josep            <\/a>\n    <\/h4>\n\t        <div class=\"edgtf-bli-info\">\n\t\t        <div class=\"edgtf-post-info-category\">\n    <a href=\"https:\/\/www.santjosep.net\/de\/category\/traditionen\/\" rel=\"category tag\">Traditionen<\/a><\/div>\t        <\/div>\n\n\t        <div class=\"edgtf-bli-excerpt\">\n\t\t        \t\t<div class=\"edgtf-post-excerpt-holder\">\n\t\t\t<p itemprop=\"description\" class=\"edgtf-post-excerpt\">\n\t\t\t\tSant Josep de sa Talaia war einer der ersten Teilnehmer, der die ersten Namen beisteuerte, die in diesen virtuellen Katalog zur F\u00f6rderung und Anerkennung des lokalen Handels aufgenommen wurden.\t\t\t<\/p>\n\t\t<\/div>\n\t\t\t        \t<div class=\"edgtf-post-read-more-button\">\n\t\t<a itemprop=\"url\" href=\"https:\/\/www.santjosep.net\/de\/geschaefte-mit-geschicht-in-sant-josep\/\" target=\"_self\"  class=\"edgtf-btn edgtf-btn-medium edgtf-btn-simple edgtf-btn-switch-line edgtf-blog-list-button\"  >\t\t\t<span class=\"edgtf-btn-icon-element\"><\/span>\t\t<span class=\"edgtf-btn-text\">Weiterlesen<span class=\"edgtf-btn-text-line\" ><\/span><span class=\"edgtf-btn-switch-line\" ><\/span><\/span>\t<\/a>\t<\/div>\n\t        <\/div>\n        <\/div>\n\t<\/div>\n<\/li><li class=\"edgtf-bl-item clearfix\">\n\t<div class=\"edgtf-bli-inner\">\n\t\t\n\t<div class=\"edgtf-post-image\">\n\t\t\t\t\t<a itemprop=\"url\" href=\"https:\/\/www.santjosep.net\/de\/lovesantjosep-sommerausgabe\/\" title=\"#LoveSantJosep Sommerausgabe\">\n\t\t\t\t\t\t\t\t\t<img loading=\"lazy\" decoding=\"async\" width=\"890\" height=\"667\" src=\"https:\/\/www.santjosep.net\/wp-content\/uploads\/2021\/08\/lovesantjosep.jpg\" class=\"attachment-full size-full wp-post-image\" alt=\"\" srcset=\"https:\/\/www.santjosep.net\/wp-content\/uploads\/2021\/08\/lovesantjosep.jpg 890w, https:\/\/www.santjosep.net\/wp-content\/uploads\/2021\/08\/lovesantjosep-300x225.jpg 300w, https:\/\/www.santjosep.net\/wp-content\/uploads\/2021\/08\/lovesantjosep-768x576.jpg 768w, https:\/\/www.santjosep.net\/wp-content\/uploads\/2021\/08\/lovesantjosep-800x600.jpg 800w\" sizes=\"auto, (max-width: 890px) 100vw, 890px\" \/>\t\t\t\t\t\t\t\t<\/a>\n\t\t\t<\/div>\n        <div class=\"edgtf-bli-content\">\n                            <div class=\"edgtf-bli-date\">\n\t                <div itemprop=\"dateCreated\" class=\"edgtf-post-info-date entry-date published updated\">\n            <a itemprop=\"url\" href=\"https:\/\/www.santjosep.net\/de\/2021\/08\/\">\n    \n        9 August 2021        <\/a>\n    <meta itemprop=\"interactionCount\" content=\"UserComments: 0\"\/>\n<\/div>                <\/div>\n            \t\n\t        \n<h4 itemprop=\"name\" class=\"entry-title edgtf-post-title\" >\n            <a itemprop=\"url\" href=\"https:\/\/www.santjosep.net\/de\/lovesantjosep-sommerausgabe\/\" title=\"#LoveSantJosep Sommerausgabe\">\n            #LoveSantJosep Sommerausgabe            <\/a>\n    <\/h4>\n\t        <div class=\"edgtf-bli-info\">\n\t\t        <div class=\"edgtf-post-info-category\">\n    <a href=\"https:\/\/www.santjosep.net\/de\/category\/straende\/\" rel=\"category tag\">Str\u00e4nde<\/a><\/div>\t        <\/div>\n\n\t        <div class=\"edgtf-bli-excerpt\">\n\t\t        \t\t<div class=\"edgtf-post-excerpt-holder\">\n\t\t\t<p itemprop=\"description\" class=\"edgtf-post-excerpt\">\n\t\t\t\tStr\u00e4nde, Kirchen, Aussichtspunkte, D\u00f6rfer, Sonnenunterg\u00e4nge, Natur und vieles mehr. Im heutigen Post stellen wir ein paar der sch\u00f6nsten Eindr\u00fccke zusammen, die uns das Hashtag diesen Sommer beschert.\t\t\t<\/p>\n\t\t<\/div>\n\t\t\t        \t<div class=\"edgtf-post-read-more-button\">\n\t\t<a itemprop=\"url\" href=\"https:\/\/www.santjosep.net\/de\/lovesantjosep-sommerausgabe\/\" target=\"_self\"  class=\"edgtf-btn edgtf-btn-medium edgtf-btn-simple edgtf-btn-switch-line edgtf-blog-list-button\"  >\t\t\t<span class=\"edgtf-btn-icon-element\"><\/span>\t\t<span class=\"edgtf-btn-text\">Weiterlesen<span class=\"edgtf-btn-text-line\" ><\/span><span class=\"edgtf-btn-switch-line\" ><\/span><\/span>\t<\/a>\t<\/div>\n\t        <\/div>\n        <\/div>\n\t<\/div>\n<\/li><li class=\"edgtf-bl-item clearfix\">\n\t<div class=\"edgtf-bli-inner\">\n\t\t\n\t<div class=\"edgtf-post-image\">\n\t\t\t\t\t<a itemprop=\"url\" href=\"https:\/\/www.santjosep.net\/de\/de-es-carregador-a-es-codolar-una-ruta-cargada-de-historia\/\" title=\"Von Es Carregador nach Es Codolar, eine Wanderroute voller Geschichte\">\n\t\t\t\t\t\t\t\t\t<img loading=\"lazy\" decoding=\"async\" width=\"890\" height=\"667\" src=\"https:\/\/www.santjosep.net\/wp-content\/uploads\/2021\/04\/carrerocanblai.jpg\" class=\"attachment-full size-full wp-post-image\" alt=\"\" srcset=\"https:\/\/www.santjosep.net\/wp-content\/uploads\/2021\/04\/carrerocanblai.jpg 890w, https:\/\/www.santjosep.net\/wp-content\/uploads\/2021\/04\/carrerocanblai-300x225.jpg 300w, https:\/\/www.santjosep.net\/wp-content\/uploads\/2021\/04\/carrerocanblai-768x576.jpg 768w, https:\/\/www.santjosep.net\/wp-content\/uploads\/2021\/04\/carrerocanblai-800x600.jpg 800w\" sizes=\"auto, (max-width: 890px) 100vw, 890px\" \/>\t\t\t\t\t\t\t\t<\/a>\n\t\t\t<\/div>\n        <div class=\"edgtf-bli-content\">\n                            <div class=\"edgtf-bli-date\">\n\t                <div itemprop=\"dateCreated\" class=\"edgtf-post-info-date entry-date published updated\">\n            <a itemprop=\"url\" href=\"https:\/\/www.santjosep.net\/de\/2021\/04\/\">\n    \n        30 April 2021        <\/a>\n    <meta itemprop=\"interactionCount\" content=\"UserComments: 0\"\/>\n<\/div>                <\/div>\n            \t\n\t        \n<h4 itemprop=\"name\" class=\"entry-title edgtf-post-title\" >\n            <a itemprop=\"url\" href=\"https:\/\/www.santjosep.net\/de\/de-es-carregador-a-es-codolar-una-ruta-cargada-de-historia\/\" title=\"Von Es Carregador nach Es Codolar, eine Wanderroute voller Geschichte\">\n            Von Es Carregador nach Es Codolar, eine Wanderroute voller Geschichte            <\/a>\n    <\/h4>\n\t        <div class=\"edgtf-bli-info\">\n\t\t        <div class=\"edgtf-post-info-category\">\n    <a href=\"https:\/\/www.santjosep.net\/de\/category\/erbe\/\" rel=\"category tag\">Erbe<\/a>, <a href=\"https:\/\/www.santjosep.net\/de\/category\/fahrten\/\" rel=\"category tag\">Fahrten<\/a>, <a href=\"https:\/\/www.santjosep.net\/de\/category\/kultur\/\" rel=\"category tag\">Kultur<\/a><\/div>\t        <\/div>\n\n\t        <div class=\"edgtf-bli-excerpt\">\n\t\t        \t\t<div class=\"edgtf-post-excerpt-holder\">\n\t\t\t<p itemprop=\"description\" class=\"edgtf-post-excerpt\">\n\t\t\t\tIn der Gemeinde Sant Josep erwartet uns eine Wanderroute voller Geschichte, die uns in l\u00e4ngst vergangene Zeiten und zu Standorten urspr\u00fcnglicher Wirtschaftszweige f\u00fchrt, wo man bereits in der punisch-ph\u00f6nizischen Epoche begann, das \u00f6konomische Potenzial der Insel auszusch\u00f6pfen.\t\t\t<\/p>\n\t\t<\/div>\n\t\t\t        \t<div class=\"edgtf-post-read-more-button\">\n\t\t<a itemprop=\"url\" href=\"https:\/\/www.santjosep.net\/de\/de-es-carregador-a-es-codolar-una-ruta-cargada-de-historia\/\" target=\"_self\"  class=\"edgtf-btn edgtf-btn-medium edgtf-btn-simple edgtf-btn-switch-line edgtf-blog-list-button\"  >\t\t\t<span class=\"edgtf-btn-icon-element\"><\/span>\t\t<span class=\"edgtf-btn-text\">Weiterlesen<span class=\"edgtf-btn-text-line\" ><\/span><span class=\"edgtf-btn-switch-line\" ><\/span><\/span>\t<\/a>\t<\/div>\n\t        <\/div>\n        <\/div>\n\t<\/div>\n<\/li><li class=\"edgtf-bl-item clearfix\">\n\t<div class=\"edgtf-bli-inner\">\n\t\t\n\t<div class=\"edgtf-post-image\">\n\t\t\t\t\t<a itemprop=\"url\" href=\"https:\/\/www.santjosep.net\/de\/teile-deine-fotos-von-sant-josep-unter-lovesantjosep-bei-instagram\/\" title=\"Teile deine Fotos von Sant Josep unter #LoveSantJosep bei Instagram\">\n\t\t\t\t\t\t\t\t\t<img loading=\"lazy\" decoding=\"async\" width=\"890\" height=\"667\" src=\"https:\/\/www.santjosep.net\/wp-content\/uploads\/2021\/02\/lovesantjosep.jpg\" class=\"attachment-full size-full wp-post-image\" alt=\"\" srcset=\"https:\/\/www.santjosep.net\/wp-content\/uploads\/2021\/02\/lovesantjosep.jpg 890w, https:\/\/www.santjosep.net\/wp-content\/uploads\/2021\/02\/lovesantjosep-300x225.jpg 300w, https:\/\/www.santjosep.net\/wp-content\/uploads\/2021\/02\/lovesantjosep-768x576.jpg 768w, https:\/\/www.santjosep.net\/wp-content\/uploads\/2021\/02\/lovesantjosep-800x600.jpg 800w\" sizes=\"auto, (max-width: 890px) 100vw, 890px\" \/>\t\t\t\t\t\t\t\t<\/a>\n\t\t\t<\/div>\n        <div class=\"edgtf-bli-content\">\n                            <div class=\"edgtf-bli-date\">\n\t                <div itemprop=\"dateCreated\" class=\"edgtf-post-info-date entry-date published updated\">\n            <a itemprop=\"url\" href=\"https:\/\/www.santjosep.net\/de\/2021\/02\/\">\n    \n        18 Februar 2021        <\/a>\n    <meta itemprop=\"interactionCount\" content=\"UserComments: 0\"\/>\n<\/div>                <\/div>\n            \t\n\t        \n<h4 itemprop=\"name\" class=\"entry-title edgtf-post-title\" >\n            <a itemprop=\"url\" href=\"https:\/\/www.santjosep.net\/de\/teile-deine-fotos-von-sant-josep-unter-lovesantjosep-bei-instagram\/\" title=\"Teile deine Fotos von Sant Josep unter #LoveSantJosep bei Instagram\">\n            Teile deine Fotos von Sant Josep unter #LoveSantJosep bei Instagram            <\/a>\n    <\/h4>\n\t        <div class=\"edgtf-bli-info\">\n\t\t        <div class=\"edgtf-post-info-category\">\n    <a href=\"https:\/\/www.santjosep.net\/de\/category\/erbe\/\" rel=\"category tag\">Erbe<\/a>, <a href=\"https:\/\/www.santjosep.net\/de\/category\/fahrten\/\" rel=\"category tag\">Fahrten<\/a>, <a href=\"https:\/\/www.santjosep.net\/de\/category\/kultur\/\" rel=\"category tag\">Kultur<\/a>, <a href=\"https:\/\/www.santjosep.net\/de\/category\/straende\/\" rel=\"category tag\">Str\u00e4nde<\/a><\/div>\t        <\/div>\n\n\t        <div class=\"edgtf-bli-excerpt\">\n\t\t        \t\t<div class=\"edgtf-post-excerpt-holder\">\n\t\t\t<p itemprop=\"description\" class=\"edgtf-post-excerpt\">\n\t\t\t\tViele Menschen teilen tagt\u00e4glich Fotos von unserer sch\u00f6nen Gemeinde in den sozialen Netzwerken. Wir laden euch ein, eure Fotos mit dem Hashtag #lovesantjosep zu kennzeichnen, damit wir sie sehen und auf unseren offiziellen Seiten teilen k\u00f6nnen.\t\t\t<\/p>\n\t\t<\/div>\n\t\t\t        \t<div class=\"edgtf-post-read-more-button\">\n\t\t<a itemprop=\"url\" href=\"https:\/\/www.santjosep.net\/de\/teile-deine-fotos-von-sant-josep-unter-lovesantjosep-bei-instagram\/\" target=\"_self\"  class=\"edgtf-btn edgtf-btn-medium edgtf-btn-simple edgtf-btn-switch-line edgtf-blog-list-button\"  >\t\t\t<span class=\"edgtf-btn-icon-element\"><\/span>\t\t<span class=\"edgtf-btn-text\">Weiterlesen<span class=\"edgtf-btn-text-line\" ><\/span><span class=\"edgtf-btn-switch-line\" ><\/span><\/span>\t<\/a>\t<\/div>\n\t        <\/div>\n        <\/div>\n\t<\/div>\n<\/li><li class=\"edgtf-bl-item clearfix\">\n\t<div class=\"edgtf-bli-inner\">\n\t\t\n\t<div class=\"edgtf-post-image\">\n\t\t\t\t\t<a itemprop=\"url\" href=\"https:\/\/www.santjosep.net\/de\/kurs-auf-sant-josep-eine-kueste-zum-verlieben\/\" title=\"Kurs auf Sant Josep, eine K\u00fcste zum Verlieben\">\n\t\t\t\t\t\t\t\t\t<img loading=\"lazy\" decoding=\"async\" width=\"1500\" height=\"1125\" src=\"https:\/\/www.santjosep.net\/wp-content\/uploads\/2021\/01\/ok__0000_shutterstock_1822684487.jpg\" class=\"attachment-full size-full wp-post-image\" alt=\"\" srcset=\"https:\/\/www.santjosep.net\/wp-content\/uploads\/2021\/01\/ok__0000_shutterstock_1822684487.jpg 1500w, https:\/\/www.santjosep.net\/wp-content\/uploads\/2021\/01\/ok__0000_shutterstock_1822684487-300x225.jpg 300w, https:\/\/www.santjosep.net\/wp-content\/uploads\/2021\/01\/ok__0000_shutterstock_1822684487-1024x768.jpg 1024w, https:\/\/www.santjosep.net\/wp-content\/uploads\/2021\/01\/ok__0000_shutterstock_1822684487-768x576.jpg 768w, https:\/\/www.santjosep.net\/wp-content\/uploads\/2021\/01\/ok__0000_shutterstock_1822684487-800x600.jpg 800w\" sizes=\"auto, (max-width: 1500px) 100vw, 1500px\" \/>\t\t\t\t\t\t\t\t<\/a>\n\t\t\t<\/div>\n        <div class=\"edgtf-bli-content\">\n                            <div class=\"edgtf-bli-date\">\n\t                <div itemprop=\"dateCreated\" class=\"edgtf-post-info-date entry-date published updated\">\n            <a itemprop=\"url\" href=\"https:\/\/www.santjosep.net\/de\/2021\/01\/\">\n    \n        18 Januar 2021        <\/a>\n    <meta itemprop=\"interactionCount\" content=\"UserComments: 0\"\/>\n<\/div>                <\/div>\n            \t\n\t        \n<h4 itemprop=\"name\" class=\"entry-title edgtf-post-title\" >\n            <a itemprop=\"url\" href=\"https:\/\/www.santjosep.net\/de\/kurs-auf-sant-josep-eine-kueste-zum-verlieben\/\" title=\"Kurs auf Sant Josep, eine K\u00fcste zum Verlieben\">\n            Kurs auf Sant Josep, eine K\u00fcste zum Verlieben            <\/a>\n    <\/h4>\n\t        <div class=\"edgtf-bli-info\">\n\t\t        <div class=\"edgtf-post-info-category\">\n    <a href=\"https:\/\/www.santjosep.net\/de\/category\/erbe\/\" rel=\"category tag\">Erbe<\/a>, <a href=\"https:\/\/www.santjosep.net\/de\/category\/straende\/\" rel=\"category tag\">Str\u00e4nde<\/a><\/div>\t        <\/div>\n\n\t        <div class=\"edgtf-bli-excerpt\">\n\t\t        \t\t<div class=\"edgtf-post-excerpt-holder\">\n\t\t\t<p itemprop=\"description\" class=\"edgtf-post-excerpt\">\n\t\t\t\tOhne Zweifel geh\u00f6rt Sant Josep zu den idyllischsten Gegenden Ibizas und lockt mit eine K\u00fcstenlinie voller attraktiver Ziele.\t\t\t<\/p>\n\t\t<\/div>\n\t\t\t        \t<div class=\"edgtf-post-read-more-button\">\n\t\t<a itemprop=\"url\" href=\"https:\/\/www.santjosep.net\/de\/kurs-auf-sant-josep-eine-kueste-zum-verlieben\/\" target=\"_self\"  class=\"edgtf-btn edgtf-btn-medium edgtf-btn-simple edgtf-btn-switch-line edgtf-blog-list-button\"  >\t\t\t<span class=\"edgtf-btn-icon-element\"><\/span>\t\t<span class=\"edgtf-btn-text\">Weiterlesen<span class=\"edgtf-btn-text-line\" ><\/span><span class=\"edgtf-btn-switch-line\" ><\/span><\/span>\t<\/a>\t<\/div>\n\t        <\/div>\n        <\/div>\n\t<\/div>\n<\/li><li class=\"edgtf-bl-item clearfix\">\n\t<div class=\"edgtf-bli-inner\">\n\t\t\n\t<div class=\"edgtf-post-image\">\n\t\t\t\t\t<a itemprop=\"url\" href=\"https:\/\/www.santjosep.net\/de\/sant-josep-die-perfekte-kulisse\/\" title=\"Sant Josep, die perfekte Kulisse\">\n\t\t\t\t\t\t\t\t\t<img loading=\"lazy\" decoding=\"async\" width=\"890\" height=\"667\" src=\"https:\/\/www.santjosep.net\/wp-content\/uploads\/2020\/11\/filmcomission_cover.jpg\" class=\"attachment-full size-full wp-post-image\" alt=\"\" srcset=\"https:\/\/www.santjosep.net\/wp-content\/uploads\/2020\/11\/filmcomission_cover.jpg 890w, https:\/\/www.santjosep.net\/wp-content\/uploads\/2020\/11\/filmcomission_cover-300x225.jpg 300w, https:\/\/www.santjosep.net\/wp-content\/uploads\/2020\/11\/filmcomission_cover-768x576.jpg 768w, https:\/\/www.santjosep.net\/wp-content\/uploads\/2020\/11\/filmcomission_cover-800x600.jpg 800w\" sizes=\"auto, (max-width: 890px) 100vw, 890px\" \/>\t\t\t\t\t\t\t\t<\/a>\n\t\t\t<\/div>\n        <div class=\"edgtf-bli-content\">\n                            <div class=\"edgtf-bli-date\">\n\t                <div itemprop=\"dateCreated\" class=\"edgtf-post-info-date entry-date published updated\">\n            <a itemprop=\"url\" href=\"https:\/\/www.santjosep.net\/de\/2020\/11\/\">\n    \n        26 November 2020        <\/a>\n    <meta itemprop=\"interactionCount\" content=\"UserComments: 0\"\/>\n<\/div>                <\/div>\n            \t\n\t        \n<h4 itemprop=\"name\" class=\"entry-title edgtf-post-title\" >\n            <a itemprop=\"url\" href=\"https:\/\/www.santjosep.net\/de\/sant-josep-die-perfekte-kulisse\/\" title=\"Sant Josep, die perfekte Kulisse\">\n            Sant Josep, die perfekte Kulisse            <\/a>\n    <\/h4>\n\t        <div class=\"edgtf-bli-info\">\n\t\t        <div class=\"edgtf-post-info-category\">\n    <a href=\"https:\/\/www.santjosep.net\/de\/category\/kultur\/\" rel=\"category tag\">Kultur<\/a><\/div>\t        <\/div>\n\n\t        <div class=\"edgtf-bli-excerpt\">\n\t\t        \t\t<div class=\"edgtf-post-excerpt-holder\">\n\t\t\t<p itemprop=\"description\" class=\"edgtf-post-excerpt\">\n\t\t\t\tUm der Branche ideale Arbeitsbedingungen bieten zu k\u00f6nnen, hat das Rathaus von Sant Josep das Sant Josep Film Office eingerichtet, das den Fachleuten des audiovisuellen Sektors\t\t\t<\/p>\n\t\t<\/div>\n\t\t\t        \t<div class=\"edgtf-post-read-more-button\">\n\t\t<a itemprop=\"url\" href=\"https:\/\/www.santjosep.net\/de\/sant-josep-die-perfekte-kulisse\/\" target=\"_self\"  class=\"edgtf-btn edgtf-btn-medium edgtf-btn-simple edgtf-btn-switch-line edgtf-blog-list-button\"  >\t\t\t<span class=\"edgtf-btn-icon-element\"><\/span>\t\t<span class=\"edgtf-btn-text\">Weiterlesen<span class=\"edgtf-btn-text-line\" ><\/span><span class=\"edgtf-btn-switch-line\" ><\/span><\/span>\t<\/a>\t<\/div>\n\t        <\/div>\n        <\/div>\n\t<\/div>\n<\/li><li class=\"edgtf-bl-item clearfix\">\n\t<div class=\"edgtf-bli-inner\">\n\t\t\n\t<div class=\"edgtf-post-image\">\n\t\t\t\t\t<a itemprop=\"url\" href=\"https:\/\/www.santjosep.net\/de\/video-cala-carbo\/\" title=\"Video Cala Carb\u00f3\">\n\t\t\t\t\t\t\t\t\t<img loading=\"lazy\" decoding=\"async\" width=\"890\" height=\"667\" src=\"https:\/\/www.santjosep.net\/wp-content\/uploads\/2020\/11\/cover_calacarbo.jpg\" class=\"attachment-full size-full wp-post-image\" alt=\"\" srcset=\"https:\/\/www.santjosep.net\/wp-content\/uploads\/2020\/11\/cover_calacarbo.jpg 890w, https:\/\/www.santjosep.net\/wp-content\/uploads\/2020\/11\/cover_calacarbo-300x225.jpg 300w, https:\/\/www.santjosep.net\/wp-content\/uploads\/2020\/11\/cover_calacarbo-768x576.jpg 768w, https:\/\/www.santjosep.net\/wp-content\/uploads\/2020\/11\/cover_calacarbo-800x600.jpg 800w\" sizes=\"auto, (max-width: 890px) 100vw, 890px\" \/>\t\t\t\t\t\t\t\t<\/a>\n\t\t\t<\/div>\n        <div class=\"edgtf-bli-content\">\n                            <div class=\"edgtf-bli-date\">\n\t                <div itemprop=\"dateCreated\" class=\"edgtf-post-info-date entry-date published updated\">\n            <a itemprop=\"url\" href=\"https:\/\/www.santjosep.net\/de\/2020\/11\/\">\n    \n        15 November 2020        <\/a>\n    <meta itemprop=\"interactionCount\" content=\"UserComments: 0\"\/>\n<\/div>                <\/div>\n            \t\n\t        \n<h4 itemprop=\"name\" class=\"entry-title edgtf-post-title\" >\n            <a itemprop=\"url\" href=\"https:\/\/www.santjosep.net\/de\/video-cala-carbo\/\" title=\"Video Cala Carb\u00f3\">\n            Video Cala Carb\u00f3            <\/a>\n    <\/h4>\n\t        <div class=\"edgtf-bli-info\">\n\t\t        <div class=\"edgtf-post-info-category\">\n    <a href=\"https:\/\/www.santjosep.net\/de\/category\/straende\/\" rel=\"category tag\">Str\u00e4nde<\/a><\/div>\t        <\/div>\n\n\t        <div class=\"edgtf-bli-excerpt\">\n\t\t        \t\t<div class=\"edgtf-post-excerpt-holder\">\n\t\t\t<p itemprop=\"description\" class=\"edgtf-post-excerpt\">\n\t\t\t\tCala Carb\u00f3 ist eine kleine ruhige Bucht im Naturschutzgebiet Cala d\u2019Hort in der Gemeinde Sant Josep. \r\nDie Bucht eignet sich insbesondere f\u00fcr Familien und Menschen, die es ruhig m\u00f6gen, da hier auch kleine Kinder gefahrlos baden und in der Sonne\t\t\t<\/p>\n\t\t<\/div>\n\t\t\t        \t<div class=\"edgtf-post-read-more-button\">\n\t\t<a itemprop=\"url\" href=\"https:\/\/www.santjosep.net\/de\/video-cala-carbo\/\" target=\"_self\"  class=\"edgtf-btn edgtf-btn-medium edgtf-btn-simple edgtf-btn-switch-line edgtf-blog-list-button\"  >\t\t\t<span class=\"edgtf-btn-icon-element\"><\/span>\t\t<span class=\"edgtf-btn-text\">Weiterlesen<span class=\"edgtf-btn-text-line\" ><\/span><span class=\"edgtf-btn-switch-line\" ><\/span><\/span>\t<\/a>\t<\/div>\n\t        <\/div>\n        <\/div>\n\t<\/div>\n<\/li><li class=\"edgtf-bl-item clearfix\">\n\t<div class=\"edgtf-bli-inner\">\n\t\t\n\t<div class=\"edgtf-post-image\">\n\t\t\t\t\t<a itemprop=\"url\" href=\"https:\/\/www.santjosep.net\/de\/6-freizeitideen-fuer-cala-vedella\/\" title=\"6 Freizeitideen f\u00fcr Cala Vedella\">\n\t\t\t\t\t\t\t\t\t<img loading=\"lazy\" decoding=\"async\" width=\"890\" height=\"667\" src=\"https:\/\/www.santjosep.net\/wp-content\/uploads\/2020\/10\/calavadella_cover.jpg\" class=\"attachment-full size-full wp-post-image\" alt=\"\" srcset=\"https:\/\/www.santjosep.net\/wp-content\/uploads\/2020\/10\/calavadella_cover.jpg 890w, https:\/\/www.santjosep.net\/wp-content\/uploads\/2020\/10\/calavadella_cover-300x225.jpg 300w, https:\/\/www.santjosep.net\/wp-content\/uploads\/2020\/10\/calavadella_cover-768x576.jpg 768w, https:\/\/www.santjosep.net\/wp-content\/uploads\/2020\/10\/calavadella_cover-800x600.jpg 800w\" sizes=\"auto, (max-width: 890px) 100vw, 890px\" \/>\t\t\t\t\t\t\t\t<\/a>\n\t\t\t<\/div>\n        <div class=\"edgtf-bli-content\">\n                            <div class=\"edgtf-bli-date\">\n\t                <div itemprop=\"dateCreated\" class=\"edgtf-post-info-date entry-date published updated\">\n            <a itemprop=\"url\" href=\"https:\/\/www.santjosep.net\/de\/2020\/10\/\">\n    \n        1 Oktober 2020        <\/a>\n    <meta itemprop=\"interactionCount\" content=\"UserComments: 0\"\/>\n<\/div>                <\/div>\n            \t\n\t        \n<h4 itemprop=\"name\" class=\"entry-title edgtf-post-title\" >\n            <a itemprop=\"url\" href=\"https:\/\/www.santjosep.net\/de\/6-freizeitideen-fuer-cala-vedella\/\" title=\"6 Freizeitideen f\u00fcr Cala Vedella\">\n            6 Freizeitideen f\u00fcr Cala Vedella            <\/a>\n    <\/h4>\n\t        <div class=\"edgtf-bli-info\">\n\t\t        <div class=\"edgtf-post-info-category\">\n    <a href=\"https:\/\/www.santjosep.net\/de\/category\/gastronomia-2-de\/\" rel=\"category tag\">Gastronom\u00eda<\/a>, <a href=\"https:\/\/www.santjosep.net\/de\/category\/sonnenuntergang\/\" rel=\"category tag\">Sonnenuntergang<\/a>, <a href=\"https:\/\/www.santjosep.net\/de\/category\/sport-de\/\" rel=\"category tag\">Sport<\/a>, <a href=\"https:\/\/www.santjosep.net\/de\/category\/straende\/\" rel=\"category tag\">Str\u00e4nde<\/a><\/div>\t        <\/div>\n\n\t        <div class=\"edgtf-bli-excerpt\">\n\t\t        \t\t<div class=\"edgtf-post-excerpt-holder\">\n\t\t\t<p itemprop=\"description\" class=\"edgtf-post-excerpt\">\n\t\t\t\tDie Cala Vedella ist seit jeher ein klassisches Sommerziel f\u00fcr die Einheimischen der Insel und sie hat bis heute nichts von ihrer Anziehungskraft verloren: Sie ist mittlerweile bei einem internationalen Publikum \u2013 besonders bei Familien - beliebt, das die Sch\u00f6nheiten\t\t\t<\/p>\n\t\t<\/div>\n\t\t\t        \t<div class=\"edgtf-post-read-more-button\">\n\t\t<a itemprop=\"url\" href=\"https:\/\/www.santjosep.net\/de\/6-freizeitideen-fuer-cala-vedella\/\" target=\"_self\"  class=\"edgtf-btn edgtf-btn-medium edgtf-btn-simple edgtf-btn-switch-line edgtf-blog-list-button\"  >\t\t\t<span class=\"edgtf-btn-icon-element\"><\/span>\t\t<span class=\"edgtf-btn-text\">Weiterlesen<span class=\"edgtf-btn-text-line\" ><\/span><span class=\"edgtf-btn-switch-line\" ><\/span><\/span>\t<\/a>\t<\/div>\n\t        <\/div>\n        <\/div>\n\t<\/div>\n<\/li><li class=\"edgtf-bl-item clearfix\">\n\t<div class=\"edgtf-bli-inner\">\n\t\t\n\t<div class=\"edgtf-post-image\">\n\t\t\t\t\t<a itemprop=\"url\" href=\"https:\/\/www.santjosep.net\/de\/traditionelles-ibizenkisches-kunsthandwerk\/\" title=\"Traditionelles ibizenkisches Kunsthandwerk\">\n\t\t\t\t\t\t\t\t\t<img loading=\"lazy\" decoding=\"async\" width=\"2000\" height=\"1500\" src=\"https:\/\/www.santjosep.net\/wp-content\/uploads\/2020\/08\/artesanos-santjosep.jpg\" class=\"attachment-full size-full wp-post-image\" alt=\"\" srcset=\"https:\/\/www.santjosep.net\/wp-content\/uploads\/2020\/08\/artesanos-santjosep.jpg 2000w, https:\/\/www.santjosep.net\/wp-content\/uploads\/2020\/08\/artesanos-santjosep-300x225.jpg 300w, https:\/\/www.santjosep.net\/wp-content\/uploads\/2020\/08\/artesanos-santjosep-1024x768.jpg 1024w, https:\/\/www.santjosep.net\/wp-content\/uploads\/2020\/08\/artesanos-santjosep-768x576.jpg 768w, https:\/\/www.santjosep.net\/wp-content\/uploads\/2020\/08\/artesanos-santjosep-1536x1152.jpg 1536w, https:\/\/www.santjosep.net\/wp-content\/uploads\/2020\/08\/artesanos-santjosep-800x600.jpg 800w\" sizes=\"auto, (max-width: 2000px) 100vw, 2000px\" \/>\t\t\t\t\t\t\t\t<\/a>\n\t\t\t<\/div>\n        <div class=\"edgtf-bli-content\">\n                            <div class=\"edgtf-bli-date\">\n\t                <div itemprop=\"dateCreated\" class=\"edgtf-post-info-date entry-date published updated\">\n            <a itemprop=\"url\" href=\"https:\/\/www.santjosep.net\/de\/2020\/08\/\">\n    \n        4 August 2020        <\/a>\n    <meta itemprop=\"interactionCount\" content=\"UserComments: 0\"\/>\n<\/div>                <\/div>\n            \t\n\t        \n<h4 itemprop=\"name\" class=\"entry-title edgtf-post-title\" >\n            <a itemprop=\"url\" href=\"https:\/\/www.santjosep.net\/de\/traditionelles-ibizenkisches-kunsthandwerk\/\" title=\"Traditionelles ibizenkisches Kunsthandwerk\">\n            Traditionelles ibizenkisches Kunsthandwerk            <\/a>\n    <\/h4>\n\t        <div class=\"edgtf-bli-info\">\n\t\t        <div class=\"edgtf-post-info-category\">\n    <a href=\"https:\/\/www.santjosep.net\/de\/category\/erbe\/\" rel=\"category tag\">Erbe<\/a>, <a href=\"https:\/\/www.santjosep.net\/de\/category\/kultur\/\" rel=\"category tag\">Kultur<\/a><\/div>\t        <\/div>\n\n\t        <div class=\"edgtf-bli-excerpt\">\n\t\t        \t\t<div class=\"edgtf-post-excerpt-holder\">\n\t\t\t<p itemprop=\"description\" class=\"edgtf-post-excerpt\">\n\t\t\t\tIn Sant Josep de sa Talaia ist eine gro\u00dfe kunsthandwerkliche Tradition, das Erbe alter Kulturen und der Einfluss verschiedener Zivilisationen, beheimatet.\t\t\t<\/p>\n\t\t<\/div>\n\t\t\t        \t<div class=\"edgtf-post-read-more-button\">\n\t\t<a itemprop=\"url\" href=\"https:\/\/www.santjosep.net\/de\/traditionelles-ibizenkisches-kunsthandwerk\/\" target=\"_self\"  class=\"edgtf-btn edgtf-btn-medium edgtf-btn-simple edgtf-btn-switch-line edgtf-blog-list-button\"  >\t\t\t<span class=\"edgtf-btn-icon-element\"><\/span>\t\t<span class=\"edgtf-btn-text\">Weiterlesen<span class=\"edgtf-btn-text-line\" ><\/span><span class=\"edgtf-btn-switch-line\" ><\/span><\/span>\t<\/a>\t<\/div>\n\t        <\/div>\n        <\/div>\n\t<\/div>\n<\/li><li class=\"edgtf-bl-item clearfix\">\n\t<div class=\"edgtf-bli-inner\">\n\t\t\n\t<div class=\"edgtf-post-image\">\n\t\t\t\t\t<a itemprop=\"url\" href=\"https:\/\/www.santjosep.net\/de\/ibiza-family-experience\/\" title=\"Ibiza Family Experience\">\n\t\t\t\t\t\t\t\t\t<img loading=\"lazy\" decoding=\"async\" width=\"2000\" height=\"1500\" src=\"https:\/\/www.santjosep.net\/wp-content\/uploads\/2020\/07\/ibizaexperience.jpg\" class=\"attachment-full size-full wp-post-image\" alt=\"\" srcset=\"https:\/\/www.santjosep.net\/wp-content\/uploads\/2020\/07\/ibizaexperience.jpg 2000w, https:\/\/www.santjosep.net\/wp-content\/uploads\/2020\/07\/ibizaexperience-300x225.jpg 300w, https:\/\/www.santjosep.net\/wp-content\/uploads\/2020\/07\/ibizaexperience-1024x768.jpg 1024w, https:\/\/www.santjosep.net\/wp-content\/uploads\/2020\/07\/ibizaexperience-768x576.jpg 768w, https:\/\/www.santjosep.net\/wp-content\/uploads\/2020\/07\/ibizaexperience-1536x1152.jpg 1536w, https:\/\/www.santjosep.net\/wp-content\/uploads\/2020\/07\/ibizaexperience-800x600.jpg 800w\" sizes=\"auto, (max-width: 2000px) 100vw, 2000px\" \/>\t\t\t\t\t\t\t\t<\/a>\n\t\t\t<\/div>\n        <div class=\"edgtf-bli-content\">\n                            <div class=\"edgtf-bli-date\">\n\t                <div itemprop=\"dateCreated\" class=\"edgtf-post-info-date entry-date published updated\">\n            <a itemprop=\"url\" href=\"https:\/\/www.santjosep.net\/de\/2020\/07\/\">\n    \n        1 Juli 2020        <\/a>\n    <meta itemprop=\"interactionCount\" content=\"UserComments: 0\"\/>\n<\/div>                <\/div>\n            \t\n\t        \n<h4 itemprop=\"name\" class=\"entry-title edgtf-post-title\" >\n            <a itemprop=\"url\" href=\"https:\/\/www.santjosep.net\/de\/ibiza-family-experience\/\" title=\"Ibiza Family Experience\">\n            Ibiza Family Experience            <\/a>\n    <\/h4>\n\t        <div class=\"edgtf-bli-info\">\n\t\t        <div class=\"edgtf-post-info-category\">\n    <a href=\"https:\/\/www.santjosep.net\/de\/category\/sport-de\/\" rel=\"category tag\">Sport<\/a><\/div>\t        <\/div>\n\n\t        <div class=\"edgtf-bli-excerpt\">\n\t\t        \t\t<div class=\"edgtf-post-excerpt-holder\">\n\t\t\t<p itemprop=\"description\" class=\"edgtf-post-excerpt\">\n\t\t\t\tIn den letzten Jahren ist Ibiza mehr und mehr zum Urlaubsziel f\u00fcr Familien mit Kindern geworden, die gerne immer wiederkommen.\t\t\t<\/p>\n\t\t<\/div>\n\t\t\t        \t<div class=\"edgtf-post-read-more-button\">\n\t\t<a itemprop=\"url\" href=\"https:\/\/www.santjosep.net\/de\/ibiza-family-experience\/\" target=\"_self\"  class=\"edgtf-btn edgtf-btn-medium edgtf-btn-simple edgtf-btn-switch-line edgtf-blog-list-button\"  >\t\t\t<span class=\"edgtf-btn-icon-element\"><\/span>\t\t<span class=\"edgtf-btn-text\">Weiterlesen<span class=\"edgtf-btn-text-line\" ><\/span><span class=\"edgtf-btn-switch-line\" ><\/span><\/span>\t<\/a>\t<\/div>\n\t        <\/div>\n        <\/div>\n\t<\/div>\n<\/li><li class=\"edgtf-bl-item clearfix\">\n\t<div class=\"edgtf-bli-inner\">\n\t\t\n\t<div class=\"edgtf-post-image\">\n\t\t\t\t\t<a itemprop=\"url\" href=\"https:\/\/www.santjosep.net\/de\/spaziergang-von-port-des-torrent-bis-cala-bassa\/\" title=\"Spaziergang von Port des Torrent bis Cala Bassa\">\n\t\t\t\t\t\t\t\t\t<img loading=\"lazy\" decoding=\"async\" width=\"2000\" height=\"1500\" src=\"https:\/\/www.santjosep.net\/wp-content\/uploads\/2020\/07\/paseocalabassa.jpg\" class=\"attachment-full size-full wp-post-image\" alt=\"\" srcset=\"https:\/\/www.santjosep.net\/wp-content\/uploads\/2020\/07\/paseocalabassa.jpg 2000w, https:\/\/www.santjosep.net\/wp-content\/uploads\/2020\/07\/paseocalabassa-300x225.jpg 300w, https:\/\/www.santjosep.net\/wp-content\/uploads\/2020\/07\/paseocalabassa-1024x768.jpg 1024w, https:\/\/www.santjosep.net\/wp-content\/uploads\/2020\/07\/paseocalabassa-768x576.jpg 768w, https:\/\/www.santjosep.net\/wp-content\/uploads\/2020\/07\/paseocalabassa-1536x1152.jpg 1536w, https:\/\/www.santjosep.net\/wp-content\/uploads\/2020\/07\/paseocalabassa-800x600.jpg 800w\" sizes=\"auto, (max-width: 2000px) 100vw, 2000px\" \/>\t\t\t\t\t\t\t\t<\/a>\n\t\t\t<\/div>\n        <div class=\"edgtf-bli-content\">\n                            <div class=\"edgtf-bli-date\">\n\t                <div itemprop=\"dateCreated\" class=\"edgtf-post-info-date entry-date published updated\">\n            <a itemprop=\"url\" href=\"https:\/\/www.santjosep.net\/de\/2020\/06\/\">\n    \n        28 Juni 2020        <\/a>\n    <meta itemprop=\"interactionCount\" content=\"UserComments: 0\"\/>\n<\/div>                <\/div>\n            \t\n\t        \n<h4 itemprop=\"name\" class=\"entry-title edgtf-post-title\" >\n            <a itemprop=\"url\" href=\"https:\/\/www.santjosep.net\/de\/spaziergang-von-port-des-torrent-bis-cala-bassa\/\" title=\"Spaziergang von Port des Torrent bis Cala Bassa\">\n            Spaziergang von Port des Torrent bis Cala Bassa            <\/a>\n    <\/h4>\n\t        <div class=\"edgtf-bli-info\">\n\t\t        <div class=\"edgtf-post-info-category\">\n    <a href=\"https:\/\/www.santjosep.net\/de\/category\/fahrten\/\" rel=\"category tag\">Fahrten<\/a>, <a href=\"https:\/\/www.santjosep.net\/de\/category\/sport-de\/\" rel=\"category tag\">Sport<\/a>, <a href=\"https:\/\/www.santjosep.net\/de\/category\/straende\/\" rel=\"category tag\">Str\u00e4nde<\/a><\/div>\t        <\/div>\n\n\t        <div class=\"edgtf-bli-excerpt\">\n\t\t        \t\t<div class=\"edgtf-post-excerpt-holder\">\n\t\t\t<p itemprop=\"description\" class=\"edgtf-post-excerpt\">\n\t\t\t\tDiese Wanderung f\u00fchrt uns an der K\u00fcste entlang, die sich im S\u00fcden der Bucht von Sant Antoni erstreckt. Sie startet und endet an zwei der beliebtesten Str\u00e4nde der Gemeinde, die sich doch sehr voneinander unterscheiden.\t\t\t<\/p>\n\t\t<\/div>\n\t\t\t        \t<div class=\"edgtf-post-read-more-button\">\n\t\t<a itemprop=\"url\" href=\"https:\/\/www.santjosep.net\/de\/spaziergang-von-port-des-torrent-bis-cala-bassa\/\" target=\"_self\"  class=\"edgtf-btn edgtf-btn-medium edgtf-btn-simple edgtf-btn-switch-line edgtf-blog-list-button\"  >\t\t\t<span class=\"edgtf-btn-icon-element\"><\/span>\t\t<span class=\"edgtf-btn-text\">Weiterlesen<span class=\"edgtf-btn-text-line\" ><\/span><span class=\"edgtf-btn-switch-line\" ><\/span><\/span>\t<\/a>\t<\/div>\n\t        <\/div>\n        <\/div>\n\t<\/div>\n<\/li><li class=\"edgtf-bl-item clearfix\">\n\t<div class=\"edgtf-bli-inner\">\n\t\t\n\t<div class=\"edgtf-post-image\">\n\t\t\t\t\t<a itemprop=\"url\" href=\"https:\/\/www.santjosep.net\/de\/kajaktour-von-cala-carbo-nach-cala-dhort-es-vedra-sa-pedrera\/\" title=\"Kajaktour von Cala Carb\u00f3 nach Cala d\u2019Hort \u2013 Es Vedr\u00e0 \u2013 Sa Pedrera\">\n\t\t\t\t\t\t\t\t\t<img loading=\"lazy\" decoding=\"async\" width=\"2000\" height=\"1500\" src=\"https:\/\/www.santjosep.net\/wp-content\/uploads\/2020\/06\/Rutacalacarbo.jpg\" class=\"attachment-full size-full wp-post-image\" alt=\"\" srcset=\"https:\/\/www.santjosep.net\/wp-content\/uploads\/2020\/06\/Rutacalacarbo.jpg 2000w, https:\/\/www.santjosep.net\/wp-content\/uploads\/2020\/06\/Rutacalacarbo-300x225.jpg 300w, https:\/\/www.santjosep.net\/wp-content\/uploads\/2020\/06\/Rutacalacarbo-1024x768.jpg 1024w, https:\/\/www.santjosep.net\/wp-content\/uploads\/2020\/06\/Rutacalacarbo-768x576.jpg 768w, https:\/\/www.santjosep.net\/wp-content\/uploads\/2020\/06\/Rutacalacarbo-1536x1152.jpg 1536w, https:\/\/www.santjosep.net\/wp-content\/uploads\/2020\/06\/Rutacalacarbo-800x600.jpg 800w\" sizes=\"auto, (max-width: 2000px) 100vw, 2000px\" \/>\t\t\t\t\t\t\t\t<\/a>\n\t\t\t<\/div>\n        <div class=\"edgtf-bli-content\">\n                            <div class=\"edgtf-bli-date\">\n\t                <div itemprop=\"dateCreated\" class=\"edgtf-post-info-date entry-date published updated\">\n            <a itemprop=\"url\" href=\"https:\/\/www.santjosep.net\/de\/2020\/06\/\">\n    \n        15 Juni 2020        <\/a>\n    <meta itemprop=\"interactionCount\" content=\"UserComments: 0\"\/>\n<\/div>                <\/div>\n            \t\n\t        \n<h4 itemprop=\"name\" class=\"entry-title edgtf-post-title\" >\n            <a itemprop=\"url\" href=\"https:\/\/www.santjosep.net\/de\/kajaktour-von-cala-carbo-nach-cala-dhort-es-vedra-sa-pedrera\/\" title=\"Kajaktour von Cala Carb\u00f3 nach Cala d\u2019Hort \u2013 Es Vedr\u00e0 \u2013 Sa Pedrera\">\n            Kajaktour von Cala Carb\u00f3 nach Cala d\u2019Hort \u2013 Es Vedr\u00e0 \u2013 Sa Pedrera            <\/a>\n    <\/h4>\n\t        <div class=\"edgtf-bli-info\">\n\t\t        <div class=\"edgtf-post-info-category\">\n    <a href=\"https:\/\/www.santjosep.net\/de\/category\/rounten\/\" rel=\"category tag\">Rounten<\/a>, <a href=\"https:\/\/www.santjosep.net\/de\/category\/sport-de\/\" rel=\"category tag\">Sport<\/a><\/div>\t        <\/div>\n\n\t        <div class=\"edgtf-bli-excerpt\">\n\t\t        \t\t<div class=\"edgtf-post-excerpt-holder\">\n\t\t\t<p itemprop=\"description\" class=\"edgtf-post-excerpt\">\n\t\t\t\tDer Zugang zum Strand ist flach und ohne Komplikationen. Nachdem wir aus der sch\u00fctzenden Bucht herausgepaddelt sind, sehen wir backbord den massigen Felsen Es Vedr\u00e0, dessen Spitze sich bereits von Beginn der Tour an ausmachen l\u00e4sst. Mit wenigen Paddelschl\u00e4gen befinden\t\t\t<\/p>\n\t\t<\/div>\n\t\t\t        \t<div class=\"edgtf-post-read-more-button\">\n\t\t<a itemprop=\"url\" href=\"https:\/\/www.santjosep.net\/de\/kajaktour-von-cala-carbo-nach-cala-dhort-es-vedra-sa-pedrera\/\" target=\"_self\"  class=\"edgtf-btn edgtf-btn-medium edgtf-btn-simple edgtf-btn-switch-line edgtf-blog-list-button\"  >\t\t\t<span class=\"edgtf-btn-icon-element\"><\/span>\t\t<span class=\"edgtf-btn-text\">Weiterlesen<span class=\"edgtf-btn-text-line\" ><\/span><span class=\"edgtf-btn-switch-line\" ><\/span><\/span>\t<\/a>\t<\/div>\n\t        <\/div>\n        <\/div>\n\t<\/div>\n<\/li><li class=\"edgtf-bl-item clearfix\">\n\t<div class=\"edgtf-bli-inner\">\n\t\t\n\t<div class=\"edgtf-post-image\">\n\t\t\t\t\t<a itemprop=\"url\" href=\"https:\/\/www.santjosep.net\/de\/lovesantjosep-bringt-uns-zu-magischen-orten-in-sant-josep\/\" title=\"#LoveSantJosep bringt uns zu magischen Orten in Sant Josep\">\n\t\t\t\t\t\t\t\t\t<img loading=\"lazy\" decoding=\"async\" width=\"890\" height=\"667\" src=\"https:\/\/www.santjosep.net\/wp-content\/uploads\/2020\/05\/lovesantjosep_cover.png\" class=\"attachment-full size-full wp-post-image\" alt=\"\" srcset=\"https:\/\/www.santjosep.net\/wp-content\/uploads\/2020\/05\/lovesantjosep_cover.png 890w, https:\/\/www.santjosep.net\/wp-content\/uploads\/2020\/05\/lovesantjosep_cover-300x225.png 300w, https:\/\/www.santjosep.net\/wp-content\/uploads\/2020\/05\/lovesantjosep_cover-768x576.png 768w, https:\/\/www.santjosep.net\/wp-content\/uploads\/2020\/05\/lovesantjosep_cover-800x600.png 800w\" sizes=\"auto, (max-width: 890px) 100vw, 890px\" \/>\t\t\t\t\t\t\t\t<\/a>\n\t\t\t<\/div>\n        <div class=\"edgtf-bli-content\">\n                            <div class=\"edgtf-bli-date\">\n\t                <div itemprop=\"dateCreated\" class=\"edgtf-post-info-date entry-date published updated\">\n            <a itemprop=\"url\" href=\"https:\/\/www.santjosep.net\/de\/2020\/05\/\">\n    \n        6 Mai 2020        <\/a>\n    <meta itemprop=\"interactionCount\" content=\"UserComments: 0\"\/>\n<\/div>                <\/div>\n            \t\n\t        \n<h4 itemprop=\"name\" class=\"entry-title edgtf-post-title\" >\n            <a itemprop=\"url\" href=\"https:\/\/www.santjosep.net\/de\/lovesantjosep-bringt-uns-zu-magischen-orten-in-sant-josep\/\" title=\"#LoveSantJosep bringt uns zu magischen Orten in Sant Josep\">\n            #LoveSantJosep bringt uns zu magischen Orten in Sant Josep            <\/a>\n    <\/h4>\n\t        <div class=\"edgtf-bli-info\">\n\t\t        <div class=\"edgtf-post-info-category\">\n    <a href=\"https:\/\/www.santjosep.net\/de\/category\/dorfen\/\" rel=\"category tag\">Dorfen<\/a>, <a href=\"https:\/\/www.santjosep.net\/de\/category\/fahrten\/\" rel=\"category tag\">Fahrten<\/a>, <a href=\"https:\/\/www.santjosep.net\/de\/category\/fauna-de\/\" rel=\"category tag\">Fauna<\/a>, <a href=\"https:\/\/www.santjosep.net\/de\/category\/sonnenuntergang\/\" rel=\"category tag\">Sonnenuntergang<\/a>, <a href=\"https:\/\/www.santjosep.net\/de\/category\/sport-de\/\" rel=\"category tag\">Sport<\/a>, <a href=\"https:\/\/www.santjosep.net\/de\/category\/straende\/\" rel=\"category tag\">Str\u00e4nde<\/a><\/div>\t        <\/div>\n\n\t        <div class=\"edgtf-bli-excerpt\">\n\t\t        \t\t<div class=\"edgtf-post-excerpt-holder\">\n\t\t\t<p itemprop=\"description\" class=\"edgtf-post-excerpt\">\n\t\t\t\tInstagram, das soziale Netzwerk, das uns ein Fenster zu magischen Orten und traumhaften Ecken \u00f6ffnet. Vor wenigen Monaten haben wir #LoveSantJosep auf Instagram gestartet. Unter diesem Hashtag findet Ihr auf Instagram Bilder von Touristen und Einheimischen von den sch\u00f6nsten Pl\u00e4tzen\t\t\t<\/p>\n\t\t<\/div>\n\t\t\t        \t<div class=\"edgtf-post-read-more-button\">\n\t\t<a itemprop=\"url\" href=\"https:\/\/www.santjosep.net\/de\/lovesantjosep-bringt-uns-zu-magischen-orten-in-sant-josep\/\" target=\"_self\"  class=\"edgtf-btn edgtf-btn-medium edgtf-btn-simple edgtf-btn-switch-line edgtf-blog-list-button\"  >\t\t\t<span class=\"edgtf-btn-icon-element\"><\/span>\t\t<span class=\"edgtf-btn-text\">Weiterlesen<span class=\"edgtf-btn-text-line\" ><\/span><span class=\"edgtf-btn-switch-line\" ><\/span><\/span>\t<\/a>\t<\/div>\n\t        <\/div>\n        <\/div>\n\t<\/div>\n<\/li><li class=\"edgtf-bl-item clearfix\">\n\t<div class=\"edgtf-bli-inner\">\n\t\t\n\t<div class=\"edgtf-post-image\">\n\t\t\t\t\t<a itemprop=\"url\" href=\"https:\/\/www.santjosep.net\/de\/ball-pages-ein-altes-ritual-in-reinform\/\" title=\"Ball pag\u00e8s, ein altes Ritual in Reinform\">\n\t\t\t\t\t\t\t\t\t<img loading=\"lazy\" decoding=\"async\" width=\"2000\" height=\"1500\" src=\"https:\/\/www.santjosep.net\/wp-content\/uploads\/2020\/01\/Ballpages-1.jpg\" class=\"attachment-full size-full wp-post-image\" alt=\"\" srcset=\"https:\/\/www.santjosep.net\/wp-content\/uploads\/2020\/01\/Ballpages-1.jpg 2000w, https:\/\/www.santjosep.net\/wp-content\/uploads\/2020\/01\/Ballpages-1-300x225.jpg 300w, https:\/\/www.santjosep.net\/wp-content\/uploads\/2020\/01\/Ballpages-1-1024x768.jpg 1024w, https:\/\/www.santjosep.net\/wp-content\/uploads\/2020\/01\/Ballpages-1-768x576.jpg 768w, https:\/\/www.santjosep.net\/wp-content\/uploads\/2020\/01\/Ballpages-1-1536x1152.jpg 1536w, https:\/\/www.santjosep.net\/wp-content\/uploads\/2020\/01\/Ballpages-1-800x600.jpg 800w\" sizes=\"auto, (max-width: 2000px) 100vw, 2000px\" \/>\t\t\t\t\t\t\t\t<\/a>\n\t\t\t<\/div>\n        <div class=\"edgtf-bli-content\">\n                            <div class=\"edgtf-bli-date\">\n\t                <div itemprop=\"dateCreated\" class=\"edgtf-post-info-date entry-date published updated\">\n            <a itemprop=\"url\" href=\"https:\/\/www.santjosep.net\/de\/2020\/01\/\">\n    \n        22 Januar 2020        <\/a>\n    <meta itemprop=\"interactionCount\" content=\"UserComments: 0\"\/>\n<\/div>                <\/div>\n            \t\n\t        \n<h4 itemprop=\"name\" class=\"entry-title edgtf-post-title\" >\n            <a itemprop=\"url\" href=\"https:\/\/www.santjosep.net\/de\/ball-pages-ein-altes-ritual-in-reinform\/\" title=\"Ball pag\u00e8s, ein altes Ritual in Reinform\">\n            Ball pag\u00e8s, ein altes Ritual in Reinform            <\/a>\n    <\/h4>\n\t        <div class=\"edgtf-bli-info\">\n\t\t        <div class=\"edgtf-post-info-category\">\n    <a href=\"https:\/\/www.santjosep.net\/de\/category\/traditionen\/\" rel=\"category tag\">Traditionen<\/a><\/div>\t        <\/div>\n\n\t        <div class=\"edgtf-bli-excerpt\">\n\t\t        \t\t<div class=\"edgtf-post-excerpt-holder\">\n\t\t\t<p itemprop=\"description\" class=\"edgtf-post-excerpt\">\n\t\t\t\tDer Bauerntanz, der sogenannte ball pag\u00e8s, ist die typische Tanzform der Pityusen und geh\u00f6rt zum bedeutendsten kulturellen Erbe der Inseln. Seine Farben, Rhythmen und seine Choreografie versetzen uns zur\u00fcck in l\u00e4ngst vergangene Zeiten und Orte, obwohl die Urspr\u00fcnge des Tanzes\t\t\t<\/p>\n\t\t<\/div>\n\t\t\t        \t<div class=\"edgtf-post-read-more-button\">\n\t\t<a itemprop=\"url\" href=\"https:\/\/www.santjosep.net\/de\/ball-pages-ein-altes-ritual-in-reinform\/\" target=\"_self\"  class=\"edgtf-btn edgtf-btn-medium edgtf-btn-simple edgtf-btn-switch-line edgtf-blog-list-button\"  >\t\t\t<span class=\"edgtf-btn-icon-element\"><\/span>\t\t<span class=\"edgtf-btn-text\">Weiterlesen<span class=\"edgtf-btn-text-line\" ><\/span><span class=\"edgtf-btn-switch-line\" ><\/span><\/span>\t<\/a>\t<\/div>\n\t        <\/div>\n        <\/div>\n\t<\/div>\n<\/li><li class=\"edgtf-bl-item clearfix\">\n\t<div class=\"edgtf-bli-inner\">\n\t\t\n\t<div class=\"edgtf-post-image\">\n\t\t\t\t\t<a itemprop=\"url\" href=\"https:\/\/www.santjosep.net\/de\/flamingos-die-lebendigen-ikonen-des-naturparks-ses-salines\/\" title=\"Flamingos, die lebendigen Ikonen des Naturparks Ses Salines\">\n\t\t\t\t\t\t\t\t\t<img loading=\"lazy\" decoding=\"async\" width=\"2000\" height=\"1500\" src=\"https:\/\/www.santjosep.net\/wp-content\/uploads\/2020\/01\/flamencoiconosesalines-1.jpg\" class=\"attachment-full size-full wp-post-image\" alt=\"\" srcset=\"https:\/\/www.santjosep.net\/wp-content\/uploads\/2020\/01\/flamencoiconosesalines-1.jpg 2000w, https:\/\/www.santjosep.net\/wp-content\/uploads\/2020\/01\/flamencoiconosesalines-1-300x225.jpg 300w, https:\/\/www.santjosep.net\/wp-content\/uploads\/2020\/01\/flamencoiconosesalines-1-1024x768.jpg 1024w, https:\/\/www.santjosep.net\/wp-content\/uploads\/2020\/01\/flamencoiconosesalines-1-768x576.jpg 768w, https:\/\/www.santjosep.net\/wp-content\/uploads\/2020\/01\/flamencoiconosesalines-1-1536x1152.jpg 1536w, https:\/\/www.santjosep.net\/wp-content\/uploads\/2020\/01\/flamencoiconosesalines-1-800x600.jpg 800w\" sizes=\"auto, (max-width: 2000px) 100vw, 2000px\" \/>\t\t\t\t\t\t\t\t<\/a>\n\t\t\t<\/div>\n        <div class=\"edgtf-bli-content\">\n                            <div class=\"edgtf-bli-date\">\n\t                <div itemprop=\"dateCreated\" class=\"edgtf-post-info-date entry-date published updated\">\n            <a itemprop=\"url\" href=\"https:\/\/www.santjosep.net\/de\/2020\/01\/\">\n    \n        10 Januar 2020        <\/a>\n    <meta itemprop=\"interactionCount\" content=\"UserComments: 0\"\/>\n<\/div>                <\/div>\n            \t\n\t        \n<h4 itemprop=\"name\" class=\"entry-title edgtf-post-title\" >\n            <a itemprop=\"url\" href=\"https:\/\/www.santjosep.net\/de\/flamingos-die-lebendigen-ikonen-des-naturparks-ses-salines\/\" title=\"Flamingos, die lebendigen Ikonen des Naturparks Ses Salines\">\n            Flamingos, die lebendigen Ikonen des Naturparks Ses Salines            <\/a>\n    <\/h4>\n\t        <div class=\"edgtf-bli-info\">\n\t\t        <div class=\"edgtf-post-info-category\">\n    <a href=\"https:\/\/www.santjosep.net\/de\/category\/fauna-de\/\" rel=\"category tag\">Fauna<\/a>, <a href=\"https:\/\/www.santjosep.net\/de\/category\/landstrich\/\" rel=\"category tag\">Landstrich<\/a><\/div>\t        <\/div>\n\n\t        <div class=\"edgtf-bli-excerpt\">\n\t\t        \t\t<div class=\"edgtf-post-excerpt-holder\">\n\t\t\t<p itemprop=\"description\" class=\"edgtf-post-excerpt\">\n\t\t\t\tDie Salzbecken von Ibiza geh\u00f6ren zu den sehenswertesten Naturlandschaften Ibizas und stellen zugleich das wichtigste Feuchtgebiet der pityusischen Inseln dar. Sie machen einen bedeutenden Teil des Naturparks Ses Salines von Ibiza und Formentera aus, der au\u00dferdem denjenigen Teil des Meeres\t\t\t<\/p>\n\t\t<\/div>\n\t\t\t        \t<div class=\"edgtf-post-read-more-button\">\n\t\t<a itemprop=\"url\" href=\"https:\/\/www.santjosep.net\/de\/flamingos-die-lebendigen-ikonen-des-naturparks-ses-salines\/\" target=\"_self\"  class=\"edgtf-btn edgtf-btn-medium edgtf-btn-simple edgtf-btn-switch-line edgtf-blog-list-button\"  >\t\t\t<span class=\"edgtf-btn-icon-element\"><\/span>\t\t<span class=\"edgtf-btn-text\">Weiterlesen<span class=\"edgtf-btn-text-line\" ><\/span><span class=\"edgtf-btn-switch-line\" ><\/span><\/span>\t<\/a>\t<\/div>\n\t        <\/div>\n        <\/div>\n\t<\/div>\n<\/li><li class=\"edgtf-bl-item clearfix\">\n\t<div class=\"edgtf-bli-inner\">\n\t\t\n\t<div class=\"edgtf-post-image\">\n\t\t\t\t\t<a itemprop=\"url\" href=\"https:\/\/www.santjosep.net\/de\/sant-josep-ein-wahres-meer-an-freizeitmoeglichkeiten\/\" title=\"Sant Josep, ein wahres Meer an Freizeitm\u00f6glichkeiten\">\n\t\t\t\t\t\t\t\t\t<img loading=\"lazy\" decoding=\"async\" width=\"2000\" height=\"1500\" src=\"https:\/\/www.santjosep.net\/wp-content\/uploads\/2020\/01\/santjoseptodounmarposibilidades.jpg\" class=\"attachment-full size-full wp-post-image\" alt=\"\" srcset=\"https:\/\/www.santjosep.net\/wp-content\/uploads\/2020\/01\/santjoseptodounmarposibilidades.jpg 2000w, https:\/\/www.santjosep.net\/wp-content\/uploads\/2020\/01\/santjoseptodounmarposibilidades-300x225.jpg 300w, https:\/\/www.santjosep.net\/wp-content\/uploads\/2020\/01\/santjoseptodounmarposibilidades-1024x768.jpg 1024w, https:\/\/www.santjosep.net\/wp-content\/uploads\/2020\/01\/santjoseptodounmarposibilidades-768x576.jpg 768w, https:\/\/www.santjosep.net\/wp-content\/uploads\/2020\/01\/santjoseptodounmarposibilidades-1536x1152.jpg 1536w, https:\/\/www.santjosep.net\/wp-content\/uploads\/2020\/01\/santjoseptodounmarposibilidades-800x600.jpg 800w\" sizes=\"auto, (max-width: 2000px) 100vw, 2000px\" \/>\t\t\t\t\t\t\t\t<\/a>\n\t\t\t<\/div>\n        <div class=\"edgtf-bli-content\">\n                            <div class=\"edgtf-bli-date\">\n\t                <div itemprop=\"dateCreated\" class=\"edgtf-post-info-date entry-date published updated\">\n            <a itemprop=\"url\" href=\"https:\/\/www.santjosep.net\/de\/2020\/01\/\">\n    \n        2 Januar 2020        <\/a>\n    <meta itemprop=\"interactionCount\" content=\"UserComments: 0\"\/>\n<\/div>                <\/div>\n            \t\n\t        \n<h4 itemprop=\"name\" class=\"entry-title edgtf-post-title\" >\n            <a itemprop=\"url\" href=\"https:\/\/www.santjosep.net\/de\/sant-josep-ein-wahres-meer-an-freizeitmoeglichkeiten\/\" title=\"Sant Josep, ein wahres Meer an Freizeitm\u00f6glichkeiten\">\n            Sant Josep, ein wahres Meer an Freizeitm\u00f6glichkeiten            <\/a>\n    <\/h4>\n\t        <div class=\"edgtf-bli-info\">\n\t\t        <div class=\"edgtf-post-info-category\">\n    <a href=\"https:\/\/www.santjosep.net\/de\/category\/sport-de\/\" rel=\"category tag\">Sport<\/a><\/div>\t        <\/div>\n\n\t        <div class=\"edgtf-bli-excerpt\">\n\t\t        \t\t<div class=\"edgtf-post-excerpt-holder\">\n\t\t\t<p itemprop=\"description\" class=\"edgtf-post-excerpt\">\n\t\t\t\tDie K\u00fcstenlinie der Gemeinde Sant Josep de sa Talaia ist insgesamt ca. 84 Kilometer lang und voller Buchten und verborgener Winkel mit kristallklarem Wasser und \u00fcppiger Fauna und Flora am Meeresgrund. Hier befinden sich auch die ikonischen Inseln Es Vedr\u00e0\t\t\t<\/p>\n\t\t<\/div>\n\t\t\t        \t<div class=\"edgtf-post-read-more-button\">\n\t\t<a itemprop=\"url\" href=\"https:\/\/www.santjosep.net\/de\/sant-josep-ein-wahres-meer-an-freizeitmoeglichkeiten\/\" target=\"_self\"  class=\"edgtf-btn edgtf-btn-medium edgtf-btn-simple edgtf-btn-switch-line edgtf-blog-list-button\"  >\t\t\t<span class=\"edgtf-btn-icon-element\"><\/span>\t\t<span class=\"edgtf-btn-text\">Weiterlesen<span class=\"edgtf-btn-text-line\" ><\/span><span class=\"edgtf-btn-switch-line\" ><\/span><\/span>\t<\/a>\t<\/div>\n\t        <\/div>\n        <\/div>\n\t<\/div>\n<\/li><li class=\"edgtf-bl-item clearfix\">\n\t<div class=\"edgtf-bli-inner\">\n\t\t\n\t<div class=\"edgtf-post-image\">\n\t\t\t\t\t<a itemprop=\"url\" href=\"https:\/\/www.santjosep.net\/de\/die-schoensten-panoramablicke-in-sant-josep\/\" title=\"Die sch\u00f6nsten Panoramablicke in Sant Josep\">\n\t\t\t\t\t\t\t\t\t<img loading=\"lazy\" decoding=\"async\" width=\"890\" height=\"667\" src=\"https:\/\/www.santjosep.net\/wp-content\/uploads\/2019\/12\/cover_blog.jpg\" class=\"attachment-full size-full wp-post-image\" alt=\"\" srcset=\"https:\/\/www.santjosep.net\/wp-content\/uploads\/2019\/12\/cover_blog.jpg 890w, https:\/\/www.santjosep.net\/wp-content\/uploads\/2019\/12\/cover_blog-300x225.jpg 300w, https:\/\/www.santjosep.net\/wp-content\/uploads\/2019\/12\/cover_blog-768x576.jpg 768w, https:\/\/www.santjosep.net\/wp-content\/uploads\/2019\/12\/cover_blog-800x600.jpg 800w\" sizes=\"auto, (max-width: 890px) 100vw, 890px\" \/>\t\t\t\t\t\t\t\t<\/a>\n\t\t\t<\/div>\n        <div class=\"edgtf-bli-content\">\n                            <div class=\"edgtf-bli-date\">\n\t                <div itemprop=\"dateCreated\" class=\"edgtf-post-info-date entry-date published updated\">\n            <a itemprop=\"url\" href=\"https:\/\/www.santjosep.net\/de\/2019\/12\/\">\n    \n        22 Dezember 2019        <\/a>\n    <meta itemprop=\"interactionCount\" content=\"UserComments: 0\"\/>\n<\/div>                <\/div>\n            \t\n\t        \n<h4 itemprop=\"name\" class=\"entry-title edgtf-post-title\" >\n            <a itemprop=\"url\" href=\"https:\/\/www.santjosep.net\/de\/die-schoensten-panoramablicke-in-sant-josep\/\" title=\"Die sch\u00f6nsten Panoramablicke in Sant Josep\">\n            Die sch\u00f6nsten Panoramablicke in Sant Josep            <\/a>\n    <\/h4>\n\t        <div class=\"edgtf-bli-info\">\n\t\t        <div class=\"edgtf-post-info-category\">\n    <a href=\"https:\/\/www.santjosep.net\/de\/category\/fahrten\/\" rel=\"category tag\">Fahrten<\/a>, <a href=\"https:\/\/www.santjosep.net\/de\/category\/landstrich\/\" rel=\"category tag\">Landstrich<\/a><\/div>\t        <\/div>\n\n\t        <div class=\"edgtf-bli-excerpt\">\n\t\t        \t\t<div class=\"edgtf-post-excerpt-holder\">\n\t\t\t<p itemprop=\"description\" class=\"edgtf-post-excerpt\">\n\t\t\t\tAuf seinen 154 km\u00b2 vereint Sant Josep de sa Talaia bet\u00f6rend sch\u00f6ne Landschaften, 32 Str\u00e4nde und mehr als 80 km K\u00fcstenlinie. Jahr f\u00fcr Jahr lockt die gr\u00f6\u00dfte Gemeinde der Insel tausende Besucher an, die auf der Suche nach Idylle, W\u00e4ldern,\t\t\t<\/p>\n\t\t<\/div>\n\t\t\t        \t<div class=\"edgtf-post-read-more-button\">\n\t\t<a itemprop=\"url\" href=\"https:\/\/www.santjosep.net\/de\/die-schoensten-panoramablicke-in-sant-josep\/\" target=\"_self\"  class=\"edgtf-btn edgtf-btn-medium edgtf-btn-simple edgtf-btn-switch-line edgtf-blog-list-button\"  >\t\t\t<span class=\"edgtf-btn-icon-element\"><\/span>\t\t<span class=\"edgtf-btn-text\">Weiterlesen<span class=\"edgtf-btn-text-line\" ><\/span><span class=\"edgtf-btn-switch-line\" ><\/span><\/span>\t<\/a>\t<\/div>\n\t        <\/div>\n        <\/div>\n\t<\/div>\n<\/li><li class=\"edgtf-bl-item clearfix\">\n\t<div class=\"edgtf-bli-inner\">\n\t\t\n\t<div class=\"edgtf-post-image\">\n\t\t\t\t\t<a itemprop=\"url\" href=\"https:\/\/www.santjosep.net\/de\/die-kirche-von-sant-agusti-200-jahre-geschichte-voller-wechselfaelle\/\" title=\"Die Kirche von Sant Agust\u00ed \u2013 200 Jahre Geschichte voller Wechself\u00e4lle\">\n\t\t\t\t\t\t\t\t\t<img loading=\"lazy\" decoding=\"async\" width=\"2000\" height=\"1500\" src=\"https:\/\/www.santjosep.net\/wp-content\/uploads\/2019\/12\/iglesiasanagustin.jpg\" class=\"attachment-full size-full wp-post-image\" alt=\"\" srcset=\"https:\/\/www.santjosep.net\/wp-content\/uploads\/2019\/12\/iglesiasanagustin.jpg 2000w, https:\/\/www.santjosep.net\/wp-content\/uploads\/2019\/12\/iglesiasanagustin-300x225.jpg 300w, https:\/\/www.santjosep.net\/wp-content\/uploads\/2019\/12\/iglesiasanagustin-1024x768.jpg 1024w, https:\/\/www.santjosep.net\/wp-content\/uploads\/2019\/12\/iglesiasanagustin-768x576.jpg 768w, https:\/\/www.santjosep.net\/wp-content\/uploads\/2019\/12\/iglesiasanagustin-1536x1152.jpg 1536w, https:\/\/www.santjosep.net\/wp-content\/uploads\/2019\/12\/iglesiasanagustin-800x600.jpg 800w\" sizes=\"auto, (max-width: 2000px) 100vw, 2000px\" \/>\t\t\t\t\t\t\t\t<\/a>\n\t\t\t<\/div>\n        <div class=\"edgtf-bli-content\">\n                            <div class=\"edgtf-bli-date\">\n\t                <div itemprop=\"dateCreated\" class=\"edgtf-post-info-date entry-date published updated\">\n            <a itemprop=\"url\" href=\"https:\/\/www.santjosep.net\/de\/2019\/12\/\">\n    \n        18 Dezember 2019        <\/a>\n    <meta itemprop=\"interactionCount\" content=\"UserComments: 0\"\/>\n<\/div>                <\/div>\n            \t\n\t        \n<h4 itemprop=\"name\" class=\"entry-title edgtf-post-title\" >\n            <a itemprop=\"url\" href=\"https:\/\/www.santjosep.net\/de\/die-kirche-von-sant-agusti-200-jahre-geschichte-voller-wechselfaelle\/\" title=\"Die Kirche von Sant Agust\u00ed \u2013 200 Jahre Geschichte voller Wechself\u00e4lle\">\n            Die Kirche von Sant Agust\u00ed \u2013 200 Jahre Geschichte voller Wechself\u00e4lle            <\/a>\n    <\/h4>\n\t        <div class=\"edgtf-bli-info\">\n\t\t        <div class=\"edgtf-post-info-category\">\n    <a href=\"https:\/\/www.santjosep.net\/de\/category\/dorfen\/\" rel=\"category tag\">Dorfen<\/a><\/div>\t        <\/div>\n\n\t        <div class=\"edgtf-bli-excerpt\">\n\t\t        \t\t<div class=\"edgtf-post-excerpt-holder\">\n\t\t\t<p itemprop=\"description\" class=\"edgtf-post-excerpt\">\n\t\t\t\t2019 wurde die Kirche von Sant Agust\u00ed 200 Jahre alt. Ihre Geschichte, die mit der Grundsteinlegung im Jahr 1788 begann, ist gepr\u00e4gt von Wechself\u00e4llen und Wendepunkten. So sollte sie beispielsweise urspr\u00fcnglich an einem anderen Ort errichtet werden als dem, an\t\t\t<\/p>\n\t\t<\/div>\n\t\t\t        \t<div class=\"edgtf-post-read-more-button\">\n\t\t<a itemprop=\"url\" href=\"https:\/\/www.santjosep.net\/de\/die-kirche-von-sant-agusti-200-jahre-geschichte-voller-wechselfaelle\/\" target=\"_self\"  class=\"edgtf-btn edgtf-btn-medium edgtf-btn-simple edgtf-btn-switch-line edgtf-blog-list-button\"  >\t\t\t<span class=\"edgtf-btn-icon-element\"><\/span>\t\t<span class=\"edgtf-btn-text\">Weiterlesen<span class=\"edgtf-btn-text-line\" ><\/span><span class=\"edgtf-btn-switch-line\" ><\/span><\/span>\t<\/a>\t<\/div>\n\t        <\/div>\n        <\/div>\n\t<\/div>\n<\/li><li class=\"edgtf-bl-item clearfix\">\n\t<div class=\"edgtf-bli-inner\">\n\t\t\n\t<div class=\"edgtf-post-image\">\n\t\t\t\t\t<a itemprop=\"url\" href=\"https:\/\/www.santjosep.net\/de\/iv-fira-de-la-sal-2019\/\" title=\"IV Fira de la Sal 2019\">\n\t\t\t\t\t\t\t\t\t<img loading=\"lazy\" decoding=\"async\" width=\"2000\" height=\"1500\" src=\"https:\/\/www.santjosep.net\/wp-content\/uploads\/2017\/11\/firadelasal.jpg\" class=\"attachment-full size-full wp-post-image\" alt=\"\" srcset=\"https:\/\/www.santjosep.net\/wp-content\/uploads\/2017\/11\/firadelasal.jpg 2000w, https:\/\/www.santjosep.net\/wp-content\/uploads\/2017\/11\/firadelasal-300x225.jpg 300w, https:\/\/www.santjosep.net\/wp-content\/uploads\/2017\/11\/firadelasal-1024x768.jpg 1024w, https:\/\/www.santjosep.net\/wp-content\/uploads\/2017\/11\/firadelasal-768x576.jpg 768w, https:\/\/www.santjosep.net\/wp-content\/uploads\/2017\/11\/firadelasal-1536x1152.jpg 1536w, https:\/\/www.santjosep.net\/wp-content\/uploads\/2017\/11\/firadelasal-800x600.jpg 800w\" sizes=\"auto, (max-width: 2000px) 100vw, 2000px\" \/>\t\t\t\t\t\t\t\t<\/a>\n\t\t\t<\/div>\n        <div class=\"edgtf-bli-content\">\n                            <div class=\"edgtf-bli-date\">\n\t                <div itemprop=\"dateCreated\" class=\"edgtf-post-info-date entry-date published updated\">\n            <a itemprop=\"url\" href=\"https:\/\/www.santjosep.net\/de\/2019\/10\/\">\n    \n        29 Oktober 2019        <\/a>\n    <meta itemprop=\"interactionCount\" content=\"UserComments: 0\"\/>\n<\/div>                <\/div>\n            \t\n\t        \n<h4 itemprop=\"name\" class=\"entry-title edgtf-post-title\" >\n            <a itemprop=\"url\" href=\"https:\/\/www.santjosep.net\/de\/iv-fira-de-la-sal-2019\/\" title=\"IV Fira de la Sal 2019\">\n            IV Fira de la Sal 2019            <\/a>\n    <\/h4>\n\t        <div class=\"edgtf-bli-info\">\n\t\t        <div class=\"edgtf-post-info-category\">\n    <a href=\"https:\/\/www.santjosep.net\/de\/category\/erbe\/\" rel=\"category tag\">Erbe<\/a>, <a href=\"https:\/\/www.santjosep.net\/de\/category\/geschehen\/\" rel=\"category tag\">Geschehen<\/a><\/div>\t        <\/div>\n\n\t        <div class=\"edgtf-bli-excerpt\">\n\t\t        \t\t<div class=\"edgtf-post-excerpt-holder\">\n\t\t\t<p itemprop=\"description\" class=\"edgtf-post-excerpt\">\n\t\t\t\tVom 25.- 27. Oktober fand rund um die Salzbecken von Ibiza die 4. Fira de la Sal, das Salzfest, statt. Bei diesem kulturellen und touristischen Event ging es darum, das kulturelle Erbe der Salzgewinnung einer breiteren \u00d6ffentlichkeit n\u00e4her zu bringen.\t\t\t<\/p>\n\t\t<\/div>\n\t\t\t        \t<div class=\"edgtf-post-read-more-button\">\n\t\t<a itemprop=\"url\" href=\"https:\/\/www.santjosep.net\/de\/iv-fira-de-la-sal-2019\/\" target=\"_self\"  class=\"edgtf-btn edgtf-btn-medium edgtf-btn-simple edgtf-btn-switch-line edgtf-blog-list-button\"  >\t\t\t<span class=\"edgtf-btn-icon-element\"><\/span>\t\t<span class=\"edgtf-btn-text\">Weiterlesen<span class=\"edgtf-btn-text-line\" ><\/span><span class=\"edgtf-btn-switch-line\" ><\/span><\/span>\t<\/a>\t<\/div>\n\t        <\/div>\n        <\/div>\n\t<\/div>\n<\/li><li class=\"edgtf-bl-item clearfix\">\n\t<div class=\"edgtf-bli-inner\">\n\t\t\n\t<div class=\"edgtf-post-image\">\n\t\t\t\t\t<a itemprop=\"url\" href=\"https:\/\/www.santjosep.net\/de\/hippy-market-playa-den-bossa\/\" title=\"Hippy Market Playa d\u2019en Bossa\">\n\t\t\t\t\t\t\t\t\t<img loading=\"lazy\" decoding=\"async\" width=\"890\" height=\"667\" src=\"https:\/\/www.santjosep.net\/wp-content\/uploads\/2019\/09\/cvover_video.jpg\" class=\"attachment-full size-full wp-post-image\" alt=\"\" srcset=\"https:\/\/www.santjosep.net\/wp-content\/uploads\/2019\/09\/cvover_video.jpg 890w, https:\/\/www.santjosep.net\/wp-content\/uploads\/2019\/09\/cvover_video-300x225.jpg 300w, https:\/\/www.santjosep.net\/wp-content\/uploads\/2019\/09\/cvover_video-768x576.jpg 768w, https:\/\/www.santjosep.net\/wp-content\/uploads\/2019\/09\/cvover_video-800x600.jpg 800w\" sizes=\"auto, (max-width: 890px) 100vw, 890px\" \/>\t\t\t\t\t\t\t\t<\/a>\n\t\t\t<\/div>\n        <div class=\"edgtf-bli-content\">\n                            <div class=\"edgtf-bli-date\">\n\t                <div itemprop=\"dateCreated\" class=\"edgtf-post-info-date entry-date published updated\">\n            <a itemprop=\"url\" href=\"https:\/\/www.santjosep.net\/de\/2019\/09\/\">\n    \n        3 September 2019        <\/a>\n    <meta itemprop=\"interactionCount\" content=\"UserComments: 0\"\/>\n<\/div>                <\/div>\n            \t\n\t        \n<h4 itemprop=\"name\" class=\"entry-title edgtf-post-title\" >\n            <a itemprop=\"url\" href=\"https:\/\/www.santjosep.net\/de\/hippy-market-playa-den-bossa\/\" title=\"Hippy Market Playa d\u2019en Bossa\">\n            Hippy Market Playa d\u2019en Bossa            <\/a>\n    <\/h4>\n\t        <div class=\"edgtf-bli-info\">\n\t\t        <div class=\"edgtf-post-info-category\">\n    <a href=\"https:\/\/www.santjosep.net\/de\/category\/video-de\/\" rel=\"category tag\">Video<\/a><\/div>\t        <\/div>\n\n\t        <div class=\"edgtf-bli-excerpt\">\n\t\t        \t\t<div class=\"edgtf-post-excerpt-holder\">\n\t\t\t<p itemprop=\"description\" class=\"edgtf-post-excerpt\">\n\t\t\t\tW\u00e4hrend der Sommermonate findet der Hippie-Markt in Playa d\u2019en Bossa mit einer gro\u00dfen Anzahl St\u00e4nden mit Kunsthandwerk, Accessoires, Modeschmuck, Lederwaren und ibizenkischen T\u00f6pferwaren statt. T\u00e4glich ge\u00f6ffnet von 18.00 Uhr bis Mitternacht in der Calle de la Ruda y del Bruc.\t\t\t<\/p>\n\t\t<\/div>\n\t\t\t        \t<div class=\"edgtf-post-read-more-button\">\n\t\t<a itemprop=\"url\" href=\"https:\/\/www.santjosep.net\/de\/hippy-market-playa-den-bossa\/\" target=\"_self\"  class=\"edgtf-btn edgtf-btn-medium edgtf-btn-simple edgtf-btn-switch-line edgtf-blog-list-button\"  >\t\t\t<span class=\"edgtf-btn-icon-element\"><\/span>\t\t<span class=\"edgtf-btn-text\">Weiterlesen<span class=\"edgtf-btn-text-line\" ><\/span><span class=\"edgtf-btn-switch-line\" ><\/span><\/span>\t<\/a>\t<\/div>\n\t        <\/div>\n        <\/div>\n\t<\/div>\n<\/li><li class=\"edgtf-bl-item clearfix\">\n\t<div class=\"edgtf-bli-inner\">\n\t\t\n\t<div class=\"edgtf-post-image\">\n\t\t\t\t\t<a itemprop=\"url\" href=\"https:\/\/www.santjosep.net\/de\/sonnenuntergang-in-platges-de-comte\/\" title=\"Sonnenuntergang in Platges de Comte\">\n\t\t\t\t\t\t\t\t\t<img loading=\"lazy\" decoding=\"async\" width=\"890\" height=\"667\" src=\"https:\/\/www.santjosep.net\/wp-content\/uploads\/2019\/08\/cover_videos_0009_P1013403.jpg\" class=\"attachment-full size-full wp-post-image\" alt=\"\" srcset=\"https:\/\/www.santjosep.net\/wp-content\/uploads\/2019\/08\/cover_videos_0009_P1013403.jpg 890w, https:\/\/www.santjosep.net\/wp-content\/uploads\/2019\/08\/cover_videos_0009_P1013403-300x225.jpg 300w, https:\/\/www.santjosep.net\/wp-content\/uploads\/2019\/08\/cover_videos_0009_P1013403-768x576.jpg 768w, https:\/\/www.santjosep.net\/wp-content\/uploads\/2019\/08\/cover_videos_0009_P1013403-800x600.jpg 800w\" sizes=\"auto, (max-width: 890px) 100vw, 890px\" \/>\t\t\t\t\t\t\t\t<\/a>\n\t\t\t<\/div>\n        <div class=\"edgtf-bli-content\">\n                            <div class=\"edgtf-bli-date\">\n\t                <div itemprop=\"dateCreated\" class=\"edgtf-post-info-date entry-date published updated\">\n            <a itemprop=\"url\" href=\"https:\/\/www.santjosep.net\/de\/2019\/08\/\">\n    \n        12 August 2019        <\/a>\n    <meta itemprop=\"interactionCount\" content=\"UserComments: 0\"\/>\n<\/div>                <\/div>\n            \t\n\t        \n<h4 itemprop=\"name\" class=\"entry-title edgtf-post-title\" >\n            <a itemprop=\"url\" href=\"https:\/\/www.santjosep.net\/de\/sonnenuntergang-in-platges-de-comte\/\" title=\"Sonnenuntergang in Platges de Comte\">\n            Sonnenuntergang in Platges de Comte            <\/a>\n    <\/h4>\n\t        <div class=\"edgtf-bli-info\">\n\t\t        <div class=\"edgtf-post-info-category\">\n    <a href=\"https:\/\/www.santjosep.net\/de\/category\/sonnenuntergang\/\" rel=\"category tag\">Sonnenuntergang<\/a>, <a href=\"https:\/\/www.santjosep.net\/de\/category\/straende\/\" rel=\"category tag\">Str\u00e4nde<\/a><\/div>\t        <\/div>\n\n\t        <div class=\"edgtf-bli-excerpt\">\n\t\t        \t\t<div class=\"edgtf-post-excerpt-holder\">\n\t\t\t<p itemprop=\"description\" class=\"edgtf-post-excerpt\">\n\t\t\t\tDas unglaubliche Panorama macht diesen Strand zu einem der sch\u00f6nsten auf der Insel und damit einen Besuch unerl\u00e4sslich. Die vielen kleinen Ecken laden zum Sonnen und zu einem sicheren Badvergn\u00fcgen ein. Machen Sie einen Spaziergang rings um den Strand herum\t\t\t<\/p>\n\t\t<\/div>\n\t\t\t        \t<div class=\"edgtf-post-read-more-button\">\n\t\t<a itemprop=\"url\" href=\"https:\/\/www.santjosep.net\/de\/sonnenuntergang-in-platges-de-comte\/\" target=\"_self\"  class=\"edgtf-btn edgtf-btn-medium edgtf-btn-simple edgtf-btn-switch-line edgtf-blog-list-button\"  >\t\t\t<span class=\"edgtf-btn-icon-element\"><\/span>\t\t<span class=\"edgtf-btn-text\">Weiterlesen<span class=\"edgtf-btn-text-line\" ><\/span><span class=\"edgtf-btn-switch-line\" ><\/span><\/span>\t<\/a>\t<\/div>\n\t        <\/div>\n        <\/div>\n\t<\/div>\n<\/li><li class=\"edgtf-bl-item clearfix\">\n\t<div class=\"edgtf-bli-inner\">\n\t\t\n\t<div class=\"edgtf-post-image\">\n\t\t\t\t\t<a itemprop=\"url\" href=\"https:\/\/www.santjosep.net\/de\/fahrradtouren-fuer-die-ganze-familie-mit-dem-fahrrad-auf-schatzsuche\/\" title=\"Fahrradtouren f\u00fcr die ganze Familie &#8211;  \u201cMit dem Fahrrad auf Schatzsuche\u201d\">\n\t\t\t\t\t\t\t\t\t<img loading=\"lazy\" decoding=\"async\" width=\"2000\" height=\"1500\" src=\"https:\/\/www.santjosep.net\/wp-content\/uploads\/2019\/05\/bicisessalines-1.jpg\" class=\"attachment-full size-full wp-post-image\" alt=\"\" srcset=\"https:\/\/www.santjosep.net\/wp-content\/uploads\/2019\/05\/bicisessalines-1.jpg 2000w, https:\/\/www.santjosep.net\/wp-content\/uploads\/2019\/05\/bicisessalines-1-300x225.jpg 300w, https:\/\/www.santjosep.net\/wp-content\/uploads\/2019\/05\/bicisessalines-1-1024x768.jpg 1024w, https:\/\/www.santjosep.net\/wp-content\/uploads\/2019\/05\/bicisessalines-1-768x576.jpg 768w, https:\/\/www.santjosep.net\/wp-content\/uploads\/2019\/05\/bicisessalines-1-1536x1152.jpg 1536w, https:\/\/www.santjosep.net\/wp-content\/uploads\/2019\/05\/bicisessalines-1-800x600.jpg 800w\" sizes=\"auto, (max-width: 2000px) 100vw, 2000px\" \/>\t\t\t\t\t\t\t\t<\/a>\n\t\t\t<\/div>\n        <div class=\"edgtf-bli-content\">\n                            <div class=\"edgtf-bli-date\">\n\t                <div itemprop=\"dateCreated\" class=\"edgtf-post-info-date entry-date published updated\">\n            <a itemprop=\"url\" href=\"https:\/\/www.santjosep.net\/de\/2019\/05\/\">\n    \n        6 Mai 2019        <\/a>\n    <meta itemprop=\"interactionCount\" content=\"UserComments: 0\"\/>\n<\/div>                <\/div>\n            \t\n\t        \n<h4 itemprop=\"name\" class=\"entry-title edgtf-post-title\" >\n            <a itemprop=\"url\" href=\"https:\/\/www.santjosep.net\/de\/fahrradtouren-fuer-die-ganze-familie-mit-dem-fahrrad-auf-schatzsuche\/\" title=\"Fahrradtouren f\u00fcr die ganze Familie &#8211;  \u201cMit dem Fahrrad auf Schatzsuche\u201d\">\n            Fahrradtouren f\u00fcr die ganze Familie &#8211;  \u201cMit dem Fahrrad auf Schatzsuche\u201d            <\/a>\n    <\/h4>\n\t        <div class=\"edgtf-bli-info\">\n\t\t        <div class=\"edgtf-post-info-category\">\n    <a href=\"https:\/\/www.santjosep.net\/de\/category\/sport-de\/\" rel=\"category tag\">Sport<\/a><\/div>\t        <\/div>\n\n\t        <div class=\"edgtf-bli-excerpt\">\n\t\t        \t\t<div class=\"edgtf-post-excerpt-holder\">\n\t\t\t<p itemprop=\"description\" class=\"edgtf-post-excerpt\">\n\t\t\t\tIm Vordergrund dieser begleiteten Fahrradtouren f\u00fcr die ganze Familie steht das Ziel, aktiv und auf unterhaltsame Weise etwas \u00fcber die Natursch\u00e4tze des Ortes zu erfahren \u2013 und das f\u00fcr jede Altersgruppe.\r\n\r\nHier arbeiten Gro\u00df und Klein zusammen und k\u00f6nnen sich auf\t\t\t<\/p>\n\t\t<\/div>\n\t\t\t        \t<div class=\"edgtf-post-read-more-button\">\n\t\t<a itemprop=\"url\" href=\"https:\/\/www.santjosep.net\/de\/fahrradtouren-fuer-die-ganze-familie-mit-dem-fahrrad-auf-schatzsuche\/\" target=\"_self\"  class=\"edgtf-btn edgtf-btn-medium edgtf-btn-simple edgtf-btn-switch-line edgtf-blog-list-button\"  >\t\t\t<span class=\"edgtf-btn-icon-element\"><\/span>\t\t<span class=\"edgtf-btn-text\">Weiterlesen<span class=\"edgtf-btn-text-line\" ><\/span><span class=\"edgtf-btn-switch-line\" ><\/span><\/span>\t<\/a>\t<\/div>\n\t        <\/div>\n        <\/div>\n\t<\/div>\n<\/li><li class=\"edgtf-bl-item clearfix\">\n\t<div class=\"edgtf-bli-inner\">\n\t\t\n\t<div class=\"edgtf-post-image\">\n\t\t\t\t\t<a itemprop=\"url\" href=\"https:\/\/www.santjosep.net\/de\/die-bootshaeuschen-das-zuhause-des-llauets\/\" title=\"Die Bootsh\u00e4uschen \u2013 das Zuhause des Lla\u00fcts\">\n\t\t\t\t\t\t\t\t\t<img loading=\"lazy\" decoding=\"async\" width=\"2000\" height=\"1500\" src=\"https:\/\/www.santjosep.net\/wp-content\/uploads\/2019\/04\/casetasvaradero.jpg\" class=\"attachment-full size-full wp-post-image\" alt=\"\" srcset=\"https:\/\/www.santjosep.net\/wp-content\/uploads\/2019\/04\/casetasvaradero.jpg 2000w, https:\/\/www.santjosep.net\/wp-content\/uploads\/2019\/04\/casetasvaradero-300x225.jpg 300w, https:\/\/www.santjosep.net\/wp-content\/uploads\/2019\/04\/casetasvaradero-1024x768.jpg 1024w, https:\/\/www.santjosep.net\/wp-content\/uploads\/2019\/04\/casetasvaradero-768x576.jpg 768w, https:\/\/www.santjosep.net\/wp-content\/uploads\/2019\/04\/casetasvaradero-1536x1152.jpg 1536w, https:\/\/www.santjosep.net\/wp-content\/uploads\/2019\/04\/casetasvaradero-800x600.jpg 800w\" sizes=\"auto, (max-width: 2000px) 100vw, 2000px\" \/>\t\t\t\t\t\t\t\t<\/a>\n\t\t\t<\/div>\n        <div class=\"edgtf-bli-content\">\n                            <div class=\"edgtf-bli-date\">\n\t                <div itemprop=\"dateCreated\" class=\"edgtf-post-info-date entry-date published updated\">\n            <a itemprop=\"url\" href=\"https:\/\/www.santjosep.net\/de\/2019\/04\/\">\n    \n        24 April 2019        <\/a>\n    <meta itemprop=\"interactionCount\" content=\"UserComments: 0\"\/>\n<\/div>                <\/div>\n            \t\n\t        \n<h4 itemprop=\"name\" class=\"entry-title edgtf-post-title\" >\n            <a itemprop=\"url\" href=\"https:\/\/www.santjosep.net\/de\/die-bootshaeuschen-das-zuhause-des-llauets\/\" title=\"Die Bootsh\u00e4uschen \u2013 das Zuhause des Lla\u00fcts\">\n            Die Bootsh\u00e4uschen \u2013 das Zuhause des Lla\u00fcts            <\/a>\n    <\/h4>\n\t        <div class=\"edgtf-bli-info\">\n\t\t        <div class=\"edgtf-post-info-category\">\n    <a href=\"https:\/\/www.santjosep.net\/de\/category\/landstrich\/\" rel=\"category tag\">Landstrich<\/a>, <a href=\"https:\/\/www.santjosep.net\/de\/category\/straende\/\" rel=\"category tag\">Str\u00e4nde<\/a><\/div>\t        <\/div>\n\n\t        <div class=\"edgtf-bli-excerpt\">\n\t\t        \t\t<div class=\"edgtf-post-excerpt-holder\">\n\t\t\t<p itemprop=\"description\" class=\"edgtf-post-excerpt\">\n\t\t\t\tDie malerische K\u00fcste von Sant Josep ist ges\u00e4umt von historischen Landmarken, die uns auf greifbare Weise etwas \u00fcber die damalige Lebensart, die Br\u00e4uche und die Kultur der einheimischen Bev\u00f6lkerung berichten. Besonders die Bootsh\u00e4uschen fallen dabei ins Auge. Sie finden sich\t\t\t<\/p>\n\t\t<\/div>\n\t\t\t        \t<div class=\"edgtf-post-read-more-button\">\n\t\t<a itemprop=\"url\" href=\"https:\/\/www.santjosep.net\/de\/die-bootshaeuschen-das-zuhause-des-llauets\/\" target=\"_self\"  class=\"edgtf-btn edgtf-btn-medium edgtf-btn-simple edgtf-btn-switch-line edgtf-blog-list-button\"  >\t\t\t<span class=\"edgtf-btn-icon-element\"><\/span>\t\t<span class=\"edgtf-btn-text\">Weiterlesen<span class=\"edgtf-btn-text-line\" ><\/span><span class=\"edgtf-btn-switch-line\" ><\/span><\/span>\t<\/a>\t<\/div>\n\t        <\/div>\n        <\/div>\n\t<\/div>\n<\/li><li class=\"edgtf-bl-item clearfix\">\n\t<div class=\"edgtf-bli-inner\">\n\t\t\n\t<div class=\"edgtf-post-image\">\n\t\t\t\t\t<a itemprop=\"url\" href=\"https:\/\/www.santjosep.net\/de\/praesentation-in-fitur\/\" title=\"Pr\u00e4sentation in FITUR\">\n\t\t\t\t\t\t\t\t\t<img loading=\"lazy\" decoding=\"async\" width=\"2000\" height=\"1500\" src=\"https:\/\/www.santjosep.net\/wp-content\/uploads\/2019\/01\/patrimoniolibro.jpg\" class=\"attachment-full size-full wp-post-image\" alt=\"\" srcset=\"https:\/\/www.santjosep.net\/wp-content\/uploads\/2019\/01\/patrimoniolibro.jpg 2000w, https:\/\/www.santjosep.net\/wp-content\/uploads\/2019\/01\/patrimoniolibro-300x225.jpg 300w, https:\/\/www.santjosep.net\/wp-content\/uploads\/2019\/01\/patrimoniolibro-1024x768.jpg 1024w, https:\/\/www.santjosep.net\/wp-content\/uploads\/2019\/01\/patrimoniolibro-768x576.jpg 768w, https:\/\/www.santjosep.net\/wp-content\/uploads\/2019\/01\/patrimoniolibro-1536x1152.jpg 1536w, https:\/\/www.santjosep.net\/wp-content\/uploads\/2019\/01\/patrimoniolibro-800x600.jpg 800w\" sizes=\"auto, (max-width: 2000px) 100vw, 2000px\" \/>\t\t\t\t\t\t\t\t<\/a>\n\t\t\t<\/div>\n        <div class=\"edgtf-bli-content\">\n                            <div class=\"edgtf-bli-date\">\n\t                <div itemprop=\"dateCreated\" class=\"edgtf-post-info-date entry-date published updated\">\n            <a itemprop=\"url\" href=\"https:\/\/www.santjosep.net\/de\/2019\/01\/\">\n    \n        25 Januar 2019        <\/a>\n    <meta itemprop=\"interactionCount\" content=\"UserComments: 0\"\/>\n<\/div>                <\/div>\n            \t\n\t        \n<h4 itemprop=\"name\" class=\"entry-title edgtf-post-title\" >\n            <a itemprop=\"url\" href=\"https:\/\/www.santjosep.net\/de\/praesentation-in-fitur\/\" title=\"Pr\u00e4sentation in FITUR\">\n            Pr\u00e4sentation in FITUR            <\/a>\n    <\/h4>\n\t        <div class=\"edgtf-bli-info\">\n\t\t        <div class=\"edgtf-post-info-category\">\n    <a href=\"https:\/\/www.santjosep.net\/de\/category\/video-de\/\" rel=\"category tag\">Video<\/a><\/div>\t        <\/div>\n\n\t        <div class=\"edgtf-bli-excerpt\">\n\t\t        \t\t<div class=\"edgtf-post-excerpt-holder\">\n\t\t\t<p itemprop=\"description\" class=\"edgtf-post-excerpt\">\n\t\t\t\tDie Gemeinderegierung von Sant Josep hat in FITUR den Fotografieband \u201ePatrimoni\u201c vorgestellt. Xavier Sans\u00f3 und Xavier M\u00e1s haben ihre Fotografien f\u00fcr den Fotografieband \u201ePatrimoni\u201c \u00fcberlassen. Dieser soll Besuchern und allen interessierten Personen das kulturelle und nat\u00fcrliche Erbe der Gemeinde n\u00e4her\t\t\t<\/p>\n\t\t<\/div>\n\t\t\t        \t<div class=\"edgtf-post-read-more-button\">\n\t\t<a itemprop=\"url\" href=\"https:\/\/www.santjosep.net\/de\/praesentation-in-fitur\/\" target=\"_self\"  class=\"edgtf-btn edgtf-btn-medium edgtf-btn-simple edgtf-btn-switch-line edgtf-blog-list-button\"  >\t\t\t<span class=\"edgtf-btn-icon-element\"><\/span>\t\t<span class=\"edgtf-btn-text\">Weiterlesen<span class=\"edgtf-btn-text-line\" ><\/span><span class=\"edgtf-btn-switch-line\" ><\/span><\/span>\t<\/a>\t<\/div>\n\t        <\/div>\n        <\/div>\n\t<\/div>\n<\/li><li class=\"edgtf-bl-item clearfix\">\n\t<div class=\"edgtf-bli-inner\">\n\t\t\n\t<div class=\"edgtf-post-image\">\n\t\t\t\t\t<a itemprop=\"url\" href=\"https:\/\/www.santjosep.net\/de\/5-ideen-cala-tarida\/\" title=\"5 ideen Cala Tarida\">\n\t\t\t\t\t\t\t\t\t<img loading=\"lazy\" decoding=\"async\" width=\"2000\" height=\"1500\" src=\"https:\/\/www.santjosep.net\/wp-content\/uploads\/2018\/09\/calatarida5ideas-1.jpg\" class=\"attachment-full size-full wp-post-image\" alt=\"\" srcset=\"https:\/\/www.santjosep.net\/wp-content\/uploads\/2018\/09\/calatarida5ideas-1.jpg 2000w, https:\/\/www.santjosep.net\/wp-content\/uploads\/2018\/09\/calatarida5ideas-1-300x225.jpg 300w, https:\/\/www.santjosep.net\/wp-content\/uploads\/2018\/09\/calatarida5ideas-1-1024x768.jpg 1024w, https:\/\/www.santjosep.net\/wp-content\/uploads\/2018\/09\/calatarida5ideas-1-768x576.jpg 768w, https:\/\/www.santjosep.net\/wp-content\/uploads\/2018\/09\/calatarida5ideas-1-1536x1152.jpg 1536w, https:\/\/www.santjosep.net\/wp-content\/uploads\/2018\/09\/calatarida5ideas-1-800x600.jpg 800w\" sizes=\"auto, (max-width: 2000px) 100vw, 2000px\" \/>\t\t\t\t\t\t\t\t<\/a>\n\t\t\t<\/div>\n        <div class=\"edgtf-bli-content\">\n                            <div class=\"edgtf-bli-date\">\n\t                <div itemprop=\"dateCreated\" class=\"edgtf-post-info-date entry-date published updated\">\n            <a itemprop=\"url\" href=\"https:\/\/www.santjosep.net\/de\/2018\/09\/\">\n    \n        15 September 2018        <\/a>\n    <meta itemprop=\"interactionCount\" content=\"UserComments: 0\"\/>\n<\/div>                <\/div>\n            \t\n\t        \n<h4 itemprop=\"name\" class=\"entry-title edgtf-post-title\" >\n            <a itemprop=\"url\" href=\"https:\/\/www.santjosep.net\/de\/5-ideen-cala-tarida\/\" title=\"5 ideen Cala Tarida\">\n            5 ideen Cala Tarida            <\/a>\n    <\/h4>\n\t        <div class=\"edgtf-bli-info\">\n\t\t        <div class=\"edgtf-post-info-category\">\n    <a href=\"https:\/\/www.santjosep.net\/de\/category\/straende\/\" rel=\"category tag\">Str\u00e4nde<\/a><\/div>\t        <\/div>\n\n\t        <div class=\"edgtf-bli-excerpt\">\n\t\t        \t\t<div class=\"edgtf-post-excerpt-holder\">\n\t\t\t<p itemprop=\"description\" class=\"edgtf-post-excerpt\">\n\t\t\t\tZu einem idyllischen Urlaub auf Ibiza geh\u00f6ren sonnige Tage am Strand, Baden im erfrischenden Meer, Spazierg\u00e4nge und gutes Essen. All das k\u00f6nnen Sie in Cala Tarida erleben, einer der sch\u00f6nsten Orte der Insel, der im Westen Ibizas gelegen ist. Wir\t\t\t<\/p>\n\t\t<\/div>\n\t\t\t        \t<div class=\"edgtf-post-read-more-button\">\n\t\t<a itemprop=\"url\" href=\"https:\/\/www.santjosep.net\/de\/5-ideen-cala-tarida\/\" target=\"_self\"  class=\"edgtf-btn edgtf-btn-medium edgtf-btn-simple edgtf-btn-switch-line edgtf-blog-list-button\"  >\t\t\t<span class=\"edgtf-btn-icon-element\"><\/span>\t\t<span class=\"edgtf-btn-text\">Weiterlesen<span class=\"edgtf-btn-text-line\" ><\/span><span class=\"edgtf-btn-switch-line\" ><\/span><\/span>\t<\/a>\t<\/div>\n\t        <\/div>\n        <\/div>\n\t<\/div>\n<\/li><li class=\"edgtf-bl-item clearfix\">\n\t<div class=\"edgtf-bli-inner\">\n\t\t\n\t<div class=\"edgtf-post-image\">\n\t\t\t\t\t<a itemprop=\"url\" href=\"https:\/\/www.santjosep.net\/de\/sant_josep_makt\/\" title=\"Sant Josep Makt\">\n\t\t\t\t\t\t\t\t\t<img loading=\"lazy\" decoding=\"async\" width=\"890\" height=\"667\" src=\"https:\/\/www.santjosep.net\/wp-content\/uploads\/2018\/07\/cover_videos_0008_P1190706.jpg\" class=\"attachment-full size-full wp-post-image\" alt=\"\" srcset=\"https:\/\/www.santjosep.net\/wp-content\/uploads\/2018\/07\/cover_videos_0008_P1190706.jpg 890w, https:\/\/www.santjosep.net\/wp-content\/uploads\/2018\/07\/cover_videos_0008_P1190706-300x225.jpg 300w, https:\/\/www.santjosep.net\/wp-content\/uploads\/2018\/07\/cover_videos_0008_P1190706-768x576.jpg 768w, https:\/\/www.santjosep.net\/wp-content\/uploads\/2018\/07\/cover_videos_0008_P1190706-800x600.jpg 800w\" sizes=\"auto, (max-width: 890px) 100vw, 890px\" \/>\t\t\t\t\t\t\t\t<\/a>\n\t\t\t<\/div>\n        <div class=\"edgtf-bli-content\">\n                            <div class=\"edgtf-bli-date\">\n\t                <div itemprop=\"dateCreated\" class=\"edgtf-post-info-date entry-date published updated\">\n            <a itemprop=\"url\" href=\"https:\/\/www.santjosep.net\/de\/2018\/07\/\">\n    \n        30 Juli 2018        <\/a>\n    <meta itemprop=\"interactionCount\" content=\"UserComments: 0\"\/>\n<\/div>                <\/div>\n            \t\n\t        \n<h4 itemprop=\"name\" class=\"entry-title edgtf-post-title\" >\n            <a itemprop=\"url\" href=\"https:\/\/www.santjosep.net\/de\/sant_josep_makt\/\" title=\"Sant Josep Makt\">\n            Sant Josep Makt            <\/a>\n    <\/h4>\n\t        <div class=\"edgtf-bli-info\">\n\t\t        <div class=\"edgtf-post-info-category\">\n    <a href=\"https:\/\/www.santjosep.net\/de\/category\/video-de\/\" rel=\"category tag\">Video<\/a><\/div>\t        <\/div>\n\n\t        <div class=\"edgtf-bli-excerpt\">\n\t\t        \t\t<div class=\"edgtf-post-excerpt-holder\">\n\t\t\t<p itemprop=\"description\" class=\"edgtf-post-excerpt\">\n\t\t\t\tDieses Wochenende organisiert die Gemeinde Sant Josep de sa Talaia zum ersten Mal den Mercat de Sant Josep \u2013 einen Markt, der Treffpunkt f\u00fcr die Einwohner unserer Gemeinde und f\u00fcr die Touristen sein m\u00f6chte, die uns jeden Sommer besuchen kommen.\t\t\t<\/p>\n\t\t<\/div>\n\t\t\t        \t<div class=\"edgtf-post-read-more-button\">\n\t\t<a itemprop=\"url\" href=\"https:\/\/www.santjosep.net\/de\/sant_josep_makt\/\" target=\"_self\"  class=\"edgtf-btn edgtf-btn-medium edgtf-btn-simple edgtf-btn-switch-line edgtf-blog-list-button\"  >\t\t\t<span class=\"edgtf-btn-icon-element\"><\/span>\t\t<span class=\"edgtf-btn-text\">Weiterlesen<span class=\"edgtf-btn-text-line\" ><\/span><span class=\"edgtf-btn-switch-line\" ><\/span><\/span>\t<\/a>\t<\/div>\n\t        <\/div>\n        <\/div>\n\t<\/div>\n<\/li><li class=\"edgtf-bl-item clearfix\">\n\t<div class=\"edgtf-bli-inner\">\n\t\t\n\t<div class=\"edgtf-post-image\">\n\t\t\t\t\t<a itemprop=\"url\" href=\"https:\/\/www.santjosep.net\/de\/ruta-cala-carbo-cala-dhort-ses-paisses-cala-dhort-circular\/\" title=\"Tour Cala Carb\u00f3 &#8211; Cala d&#8217;Hort &#8211; Ses Pa\u00efsses de Cala d&#8217;Hort (Rundwanderung)\">\n\t\t\t\t\t\t\t\t\t<img loading=\"lazy\" decoding=\"async\" width=\"2000\" height=\"1500\" src=\"https:\/\/www.santjosep.net\/wp-content\/uploads\/2018\/07\/12lugaressantjosep_esvedra-1.jpg\" class=\"attachment-full size-full wp-post-image\" alt=\"\" srcset=\"https:\/\/www.santjosep.net\/wp-content\/uploads\/2018\/07\/12lugaressantjosep_esvedra-1.jpg 2000w, https:\/\/www.santjosep.net\/wp-content\/uploads\/2018\/07\/12lugaressantjosep_esvedra-1-300x225.jpg 300w, https:\/\/www.santjosep.net\/wp-content\/uploads\/2018\/07\/12lugaressantjosep_esvedra-1-1024x768.jpg 1024w, https:\/\/www.santjosep.net\/wp-content\/uploads\/2018\/07\/12lugaressantjosep_esvedra-1-768x576.jpg 768w, https:\/\/www.santjosep.net\/wp-content\/uploads\/2018\/07\/12lugaressantjosep_esvedra-1-1536x1152.jpg 1536w, https:\/\/www.santjosep.net\/wp-content\/uploads\/2018\/07\/12lugaressantjosep_esvedra-1-800x600.jpg 800w\" sizes=\"auto, (max-width: 2000px) 100vw, 2000px\" \/>\t\t\t\t\t\t\t\t<\/a>\n\t\t\t<\/div>\n        <div class=\"edgtf-bli-content\">\n                            <div class=\"edgtf-bli-date\">\n\t                <div itemprop=\"dateCreated\" class=\"edgtf-post-info-date entry-date published updated\">\n            <a itemprop=\"url\" href=\"https:\/\/www.santjosep.net\/de\/2018\/07\/\">\n    \n        4 Juli 2018        <\/a>\n    <meta itemprop=\"interactionCount\" content=\"UserComments: 0\"\/>\n<\/div>                <\/div>\n            \t\n\t        \n<h4 itemprop=\"name\" class=\"entry-title edgtf-post-title\" >\n            <a itemprop=\"url\" href=\"https:\/\/www.santjosep.net\/de\/ruta-cala-carbo-cala-dhort-ses-paisses-cala-dhort-circular\/\" title=\"Tour Cala Carb\u00f3 &#8211; Cala d&#8217;Hort &#8211; Ses Pa\u00efsses de Cala d&#8217;Hort (Rundwanderung)\">\n            Tour Cala Carb\u00f3 &#8211; Cala d&#8217;Hort &#8211; Ses Pa\u00efsses de Cala d&#8217;Hort (Rundwanderung)            <\/a>\n    <\/h4>\n\t        <div class=\"edgtf-bli-info\">\n\t\t        <div class=\"edgtf-post-info-category\">\n    <a href=\"https:\/\/www.santjosep.net\/de\/category\/fahrten\/\" rel=\"category tag\">Fahrten<\/a>, <a href=\"https:\/\/www.santjosep.net\/de\/category\/rounten\/\" rel=\"category tag\">Rounten<\/a><\/div>\t        <\/div>\n\n\t        <div class=\"edgtf-bli-excerpt\">\n\t\t        \t\t<div class=\"edgtf-post-excerpt-holder\">\n\t\t\t<p itemprop=\"description\" class=\"edgtf-post-excerpt\">\n\t\t\t\tEine beschauliche Wanderung, bei der wir zwei der sch\u00f6nsten Str\u00e4nde der Insel kennenlernen und au\u00dferdem die Felseninsel Es Vedr\u00e0 \u00fcber weite Teile der Strecke vor Augen haben und etwas mehr \u00fcber die Geschichte Ibizas erfahren. Eine Strecke mit fantastischen Ausblicken\t\t\t<\/p>\n\t\t<\/div>\n\t\t\t        \t<div class=\"edgtf-post-read-more-button\">\n\t\t<a itemprop=\"url\" href=\"https:\/\/www.santjosep.net\/de\/ruta-cala-carbo-cala-dhort-ses-paisses-cala-dhort-circular\/\" target=\"_self\"  class=\"edgtf-btn edgtf-btn-medium edgtf-btn-simple edgtf-btn-switch-line edgtf-blog-list-button\"  >\t\t\t<span class=\"edgtf-btn-icon-element\"><\/span>\t\t<span class=\"edgtf-btn-text\">Weiterlesen<span class=\"edgtf-btn-text-line\" ><\/span><span class=\"edgtf-btn-switch-line\" ><\/span><\/span>\t<\/a>\t<\/div>\n\t        <\/div>\n        <\/div>\n\t<\/div>\n<\/li><li class=\"edgtf-bl-item clearfix\">\n\t<div class=\"edgtf-bli-inner\">\n\t\t\n\t<div class=\"edgtf-post-image\">\n\t\t\t\t\t<a itemprop=\"url\" href=\"https:\/\/www.santjosep.net\/de\/la-iglesia-sant-josep\/\" title=\"Die kirche von Sant Josep\">\n\t\t\t\t\t\t\t\t\t<img loading=\"lazy\" decoding=\"async\" width=\"2000\" height=\"1500\" src=\"https:\/\/www.santjosep.net\/wp-content\/uploads\/2018\/05\/iglesiasanjosep.jpg\" class=\"attachment-full size-full wp-post-image\" alt=\"\" srcset=\"https:\/\/www.santjosep.net\/wp-content\/uploads\/2018\/05\/iglesiasanjosep.jpg 2000w, https:\/\/www.santjosep.net\/wp-content\/uploads\/2018\/05\/iglesiasanjosep-300x225.jpg 300w, https:\/\/www.santjosep.net\/wp-content\/uploads\/2018\/05\/iglesiasanjosep-1024x768.jpg 1024w, https:\/\/www.santjosep.net\/wp-content\/uploads\/2018\/05\/iglesiasanjosep-768x576.jpg 768w, https:\/\/www.santjosep.net\/wp-content\/uploads\/2018\/05\/iglesiasanjosep-1536x1152.jpg 1536w, https:\/\/www.santjosep.net\/wp-content\/uploads\/2018\/05\/iglesiasanjosep-800x600.jpg 800w\" sizes=\"auto, (max-width: 2000px) 100vw, 2000px\" \/>\t\t\t\t\t\t\t\t<\/a>\n\t\t\t<\/div>\n        <div class=\"edgtf-bli-content\">\n                            <div class=\"edgtf-bli-date\">\n\t                <div itemprop=\"dateCreated\" class=\"edgtf-post-info-date entry-date published updated\">\n            <a itemprop=\"url\" href=\"https:\/\/www.santjosep.net\/de\/2018\/05\/\">\n    \n        7 Mai 2018        <\/a>\n    <meta itemprop=\"interactionCount\" content=\"UserComments: 0\"\/>\n<\/div>                <\/div>\n            \t\n\t        \n<h4 itemprop=\"name\" class=\"entry-title edgtf-post-title\" >\n            <a itemprop=\"url\" href=\"https:\/\/www.santjosep.net\/de\/la-iglesia-sant-josep\/\" title=\"Die kirche von Sant Josep\">\n            Die kirche von Sant Josep            <\/a>\n    <\/h4>\n\t        <div class=\"edgtf-bli-info\">\n\t\t        <div class=\"edgtf-post-info-category\">\n    <a href=\"https:\/\/www.santjosep.net\/de\/category\/dorfen\/\" rel=\"category tag\">Dorfen<\/a><\/div>\t        <\/div>\n\n\t        <div class=\"edgtf-bli-excerpt\">\n\t\t        \t\t<div class=\"edgtf-post-excerpt-holder\">\n\t\t\t<p itemprop=\"description\" class=\"edgtf-post-excerpt\">\n\t\t\t\tIm Herzen des Ortes Sant Josep befindet sich diese beeindruckende Kirche im Stil einer Festung und mit einer beachtlichen H\u00f6he. Sankt Josef dient nicht nur als Schutzheiliger der Weltkirche, er ist auch der Schutzheilige der Kirche unserer Gemeinde.\r\n\r\nNach der Eroberung\t\t\t<\/p>\n\t\t<\/div>\n\t\t\t        \t<div class=\"edgtf-post-read-more-button\">\n\t\t<a itemprop=\"url\" href=\"https:\/\/www.santjosep.net\/de\/la-iglesia-sant-josep\/\" target=\"_self\"  class=\"edgtf-btn edgtf-btn-medium edgtf-btn-simple edgtf-btn-switch-line edgtf-blog-list-button\"  >\t\t\t<span class=\"edgtf-btn-icon-element\"><\/span>\t\t<span class=\"edgtf-btn-text\">Weiterlesen<span class=\"edgtf-btn-text-line\" ><\/span><span class=\"edgtf-btn-switch-line\" ><\/span><\/span>\t<\/a>\t<\/div>\n\t        <\/div>\n        <\/div>\n\t<\/div>\n<\/li><li class=\"edgtf-bl-item clearfix\">\n\t<div class=\"edgtf-bli-inner\">\n\t\t\n\t<div class=\"edgtf-post-image\">\n\t\t\t\t\t<a itemprop=\"url\" href=\"https:\/\/www.santjosep.net\/de\/turismo-activo-sant-josep\/\" title=\"Aktivtourismus in Sant Josep\">\n\t\t\t\t\t\t\t\t\t<img loading=\"lazy\" decoding=\"async\" width=\"2000\" height=\"1500\" src=\"https:\/\/www.santjosep.net\/wp-content\/uploads\/2018\/04\/II-Fira-de-la-Sal__SGC5420-1.jpg\" class=\"attachment-full size-full wp-post-image\" alt=\"\" srcset=\"https:\/\/www.santjosep.net\/wp-content\/uploads\/2018\/04\/II-Fira-de-la-Sal__SGC5420-1.jpg 2000w, https:\/\/www.santjosep.net\/wp-content\/uploads\/2018\/04\/II-Fira-de-la-Sal__SGC5420-1-300x225.jpg 300w, https:\/\/www.santjosep.net\/wp-content\/uploads\/2018\/04\/II-Fira-de-la-Sal__SGC5420-1-1024x768.jpg 1024w, https:\/\/www.santjosep.net\/wp-content\/uploads\/2018\/04\/II-Fira-de-la-Sal__SGC5420-1-768x576.jpg 768w, https:\/\/www.santjosep.net\/wp-content\/uploads\/2018\/04\/II-Fira-de-la-Sal__SGC5420-1-1536x1152.jpg 1536w, https:\/\/www.santjosep.net\/wp-content\/uploads\/2018\/04\/II-Fira-de-la-Sal__SGC5420-1-800x600.jpg 800w\" sizes=\"auto, (max-width: 2000px) 100vw, 2000px\" \/>\t\t\t\t\t\t\t\t<\/a>\n\t\t\t<\/div>\n        <div class=\"edgtf-bli-content\">\n                            <div class=\"edgtf-bli-date\">\n\t                <div itemprop=\"dateCreated\" class=\"edgtf-post-info-date entry-date published updated\">\n            <a itemprop=\"url\" href=\"https:\/\/www.santjosep.net\/de\/2018\/04\/\">\n    \n        24 April 2018        <\/a>\n    <meta itemprop=\"interactionCount\" content=\"UserComments: 0\"\/>\n<\/div>                <\/div>\n            \t\n\t        \n<h4 itemprop=\"name\" class=\"entry-title edgtf-post-title\" >\n            <a itemprop=\"url\" href=\"https:\/\/www.santjosep.net\/de\/turismo-activo-sant-josep\/\" title=\"Aktivtourismus in Sant Josep\">\n            Aktivtourismus in Sant Josep            <\/a>\n    <\/h4>\n\t        <div class=\"edgtf-bli-info\">\n\t\t        <div class=\"edgtf-post-info-category\">\n    <a href=\"https:\/\/www.santjosep.net\/de\/category\/fahrten\/\" rel=\"category tag\">Fahrten<\/a>, <a href=\"https:\/\/www.santjosep.net\/de\/category\/rounten\/\" rel=\"category tag\">Rounten<\/a><\/div>\t        <\/div>\n\n\t        <div class=\"edgtf-bli-excerpt\">\n\t\t        \t\t<div class=\"edgtf-post-excerpt-holder\">\n\t\t\t<p itemprop=\"description\" class=\"edgtf-post-excerpt\">\n\t\t\t\tDank ihrer idealen geographischen Beschaffenheit und ihres g\u00fcnstigen Klimas kann auf den Balearen fast ganzj\u00e4hrig Sport im Freien betrieben werden. Die Gemeinde Sant Josep ist ohne Zweifel ein perfektes Reiseziel, das sich an Land und auf dem Meer in vollen\t\t\t<\/p>\n\t\t<\/div>\n\t\t\t        \t<div class=\"edgtf-post-read-more-button\">\n\t\t<a itemprop=\"url\" href=\"https:\/\/www.santjosep.net\/de\/turismo-activo-sant-josep\/\" target=\"_self\"  class=\"edgtf-btn edgtf-btn-medium edgtf-btn-simple edgtf-btn-switch-line edgtf-blog-list-button\"  >\t\t\t<span class=\"edgtf-btn-icon-element\"><\/span>\t\t<span class=\"edgtf-btn-text\">Weiterlesen<span class=\"edgtf-btn-text-line\" ><\/span><span class=\"edgtf-btn-switch-line\" ><\/span><\/span>\t<\/a>\t<\/div>\n\t        <\/div>\n        <\/div>\n\t<\/div>\n<\/li><li class=\"edgtf-bl-item clearfix\">\n\t<div class=\"edgtf-bli-inner\">\n\t\t\n\t<div class=\"edgtf-post-image\">\n\t\t\t\t\t<a itemprop=\"url\" href=\"https:\/\/www.santjosep.net\/de\/la-posidonia-oceanica\/\" title=\"Posidonia Oce\u00e1nica\">\n\t\t\t\t\t\t\t\t\t<img loading=\"lazy\" decoding=\"async\" width=\"2000\" height=\"1500\" src=\"https:\/\/www.santjosep.net\/wp-content\/uploads\/2018\/01\/posidonia2-1.jpg\" class=\"attachment-full size-full wp-post-image\" alt=\"\" srcset=\"https:\/\/www.santjosep.net\/wp-content\/uploads\/2018\/01\/posidonia2-1.jpg 2000w, https:\/\/www.santjosep.net\/wp-content\/uploads\/2018\/01\/posidonia2-1-300x225.jpg 300w, https:\/\/www.santjosep.net\/wp-content\/uploads\/2018\/01\/posidonia2-1-1024x768.jpg 1024w, https:\/\/www.santjosep.net\/wp-content\/uploads\/2018\/01\/posidonia2-1-768x576.jpg 768w, https:\/\/www.santjosep.net\/wp-content\/uploads\/2018\/01\/posidonia2-1-1536x1152.jpg 1536w, https:\/\/www.santjosep.net\/wp-content\/uploads\/2018\/01\/posidonia2-1-800x600.jpg 800w\" sizes=\"auto, (max-width: 2000px) 100vw, 2000px\" \/>\t\t\t\t\t\t\t\t<\/a>\n\t\t\t<\/div>\n        <div class=\"edgtf-bli-content\">\n                            <div class=\"edgtf-bli-date\">\n\t                <div itemprop=\"dateCreated\" class=\"edgtf-post-info-date entry-date published updated\">\n            <a itemprop=\"url\" href=\"https:\/\/www.santjosep.net\/de\/2018\/01\/\">\n    \n        25 Januar 2018        <\/a>\n    <meta itemprop=\"interactionCount\" content=\"UserComments: 0\"\/>\n<\/div>                <\/div>\n            \t\n\t        \n<h4 itemprop=\"name\" class=\"entry-title edgtf-post-title\" >\n            <a itemprop=\"url\" href=\"https:\/\/www.santjosep.net\/de\/la-posidonia-oceanica\/\" title=\"Posidonia Oce\u00e1nica\">\n            Posidonia Oce\u00e1nica            <\/a>\n    <\/h4>\n\t        <div class=\"edgtf-bli-info\">\n\t\t        <div class=\"edgtf-post-info-category\">\n    <a href=\"https:\/\/www.santjosep.net\/de\/category\/erbe\/\" rel=\"category tag\">Erbe<\/a>, <a href=\"https:\/\/www.santjosep.net\/de\/category\/unkategorisiert\/\" rel=\"category tag\">Unkategorisiert<\/a><\/div>\t        <\/div>\n\n\t        <div class=\"edgtf-bli-excerpt\">\n\t\t        \t\t<div class=\"edgtf-post-excerpt-holder\">\n\t\t\t<p itemprop=\"description\" class=\"edgtf-post-excerpt\">\n\t\t\t\tWer das erste Mal unsere K\u00fcsten besucht, der wird wahrscheinlich \u00fcberrascht sein, wie klar das Wasser ist. Daf\u00fcr ist \u2013 wie viele sicher schon wissen \u2013 eine ganz besondere Pflanze verantwortlich, die hier heimisch ist: das Posidonia-Seegras.\r\n\r\nDie Seegraswiesen der Baleareninseln\t\t\t<\/p>\n\t\t<\/div>\n\t\t\t        \t<div class=\"edgtf-post-read-more-button\">\n\t\t<a itemprop=\"url\" href=\"https:\/\/www.santjosep.net\/de\/la-posidonia-oceanica\/\" target=\"_self\"  class=\"edgtf-btn edgtf-btn-medium edgtf-btn-simple edgtf-btn-switch-line edgtf-blog-list-button\"  >\t\t\t<span class=\"edgtf-btn-icon-element\"><\/span>\t\t<span class=\"edgtf-btn-text\">Weiterlesen<span class=\"edgtf-btn-text-line\" ><\/span><span class=\"edgtf-btn-switch-line\" ><\/span><\/span>\t<\/a>\t<\/div>\n\t        <\/div>\n        <\/div>\n\t<\/div>\n<\/li><li class=\"edgtf-bl-item clearfix\">\n\t<div class=\"edgtf-bli-inner\">\n\t\t\n\t<div class=\"edgtf-post-image\">\n\t\t\t\t\t<a itemprop=\"url\" href=\"https:\/\/www.santjosep.net\/de\/tour-von-es-cubells-nach-cala-llentrisca\/\" title=\"Tour von Es Cubells nach Cala Llentrisca\">\n\t\t\t\t\t\t\t\t\t<img loading=\"lazy\" decoding=\"async\" width=\"2000\" height=\"1500\" src=\"https:\/\/www.santjosep.net\/wp-content\/uploads\/2017\/12\/Ruta-desde-Es-Cubells-a-Cala-Llentrisca-.jpg\" class=\"attachment-full size-full wp-post-image\" alt=\"\" srcset=\"https:\/\/www.santjosep.net\/wp-content\/uploads\/2017\/12\/Ruta-desde-Es-Cubells-a-Cala-Llentrisca-.jpg 2000w, https:\/\/www.santjosep.net\/wp-content\/uploads\/2017\/12\/Ruta-desde-Es-Cubells-a-Cala-Llentrisca--300x225.jpg 300w, https:\/\/www.santjosep.net\/wp-content\/uploads\/2017\/12\/Ruta-desde-Es-Cubells-a-Cala-Llentrisca--1024x768.jpg 1024w, https:\/\/www.santjosep.net\/wp-content\/uploads\/2017\/12\/Ruta-desde-Es-Cubells-a-Cala-Llentrisca--768x576.jpg 768w, https:\/\/www.santjosep.net\/wp-content\/uploads\/2017\/12\/Ruta-desde-Es-Cubells-a-Cala-Llentrisca--1536x1152.jpg 1536w, https:\/\/www.santjosep.net\/wp-content\/uploads\/2017\/12\/Ruta-desde-Es-Cubells-a-Cala-Llentrisca--800x600.jpg 800w\" sizes=\"auto, (max-width: 2000px) 100vw, 2000px\" \/>\t\t\t\t\t\t\t\t<\/a>\n\t\t\t<\/div>\n        <div class=\"edgtf-bli-content\">\n                            <div class=\"edgtf-bli-date\">\n\t                <div itemprop=\"dateCreated\" class=\"edgtf-post-info-date entry-date published updated\">\n            <a itemprop=\"url\" href=\"https:\/\/www.santjosep.net\/de\/2017\/12\/\">\n    \n        29 Dezember 2017        <\/a>\n    <meta itemprop=\"interactionCount\" content=\"UserComments: 0\"\/>\n<\/div>                <\/div>\n            \t\n\t        \n<h4 itemprop=\"name\" class=\"entry-title edgtf-post-title\" >\n            <a itemprop=\"url\" href=\"https:\/\/www.santjosep.net\/de\/tour-von-es-cubells-nach-cala-llentrisca\/\" title=\"Tour von Es Cubells nach Cala Llentrisca\">\n            Tour von Es Cubells nach Cala Llentrisca            <\/a>\n    <\/h4>\n\t        <div class=\"edgtf-bli-info\">\n\t\t        <div class=\"edgtf-post-info-category\">\n    <a href=\"https:\/\/www.santjosep.net\/de\/category\/fahrten\/\" rel=\"category tag\">Fahrten<\/a>, <a href=\"https:\/\/www.santjosep.net\/de\/category\/rounten\/\" rel=\"category tag\">Rounten<\/a><\/div>\t        <\/div>\n\n\t        <div class=\"edgtf-bli-excerpt\">\n\t\t        \t\t<div class=\"edgtf-post-excerpt-holder\">\n\t\t\t<p itemprop=\"description\" class=\"edgtf-post-excerpt\">\n\t\t\t\tAusgangspunkt dieser Route ist das einzigartig gelegene D\u00f6rfchen Es Cubells am Rande einer beeindruckenden Steilk\u00fcste im S\u00fcden von Sant Josep. Dementsprechend belohnt die Tour den Wanderer mit spektakul\u00e4ren Panoramaaussichten aufs Meer, reichlich Natur und Str\u00e4nden fernab des sommerlichen Menschenandrangs. Machen\t\t\t<\/p>\n\t\t<\/div>\n\t\t\t        \t<div class=\"edgtf-post-read-more-button\">\n\t\t<a itemprop=\"url\" href=\"https:\/\/www.santjosep.net\/de\/tour-von-es-cubells-nach-cala-llentrisca\/\" target=\"_self\"  class=\"edgtf-btn edgtf-btn-medium edgtf-btn-simple edgtf-btn-switch-line edgtf-blog-list-button\"  >\t\t\t<span class=\"edgtf-btn-icon-element\"><\/span>\t\t<span class=\"edgtf-btn-text\">Weiterlesen<span class=\"edgtf-btn-text-line\" ><\/span><span class=\"edgtf-btn-switch-line\" ><\/span><\/span>\t<\/a>\t<\/div>\n\t        <\/div>\n        <\/div>\n\t<\/div>\n<\/li><li class=\"edgtf-bl-item clearfix\">\n\t<div class=\"edgtf-bli-inner\">\n\t\t\n\t<div class=\"edgtf-post-image\">\n\t\t\t\t\t<a itemprop=\"url\" href=\"https:\/\/www.santjosep.net\/de\/fira-la-sal\/\" title=\"Fira de la Sal\">\n\t\t\t\t\t\t\t\t\t<img loading=\"lazy\" decoding=\"async\" width=\"2000\" height=\"1500\" src=\"https:\/\/www.santjosep.net\/wp-content\/uploads\/2017\/11\/firadelasalold-1.jpg\" class=\"attachment-full size-full wp-post-image\" alt=\"\" srcset=\"https:\/\/www.santjosep.net\/wp-content\/uploads\/2017\/11\/firadelasalold-1.jpg 2000w, https:\/\/www.santjosep.net\/wp-content\/uploads\/2017\/11\/firadelasalold-1-300x225.jpg 300w, https:\/\/www.santjosep.net\/wp-content\/uploads\/2017\/11\/firadelasalold-1-1024x768.jpg 1024w, https:\/\/www.santjosep.net\/wp-content\/uploads\/2017\/11\/firadelasalold-1-768x576.jpg 768w, https:\/\/www.santjosep.net\/wp-content\/uploads\/2017\/11\/firadelasalold-1-1536x1152.jpg 1536w, https:\/\/www.santjosep.net\/wp-content\/uploads\/2017\/11\/firadelasalold-1-800x600.jpg 800w\" sizes=\"auto, (max-width: 2000px) 100vw, 2000px\" \/>\t\t\t\t\t\t\t\t<\/a>\n\t\t\t<\/div>\n        <div class=\"edgtf-bli-content\">\n                            <div class=\"edgtf-bli-date\">\n\t                <div itemprop=\"dateCreated\" class=\"edgtf-post-info-date entry-date published updated\">\n            <a itemprop=\"url\" href=\"https:\/\/www.santjosep.net\/de\/2017\/11\/\">\n    \n        23 November 2017        <\/a>\n    <meta itemprop=\"interactionCount\" content=\"UserComments: 0\"\/>\n<\/div>                <\/div>\n            \t\n\t        \n<h4 itemprop=\"name\" class=\"entry-title edgtf-post-title\" >\n            <a itemprop=\"url\" href=\"https:\/\/www.santjosep.net\/de\/fira-la-sal\/\" title=\"Fira de la Sal\">\n            Fira de la Sal            <\/a>\n    <\/h4>\n\t        <div class=\"edgtf-bli-info\">\n\t\t        <div class=\"edgtf-post-info-category\">\n    <a href=\"https:\/\/www.santjosep.net\/de\/category\/geschehen\/\" rel=\"category tag\">Geschehen<\/a><\/div>\t        <\/div>\n\n\t        <div class=\"edgtf-bli-excerpt\">\n\t\t        \t\t<div class=\"edgtf-post-excerpt-holder\">\n\t\t\t<p itemprop=\"description\" class=\"edgtf-post-excerpt\">\n\t\t\t\tlm Oktober wird an den Salinen von Ibiza die Feria de la Sal, das Salzfest, gefeiert. Es ist zugleich eine neue Attraktion f\u00fcr Touristen und dient der Verbreiten von Tradition und Kultur\r\n\r\nOrganisiert wird die Veranstaltung vom Rathaus Sant Josep, der\t\t\t<\/p>\n\t\t<\/div>\n\t\t\t        \t<div class=\"edgtf-post-read-more-button\">\n\t\t<a itemprop=\"url\" href=\"https:\/\/www.santjosep.net\/de\/fira-la-sal\/\" target=\"_self\"  class=\"edgtf-btn edgtf-btn-medium edgtf-btn-simple edgtf-btn-switch-line edgtf-blog-list-button\"  >\t\t\t<span class=\"edgtf-btn-icon-element\"><\/span>\t\t<span class=\"edgtf-btn-text\">Weiterlesen<span class=\"edgtf-btn-text-line\" ><\/span><span class=\"edgtf-btn-switch-line\" ><\/span><\/span>\t<\/a>\t<\/div>\n\t        <\/div>\n        <\/div>\n\t<\/div>\n<\/li><li class=\"edgtf-bl-item clearfix\">\n\t<div class=\"edgtf-bli-inner\">\n\t\t\n\t<div class=\"edgtf-post-image\">\n\t\t\t\t\t<a itemprop=\"url\" href=\"https:\/\/www.santjosep.net\/de\/12-orte-in-sant-josep-die-auf-deinem-instagram-account-nicht-fehlen-duerfen\/\" title=\"12 Orte in Sant Josep, die auf Deinem Instagram-Account nicht fehlen d\u00fcrfen\">\n\t\t\t\t\t\t\t\t\t<img loading=\"lazy\" decoding=\"async\" width=\"1500\" height=\"1125\" src=\"https:\/\/www.santjosep.net\/wp-content\/uploads\/2017\/10\/12lugaressantjosep_esvedra.jpg\" class=\"attachment-full size-full wp-post-image\" alt=\"\" srcset=\"https:\/\/www.santjosep.net\/wp-content\/uploads\/2017\/10\/12lugaressantjosep_esvedra.jpg 1500w, https:\/\/www.santjosep.net\/wp-content\/uploads\/2017\/10\/12lugaressantjosep_esvedra-300x225.jpg 300w, https:\/\/www.santjosep.net\/wp-content\/uploads\/2017\/10\/12lugaressantjosep_esvedra-1024x768.jpg 1024w, https:\/\/www.santjosep.net\/wp-content\/uploads\/2017\/10\/12lugaressantjosep_esvedra-768x576.jpg 768w, https:\/\/www.santjosep.net\/wp-content\/uploads\/2017\/10\/12lugaressantjosep_esvedra-800x600.jpg 800w\" sizes=\"auto, (max-width: 1500px) 100vw, 1500px\" \/>\t\t\t\t\t\t\t\t<\/a>\n\t\t\t<\/div>\n        <div class=\"edgtf-bli-content\">\n                            <div class=\"edgtf-bli-date\">\n\t                <div itemprop=\"dateCreated\" class=\"edgtf-post-info-date entry-date published updated\">\n            <a itemprop=\"url\" href=\"https:\/\/www.santjosep.net\/de\/2017\/10\/\">\n    \n        20 Oktober 2017        <\/a>\n    <meta itemprop=\"interactionCount\" content=\"UserComments: 0\"\/>\n<\/div>                <\/div>\n            \t\n\t        \n<h4 itemprop=\"name\" class=\"entry-title edgtf-post-title\" >\n            <a itemprop=\"url\" href=\"https:\/\/www.santjosep.net\/de\/12-orte-in-sant-josep-die-auf-deinem-instagram-account-nicht-fehlen-duerfen\/\" title=\"12 Orte in Sant Josep, die auf Deinem Instagram-Account nicht fehlen d\u00fcrfen\">\n            12 Orte in Sant Josep, die auf Deinem Instagram-Account nicht fehlen d\u00fcrfen            <\/a>\n    <\/h4>\n\t        <div class=\"edgtf-bli-info\">\n\t\t        <div class=\"edgtf-post-info-category\">\n    <a href=\"https:\/\/www.santjosep.net\/de\/category\/dorfen\/\" rel=\"category tag\">Dorfen<\/a>, <a href=\"https:\/\/www.santjosep.net\/de\/category\/sonnenuntergang\/\" rel=\"category tag\">Sonnenuntergang<\/a>, <a href=\"https:\/\/www.santjosep.net\/de\/category\/straende\/\" rel=\"category tag\">Str\u00e4nde<\/a><\/div>\t        <\/div>\n\n\t        <div class=\"edgtf-bli-excerpt\">\n\t\t        \t\t<div class=\"edgtf-post-excerpt-holder\">\n\t\t\t<p itemprop=\"description\" class=\"edgtf-post-excerpt\">\n\t\t\t\t[vc_row enable_hue_rotation=\"no\" enable_text_marquee=\"no\"][vc_column][vc_column_text]Vielleicht liegt es am Klima, an den paradiesischen Str\u00e4nden, an der Nat\u00fcrlichkeit, der Gastronomie, der Atmosph\u00e4re oder an den vielen Kontrasten \u2013 Ibiza geh\u00f6rt zu den meistfotografierten Orten der Welt, und das aus gutem Grund. Die Gemeinde Sant\t\t\t<\/p>\n\t\t<\/div>\n\t\t\t        \t<div class=\"edgtf-post-read-more-button\">\n\t\t<a itemprop=\"url\" href=\"https:\/\/www.santjosep.net\/de\/12-orte-in-sant-josep-die-auf-deinem-instagram-account-nicht-fehlen-duerfen\/\" target=\"_self\"  class=\"edgtf-btn edgtf-btn-medium edgtf-btn-simple edgtf-btn-switch-line edgtf-blog-list-button\"  >\t\t\t<span class=\"edgtf-btn-icon-element\"><\/span>\t\t<span class=\"edgtf-btn-text\">Weiterlesen<span class=\"edgtf-btn-text-line\" ><\/span><span class=\"edgtf-btn-switch-line\" ><\/span><\/span>\t<\/a>\t<\/div>\n\t        <\/div>\n        <\/div>\n\t<\/div>\n<\/li><li class=\"edgtf-bl-item clearfix\">\n\t<div class=\"edgtf-bli-inner\">\n\t\t\n\t<div class=\"edgtf-post-image\">\n\t\t\t\t\t<a itemprop=\"url\" href=\"https:\/\/www.santjosep.net\/de\/bol-nou-sant-josep-ibiza\/\" title=\"Es Bol Nou in Sant Josep, Ibiza\">\n\t\t\t\t\t\t\t\t\t<img loading=\"lazy\" decoding=\"async\" width=\"890\" height=\"667\" src=\"https:\/\/www.santjosep.net\/wp-content\/uploads\/2017\/08\/cover_videos_0007_P1100828.jpg\" class=\"attachment-full size-full wp-post-image\" alt=\"\" srcset=\"https:\/\/www.santjosep.net\/wp-content\/uploads\/2017\/08\/cover_videos_0007_P1100828.jpg 890w, https:\/\/www.santjosep.net\/wp-content\/uploads\/2017\/08\/cover_videos_0007_P1100828-300x225.jpg 300w, https:\/\/www.santjosep.net\/wp-content\/uploads\/2017\/08\/cover_videos_0007_P1100828-768x576.jpg 768w, https:\/\/www.santjosep.net\/wp-content\/uploads\/2017\/08\/cover_videos_0007_P1100828-800x600.jpg 800w\" sizes=\"auto, (max-width: 890px) 100vw, 890px\" \/>\t\t\t\t\t\t\t\t<\/a>\n\t\t\t<\/div>\n        <div class=\"edgtf-bli-content\">\n                            <div class=\"edgtf-bli-date\">\n\t                <div itemprop=\"dateCreated\" class=\"edgtf-post-info-date entry-date published updated\">\n            <a itemprop=\"url\" href=\"https:\/\/www.santjosep.net\/de\/2017\/08\/\">\n    \n        31 August 2017        <\/a>\n    <meta itemprop=\"interactionCount\" content=\"UserComments: 0\"\/>\n<\/div>                <\/div>\n            \t\n\t        \n<h4 itemprop=\"name\" class=\"entry-title edgtf-post-title\" >\n            <a itemprop=\"url\" href=\"https:\/\/www.santjosep.net\/de\/bol-nou-sant-josep-ibiza\/\" title=\"Es Bol Nou in Sant Josep, Ibiza\">\n            Es Bol Nou in Sant Josep, Ibiza            <\/a>\n    <\/h4>\n\t        <div class=\"edgtf-bli-info\">\n\t\t        <div class=\"edgtf-post-info-category\">\n    <a href=\"https:\/\/www.santjosep.net\/de\/category\/landstrich\/\" rel=\"category tag\">Landstrich<\/a>, <a href=\"https:\/\/www.santjosep.net\/de\/category\/straende\/\" rel=\"category tag\">Str\u00e4nde<\/a>, <a href=\"https:\/\/www.santjosep.net\/de\/category\/video-de\/\" rel=\"category tag\">Video<\/a><\/div>\t        <\/div>\n\n\t        <div class=\"edgtf-bli-excerpt\">\n\t\t        \t\t<div class=\"edgtf-post-excerpt-holder\">\n\t\t\t<p itemprop=\"description\" class=\"edgtf-post-excerpt\">\n\t\t\t\tDer Strand Es Bol Nou besteht aus mehreren Sandbuchten und Sandstr\u00e4nden, die sich mit Kieselsteinen und felsigen Abschnitten abwechseln, und liegt zwischen Abh\u00e4ngen und einer geschlossenen Meeresbucht. Es Bol Nou zeichnet sich durch seine r\u00f6tliche, lehmige Steilk\u00fcste aus, die einen\t\t\t<\/p>\n\t\t<\/div>\n\t\t\t        \t<div class=\"edgtf-post-read-more-button\">\n\t\t<a itemprop=\"url\" href=\"https:\/\/www.santjosep.net\/de\/bol-nou-sant-josep-ibiza\/\" target=\"_self\"  class=\"edgtf-btn edgtf-btn-medium edgtf-btn-simple edgtf-btn-switch-line edgtf-blog-list-button\"  >\t\t\t<span class=\"edgtf-btn-icon-element\"><\/span>\t\t<span class=\"edgtf-btn-text\">Weiterlesen<span class=\"edgtf-btn-text-line\" ><\/span><span class=\"edgtf-btn-switch-line\" ><\/span><\/span>\t<\/a>\t<\/div>\n\t        <\/div>\n        <\/div>\n\t<\/div>\n<\/li><li class=\"edgtf-bl-item clearfix\">\n\t<div class=\"edgtf-bli-inner\">\n\t\t\n\t<div class=\"edgtf-post-image\">\n\t\t\t\t\t<a itemprop=\"url\" href=\"https:\/\/www.santjosep.net\/de\/6-platos-marineros-ibiza\/\" title=\"Kulinarische Ibiza-Reise &#8211; 6 typisch maritime Gerichte\">\n\t\t\t\t\t\t\t\t\t<img loading=\"lazy\" decoding=\"async\" width=\"890\" height=\"667\" src=\"https:\/\/www.santjosep.net\/wp-content\/uploads\/2017\/07\/cover_platosmarineros.jpg\" class=\"attachment-full size-full wp-post-image\" alt=\"\" srcset=\"https:\/\/www.santjosep.net\/wp-content\/uploads\/2017\/07\/cover_platosmarineros.jpg 890w, https:\/\/www.santjosep.net\/wp-content\/uploads\/2017\/07\/cover_platosmarineros-300x225.jpg 300w, https:\/\/www.santjosep.net\/wp-content\/uploads\/2017\/07\/cover_platosmarineros-768x576.jpg 768w, https:\/\/www.santjosep.net\/wp-content\/uploads\/2017\/07\/cover_platosmarineros-800x600.jpg 800w\" sizes=\"auto, (max-width: 890px) 100vw, 890px\" \/>\t\t\t\t\t\t\t\t<\/a>\n\t\t\t<\/div>\n        <div class=\"edgtf-bli-content\">\n                            <div class=\"edgtf-bli-date\">\n\t                <div itemprop=\"dateCreated\" class=\"edgtf-post-info-date entry-date published updated\">\n            <a itemprop=\"url\" href=\"https:\/\/www.santjosep.net\/de\/2017\/07\/\">\n    \n        14 Juli 2017        <\/a>\n    <meta itemprop=\"interactionCount\" content=\"UserComments: 0\"\/>\n<\/div>                <\/div>\n            \t\n\t        \n<h4 itemprop=\"name\" class=\"entry-title edgtf-post-title\" >\n            <a itemprop=\"url\" href=\"https:\/\/www.santjosep.net\/de\/6-platos-marineros-ibiza\/\" title=\"Kulinarische Ibiza-Reise &#8211; 6 typisch maritime Gerichte\">\n            Kulinarische Ibiza-Reise &#8211; 6 typisch maritime Gerichte            <\/a>\n    <\/h4>\n\t        <div class=\"edgtf-bli-info\">\n\t\t        <div class=\"edgtf-post-info-category\">\n    <a href=\"https:\/\/www.santjosep.net\/de\/category\/unkategorisiert\/\" rel=\"category tag\">Unkategorisiert<\/a><\/div>\t        <\/div>\n\n\t        <div class=\"edgtf-bli-excerpt\">\n\t\t        \t\t<div class=\"edgtf-post-excerpt-holder\">\n\t\t\t<p itemprop=\"description\" class=\"edgtf-post-excerpt\">\n\t\t\t\tIbiza ist Menschen auf der ganzen Welt ein Begriff \u2013 mancher wei\u00df vielleicht vom aufregenden Nachtleben, ein anderer kennt die Wellnessangebote, die herrliche K\u00fcstenlandschaft und die unvergleichlichen Str\u00e4nde. Doch wer hat schon einmal von der ibizenkischen K\u00fcche geh\u00f6rt? Dabei hat\t\t\t<\/p>\n\t\t<\/div>\n\t\t\t        \t<div class=\"edgtf-post-read-more-button\">\n\t\t<a itemprop=\"url\" href=\"https:\/\/www.santjosep.net\/de\/6-platos-marineros-ibiza\/\" target=\"_self\"  class=\"edgtf-btn edgtf-btn-medium edgtf-btn-simple edgtf-btn-switch-line edgtf-blog-list-button\"  >\t\t\t<span class=\"edgtf-btn-icon-element\"><\/span>\t\t<span class=\"edgtf-btn-text\">Weiterlesen<span class=\"edgtf-btn-text-line\" ><\/span><span class=\"edgtf-btn-switch-line\" ><\/span><\/span>\t<\/a>\t<\/div>\n\t        <\/div>\n        <\/div>\n\t<\/div>\n<\/li><li class=\"edgtf-bl-item clearfix\">\n\t<div class=\"edgtf-bli-inner\">\n\t\t\n\t<div class=\"edgtf-post-image\">\n\t\t\t\t\t<a itemprop=\"url\" href=\"https:\/\/www.santjosep.net\/de\/ses_boques_video\/\" title=\"Ses Boques in Sant Josep, Ibiza\">\n\t\t\t\t\t\t\t\t\t<img loading=\"lazy\" decoding=\"async\" width=\"890\" height=\"667\" src=\"https:\/\/www.santjosep.net\/wp-content\/uploads\/2017\/06\/cover_videos_0006_P1170132.jpg\" class=\"attachment-full size-full wp-post-image\" alt=\"\" srcset=\"https:\/\/www.santjosep.net\/wp-content\/uploads\/2017\/06\/cover_videos_0006_P1170132.jpg 890w, https:\/\/www.santjosep.net\/wp-content\/uploads\/2017\/06\/cover_videos_0006_P1170132-300x225.jpg 300w, https:\/\/www.santjosep.net\/wp-content\/uploads\/2017\/06\/cover_videos_0006_P1170132-768x576.jpg 768w, https:\/\/www.santjosep.net\/wp-content\/uploads\/2017\/06\/cover_videos_0006_P1170132-800x600.jpg 800w\" sizes=\"auto, (max-width: 890px) 100vw, 890px\" \/>\t\t\t\t\t\t\t\t<\/a>\n\t\t\t<\/div>\n        <div class=\"edgtf-bli-content\">\n                            <div class=\"edgtf-bli-date\">\n\t                <div itemprop=\"dateCreated\" class=\"edgtf-post-info-date entry-date published updated\">\n            <a itemprop=\"url\" href=\"https:\/\/www.santjosep.net\/de\/2017\/06\/\">\n    \n        23 Juni 2017        <\/a>\n    <meta itemprop=\"interactionCount\" content=\"UserComments: 0\"\/>\n<\/div>                <\/div>\n            \t\n\t        \n<h4 itemprop=\"name\" class=\"entry-title edgtf-post-title\" >\n            <a itemprop=\"url\" href=\"https:\/\/www.santjosep.net\/de\/ses_boques_video\/\" title=\"Ses Boques in Sant Josep, Ibiza\">\n            Ses Boques in Sant Josep, Ibiza            <\/a>\n    <\/h4>\n\t        <div class=\"edgtf-bli-info\">\n\t\t        <div class=\"edgtf-post-info-category\">\n    <a href=\"https:\/\/www.santjosep.net\/de\/category\/landstrich\/\" rel=\"category tag\">Landstrich<\/a>, <a href=\"https:\/\/www.santjosep.net\/de\/category\/straende\/\" rel=\"category tag\">Str\u00e4nde<\/a>, <a href=\"https:\/\/www.santjosep.net\/de\/category\/video-de\/\" rel=\"category tag\">Video<\/a><\/div>\t        <\/div>\n\n\t        <div class=\"edgtf-bli-excerpt\">\n\t\t        \t\t<div class=\"edgtf-post-excerpt-holder\">\n\t\t\t<p itemprop=\"description\" class=\"edgtf-post-excerpt\">\n\t\t\t\tSes Boques ist ein ruhiger Kieselstrand, der unterhalb der Steilk\u00fcste von Es Cubells liegt. Er sticht durch seine geringe Gr\u00f6\u00dfe und seine wilde Landschaft hervor, was zusammen ein einzigartiges Naturschauspiel abgibt. Durch seine ungesch\u00fctzte Lage am offenen Meer findet man\t\t\t<\/p>\n\t\t<\/div>\n\t\t\t        \t<div class=\"edgtf-post-read-more-button\">\n\t\t<a itemprop=\"url\" href=\"https:\/\/www.santjosep.net\/de\/ses_boques_video\/\" target=\"_self\"  class=\"edgtf-btn edgtf-btn-medium edgtf-btn-simple edgtf-btn-switch-line edgtf-blog-list-button\"  >\t\t\t<span class=\"edgtf-btn-icon-element\"><\/span>\t\t<span class=\"edgtf-btn-text\">Weiterlesen<span class=\"edgtf-btn-text-line\" ><\/span><span class=\"edgtf-btn-switch-line\" ><\/span><\/span>\t<\/a>\t<\/div>\n\t        <\/div>\n        <\/div>\n\t<\/div>\n<\/li><li class=\"edgtf-bl-item clearfix\">\n\t<div class=\"edgtf-bli-inner\">\n\t\t\n\t<div class=\"edgtf-post-image\">\n\t\t\t\t\t<a itemprop=\"url\" href=\"https:\/\/www.santjosep.net\/de\/cubells-sant-josep-ibiza\/\" title=\"Es Cubells, Sant Josep, Ibiza\">\n\t\t\t\t\t\t\t\t\t<img loading=\"lazy\" decoding=\"async\" width=\"1000\" height=\"667\" src=\"https:\/\/www.santjosep.net\/wp-content\/uploads\/2017\/06\/cover_escubells-1.jpg\" class=\"attachment-full size-full wp-post-image\" alt=\"\" srcset=\"https:\/\/www.santjosep.net\/wp-content\/uploads\/2017\/06\/cover_escubells-1.jpg 1000w, https:\/\/www.santjosep.net\/wp-content\/uploads\/2017\/06\/cover_escubells-1-300x200.jpg 300w, https:\/\/www.santjosep.net\/wp-content\/uploads\/2017\/06\/cover_escubells-1-768x512.jpg 768w\" sizes=\"auto, (max-width: 1000px) 100vw, 1000px\" \/>\t\t\t\t\t\t\t\t<\/a>\n\t\t\t<\/div>\n        <div class=\"edgtf-bli-content\">\n                            <div class=\"edgtf-bli-date\">\n\t                <div itemprop=\"dateCreated\" class=\"edgtf-post-info-date entry-date published updated\">\n            <a itemprop=\"url\" href=\"https:\/\/www.santjosep.net\/de\/2017\/06\/\">\n    \n        20 Juni 2017        <\/a>\n    <meta itemprop=\"interactionCount\" content=\"UserComments: 0\"\/>\n<\/div>                <\/div>\n            \t\n\t        \n<h4 itemprop=\"name\" class=\"entry-title edgtf-post-title\" >\n            <a itemprop=\"url\" href=\"https:\/\/www.santjosep.net\/de\/cubells-sant-josep-ibiza\/\" title=\"Es Cubells, Sant Josep, Ibiza\">\n            Es Cubells, Sant Josep, Ibiza            <\/a>\n    <\/h4>\n\t        <div class=\"edgtf-bli-info\">\n\t\t        <div class=\"edgtf-post-info-category\">\n    <a href=\"https:\/\/www.santjosep.net\/de\/category\/dorfen\/\" rel=\"category tag\">Dorfen<\/a>, <a href=\"https:\/\/www.santjosep.net\/de\/category\/landstrich\/\" rel=\"category tag\">Landstrich<\/a>, <a href=\"https:\/\/www.santjosep.net\/de\/category\/straende\/\" rel=\"category tag\">Str\u00e4nde<\/a>, <a href=\"https:\/\/www.santjosep.net\/de\/category\/video-de\/\" rel=\"category tag\">Video<\/a><\/div>\t        <\/div>\n\n\t        <div class=\"edgtf-bli-excerpt\">\n\t\t        \t\t<div class=\"edgtf-post-excerpt-holder\">\n\t\t\t<p itemprop=\"description\" class=\"edgtf-post-excerpt\">\n\t\t\t\tDas D\u00f6rfchen Es Cubells liegt an einer Steilk\u00fcste, unterhalb derer sich der Strand Ses Boques befindet. Im Dorf steht seit 1996 ein Denkmal zu Ehren der Seeleute. Es scheint, dass die Zeit in Es Cubells stehengeblieben ist, hier herrscht die\t\t\t<\/p>\n\t\t<\/div>\n\t\t\t        \t<div class=\"edgtf-post-read-more-button\">\n\t\t<a itemprop=\"url\" href=\"https:\/\/www.santjosep.net\/de\/cubells-sant-josep-ibiza\/\" target=\"_self\"  class=\"edgtf-btn edgtf-btn-medium edgtf-btn-simple edgtf-btn-switch-line edgtf-blog-list-button\"  >\t\t\t<span class=\"edgtf-btn-icon-element\"><\/span>\t\t<span class=\"edgtf-btn-text\">Weiterlesen<span class=\"edgtf-btn-text-line\" ><\/span><span class=\"edgtf-btn-switch-line\" ><\/span><\/span>\t<\/a>\t<\/div>\n\t        <\/div>\n        <\/div>\n\t<\/div>\n<\/li><li class=\"edgtf-bl-item clearfix\">\n\t<div class=\"edgtf-bli-inner\">\n\t\t\n\t<div class=\"edgtf-post-image\">\n\t\t\t\t\t<a itemprop=\"url\" href=\"https:\/\/www.santjosep.net\/de\/miniguide-sant-josep-families\/\" title=\"A miniguide to enjoy Sant Josep for families\">\n\t\t\t\t\t\t\t\t\t<img loading=\"lazy\" decoding=\"async\" width=\"1200\" height=\"800\" src=\"https:\/\/www.santjosep.net\/wp-content\/uploads\/2017\/05\/play_playa_port_des_torrent.jpg\" class=\"attachment-full size-full wp-post-image\" alt=\"\" srcset=\"https:\/\/www.santjosep.net\/wp-content\/uploads\/2017\/05\/play_playa_port_des_torrent.jpg 1200w, https:\/\/www.santjosep.net\/wp-content\/uploads\/2017\/05\/play_playa_port_des_torrent-300x200.jpg 300w, https:\/\/www.santjosep.net\/wp-content\/uploads\/2017\/05\/play_playa_port_des_torrent-768x512.jpg 768w, https:\/\/www.santjosep.net\/wp-content\/uploads\/2017\/05\/play_playa_port_des_torrent-1024x683.jpg 1024w\" sizes=\"auto, (max-width: 1200px) 100vw, 1200px\" \/>\t\t\t\t\t\t\t\t<\/a>\n\t\t\t<\/div>\n        <div class=\"edgtf-bli-content\">\n                            <div class=\"edgtf-bli-date\">\n\t                <div itemprop=\"dateCreated\" class=\"edgtf-post-info-date entry-date published updated\">\n            <a itemprop=\"url\" href=\"https:\/\/www.santjosep.net\/de\/2017\/05\/\">\n    \n        16 Mai 2017        <\/a>\n    <meta itemprop=\"interactionCount\" content=\"UserComments: 0\"\/>\n<\/div>                <\/div>\n            \t\n\t        \n<h4 itemprop=\"name\" class=\"entry-title edgtf-post-title\" >\n            <a itemprop=\"url\" href=\"https:\/\/www.santjosep.net\/de\/miniguide-sant-josep-families\/\" title=\"A miniguide to enjoy Sant Josep for families\">\n            A miniguide to enjoy Sant Josep for families            <\/a>\n    <\/h4>\n\t        <div class=\"edgtf-bli-info\">\n\t\t        <div class=\"edgtf-post-info-category\">\n    <a href=\"https:\/\/www.santjosep.net\/de\/category\/landstrich\/\" rel=\"category tag\">Landstrich<\/a>, <a href=\"https:\/\/www.santjosep.net\/de\/category\/rounten\/\" rel=\"category tag\">Rounten<\/a>, <a href=\"https:\/\/www.santjosep.net\/de\/category\/sonnenuntergang\/\" rel=\"category tag\">Sonnenuntergang<\/a>, <a href=\"https:\/\/www.santjosep.net\/de\/category\/straende\/\" rel=\"category tag\">Str\u00e4nde<\/a>, <a href=\"https:\/\/www.santjosep.net\/de\/category\/unkategorisiert\/\" rel=\"category tag\">Unkategorisiert<\/a><\/div>\t        <\/div>\n\n\t        <div class=\"edgtf-bli-excerpt\">\n\t\t        \t\t<div class=\"edgtf-post-excerpt-holder\">\n\t\t\t<p itemprop=\"description\" class=\"edgtf-post-excerpt\">\n\t\t\t\tPlanning a family trip to Sant Josep de sa Talaia can be a complete and unique experience. You can't beat seeing the little ones connect with nature, be it walking or marvelling at the beauty of the seabed as they\t\t\t<\/p>\n\t\t<\/div>\n\t\t\t        \t<div class=\"edgtf-post-read-more-button\">\n\t\t<a itemprop=\"url\" href=\"https:\/\/www.santjosep.net\/de\/miniguide-sant-josep-families\/\" target=\"_self\"  class=\"edgtf-btn edgtf-btn-medium edgtf-btn-simple edgtf-btn-switch-line edgtf-blog-list-button\"  >\t\t\t<span class=\"edgtf-btn-icon-element\"><\/span>\t\t<span class=\"edgtf-btn-text\">Weiterlesen<span class=\"edgtf-btn-text-line\" ><\/span><span class=\"edgtf-btn-switch-line\" ><\/span><\/span>\t<\/a>\t<\/div>\n\t        <\/div>\n        <\/div>\n\t<\/div>\n<\/li><li class=\"edgtf-bl-item clearfix\">\n\t<div class=\"edgtf-bli-inner\">\n\t\t\n\t<div class=\"edgtf-post-image\">\n\t\t\t\t\t<a itemprop=\"url\" href=\"https:\/\/www.santjosep.net\/de\/ruta-desde-cala-bassa-platges-comte\/\" title=\"Tour von Cala Bassa nach Platges de Comte\">\n\t\t\t\t\t\t\t\t\t<img loading=\"lazy\" decoding=\"async\" width=\"1000\" height=\"665\" src=\"https:\/\/www.santjosep.net\/wp-content\/uploads\/2017\/04\/aerea.jpg\" class=\"attachment-full size-full wp-post-image\" alt=\"\" \/>\t\t\t\t\t\t\t\t<\/a>\n\t\t\t<\/div>\n        <div class=\"edgtf-bli-content\">\n                            <div class=\"edgtf-bli-date\">\n\t                <div itemprop=\"dateCreated\" class=\"edgtf-post-info-date entry-date published updated\">\n            <a itemprop=\"url\" href=\"https:\/\/www.santjosep.net\/de\/2017\/04\/\">\n    \n        27 April 2017        <\/a>\n    <meta itemprop=\"interactionCount\" content=\"UserComments: 0\"\/>\n<\/div>                <\/div>\n            \t\n\t        \n<h4 itemprop=\"name\" class=\"entry-title edgtf-post-title\" >\n            <a itemprop=\"url\" href=\"https:\/\/www.santjosep.net\/de\/ruta-desde-cala-bassa-platges-comte\/\" title=\"Tour von Cala Bassa nach Platges de Comte\">\n            Tour von Cala Bassa nach Platges de Comte            <\/a>\n    <\/h4>\n\t        <div class=\"edgtf-bli-info\">\n\t\t        <div class=\"edgtf-post-info-category\">\n    <a href=\"https:\/\/www.santjosep.net\/de\/category\/fahrten\/\" rel=\"category tag\">Fahrten<\/a>, <a href=\"https:\/\/www.santjosep.net\/de\/category\/rounten\/\" rel=\"category tag\">Rounten<\/a><\/div>\t        <\/div>\n\n\t        <div class=\"edgtf-bli-excerpt\">\n\t\t        \t\t<div class=\"edgtf-post-excerpt-holder\">\n\t\t\t<p itemprop=\"description\" class=\"edgtf-post-excerpt\">\n\t\t\t\tDiese malerische K\u00fcstenstrecke verbindet zwei der sch\u00f6nsten Str\u00e4nde der Insel, Cala Bassa und Platges de Comte. Unterwegs haben sie fast durchgehend Ausblick aufs Meer, auf die typischen Fischerh\u00e4uschen, die atemberaubenden Steilklippen oder einen der historischen Verteidigungst\u00fcrme Ibizas.\r\n\r\nAu\u00dferdem ist diese Tour\t\t\t<\/p>\n\t\t<\/div>\n\t\t\t        \t<div class=\"edgtf-post-read-more-button\">\n\t\t<a itemprop=\"url\" href=\"https:\/\/www.santjosep.net\/de\/ruta-desde-cala-bassa-platges-comte\/\" target=\"_self\"  class=\"edgtf-btn edgtf-btn-medium edgtf-btn-simple edgtf-btn-switch-line edgtf-blog-list-button\"  >\t\t\t<span class=\"edgtf-btn-icon-element\"><\/span>\t\t<span class=\"edgtf-btn-text\">Weiterlesen<span class=\"edgtf-btn-text-line\" ><\/span><span class=\"edgtf-btn-switch-line\" ><\/span><\/span>\t<\/a>\t<\/div>\n\t        <\/div>\n        <\/div>\n\t<\/div>\n<\/li><li class=\"edgtf-bl-item clearfix\">\n\t<div class=\"edgtf-bli-inner\">\n\t\t\n\t<div class=\"edgtf-post-image\">\n\t\t\t\t\t<a itemprop=\"url\" href=\"https:\/\/www.santjosep.net\/de\/paseo-al-corazon-del-municipio-sant-josep-sa-talaia-benimussa\/\" title=\"Ein Spaziergang zum Herzen der Gemeinde Sant Josep de sa Talaia: Benimussa\">\n\t\t\t\t\t\t\t\t\t<img loading=\"lazy\" decoding=\"async\" width=\"890\" height=\"667\" src=\"https:\/\/www.santjosep.net\/wp-content\/uploads\/2017\/03\/cover2.jpg\" class=\"attachment-full size-full wp-post-image\" alt=\"\" srcset=\"https:\/\/www.santjosep.net\/wp-content\/uploads\/2017\/03\/cover2.jpg 890w, https:\/\/www.santjosep.net\/wp-content\/uploads\/2017\/03\/cover2-300x225.jpg 300w, https:\/\/www.santjosep.net\/wp-content\/uploads\/2017\/03\/cover2-768x576.jpg 768w, https:\/\/www.santjosep.net\/wp-content\/uploads\/2017\/03\/cover2-800x600.jpg 800w\" sizes=\"auto, (max-width: 890px) 100vw, 890px\" \/>\t\t\t\t\t\t\t\t<\/a>\n\t\t\t<\/div>\n        <div class=\"edgtf-bli-content\">\n                            <div class=\"edgtf-bli-date\">\n\t                <div itemprop=\"dateCreated\" class=\"edgtf-post-info-date entry-date published updated\">\n            <a itemprop=\"url\" href=\"https:\/\/www.santjosep.net\/de\/2017\/03\/\">\n    \n        2 M\u00e4rz 2017        <\/a>\n    <meta itemprop=\"interactionCount\" content=\"UserComments: 0\"\/>\n<\/div>                <\/div>\n            \t\n\t        \n<h4 itemprop=\"name\" class=\"entry-title edgtf-post-title\" >\n            <a itemprop=\"url\" href=\"https:\/\/www.santjosep.net\/de\/paseo-al-corazon-del-municipio-sant-josep-sa-talaia-benimussa\/\" title=\"Ein Spaziergang zum Herzen der Gemeinde Sant Josep de sa Talaia: Benimussa\">\n            Ein Spaziergang zum Herzen der Gemeinde Sant Josep de sa Talaia: Benimussa            <\/a>\n    <\/h4>\n\t        <div class=\"edgtf-bli-info\">\n\t\t        <div class=\"edgtf-post-info-category\">\n    <a href=\"https:\/\/www.santjosep.net\/de\/category\/fahrten\/\" rel=\"category tag\">Fahrten<\/a>, <a href=\"https:\/\/www.santjosep.net\/de\/category\/landstrich\/\" rel=\"category tag\">Landstrich<\/a>, <a href=\"https:\/\/www.santjosep.net\/de\/category\/rounten\/\" rel=\"category tag\">Rounten<\/a><\/div>\t        <\/div>\n\n\t        <div class=\"edgtf-bli-excerpt\">\n\t\t        \t\t<div class=\"edgtf-post-excerpt-holder\">\n\t\t\t<p itemprop=\"description\" class=\"edgtf-post-excerpt\">\n\t\t\t\tLandschaftlich hat Sant Josep viel zu bieten: Genie\u00dfen Sie den Ausblick auf herrliche, typisch mediterrane Str\u00e4nde, beeindruckende Klippen, gr\u00fcne Berge voller Pinienhaine und flache Ebenen, die von unseren Vorfahren f\u00fcr den Ackerbau genutzt wurden und uns noch heute an die\t\t\t<\/p>\n\t\t<\/div>\n\t\t\t        \t<div class=\"edgtf-post-read-more-button\">\n\t\t<a itemprop=\"url\" href=\"https:\/\/www.santjosep.net\/de\/paseo-al-corazon-del-municipio-sant-josep-sa-talaia-benimussa\/\" target=\"_self\"  class=\"edgtf-btn edgtf-btn-medium edgtf-btn-simple edgtf-btn-switch-line edgtf-blog-list-button\"  >\t\t\t<span class=\"edgtf-btn-icon-element\"><\/span>\t\t<span class=\"edgtf-btn-text\">Weiterlesen<span class=\"edgtf-btn-text-line\" ><\/span><span class=\"edgtf-btn-switch-line\" ><\/span><\/span>\t<\/a>\t<\/div>\n\t        <\/div>\n        <\/div>\n\t<\/div>\n<\/li><li class=\"edgtf-bl-item clearfix\">\n\t<div class=\"edgtf-bli-inner\">\n\t\t\n\t<div class=\"edgtf-post-image\">\n\t\t\t\t\t<a itemprop=\"url\" href=\"https:\/\/www.santjosep.net\/de\/101-razones-visitar-sant-josep\/\" title=\"10 + 1 Gr\u00fcnde Sant Josep zu besuchen\">\n\t\t\t\t\t\t\t\t\t<img loading=\"lazy\" decoding=\"async\" width=\"890\" height=\"667\" src=\"https:\/\/www.santjosep.net\/wp-content\/uploads\/2016\/12\/cover.jpg\" class=\"attachment-full size-full wp-post-image\" alt=\"\" srcset=\"https:\/\/www.santjosep.net\/wp-content\/uploads\/2016\/12\/cover.jpg 890w, https:\/\/www.santjosep.net\/wp-content\/uploads\/2016\/12\/cover-300x225.jpg 300w, https:\/\/www.santjosep.net\/wp-content\/uploads\/2016\/12\/cover-768x576.jpg 768w, https:\/\/www.santjosep.net\/wp-content\/uploads\/2016\/12\/cover-800x600.jpg 800w\" sizes=\"auto, (max-width: 890px) 100vw, 890px\" \/>\t\t\t\t\t\t\t\t<\/a>\n\t\t\t<\/div>\n        <div class=\"edgtf-bli-content\">\n                            <div class=\"edgtf-bli-date\">\n\t                <div itemprop=\"dateCreated\" class=\"edgtf-post-info-date entry-date published updated\">\n            <a itemprop=\"url\" href=\"https:\/\/www.santjosep.net\/de\/2016\/12\/\">\n    \n        13 Dezember 2016        <\/a>\n    <meta itemprop=\"interactionCount\" content=\"UserComments: 0\"\/>\n<\/div>                <\/div>\n            \t\n\t        \n<h4 itemprop=\"name\" class=\"entry-title edgtf-post-title\" >\n            <a itemprop=\"url\" href=\"https:\/\/www.santjosep.net\/de\/101-razones-visitar-sant-josep\/\" title=\"10 + 1 Gr\u00fcnde Sant Josep zu besuchen\">\n            10 + 1 Gr\u00fcnde Sant Josep zu besuchen            <\/a>\n    <\/h4>\n\t        <div class=\"edgtf-bli-info\">\n\t\t        <div class=\"edgtf-post-info-category\">\n    <a href=\"https:\/\/www.santjosep.net\/de\/category\/dorfen\/\" rel=\"category tag\">Dorfen<\/a>, <a href=\"https:\/\/www.santjosep.net\/de\/category\/geschehen\/\" rel=\"category tag\">Geschehen<\/a>, <a href=\"https:\/\/www.santjosep.net\/de\/category\/landstrich\/\" rel=\"category tag\">Landstrich<\/a>, <a href=\"https:\/\/www.santjosep.net\/de\/category\/sonnenuntergang\/\" rel=\"category tag\">Sonnenuntergang<\/a>, <a href=\"https:\/\/www.santjosep.net\/de\/category\/straende\/\" rel=\"category tag\">Str\u00e4nde<\/a><\/div>\t        <\/div>\n\n\t        <div class=\"edgtf-bli-excerpt\">\n\t\t        \t\t<div class=\"edgtf-post-excerpt-holder\">\n\t\t\t<p itemprop=\"description\" class=\"edgtf-post-excerpt\">\n\t\t\t\tDie Datei \"10 + 1 Gr\u00fcnde Sant Josep zu besuchen\" Zum Download bitte HIER\u00a0klicken\t\t\t<\/p>\n\t\t<\/div>\n\t\t\t        \t<div class=\"edgtf-post-read-more-button\">\n\t\t<a itemprop=\"url\" href=\"https:\/\/www.santjosep.net\/de\/101-razones-visitar-sant-josep\/\" target=\"_self\"  class=\"edgtf-btn edgtf-btn-medium edgtf-btn-simple edgtf-btn-switch-line edgtf-blog-list-button\"  >\t\t\t<span class=\"edgtf-btn-icon-element\"><\/span>\t\t<span class=\"edgtf-btn-text\">Weiterlesen<span class=\"edgtf-btn-text-line\" ><\/span><span class=\"edgtf-btn-switch-line\" ><\/span><\/span>\t<\/a>\t<\/div>\n\t        <\/div>\n        <\/div>\n\t<\/div>\n<\/li><li class=\"edgtf-bl-item clearfix\">\n\t<div class=\"edgtf-bli-inner\">\n\t\t\n\t<div class=\"edgtf-post-image\">\n\t\t\t\t\t<a itemprop=\"url\" href=\"https:\/\/www.santjosep.net\/de\/paseo-los-acantilados-del-poniente-sant-josep\/\" title=\"Ein Spaziergang entlang der Westk\u00fcste von Sant Josep\">\n\t\t\t\t\t\t\t\t\t<img loading=\"lazy\" decoding=\"async\" width=\"1000\" height=\"665\" src=\"https:\/\/www.santjosep.net\/wp-content\/uploads\/2016\/12\/Sin-ti\u0301tulo-1-e1504698308646.jpg\" class=\"attachment-full size-full wp-post-image\" alt=\"\" \/>\t\t\t\t\t\t\t\t<\/a>\n\t\t\t<\/div>\n        <div class=\"edgtf-bli-content\">\n                            <div class=\"edgtf-bli-date\">\n\t                <div itemprop=\"dateCreated\" class=\"edgtf-post-info-date entry-date published updated\">\n            <a itemprop=\"url\" href=\"https:\/\/www.santjosep.net\/de\/2016\/12\/\">\n    \n        9 Dezember 2016        <\/a>\n    <meta itemprop=\"interactionCount\" content=\"UserComments: 0\"\/>\n<\/div>                <\/div>\n            \t\n\t        \n<h4 itemprop=\"name\" class=\"entry-title edgtf-post-title\" >\n            <a itemprop=\"url\" href=\"https:\/\/www.santjosep.net\/de\/paseo-los-acantilados-del-poniente-sant-josep\/\" title=\"Ein Spaziergang entlang der Westk\u00fcste von Sant Josep\">\n            Ein Spaziergang entlang der Westk\u00fcste von Sant Josep            <\/a>\n    <\/h4>\n\t        <div class=\"edgtf-bli-info\">\n\t\t        <div class=\"edgtf-post-info-category\">\n    <a href=\"https:\/\/www.santjosep.net\/de\/category\/fahrten\/\" rel=\"category tag\">Fahrten<\/a>, <a href=\"https:\/\/www.santjosep.net\/de\/category\/rounten\/\" rel=\"category tag\">Rounten<\/a><\/div>\t        <\/div>\n\n\t        <div class=\"edgtf-bli-excerpt\">\n\t\t        \t\t<div class=\"edgtf-post-excerpt-holder\">\n\t\t\t<p itemprop=\"description\" class=\"edgtf-post-excerpt\">\n\t\t\t\tGanz egal zu welcher Tageszeit, ein Spaziergang lohnt sich auf Ibiza immer. Einer dieser langen Spazierg\u00e4nge, bei denen man mit der Natur in Verbindung tritt und die Batterien wieder aufl\u00e4dt. Am reizvollsten ist allerdings die Abendd\u00e4mmerung, wenn die Landschaft sich\t\t\t<\/p>\n\t\t<\/div>\n\t\t\t        \t<div class=\"edgtf-post-read-more-button\">\n\t\t<a itemprop=\"url\" href=\"https:\/\/www.santjosep.net\/de\/paseo-los-acantilados-del-poniente-sant-josep\/\" target=\"_self\"  class=\"edgtf-btn edgtf-btn-medium edgtf-btn-simple edgtf-btn-switch-line edgtf-blog-list-button\"  >\t\t\t<span class=\"edgtf-btn-icon-element\"><\/span>\t\t<span class=\"edgtf-btn-text\">Weiterlesen<span class=\"edgtf-btn-text-line\" ><\/span><span class=\"edgtf-btn-switch-line\" ><\/span><\/span>\t<\/a>\t<\/div>\n\t        <\/div>\n        <\/div>\n\t<\/div>\n<\/li><li class=\"edgtf-bl-item clearfix\">\n\t<div class=\"edgtf-bli-inner\">\n\t\t\n\t<div class=\"edgtf-post-image\">\n\t\t\t\t\t<a itemprop=\"url\" href=\"https:\/\/www.santjosep.net\/de\/platges-comte-sant-josep-ibiza\/\" title=\"Platges de Comte in Sant Josep \u2013 Ibiza\">\n\t\t\t\t\t\t\t\t\t<img loading=\"lazy\" decoding=\"async\" width=\"1000\" height=\"667\" src=\"https:\/\/www.santjosep.net\/wp-content\/uploads\/2016\/09\/cover_videos_platgesdecomte.jpg\" class=\"attachment-full size-full wp-post-image\" alt=\"\" srcset=\"https:\/\/www.santjosep.net\/wp-content\/uploads\/2016\/09\/cover_videos_platgesdecomte.jpg 1000w, https:\/\/www.santjosep.net\/wp-content\/uploads\/2016\/09\/cover_videos_platgesdecomte-300x200.jpg 300w, https:\/\/www.santjosep.net\/wp-content\/uploads\/2016\/09\/cover_videos_platgesdecomte-768x512.jpg 768w\" sizes=\"auto, (max-width: 1000px) 100vw, 1000px\" \/>\t\t\t\t\t\t\t\t<\/a>\n\t\t\t<\/div>\n        <div class=\"edgtf-bli-content\">\n                            <div class=\"edgtf-bli-date\">\n\t                <div itemprop=\"dateCreated\" class=\"edgtf-post-info-date entry-date published updated\">\n            <a itemprop=\"url\" href=\"https:\/\/www.santjosep.net\/de\/2016\/09\/\">\n    \n        1 September 2016        <\/a>\n    <meta itemprop=\"interactionCount\" content=\"UserComments: 0\"\/>\n<\/div>                <\/div>\n            \t\n\t        \n<h4 itemprop=\"name\" class=\"entry-title edgtf-post-title\" >\n            <a itemprop=\"url\" href=\"https:\/\/www.santjosep.net\/de\/platges-comte-sant-josep-ibiza\/\" title=\"Platges de Comte in Sant Josep \u2013 Ibiza\">\n            Platges de Comte in Sant Josep \u2013 Ibiza            <\/a>\n    <\/h4>\n\t        <div class=\"edgtf-bli-info\">\n\t\t        <div class=\"edgtf-post-info-category\">\n    <a href=\"https:\/\/www.santjosep.net\/de\/category\/rounten\/\" rel=\"category tag\">Rounten<\/a>, <a href=\"https:\/\/www.santjosep.net\/de\/category\/straende\/\" rel=\"category tag\">Str\u00e4nde<\/a>, <a href=\"https:\/\/www.santjosep.net\/de\/category\/video-de\/\" rel=\"category tag\">Video<\/a><\/div>\t        <\/div>\n\n\t        <div class=\"edgtf-bli-excerpt\">\n\t\t        \t\t<div class=\"edgtf-post-excerpt-holder\">\n\t\t\t<p itemprop=\"description\" class=\"edgtf-post-excerpt\">\n\t\t\t\tPlatges de Comte geh\u00f6rt zu den Naturparadiesen Ibizas. Das Wasser ist kristallklar, die Str\u00e4nde sind wei\u00df und man kann in den vielen kleinen Buchten schwimmen oder den Panoramablick auf den atemberaubenden Sonnenuntergang genie\u00dfen. Ein absolutes Muss f\u00fcr jeden Ibiza-Besucher. Mehr\t\t\t<\/p>\n\t\t<\/div>\n\t\t\t        \t<div class=\"edgtf-post-read-more-button\">\n\t\t<a itemprop=\"url\" href=\"https:\/\/www.santjosep.net\/de\/platges-comte-sant-josep-ibiza\/\" target=\"_self\"  class=\"edgtf-btn edgtf-btn-medium edgtf-btn-simple edgtf-btn-switch-line edgtf-blog-list-button\"  >\t\t\t<span class=\"edgtf-btn-icon-element\"><\/span>\t\t<span class=\"edgtf-btn-text\">Weiterlesen<span class=\"edgtf-btn-text-line\" ><\/span><span class=\"edgtf-btn-switch-line\" ><\/span><\/span>\t<\/a>\t<\/div>\n\t        <\/div>\n        <\/div>\n\t<\/div>\n<\/li><li class=\"edgtf-bl-item clearfix\">\n\t<div class=\"edgtf-bli-inner\">\n\t\t\n\t<div class=\"edgtf-post-image\">\n\t\t\t\t\t<a itemprop=\"url\" href=\"https:\/\/www.santjosep.net\/de\/cala-dhort-sant-josep-ibiza\/\" title=\"Der Strand von Cala d\u2019Hort in Sant Josep \u2013 Ibiza\">\n\t\t\t\t\t\t\t\t\t<img loading=\"lazy\" decoding=\"async\" width=\"1000\" height=\"667\" src=\"https:\/\/www.santjosep.net\/wp-content\/uploads\/2016\/07\/covercaladhort.jpg\" class=\"attachment-full size-full wp-post-image\" alt=\"\" srcset=\"https:\/\/www.santjosep.net\/wp-content\/uploads\/2016\/07\/covercaladhort.jpg 1000w, https:\/\/www.santjosep.net\/wp-content\/uploads\/2016\/07\/covercaladhort-300x200.jpg 300w, https:\/\/www.santjosep.net\/wp-content\/uploads\/2016\/07\/covercaladhort-768x512.jpg 768w\" sizes=\"auto, (max-width: 1000px) 100vw, 1000px\" \/>\t\t\t\t\t\t\t\t<\/a>\n\t\t\t<\/div>\n        <div class=\"edgtf-bli-content\">\n                            <div class=\"edgtf-bli-date\">\n\t                <div itemprop=\"dateCreated\" class=\"edgtf-post-info-date entry-date published updated\">\n            <a itemprop=\"url\" href=\"https:\/\/www.santjosep.net\/de\/2016\/07\/\">\n    \n        21 Juli 2016        <\/a>\n    <meta itemprop=\"interactionCount\" content=\"UserComments: 0\"\/>\n<\/div>                <\/div>\n            \t\n\t        \n<h4 itemprop=\"name\" class=\"entry-title edgtf-post-title\" >\n            <a itemprop=\"url\" href=\"https:\/\/www.santjosep.net\/de\/cala-dhort-sant-josep-ibiza\/\" title=\"Der Strand von Cala d\u2019Hort in Sant Josep \u2013 Ibiza\">\n            Der Strand von Cala d\u2019Hort in Sant Josep \u2013 Ibiza            <\/a>\n    <\/h4>\n\t        <div class=\"edgtf-bli-info\">\n\t\t        <div class=\"edgtf-post-info-category\">\n    <a href=\"https:\/\/www.santjosep.net\/de\/category\/landstrich\/\" rel=\"category tag\">Landstrich<\/a>, <a href=\"https:\/\/www.santjosep.net\/de\/category\/rounten\/\" rel=\"category tag\">Rounten<\/a>, <a href=\"https:\/\/www.santjosep.net\/de\/category\/straende\/\" rel=\"category tag\">Str\u00e4nde<\/a>, <a href=\"https:\/\/www.santjosep.net\/de\/category\/video-de\/\" rel=\"category tag\">Video<\/a><\/div>\t        <\/div>\n\n\t        <div class=\"edgtf-bli-excerpt\">\n\t\t        \t\t<div class=\"edgtf-post-excerpt-holder\">\n\t\t\t<p itemprop=\"description\" class=\"edgtf-post-excerpt\">\n\t\t\t\tDer Strand von Cala d\u2019Hort gegen\u00fcber der Felseninsel Es Vedr\u00e0 geh\u00f6rt wohl zu den bekanntesten Wahrzeichen Ibizas. Er befindet sich im S\u00fcdwesten der Insel inmitten von zerkl\u00fcfteten Steilklippen. Wei\u00dfer Sand und glasklares, ruhiges Wasser machen den Strand zu einem Erlebnis.\t\t\t<\/p>\n\t\t<\/div>\n\t\t\t        \t<div class=\"edgtf-post-read-more-button\">\n\t\t<a itemprop=\"url\" href=\"https:\/\/www.santjosep.net\/de\/cala-dhort-sant-josep-ibiza\/\" target=\"_self\"  class=\"edgtf-btn edgtf-btn-medium edgtf-btn-simple edgtf-btn-switch-line edgtf-blog-list-button\"  >\t\t\t<span class=\"edgtf-btn-icon-element\"><\/span>\t\t<span class=\"edgtf-btn-text\">Weiterlesen<span class=\"edgtf-btn-text-line\" ><\/span><span class=\"edgtf-btn-switch-line\" ><\/span><\/span>\t<\/a>\t<\/div>\n\t        <\/div>\n        <\/div>\n\t<\/div>\n<\/li><li class=\"edgtf-bl-item clearfix\">\n\t<div class=\"edgtf-bli-inner\">\n\t\t\n\t<div class=\"edgtf-post-image\">\n\t\t\t\t\t<a itemprop=\"url\" href=\"https:\/\/www.santjosep.net\/de\/paseo-desde-bol-nou-hasta-es-codolar\/\" title=\"Ein Spaziergang von Es Bol Nou nach Es Codolar\">\n\t\t\t\t\t\t\t\t\t<img loading=\"lazy\" decoding=\"async\" width=\"1200\" height=\"798\" src=\"https:\/\/www.santjosep.net\/wp-content\/uploads\/2016\/06\/DJI_0075-3.jpg\" class=\"attachment-full size-full wp-post-image\" alt=\"\" \/>\t\t\t\t\t\t\t\t<\/a>\n\t\t\t<\/div>\n        <div class=\"edgtf-bli-content\">\n                            <div class=\"edgtf-bli-date\">\n\t                <div itemprop=\"dateCreated\" class=\"edgtf-post-info-date entry-date published updated\">\n            <a itemprop=\"url\" href=\"https:\/\/www.santjosep.net\/de\/2016\/06\/\">\n    \n        15 Juni 2016        <\/a>\n    <meta itemprop=\"interactionCount\" content=\"UserComments: 0\"\/>\n<\/div>                <\/div>\n            \t\n\t        \n<h4 itemprop=\"name\" class=\"entry-title edgtf-post-title\" >\n            <a itemprop=\"url\" href=\"https:\/\/www.santjosep.net\/de\/paseo-desde-bol-nou-hasta-es-codolar\/\" title=\"Ein Spaziergang von Es Bol Nou nach Es Codolar\">\n            Ein Spaziergang von Es Bol Nou nach Es Codolar            <\/a>\n    <\/h4>\n\t        <div class=\"edgtf-bli-info\">\n\t\t        <div class=\"edgtf-post-info-category\">\n    <a href=\"https:\/\/www.santjosep.net\/de\/category\/fahrten\/\" rel=\"category tag\">Fahrten<\/a>, <a href=\"https:\/\/www.santjosep.net\/de\/category\/rounten\/\" rel=\"category tag\">Rounten<\/a><\/div>\t        <\/div>\n\n\t        <div class=\"edgtf-bli-excerpt\">\n\t\t        \t\t<div class=\"edgtf-post-excerpt-holder\">\n\t\t\t<p itemprop=\"description\" class=\"edgtf-post-excerpt\">\n\t\t\t\tAuf Ibizas unz\u00e4hligen Wanderwegen kann man sich wunderbar bei einem Spaziergang am Meer verlieren oder ausgiebig Streifz\u00fcge durch die atemberaubende Landschaft unternehmen. Besonders in Sant Josep findet man sie noch, diese verborgenen Ecken, wie den K\u00fcstenabschnitt Sa Caleta, der nicht\t\t\t<\/p>\n\t\t<\/div>\n\t\t\t        \t<div class=\"edgtf-post-read-more-button\">\n\t\t<a itemprop=\"url\" href=\"https:\/\/www.santjosep.net\/de\/paseo-desde-bol-nou-hasta-es-codolar\/\" target=\"_self\"  class=\"edgtf-btn edgtf-btn-medium edgtf-btn-simple edgtf-btn-switch-line edgtf-blog-list-button\"  >\t\t\t<span class=\"edgtf-btn-icon-element\"><\/span>\t\t<span class=\"edgtf-btn-text\">Weiterlesen<span class=\"edgtf-btn-text-line\" ><\/span><span class=\"edgtf-btn-switch-line\" ><\/span><\/span>\t<\/a>\t<\/div>\n\t        <\/div>\n        <\/div>\n\t<\/div>\n<\/li><li class=\"edgtf-bl-item clearfix\">\n\t<div class=\"edgtf-bli-inner\">\n\t\t\n\t<div class=\"edgtf-post-image\">\n\t\t\t\t\t<a itemprop=\"url\" href=\"https:\/\/www.santjosep.net\/de\/cala-tarida-video-sant-josep-ibiza\/\" title=\"Cala Tarida Sant Josep \u2013 Ibiza\">\n\t\t\t\t\t\t\t\t\t<img loading=\"lazy\" decoding=\"async\" width=\"1000\" height=\"667\" src=\"https:\/\/www.santjosep.net\/wp-content\/uploads\/2016\/06\/thumbcalatarida.jpg\" class=\"attachment-full size-full wp-post-image\" alt=\"\" srcset=\"https:\/\/www.santjosep.net\/wp-content\/uploads\/2016\/06\/thumbcalatarida.jpg 1000w, https:\/\/www.santjosep.net\/wp-content\/uploads\/2016\/06\/thumbcalatarida-300x200.jpg 300w, https:\/\/www.santjosep.net\/wp-content\/uploads\/2016\/06\/thumbcalatarida-768x512.jpg 768w\" sizes=\"auto, (max-width: 1000px) 100vw, 1000px\" \/>\t\t\t\t\t\t\t\t<\/a>\n\t\t\t<\/div>\n        <div class=\"edgtf-bli-content\">\n                            <div class=\"edgtf-bli-date\">\n\t                <div itemprop=\"dateCreated\" class=\"edgtf-post-info-date entry-date published updated\">\n            <a itemprop=\"url\" href=\"https:\/\/www.santjosep.net\/de\/2016\/06\/\">\n    \n        2 Juni 2016        <\/a>\n    <meta itemprop=\"interactionCount\" content=\"UserComments: 0\"\/>\n<\/div>                <\/div>\n            \t\n\t        \n<h4 itemprop=\"name\" class=\"entry-title edgtf-post-title\" >\n            <a itemprop=\"url\" href=\"https:\/\/www.santjosep.net\/de\/cala-tarida-video-sant-josep-ibiza\/\" title=\"Cala Tarida Sant Josep \u2013 Ibiza\">\n            Cala Tarida Sant Josep \u2013 Ibiza            <\/a>\n    <\/h4>\n\t        <div class=\"edgtf-bli-info\">\n\t\t        <div class=\"edgtf-post-info-category\">\n    <a href=\"https:\/\/www.santjosep.net\/de\/category\/rounten\/\" rel=\"category tag\">Rounten<\/a>, <a href=\"https:\/\/www.santjosep.net\/de\/category\/straende\/\" rel=\"category tag\">Str\u00e4nde<\/a>, <a href=\"https:\/\/www.santjosep.net\/de\/category\/video-de\/\" rel=\"category tag\">Video<\/a><\/div>\t        <\/div>\n\n\t        <div class=\"edgtf-bli-excerpt\">\n\t\t        \t\t<div class=\"edgtf-post-excerpt-holder\">\n\t\t\t<p itemprop=\"description\" class=\"edgtf-post-excerpt\">\n\t\t\t\tDer Strand von Cala Tarida geh\u00f6rt zu den meistbesuchten der Insel. Er ist weitl\u00e4ufig und verf\u00fcgt \u00fcber viele Serviceangebote, Gastronomie und versteckte Buchten, sodass jeder Besucher auf seine Kosten kommt. Egal ob Familien, Kinder, Paare oder Freunde, an diesem Strand\t\t\t<\/p>\n\t\t<\/div>\n\t\t\t        \t<div class=\"edgtf-post-read-more-button\">\n\t\t<a itemprop=\"url\" href=\"https:\/\/www.santjosep.net\/de\/cala-tarida-video-sant-josep-ibiza\/\" target=\"_self\"  class=\"edgtf-btn edgtf-btn-medium edgtf-btn-simple edgtf-btn-switch-line edgtf-blog-list-button\"  >\t\t\t<span class=\"edgtf-btn-icon-element\"><\/span>\t\t<span class=\"edgtf-btn-text\">Weiterlesen<span class=\"edgtf-btn-text-line\" ><\/span><span class=\"edgtf-btn-switch-line\" ><\/span><\/span>\t<\/a>\t<\/div>\n\t        <\/div>\n        <\/div>\n\t<\/div>\n<\/li><li class=\"edgtf-bl-item clearfix\">\n\t<div class=\"edgtf-bli-inner\">\n\t\t\n\t<div class=\"edgtf-post-image\">\n\t\t\t\t\t<a itemprop=\"url\" href=\"https:\/\/www.santjosep.net\/de\/mountain-bike-sant-josep-ibiza\/\" title=\"Mountain Bike Sant Josep &#8211; Ibiza\">\n\t\t\t\t\t\t\t\t\t<img loading=\"lazy\" decoding=\"async\" width=\"1000\" height=\"667\" src=\"https:\/\/www.santjosep.net\/wp-content\/uploads\/2016\/04\/coveribizabtt.jpg\" class=\"attachment-full size-full wp-post-image\" alt=\"\" srcset=\"https:\/\/www.santjosep.net\/wp-content\/uploads\/2016\/04\/coveribizabtt.jpg 1000w, https:\/\/www.santjosep.net\/wp-content\/uploads\/2016\/04\/coveribizabtt-300x200.jpg 300w, https:\/\/www.santjosep.net\/wp-content\/uploads\/2016\/04\/coveribizabtt-768x512.jpg 768w\" sizes=\"auto, (max-width: 1000px) 100vw, 1000px\" \/>\t\t\t\t\t\t\t\t<\/a>\n\t\t\t<\/div>\n        <div class=\"edgtf-bli-content\">\n                            <div class=\"edgtf-bli-date\">\n\t                <div itemprop=\"dateCreated\" class=\"edgtf-post-info-date entry-date published updated\">\n            <a itemprop=\"url\" href=\"https:\/\/www.santjosep.net\/de\/2016\/04\/\">\n    \n        5 April 2016        <\/a>\n    <meta itemprop=\"interactionCount\" content=\"UserComments: 0\"\/>\n<\/div>                <\/div>\n            \t\n\t        \n<h4 itemprop=\"name\" class=\"entry-title edgtf-post-title\" >\n            <a itemprop=\"url\" href=\"https:\/\/www.santjosep.net\/de\/mountain-bike-sant-josep-ibiza\/\" title=\"Mountain Bike Sant Josep &#8211; Ibiza\">\n            Mountain Bike Sant Josep &#8211; Ibiza            <\/a>\n    <\/h4>\n\t        <div class=\"edgtf-bli-info\">\n\t\t        <div class=\"edgtf-post-info-category\">\n    <a href=\"https:\/\/www.santjosep.net\/de\/category\/rounten\/\" rel=\"category tag\">Rounten<\/a>, <a href=\"https:\/\/www.santjosep.net\/de\/category\/video-de\/\" rel=\"category tag\">Video<\/a><\/div>\t        <\/div>\n\n\t        <div class=\"edgtf-bli-excerpt\">\n\t\t        \t\t<div class=\"edgtf-post-excerpt-holder\">\n\t\t\t<p itemprop=\"description\" class=\"edgtf-post-excerpt\">\n\t\t\t\tDie Umgebung Sant Josep (Ibiza) ist ideal f\u00fcr die Praxis der Mountainbike. Zahlreiche markierte Wanderwege, Wanderwege, eine spektakul\u00e4re K\u00fcste, gro\u00dfe H\u00f6hen und Tiefen und eine spektakul\u00e4re Aussicht f\u00fcr alle Zielgruppen .\r\n\r\nHier k\u00f6nnen Sie Mountainbike-Routen entdecken:\u00a0BTT\u00a0Routen\t\t\t<\/p>\n\t\t<\/div>\n\t\t\t        \t<div class=\"edgtf-post-read-more-button\">\n\t\t<a itemprop=\"url\" href=\"https:\/\/www.santjosep.net\/de\/mountain-bike-sant-josep-ibiza\/\" target=\"_self\"  class=\"edgtf-btn edgtf-btn-medium edgtf-btn-simple edgtf-btn-switch-line edgtf-blog-list-button\"  >\t\t\t<span class=\"edgtf-btn-icon-element\"><\/span>\t\t<span class=\"edgtf-btn-text\">Weiterlesen<span class=\"edgtf-btn-text-line\" ><\/span><span class=\"edgtf-btn-switch-line\" ><\/span><\/span>\t<\/a>\t<\/div>\n\t        <\/div>\n        <\/div>\n\t<\/div>\n<\/li><li class=\"edgtf-bl-item clearfix\">\n\t<div class=\"edgtf-bli-inner\">\n\t\t\n\t<div class=\"edgtf-post-image\">\n\t\t\t\t\t<a itemprop=\"url\" href=\"https:\/\/www.santjosep.net\/de\/olas-en-platges-de-comte-cala-conta-ibiza\/\" title=\"Wellen in Platges de Comte (Cala Conta) &#8211; Ibiza\">\n\t\t\t\t\t\t\t\t\t<img loading=\"lazy\" decoding=\"async\" width=\"1000\" height=\"667\" src=\"https:\/\/www.santjosep.net\/wp-content\/uploads\/2016\/02\/wavescover.jpg\" class=\"attachment-full size-full wp-post-image\" alt=\"\" srcset=\"https:\/\/www.santjosep.net\/wp-content\/uploads\/2016\/02\/wavescover.jpg 1000w, https:\/\/www.santjosep.net\/wp-content\/uploads\/2016\/02\/wavescover-300x200.jpg 300w, https:\/\/www.santjosep.net\/wp-content\/uploads\/2016\/02\/wavescover-768x512.jpg 768w\" sizes=\"auto, (max-width: 1000px) 100vw, 1000px\" \/>\t\t\t\t\t\t\t\t<\/a>\n\t\t\t<\/div>\n        <div class=\"edgtf-bli-content\">\n                            <div class=\"edgtf-bli-date\">\n\t                <div itemprop=\"dateCreated\" class=\"edgtf-post-info-date entry-date published updated\">\n            <a itemprop=\"url\" href=\"https:\/\/www.santjosep.net\/de\/2016\/02\/\">\n    \n        29 Februar 2016        <\/a>\n    <meta itemprop=\"interactionCount\" content=\"UserComments: 0\"\/>\n<\/div>                <\/div>\n            \t\n\t        \n<h4 itemprop=\"name\" class=\"entry-title edgtf-post-title\" >\n            <a itemprop=\"url\" href=\"https:\/\/www.santjosep.net\/de\/olas-en-platges-de-comte-cala-conta-ibiza\/\" title=\"Wellen in Platges de Comte (Cala Conta) &#8211; Ibiza\">\n            Wellen in Platges de Comte (Cala Conta) &#8211; Ibiza            <\/a>\n    <\/h4>\n\t        <div class=\"edgtf-bli-info\">\n\t\t        <div class=\"edgtf-post-info-category\">\n    <a href=\"https:\/\/www.santjosep.net\/de\/category\/fahrten\/\" rel=\"category tag\">Fahrten<\/a>, <a href=\"https:\/\/www.santjosep.net\/de\/category\/video-de\/\" rel=\"category tag\">Video<\/a><\/div>\t        <\/div>\n\n\t        <div class=\"edgtf-bli-excerpt\">\n\t\t        \t\t        \t<div class=\"edgtf-post-read-more-button\">\n\t\t<a itemprop=\"url\" href=\"https:\/\/www.santjosep.net\/de\/olas-en-platges-de-comte-cala-conta-ibiza\/\" target=\"_self\"  class=\"edgtf-btn edgtf-btn-medium edgtf-btn-simple edgtf-btn-switch-line edgtf-blog-list-button\"  >\t\t\t<span class=\"edgtf-btn-icon-element\"><\/span>\t\t<span class=\"edgtf-btn-text\">Weiterlesen<span class=\"edgtf-btn-text-line\" ><\/span><span class=\"edgtf-btn-switch-line\" ><\/span><\/span>\t<\/a>\t<\/div>\n\t        <\/div>\n        <\/div>\n\t<\/div>\n<\/li><li class=\"edgtf-bl-item clearfix\">\n\t<div class=\"edgtf-bli-inner\">\n\t\t\n\t<div class=\"edgtf-post-image\">\n\t\t\t\t\t<a itemprop=\"url\" href=\"https:\/\/www.santjosep.net\/de\/floracion-de-los-almendros-en-sant-josep-ibiza\/\" title=\"Mandelbl\u00fcte in Sant Josep &#8211; Ibiza\">\n\t\t\t\t\t\t\t\t\t<img loading=\"lazy\" decoding=\"async\" width=\"1000\" height=\"667\" src=\"https:\/\/www.santjosep.net\/wp-content\/uploads\/2016\/02\/almedroscover.jpg\" class=\"attachment-full size-full wp-post-image\" alt=\"\" srcset=\"https:\/\/www.santjosep.net\/wp-content\/uploads\/2016\/02\/almedroscover.jpg 1000w, https:\/\/www.santjosep.net\/wp-content\/uploads\/2016\/02\/almedroscover-300x200.jpg 300w, https:\/\/www.santjosep.net\/wp-content\/uploads\/2016\/02\/almedroscover-768x512.jpg 768w\" sizes=\"auto, (max-width: 1000px) 100vw, 1000px\" \/>\t\t\t\t\t\t\t\t<\/a>\n\t\t\t<\/div>\n        <div class=\"edgtf-bli-content\">\n                            <div class=\"edgtf-bli-date\">\n\t                <div itemprop=\"dateCreated\" class=\"edgtf-post-info-date entry-date published updated\">\n            <a itemprop=\"url\" href=\"https:\/\/www.santjosep.net\/de\/2016\/01\/\">\n    \n        25 Januar 2016        <\/a>\n    <meta itemprop=\"interactionCount\" content=\"UserComments: 0\"\/>\n<\/div>                <\/div>\n            \t\n\t        \n<h4 itemprop=\"name\" class=\"entry-title edgtf-post-title\" >\n            <a itemprop=\"url\" href=\"https:\/\/www.santjosep.net\/de\/floracion-de-los-almendros-en-sant-josep-ibiza\/\" title=\"Mandelbl\u00fcte in Sant Josep &#8211; Ibiza\">\n            Mandelbl\u00fcte in Sant Josep &#8211; Ibiza            <\/a>\n    <\/h4>\n\t        <div class=\"edgtf-bli-info\">\n\t\t        <div class=\"edgtf-post-info-category\">\n    <a href=\"https:\/\/www.santjosep.net\/de\/category\/video-de\/\" rel=\"category tag\">Video<\/a><\/div>\t        <\/div>\n\n\t        <div class=\"edgtf-bli-excerpt\">\n\t\t        \t\t        \t<div class=\"edgtf-post-read-more-button\">\n\t\t<a itemprop=\"url\" href=\"https:\/\/www.santjosep.net\/de\/floracion-de-los-almendros-en-sant-josep-ibiza\/\" target=\"_self\"  class=\"edgtf-btn edgtf-btn-medium edgtf-btn-simple edgtf-btn-switch-line edgtf-blog-list-button\"  >\t\t\t<span class=\"edgtf-btn-icon-element\"><\/span>\t\t<span class=\"edgtf-btn-text\">Weiterlesen<span class=\"edgtf-btn-text-line\" ><\/span><span class=\"edgtf-btn-switch-line\" ><\/span><\/span>\t<\/a>\t<\/div>\n\t        <\/div>\n        <\/div>\n\t<\/div>\n<\/li><li class=\"edgtf-bl-item clearfix\">\n\t<div class=\"edgtf-bli-inner\">\n\t\t\n\t<div class=\"edgtf-post-image\">\n\t\t\t\t\t<a itemprop=\"url\" href=\"https:\/\/www.santjosep.net\/de\/visita-al-parque-natural-de-ses-salines\/\" title=\"Ein Besuch im Naturschutzgebiet Ses Salines\">\n\t\t\t\t\t\t\t\t\t<img loading=\"lazy\" decoding=\"async\" width=\"1200\" height=\"800\" src=\"https:\/\/www.santjosep.net\/wp-content\/uploads\/2014\/11\/sessalinesparque_IMG_9843.jpg\" class=\"attachment-full size-full wp-post-image\" alt=\"\" srcset=\"https:\/\/www.santjosep.net\/wp-content\/uploads\/2014\/11\/sessalinesparque_IMG_9843.jpg 1200w, https:\/\/www.santjosep.net\/wp-content\/uploads\/2014\/11\/sessalinesparque_IMG_9843-300x200.jpg 300w, https:\/\/www.santjosep.net\/wp-content\/uploads\/2014\/11\/sessalinesparque_IMG_9843-1024x682.jpg 1024w\" sizes=\"auto, (max-width: 1200px) 100vw, 1200px\" \/>\t\t\t\t\t\t\t\t<\/a>\n\t\t\t<\/div>\n        <div class=\"edgtf-bli-content\">\n                            <div class=\"edgtf-bli-date\">\n\t                <div itemprop=\"dateCreated\" class=\"edgtf-post-info-date entry-date published updated\">\n            <a itemprop=\"url\" href=\"https:\/\/www.santjosep.net\/de\/2014\/11\/\">\n    \n        10 November 2014        <\/a>\n    <meta itemprop=\"interactionCount\" content=\"UserComments: 0\"\/>\n<\/div>                <\/div>\n            \t\n\t        \n<h4 itemprop=\"name\" class=\"entry-title edgtf-post-title\" >\n            <a itemprop=\"url\" href=\"https:\/\/www.santjosep.net\/de\/visita-al-parque-natural-de-ses-salines\/\" title=\"Ein Besuch im Naturschutzgebiet Ses Salines\">\n            Ein Besuch im Naturschutzgebiet Ses Salines            <\/a>\n    <\/h4>\n\t        <div class=\"edgtf-bli-info\">\n\t\t        <div class=\"edgtf-post-info-category\">\n    <a href=\"https:\/\/www.santjosep.net\/de\/category\/fahrten\/\" rel=\"category tag\">Fahrten<\/a>, <a href=\"https:\/\/www.santjosep.net\/de\/category\/rounten\/\" rel=\"category tag\">Rounten<\/a><\/div>\t        <\/div>\n\n\t        <div class=\"edgtf-bli-excerpt\">\n\t\t        \t\t<div class=\"edgtf-post-excerpt-holder\">\n\t\t\t<p itemprop=\"description\" class=\"edgtf-post-excerpt\">\n\t\t\t\t&nbsp;\r\n\r\nEine der sch\u00f6nsten Gegenden in Ibiza ist das Gebiet um Ses Salines, das sich im S\u00fcden der Insel befindet und 2001 zum Naturschutzgebiet erkl\u00e4rt wurde. Vor hunderten von Jahren wurde hier mit der Salzgewinnung begonnen, was die Landschaft besonders gepr\u00e4gt\t\t\t<\/p>\n\t\t<\/div>\n\t\t\t        \t<div class=\"edgtf-post-read-more-button\">\n\t\t<a itemprop=\"url\" href=\"https:\/\/www.santjosep.net\/de\/visita-al-parque-natural-de-ses-salines\/\" target=\"_self\"  class=\"edgtf-btn edgtf-btn-medium edgtf-btn-simple edgtf-btn-switch-line edgtf-blog-list-button\"  >\t\t\t<span class=\"edgtf-btn-icon-element\"><\/span>\t\t<span class=\"edgtf-btn-text\">Weiterlesen<span class=\"edgtf-btn-text-line\" ><\/span><span class=\"edgtf-btn-switch-line\" ><\/span><\/span>\t<\/a>\t<\/div>\n\t        <\/div>\n        <\/div>\n\t<\/div>\n<\/li><li class=\"edgtf-bl-item clearfix\">\n\t<div class=\"edgtf-bli-inner\">\n\t\t\n\t<div class=\"edgtf-post-image\">\n\t\t\t\t\t<a itemprop=\"url\" href=\"https:\/\/www.santjosep.net\/de\/5-ideen-fuer-einen-schoenen-herbst-in-sant-josep-ibiza\/\" title=\"5 Ideen f\u00fcr einen sch\u00f6nen Herbst in Sant Josep, Ibiza\">\n\t\t\t\t\t\t\t\t\t<img loading=\"lazy\" decoding=\"async\" width=\"1200\" height=\"823\" src=\"https:\/\/www.santjosep.net\/wp-content\/uploads\/2014\/10\/puesta_DSC00234.jpg\" class=\"attachment-full size-full wp-post-image\" alt=\"\" srcset=\"https:\/\/www.santjosep.net\/wp-content\/uploads\/2014\/10\/puesta_DSC00234.jpg 1200w, https:\/\/www.santjosep.net\/wp-content\/uploads\/2014\/10\/puesta_DSC00234-300x205.jpg 300w, https:\/\/www.santjosep.net\/wp-content\/uploads\/2014\/10\/puesta_DSC00234-1024x702.jpg 1024w\" sizes=\"auto, (max-width: 1200px) 100vw, 1200px\" \/>\t\t\t\t\t\t\t\t<\/a>\n\t\t\t<\/div>\n        <div class=\"edgtf-bli-content\">\n                            <div class=\"edgtf-bli-date\">\n\t                <div itemprop=\"dateCreated\" class=\"edgtf-post-info-date entry-date published updated\">\n            <a itemprop=\"url\" href=\"https:\/\/www.santjosep.net\/de\/2014\/10\/\">\n    \n        27 Oktober 2014        <\/a>\n    <meta itemprop=\"interactionCount\" content=\"UserComments: 0\"\/>\n<\/div>                <\/div>\n            \t\n\t        \n<h4 itemprop=\"name\" class=\"entry-title edgtf-post-title\" >\n            <a itemprop=\"url\" href=\"https:\/\/www.santjosep.net\/de\/5-ideen-fuer-einen-schoenen-herbst-in-sant-josep-ibiza\/\" title=\"5 Ideen f\u00fcr einen sch\u00f6nen Herbst in Sant Josep, Ibiza\">\n            5 Ideen f\u00fcr einen sch\u00f6nen Herbst in Sant Josep, Ibiza            <\/a>\n    <\/h4>\n\t        <div class=\"edgtf-bli-info\">\n\t\t        <div class=\"edgtf-post-info-category\">\n    <a href=\"https:\/\/www.santjosep.net\/de\/category\/unkategorisiert\/\" rel=\"category tag\">Unkategorisiert<\/a><\/div>\t        <\/div>\n\n\t        <div class=\"edgtf-bli-excerpt\">\n\t\t        \t\t<div class=\"edgtf-post-excerpt-holder\">\n\t\t\t<p itemprop=\"description\" class=\"edgtf-post-excerpt\">\n\t\t\t\tObwohl Ibiza und insbesondere die Gegend um Sant Josep haupts\u00e4chlich f\u00fcr die sch\u00f6nen Str\u00e4nde und die ausgelassene Partystimmung im Sommer bekannt sind, ist der Herbst die ideale Jahreszeit, um auf der Insel traumhafte Tage zu verbringen. Milde Temperaturen und friedliche\t\t\t<\/p>\n\t\t<\/div>\n\t\t\t        \t<div class=\"edgtf-post-read-more-button\">\n\t\t<a itemprop=\"url\" href=\"https:\/\/www.santjosep.net\/de\/5-ideen-fuer-einen-schoenen-herbst-in-sant-josep-ibiza\/\" target=\"_self\"  class=\"edgtf-btn edgtf-btn-medium edgtf-btn-simple edgtf-btn-switch-line edgtf-blog-list-button\"  >\t\t\t<span class=\"edgtf-btn-icon-element\"><\/span>\t\t<span class=\"edgtf-btn-text\">Weiterlesen<span class=\"edgtf-btn-text-line\" ><\/span><span class=\"edgtf-btn-switch-line\" ><\/span><\/span>\t<\/a>\t<\/div>\n\t        <\/div>\n        <\/div>\n\t<\/div>\n<\/li><li class=\"edgtf-bl-item clearfix\">\n\t<div class=\"edgtf-bli-inner\">\n\t\t\n\t<div class=\"edgtf-post-image\">\n\t\t\t\t\t<a itemprop=\"url\" href=\"https:\/\/www.santjosep.net\/de\/9-lugares-para-ver-la-puesta-de-sol-en-sant-josep-ibiza\/\" title=\"Neun Orte in Sant Josep mit atemberaubenden Sonnenunterg\u00e4ngen auf Ibiza\">\n\t\t\t\t\t\t\t\t\t<img loading=\"lazy\" decoding=\"async\" width=\"1200\" height=\"800\" src=\"https:\/\/www.santjosep.net\/wp-content\/uploads\/2014\/07\/puestasol_IMG_0359.jpg\" class=\"attachment-full size-full wp-post-image\" alt=\"\" srcset=\"https:\/\/www.santjosep.net\/wp-content\/uploads\/2014\/07\/puestasol_IMG_0359.jpg 1200w, https:\/\/www.santjosep.net\/wp-content\/uploads\/2014\/07\/puestasol_IMG_0359-300x200.jpg 300w, https:\/\/www.santjosep.net\/wp-content\/uploads\/2014\/07\/puestasol_IMG_0359-1024x682.jpg 1024w\" sizes=\"auto, (max-width: 1200px) 100vw, 1200px\" \/>\t\t\t\t\t\t\t\t<\/a>\n\t\t\t<\/div>\n        <div class=\"edgtf-bli-content\">\n                            <div class=\"edgtf-bli-date\">\n\t                <div itemprop=\"dateCreated\" class=\"edgtf-post-info-date entry-date published updated\">\n            <a itemprop=\"url\" href=\"https:\/\/www.santjosep.net\/de\/2014\/07\/\">\n    \n        25 Juli 2014        <\/a>\n    <meta itemprop=\"interactionCount\" content=\"UserComments: 0\"\/>\n<\/div>                <\/div>\n            \t\n\t        \n<h4 itemprop=\"name\" class=\"entry-title edgtf-post-title\" >\n            <a itemprop=\"url\" href=\"https:\/\/www.santjosep.net\/de\/9-lugares-para-ver-la-puesta-de-sol-en-sant-josep-ibiza\/\" title=\"Neun Orte in Sant Josep mit atemberaubenden Sonnenunterg\u00e4ngen auf Ibiza\">\n            Neun Orte in Sant Josep mit atemberaubenden Sonnenunterg\u00e4ngen auf Ibiza            <\/a>\n    <\/h4>\n\t        <div class=\"edgtf-bli-info\">\n\t\t        <div class=\"edgtf-post-info-category\">\n    <a href=\"https:\/\/www.santjosep.net\/de\/category\/fahrten\/\" rel=\"category tag\">Fahrten<\/a>, <a href=\"https:\/\/www.santjosep.net\/de\/category\/landstrich\/\" rel=\"category tag\">Landstrich<\/a>, <a href=\"https:\/\/www.santjosep.net\/de\/category\/sonnenuntergang\/\" rel=\"category tag\">Sonnenuntergang<\/a><\/div>\t        <\/div>\n\n\t        <div class=\"edgtf-bli-excerpt\">\n\t\t        \t\t<div class=\"edgtf-post-excerpt-holder\">\n\t\t\t<p itemprop=\"description\" class=\"edgtf-post-excerpt\">\n\t\t\t\t&nbsp;\r\n\r\n&nbsp;\r\n\r\nEs ist eigentlich unm\u00f6glich Sant Josep (Ibiza) zu besuchen, ohne sich einen Sonnenuntergang anzusehen. Ein bezauberndes Naturspektakel, das sich jeden Abend wiederholt und sicherlich ein einmaliges Erlebnis f\u00fcr Sie wird.\r\n\r\nWir haben neun wundersch\u00f6ne Ort f\u00fcr Sie ausgesucht, an denen Sie\t\t\t<\/p>\n\t\t<\/div>\n\t\t\t        \t<div class=\"edgtf-post-read-more-button\">\n\t\t<a itemprop=\"url\" href=\"https:\/\/www.santjosep.net\/de\/9-lugares-para-ver-la-puesta-de-sol-en-sant-josep-ibiza\/\" target=\"_self\"  class=\"edgtf-btn edgtf-btn-medium edgtf-btn-simple edgtf-btn-switch-line edgtf-blog-list-button\"  >\t\t\t<span class=\"edgtf-btn-icon-element\"><\/span>\t\t<span class=\"edgtf-btn-text\">Weiterlesen<span class=\"edgtf-btn-text-line\" ><\/span><span class=\"edgtf-btn-switch-line\" ><\/span><\/span>\t<\/a>\t<\/div>\n\t        <\/div>\n        <\/div>\n\t<\/div>\n<\/li>\t\t<\/ul>\n\t<\/div>\n\t<\/div>[\/vc_column][\/vc_row]<\/p>\n<\/div>","protected":false},"excerpt":{"rendered":"<p>[vc_row enable_hue_rotation=&#8220;no&#8220; enable_text_marquee=&#8220;no&#8220; css=&#8220;.vc_custom_1579773470836{margin-top: 50px !important;}&#8220;][vc_column][\/vc_column][\/vc_row]<\/p>\n","protected":false},"author":1,"featured_media":0,"parent":0,"menu_order":0,"comment_status":"open","ping_status":"open","template":"","meta":{"_acf_changed":false,"inline_featured_image":false,"footnotes":""},"categoria_pagina":[],"class_list":["post-6363","page","type-page","status-publish","hentry"],"acf":[],"yoast_head":"<!-- This site is optimized with the Yoast SEO plugin v25.7 - https:\/\/yoast.com\/wordpress\/plugins\/seo\/ -->\n<title>Viu Sant Josep - Santjosep.net<\/title>\n<meta name=\"description\" content=\"Der Blog zu entdecken und erleben Sant Josep\" \/>\n<meta name=\"robots\" content=\"index, follow, max-snippet:-1, max-image-preview:large, max-video-preview:-1\" \/>\n<link rel=\"canonical\" href=\"https:\/\/www.santjosep.net\/de\/blog\/\" \/>\n<meta property=\"og:locale\" content=\"de_DE\" \/>\n<meta property=\"og:type\" content=\"article\" \/>\n<meta property=\"og:title\" content=\"Viu Sant Josep - Santjosep.net\" \/>\n<meta property=\"og:description\" content=\"Der Blog zu entdecken und erleben Sant Josep\" \/>\n<meta property=\"og:url\" content=\"https:\/\/www.santjosep.net\/de\/blog\/\" \/>\n<meta property=\"og:site_name\" content=\"Santjosep.net\" \/>\n<meta property=\"article:modified_time\" content=\"2020-01-23T09:57:12+00:00\" \/>\n<meta name=\"twitter:card\" content=\"summary_large_image\" \/>\n<script type=\"application\/ld+json\" class=\"yoast-schema-graph\">{\"@context\":\"https:\/\/schema.org\",\"@graph\":[{\"@type\":\"WebPage\",\"@id\":\"https:\/\/www.santjosep.net\/de\/blog\/\",\"url\":\"https:\/\/www.santjosep.net\/de\/blog\/\",\"name\":\"Viu Sant Josep - Santjosep.net\",\"isPartOf\":{\"@id\":\"https:\/\/www.santjosep.net\/#website\"},\"datePublished\":\"2013-03-23T05:01:12+00:00\",\"dateModified\":\"2020-01-23T09:57:12+00:00\",\"description\":\"Der Blog zu entdecken und erleben Sant Josep\",\"inLanguage\":\"de\",\"potentialAction\":[{\"@type\":\"ReadAction\",\"target\":[\"https:\/\/www.santjosep.net\/de\/blog\/\"]}]},{\"@type\":\"WebSite\",\"@id\":\"https:\/\/www.santjosep.net\/#website\",\"url\":\"https:\/\/www.santjosep.net\/\",\"name\":\"Santjosep.net\",\"description\":\"\",\"potentialAction\":[{\"@type\":\"SearchAction\",\"target\":{\"@type\":\"EntryPoint\",\"urlTemplate\":\"https:\/\/www.santjosep.net\/?s={search_term_string}\"},\"query-input\":{\"@type\":\"PropertyValueSpecification\",\"valueRequired\":true,\"valueName\":\"search_term_string\"}}],\"inLanguage\":\"de\"}]}<\/script>\n<!-- \/ Yoast SEO plugin. -->","yoast_head_json":{"title":"Viu Sant Josep - Santjosep.net","description":"Der Blog zu entdecken und erleben Sant Josep","robots":{"index":"index","follow":"follow","max-snippet":"max-snippet:-1","max-image-preview":"max-image-preview:large","max-video-preview":"max-video-preview:-1"},"canonical":"https:\/\/www.santjosep.net\/de\/blog\/","og_locale":"de_DE","og_type":"article","og_title":"Viu Sant Josep - Santjosep.net","og_description":"Der Blog zu entdecken und erleben Sant Josep","og_url":"https:\/\/www.santjosep.net\/de\/blog\/","og_site_name":"Santjosep.net","article_modified_time":"2020-01-23T09:57:12+00:00","twitter_card":"summary_large_image","schema":{"@context":"https:\/\/schema.org","@graph":[{"@type":"WebPage","@id":"https:\/\/www.santjosep.net\/de\/blog\/","url":"https:\/\/www.santjosep.net\/de\/blog\/","name":"Viu Sant Josep - Santjosep.net","isPartOf":{"@id":"https:\/\/www.santjosep.net\/#website"},"datePublished":"2013-03-23T05:01:12+00:00","dateModified":"2020-01-23T09:57:12+00:00","description":"Der Blog zu entdecken und erleben Sant Josep","inLanguage":"de","potentialAction":[{"@type":"ReadAction","target":["https:\/\/www.santjosep.net\/de\/blog\/"]}]},{"@type":"WebSite","@id":"https:\/\/www.santjosep.net\/#website","url":"https:\/\/www.santjosep.net\/","name":"Santjosep.net","description":"","potentialAction":[{"@type":"SearchAction","target":{"@type":"EntryPoint","urlTemplate":"https:\/\/www.santjosep.net\/?s={search_term_string}"},"query-input":{"@type":"PropertyValueSpecification","valueRequired":true,"valueName":"search_term_string"}}],"inLanguage":"de"}]}},"_links":{"self":[{"href":"https:\/\/www.santjosep.net\/de\/wp-json\/wp\/v2\/pages\/6363","targetHints":{"allow":["GET"]}}],"collection":[{"href":"https:\/\/www.santjosep.net\/de\/wp-json\/wp\/v2\/pages"}],"about":[{"href":"https:\/\/www.santjosep.net\/de\/wp-json\/wp\/v2\/types\/page"}],"author":[{"embeddable":true,"href":"https:\/\/www.santjosep.net\/de\/wp-json\/wp\/v2\/users\/1"}],"replies":[{"embeddable":true,"href":"https:\/\/www.santjosep.net\/de\/wp-json\/wp\/v2\/comments?post=6363"}],"version-history":[{"count":0,"href":"https:\/\/www.santjosep.net\/de\/wp-json\/wp\/v2\/pages\/6363\/revisions"}],"wp:attachment":[{"href":"https:\/\/www.santjosep.net\/de\/wp-json\/wp\/v2\/media?parent=6363"}],"wp:term":[{"taxonomy":"categoria_pagina","embeddable":true,"href":"https:\/\/www.santjosep.net\/de\/wp-json\/wp\/v2\/categoria_pagina?post=6363"}],"curies":[{"name":"wp","href":"https:\/\/api.w.org\/{rel}","templated":true}]}}