{"id":5963,"date":"2016-03-07T13:00:04","date_gmt":"2016-03-07T13:00:04","guid":{"rendered":"https:\/\/www.santjosep.net\/de\/mountainbiketouren-sant-josep-ibiza\/calas-del-oeste-sant-josep-ibiza\/"},"modified":"2021-09-22T09:59:14","modified_gmt":"2021-09-22T07:59:14","slug":"calas-del-oeste-sant-josep-ibiza","status":"publish","type":"page","link":"https:\/\/www.santjosep.net\/de\/aktiver-tourismus\/mountainbiketouren-sant-josep-ibiza\/calas-del-oeste-sant-josep-ibiza\/","title":{"rendered":"Buchten in westen (Sant Josep) &#8211; Ibiza"},"content":{"rendered":"<p>Hier handelt es sich um eine abwechslungsreiche Route zwischen K\u00fcste und Berge. Sie f\u00fchrt uns gr\u00f6\u00dftenteils \u00fcber Pfade und Wege, die etwas schwieriger zu bew\u00e4ltigen sind bei Regenwetter oder Wind.<\/p>\n<p><a href=\"https:\/\/www.santjosep.net\/wp-content\/uploads\/2016\/03\/pinet_IMG_9884.jpg\" rel=\"attachment wp-att-5899\"><img loading=\"lazy\" decoding=\"async\" class=\"alignnone size-full wp-image-5901\" src=\"https:\/\/www.santjosep.net\/wp-content\/uploads\/2016\/03\/pinet_IMG_9884.jpg\" alt=\"pinet_IMG_9884\" width=\"1000\" height=\"667\" srcset=\"https:\/\/www.santjosep.net\/wp-content\/uploads\/2016\/03\/pinet_IMG_9884.jpg 1000w, https:\/\/www.santjosep.net\/wp-content\/uploads\/2016\/03\/pinet_IMG_9884-300x200.jpg 300w, https:\/\/www.santjosep.net\/wp-content\/uploads\/2016\/03\/pinet_IMG_9884-768x512.jpg 768w\" sizes=\"auto, (max-width: 1000px) 100vw, 1000px\" \/><\/a><\/p>\n<p>Wir starten von San Antonio aus und gehen ein kurzes St\u00fcck der K\u00fcste entlang bis wir mit dem Aufstieg in die Sierra d&#8217;en Curtet beginnen. Von diesem pr\u00e4chtigen 260 Meter hohen Berg genie\u00dfen wir einen sagenhaften Ausblick auf San Antonio einerseits und auf die Insel Es Vedr\u00e1 andrerseits.<\/p>\n<p>Beim Abstieg \u00fcberqueren wir den Torrent de sa Fontassa und gelangen zur Cala Tarida, einem h\u00fcbschen Strand, der zur Erfrischung einl\u00e4dt. Von nun an geht unser Weg bis zum Schluss der K\u00fcste entlang mit Abstechern an die Cala Codolar, Platges de Comte, Cala Roja und Cala Bassa, stets am Rand der Steilk\u00fcsten mit unvergleichlichem Ausblick auf die Inselchen vor der Westk\u00fcste.<\/p>\n<p><a href=\"https:\/\/www.santjosep.net\/wp-content\/uploads\/2013\/11\/calatarida_IMG_5224.jpg\" rel=\"attachment wp-att-933\"><img loading=\"lazy\" decoding=\"async\" class=\"alignnone size-full wp-image-5507\" src=\"https:\/\/www.santjosep.net\/wp-content\/uploads\/2013\/11\/calatarida_IMG_5224.jpg\" alt=\"calatarida_IMG_5224\" width=\"800\" height=\"533\" srcset=\"https:\/\/www.santjosep.net\/wp-content\/uploads\/2013\/11\/calatarida_IMG_5224.jpg 800w, https:\/\/www.santjosep.net\/wp-content\/uploads\/2013\/11\/calatarida_IMG_5224-300x199.jpg 300w\" sizes=\"auto, (max-width: 800px) 100vw, 800px\" \/><\/a><\/p>\n<p>Sie sollten auf dieser Route unbedingt die Torre d&#8217;En Rovira an der Cala Roja besuchen, die paar Minuten Umweg lohnen sich auf jeden Fall. Daf\u00fcr machen wir mit einem Beobachtungsposten Bekanntschaft, der f\u00fcr die Inselbewohner zum Schutz gegen Angriffe vom Meer her unentbehrlich war.<\/p>\n<p><a href=\"https:\/\/www.santjosep.net\/wp-content\/uploads\/2014\/10\/rovira_IMG_2725.jpg\" rel=\"attachment wp-att-2363\"><img loading=\"lazy\" decoding=\"async\" class=\"size-large wp-image-2363\" src=\"https:\/\/www.santjosep.net\/wp-content\/uploads\/2014\/10\/rovira_IMG_2725-1024x682.jpg\" alt=\"Torre d'en Rovira\" width=\"1024\" height=\"682\" srcset=\"https:\/\/www.santjosep.net\/wp-content\/uploads\/2014\/10\/rovira_IMG_2725-1024x682.jpg 1024w, https:\/\/www.santjosep.net\/wp-content\/uploads\/2014\/10\/rovira_IMG_2725-300x200.jpg 300w, https:\/\/www.santjosep.net\/wp-content\/uploads\/2014\/10\/rovira_IMG_2725.jpg 1200w\" sizes=\"auto, (max-width: 1024px) 100vw, 1024px\" \/><\/a><\/p>\n<p>Schlie\u00dflich kehren wir der ruhigen Strandpromenade entlang nach San Antonio zur\u00fcck, phantastische Erinnerungen einer unvergesslichen Route in Kopf und Beinen.<\/p>\n<p>Distancia total &#8211; 31,43 Km<br \/>\nTiempo estimado &#8211; 3-4 horas<br \/>\nAscenso total &#8211; 514<br \/>\nDescenso total &#8211; 514<br \/>\nCarretera &#8211; 10%<br \/>\nPista &#8211; 55%<br \/>\nCamino &#8211; 35%<br \/>\nDificultad t\u00e9cnica &#8211; Media<br \/>\nDificultad f\u00edsica &#8211; Media<br \/>\nDificultad global &#8211; ROJA<\/p>\n<p>&#8211; Es gibt keinen einzigen Brunnen auf dem Weg. Deshalb vor dem Start gen\u00fcgend Wasser einpacken.<br \/>\n&#8211; Tragen Sie bitte immer einen Helm.<\/p>\n<div class=\"gm-map\" style=\"position: relative;height: 200px; width: 200px;\"><iframe name=\"gm-map-1\" allowfullscreen src=\"https:\/\/www.santjosep.net\/de\/?geo_mashup_content=render-map&amp;map_data_key=37f88e0f888380ef5c189ead432eb44c&amp;lang=de&amp;zoom=13&amp;name=gm-map-1&amp;map_content=contextual&amp;error_comment=&lt;!-- Geo Mashup hat in diesem Kontext keine darzustellenden Objekte gefunden--&gt;\" style=\"position: absolute; top: 0; left: 0; width: 100%; height: 100%; border: none; overflow: hidden;\"><\/iframe><\/div>\n<p>ROUTE METER<br \/>\n1. Start. Wir gehen vom Paseo de la Mar in San Antonio Richtung S\u00fcd dem Strand entlang<br \/>\n2. Abbiegung links. Bevor wir die M\u00fchle erreichen, biegen wir links ab und etwas weiter vorn kommen wir auf die Stra\u00dfe, wo wir rechts abbiegen.<br \/>\n3. Kreuzung \u00fcberqueren. Wir erreichen eine Kreuzung, die wir geradeaus \u00fcberqueren, an der dritten Kreuzung biegen wir rechts neben einem Haus ab.<br \/>\n4. Kreuzung links Feldweg. Wir kommen auf einen Feldweg und biegen dort links ab bis wir eine Asphaltstra\u00dfe erreichen. Von dort geradeaus weiter \u00fcber einen Pfad.<br \/>\n5. Weiter geradeaus. Auf diesem Weg hat es mehrere Abzweigungen, wir gehen jedoch stets geradeaus neben der paralell dazu verlaufenden Stra\u00dfe.<br \/>\n6. Kreuzung links Stra\u00dfe. Wir kommen auf eine Stra\u00dfe mit Radfahrweg und biegen nach links. Etwas weiter vorn biegen wir auf den ersten Fahrweg rechts.<br \/>\n7. Verzweigung links. Bei dieser Verzweigung gehen wir links weiter und biegen dann rechts ab. Wir gehen weiter geradeaus und kommen an einigen H\u00e4usern vorbei und erreichen einen Weg neben einem Sturzbach, wo wir links abbiegen.<br \/>\n8. Kreuzung rechts Landstra\u00dfe. Der Weg endet in einer Landstra\u00dfe und wir biegen nach rechts und danach nach links Richtung Westen.<br \/>\n9. Kreuzung \u00fcberqueren Feldweg. Bei dieser Stra\u00dfenkurve gehen wir geradeaus in einen Fahrweg. Bei den zwei n\u00e4chsten Verzweigungen links weitergehen.<br \/>\n10. Kreuzung rechts. Bei dieser und der n\u00e4chsten Kreuzung rechts gehen.<br \/>\n11. Abbiegung links Pfad. An dieser Stelle nehmen wir einen versteckten Pfad links durch den Wald. An der folgenden Verzweigung links und etwas weiter, wenn wir auf einen Feldweg kommen, nochmals links gehen.<br \/>\n12. Abbiegung rechts. Wir erreichen einen Weg, biegen rechts ab und steigen einen steinigen Feldweg hoch. Bei den zwei n\u00e4chsten Verzweigungen links weitergehen.<br \/>\n13. Kreuzung links. Wir kommen an einem verlassenen Haus vorbei und nehmen gleich danach einen Pfad links.<br \/>\n14. Weiter geradeaus. Wir kommen an eine Wegverzweigung und gehen geradeaus weiter. Bei der n\u00e4chsten Kreuzung rechts ein kleines St\u00fcck hochsteigen.<br \/>\n15. Kreuzung rechts Weg. Wir gelangen auf diesen Weg und biegen dort rechts ab und gehen weiter abw\u00e4rts geradeaus bis zu einem Feldweg.<br \/>\n16. Kreuzung rechts Feldweg. Wir gelangen zu einem Feldweg, gehen rechts auf diesem etwa 200 Meter weiter bis zu einer Verzweigung. Dort biegen wir links ab.<br \/>\n17. Verzweigung links. An der Verzweigung gehen wir links weiter. Der Weg wird zu einem Pfad und m\u00fcndet schlie\u00dflich in eine Landstra\u00dfe. Dort gehen wir rechts.<br \/>\n18. Kreuzung rechts. An der Landstra\u00dfe biegen wir rechts ab. Bei der n\u00e4chsten Verzweigung gehen wir ebenfalls rechts weiter.<br \/>\n19. Abbiegung links. Wir machen diesen Umweg bis zum Strand der Cala Tarida. Dort gehen wir durch den Sand bis ans Strandende und steigen rechts eine Treppe hoch.<br \/>\n20. Abbiegung links Weg. Wieder in der H\u00f6he nehmen wir den Weg links zu einer Sra\u00dfe hinauf. Dort gehen wir rechts weiter bis zur n\u00e4chsten Kreuzung und dann links.<br \/>\n21. Verzweigung rechts. Wir kommen zu einer Verzweigung, gehen dort rechts und kommen bis zum Zugang an die Cala Corral hinunter. Dort gehen wir aber weiter geradeaus und aufw\u00e4rts.<br \/>\n22. Kreuzung rechts. Bei einigen Containern biegen wir rechts ab und gehen bis zu einem Fu\u00dfweg und biegen noch zweimal links ab Richtung Norden.<br \/>\n23. Kreuzung \u00fcberqueren. Bei dieser Kreuzung gehen wir geradeaus bis zur folgenden Kreuzung, wo es links geht und dann rechts bis Cala Codolar.<br \/>\n24. Kreuzung rechts Treppe. Wir kommen zum Strand und biegen rechts auf einen kleinen Weg bis zu einer Treppe, die wir hochsteigen.<br \/>\n25. Kreuzung links Landstra\u00dfe. Wir steigen bis zu einer \u00dcberbauung hoch und biegen dort links ab. Bei der n\u00e4chsten Kreuzung gehen wir rechts Richtung Westen weiter.<br \/>\n26. Kreuzung rechts. Bei dieser Kreuzung geht es rechts weiter, bei der folgenden links und danach nochmals nach rechts Richtung San Antonio.<br \/>\n27. Abbiegung links Weg. An dieser Stelle biegen wir links in einen Weg bis zu einem Haus, an dem wir links vorbeigehen bis zur Steilk\u00fcste. Von dort setzen wir unsern Weg 1 km der K\u00fcstenlinie entlang fort.<br \/>\n28. Kreuzung rechts Feldweg. Wir gelangen zu einem Feldweg und biegen dort zuerst rechts ab, dann links und nochmals rechts.<br \/>\n29. Abbiegung links Pfad. An dieser Stelle machen wir einen Umweg und nehmen einen Pfad bis zur Platges de Comte, einer Verpflegungszone. Von dort aus geht es der K\u00fcste nach weiter \u00fcber Feld- und Steinwege.<br \/>\n30. Abbiegung rechts. Wir verlassen die Steilk\u00fcste und biegen rechts ab durch den Wald und anschlie\u00dfend links bis zur Cala Roja, wo wir Richtung Osten nochmals der Steilk\u00fcste entlang gehen.<br \/>\n31. Abbiegung rechts. Am Ende der Cala Rojaro biegen wir rechts in den<br \/>\nWald und verlassen die K\u00fcste. Dieser Abschnitt ist ein Durcheinander an Wegen und B\u00e4umen, das wir Richtung S\u00fcdosten durchqueren bis wir zu einem Haus kommen. Hier beginnt ein Feldweg auf dem wir weitergehen.<br \/>\n32. Kreuzung links. Bei der n\u00e4chsten Kreuzung mit einem Haus biegen wir links ab bis zur Cala Bassa. Von dieser Bucht f\u00fchrt ein Steinweg ungef\u00e4hr 200 m Richtung Osten ein St\u00fcck der K\u00fcste entlang.<br \/>\n33. Weiter geradeaus. Wir gelangen an einen Feldweg und gehen geradeaus bis zur n\u00e4chsten Kreuzung mit einem anderen Feldweg. Dort biegen wir links ab und folgen diesem Weg bis zu einer Stra\u00dfe.<br \/>\n34. Stra\u00dfe geradeaus weiter. Auf dieser Stra\u00dfe gehen wir geradeaus weiter bis nach San Antonio.<br \/>\n35. Kreuzung links. Von dieser Kreuzung weg folgen wir dem ersten Wegst\u00fcck der Route bis zum Ausgangspunkt.<br \/>\n36. Ende der Route.<\/p>\n","protected":false},"excerpt":{"rendered":"<p>Hier handelt es sich um eine abwechslungsreiche Route zwischen K\u00fcste und Berge. Sie f\u00fchrt uns gr\u00f6\u00dftenteils \u00fcber Pfade und Wege, die etwas schwieriger zu bew\u00e4ltigen sind bei Regenwetter oder Wind. Wir starten von San Antonio aus und gehen ein kurzes [&hellip;]<\/p>\n","protected":false},"author":1,"featured_media":5901,"parent":5919,"menu_order":0,"comment_status":"closed","ping_status":"closed","template":"page-actividad.php","meta":{"_acf_changed":false,"inline_featured_image":false,"footnotes":""},"categoria_pagina":[],"class_list":["post-5963","page","type-page","status-publish","has-post-thumbnail","hentry"],"acf":[],"yoast_head":"<!-- This site is optimized with the Yoast SEO plugin v25.7 - https:\/\/yoast.com\/wordpress\/plugins\/seo\/ -->\n<title>Buchten in westen (Sant Josep) - Ibiza - Santjosep.net<\/title>\n<meta name=\"robots\" content=\"index, follow, max-snippet:-1, max-image-preview:large, max-video-preview:-1\" \/>\n<link rel=\"canonical\" href=\"https:\/\/www.santjosep.net\/de\/aktiver-tourismus\/mountainbiketouren-sant-josep-ibiza\/calas-del-oeste-sant-josep-ibiza\/\" \/>\n<meta property=\"og:locale\" content=\"de_DE\" \/>\n<meta property=\"og:type\" content=\"article\" \/>\n<meta property=\"og:title\" content=\"Buchten in westen (Sant Josep) - Ibiza - Santjosep.net\" \/>\n<meta property=\"og:description\" content=\"Hier handelt es sich um eine abwechslungsreiche Route zwischen K\u00fcste und Berge. Sie f\u00fchrt uns gr\u00f6\u00dftenteils \u00fcber Pfade und Wege, die etwas schwieriger zu bew\u00e4ltigen sind bei Regenwetter oder Wind. Wir starten von San Antonio aus und gehen ein kurzes [&hellip;]\" \/>\n<meta property=\"og:url\" content=\"https:\/\/www.santjosep.net\/de\/aktiver-tourismus\/mountainbiketouren-sant-josep-ibiza\/calas-del-oeste-sant-josep-ibiza\/\" \/>\n<meta property=\"og:site_name\" content=\"Santjosep.net\" \/>\n<meta property=\"article:modified_time\" content=\"2021-09-22T07:59:14+00:00\" \/>\n<meta property=\"og:image\" content=\"https:\/\/www.santjosep.net\/wp-content\/uploads\/2016\/03\/pinet_IMG_9884.jpg\" \/>\n\t<meta property=\"og:image:width\" content=\"1000\" \/>\n\t<meta property=\"og:image:height\" content=\"667\" \/>\n\t<meta property=\"og:image:type\" content=\"image\/jpeg\" \/>\n<meta name=\"twitter:card\" content=\"summary_large_image\" \/>\n<meta name=\"twitter:label1\" content=\"Gesch\u00e4tzte Lesezeit\" \/>\n\t<meta name=\"twitter:data1\" content=\"6\u00a0Minuten\" \/>\n<script type=\"application\/ld+json\" class=\"yoast-schema-graph\">{\"@context\":\"https:\/\/schema.org\",\"@graph\":[{\"@type\":\"WebPage\",\"@id\":\"https:\/\/www.santjosep.net\/de\/aktiver-tourismus\/mountainbiketouren-sant-josep-ibiza\/calas-del-oeste-sant-josep-ibiza\/\",\"url\":\"https:\/\/www.santjosep.net\/de\/aktiver-tourismus\/mountainbiketouren-sant-josep-ibiza\/calas-del-oeste-sant-josep-ibiza\/\",\"name\":\"Buchten in westen (Sant Josep) - Ibiza - Santjosep.net\",\"isPartOf\":{\"@id\":\"https:\/\/www.santjosep.net\/#website\"},\"primaryImageOfPage\":{\"@id\":\"https:\/\/www.santjosep.net\/de\/aktiver-tourismus\/mountainbiketouren-sant-josep-ibiza\/calas-del-oeste-sant-josep-ibiza\/#primaryimage\"},\"image\":{\"@id\":\"https:\/\/www.santjosep.net\/de\/aktiver-tourismus\/mountainbiketouren-sant-josep-ibiza\/calas-del-oeste-sant-josep-ibiza\/#primaryimage\"},\"thumbnailUrl\":\"https:\/\/www.santjosep.net\/wp-content\/uploads\/2016\/03\/pinet_IMG_9884.jpg\",\"datePublished\":\"2016-03-07T13:00:04+00:00\",\"dateModified\":\"2021-09-22T07:59:14+00:00\",\"breadcrumb\":{\"@id\":\"https:\/\/www.santjosep.net\/de\/aktiver-tourismus\/mountainbiketouren-sant-josep-ibiza\/calas-del-oeste-sant-josep-ibiza\/#breadcrumb\"},\"inLanguage\":\"de\",\"potentialAction\":[{\"@type\":\"ReadAction\",\"target\":[\"https:\/\/www.santjosep.net\/de\/aktiver-tourismus\/mountainbiketouren-sant-josep-ibiza\/calas-del-oeste-sant-josep-ibiza\/\"]}]},{\"@type\":\"ImageObject\",\"inLanguage\":\"de\",\"@id\":\"https:\/\/www.santjosep.net\/de\/aktiver-tourismus\/mountainbiketouren-sant-josep-ibiza\/calas-del-oeste-sant-josep-ibiza\/#primaryimage\",\"url\":\"https:\/\/www.santjosep.net\/wp-content\/uploads\/2016\/03\/pinet_IMG_9884.jpg\",\"contentUrl\":\"https:\/\/www.santjosep.net\/wp-content\/uploads\/2016\/03\/pinet_IMG_9884.jpg\",\"width\":1000,\"height\":667},{\"@type\":\"BreadcrumbList\",\"@id\":\"https:\/\/www.santjosep.net\/de\/aktiver-tourismus\/mountainbiketouren-sant-josep-ibiza\/calas-del-oeste-sant-josep-ibiza\/#breadcrumb\",\"itemListElement\":[{\"@type\":\"ListItem\",\"position\":1,\"name\":\"Aktiver Tourismus\",\"item\":\"https:\/\/www.santjosep.net\/de\/aktiver-tourismus\/\"},{\"@type\":\"ListItem\",\"position\":2,\"name\":\"Mountainbiketouren\",\"item\":\"https:\/\/www.santjosep.net\/de\/aktiver-tourismus\/mountainbiketouren-sant-josep-ibiza\/\"},{\"@type\":\"ListItem\",\"position\":3,\"name\":\"Buchten in westen (Sant Josep) &#8211; Ibiza\"}]},{\"@type\":\"WebSite\",\"@id\":\"https:\/\/www.santjosep.net\/#website\",\"url\":\"https:\/\/www.santjosep.net\/\",\"name\":\"Santjosep.net\",\"description\":\"\",\"potentialAction\":[{\"@type\":\"SearchAction\",\"target\":{\"@type\":\"EntryPoint\",\"urlTemplate\":\"https:\/\/www.santjosep.net\/?s={search_term_string}\"},\"query-input\":{\"@type\":\"PropertyValueSpecification\",\"valueRequired\":true,\"valueName\":\"search_term_string\"}}],\"inLanguage\":\"de\"}]}<\/script>\n<!-- \/ Yoast SEO plugin. -->","yoast_head_json":{"title":"Buchten in westen (Sant Josep) - Ibiza - Santjosep.net","robots":{"index":"index","follow":"follow","max-snippet":"max-snippet:-1","max-image-preview":"max-image-preview:large","max-video-preview":"max-video-preview:-1"},"canonical":"https:\/\/www.santjosep.net\/de\/aktiver-tourismus\/mountainbiketouren-sant-josep-ibiza\/calas-del-oeste-sant-josep-ibiza\/","og_locale":"de_DE","og_type":"article","og_title":"Buchten in westen (Sant Josep) - Ibiza - Santjosep.net","og_description":"Hier handelt es sich um eine abwechslungsreiche Route zwischen K\u00fcste und Berge. Sie f\u00fchrt uns gr\u00f6\u00dftenteils \u00fcber Pfade und Wege, die etwas schwieriger zu bew\u00e4ltigen sind bei Regenwetter oder Wind. Wir starten von San Antonio aus und gehen ein kurzes [&hellip;]","og_url":"https:\/\/www.santjosep.net\/de\/aktiver-tourismus\/mountainbiketouren-sant-josep-ibiza\/calas-del-oeste-sant-josep-ibiza\/","og_site_name":"Santjosep.net","article_modified_time":"2021-09-22T07:59:14+00:00","og_image":[{"width":1000,"height":667,"url":"https:\/\/www.santjosep.net\/wp-content\/uploads\/2016\/03\/pinet_IMG_9884.jpg","type":"image\/jpeg"}],"twitter_card":"summary_large_image","twitter_misc":{"Gesch\u00e4tzte Lesezeit":"6\u00a0Minuten"},"schema":{"@context":"https:\/\/schema.org","@graph":[{"@type":"WebPage","@id":"https:\/\/www.santjosep.net\/de\/aktiver-tourismus\/mountainbiketouren-sant-josep-ibiza\/calas-del-oeste-sant-josep-ibiza\/","url":"https:\/\/www.santjosep.net\/de\/aktiver-tourismus\/mountainbiketouren-sant-josep-ibiza\/calas-del-oeste-sant-josep-ibiza\/","name":"Buchten in westen (Sant Josep) - Ibiza - Santjosep.net","isPartOf":{"@id":"https:\/\/www.santjosep.net\/#website"},"primaryImageOfPage":{"@id":"https:\/\/www.santjosep.net\/de\/aktiver-tourismus\/mountainbiketouren-sant-josep-ibiza\/calas-del-oeste-sant-josep-ibiza\/#primaryimage"},"image":{"@id":"https:\/\/www.santjosep.net\/de\/aktiver-tourismus\/mountainbiketouren-sant-josep-ibiza\/calas-del-oeste-sant-josep-ibiza\/#primaryimage"},"thumbnailUrl":"https:\/\/www.santjosep.net\/wp-content\/uploads\/2016\/03\/pinet_IMG_9884.jpg","datePublished":"2016-03-07T13:00:04+00:00","dateModified":"2021-09-22T07:59:14+00:00","breadcrumb":{"@id":"https:\/\/www.santjosep.net\/de\/aktiver-tourismus\/mountainbiketouren-sant-josep-ibiza\/calas-del-oeste-sant-josep-ibiza\/#breadcrumb"},"inLanguage":"de","potentialAction":[{"@type":"ReadAction","target":["https:\/\/www.santjosep.net\/de\/aktiver-tourismus\/mountainbiketouren-sant-josep-ibiza\/calas-del-oeste-sant-josep-ibiza\/"]}]},{"@type":"ImageObject","inLanguage":"de","@id":"https:\/\/www.santjosep.net\/de\/aktiver-tourismus\/mountainbiketouren-sant-josep-ibiza\/calas-del-oeste-sant-josep-ibiza\/#primaryimage","url":"https:\/\/www.santjosep.net\/wp-content\/uploads\/2016\/03\/pinet_IMG_9884.jpg","contentUrl":"https:\/\/www.santjosep.net\/wp-content\/uploads\/2016\/03\/pinet_IMG_9884.jpg","width":1000,"height":667},{"@type":"BreadcrumbList","@id":"https:\/\/www.santjosep.net\/de\/aktiver-tourismus\/mountainbiketouren-sant-josep-ibiza\/calas-del-oeste-sant-josep-ibiza\/#breadcrumb","itemListElement":[{"@type":"ListItem","position":1,"name":"Aktiver Tourismus","item":"https:\/\/www.santjosep.net\/de\/aktiver-tourismus\/"},{"@type":"ListItem","position":2,"name":"Mountainbiketouren","item":"https:\/\/www.santjosep.net\/de\/aktiver-tourismus\/mountainbiketouren-sant-josep-ibiza\/"},{"@type":"ListItem","position":3,"name":"Buchten in westen (Sant Josep) &#8211; Ibiza"}]},{"@type":"WebSite","@id":"https:\/\/www.santjosep.net\/#website","url":"https:\/\/www.santjosep.net\/","name":"Santjosep.net","description":"","potentialAction":[{"@type":"SearchAction","target":{"@type":"EntryPoint","urlTemplate":"https:\/\/www.santjosep.net\/?s={search_term_string}"},"query-input":{"@type":"PropertyValueSpecification","valueRequired":true,"valueName":"search_term_string"}}],"inLanguage":"de"}]}},"_links":{"self":[{"href":"https:\/\/www.santjosep.net\/de\/wp-json\/wp\/v2\/pages\/5963","targetHints":{"allow":["GET"]}}],"collection":[{"href":"https:\/\/www.santjosep.net\/de\/wp-json\/wp\/v2\/pages"}],"about":[{"href":"https:\/\/www.santjosep.net\/de\/wp-json\/wp\/v2\/types\/page"}],"author":[{"embeddable":true,"href":"https:\/\/www.santjosep.net\/de\/wp-json\/wp\/v2\/users\/1"}],"replies":[{"embeddable":true,"href":"https:\/\/www.santjosep.net\/de\/wp-json\/wp\/v2\/comments?post=5963"}],"version-history":[{"count":0,"href":"https:\/\/www.santjosep.net\/de\/wp-json\/wp\/v2\/pages\/5963\/revisions"}],"up":[{"embeddable":true,"href":"https:\/\/www.santjosep.net\/de\/wp-json\/wp\/v2\/pages\/5919"}],"wp:featuredmedia":[{"embeddable":true,"href":"https:\/\/www.santjosep.net\/de\/wp-json\/wp\/v2\/media\/5901"}],"wp:attachment":[{"href":"https:\/\/www.santjosep.net\/de\/wp-json\/wp\/v2\/media?parent=5963"}],"wp:term":[{"taxonomy":"categoria_pagina","embeddable":true,"href":"https:\/\/www.santjosep.net\/de\/wp-json\/wp\/v2\/categoria_pagina?post=5963"}],"curies":[{"name":"wp","href":"https:\/\/api.w.org\/{rel}","templated":true}]}}