{"id":5917,"date":"2016-03-07T12:09:46","date_gmt":"2016-03-07T12:09:46","guid":{"rendered":"https:\/\/www.santjosep.net\/de\/calas-de-sant-josep-ibiza\/"},"modified":"2021-09-22T09:58:20","modified_gmt":"2021-09-22T07:58:20","slug":"calas-de-sant-josep-ibiza","status":"publish","type":"page","link":"https:\/\/www.santjosep.net\/de\/aktiver-tourismus\/mountainbiketouren-sant-josep-ibiza\/calas-de-sant-josep-ibiza\/","title":{"rendered":"Calas de Sant Josep &#8211; Ibiza"},"content":{"rendered":"<p>Wenn es unter den beschriebenen Touren eine &#8218;Meerroute&#8216; gibt, so ist es diese. Sie f\u00fchrt der vom kristallklaren Meer umsp\u00fclten K\u00fcste mit ihren Steilw\u00e4nden, Buchten, versteckten Winkeln und unglaublichen Sonnenunterg\u00e4ngen entlang.<br \/>\n<a href=\"https:\/\/www.santjosep.net\/wp-content\/uploads\/2015\/02\/calaconta_IMG_9989.jpg\" rel=\"attachment wp-att-2742\"><img loading=\"lazy\" decoding=\"async\" class=\"alignnone size-full wp-image-5781\" src=\"https:\/\/www.santjosep.net\/wp-content\/uploads\/2015\/02\/calaconta_IMG_9989.jpg\" alt=\"calaconta_IMG_9989\" width=\"1000\" height=\"667\" srcset=\"https:\/\/www.santjosep.net\/wp-content\/uploads\/2015\/02\/calaconta_IMG_9989.jpg 1000w, https:\/\/www.santjosep.net\/wp-content\/uploads\/2015\/02\/calaconta_IMG_9989-300x200.jpg 300w\" sizes=\"auto, (max-width: 1000px) 100vw, 1000px\" \/><\/a><br \/>\nMit Ausblick auf Felseninselchen, Klippen und einen typischen Wachturm genie\u00dfen wir die Fahrt \u00fcber steinige Wege und durch W\u00e4lder. Und, wie k\u00f6nnte es anders sein, darf auch eine Trialstecke nicht fehlen, damit wir die Berge nicht ganz vergessen.<\/p>\n<p>Wir starten in Sant Antoni Richtung Steilk\u00fcste, die wir schon bald erahnen k\u00f6nnen. Dabei kommen wir an vielen ber\u00fchmten Buchten vorbei: Cala Bassa, Cala Roja, Platges de Comte, Cala Codolar \u2026 Kurz nach dem Start, k\u00f6nnen wir einen Abstecher zum Wachturm Torre d\u2018En Rovira auf der majest\u00e4tischen Landspitze machen, die sich weit ins Meer hinaus schiebt.<\/p>\n<p><a href=\"https:\/\/www.santjosep.net\/wp-content\/uploads\/2014\/10\/rovira_IMG_2725.jpg\" rel=\"attachment wp-att-2363\"><img loading=\"lazy\" decoding=\"async\" class=\"size-full wp-image-2363\" src=\"https:\/\/www.santjosep.net\/wp-content\/uploads\/2014\/10\/rovira_IMG_2725.jpg\" alt=\"Torre d'en Rovira\" width=\"1200\" height=\"800\" srcset=\"https:\/\/www.santjosep.net\/wp-content\/uploads\/2014\/10\/rovira_IMG_2725.jpg 1200w, https:\/\/www.santjosep.net\/wp-content\/uploads\/2014\/10\/rovira_IMG_2725-300x200.jpg 300w, https:\/\/www.santjosep.net\/wp-content\/uploads\/2014\/10\/rovira_IMG_2725-1024x682.jpg 1024w\" sizes=\"auto, (max-width: 1200px) 100vw, 1200px\" \/><\/a><\/p>\n<p>Wir setzen unsere Fahrt der K\u00fcste entlang fort, bis wir nach der Bucht Cala Corral wieder auf das Land zuhalten. Dies aber richtig. Auf einem etwas harten Pfad erklimmen wir inmitten von Kiefernwald einen kleinen Berg. Als Belohnung winkt die Abfahrt auf einer kurzen aber vergn\u00fcglichen und intensiven Trialstecken. Weiter geht es bergab, am Puig d\u2018En Lluc und dem Puig des Rafals vorbei, bis wir, bereits im &#8218;Flachland&#8216;, wieder Sant Antoni erreichen, wo wir die Tour an derselben Stelle beenden, an der wir sie begonnen haben.<\/p>\n<p>Longitud &#8211; 27,67 KM<br \/>\nTiempo estimado &#8211; 3-4 horas<br \/>\nAscenso total &#8211; 468<br \/>\nDescenso total &#8211; 468<br \/>\nCarretera &#8211; 40%<br \/>\nPista &#8211; 40%<br \/>\nCamino &#8211; 20%<br \/>\nDificultad t\u00e9cnica &#8211; Media<br \/>\nDificultad f\u00edsica &#8211; Media<br \/>\nDificultad global &#8211; ROJA<\/p>\n<p>&#8211; Wir kommen an zahlreichen Buchten vorbei. Badeanzug nicht vergessen!<\/p>\n<p>&#8211; Tragen Sie bitte immer einen Helm.<\/p>\n<div class=\"gm-map\" style=\"position: relative;height: 200px; width: 200px;\"><iframe name=\"gm-map-1\" allowfullscreen src=\"https:\/\/www.santjosep.net\/de\/?geo_mashup_content=render-map&amp;map_data_key=37f88e0f888380ef5c189ead432eb44c&amp;lang=de&amp;zoom=13&amp;name=gm-map-1&amp;map_content=contextual&amp;error_comment=&lt;!-- Geo Mashup hat in diesem Kontext keine darzustellenden Objekte gefunden--&gt;\" style=\"position: absolute; top: 0; left: 0; width: 100%; height: 100%; border: none; overflow: hidden;\"><\/iframe><\/div>\n<p>ROUTE METER<br \/>\n1. Start. Die Tour beginnt beim Kreisverkehr Cala de Bou an der Avenida Dr. Fleming, beim Schild der Route. Wir fahren auf der Stra\u00dfe Richtung Westen und folgen ihr w\u00e4hrend etwa 3 Kilometern.<br \/>\n2. Kreuzung rechts. Wir kommen zu einer Kreuzung und biegen in die Stra\u00dfe nach rechts ein, der wir ca. 2 km geradeaus folgen.<br \/>\n3. Kreuzung geradeaus. Wir gelangen zu einer Kreuzung, an der wir weiterhin geradeaus Richtung Westen fahren.<br \/>\n4. Abbiegung links. Wir biegen nach links in die Calle de Conca ein und kommen am Schild einer anderen Route vorbei. Etwas weiter vorne biegen wir nach rechts in einen Pfad ein.<br \/>\n5. Kreuzung links. Wir gelangen zu einer kleinen Lichtung bei einer H\u00e4usergruppe und wenden uns nach links. Wir halten diese Richtung bei, bis wir zu einer Stra\u00dfe gelangen, auf der wir weiterhin geradeaus fahren.<br \/>\n6. Kreuzung rechts Stra\u00dfe. Wir erreichen eine Stra\u00dfe, auf die wir nach rechts einbiegen, um ihr, ohne abzuzweigen, zu folgen.<br \/>\n7. Kreuzung geradeaus Piste. In einer Kurve dieser Stra\u00dfe fahren wir geradeaus auf einer Erdpiste weiter. Bei der n\u00e4chsten Gabelung biegen wir bei einem Haus nach links ab.<br \/>\n8. Kreuzung rechts. Wir gelangen zu einer Kreuzung und wenden uns nach rechts. Bei der n\u00e4chsten Gabelung nehmen wir den rechten Weg.<br \/>\n9. Kreuzung geradeaus. An dieser Kreuzung fahren wir auf derselben Piste weiterhin geradeaus. An der n\u00e4chsten Kreuzung folgen wir der Piste nach links.<br \/>\n10. Abbiegung rechts Pfad. Nun nehmen wir einen steinigen Pfad, der nach rechts abgeht und bergab f\u00fchrt. An der n\u00e4chsten Kreuzung fahren wir weiter geradeaus und bergab.<br \/>\n11. Kreuzung rechts Stra\u00dfe. Wir gelangen zu einer Stra\u00dfe und fahren nach rechts, bis wir die Bucht Cala Bassa erreichen, wo wir nach links in eine Piste einbiegen.<br \/>\n12. Gabelung rechts. Direkt vor einem Privatgrundst\u00fcck biegen wir nach rechts ab. An der n\u00e4chsten Kreuzung fahren wir geradeaus.<br \/>\n13. Abbiegung links Pfad. Wo der Weg zu Ende ist, biegen wir nach links in einen Pfad ein, der durch den Wald zieht. Der folgende Abschnitt ist etwas un\u00fcbersichtlich. Grunds\u00e4tzlich gilt: immer Richtung Nordwest fahren.<br \/>\n14. Abbiegung links. Wir erreichen die Steilk\u00fcste \u00fcber der Bucht Cala Roja und fahren auf den Klippen nach links.<br \/>\n15. Gabelung links. An dieser Stelle k\u00f6nnen wir nach rechts abzweigen, um den Wachturm Torre d\u2019En Rovira zu besuchen, oder unsere Tour ohne Abstecher fortsetzen. In diesem Falle wenden wir uns nach links.<br \/>\n16. Gabelung rechts. Wir fahren nach rechts zu einer anderen Klippe und folgen weiterhin der Steilk\u00fcste bis Platges de Comte.<br \/>\n17. Abbiegung links. Am Strand angekommen biegen wir beim Parkplatz nach links ab und fahren durch die D\u00fcnen, bis wir eine Piste erreichen, der wir Richtung S\u00fcden folgen.<br \/>\n18. Kreuzung links. An dieser Kreuzung wenden wir uns bei einigen H\u00e4usern nach links und fahren darauf geradeaus, um der K\u00fcste Richtung S\u00fcden zu folgen.<br \/>\n19. Abbiegung links. Wir erreichen ein Haus, das wir auf der linken Seite umfahren, um danach in eine Piste nach links einzubiegen.<br \/>\n20. Kreuzung rechts Stra\u00dfe. Wir gelangen zu einer Stra\u00dfe, der wir nach rechts folgen, bis wir eine Wohnsiedlung erreichen, in der wir nach links abbiegen. An der n\u00e4chsten Kreuzung wenden wir uns nach rechts.<br \/>\n21. Kreuzung geradeaus. An dieser Kreuzung fahren wir weiter geradeaus und darauf rechts, einige Treppenstufen hinab.<br \/>\n22. Abbiegung links Piste. Wir erreichen die Bucht Cala Codolar, bei der wir nach links in eine Piste einbiegen, der wir ohne abzuzweigen folgen.<br \/>\n23. Kreuzung rechts. An dieser Kreuzung biegen wir nach rechts ab, an der n\u00e4chsten, nach links.<br \/>\n24. Kreuzung links. Wir kommen an einer Wohnsiedlung vorbei und biegen nach links ab. An der n\u00e4chsten Gabelung wenden wir uns nach rechts und folgen der Hauptpiste.<br \/>\n25. Kreuzung rechts Stra\u00dfe. Wir gelangen zu einer Kreuzung und wenden uns nach rechts. Nach etwa 30 Metern biegen wir nach rechts in einen Pfad ein.<br \/>\n26. Kreuzung rechts Stra\u00dfe. Wir fahren auf dieser Stra\u00dfe rechts bergab und biegen anschlie\u00dfend nach links ab. Weiter geht es geradeaus, bis wir auf eine Piste treffen.<br \/>\n27. Kreuzung rechts Piste. An dieser Kreuzung wenden wir uns nach rechts und folgen der Piste, ohne von ihr abzuzweigen. Bei der n\u00e4chsten Gabelung fahren wir nach rechts weiter.<br \/>\n28. Kreuzung links. Wir gelangen zu einer Piste, der wir nach links folgen, und biegen darauf nochmals nach links ab und nehmen den Anstieg in Angriff.<br \/>\n29. Abbiegung links Pfad. Zwischen den B\u00e4umen sehen wir links einen Pfad, in den wir einbiegen. Es beginnt ein harter Abschnitt.<br \/>\n30. Kreuzung geradeaus. Weiter geht es bergab, immer geradeaus, bis zu eine Haus, bei dem wir auf der Piste weiterfahren.<br \/>\n31. Kreuzung geradeaus. Hier fahren wir geradeaus weiter, an der n\u00e4chsten Gabelung wenden wir uns nach links. Wir folgen weiterhin der Piste ohne abzuzweigen.<br \/>\n32. Kreuzung links Stra\u00dfe. Wir biegen nach links in die Stra\u00dfe ein und zweigen an der n\u00e4chsten Kreuzung ebenfalls nach links ab. Wir folgen der Stra\u00dfe, ohne von ihr abzuzweigen.<br \/>\n33. Kreuzung links Piste. Wir \u00fcberqueren die Stra\u00dfe, um in eine Piste einzubiegen, die links abgeht. An der n\u00e4chsten Kreuzung wenden wir uns nach rechts.<br \/>\n34. Kreuzung links. Wir gelangen zu einer Piste und biegen nach links ab, um uns an der n\u00e4chsten Kreuzung nach rechts zu wenden.<br \/>\n35. Kreuzung links Stra\u00dfe. An dieser Kreuzung biegen wir nach links ab, um kurz darauf die Erdpiste zu nehmen, die nach rechts abgeht.<br \/>\n36. Kreuzung geradeaus. An dieser Kreuzung fahren wir auf einem von Mauern flankierten Pfad geradeaus weiter. Wir folgen diesem Pfad und biegen NICHT in die Stra\u00dfe rechts ein. Bei der n\u00e4chsten Gabelung wenden wir uns nach rechts.<br \/>\n37. Kreuzung geradeaus Piste. Nun trifft der Pfad auf eine Stra\u00dfe, die wir \u00fcberqueren, um auf der anderen Seite auf einer Piste in derselben Richtung weiterzufahren.<br \/>\n38. Abbiegung rechts Stra\u00dfe. Wir biegen nach rechts ab und gelangen auf einer Stra\u00dfe ins Dorf. An der n\u00e4chsten Kreuzung biegen wir nach links in eine Stra\u00dfe ein, der wir ohne abzuzweigen folgen.<br \/>\n39. Ende der Route. Wir beenden diese Tour an derselben Stelle, an der wir sie begonnen haben.<\/p>\n","protected":false},"excerpt":{"rendered":"<p>Wenn es unter den beschriebenen Touren eine &#8218;Meerroute&#8216; gibt, so ist es diese. Sie f\u00fchrt der vom kristallklaren Meer umsp\u00fclten K\u00fcste mit ihren Steilw\u00e4nden, Buchten, versteckten Winkeln und unglaublichen Sonnenunterg\u00e4ngen entlang. Mit Ausblick auf Felseninselchen, Klippen und einen typischen Wachturm [&hellip;]<\/p>\n","protected":false},"author":1,"featured_media":5781,"parent":5919,"menu_order":0,"comment_status":"closed","ping_status":"closed","template":"page-actividad.php","meta":{"_acf_changed":false,"inline_featured_image":false,"footnotes":""},"categoria_pagina":[],"class_list":["post-5917","page","type-page","status-publish","has-post-thumbnail","hentry"],"acf":[],"yoast_head":"<!-- This site is optimized with the Yoast SEO plugin v25.7 - https:\/\/yoast.com\/wordpress\/plugins\/seo\/ -->\n<title>Calas de Sant Josep - Ibiza - Santjosep.net<\/title>\n<meta name=\"robots\" content=\"index, follow, max-snippet:-1, max-image-preview:large, max-video-preview:-1\" \/>\n<link rel=\"canonical\" href=\"https:\/\/www.santjosep.net\/de\/aktiver-tourismus\/mountainbiketouren-sant-josep-ibiza\/calas-de-sant-josep-ibiza\/\" \/>\n<meta property=\"og:locale\" content=\"de_DE\" \/>\n<meta property=\"og:type\" content=\"article\" \/>\n<meta property=\"og:title\" content=\"Calas de Sant Josep - Ibiza - Santjosep.net\" \/>\n<meta property=\"og:description\" content=\"Wenn es unter den beschriebenen Touren eine &#8218;Meerroute&#8216; gibt, so ist es diese. Sie f\u00fchrt der vom kristallklaren Meer umsp\u00fclten K\u00fcste mit ihren Steilw\u00e4nden, Buchten, versteckten Winkeln und unglaublichen Sonnenunterg\u00e4ngen entlang. Mit Ausblick auf Felseninselchen, Klippen und einen typischen Wachturm [&hellip;]\" \/>\n<meta property=\"og:url\" content=\"https:\/\/www.santjosep.net\/de\/aktiver-tourismus\/mountainbiketouren-sant-josep-ibiza\/calas-de-sant-josep-ibiza\/\" \/>\n<meta property=\"og:site_name\" content=\"Santjosep.net\" \/>\n<meta property=\"article:modified_time\" content=\"2021-09-22T07:58:20+00:00\" \/>\n<meta property=\"og:image\" content=\"https:\/\/www.santjosep.net\/wp-content\/uploads\/2015\/02\/calaconta_IMG_9989.jpg\" \/>\n\t<meta property=\"og:image:width\" content=\"1000\" \/>\n\t<meta property=\"og:image:height\" content=\"667\" \/>\n\t<meta property=\"og:image:type\" content=\"image\/jpeg\" \/>\n<meta name=\"twitter:card\" content=\"summary_large_image\" \/>\n<meta name=\"twitter:label1\" content=\"Gesch\u00e4tzte Lesezeit\" \/>\n\t<meta name=\"twitter:data1\" content=\"6\u00a0Minuten\" \/>\n<script type=\"application\/ld+json\" class=\"yoast-schema-graph\">{\"@context\":\"https:\/\/schema.org\",\"@graph\":[{\"@type\":\"WebPage\",\"@id\":\"https:\/\/www.santjosep.net\/de\/aktiver-tourismus\/mountainbiketouren-sant-josep-ibiza\/calas-de-sant-josep-ibiza\/\",\"url\":\"https:\/\/www.santjosep.net\/de\/aktiver-tourismus\/mountainbiketouren-sant-josep-ibiza\/calas-de-sant-josep-ibiza\/\",\"name\":\"Calas de Sant Josep - Ibiza - Santjosep.net\",\"isPartOf\":{\"@id\":\"https:\/\/www.santjosep.net\/#website\"},\"primaryImageOfPage\":{\"@id\":\"https:\/\/www.santjosep.net\/de\/aktiver-tourismus\/mountainbiketouren-sant-josep-ibiza\/calas-de-sant-josep-ibiza\/#primaryimage\"},\"image\":{\"@id\":\"https:\/\/www.santjosep.net\/de\/aktiver-tourismus\/mountainbiketouren-sant-josep-ibiza\/calas-de-sant-josep-ibiza\/#primaryimage\"},\"thumbnailUrl\":\"https:\/\/www.santjosep.net\/wp-content\/uploads\/2015\/02\/calaconta_IMG_9989.jpg\",\"datePublished\":\"2016-03-07T12:09:46+00:00\",\"dateModified\":\"2021-09-22T07:58:20+00:00\",\"breadcrumb\":{\"@id\":\"https:\/\/www.santjosep.net\/de\/aktiver-tourismus\/mountainbiketouren-sant-josep-ibiza\/calas-de-sant-josep-ibiza\/#breadcrumb\"},\"inLanguage\":\"de\",\"potentialAction\":[{\"@type\":\"ReadAction\",\"target\":[\"https:\/\/www.santjosep.net\/de\/aktiver-tourismus\/mountainbiketouren-sant-josep-ibiza\/calas-de-sant-josep-ibiza\/\"]}]},{\"@type\":\"ImageObject\",\"inLanguage\":\"de\",\"@id\":\"https:\/\/www.santjosep.net\/de\/aktiver-tourismus\/mountainbiketouren-sant-josep-ibiza\/calas-de-sant-josep-ibiza\/#primaryimage\",\"url\":\"https:\/\/www.santjosep.net\/wp-content\/uploads\/2015\/02\/calaconta_IMG_9989.jpg\",\"contentUrl\":\"https:\/\/www.santjosep.net\/wp-content\/uploads\/2015\/02\/calaconta_IMG_9989.jpg\",\"width\":1000,\"height\":667},{\"@type\":\"BreadcrumbList\",\"@id\":\"https:\/\/www.santjosep.net\/de\/aktiver-tourismus\/mountainbiketouren-sant-josep-ibiza\/calas-de-sant-josep-ibiza\/#breadcrumb\",\"itemListElement\":[{\"@type\":\"ListItem\",\"position\":1,\"name\":\"Aktiver Tourismus\",\"item\":\"https:\/\/www.santjosep.net\/de\/aktiver-tourismus\/\"},{\"@type\":\"ListItem\",\"position\":2,\"name\":\"Mountainbiketouren\",\"item\":\"https:\/\/www.santjosep.net\/de\/aktiver-tourismus\/mountainbiketouren-sant-josep-ibiza\/\"},{\"@type\":\"ListItem\",\"position\":3,\"name\":\"Calas de Sant Josep &#8211; Ibiza\"}]},{\"@type\":\"WebSite\",\"@id\":\"https:\/\/www.santjosep.net\/#website\",\"url\":\"https:\/\/www.santjosep.net\/\",\"name\":\"Santjosep.net\",\"description\":\"\",\"potentialAction\":[{\"@type\":\"SearchAction\",\"target\":{\"@type\":\"EntryPoint\",\"urlTemplate\":\"https:\/\/www.santjosep.net\/?s={search_term_string}\"},\"query-input\":{\"@type\":\"PropertyValueSpecification\",\"valueRequired\":true,\"valueName\":\"search_term_string\"}}],\"inLanguage\":\"de\"}]}<\/script>\n<!-- \/ Yoast SEO plugin. -->","yoast_head_json":{"title":"Calas de Sant Josep - Ibiza - Santjosep.net","robots":{"index":"index","follow":"follow","max-snippet":"max-snippet:-1","max-image-preview":"max-image-preview:large","max-video-preview":"max-video-preview:-1"},"canonical":"https:\/\/www.santjosep.net\/de\/aktiver-tourismus\/mountainbiketouren-sant-josep-ibiza\/calas-de-sant-josep-ibiza\/","og_locale":"de_DE","og_type":"article","og_title":"Calas de Sant Josep - Ibiza - Santjosep.net","og_description":"Wenn es unter den beschriebenen Touren eine &#8218;Meerroute&#8216; gibt, so ist es diese. Sie f\u00fchrt der vom kristallklaren Meer umsp\u00fclten K\u00fcste mit ihren Steilw\u00e4nden, Buchten, versteckten Winkeln und unglaublichen Sonnenunterg\u00e4ngen entlang. Mit Ausblick auf Felseninselchen, Klippen und einen typischen Wachturm [&hellip;]","og_url":"https:\/\/www.santjosep.net\/de\/aktiver-tourismus\/mountainbiketouren-sant-josep-ibiza\/calas-de-sant-josep-ibiza\/","og_site_name":"Santjosep.net","article_modified_time":"2021-09-22T07:58:20+00:00","og_image":[{"width":1000,"height":667,"url":"https:\/\/www.santjosep.net\/wp-content\/uploads\/2015\/02\/calaconta_IMG_9989.jpg","type":"image\/jpeg"}],"twitter_card":"summary_large_image","twitter_misc":{"Gesch\u00e4tzte Lesezeit":"6\u00a0Minuten"},"schema":{"@context":"https:\/\/schema.org","@graph":[{"@type":"WebPage","@id":"https:\/\/www.santjosep.net\/de\/aktiver-tourismus\/mountainbiketouren-sant-josep-ibiza\/calas-de-sant-josep-ibiza\/","url":"https:\/\/www.santjosep.net\/de\/aktiver-tourismus\/mountainbiketouren-sant-josep-ibiza\/calas-de-sant-josep-ibiza\/","name":"Calas de Sant Josep - Ibiza - Santjosep.net","isPartOf":{"@id":"https:\/\/www.santjosep.net\/#website"},"primaryImageOfPage":{"@id":"https:\/\/www.santjosep.net\/de\/aktiver-tourismus\/mountainbiketouren-sant-josep-ibiza\/calas-de-sant-josep-ibiza\/#primaryimage"},"image":{"@id":"https:\/\/www.santjosep.net\/de\/aktiver-tourismus\/mountainbiketouren-sant-josep-ibiza\/calas-de-sant-josep-ibiza\/#primaryimage"},"thumbnailUrl":"https:\/\/www.santjosep.net\/wp-content\/uploads\/2015\/02\/calaconta_IMG_9989.jpg","datePublished":"2016-03-07T12:09:46+00:00","dateModified":"2021-09-22T07:58:20+00:00","breadcrumb":{"@id":"https:\/\/www.santjosep.net\/de\/aktiver-tourismus\/mountainbiketouren-sant-josep-ibiza\/calas-de-sant-josep-ibiza\/#breadcrumb"},"inLanguage":"de","potentialAction":[{"@type":"ReadAction","target":["https:\/\/www.santjosep.net\/de\/aktiver-tourismus\/mountainbiketouren-sant-josep-ibiza\/calas-de-sant-josep-ibiza\/"]}]},{"@type":"ImageObject","inLanguage":"de","@id":"https:\/\/www.santjosep.net\/de\/aktiver-tourismus\/mountainbiketouren-sant-josep-ibiza\/calas-de-sant-josep-ibiza\/#primaryimage","url":"https:\/\/www.santjosep.net\/wp-content\/uploads\/2015\/02\/calaconta_IMG_9989.jpg","contentUrl":"https:\/\/www.santjosep.net\/wp-content\/uploads\/2015\/02\/calaconta_IMG_9989.jpg","width":1000,"height":667},{"@type":"BreadcrumbList","@id":"https:\/\/www.santjosep.net\/de\/aktiver-tourismus\/mountainbiketouren-sant-josep-ibiza\/calas-de-sant-josep-ibiza\/#breadcrumb","itemListElement":[{"@type":"ListItem","position":1,"name":"Aktiver Tourismus","item":"https:\/\/www.santjosep.net\/de\/aktiver-tourismus\/"},{"@type":"ListItem","position":2,"name":"Mountainbiketouren","item":"https:\/\/www.santjosep.net\/de\/aktiver-tourismus\/mountainbiketouren-sant-josep-ibiza\/"},{"@type":"ListItem","position":3,"name":"Calas de Sant Josep &#8211; Ibiza"}]},{"@type":"WebSite","@id":"https:\/\/www.santjosep.net\/#website","url":"https:\/\/www.santjosep.net\/","name":"Santjosep.net","description":"","potentialAction":[{"@type":"SearchAction","target":{"@type":"EntryPoint","urlTemplate":"https:\/\/www.santjosep.net\/?s={search_term_string}"},"query-input":{"@type":"PropertyValueSpecification","valueRequired":true,"valueName":"search_term_string"}}],"inLanguage":"de"}]}},"_links":{"self":[{"href":"https:\/\/www.santjosep.net\/de\/wp-json\/wp\/v2\/pages\/5917","targetHints":{"allow":["GET"]}}],"collection":[{"href":"https:\/\/www.santjosep.net\/de\/wp-json\/wp\/v2\/pages"}],"about":[{"href":"https:\/\/www.santjosep.net\/de\/wp-json\/wp\/v2\/types\/page"}],"author":[{"embeddable":true,"href":"https:\/\/www.santjosep.net\/de\/wp-json\/wp\/v2\/users\/1"}],"replies":[{"embeddable":true,"href":"https:\/\/www.santjosep.net\/de\/wp-json\/wp\/v2\/comments?post=5917"}],"version-history":[{"count":0,"href":"https:\/\/www.santjosep.net\/de\/wp-json\/wp\/v2\/pages\/5917\/revisions"}],"up":[{"embeddable":true,"href":"https:\/\/www.santjosep.net\/de\/wp-json\/wp\/v2\/pages\/5919"}],"wp:featuredmedia":[{"embeddable":true,"href":"https:\/\/www.santjosep.net\/de\/wp-json\/wp\/v2\/media\/5781"}],"wp:attachment":[{"href":"https:\/\/www.santjosep.net\/de\/wp-json\/wp\/v2\/media?parent=5917"}],"wp:term":[{"taxonomy":"categoria_pagina","embeddable":true,"href":"https:\/\/www.santjosep.net\/de\/wp-json\/wp\/v2\/categoria_pagina?post=5917"}],"curies":[{"name":"wp","href":"https:\/\/api.w.org\/{rel}","templated":true}]}}