{"id":5848,"date":"2016-03-07T08:53:10","date_gmt":"2016-03-07T08:53:10","guid":{"rendered":"https:\/\/www.santjosep.net\/de\/naturaleza\/ses-salines-deivissa-y-formentera\/"},"modified":"2025-06-28T09:25:04","modified_gmt":"2025-06-28T07:25:04","slug":"die-salinen-auf-eivissa-und-formentera","status":"publish","type":"page","link":"https:\/\/www.santjosep.net\/de\/sehen\/natur\/die-salinen-auf-eivissa-und-formentera\/","title":{"rendered":"Die Salinen auf Eivissa und Formentera"},"content":{"rendered":"<div class=\"wpb-content-wrapper\"><p>[vc_row enable_hue_rotation=&#8220;no&#8220; enable_text_marquee=&#8220;no&#8220; el_id=&#8220;b1-natsalinas&#8220;][vc_column][vc_row_inner][vc_column_inner width=&#8220;1\/2&#8243;][vc_column_text]Der Naturpark, \u201eSes Salines d\u2019Eivissa i Formentera\u00b7 be ndet sich mit den Schutzgebieten unter Was- ser und an Land zwischen den beiden Pityusen-Inseln Ibiza und Formentera.. Der Naturpark erstreckt sich vom Su\u0308den Ibizas bis zum Norden Formenteras und schlie\u00dft die Meerenge ein, die Ibiza und Formentera trennt. Er hat eine Fla\u0308che von insgesamt 2752,5 Hektar Land (1776,3 ha Naturpark und 106,8 ha Schutzgebiet) und 14.028 Hektar Meeresgebiet (13.610,5 Naturpark und 416,9 Schutzgebiet).<\/p>\n<p>Die Salinen von Ibiza und Formentera sind ein gutes Beispiel fu\u0308r die reiche Biodiversita\u0308t des Mittelmeeres. Von besonderer Bedeutung sind die Ses Salines fu\u0308r die Zugvo\u0308gel, die das Feuchtgebiet jedes Jahr aufs Neue als Rastplatz und Brut- und Nistgebiet nutzen. Das Naturgebiet von besonderem Interesse birgt Lebensra\u0308ume zu Land und unter Wasser mit auch nach internationalen Ma\u00dfsta\u0308ben einzigartiger o\u0308kolo- gischer, landschaftlicher, historischer und kultureller Bedeutung.<\/p>\n<p>Teil des Schutzgebiete-Netzes Natura 2000: LIC (Naturschutzgebiet von gemeinschaftlicher Bedeu- tung) und ZEPA (Vogelschutzgebiet) gem. Beschluss des Consell de Govern vom 3. Ma\u0308rz 2006 und Geset- zeserlass RD 29\/2006 vom 24. Ma\u0308rz 2006.<br \/>\nDie Lagunen von \u201cSes Salines\u201d sind Teil der interna- tionalen Feuchtgebietsliste von Ramsar.<\/p>\n<h2><span style=\"line-height: 1.5;\">Interpretationszentrum von Sant Francesc de Ses Salines<\/span><\/h2>\n<p>Informationen zum Naturpark Ses Salines d&#8217;Eivissa i Formentera.<br \/>\nZeitplan: Mittwoch bis Sonntag von 10.00 bis 14.00 Uhr .<br \/>\nCarretera Ses Salines \u2013 Sa Canal PM 802, km 2<br \/>\nInformationen \u00fcber das Telefon: 971 177 688 Ext 3 i 4.<br \/>\nEintritt frei<\/p>\n<p>Von Dienstag bis Samstag von 9:00 bis 15:00 Uhr das ganze Jahr \u00fcber.<\/p>\n<p>Weitere Informationen <a href=\"http:\/\/www.balearsnatura.com\/\">www.balearsnatura.com<\/a>[\/vc_column_text][\/vc_column_inner][vc_column_inner el_class=&#8220;b1-colRight&#8220; width=&#8220;1\/2&#8243; css=&#8220;.vc_custom_1644220911702{padding-left: 35% !important;}&#8220;][vc_column_text]<\/p>\n<h3><strong>Besuchen Sie den Park<\/strong><\/h3>\n<p>[\/vc_column_text]<div class=\"edgtf-iwt clearfix  edgtf-iwt-icon-left edgtf-iwt-icon-medium\">\n\t<div class=\"edgtf-iwt-icon\">\n\t\t\t\t\t<a itemprop=\"url\" href=\"https:\/\/www.santjosep.net\/de\/routen-ses-salines\/wanderroute-sa-sal-rossa\/\" target=\"_self\">\n\t\t\t\t\t\t\t\t\t<img loading=\"lazy\" decoding=\"async\" width=\"59\" height=\"44\" src=\"https:\/\/www.santjosep.net\/wp-content\/uploads\/2022\/01\/loc-recorrido.png\" class=\"attachment-full size-full\" alt=\"\" \/>\t\t\t\t\t\t\t\t<\/a>\n\t\t\t<\/div>\n\t<div class=\"edgtf-iwt-content\" >\n\t\t\t\t\t<h4 class=\"edgtf-iwt-title\" >\n\t\t\t\t\t\t\t\t\t<a itemprop=\"url\" href=\"https:\/\/www.santjosep.net\/de\/routen-ses-salines\/wanderroute-sa-sal-rossa\/\" target=\"_self\">\n\t\t\t\t\t\t\t\t<span class=\"edgtf-iwt-title-text\">Route von Sa Sal Rossa<\/span>\n\t\t\t\t\t\t\t\t\t<\/a>\n\t\t\t\t\t\t\t<\/h4>\n\t\t\t\t\t<\/div>\n<\/div><div class=\"edgtf-iwt clearfix  edgtf-iwt-icon-left edgtf-iwt-icon-medium\">\n\t<div class=\"edgtf-iwt-icon\">\n\t\t\t\t\t<a itemprop=\"url\" href=\"https:\/\/www.santjosep.net\/de\/routen-ses-salines\/route-von-ses-portes\/\" target=\"_self\">\n\t\t\t\t\t\t\t\t\t<img loading=\"lazy\" decoding=\"async\" width=\"59\" height=\"44\" src=\"https:\/\/www.santjosep.net\/wp-content\/uploads\/2022\/01\/loc-recorrido.png\" class=\"attachment-full size-full\" alt=\"\" \/>\t\t\t\t\t\t\t\t<\/a>\n\t\t\t<\/div>\n\t<div class=\"edgtf-iwt-content\" >\n\t\t\t\t\t<h4 class=\"edgtf-iwt-title\" >\n\t\t\t\t\t\t\t\t\t<a itemprop=\"url\" href=\"https:\/\/www.santjosep.net\/de\/routen-ses-salines\/route-von-ses-portes\/\" target=\"_self\">\n\t\t\t\t\t\t\t\t<span class=\"edgtf-iwt-title-text\">Route von Ses Portes<\/span>\n\t\t\t\t\t\t\t\t\t<\/a>\n\t\t\t\t\t\t\t<\/h4>\n\t\t\t\t\t<\/div>\n<\/div><div class=\"edgtf-iwt clearfix  edgtf-iwt-icon-left edgtf-iwt-icon-medium\">\n\t<div class=\"edgtf-iwt-icon\">\n\t\t\t\t\t<a itemprop=\"url\" href=\"https:\/\/www.santjosep.net\/de\/sehen\/erbe-und-kultur\/centro-de-interpretacion-de-sant-francesc\/\" target=\"_self\">\n\t\t\t\t\t\t\t\t\t<img loading=\"lazy\" decoding=\"async\" width=\"59\" height=\"44\" src=\"https:\/\/www.santjosep.net\/wp-content\/uploads\/2022\/01\/punto.png\" class=\"attachment-full size-full\" alt=\"\" \/>\t\t\t\t\t\t\t\t<\/a>\n\t\t\t<\/div>\n\t<div class=\"edgtf-iwt-content\" >\n\t\t\t\t\t<h4 class=\"edgtf-iwt-title\" >\n\t\t\t\t\t\t\t\t\t<a itemprop=\"url\" href=\"https:\/\/www.santjosep.net\/de\/sehen\/erbe-und-kultur\/centro-de-interpretacion-de-sant-francesc\/\" target=\"_self\">\n\t\t\t\t\t\t\t\t<span class=\"edgtf-iwt-title-text\">Das Interpretationszentrum<\/span>\n\t\t\t\t\t\t\t\t\t<\/a>\n\t\t\t\t\t\t\t<\/h4>\n\t\t\t\t\t<\/div>\n<\/div>[\/vc_column_inner][\/vc_row_inner][\/vc_column][\/vc_row][vc_row enable_hue_rotation=&#8220;no&#8220; enable_text_marquee=&#8220;no&#8220;][vc_column][\/vc_column][\/vc_row][vc_row full_width=&#8220;stretch_row_content_no_spaces&#8220; enable_hue_rotation=&#8220;no&#8220; enable_text_marquee=&#8220;no&#8220; el_class=&#8220;galeria&#8220;][vc_column css=&#8220;.vc_custom_1579097066588{padding-bottom: 20px !important;}&#8220;][vc_column_text]<style>#jtg-19095 .modula-item .jtg-social a, .lightbox-socials.jtg-social a{ fill: #ffffff; color: #ffffff }#jtg-19095 .modula-item .jtg-social-mobile a{ fill: #ffffff; color: #ffffff }#jtg-19095 .modula-item .jtg-social svg, .lightbox-socials.jtg-social svg { height: 16px; width: 16px }#jtg-19095 .modula-item .jtg-social-mobile svg { height: 16px; width: 16px }#jtg-19095 .modula-item .jtg-social a:not(:last-child), .lightbox-socials.jtg-social a:not(:last-child) { margin-right: 10px }#jtg-19095 .modula-item .jtg-social-mobile .jtg-social-mobile-icons a:not(:last-child){ margin-right: 10px }#jtg-19095 .modula-item .figc {color:#ffffff;}#jtg-19095 .modula-item .modula-item-content { transform: scale(1) }#jtg-19095 .modula-items .figc p.description { font-size:14px; }#jtg-19095 .modula-items .figc p.description { color:#ffffff;}#jtg-19095.modula-gallery .modula-item > a, #jtg-19095.modula-gallery .modula-item, #jtg-19095.modula-gallery .modula-item-content > a:not(.modula-no-follow) { cursor:zoom-in; } #jtg-19095.modula-gallery .modula-item-content .modula-no-follow { cursor: default; } @media screen and (max-width:480px){#jtg-19095 .modula-item .figc .jtg-title {  font-size: 12px; }#jtg-19095 .modula-items .figc p.description { color:#ffffff;font-size:10px; }}#jtg-19095 .modula-items .modula-item:hover img{opacity:1;}<\/style>\n<div  id=\"jtg-19095\" class=\"modula modula-gallery modula-custom-grid\" data-config=\"{&quot;height&quot;:800,&quot;tabletHeight&quot;:800,&quot;mobileHeight&quot;:800,&quot;desktopHeight&quot;:800,&quot;enableTwitter&quot;:true,&quot;enableWhatsapp&quot;:false,&quot;enableFacebook&quot;:true,&quot;enablePinterest&quot;:true,&quot;enableLinkedin&quot;:true,&quot;enableEmail&quot;:false,&quot;randomFactor&quot;:0.5,&quot;type&quot;:&quot;custom-grid&quot;,&quot;columns&quot;:12,&quot;gutter&quot;:0,&quot;mobileGutter&quot;:0,&quot;tabletGutter&quot;:0,&quot;desktopGutter&quot;:0,&quot;enableResponsive&quot;:&quot;1&quot;,&quot;tabletColumns&quot;:&quot;2&quot;,&quot;mobileColumns&quot;:&quot;1&quot;,&quot;lazyLoad&quot;:&quot;0&quot;,&quot;lightboxOpts&quot;:{&quot;animated&quot;:true,&quot;Thumbs&quot;:{&quot;type&quot;:&quot;modern&quot;,&quot;showOnStart&quot;:false},&quot;Toolbar&quot;:{&quot;display&quot;:{&quot;right&quot;:[&quot;close&quot;]},&quot;enabled&quot;:true},&quot;Carousel&quot;:{&quot;Panzoom&quot;:{&quot;touch&quot;:false},&quot;infinite&quot;:false},&quot;keyboard&quot;:{&quot;Escape&quot;:&quot;close&quot;,&quot;Delete&quot;:&quot;close&quot;,&quot;Backspace&quot;:&quot;close&quot;,&quot;PageUp&quot;:false,&quot;PageDown&quot;:false,&quot;ArrowUp&quot;:false,&quot;ArrowDown&quot;:false,&quot;ArrowRight&quot;:false,&quot;ArrowLeft&quot;:false},&quot;touch&quot;:false,&quot;backdropClick&quot;:false,&quot;l10n&quot;:{&quot;CLOSE&quot;:&quot;Close&quot;,&quot;NEXT&quot;:&quot;Next&quot;,&quot;PREV&quot;:&quot;Previous&quot;,&quot;Error&quot;:&quot;The requested content cannot be loaded. Please try again later.&quot;,&quot;PLAY_START&quot;:&quot;Start slideshow&quot;,&quot;PLAY_STOP&quot;:&quot;Pause slideshow&quot;,&quot;FULL_SCREEN&quot;:&quot;Full screen&quot;,&quot;THUMBS&quot;:&quot;Thumbnails&quot;,&quot;DOWNLOAD&quot;:&quot;Download&quot;,&quot;SHARE&quot;:&quot;Share&quot;,&quot;ZOOM&quot;:&quot;Zoom&quot;,&quot;EMAIL&quot;:&quot;Here is the link to the image : %%image_link%% and this is the link to the gallery : %%gallery_link%%&quot;,&quot;MODAL&quot;:&quot;You can close this modal content with the ESC key&quot;,&quot;ERROR&quot;:&quot;Something Went Wrong, Please Try Again Later&quot;,&quot;IMAGE_ERROR&quot;:&quot;Image Not Found&quot;,&quot;ELEMENT_NOT_FOUND&quot;:&quot;HTML Element Not Found&quot;,&quot;AJAX_NOT_FOUND&quot;:&quot;Error Loading AJAX : Not Found&quot;,&quot;AJAX_FORBIDDEN&quot;:&quot;Error Loading AJAX : Forbidden&quot;,&quot;IFRAME_ERROR&quot;:&quot;Error Loading Page&quot;,&quot;TOGGLE_ZOOM&quot;:&quot;Toggle zoom level&quot;,&quot;TOGGLE_THUMBS&quot;:&quot;Toggle thumbnails&quot;,&quot;TOGGLE_SLIDESHOW&quot;:&quot;Toggle slideshow&quot;,&quot;TOGGLE_FULLSCREEN&quot;:&quot;Toggle full-screen mode&quot;},&quot;Images&quot;:{&quot;Panzoom&quot;:{&quot;maxScale&quot;:2}},&quot;mainClass&quot;:&quot;modula-fancybox-container modula-lightbox-jtg-19095&quot;,&quot;Html&quot;:{&quot;videoAutoplay&quot;:0,&quot;videoTpl&quot;:&quot;&lt;video class=\\&quot;fancybox__html5video\\&quot; controls muted playsinline controlsList controlsList=\\&quot;nodownload\\&quot; poster=\\&quot;{{poster}}\\&quot; src=\\&quot;{{src}}\\&quot; type=\\&quot;{{format}}\\&quot; &gt;  Sorry, your browser doesn&#039;t support embedded videos, &lt;a href=\\&quot;{{src}}\\&quot;&gt; download &lt;\\\/a&gt; and watch with your favorite video player! &lt;\\\/video&gt;&quot;}},&quot;inView&quot;:false,&quot;email_subject&quot;:&quot;Check out this awesome image !!&quot;,&quot;email_message&quot;:&quot;Here is the link to the image : %%image_link%% and this is the link to the gallery : %%gallery_link%%&quot;,&quot;lightbox&quot;:&quot;fancybox&quot;}\">\n\n\t\n\t<div  class=\"modula-items\">\n\t\t<div class=\"modula-item\" data-width=\"12\" data-height=\"7\" >\n\t<div class=\"modula-item-content\">\n\t\t\n\t\t\t\t\t<a data-image-id=\"17703\" tabindex=\"0\" rel=\"jtg-19095\" data-caption=\"\" aria-label=\"Open image in lightbox\" role=\"button\" class=\"tile-inner modula-item-link\"><\/a>\n\t\t\n\t\t<img loading=\"lazy\" decoding=\"async\" class=\"pic wp-image-17703\"  data-valign=\"middle\" data-halign=\"center\" alt=\"\" data-full=\"https:\/\/www.santjosep.net\/wp-content\/uploads\/2020\/01\/IMG_0033.jpg\" title=\"IMG_0033\" width=\"1200\" height=\"800\" src=\"https:\/\/www.santjosep.net\/wp-content\/uploads\/2020\/01\/IMG_0033.jpg\" data-src=\"https:\/\/www.santjosep.net\/wp-content\/uploads\/2020\/01\/IMG_0033.jpg\" data-caption=\"\" srcset=\"https:\/\/www.santjosep.net\/wp-content\/uploads\/2020\/01\/IMG_0033.jpg 1200w, https:\/\/www.santjosep.net\/wp-content\/uploads\/2020\/01\/IMG_0033-300x200.jpg 300w, https:\/\/www.santjosep.net\/wp-content\/uploads\/2020\/01\/IMG_0033-1024x683.jpg 1024w, https:\/\/www.santjosep.net\/wp-content\/uploads\/2020\/01\/IMG_0033-768x512.jpg 768w\" sizes=\"auto, (max-width: 1200px) 100vw, 1200px\" \/>\n\t<\/div>\n\n<\/div>\t\t\n\t<\/div>\n\n\t\n\t\n\t<script type=\"application\/ld+json\">\n\t{\n\t\t\"@context\": \"http:\/\/schema.org\",\n\t\t\"@type\"   : \"ImageGallery\",\n\t\t\"id\"      : \"https:\/\/www.santjosep.net\/de\/sehen\/natur\/die-salinen-auf-eivissa-und-formentera\/\",\n\t\t\"url\"     : \"https:\/\/www.santjosep.net\/de\/sehen\/natur\/die-salinen-auf-eivissa-und-formentera\/\"\n\t}\n\n\t<\/script>\n\n\t\n<\/div>\n[\/vc_column_text][\/vc_column][\/vc_row][vc_row enable_hue_rotation=&#8220;no&#8220; enable_text_marquee=&#8220;no&#8220;][vc_column][vc_column_text]<\/p>\n<h2>DIE GESCHICHTE DES NATURPARKS<\/h2>\n<p>Bereits in den 1970er Jahren starteten die er-sten Bemu\u0308hungen, den Schutz der Salinen gesetzlich zu verankern, und es gab eine konti- nuierliche Forderung zur Scha ung eines Natur- schutzgebiets. 1991 wurde ein Gro\u00dfteil des Ge- biets zum ANEI (Naturgebiet von besonderem Interesse) erkla\u0308rt. Mit dem Staatsgesetz 26\/1995 vom 31. Juli 1995 wurde Ses Salines dann zum Naturreservat erkla\u0308rt. Im Jahre 2001 wurde das Umweltschutzgesetz 17\/2001 vom 19 Dezem- ber 2001 verabschiedet, in dem die Salinen von Ibiza und Formentera zum Naturpark erkla\u0308rt werden. Die Fu\u0308hrung und Verwaltung wurden dem Kompetenzbereich der Balearenregierung zugewiesen.[\/vc_column_text][\/vc_column][\/vc_row][vc_row full_width=&#8220;stretch_row_content_no_spaces&#8220; enable_hue_rotation=&#8220;no&#8220; enable_text_marquee=&#8220;no&#8220; el_class=&#8220;galeria&#8220;][vc_column css=&#8220;.vc_custom_1579097066588{padding-bottom: 20px !important;}&#8220;][vc_column_text]<style>#jtg-19097 .modula-item .jtg-social a, .lightbox-socials.jtg-social a{ fill: #ffffff; color: #ffffff }#jtg-19097 .modula-item .jtg-social-mobile a{ fill: #ffffff; color: #ffffff }#jtg-19097 .modula-item .jtg-social svg, .lightbox-socials.jtg-social svg { height: 16px; width: 16px }#jtg-19097 .modula-item .jtg-social-mobile svg { height: 16px; width: 16px }#jtg-19097 .modula-item .jtg-social a:not(:last-child), .lightbox-socials.jtg-social a:not(:last-child) { margin-right: 10px }#jtg-19097 .modula-item .jtg-social-mobile .jtg-social-mobile-icons a:not(:last-child){ margin-right: 10px }#jtg-19097 .modula-item .figc {color:#ffffff;}#jtg-19097 .modula-item .modula-item-content { transform: scale(1) }#jtg-19097 .modula-items .figc p.description { font-size:14px; }#jtg-19097 .modula-items .figc p.description { color:#ffffff;}#jtg-19097.modula-gallery .modula-item > a, #jtg-19097.modula-gallery .modula-item, #jtg-19097.modula-gallery .modula-item-content > a:not(.modula-no-follow) { cursor:zoom-in; } #jtg-19097.modula-gallery .modula-item-content .modula-no-follow { cursor: default; } @media screen and (max-width:480px){#jtg-19097 .modula-item .figc .jtg-title {  font-size: 12px; }#jtg-19097 .modula-items .figc p.description { color:#ffffff;font-size:10px; }}#jtg-19097 .modula-items .modula-item:hover img{opacity:1;}<\/style>\n<div  id=\"jtg-19097\" class=\"modula modula-gallery modula-custom-grid\" data-config=\"{&quot;height&quot;:800,&quot;tabletHeight&quot;:800,&quot;mobileHeight&quot;:800,&quot;desktopHeight&quot;:800,&quot;enableTwitter&quot;:true,&quot;enableWhatsapp&quot;:false,&quot;enableFacebook&quot;:true,&quot;enablePinterest&quot;:true,&quot;enableLinkedin&quot;:true,&quot;enableEmail&quot;:false,&quot;randomFactor&quot;:0.5,&quot;type&quot;:&quot;custom-grid&quot;,&quot;columns&quot;:12,&quot;gutter&quot;:0,&quot;mobileGutter&quot;:0,&quot;tabletGutter&quot;:0,&quot;desktopGutter&quot;:0,&quot;enableResponsive&quot;:&quot;1&quot;,&quot;tabletColumns&quot;:&quot;2&quot;,&quot;mobileColumns&quot;:&quot;1&quot;,&quot;lazyLoad&quot;:&quot;0&quot;,&quot;lightboxOpts&quot;:{&quot;animated&quot;:true,&quot;Thumbs&quot;:{&quot;type&quot;:&quot;modern&quot;,&quot;showOnStart&quot;:false},&quot;Toolbar&quot;:{&quot;display&quot;:{&quot;right&quot;:[&quot;close&quot;]},&quot;enabled&quot;:true},&quot;Carousel&quot;:{&quot;Panzoom&quot;:{&quot;touch&quot;:false},&quot;infinite&quot;:false},&quot;keyboard&quot;:{&quot;Escape&quot;:&quot;close&quot;,&quot;Delete&quot;:&quot;close&quot;,&quot;Backspace&quot;:&quot;close&quot;,&quot;PageUp&quot;:false,&quot;PageDown&quot;:false,&quot;ArrowUp&quot;:false,&quot;ArrowDown&quot;:false,&quot;ArrowRight&quot;:false,&quot;ArrowLeft&quot;:false},&quot;touch&quot;:false,&quot;backdropClick&quot;:false,&quot;l10n&quot;:{&quot;CLOSE&quot;:&quot;Close&quot;,&quot;NEXT&quot;:&quot;Next&quot;,&quot;PREV&quot;:&quot;Previous&quot;,&quot;Error&quot;:&quot;The requested content cannot be loaded. Please try again later.&quot;,&quot;PLAY_START&quot;:&quot;Start slideshow&quot;,&quot;PLAY_STOP&quot;:&quot;Pause slideshow&quot;,&quot;FULL_SCREEN&quot;:&quot;Full screen&quot;,&quot;THUMBS&quot;:&quot;Thumbnails&quot;,&quot;DOWNLOAD&quot;:&quot;Download&quot;,&quot;SHARE&quot;:&quot;Share&quot;,&quot;ZOOM&quot;:&quot;Zoom&quot;,&quot;EMAIL&quot;:&quot;Here is the link to the image : %%image_link%% and this is the link to the gallery : %%gallery_link%%&quot;,&quot;MODAL&quot;:&quot;You can close this modal content with the ESC key&quot;,&quot;ERROR&quot;:&quot;Something Went Wrong, Please Try Again Later&quot;,&quot;IMAGE_ERROR&quot;:&quot;Image Not Found&quot;,&quot;ELEMENT_NOT_FOUND&quot;:&quot;HTML Element Not Found&quot;,&quot;AJAX_NOT_FOUND&quot;:&quot;Error Loading AJAX : Not Found&quot;,&quot;AJAX_FORBIDDEN&quot;:&quot;Error Loading AJAX : Forbidden&quot;,&quot;IFRAME_ERROR&quot;:&quot;Error Loading Page&quot;,&quot;TOGGLE_ZOOM&quot;:&quot;Toggle zoom level&quot;,&quot;TOGGLE_THUMBS&quot;:&quot;Toggle thumbnails&quot;,&quot;TOGGLE_SLIDESHOW&quot;:&quot;Toggle slideshow&quot;,&quot;TOGGLE_FULLSCREEN&quot;:&quot;Toggle full-screen mode&quot;},&quot;Images&quot;:{&quot;Panzoom&quot;:{&quot;maxScale&quot;:2}},&quot;mainClass&quot;:&quot;modula-fancybox-container modula-lightbox-jtg-19097&quot;,&quot;Html&quot;:{&quot;videoAutoplay&quot;:0,&quot;videoTpl&quot;:&quot;&lt;video class=\\&quot;fancybox__html5video\\&quot; controls muted playsinline controlsList controlsList=\\&quot;nodownload\\&quot; poster=\\&quot;{{poster}}\\&quot; src=\\&quot;{{src}}\\&quot; type=\\&quot;{{format}}\\&quot; &gt;  Sorry, your browser doesn&#039;t support embedded videos, &lt;a href=\\&quot;{{src}}\\&quot;&gt; download &lt;\\\/a&gt; and watch with your favorite video player! &lt;\\\/video&gt;&quot;}},&quot;inView&quot;:false,&quot;email_subject&quot;:&quot;Check out this awesome image !!&quot;,&quot;email_message&quot;:&quot;Here is the link to the image : %%image_link%% and this is the link to the gallery : %%gallery_link%%&quot;,&quot;lightbox&quot;:&quot;fancybox&quot;}\">\n\n\t\n\t<div  class=\"modula-items\">\n\t\t<div class=\"modula-item\" data-width=\"12\" data-height=\"7\" >\n\t<div class=\"modula-item-content\">\n\t\t\n\t\t\t\t\t<a data-image-id=\"18880\" tabindex=\"0\" rel=\"jtg-19097\" data-caption=\"DCIM\/100MEDIA\/DJI_0397.JPG\" aria-label=\"Open image in lightbox\" role=\"button\" class=\"tile-inner modula-item-link\"><\/a>\n\t\t\n\t\t<img loading=\"lazy\" decoding=\"async\" class=\"pic wp-image-18880\"  data-valign=\"middle\" data-halign=\"center\" alt=\"\" data-full=\"https:\/\/www.santjosep.net\/wp-content\/uploads\/2020\/01\/AdobeStock_233975072.jpg\" title=\"Aerial view of Ses Cavallet beach, Ibiza. Spain.\" width=\"1900\" height=\"1425\" src=\"https:\/\/www.santjosep.net\/wp-content\/uploads\/2020\/01\/AdobeStock_233975072.jpg\" data-src=\"https:\/\/www.santjosep.net\/wp-content\/uploads\/2020\/01\/AdobeStock_233975072.jpg\" data-caption=\"DCIM\/100MEDIA\/DJI_0397.JPG\" srcset=\"https:\/\/www.santjosep.net\/wp-content\/uploads\/2020\/01\/AdobeStock_233975072.jpg 1900w, https:\/\/www.santjosep.net\/wp-content\/uploads\/2020\/01\/AdobeStock_233975072-300x225.jpg 300w, https:\/\/www.santjosep.net\/wp-content\/uploads\/2020\/01\/AdobeStock_233975072-1024x768.jpg 1024w, https:\/\/www.santjosep.net\/wp-content\/uploads\/2020\/01\/AdobeStock_233975072-768x576.jpg 768w, https:\/\/www.santjosep.net\/wp-content\/uploads\/2020\/01\/AdobeStock_233975072-1536x1152.jpg 1536w, https:\/\/www.santjosep.net\/wp-content\/uploads\/2020\/01\/AdobeStock_233975072-800x600.jpg 800w\" sizes=\"auto, (max-width: 1900px) 100vw, 1900px\" \/>\n\t<\/div>\n\n<\/div><div class=\"modula-item\" data-width=\"6\" data-height=\"6\" >\n\t<div class=\"modula-item-content\">\n\t\t\n\t\t\t\t\t<a data-image-id=\"18890\" tabindex=\"0\" rel=\"jtg-19097\" data-caption=\"DCIM\/100MEDIA\/DJI_0391.JPG\" aria-label=\"Open image in lightbox\" role=\"button\" class=\"tile-inner modula-item-link\"><\/a>\n\t\t\n\t\t<img loading=\"lazy\" decoding=\"async\" class=\"pic wp-image-18890\"  data-valign=\"middle\" data-halign=\"center\" alt=\"\" data-full=\"https:\/\/www.santjosep.net\/wp-content\/uploads\/2020\/01\/AdobeStock_234370382-1.jpg\" title=\"Aerial view of Ses Salines Natural Park, Ibiza. Spain.\" width=\"1900\" height=\"1425\" src=\"https:\/\/www.santjosep.net\/wp-content\/uploads\/2020\/01\/AdobeStock_234370382-1.jpg\" data-src=\"https:\/\/www.santjosep.net\/wp-content\/uploads\/2020\/01\/AdobeStock_234370382-1.jpg\" data-caption=\"DCIM\/100MEDIA\/DJI_0391.JPG\" srcset=\"https:\/\/www.santjosep.net\/wp-content\/uploads\/2020\/01\/AdobeStock_234370382-1.jpg 1900w, https:\/\/www.santjosep.net\/wp-content\/uploads\/2020\/01\/AdobeStock_234370382-1-300x225.jpg 300w, https:\/\/www.santjosep.net\/wp-content\/uploads\/2020\/01\/AdobeStock_234370382-1-1024x768.jpg 1024w, https:\/\/www.santjosep.net\/wp-content\/uploads\/2020\/01\/AdobeStock_234370382-1-768x576.jpg 768w, https:\/\/www.santjosep.net\/wp-content\/uploads\/2020\/01\/AdobeStock_234370382-1-1536x1152.jpg 1536w, https:\/\/www.santjosep.net\/wp-content\/uploads\/2020\/01\/AdobeStock_234370382-1-800x600.jpg 800w\" sizes=\"auto, (max-width: 1900px) 100vw, 1900px\" \/>\n\t<\/div>\n\n<\/div><div class=\"modula-item\" data-width=\"6\" data-height=\"6\" >\n\t<div class=\"modula-item-content\">\n\t\t\n\t\t\t\t\t<a data-image-id=\"18885\" tabindex=\"0\" rel=\"jtg-19097\" data-caption=\"DCIM\/100MEDIA\/DJI_0359.JPG\" aria-label=\"Open image in lightbox\" role=\"button\" class=\"tile-inner modula-item-link\"><\/a>\n\t\t\n\t\t<img loading=\"lazy\" decoding=\"async\" class=\"pic wp-image-18885\"  data-valign=\"middle\" data-halign=\"center\" alt=\"\" data-full=\"https:\/\/www.santjosep.net\/wp-content\/uploads\/2020\/01\/AdobeStock_233975191.jpg\" title=\"Aerial view of Ses Salines beach, Ibiza. Spain.\" width=\"1900\" height=\"1425\" src=\"https:\/\/www.santjosep.net\/wp-content\/uploads\/2020\/01\/AdobeStock_233975191.jpg\" data-src=\"https:\/\/www.santjosep.net\/wp-content\/uploads\/2020\/01\/AdobeStock_233975191.jpg\" data-caption=\"DCIM\/100MEDIA\/DJI_0359.JPG\" srcset=\"https:\/\/www.santjosep.net\/wp-content\/uploads\/2020\/01\/AdobeStock_233975191.jpg 1900w, https:\/\/www.santjosep.net\/wp-content\/uploads\/2020\/01\/AdobeStock_233975191-300x225.jpg 300w, https:\/\/www.santjosep.net\/wp-content\/uploads\/2020\/01\/AdobeStock_233975191-1024x768.jpg 1024w, https:\/\/www.santjosep.net\/wp-content\/uploads\/2020\/01\/AdobeStock_233975191-768x576.jpg 768w, https:\/\/www.santjosep.net\/wp-content\/uploads\/2020\/01\/AdobeStock_233975191-1536x1152.jpg 1536w, https:\/\/www.santjosep.net\/wp-content\/uploads\/2020\/01\/AdobeStock_233975191-800x600.jpg 800w\" sizes=\"auto, (max-width: 1900px) 100vw, 1900px\" \/>\n\t<\/div>\n\n<\/div>\t\t\n\t<\/div>\n\n\t\n\t\n\t<script type=\"application\/ld+json\">\n\t{\n\t\t\"@context\": \"http:\/\/schema.org\",\n\t\t\"@type\"   : \"ImageGallery\",\n\t\t\"id\"      : \"https:\/\/www.santjosep.net\/de\/sehen\/natur\/die-salinen-auf-eivissa-und-formentera\/\",\n\t\t\"url\"     : \"https:\/\/www.santjosep.net\/de\/sehen\/natur\/die-salinen-auf-eivissa-und-formentera\/\"\n\t}\n\n\t<\/script>\n\n\t\n<\/div>\n[\/vc_column_text][\/vc_column][\/vc_row][vc_row enable_hue_rotation=&#8220;no&#8220; enable_text_marquee=&#8220;no&#8220;][vc_column][vc_column_text]<\/p>\n<h2>DAS ETHNOLOGISCHE KULTURERBE<\/h2>\n<p>Auch im Naturpark lassen sich Spuren der Ge- schichte der Pityusen und Zeugen alter Zivilisa- tionen nden. So zeigen sie sich an der Ausgrabungs- sta\u0308tte Sa Caleta, wo sich Ruinen einer Pho\u0308nizischen Stadtanlage be nden (von der UNESCO zum Welterbe der Menschheit erkla\u0308rt) und an den Ver- teidigungstu\u0308rmen, die entlang der gesamten Ku\u0308- stenzone des Parks zu nden sind. Dazu kommt die Pra\u0308senz der tausendja\u0308hrigen Salzindustrie mit ihrem historischen, kulturellen und sozioo\u0308konomischen Wert und ihrer singula\u0308ren Landschaft von enormer Scho\u0308nheit und Relevanz, perfekt in das O\u0308kosystem der Natur integrier.[\/vc_column_text][\/vc_column][\/vc_row][vc_row full_width=&#8220;stretch_row_content_no_spaces&#8220; enable_hue_rotation=&#8220;no&#8220; enable_text_marquee=&#8220;no&#8220; el_class=&#8220;galeria&#8220;][vc_column css=&#8220;.vc_custom_1579097066588{padding-bottom: 20px !important;}&#8220;][vc_column_text]<style>#jtg-19098 .modula-item .jtg-social a, .lightbox-socials.jtg-social a{ fill: #ffffff; color: #ffffff }#jtg-19098 .modula-item .jtg-social-mobile a{ fill: #ffffff; color: #ffffff }#jtg-19098 .modula-item .jtg-social svg, .lightbox-socials.jtg-social svg { height: 16px; width: 16px }#jtg-19098 .modula-item .jtg-social-mobile svg { height: 16px; width: 16px }#jtg-19098 .modula-item .jtg-social a:not(:last-child), .lightbox-socials.jtg-social a:not(:last-child) { margin-right: 10px }#jtg-19098 .modula-item .jtg-social-mobile .jtg-social-mobile-icons a:not(:last-child){ margin-right: 10px }#jtg-19098 .modula-item .figc {color:#ffffff;}#jtg-19098 .modula-item .modula-item-content { transform: scale(1) }#jtg-19098 .modula-items .figc p.description { font-size:14px; }#jtg-19098 .modula-items .figc p.description { color:#ffffff;}#jtg-19098.modula-gallery .modula-item > a, #jtg-19098.modula-gallery .modula-item, #jtg-19098.modula-gallery .modula-item-content > a:not(.modula-no-follow) { cursor:zoom-in; } #jtg-19098.modula-gallery .modula-item-content .modula-no-follow { cursor: default; } @media screen and (max-width:480px){#jtg-19098 .modula-item .figc .jtg-title {  font-size: 12px; }#jtg-19098 .modula-items .figc p.description { color:#ffffff;font-size:10px; }}#jtg-19098 .modula-items .modula-item:hover img{opacity:1;}<\/style>\n<div  id=\"jtg-19098\" class=\"modula modula-gallery modula-custom-grid\" data-config=\"{&quot;height&quot;:800,&quot;tabletHeight&quot;:800,&quot;mobileHeight&quot;:800,&quot;desktopHeight&quot;:800,&quot;enableTwitter&quot;:true,&quot;enableWhatsapp&quot;:false,&quot;enableFacebook&quot;:true,&quot;enablePinterest&quot;:true,&quot;enableLinkedin&quot;:true,&quot;enableEmail&quot;:false,&quot;randomFactor&quot;:0.5,&quot;type&quot;:&quot;custom-grid&quot;,&quot;columns&quot;:12,&quot;gutter&quot;:0,&quot;mobileGutter&quot;:0,&quot;tabletGutter&quot;:0,&quot;desktopGutter&quot;:0,&quot;enableResponsive&quot;:&quot;1&quot;,&quot;tabletColumns&quot;:&quot;2&quot;,&quot;mobileColumns&quot;:&quot;1&quot;,&quot;lazyLoad&quot;:&quot;0&quot;,&quot;lightboxOpts&quot;:{&quot;animated&quot;:true,&quot;Thumbs&quot;:{&quot;type&quot;:&quot;modern&quot;,&quot;showOnStart&quot;:false},&quot;Toolbar&quot;:{&quot;display&quot;:{&quot;right&quot;:[&quot;close&quot;]},&quot;enabled&quot;:true},&quot;Carousel&quot;:{&quot;Panzoom&quot;:{&quot;touch&quot;:false},&quot;infinite&quot;:false},&quot;keyboard&quot;:{&quot;Escape&quot;:&quot;close&quot;,&quot;Delete&quot;:&quot;close&quot;,&quot;Backspace&quot;:&quot;close&quot;,&quot;PageUp&quot;:false,&quot;PageDown&quot;:false,&quot;ArrowUp&quot;:false,&quot;ArrowDown&quot;:false,&quot;ArrowRight&quot;:false,&quot;ArrowLeft&quot;:false},&quot;touch&quot;:false,&quot;backdropClick&quot;:false,&quot;l10n&quot;:{&quot;CLOSE&quot;:&quot;Close&quot;,&quot;NEXT&quot;:&quot;Next&quot;,&quot;PREV&quot;:&quot;Previous&quot;,&quot;Error&quot;:&quot;The requested content cannot be loaded. Please try again later.&quot;,&quot;PLAY_START&quot;:&quot;Start slideshow&quot;,&quot;PLAY_STOP&quot;:&quot;Pause slideshow&quot;,&quot;FULL_SCREEN&quot;:&quot;Full screen&quot;,&quot;THUMBS&quot;:&quot;Thumbnails&quot;,&quot;DOWNLOAD&quot;:&quot;Download&quot;,&quot;SHARE&quot;:&quot;Share&quot;,&quot;ZOOM&quot;:&quot;Zoom&quot;,&quot;EMAIL&quot;:&quot;Here is the link to the image : %%image_link%% and this is the link to the gallery : %%gallery_link%%&quot;,&quot;MODAL&quot;:&quot;You can close this modal content with the ESC key&quot;,&quot;ERROR&quot;:&quot;Something Went Wrong, Please Try Again Later&quot;,&quot;IMAGE_ERROR&quot;:&quot;Image Not Found&quot;,&quot;ELEMENT_NOT_FOUND&quot;:&quot;HTML Element Not Found&quot;,&quot;AJAX_NOT_FOUND&quot;:&quot;Error Loading AJAX : Not Found&quot;,&quot;AJAX_FORBIDDEN&quot;:&quot;Error Loading AJAX : Forbidden&quot;,&quot;IFRAME_ERROR&quot;:&quot;Error Loading Page&quot;,&quot;TOGGLE_ZOOM&quot;:&quot;Toggle zoom level&quot;,&quot;TOGGLE_THUMBS&quot;:&quot;Toggle thumbnails&quot;,&quot;TOGGLE_SLIDESHOW&quot;:&quot;Toggle slideshow&quot;,&quot;TOGGLE_FULLSCREEN&quot;:&quot;Toggle full-screen mode&quot;},&quot;Images&quot;:{&quot;Panzoom&quot;:{&quot;maxScale&quot;:2}},&quot;mainClass&quot;:&quot;modula-fancybox-container modula-lightbox-jtg-19098&quot;,&quot;Html&quot;:{&quot;videoAutoplay&quot;:0,&quot;videoTpl&quot;:&quot;&lt;video class=\\&quot;fancybox__html5video\\&quot; controls muted playsinline controlsList controlsList=\\&quot;nodownload\\&quot; poster=\\&quot;{{poster}}\\&quot; src=\\&quot;{{src}}\\&quot; type=\\&quot;{{format}}\\&quot; &gt;  Sorry, your browser doesn&#039;t support embedded videos, &lt;a href=\\&quot;{{src}}\\&quot;&gt; download &lt;\\\/a&gt; and watch with your favorite video player! &lt;\\\/video&gt;&quot;}},&quot;inView&quot;:false,&quot;email_subject&quot;:&quot;Check out this awesome image !!&quot;,&quot;email_message&quot;:&quot;Here is the link to the image : %%image_link%% and this is the link to the gallery : %%gallery_link%%&quot;,&quot;lightbox&quot;:&quot;fancybox&quot;}\">\n\n\t\n\t<div  class=\"modula-items\">\n\t\t<div class=\"modula-item\" data-width=\"7\" data-height=\"5\" >\n\t<div class=\"modula-item-content\">\n\t\t\n\t\t\t\t\t<a data-image-id=\"19099\" tabindex=\"0\" rel=\"jtg-19098\" data-caption=\"\" aria-label=\"Open image in lightbox\" role=\"button\" class=\"tile-inner modula-item-link\"><\/a>\n\t\t\n\t\t<img loading=\"lazy\" decoding=\"async\" class=\"pic wp-image-19099\"  data-valign=\"middle\" data-halign=\"center\" alt=\"\" data-full=\"https:\/\/www.santjosep.net\/wp-content\/uploads\/2020\/01\/P1110413.jpg\" title=\"P1110413\" width=\"1200\" height=\"900\" src=\"https:\/\/www.santjosep.net\/wp-content\/uploads\/2020\/01\/P1110413.jpg\" data-src=\"https:\/\/www.santjosep.net\/wp-content\/uploads\/2020\/01\/P1110413.jpg\" data-caption=\"\" srcset=\"https:\/\/www.santjosep.net\/wp-content\/uploads\/2020\/01\/P1110413.jpg 1200w, https:\/\/www.santjosep.net\/wp-content\/uploads\/2020\/01\/P1110413-300x225.jpg 300w, https:\/\/www.santjosep.net\/wp-content\/uploads\/2020\/01\/P1110413-1024x768.jpg 1024w, https:\/\/www.santjosep.net\/wp-content\/uploads\/2020\/01\/P1110413-768x576.jpg 768w, https:\/\/www.santjosep.net\/wp-content\/uploads\/2020\/01\/P1110413-800x600.jpg 800w\" sizes=\"auto, (max-width: 1200px) 100vw, 1200px\" \/>\n\t<\/div>\n\n<\/div><div class=\"modula-item\" data-width=\"5\" data-height=\"5\" >\n\t<div class=\"modula-item-content\">\n\t\t\n\t\t\t\t\t<a data-image-id=\"19104\" tabindex=\"0\" rel=\"jtg-19098\" data-caption=\"\" aria-label=\"Open image in lightbox\" role=\"button\" class=\"tile-inner modula-item-link\"><\/a>\n\t\t\n\t\t<img loading=\"lazy\" decoding=\"async\" class=\"pic wp-image-19104\"  data-valign=\"middle\" data-halign=\"center\" alt=\"\" data-full=\"https:\/\/www.santjosep.net\/wp-content\/uploads\/2020\/01\/P1110378.jpg\" title=\"P1110378\" width=\"1200\" height=\"900\" src=\"https:\/\/www.santjosep.net\/wp-content\/uploads\/2020\/01\/P1110378.jpg\" data-src=\"https:\/\/www.santjosep.net\/wp-content\/uploads\/2020\/01\/P1110378.jpg\" data-caption=\"\" srcset=\"https:\/\/www.santjosep.net\/wp-content\/uploads\/2020\/01\/P1110378.jpg 1200w, https:\/\/www.santjosep.net\/wp-content\/uploads\/2020\/01\/P1110378-300x225.jpg 300w, https:\/\/www.santjosep.net\/wp-content\/uploads\/2020\/01\/P1110378-1024x768.jpg 1024w, https:\/\/www.santjosep.net\/wp-content\/uploads\/2020\/01\/P1110378-768x576.jpg 768w, https:\/\/www.santjosep.net\/wp-content\/uploads\/2020\/01\/P1110378-800x600.jpg 800w\" sizes=\"auto, (max-width: 1200px) 100vw, 1200px\" \/>\n\t<\/div>\n\n<\/div>\t\t\n\t<\/div>\n\n\t\n\t\n\t<script type=\"application\/ld+json\">\n\t{\n\t\t\"@context\": \"http:\/\/schema.org\",\n\t\t\"@type\"   : \"ImageGallery\",\n\t\t\"id\"      : \"https:\/\/www.santjosep.net\/de\/sehen\/natur\/die-salinen-auf-eivissa-und-formentera\/\",\n\t\t\"url\"     : \"https:\/\/www.santjosep.net\/de\/sehen\/natur\/die-salinen-auf-eivissa-und-formentera\/\"\n\t}\n\n\t<\/script>\n\n\t\n<\/div>\n[\/vc_column_text][\/vc_column][\/vc_row][vc_row enable_hue_rotation=&#8220;no&#8220; enable_text_marquee=&#8220;no&#8220;][vc_column][vc_column_text]<\/p>\n<h2>DAS MEERESGEBIET<\/h2>\n<p>Das Meeresgebiet macht in etwa 85% des ge- samten Naturparks aus und ist durch den hohen o\u0308kologischen Wert der Posidonia-Seegras- wiesen (Posidonia oceanica) gekennzeichnet. Diese submarine P anze, ein Endemit des Mittelmee- res, bildet den Lebensraum fu\u0308r den hochdiversen Fischbestand und marine Organismen, versorgt das Wasser mit Sauersto und ist Garantie fu\u0308r die Qualita\u0308t des Wassers und seine Klarheit. Sie schu\u0308tzt die Stra\u0308nde vor durch Wellen verursachte Erosion und erha\u0308lt die natu\u0308rliche Dynamik des Du\u0308nensy- stems. Diese Seegraswiesen, die Besterhaltensten des Mittelmeeres, wurden als bevorzugt geschu\u0308tz- ter Lebensraum in die Habitat-Richtlinie (92\/43\/ EWG) aufgenommen und von der UNESCO zum Weltnaturerbe erkla\u0308rt.<\/p>\n<p>&nbsp;<\/p>\n<h2>VEGETATION UND FAUNA<\/h2>\n<p>as Landgebiet des Naturparks beherbergt mit insgesamt 178 Arten einen Gro\u00dfteil aller auf den Pityusen bestehenden P anzen- formationen. Man ndet den Mittelmeerpinien- wald, an der Ku\u0308ste den Wacholder, die Queller und die halophile Vegetation rund um die Seen, das Du\u0308nensystem und die Ku\u0308stenvegetation an der Steilku\u0308ste.<\/p>\n<p>Etwa 210 Vogelarten wurden im Naturpark ge- za\u0308hlt. Besonders erwa\u0308hnenswert sind die Was- servo\u0308gel-Kolonien wie der Rosa amingo (Phoe- nicopterus roseus), der Stelzenla\u0308ufer (Himantopus himantopus), die Brandgans (Tadorna tadorna), der Seeregenpfeifer (Charadrius alexandrinus) und die Seevo\u0308gel-Kolonien wie die Korallenmo\u0308we (Larus audouinii) und der Balearen-Sturmtaucher (Pu \u2013 nus mauretanicus).<\/p>\n<p>Im Binnensee\u201eL\u2019Estany Pudent de Formentera\u201dgibt es einen der gro\u0308\u00dften Schwarzhalstaucherschwa\u0308r- me Europas (Podiceps nigricollis).<\/p>\n<p>Zu den besonders erwa\u0308hnenswertem Landtieren geho\u0308ren die Pityusen-Eidechse (Podarcis pityusen- sis), eine endemische Art mit verschiedenen Un- tergruppen, der Gartenschla\u0308fer (Elyomis quercinus ophiusae) auf Formentera und verschiedene ande- ren endemische Schnecken- und Ka\u0308ferarten.[\/vc_column_text][\/vc_column][\/vc_row][vc_row full_width=&#8220;stretch_row_content_no_spaces&#8220; enable_hue_rotation=&#8220;no&#8220; enable_text_marquee=&#8220;no&#8220; el_id=&#8220;galeria&#8220; el_class=&#8220;galeria&#8220;][vc_column css=&#8220;.vc_custom_1579097066588{padding-bottom: 20px !important;}&#8220;][vc_column_text]<style>#jtg-19096 .modula-item .jtg-social a, .lightbox-socials.jtg-social a{ fill: #ffffff; color: #ffffff }#jtg-19096 .modula-item .jtg-social-mobile a{ fill: #ffffff; color: #ffffff }#jtg-19096 .modula-item .jtg-social svg, .lightbox-socials.jtg-social svg { height: 16px; width: 16px }#jtg-19096 .modula-item .jtg-social-mobile svg { height: 16px; width: 16px }#jtg-19096 .modula-item .jtg-social a:not(:last-child), .lightbox-socials.jtg-social a:not(:last-child) { margin-right: 10px }#jtg-19096 .modula-item .jtg-social-mobile .jtg-social-mobile-icons a:not(:last-child){ margin-right: 10px }#jtg-19096 .modula-item .figc {color:#ffffff;}#jtg-19096 .modula-item .modula-item-content { transform: scale(1) }#jtg-19096 .modula-items .figc p.description { font-size:14px; }#jtg-19096 .modula-items .figc p.description { color:#ffffff;}#jtg-19096.modula-gallery .modula-item > a, #jtg-19096.modula-gallery .modula-item, #jtg-19096.modula-gallery .modula-item-content > a:not(.modula-no-follow) { cursor:zoom-in; } #jtg-19096.modula-gallery .modula-item-content .modula-no-follow { cursor: default; } @media screen and (max-width:480px){#jtg-19096 .modula-item .figc .jtg-title {  font-size: 12px; }#jtg-19096 .modula-items .figc p.description { color:#ffffff;font-size:10px; }}#jtg-19096 .modula-items .modula-item:hover img{opacity:1;}<\/style>\n<div  id=\"jtg-19096\" class=\"modula modula-gallery modula-custom-grid\" data-config=\"{&quot;height&quot;:800,&quot;tabletHeight&quot;:800,&quot;mobileHeight&quot;:800,&quot;desktopHeight&quot;:800,&quot;enableTwitter&quot;:true,&quot;enableWhatsapp&quot;:false,&quot;enableFacebook&quot;:true,&quot;enablePinterest&quot;:true,&quot;enableLinkedin&quot;:true,&quot;enableEmail&quot;:false,&quot;randomFactor&quot;:0.5,&quot;type&quot;:&quot;custom-grid&quot;,&quot;columns&quot;:12,&quot;gutter&quot;:0,&quot;mobileGutter&quot;:0,&quot;tabletGutter&quot;:0,&quot;desktopGutter&quot;:0,&quot;enableResponsive&quot;:&quot;1&quot;,&quot;tabletColumns&quot;:&quot;2&quot;,&quot;mobileColumns&quot;:&quot;1&quot;,&quot;lazyLoad&quot;:&quot;0&quot;,&quot;lightboxOpts&quot;:{&quot;animated&quot;:true,&quot;Thumbs&quot;:{&quot;type&quot;:&quot;modern&quot;,&quot;showOnStart&quot;:false},&quot;Toolbar&quot;:{&quot;display&quot;:{&quot;right&quot;:[&quot;close&quot;]},&quot;enabled&quot;:true},&quot;Carousel&quot;:{&quot;Panzoom&quot;:{&quot;touch&quot;:false},&quot;infinite&quot;:false},&quot;keyboard&quot;:{&quot;Escape&quot;:&quot;close&quot;,&quot;Delete&quot;:&quot;close&quot;,&quot;Backspace&quot;:&quot;close&quot;,&quot;PageUp&quot;:false,&quot;PageDown&quot;:false,&quot;ArrowUp&quot;:false,&quot;ArrowDown&quot;:false,&quot;ArrowRight&quot;:false,&quot;ArrowLeft&quot;:false},&quot;touch&quot;:false,&quot;backdropClick&quot;:false,&quot;l10n&quot;:{&quot;CLOSE&quot;:&quot;Close&quot;,&quot;NEXT&quot;:&quot;Next&quot;,&quot;PREV&quot;:&quot;Previous&quot;,&quot;Error&quot;:&quot;The requested content cannot be loaded. Please try again later.&quot;,&quot;PLAY_START&quot;:&quot;Start slideshow&quot;,&quot;PLAY_STOP&quot;:&quot;Pause slideshow&quot;,&quot;FULL_SCREEN&quot;:&quot;Full screen&quot;,&quot;THUMBS&quot;:&quot;Thumbnails&quot;,&quot;DOWNLOAD&quot;:&quot;Download&quot;,&quot;SHARE&quot;:&quot;Share&quot;,&quot;ZOOM&quot;:&quot;Zoom&quot;,&quot;EMAIL&quot;:&quot;Here is the link to the image : %%image_link%% and this is the link to the gallery : %%gallery_link%%&quot;,&quot;MODAL&quot;:&quot;You can close this modal content with the ESC key&quot;,&quot;ERROR&quot;:&quot;Something Went Wrong, Please Try Again Later&quot;,&quot;IMAGE_ERROR&quot;:&quot;Image Not Found&quot;,&quot;ELEMENT_NOT_FOUND&quot;:&quot;HTML Element Not Found&quot;,&quot;AJAX_NOT_FOUND&quot;:&quot;Error Loading AJAX : Not Found&quot;,&quot;AJAX_FORBIDDEN&quot;:&quot;Error Loading AJAX : Forbidden&quot;,&quot;IFRAME_ERROR&quot;:&quot;Error Loading Page&quot;,&quot;TOGGLE_ZOOM&quot;:&quot;Toggle zoom level&quot;,&quot;TOGGLE_THUMBS&quot;:&quot;Toggle thumbnails&quot;,&quot;TOGGLE_SLIDESHOW&quot;:&quot;Toggle slideshow&quot;,&quot;TOGGLE_FULLSCREEN&quot;:&quot;Toggle full-screen mode&quot;},&quot;Images&quot;:{&quot;Panzoom&quot;:{&quot;maxScale&quot;:2}},&quot;mainClass&quot;:&quot;modula-fancybox-container modula-lightbox-jtg-19096&quot;,&quot;Html&quot;:{&quot;videoAutoplay&quot;:0,&quot;videoTpl&quot;:&quot;&lt;video class=\\&quot;fancybox__html5video\\&quot; controls muted playsinline controlsList controlsList=\\&quot;nodownload\\&quot; poster=\\&quot;{{poster}}\\&quot; src=\\&quot;{{src}}\\&quot; type=\\&quot;{{format}}\\&quot; &gt;  Sorry, your browser doesn&#039;t support embedded videos, &lt;a href=\\&quot;{{src}}\\&quot;&gt; download &lt;\\\/a&gt; and watch with your favorite video player! &lt;\\\/video&gt;&quot;}},&quot;inView&quot;:false,&quot;email_subject&quot;:&quot;Check out this awesome image !!&quot;,&quot;email_message&quot;:&quot;Here is the link to the image : %%image_link%% and this is the link to the gallery : %%gallery_link%%&quot;,&quot;lightbox&quot;:&quot;fancybox&quot;}\">\n\n\t\n\t<div  class=\"modula-items\">\n\t\t<div class=\"modula-item\" data-width=\"12\" data-height=\"5\" >\n\t<div class=\"modula-item-content\">\n\t\t\n\t\t\t\t\t<a data-image-id=\"18863\" tabindex=\"0\" rel=\"jtg-19096\" data-caption=\"\" aria-label=\"Open image in lightbox\" role=\"button\" class=\"tile-inner modula-item-link\"><\/a>\n\t\t\n\t\t<img loading=\"lazy\" decoding=\"async\" class=\"pic wp-image-18863\"  data-valign=\"middle\" data-halign=\"center\" alt=\"\" data-full=\"https:\/\/www.santjosep.net\/wp-content\/uploads\/2020\/01\/shutterstock_1230809923.jpg\" title=\"shutterstock_1230809923\" width=\"1400\" height=\"933\" src=\"https:\/\/www.santjosep.net\/wp-content\/uploads\/2020\/01\/shutterstock_1230809923.jpg\" data-src=\"https:\/\/www.santjosep.net\/wp-content\/uploads\/2020\/01\/shutterstock_1230809923.jpg\" data-caption=\"\" srcset=\"https:\/\/www.santjosep.net\/wp-content\/uploads\/2020\/01\/shutterstock_1230809923.jpg 1400w, https:\/\/www.santjosep.net\/wp-content\/uploads\/2020\/01\/shutterstock_1230809923-300x200.jpg 300w, https:\/\/www.santjosep.net\/wp-content\/uploads\/2020\/01\/shutterstock_1230809923-1024x682.jpg 1024w, https:\/\/www.santjosep.net\/wp-content\/uploads\/2020\/01\/shutterstock_1230809923-768x512.jpg 768w\" sizes=\"auto, (max-width: 1400px) 100vw, 1400px\" \/>\n\t<\/div>\n\n<\/div><div class=\"modula-item\" data-width=\"5\" data-height=\"5\" >\n\t<div class=\"modula-item-content\">\n\t\t\n\t\t\t\t\t<a data-image-id=\"18911\" tabindex=\"0\" rel=\"jtg-19096\" data-caption=\"\" aria-label=\"Open image in lightbox\" role=\"button\" class=\"tile-inner modula-item-link\"><\/a>\n\t\t\n\t\t<img loading=\"lazy\" decoding=\"async\" class=\"pic wp-image-18911\"  data-valign=\"middle\" data-halign=\"center\" alt=\"\" data-full=\"https:\/\/www.santjosep.net\/wp-content\/uploads\/2020\/01\/P1083949.jpg\" title=\"P1083949\" width=\"1500\" height=\"1125\" src=\"https:\/\/www.santjosep.net\/wp-content\/uploads\/2020\/01\/P1083949.jpg\" data-src=\"https:\/\/www.santjosep.net\/wp-content\/uploads\/2020\/01\/P1083949.jpg\" data-caption=\"\" srcset=\"https:\/\/www.santjosep.net\/wp-content\/uploads\/2020\/01\/P1083949.jpg 1500w, https:\/\/www.santjosep.net\/wp-content\/uploads\/2020\/01\/P1083949-300x225.jpg 300w, https:\/\/www.santjosep.net\/wp-content\/uploads\/2020\/01\/P1083949-1024x768.jpg 1024w, https:\/\/www.santjosep.net\/wp-content\/uploads\/2020\/01\/P1083949-768x576.jpg 768w, https:\/\/www.santjosep.net\/wp-content\/uploads\/2020\/01\/P1083949-800x600.jpg 800w\" sizes=\"auto, (max-width: 1500px) 100vw, 1500px\" \/>\n\t<\/div>\n\n<\/div><div class=\"modula-item\" data-width=\"7\" data-height=\"5\" >\n\t<div class=\"modula-item-content\">\n\t\t\n\t\t\t\t\t<a data-image-id=\"19027\" tabindex=\"0\" rel=\"jtg-19096\" data-caption=\"\" aria-label=\"Open image in lightbox\" role=\"button\" class=\"tile-inner modula-item-link\"><\/a>\n\t\t\n\t\t<img loading=\"lazy\" decoding=\"async\" class=\"pic wp-image-19027\"  data-valign=\"middle\" data-halign=\"center\" alt=\"\" data-full=\"https:\/\/www.santjosep.net\/wp-content\/uploads\/2020\/01\/AdobeStock_4537670.jpg\" title=\"Lagartijas\" width=\"1800\" height=\"1200\" src=\"https:\/\/www.santjosep.net\/wp-content\/uploads\/2020\/01\/AdobeStock_4537670.jpg\" data-src=\"https:\/\/www.santjosep.net\/wp-content\/uploads\/2020\/01\/AdobeStock_4537670.jpg\" data-caption=\"\" srcset=\"https:\/\/www.santjosep.net\/wp-content\/uploads\/2020\/01\/AdobeStock_4537670.jpg 1800w, https:\/\/www.santjosep.net\/wp-content\/uploads\/2020\/01\/AdobeStock_4537670-300x200.jpg 300w, https:\/\/www.santjosep.net\/wp-content\/uploads\/2020\/01\/AdobeStock_4537670-1024x683.jpg 1024w, https:\/\/www.santjosep.net\/wp-content\/uploads\/2020\/01\/AdobeStock_4537670-768x512.jpg 768w, https:\/\/www.santjosep.net\/wp-content\/uploads\/2020\/01\/AdobeStock_4537670-1536x1024.jpg 1536w\" sizes=\"auto, (max-width: 1800px) 100vw, 1800px\" \/>\n\t<\/div>\n\n<\/div>\t\t\n\t<\/div>\n\n\t\n\t\n\t<script type=\"application\/ld+json\">\n\t{\n\t\t\"@context\": \"http:\/\/schema.org\",\n\t\t\"@type\"   : \"ImageGallery\",\n\t\t\"id\"      : \"https:\/\/www.santjosep.net\/de\/sehen\/natur\/die-salinen-auf-eivissa-und-formentera\/\",\n\t\t\"url\"     : \"https:\/\/www.santjosep.net\/de\/sehen\/natur\/die-salinen-auf-eivissa-und-formentera\/\"\n\t}\n\n\t<\/script>\n\n\t\n<\/div>\n[\/vc_column_text][\/vc_column][\/vc_row][vc_row enable_hue_rotation=&#8220;no&#8220; enable_text_marquee=&#8220;no&#8220;][vc_column][vc_column_text]<\/p>\n<h2>KARTE<\/h2>\n<p><a href=\"https:\/\/www.santjosep.net\/wp-content\/uploads\/2016\/03\/mapa_Page_2.jpg\" rel=\"attachment wp-att-5637\"><img loading=\"lazy\" decoding=\"async\" class=\"alignnone size-full wp-image-5639\" src=\"https:\/\/www.santjosep.net\/wp-content\/uploads\/2016\/03\/mapa_Page_2.jpg\" alt=\"mapa_Page_2\" width=\"1000\" height=\"1405\" srcset=\"https:\/\/www.santjosep.net\/wp-content\/uploads\/2016\/03\/mapa_Page_2.jpg 1000w, https:\/\/www.santjosep.net\/wp-content\/uploads\/2016\/03\/mapa_Page_2-214x300.jpg 214w, https:\/\/www.santjosep.net\/wp-content\/uploads\/2016\/03\/mapa_Page_2-768x1079.jpg 768w, https:\/\/www.santjosep.net\/wp-content\/uploads\/2016\/03\/mapa_Page_2-729x1024.jpg 729w, https:\/\/www.santjosep.net\/wp-content\/uploads\/2016\/03\/mapa_Page_2-300x422.jpg 300w\" sizes=\"auto, (max-width: 1000px) 100vw, 1000px\" \/><\/a><\/p>\n<h2>ACTIVIDADES OBJETO DE COMUNICACI\u00d3N, AUTORIZACI\u00d3N O PROHIBIDAS<\/h2>\n<p>Se tienen que autorizar previamente, entre otras, las actividades siguientes:<br \/>\n\u2022 Los proyectos de investigaci\u00f3n.<br \/>\n\u2022 El buceo deportivo.<br \/>\n\u2022 Las filmaciones y sesiones fotogr\u00e1ficas.<br \/>\n\u2022 Encender fuego.<br \/>\nNo se pueden llevar a cabo las actividades y aprovechamientos incompatibles con la conservaci\u00f3n y en especial:<br \/>\n\u2022 La circulaci\u00f3n con motos acu\u00e1ticas.<br \/>\n\u2022 La pesca submarina.<br \/>\n\u2022 El ba\u00f1o y la utilizaci\u00f3n de los barros de la laguna de S\u2019Espalmador.<br \/>\n\u2022 El uso p\u00fablico en los islotes y farallones y, por lo tanto, el desembarque en estas zonas y su frecuentaci\u00f3n.<br \/>\n\u2022 La extracci\u00f3n o recogida de fauna y flora tanto en el \u00e1mbito terrestre como en el marino.<br \/>\n\u2022 El uso de los estanques o \u00e1reas de explotaci\u00f3n salinera, fuera de las visitas o actividades debidamente autorizadas.<br \/>\n\u2022 La pernoctaci\u00f3n en acampada libre o mediante caravanas.<br \/>\n\u2022 Cualquier tipo de circulaci\u00f3n motorizada fuera de caminos y viales.<br \/>\n\u2022 La circulaci\u00f3n a pie por los sistemas dunares o h\u00e1bitats de inter\u00e9s o inter\u00e9s especial, fuera de las pasarelas o de las sendas y caminos se\u00f1alizados.<br \/>\nPara comunicar estas actividades o solicitar su autorizaci\u00f3n, pueden dirigirse a la Conserjer\u00eda de Medio Ambiente de la<br \/>\nc\/ Murcia, 6, Eivissa o Av. Gabriel Alomar i Villalonga, 33, Palma.<\/p>\n<p>ACTIVIDADES OBJETO DE COMUNICACI\u00d3N, AUTORIZACI\u00d3N O PROHIBIDAS<br \/>\nOficina del Parque natural de Ses Salines d\u2019Eivissa i Formentera<br \/>\nCarrer Murcia, 6 \u2013 Eivissa 07800<br \/>\nTel. 971 17 76 88 Ext. 4<br \/>\nFax. 971 39 47 95<br \/>\nwww.caib.es[\/vc_column_text][\/vc_column][\/vc_row]<\/p>\n<\/div>","protected":false},"excerpt":{"rendered":"<p>[vc_row enable_hue_rotation=&#8220;no&#8220; enable_text_marquee=&#8220;no&#8220; el_id=&#8220;b1-natsalinas&#8220;][vc_column][vc_row_inner][vc_column_inner width=&#8220;1\/2&#8243;][vc_column_text]Der Naturpark, \u201eSes Salines d\u2019Eivissa i Formentera\u00b7 be ndet sich mit den Schutzgebieten unter Was- ser und an Land zwischen den beiden Pityusen-Inseln Ibiza und Formentera.. Der Naturpark erstreckt sich vom Su\u0308den Ibizas bis zum Norden [&hellip;]<\/p>\n","protected":false},"author":1,"featured_media":18970,"parent":5677,"menu_order":0,"comment_status":"closed","ping_status":"closed","template":"","meta":{"_acf_changed":false,"inline_featured_image":false,"footnotes":""},"categoria_pagina":[],"class_list":["post-5848","page","type-page","status-publish","has-post-thumbnail","hentry"],"acf":[],"yoast_head":"<!-- This site is optimized with the Yoast SEO plugin v25.7 - https:\/\/yoast.com\/wordpress\/plugins\/seo\/ -->\n<title>Die Salinen auf Eivissa und Formentera - Santjosep.net<\/title>\n<meta name=\"robots\" content=\"index, follow, max-snippet:-1, max-image-preview:large, max-video-preview:-1\" \/>\n<link rel=\"canonical\" href=\"https:\/\/www.santjosep.net\/de\/sehen\/natur\/die-salinen-auf-eivissa-und-formentera\/\" \/>\n<meta property=\"og:locale\" content=\"de_DE\" \/>\n<meta property=\"og:type\" content=\"article\" \/>\n<meta property=\"og:title\" content=\"Die Salinen auf Eivissa und Formentera - Santjosep.net\" \/>\n<meta property=\"og:description\" content=\"[vc_row enable_hue_rotation=&#8220;no&#8220; enable_text_marquee=&#8220;no&#8220; el_id=&#8220;b1-natsalinas&#8220;][vc_column][vc_row_inner][vc_column_inner width=&#8220;1\/2&#8243;][vc_column_text]Der Naturpark, \u201eSes Salines d\u2019Eivissa i Formentera\u00b7 be ndet sich mit den Schutzgebieten unter Was- ser und an Land zwischen den beiden Pityusen-Inseln Ibiza und Formentera.. Der Naturpark erstreckt sich vom Su\u0308den Ibizas bis zum Norden [&hellip;]\" \/>\n<meta property=\"og:url\" content=\"https:\/\/www.santjosep.net\/de\/sehen\/natur\/die-salinen-auf-eivissa-und-formentera\/\" \/>\n<meta property=\"og:site_name\" content=\"Santjosep.net\" \/>\n<meta property=\"article:modified_time\" content=\"2025-06-28T07:25:04+00:00\" \/>\n<meta property=\"og:image\" content=\"https:\/\/www.santjosep.net\/wp-content\/uploads\/2020\/01\/patrimoni.jpg\" \/>\n\t<meta property=\"og:image:width\" content=\"1920\" \/>\n\t<meta property=\"og:image:height\" content=\"1080\" \/>\n\t<meta property=\"og:image:type\" content=\"image\/jpeg\" \/>\n<meta name=\"twitter:card\" content=\"summary_large_image\" \/>\n<meta name=\"twitter:label1\" content=\"Gesch\u00e4tzte Lesezeit\" \/>\n\t<meta name=\"twitter:data1\" content=\"6\u00a0Minuten\" \/>\n<script type=\"application\/ld+json\" class=\"yoast-schema-graph\">{\"@context\":\"https:\/\/schema.org\",\"@graph\":[{\"@type\":\"WebPage\",\"@id\":\"https:\/\/www.santjosep.net\/de\/sehen\/natur\/die-salinen-auf-eivissa-und-formentera\/\",\"url\":\"https:\/\/www.santjosep.net\/de\/sehen\/natur\/die-salinen-auf-eivissa-und-formentera\/\",\"name\":\"Die Salinen auf Eivissa und Formentera - Santjosep.net\",\"isPartOf\":{\"@id\":\"https:\/\/www.santjosep.net\/#website\"},\"primaryImageOfPage\":{\"@id\":\"https:\/\/www.santjosep.net\/de\/sehen\/natur\/die-salinen-auf-eivissa-und-formentera\/#primaryimage\"},\"image\":{\"@id\":\"https:\/\/www.santjosep.net\/de\/sehen\/natur\/die-salinen-auf-eivissa-und-formentera\/#primaryimage\"},\"thumbnailUrl\":\"https:\/\/www.santjosep.net\/wp-content\/uploads\/2020\/01\/patrimoni.jpg\",\"datePublished\":\"2016-03-07T08:53:10+00:00\",\"dateModified\":\"2025-06-28T07:25:04+00:00\",\"breadcrumb\":{\"@id\":\"https:\/\/www.santjosep.net\/de\/sehen\/natur\/die-salinen-auf-eivissa-und-formentera\/#breadcrumb\"},\"inLanguage\":\"de\",\"potentialAction\":[{\"@type\":\"ReadAction\",\"target\":[\"https:\/\/www.santjosep.net\/de\/sehen\/natur\/die-salinen-auf-eivissa-und-formentera\/\"]}]},{\"@type\":\"ImageObject\",\"inLanguage\":\"de\",\"@id\":\"https:\/\/www.santjosep.net\/de\/sehen\/natur\/die-salinen-auf-eivissa-und-formentera\/#primaryimage\",\"url\":\"https:\/\/www.santjosep.net\/wp-content\/uploads\/2020\/01\/patrimoni.jpg\",\"contentUrl\":\"https:\/\/www.santjosep.net\/wp-content\/uploads\/2020\/01\/patrimoni.jpg\",\"width\":1920,\"height\":1080},{\"@type\":\"BreadcrumbList\",\"@id\":\"https:\/\/www.santjosep.net\/de\/sehen\/natur\/die-salinen-auf-eivissa-und-formentera\/#breadcrumb\",\"itemListElement\":[{\"@type\":\"ListItem\",\"position\":1,\"name\":\"Sehen\",\"item\":\"https:\/\/www.santjosep.net\/de\/sehen\/\"},{\"@type\":\"ListItem\",\"position\":2,\"name\":\"Natur\",\"item\":\"https:\/\/www.santjosep.net\/de\/sehen\/natur\/\"},{\"@type\":\"ListItem\",\"position\":3,\"name\":\"Die Salinen auf Eivissa und Formentera\"}]},{\"@type\":\"WebSite\",\"@id\":\"https:\/\/www.santjosep.net\/#website\",\"url\":\"https:\/\/www.santjosep.net\/\",\"name\":\"Santjosep.net\",\"description\":\"\",\"potentialAction\":[{\"@type\":\"SearchAction\",\"target\":{\"@type\":\"EntryPoint\",\"urlTemplate\":\"https:\/\/www.santjosep.net\/?s={search_term_string}\"},\"query-input\":{\"@type\":\"PropertyValueSpecification\",\"valueRequired\":true,\"valueName\":\"search_term_string\"}}],\"inLanguage\":\"de\"}]}<\/script>\n<!-- \/ Yoast SEO plugin. -->","yoast_head_json":{"title":"Die Salinen auf Eivissa und Formentera - Santjosep.net","robots":{"index":"index","follow":"follow","max-snippet":"max-snippet:-1","max-image-preview":"max-image-preview:large","max-video-preview":"max-video-preview:-1"},"canonical":"https:\/\/www.santjosep.net\/de\/sehen\/natur\/die-salinen-auf-eivissa-und-formentera\/","og_locale":"de_DE","og_type":"article","og_title":"Die Salinen auf Eivissa und Formentera - Santjosep.net","og_description":"[vc_row enable_hue_rotation=&#8220;no&#8220; enable_text_marquee=&#8220;no&#8220; el_id=&#8220;b1-natsalinas&#8220;][vc_column][vc_row_inner][vc_column_inner width=&#8220;1\/2&#8243;][vc_column_text]Der Naturpark, \u201eSes Salines d\u2019Eivissa i Formentera\u00b7 be ndet sich mit den Schutzgebieten unter Was- ser und an Land zwischen den beiden Pityusen-Inseln Ibiza und Formentera.. Der Naturpark erstreckt sich vom Su\u0308den Ibizas bis zum Norden [&hellip;]","og_url":"https:\/\/www.santjosep.net\/de\/sehen\/natur\/die-salinen-auf-eivissa-und-formentera\/","og_site_name":"Santjosep.net","article_modified_time":"2025-06-28T07:25:04+00:00","og_image":[{"width":1920,"height":1080,"url":"https:\/\/www.santjosep.net\/wp-content\/uploads\/2020\/01\/patrimoni.jpg","type":"image\/jpeg"}],"twitter_card":"summary_large_image","twitter_misc":{"Gesch\u00e4tzte Lesezeit":"6\u00a0Minuten"},"schema":{"@context":"https:\/\/schema.org","@graph":[{"@type":"WebPage","@id":"https:\/\/www.santjosep.net\/de\/sehen\/natur\/die-salinen-auf-eivissa-und-formentera\/","url":"https:\/\/www.santjosep.net\/de\/sehen\/natur\/die-salinen-auf-eivissa-und-formentera\/","name":"Die Salinen auf Eivissa und Formentera - Santjosep.net","isPartOf":{"@id":"https:\/\/www.santjosep.net\/#website"},"primaryImageOfPage":{"@id":"https:\/\/www.santjosep.net\/de\/sehen\/natur\/die-salinen-auf-eivissa-und-formentera\/#primaryimage"},"image":{"@id":"https:\/\/www.santjosep.net\/de\/sehen\/natur\/die-salinen-auf-eivissa-und-formentera\/#primaryimage"},"thumbnailUrl":"https:\/\/www.santjosep.net\/wp-content\/uploads\/2020\/01\/patrimoni.jpg","datePublished":"2016-03-07T08:53:10+00:00","dateModified":"2025-06-28T07:25:04+00:00","breadcrumb":{"@id":"https:\/\/www.santjosep.net\/de\/sehen\/natur\/die-salinen-auf-eivissa-und-formentera\/#breadcrumb"},"inLanguage":"de","potentialAction":[{"@type":"ReadAction","target":["https:\/\/www.santjosep.net\/de\/sehen\/natur\/die-salinen-auf-eivissa-und-formentera\/"]}]},{"@type":"ImageObject","inLanguage":"de","@id":"https:\/\/www.santjosep.net\/de\/sehen\/natur\/die-salinen-auf-eivissa-und-formentera\/#primaryimage","url":"https:\/\/www.santjosep.net\/wp-content\/uploads\/2020\/01\/patrimoni.jpg","contentUrl":"https:\/\/www.santjosep.net\/wp-content\/uploads\/2020\/01\/patrimoni.jpg","width":1920,"height":1080},{"@type":"BreadcrumbList","@id":"https:\/\/www.santjosep.net\/de\/sehen\/natur\/die-salinen-auf-eivissa-und-formentera\/#breadcrumb","itemListElement":[{"@type":"ListItem","position":1,"name":"Sehen","item":"https:\/\/www.santjosep.net\/de\/sehen\/"},{"@type":"ListItem","position":2,"name":"Natur","item":"https:\/\/www.santjosep.net\/de\/sehen\/natur\/"},{"@type":"ListItem","position":3,"name":"Die Salinen auf Eivissa und Formentera"}]},{"@type":"WebSite","@id":"https:\/\/www.santjosep.net\/#website","url":"https:\/\/www.santjosep.net\/","name":"Santjosep.net","description":"","potentialAction":[{"@type":"SearchAction","target":{"@type":"EntryPoint","urlTemplate":"https:\/\/www.santjosep.net\/?s={search_term_string}"},"query-input":{"@type":"PropertyValueSpecification","valueRequired":true,"valueName":"search_term_string"}}],"inLanguage":"de"}]}},"_links":{"self":[{"href":"https:\/\/www.santjosep.net\/de\/wp-json\/wp\/v2\/pages\/5848","targetHints":{"allow":["GET"]}}],"collection":[{"href":"https:\/\/www.santjosep.net\/de\/wp-json\/wp\/v2\/pages"}],"about":[{"href":"https:\/\/www.santjosep.net\/de\/wp-json\/wp\/v2\/types\/page"}],"author":[{"embeddable":true,"href":"https:\/\/www.santjosep.net\/de\/wp-json\/wp\/v2\/users\/1"}],"replies":[{"embeddable":true,"href":"https:\/\/www.santjosep.net\/de\/wp-json\/wp\/v2\/comments?post=5848"}],"version-history":[{"count":0,"href":"https:\/\/www.santjosep.net\/de\/wp-json\/wp\/v2\/pages\/5848\/revisions"}],"up":[{"embeddable":true,"href":"https:\/\/www.santjosep.net\/de\/wp-json\/wp\/v2\/pages\/5677"}],"wp:featuredmedia":[{"embeddable":true,"href":"https:\/\/www.santjosep.net\/de\/wp-json\/wp\/v2\/media\/18970"}],"wp:attachment":[{"href":"https:\/\/www.santjosep.net\/de\/wp-json\/wp\/v2\/media?parent=5848"}],"wp:term":[{"taxonomy":"categoria_pagina","embeddable":true,"href":"https:\/\/www.santjosep.net\/de\/wp-json\/wp\/v2\/categoria_pagina?post=5848"}],"curies":[{"name":"wp","href":"https:\/\/api.w.org\/{rel}","templated":true}]}}