{"id":5600,"date":"2016-03-07T08:46:42","date_gmt":"2016-03-07T08:46:42","guid":{"rendered":"https:\/\/www.santjosep.net\/de\/wanderungen-in-sant-josep-ibiza\/sa-talaia\/"},"modified":"2020-01-24T08:54:20","modified_gmt":"2020-01-24T07:54:20","slug":"sa-talaia","status":"publish","type":"page","link":"https:\/\/www.santjosep.net\/de\/aktiver-tourismus\/wanderungen-in-sant-josep-ibiza\/sa-talaia\/","title":{"rendered":"Sa Talaia"},"content":{"rendered":"<p>Wir haben f\u00fcr Sie eine neue Wanderstrecke ausgearbeitet, die Sie durch eine der sch\u00f6nsten Landschaften von Sant Josep de Sa Talaia f\u00fchren wird. Steigen Sie auf die Spitze von Sa Talaia, mit 475 Metern die h\u00f6chste Erhebung Ibizas, von der aus man einen unglaublichen Ausblick auf unsere Gemeinde, auf einen Gro\u00dfteil der Insel Ibiza und die K\u00fcste Formenteras hat. Ein sehr empfehlenswerter Ausflug an klaren Tagen.<\/p>\n<h2>Karte<\/h2>\n<p><iframe loading=\"lazy\" src=\"https:\/\/mapsengine.google.com\/map\/embed?mid=znaHCaX734e8.k5mP8YDKZX9Y\" width=\"795\" height=\"480\"><\/iframe><\/p>\n<p><strong>Schwierigkeitsgrad<\/strong>: leicht bis mittel<br \/>\n<strong>L\u00e4nge<\/strong>: 2,40 km.<br \/>\n<strong>Gesch\u00e4tzte Dauer<\/strong>: 1 Stunde und 15 Minuten (Aufstieg)<br \/>\n<strong>Empfehlungen<\/strong>: Sportschuhe und sportliche Kleidung sowie Wasser<\/p>\n<h2>Kommen Sie mit auf einen Spaziergang von Sant Josep nach Sa Talaia<\/h2>\n<p>Auch wenn der Weg bergauf geht, gibt es keinen Grund zur Sorge. Unsere Strecke ist recht einfach und hat wenig H\u00f6henunterschiede, nur zum Ende hin wird es etwas steiler. W\u00e4hrend des Aufstiegs empfehlen wir, immer mal wieder Pausen einzulegen, um die Landschaft zu genie\u00dfen oder Fotos zu machen&#8230;<\/p>\n<div id=\"attachment_2058\" style=\"width: 1010px\" class=\"wp-caption alignnone\"><a href=\"https:\/\/www.santjosep.net\/wp-content\/uploads\/2014\/05\/santjosep_IMG_1091.jpg\"><img loading=\"lazy\" decoding=\"async\" aria-describedby=\"caption-attachment-2058\" class=\"size-full wp-image-2058\" src=\"https:\/\/www.santjosep.net\/wp-content\/uploads\/2014\/05\/santjosep_IMG_1091.jpg\" alt=\"santjosep_IMG_1091\" width=\"1000\" height=\"667\" srcset=\"https:\/\/www.santjosep.net\/wp-content\/uploads\/2014\/05\/santjosep_IMG_1091.jpg 1000w, https:\/\/www.santjosep.net\/wp-content\/uploads\/2014\/05\/santjosep_IMG_1091-300x200.jpg 300w, https:\/\/www.santjosep.net\/wp-content\/uploads\/2014\/05\/santjosep_IMG_1091-768x512.jpg 768w\" sizes=\"auto, (max-width: 1000px) 100vw, 1000px\" \/><\/a><p id=\"caption-attachment-2058\" class=\"wp-caption-text\">Iglesia de Sant Josep de Sa Talaia<\/p><\/div>\n<p>Der Weg beginnt am Kirchplatz, gehen Sie die Stra\u00dfe Sa Talaia hinauf, vorbei am Kulturzentrum Can Jeroni, in dem regelm\u00e4\u00dfig Ausstellungen zu Malerei, Bildhauerkunst oder Fotografie stattfinden. Nach kurzer Zeit verwandelt sich die Stra\u00dfe in einen Weg inmitten eines Pinienwaldes mit landestypischer Vegetation. Der Wanderweg ist leicht zug\u00e4nglich und verl\u00e4uft am Fu\u00dfe der angrenzenden H\u00fcgel um Sa Talaia. Das wundersch\u00f6ne Panorama sorgt daf\u00fcr, dass der Aufstieg leicht f\u00e4llt. Wenn Sie Gl\u00fcck haben, l\u00e4uft Ihnen sogar eine Ginsterkatze \u00fcber den Weg, das exotischste S\u00e4ugetier Ibizas. Da dies allerdings recht scheue Tiere sind, bekommt man die Ginsterkatze nur selten zu Gesicht.<\/p>\n<p>Auf dem ersten Streckenabschnitt k\u00f6nnen Sie vor allem sch\u00f6ne l\u00e4ndliche Umgebungen, verstreute ibizenkische H\u00e4user zwischen den Terrassen aus Steinmauern, Ackerland und die W\u00e4lder der Gegend sehen. Folgen Sie dem Weg bis zur Spitze. Dort befinden sich zwei Aussichtspunkte, von denen aus Sie einen Gro\u00dfteil der Insel sehen und wirklich wundersch\u00f6ne Fotos machen k\u00f6nnen.<\/p>\n<div id=\"attachment_2062\" style=\"width: 1034px\" class=\"wp-caption alignnone\"><a href=\"https:\/\/www.santjosep.net\/wp-content\/uploads\/2014\/05\/satalaia_santantoni_IMG_4751.jpg\"><img loading=\"lazy\" decoding=\"async\" aria-describedby=\"caption-attachment-2062\" class=\"size-large wp-image-2062\" src=\"https:\/\/www.santjosep.net\/wp-content\/uploads\/2014\/05\/satalaia_santantoni_IMG_4751-1024x682.jpg\" alt=\"satalaia_santantoni_IMG_4751\" width=\"1024\" height=\"682\" srcset=\"https:\/\/www.santjosep.net\/wp-content\/uploads\/2014\/05\/satalaia_santantoni_IMG_4751-1024x682.jpg 1024w, https:\/\/www.santjosep.net\/wp-content\/uploads\/2014\/05\/satalaia_santantoni_IMG_4751-300x200.jpg 300w, https:\/\/www.santjosep.net\/wp-content\/uploads\/2014\/05\/satalaia_santantoni_IMG_4751.jpg 1200w\" sizes=\"auto, (max-width: 1024px) 100vw, 1024px\" \/><\/a><p id=\"caption-attachment-2062\" class=\"wp-caption-text\">Cala de Bou y la bah\u00eda de Sant Antoni<\/p><\/div>\n<p>Wenn Sie sich direkt neben die Antenne stellen und in Richtung Norden blicken, k\u00f6nnen Sie Folgendes sehen: Die Bucht von Sant Antoni, die Umrisse des St\u00e4dtchens Sant Antoni, das Cap Non\u00f3, das Feriengebiet Cala de Bou sowie den Hafen Port des Torrent. Am sch\u00f6nsten ist es, den Ausblick in der Abendd\u00e4mmerung zu genie\u00dfen, wenn die Sonne untergeht.<\/p>\n<p>Wenn Sie in Richtung S\u00fcden schauen, sehen Sie die Bucht von Porroig, Cala Jondal und die K\u00fcste von Formentera im Hintergrund \u2013 einfach atemberaubend!<\/p>\n<div id=\"attachment_2060\" style=\"width: 1034px\" class=\"wp-caption alignnone\"><a href=\"https:\/\/www.santjosep.net\/wp-content\/uploads\/2014\/05\/satalaia_IMG_4721.jpg\"><img loading=\"lazy\" decoding=\"async\" aria-describedby=\"caption-attachment-2060\" class=\"size-large wp-image-2060\" src=\"https:\/\/www.santjosep.net\/wp-content\/uploads\/2014\/05\/satalaia_IMG_4721-1024x682.jpg\" alt=\"satalaia_IMG_4721\" width=\"1024\" height=\"682\" srcset=\"https:\/\/www.santjosep.net\/wp-content\/uploads\/2014\/05\/satalaia_IMG_4721-1024x682.jpg 1024w, https:\/\/www.santjosep.net\/wp-content\/uploads\/2014\/05\/satalaia_IMG_4721-300x200.jpg 300w, https:\/\/www.santjosep.net\/wp-content\/uploads\/2014\/05\/satalaia_IMG_4721.jpg 1200w\" sizes=\"auto, (max-width: 1024px) 100vw, 1024px\" \/><\/a><p id=\"caption-attachment-2060\" class=\"wp-caption-text\">Cala Jondal, Salinas y al fondo la isla de Formentera<span style=\"font-size: 13px; line-height: 19px;\"> <\/span><\/p><\/div>\n<p>F\u00fcr weitere Ausblicke kehren Sie auf den Hauptweg zur\u00fcck. Die Antenne befindet sich nun hinter Ihnen und Sie sehen neben dem Parkplatz einen kleinen Weg, der auf einen H\u00fcgel f\u00fchrt. Von dem H\u00fcgel aus er\u00f6ffnet sich Ihnen ein spektakul\u00e4res Panorama der Westk\u00fcste von Sant Josep: Vom Strand Cala Basse bis zu Platges de Comte k\u00f6nnen Sie das Naturschutzgebiet Illots de Ponent sehen \u2013 atemberaubend! An sehr klaren Tagen kann man sogar die K\u00fcste des spanischen Festlandes um Valencia ersp\u00e4hen.<\/p>\n<div id=\"attachment_2071\" style=\"width: 1010px\" class=\"wp-caption alignnone\"><a href=\"https:\/\/www.santjosep.net\/wp-content\/uploads\/2014\/05\/satalaia_IMG_4772.jpg\"><img loading=\"lazy\" decoding=\"async\" aria-describedby=\"caption-attachment-2071\" class=\"size-full wp-image-2071\" src=\"https:\/\/www.santjosep.net\/wp-content\/uploads\/2014\/05\/satalaia_IMG_4772.jpg\" alt=\"satalaia_IMG_4772\" width=\"1000\" height=\"667\" srcset=\"https:\/\/www.santjosep.net\/wp-content\/uploads\/2014\/05\/satalaia_IMG_4772.jpg 1000w, https:\/\/www.santjosep.net\/wp-content\/uploads\/2014\/05\/satalaia_IMG_4772-300x200.jpg 300w\" sizes=\"auto, (max-width: 1000px) 100vw, 1000px\" \/><\/a><p id=\"caption-attachment-2071\" class=\"wp-caption-text\">Vista al atardecer del Illots de Ponent y la costa de Sant Josep<\/p><\/div>\n<p>Und nun machen Sie sich auf den R\u00fcckweg! Ein Spaziergang, der Ihnen wohl noch lange im Ged\u00e4chtnis bleiben wird\u2026<\/p>\n","protected":false},"excerpt":{"rendered":"<p>Wir haben f\u00fcr Sie eine neue Wanderstrecke ausgearbeitet, die Sie durch eine der sch\u00f6nsten Landschaften von Sant Josep de Sa Talaia f\u00fchren wird. Steigen Sie auf die Spitze von Sa Talaia, mit 475 Metern die h\u00f6chste Erhebung Ibizas, von der [&hellip;]<\/p>\n","protected":false},"author":1,"featured_media":5601,"parent":5557,"menu_order":0,"comment_status":"closed","ping_status":"closed","template":"page-actividad.php","meta":{"_acf_changed":false,"inline_featured_image":false,"footnotes":""},"categoria_pagina":[],"class_list":["post-5600","page","type-page","status-publish","has-post-thumbnail","hentry"],"acf":[],"yoast_head":"<!-- This site is optimized with the Yoast SEO plugin v25.7 - https:\/\/yoast.com\/wordpress\/plugins\/seo\/ -->\n<title>Sa Talaia - Santjosep.net<\/title>\n<meta name=\"robots\" content=\"index, follow, max-snippet:-1, max-image-preview:large, max-video-preview:-1\" \/>\n<link rel=\"canonical\" href=\"https:\/\/www.santjosep.net\/de\/aktiver-tourismus\/wanderungen-in-sant-josep-ibiza\/sa-talaia\/\" \/>\n<meta property=\"og:locale\" content=\"de_DE\" \/>\n<meta property=\"og:type\" content=\"article\" \/>\n<meta property=\"og:title\" content=\"Sa Talaia - Santjosep.net\" \/>\n<meta property=\"og:description\" content=\"Wir haben f\u00fcr Sie eine neue Wanderstrecke ausgearbeitet, die Sie durch eine der sch\u00f6nsten Landschaften von Sant Josep de Sa Talaia f\u00fchren wird. Steigen Sie auf die Spitze von Sa Talaia, mit 475 Metern die h\u00f6chste Erhebung Ibizas, von der [&hellip;]\" \/>\n<meta property=\"og:url\" content=\"https:\/\/www.santjosep.net\/de\/aktiver-tourismus\/wanderungen-in-sant-josep-ibiza\/sa-talaia\/\" \/>\n<meta property=\"og:site_name\" content=\"Santjosep.net\" \/>\n<meta property=\"article:modified_time\" content=\"2020-01-24T07:54:20+00:00\" \/>\n<meta property=\"og:image\" content=\"https:\/\/www.santjosep.net\/wp-content\/uploads\/2014\/05\/satalaia_IMG_4787.jpg\" \/>\n\t<meta property=\"og:image:width\" content=\"1200\" \/>\n\t<meta property=\"og:image:height\" content=\"800\" \/>\n\t<meta property=\"og:image:type\" content=\"image\/jpeg\" \/>\n<meta name=\"twitter:card\" content=\"summary_large_image\" \/>\n<meta name=\"twitter:label1\" content=\"Gesch\u00e4tzte Lesezeit\" \/>\n\t<meta name=\"twitter:data1\" content=\"3\u00a0Minuten\" \/>\n<script type=\"application\/ld+json\" class=\"yoast-schema-graph\">{\"@context\":\"https:\/\/schema.org\",\"@graph\":[{\"@type\":\"WebPage\",\"@id\":\"https:\/\/www.santjosep.net\/de\/aktiver-tourismus\/wanderungen-in-sant-josep-ibiza\/sa-talaia\/\",\"url\":\"https:\/\/www.santjosep.net\/de\/aktiver-tourismus\/wanderungen-in-sant-josep-ibiza\/sa-talaia\/\",\"name\":\"Sa Talaia - Santjosep.net\",\"isPartOf\":{\"@id\":\"https:\/\/www.santjosep.net\/#website\"},\"primaryImageOfPage\":{\"@id\":\"https:\/\/www.santjosep.net\/de\/aktiver-tourismus\/wanderungen-in-sant-josep-ibiza\/sa-talaia\/#primaryimage\"},\"image\":{\"@id\":\"https:\/\/www.santjosep.net\/de\/aktiver-tourismus\/wanderungen-in-sant-josep-ibiza\/sa-talaia\/#primaryimage\"},\"thumbnailUrl\":\"https:\/\/www.santjosep.net\/wp-content\/uploads\/2014\/05\/satalaia_IMG_4787.jpg\",\"datePublished\":\"2016-03-07T08:46:42+00:00\",\"dateModified\":\"2020-01-24T07:54:20+00:00\",\"breadcrumb\":{\"@id\":\"https:\/\/www.santjosep.net\/de\/aktiver-tourismus\/wanderungen-in-sant-josep-ibiza\/sa-talaia\/#breadcrumb\"},\"inLanguage\":\"de\",\"potentialAction\":[{\"@type\":\"ReadAction\",\"target\":[\"https:\/\/www.santjosep.net\/de\/aktiver-tourismus\/wanderungen-in-sant-josep-ibiza\/sa-talaia\/\"]}]},{\"@type\":\"ImageObject\",\"inLanguage\":\"de\",\"@id\":\"https:\/\/www.santjosep.net\/de\/aktiver-tourismus\/wanderungen-in-sant-josep-ibiza\/sa-talaia\/#primaryimage\",\"url\":\"https:\/\/www.santjosep.net\/wp-content\/uploads\/2014\/05\/satalaia_IMG_4787.jpg\",\"contentUrl\":\"https:\/\/www.santjosep.net\/wp-content\/uploads\/2014\/05\/satalaia_IMG_4787.jpg\",\"width\":1200,\"height\":800},{\"@type\":\"BreadcrumbList\",\"@id\":\"https:\/\/www.santjosep.net\/de\/aktiver-tourismus\/wanderungen-in-sant-josep-ibiza\/sa-talaia\/#breadcrumb\",\"itemListElement\":[{\"@type\":\"ListItem\",\"position\":1,\"name\":\"Aktiver Tourismus\",\"item\":\"https:\/\/www.santjosep.net\/de\/aktiver-tourismus\/\"},{\"@type\":\"ListItem\",\"position\":2,\"name\":\"Wanderungen\",\"item\":\"https:\/\/www.santjosep.net\/de\/aktiver-tourismus\/wanderungen-in-sant-josep-ibiza\/\"},{\"@type\":\"ListItem\",\"position\":3,\"name\":\"Sa Talaia\"}]},{\"@type\":\"WebSite\",\"@id\":\"https:\/\/www.santjosep.net\/#website\",\"url\":\"https:\/\/www.santjosep.net\/\",\"name\":\"Santjosep.net\",\"description\":\"\",\"potentialAction\":[{\"@type\":\"SearchAction\",\"target\":{\"@type\":\"EntryPoint\",\"urlTemplate\":\"https:\/\/www.santjosep.net\/?s={search_term_string}\"},\"query-input\":{\"@type\":\"PropertyValueSpecification\",\"valueRequired\":true,\"valueName\":\"search_term_string\"}}],\"inLanguage\":\"de\"}]}<\/script>\n<!-- \/ Yoast SEO plugin. -->","yoast_head_json":{"title":"Sa Talaia - Santjosep.net","robots":{"index":"index","follow":"follow","max-snippet":"max-snippet:-1","max-image-preview":"max-image-preview:large","max-video-preview":"max-video-preview:-1"},"canonical":"https:\/\/www.santjosep.net\/de\/aktiver-tourismus\/wanderungen-in-sant-josep-ibiza\/sa-talaia\/","og_locale":"de_DE","og_type":"article","og_title":"Sa Talaia - Santjosep.net","og_description":"Wir haben f\u00fcr Sie eine neue Wanderstrecke ausgearbeitet, die Sie durch eine der sch\u00f6nsten Landschaften von Sant Josep de Sa Talaia f\u00fchren wird. Steigen Sie auf die Spitze von Sa Talaia, mit 475 Metern die h\u00f6chste Erhebung Ibizas, von der [&hellip;]","og_url":"https:\/\/www.santjosep.net\/de\/aktiver-tourismus\/wanderungen-in-sant-josep-ibiza\/sa-talaia\/","og_site_name":"Santjosep.net","article_modified_time":"2020-01-24T07:54:20+00:00","og_image":[{"width":1200,"height":800,"url":"https:\/\/www.santjosep.net\/wp-content\/uploads\/2014\/05\/satalaia_IMG_4787.jpg","type":"image\/jpeg"}],"twitter_card":"summary_large_image","twitter_misc":{"Gesch\u00e4tzte Lesezeit":"3\u00a0Minuten"},"schema":{"@context":"https:\/\/schema.org","@graph":[{"@type":"WebPage","@id":"https:\/\/www.santjosep.net\/de\/aktiver-tourismus\/wanderungen-in-sant-josep-ibiza\/sa-talaia\/","url":"https:\/\/www.santjosep.net\/de\/aktiver-tourismus\/wanderungen-in-sant-josep-ibiza\/sa-talaia\/","name":"Sa Talaia - Santjosep.net","isPartOf":{"@id":"https:\/\/www.santjosep.net\/#website"},"primaryImageOfPage":{"@id":"https:\/\/www.santjosep.net\/de\/aktiver-tourismus\/wanderungen-in-sant-josep-ibiza\/sa-talaia\/#primaryimage"},"image":{"@id":"https:\/\/www.santjosep.net\/de\/aktiver-tourismus\/wanderungen-in-sant-josep-ibiza\/sa-talaia\/#primaryimage"},"thumbnailUrl":"https:\/\/www.santjosep.net\/wp-content\/uploads\/2014\/05\/satalaia_IMG_4787.jpg","datePublished":"2016-03-07T08:46:42+00:00","dateModified":"2020-01-24T07:54:20+00:00","breadcrumb":{"@id":"https:\/\/www.santjosep.net\/de\/aktiver-tourismus\/wanderungen-in-sant-josep-ibiza\/sa-talaia\/#breadcrumb"},"inLanguage":"de","potentialAction":[{"@type":"ReadAction","target":["https:\/\/www.santjosep.net\/de\/aktiver-tourismus\/wanderungen-in-sant-josep-ibiza\/sa-talaia\/"]}]},{"@type":"ImageObject","inLanguage":"de","@id":"https:\/\/www.santjosep.net\/de\/aktiver-tourismus\/wanderungen-in-sant-josep-ibiza\/sa-talaia\/#primaryimage","url":"https:\/\/www.santjosep.net\/wp-content\/uploads\/2014\/05\/satalaia_IMG_4787.jpg","contentUrl":"https:\/\/www.santjosep.net\/wp-content\/uploads\/2014\/05\/satalaia_IMG_4787.jpg","width":1200,"height":800},{"@type":"BreadcrumbList","@id":"https:\/\/www.santjosep.net\/de\/aktiver-tourismus\/wanderungen-in-sant-josep-ibiza\/sa-talaia\/#breadcrumb","itemListElement":[{"@type":"ListItem","position":1,"name":"Aktiver Tourismus","item":"https:\/\/www.santjosep.net\/de\/aktiver-tourismus\/"},{"@type":"ListItem","position":2,"name":"Wanderungen","item":"https:\/\/www.santjosep.net\/de\/aktiver-tourismus\/wanderungen-in-sant-josep-ibiza\/"},{"@type":"ListItem","position":3,"name":"Sa Talaia"}]},{"@type":"WebSite","@id":"https:\/\/www.santjosep.net\/#website","url":"https:\/\/www.santjosep.net\/","name":"Santjosep.net","description":"","potentialAction":[{"@type":"SearchAction","target":{"@type":"EntryPoint","urlTemplate":"https:\/\/www.santjosep.net\/?s={search_term_string}"},"query-input":{"@type":"PropertyValueSpecification","valueRequired":true,"valueName":"search_term_string"}}],"inLanguage":"de"}]}},"_links":{"self":[{"href":"https:\/\/www.santjosep.net\/de\/wp-json\/wp\/v2\/pages\/5600","targetHints":{"allow":["GET"]}}],"collection":[{"href":"https:\/\/www.santjosep.net\/de\/wp-json\/wp\/v2\/pages"}],"about":[{"href":"https:\/\/www.santjosep.net\/de\/wp-json\/wp\/v2\/types\/page"}],"author":[{"embeddable":true,"href":"https:\/\/www.santjosep.net\/de\/wp-json\/wp\/v2\/users\/1"}],"replies":[{"embeddable":true,"href":"https:\/\/www.santjosep.net\/de\/wp-json\/wp\/v2\/comments?post=5600"}],"version-history":[{"count":0,"href":"https:\/\/www.santjosep.net\/de\/wp-json\/wp\/v2\/pages\/5600\/revisions"}],"up":[{"embeddable":true,"href":"https:\/\/www.santjosep.net\/de\/wp-json\/wp\/v2\/pages\/5557"}],"wp:featuredmedia":[{"embeddable":true,"href":"https:\/\/www.santjosep.net\/de\/wp-json\/wp\/v2\/media\/5601"}],"wp:attachment":[{"href":"https:\/\/www.santjosep.net\/de\/wp-json\/wp\/v2\/media?parent=5600"}],"wp:term":[{"taxonomy":"categoria_pagina","embeddable":true,"href":"https:\/\/www.santjosep.net\/de\/wp-json\/wp\/v2\/categoria_pagina?post=5600"}],"curies":[{"name":"wp","href":"https:\/\/api.w.org\/{rel}","templated":true}]}}