{"id":5590,"date":"2013-11-10T10:35:55","date_gmt":"2013-11-10T10:35:55","guid":{"rendered":"https:\/\/www.santjosep.net\/de\/ver\/playa-des-cubells\/"},"modified":"2025-09-29T09:23:06","modified_gmt":"2025-09-29T07:23:06","slug":"playa-des-cubells","status":"publish","type":"page","link":"https:\/\/www.santjosep.net\/de\/sehen\/strande\/playa-des-cubells\/","title":{"rendered":"Playa des Cubells"},"content":{"rendered":"<div class=\"wpb-content-wrapper\"><p>[vc_row enable_hue_rotation=&#8220;no&#8220; enable_text_marquee=&#8220;no&#8220; el_id=&#8220;BeachContent&#8220;][vc_column width=&#8220;7\/12&#8243; el_id=&#8220;beachInfo&#8220;][vc_column_text css=&#8220;.vc_custom_1759130334949{margin-bottom: 5% !important;}&#8220;]<\/p>\n<h3>Kleine Buchten unterhalb der Steilk\u00fcste von Es Cubells, atemberaubende Landschaft und sauberes Wasser<\/h3>\n<p>[\/vc_column_text][vc_column_text css=&#8220;&#8220;]Unterhalb des Aussichtspunkts und der Kirche in Es Cubells befinden sich mehrere kleine Buchten mit Kieselstrand und felsigen Abschnitten. Die Umgebung ist \u00fcberw\u00e4ltigend: eine pinienbewaldete Steilk\u00fcste, traditionelle Fischerh\u00fctten und ein glasklares Meer, das bereits wenige Meter vor der K\u00fcste recht tief ist. Auf den Steinen liegt man nicht sehr bequem, aber an diesem authentischen Ort kann man mit Wasserschuhen wunderbar baden und die Ruhe genie\u00dfen. Der Zugang ist an einigen Stellen sehr steil und der Platz ist begrenzt, daher sollte man im Sommer fr\u00fch da sein.[\/vc_column_text][vc_column_text css=&#8220;.vc_custom_1758874880338{margin-bottom: 3% !important;}&#8220;]<\/p>\n<h3>Weitere Informationen<\/h3>\n<p>[\/vc_column_text][vc_tta_accordion][vc_tta_section title=&#8220;Lage&#8220; tab_id=&#8220;1756196290052-952b1efe-851f99ac-1308b380-e84ed282-626b&#8220;][vc_column_text css=&#8220;&#8220;]F\u00fcr Naturliebhaber und einen Ausflug genau das Richtige. Die interessante Meeresvegetation l\u00e4dt vor allem Anf\u00e4nger zum Schnorcheln ein. Einige Ecken bietet sich zum Sonnen an und am Ende des Strandtages kann auch die lokale K\u00fcche probiert werden.[\/vc_column_text][\/vc_tta_section][vc_tta_section title=&#8220;Eigenschaften&#8220; tab_id=&#8220;1758875370139-04e42e12-cea0d282-626b&#8220;][vc_column_text css=&#8220;&#8220;]DIENSTLEISTUNGEN: Es gibt Verschiedenes zu entdecken.<br \/>\nNUTZUNG: Perfektes Ziel f\u00fcr einen Ausflug f\u00fcr junge Leute, die die Ruhe und das Schnorcheln lieben.[\/vc_column_text][\/vc_tta_section][vc_tta_section title=&#8220;Anfahrt&#8220; tab_id=&#8220;1756196290065-4232a508-008d99ac-1308b380-e84ed282-626b&#8220;][vc_column_text css=&#8220;&#8220;]Vom Ortskern Es Cubells aus f\u00fchrt eine Abzweigung auf der linken Seite zum Strand. Der Weg ist asphaltiert, jedoch wird er zum Ende hin schmaler, sodass man vorsichtig fahren sollte.<\/p>\n<p>TRANSPORT: Auto oder Fahrrad. Letzteres sollten eher nur diejenigen in Betracht ziehen, die \u00f6fter mit dem Rad unterwegs sind, da es ein starkes Gef\u00e4lle gibt. Von Es Cubells aus kann man auch den Bus nehmen.<br \/>\nENTFERNUNG: 22 km von Ibiza und 15 km von Sant Josep de sa Talaia<br \/>\nLokalisierung Es Cubells[\/vc_column_text][\/vc_tta_section][vc_tta_section title=&#8220;Orientierung und vorherrschende winde&#8220; tab_id=&#8220;1756196381957-a35356e1-c7b999ac-1308b380-e84ed282-626b&#8220;][vc_column_text css=&#8220;&#8220;]Durch die s\u00fcdliche Ausrichtung wehen hier Seitenwinde landaufw\u00e4rts.[\/vc_column_text][\/vc_tta_section][vc_tta_section title=&#8220;Panorama&#8220; tab_id=&#8220;1756196409710-ad413707-4ef799ac-1308b380-e84ed282-626b&#8220;][vc_column_text css=&#8220;&#8220;]<\/p>\n<div class=\"wpb_text_column wpb_content_element\">\n<div class=\"wpb_wrapper\">\n<p>Ein herrlicher Ort mit spektakul\u00e4rer Steilk\u00fcste.<\/p>\n<\/div>\n<\/div>\n<p>[\/vc_column_text][\/vc_tta_section][\/vc_tta_accordion][\/vc_column][vc_column width=&#8220;1\/12&#8243;][\/vc_column][vc_column width=&#8220;4\/12&#8243;][vc_row_inner][vc_column_inner el_id=&#8220;BeachMoreInfo&#8220; css=&#8220;.vc_custom_1756985880730{margin-top: 5% !important;margin-bottom: 5% !important;}&#8220;][vc_column_text css=&#8220;.vc_custom_1758875633230{margin-top: 20px !important;margin-bottom: 40px !important;}&#8220;]<\/p>\n<h3>Weitere Informationen<\/h3>\n<p>[\/vc_column_text][vc_raw_html css=&#8220;&#8220;]JTNDZGl2JTIwY2xhc3MlM0QlMjJiZWFjaEluZm9JdGVtJTIyJTNFJTBBJTIwJTIwJTNDZGl2JTIwY2xhc3MlM0QlMjJpY29uJTIyJTNFJTBBJTIwJTIwJTIwJTIwJTNDaW1nJTIwc3JjJTNEJTIyaHR0cHMlM0ElMkYlMkZ3d3cuc2FudGpvc2VwLm5ldCUyRndwLWNvbnRlbnQlMkZ1cGxvYWRzJTJGMjAyNSUyRjA5JTJGbG9jYXRpb24ucG5nJTIyJTIwYWx0JTNEJTIyTGFnZSUyMiUzRSUwQSUyMCUyMCUzQyUyRmRpdiUzRSUwQSUyMCUyMCUzQ2ElMjBocmVmJTNEJTIyJTIzbWFwJTIyJTNFS2FydGUlMjBhbnNlaGVuJTNDJTJGYSUzRSUwQSUzQyUyRmRpdiUzRSUwQSUwQSUzQ2RpdiUyMGNsYXNzJTNEJTIyYmVhY2hJbmZvSXRlbSUyMiUzRSUwQSUyMCUyMCUzQ2RpdiUyMGNsYXNzJTNEJTIyaWNvbiUyMiUzRSUwQSUyMCUyMCUyMCUyMCUzQ2ltZyUyMHNyYyUzRCUyMmh0dHBzJTNBJTJGJTJGd3d3LnNhbnRqb3NlcC5uZXQlMkZ3cC1jb250ZW50JTJGdXBsb2FkcyUyRjIwMjUlMkYwOSUyRmNvbW9sbGVnYXIucG5nJTIyJTIwYWx0JTNEJTIyV2llJTIwbWFuJTIwaGlua29tbXQlMjIlM0UlMEElMjAlMjAlM0MlMkZkaXYlM0UlMEElMjAlMjAlM0NhJTIwaHJlZiUzRCUyMmh0dHBzJTNBJTJGJTJGd3d3Lmdvb2dsZS5jb20lMkZtYXBzJTJGZGlyJTJGJTJGQ2FsYSUyQmRlcyUyQkN1YmVsbHMlMkYlNDAzOC44Nzc1NjQ2JTJDMS4yNjgzMTIlMkMxNXolMkZkYXRhJTNEJTIxNG04JTIxNG03JTIxMW0wJTIxMW01JTIxMW0xJTIxMXMweDEyOTk0YzZhOTM3OWIwZGQlM0EweGQzOTNjZjRlNTU5NmFlNTMlMjEybTIlMjExZDEuMjY4MzEyJTIxMmQzOC44Nzc1NjQ2JTNGZW50cnklM0R0dHUlMjZnX2VwJTNERWdveU1ESTFNRGt3TXk0d0lLWE1EU29BU0FGUUF3JTI1M0QlMjUzRCUyMiUyMHRhcmdldCUzRCUyMl9ibGFuayUyMiUzRVdpZSUyMG1hbiUyMGhpbmtvbW10JTNDJTJGYSUzRSUwQSUzQyUyRmRpdiUzRSUwQSUwQSUzQ2RpdiUyMGNsYXNzJTNEJTIyYmVhY2hJbmZvSXRlbSUyMiUzRSUwQSUyMCUyMCUzQ2RpdiUyMGNsYXNzJTNEJTIyaWNvbiUyMiUzRSUwQSUyMCUyMCUyMCUyMCUzQ2ltZyUyMHNyYyUzRCUyMmh0dHBzJTNBJTJGJTJGd3d3LnNhbnRqb3NlcC5uZXQlMkZ3cC1jb250ZW50JTJGdXBsb2FkcyUyRjIwMjUlMkYwOSUyRmluZm90aWVtcG9yZWFsLnBuZyUyMiUyMGFsdCUzRCUyMkVjaHR6ZWl0LUluZm9ybWF0aW9uZW4lMjB6dW0lMjBTdHJhbmQlMjIlM0UlMEElMjAlMjAlM0MlMkZkaXYlM0UlMEElMjAlMjAlM0NhJTIwaHJlZiUzRCUyMmh0dHBzJTNBJTJGJTJGd3d3LnBsYXRnZXNkZWJhbGVhcnMuY29tJTJGZXMlMkZwbGF5YSUyRmVzLWN1YmVsbHMlMjIlMjB0YXJnZXQlM0QlMjJfYmxhbmslMjIlM0VFY2h0emVpdGluZm9ybWF0aW9uZW4lM0MlMkZhJTNFJTBBJTNDJTJGZGl2JTNFJTBB[\/vc_raw_html][\/vc_column_inner][\/vc_row_inner][vc_row_inner][vc_column_inner el_id=&#8220;BeachServiceRow&#8220;][vc_column_text css=&#8220;.vc_custom_1758875523389{margin-bottom: 20px !important;}&#8220;]<\/p>\n<h3>Andere Dienstleistungen<\/h3>\n<p>[\/vc_column_text][vc_column_text css=&#8220;.vc_custom_1759130474513{margin-bottom: 40px !important;}&#8220; el_class=&#8220;servicetext&#8220;]<b>\u00a0<\/b>Restaurants in der N\u00e4he (in der Saison)[\/vc_column_text][vc_raw_html css=&#8220;&#8220;]JTNDZGl2JTIwY2xhc3MlM0QlMjJiZWFjaFNlcnZpY2VJdGVtJTIyJTNFJTBBJTIwJTIwJTNDZGl2JTIwY2xhc3MlM0QlMjJpY29uJTIyJTNFJTBBJTIwJTIwJTIwJTIwJTNDaW1nJTIwc3JjJTNEJTIyaHR0cHMlM0ElMkYlMkZ3d3cuc2FudGpvc2VwLm5ldCUyRndwLWNvbnRlbnQlMkZ1cGxvYWRzJTJGMjAyNSUyRjA5JTJGYmFub3MucG5nJTIyJTIwYWx0JTNEJTIyQmElQzMlQjFvcyUyMiUzRSUwQSUyMCUyMCUzQyUyRmRpdiUzRSUwQSUyMCUyMCUzQ3AlM0VJbSUyMG9mZml6aWVsbGVuJTIwSW5mb2JsYXR0JTIwbmljaHQlMjBhbmdlZ2ViZW4lM0MlMkZwJTNFJTBBJTNDJTJGZGl2JTNFJTBBJTBBJTNDZGl2JTIwY2xhc3MlM0QlMjJiZWFjaFNlcnZpY2VJdGVtJTIyJTNFJTBBJTIwJTIwJTNDZGl2JTIwY2xhc3MlM0QlMjJpY29uJTIyJTNFJTBBJTIwJTIwJTIwJTIwJTNDaW1nJTIwc3JjJTNEJTIyaHR0cHMlM0ElMkYlMkZ3d3cuc2FudGpvc2VwLm5ldCUyRndwLWNvbnRlbnQlMkZ1cGxvYWRzJTJGMjAyNSUyRjA5JTJGZHVjaGFzLnBuZyUyMiUyMGFsdCUzRCUyMkR1Y2hhcyUyMiUzRSUwQSUyMCUyMCUzQyUyRmRpdiUzRSUwQSUyMCUyMCUzQ3AlM0VJbSUyMG9mZml6aWVsbGVuJTIwSW5mb2JsYXR0JTIwbmljaHQlMjBhbmdlZ2ViZW4lM0MlMkZwJTNFJTBBJTNDJTJGZGl2JTNFJTBBJTBBJTNDZGl2JTIwY2xhc3MlM0QlMjJiZWFjaFNlcnZpY2VJdGVtJTIyJTNFJTBBJTIwJTIwJTNDZGl2JTIwY2xhc3MlM0QlMjJpY29uJTIyJTNFJTBBJTIwJTIwJTIwJTIwJTNDaW1nJTIwc3JjJTNEJTIyaHR0cHMlM0ElMkYlMkZ3d3cuc2FudGpvc2VwLm5ldCUyRndwLWNvbnRlbnQlMkZ1cGxvYWRzJTJGMjAyNSUyRjA5JTJGcmFtcGEucG5nJTIyJTIwYWx0JTNEJTIyUmFtcGElMjIlM0UlMEElMjAlMjAlM0MlMkZkaXYlM0UlMEElMjAlMjAlM0NwJTNFSW0lMjBvZmZpemllbGxlbiUyMEluZm9ibGF0dCUyMG5pY2h0JTIwYW5nZWdlYmVuJTNDJTJGcCUzRSUwQSUzQyUyRmRpdiUzRSUwQSUwQSUzQ2RpdiUyMGNsYXNzJTNEJTIyYmVhY2hTZXJ2aWNlSXRlbSUyMiUzRSUwQSUyMCUyMCUzQ2RpdiUyMGNsYXNzJTNEJTIyaWNvbiUyMiUzRSUwQSUyMCUyMCUyMCUyMCUzQ2ltZyUyMHNyYyUzRCUyMmh0dHBzJTNBJTJGJTJGd3d3LnNhbnRqb3NlcC5uZXQlMkZ3cC1jb250ZW50JTJGdXBsb2FkcyUyRjIwMjUlMkYwOSUyRnBhcmtpbmcucG5nJTIyJTIwYWx0JTNEJTIyQXBhcmNhbWllbnRvJTIyJTNFJTBBJTIwJTIwJTNDJTJGZGl2JTNFJTBBJTIwJTIwJTNDcCUzRU5laW4lM0MlMkZwJTNFJTBBJTNDJTJGZGl2JTNFJTBBJTBBJTNDZGl2JTIwY2xhc3MlM0QlMjJiZWFjaFNlcnZpY2VJdGVtJTIyJTNFJTBBJTIwJTIwJTNDZGl2JTIwY2xhc3MlM0QlMjJpY29uJTIyJTNFJTBBJTIwJTIwJTIwJTIwJTNDaW1nJTIwc3JjJTNEJTIyaHR0cHMlM0ElMkYlMkZ3d3cuc2FudGpvc2VwLm5ldCUyRndwLWNvbnRlbnQlMkZ1cGxvYWRzJTJGMjAyNSUyRjA5JTJGdmlnaWxhbmNpYS5wbmclMjIlMjBhbHQlM0QlMjJWaWdpbGFuY2lhJTIyJTNFJTBBJTIwJTIwJTNDJTJGZGl2JTNFJTBBJTIwJTIwJTNDcCUzRUltJTIwb2ZmaXppZWxsZW4lMjBJbmZvYmxhdHQlMjBuaWNodCUyMGFuZ2VnZWJlbiUzQyUyRnAlM0UlMEElM0MlMkZkaXYlM0UlMEElMEElM0NkaXYlMjBjbGFzcyUzRCUyMmJlYWNoU2VydmljZUl0ZW0lMjIlM0UlMEElMjAlMjAlM0NkaXYlMjBjbGFzcyUzRCUyMmljb24lMjIlM0UlMEElMjAlMjAlMjAlMjAlM0NpbWclMjBzcmMlM0QlMjJodHRwcyUzQSUyRiUyRnd3dy5zYW50am9zZXAubmV0JTJGd3AtY29udGVudCUyRnVwbG9hZHMlMkYyMDI1JTJGMDklMkZiYW5kZXJhYXp1bC5wbmclMjIlMjBhbHQlM0QlMjJCYW5kZXJhJTIwQXp1bCUyMiUzRSUwQSUyMCUyMCUzQyUyRmRpdiUzRSUwQSUyMCUyMCUzQ3AlM0VCbGF1ZSUyMEZsYWdnZSUyMDIwMjUlM0ElMjBOZWluJTNDJTJGcCUzRSUwQSUzQyUyRmRpdiUzRSUwQQ==[\/vc_raw_html][\/vc_column_inner][\/vc_row_inner][\/vc_column][\/vc_row][vc_row enable_hue_rotation=&#8220;no&#8220; enable_text_marquee=&#8220;no&#8220; css=&#8220;.vc_custom_1756196695712{margin-top: 5% !important;margin-bottom: 5% !important;}&#8220;][vc_column][vc_column_text css=&#8220;&#8220;]<\/p>\n<h2>Karte<\/h2>\n<p>[\/vc_column_text][\/vc_column][\/vc_row][vc_row enable_hue_rotation=&#8220;no&#8220; enable_text_marquee=&#8220;no&#8220; el_id=&#8220;map&#8220;][vc_column][vc_raw_html css=&#8220;&#8220;]JTNDaWZyYW1lJTIwc3JjJTNEJTIyaHR0cHMlM0ElMkYlMkZ3d3cuZ29vZ2xlLmNvbSUyRm1hcHMlMkZlbWJlZCUzRnBiJTNEJTIxMW0xOCUyMTFtMTIlMjExbTMlMjExZDEyNDI0LjExODU3NTIyMTM2NiUyMTJkMS4yNTgwMTIyNzc3NTIyNDk2JTIxM2QzOC44Nzc1NjM1OTc2NTA0ODYlMjEybTMlMjExZjAlMjEyZjAlMjEzZjAlMjEzbTIlMjExaTEwMjQlMjEyaTc2OCUyMTRmMTMuMSUyMTNtMyUyMTFtMiUyMTFzMHgxMjk5NGM2YTkzNzliMGRkJTI1M0EweGQzOTNjZjRlNTU5NmFlNTMlMjEyc0NhbGElMjUyMGRlcyUyNTIwQ3ViZWxscyUyMTVlMCUyMTNtMiUyMTFzZXMlMjEyc2VzJTIxNHYxNzU2MzAxODUyMDM1JTIxNW0yJTIxMXNlcyUyMTJzZXMlMjIlMjB3aWR0aCUzRCUyMjEwMCUyNSUyMiUyMGhlaWdodCUzRCUyMjYwMCUyMiUyMHN0eWxlJTNEJTIyYm9yZGVyJTNBMCUzQiUyMiUyMGFsbG93ZnVsbHNjcmVlbiUzRCUyMiUyMiUyMGxvYWRpbmclM0QlMjJsYXp5JTIyJTIwcmVmZXJyZXJwb2xpY3klM0QlMjJuby1yZWZlcnJlci13aGVuLWRvd25ncmFkZSUyMiUzRSUzQyUyRmlmcmFtZSUzRSUwQQ==[\/vc_raw_html][\/vc_column][\/vc_row][vc_row full_width=&#8220;stretch_row_content_no_spaces&#8220; enable_hue_rotation=&#8220;no&#8220; enable_text_marquee=&#8220;no&#8220; el_id=&#8220;galeria&#8220;][vc_column css=&#8220;.vc_custom_1579097066588{padding-bottom: 20px !important;}&#8220;][vc_column_text]<style>#jtg-17286 .modula-item .jtg-social a, .lightbox-socials.jtg-social a{ fill: #ffffff; color: #ffffff }#jtg-17286 .modula-item .jtg-social-mobile a{ fill: #ffffff; color: #ffffff }#jtg-17286 .modula-item .jtg-social svg, .lightbox-socials.jtg-social svg { height: 16px; width: 16px }#jtg-17286 .modula-item .jtg-social-mobile svg { height: 16px; width: 16px }#jtg-17286 .modula-item .jtg-social a:not(:last-child), .lightbox-socials.jtg-social a:not(:last-child) { margin-right: 10px }#jtg-17286 .modula-item .jtg-social-mobile .jtg-social-mobile-icons a:not(:last-child){ margin-right: 10px }#jtg-17286 .modula-item .figc {color:#ffffff;}#jtg-17286 .modula-item .modula-item-content { transform: scale(1) }#jtg-17286 .modula-items .figc p.description { font-size:14px; }#jtg-17286 .modula-items .figc p.description { color:#ffffff;}#jtg-17286.modula-gallery .modula-item > a, #jtg-17286.modula-gallery .modula-item, #jtg-17286.modula-gallery .modula-item-content > a:not(.modula-no-follow) { cursor:zoom-in; } #jtg-17286.modula-gallery .modula-item-content .modula-no-follow { cursor: default; } @media screen and (max-width:480px){#jtg-17286 .modula-item .figc .jtg-title {  font-size: 12px; }#jtg-17286 .modula-items .figc p.description { color:#ffffff;font-size:10px; }}#jtg-17286 .modula-items .modula-item:hover img{opacity:1;}<\/style>\n<div  id=\"jtg-17286\" class=\"modula modula-gallery modula-custom-grid\" data-config=\"{&quot;height&quot;:800,&quot;tabletHeight&quot;:800,&quot;mobileHeight&quot;:800,&quot;desktopHeight&quot;:800,&quot;enableTwitter&quot;:true,&quot;enableWhatsapp&quot;:false,&quot;enableFacebook&quot;:true,&quot;enablePinterest&quot;:true,&quot;enableLinkedin&quot;:true,&quot;enableEmail&quot;:false,&quot;randomFactor&quot;:0.5,&quot;type&quot;:&quot;custom-grid&quot;,&quot;columns&quot;:12,&quot;gutter&quot;:0,&quot;mobileGutter&quot;:0,&quot;tabletGutter&quot;:0,&quot;desktopGutter&quot;:0,&quot;enableResponsive&quot;:&quot;1&quot;,&quot;tabletColumns&quot;:&quot;2&quot;,&quot;mobileColumns&quot;:&quot;1&quot;,&quot;lazyLoad&quot;:&quot;0&quot;,&quot;lightboxOpts&quot;:{&quot;animated&quot;:true,&quot;Thumbs&quot;:{&quot;type&quot;:&quot;modern&quot;,&quot;showOnStart&quot;:false},&quot;Toolbar&quot;:{&quot;display&quot;:{&quot;right&quot;:[&quot;close&quot;]},&quot;enabled&quot;:true},&quot;Carousel&quot;:{&quot;Panzoom&quot;:{&quot;touch&quot;:false},&quot;infinite&quot;:false},&quot;keyboard&quot;:{&quot;Escape&quot;:&quot;close&quot;,&quot;Delete&quot;:&quot;close&quot;,&quot;Backspace&quot;:&quot;close&quot;,&quot;PageUp&quot;:false,&quot;PageDown&quot;:false,&quot;ArrowUp&quot;:false,&quot;ArrowDown&quot;:false,&quot;ArrowRight&quot;:false,&quot;ArrowLeft&quot;:false},&quot;touch&quot;:false,&quot;backdropClick&quot;:false,&quot;l10n&quot;:{&quot;CLOSE&quot;:&quot;Close&quot;,&quot;NEXT&quot;:&quot;Next&quot;,&quot;PREV&quot;:&quot;Previous&quot;,&quot;Error&quot;:&quot;The requested content cannot be loaded. Please try again later.&quot;,&quot;PLAY_START&quot;:&quot;Start slideshow&quot;,&quot;PLAY_STOP&quot;:&quot;Pause slideshow&quot;,&quot;FULL_SCREEN&quot;:&quot;Full screen&quot;,&quot;THUMBS&quot;:&quot;Thumbnails&quot;,&quot;DOWNLOAD&quot;:&quot;Download&quot;,&quot;SHARE&quot;:&quot;Share&quot;,&quot;ZOOM&quot;:&quot;Zoom&quot;,&quot;EMAIL&quot;:&quot;Here is the link to the image : %%image_link%% and this is the link to the gallery : %%gallery_link%%&quot;,&quot;MODAL&quot;:&quot;You can close this modal content with the ESC key&quot;,&quot;ERROR&quot;:&quot;Something Went Wrong, Please Try Again Later&quot;,&quot;IMAGE_ERROR&quot;:&quot;Image Not Found&quot;,&quot;ELEMENT_NOT_FOUND&quot;:&quot;HTML Element Not Found&quot;,&quot;AJAX_NOT_FOUND&quot;:&quot;Error Loading AJAX : Not Found&quot;,&quot;AJAX_FORBIDDEN&quot;:&quot;Error Loading AJAX : Forbidden&quot;,&quot;IFRAME_ERROR&quot;:&quot;Error Loading Page&quot;,&quot;TOGGLE_ZOOM&quot;:&quot;Toggle zoom level&quot;,&quot;TOGGLE_THUMBS&quot;:&quot;Toggle thumbnails&quot;,&quot;TOGGLE_SLIDESHOW&quot;:&quot;Toggle slideshow&quot;,&quot;TOGGLE_FULLSCREEN&quot;:&quot;Toggle full-screen mode&quot;},&quot;Images&quot;:{&quot;Panzoom&quot;:{&quot;maxScale&quot;:2}},&quot;mainClass&quot;:&quot;modula-fancybox-container modula-lightbox-jtg-17286&quot;,&quot;Html&quot;:{&quot;videoAutoplay&quot;:0,&quot;videoTpl&quot;:&quot;&lt;video class=\\&quot;fancybox__html5video\\&quot; controls muted playsinline controlsList controlsList=\\&quot;nodownload\\&quot; poster=\\&quot;{{poster}}\\&quot; src=\\&quot;{{src}}\\&quot; type=\\&quot;{{format}}\\&quot; &gt;  Sorry, your browser doesn&#039;t support embedded videos, &lt;a href=\\&quot;{{src}}\\&quot;&gt; download &lt;\\\/a&gt; and watch with your favorite video player! &lt;\\\/video&gt;&quot;}},&quot;inView&quot;:false,&quot;email_subject&quot;:&quot;Check out this awesome image !!&quot;,&quot;email_message&quot;:&quot;Here is the link to the image : %%image_link%% and this is the link to the gallery : %%gallery_link%%&quot;,&quot;lightbox&quot;:&quot;fancybox&quot;}\">\n\n\t\n\t<div  class=\"modula-items\">\n\t\t<div class=\"modula-item\" data-width=\"7\" data-height=\"6\" >\n\t<div class=\"modula-item-content\">\n\t\t\n\t\t\t\t\t<a data-image-id=\"17311\" tabindex=\"0\" rel=\"jtg-17286\" data-caption=\"\" aria-label=\"Open image in lightbox\" role=\"button\" class=\"tile-inner modula-item-link\"><\/a>\n\t\t\n\t\t<img loading=\"lazy\" decoding=\"async\" class=\"pic wp-image-17311\"  data-valign=\"middle\" data-halign=\"center\" alt=\"\" data-full=\"https:\/\/www.santjosep.net\/wp-content\/uploads\/2020\/01\/P1160099.jpg\" title=\"P1160099\" width=\"1200\" height=\"900\" src=\"https:\/\/www.santjosep.net\/wp-content\/uploads\/2020\/01\/P1160099.jpg\" data-src=\"https:\/\/www.santjosep.net\/wp-content\/uploads\/2020\/01\/P1160099.jpg\" data-caption=\"\" srcset=\"https:\/\/www.santjosep.net\/wp-content\/uploads\/2020\/01\/P1160099.jpg 1200w, https:\/\/www.santjosep.net\/wp-content\/uploads\/2020\/01\/P1160099-300x225.jpg 300w, https:\/\/www.santjosep.net\/wp-content\/uploads\/2020\/01\/P1160099-1024x768.jpg 1024w, https:\/\/www.santjosep.net\/wp-content\/uploads\/2020\/01\/P1160099-768x576.jpg 768w, https:\/\/www.santjosep.net\/wp-content\/uploads\/2020\/01\/P1160099-800x600.jpg 800w\" sizes=\"auto, (max-width: 1200px) 100vw, 1200px\" \/>\n\t<\/div>\n\n<\/div><div class=\"modula-item\" data-width=\"5\" data-height=\"6\" >\n\t<div class=\"modula-item-content\">\n\t\t\n\t\t\t\t\t<a data-image-id=\"17300\" tabindex=\"0\" rel=\"jtg-17286\" data-caption=\"\" aria-label=\"Open image in lightbox\" role=\"button\" class=\"tile-inner modula-item-link\"><\/a>\n\t\t\n\t\t<img loading=\"lazy\" decoding=\"async\" class=\"pic wp-image-17300\"  data-valign=\"middle\" data-halign=\"center\" alt=\"\" data-full=\"https:\/\/www.santjosep.net\/wp-content\/uploads\/2020\/01\/P1160131.jpg\" title=\"P1160131\" width=\"1200\" height=\"900\" src=\"https:\/\/www.santjosep.net\/wp-content\/uploads\/2020\/01\/P1160131.jpg\" data-src=\"https:\/\/www.santjosep.net\/wp-content\/uploads\/2020\/01\/P1160131.jpg\" data-caption=\"\" srcset=\"https:\/\/www.santjosep.net\/wp-content\/uploads\/2020\/01\/P1160131.jpg 1200w, https:\/\/www.santjosep.net\/wp-content\/uploads\/2020\/01\/P1160131-300x225.jpg 300w, https:\/\/www.santjosep.net\/wp-content\/uploads\/2020\/01\/P1160131-1024x768.jpg 1024w, https:\/\/www.santjosep.net\/wp-content\/uploads\/2020\/01\/P1160131-768x576.jpg 768w, https:\/\/www.santjosep.net\/wp-content\/uploads\/2020\/01\/P1160131-800x600.jpg 800w\" sizes=\"auto, (max-width: 1200px) 100vw, 1200px\" \/>\n\t<\/div>\n\n<\/div><div class=\"modula-item\" data-width=\"12\" data-height=\"7\" >\n\t<div class=\"modula-item-content\">\n\t\t\n\t\t\t\t\t<a data-image-id=\"17289\" tabindex=\"0\" rel=\"jtg-17286\" data-caption=\"\" aria-label=\"Open image in lightbox\" role=\"button\" class=\"tile-inner modula-item-link\"><\/a>\n\t\t\n\t\t<img loading=\"lazy\" decoding=\"async\" class=\"pic wp-image-17289\"  data-valign=\"middle\" data-halign=\"center\" alt=\"\" data-full=\"https:\/\/www.santjosep.net\/wp-content\/uploads\/2020\/01\/IMG_2221.jpg\" title=\"IMG_2221\" width=\"1200\" height=\"800\" src=\"https:\/\/www.santjosep.net\/wp-content\/uploads\/2020\/01\/IMG_2221.jpg\" data-src=\"https:\/\/www.santjosep.net\/wp-content\/uploads\/2020\/01\/IMG_2221.jpg\" data-caption=\"\" srcset=\"https:\/\/www.santjosep.net\/wp-content\/uploads\/2020\/01\/IMG_2221.jpg 1200w, https:\/\/www.santjosep.net\/wp-content\/uploads\/2020\/01\/IMG_2221-300x200.jpg 300w, https:\/\/www.santjosep.net\/wp-content\/uploads\/2020\/01\/IMG_2221-1024x683.jpg 1024w, https:\/\/www.santjosep.net\/wp-content\/uploads\/2020\/01\/IMG_2221-768x512.jpg 768w\" sizes=\"auto, (max-width: 1200px) 100vw, 1200px\" \/>\n\t<\/div>\n\n<\/div>\t\t\n\t<\/div>\n\n\t\n\t\n\t<script type=\"application\/ld+json\">\n\t{\n\t\t\"@context\": \"http:\/\/schema.org\",\n\t\t\"@type\"   : \"ImageGallery\",\n\t\t\"id\"      : \"https:\/\/www.santjosep.net\/de\/sehen\/strande\/playa-des-cubells\/\",\n\t\t\"url\"     : \"https:\/\/www.santjosep.net\/de\/sehen\/strande\/playa-des-cubells\/\"\n\t}\n\n\t<\/script>\n\n\t\n<\/div>\n[\/vc_column_text][\/vc_column][\/vc_row]<\/p>\n<\/div>","protected":false},"excerpt":{"rendered":"<p>[vc_row enable_hue_rotation=&#8220;no&#8220; enable_text_marquee=&#8220;no&#8220; el_id=&#8220;BeachContent&#8220;][vc_column width=&#8220;7\/12&#8243; el_id=&#8220;beachInfo&#8220;][vc_column_text css=&#8220;.vc_custom_1759130334949{margin-bottom: 5% !important;}&#8220;] Kleine Buchten unterhalb der Steilk\u00fcste von Es Cubells, atemberaubende Landschaft und sauberes Wasser [\/vc_column_text][vc_column_text css=&#8220;&#8220;]Unterhalb des Aussichtspunkts und der Kirche in Es Cubells befinden sich mehrere kleine Buchten mit Kieselstrand und [&hellip;]<\/p>\n","protected":false},"author":1,"featured_media":10515,"parent":5671,"menu_order":0,"comment_status":"closed","ping_status":"closed","template":"","meta":{"_acf_changed":false,"inline_featured_image":false,"footnotes":""},"categoria_pagina":[],"class_list":["post-5590","page","type-page","status-publish","has-post-thumbnail","hentry"],"acf":[],"yoast_head":"<!-- This site is optimized with the Yoast SEO plugin v25.7 - https:\/\/yoast.com\/wordpress\/plugins\/seo\/ -->\n<title>Platja d\u2019es Cubells - Sant Josep (Ibiza)<\/title>\n<meta name=\"description\" content=\"Platja d\u2019es Cubells - Sant Josep (Ibiza): kleine Buchten unterhalb der Steilk\u00fcste von Es Cubells\" \/>\n<meta name=\"robots\" content=\"index, follow, max-snippet:-1, max-image-preview:large, max-video-preview:-1\" \/>\n<link rel=\"canonical\" href=\"https:\/\/www.santjosep.net\/de\/sehen\/strande\/playa-des-cubells\/\" \/>\n<meta property=\"og:locale\" content=\"de_DE\" \/>\n<meta property=\"og:type\" content=\"article\" \/>\n<meta property=\"og:title\" content=\"Platja d\u2019es Cubells - Sant Josep (Ibiza)\" \/>\n<meta property=\"og:description\" content=\"Platja d\u2019es Cubells - Sant Josep (Ibiza): kleine Buchten unterhalb der Steilk\u00fcste von Es Cubells\" \/>\n<meta property=\"og:url\" content=\"https:\/\/www.santjosep.net\/de\/sehen\/strande\/playa-des-cubells\/\" \/>\n<meta property=\"og:site_name\" content=\"Santjosep.net\" \/>\n<meta property=\"article:modified_time\" content=\"2025-09-29T07:23:06+00:00\" \/>\n<meta property=\"og:image\" content=\"https:\/\/www.santjosep.net\/wp-content\/uploads\/2017\/12\/P1160152.jpg\" \/>\n\t<meta property=\"og:image:width\" content=\"1200\" \/>\n\t<meta property=\"og:image:height\" content=\"900\" \/>\n\t<meta property=\"og:image:type\" content=\"image\/jpeg\" \/>\n<meta name=\"twitter:card\" content=\"summary_large_image\" \/>\n<meta name=\"twitter:label1\" content=\"Gesch\u00e4tzte Lesezeit\" \/>\n\t<meta name=\"twitter:data1\" content=\"2\u00a0Minuten\" \/>\n<script type=\"application\/ld+json\" class=\"yoast-schema-graph\">{\"@context\":\"https:\/\/schema.org\",\"@graph\":[{\"@type\":\"WebPage\",\"@id\":\"https:\/\/www.santjosep.net\/de\/sehen\/strande\/playa-des-cubells\/\",\"url\":\"https:\/\/www.santjosep.net\/de\/sehen\/strande\/playa-des-cubells\/\",\"name\":\"Platja d\u2019es Cubells - Sant Josep (Ibiza)\",\"isPartOf\":{\"@id\":\"https:\/\/www.santjosep.net\/#website\"},\"primaryImageOfPage\":{\"@id\":\"https:\/\/www.santjosep.net\/de\/sehen\/strande\/playa-des-cubells\/#primaryimage\"},\"image\":{\"@id\":\"https:\/\/www.santjosep.net\/de\/sehen\/strande\/playa-des-cubells\/#primaryimage\"},\"thumbnailUrl\":\"https:\/\/www.santjosep.net\/wp-content\/uploads\/2017\/12\/P1160152.jpg\",\"datePublished\":\"2013-11-10T10:35:55+00:00\",\"dateModified\":\"2025-09-29T07:23:06+00:00\",\"description\":\"Platja d\u2019es Cubells - Sant Josep (Ibiza): kleine Buchten unterhalb der Steilk\u00fcste von Es Cubells\",\"breadcrumb\":{\"@id\":\"https:\/\/www.santjosep.net\/de\/sehen\/strande\/playa-des-cubells\/#breadcrumb\"},\"inLanguage\":\"de\",\"potentialAction\":[{\"@type\":\"ReadAction\",\"target\":[\"https:\/\/www.santjosep.net\/de\/sehen\/strande\/playa-des-cubells\/\"]}]},{\"@type\":\"ImageObject\",\"inLanguage\":\"de\",\"@id\":\"https:\/\/www.santjosep.net\/de\/sehen\/strande\/playa-des-cubells\/#primaryimage\",\"url\":\"https:\/\/www.santjosep.net\/wp-content\/uploads\/2017\/12\/P1160152.jpg\",\"contentUrl\":\"https:\/\/www.santjosep.net\/wp-content\/uploads\/2017\/12\/P1160152.jpg\",\"width\":1200,\"height\":900},{\"@type\":\"BreadcrumbList\",\"@id\":\"https:\/\/www.santjosep.net\/de\/sehen\/strande\/playa-des-cubells\/#breadcrumb\",\"itemListElement\":[{\"@type\":\"ListItem\",\"position\":1,\"name\":\"Sehen\",\"item\":\"https:\/\/www.santjosep.net\/de\/sehen\/\"},{\"@type\":\"ListItem\",\"position\":2,\"name\":\"Str\u00e4nde\",\"item\":\"https:\/\/www.santjosep.net\/de\/sehen\/strande\/\"},{\"@type\":\"ListItem\",\"position\":3,\"name\":\"Playa des Cubells\"}]},{\"@type\":\"WebSite\",\"@id\":\"https:\/\/www.santjosep.net\/#website\",\"url\":\"https:\/\/www.santjosep.net\/\",\"name\":\"Santjosep.net\",\"description\":\"\",\"potentialAction\":[{\"@type\":\"SearchAction\",\"target\":{\"@type\":\"EntryPoint\",\"urlTemplate\":\"https:\/\/www.santjosep.net\/?s={search_term_string}\"},\"query-input\":{\"@type\":\"PropertyValueSpecification\",\"valueRequired\":true,\"valueName\":\"search_term_string\"}}],\"inLanguage\":\"de\"}]}<\/script>\n<!-- \/ Yoast SEO plugin. -->","yoast_head_json":{"title":"Platja d\u2019es Cubells - Sant Josep (Ibiza)","description":"Platja d\u2019es Cubells - Sant Josep (Ibiza): kleine Buchten unterhalb der Steilk\u00fcste von Es Cubells","robots":{"index":"index","follow":"follow","max-snippet":"max-snippet:-1","max-image-preview":"max-image-preview:large","max-video-preview":"max-video-preview:-1"},"canonical":"https:\/\/www.santjosep.net\/de\/sehen\/strande\/playa-des-cubells\/","og_locale":"de_DE","og_type":"article","og_title":"Platja d\u2019es Cubells - Sant Josep (Ibiza)","og_description":"Platja d\u2019es Cubells - Sant Josep (Ibiza): kleine Buchten unterhalb der Steilk\u00fcste von Es Cubells","og_url":"https:\/\/www.santjosep.net\/de\/sehen\/strande\/playa-des-cubells\/","og_site_name":"Santjosep.net","article_modified_time":"2025-09-29T07:23:06+00:00","og_image":[{"width":1200,"height":900,"url":"https:\/\/www.santjosep.net\/wp-content\/uploads\/2017\/12\/P1160152.jpg","type":"image\/jpeg"}],"twitter_card":"summary_large_image","twitter_misc":{"Gesch\u00e4tzte Lesezeit":"2\u00a0Minuten"},"schema":{"@context":"https:\/\/schema.org","@graph":[{"@type":"WebPage","@id":"https:\/\/www.santjosep.net\/de\/sehen\/strande\/playa-des-cubells\/","url":"https:\/\/www.santjosep.net\/de\/sehen\/strande\/playa-des-cubells\/","name":"Platja d\u2019es Cubells - Sant Josep (Ibiza)","isPartOf":{"@id":"https:\/\/www.santjosep.net\/#website"},"primaryImageOfPage":{"@id":"https:\/\/www.santjosep.net\/de\/sehen\/strande\/playa-des-cubells\/#primaryimage"},"image":{"@id":"https:\/\/www.santjosep.net\/de\/sehen\/strande\/playa-des-cubells\/#primaryimage"},"thumbnailUrl":"https:\/\/www.santjosep.net\/wp-content\/uploads\/2017\/12\/P1160152.jpg","datePublished":"2013-11-10T10:35:55+00:00","dateModified":"2025-09-29T07:23:06+00:00","description":"Platja d\u2019es Cubells - Sant Josep (Ibiza): kleine Buchten unterhalb der Steilk\u00fcste von Es Cubells","breadcrumb":{"@id":"https:\/\/www.santjosep.net\/de\/sehen\/strande\/playa-des-cubells\/#breadcrumb"},"inLanguage":"de","potentialAction":[{"@type":"ReadAction","target":["https:\/\/www.santjosep.net\/de\/sehen\/strande\/playa-des-cubells\/"]}]},{"@type":"ImageObject","inLanguage":"de","@id":"https:\/\/www.santjosep.net\/de\/sehen\/strande\/playa-des-cubells\/#primaryimage","url":"https:\/\/www.santjosep.net\/wp-content\/uploads\/2017\/12\/P1160152.jpg","contentUrl":"https:\/\/www.santjosep.net\/wp-content\/uploads\/2017\/12\/P1160152.jpg","width":1200,"height":900},{"@type":"BreadcrumbList","@id":"https:\/\/www.santjosep.net\/de\/sehen\/strande\/playa-des-cubells\/#breadcrumb","itemListElement":[{"@type":"ListItem","position":1,"name":"Sehen","item":"https:\/\/www.santjosep.net\/de\/sehen\/"},{"@type":"ListItem","position":2,"name":"Str\u00e4nde","item":"https:\/\/www.santjosep.net\/de\/sehen\/strande\/"},{"@type":"ListItem","position":3,"name":"Playa des Cubells"}]},{"@type":"WebSite","@id":"https:\/\/www.santjosep.net\/#website","url":"https:\/\/www.santjosep.net\/","name":"Santjosep.net","description":"","potentialAction":[{"@type":"SearchAction","target":{"@type":"EntryPoint","urlTemplate":"https:\/\/www.santjosep.net\/?s={search_term_string}"},"query-input":{"@type":"PropertyValueSpecification","valueRequired":true,"valueName":"search_term_string"}}],"inLanguage":"de"}]}},"_links":{"self":[{"href":"https:\/\/www.santjosep.net\/de\/wp-json\/wp\/v2\/pages\/5590","targetHints":{"allow":["GET"]}}],"collection":[{"href":"https:\/\/www.santjosep.net\/de\/wp-json\/wp\/v2\/pages"}],"about":[{"href":"https:\/\/www.santjosep.net\/de\/wp-json\/wp\/v2\/types\/page"}],"author":[{"embeddable":true,"href":"https:\/\/www.santjosep.net\/de\/wp-json\/wp\/v2\/users\/1"}],"replies":[{"embeddable":true,"href":"https:\/\/www.santjosep.net\/de\/wp-json\/wp\/v2\/comments?post=5590"}],"version-history":[{"count":2,"href":"https:\/\/www.santjosep.net\/de\/wp-json\/wp\/v2\/pages\/5590\/revisions"}],"predecessor-version":[{"id":38854,"href":"https:\/\/www.santjosep.net\/de\/wp-json\/wp\/v2\/pages\/5590\/revisions\/38854"}],"up":[{"embeddable":true,"href":"https:\/\/www.santjosep.net\/de\/wp-json\/wp\/v2\/pages\/5671"}],"wp:featuredmedia":[{"embeddable":true,"href":"https:\/\/www.santjosep.net\/de\/wp-json\/wp\/v2\/media\/10515"}],"wp:attachment":[{"href":"https:\/\/www.santjosep.net\/de\/wp-json\/wp\/v2\/media?parent=5590"}],"wp:term":[{"taxonomy":"categoria_pagina","embeddable":true,"href":"https:\/\/www.santjosep.net\/de\/wp-json\/wp\/v2\/categoria_pagina?post=5590"}],"curies":[{"name":"wp","href":"https:\/\/api.w.org\/{rel}","templated":true}]}}