{"id":5464,"date":"2013-11-11T12:27:26","date_gmt":"2013-11-11T12:27:26","guid":{"rendered":"https:\/\/www.santjosep.net\/de\/ver\/sant-agusti-des-vedra\/"},"modified":"2025-01-21T12:27:39","modified_gmt":"2025-01-21T11:27:39","slug":"sant-agusti-des-vedra","status":"publish","type":"page","link":"https:\/\/www.santjosep.net\/de\/sehen\/dorfer\/sant-agusti-des-vedra\/","title":{"rendered":"Sant Agust\u00ed des Vedr\u00e0"},"content":{"rendered":"<div class=\"wpb-content-wrapper\"><p>[vc_row enable_hue_rotation=&#8220;no&#8220; enable_text_marquee=&#8220;no&#8220;][vc_column][vc_column_text]Das Gebiet, das heute zu der Gemeinde Sant Agust\u00ed des Vedr\u00e0 geh\u00f6rt, war fr\u00fcher Teil des Hoheitsgebiets (quart\u00f3) Portmany. Ein Gro\u00dfteil des Gebiets geh\u00f6rt mit der Verl\u00e4ngerung in den Westen zu der Ebene von Portmany. Ein recht gro\u00dfer Teil der langen K\u00fcste ist die s\u00fcdliche H\u00e4lfte der Bucht von Portmany. Deshalb f\u00fchlen sich die hier ans\u00e4ssigen Einwohner auch eher mit Sant Antoni de Portmany verbunden als mit dem Rest der Gemeinde. Ein gro\u00dfer Teil der Bev\u00f6lkerung lebt zudem in der Gegend Cala de Bou und Port des Torrent, ein Stadtteil, der mit Sant Antoni verbunden ist.<\/p>\n<p>Sant Agust\u00ed des Vedr\u00e0 ist ein traditioneller Ort, der sich auf dem H\u00fcgel rings um die aus dem 18. Jahrhundert stammende Pfarrkirche entwickelt hat. Er ist einer der wenigen Orten der Insel, an dem man das l\u00e4ndliche Ambiente mit seinen vielen Landh\u00e4usern und seinem Wehrturm noch erleben kann. Weitere Geb\u00e4ude mit kulturhistorischer Bedeutung, sowie Wehrt\u00fcrme, alte Brunnen, Zisternen und Trockensteinkonstruktionen sind verteilt im ganzen Dorf zu finden.<\/p>\n<p>An der K\u00fcste befinden sich wundersch\u00f6ne und touristisch interessante Str\u00e4nde. Um einige Str\u00e4nde herum wurden Siedlungen gebaut, wobei die Qualit\u00e4t der Str\u00e4nde Cala Tarida oder Port des Torrent erhalten geblieben ist. Andere wiederum sind vom Menschen fast unber\u00fchrt, wie beispielsweise Platges de Compte oder Cala Bassa. Beim Letzteren befindet sich an der K\u00fcste au\u00dferdem der Wehrturm Torre d\u2019en Rovira.<\/p>\n<p>Der Zusammenschluss aus den Felseninseln Sa Conillera, Isla des Bosc, S\u2019Espartar und Ses Bledes, nennt sich Illots de Ponent und hat eine gro\u00dfe Bedeutung f\u00fcr die Natur und und die Landschaft.[\/vc_column_text][vc_column_text]<span data-sheets-root=\"1\"><div class=\"gm-map\" style=\"position: relative;height: 200px; width: 200px;\"><iframe name=\"gm-map-1\" allowfullscreen src=\"https:\/\/www.santjosep.net\/de\/?geo_mashup_content=render-map&amp;map_data_key=37f88e0f888380ef5c189ead432eb44c&amp;lang=de&amp;zoom=13&amp;name=gm-map-1&amp;map_content=contextual&amp;error_comment=&lt;!-- Geo Mashup hat in diesem Kontext keine darzustellenden Objekte gefunden--&gt;\" style=\"position: absolute; top: 0; left: 0; width: 100%; height: 100%; border: none; overflow: hidden;\"><\/iframe><\/div><\/span>[\/vc_column_text][\/vc_column][\/vc_row][vc_row full_width=&#8220;stretch_row_content_no_spaces&#8220; enable_hue_rotation=&#8220;no&#8220; enable_text_marquee=&#8220;no&#8220; el_id=&#8220;galeria&#8220;][vc_column css=&#8220;.vc_custom_1579097066588{padding-bottom: 20px !important;}&#8220;][vc_column_text]<style>#jtg-17728 .modula-item .jtg-social a, .lightbox-socials.jtg-social a{ fill: #ffffff; color: #ffffff }#jtg-17728 .modula-item .jtg-social-mobile a{ fill: #ffffff; color: #ffffff }#jtg-17728 .modula-item .jtg-social svg, .lightbox-socials.jtg-social svg { height: 16px; width: 16px }#jtg-17728 .modula-item .jtg-social-mobile svg { height: 16px; width: 16px }#jtg-17728 .modula-item .jtg-social a:not(:last-child), .lightbox-socials.jtg-social a:not(:last-child) { margin-right: 10px }#jtg-17728 .modula-item .jtg-social-mobile .jtg-social-mobile-icons a:not(:last-child){ margin-right: 10px }#jtg-17728 .modula-item .figc {color:#ffffff;}#jtg-17728 .modula-item .modula-item-content { transform: scale(1) }#jtg-17728 .modula-items .figc p.description { font-size:14px; }#jtg-17728 .modula-items .figc p.description { color:#ffffff;}#jtg-17728.modula-gallery .modula-item > a, #jtg-17728.modula-gallery .modula-item, #jtg-17728.modula-gallery .modula-item-content > a:not(.modula-no-follow) { cursor:zoom-in; } #jtg-17728.modula-gallery .modula-item-content .modula-no-follow { cursor: default; } @media screen and (max-width:480px){#jtg-17728 .modula-item .figc .jtg-title {  font-size: 12px; }#jtg-17728 .modula-items .figc p.description { color:#ffffff;font-size:10px; }}#jtg-17728 .modula-items .modula-item:hover img{opacity:1;}<\/style>\n<div  id=\"jtg-17728\" class=\"modula modula-gallery modula-custom-grid\" data-config=\"{&quot;height&quot;:800,&quot;tabletHeight&quot;:800,&quot;mobileHeight&quot;:800,&quot;desktopHeight&quot;:800,&quot;enableTwitter&quot;:true,&quot;enableWhatsapp&quot;:false,&quot;enableFacebook&quot;:true,&quot;enablePinterest&quot;:true,&quot;enableLinkedin&quot;:true,&quot;enableEmail&quot;:false,&quot;randomFactor&quot;:0.5,&quot;type&quot;:&quot;custom-grid&quot;,&quot;columns&quot;:12,&quot;gutter&quot;:0,&quot;mobileGutter&quot;:0,&quot;tabletGutter&quot;:0,&quot;desktopGutter&quot;:0,&quot;enableResponsive&quot;:&quot;1&quot;,&quot;tabletColumns&quot;:&quot;2&quot;,&quot;mobileColumns&quot;:&quot;1&quot;,&quot;lazyLoad&quot;:&quot;0&quot;,&quot;lightboxOpts&quot;:{&quot;animated&quot;:true,&quot;Thumbs&quot;:{&quot;type&quot;:&quot;modern&quot;,&quot;showOnStart&quot;:false},&quot;Toolbar&quot;:{&quot;display&quot;:{&quot;right&quot;:[&quot;close&quot;]},&quot;enabled&quot;:true},&quot;Carousel&quot;:{&quot;Panzoom&quot;:{&quot;touch&quot;:false},&quot;infinite&quot;:false},&quot;keyboard&quot;:{&quot;Escape&quot;:&quot;close&quot;,&quot;Delete&quot;:&quot;close&quot;,&quot;Backspace&quot;:&quot;close&quot;,&quot;PageUp&quot;:false,&quot;PageDown&quot;:false,&quot;ArrowUp&quot;:false,&quot;ArrowDown&quot;:false,&quot;ArrowRight&quot;:false,&quot;ArrowLeft&quot;:false},&quot;touch&quot;:false,&quot;backdropClick&quot;:false,&quot;l10n&quot;:{&quot;CLOSE&quot;:&quot;Close&quot;,&quot;NEXT&quot;:&quot;Next&quot;,&quot;PREV&quot;:&quot;Previous&quot;,&quot;Error&quot;:&quot;The requested content cannot be loaded. Please try again later.&quot;,&quot;PLAY_START&quot;:&quot;Start slideshow&quot;,&quot;PLAY_STOP&quot;:&quot;Pause slideshow&quot;,&quot;FULL_SCREEN&quot;:&quot;Full screen&quot;,&quot;THUMBS&quot;:&quot;Thumbnails&quot;,&quot;DOWNLOAD&quot;:&quot;Download&quot;,&quot;SHARE&quot;:&quot;Share&quot;,&quot;ZOOM&quot;:&quot;Zoom&quot;,&quot;EMAIL&quot;:&quot;Here is the link to the image : %%image_link%% and this is the link to the gallery : %%gallery_link%%&quot;,&quot;MODAL&quot;:&quot;You can close this modal content with the ESC key&quot;,&quot;ERROR&quot;:&quot;Something Went Wrong, Please Try Again Later&quot;,&quot;IMAGE_ERROR&quot;:&quot;Image Not Found&quot;,&quot;ELEMENT_NOT_FOUND&quot;:&quot;HTML Element Not Found&quot;,&quot;AJAX_NOT_FOUND&quot;:&quot;Error Loading AJAX : Not Found&quot;,&quot;AJAX_FORBIDDEN&quot;:&quot;Error Loading AJAX : Forbidden&quot;,&quot;IFRAME_ERROR&quot;:&quot;Error Loading Page&quot;,&quot;TOGGLE_ZOOM&quot;:&quot;Toggle zoom level&quot;,&quot;TOGGLE_THUMBS&quot;:&quot;Toggle thumbnails&quot;,&quot;TOGGLE_SLIDESHOW&quot;:&quot;Toggle slideshow&quot;,&quot;TOGGLE_FULLSCREEN&quot;:&quot;Toggle full-screen mode&quot;},&quot;Images&quot;:{&quot;Panzoom&quot;:{&quot;maxScale&quot;:2}},&quot;mainClass&quot;:&quot;modula-fancybox-container modula-lightbox-jtg-17728&quot;,&quot;Html&quot;:{&quot;videoAutoplay&quot;:0,&quot;videoTpl&quot;:&quot;&lt;video class=\\&quot;fancybox__html5video\\&quot; controls muted playsinline controlsList controlsList=\\&quot;nodownload\\&quot; poster=\\&quot;{{poster}}\\&quot; src=\\&quot;{{src}}\\&quot; type=\\&quot;{{format}}\\&quot; &gt;  Sorry, your browser doesn&#039;t support embedded videos, &lt;a href=\\&quot;{{src}}\\&quot;&gt; download &lt;\\\/a&gt; and watch with your favorite video player! &lt;\\\/video&gt;&quot;}},&quot;inView&quot;:false,&quot;email_subject&quot;:&quot;Check out this awesome image !!&quot;,&quot;email_message&quot;:&quot;Here is the link to the image : %%image_link%% and this is the link to the gallery : %%gallery_link%%&quot;,&quot;lightbox&quot;:&quot;fancybox&quot;}\">\n\n\t\n\t<div  class=\"modula-items\">\n\t\t<div class=\"modula-item\" data-width=\"7\" data-height=\"6\" >\n\t<div class=\"modula-item-content\">\n\t\t\n\t\t\t\t\t<a data-image-id=\"17750\" tabindex=\"0\" rel=\"jtg-17728\" data-caption=\"\" aria-label=\"Open image in lightbox\" role=\"button\" class=\"tile-inner modula-item-link\"><\/a>\n\t\t\n\t\t<img loading=\"lazy\" decoding=\"async\" class=\"pic wp-image-17750\"  data-valign=\"middle\" data-halign=\"center\" alt=\"\" data-full=\"https:\/\/www.santjosep.net\/wp-content\/uploads\/2020\/01\/IMG_4090_1200-x-800.jpg\" title=\"IMG_4090_1200 x 800\" width=\"1200\" height=\"800\" src=\"https:\/\/www.santjosep.net\/wp-content\/uploads\/2020\/01\/IMG_4090_1200-x-800.jpg\" data-src=\"https:\/\/www.santjosep.net\/wp-content\/uploads\/2020\/01\/IMG_4090_1200-x-800.jpg\" data-caption=\"\" srcset=\"https:\/\/www.santjosep.net\/wp-content\/uploads\/2020\/01\/IMG_4090_1200-x-800.jpg 1200w, https:\/\/www.santjosep.net\/wp-content\/uploads\/2020\/01\/IMG_4090_1200-x-800-300x200.jpg 300w, https:\/\/www.santjosep.net\/wp-content\/uploads\/2020\/01\/IMG_4090_1200-x-800-1024x683.jpg 1024w, https:\/\/www.santjosep.net\/wp-content\/uploads\/2020\/01\/IMG_4090_1200-x-800-768x512.jpg 768w\" sizes=\"auto, (max-width: 1200px) 100vw, 1200px\" \/>\n\t<\/div>\n\n<\/div><div class=\"modula-item\" data-width=\"5\" data-height=\"6\" >\n\t<div class=\"modula-item-content\">\n\t\t\n\t\t\t\t\t<a data-image-id=\"17760\" tabindex=\"0\" rel=\"jtg-17728\" data-caption=\"\" aria-label=\"Open image in lightbox\" role=\"button\" class=\"tile-inner modula-item-link\"><\/a>\n\t\t\n\t\t<img loading=\"lazy\" decoding=\"async\" class=\"pic wp-image-17760\"  data-valign=\"middle\" data-halign=\"center\" alt=\"\" data-full=\"https:\/\/www.santjosep.net\/wp-content\/uploads\/2020\/01\/IMG_4105_907-x-1200.jpg\" title=\"IMG_4105_907 x 1200\" width=\"907\" height=\"1200\" src=\"https:\/\/www.santjosep.net\/wp-content\/uploads\/2020\/01\/IMG_4105_907-x-1200.jpg\" data-src=\"https:\/\/www.santjosep.net\/wp-content\/uploads\/2020\/01\/IMG_4105_907-x-1200.jpg\" data-caption=\"\" srcset=\"https:\/\/www.santjosep.net\/wp-content\/uploads\/2020\/01\/IMG_4105_907-x-1200.jpg 907w, https:\/\/www.santjosep.net\/wp-content\/uploads\/2020\/01\/IMG_4105_907-x-1200-227x300.jpg 227w, https:\/\/www.santjosep.net\/wp-content\/uploads\/2020\/01\/IMG_4105_907-x-1200-774x1024.jpg 774w, https:\/\/www.santjosep.net\/wp-content\/uploads\/2020\/01\/IMG_4105_907-x-1200-768x1016.jpg 768w\" sizes=\"auto, (max-width: 907px) 100vw, 907px\" \/>\n\t<\/div>\n\n<\/div><div class=\"modula-item\" data-width=\"8\" data-height=\"6\" >\n\t<div class=\"modula-item-content\">\n\t\t\n\t\t\t\t\t<a data-image-id=\"17755\" tabindex=\"0\" rel=\"jtg-17728\" data-caption=\"\" aria-label=\"Open image in lightbox\" role=\"button\" class=\"tile-inner modula-item-link\"><\/a>\n\t\t\n\t\t<img loading=\"lazy\" decoding=\"async\" class=\"pic wp-image-17755\"  data-valign=\"middle\" data-halign=\"center\" alt=\"\" data-full=\"https:\/\/www.santjosep.net\/wp-content\/uploads\/2020\/01\/IMG_4098_1200-x-800.jpg\" title=\"IMG_4098_1200 x 800\" width=\"1200\" height=\"800\" src=\"https:\/\/www.santjosep.net\/wp-content\/uploads\/2020\/01\/IMG_4098_1200-x-800.jpg\" data-src=\"https:\/\/www.santjosep.net\/wp-content\/uploads\/2020\/01\/IMG_4098_1200-x-800.jpg\" data-caption=\"\" srcset=\"https:\/\/www.santjosep.net\/wp-content\/uploads\/2020\/01\/IMG_4098_1200-x-800.jpg 1200w, https:\/\/www.santjosep.net\/wp-content\/uploads\/2020\/01\/IMG_4098_1200-x-800-300x200.jpg 300w, https:\/\/www.santjosep.net\/wp-content\/uploads\/2020\/01\/IMG_4098_1200-x-800-1024x683.jpg 1024w, https:\/\/www.santjosep.net\/wp-content\/uploads\/2020\/01\/IMG_4098_1200-x-800-768x512.jpg 768w\" sizes=\"auto, (max-width: 1200px) 100vw, 1200px\" \/>\n\t<\/div>\n\n<\/div><div class=\"modula-item\" data-width=\"4\" data-height=\"6\" >\n\t<div class=\"modula-item-content\">\n\t\t\n\t\t\t\t\t<a data-image-id=\"18673\" tabindex=\"0\" rel=\"jtg-17728\" data-caption=\"\" aria-label=\"Open image in lightbox\" role=\"button\" class=\"tile-inner modula-item-link\"><\/a>\n\t\t\n\t\t<img loading=\"lazy\" decoding=\"async\" class=\"pic wp-image-18673\"  data-valign=\"middle\" data-halign=\"center\" alt=\"\" data-full=\"https:\/\/www.santjosep.net\/wp-content\/uploads\/2020\/01\/santagusti_IMG_1063.jpg\" title=\"santagusti_IMG_1063\" width=\"1000\" height=\"667\" src=\"https:\/\/www.santjosep.net\/wp-content\/uploads\/2020\/01\/santagusti_IMG_1063.jpg\" data-src=\"https:\/\/www.santjosep.net\/wp-content\/uploads\/2020\/01\/santagusti_IMG_1063.jpg\" data-caption=\"\" srcset=\"https:\/\/www.santjosep.net\/wp-content\/uploads\/2020\/01\/santagusti_IMG_1063.jpg 1000w, https:\/\/www.santjosep.net\/wp-content\/uploads\/2020\/01\/santagusti_IMG_1063-300x200.jpg 300w, https:\/\/www.santjosep.net\/wp-content\/uploads\/2020\/01\/santagusti_IMG_1063-768x512.jpg 768w\" sizes=\"auto, (max-width: 1000px) 100vw, 1000px\" \/>\n\t<\/div>\n\n<\/div><div class=\"modula-item\" data-width=\"12\" data-height=\"6\" >\n\t<div class=\"modula-item-content\">\n\t\t\n\t\t\t\t\t<a data-image-id=\"18678\" tabindex=\"0\" rel=\"jtg-17728\" data-caption=\"\" aria-label=\"Open image in lightbox\" role=\"button\" class=\"tile-inner modula-item-link\"><\/a>\n\t\t\n\t\t<img loading=\"lazy\" decoding=\"async\" class=\"pic wp-image-18678\"  data-valign=\"middle\" data-halign=\"center\" alt=\"\" data-full=\"https:\/\/www.santjosep.net\/wp-content\/uploads\/2020\/01\/cancurt_IMG_2599.jpg\" title=\"cancurt_IMG_2599\" width=\"1000\" height=\"667\" src=\"https:\/\/www.santjosep.net\/wp-content\/uploads\/2020\/01\/cancurt_IMG_2599.jpg\" data-src=\"https:\/\/www.santjosep.net\/wp-content\/uploads\/2020\/01\/cancurt_IMG_2599.jpg\" data-caption=\"\" srcset=\"https:\/\/www.santjosep.net\/wp-content\/uploads\/2020\/01\/cancurt_IMG_2599.jpg 1000w, https:\/\/www.santjosep.net\/wp-content\/uploads\/2020\/01\/cancurt_IMG_2599-300x200.jpg 300w, https:\/\/www.santjosep.net\/wp-content\/uploads\/2020\/01\/cancurt_IMG_2599-768x512.jpg 768w\" sizes=\"auto, (max-width: 1000px) 100vw, 1000px\" \/>\n\t<\/div>\n\n<\/div>\t\t\n\t<\/div>\n\n\t\n\t\n\t<script type=\"application\/ld+json\">\n\t{\n\t\t\"@context\": \"http:\/\/schema.org\",\n\t\t\"@type\"   : \"ImageGallery\",\n\t\t\"id\"      : \"https:\/\/www.santjosep.net\/de\/sehen\/dorfer\/sant-agusti-des-vedra\/\",\n\t\t\"url\"     : \"https:\/\/www.santjosep.net\/de\/sehen\/dorfer\/sant-agusti-des-vedra\/\"\n\t}\n\n\t<\/script>\n\n\t\n<\/div>\n[\/vc_column_text][\/vc_column][\/vc_row][vc_row enable_hue_rotation=&#8220;no&#8220; enable_text_marquee=&#8220;no&#8220;][vc_column][vc_video link=&#8220;https:\/\/vimeo.com\/385260654&#8243;][\/vc_column][\/vc_row]<\/p>\n<\/div>","protected":false},"excerpt":{"rendered":"<p>[vc_row enable_hue_rotation=&#8220;no&#8220; enable_text_marquee=&#8220;no&#8220;][vc_column][vc_column_text]Das Gebiet, das heute zu der Gemeinde Sant Agust\u00ed des Vedr\u00e0 geh\u00f6rt, war fr\u00fcher Teil des Hoheitsgebiets (quart\u00f3) Portmany. Ein Gro\u00dfteil des Gebiets geh\u00f6rt mit der Verl\u00e4ngerung in den Westen zu der Ebene von Portmany. Ein recht gro\u00dfer [&hellip;]<\/p>\n","protected":false},"author":1,"featured_media":19421,"parent":5878,"menu_order":0,"comment_status":"closed","ping_status":"closed","template":"","meta":{"_acf_changed":false,"inline_featured_image":false,"footnotes":""},"categoria_pagina":[],"class_list":["post-5464","page","type-page","status-publish","has-post-thumbnail","hentry"],"acf":[],"yoast_head":"<!-- This site is optimized with the Yoast SEO plugin v25.7 - https:\/\/yoast.com\/wordpress\/plugins\/seo\/ -->\n<title>Sant Agust\u00ed des Vedr\u00e0 - Santjosep.net<\/title>\n<meta name=\"robots\" content=\"index, follow, max-snippet:-1, max-image-preview:large, max-video-preview:-1\" \/>\n<link rel=\"canonical\" href=\"https:\/\/www.santjosep.net\/de\/sehen\/dorfer\/sant-agusti-des-vedra\/\" \/>\n<meta property=\"og:locale\" content=\"de_DE\" \/>\n<meta property=\"og:type\" content=\"article\" \/>\n<meta property=\"og:title\" content=\"Sant Agust\u00ed des Vedr\u00e0 - Santjosep.net\" \/>\n<meta property=\"og:description\" content=\"[vc_row enable_hue_rotation=&#8220;no&#8220; enable_text_marquee=&#8220;no&#8220;][vc_column][vc_column_text]Das Gebiet, das heute zu der Gemeinde Sant Agust\u00ed des Vedr\u00e0 geh\u00f6rt, war fr\u00fcher Teil des Hoheitsgebiets (quart\u00f3) Portmany. Ein Gro\u00dfteil des Gebiets geh\u00f6rt mit der Verl\u00e4ngerung in den Westen zu der Ebene von Portmany. Ein recht gro\u00dfer [&hellip;]\" \/>\n<meta property=\"og:url\" content=\"https:\/\/www.santjosep.net\/de\/sehen\/dorfer\/sant-agusti-des-vedra\/\" \/>\n<meta property=\"og:site_name\" content=\"Santjosep.net\" \/>\n<meta property=\"article:modified_time\" content=\"2025-01-21T11:27:39+00:00\" \/>\n<meta property=\"og:image\" content=\"https:\/\/www.santjosep.net\/wp-content\/uploads\/2020\/01\/santagusti_IMG_4103.jpg\" \/>\n\t<meta property=\"og:image:width\" content=\"2100\" \/>\n\t<meta property=\"og:image:height\" content=\"1400\" \/>\n\t<meta property=\"og:image:type\" content=\"image\/jpeg\" \/>\n<meta name=\"twitter:card\" content=\"summary_large_image\" \/>\n<meta name=\"twitter:label1\" content=\"Gesch\u00e4tzte Lesezeit\" \/>\n\t<meta name=\"twitter:data1\" content=\"2\u00a0Minuten\" \/>\n<script type=\"application\/ld+json\" class=\"yoast-schema-graph\">{\"@context\":\"https:\/\/schema.org\",\"@graph\":[{\"@type\":\"WebPage\",\"@id\":\"https:\/\/www.santjosep.net\/de\/sehen\/dorfer\/sant-agusti-des-vedra\/\",\"url\":\"https:\/\/www.santjosep.net\/de\/sehen\/dorfer\/sant-agusti-des-vedra\/\",\"name\":\"Sant Agust\u00ed des Vedr\u00e0 - Santjosep.net\",\"isPartOf\":{\"@id\":\"https:\/\/www.santjosep.net\/#website\"},\"primaryImageOfPage\":{\"@id\":\"https:\/\/www.santjosep.net\/de\/sehen\/dorfer\/sant-agusti-des-vedra\/#primaryimage\"},\"image\":{\"@id\":\"https:\/\/www.santjosep.net\/de\/sehen\/dorfer\/sant-agusti-des-vedra\/#primaryimage\"},\"thumbnailUrl\":\"https:\/\/www.santjosep.net\/wp-content\/uploads\/2020\/01\/santagusti_IMG_4103.jpg\",\"datePublished\":\"2013-11-11T12:27:26+00:00\",\"dateModified\":\"2025-01-21T11:27:39+00:00\",\"breadcrumb\":{\"@id\":\"https:\/\/www.santjosep.net\/de\/sehen\/dorfer\/sant-agusti-des-vedra\/#breadcrumb\"},\"inLanguage\":\"de\",\"potentialAction\":[{\"@type\":\"ReadAction\",\"target\":[\"https:\/\/www.santjosep.net\/de\/sehen\/dorfer\/sant-agusti-des-vedra\/\"]}]},{\"@type\":\"ImageObject\",\"inLanguage\":\"de\",\"@id\":\"https:\/\/www.santjosep.net\/de\/sehen\/dorfer\/sant-agusti-des-vedra\/#primaryimage\",\"url\":\"https:\/\/www.santjosep.net\/wp-content\/uploads\/2020\/01\/santagusti_IMG_4103.jpg\",\"contentUrl\":\"https:\/\/www.santjosep.net\/wp-content\/uploads\/2020\/01\/santagusti_IMG_4103.jpg\",\"width\":2100,\"height\":1400},{\"@type\":\"BreadcrumbList\",\"@id\":\"https:\/\/www.santjosep.net\/de\/sehen\/dorfer\/sant-agusti-des-vedra\/#breadcrumb\",\"itemListElement\":[{\"@type\":\"ListItem\",\"position\":1,\"name\":\"Sehen\",\"item\":\"https:\/\/www.santjosep.net\/de\/sehen\/\"},{\"@type\":\"ListItem\",\"position\":2,\"name\":\"D\u00f6rfer\",\"item\":\"https:\/\/www.santjosep.net\/de\/sehen\/dorfer\/\"},{\"@type\":\"ListItem\",\"position\":3,\"name\":\"Sant Agust\u00ed des Vedr\u00e0\"}]},{\"@type\":\"WebSite\",\"@id\":\"https:\/\/www.santjosep.net\/#website\",\"url\":\"https:\/\/www.santjosep.net\/\",\"name\":\"Santjosep.net\",\"description\":\"\",\"potentialAction\":[{\"@type\":\"SearchAction\",\"target\":{\"@type\":\"EntryPoint\",\"urlTemplate\":\"https:\/\/www.santjosep.net\/?s={search_term_string}\"},\"query-input\":{\"@type\":\"PropertyValueSpecification\",\"valueRequired\":true,\"valueName\":\"search_term_string\"}}],\"inLanguage\":\"de\"}]}<\/script>\n<!-- \/ Yoast SEO plugin. -->","yoast_head_json":{"title":"Sant Agust\u00ed des Vedr\u00e0 - Santjosep.net","robots":{"index":"index","follow":"follow","max-snippet":"max-snippet:-1","max-image-preview":"max-image-preview:large","max-video-preview":"max-video-preview:-1"},"canonical":"https:\/\/www.santjosep.net\/de\/sehen\/dorfer\/sant-agusti-des-vedra\/","og_locale":"de_DE","og_type":"article","og_title":"Sant Agust\u00ed des Vedr\u00e0 - Santjosep.net","og_description":"[vc_row enable_hue_rotation=&#8220;no&#8220; enable_text_marquee=&#8220;no&#8220;][vc_column][vc_column_text]Das Gebiet, das heute zu der Gemeinde Sant Agust\u00ed des Vedr\u00e0 geh\u00f6rt, war fr\u00fcher Teil des Hoheitsgebiets (quart\u00f3) Portmany. Ein Gro\u00dfteil des Gebiets geh\u00f6rt mit der Verl\u00e4ngerung in den Westen zu der Ebene von Portmany. Ein recht gro\u00dfer [&hellip;]","og_url":"https:\/\/www.santjosep.net\/de\/sehen\/dorfer\/sant-agusti-des-vedra\/","og_site_name":"Santjosep.net","article_modified_time":"2025-01-21T11:27:39+00:00","og_image":[{"width":2100,"height":1400,"url":"https:\/\/www.santjosep.net\/wp-content\/uploads\/2020\/01\/santagusti_IMG_4103.jpg","type":"image\/jpeg"}],"twitter_card":"summary_large_image","twitter_misc":{"Gesch\u00e4tzte Lesezeit":"2\u00a0Minuten"},"schema":{"@context":"https:\/\/schema.org","@graph":[{"@type":"WebPage","@id":"https:\/\/www.santjosep.net\/de\/sehen\/dorfer\/sant-agusti-des-vedra\/","url":"https:\/\/www.santjosep.net\/de\/sehen\/dorfer\/sant-agusti-des-vedra\/","name":"Sant Agust\u00ed des Vedr\u00e0 - Santjosep.net","isPartOf":{"@id":"https:\/\/www.santjosep.net\/#website"},"primaryImageOfPage":{"@id":"https:\/\/www.santjosep.net\/de\/sehen\/dorfer\/sant-agusti-des-vedra\/#primaryimage"},"image":{"@id":"https:\/\/www.santjosep.net\/de\/sehen\/dorfer\/sant-agusti-des-vedra\/#primaryimage"},"thumbnailUrl":"https:\/\/www.santjosep.net\/wp-content\/uploads\/2020\/01\/santagusti_IMG_4103.jpg","datePublished":"2013-11-11T12:27:26+00:00","dateModified":"2025-01-21T11:27:39+00:00","breadcrumb":{"@id":"https:\/\/www.santjosep.net\/de\/sehen\/dorfer\/sant-agusti-des-vedra\/#breadcrumb"},"inLanguage":"de","potentialAction":[{"@type":"ReadAction","target":["https:\/\/www.santjosep.net\/de\/sehen\/dorfer\/sant-agusti-des-vedra\/"]}]},{"@type":"ImageObject","inLanguage":"de","@id":"https:\/\/www.santjosep.net\/de\/sehen\/dorfer\/sant-agusti-des-vedra\/#primaryimage","url":"https:\/\/www.santjosep.net\/wp-content\/uploads\/2020\/01\/santagusti_IMG_4103.jpg","contentUrl":"https:\/\/www.santjosep.net\/wp-content\/uploads\/2020\/01\/santagusti_IMG_4103.jpg","width":2100,"height":1400},{"@type":"BreadcrumbList","@id":"https:\/\/www.santjosep.net\/de\/sehen\/dorfer\/sant-agusti-des-vedra\/#breadcrumb","itemListElement":[{"@type":"ListItem","position":1,"name":"Sehen","item":"https:\/\/www.santjosep.net\/de\/sehen\/"},{"@type":"ListItem","position":2,"name":"D\u00f6rfer","item":"https:\/\/www.santjosep.net\/de\/sehen\/dorfer\/"},{"@type":"ListItem","position":3,"name":"Sant Agust\u00ed des Vedr\u00e0"}]},{"@type":"WebSite","@id":"https:\/\/www.santjosep.net\/#website","url":"https:\/\/www.santjosep.net\/","name":"Santjosep.net","description":"","potentialAction":[{"@type":"SearchAction","target":{"@type":"EntryPoint","urlTemplate":"https:\/\/www.santjosep.net\/?s={search_term_string}"},"query-input":{"@type":"PropertyValueSpecification","valueRequired":true,"valueName":"search_term_string"}}],"inLanguage":"de"}]}},"_links":{"self":[{"href":"https:\/\/www.santjosep.net\/de\/wp-json\/wp\/v2\/pages\/5464","targetHints":{"allow":["GET"]}}],"collection":[{"href":"https:\/\/www.santjosep.net\/de\/wp-json\/wp\/v2\/pages"}],"about":[{"href":"https:\/\/www.santjosep.net\/de\/wp-json\/wp\/v2\/types\/page"}],"author":[{"embeddable":true,"href":"https:\/\/www.santjosep.net\/de\/wp-json\/wp\/v2\/users\/1"}],"replies":[{"embeddable":true,"href":"https:\/\/www.santjosep.net\/de\/wp-json\/wp\/v2\/comments?post=5464"}],"version-history":[{"count":0,"href":"https:\/\/www.santjosep.net\/de\/wp-json\/wp\/v2\/pages\/5464\/revisions"}],"up":[{"embeddable":true,"href":"https:\/\/www.santjosep.net\/de\/wp-json\/wp\/v2\/pages\/5878"}],"wp:featuredmedia":[{"embeddable":true,"href":"https:\/\/www.santjosep.net\/de\/wp-json\/wp\/v2\/media\/19421"}],"wp:attachment":[{"href":"https:\/\/www.santjosep.net\/de\/wp-json\/wp\/v2\/media?parent=5464"}],"wp:term":[{"taxonomy":"categoria_pagina","embeddable":true,"href":"https:\/\/www.santjosep.net\/de\/wp-json\/wp\/v2\/categoria_pagina?post=5464"}],"curies":[{"name":"wp","href":"https:\/\/api.w.org\/{rel}","templated":true}]}}