{"id":31133,"date":"2022-01-13T16:31:01","date_gmt":"2022-01-13T15:31:01","guid":{"rendered":"https:\/\/www.santjosep.net\/ruta-de-ses-portes\/"},"modified":"2022-01-19T14:13:17","modified_gmt":"2022-01-19T13:13:17","slug":"route-von-ses-portes","status":"publish","type":"page","link":"https:\/\/www.santjosep.net\/de\/routen-ses-salines\/route-von-ses-portes\/","title":{"rendered":"Route von Ses Portes"},"content":{"rendered":"<div class=\"wpb-content-wrapper\"><p>[vc_row enable_hue_rotation=&#8220;no&#8220; enable_text_marquee=&#8220;no&#8220; css=&#8220;.vc_custom_1641984897604{padding-top: 5% !important;padding-bottom: 5% !important;}&#8220; el_id=&#8220;b1-xx&#8220;][vc_column][vc_row_inner gap=&#8220;35&#8243;][vc_column_inner width=&#8220;1\/2&#8243;][vc_column_text]<\/p>\n<h2><strong>Diese Wanderroute f\u00fchrt uns \u00fcber die gesamte K\u00fcstenseite der Salzteiche von Ibiza zu den zwei gro\u00dfen Str\u00e4nden des Gebietes<\/strong><\/h2>\n<p>[\/vc_column_text][vc_column_text]Dem kosmopolitischen Strand mit Kultstatus, <a href=\"https:\/\/www.santjosep.net\/de\/sehen\/strande\/ses-salines\/\" target=\"_blank\" rel=\"noopener\">Ses Salines<\/a>, und zum Strand <a href=\"https:\/\/www.santjosep.net\/de\/sehen\/strande\/es-cavallet\/\" target=\"_blank\" rel=\"noopener\">Es Cavallet<\/a>. Die Route kann an jedem der beiden \u00e4u\u00dfersten Punkte begonnen werden und bietet au\u00dferdem M\u00f6glichkeiten, alternativ durch bewaldete Gebiete oder am \u00f6stlichen Ufer der Salzteiche entlangzuwandern. Die Wanderroute ist nicht besonders anstrengend, man sollte aber trotzdem Wasser mitnehmen und eine Kopfbedeckung zum Schutz vor der Sonne tragen, besonders im Sommer.<\/p>\n<p>Wir beginnen die Route in der Gegend um <a href=\"https:\/\/www.santjosep.net\/de\/sehen\/besuche\/sa-canal\/\" target=\"_blank\" rel=\"noopener\">Sa Canal<\/a>, einem winzigen Dorf aus kleinen Wohn- und Lagerh\u00e4usern, das in der Hochphase der industriellen Salzgewinnung zwischen dem 19. und 20. Jahrhundert errichtet wurde. Die klassische Architektur mit ihren Satteld\u00e4chern, get\u00fcnchten Fassaden, von Balustraden umgebenen Terrassen und smaragdgr\u00fcn gestrichenen T\u00fcren und Fenstern verspr\u00fcht einen besonderen Charme. Direkt vor dem Dorf ragt der <a href=\"https:\/\/www.santjosep.net\/de\/sehen\/erbe-und-kultur\/verladeplatz-und-anleger-von-sa-canal\/\" target=\"_blank\" rel=\"noopener\">Anleger ins Meer<\/a>, der \u00fcber all die notwendigen Ger\u00e4tschaften verf\u00fcgt, um das Salz auf die Frachtschiffe zu verladen, die hier anlegen.<\/p>\n<p>[\/vc_column_text][\/vc_column_inner][vc_column_inner width=&#8220;1\/2&#8243;][vc_btn title=&#8220;Folgen Sie der Route auf Google&#8220; size=&#8220;lg&#8220; i_align=&#8220;right&#8220; i_icon_fontawesome=&#8220;fab fa-google&#8220; add_icon=&#8220;true&#8220; el_class=&#8220;btn-lg-blue&#8220; css=&#8220;.vc_custom_1642575038102{padding-bottom: 8% !important;}&#8220; link=&#8220;url:https%3A%2F%2Fwww.google.com%2Fmaps%2Fd%2Fu%2F0%2Fedit%3Fmid%3D1rzCgwE_ZRbK1MV5hJndWcs2BfIafP9o2%26usp%3Dsharing|target:_blank&#8220;]<div class=\"edgtf-iwt clearfix  edgtf-iwt-icon-left edgtf-iwt-icon-medium\">\n\t<div class=\"edgtf-iwt-icon\">\n\t\t\t\t\t<a itemprop=\"url\" href=\"https:\/\/www.santjosep.net\/wp-content\/uploads\/2022\/01\/Ruta-Torre-ses-Portes.kmz\" target=\"_self\">\n\t\t\t\t\t\t\t\t\t<img loading=\"lazy\" decoding=\"async\" width=\"59\" height=\"44\" src=\"https:\/\/www.santjosep.net\/wp-content\/uploads\/2022\/01\/cloud-dwn.png\" class=\"attachment-full size-full\" alt=\"\" \/>\t\t\t\t\t\t\t\t<\/a>\n\t\t\t<\/div>\n\t<div class=\"edgtf-iwt-content\" >\n\t\t\t\t\t<h4 class=\"edgtf-iwt-title\" >\n\t\t\t\t\t\t\t\t\t<a itemprop=\"url\" href=\"https:\/\/www.santjosep.net\/wp-content\/uploads\/2022\/01\/Ruta-Torre-ses-Portes.kmz\" target=\"_self\">\n\t\t\t\t\t\t\t\t<span class=\"edgtf-iwt-title-text\">Laden Sie die Route herunter<\/span>\n\t\t\t\t\t\t\t\t\t<\/a>\n\t\t\t\t\t\t\t<\/h4>\n\t\t\t\t\t\t\t<p class=\"edgtf-iwt-text\" >Format KMZ<\/p>\n\t\t\t<\/div>\n<\/div><div class=\"edgtf-iwt clearfix  edgtf-iwt-icon-left edgtf-iwt-icon-medium\">\n\t<div class=\"edgtf-iwt-icon\">\n\t\t\t\t\t<a itemprop=\"url\" href=\"https:\/\/es.wikiloc.com\/rutas-senderismo\/ruta-ses-portes-92672403\" target=\"_blank\">\n\t\t\t\t\t\t\t\t\t<img loading=\"lazy\" decoding=\"async\" width=\"59\" height=\"44\" src=\"https:\/\/www.santjosep.net\/wp-content\/uploads\/2022\/01\/loc-recorrido.png\" class=\"attachment-full size-full\" alt=\"\" \/>\t\t\t\t\t\t\t\t<\/a>\n\t\t\t<\/div>\n\t<div class=\"edgtf-iwt-content\" >\n\t\t\t\t\t<h4 class=\"edgtf-iwt-title\" >\n\t\t\t\t\t\t\t\t\t<a itemprop=\"url\" href=\"https:\/\/es.wikiloc.com\/rutas-senderismo\/ruta-ses-portes-92672403\" target=\"_blank\">\n\t\t\t\t\t\t\t\t<span class=\"edgtf-iwt-title-text\">Siehe die Route auf Wikiloc<\/span>\n\t\t\t\t\t\t\t\t\t<\/a>\n\t\t\t\t\t\t\t<\/h4>\n\t\t\t\t\t<\/div>\n<\/div><div class=\"edgtf-iwt clearfix  edgtf-iwt-icon-left edgtf-iwt-icon-medium\">\n\t<div class=\"edgtf-iwt-icon\">\n\t\t\t\t\t<a itemprop=\"url\" href=\"#lugaresdeinteres\" target=\"_self\">\n\t\t\t\t\t\t\t\t\t<img loading=\"lazy\" decoding=\"async\" width=\"59\" height=\"44\" src=\"https:\/\/www.santjosep.net\/wp-content\/uploads\/2022\/01\/punto.png\" class=\"attachment-full size-full\" alt=\"\" \/>\t\t\t\t\t\t\t\t<\/a>\n\t\t\t<\/div>\n\t<div class=\"edgtf-iwt-content\" >\n\t\t\t\t\t<h4 class=\"edgtf-iwt-title\" >\n\t\t\t\t\t\t\t\t\t<a itemprop=\"url\" href=\"#lugaresdeinteres\" target=\"_self\">\n\t\t\t\t\t\t\t\t<span class=\"edgtf-iwt-title-text\">Interessante Punkte auf der Route<\/span>\n\t\t\t\t\t\t\t\t\t<\/a>\n\t\t\t\t\t\t\t<\/h4>\n\t\t\t\t\t<\/div>\n<\/div>[vc_column_text]<\/p>\n<h6>MIT EINEM FREUND TEILEN<\/h6>\n<p>[\/vc_column_text][vc_raw_html]JTNDZGl2JTIwY2xhc3MlM0QlMjJyZWRlc19maWNoYSUyMiUzRSUwQSUzQ2RpdiUyMGNsYXNzJTNEJTIyZmElMjBmYS13aGF0c2FwcCUyMHN0LWN1c3RvbS1idXR0b24lMjIlMjBkYXRhLW5ldHdvcmslM0QlMjJ3aGF0c2FwcCUyMiUzRSUzQyUyRmRpdiUzRSUzQyUyRmElM0UlMEElM0NkaXYlMjBjbGFzcyUzRCUyMmZhJTIwZmEtZmFjZWJvb2slMjBzdC1jdXN0b20tYnV0dG9uJTIyJTIwZGF0YS1uZXR3b3JrJTNEJTIyZmFjZWJvb2slMjIlM0UlM0MlMkZkaXYlM0UlMEElMEElM0NkaXYlMjBjbGFzcyUzRCUyMmZhJTIwZmEtdGVsZWdyYW0lMjBzdC1jdXN0b20tYnV0dG9uJTIyJTIwZGF0YS1uZXR3b3JrJTNEJTIydGVsZWdyYW0lMjIlM0UlM0MlMkZkaXYlM0UlMEElM0NkaXYlMjBjbGFzcyUzRCUyMmZhJTIwZmEtZW52ZWxvcGUlMjBzdC1jdXN0b20tYnV0dG9uJTIyJTIwZGF0YS1uZXR3b3JrJTNEJTIyZW1haWwlMjIlM0UlM0MlMkZkaXYlM0UlMEElMEElM0MlMkZkaXYlM0UlMEElMEElMEE=[\/vc_raw_html][\/vc_column_inner][\/vc_row_inner][\/vc_column][\/vc_row][vc_row enable_hue_rotation=&#8220;no&#8220; enable_text_marquee=&#8220;no&#8220; css=&#8220;.vc_custom_1641984908027{padding-bottom: 5% !important;}&#8220; el_id=&#8220;b2-xx&#8220;][vc_column][vc_column_text css=&#8220;.vc_custom_1642575060504{padding-bottom: 3% !important;}&#8220;]<\/p>\n<h2>Bilder der Route<\/h2>\n<p>[\/vc_column_text][vc_row_inner equal_height=&#8220;yes&#8220;][vc_column_inner width=&#8220;1\/2&#8243; css=&#8220;.vc_custom_1642087405357{background-image: url(https:\/\/www.santjosep.net\/wp-content\/uploads\/2022\/01\/RutaSesPortes19.jpg?id=30239) !important;background-position: center !important;background-repeat: no-repeat !important;background-size: cover !important;}&#8220;][\/vc_column_inner][vc_column_inner el_class=&#8220;b2-right&#8220; width=&#8220;1\/2&#8243;][vc_single_image image=&#8220;30248&#8243; img_size=&#8220;full&#8220;][vc_column_text el_class=&#8220;rutasesportes&#8220;]<\/p>\n<div class=\"fa fa-image st-custom-button\">\n<p>Siehe Bildergalerie<\/p>\n<\/div>\n<p>[\/vc_column_text][\/vc_column_inner][\/vc_row_inner][\/vc_column][\/vc_row][vc_row enable_hue_rotation=&#8220;no&#8220; enable_text_marquee=&#8220;no&#8220; css=&#8220;.vc_custom_1641984916242{padding-bottom: 5% !important;}&#8220; el_id=&#8220;b3-xx&#8220;][vc_column][vc_row_inner][vc_column_inner][vc_column_text]An der Westseite k\u00f6nnen wir in wenigen Metern <strong>Entfernung eine Bucht mit kleinen Fischerh\u00fctten erkennen<\/strong>, au\u00dferdem sieht man noch heute \u00dcberreste des regen Salzhandels von damals. So gibt es hier noch eine alte Barkasse, die l\u00e4ngst auf dem felsigen Grund aufliegt und eine weitere, etwas breitere Rampe, auf der F\u00fchrungsschienen ins Meer laufen. Hier befanden sich fr\u00fcher die Docks, wo die Salinengesellschaft ihre Barkassen reparierte und instand setzte, die<strong> im vorindustriellen Zeitalter zum Transport des Salzes genutzt wurden<\/strong>. Der <a href=\"https:\/\/www.santjosep.net\/de\/sehen\/erbe-und-kultur\/alter-salzverladeplatz\/\" target=\"_blank\" rel=\"noopener\">alte Salzverladeplatz<\/a>, das <a href=\"https:\/\/www.santjosep.net\/de\/sehen\/besuche\/sa-canal\/\" target=\"_blank\" rel=\"noopener\">Dorf Sa Canal<\/a> und der <a href=\"https:\/\/www.santjosep.net\/de\/sehen\/erbe-und-kultur\/verladeplatz-und-anleger-von-sa-canal\/\" target=\"_blank\" rel=\"noopener\">Anleger bilden<\/a> den Kern des Industriegebietes, das durch Silos, Verwaltungsgeb\u00e4ude und gr\u00f6\u00dfere Schiffswerkhallen erg\u00e4nzt wird. Einige davon sind als eindrucksvolle Ausstellungsr\u00e4ume begehbar, so zum Beispiel die Halle, die als &#8222;<a href=\"https:\/\/www.santjosep.net\/de\/sehen\/erbe-und-kultur\/stiftung-la-nave-salinas\/\" target=\"_blank\" rel=\"noopener\">La Nave<\/a>&#8220; (&#8222;Die Lagerhalle&#8220;) bekannt ist. Direkt neben der Werkhalle verlaufen die historischen Schienen der alten Salzbahn, die die wertvolle Handelsfracht von den Teichen wegtransportierte.<\/p>\n<p>&nbsp;<\/p>\n<p>Wenn wir dem Weg etwas weiter folgen und einen kleinen Abstecher nach links machen, entdecken wir den historischen Brunnen <a href=\"https:\/\/www.santjosep.net\/de\/sehen\/erbe-und-kultur\/pou-des-carbo\/\" target=\"_blank\" rel=\"noopener\">Pou des Carb\u00f3<\/a>, dessen Existenz erstmals f\u00fcr das Jahr 1765 belegt ist und der die Kessel der Eisenbahn mit Wasser versorgte. Wenn wir auf die Wanderroute zur\u00fcckkehren, erreichen wir den beliebten, h\u00fcbschen Sandstrand von Ses Salines, dessen letzter Abschnitt aus kleinen, felsigen Buchten besteht, die durch den Wind und menschliche Einfl\u00fcsse in den Mar\u00e9s-Kalkstein eingegraben sind. Einige geometrisch anmutende Felsabschnitte erinnern hier noch an die Zeit, als die Gegend als Steinbruch f\u00fcr die Errichtung der Festungsmauern von Ibizas Altstadt genutzt wurde. Wer die Route im Sommer wandern m\u00f6chte, sollte statt des Strands besser den schattigen Waldweg w\u00e4hlen, der hinter den D\u00fcnen des Strandes beginnt. Die beiden Wege treffen sich schlie\u00dflich wieder und bringen uns zu sehenswerten Orten wie dem <a href=\"https:\/\/www.santjosep.net\/de\/sehen\/erbe-und-kultur\/brunnen-pou-de-sa-trinxa\/\" target=\"_blank\" rel=\"noopener\">Pouet de Sa Trinxa<\/a>, einem Mar\u00e9s-Kalksteinbrunnen, aus dem die Tagel\u00f6hner ihr S\u00fc\u00dfwasser sch\u00f6pften.[\/vc_column_text][vc_column_text css=&#8220;.vc_custom_1642510628538{padding-top: 25px !important;padding-bottom: 25px !important;}&#8220;]<style>#jtg-30889 .modula-item .jtg-social a, .lightbox-socials.jtg-social a{ fill: #ffffff; color: #ffffff }#jtg-30889 .modula-item .jtg-social-mobile a{ fill: #ffffff; color: #ffffff }#jtg-30889 .modula-item .jtg-social svg, .lightbox-socials.jtg-social svg { height: 16px; width: 16px }#jtg-30889 .modula-item .jtg-social-mobile svg { height: 16px; width: 16px }#jtg-30889 .modula-item .jtg-social a:not(:last-child), .lightbox-socials.jtg-social a:not(:last-child) { margin-right: 10px }#jtg-30889 .modula-item .jtg-social-mobile .jtg-social-mobile-icons a:not(:last-child){ margin-right: 10px }#jtg-30889 .modula-item .figc {color:#ffffff;}#jtg-30889 .modula-item .modula-item-content { transform: scale(1) }#jtg-30889 .modula-items .figc p.description { font-size:14px; }#jtg-30889 .modula-items .figc p.description { color:#ffffff;}#jtg-30889.modula-gallery .modula-item > a, #jtg-30889.modula-gallery .modula-item, #jtg-30889.modula-gallery .modula-item-content > a:not(.modula-no-follow) { cursor:zoom-in; } #jtg-30889.modula-gallery .modula-item-content .modula-no-follow { cursor: default; } @media screen and (max-width:480px){#jtg-30889 .modula-item .figc .jtg-title {  font-size: 12px; }#jtg-30889 .modula-items .figc p.description { color:#ffffff;font-size:10px; }}#jtg-30889 .modula-items .modula-item:hover img{opacity:1;}<\/style>\n<div  id=\"jtg-30889\" class=\"modula modula-gallery modula-custom-grid\" data-config=\"{&quot;height&quot;:800,&quot;tabletHeight&quot;:800,&quot;mobileHeight&quot;:800,&quot;desktopHeight&quot;:800,&quot;enableTwitter&quot;:true,&quot;enableWhatsapp&quot;:false,&quot;enableFacebook&quot;:true,&quot;enablePinterest&quot;:true,&quot;enableLinkedin&quot;:true,&quot;enableEmail&quot;:false,&quot;randomFactor&quot;:0.5,&quot;type&quot;:&quot;custom-grid&quot;,&quot;columns&quot;:12,&quot;gutter&quot;:0,&quot;mobileGutter&quot;:0,&quot;tabletGutter&quot;:0,&quot;desktopGutter&quot;:0,&quot;enableResponsive&quot;:&quot;1&quot;,&quot;tabletColumns&quot;:&quot;2&quot;,&quot;mobileColumns&quot;:&quot;1&quot;,&quot;lazyLoad&quot;:&quot;0&quot;,&quot;lightboxOpts&quot;:{&quot;animated&quot;:true,&quot;Thumbs&quot;:{&quot;type&quot;:&quot;modern&quot;,&quot;showOnStart&quot;:false},&quot;Toolbar&quot;:{&quot;display&quot;:{&quot;right&quot;:[&quot;close&quot;]},&quot;enabled&quot;:true},&quot;Carousel&quot;:{&quot;Panzoom&quot;:{&quot;touch&quot;:false},&quot;infinite&quot;:false},&quot;keyboard&quot;:{&quot;Escape&quot;:&quot;close&quot;,&quot;Delete&quot;:&quot;close&quot;,&quot;Backspace&quot;:&quot;close&quot;,&quot;PageUp&quot;:false,&quot;PageDown&quot;:false,&quot;ArrowUp&quot;:false,&quot;ArrowDown&quot;:false,&quot;ArrowRight&quot;:false,&quot;ArrowLeft&quot;:false},&quot;touch&quot;:false,&quot;backdropClick&quot;:false,&quot;l10n&quot;:{&quot;CLOSE&quot;:&quot;Close&quot;,&quot;NEXT&quot;:&quot;Next&quot;,&quot;PREV&quot;:&quot;Previous&quot;,&quot;Error&quot;:&quot;The requested content cannot be loaded. Please try again later.&quot;,&quot;PLAY_START&quot;:&quot;Start slideshow&quot;,&quot;PLAY_STOP&quot;:&quot;Pause slideshow&quot;,&quot;FULL_SCREEN&quot;:&quot;Full screen&quot;,&quot;THUMBS&quot;:&quot;Thumbnails&quot;,&quot;DOWNLOAD&quot;:&quot;Download&quot;,&quot;SHARE&quot;:&quot;Share&quot;,&quot;ZOOM&quot;:&quot;Zoom&quot;,&quot;EMAIL&quot;:&quot;Here is the link to the image : %%image_link%% and this is the link to the gallery : %%gallery_link%%&quot;,&quot;MODAL&quot;:&quot;You can close this modal content with the ESC key&quot;,&quot;ERROR&quot;:&quot;Something Went Wrong, Please Try Again Later&quot;,&quot;IMAGE_ERROR&quot;:&quot;Image Not Found&quot;,&quot;ELEMENT_NOT_FOUND&quot;:&quot;HTML Element Not Found&quot;,&quot;AJAX_NOT_FOUND&quot;:&quot;Error Loading AJAX : Not Found&quot;,&quot;AJAX_FORBIDDEN&quot;:&quot;Error Loading AJAX : Forbidden&quot;,&quot;IFRAME_ERROR&quot;:&quot;Error Loading Page&quot;,&quot;TOGGLE_ZOOM&quot;:&quot;Toggle zoom level&quot;,&quot;TOGGLE_THUMBS&quot;:&quot;Toggle thumbnails&quot;,&quot;TOGGLE_SLIDESHOW&quot;:&quot;Toggle slideshow&quot;,&quot;TOGGLE_FULLSCREEN&quot;:&quot;Toggle full-screen mode&quot;},&quot;Images&quot;:{&quot;Panzoom&quot;:{&quot;maxScale&quot;:2}},&quot;mainClass&quot;:&quot;modula-fancybox-container modula-lightbox-jtg-30889&quot;,&quot;Html&quot;:{&quot;videoAutoplay&quot;:0,&quot;videoTpl&quot;:&quot;&lt;video class=\\&quot;fancybox__html5video\\&quot; controls muted playsinline controlsList controlsList=\\&quot;nodownload\\&quot; poster=\\&quot;{{poster}}\\&quot; src=\\&quot;{{src}}\\&quot; type=\\&quot;{{format}}\\&quot; &gt;  Sorry, your browser doesn&#039;t support embedded videos, &lt;a href=\\&quot;{{src}}\\&quot;&gt; download &lt;\\\/a&gt; and watch with your favorite video player! &lt;\\\/video&gt;&quot;}},&quot;inView&quot;:false,&quot;email_subject&quot;:&quot;Check out this awesome image !!&quot;,&quot;email_message&quot;:&quot;Here is the link to the image : %%image_link%% and this is the link to the gallery : %%gallery_link%%&quot;,&quot;lightbox&quot;:&quot;fancybox&quot;}\">\n\n\t\n\t<div  class=\"modula-items\">\n\t\t<div class=\"modula-item\" data-width=\"6\" data-height=\"7\" >\n\t<div class=\"modula-item-content\">\n\t\t\n\t\t\t\t\t<a data-image-id=\"30892\" tabindex=\"0\" rel=\"jtg-30889\" data-caption=\"\" aria-label=\"Open image in lightbox\" role=\"button\" class=\"tile-inner modula-item-link\"><\/a>\n\t\t\n\t\t<img loading=\"lazy\" decoding=\"async\" class=\"pic wp-image-30892\"  data-valign=\"middle\" data-halign=\"center\" alt=\"\" data-full=\"https:\/\/www.santjosep.net\/wp-content\/uploads\/2022\/01\/RR_00893.jpg\" title=\"RR_00893\" width=\"2200\" height=\"1467\" src=\"https:\/\/www.santjosep.net\/wp-content\/uploads\/2022\/01\/RR_00893.jpg\" data-src=\"https:\/\/www.santjosep.net\/wp-content\/uploads\/2022\/01\/RR_00893.jpg\" data-caption=\"\" srcset=\"https:\/\/www.santjosep.net\/wp-content\/uploads\/2022\/01\/RR_00893.jpg 2200w, https:\/\/www.santjosep.net\/wp-content\/uploads\/2022\/01\/RR_00893-300x200.jpg 300w, https:\/\/www.santjosep.net\/wp-content\/uploads\/2022\/01\/RR_00893-1024x683.jpg 1024w, https:\/\/www.santjosep.net\/wp-content\/uploads\/2022\/01\/RR_00893-768x512.jpg 768w, https:\/\/www.santjosep.net\/wp-content\/uploads\/2022\/01\/RR_00893-1536x1024.jpg 1536w\" sizes=\"auto, (max-width: 2200px) 100vw, 2200px\" \/>\n\t<\/div>\n\n<\/div><div class=\"modula-item\" data-width=\"6\" data-height=\"7\" >\n\t<div class=\"modula-item-content\">\n\t\t\n\t\t\t\t\t<a data-image-id=\"30898\" tabindex=\"0\" rel=\"jtg-30889\" data-caption=\"\" aria-label=\"Open image in lightbox\" role=\"button\" class=\"tile-inner modula-item-link\"><\/a>\n\t\t\n\t\t<img loading=\"lazy\" decoding=\"async\" class=\"pic wp-image-30898\"  data-valign=\"middle\" data-halign=\"center\" alt=\"\" data-full=\"https:\/\/www.santjosep.net\/wp-content\/uploads\/2022\/01\/RR_01059.jpg\" title=\"RR_01059\" width=\"1467\" height=\"2200\" src=\"https:\/\/www.santjosep.net\/wp-content\/uploads\/2022\/01\/RR_01059.jpg\" data-src=\"https:\/\/www.santjosep.net\/wp-content\/uploads\/2022\/01\/RR_01059.jpg\" data-caption=\"\" srcset=\"https:\/\/www.santjosep.net\/wp-content\/uploads\/2022\/01\/RR_01059.jpg 1467w, https:\/\/www.santjosep.net\/wp-content\/uploads\/2022\/01\/RR_01059-200x300.jpg 200w, https:\/\/www.santjosep.net\/wp-content\/uploads\/2022\/01\/RR_01059-683x1024.jpg 683w, https:\/\/www.santjosep.net\/wp-content\/uploads\/2022\/01\/RR_01059-768x1152.jpg 768w, https:\/\/www.santjosep.net\/wp-content\/uploads\/2022\/01\/RR_01059-1024x1536.jpg 1024w, https:\/\/www.santjosep.net\/wp-content\/uploads\/2022\/01\/RR_01059-1366x2048.jpg 1366w\" sizes=\"auto, (max-width: 1467px) 100vw, 1467px\" \/>\n\t<\/div>\n\n<\/div>\t\t\n\t<\/div>\n\n\t\n\t\n\t<script type=\"application\/ld+json\">\n\t{\n\t\t\"@context\": \"http:\/\/schema.org\",\n\t\t\"@type\"   : \"ImageGallery\",\n\t\t\"id\"      : \"https:\/\/www.santjosep.net\/de\/routen-ses-salines\/route-von-ses-portes\/\",\n\t\t\"url\"     : \"https:\/\/www.santjosep.net\/de\/routen-ses-salines\/route-von-ses-portes\/\"\n\t}\n\n\t<\/script>\n\n\t\n<\/div>\n[\/vc_column_text][vc_column_text]An diesem Punkt k\u00f6nnen wir je nach Bedarf eine Abk\u00fcrzung nehmen und uns nach Norden in Richtung der Salzteiche begeben, die sich hinter einem ausgedehnten Sadebaumwald befinden. So gelangen wir zur Landzunge von Es Cavallet, dem Endpunkt unserer Tour. Wenn wir dem Weg allerdings weiter am <a href=\"https:\/\/www.santjosep.net\/de\/sehen\/strande\/ses-salines\/\" target=\"_blank\" rel=\"noopener\">Strand von Ses Salines<\/a> entlang folgen, gelangen wir zum <a href=\"https:\/\/www.santjosep.net\/de\/sehen\/erbe-und-kultur\/torre-ses-portes\/\" target=\"_blank\" rel=\"noopener\">Wachtturm Ses Portes<\/a>, einem wichtigen Bauwerk aus dem 17. Jahrhundert, das die Durchfahrt von Schiffen durch die Meerenge zwischen Ibiza und <strong>Formentera<\/strong> \u00fcberwachte. Hier beschreibt die K\u00fcste einen spitzen Bogen von fast 180\u00b0 und f\u00fchrt nun weiter nach Norden, zum herrlichen wei\u00dfen <a href=\"https:\/\/www.santjosep.net\/de\/sehen\/strande\/es-cavallet\/\" target=\"_blank\" rel=\"noopener\">Sandstrand Es Cavallet<\/a>, der nach Osten ausgerichtet ist. Hier gibt es am Meeresgrund ausgedehnte Posidonia-Seegraswiesen zu bestaunen. Diese Unterwasserpflanzen geh\u00f6ren zu den wohl langlebigsten Organismen des Planeten und sorgen mit ihrer hohen Filterkraft und Sauerstoffproduktion f\u00fcr klare Gew\u00e4sser.<\/p>\n<p>Unsere Wanderung endet an der <a href=\"https:\/\/www.santjosep.net\/de\/sehen\/erbe-und-kultur\/punta-des-cavallet-und-oestlicher-verladeplatz-muelle-de-llevant\/\" target=\"_blank\" rel=\"noopener\">Landzunge von Es Cavallet<\/a>, am sogenannten \u00f6stlichen Anleger, der ebenfalls f\u00fcr die Salzverladung genutzt wurde. Auf dem R\u00fcckweg zur Landstra\u00dfe, die an den Teichen vorbeif\u00fchrt, gibt es ein kleines Dorf mit H\u00e4usern der Salinenarbeiter und einer kleinen Kapelle, der <a href=\"https:\/\/www.santjosep.net\/de\/sehen\/erbe-und-kultur\/sa-revista\/\" target=\"_blank\" rel=\"noopener\">Capella de la Revista<\/a>, aus dem 18. Jahrhundert zu sehen, wo die Arbeiter aus der Gegend den Gottesdienst besuchen konnten.[\/vc_column_text][\/vc_column_inner][\/vc_row_inner][\/vc_column][\/vc_row][vc_row enable_hue_rotation=&#8220;no&#8220; enable_text_marquee=&#8220;no&#8220; el_id=&#8220;b4-xx&#8220;][vc_column][vc_column_text css=&#8220;.vc_custom_1642575085831{padding-bottom: 3% !important;}&#8220;]<\/p>\n<div style=\"position: relative;\">\n<h2><a style=\"position: absolute; top: -250px;\" name=\"lugaresdeinteres\"><\/a><\/h2>\n<h2>Was k\u00f6nnen Sie auf der Strecke sehen?<\/h2>\n<\/div>\n<p>[\/vc_column_text][vc_basic_grid post_type=&#8220;custom&#8220; element_width=&#8220;3&#8243; item=&#8220;29590&#8243; grid_id=&#8220;vc_gid:1642597787876-bc05e1c9-88f6-9&#8243; el_id=&#8220;post-lugaresinteres-xx&#8220; custom_query=&#8220;post_type=page&amp;posts_per_page=-1&amp;orderby=rand&amp;post__in%5B0%5D=30567&amp;post__in%5B1%5D=30602&amp;post__in%5B2%5D=30639&amp;post__in%5B3%5D=867&amp;post__in%5B4%5D=6561&amp;post__in%5B5%5D=30700&amp;post__in%5B6%5D=888&amp;post__in%5B7%5D=30797&amp;post__in%5B8%5D=30721&amp;post__in%5B9%5D=876&amp;post__in%5B10%5D=30761&amp;post__in%5B11%5D=3116&amp;post__in%5B12%5D=31362&#8243;][\/vc_column][\/vc_row]<\/p>\n<\/div>","protected":false},"excerpt":{"rendered":"<p>[vc_row enable_hue_rotation=&#8220;no&#8220; enable_text_marquee=&#8220;no&#8220; css=&#8220;.vc_custom_1641984897604{padding-top: 5% !important;padding-bottom: 5% !important;}&#8220; el_id=&#8220;b1-xx&#8220;][vc_column][vc_row_inner gap=&#8220;35&#8243;][vc_column_inner width=&#8220;1\/2&#8243;][vc_column_text] Diese Wanderroute f\u00fchrt uns \u00fcber die gesamte K\u00fcstenseite der Salzteiche von Ibiza zu den zwei gro\u00dfen Str\u00e4nden des Gebietes [\/vc_column_text][vc_column_text]Dem kosmopolitischen Strand mit Kultstatus, Ses Salines, und zum Strand [&hellip;]<\/p>\n","protected":false},"author":1,"featured_media":30837,"parent":31184,"menu_order":0,"comment_status":"closed","ping_status":"closed","template":"page-mapa.php","meta":{"_acf_changed":false,"inline_featured_image":false,"footnotes":""},"categoria_pagina":[],"class_list":["post-31133","page","type-page","status-publish","has-post-thumbnail","hentry"],"acf":[],"yoast_head":"<!-- This site is optimized with the Yoast SEO plugin v25.7 - https:\/\/yoast.com\/wordpress\/plugins\/seo\/ -->\n<title>Route von Ses Portes - Santjosep.net<\/title>\n<meta name=\"robots\" content=\"index, follow, max-snippet:-1, max-image-preview:large, max-video-preview:-1\" \/>\n<link rel=\"canonical\" href=\"https:\/\/www.santjosep.net\/de\/routen-ses-salines\/route-von-ses-portes\/\" \/>\n<meta property=\"og:locale\" content=\"de_DE\" \/>\n<meta property=\"og:type\" content=\"article\" \/>\n<meta property=\"og:title\" content=\"Route von Ses Portes - Santjosep.net\" \/>\n<meta property=\"og:description\" content=\"[vc_row enable_hue_rotation=&#8220;no&#8220; enable_text_marquee=&#8220;no&#8220; css=&#8220;.vc_custom_1641984897604{padding-top: 5% !important;padding-bottom: 5% !important;}&#8220; el_id=&#8220;b1-xx&#8220;][vc_column][vc_row_inner gap=&#8220;35&#8243;][vc_column_inner width=&#8220;1\/2&#8243;][vc_column_text] Diese Wanderroute f\u00fchrt uns \u00fcber die gesamte K\u00fcstenseite der Salzteiche von Ibiza zu den zwei gro\u00dfen Str\u00e4nden des Gebietes [\/vc_column_text][vc_column_text]Dem kosmopolitischen Strand mit Kultstatus, Ses Salines, und zum Strand [&hellip;]\" \/>\n<meta property=\"og:url\" content=\"https:\/\/www.santjosep.net\/de\/routen-ses-salines\/route-von-ses-portes\/\" \/>\n<meta property=\"og:site_name\" content=\"Santjosep.net\" \/>\n<meta property=\"article:modified_time\" content=\"2022-01-19T13:13:17+00:00\" \/>\n<meta property=\"og:image\" content=\"https:\/\/www.santjosep.net\/wp-content\/uploads\/2022\/01\/RR_01016.jpg\" \/>\n\t<meta property=\"og:image:width\" content=\"2200\" \/>\n\t<meta property=\"og:image:height\" content=\"1467\" \/>\n\t<meta property=\"og:image:type\" content=\"image\/jpeg\" \/>\n<meta name=\"twitter:card\" content=\"summary_large_image\" \/>\n<meta name=\"twitter:label1\" content=\"Gesch\u00e4tzte Lesezeit\" \/>\n\t<meta name=\"twitter:data1\" content=\"4\u00a0Minuten\" \/>\n<script type=\"application\/ld+json\" class=\"yoast-schema-graph\">{\"@context\":\"https:\/\/schema.org\",\"@graph\":[{\"@type\":\"WebPage\",\"@id\":\"https:\/\/www.santjosep.net\/de\/routen-ses-salines\/route-von-ses-portes\/\",\"url\":\"https:\/\/www.santjosep.net\/de\/routen-ses-salines\/route-von-ses-portes\/\",\"name\":\"Route von Ses Portes - Santjosep.net\",\"isPartOf\":{\"@id\":\"https:\/\/www.santjosep.net\/#website\"},\"primaryImageOfPage\":{\"@id\":\"https:\/\/www.santjosep.net\/de\/routen-ses-salines\/route-von-ses-portes\/#primaryimage\"},\"image\":{\"@id\":\"https:\/\/www.santjosep.net\/de\/routen-ses-salines\/route-von-ses-portes\/#primaryimage\"},\"thumbnailUrl\":\"https:\/\/www.santjosep.net\/wp-content\/uploads\/2022\/01\/RR_01016.jpg\",\"datePublished\":\"2022-01-13T15:31:01+00:00\",\"dateModified\":\"2022-01-19T13:13:17+00:00\",\"breadcrumb\":{\"@id\":\"https:\/\/www.santjosep.net\/de\/routen-ses-salines\/route-von-ses-portes\/#breadcrumb\"},\"inLanguage\":\"de\",\"potentialAction\":[{\"@type\":\"ReadAction\",\"target\":[\"https:\/\/www.santjosep.net\/de\/routen-ses-salines\/route-von-ses-portes\/\"]}]},{\"@type\":\"ImageObject\",\"inLanguage\":\"de\",\"@id\":\"https:\/\/www.santjosep.net\/de\/routen-ses-salines\/route-von-ses-portes\/#primaryimage\",\"url\":\"https:\/\/www.santjosep.net\/wp-content\/uploads\/2022\/01\/RR_01016.jpg\",\"contentUrl\":\"https:\/\/www.santjosep.net\/wp-content\/uploads\/2022\/01\/RR_01016.jpg\",\"width\":2200,\"height\":1467},{\"@type\":\"BreadcrumbList\",\"@id\":\"https:\/\/www.santjosep.net\/de\/routen-ses-salines\/route-von-ses-portes\/#breadcrumb\",\"itemListElement\":[{\"@type\":\"ListItem\",\"position\":1,\"name\":\"Routen im Naturpark Ses Salines\",\"item\":\"https:\/\/www.santjosep.net\/de\/routen-ses-salines\/\"},{\"@type\":\"ListItem\",\"position\":2,\"name\":\"Route von Ses Portes\"}]},{\"@type\":\"WebSite\",\"@id\":\"https:\/\/www.santjosep.net\/#website\",\"url\":\"https:\/\/www.santjosep.net\/\",\"name\":\"Santjosep.net\",\"description\":\"\",\"potentialAction\":[{\"@type\":\"SearchAction\",\"target\":{\"@type\":\"EntryPoint\",\"urlTemplate\":\"https:\/\/www.santjosep.net\/?s={search_term_string}\"},\"query-input\":{\"@type\":\"PropertyValueSpecification\",\"valueRequired\":true,\"valueName\":\"search_term_string\"}}],\"inLanguage\":\"de\"}]}<\/script>\n<!-- \/ Yoast SEO plugin. -->","yoast_head_json":{"title":"Route von Ses Portes - Santjosep.net","robots":{"index":"index","follow":"follow","max-snippet":"max-snippet:-1","max-image-preview":"max-image-preview:large","max-video-preview":"max-video-preview:-1"},"canonical":"https:\/\/www.santjosep.net\/de\/routen-ses-salines\/route-von-ses-portes\/","og_locale":"de_DE","og_type":"article","og_title":"Route von Ses Portes - Santjosep.net","og_description":"[vc_row enable_hue_rotation=&#8220;no&#8220; enable_text_marquee=&#8220;no&#8220; css=&#8220;.vc_custom_1641984897604{padding-top: 5% !important;padding-bottom: 5% !important;}&#8220; el_id=&#8220;b1-xx&#8220;][vc_column][vc_row_inner gap=&#8220;35&#8243;][vc_column_inner width=&#8220;1\/2&#8243;][vc_column_text] Diese Wanderroute f\u00fchrt uns \u00fcber die gesamte K\u00fcstenseite der Salzteiche von Ibiza zu den zwei gro\u00dfen Str\u00e4nden des Gebietes [\/vc_column_text][vc_column_text]Dem kosmopolitischen Strand mit Kultstatus, Ses Salines, und zum Strand [&hellip;]","og_url":"https:\/\/www.santjosep.net\/de\/routen-ses-salines\/route-von-ses-portes\/","og_site_name":"Santjosep.net","article_modified_time":"2022-01-19T13:13:17+00:00","og_image":[{"width":2200,"height":1467,"url":"https:\/\/www.santjosep.net\/wp-content\/uploads\/2022\/01\/RR_01016.jpg","type":"image\/jpeg"}],"twitter_card":"summary_large_image","twitter_misc":{"Gesch\u00e4tzte Lesezeit":"4\u00a0Minuten"},"schema":{"@context":"https:\/\/schema.org","@graph":[{"@type":"WebPage","@id":"https:\/\/www.santjosep.net\/de\/routen-ses-salines\/route-von-ses-portes\/","url":"https:\/\/www.santjosep.net\/de\/routen-ses-salines\/route-von-ses-portes\/","name":"Route von Ses Portes - Santjosep.net","isPartOf":{"@id":"https:\/\/www.santjosep.net\/#website"},"primaryImageOfPage":{"@id":"https:\/\/www.santjosep.net\/de\/routen-ses-salines\/route-von-ses-portes\/#primaryimage"},"image":{"@id":"https:\/\/www.santjosep.net\/de\/routen-ses-salines\/route-von-ses-portes\/#primaryimage"},"thumbnailUrl":"https:\/\/www.santjosep.net\/wp-content\/uploads\/2022\/01\/RR_01016.jpg","datePublished":"2022-01-13T15:31:01+00:00","dateModified":"2022-01-19T13:13:17+00:00","breadcrumb":{"@id":"https:\/\/www.santjosep.net\/de\/routen-ses-salines\/route-von-ses-portes\/#breadcrumb"},"inLanguage":"de","potentialAction":[{"@type":"ReadAction","target":["https:\/\/www.santjosep.net\/de\/routen-ses-salines\/route-von-ses-portes\/"]}]},{"@type":"ImageObject","inLanguage":"de","@id":"https:\/\/www.santjosep.net\/de\/routen-ses-salines\/route-von-ses-portes\/#primaryimage","url":"https:\/\/www.santjosep.net\/wp-content\/uploads\/2022\/01\/RR_01016.jpg","contentUrl":"https:\/\/www.santjosep.net\/wp-content\/uploads\/2022\/01\/RR_01016.jpg","width":2200,"height":1467},{"@type":"BreadcrumbList","@id":"https:\/\/www.santjosep.net\/de\/routen-ses-salines\/route-von-ses-portes\/#breadcrumb","itemListElement":[{"@type":"ListItem","position":1,"name":"Routen im Naturpark Ses Salines","item":"https:\/\/www.santjosep.net\/de\/routen-ses-salines\/"},{"@type":"ListItem","position":2,"name":"Route von Ses Portes"}]},{"@type":"WebSite","@id":"https:\/\/www.santjosep.net\/#website","url":"https:\/\/www.santjosep.net\/","name":"Santjosep.net","description":"","potentialAction":[{"@type":"SearchAction","target":{"@type":"EntryPoint","urlTemplate":"https:\/\/www.santjosep.net\/?s={search_term_string}"},"query-input":{"@type":"PropertyValueSpecification","valueRequired":true,"valueName":"search_term_string"}}],"inLanguage":"de"}]}},"_links":{"self":[{"href":"https:\/\/www.santjosep.net\/de\/wp-json\/wp\/v2\/pages\/31133","targetHints":{"allow":["GET"]}}],"collection":[{"href":"https:\/\/www.santjosep.net\/de\/wp-json\/wp\/v2\/pages"}],"about":[{"href":"https:\/\/www.santjosep.net\/de\/wp-json\/wp\/v2\/types\/page"}],"author":[{"embeddable":true,"href":"https:\/\/www.santjosep.net\/de\/wp-json\/wp\/v2\/users\/1"}],"replies":[{"embeddable":true,"href":"https:\/\/www.santjosep.net\/de\/wp-json\/wp\/v2\/comments?post=31133"}],"version-history":[{"count":0,"href":"https:\/\/www.santjosep.net\/de\/wp-json\/wp\/v2\/pages\/31133\/revisions"}],"up":[{"embeddable":true,"href":"https:\/\/www.santjosep.net\/de\/wp-json\/wp\/v2\/pages\/31184"}],"wp:featuredmedia":[{"embeddable":true,"href":"https:\/\/www.santjosep.net\/de\/wp-json\/wp\/v2\/media\/30837"}],"wp:attachment":[{"href":"https:\/\/www.santjosep.net\/de\/wp-json\/wp\/v2\/media?parent=31133"}],"wp:term":[{"taxonomy":"categoria_pagina","embeddable":true,"href":"https:\/\/www.santjosep.net\/de\/wp-json\/wp\/v2\/categoria_pagina?post=31133"}],"curies":[{"name":"wp","href":"https:\/\/api.w.org\/{rel}","templated":true}]}}