{"id":30935,"date":"2022-01-18T12:51:40","date_gmt":"2022-01-18T11:51:40","guid":{"rendered":"https:\/\/www.santjosep.net\/sehen\/besuche\/punta-de-la-torre-de-ses-portes\/"},"modified":"2025-01-22T09:06:35","modified_gmt":"2025-01-22T08:06:35","slug":"landzunge-am-wehrturm-ses-portes","status":"publish","type":"page","link":"https:\/\/www.santjosep.net\/de\/sehen\/besuche\/landzunge-am-wehrturm-ses-portes\/","title":{"rendered":"Landzunge am Wehrturm Ses Portes"},"content":{"rendered":"<div class=\"wpb-content-wrapper\"><p>[vc_row enable_hue_rotation=&#8220;no&#8220; enable_text_marquee=&#8220;no&#8220;][vc_column][vc_column_text]Der <a href=\"https:\/\/www.santjosep.net\/de\/sehen\/erbe-und-kultur\/torre-ses-portes\/\" target=\"_blank\" rel=\"noopener\">Wehrturm Ses Portes<\/a> markiert den s\u00fcdlichsten Punkt Ibizas und der Gemeinde Sant Josep. Er befindet sich direkt an der Grenze zwischen den zwei beliebten <a href=\"https:\/\/www.santjosep.net\/de\/sehen\/strande\/es-cavallet\/\" target=\"_blank\" rel=\"noopener\">Str\u00e4nden Es Cavallet<\/a> und <a href=\"https:\/\/www.santjosep.net\/de\/sehen\/strande\/ses-salines\/\" target=\"_blank\" rel=\"noopener\">Ses Salines<\/a> im gleichnamigen Naturpark. Der Turm geh\u00f6rt zu den <strong>zahlreichen Verteidigungsanlagen<\/strong>, die zur \u00dcberwachung des Seeverkehrs und als Fr\u00fchwarnsystem vor m\u00f6glicherweise feindlichen Schiffen auf der gesamten Insel errichtet wurden. Ein Gro\u00dfteil der Anlagen stammt aus dem <strong>18. Jahrhundert<\/strong>, der Turm von Ses Portes, der gr\u00f6\u00dfer ist als die \u00fcbrigen Wehrt\u00fcrme, z\u00e4hlt dabei zu den am fr\u00fchesten errichteten Bauten. Seine Gr\u00f6\u00dfe und die fr\u00fche Errichtung zeugen von der strategischen Wichtigkeit dieses Ortes, wo er \u00fcber den Schiffsverkehr durch die Meerenge Es Freus zur Inselhauptstadt wachte, sozusagen der &#8222;Wartesaal&#8220; vor der Weiterfahrt auf der Schiffsroute, die nach Nordafrika f\u00fchrt.Der Turm ist sowohl vom Parkplatz von Es Cavallet als auch vom Parkplatz von Ses Salines aus zu erreichen. Man kann zu Fu\u00df den Strand entlanggehen oder die Wanderwege durch die Pinien- und Sadebaumw\u00e4lder nehmen, die im Gebiet zwischen dem Meer, den D\u00fcnen und den Salzteichen wachsen.<\/p>\n<p>Am Fu\u00df des Turmes scheint eine Gruppe <strong>kleiner Fischerh\u00e4uschen<\/strong> f\u00f6rmlich am rauen Kalkstein der K\u00fcste zu kleben, wo fr\u00fcher einmal traditionelle Fischerei wie beispielsweise der Thunfischfang betrieben wurde. Heute haben Besucher einen sehenswerten Ausblick auf die verstreuten Felseninseln zwischen den beiden Pityuseninseln. Die gr\u00f6\u00dfte davon, <strong>Espalmador<\/strong>, schiebt sich dabei vor die breite Silhouette <strong>Formenteras<\/strong>. Das t\u00fcrkisfarbene Meer schimmert kristallklar \u00fcber dem sandigen Meeresgrund und den dunklen <strong>Posidonia-Seegraswiesen<\/strong>, die sich von Ibiza bis zur Nachbarinsel und den umliegenden K\u00fcstenabschnitten erstrecken.[\/vc_column_text][vc_column_text]<span data-sheets-root=\"1\"><div class=\"gm-map\" style=\"position: relative;height: 200px; width: 200px;\"><iframe name=\"gm-map-1\" allowfullscreen src=\"https:\/\/www.santjosep.net\/de\/?geo_mashup_content=render-map&amp;map_data_key=37f88e0f888380ef5c189ead432eb44c&amp;lang=de&amp;zoom=13&amp;name=gm-map-1&amp;map_content=contextual&amp;error_comment=&lt;!-- Geo Mashup hat in diesem Kontext keine darzustellenden Objekte gefunden--&gt;\" style=\"position: absolute; top: 0; left: 0; width: 100%; height: 100%; border: none; overflow: hidden;\"><\/iframe><\/div><\/span>[\/vc_column_text][\/vc_column][\/vc_row][vc_row full_width=&#8220;stretch_row_content_no_spaces&#8220; enable_hue_rotation=&#8220;no&#8220; enable_text_marquee=&#8220;no&#8220; el_id=&#8220;galeria&#8220;][vc_column][vc_column_text]<style>#jtg-30722 .modula-item .jtg-social a, .lightbox-socials.jtg-social a{ fill: #ffffff; color: #ffffff }#jtg-30722 .modula-item .jtg-social-mobile a{ fill: #ffffff; color: #ffffff }#jtg-30722 .modula-item .jtg-social svg, .lightbox-socials.jtg-social svg { height: 16px; width: 16px }#jtg-30722 .modula-item .jtg-social-mobile svg { height: 16px; width: 16px }#jtg-30722 .modula-item .jtg-social a:not(:last-child), .lightbox-socials.jtg-social a:not(:last-child) { margin-right: 10px }#jtg-30722 .modula-item .jtg-social-mobile .jtg-social-mobile-icons a:not(:last-child){ margin-right: 10px }#jtg-30722 .modula-item .figc {color:#ffffff;}#jtg-30722 .modula-item .modula-item-content { transform: scale(1) }#jtg-30722 .modula-items .figc p.description { font-size:14px; }#jtg-30722 .modula-items .figc p.description { color:#ffffff;}#jtg-30722.modula-gallery .modula-item > a, #jtg-30722.modula-gallery .modula-item, #jtg-30722.modula-gallery .modula-item-content > a:not(.modula-no-follow) { cursor:zoom-in; } #jtg-30722.modula-gallery .modula-item-content .modula-no-follow { cursor: default; } @media screen and (max-width:480px){#jtg-30722 .modula-item .figc .jtg-title {  font-size: 12px; }#jtg-30722 .modula-items .figc p.description { color:#ffffff;font-size:10px; }}#jtg-30722 .modula-items .modula-item:hover img{opacity:1;}<\/style>\n<div  id=\"jtg-30722\" class=\"modula modula-gallery modula-custom-grid\" data-config=\"{&quot;height&quot;:800,&quot;tabletHeight&quot;:800,&quot;mobileHeight&quot;:800,&quot;desktopHeight&quot;:800,&quot;enableTwitter&quot;:true,&quot;enableWhatsapp&quot;:false,&quot;enableFacebook&quot;:true,&quot;enablePinterest&quot;:true,&quot;enableLinkedin&quot;:true,&quot;enableEmail&quot;:false,&quot;randomFactor&quot;:0.5,&quot;type&quot;:&quot;custom-grid&quot;,&quot;columns&quot;:12,&quot;gutter&quot;:0,&quot;mobileGutter&quot;:0,&quot;tabletGutter&quot;:0,&quot;desktopGutter&quot;:0,&quot;enableResponsive&quot;:&quot;1&quot;,&quot;tabletColumns&quot;:&quot;2&quot;,&quot;mobileColumns&quot;:&quot;1&quot;,&quot;lazyLoad&quot;:&quot;0&quot;,&quot;lightboxOpts&quot;:{&quot;animated&quot;:true,&quot;Thumbs&quot;:{&quot;type&quot;:&quot;modern&quot;,&quot;showOnStart&quot;:false},&quot;Toolbar&quot;:{&quot;display&quot;:{&quot;right&quot;:[&quot;close&quot;]},&quot;enabled&quot;:true},&quot;Carousel&quot;:{&quot;Panzoom&quot;:{&quot;touch&quot;:false},&quot;infinite&quot;:false},&quot;keyboard&quot;:{&quot;Escape&quot;:&quot;close&quot;,&quot;Delete&quot;:&quot;close&quot;,&quot;Backspace&quot;:&quot;close&quot;,&quot;PageUp&quot;:false,&quot;PageDown&quot;:false,&quot;ArrowUp&quot;:false,&quot;ArrowDown&quot;:false,&quot;ArrowRight&quot;:false,&quot;ArrowLeft&quot;:false},&quot;touch&quot;:false,&quot;backdropClick&quot;:false,&quot;l10n&quot;:{&quot;CLOSE&quot;:&quot;Close&quot;,&quot;NEXT&quot;:&quot;Next&quot;,&quot;PREV&quot;:&quot;Previous&quot;,&quot;Error&quot;:&quot;The requested content cannot be loaded. Please try again later.&quot;,&quot;PLAY_START&quot;:&quot;Start slideshow&quot;,&quot;PLAY_STOP&quot;:&quot;Pause slideshow&quot;,&quot;FULL_SCREEN&quot;:&quot;Full screen&quot;,&quot;THUMBS&quot;:&quot;Thumbnails&quot;,&quot;DOWNLOAD&quot;:&quot;Download&quot;,&quot;SHARE&quot;:&quot;Share&quot;,&quot;ZOOM&quot;:&quot;Zoom&quot;,&quot;EMAIL&quot;:&quot;Here is the link to the image : %%image_link%% and this is the link to the gallery : %%gallery_link%%&quot;,&quot;MODAL&quot;:&quot;You can close this modal content with the ESC key&quot;,&quot;ERROR&quot;:&quot;Something Went Wrong, Please Try Again Later&quot;,&quot;IMAGE_ERROR&quot;:&quot;Image Not Found&quot;,&quot;ELEMENT_NOT_FOUND&quot;:&quot;HTML Element Not Found&quot;,&quot;AJAX_NOT_FOUND&quot;:&quot;Error Loading AJAX : Not Found&quot;,&quot;AJAX_FORBIDDEN&quot;:&quot;Error Loading AJAX : Forbidden&quot;,&quot;IFRAME_ERROR&quot;:&quot;Error Loading Page&quot;,&quot;TOGGLE_ZOOM&quot;:&quot;Toggle zoom level&quot;,&quot;TOGGLE_THUMBS&quot;:&quot;Toggle thumbnails&quot;,&quot;TOGGLE_SLIDESHOW&quot;:&quot;Toggle slideshow&quot;,&quot;TOGGLE_FULLSCREEN&quot;:&quot;Toggle full-screen mode&quot;},&quot;Images&quot;:{&quot;Panzoom&quot;:{&quot;maxScale&quot;:2}},&quot;mainClass&quot;:&quot;modula-fancybox-container modula-lightbox-jtg-30722&quot;,&quot;Html&quot;:{&quot;videoAutoplay&quot;:0,&quot;videoTpl&quot;:&quot;&lt;video class=\\&quot;fancybox__html5video\\&quot; controls muted playsinline controlsList controlsList=\\&quot;nodownload\\&quot; poster=\\&quot;{{poster}}\\&quot; src=\\&quot;{{src}}\\&quot; type=\\&quot;{{format}}\\&quot; &gt;  Sorry, your browser doesn&#039;t support embedded videos, &lt;a href=\\&quot;{{src}}\\&quot;&gt; download &lt;\\\/a&gt; and watch with your favorite video player! &lt;\\\/video&gt;&quot;}},&quot;inView&quot;:false,&quot;email_subject&quot;:&quot;Check out this awesome image !!&quot;,&quot;email_message&quot;:&quot;Here is the link to the image : %%image_link%% and this is the link to the gallery : %%gallery_link%%&quot;,&quot;lightbox&quot;:&quot;fancybox&quot;}\">\n\n\t\n\t<div  class=\"modula-items\">\n\t\t<div class=\"modula-item\" data-width=\"7\" data-height=\"6\" >\n\t<div class=\"modula-item-content\">\n\t\t\n\t\t\t\t\t<a data-image-id=\"30736\" tabindex=\"0\" rel=\"jtg-30722\" data-caption=\"\" aria-label=\"Open image in lightbox\" role=\"button\" class=\"tile-inner modula-item-link\"><\/a>\n\t\t\n\t\t<img loading=\"lazy\" decoding=\"async\" class=\"pic wp-image-30736\"  data-valign=\"middle\" data-halign=\"center\" alt=\"\" data-full=\"https:\/\/www.santjosep.net\/wp-content\/uploads\/2022\/01\/RR_00953.jpg\" title=\"RR_00953\" width=\"2200\" height=\"1467\" src=\"https:\/\/www.santjosep.net\/wp-content\/uploads\/2022\/01\/RR_00953.jpg\" data-src=\"https:\/\/www.santjosep.net\/wp-content\/uploads\/2022\/01\/RR_00953.jpg\" data-caption=\"\" srcset=\"https:\/\/www.santjosep.net\/wp-content\/uploads\/2022\/01\/RR_00953.jpg 2200w, https:\/\/www.santjosep.net\/wp-content\/uploads\/2022\/01\/RR_00953-300x200.jpg 300w, https:\/\/www.santjosep.net\/wp-content\/uploads\/2022\/01\/RR_00953-1024x683.jpg 1024w, https:\/\/www.santjosep.net\/wp-content\/uploads\/2022\/01\/RR_00953-768x512.jpg 768w, https:\/\/www.santjosep.net\/wp-content\/uploads\/2022\/01\/RR_00953-1536x1024.jpg 1536w\" sizes=\"auto, (max-width: 2200px) 100vw, 2200px\" \/>\n\t<\/div>\n\n<\/div><div class=\"modula-item\" data-width=\"6\" data-height=\"6\" >\n\t<div class=\"modula-item-content\">\n\t\t\n\t\t\t\t\t<a data-image-id=\"30746\" tabindex=\"0\" rel=\"jtg-30722\" data-caption=\"\" aria-label=\"Open image in lightbox\" role=\"button\" class=\"tile-inner modula-item-link\"><\/a>\n\t\t\n\t\t<img loading=\"lazy\" decoding=\"async\" class=\"pic wp-image-30746\"  data-valign=\"middle\" data-halign=\"center\" alt=\"\" data-full=\"https:\/\/www.santjosep.net\/wp-content\/uploads\/2022\/01\/RR_01002.jpg\" title=\"RR_01002\" width=\"2200\" height=\"1467\" src=\"https:\/\/www.santjosep.net\/wp-content\/uploads\/2022\/01\/RR_01002.jpg\" data-src=\"https:\/\/www.santjosep.net\/wp-content\/uploads\/2022\/01\/RR_01002.jpg\" data-caption=\"\" srcset=\"https:\/\/www.santjosep.net\/wp-content\/uploads\/2022\/01\/RR_01002.jpg 2200w, https:\/\/www.santjosep.net\/wp-content\/uploads\/2022\/01\/RR_01002-300x200.jpg 300w, https:\/\/www.santjosep.net\/wp-content\/uploads\/2022\/01\/RR_01002-1024x683.jpg 1024w, https:\/\/www.santjosep.net\/wp-content\/uploads\/2022\/01\/RR_01002-768x512.jpg 768w, https:\/\/www.santjosep.net\/wp-content\/uploads\/2022\/01\/RR_01002-1536x1024.jpg 1536w\" sizes=\"auto, (max-width: 2200px) 100vw, 2200px\" \/>\n\t<\/div>\n\n<\/div><div class=\"modula-item\" data-width=\"6\" data-height=\"6\" >\n\t<div class=\"modula-item-content\">\n\t\t\n\t\t\t\t\t<a data-image-id=\"30731\" tabindex=\"0\" rel=\"jtg-30722\" data-caption=\"\" aria-label=\"Open image in lightbox\" role=\"button\" class=\"tile-inner modula-item-link\"><\/a>\n\t\t\n\t\t<img loading=\"lazy\" decoding=\"async\" class=\"pic wp-image-30731\"  data-valign=\"middle\" data-halign=\"center\" alt=\"\" data-full=\"https:\/\/www.santjosep.net\/wp-content\/uploads\/2022\/01\/P1001376.jpg\" title=\"P1001376\" width=\"1500\" height=\"1125\" src=\"https:\/\/www.santjosep.net\/wp-content\/uploads\/2022\/01\/P1001376.jpg\" data-src=\"https:\/\/www.santjosep.net\/wp-content\/uploads\/2022\/01\/P1001376.jpg\" data-caption=\"\" srcset=\"https:\/\/www.santjosep.net\/wp-content\/uploads\/2022\/01\/P1001376.jpg 1500w, https:\/\/www.santjosep.net\/wp-content\/uploads\/2022\/01\/P1001376-300x225.jpg 300w, https:\/\/www.santjosep.net\/wp-content\/uploads\/2022\/01\/P1001376-1024x768.jpg 1024w, https:\/\/www.santjosep.net\/wp-content\/uploads\/2022\/01\/P1001376-768x576.jpg 768w, https:\/\/www.santjosep.net\/wp-content\/uploads\/2022\/01\/P1001376-800x600.jpg 800w\" sizes=\"auto, (max-width: 1500px) 100vw, 1500px\" \/>\n\t<\/div>\n\n<\/div><div class=\"modula-item\" data-width=\"5\" data-height=\"6\" >\n\t<div class=\"modula-item-content\">\n\t\t\n\t\t\t\t\t<a data-image-id=\"30751\" tabindex=\"0\" rel=\"jtg-30722\" data-caption=\"\" aria-label=\"Open image in lightbox\" role=\"button\" class=\"tile-inner modula-item-link\"><\/a>\n\t\t\n\t\t<img loading=\"lazy\" decoding=\"async\" class=\"pic wp-image-30751\"  data-valign=\"middle\" data-halign=\"center\" alt=\"\" data-full=\"https:\/\/www.santjosep.net\/wp-content\/uploads\/2022\/01\/RR_01024.jpg\" title=\"RR_01024\" width=\"1467\" height=\"2200\" src=\"https:\/\/www.santjosep.net\/wp-content\/uploads\/2022\/01\/RR_01024.jpg\" data-src=\"https:\/\/www.santjosep.net\/wp-content\/uploads\/2022\/01\/RR_01024.jpg\" data-caption=\"\" srcset=\"https:\/\/www.santjosep.net\/wp-content\/uploads\/2022\/01\/RR_01024.jpg 1467w, https:\/\/www.santjosep.net\/wp-content\/uploads\/2022\/01\/RR_01024-200x300.jpg 200w, https:\/\/www.santjosep.net\/wp-content\/uploads\/2022\/01\/RR_01024-683x1024.jpg 683w, https:\/\/www.santjosep.net\/wp-content\/uploads\/2022\/01\/RR_01024-768x1152.jpg 768w, https:\/\/www.santjosep.net\/wp-content\/uploads\/2022\/01\/RR_01024-1024x1536.jpg 1024w, https:\/\/www.santjosep.net\/wp-content\/uploads\/2022\/01\/RR_01024-1366x2048.jpg 1366w\" sizes=\"auto, (max-width: 1467px) 100vw, 1467px\" \/>\n\t<\/div>\n\n<\/div>\t\t\n\t<\/div>\n\n\t\n\t\n\t<script type=\"application\/ld+json\">\n\t{\n\t\t\"@context\": \"http:\/\/schema.org\",\n\t\t\"@type\"   : \"ImageGallery\",\n\t\t\"id\"      : \"https:\/\/www.santjosep.net\/de\/sehen\/besuche\/landzunge-am-wehrturm-ses-portes\/\",\n\t\t\"url\"     : \"https:\/\/www.santjosep.net\/de\/sehen\/besuche\/landzunge-am-wehrturm-ses-portes\/\"\n\t}\n\n\t<\/script>\n\n\t\n<\/div>\n[\/vc_column_text][\/vc_column][\/vc_row]<\/p>\n<\/div>","protected":false},"excerpt":{"rendered":"<p>[vc_row enable_hue_rotation=&#8220;no&#8220; enable_text_marquee=&#8220;no&#8220;][vc_column][vc_column_text]Der Wehrturm Ses Portes markiert den s\u00fcdlichsten Punkt Ibizas und der Gemeinde Sant Josep. Er befindet sich direkt an der Grenze zwischen den zwei beliebten Str\u00e4nden Es Cavallet und Ses Salines im gleichnamigen Naturpark. Der Turm geh\u00f6rt zu [&hellip;]<\/p>\n","protected":false},"author":1,"featured_media":30729,"parent":5839,"menu_order":0,"comment_status":"closed","ping_status":"closed","template":"","meta":{"_acf_changed":false,"inline_featured_image":false,"footnotes":""},"categoria_pagina":[],"class_list":["post-30935","page","type-page","status-publish","has-post-thumbnail","hentry"],"acf":[],"yoast_head":"<!-- This site is optimized with the Yoast SEO plugin v25.7 - https:\/\/yoast.com\/wordpress\/plugins\/seo\/ -->\n<title>Landzunge am Wehrturm Ses Portes - Santjosep.net<\/title>\n<meta name=\"robots\" content=\"index, follow, max-snippet:-1, max-image-preview:large, max-video-preview:-1\" \/>\n<link rel=\"canonical\" href=\"https:\/\/www.santjosep.net\/de\/sehen\/besuche\/landzunge-am-wehrturm-ses-portes\/\" \/>\n<meta property=\"og:locale\" content=\"de_DE\" \/>\n<meta property=\"og:type\" content=\"article\" \/>\n<meta property=\"og:title\" content=\"Landzunge am Wehrturm Ses Portes - Santjosep.net\" \/>\n<meta property=\"og:description\" content=\"[vc_row enable_hue_rotation=&#8220;no&#8220; enable_text_marquee=&#8220;no&#8220;][vc_column][vc_column_text]Der Wehrturm Ses Portes markiert den s\u00fcdlichsten Punkt Ibizas und der Gemeinde Sant Josep. Er befindet sich direkt an der Grenze zwischen den zwei beliebten Str\u00e4nden Es Cavallet und Ses Salines im gleichnamigen Naturpark. Der Turm geh\u00f6rt zu [&hellip;]\" \/>\n<meta property=\"og:url\" content=\"https:\/\/www.santjosep.net\/de\/sehen\/besuche\/landzunge-am-wehrturm-ses-portes\/\" \/>\n<meta property=\"og:site_name\" content=\"Santjosep.net\" \/>\n<meta property=\"article:modified_time\" content=\"2025-01-22T08:06:35+00:00\" \/>\n<meta property=\"og:image\" content=\"https:\/\/www.santjosep.net\/wp-content\/uploads\/2022\/01\/RR_00906-1024x683.jpg\" \/>\n\t<meta property=\"og:image:width\" content=\"1024\" \/>\n\t<meta property=\"og:image:height\" content=\"683\" \/>\n\t<meta property=\"og:image:type\" content=\"image\/jpeg\" \/>\n<meta name=\"twitter:card\" content=\"summary_large_image\" \/>\n<meta name=\"twitter:label1\" content=\"Gesch\u00e4tzte Lesezeit\" \/>\n\t<meta name=\"twitter:data1\" content=\"2\u00a0Minuten\" \/>\n<script type=\"application\/ld+json\" class=\"yoast-schema-graph\">{\"@context\":\"https:\/\/schema.org\",\"@graph\":[{\"@type\":\"WebPage\",\"@id\":\"https:\/\/www.santjosep.net\/de\/sehen\/besuche\/landzunge-am-wehrturm-ses-portes\/\",\"url\":\"https:\/\/www.santjosep.net\/de\/sehen\/besuche\/landzunge-am-wehrturm-ses-portes\/\",\"name\":\"Landzunge am Wehrturm Ses Portes - Santjosep.net\",\"isPartOf\":{\"@id\":\"https:\/\/www.santjosep.net\/#website\"},\"primaryImageOfPage\":{\"@id\":\"https:\/\/www.santjosep.net\/de\/sehen\/besuche\/landzunge-am-wehrturm-ses-portes\/#primaryimage\"},\"image\":{\"@id\":\"https:\/\/www.santjosep.net\/de\/sehen\/besuche\/landzunge-am-wehrturm-ses-portes\/#primaryimage\"},\"thumbnailUrl\":\"https:\/\/www.santjosep.net\/wp-content\/uploads\/2022\/01\/RR_00906.jpg\",\"datePublished\":\"2022-01-18T11:51:40+00:00\",\"dateModified\":\"2025-01-22T08:06:35+00:00\",\"breadcrumb\":{\"@id\":\"https:\/\/www.santjosep.net\/de\/sehen\/besuche\/landzunge-am-wehrturm-ses-portes\/#breadcrumb\"},\"inLanguage\":\"de\",\"potentialAction\":[{\"@type\":\"ReadAction\",\"target\":[\"https:\/\/www.santjosep.net\/de\/sehen\/besuche\/landzunge-am-wehrturm-ses-portes\/\"]}]},{\"@type\":\"ImageObject\",\"inLanguage\":\"de\",\"@id\":\"https:\/\/www.santjosep.net\/de\/sehen\/besuche\/landzunge-am-wehrturm-ses-portes\/#primaryimage\",\"url\":\"https:\/\/www.santjosep.net\/wp-content\/uploads\/2022\/01\/RR_00906.jpg\",\"contentUrl\":\"https:\/\/www.santjosep.net\/wp-content\/uploads\/2022\/01\/RR_00906.jpg\",\"width\":2200,\"height\":1467},{\"@type\":\"BreadcrumbList\",\"@id\":\"https:\/\/www.santjosep.net\/de\/sehen\/besuche\/landzunge-am-wehrturm-ses-portes\/#breadcrumb\",\"itemListElement\":[{\"@type\":\"ListItem\",\"position\":1,\"name\":\"Sehen\",\"item\":\"https:\/\/www.santjosep.net\/de\/sehen\/\"},{\"@type\":\"ListItem\",\"position\":2,\"name\":\"Besuche\",\"item\":\"https:\/\/www.santjosep.net\/de\/sehen\/besuche\/\"},{\"@type\":\"ListItem\",\"position\":3,\"name\":\"Landzunge am Wehrturm Ses Portes\"}]},{\"@type\":\"WebSite\",\"@id\":\"https:\/\/www.santjosep.net\/#website\",\"url\":\"https:\/\/www.santjosep.net\/\",\"name\":\"Santjosep.net\",\"description\":\"\",\"potentialAction\":[{\"@type\":\"SearchAction\",\"target\":{\"@type\":\"EntryPoint\",\"urlTemplate\":\"https:\/\/www.santjosep.net\/?s={search_term_string}\"},\"query-input\":{\"@type\":\"PropertyValueSpecification\",\"valueRequired\":true,\"valueName\":\"search_term_string\"}}],\"inLanguage\":\"de\"}]}<\/script>\n<!-- \/ Yoast SEO plugin. -->","yoast_head_json":{"title":"Landzunge am Wehrturm Ses Portes - Santjosep.net","robots":{"index":"index","follow":"follow","max-snippet":"max-snippet:-1","max-image-preview":"max-image-preview:large","max-video-preview":"max-video-preview:-1"},"canonical":"https:\/\/www.santjosep.net\/de\/sehen\/besuche\/landzunge-am-wehrturm-ses-portes\/","og_locale":"de_DE","og_type":"article","og_title":"Landzunge am Wehrturm Ses Portes - Santjosep.net","og_description":"[vc_row enable_hue_rotation=&#8220;no&#8220; enable_text_marquee=&#8220;no&#8220;][vc_column][vc_column_text]Der Wehrturm Ses Portes markiert den s\u00fcdlichsten Punkt Ibizas und der Gemeinde Sant Josep. Er befindet sich direkt an der Grenze zwischen den zwei beliebten Str\u00e4nden Es Cavallet und Ses Salines im gleichnamigen Naturpark. Der Turm geh\u00f6rt zu [&hellip;]","og_url":"https:\/\/www.santjosep.net\/de\/sehen\/besuche\/landzunge-am-wehrturm-ses-portes\/","og_site_name":"Santjosep.net","article_modified_time":"2025-01-22T08:06:35+00:00","og_image":[{"width":1024,"height":683,"url":"https:\/\/www.santjosep.net\/wp-content\/uploads\/2022\/01\/RR_00906-1024x683.jpg","type":"image\/jpeg"}],"twitter_card":"summary_large_image","twitter_misc":{"Gesch\u00e4tzte Lesezeit":"2\u00a0Minuten"},"schema":{"@context":"https:\/\/schema.org","@graph":[{"@type":"WebPage","@id":"https:\/\/www.santjosep.net\/de\/sehen\/besuche\/landzunge-am-wehrturm-ses-portes\/","url":"https:\/\/www.santjosep.net\/de\/sehen\/besuche\/landzunge-am-wehrturm-ses-portes\/","name":"Landzunge am Wehrturm Ses Portes - Santjosep.net","isPartOf":{"@id":"https:\/\/www.santjosep.net\/#website"},"primaryImageOfPage":{"@id":"https:\/\/www.santjosep.net\/de\/sehen\/besuche\/landzunge-am-wehrturm-ses-portes\/#primaryimage"},"image":{"@id":"https:\/\/www.santjosep.net\/de\/sehen\/besuche\/landzunge-am-wehrturm-ses-portes\/#primaryimage"},"thumbnailUrl":"https:\/\/www.santjosep.net\/wp-content\/uploads\/2022\/01\/RR_00906.jpg","datePublished":"2022-01-18T11:51:40+00:00","dateModified":"2025-01-22T08:06:35+00:00","breadcrumb":{"@id":"https:\/\/www.santjosep.net\/de\/sehen\/besuche\/landzunge-am-wehrturm-ses-portes\/#breadcrumb"},"inLanguage":"de","potentialAction":[{"@type":"ReadAction","target":["https:\/\/www.santjosep.net\/de\/sehen\/besuche\/landzunge-am-wehrturm-ses-portes\/"]}]},{"@type":"ImageObject","inLanguage":"de","@id":"https:\/\/www.santjosep.net\/de\/sehen\/besuche\/landzunge-am-wehrturm-ses-portes\/#primaryimage","url":"https:\/\/www.santjosep.net\/wp-content\/uploads\/2022\/01\/RR_00906.jpg","contentUrl":"https:\/\/www.santjosep.net\/wp-content\/uploads\/2022\/01\/RR_00906.jpg","width":2200,"height":1467},{"@type":"BreadcrumbList","@id":"https:\/\/www.santjosep.net\/de\/sehen\/besuche\/landzunge-am-wehrturm-ses-portes\/#breadcrumb","itemListElement":[{"@type":"ListItem","position":1,"name":"Sehen","item":"https:\/\/www.santjosep.net\/de\/sehen\/"},{"@type":"ListItem","position":2,"name":"Besuche","item":"https:\/\/www.santjosep.net\/de\/sehen\/besuche\/"},{"@type":"ListItem","position":3,"name":"Landzunge am Wehrturm Ses Portes"}]},{"@type":"WebSite","@id":"https:\/\/www.santjosep.net\/#website","url":"https:\/\/www.santjosep.net\/","name":"Santjosep.net","description":"","potentialAction":[{"@type":"SearchAction","target":{"@type":"EntryPoint","urlTemplate":"https:\/\/www.santjosep.net\/?s={search_term_string}"},"query-input":{"@type":"PropertyValueSpecification","valueRequired":true,"valueName":"search_term_string"}}],"inLanguage":"de"}]}},"_links":{"self":[{"href":"https:\/\/www.santjosep.net\/de\/wp-json\/wp\/v2\/pages\/30935","targetHints":{"allow":["GET"]}}],"collection":[{"href":"https:\/\/www.santjosep.net\/de\/wp-json\/wp\/v2\/pages"}],"about":[{"href":"https:\/\/www.santjosep.net\/de\/wp-json\/wp\/v2\/types\/page"}],"author":[{"embeddable":true,"href":"https:\/\/www.santjosep.net\/de\/wp-json\/wp\/v2\/users\/1"}],"replies":[{"embeddable":true,"href":"https:\/\/www.santjosep.net\/de\/wp-json\/wp\/v2\/comments?post=30935"}],"version-history":[{"count":0,"href":"https:\/\/www.santjosep.net\/de\/wp-json\/wp\/v2\/pages\/30935\/revisions"}],"up":[{"embeddable":true,"href":"https:\/\/www.santjosep.net\/de\/wp-json\/wp\/v2\/pages\/5839"}],"wp:featuredmedia":[{"embeddable":true,"href":"https:\/\/www.santjosep.net\/de\/wp-json\/wp\/v2\/media\/30729"}],"wp:attachment":[{"href":"https:\/\/www.santjosep.net\/de\/wp-json\/wp\/v2\/media?parent=30935"}],"wp:term":[{"taxonomy":"categoria_pagina","embeddable":true,"href":"https:\/\/www.santjosep.net\/de\/wp-json\/wp\/v2\/categoria_pagina?post=30935"}],"curies":[{"name":"wp","href":"https:\/\/api.w.org\/{rel}","templated":true}]}}