{"id":29740,"date":"2022-01-12T14:00:25","date_gmt":"2022-01-12T13:00:25","guid":{"rendered":"https:\/\/www.santjosep.net\/sehen\/natur\/flamencos\/"},"modified":"2022-01-13T14:51:31","modified_gmt":"2022-01-13T13:51:31","slug":"flamingos-die-lebendigen-ikonen-des-naturparks-ses-salines","status":"publish","type":"page","link":"https:\/\/www.santjosep.net\/de\/sehen\/natur\/flamingos-die-lebendigen-ikonen-des-naturparks-ses-salines\/","title":{"rendered":"Flamingos, die lebendigen Ikonen"},"content":{"rendered":"<div class=\"wpb-content-wrapper\"><p>[vc_row enable_hue_rotation=&#8220;no&#8220; enable_text_marquee=&#8220;no&#8220;][vc_column][vc_column_text]<\/p>\n<h2>Flamingos, die lebendigen Ikonen.<\/h2>\n<p><a href=\"https:\/\/www.santjosep.net\/de\/sehen\/natur\/flamingos-die-lebendigen-ikonen-des-naturparks-ses-salines\/#video\">Schau Video<\/a>[\/vc_column_text][\/vc_column][\/vc_row][vc_row enable_hue_rotation=&#8220;no&#8220; enable_text_marquee=&#8220;no&#8220;][vc_column][vc_column_text]Die Salzbecken von Ibiza geh\u00f6ren zu den sehenswertesten Naturlandschaften Ibizas und stellen zugleich das wichtigste Feuchtgebiet der pityusischen Inseln dar. Sie machen einen bedeutenden Teil des <strong>Naturparks Ses Salines<\/strong> von Ibiza und Formentera aus, der au\u00dferdem denjenigen Teil des Meeres umfasst, wo sich die Landzunge mit dem \u00e4u\u00dfersten Punkt Sa Torre de Ses Portes nach S\u00fcden erstreckt und sich dem n\u00f6rdlichsten Punkt Formenteras ann\u00e4hert<\/p>\n<p>Die gesamte Fl\u00e4che betr\u00e4gt<strong> 14.000 Hektar Meeresfl\u00e4che<\/strong> und mehr als <strong>2.752 Hektar an Land<\/strong>. In diesem au\u00dfergew\u00f6hnlichen Naturraum an Land und im Wasser haben unterschiedlichste Pflanzen und Tiere ihr Habitat, das von unsch\u00e4tzbarem \u00f6kologischem und landschaftlichem Wert ist. Doch auch kulturell und historisch war diese Landschaft f\u00fcr die Kultur der Pityusen seit dem Jahr 600 v. Chr. bedeutend. Damals begannen die Ph\u00f6nizier mit der Nutzbarmachung dieser Fl\u00e4che, die in den nachfolgenden maurischen und christlichen Epochen noch weiter vorangetrieben und optimiert wurde.<\/p>\n<div id=\"attachment_19871\" style=\"width: 1510px\" class=\"wp-caption aligncenter\"><img loading=\"lazy\" decoding=\"async\" aria-describedby=\"caption-attachment-19871\" class=\"wp-image-19875 size-full\" src=\"https:\/\/www.santjosep.net\/wp-content\/uploads\/2020\/01\/estanquessessalines_786478018.jpg\" alt=\"\" width=\"1500\" height=\"1125\" srcset=\"https:\/\/www.santjosep.net\/wp-content\/uploads\/2020\/01\/estanquessessalines_786478018.jpg 1500w, https:\/\/www.santjosep.net\/wp-content\/uploads\/2020\/01\/estanquessessalines_786478018-300x225.jpg 300w, https:\/\/www.santjosep.net\/wp-content\/uploads\/2020\/01\/estanquessessalines_786478018-1024x768.jpg 1024w, https:\/\/www.santjosep.net\/wp-content\/uploads\/2020\/01\/estanquessessalines_786478018-768x576.jpg 768w, https:\/\/www.santjosep.net\/wp-content\/uploads\/2020\/01\/estanquessessalines_786478018-800x600.jpg 800w\" sizes=\"auto, (max-width: 1500px) 100vw, 1500px\" \/><p id=\"caption-attachment-19871\" class=\"wp-caption-text\">Naturpark Ses Salines<\/p><\/div>\n<p>&nbsp;<\/p>\n<p>Das spektakul\u00e4re Panorama der rechteckigen Becken und das schillernde Farbenspiel des Wassers schlagen jeden Besucher sofort in den Bann. Wer etwas genauer hinschaut, der entdeckt aber auch eine \u00fcberaus bunte Vogelwelt: St\u00f6rche, Reiher, Kormorane, Fischadler, Sturmtaucher, Falken, Bachstelzen, Sperlinge, Zwergtaucher, Brandg\u00e4nse \u2026 Mehr als 200 Arten gleiten \u00fcber die gesch\u00fctzte Fl\u00e4che und finden in den Teichen und den angrenzenden Gebieten Nahrung. Unter all diesen Bewohnern des Naturparadieses sticht aber einer mit seiner charakteristischen Silhouette und beachtlichen Gr\u00f6\u00dfe heraus: der Flamingo (<i>Phoenicopterus roseus<\/i>), der vielleicht typischste Vogel des Naturparks. Mit seinem gro\u00dfen Schnabel, der ihm dabei hilft, auf dem Grund der Teiche nach Essbarem zu stochern und seine Funde zu filtern, seinen d\u00fcrren Stelzenbeinen und dem geschwungenen Hals ist er gewisserma\u00dfen zu einer Ikone dieses Ortes geworden. Er ern\u00e4hrt sich von kleinen Schalentieren, Weichtieren, Insekten und verschiedenen Algenarten, die er im Wasser findet. Tats\u00e4chlich erh\u00e4lt sein Gefieder die typische rosa Farbe dadurch, dass er so viele <strong>Planktonalgen und Salinenkrebse<\/strong>, auch <strong><i>Artemia salina <\/i><\/strong>genannt, zu sich nimmt. Wegen des hohen Salzgehalts des Gew\u00e4ssers und dem niedrigen Sauerstoffgehalt ben\u00f6tigen diese Krebse jede Menge Pigmente f\u00fcr ihre Atmung, wodurch sie ihre rote Farbe erhalten. Der r\u00f6tliche Schimmer der Teiche, der durch sogenannte Halobakterien hervorgerufen wird, \u00fcbertr\u00e4gt sich gewisserma\u00dfen auf alle Lebensformen in der Umgebung und gelangt so indirekt auch ins Gefieder der ausgewachsenen Flamingos. Die Jungtiere hingegen sind noch wei\u00df, bis sich genug Farbpigmente angesammelt haben, um die Gefiederfarbe zu ver\u00e4ndern.<\/p>\n<p>&nbsp;<\/p>\n<style>#jtg-19882 .modula-item .jtg-social a, .lightbox-socials.jtg-social a{ fill: #ffffff; color: #ffffff }#jtg-19882 .modula-item .jtg-social-mobile a{ fill: #ffffff; color: #ffffff }#jtg-19882 .modula-item .jtg-social svg, .lightbox-socials.jtg-social svg { height: 16px; width: 16px }#jtg-19882 .modula-item .jtg-social-mobile svg { height: 16px; width: 16px }#jtg-19882 .modula-item .jtg-social a:not(:last-child), .lightbox-socials.jtg-social a:not(:last-child) { margin-right: 10px }#jtg-19882 .modula-item .jtg-social-mobile .jtg-social-mobile-icons a:not(:last-child){ margin-right: 10px }#jtg-19882 .modula-item .figc {color:#ffffff;}#jtg-19882 .modula-item .modula-item-content { transform: scale(1) }#jtg-19882 .modula-items .figc p.description { font-size:14px; }#jtg-19882 .modula-items .figc p.description { color:#ffffff;}#jtg-19882.modula-gallery .modula-item > a, #jtg-19882.modula-gallery .modula-item, #jtg-19882.modula-gallery .modula-item-content > a:not(.modula-no-follow) { cursor:zoom-in; } #jtg-19882.modula-gallery .modula-item-content .modula-no-follow { cursor: default; } @media screen and (max-width:480px){#jtg-19882 .modula-item .figc .jtg-title {  font-size: 12px; }#jtg-19882 .modula-items .figc p.description { color:#ffffff;font-size:10px; }}#jtg-19882 .modula-items .modula-item:hover img{opacity:1;}<\/style>\n<div  id=\"jtg-19882\" class=\"modula modula-gallery modula-custom-grid\" data-config=\"{&quot;height&quot;:800,&quot;tabletHeight&quot;:800,&quot;mobileHeight&quot;:800,&quot;desktopHeight&quot;:800,&quot;enableTwitter&quot;:true,&quot;enableWhatsapp&quot;:false,&quot;enableFacebook&quot;:true,&quot;enablePinterest&quot;:true,&quot;enableLinkedin&quot;:true,&quot;enableEmail&quot;:false,&quot;randomFactor&quot;:0.5,&quot;type&quot;:&quot;custom-grid&quot;,&quot;columns&quot;:12,&quot;gutter&quot;:0,&quot;mobileGutter&quot;:0,&quot;tabletGutter&quot;:0,&quot;desktopGutter&quot;:0,&quot;enableResponsive&quot;:&quot;1&quot;,&quot;tabletColumns&quot;:&quot;2&quot;,&quot;mobileColumns&quot;:&quot;1&quot;,&quot;lazyLoad&quot;:&quot;0&quot;,&quot;lightboxOpts&quot;:{&quot;animated&quot;:true,&quot;Thumbs&quot;:{&quot;type&quot;:&quot;modern&quot;,&quot;showOnStart&quot;:false},&quot;Toolbar&quot;:{&quot;display&quot;:{&quot;right&quot;:[&quot;close&quot;]},&quot;enabled&quot;:true},&quot;Carousel&quot;:{&quot;Panzoom&quot;:{&quot;touch&quot;:false},&quot;infinite&quot;:false},&quot;keyboard&quot;:{&quot;Escape&quot;:&quot;close&quot;,&quot;Delete&quot;:&quot;close&quot;,&quot;Backspace&quot;:&quot;close&quot;,&quot;PageUp&quot;:false,&quot;PageDown&quot;:false,&quot;ArrowUp&quot;:false,&quot;ArrowDown&quot;:false,&quot;ArrowRight&quot;:false,&quot;ArrowLeft&quot;:false},&quot;touch&quot;:false,&quot;backdropClick&quot;:false,&quot;l10n&quot;:{&quot;CLOSE&quot;:&quot;Close&quot;,&quot;NEXT&quot;:&quot;Next&quot;,&quot;PREV&quot;:&quot;Previous&quot;,&quot;Error&quot;:&quot;The requested content cannot be loaded. Please try again later.&quot;,&quot;PLAY_START&quot;:&quot;Start slideshow&quot;,&quot;PLAY_STOP&quot;:&quot;Pause slideshow&quot;,&quot;FULL_SCREEN&quot;:&quot;Full screen&quot;,&quot;THUMBS&quot;:&quot;Thumbnails&quot;,&quot;DOWNLOAD&quot;:&quot;Download&quot;,&quot;SHARE&quot;:&quot;Share&quot;,&quot;ZOOM&quot;:&quot;Zoom&quot;,&quot;EMAIL&quot;:&quot;Here is the link to the image : %%image_link%% and this is the link to the gallery : %%gallery_link%%&quot;,&quot;MODAL&quot;:&quot;You can close this modal content with the ESC key&quot;,&quot;ERROR&quot;:&quot;Something Went Wrong, Please Try Again Later&quot;,&quot;IMAGE_ERROR&quot;:&quot;Image Not Found&quot;,&quot;ELEMENT_NOT_FOUND&quot;:&quot;HTML Element Not Found&quot;,&quot;AJAX_NOT_FOUND&quot;:&quot;Error Loading AJAX : Not Found&quot;,&quot;AJAX_FORBIDDEN&quot;:&quot;Error Loading AJAX : Forbidden&quot;,&quot;IFRAME_ERROR&quot;:&quot;Error Loading Page&quot;,&quot;TOGGLE_ZOOM&quot;:&quot;Toggle zoom level&quot;,&quot;TOGGLE_THUMBS&quot;:&quot;Toggle thumbnails&quot;,&quot;TOGGLE_SLIDESHOW&quot;:&quot;Toggle slideshow&quot;,&quot;TOGGLE_FULLSCREEN&quot;:&quot;Toggle full-screen mode&quot;},&quot;Images&quot;:{&quot;Panzoom&quot;:{&quot;maxScale&quot;:2}},&quot;mainClass&quot;:&quot;modula-fancybox-container modula-lightbox-jtg-19882&quot;,&quot;Html&quot;:{&quot;videoAutoplay&quot;:0,&quot;videoTpl&quot;:&quot;&lt;video class=\\&quot;fancybox__html5video\\&quot; controls muted playsinline controlsList controlsList=\\&quot;nodownload\\&quot; poster=\\&quot;{{poster}}\\&quot; src=\\&quot;{{src}}\\&quot; type=\\&quot;{{format}}\\&quot; &gt;  Sorry, your browser doesn&#039;t support embedded videos, &lt;a href=\\&quot;{{src}}\\&quot;&gt; download &lt;\\\/a&gt; and watch with your favorite video player! &lt;\\\/video&gt;&quot;}},&quot;inView&quot;:false,&quot;email_subject&quot;:&quot;Check out this awesome image !!&quot;,&quot;email_message&quot;:&quot;Here is the link to the image : %%image_link%% and this is the link to the gallery : %%gallery_link%%&quot;,&quot;lightbox&quot;:&quot;fancybox&quot;}\">\n\n\t\n\t<div  class=\"modula-items\">\n\t\t<div class=\"modula-item\" data-width=\"7\" data-height=\"5\" >\n\t<div class=\"modula-item-content\">\n\t\t\n\t\t\t\t\t<a data-image-id=\"19939\" tabindex=\"0\" rel=\"jtg-19882\" data-caption=\"\" aria-label=\"Open image in lightbox\" role=\"button\" class=\"tile-inner modula-item-link\"><\/a>\n\t\t\n\t\t<img loading=\"lazy\" decoding=\"async\" class=\"pic wp-image-19939\"  data-valign=\"middle\" data-halign=\"center\" alt=\"\" data-full=\"https:\/\/www.santjosep.net\/wp-content\/uploads\/2020\/01\/aereestanques_sessalines_1234650400.jpg\" title=\"aereestanques_sessalines_1234650400\" width=\"1500\" height=\"1125\" src=\"https:\/\/www.santjosep.net\/wp-content\/uploads\/2020\/01\/aereestanques_sessalines_1234650400.jpg\" data-src=\"https:\/\/www.santjosep.net\/wp-content\/uploads\/2020\/01\/aereestanques_sessalines_1234650400.jpg\" data-caption=\"\" srcset=\"https:\/\/www.santjosep.net\/wp-content\/uploads\/2020\/01\/aereestanques_sessalines_1234650400.jpg 1500w, https:\/\/www.santjosep.net\/wp-content\/uploads\/2020\/01\/aereestanques_sessalines_1234650400-300x225.jpg 300w, https:\/\/www.santjosep.net\/wp-content\/uploads\/2020\/01\/aereestanques_sessalines_1234650400-1024x768.jpg 1024w, https:\/\/www.santjosep.net\/wp-content\/uploads\/2020\/01\/aereestanques_sessalines_1234650400-768x576.jpg 768w, https:\/\/www.santjosep.net\/wp-content\/uploads\/2020\/01\/aereestanques_sessalines_1234650400-800x600.jpg 800w\" sizes=\"auto, (max-width: 1500px) 100vw, 1500px\" \/>\n\t<\/div>\n\n<\/div><div class=\"modula-item\" data-width=\"5\" data-height=\"5\" >\n\t<div class=\"modula-item-content\">\n\t\t\n\t\t\t\t\t<a data-image-id=\"19889\" tabindex=\"0\" rel=\"jtg-19882\" data-caption=\"\" aria-label=\"Open image in lightbox\" role=\"button\" class=\"tile-inner modula-item-link\"><\/a>\n\t\t\n\t\t<img loading=\"lazy\" decoding=\"async\" class=\"pic wp-image-19889\"  data-valign=\"middle\" data-halign=\"center\" alt=\"\" data-full=\"https:\/\/www.santjosep.net\/wp-content\/uploads\/2020\/01\/P1083842.jpg\" title=\"P1083842\" width=\"1500\" height=\"1125\" src=\"https:\/\/www.santjosep.net\/wp-content\/uploads\/2020\/01\/P1083842.jpg\" data-src=\"https:\/\/www.santjosep.net\/wp-content\/uploads\/2020\/01\/P1083842.jpg\" data-caption=\"\" srcset=\"https:\/\/www.santjosep.net\/wp-content\/uploads\/2020\/01\/P1083842.jpg 1500w, https:\/\/www.santjosep.net\/wp-content\/uploads\/2020\/01\/P1083842-300x225.jpg 300w, https:\/\/www.santjosep.net\/wp-content\/uploads\/2020\/01\/P1083842-1024x768.jpg 1024w, https:\/\/www.santjosep.net\/wp-content\/uploads\/2020\/01\/P1083842-768x576.jpg 768w, https:\/\/www.santjosep.net\/wp-content\/uploads\/2020\/01\/P1083842-800x600.jpg 800w\" sizes=\"auto, (max-width: 1500px) 100vw, 1500px\" \/>\n\t<\/div>\n\n<\/div><div class=\"modula-item\" data-width=\"5\" data-height=\"5\" >\n\t<div class=\"modula-item-content\">\n\t\t\n\t\t\t\t\t<a data-image-id=\"19899\" tabindex=\"0\" rel=\"jtg-19882\" data-caption=\"\" aria-label=\"Open image in lightbox\" role=\"button\" class=\"tile-inner modula-item-link\"><\/a>\n\t\t\n\t\t<img loading=\"lazy\" decoding=\"async\" class=\"pic wp-image-19899\"  data-valign=\"middle\" data-halign=\"center\" alt=\"\" data-full=\"https:\/\/www.santjosep.net\/wp-content\/uploads\/2020\/01\/flamencos_1194450076.jpg\" title=\"flamencos_1194450076\" width=\"1500\" height=\"1125\" src=\"https:\/\/www.santjosep.net\/wp-content\/uploads\/2020\/01\/flamencos_1194450076.jpg\" data-src=\"https:\/\/www.santjosep.net\/wp-content\/uploads\/2020\/01\/flamencos_1194450076.jpg\" data-caption=\"\" srcset=\"https:\/\/www.santjosep.net\/wp-content\/uploads\/2020\/01\/flamencos_1194450076.jpg 1500w, https:\/\/www.santjosep.net\/wp-content\/uploads\/2020\/01\/flamencos_1194450076-300x225.jpg 300w, https:\/\/www.santjosep.net\/wp-content\/uploads\/2020\/01\/flamencos_1194450076-1024x768.jpg 1024w, https:\/\/www.santjosep.net\/wp-content\/uploads\/2020\/01\/flamencos_1194450076-768x576.jpg 768w, https:\/\/www.santjosep.net\/wp-content\/uploads\/2020\/01\/flamencos_1194450076-800x600.jpg 800w\" sizes=\"auto, (max-width: 1500px) 100vw, 1500px\" \/>\n\t<\/div>\n\n<\/div><div class=\"modula-item\" data-width=\"7\" data-height=\"5\" >\n\t<div class=\"modula-item-content\">\n\t\t\n\t\t\t\t\t<a data-image-id=\"19894\" tabindex=\"0\" rel=\"jtg-19882\" data-caption=\"\" aria-label=\"Open image in lightbox\" role=\"button\" class=\"tile-inner modula-item-link\"><\/a>\n\t\t\n\t\t<img loading=\"lazy\" decoding=\"async\" class=\"pic wp-image-19894\"  data-valign=\"middle\" data-halign=\"center\" alt=\"\" data-full=\"https:\/\/www.santjosep.net\/wp-content\/uploads\/2020\/01\/P1083924.jpg\" title=\"P1083924\" width=\"1500\" height=\"1125\" src=\"https:\/\/www.santjosep.net\/wp-content\/uploads\/2020\/01\/P1083924.jpg\" data-src=\"https:\/\/www.santjosep.net\/wp-content\/uploads\/2020\/01\/P1083924.jpg\" data-caption=\"\" srcset=\"https:\/\/www.santjosep.net\/wp-content\/uploads\/2020\/01\/P1083924.jpg 1500w, https:\/\/www.santjosep.net\/wp-content\/uploads\/2020\/01\/P1083924-300x225.jpg 300w, https:\/\/www.santjosep.net\/wp-content\/uploads\/2020\/01\/P1083924-1024x768.jpg 1024w, https:\/\/www.santjosep.net\/wp-content\/uploads\/2020\/01\/P1083924-768x576.jpg 768w, https:\/\/www.santjosep.net\/wp-content\/uploads\/2020\/01\/P1083924-800x600.jpg 800w\" sizes=\"auto, (max-width: 1500px) 100vw, 1500px\" \/>\n\t<\/div>\n\n<\/div>\t\t\n\t<\/div>\n\n\t\n\t\n\t<script type=\"application\/ld+json\">\n\t{\n\t\t\"@context\": \"http:\/\/schema.org\",\n\t\t\"@type\"   : \"ImageGallery\",\n\t\t\"id\"      : \"https:\/\/www.santjosep.net\/de\/sehen\/natur\/flamingos-die-lebendigen-ikonen-des-naturparks-ses-salines\/\",\n\t\t\"url\"     : \"https:\/\/www.santjosep.net\/de\/sehen\/natur\/flamingos-die-lebendigen-ikonen-des-naturparks-ses-salines\/\"\n\t}\n\n\t<\/script>\n\n\t\n<\/div>\n\n<p>&nbsp;<\/p>\n<p>Im Naturpark sind mehrere Flamingogruppen beheimatet \u2013 die letzten Z\u00e4hlungen kamen auf mehr als <strong>850 Tiere<\/strong>. Flamingos sind Zugv\u00f6gel und rasten in den Salinenteichen, besonders solche Tiere, die im Sommer herkommen. Allerdings ist die Anzahl der Flamingos in den Salzteichen von Ibiza \u00fcber das Jahr betrachtet recht stabil. Einige Tiere kommen von sehr weit her, zum <strong>Beispiel<\/strong> aus der <strong>T\u00fcrkei<\/strong>, vom<strong> Ebrodelta<\/strong> <strong>in Katalonien<\/strong> oder von der s\u00fcdfranz\u00f6sischen Mittelmeerk\u00fcste.<\/p>\n<div id=\"attachment_19914\" style=\"width: 627px\" class=\"wp-caption alignnone\"><img loading=\"lazy\" decoding=\"async\" aria-describedby=\"caption-attachment-19914\" class=\"wp-image-19918 size-full\" src=\"https:\/\/www.santjosep.net\/wp-content\/uploads\/2020\/01\/F128_Mapa.jpg\" alt=\"\" width=\"617\" height=\"547\" srcset=\"https:\/\/www.santjosep.net\/wp-content\/uploads\/2020\/01\/F128_Mapa.jpg 617w, https:\/\/www.santjosep.net\/wp-content\/uploads\/2020\/01\/F128_Mapa-300x266.jpg 300w\" sizes=\"auto, (max-width: 617px) 100vw, 617px\" \/><p id=\"caption-attachment-19914\" class=\"wp-caption-text\">Mapa de lugares donde encontrar colonias de Flamencos<\/p><\/div>\n<p>&nbsp;<\/p>\n<p>Der Park bietet optimale <strong>Bedingungen<\/strong>, diese Vogelart zu beobachten, die sonst eher menschenscheu ist. Obwohl bislang noch keine Brut- und Nistgebiete entstanden sind, bieten die weitl\u00e4ufigen Salzbecken von Ibiza mit ihrem gro\u00dfen Futtervorrat und dem milden Klima den Flamingos ein Zuhause und so konnten sich stabile Kolonien bilden.<\/p>\n<p>&nbsp;<\/p>\n<div id=\"attachment_19919\" style=\"width: 1610px\" class=\"wp-caption alignnone\"><img loading=\"lazy\" decoding=\"async\" aria-describedby=\"caption-attachment-19919\" class=\"wp-image-19923 size-full\" src=\"https:\/\/www.santjosep.net\/wp-content\/uploads\/2020\/01\/P1120126.jpg\" alt=\"\" width=\"1600\" height=\"1200\" srcset=\"https:\/\/www.santjosep.net\/wp-content\/uploads\/2020\/01\/P1120126.jpg 1600w, https:\/\/www.santjosep.net\/wp-content\/uploads\/2020\/01\/P1120126-300x225.jpg 300w, https:\/\/www.santjosep.net\/wp-content\/uploads\/2020\/01\/P1120126-1024x768.jpg 1024w, https:\/\/www.santjosep.net\/wp-content\/uploads\/2020\/01\/P1120126-768x576.jpg 768w, https:\/\/www.santjosep.net\/wp-content\/uploads\/2020\/01\/P1120126-1536x1152.jpg 1536w, https:\/\/www.santjosep.net\/wp-content\/uploads\/2020\/01\/P1120126-800x600.jpg 800w\" sizes=\"auto, (max-width: 1600px) 100vw, 1600px\" \/><p id=\"caption-attachment-19919\" class=\"wp-caption-text\">Sonnenuntergang in den Teichen des Naturparks Ses Salines<\/p><\/div>\n<p>&nbsp;<\/p>\n<p>Wer die pr\u00e4chtigen V\u00f6gel beobachten will, kann seinen Rundgang im <strong>Informationszentrum des Naturparks Ses Salines<\/strong> beginnen, das sich im Pfarrhaus von <strong>Sant Francesc de s\u2019Estany<\/strong> befindet. Hier bekommt man einen guten \u00dcberblick \u00fcber den Park und erh\u00e4lt au\u00dferdem eine erste Einf\u00fchrung in die reiche Tier- und Pflanzenwelt des Ortes. Im Au\u00dfenbereich des Zentrums gibt es einen Vogelbeobachtungsplatz mit Blick auf die n\u00e4chstgelegenen Teiche, von wo aus man die umtriebigen Flamingos gut beobachten kann.<\/p>\n<p>&nbsp;<\/p>\n<div id=\"attachment_19924\" style=\"width: 1210px\" class=\"wp-caption alignnone\"><img loading=\"lazy\" decoding=\"async\" aria-describedby=\"caption-attachment-19924\" class=\"wp-image-19924 size-full\" src=\"https:\/\/www.santjosep.net\/wp-content\/uploads\/2020\/01\/P1070308-1.jpg\" alt=\"\" width=\"1200\" height=\"900\" srcset=\"https:\/\/www.santjosep.net\/wp-content\/uploads\/2020\/01\/P1070308-1.jpg 1200w, https:\/\/www.santjosep.net\/wp-content\/uploads\/2020\/01\/P1070308-1-300x225.jpg 300w, https:\/\/www.santjosep.net\/wp-content\/uploads\/2020\/01\/P1070308-1-1024x768.jpg 1024w, https:\/\/www.santjosep.net\/wp-content\/uploads\/2020\/01\/P1070308-1-768x576.jpg 768w, https:\/\/www.santjosep.net\/wp-content\/uploads\/2020\/01\/P1070308-1-800x600.jpg 800w\" sizes=\"auto, (max-width: 1200px) 100vw, 1200px\" \/><p id=\"caption-attachment-19924\" class=\"wp-caption-text\">Flamingosichtung vom Interpretationszentrum des Naturparks Ses Salines.<\/p><\/div>\n<p>&nbsp;<\/p>\n<p>Dazu braucht man unbedingt ein gutes Fernglas. Hobbyfotografen sollten au\u00dferdem ihr leistungsf\u00e4higstes Equipment mitbringen, um spektakul\u00e4re Nahaufnahmen von den V\u00f6geln zu machen zu k\u00f6nnen. Der Zugang zu den Teichen selbst ist nicht gestattet, es gibt allerdings Rundwege, auf denen man sich an die Flamingogruppen auf den Salzseen heranbewegen kann. Dabei sollte man auf jeden Fall jeglichen L\u00e4rm oder pl\u00f6tzliche Bewegungen vermeiden, um die Ruhe der Tiere nicht zu st\u00f6ren. Au\u00dferdem sollte man gedeckte Farben tragen, wenn man seine Erfolgschancen beim Beobachten dieser majest\u00e4tischen Ikonen Ibizas erh\u00f6hen will. Am besten eignen sich die Monate <strong>Juli bis September f\u00fcr die Vogelbeobachtung<\/strong>, besonders in dem Gebiet von <strong>Es Colodar und Es Cavallet<\/strong>. Doch auch im Winter kann man die Tiere beobachten, wenn man dabei die Salzbecken aufsucht, die am wenigsten dem Wind ausgesetzt sind.<\/p>\n<p>[\/vc_column_text][\/vc_column][\/vc_row][vc_row enable_hue_rotation=&#8220;no&#8220; enable_text_marquee=&#8220;no&#8220; css=&#8220;.vc_custom_1642081512411{padding-top: 50px !important;padding-bottom: 50px !important;}&#8220; el_id=&#8220;video&#8220;][vc_column][\/vc_column][\/vc_row][vc_row enable_hue_rotation=&#8220;no&#8220; enable_text_marquee=&#8220;no&#8220; css=&#8220;.vc_custom_1642080057565{padding-top: 50px !important;}&#8220;][vc_column][vc_video link=&#8220;https:\/\/vimeo.com\/551961350&#8243;][\/vc_column][\/vc_row]<\/p>\n<\/div>","protected":false},"excerpt":{"rendered":"<p>[vc_row enable_hue_rotation=&#8220;no&#8220; enable_text_marquee=&#8220;no&#8220;][vc_column][vc_column_text] Flamingos, die lebendigen Ikonen. Schau Video[\/vc_column_text][\/vc_column][\/vc_row][vc_row enable_hue_rotation=&#8220;no&#8220; enable_text_marquee=&#8220;no&#8220;][vc_column][vc_column_text]Die Salzbecken von Ibiza geh\u00f6ren zu den sehenswertesten Naturlandschaften Ibizas und stellen zugleich das wichtigste Feuchtgebiet der pityusischen Inseln dar. Sie machen einen bedeutenden Teil des Naturparks Ses Salines von [&hellip;]<\/p>\n","protected":false},"author":1,"featured_media":21188,"parent":5677,"menu_order":0,"comment_status":"closed","ping_status":"closed","template":"page-actividad.php","meta":{"_acf_changed":false,"inline_featured_image":false,"footnotes":""},"categoria_pagina":[],"class_list":["post-29740","page","type-page","status-publish","has-post-thumbnail","hentry"],"acf":[],"yoast_head":"<!-- This site is optimized with the Yoast SEO plugin v25.7 - https:\/\/yoast.com\/wordpress\/plugins\/seo\/ -->\n<title>Flamingos, die lebendigen Ikonen - Santjosep.net<\/title>\n<meta name=\"robots\" content=\"index, follow, max-snippet:-1, max-image-preview:large, max-video-preview:-1\" \/>\n<link rel=\"canonical\" href=\"https:\/\/www.santjosep.net\/de\/sehen\/natur\/flamingos-die-lebendigen-ikonen-des-naturparks-ses-salines\/\" \/>\n<meta property=\"og:locale\" content=\"de_DE\" \/>\n<meta property=\"og:type\" content=\"article\" \/>\n<meta property=\"og:title\" content=\"Flamingos, die lebendigen Ikonen - Santjosep.net\" \/>\n<meta property=\"og:description\" content=\"[vc_row enable_hue_rotation=&#8220;no&#8220; enable_text_marquee=&#8220;no&#8220;][vc_column][vc_column_text] Flamingos, die lebendigen Ikonen. Schau Video[\/vc_column_text][\/vc_column][\/vc_row][vc_row enable_hue_rotation=&#8220;no&#8220; enable_text_marquee=&#8220;no&#8220;][vc_column][vc_column_text]Die Salzbecken von Ibiza geh\u00f6ren zu den sehenswertesten Naturlandschaften Ibizas und stellen zugleich das wichtigste Feuchtgebiet der pityusischen Inseln dar. Sie machen einen bedeutenden Teil des Naturparks Ses Salines von [&hellip;]\" \/>\n<meta property=\"og:url\" content=\"https:\/\/www.santjosep.net\/de\/sehen\/natur\/flamingos-die-lebendigen-ikonen-des-naturparks-ses-salines\/\" \/>\n<meta property=\"og:site_name\" content=\"Santjosep.net\" \/>\n<meta property=\"article:modified_time\" content=\"2022-01-13T13:51:31+00:00\" \/>\n<meta property=\"og:image\" content=\"https:\/\/www.santjosep.net\/wp-content\/uploads\/2020\/01\/flamencoiconosesalines-1.jpg\" \/>\n\t<meta property=\"og:image:width\" content=\"2000\" \/>\n\t<meta property=\"og:image:height\" content=\"1500\" \/>\n\t<meta property=\"og:image:type\" content=\"image\/jpeg\" \/>\n<meta name=\"twitter:card\" content=\"summary_large_image\" \/>\n<meta name=\"twitter:label1\" content=\"Gesch\u00e4tzte Lesezeit\" \/>\n\t<meta name=\"twitter:data1\" content=\"5\u00a0Minuten\" \/>\n<script type=\"application\/ld+json\" class=\"yoast-schema-graph\">{\"@context\":\"https:\/\/schema.org\",\"@graph\":[{\"@type\":\"WebPage\",\"@id\":\"https:\/\/www.santjosep.net\/de\/sehen\/natur\/flamingos-die-lebendigen-ikonen-des-naturparks-ses-salines\/\",\"url\":\"https:\/\/www.santjosep.net\/de\/sehen\/natur\/flamingos-die-lebendigen-ikonen-des-naturparks-ses-salines\/\",\"name\":\"Flamingos, die lebendigen Ikonen - Santjosep.net\",\"isPartOf\":{\"@id\":\"https:\/\/www.santjosep.net\/#website\"},\"primaryImageOfPage\":{\"@id\":\"https:\/\/www.santjosep.net\/de\/sehen\/natur\/flamingos-die-lebendigen-ikonen-des-naturparks-ses-salines\/#primaryimage\"},\"image\":{\"@id\":\"https:\/\/www.santjosep.net\/de\/sehen\/natur\/flamingos-die-lebendigen-ikonen-des-naturparks-ses-salines\/#primaryimage\"},\"thumbnailUrl\":\"https:\/\/www.santjosep.net\/wp-content\/uploads\/2020\/01\/flamencoiconosesalines-1.jpg\",\"datePublished\":\"2022-01-12T13:00:25+00:00\",\"dateModified\":\"2022-01-13T13:51:31+00:00\",\"breadcrumb\":{\"@id\":\"https:\/\/www.santjosep.net\/de\/sehen\/natur\/flamingos-die-lebendigen-ikonen-des-naturparks-ses-salines\/#breadcrumb\"},\"inLanguage\":\"de\",\"potentialAction\":[{\"@type\":\"ReadAction\",\"target\":[\"https:\/\/www.santjosep.net\/de\/sehen\/natur\/flamingos-die-lebendigen-ikonen-des-naturparks-ses-salines\/\"]}]},{\"@type\":\"ImageObject\",\"inLanguage\":\"de\",\"@id\":\"https:\/\/www.santjosep.net\/de\/sehen\/natur\/flamingos-die-lebendigen-ikonen-des-naturparks-ses-salines\/#primaryimage\",\"url\":\"https:\/\/www.santjosep.net\/wp-content\/uploads\/2020\/01\/flamencoiconosesalines-1.jpg\",\"contentUrl\":\"https:\/\/www.santjosep.net\/wp-content\/uploads\/2020\/01\/flamencoiconosesalines-1.jpg\",\"width\":2000,\"height\":1500},{\"@type\":\"BreadcrumbList\",\"@id\":\"https:\/\/www.santjosep.net\/de\/sehen\/natur\/flamingos-die-lebendigen-ikonen-des-naturparks-ses-salines\/#breadcrumb\",\"itemListElement\":[{\"@type\":\"ListItem\",\"position\":1,\"name\":\"Sehen\",\"item\":\"https:\/\/www.santjosep.net\/de\/sehen\/\"},{\"@type\":\"ListItem\",\"position\":2,\"name\":\"Natur\",\"item\":\"https:\/\/www.santjosep.net\/de\/sehen\/natur\/\"},{\"@type\":\"ListItem\",\"position\":3,\"name\":\"Flamingos, die lebendigen Ikonen\"}]},{\"@type\":\"WebSite\",\"@id\":\"https:\/\/www.santjosep.net\/#website\",\"url\":\"https:\/\/www.santjosep.net\/\",\"name\":\"Santjosep.net\",\"description\":\"\",\"potentialAction\":[{\"@type\":\"SearchAction\",\"target\":{\"@type\":\"EntryPoint\",\"urlTemplate\":\"https:\/\/www.santjosep.net\/?s={search_term_string}\"},\"query-input\":{\"@type\":\"PropertyValueSpecification\",\"valueRequired\":true,\"valueName\":\"search_term_string\"}}],\"inLanguage\":\"de\"}]}<\/script>\n<!-- \/ Yoast SEO plugin. -->","yoast_head_json":{"title":"Flamingos, die lebendigen Ikonen - Santjosep.net","robots":{"index":"index","follow":"follow","max-snippet":"max-snippet:-1","max-image-preview":"max-image-preview:large","max-video-preview":"max-video-preview:-1"},"canonical":"https:\/\/www.santjosep.net\/de\/sehen\/natur\/flamingos-die-lebendigen-ikonen-des-naturparks-ses-salines\/","og_locale":"de_DE","og_type":"article","og_title":"Flamingos, die lebendigen Ikonen - Santjosep.net","og_description":"[vc_row enable_hue_rotation=&#8220;no&#8220; enable_text_marquee=&#8220;no&#8220;][vc_column][vc_column_text] Flamingos, die lebendigen Ikonen. Schau Video[\/vc_column_text][\/vc_column][\/vc_row][vc_row enable_hue_rotation=&#8220;no&#8220; enable_text_marquee=&#8220;no&#8220;][vc_column][vc_column_text]Die Salzbecken von Ibiza geh\u00f6ren zu den sehenswertesten Naturlandschaften Ibizas und stellen zugleich das wichtigste Feuchtgebiet der pityusischen Inseln dar. Sie machen einen bedeutenden Teil des Naturparks Ses Salines von [&hellip;]","og_url":"https:\/\/www.santjosep.net\/de\/sehen\/natur\/flamingos-die-lebendigen-ikonen-des-naturparks-ses-salines\/","og_site_name":"Santjosep.net","article_modified_time":"2022-01-13T13:51:31+00:00","og_image":[{"width":2000,"height":1500,"url":"https:\/\/www.santjosep.net\/wp-content\/uploads\/2020\/01\/flamencoiconosesalines-1.jpg","type":"image\/jpeg"}],"twitter_card":"summary_large_image","twitter_misc":{"Gesch\u00e4tzte Lesezeit":"5\u00a0Minuten"},"schema":{"@context":"https:\/\/schema.org","@graph":[{"@type":"WebPage","@id":"https:\/\/www.santjosep.net\/de\/sehen\/natur\/flamingos-die-lebendigen-ikonen-des-naturparks-ses-salines\/","url":"https:\/\/www.santjosep.net\/de\/sehen\/natur\/flamingos-die-lebendigen-ikonen-des-naturparks-ses-salines\/","name":"Flamingos, die lebendigen Ikonen - Santjosep.net","isPartOf":{"@id":"https:\/\/www.santjosep.net\/#website"},"primaryImageOfPage":{"@id":"https:\/\/www.santjosep.net\/de\/sehen\/natur\/flamingos-die-lebendigen-ikonen-des-naturparks-ses-salines\/#primaryimage"},"image":{"@id":"https:\/\/www.santjosep.net\/de\/sehen\/natur\/flamingos-die-lebendigen-ikonen-des-naturparks-ses-salines\/#primaryimage"},"thumbnailUrl":"https:\/\/www.santjosep.net\/wp-content\/uploads\/2020\/01\/flamencoiconosesalines-1.jpg","datePublished":"2022-01-12T13:00:25+00:00","dateModified":"2022-01-13T13:51:31+00:00","breadcrumb":{"@id":"https:\/\/www.santjosep.net\/de\/sehen\/natur\/flamingos-die-lebendigen-ikonen-des-naturparks-ses-salines\/#breadcrumb"},"inLanguage":"de","potentialAction":[{"@type":"ReadAction","target":["https:\/\/www.santjosep.net\/de\/sehen\/natur\/flamingos-die-lebendigen-ikonen-des-naturparks-ses-salines\/"]}]},{"@type":"ImageObject","inLanguage":"de","@id":"https:\/\/www.santjosep.net\/de\/sehen\/natur\/flamingos-die-lebendigen-ikonen-des-naturparks-ses-salines\/#primaryimage","url":"https:\/\/www.santjosep.net\/wp-content\/uploads\/2020\/01\/flamencoiconosesalines-1.jpg","contentUrl":"https:\/\/www.santjosep.net\/wp-content\/uploads\/2020\/01\/flamencoiconosesalines-1.jpg","width":2000,"height":1500},{"@type":"BreadcrumbList","@id":"https:\/\/www.santjosep.net\/de\/sehen\/natur\/flamingos-die-lebendigen-ikonen-des-naturparks-ses-salines\/#breadcrumb","itemListElement":[{"@type":"ListItem","position":1,"name":"Sehen","item":"https:\/\/www.santjosep.net\/de\/sehen\/"},{"@type":"ListItem","position":2,"name":"Natur","item":"https:\/\/www.santjosep.net\/de\/sehen\/natur\/"},{"@type":"ListItem","position":3,"name":"Flamingos, die lebendigen Ikonen"}]},{"@type":"WebSite","@id":"https:\/\/www.santjosep.net\/#website","url":"https:\/\/www.santjosep.net\/","name":"Santjosep.net","description":"","potentialAction":[{"@type":"SearchAction","target":{"@type":"EntryPoint","urlTemplate":"https:\/\/www.santjosep.net\/?s={search_term_string}"},"query-input":{"@type":"PropertyValueSpecification","valueRequired":true,"valueName":"search_term_string"}}],"inLanguage":"de"}]}},"_links":{"self":[{"href":"https:\/\/www.santjosep.net\/de\/wp-json\/wp\/v2\/pages\/29740","targetHints":{"allow":["GET"]}}],"collection":[{"href":"https:\/\/www.santjosep.net\/de\/wp-json\/wp\/v2\/pages"}],"about":[{"href":"https:\/\/www.santjosep.net\/de\/wp-json\/wp\/v2\/types\/page"}],"author":[{"embeddable":true,"href":"https:\/\/www.santjosep.net\/de\/wp-json\/wp\/v2\/users\/1"}],"replies":[{"embeddable":true,"href":"https:\/\/www.santjosep.net\/de\/wp-json\/wp\/v2\/comments?post=29740"}],"version-history":[{"count":0,"href":"https:\/\/www.santjosep.net\/de\/wp-json\/wp\/v2\/pages\/29740\/revisions"}],"up":[{"embeddable":true,"href":"https:\/\/www.santjosep.net\/de\/wp-json\/wp\/v2\/pages\/5677"}],"wp:featuredmedia":[{"embeddable":true,"href":"https:\/\/www.santjosep.net\/de\/wp-json\/wp\/v2\/media\/21188"}],"wp:attachment":[{"href":"https:\/\/www.santjosep.net\/de\/wp-json\/wp\/v2\/media?parent=29740"}],"wp:term":[{"taxonomy":"categoria_pagina","embeddable":true,"href":"https:\/\/www.santjosep.net\/de\/wp-json\/wp\/v2\/categoria_pagina?post=29740"}],"curies":[{"name":"wp","href":"https:\/\/api.w.org\/{rel}","templated":true}]}}