{"id":23178,"date":"2020-08-03T15:15:30","date_gmt":"2020-08-03T13:15:30","guid":{"rendered":"https:\/\/www.santjosep.net\/covid\/"},"modified":"2021-07-12T13:00:20","modified_gmt":"2021-07-12T11:00:20","slug":"covid","status":"publish","type":"page","link":"https:\/\/www.santjosep.net\/de\/covid\/","title":{"rendered":"Genie\u00dfen Sie Sant Josep auf die sichere Art. Seien Sie verantwortungsvoll."},"content":{"rendered":"<div class=\"wpb-content-wrapper\"><p>[vc_row enable_hue_rotation=&#8220;no&#8220; enable_text_marquee=&#8220;no&#8220; el_id=&#8220;b1covid&#8220; css=&#8220;.vc_custom_1596532610458{background-image: url(https:\/\/www.santjosep.net\/wp-content\/uploads\/2020\/08\/Layer-2.png?id=23109) !important;background-position: 0 0 !important;background-repeat: no-repeat !important;}&#8220;][vc_column][vc_column_text]<\/p>\n<h1>Genie\u00dfen Sie<br \/>\n<strong>Sant Josep,<\/strong><br \/>\n<strong>auf die sichere Art<\/strong><\/h1>\n<p>[\/vc_column_text][vc_column_text]<\/p>\n<div class=\"page\" title=\"Page 1\">\n<div class=\"section\">\n<div class=\"layoutArea\">\n<div class=\"column\">\n<p>Die <strong>Gemeinde Sant Josep de sa Talaia<\/strong> geh\u00f6rt seit langem zu den Lieblingsorten vieler Touristen, die den Sommer auf Ibiza genie\u00dfen wollen. Sant Josep hat unter anderem eine ausgedehnte K\u00fcstenlinie von 84 km L\u00e4nge mit unz\u00e4hligen kleinen Buchten und <strong>kristallklarem Wasser<\/strong>, dar\u00fcber hinaus gibt es ein breitgef\u00e4chertes Angebot an Gastronomie und Restaurants und eine <strong>Vielzahl an Freizeitm\u00f6glichkeiten<\/strong>.<\/p>\n<p>Die Gemeinde Sant Josep und die <strong>Tourismusbeh\u00f6rde bitten Sie<\/strong>, sich w\u00e4hrend Ihres Aufenthaltes in Sant Josep und auf der Insel verantwortungsvoll zu verhalten und drei Grundregeln zu befolgen, um sich selbst und die \u00fcbrigen G\u00e4ste zu sch\u00fctzen:<\/p>\n<\/div>\n<\/div>\n<\/div>\n<\/div>\n<p>[\/vc_column_text][\/vc_column][\/vc_row][vc_row enable_hue_rotation=&#8220;no&#8220; enable_text_marquee=&#8220;no&#8220; el_id=&#8220;b2covid&#8220;][vc_column][vc_custom_heading text=&#8220;1. Verwendung der Maske&#8220; use_theme_fonts=&#8220;yes&#8220;][vc_custom_heading text=&#8220;Das Tragen eines Mund-Nase-Schutzes ist verpflichtend&#8220; font_container=&#8220;tag:h3|text_align:left&#8220; use_theme_fonts=&#8220;yes&#8220;][vc_row_inner css=&#8220;.vc_custom_1596533545494{background-image: url(https:\/\/www.santjosep.net\/wp-content\/uploads\/2020\/08\/Recurso-8.png?id=23114) !important;background-position: 0 0 !important;background-repeat: no-repeat !important;}&#8220;][vc_column_inner width=&#8220;1\/2&#8243; el_id=&#8220;leftsi&#8220;]<div class=\"edgtf-iwt clearfix  edgtf-iwt-icon-left edgtf-iwt-icon-huge\">\n\t<div class=\"edgtf-iwt-icon\">\n\t\t\t\t\t\t\t\t\t    <span class=\"edgtf-icon-shortcode edgtf-normal   edgtf-icon-huge\"  data-color=\"#6ea637\">\n                    <i class=\"edgtf-icon-font-awesome fa fa-check edgtf-icon-element\" style=\"color: #6ea637\" ><\/i>            <\/span>\n\t\t\t\t\t\t<\/div>\n\t<div class=\"edgtf-iwt-content\" >\n\t\t\t\t\t<h4 class=\"edgtf-iwt-title\" >\n\t\t\t\t\t\t\t\t<span class=\"edgtf-iwt-title-text\">Masken sind verpflichtend:<\/span>\n\t\t\t\t\t\t\t<\/h4>\n\t\t\t\t\t<\/div>\n<\/div><div class=\"edgtf-icon-list-holder \" >\n\t<div class=\"edgtf-il-icon-holder\">\n\t\t<i class=\"edgtf-icon-font-awesome fa fa-check \" style=\"color: #6ea637;font-size: 26px\"><\/i>\t<\/div>\n\t<p class=\"edgtf-il-text\" style=\"font-size: 24px;padding-left: 25px\">Bei Freizeitaktivit\u00e4ten<\/p>\n<\/div><div class=\"edgtf-icon-list-holder \" >\n\t<div class=\"edgtf-il-icon-holder\">\n\t\t<i class=\"edgtf-icon-font-awesome fa fa-check \" style=\"color: #6ea637;font-size: 26px\"><\/i>\t<\/div>\n\t<p class=\"edgtf-il-text\" style=\"font-size: 24px;padding-left: 25px\">In Gesch\u00e4ften sowie auf gro\u00dfen und kleinen M\u00e4rkten<\/p>\n<\/div><div class=\"edgtf-icon-list-holder \" >\n\t<div class=\"edgtf-il-icon-holder\">\n\t\t<i class=\"edgtf-icon-font-awesome fa fa-check \" style=\"color: #6ea637;font-size: 26px\"><\/i>\t<\/div>\n\t<p class=\"edgtf-il-text\" style=\"font-size: 24px;padding-left: 25px\">In geschlossenen \u00f6ffentlichen R\u00e4umen<\/p>\n<\/div><div class=\"edgtf-icon-list-holder \" >\n\t<div class=\"edgtf-il-icon-holder\">\n\t\t<i class=\"edgtf-icon-font-awesome fa fa-check \" style=\"color: #6ea637;font-size: 26px\"><\/i>\t<\/div>\n\t<p class=\"edgtf-il-text\" style=\"font-size: 24px;padding-left: 25px\">An \u00f6ffentlichen Beratungsstellen<\/p>\n<\/div>[\/vc_column_inner][vc_column_inner width=&#8220;1\/2&#8243; el_id=&#8220;rightno&#8220;]<div class=\"edgtf-iwt clearfix  edgtf-iwt-icon-left edgtf-iwt-icon-huge\">\n\t<div class=\"edgtf-iwt-icon\">\n\t\t\t\t\t\t\t\t\t    <span class=\"edgtf-icon-shortcode edgtf-normal   edgtf-icon-huge\"  data-color=\"#be1522\">\n                    <i class=\"edgtf-icon-font-awesome fa fa-times edgtf-icon-element\" style=\"color: #be1522\" ><\/i>            <\/span>\n\t\t\t\t\t\t<\/div>\n\t<div class=\"edgtf-iwt-content\" >\n\t\t\t\t\t<h4 class=\"edgtf-iwt-title\" >\n\t\t\t\t\t\t\t\t<span class=\"edgtf-iwt-title-text\">Masken sind NICHT verpflichtend:<\/span>\n\t\t\t\t\t\t\t<\/h4>\n\t\t\t\t\t<\/div>\n<\/div><div class=\"edgtf-icon-list-holder \" >\n\t<div class=\"edgtf-il-icon-holder\">\n\t\t<i class=\"edgtf-icon-font-awesome fa fa-times \" style=\"color: #be1522;font-size: 26px\"><\/i>\t<\/div>\n\t<p class=\"edgtf-il-text\" style=\"font-size: 24px;padding-left: 0px\">In Pools und am Strand<\/p>\n<\/div><div class=\"edgtf-icon-list-holder \" >\n\t<div class=\"edgtf-il-icon-holder\">\n\t\t<i class=\"edgtf-icon-font-awesome fa fa-times \" style=\"color: #be1522;font-size: 26px\"><\/i>\t<\/div>\n\t<p class=\"edgtf-il-text\" style=\"font-size: 24px;padding-left: 0px\">Auf den Uferpromenaden<\/p>\n<\/div><div class=\"edgtf-icon-list-holder \" >\n\t<div class=\"edgtf-il-icon-holder\">\n\t\t<i class=\"edgtf-icon-font-awesome fa fa-times \" style=\"color: #be1522;font-size: 26px\"><\/i>\t<\/div>\n\t<p class=\"edgtf-il-text\" style=\"font-size: 24px;padding-left: 0px\">Au\u00dferhalb des Ortskerns<\/p>\n<\/div><div class=\"edgtf-icon-list-holder \" >\n\t<div class=\"edgtf-il-icon-holder\">\n\t\t<i class=\"edgtf-icon-font-awesome fa fa-times \" style=\"color: #be1522;font-size: 26px\"><\/i>\t<\/div>\n\t<p class=\"edgtf-il-text\" style=\"font-size: 24px;padding-left: 0px\">Beim Sporttreiben oder sportlichen Aktivit\u00e4ten<\/p>\n<\/div><div class=\"edgtf-icon-list-holder \" >\n\t<div class=\"edgtf-il-icon-holder\">\n\t\t<i class=\"edgtf-icon-font-awesome fa fa-times \" style=\"color: #be1522;font-size: 26px\"><\/i>\t<\/div>\n\t<p class=\"edgtf-il-text\" style=\"font-size: 24px;padding-left: 0px\">W\u00e4hrend des Verzehrs von Speisen und Getr\u00e4nken<\/p>\n<\/div><div class=\"edgtf-icon-list-holder \" >\n\t<div class=\"edgtf-il-icon-holder\">\n\t\t<i class=\"edgtf-icon-font-awesome fa fa-times \" style=\"color: #be1522;font-size: 26px\"><\/i>\t<\/div>\n\t<p class=\"edgtf-il-text\" style=\"font-size: 24px;padding-left: 0px\">F\u00fcr Kinder unter sechs Jahren<\/p>\n<\/div>[\/vc_column_inner][\/vc_row_inner][vc_column_text]<\/p>\n<p style=\"text-align: center;\">Unsere Str\u00e4nde sind einer der Hauptgr\u00fcnde, warum wir als Urlaubsziel so beliebt sind.<\/p>\n<p>[\/vc_column_text][vc_column_text el_class=&#8220;celeste&#8220;]<\/p>\n<p style=\"text-align: center;\">Bitte folgen Sie den Anweisungen des Rettungspersonals an den Str\u00e4nden.<br \/>\nDer Mindestabstand zwischen Badeg\u00e4sten, Liegest\u00fchlen, Handt\u00fcchern und Sonnenschirmen betr\u00e4gt 1,5 Meter.<\/p>\n<p>[\/vc_column_text][\/vc_column][\/vc_row][vc_row equal_height=&#8220;yes&#8220; rtl_reverse=&#8220;yes&#8220; content_placement=&#8220;middle&#8220; enable_hue_rotation=&#8220;no&#8220; enable_text_marquee=&#8220;no&#8220; el_id=&#8220;b3covid&#8220; css=&#8220;.vc_custom_1596541757448{margin-top: 100px !important;}&#8220;][vc_column width=&#8220;1\/2&#8243;][vc_single_image image=&#8220;23130&#8243; img_size=&#8220;full&#8220;][\/vc_column][vc_column width=&#8220;1\/2&#8243;][vc_custom_heading text=&#8220;2. Halten Sie sich an die Abstandsregeln&#8220; use_theme_fonts=&#8220;yes&#8220;][vc_custom_heading text=&#8220;1,5 Meter Abstand zwischen Menschen, die nicht gemeinsam wohnen&#8220; font_container=&#8220;tag:h3|text_align:left&#8220; use_theme_fonts=&#8220;yes&#8220;][\/vc_column][\/vc_row][vc_row enable_hue_rotation=&#8220;no&#8220; enable_text_marquee=&#8220;no&#8220; el_id=&#8220;b4covid&#8220;][vc_column width=&#8220;1\/2&#8243; css=&#8220;.vc_custom_1596538769669{padding-top: 5% !important;}&#8220;][vc_custom_heading text=&#8220;3. H\u00e4ufige H\u00e4ndehygiene&#8220; use_theme_fonts=&#8220;yes&#8220;][\/vc_column][vc_column width=&#8220;1\/2&#8243;][vc_single_image image=&#8220;23136&#8243; img_size=&#8220;large&#8220; css=&#8220;.vc_custom_1596538858279{padding-right: 10% !important;}&#8220;][\/vc_column][\/vc_row][vc_row enable_hue_rotation=&#8220;no&#8220; enable_text_marquee=&#8220;no&#8220; el_id=&#8220;b5covid&#8220;][vc_column][vc_column_text]Wir in Sant Josep bem\u00fchen uns stets um Vorsicht, damit wir auch weiterhin ein sicheres Reiseziel bleiben. Die Ferienunterk\u00fcnfte und Hotels sowie die Gesch\u00e4ftsleute arbeiten daran, alle Sicherheits- und Hygienebestimmungen einzuhalten. Auch die Sicherheits- und Rettungskr\u00e4fte sowie das Informations- und Kontrollpersonal arbeiten koordiniert zusammen, um die Ordnung aufrechtzuerhalten. Bitte leisten Sie ihren Anweisungen Folge.[\/vc_column_text][\/vc_column][\/vc_row]<\/p>\n<\/div>","protected":false},"excerpt":{"rendered":"<p>[vc_row enable_hue_rotation=&#8220;no&#8220; enable_text_marquee=&#8220;no&#8220; el_id=&#8220;b1covid&#8220; css=&#8220;.vc_custom_1596532610458{background-image: url(https:\/\/www.santjosep.net\/wp-content\/uploads\/2020\/08\/Layer-2.png?id=23109) !important;background-position: 0 0 !important;background-repeat: no-repeat !important;}&#8220;][vc_column][vc_column_text] Genie\u00dfen Sie Sant Josep, auf die sichere Art [\/vc_column_text][vc_column_text] Die Gemeinde Sant Josep de sa Talaia geh\u00f6rt seit langem zu den Lieblingsorten vieler Touristen, die den Sommer auf [&hellip;]<\/p>\n","protected":false},"author":1,"featured_media":0,"parent":0,"menu_order":0,"comment_status":"closed","ping_status":"closed","template":"","meta":{"_acf_changed":false,"inline_featured_image":false,"footnotes":""},"categoria_pagina":[],"class_list":["post-23178","page","type-page","status-publish","hentry"],"acf":[],"yoast_head":"<!-- This site is optimized with the Yoast SEO plugin v25.7 - https:\/\/yoast.com\/wordpress\/plugins\/seo\/ -->\n<title>Genie\u00dfen Sie Sant Josep auf die sichere Art. Seien Sie verantwortungsvoll. - Santjosep.net<\/title>\n<meta name=\"robots\" content=\"index, follow, max-snippet:-1, max-image-preview:large, max-video-preview:-1\" \/>\n<link rel=\"canonical\" href=\"https:\/\/www.santjosep.net\/de\/covid\/\" \/>\n<meta property=\"og:locale\" content=\"de_DE\" \/>\n<meta property=\"og:type\" content=\"article\" \/>\n<meta property=\"og:title\" content=\"Genie\u00dfen Sie Sant Josep auf die sichere Art. Seien Sie verantwortungsvoll. - Santjosep.net\" \/>\n<meta property=\"og:description\" content=\"[vc_row enable_hue_rotation=&#8220;no&#8220; enable_text_marquee=&#8220;no&#8220; el_id=&#8220;b1covid&#8220; css=&#8220;.vc_custom_1596532610458{background-image: url(https:\/\/www.santjosep.net\/wp-content\/uploads\/2020\/08\/Layer-2.png?id=23109) !important;background-position: 0 0 !important;background-repeat: no-repeat !important;}&#8220;][vc_column][vc_column_text] Genie\u00dfen Sie Sant Josep, auf die sichere Art [\/vc_column_text][vc_column_text] Die Gemeinde Sant Josep de sa Talaia geh\u00f6rt seit langem zu den Lieblingsorten vieler Touristen, die den Sommer auf [&hellip;]\" \/>\n<meta property=\"og:url\" content=\"https:\/\/www.santjosep.net\/de\/covid\/\" \/>\n<meta property=\"og:site_name\" content=\"Santjosep.net\" \/>\n<meta property=\"article:modified_time\" content=\"2021-07-12T11:00:20+00:00\" \/>\n<meta name=\"twitter:card\" content=\"summary_large_image\" \/>\n<meta name=\"twitter:label1\" content=\"Gesch\u00e4tzte Lesezeit\" \/>\n\t<meta name=\"twitter:data1\" content=\"4\u00a0Minuten\" \/>\n<script type=\"application\/ld+json\" class=\"yoast-schema-graph\">{\"@context\":\"https:\/\/schema.org\",\"@graph\":[{\"@type\":\"WebPage\",\"@id\":\"https:\/\/www.santjosep.net\/de\/covid\/\",\"url\":\"https:\/\/www.santjosep.net\/de\/covid\/\",\"name\":\"Genie\u00dfen Sie Sant Josep auf die sichere Art. Seien Sie verantwortungsvoll. - Santjosep.net\",\"isPartOf\":{\"@id\":\"https:\/\/www.santjosep.net\/#website\"},\"datePublished\":\"2020-08-03T13:15:30+00:00\",\"dateModified\":\"2021-07-12T11:00:20+00:00\",\"inLanguage\":\"de\",\"potentialAction\":[{\"@type\":\"ReadAction\",\"target\":[\"https:\/\/www.santjosep.net\/de\/covid\/\"]}]},{\"@type\":\"WebSite\",\"@id\":\"https:\/\/www.santjosep.net\/#website\",\"url\":\"https:\/\/www.santjosep.net\/\",\"name\":\"Santjosep.net\",\"description\":\"\",\"potentialAction\":[{\"@type\":\"SearchAction\",\"target\":{\"@type\":\"EntryPoint\",\"urlTemplate\":\"https:\/\/www.santjosep.net\/?s={search_term_string}\"},\"query-input\":{\"@type\":\"PropertyValueSpecification\",\"valueRequired\":true,\"valueName\":\"search_term_string\"}}],\"inLanguage\":\"de\"}]}<\/script>\n<!-- \/ Yoast SEO plugin. -->","yoast_head_json":{"title":"Genie\u00dfen Sie Sant Josep auf die sichere Art. Seien Sie verantwortungsvoll. - Santjosep.net","robots":{"index":"index","follow":"follow","max-snippet":"max-snippet:-1","max-image-preview":"max-image-preview:large","max-video-preview":"max-video-preview:-1"},"canonical":"https:\/\/www.santjosep.net\/de\/covid\/","og_locale":"de_DE","og_type":"article","og_title":"Genie\u00dfen Sie Sant Josep auf die sichere Art. Seien Sie verantwortungsvoll. - Santjosep.net","og_description":"[vc_row enable_hue_rotation=&#8220;no&#8220; enable_text_marquee=&#8220;no&#8220; el_id=&#8220;b1covid&#8220; css=&#8220;.vc_custom_1596532610458{background-image: url(https:\/\/www.santjosep.net\/wp-content\/uploads\/2020\/08\/Layer-2.png?id=23109) !important;background-position: 0 0 !important;background-repeat: no-repeat !important;}&#8220;][vc_column][vc_column_text] Genie\u00dfen Sie Sant Josep, auf die sichere Art [\/vc_column_text][vc_column_text] Die Gemeinde Sant Josep de sa Talaia geh\u00f6rt seit langem zu den Lieblingsorten vieler Touristen, die den Sommer auf [&hellip;]","og_url":"https:\/\/www.santjosep.net\/de\/covid\/","og_site_name":"Santjosep.net","article_modified_time":"2021-07-12T11:00:20+00:00","twitter_card":"summary_large_image","twitter_misc":{"Gesch\u00e4tzte Lesezeit":"4\u00a0Minuten"},"schema":{"@context":"https:\/\/schema.org","@graph":[{"@type":"WebPage","@id":"https:\/\/www.santjosep.net\/de\/covid\/","url":"https:\/\/www.santjosep.net\/de\/covid\/","name":"Genie\u00dfen Sie Sant Josep auf die sichere Art. Seien Sie verantwortungsvoll. - Santjosep.net","isPartOf":{"@id":"https:\/\/www.santjosep.net\/#website"},"datePublished":"2020-08-03T13:15:30+00:00","dateModified":"2021-07-12T11:00:20+00:00","inLanguage":"de","potentialAction":[{"@type":"ReadAction","target":["https:\/\/www.santjosep.net\/de\/covid\/"]}]},{"@type":"WebSite","@id":"https:\/\/www.santjosep.net\/#website","url":"https:\/\/www.santjosep.net\/","name":"Santjosep.net","description":"","potentialAction":[{"@type":"SearchAction","target":{"@type":"EntryPoint","urlTemplate":"https:\/\/www.santjosep.net\/?s={search_term_string}"},"query-input":{"@type":"PropertyValueSpecification","valueRequired":true,"valueName":"search_term_string"}}],"inLanguage":"de"}]}},"_links":{"self":[{"href":"https:\/\/www.santjosep.net\/de\/wp-json\/wp\/v2\/pages\/23178","targetHints":{"allow":["GET"]}}],"collection":[{"href":"https:\/\/www.santjosep.net\/de\/wp-json\/wp\/v2\/pages"}],"about":[{"href":"https:\/\/www.santjosep.net\/de\/wp-json\/wp\/v2\/types\/page"}],"author":[{"embeddable":true,"href":"https:\/\/www.santjosep.net\/de\/wp-json\/wp\/v2\/users\/1"}],"replies":[{"embeddable":true,"href":"https:\/\/www.santjosep.net\/de\/wp-json\/wp\/v2\/comments?post=23178"}],"version-history":[{"count":0,"href":"https:\/\/www.santjosep.net\/de\/wp-json\/wp\/v2\/pages\/23178\/revisions"}],"wp:attachment":[{"href":"https:\/\/www.santjosep.net\/de\/wp-json\/wp\/v2\/media?parent=23178"}],"wp:term":[{"taxonomy":"categoria_pagina","embeddable":true,"href":"https:\/\/www.santjosep.net\/de\/wp-json\/wp\/v2\/categoria_pagina?post=23178"}],"curies":[{"name":"wp","href":"https:\/\/api.w.org\/{rel}","templated":true}]}}