{"id":14223,"date":"2019-02-21T11:55:21","date_gmt":"2019-02-21T11:55:21","guid":{"rendered":"https:\/\/www.santjosep.net\/sportliche-aktivitaeten\/wanderungen-in-sant-josep-ibiza\/cala-carbo-cala-dhort-ses-paisses-de-cala-dhort-circular\/"},"modified":"2020-01-24T09:13:48","modified_gmt":"2020-01-24T08:13:48","slug":"cala-carbo-cala-dhort-ses-paisses-de-cala-dhort-circular","status":"publish","type":"page","link":"https:\/\/www.santjosep.net\/de\/aktiver-tourismus\/wanderungen-in-sant-josep-ibiza\/cala-carbo-cala-dhort-ses-paisses-de-cala-dhort-circular\/","title":{"rendered":"Cala Carb\u00f3 &#8211; Cala d&#8217;Hort &#8211; Ses Pa\u00efsses de Cala d&#8217;Hort"},"content":{"rendered":"<p>Eine beschauliche Wanderung, bei der wir zwei der sch\u00f6nsten Str\u00e4nde der Insel kennenlernen und au\u00dferdem die Felseninsel Es Vedr\u00e0 \u00fcber weite Teile der Strecke vor Augen haben und etwas mehr \u00fcber die Geschichte Ibizas erfahren. Eine Strecke mit fantastischen Ausblicken aufs Meer, der Weg verl\u00e4uft mitten durch die Natur, und gro\u00dfe Pinien bieten Schutz vor der Sonne. Diese Wanderung ist relativ leicht, sie ist 5,8 Kilometer lang, und es gibt nur eine 100 Meter lange Steigung. Obwohl sie keine gro\u00dfe Herausforderung darstellt, empfehlen wir, Sportschuhe, Sonnencreme und Trinkwasser mitzunehmen.<br \/>\n<!--more--><\/p>\n<h2>Karte der Route:<\/h2>\n<p><iframe loading=\"lazy\" src=\"https:\/\/www.google.com\/maps\/d\/u\/0\/embed?mid=1pDP4oJW2qplObjZSqM7krJSNTx7XBb0x\" width=\"795\" height=\"480\"><\/iframe><br \/>\n<b>Schwierigkeit<\/b>: Mittel<br \/>\n<b>Distanz<\/b>:  ca. 6 Kilometer<br \/>\n<b>Tiempo<\/b> <b>estimado<\/b>: 2 Stunden<br \/>\n<b>Empfehlungen<\/b>: Sportliches Schuhwerk und Trinkwasser.<\/p>\n<p>Wir machen Halt an zwei der sch\u00f6nsten Str\u00e4nde der Westk\u00fcste rund um Sant Josep, <strong>Cala d\u2019Hort<\/strong> und <strong>Cala Carb\u00f3<\/strong>, und wir besichtigen die punisch-r\u00f6mische Siedlung Ses Pa\u00efsses de Cala d\u2019Hort, wo man Reste einer Wohnsiedlung und eine Nekropolis sieht, die aus der Mitte des 5. Jahrhunderts vor Christus stammt. Los geht\u2019s!    <\/p>\n<p>Unsere Tour startet am Eingang zum Strand von Cala Carb\u00f3 zwischen dem Parkplatz und dem Strand. Auf der einen Seite ist Felsen, auf der anderen eines der Strandrestaurants. Direkt gegen\u00fcber dem Restaurant beginnt ein Pfad bergauf. Hier startet unsere Wanderung. <\/p>\n<p><img loading=\"lazy\" decoding=\"async\" class=\"alignnone size-large wp-image-12057\" src=\"https:\/\/www.santjosep.net\/wp-content\/uploads\/2018\/07\/IMG_3398-1024x683.jpg\" alt=\"\" width=\"1024\" height=\"683\" srcset=\"https:\/\/www.santjosep.net\/wp-content\/uploads\/2018\/07\/IMG_3398-1024x683.jpg 1024w, https:\/\/www.santjosep.net\/wp-content\/uploads\/2018\/07\/IMG_3398-300x200.jpg 300w, https:\/\/www.santjosep.net\/wp-content\/uploads\/2018\/07\/IMG_3398-768x512.jpg 768w, https:\/\/www.santjosep.net\/wp-content\/uploads\/2018\/07\/IMG_3398.jpg 1350w\" sizes=\"auto, (max-width: 1024px) 100vw, 1024px\" \/><br \/>\nWir folgen diesem Pfad bergauf, zwischen Pinien und umgeben von herrlicher Natur. Rechts von uns liegt die K\u00fcste. Man kann sich der Steilk\u00fcste n\u00e4hern, um einen wundersch\u00f6nen Blick auf Es Vedr\u00e0 oder Cala Carb\u00f3 zu werfen.<\/p>\n<p><img loading=\"lazy\" decoding=\"async\" class=\"alignnone size-large wp-image-12053\" src=\"https:\/\/www.santjosep.net\/wp-content\/uploads\/2018\/07\/IMG_3222-1024x683.jpg\" alt=\"\" width=\"1024\" height=\"683\" srcset=\"https:\/\/www.santjosep.net\/wp-content\/uploads\/2018\/07\/IMG_3222-1024x683.jpg 1024w, https:\/\/www.santjosep.net\/wp-content\/uploads\/2018\/07\/IMG_3222-300x200.jpg 300w, https:\/\/www.santjosep.net\/wp-content\/uploads\/2018\/07\/IMG_3222-768x512.jpg 768w, https:\/\/www.santjosep.net\/wp-content\/uploads\/2018\/07\/IMG_3222.jpg 1350w\" sizes=\"auto, (max-width: 1024px) 100vw, 1024px\" \/><\/p>\n<p>Nach einem Fu\u00dfmarsch von ca. 10 Minuten treffen wir auf eine kleine, besondere Bucht: Cala Truja. In dieser Bucht von knapp 12 Metern Gr\u00f6\u00dfe befindet sich eine H\u00fctte, die als Stapelplatz f\u00fcr Fischerboote dient.  Der Zugang zur Bucht ist recht kompliziert, aber trotzdem sieht man immer wieder Badende, die per Kajak oder Boot dorthin gelangt sind. Es lohnt sich, von oben einen Blick auf dieses Kleinod zu werfen. <\/p>\n<div id=\"new-royalslider-105\" class=\"royalSlider new-royalslider-105 rsDefaultInv rs-default-template\" style=\"width:100%;height:500px;;\" data-rs-options='{&quot;template&quot;:&quot;default&quot;,&quot;image_generation&quot;:{&quot;lazyLoading&quot;:&quot;true&quot;,&quot;imageWidth&quot;:&quot;&quot;,&quot;imageHeight&quot;:&quot;&quot;,&quot;thumbImageWidth&quot;:96,&quot;thumbImageHeight&quot;:72},&quot;thumbs&quot;:{&quot;paddingBottom&quot;:4,&quot;thumbWidth&quot;:96,&quot;thumbHeight&quot;:72,&quot;appendSpan&quot;:&quot;true&quot;},&quot;fullscreen&quot;:{&quot;enabled&quot;:&quot;true&quot;,&quot;nativeFS&quot;:&quot;true&quot;},&quot;block&quot;:{&quot;moveOffset&quot;:20,&quot;speed&quot;:400,&quot;delay&quot;:200},&quot;width&quot;:&quot;100%&quot;,&quot;height&quot;:500,&quot;autoScaleSlider&quot;:&quot;true&quot;,&quot;autoScaleSliderWidth&quot;:960,&quot;autoScaleSliderHeight&quot;:850,&quot;controlNavigation&quot;:&quot;thumbnails&quot;,&quot;arrowsNavHideOnTouch&quot;:&quot;true&quot;,&quot;globalCaptionInside&quot;:&quot;true&quot;,&quot;keyboardNavEnabled&quot;:&quot;true&quot;,&quot;fadeinLoadedSlide&quot;:&quot;false&quot;}'>\n<div class=\"rsContent\">\n  <a class=\"rsImg\" href=\"https:\/\/www.santjosep.net\/wp-content\/uploads\/2018\/07\/IMG_3245-1024x683.jpg\" data-rsBigImg=\"https:\/\/www.santjosep.net\/wp-content\/uploads\/2018\/07\/IMG_3245.jpg\">IMG_3245<\/a>\n  <div class=\"rsTmb\"><img decoding=\"async\" src=\"https:\/\/www.santjosep.net\/wp-content\/uploads\/2018\/07\/IMG_3245-96x72.jpg\" alt=\"\" \/><\/div>\n  \n  \n<\/div>\n<div class=\"rsContent\">\n  <a class=\"rsImg\" href=\"https:\/\/www.santjosep.net\/wp-content\/uploads\/2018\/07\/IMG_3275-1024x683.jpg\" data-rsBigImg=\"https:\/\/www.santjosep.net\/wp-content\/uploads\/2018\/07\/IMG_3275.jpg\">IMG_3275<\/a>\n  <div class=\"rsTmb\"><img decoding=\"async\" src=\"https:\/\/www.santjosep.net\/wp-content\/uploads\/2018\/07\/IMG_3275-96x72.jpg\" alt=\"\" \/><\/div>\n  \n  \n<\/div>\n<div class=\"rsContent\">\n  <a class=\"rsImg\" href=\"https:\/\/www.santjosep.net\/wp-content\/uploads\/2018\/07\/IMG_3288-1024x683.jpg\" data-rsBigImg=\"https:\/\/www.santjosep.net\/wp-content\/uploads\/2018\/07\/IMG_3288.jpg\">IMG_3288<\/a>\n  <div class=\"rsTmb\"><img decoding=\"async\" src=\"https:\/\/www.santjosep.net\/wp-content\/uploads\/2018\/07\/IMG_3288-96x72.jpg\" alt=\"\" \/><\/div>\n  \n  \n<\/div>\n<div class=\"rsContent\">\n  <a class=\"rsImg\" href=\"https:\/\/www.santjosep.net\/wp-content\/uploads\/2018\/07\/IMG_3303-1024x683.jpg\" data-rsBigImg=\"https:\/\/www.santjosep.net\/wp-content\/uploads\/2018\/07\/IMG_3303.jpg\">IMG_3303<\/a>\n  <div class=\"rsTmb\"><img decoding=\"async\" src=\"https:\/\/www.santjosep.net\/wp-content\/uploads\/2018\/07\/IMG_3303-96x72.jpg\" alt=\"\" \/><\/div>\n  \n  \n<\/div>\n<div class=\"rsContent\">\n  <a class=\"rsImg\" href=\"https:\/\/www.santjosep.net\/wp-content\/uploads\/2018\/07\/IMG_3309-1024x683.jpg\" data-rsBigImg=\"https:\/\/www.santjosep.net\/wp-content\/uploads\/2018\/07\/IMG_3309.jpg\">IMG_3309<\/a>\n  <div class=\"rsTmb\"><img decoding=\"async\" src=\"https:\/\/www.santjosep.net\/wp-content\/uploads\/2018\/07\/IMG_3309-96x72.jpg\" alt=\"\" \/><\/div>\n  \n  \n<\/div>\n<div class=\"rsContent\">\n  <a class=\"rsImg\" href=\"https:\/\/www.santjosep.net\/wp-content\/uploads\/2018\/07\/IMG_3312-1024x683.jpg\" data-rsBigImg=\"https:\/\/www.santjosep.net\/wp-content\/uploads\/2018\/07\/IMG_3312.jpg\">IMG_3312<\/a>\n  <div class=\"rsTmb\"><img decoding=\"async\" src=\"https:\/\/www.santjosep.net\/wp-content\/uploads\/2018\/07\/IMG_3312-96x72.jpg\" alt=\"\" \/><\/div>\n  \n  \n<\/div>\n<div class=\"rsContent\">\n  <a class=\"rsImg\" href=\"https:\/\/www.santjosep.net\/wp-content\/uploads\/2018\/07\/IMG_3318-1024x683.jpg\" data-rsBigImg=\"https:\/\/www.santjosep.net\/wp-content\/uploads\/2018\/07\/IMG_3318.jpg\">IMG_3318<\/a>\n  <div class=\"rsTmb\"><img decoding=\"async\" src=\"https:\/\/www.santjosep.net\/wp-content\/uploads\/2018\/07\/IMG_3318-96x72.jpg\" alt=\"\" \/><\/div>\n  \n  \n<\/div>\n\n<\/div>\n\n<p>Nun setzen wir unsere Tour fort. Es ist empfehlenswert, dabei eine Abk\u00fcrzung geradeaus zu nehmen, wie auf der Karte zu sehen ist. Wer m\u00f6chte, kann aber auch weiter die K\u00fcste entlang gehen und den Blick auf <strong>Es Vedr\u00e0<\/strong> und <strong>Es Vedranell<\/strong> genie\u00dfen.<\/p>\n<p><img loading=\"lazy\" decoding=\"async\" class=\"alignnone size-large wp-image-12089\" src=\"https:\/\/www.santjosep.net\/wp-content\/uploads\/2018\/07\/IMG_3401-1024x683.jpg\" alt=\"\" width=\"1024\" height=\"683\" srcset=\"https:\/\/www.santjosep.net\/wp-content\/uploads\/2018\/07\/IMG_3401-1024x683.jpg 1024w, https:\/\/www.santjosep.net\/wp-content\/uploads\/2018\/07\/IMG_3401-300x200.jpg 300w, https:\/\/www.santjosep.net\/wp-content\/uploads\/2018\/07\/IMG_3401-768x512.jpg 768w, https:\/\/www.santjosep.net\/wp-content\/uploads\/2018\/07\/IMG_3401.jpg 1350w\" sizes=\"auto, (max-width: 1024px) 100vw, 1024px\" \/><\/p>\n<p>Jetzt n\u00e4hern wir uns <a href=\"\/?p=4715\">Cala d\u2019Hort<\/a>.  Hier haben wir die M\u00f6glichkeit, die Treppen neben dem Restaurant hinunterzusteigen bis zu den Bootsh\u00fctten bzw. bis zum Strand, um dort ein erfrischendes Bad zu nehmen oder einfach nur die sch\u00f6ne Aussicht zu genie\u00dfen. Wenn man gerade zur Essenszeit vor Ort ist, bietet es sich an, eine Paella im Restaurant zu essen und am Strand zu baden, bevor es wieder weiter geht.  <\/p>\n<div id=\"new-royalslider-53\" class=\"royalSlider new-royalslider-53 rsDefaultInv rs-default-template\" style=\"width:100%;height:533px;;\" data-rs-options='{&quot;template&quot;:&quot;default&quot;,&quot;image_generation&quot;:{&quot;imageWidth&quot;:&quot;&quot;,&quot;imageHeight&quot;:&quot;&quot;,&quot;thumbImageWidth&quot;:&quot;&quot;,&quot;thumbImageHeight&quot;:&quot;&quot;},&quot;thumbs&quot;:{&quot;thumbWidth&quot;:96,&quot;thumbHeight&quot;:72},&quot;autoPlay&quot;:{&quot;delay&quot;:5000},&quot;block&quot;:{&quot;moveOffset&quot;:20,&quot;speed&quot;:400,&quot;delay&quot;:200},&quot;width&quot;:&quot;100%&quot;,&quot;height&quot;:533,&quot;autoScaleSlider&quot;:&quot;true&quot;,&quot;autoScaleSliderHeight&quot;:533,&quot;imageScaleMode&quot;:&quot;fill&quot;,&quot;imageScalePadding&quot;:0,&quot;arrowsNavAutoHide&quot;:&quot;false&quot;}'>\n<div class=\"rsContent\">\n  <img decoding=\"async\" class=\"rsImg\" src=\"https:\/\/www.santjosep.net\/wp-content\/uploads\/2017\/12\/IMG_5074-1024x683.jpg\" alt=\"IMG_5074\"\/>\n  \n  \n  \n<\/div>\n<div class=\"rsContent\">\n  <img decoding=\"async\" class=\"rsImg\" src=\"https:\/\/www.santjosep.net\/wp-content\/uploads\/2017\/12\/IMG_5054-1024x683.jpg\" alt=\"IMG_5054\"\/>\n  \n  \n  \n<\/div>\n<div class=\"rsContent\">\n  <img decoding=\"async\" class=\"rsImg\" src=\"https:\/\/www.santjosep.net\/wp-content\/uploads\/2017\/12\/IMG_5065-1024x683.jpg\" alt=\"IMG_5065\"\/>\n  \n  \n  \n<\/div>\n<div class=\"rsContent\">\n  <img decoding=\"async\" class=\"rsImg\" src=\"https:\/\/www.santjosep.net\/wp-content\/uploads\/2017\/12\/IMG_5080-1024x683.jpg\" alt=\"IMG_5080\"\/>\n  \n  \n  \n<\/div>\n<div class=\"rsContent\">\n  <img decoding=\"async\" class=\"rsImg\" src=\"https:\/\/www.santjosep.net\/wp-content\/uploads\/2017\/12\/IMG_5089-1024x683.jpg\" alt=\"IMG_5089\"\/>\n  \n  \n  \n<\/div>\n<div class=\"rsContent\">\n  <img decoding=\"async\" class=\"rsImg\" src=\"https:\/\/www.santjosep.net\/wp-content\/uploads\/2017\/12\/IMG_5102-1024x683.jpg\" alt=\"IMG_5102\"\/>\n  \n  \n  \n<\/div>\n<div class=\"rsContent\">\n  <img decoding=\"async\" class=\"rsImg\" src=\"https:\/\/www.santjosep.net\/wp-content\/uploads\/2017\/12\/P1060489-1024x768.jpg\" alt=\"P1060489\"\/>\n  \n  \n  \n<\/div>\n<div class=\"rsContent\">\n  <img decoding=\"async\" class=\"rsImg\" src=\"https:\/\/www.santjosep.net\/wp-content\/uploads\/2017\/12\/P1060490-1024x768.jpg\" alt=\"P1060490\"\/>\n  \n  \n  \n<\/div>\n<div class=\"rsContent\">\n  <img decoding=\"async\" class=\"rsImg\" src=\"https:\/\/www.santjosep.net\/wp-content\/uploads\/2017\/12\/P1060570-1024x768.jpg\" alt=\"P1060570\"\/>\n  \n  \n  \n<\/div>\n<div class=\"rsContent\">\n  <img decoding=\"async\" class=\"rsImg\" src=\"https:\/\/www.santjosep.net\/wp-content\/uploads\/2017\/12\/P1060575-1024x768.jpg\" alt=\"P1060575\"\/>\n  \n  \n  \n<\/div>\n<div class=\"rsContent\">\n  <img decoding=\"async\" class=\"rsImg\" src=\"https:\/\/www.santjosep.net\/wp-content\/uploads\/2017\/12\/P1060582-1024x768.jpg\" alt=\"P1060582\"\/>\n  \n  \n  \n<\/div>\n<div class=\"rsContent\">\n  <img decoding=\"async\" class=\"rsImg\" src=\"https:\/\/www.santjosep.net\/wp-content\/uploads\/2017\/12\/P1060583-1024x768.jpg\" alt=\"P1060583\"\/>\n  \n  \n  \n<\/div>\n<div class=\"rsContent\">\n  <img decoding=\"async\" class=\"rsImg\" src=\"https:\/\/www.santjosep.net\/wp-content\/uploads\/2017\/12\/P1060600-1024x768.jpg\" alt=\"P1060600\"\/>\n  \n  \n  \n<\/div>\n<div class=\"rsContent\">\n  <img decoding=\"async\" class=\"rsImg\" src=\"https:\/\/www.santjosep.net\/wp-content\/uploads\/2017\/12\/P1060613-1024x768.jpg\" alt=\"P1060613\"\/>\n  \n  \n  \n<\/div>\n\n<\/div>\n\n<p>&nbsp;<\/p>\n<p>Wir gehen nun den auf der Karte eingezeichneten Weg weiter in Richtung <strong>Ses Pa\u00efsses de Cala d\u2019Hort<\/strong>Obwohl dort nicht viele Autos verkehren, sollte man dennoch achtsam sein. Diesem Weg folgen wir ca. 1,5 Kilometer, bis wir zu einer Kreuzung kommen. <\/p>\n<p>Von dort aus gehen wir die Stra\u00dfe ca. 50 Meter bergab und nehmen dann die Abzweigung gegen\u00fcber, wo ein Schild in Richtung Ses Pa\u00efsses de Cala d\u2019Hort angebracht ist. Bitte seien Sie \u00e4u\u00dferst vorsichtig beim \u00dcberqueren der Stra\u00dfe.<\/p>\n<div id=\"new-royalslider-106\" class=\"royalSlider new-royalslider-106 rsDefaultInv rs-default-template\" style=\"width:100%;height:500px;;\" data-rs-options='{&quot;template&quot;:&quot;default&quot;,&quot;image_generation&quot;:{&quot;lazyLoading&quot;:&quot;true&quot;,&quot;imageWidth&quot;:&quot;&quot;,&quot;imageHeight&quot;:&quot;&quot;,&quot;thumbImageWidth&quot;:96,&quot;thumbImageHeight&quot;:72},&quot;thumbs&quot;:{&quot;paddingBottom&quot;:4,&quot;thumbWidth&quot;:96,&quot;thumbHeight&quot;:72,&quot;appendSpan&quot;:&quot;true&quot;},&quot;fullscreen&quot;:{&quot;enabled&quot;:&quot;true&quot;,&quot;nativeFS&quot;:&quot;true&quot;},&quot;block&quot;:{&quot;moveOffset&quot;:20,&quot;speed&quot;:400,&quot;delay&quot;:200},&quot;width&quot;:&quot;100%&quot;,&quot;height&quot;:500,&quot;autoScaleSlider&quot;:&quot;true&quot;,&quot;autoScaleSliderWidth&quot;:960,&quot;autoScaleSliderHeight&quot;:850,&quot;controlNavigation&quot;:&quot;thumbnails&quot;,&quot;arrowsNavHideOnTouch&quot;:&quot;true&quot;,&quot;globalCaptionInside&quot;:&quot;true&quot;,&quot;keyboardNavEnabled&quot;:&quot;true&quot;,&quot;fadeinLoadedSlide&quot;:&quot;false&quot;}'>\n<div class=\"rsContent\">\n  <a class=\"rsImg\" href=\"https:\/\/www.santjosep.net\/wp-content\/uploads\/2018\/07\/IMG_0254-1024x683.jpg\" data-rsBigImg=\"https:\/\/www.santjosep.net\/wp-content\/uploads\/2018\/07\/IMG_0254.jpg\">IMG_0254<\/a>\n  <div class=\"rsTmb\"><img decoding=\"async\" src=\"https:\/\/www.santjosep.net\/wp-content\/uploads\/2018\/07\/IMG_0254-96x72.jpg\" alt=\"\" \/><\/div>\n  \n  \n<\/div>\n<div class=\"rsContent\">\n  <a class=\"rsImg\" href=\"https:\/\/www.santjosep.net\/wp-content\/uploads\/2018\/07\/IMG_0252-1024x683.jpg\" data-rsBigImg=\"https:\/\/www.santjosep.net\/wp-content\/uploads\/2018\/07\/IMG_0252.jpg\">IMG_0252<\/a>\n  <div class=\"rsTmb\"><img decoding=\"async\" src=\"https:\/\/www.santjosep.net\/wp-content\/uploads\/2018\/07\/IMG_0252-96x72.jpg\" alt=\"\" \/><\/div>\n  \n  \n<\/div>\n<div class=\"rsContent\">\n  <a class=\"rsImg\" href=\"https:\/\/www.santjosep.net\/wp-content\/uploads\/2018\/07\/Ses-Paisses-de-Cala-dHort-1-FU-HL-1024x768.jpg\" data-rsBigImg=\"https:\/\/www.santjosep.net\/wp-content\/uploads\/2018\/07\/Ses-Paisses-de-Cala-dHort-1-FU-HL.jpg\">Ses Paisses de Cala d'Hort 1 - FU - HL<\/a>\n  <div class=\"rsTmb\"><img decoding=\"async\" src=\"https:\/\/www.santjosep.net\/wp-content\/uploads\/2018\/07\/Ses-Paisses-de-Cala-dHort-1-FU-HL-96x72.jpg\" alt=\"\" \/><\/div>\n  \n  \n<\/div>\n<div class=\"rsContent\">\n  <a class=\"rsImg\" href=\"https:\/\/www.santjosep.net\/wp-content\/uploads\/2018\/07\/IMG_0257-1024x683.jpg\" data-rsBigImg=\"https:\/\/www.santjosep.net\/wp-content\/uploads\/2018\/07\/IMG_0257.jpg\">IMG_0257<\/a>\n  <div class=\"rsTmb\"><img decoding=\"async\" src=\"https:\/\/www.santjosep.net\/wp-content\/uploads\/2018\/07\/IMG_0257-96x72.jpg\" alt=\"\" \/><\/div>\n  \n  \n<\/div>\n\n<\/div>\n\n<p>Diese Ausgrabungsst\u00e4tte zeigt die Ruinen einer ehemaligen Siedlung aus der Epoche der Punier und R\u00f6mer, die Mitte des 5. Jahrhunderts vor Christus errichtet wurde und die Bl\u00fcte und den sp\u00e4teren Verfall des r\u00f6mischen Reichs bis ins 8. Jahrhundert nach Christus \u00fcberstand. Die Siedlung setzt sich aus einem gro\u00dfen Geb\u00e4ude zusammen, das zum Wohnen aber auch zu landwirtschaftlichen Zwecken diente und vergleichsweise gut erhalten ist, sowie aus einem weiteren, wesentlich schlechter erhaltenen Geb\u00e4ude und zwei Nekropolen aus der punischen und byzantinischen Zeit. <\/p>\n<p>Die punische Grabst\u00e4tte umfasste zwanzig Gr\u00e4ber in Form eines Hypog\u00e4ums (unterirdische Grabr\u00e4ume, die in den Stein geschlagen wurden, mit einem Zugangsschacht). In manchen Gr\u00e4bern wurden bis zu zwei S\u00e4rge aus Steingut gefunden sowie zahlreiche Grabbeigaben, bestehend aus punisch-ibizenkischer Keramik, sowie auch importierte Beigaben wie Rasiermesser, Gef\u00e4\u00dfe aus Glas, Skarab\u00e4us-Steine, etc. Vom oberen Bereich der Ausgrabungsst\u00e4tte aus kann man zwei Gr\u00e4ben aus der byzantinischen Epoche sehen, die von einer spektakul\u00e4ren Landschaft mit der Felseninsel Es Vedr\u00e0 im Hintergrund umgeben sind. Diese Siedlung wurde zwischen 1917 und 1982-1985 ausgegraben.<\/p>\n<p>Weiter bergab finden wir einen Ableger des Ethnographischen <strong>Museums von Ibiza: Can Sor\u00e0<\/strong>. Wenn sich keine Besucher angek\u00fcndigt haben, ist das Museum normalerweise geschlossen.<\/p>\n<div id=\"new-royalslider-107\" class=\"royalSlider new-royalslider-107 rsDefaultInv rs-default-template\" style=\"width:100%;height:500px;;\" data-rs-options='{&quot;template&quot;:&quot;default&quot;,&quot;image_generation&quot;:{&quot;lazyLoading&quot;:&quot;true&quot;,&quot;imageWidth&quot;:&quot;&quot;,&quot;imageHeight&quot;:&quot;&quot;,&quot;thumbImageWidth&quot;:96,&quot;thumbImageHeight&quot;:72},&quot;thumbs&quot;:{&quot;paddingBottom&quot;:4,&quot;thumbWidth&quot;:96,&quot;thumbHeight&quot;:72,&quot;appendSpan&quot;:&quot;true&quot;},&quot;fullscreen&quot;:{&quot;enabled&quot;:&quot;true&quot;,&quot;nativeFS&quot;:&quot;true&quot;},&quot;block&quot;:{&quot;moveOffset&quot;:20,&quot;speed&quot;:400,&quot;delay&quot;:200},&quot;width&quot;:&quot;100%&quot;,&quot;height&quot;:500,&quot;autoScaleSlider&quot;:&quot;true&quot;,&quot;autoScaleSliderWidth&quot;:960,&quot;autoScaleSliderHeight&quot;:850,&quot;controlNavigation&quot;:&quot;thumbnails&quot;,&quot;arrowsNavHideOnTouch&quot;:&quot;true&quot;,&quot;globalCaptionInside&quot;:&quot;true&quot;,&quot;keyboardNavEnabled&quot;:&quot;true&quot;,&quot;fadeinLoadedSlide&quot;:&quot;false&quot;}'>\n<div class=\"rsContent\">\n  <a class=\"rsImg\" href=\"https:\/\/www.santjosep.net\/wp-content\/uploads\/2018\/07\/IMG_0259-2-1024x683.jpg\" data-rsBigImg=\"https:\/\/www.santjosep.net\/wp-content\/uploads\/2018\/07\/IMG_0259-2.jpg\">IMG_0259<\/a>\n  <div class=\"rsTmb\"><img decoding=\"async\" src=\"https:\/\/www.santjosep.net\/wp-content\/uploads\/2018\/07\/IMG_0259-2-96x72.jpg\" alt=\"\" \/><\/div>\n  \n  \n<\/div>\n<div class=\"rsContent\">\n  <a class=\"rsImg\" href=\"https:\/\/www.santjosep.net\/wp-content\/uploads\/2018\/07\/IMG_0267-2-1024x683.jpg\" data-rsBigImg=\"https:\/\/www.santjosep.net\/wp-content\/uploads\/2018\/07\/IMG_0267-2.jpg\">IMG_0267<\/a>\n  <div class=\"rsTmb\"><img decoding=\"async\" src=\"https:\/\/www.santjosep.net\/wp-content\/uploads\/2018\/07\/IMG_0267-2-96x72.jpg\" alt=\"\" \/><\/div>\n  \n  \n<\/div>\n<div class=\"rsContent\">\n  <a class=\"rsImg\" href=\"https:\/\/www.santjosep.net\/wp-content\/uploads\/2018\/07\/IMG_0262-3-1024x683.jpg\" data-rsBigImg=\"https:\/\/www.santjosep.net\/wp-content\/uploads\/2018\/07\/IMG_0262-3.jpg\">IMG_0262<\/a>\n  <div class=\"rsTmb\"><img decoding=\"async\" src=\"https:\/\/www.santjosep.net\/wp-content\/uploads\/2018\/07\/IMG_0262-3-96x72.jpg\" alt=\"\" \/><\/div>\n  \n  \n<\/div>\n\n<\/div>\n\n<p>F\u00fcr den R\u00fcckweg kann man die gleiche Route vorbei an Cala d\u2019Hort nehmen, oder den direkteren Weg \u00fcber Cala Carb\u00f3. Nachdem wir Ses Pa\u00efsses de Cala d\u2019Hort verlassen haben, gehen wir die Stra\u00dfe weiter, die vom Strand wegf\u00fchrt. Dann gelangt man an eine Kreuzung, von wo wir der Stra\u00dfe Richtung Cala Carb\u00f3 ca. zwei Kilometer lang folgen. <\/p>\n<p>Dann kommen wir erneut zur sch\u00f6nen Bucht Cala Carb\u00f3. Falls Sie die Wanderung vormittags unternommen haben, sodass Sie mittags in Cala Carb\u00f3 ankommen, empfiehlt es sich, einen Tisch in einem der Restaurants zu reservieren und sich einen <strong>leckeren Hummereintopf<\/strong> (\u201ecaldereta de langosta\u201c), einen im Ofen gebackenen Fisch oder ein Reisgericht zu g\u00f6nnen, um sich nach dieser herrlichen Wanderung zu st\u00e4rken. <\/p>\n<p><img loading=\"lazy\" decoding=\"async\" class=\"alignnone size-large wp-image-12137\" src=\"https:\/\/www.santjosep.net\/wp-content\/uploads\/2018\/07\/IMG_3500-1024x683.jpg\" alt=\"\" width=\"1024\" height=\"683\" srcset=\"https:\/\/www.santjosep.net\/wp-content\/uploads\/2018\/07\/IMG_3500-1024x683.jpg 1024w, https:\/\/www.santjosep.net\/wp-content\/uploads\/2018\/07\/IMG_3500-300x200.jpg 300w, https:\/\/www.santjosep.net\/wp-content\/uploads\/2018\/07\/IMG_3500-768x512.jpg 768w, https:\/\/www.santjosep.net\/wp-content\/uploads\/2018\/07\/IMG_3500.jpg 1350w\" sizes=\"auto, (max-width: 1024px) 100vw, 1024px\" \/><\/p>\n","protected":false},"excerpt":{"rendered":"<p>Eine beschauliche Wanderung, bei der wir zwei der sch\u00f6nsten Str\u00e4nde der Insel kennenlernen und au\u00dferdem die Felseninsel Es Vedr\u00e0 \u00fcber weite Teile der Strecke vor Augen haben und etwas mehr \u00fcber die Geschichte Ibizas erfahren. Eine Strecke mit fantastischen Ausblicken [&hellip;]<\/p>\n","protected":false},"author":1,"featured_media":14220,"parent":5557,"menu_order":0,"comment_status":"closed","ping_status":"closed","template":"page-actividad.php","meta":{"_acf_changed":false,"inline_featured_image":false,"footnotes":""},"categoria_pagina":[],"class_list":["post-14223","page","type-page","status-publish","has-post-thumbnail","hentry"],"acf":[],"yoast_head":"<!-- This site is optimized with the Yoast SEO plugin v25.7 - https:\/\/yoast.com\/wordpress\/plugins\/seo\/ -->\n<title>Cala Carb\u00f3 - Cala d&#039;Hort - Ses Pa\u00efsses de Cala d&#039;Hort - Santjosep.net<\/title>\n<meta name=\"robots\" content=\"index, follow, max-snippet:-1, max-image-preview:large, max-video-preview:-1\" \/>\n<link rel=\"canonical\" href=\"https:\/\/www.santjosep.net\/de\/aktiver-tourismus\/wanderungen-in-sant-josep-ibiza\/cala-carbo-cala-dhort-ses-paisses-de-cala-dhort-circular\/\" \/>\n<meta property=\"og:locale\" content=\"de_DE\" \/>\n<meta property=\"og:type\" content=\"article\" \/>\n<meta property=\"og:title\" content=\"Cala Carb\u00f3 - Cala d&#039;Hort - Ses Pa\u00efsses de Cala d&#039;Hort - Santjosep.net\" \/>\n<meta property=\"og:description\" content=\"Eine beschauliche Wanderung, bei der wir zwei der sch\u00f6nsten Str\u00e4nde der Insel kennenlernen und au\u00dferdem die Felseninsel Es Vedr\u00e0 \u00fcber weite Teile der Strecke vor Augen haben und etwas mehr \u00fcber die Geschichte Ibizas erfahren. Eine Strecke mit fantastischen Ausblicken [&hellip;]\" \/>\n<meta property=\"og:url\" content=\"https:\/\/www.santjosep.net\/de\/aktiver-tourismus\/wanderungen-in-sant-josep-ibiza\/cala-carbo-cala-dhort-ses-paisses-de-cala-dhort-circular\/\" \/>\n<meta property=\"og:site_name\" content=\"Santjosep.net\" \/>\n<meta property=\"article:modified_time\" content=\"2020-01-24T08:13:48+00:00\" \/>\n<meta property=\"og:image\" content=\"https:\/\/www.santjosep.net\/wp-content\/uploads\/2019\/02\/caladhort.jpg\" \/>\n\t<meta property=\"og:image:width\" content=\"768\" \/>\n\t<meta property=\"og:image:height\" content=\"509\" \/>\n\t<meta property=\"og:image:type\" content=\"image\/jpeg\" \/>\n<meta name=\"twitter:card\" content=\"summary_large_image\" \/>\n<meta name=\"twitter:label1\" content=\"Gesch\u00e4tzte Lesezeit\" \/>\n\t<meta name=\"twitter:data1\" content=\"4\u00a0Minuten\" \/>\n<script type=\"application\/ld+json\" class=\"yoast-schema-graph\">{\"@context\":\"https:\/\/schema.org\",\"@graph\":[{\"@type\":\"WebPage\",\"@id\":\"https:\/\/www.santjosep.net\/de\/aktiver-tourismus\/wanderungen-in-sant-josep-ibiza\/cala-carbo-cala-dhort-ses-paisses-de-cala-dhort-circular\/\",\"url\":\"https:\/\/www.santjosep.net\/de\/aktiver-tourismus\/wanderungen-in-sant-josep-ibiza\/cala-carbo-cala-dhort-ses-paisses-de-cala-dhort-circular\/\",\"name\":\"Cala Carb\u00f3 - Cala d'Hort - Ses Pa\u00efsses de Cala d'Hort - Santjosep.net\",\"isPartOf\":{\"@id\":\"https:\/\/www.santjosep.net\/#website\"},\"primaryImageOfPage\":{\"@id\":\"https:\/\/www.santjosep.net\/de\/aktiver-tourismus\/wanderungen-in-sant-josep-ibiza\/cala-carbo-cala-dhort-ses-paisses-de-cala-dhort-circular\/#primaryimage\"},\"image\":{\"@id\":\"https:\/\/www.santjosep.net\/de\/aktiver-tourismus\/wanderungen-in-sant-josep-ibiza\/cala-carbo-cala-dhort-ses-paisses-de-cala-dhort-circular\/#primaryimage\"},\"thumbnailUrl\":\"https:\/\/www.santjosep.net\/wp-content\/uploads\/2019\/02\/caladhort.jpg\",\"datePublished\":\"2019-02-21T11:55:21+00:00\",\"dateModified\":\"2020-01-24T08:13:48+00:00\",\"breadcrumb\":{\"@id\":\"https:\/\/www.santjosep.net\/de\/aktiver-tourismus\/wanderungen-in-sant-josep-ibiza\/cala-carbo-cala-dhort-ses-paisses-de-cala-dhort-circular\/#breadcrumb\"},\"inLanguage\":\"de\",\"potentialAction\":[{\"@type\":\"ReadAction\",\"target\":[\"https:\/\/www.santjosep.net\/de\/aktiver-tourismus\/wanderungen-in-sant-josep-ibiza\/cala-carbo-cala-dhort-ses-paisses-de-cala-dhort-circular\/\"]}]},{\"@type\":\"ImageObject\",\"inLanguage\":\"de\",\"@id\":\"https:\/\/www.santjosep.net\/de\/aktiver-tourismus\/wanderungen-in-sant-josep-ibiza\/cala-carbo-cala-dhort-ses-paisses-de-cala-dhort-circular\/#primaryimage\",\"url\":\"https:\/\/www.santjosep.net\/wp-content\/uploads\/2019\/02\/caladhort.jpg\",\"contentUrl\":\"https:\/\/www.santjosep.net\/wp-content\/uploads\/2019\/02\/caladhort.jpg\",\"width\":768,\"height\":509},{\"@type\":\"BreadcrumbList\",\"@id\":\"https:\/\/www.santjosep.net\/de\/aktiver-tourismus\/wanderungen-in-sant-josep-ibiza\/cala-carbo-cala-dhort-ses-paisses-de-cala-dhort-circular\/#breadcrumb\",\"itemListElement\":[{\"@type\":\"ListItem\",\"position\":1,\"name\":\"Aktiver Tourismus\",\"item\":\"https:\/\/www.santjosep.net\/de\/aktiver-tourismus\/\"},{\"@type\":\"ListItem\",\"position\":2,\"name\":\"Wanderungen\",\"item\":\"https:\/\/www.santjosep.net\/de\/aktiver-tourismus\/wanderungen-in-sant-josep-ibiza\/\"},{\"@type\":\"ListItem\",\"position\":3,\"name\":\"Cala Carb\u00f3 &#8211; Cala d&#8217;Hort &#8211; Ses Pa\u00efsses de Cala d&#8217;Hort\"}]},{\"@type\":\"WebSite\",\"@id\":\"https:\/\/www.santjosep.net\/#website\",\"url\":\"https:\/\/www.santjosep.net\/\",\"name\":\"Santjosep.net\",\"description\":\"\",\"potentialAction\":[{\"@type\":\"SearchAction\",\"target\":{\"@type\":\"EntryPoint\",\"urlTemplate\":\"https:\/\/www.santjosep.net\/?s={search_term_string}\"},\"query-input\":{\"@type\":\"PropertyValueSpecification\",\"valueRequired\":true,\"valueName\":\"search_term_string\"}}],\"inLanguage\":\"de\"}]}<\/script>\n<!-- \/ Yoast SEO plugin. -->","yoast_head_json":{"title":"Cala Carb\u00f3 - Cala d'Hort - Ses Pa\u00efsses de Cala d'Hort - Santjosep.net","robots":{"index":"index","follow":"follow","max-snippet":"max-snippet:-1","max-image-preview":"max-image-preview:large","max-video-preview":"max-video-preview:-1"},"canonical":"https:\/\/www.santjosep.net\/de\/aktiver-tourismus\/wanderungen-in-sant-josep-ibiza\/cala-carbo-cala-dhort-ses-paisses-de-cala-dhort-circular\/","og_locale":"de_DE","og_type":"article","og_title":"Cala Carb\u00f3 - Cala d'Hort - Ses Pa\u00efsses de Cala d'Hort - Santjosep.net","og_description":"Eine beschauliche Wanderung, bei der wir zwei der sch\u00f6nsten Str\u00e4nde der Insel kennenlernen und au\u00dferdem die Felseninsel Es Vedr\u00e0 \u00fcber weite Teile der Strecke vor Augen haben und etwas mehr \u00fcber die Geschichte Ibizas erfahren. Eine Strecke mit fantastischen Ausblicken [&hellip;]","og_url":"https:\/\/www.santjosep.net\/de\/aktiver-tourismus\/wanderungen-in-sant-josep-ibiza\/cala-carbo-cala-dhort-ses-paisses-de-cala-dhort-circular\/","og_site_name":"Santjosep.net","article_modified_time":"2020-01-24T08:13:48+00:00","og_image":[{"width":768,"height":509,"url":"https:\/\/www.santjosep.net\/wp-content\/uploads\/2019\/02\/caladhort.jpg","type":"image\/jpeg"}],"twitter_card":"summary_large_image","twitter_misc":{"Gesch\u00e4tzte Lesezeit":"4\u00a0Minuten"},"schema":{"@context":"https:\/\/schema.org","@graph":[{"@type":"WebPage","@id":"https:\/\/www.santjosep.net\/de\/aktiver-tourismus\/wanderungen-in-sant-josep-ibiza\/cala-carbo-cala-dhort-ses-paisses-de-cala-dhort-circular\/","url":"https:\/\/www.santjosep.net\/de\/aktiver-tourismus\/wanderungen-in-sant-josep-ibiza\/cala-carbo-cala-dhort-ses-paisses-de-cala-dhort-circular\/","name":"Cala Carb\u00f3 - Cala d'Hort - Ses Pa\u00efsses de Cala d'Hort - Santjosep.net","isPartOf":{"@id":"https:\/\/www.santjosep.net\/#website"},"primaryImageOfPage":{"@id":"https:\/\/www.santjosep.net\/de\/aktiver-tourismus\/wanderungen-in-sant-josep-ibiza\/cala-carbo-cala-dhort-ses-paisses-de-cala-dhort-circular\/#primaryimage"},"image":{"@id":"https:\/\/www.santjosep.net\/de\/aktiver-tourismus\/wanderungen-in-sant-josep-ibiza\/cala-carbo-cala-dhort-ses-paisses-de-cala-dhort-circular\/#primaryimage"},"thumbnailUrl":"https:\/\/www.santjosep.net\/wp-content\/uploads\/2019\/02\/caladhort.jpg","datePublished":"2019-02-21T11:55:21+00:00","dateModified":"2020-01-24T08:13:48+00:00","breadcrumb":{"@id":"https:\/\/www.santjosep.net\/de\/aktiver-tourismus\/wanderungen-in-sant-josep-ibiza\/cala-carbo-cala-dhort-ses-paisses-de-cala-dhort-circular\/#breadcrumb"},"inLanguage":"de","potentialAction":[{"@type":"ReadAction","target":["https:\/\/www.santjosep.net\/de\/aktiver-tourismus\/wanderungen-in-sant-josep-ibiza\/cala-carbo-cala-dhort-ses-paisses-de-cala-dhort-circular\/"]}]},{"@type":"ImageObject","inLanguage":"de","@id":"https:\/\/www.santjosep.net\/de\/aktiver-tourismus\/wanderungen-in-sant-josep-ibiza\/cala-carbo-cala-dhort-ses-paisses-de-cala-dhort-circular\/#primaryimage","url":"https:\/\/www.santjosep.net\/wp-content\/uploads\/2019\/02\/caladhort.jpg","contentUrl":"https:\/\/www.santjosep.net\/wp-content\/uploads\/2019\/02\/caladhort.jpg","width":768,"height":509},{"@type":"BreadcrumbList","@id":"https:\/\/www.santjosep.net\/de\/aktiver-tourismus\/wanderungen-in-sant-josep-ibiza\/cala-carbo-cala-dhort-ses-paisses-de-cala-dhort-circular\/#breadcrumb","itemListElement":[{"@type":"ListItem","position":1,"name":"Aktiver Tourismus","item":"https:\/\/www.santjosep.net\/de\/aktiver-tourismus\/"},{"@type":"ListItem","position":2,"name":"Wanderungen","item":"https:\/\/www.santjosep.net\/de\/aktiver-tourismus\/wanderungen-in-sant-josep-ibiza\/"},{"@type":"ListItem","position":3,"name":"Cala Carb\u00f3 &#8211; Cala d&#8217;Hort &#8211; Ses Pa\u00efsses de Cala d&#8217;Hort"}]},{"@type":"WebSite","@id":"https:\/\/www.santjosep.net\/#website","url":"https:\/\/www.santjosep.net\/","name":"Santjosep.net","description":"","potentialAction":[{"@type":"SearchAction","target":{"@type":"EntryPoint","urlTemplate":"https:\/\/www.santjosep.net\/?s={search_term_string}"},"query-input":{"@type":"PropertyValueSpecification","valueRequired":true,"valueName":"search_term_string"}}],"inLanguage":"de"}]}},"_links":{"self":[{"href":"https:\/\/www.santjosep.net\/de\/wp-json\/wp\/v2\/pages\/14223","targetHints":{"allow":["GET"]}}],"collection":[{"href":"https:\/\/www.santjosep.net\/de\/wp-json\/wp\/v2\/pages"}],"about":[{"href":"https:\/\/www.santjosep.net\/de\/wp-json\/wp\/v2\/types\/page"}],"author":[{"embeddable":true,"href":"https:\/\/www.santjosep.net\/de\/wp-json\/wp\/v2\/users\/1"}],"replies":[{"embeddable":true,"href":"https:\/\/www.santjosep.net\/de\/wp-json\/wp\/v2\/comments?post=14223"}],"version-history":[{"count":0,"href":"https:\/\/www.santjosep.net\/de\/wp-json\/wp\/v2\/pages\/14223\/revisions"}],"up":[{"embeddable":true,"href":"https:\/\/www.santjosep.net\/de\/wp-json\/wp\/v2\/pages\/5557"}],"wp:featuredmedia":[{"embeddable":true,"href":"https:\/\/www.santjosep.net\/de\/wp-json\/wp\/v2\/media\/14220"}],"wp:attachment":[{"href":"https:\/\/www.santjosep.net\/de\/wp-json\/wp\/v2\/media?parent=14223"}],"wp:term":[{"taxonomy":"categoria_pagina","embeddable":true,"href":"https:\/\/www.santjosep.net\/de\/wp-json\/wp\/v2\/categoria_pagina?post=14223"}],"curies":[{"name":"wp","href":"https:\/\/api.w.org\/{rel}","templated":true}]}}