{"id":37341,"date":"2025-08-12T12:47:53","date_gmt":"2025-08-12T10:47:53","guid":{"rendered":"https:\/\/www.santjosep.net\/evento\/festes-de-santa-teresa-en-es-cubells\/"},"modified":"2025-08-12T12:50:08","modified_gmt":"2025-08-12T10:50:08","slug":"festes-de-santa-teresa-en-es-cubells","status":"publish","type":"tribe_events","link":"https:\/\/www.santjosep.net\/ca\/esdeveniment\/festes-de-santa-teresa-en-es-cubells\/","title":{"rendered":"Festes de Santa Teresa en Es Cubells"},"content":{"rendered":"<p><span style=\"font-weight: 400;\">El petit poble d\u2019Es Cubells ret homenatge a la seva patrona Santa Teresa el dia 15 d\u2019octubre, una de les festes patronals m\u00e9s familiars de tot el municipi. Esdeveniments tan esperats com la representaci\u00f3 teatral a la Font d\u2019en Xic, els concerts a la pla\u00e7a del poble o els multitudinaris dinars populars que reuneixen tots els ve\u00efns per celebrar el dia gran del poble s\u00f3n algunes de les activitats que trobareu al seu programa. Un dia en qu\u00e8 tothom est\u00e0 convidat a participar.<\/span><\/p>\n","protected":false},"excerpt":{"rendered":"<p>El petit poble d\u2019Es Cubells ret homenatge a la seva patrona Santa Teresa el dia 15 d\u2019octubre, una de les festes patronals m\u00e9s familiars de tot el municipi. Esdeveniments tan esperats com la representaci\u00f3 teatral a la Font d\u2019en Xic, [&hellip;]<\/p>\n","protected":false},"author":1,"featured_media":17558,"template":"","meta":{"_acf_changed":false,"inline_featured_image":false,"_tribe_events_status":"","_tribe_events_status_reason":"","footnotes":""},"tags":[],"tribe_events_cat":[],"class_list":["post-37341","tribe_events","type-tribe_events","status-publish","has-post-thumbnail","hentry"],"acf":[],"yoast_head":"<!-- This site is optimized with the Yoast SEO plugin v25.7 - https:\/\/yoast.com\/wordpress\/plugins\/seo\/ -->\n<title>Festes de Santa Teresa en Es Cubells - Santjosep.net<\/title>\n<meta name=\"robots\" content=\"index, follow, max-snippet:-1, max-image-preview:large, max-video-preview:-1\" \/>\n<link rel=\"canonical\" href=\"https:\/\/www.santjosep.net\/evento\/festes-de-santa-teresa-en-es-cubells\/2025-10-15\/\" \/>\n<meta property=\"og:locale\" content=\"ca_ES\" \/>\n<meta property=\"og:type\" content=\"article\" \/>\n<meta property=\"og:title\" content=\"Festes de Santa Teresa en Es Cubells - Santjosep.net\" \/>\n<meta property=\"og:description\" content=\"El petit poble d\u2019Es Cubells ret homenatge a la seva patrona Santa Teresa el dia 15 d\u2019octubre, una de les festes patronals m\u00e9s familiars de tot el municipi. Esdeveniments tan esperats com la representaci\u00f3 teatral a la Font d\u2019en Xic, [&hellip;]\" \/>\n<meta property=\"og:url\" content=\"https:\/\/www.santjosep.net\/evento\/festes-de-santa-teresa-en-es-cubells\/2025-10-15\/\" \/>\n<meta property=\"og:site_name\" content=\"Santjosep.net\" \/>\n<meta property=\"article:modified_time\" content=\"2025-08-12T10:50:08+00:00\" \/>\n<meta property=\"og:image\" content=\"https:\/\/www.santjosep.net\/wp-content\/uploads\/2020\/01\/IMG_2174.jpg\" \/>\n\t<meta property=\"og:image:width\" content=\"1200\" \/>\n\t<meta property=\"og:image:height\" content=\"800\" \/>\n\t<meta property=\"og:image:type\" content=\"image\/jpeg\" \/>\n<meta name=\"twitter:card\" content=\"summary_large_image\" \/>\n<meta name=\"twitter:label1\" content=\"Temps estimat de lectura\" \/>\n\t<meta name=\"twitter:data1\" content=\"1 minut\" \/>\n<script type=\"application\/ld+json\" class=\"yoast-schema-graph\">{\"@context\":\"https:\/\/schema.org\",\"@graph\":[{\"@type\":\"WebPage\",\"@id\":\"https:\/\/www.santjosep.net\/evento\/festes-de-santa-teresa-en-es-cubells\/2025-10-15\/\",\"url\":\"https:\/\/www.santjosep.net\/evento\/festes-de-santa-teresa-en-es-cubells\/2025-10-15\/\",\"name\":\"Festes de Santa Teresa en Es Cubells - Santjosep.net\",\"isPartOf\":{\"@id\":\"https:\/\/www.santjosep.net\/#website\"},\"primaryImageOfPage\":{\"@id\":\"https:\/\/www.santjosep.net\/evento\/festes-de-santa-teresa-en-es-cubells\/2025-10-15\/#primaryimage\"},\"image\":{\"@id\":\"https:\/\/www.santjosep.net\/evento\/festes-de-santa-teresa-en-es-cubells\/2025-10-15\/#primaryimage\"},\"thumbnailUrl\":\"https:\/\/www.santjosep.net\/wp-content\/uploads\/2020\/01\/IMG_2174.jpg\",\"datePublished\":\"2025-08-12T10:47:53+00:00\",\"dateModified\":\"2025-08-12T10:50:08+00:00\",\"breadcrumb\":{\"@id\":\"https:\/\/www.santjosep.net\/evento\/festes-de-santa-teresa-en-es-cubells\/2025-10-15\/#breadcrumb\"},\"inLanguage\":\"ca\",\"potentialAction\":[{\"@type\":\"ReadAction\",\"target\":[\"https:\/\/www.santjosep.net\/evento\/festes-de-santa-teresa-en-es-cubells\/2025-10-15\/\"]}]},{\"@type\":\"ImageObject\",\"inLanguage\":\"ca\",\"@id\":\"https:\/\/www.santjosep.net\/evento\/festes-de-santa-teresa-en-es-cubells\/2025-10-15\/#primaryimage\",\"url\":\"https:\/\/www.santjosep.net\/wp-content\/uploads\/2020\/01\/IMG_2174.jpg\",\"contentUrl\":\"https:\/\/www.santjosep.net\/wp-content\/uploads\/2020\/01\/IMG_2174.jpg\",\"width\":1200,\"height\":800},{\"@type\":\"BreadcrumbList\",\"@id\":\"https:\/\/www.santjosep.net\/evento\/festes-de-santa-teresa-en-es-cubells\/2025-10-15\/#breadcrumb\",\"itemListElement\":[{\"@type\":\"ListItem\",\"position\":1,\"name\":\"Eventos\",\"item\":\"https:\/\/www.santjosep.net\/agenda\/\"},{\"@type\":\"ListItem\",\"position\":2,\"name\":\"Festes de Santa Teresa en Es Cubells\"}]},{\"@type\":\"WebSite\",\"@id\":\"https:\/\/www.santjosep.net\/#website\",\"url\":\"https:\/\/www.santjosep.net\/\",\"name\":\"Santjosep.net\",\"description\":\"\",\"potentialAction\":[{\"@type\":\"SearchAction\",\"target\":{\"@type\":\"EntryPoint\",\"urlTemplate\":\"https:\/\/www.santjosep.net\/?s={search_term_string}\"},\"query-input\":{\"@type\":\"PropertyValueSpecification\",\"valueRequired\":true,\"valueName\":\"search_term_string\"}}],\"inLanguage\":\"ca\"}]}<\/script>\n<!-- \/ Yoast SEO plugin. -->","yoast_head_json":{"title":"Festes de Santa Teresa en Es Cubells - Santjosep.net","robots":{"index":"index","follow":"follow","max-snippet":"max-snippet:-1","max-image-preview":"max-image-preview:large","max-video-preview":"max-video-preview:-1"},"canonical":"https:\/\/www.santjosep.net\/evento\/festes-de-santa-teresa-en-es-cubells\/2025-10-15\/","og_locale":"ca_ES","og_type":"article","og_title":"Festes de Santa Teresa en Es Cubells - Santjosep.net","og_description":"El petit poble d\u2019Es Cubells ret homenatge a la seva patrona Santa Teresa el dia 15 d\u2019octubre, una de les festes patronals m\u00e9s familiars de tot el municipi. Esdeveniments tan esperats com la representaci\u00f3 teatral a la Font d\u2019en Xic, [&hellip;]","og_url":"https:\/\/www.santjosep.net\/evento\/festes-de-santa-teresa-en-es-cubells\/2025-10-15\/","og_site_name":"Santjosep.net","article_modified_time":"2025-08-12T10:50:08+00:00","og_image":[{"width":1200,"height":800,"url":"https:\/\/www.santjosep.net\/wp-content\/uploads\/2020\/01\/IMG_2174.jpg","type":"image\/jpeg"}],"twitter_card":"summary_large_image","twitter_misc":{"Temps estimat de lectura":"1 minut"},"schema":{"@context":"https:\/\/schema.org","@graph":[{"@type":"WebPage","@id":"https:\/\/www.santjosep.net\/evento\/festes-de-santa-teresa-en-es-cubells\/2025-10-15\/","url":"https:\/\/www.santjosep.net\/evento\/festes-de-santa-teresa-en-es-cubells\/2025-10-15\/","name":"Festes de Santa Teresa en Es Cubells - Santjosep.net","isPartOf":{"@id":"https:\/\/www.santjosep.net\/#website"},"primaryImageOfPage":{"@id":"https:\/\/www.santjosep.net\/evento\/festes-de-santa-teresa-en-es-cubells\/2025-10-15\/#primaryimage"},"image":{"@id":"https:\/\/www.santjosep.net\/evento\/festes-de-santa-teresa-en-es-cubells\/2025-10-15\/#primaryimage"},"thumbnailUrl":"https:\/\/www.santjosep.net\/wp-content\/uploads\/2020\/01\/IMG_2174.jpg","datePublished":"2025-08-12T10:47:53+00:00","dateModified":"2025-08-12T10:50:08+00:00","breadcrumb":{"@id":"https:\/\/www.santjosep.net\/evento\/festes-de-santa-teresa-en-es-cubells\/2025-10-15\/#breadcrumb"},"inLanguage":"ca","potentialAction":[{"@type":"ReadAction","target":["https:\/\/www.santjosep.net\/evento\/festes-de-santa-teresa-en-es-cubells\/2025-10-15\/"]}]},{"@type":"ImageObject","inLanguage":"ca","@id":"https:\/\/www.santjosep.net\/evento\/festes-de-santa-teresa-en-es-cubells\/2025-10-15\/#primaryimage","url":"https:\/\/www.santjosep.net\/wp-content\/uploads\/2020\/01\/IMG_2174.jpg","contentUrl":"https:\/\/www.santjosep.net\/wp-content\/uploads\/2020\/01\/IMG_2174.jpg","width":1200,"height":800},{"@type":"BreadcrumbList","@id":"https:\/\/www.santjosep.net\/evento\/festes-de-santa-teresa-en-es-cubells\/2025-10-15\/#breadcrumb","itemListElement":[{"@type":"ListItem","position":1,"name":"Eventos","item":"https:\/\/www.santjosep.net\/agenda\/"},{"@type":"ListItem","position":2,"name":"Festes de Santa Teresa en Es Cubells"}]},{"@type":"WebSite","@id":"https:\/\/www.santjosep.net\/#website","url":"https:\/\/www.santjosep.net\/","name":"Santjosep.net","description":"","potentialAction":[{"@type":"SearchAction","target":{"@type":"EntryPoint","urlTemplate":"https:\/\/www.santjosep.net\/?s={search_term_string}"},"query-input":{"@type":"PropertyValueSpecification","valueRequired":true,"valueName":"search_term_string"}}],"inLanguage":"ca"}]}},"_links":{"self":[{"href":"https:\/\/www.santjosep.net\/ca\/wp-json\/wp\/v2\/tribe_events\/37341","targetHints":{"allow":["GET"]}}],"collection":[{"href":"https:\/\/www.santjosep.net\/ca\/wp-json\/wp\/v2\/tribe_events"}],"about":[{"href":"https:\/\/www.santjosep.net\/ca\/wp-json\/wp\/v2\/types\/tribe_events"}],"author":[{"embeddable":true,"href":"https:\/\/www.santjosep.net\/ca\/wp-json\/wp\/v2\/users\/1"}],"version-history":[{"count":0,"href":"https:\/\/www.santjosep.net\/ca\/wp-json\/wp\/v2\/tribe_events\/37341\/revisions"}],"wp:featuredmedia":[{"embeddable":true,"href":"https:\/\/www.santjosep.net\/ca\/wp-json\/wp\/v2\/media\/17558"}],"wp:attachment":[{"href":"https:\/\/www.santjosep.net\/ca\/wp-json\/wp\/v2\/media?parent=37341"}],"wp:term":[{"taxonomy":"post_tag","embeddable":true,"href":"https:\/\/www.santjosep.net\/ca\/wp-json\/wp\/v2\/tags?post=37341"},{"taxonomy":"tribe_events_cat","embeddable":true,"href":"https:\/\/www.santjosep.net\/ca\/wp-json\/wp\/v2\/tribe_events_cat?post=37341"}],"curies":[{"name":"wp","href":"https:\/\/api.w.org\/{rel}","templated":true}]}}