{"id":35448,"date":"2024-11-12T10:47:34","date_gmt":"2024-11-12T09:47:34","guid":{"rendered":"https:\/\/www.santjosep.net\/evento\/sant-josep-es-musica\/"},"modified":"2025-11-06T09:33:50","modified_gmt":"2025-11-06T08:33:50","slug":"sant-josep-es-musica","status":"publish","type":"tribe_events","link":"https:\/\/www.santjosep.net\/ca\/esdeveniment\/sant-josep-es-musica\/","title":{"rendered":"Sant Josep \u00e9s m\u00fasica"},"content":{"rendered":"<p>Entre els tresors patrimonials que Sant Josep ofereix als seus ve\u00efns i visitants, la m\u00fasica en totes les seves expressions ocupa un lloc destacat. El ric llegat musical del municipi es reflecteix cada any en nombroses actuacions i iniciatives que abasten una \u00e0mplia varietat de g\u00e8neres, des de la m\u00fasica cl\u00e0ssica fins a estils moderns com el jazz, el rock, el flamenc, el pop i molts m\u00e9s.<\/p>\n<p>La m\u00fasica forma part essencial de la identitat de Sant Josep. Tant \u00e9s aix\u00ed que, nom\u00e9s l\u2019any passat, es van celebrar m\u00e9s de 1.200 concerts arreu del municipi.<br \/>\nAquests esdeveniments tenen lloc gr\u00e0cies a la col\u00b7laboraci\u00f3 entre l\u2019administraci\u00f3 \u2014que inclou m\u00fasica en directe als mercats, fires i celebracions populars\u2014 i la iniciativa privada, que s\u2019afegeix al projecte oferint actuacions en viu als seus locals i establiments.<br \/>\nNo importa l\u2019\u00e8poca de l\u2019any en qu\u00e8 vinguis a Sant Josep: sempre hi trobar\u00e0s, en algun rac\u00f3 del municipi, el so vibrant d\u2019un grup, un cantant o una banda tocant en directe.<br \/>\nPerqu\u00e8 Sant Josep \u00e9s M\u00fasica.<\/p>\n<p>Per preservar i difondre aquest valu\u00f3s patrimoni immaterial, es va crear el web <strong><a href=\"https:\/\/musica.santjosep.org\/es\/\">web musica.santjosep.org. <\/a><\/strong>Aquesta plataforma, gestionada per l&#8217;administraci\u00f3 municipal, tamb\u00e9 t\u00e9 com a objectiu impulsar la m\u00fasica en viu i donar visibilitat als artistes locals que enriqueixen l\u2019agenda anual d\u2019esdeveniments de m\u00fasica en viu.<\/p>\n","protected":false},"excerpt":{"rendered":"<p>Entre els tresors patrimonials que Sant Josep ofereix als seus ve\u00efns i visitants, la m\u00fasica en totes les seves expressions ocupa un lloc destacat. El ric llegat musical del municipi es reflecteix cada any en nombroses actuacions i iniciatives que [&hellip;]<\/p>\n","protected":false},"author":1,"featured_media":35390,"template":"","meta":{"_acf_changed":false,"inline_featured_image":false,"_tribe_events_status":"","_tribe_events_status_reason":"","footnotes":""},"tags":[],"tribe_events_cat":[],"class_list":["post-35448","tribe_events","type-tribe_events","status-publish","has-post-thumbnail","hentry"],"acf":[],"yoast_head":"<!-- This site is optimized with the Yoast SEO plugin v25.7 - https:\/\/yoast.com\/wordpress\/plugins\/seo\/ -->\n<title>Sant Josep \u00e9s m\u00fasica - Santjosep.net<\/title>\n<meta name=\"description\" content=\"Agenda anual de eventos, conciertos y festivales de m\u00fasica en vivo en Sant Josep de sa Talaia.\" \/>\n<meta name=\"robots\" content=\"index, follow, max-snippet:-1, max-image-preview:large, max-video-preview:-1\" \/>\n<link rel=\"canonical\" href=\"https:\/\/www.santjosep.net\/ca\/esdeveniment\/sant-josep-es-musica\/\" \/>\n<meta property=\"og:locale\" content=\"ca_ES\" \/>\n<meta property=\"og:type\" content=\"article\" \/>\n<meta property=\"og:title\" content=\"Sant Josep \u00e9s m\u00fasica - Santjosep.net\" \/>\n<meta property=\"og:description\" content=\"Agenda anual de eventos, conciertos y festivales de m\u00fasica en vivo en Sant Josep de sa Talaia.\" \/>\n<meta property=\"og:url\" content=\"https:\/\/www.santjosep.net\/ca\/esdeveniment\/sant-josep-es-musica\/\" \/>\n<meta property=\"og:site_name\" content=\"Santjosep.net\" \/>\n<meta property=\"article:modified_time\" content=\"2025-11-06T08:33:50+00:00\" \/>\n<meta property=\"og:image\" content=\"https:\/\/www.santjosep.net\/wp-content\/uploads\/2022\/10\/DSC09694-1024x683.jpg\" \/>\n\t<meta property=\"og:image:width\" content=\"1024\" \/>\n\t<meta property=\"og:image:height\" content=\"683\" \/>\n\t<meta property=\"og:image:type\" content=\"image\/jpeg\" \/>\n<meta name=\"twitter:card\" content=\"summary_large_image\" \/>\n<meta name=\"twitter:label1\" content=\"Temps estimat de lectura\" \/>\n\t<meta name=\"twitter:data1\" content=\"2 minuts\" \/>\n<script type=\"application\/ld+json\" class=\"yoast-schema-graph\">{\"@context\":\"https:\/\/schema.org\",\"@graph\":[{\"@type\":\"WebPage\",\"@id\":\"https:\/\/www.santjosep.net\/ca\/esdeveniment\/sant-josep-es-musica\/\",\"url\":\"https:\/\/www.santjosep.net\/ca\/esdeveniment\/sant-josep-es-musica\/\",\"name\":\"Sant Josep \u00e9s m\u00fasica - Santjosep.net\",\"isPartOf\":{\"@id\":\"https:\/\/www.santjosep.net\/#website\"},\"primaryImageOfPage\":{\"@id\":\"https:\/\/www.santjosep.net\/ca\/esdeveniment\/sant-josep-es-musica\/#primaryimage\"},\"image\":{\"@id\":\"https:\/\/www.santjosep.net\/ca\/esdeveniment\/sant-josep-es-musica\/#primaryimage\"},\"thumbnailUrl\":\"https:\/\/www.santjosep.net\/wp-content\/uploads\/2022\/10\/DSC09694.jpg\",\"datePublished\":\"2024-11-12T09:47:34+00:00\",\"dateModified\":\"2025-11-06T08:33:50+00:00\",\"description\":\"Agenda anual de eventos, conciertos y festivales de m\u00fasica en vivo en Sant Josep de sa Talaia.\",\"breadcrumb\":{\"@id\":\"https:\/\/www.santjosep.net\/ca\/esdeveniment\/sant-josep-es-musica\/#breadcrumb\"},\"inLanguage\":\"ca\",\"potentialAction\":[{\"@type\":\"ReadAction\",\"target\":[\"https:\/\/www.santjosep.net\/ca\/esdeveniment\/sant-josep-es-musica\/\"]}]},{\"@type\":\"ImageObject\",\"inLanguage\":\"ca\",\"@id\":\"https:\/\/www.santjosep.net\/ca\/esdeveniment\/sant-josep-es-musica\/#primaryimage\",\"url\":\"https:\/\/www.santjosep.net\/wp-content\/uploads\/2022\/10\/DSC09694.jpg\",\"contentUrl\":\"https:\/\/www.santjosep.net\/wp-content\/uploads\/2022\/10\/DSC09694.jpg\",\"width\":2500,\"height\":1667},{\"@type\":\"BreadcrumbList\",\"@id\":\"https:\/\/www.santjosep.net\/ca\/esdeveniment\/sant-josep-es-musica\/#breadcrumb\",\"itemListElement\":[{\"@type\":\"ListItem\",\"position\":1,\"name\":\"Eventos\",\"item\":\"https:\/\/www.santjosep.net\/agenda\/\"},{\"@type\":\"ListItem\",\"position\":2,\"name\":\"Sant Josep \u00e9s m\u00fasica\"}]},{\"@type\":\"WebSite\",\"@id\":\"https:\/\/www.santjosep.net\/#website\",\"url\":\"https:\/\/www.santjosep.net\/\",\"name\":\"Santjosep.net\",\"description\":\"\",\"potentialAction\":[{\"@type\":\"SearchAction\",\"target\":{\"@type\":\"EntryPoint\",\"urlTemplate\":\"https:\/\/www.santjosep.net\/?s={search_term_string}\"},\"query-input\":{\"@type\":\"PropertyValueSpecification\",\"valueRequired\":true,\"valueName\":\"search_term_string\"}}],\"inLanguage\":\"ca\"}]}<\/script>\n<!-- \/ Yoast SEO plugin. -->","yoast_head_json":{"title":"Sant Josep \u00e9s m\u00fasica - Santjosep.net","description":"Agenda anual de eventos, conciertos y festivales de m\u00fasica en vivo en Sant Josep de sa Talaia.","robots":{"index":"index","follow":"follow","max-snippet":"max-snippet:-1","max-image-preview":"max-image-preview:large","max-video-preview":"max-video-preview:-1"},"canonical":"https:\/\/www.santjosep.net\/ca\/esdeveniment\/sant-josep-es-musica\/","og_locale":"ca_ES","og_type":"article","og_title":"Sant Josep \u00e9s m\u00fasica - Santjosep.net","og_description":"Agenda anual de eventos, conciertos y festivales de m\u00fasica en vivo en Sant Josep de sa Talaia.","og_url":"https:\/\/www.santjosep.net\/ca\/esdeveniment\/sant-josep-es-musica\/","og_site_name":"Santjosep.net","article_modified_time":"2025-11-06T08:33:50+00:00","og_image":[{"width":1024,"height":683,"url":"https:\/\/www.santjosep.net\/wp-content\/uploads\/2022\/10\/DSC09694-1024x683.jpg","type":"image\/jpeg"}],"twitter_card":"summary_large_image","twitter_misc":{"Temps estimat de lectura":"2 minuts"},"schema":{"@context":"https:\/\/schema.org","@graph":[{"@type":"WebPage","@id":"https:\/\/www.santjosep.net\/ca\/esdeveniment\/sant-josep-es-musica\/","url":"https:\/\/www.santjosep.net\/ca\/esdeveniment\/sant-josep-es-musica\/","name":"Sant Josep \u00e9s m\u00fasica - Santjosep.net","isPartOf":{"@id":"https:\/\/www.santjosep.net\/#website"},"primaryImageOfPage":{"@id":"https:\/\/www.santjosep.net\/ca\/esdeveniment\/sant-josep-es-musica\/#primaryimage"},"image":{"@id":"https:\/\/www.santjosep.net\/ca\/esdeveniment\/sant-josep-es-musica\/#primaryimage"},"thumbnailUrl":"https:\/\/www.santjosep.net\/wp-content\/uploads\/2022\/10\/DSC09694.jpg","datePublished":"2024-11-12T09:47:34+00:00","dateModified":"2025-11-06T08:33:50+00:00","description":"Agenda anual de eventos, conciertos y festivales de m\u00fasica en vivo en Sant Josep de sa Talaia.","breadcrumb":{"@id":"https:\/\/www.santjosep.net\/ca\/esdeveniment\/sant-josep-es-musica\/#breadcrumb"},"inLanguage":"ca","potentialAction":[{"@type":"ReadAction","target":["https:\/\/www.santjosep.net\/ca\/esdeveniment\/sant-josep-es-musica\/"]}]},{"@type":"ImageObject","inLanguage":"ca","@id":"https:\/\/www.santjosep.net\/ca\/esdeveniment\/sant-josep-es-musica\/#primaryimage","url":"https:\/\/www.santjosep.net\/wp-content\/uploads\/2022\/10\/DSC09694.jpg","contentUrl":"https:\/\/www.santjosep.net\/wp-content\/uploads\/2022\/10\/DSC09694.jpg","width":2500,"height":1667},{"@type":"BreadcrumbList","@id":"https:\/\/www.santjosep.net\/ca\/esdeveniment\/sant-josep-es-musica\/#breadcrumb","itemListElement":[{"@type":"ListItem","position":1,"name":"Eventos","item":"https:\/\/www.santjosep.net\/agenda\/"},{"@type":"ListItem","position":2,"name":"Sant Josep \u00e9s m\u00fasica"}]},{"@type":"WebSite","@id":"https:\/\/www.santjosep.net\/#website","url":"https:\/\/www.santjosep.net\/","name":"Santjosep.net","description":"","potentialAction":[{"@type":"SearchAction","target":{"@type":"EntryPoint","urlTemplate":"https:\/\/www.santjosep.net\/?s={search_term_string}"},"query-input":{"@type":"PropertyValueSpecification","valueRequired":true,"valueName":"search_term_string"}}],"inLanguage":"ca"}]}},"_links":{"self":[{"href":"https:\/\/www.santjosep.net\/ca\/wp-json\/wp\/v2\/tribe_events\/35448","targetHints":{"allow":["GET"]}}],"collection":[{"href":"https:\/\/www.santjosep.net\/ca\/wp-json\/wp\/v2\/tribe_events"}],"about":[{"href":"https:\/\/www.santjosep.net\/ca\/wp-json\/wp\/v2\/types\/tribe_events"}],"author":[{"embeddable":true,"href":"https:\/\/www.santjosep.net\/ca\/wp-json\/wp\/v2\/users\/1"}],"version-history":[{"count":1,"href":"https:\/\/www.santjosep.net\/ca\/wp-json\/wp\/v2\/tribe_events\/35448\/revisions"}],"predecessor-version":[{"id":39226,"href":"https:\/\/www.santjosep.net\/ca\/wp-json\/wp\/v2\/tribe_events\/35448\/revisions\/39226"}],"wp:featuredmedia":[{"embeddable":true,"href":"https:\/\/www.santjosep.net\/ca\/wp-json\/wp\/v2\/media\/35390"}],"wp:attachment":[{"href":"https:\/\/www.santjosep.net\/ca\/wp-json\/wp\/v2\/media?parent=35448"}],"wp:term":[{"taxonomy":"post_tag","embeddable":true,"href":"https:\/\/www.santjosep.net\/ca\/wp-json\/wp\/v2\/tags?post=35448"},{"taxonomy":"tribe_events_cat","embeddable":true,"href":"https:\/\/www.santjosep.net\/ca\/wp-json\/wp\/v2\/tribe_events_cat?post=35448"}],"curies":[{"name":"wp","href":"https:\/\/api.w.org\/{rel}","templated":true}]}}