{"id":34992,"date":"2023-09-25T10:30:46","date_gmt":"2023-09-25T08:30:46","guid":{"rendered":"https:\/\/www.santjosep.net\/evento\/sonorama-ribera-goes-to-ibiza\/"},"modified":"2025-04-01T16:20:23","modified_gmt":"2025-04-01T14:20:23","slug":"sonorama-ribera-goes-to-ibiza","status":"publish","type":"tribe_events","link":"https:\/\/www.santjosep.net\/ca\/esdeveniment\/sonorama-ribera-goes-to-ibiza\/","title":{"rendered":"Sonorama Ribera Goes To Ibiza"},"content":{"rendered":"<p><strong>Sonorama Ribera Goes To Ibiza<\/strong> \u00e9s el c\u00f2ctel perfecte entre les vacances de la teva vida i el teu festival favorit de l&#8217;any.<\/p>\n<p>&nbsp;<\/p>\n<p><strong>Sonorama Ribera Goes To Ibiza<\/strong>\u00a0tindr\u00e0 lloc al llarg dels dies <strong>3 i 4 d&#8217;octubre<\/strong>, ocupant dos espais:\u00a0<strong>Venice Bay<\/strong>, un espai multiusos pertanyent a Concept Hotel Group, i l&#8217;exterior de l&#8217;Auditori<strong>\u00a0 Cal\u00f3 de S&#8217;Oli<\/strong>, situat enfront de la mar.<\/p>\n<p>A m\u00e9s de la m\u00fasica en directe, <strong>Sonorama Ribera Goes To Ibiza<\/strong> sumar\u00e0 a la seva programaci\u00f3 activitats d&#8217;\u00edndole cultural, com a xerrades, exposicions i tastos de vi.<\/p>\n<p>Tota la informaci\u00f3 i venda d&#8217;abonaments en <a href=\"https:\/\/sonoramariberaibiza.es\/\"><strong>sonoramariberaibiza.es<\/strong><\/a><\/p>\n<p><img loading=\"lazy\" decoding=\"async\" class=\"alignnone size-full wp-image-36672\" src=\"https:\/\/www.santjosep.net\/wp-content\/uploads\/2023\/09\/IMG_8593.png\" alt=\"\" width=\"1080\" height=\"1350\" srcset=\"https:\/\/www.santjosep.net\/wp-content\/uploads\/2023\/09\/IMG_8593.png 1080w, https:\/\/www.santjosep.net\/wp-content\/uploads\/2023\/09\/IMG_8593-240x300.png 240w, https:\/\/www.santjosep.net\/wp-content\/uploads\/2023\/09\/IMG_8593-819x1024.png 819w, https:\/\/www.santjosep.net\/wp-content\/uploads\/2023\/09\/IMG_8593-768x960.png 768w\" sizes=\"auto, (max-width: 1080px) 100vw, 1080px\" \/><\/p>\n","protected":false},"excerpt":{"rendered":"<p>Sonorama Ribera Goes To Ibiza \u00e9s el c\u00f2ctel perfecte entre les vacances de la teva vida i el teu festival favorit de l&#8217;any. &nbsp; Sonorama Ribera Goes To Ibiza\u00a0tindr\u00e0 lloc al llarg dels dies 3 i 4 d&#8217;octubre, ocupant dos [&hellip;]<\/p>\n","protected":false},"author":1,"featured_media":36678,"template":"","meta":{"_acf_changed":false,"inline_featured_image":false,"_tribe_events_status":"","_tribe_events_status_reason":"","footnotes":""},"tags":[],"tribe_events_cat":[187],"class_list":["post-34992","tribe_events","type-tribe_events","status-publish","has-post-thumbnail","hentry","tribe_events_cat-cultura","cat_cultura"],"acf":[],"yoast_head":"<!-- This site is optimized with the Yoast SEO plugin v25.7 - https:\/\/yoast.com\/wordpress\/plugins\/seo\/ -->\n<title>Sonorama Ribera Goes To Ibiza - Santjosep.net<\/title>\n<meta name=\"robots\" content=\"index, follow, max-snippet:-1, max-image-preview:large, max-video-preview:-1\" \/>\n<link rel=\"canonical\" href=\"https:\/\/www.santjosep.net\/ca\/esdeveniment\/sonorama-ribera-goes-to-ibiza\/\" \/>\n<meta property=\"og:locale\" content=\"ca_ES\" \/>\n<meta property=\"og:type\" content=\"article\" \/>\n<meta property=\"og:title\" content=\"Sonorama Ribera Goes To Ibiza - Santjosep.net\" \/>\n<meta property=\"og:description\" content=\"Sonorama Ribera Goes To Ibiza \u00e9s el c\u00f2ctel perfecte entre les vacances de la teva vida i el teu festival favorit de l&#8217;any. &nbsp; Sonorama Ribera Goes To Ibiza\u00a0tindr\u00e0 lloc al llarg dels dies 3 i 4 d&#8217;octubre, ocupant dos [&hellip;]\" \/>\n<meta property=\"og:url\" content=\"https:\/\/www.santjosep.net\/ca\/esdeveniment\/sonorama-ribera-goes-to-ibiza\/\" \/>\n<meta property=\"og:site_name\" content=\"Santjosep.net\" \/>\n<meta property=\"article:modified_time\" content=\"2025-04-01T14:20:23+00:00\" \/>\n<meta property=\"og:image\" content=\"https:\/\/www.santjosep.net\/wp-content\/uploads\/2023\/09\/Una-edicion-anterior-de-Sonorama-Ribera-Ibiza-Ph-sonoramariveraibiza.es_.webp\" \/>\n\t<meta property=\"og:image:width\" content=\"1280\" \/>\n\t<meta property=\"og:image:height\" content=\"854\" \/>\n\t<meta property=\"og:image:type\" content=\"image\/webp\" \/>\n<meta name=\"twitter:card\" content=\"summary_large_image\" \/>\n<meta name=\"twitter:label1\" content=\"Temps estimat de lectura\" \/>\n\t<meta name=\"twitter:data1\" content=\"1 minut\" \/>\n<script type=\"application\/ld+json\" class=\"yoast-schema-graph\">{\"@context\":\"https:\/\/schema.org\",\"@graph\":[{\"@type\":\"WebPage\",\"@id\":\"https:\/\/www.santjosep.net\/ca\/esdeveniment\/sonorama-ribera-goes-to-ibiza\/\",\"url\":\"https:\/\/www.santjosep.net\/ca\/esdeveniment\/sonorama-ribera-goes-to-ibiza\/\",\"name\":\"Sonorama Ribera Goes To Ibiza - Santjosep.net\",\"isPartOf\":{\"@id\":\"https:\/\/www.santjosep.net\/#website\"},\"primaryImageOfPage\":{\"@id\":\"https:\/\/www.santjosep.net\/ca\/esdeveniment\/sonorama-ribera-goes-to-ibiza\/#primaryimage\"},\"image\":{\"@id\":\"https:\/\/www.santjosep.net\/ca\/esdeveniment\/sonorama-ribera-goes-to-ibiza\/#primaryimage\"},\"thumbnailUrl\":\"https:\/\/www.santjosep.net\/wp-content\/uploads\/2023\/09\/Una-edicion-anterior-de-Sonorama-Ribera-Ibiza-Ph-sonoramariveraibiza.es_.webp\",\"datePublished\":\"2023-09-25T08:30:46+00:00\",\"dateModified\":\"2025-04-01T14:20:23+00:00\",\"breadcrumb\":{\"@id\":\"https:\/\/www.santjosep.net\/ca\/esdeveniment\/sonorama-ribera-goes-to-ibiza\/#breadcrumb\"},\"inLanguage\":\"ca\",\"potentialAction\":[{\"@type\":\"ReadAction\",\"target\":[\"https:\/\/www.santjosep.net\/ca\/esdeveniment\/sonorama-ribera-goes-to-ibiza\/\"]}]},{\"@type\":\"ImageObject\",\"inLanguage\":\"ca\",\"@id\":\"https:\/\/www.santjosep.net\/ca\/esdeveniment\/sonorama-ribera-goes-to-ibiza\/#primaryimage\",\"url\":\"https:\/\/www.santjosep.net\/wp-content\/uploads\/2023\/09\/Una-edicion-anterior-de-Sonorama-Ribera-Ibiza-Ph-sonoramariveraibiza.es_.webp\",\"contentUrl\":\"https:\/\/www.santjosep.net\/wp-content\/uploads\/2023\/09\/Una-edicion-anterior-de-Sonorama-Ribera-Ibiza-Ph-sonoramariveraibiza.es_.webp\",\"width\":1280,\"height\":854},{\"@type\":\"BreadcrumbList\",\"@id\":\"https:\/\/www.santjosep.net\/ca\/esdeveniment\/sonorama-ribera-goes-to-ibiza\/#breadcrumb\",\"itemListElement\":[{\"@type\":\"ListItem\",\"position\":1,\"name\":\"Eventos\",\"item\":\"https:\/\/www.santjosep.net\/agenda\/\"},{\"@type\":\"ListItem\",\"position\":2,\"name\":\"Sonorama Ribera Goes To Ibiza\"}]},{\"@type\":\"WebSite\",\"@id\":\"https:\/\/www.santjosep.net\/#website\",\"url\":\"https:\/\/www.santjosep.net\/\",\"name\":\"Santjosep.net\",\"description\":\"\",\"potentialAction\":[{\"@type\":\"SearchAction\",\"target\":{\"@type\":\"EntryPoint\",\"urlTemplate\":\"https:\/\/www.santjosep.net\/?s={search_term_string}\"},\"query-input\":{\"@type\":\"PropertyValueSpecification\",\"valueRequired\":true,\"valueName\":\"search_term_string\"}}],\"inLanguage\":\"ca\"}]}<\/script>\n<!-- \/ Yoast SEO plugin. -->","yoast_head_json":{"title":"Sonorama Ribera Goes To Ibiza - Santjosep.net","robots":{"index":"index","follow":"follow","max-snippet":"max-snippet:-1","max-image-preview":"max-image-preview:large","max-video-preview":"max-video-preview:-1"},"canonical":"https:\/\/www.santjosep.net\/ca\/esdeveniment\/sonorama-ribera-goes-to-ibiza\/","og_locale":"ca_ES","og_type":"article","og_title":"Sonorama Ribera Goes To Ibiza - Santjosep.net","og_description":"Sonorama Ribera Goes To Ibiza \u00e9s el c\u00f2ctel perfecte entre les vacances de la teva vida i el teu festival favorit de l&#8217;any. &nbsp; Sonorama Ribera Goes To Ibiza\u00a0tindr\u00e0 lloc al llarg dels dies 3 i 4 d&#8217;octubre, ocupant dos [&hellip;]","og_url":"https:\/\/www.santjosep.net\/ca\/esdeveniment\/sonorama-ribera-goes-to-ibiza\/","og_site_name":"Santjosep.net","article_modified_time":"2025-04-01T14:20:23+00:00","og_image":[{"width":1280,"height":854,"url":"https:\/\/www.santjosep.net\/wp-content\/uploads\/2023\/09\/Una-edicion-anterior-de-Sonorama-Ribera-Ibiza-Ph-sonoramariveraibiza.es_.webp","type":"image\/webp"}],"twitter_card":"summary_large_image","twitter_misc":{"Temps estimat de lectura":"1 minut"},"schema":{"@context":"https:\/\/schema.org","@graph":[{"@type":"WebPage","@id":"https:\/\/www.santjosep.net\/ca\/esdeveniment\/sonorama-ribera-goes-to-ibiza\/","url":"https:\/\/www.santjosep.net\/ca\/esdeveniment\/sonorama-ribera-goes-to-ibiza\/","name":"Sonorama Ribera Goes To Ibiza - Santjosep.net","isPartOf":{"@id":"https:\/\/www.santjosep.net\/#website"},"primaryImageOfPage":{"@id":"https:\/\/www.santjosep.net\/ca\/esdeveniment\/sonorama-ribera-goes-to-ibiza\/#primaryimage"},"image":{"@id":"https:\/\/www.santjosep.net\/ca\/esdeveniment\/sonorama-ribera-goes-to-ibiza\/#primaryimage"},"thumbnailUrl":"https:\/\/www.santjosep.net\/wp-content\/uploads\/2023\/09\/Una-edicion-anterior-de-Sonorama-Ribera-Ibiza-Ph-sonoramariveraibiza.es_.webp","datePublished":"2023-09-25T08:30:46+00:00","dateModified":"2025-04-01T14:20:23+00:00","breadcrumb":{"@id":"https:\/\/www.santjosep.net\/ca\/esdeveniment\/sonorama-ribera-goes-to-ibiza\/#breadcrumb"},"inLanguage":"ca","potentialAction":[{"@type":"ReadAction","target":["https:\/\/www.santjosep.net\/ca\/esdeveniment\/sonorama-ribera-goes-to-ibiza\/"]}]},{"@type":"ImageObject","inLanguage":"ca","@id":"https:\/\/www.santjosep.net\/ca\/esdeveniment\/sonorama-ribera-goes-to-ibiza\/#primaryimage","url":"https:\/\/www.santjosep.net\/wp-content\/uploads\/2023\/09\/Una-edicion-anterior-de-Sonorama-Ribera-Ibiza-Ph-sonoramariveraibiza.es_.webp","contentUrl":"https:\/\/www.santjosep.net\/wp-content\/uploads\/2023\/09\/Una-edicion-anterior-de-Sonorama-Ribera-Ibiza-Ph-sonoramariveraibiza.es_.webp","width":1280,"height":854},{"@type":"BreadcrumbList","@id":"https:\/\/www.santjosep.net\/ca\/esdeveniment\/sonorama-ribera-goes-to-ibiza\/#breadcrumb","itemListElement":[{"@type":"ListItem","position":1,"name":"Eventos","item":"https:\/\/www.santjosep.net\/agenda\/"},{"@type":"ListItem","position":2,"name":"Sonorama Ribera Goes To Ibiza"}]},{"@type":"WebSite","@id":"https:\/\/www.santjosep.net\/#website","url":"https:\/\/www.santjosep.net\/","name":"Santjosep.net","description":"","potentialAction":[{"@type":"SearchAction","target":{"@type":"EntryPoint","urlTemplate":"https:\/\/www.santjosep.net\/?s={search_term_string}"},"query-input":{"@type":"PropertyValueSpecification","valueRequired":true,"valueName":"search_term_string"}}],"inLanguage":"ca"}]}},"_links":{"self":[{"href":"https:\/\/www.santjosep.net\/ca\/wp-json\/wp\/v2\/tribe_events\/34992","targetHints":{"allow":["GET"]}}],"collection":[{"href":"https:\/\/www.santjosep.net\/ca\/wp-json\/wp\/v2\/tribe_events"}],"about":[{"href":"https:\/\/www.santjosep.net\/ca\/wp-json\/wp\/v2\/types\/tribe_events"}],"author":[{"embeddable":true,"href":"https:\/\/www.santjosep.net\/ca\/wp-json\/wp\/v2\/users\/1"}],"version-history":[{"count":0,"href":"https:\/\/www.santjosep.net\/ca\/wp-json\/wp\/v2\/tribe_events\/34992\/revisions"}],"wp:featuredmedia":[{"embeddable":true,"href":"https:\/\/www.santjosep.net\/ca\/wp-json\/wp\/v2\/media\/36678"}],"wp:attachment":[{"href":"https:\/\/www.santjosep.net\/ca\/wp-json\/wp\/v2\/media?parent=34992"}],"wp:term":[{"taxonomy":"post_tag","embeddable":true,"href":"https:\/\/www.santjosep.net\/ca\/wp-json\/wp\/v2\/tags?post=34992"},{"taxonomy":"tribe_events_cat","embeddable":true,"href":"https:\/\/www.santjosep.net\/ca\/wp-json\/wp\/v2\/tribe_events_cat?post=34992"}],"curies":[{"name":"wp","href":"https:\/\/api.w.org\/{rel}","templated":true}]}}