{"id":34955,"date":"2023-09-18T10:36:16","date_gmt":"2023-09-18T08:36:16","guid":{"rendered":"https:\/\/www.santjosep.net\/evento\/dia-del-turista-2023\/"},"modified":"2023-09-18T10:36:16","modified_gmt":"2023-09-18T08:36:16","slug":"dia-del-turista-2023","status":"publish","type":"tribe_events","link":"https:\/\/www.santjosep.net\/ca\/esdeveniment\/dia-del-turista-2023\/","title":{"rendered":"D\u00eda del turista 2023"},"content":{"rendered":"<p><b>Oficina de turismo de Sant Josep<\/b><\/p>\n<p>De 11 a 14 h. Degustaci\u00f3n de productos t\u00edpicos de la isla.<\/p>\n<p>&nbsp;<\/p>\n<p><b>Oficina de turismo de Cala de Bou<\/b><\/p>\n<p>De 15 a 18 h. Degustaci\u00f3n de productos t\u00edpicos de la isla.<\/p>\n<p>&nbsp;<\/p>\n<p><b>HIPPY MARKET DE PLAYA D\u2019EN BOSSA<\/b><\/p>\n<p>Ibiza ha estado ligada a sus artesanos desde sus or\u00edgenes. Los <em>pageses<\/em> acercan el dulce tradicional a los artesanos.<\/p>\n<p>De 18 a 00 h.<\/p>\n<p>Ubicaci\u00f3n: Calles Ruda y Bruc de Playa d\u2019en Bossa.<\/p>\n<p>&nbsp;<\/p>\n<p><b>RUTA GUIADA EN BARCO POR LA RESERVA NATURAL DE ES VEDR\u00c0, ES VEDRANELL I ELS ILLOTS DE PONENT<\/b><\/p>\n<p>Visita guiada con un educador ambiental que nos contar\u00e1 todos los secretos de la reserva natural.<\/p>\n<p>Hora: 1 a 13 h.<\/p>\n<p>Ubicaci\u00f3n: Muelle de Cala Comte (Al lado del Restaurante Ses Roques).<\/p>\n<p>Colabora: IBANAT<\/p>\n<p>Plazas limitadas, es necesaria inscripci\u00f3n previa en: <a href=\"mailto:turisme@santjosep.org\">turisme@santjosep.org<\/a><\/p>\n<p>&nbsp;<\/p>\n<p><b>Oficina de turismo de Playa d&#8217;en Bossa<\/b><\/p>\n<p>De 17 a 21\u00a0 h. Degustaci\u00f3n de productos t\u00edpicos de la isla.<\/p>\n<p>De 17 a 20\u00a0 h. &#8220;Playas libres de humo y sin colillas&#8221;<\/p>\n<p>Colabora: Departamento de Medio Ambiente<\/p>\n<p>&nbsp;<\/p>\n<p>20 h. Pere Navarro lleva el jazz a la calle.<\/p>\n<p>20:40 h. Muestra de Ball Pag\u00e8s. Colabora: Grupo Folkl\u00f2ric de Sant Jordi de Ses Salines.<\/p>\n<p>&nbsp;<\/p>\n<p><b>VISITA GUIADA: &#8220;ENTORNO DE SANT FRANCESC&#8221;<\/b><\/p>\n<p>Visita guiada por un educador ambiental por el Centro de Interpretaci\u00f3n de Sant Francesc de Ses Salines. Ornitolog\u00eda. El flamenco es el icono del Parque Natural de Ses Salines.<\/p>\n<p>&nbsp;<\/p>\n<p>Hora: Primera ruta a las 10 h., segunda ruta a las 12 h.<\/p>\n<p>Ubicaci\u00f3n: Interpretaci\u00f3n centro de San Francisco de ses Salines.<\/p>\n<p>Colabora: IBANAT<\/p>\n<p>Plazas limitadas, inscripci\u00f3n previa en: <a href=\"mailto:turisme@santjosep.org\">turisme@santjosep.org<\/a><\/p>\n<p><img loading=\"lazy\" decoding=\"async\" class=\"alignnone size-full wp-image-34934\" src=\"https:\/\/www.santjosep.net\/wp-content\/uploads\/2023\/09\/379024766_701336028692073_3941756066961784607_n.jpg\" alt=\"\" width=\"708\" height=\"1000\" srcset=\"https:\/\/www.santjosep.net\/wp-content\/uploads\/2023\/09\/379024766_701336028692073_3941756066961784607_n.jpg 708w, https:\/\/www.santjosep.net\/wp-content\/uploads\/2023\/09\/379024766_701336028692073_3941756066961784607_n-212x300.jpg 212w\" sizes=\"auto, (max-width: 708px) 100vw, 708px\" \/><\/p>\n","protected":false},"excerpt":{"rendered":"<p>Oficina de turismo de Sant Josep De 11 a 14 h. Degustaci\u00f3n de productos t\u00edpicos de la isla. &nbsp; Oficina de turismo de Cala de Bou De 15 a 18 h. Degustaci\u00f3n de productos t\u00edpicos de la isla. &nbsp; HIPPY [&hellip;]<\/p>\n","protected":false},"author":1,"featured_media":34939,"template":"","meta":{"_acf_changed":false,"inline_featured_image":false,"_tribe_events_status":"","_tribe_events_status_reason":"","footnotes":""},"tags":[],"tribe_events_cat":[203],"class_list":["post-34955","tribe_events","type-tribe_events","status-publish","has-post-thumbnail","hentry","tribe_events_cat-oci","cat_oci"],"acf":[],"yoast_head":"<!-- This site is optimized with the Yoast SEO plugin v25.7 - https:\/\/yoast.com\/wordpress\/plugins\/seo\/ -->\n<title>D\u00eda del turista 2023 - Santjosep.net<\/title>\n<meta name=\"robots\" content=\"index, follow, max-snippet:-1, max-image-preview:large, max-video-preview:-1\" \/>\n<link rel=\"canonical\" href=\"https:\/\/www.santjosep.net\/ca\/esdeveniment\/dia-del-turista-2023\/\" \/>\n<meta property=\"og:locale\" content=\"ca_ES\" \/>\n<meta property=\"og:type\" content=\"article\" \/>\n<meta property=\"og:title\" content=\"D\u00eda del turista 2023 - Santjosep.net\" \/>\n<meta property=\"og:description\" content=\"Oficina de turismo de Sant Josep De 11 a 14 h. Degustaci\u00f3n de productos t\u00edpicos de la isla. &nbsp; Oficina de turismo de Cala de Bou De 15 a 18 h. Degustaci\u00f3n de productos t\u00edpicos de la isla. &nbsp; HIPPY [&hellip;]\" \/>\n<meta property=\"og:url\" content=\"https:\/\/www.santjosep.net\/ca\/esdeveniment\/dia-del-turista-2023\/\" \/>\n<meta property=\"og:site_name\" content=\"Santjosep.net\" \/>\n<meta property=\"og:image\" content=\"https:\/\/www.santjosep.net\/wp-content\/uploads\/2023\/09\/RR_09550-1024x683.jpg\" \/>\n\t<meta property=\"og:image:width\" content=\"1024\" \/>\n\t<meta property=\"og:image:height\" content=\"683\" \/>\n\t<meta property=\"og:image:type\" content=\"image\/jpeg\" \/>\n<meta name=\"twitter:card\" content=\"summary_large_image\" \/>\n<meta name=\"twitter:label1\" content=\"Temps estimat de lectura\" \/>\n\t<meta name=\"twitter:data1\" content=\"1 minut\" \/>\n<script type=\"application\/ld+json\" class=\"yoast-schema-graph\">{\"@context\":\"https:\/\/schema.org\",\"@graph\":[{\"@type\":\"WebPage\",\"@id\":\"https:\/\/www.santjosep.net\/ca\/esdeveniment\/dia-del-turista-2023\/\",\"url\":\"https:\/\/www.santjosep.net\/ca\/esdeveniment\/dia-del-turista-2023\/\",\"name\":\"D\u00eda del turista 2023 - Santjosep.net\",\"isPartOf\":{\"@id\":\"https:\/\/www.santjosep.net\/#website\"},\"primaryImageOfPage\":{\"@id\":\"https:\/\/www.santjosep.net\/ca\/esdeveniment\/dia-del-turista-2023\/#primaryimage\"},\"image\":{\"@id\":\"https:\/\/www.santjosep.net\/ca\/esdeveniment\/dia-del-turista-2023\/#primaryimage\"},\"thumbnailUrl\":\"https:\/\/www.santjosep.net\/wp-content\/uploads\/2023\/09\/RR_09550.jpg\",\"datePublished\":\"2023-09-18T08:36:16+00:00\",\"breadcrumb\":{\"@id\":\"https:\/\/www.santjosep.net\/ca\/esdeveniment\/dia-del-turista-2023\/#breadcrumb\"},\"inLanguage\":\"ca\",\"potentialAction\":[{\"@type\":\"ReadAction\",\"target\":[\"https:\/\/www.santjosep.net\/ca\/esdeveniment\/dia-del-turista-2023\/\"]}]},{\"@type\":\"ImageObject\",\"inLanguage\":\"ca\",\"@id\":\"https:\/\/www.santjosep.net\/ca\/esdeveniment\/dia-del-turista-2023\/#primaryimage\",\"url\":\"https:\/\/www.santjosep.net\/wp-content\/uploads\/2023\/09\/RR_09550.jpg\",\"contentUrl\":\"https:\/\/www.santjosep.net\/wp-content\/uploads\/2023\/09\/RR_09550.jpg\",\"width\":2500,\"height\":1667},{\"@type\":\"BreadcrumbList\",\"@id\":\"https:\/\/www.santjosep.net\/ca\/esdeveniment\/dia-del-turista-2023\/#breadcrumb\",\"itemListElement\":[{\"@type\":\"ListItem\",\"position\":1,\"name\":\"Eventos\",\"item\":\"https:\/\/www.santjosep.net\/agenda\/\"},{\"@type\":\"ListItem\",\"position\":2,\"name\":\"D\u00eda del turista 2023\"}]},{\"@type\":\"WebSite\",\"@id\":\"https:\/\/www.santjosep.net\/#website\",\"url\":\"https:\/\/www.santjosep.net\/\",\"name\":\"Santjosep.net\",\"description\":\"\",\"potentialAction\":[{\"@type\":\"SearchAction\",\"target\":{\"@type\":\"EntryPoint\",\"urlTemplate\":\"https:\/\/www.santjosep.net\/?s={search_term_string}\"},\"query-input\":{\"@type\":\"PropertyValueSpecification\",\"valueRequired\":true,\"valueName\":\"search_term_string\"}}],\"inLanguage\":\"ca\"}]}<\/script>\n<!-- \/ Yoast SEO plugin. -->","yoast_head_json":{"title":"D\u00eda del turista 2023 - Santjosep.net","robots":{"index":"index","follow":"follow","max-snippet":"max-snippet:-1","max-image-preview":"max-image-preview:large","max-video-preview":"max-video-preview:-1"},"canonical":"https:\/\/www.santjosep.net\/ca\/esdeveniment\/dia-del-turista-2023\/","og_locale":"ca_ES","og_type":"article","og_title":"D\u00eda del turista 2023 - Santjosep.net","og_description":"Oficina de turismo de Sant Josep De 11 a 14 h. Degustaci\u00f3n de productos t\u00edpicos de la isla. &nbsp; Oficina de turismo de Cala de Bou De 15 a 18 h. Degustaci\u00f3n de productos t\u00edpicos de la isla. &nbsp; HIPPY [&hellip;]","og_url":"https:\/\/www.santjosep.net\/ca\/esdeveniment\/dia-del-turista-2023\/","og_site_name":"Santjosep.net","og_image":[{"width":1024,"height":683,"url":"https:\/\/www.santjosep.net\/wp-content\/uploads\/2023\/09\/RR_09550-1024x683.jpg","type":"image\/jpeg"}],"twitter_card":"summary_large_image","twitter_misc":{"Temps estimat de lectura":"1 minut"},"schema":{"@context":"https:\/\/schema.org","@graph":[{"@type":"WebPage","@id":"https:\/\/www.santjosep.net\/ca\/esdeveniment\/dia-del-turista-2023\/","url":"https:\/\/www.santjosep.net\/ca\/esdeveniment\/dia-del-turista-2023\/","name":"D\u00eda del turista 2023 - Santjosep.net","isPartOf":{"@id":"https:\/\/www.santjosep.net\/#website"},"primaryImageOfPage":{"@id":"https:\/\/www.santjosep.net\/ca\/esdeveniment\/dia-del-turista-2023\/#primaryimage"},"image":{"@id":"https:\/\/www.santjosep.net\/ca\/esdeveniment\/dia-del-turista-2023\/#primaryimage"},"thumbnailUrl":"https:\/\/www.santjosep.net\/wp-content\/uploads\/2023\/09\/RR_09550.jpg","datePublished":"2023-09-18T08:36:16+00:00","breadcrumb":{"@id":"https:\/\/www.santjosep.net\/ca\/esdeveniment\/dia-del-turista-2023\/#breadcrumb"},"inLanguage":"ca","potentialAction":[{"@type":"ReadAction","target":["https:\/\/www.santjosep.net\/ca\/esdeveniment\/dia-del-turista-2023\/"]}]},{"@type":"ImageObject","inLanguage":"ca","@id":"https:\/\/www.santjosep.net\/ca\/esdeveniment\/dia-del-turista-2023\/#primaryimage","url":"https:\/\/www.santjosep.net\/wp-content\/uploads\/2023\/09\/RR_09550.jpg","contentUrl":"https:\/\/www.santjosep.net\/wp-content\/uploads\/2023\/09\/RR_09550.jpg","width":2500,"height":1667},{"@type":"BreadcrumbList","@id":"https:\/\/www.santjosep.net\/ca\/esdeveniment\/dia-del-turista-2023\/#breadcrumb","itemListElement":[{"@type":"ListItem","position":1,"name":"Eventos","item":"https:\/\/www.santjosep.net\/agenda\/"},{"@type":"ListItem","position":2,"name":"D\u00eda del turista 2023"}]},{"@type":"WebSite","@id":"https:\/\/www.santjosep.net\/#website","url":"https:\/\/www.santjosep.net\/","name":"Santjosep.net","description":"","potentialAction":[{"@type":"SearchAction","target":{"@type":"EntryPoint","urlTemplate":"https:\/\/www.santjosep.net\/?s={search_term_string}"},"query-input":{"@type":"PropertyValueSpecification","valueRequired":true,"valueName":"search_term_string"}}],"inLanguage":"ca"}]}},"_links":{"self":[{"href":"https:\/\/www.santjosep.net\/ca\/wp-json\/wp\/v2\/tribe_events\/34955","targetHints":{"allow":["GET"]}}],"collection":[{"href":"https:\/\/www.santjosep.net\/ca\/wp-json\/wp\/v2\/tribe_events"}],"about":[{"href":"https:\/\/www.santjosep.net\/ca\/wp-json\/wp\/v2\/types\/tribe_events"}],"author":[{"embeddable":true,"href":"https:\/\/www.santjosep.net\/ca\/wp-json\/wp\/v2\/users\/1"}],"version-history":[{"count":0,"href":"https:\/\/www.santjosep.net\/ca\/wp-json\/wp\/v2\/tribe_events\/34955\/revisions"}],"wp:featuredmedia":[{"embeddable":true,"href":"https:\/\/www.santjosep.net\/ca\/wp-json\/wp\/v2\/media\/34939"}],"wp:attachment":[{"href":"https:\/\/www.santjosep.net\/ca\/wp-json\/wp\/v2\/media?parent=34955"}],"wp:term":[{"taxonomy":"post_tag","embeddable":true,"href":"https:\/\/www.santjosep.net\/ca\/wp-json\/wp\/v2\/tags?post=34955"},{"taxonomy":"tribe_events_cat","embeddable":true,"href":"https:\/\/www.santjosep.net\/ca\/wp-json\/wp\/v2\/tribe_events_cat?post=34955"}],"curies":[{"name":"wp","href":"https:\/\/api.w.org\/{rel}","templated":true}]}}