{"id":32344,"date":"2022-05-26T09:11:11","date_gmt":"2022-05-26T07:11:11","guid":{"rendered":"https:\/\/www.santjosep.net\/evento\/iii-edicion-concierto-extraordinario-en-beneficio-de-apneef\/"},"modified":"2022-05-26T09:21:58","modified_gmt":"2022-05-26T07:21:58","slug":"iii-edicio-concert-extraordinari-a-benefici-dapneef","status":"publish","type":"tribe_events","link":"https:\/\/www.santjosep.net\/ca\/esdeveniment\/iii-edicio-concert-extraordinari-a-benefici-dapneef\/","title":{"rendered":"III Edici\u00f3 Concert Extraordinari a benefici d\u2019APNEEF"},"content":{"rendered":"<div class=\"tribe-events-single-event-description tribe-events-content\">\n<div class=\"tribe-events-single-event-description tribe-events-content\">\n<p>Dissabte 25 juny \u00b7 Auditori Cal\u00f3 de s\u2019Oli \u00b7 20:00 h<\/p>\n<p><strong>III Edici\u00f3 Concert Extraordinari a benefici d\u2019APNEEF<\/strong> en col\u00b7laboraci\u00f3 amb Festival Internacional de m\u00fasica de Dei\u00e0<\/p>\n<p>Musics: Gilles Apap &amp; Friends<br \/>\nConcert amb obres de R. Cavestany, W. A. Mozart, B. Bartok, G. Gershwin, J. Brahms i A. Piazzolla<\/p>\n<p>Aconsegueix l\u2019entrada a la porta o a <a href=\"https:\/\/www.dimfentradas.com\/\" target=\"_blank\" rel=\"noopener\">www.dimfentradas.com<\/a><\/p>\n<\/div>\n<p>&nbsp;<\/p>\n<\/div>\n","protected":false},"excerpt":{"rendered":"<p>Dissabte 25 juny \u00b7 Auditori Cal\u00f3 de s\u2019Oli \u00b7 20:00 h III Edici\u00f3 Concert Extraordinari a benefici d\u2019APNEEF en col\u00b7laboraci\u00f3 amb Festival Internacional de m\u00fasica de Dei\u00e0 Musics: Gilles Apap &amp; Friends Concert amb obres de R. Cavestany, W. A. [&hellip;]<\/p>\n","protected":false},"author":1,"featured_media":32345,"template":"","meta":{"_acf_changed":false,"inline_featured_image":false,"_tribe_events_status":"","_tribe_events_status_reason":"","footnotes":""},"tags":[],"tribe_events_cat":[203],"class_list":["post-32344","tribe_events","type-tribe_events","status-publish","has-post-thumbnail","hentry","tribe_events_cat-oci","cat_oci"],"acf":[],"yoast_head":"<!-- This site is optimized with the Yoast SEO plugin v25.7 - https:\/\/yoast.com\/wordpress\/plugins\/seo\/ -->\n<title>III Edici\u00f3 Concert Extraordinari a benefici d\u2019APNEEF - Santjosep.net<\/title>\n<meta name=\"robots\" content=\"index, follow, max-snippet:-1, max-image-preview:large, max-video-preview:-1\" \/>\n<link rel=\"canonical\" href=\"https:\/\/www.santjosep.net\/ca\/esdeveniment\/iii-edicio-concert-extraordinari-a-benefici-dapneef\/\" \/>\n<meta property=\"og:locale\" content=\"ca_ES\" \/>\n<meta property=\"og:type\" content=\"article\" \/>\n<meta property=\"og:title\" content=\"III Edici\u00f3 Concert Extraordinari a benefici d\u2019APNEEF - Santjosep.net\" \/>\n<meta property=\"og:description\" content=\"Dissabte 25 juny \u00b7 Auditori Cal\u00f3 de s\u2019Oli \u00b7 20:00 h III Edici\u00f3 Concert Extraordinari a benefici d\u2019APNEEF en col\u00b7laboraci\u00f3 amb Festival Internacional de m\u00fasica de Dei\u00e0 Musics: Gilles Apap &amp; Friends Concert amb obres de R. Cavestany, W. A. [&hellip;]\" \/>\n<meta property=\"og:url\" content=\"https:\/\/www.santjosep.net\/ca\/esdeveniment\/iii-edicio-concert-extraordinari-a-benefici-dapneef\/\" \/>\n<meta property=\"og:site_name\" content=\"Santjosep.net\" \/>\n<meta property=\"article:modified_time\" content=\"2022-05-26T07:21:58+00:00\" \/>\n<meta property=\"og:image\" content=\"https:\/\/www.santjosep.net\/wp-content\/uploads\/2022\/05\/Cartel-Catala\u0301n.jpg\" \/>\n\t<meta property=\"og:image:width\" content=\"1500\" \/>\n\t<meta property=\"og:image:height\" content=\"2122\" \/>\n\t<meta property=\"og:image:type\" content=\"image\/jpeg\" \/>\n<meta name=\"twitter:card\" content=\"summary_large_image\" \/>\n<meta name=\"twitter:label1\" content=\"Temps estimat de lectura\" \/>\n\t<meta name=\"twitter:data1\" content=\"1 minut\" \/>\n<script type=\"application\/ld+json\" class=\"yoast-schema-graph\">{\"@context\":\"https:\/\/schema.org\",\"@graph\":[{\"@type\":\"WebPage\",\"@id\":\"https:\/\/www.santjosep.net\/ca\/esdeveniment\/iii-edicio-concert-extraordinari-a-benefici-dapneef\/\",\"url\":\"https:\/\/www.santjosep.net\/ca\/esdeveniment\/iii-edicio-concert-extraordinari-a-benefici-dapneef\/\",\"name\":\"III Edici\u00f3 Concert Extraordinari a benefici d\u2019APNEEF - Santjosep.net\",\"isPartOf\":{\"@id\":\"https:\/\/www.santjosep.net\/#website\"},\"primaryImageOfPage\":{\"@id\":\"https:\/\/www.santjosep.net\/ca\/esdeveniment\/iii-edicio-concert-extraordinari-a-benefici-dapneef\/#primaryimage\"},\"image\":{\"@id\":\"https:\/\/www.santjosep.net\/ca\/esdeveniment\/iii-edicio-concert-extraordinari-a-benefici-dapneef\/#primaryimage\"},\"thumbnailUrl\":\"https:\/\/www.santjosep.net\/wp-content\/uploads\/2022\/05\/Cartel-Catala\u0301n.jpg\",\"datePublished\":\"2022-05-26T07:11:11+00:00\",\"dateModified\":\"2022-05-26T07:21:58+00:00\",\"breadcrumb\":{\"@id\":\"https:\/\/www.santjosep.net\/ca\/esdeveniment\/iii-edicio-concert-extraordinari-a-benefici-dapneef\/#breadcrumb\"},\"inLanguage\":\"ca\",\"potentialAction\":[{\"@type\":\"ReadAction\",\"target\":[\"https:\/\/www.santjosep.net\/ca\/esdeveniment\/iii-edicio-concert-extraordinari-a-benefici-dapneef\/\"]}]},{\"@type\":\"ImageObject\",\"inLanguage\":\"ca\",\"@id\":\"https:\/\/www.santjosep.net\/ca\/esdeveniment\/iii-edicio-concert-extraordinari-a-benefici-dapneef\/#primaryimage\",\"url\":\"https:\/\/www.santjosep.net\/wp-content\/uploads\/2022\/05\/Cartel-Catala\u0301n.jpg\",\"contentUrl\":\"https:\/\/www.santjosep.net\/wp-content\/uploads\/2022\/05\/Cartel-Catala\u0301n.jpg\",\"width\":1500,\"height\":2122},{\"@type\":\"BreadcrumbList\",\"@id\":\"https:\/\/www.santjosep.net\/ca\/esdeveniment\/iii-edicio-concert-extraordinari-a-benefici-dapneef\/#breadcrumb\",\"itemListElement\":[{\"@type\":\"ListItem\",\"position\":1,\"name\":\"Eventos\",\"item\":\"https:\/\/www.santjosep.net\/agenda\/\"},{\"@type\":\"ListItem\",\"position\":2,\"name\":\"III Edici\u00f3 Concert Extraordinari a benefici d\u2019APNEEF\"}]},{\"@type\":\"WebSite\",\"@id\":\"https:\/\/www.santjosep.net\/#website\",\"url\":\"https:\/\/www.santjosep.net\/\",\"name\":\"Santjosep.net\",\"description\":\"\",\"potentialAction\":[{\"@type\":\"SearchAction\",\"target\":{\"@type\":\"EntryPoint\",\"urlTemplate\":\"https:\/\/www.santjosep.net\/?s={search_term_string}\"},\"query-input\":{\"@type\":\"PropertyValueSpecification\",\"valueRequired\":true,\"valueName\":\"search_term_string\"}}],\"inLanguage\":\"ca\"}]}<\/script>\n<!-- \/ Yoast SEO plugin. -->","yoast_head_json":{"title":"III Edici\u00f3 Concert Extraordinari a benefici d\u2019APNEEF - Santjosep.net","robots":{"index":"index","follow":"follow","max-snippet":"max-snippet:-1","max-image-preview":"max-image-preview:large","max-video-preview":"max-video-preview:-1"},"canonical":"https:\/\/www.santjosep.net\/ca\/esdeveniment\/iii-edicio-concert-extraordinari-a-benefici-dapneef\/","og_locale":"ca_ES","og_type":"article","og_title":"III Edici\u00f3 Concert Extraordinari a benefici d\u2019APNEEF - Santjosep.net","og_description":"Dissabte 25 juny \u00b7 Auditori Cal\u00f3 de s\u2019Oli \u00b7 20:00 h III Edici\u00f3 Concert Extraordinari a benefici d\u2019APNEEF en col\u00b7laboraci\u00f3 amb Festival Internacional de m\u00fasica de Dei\u00e0 Musics: Gilles Apap &amp; Friends Concert amb obres de R. Cavestany, W. A. [&hellip;]","og_url":"https:\/\/www.santjosep.net\/ca\/esdeveniment\/iii-edicio-concert-extraordinari-a-benefici-dapneef\/","og_site_name":"Santjosep.net","article_modified_time":"2022-05-26T07:21:58+00:00","og_image":[{"width":1500,"height":2122,"url":"https:\/\/www.santjosep.net\/wp-content\/uploads\/2022\/05\/Cartel-Catala\u0301n.jpg","type":"image\/jpeg"}],"twitter_card":"summary_large_image","twitter_misc":{"Temps estimat de lectura":"1 minut"},"schema":{"@context":"https:\/\/schema.org","@graph":[{"@type":"WebPage","@id":"https:\/\/www.santjosep.net\/ca\/esdeveniment\/iii-edicio-concert-extraordinari-a-benefici-dapneef\/","url":"https:\/\/www.santjosep.net\/ca\/esdeveniment\/iii-edicio-concert-extraordinari-a-benefici-dapneef\/","name":"III Edici\u00f3 Concert Extraordinari a benefici d\u2019APNEEF - Santjosep.net","isPartOf":{"@id":"https:\/\/www.santjosep.net\/#website"},"primaryImageOfPage":{"@id":"https:\/\/www.santjosep.net\/ca\/esdeveniment\/iii-edicio-concert-extraordinari-a-benefici-dapneef\/#primaryimage"},"image":{"@id":"https:\/\/www.santjosep.net\/ca\/esdeveniment\/iii-edicio-concert-extraordinari-a-benefici-dapneef\/#primaryimage"},"thumbnailUrl":"https:\/\/www.santjosep.net\/wp-content\/uploads\/2022\/05\/Cartel-Catala\u0301n.jpg","datePublished":"2022-05-26T07:11:11+00:00","dateModified":"2022-05-26T07:21:58+00:00","breadcrumb":{"@id":"https:\/\/www.santjosep.net\/ca\/esdeveniment\/iii-edicio-concert-extraordinari-a-benefici-dapneef\/#breadcrumb"},"inLanguage":"ca","potentialAction":[{"@type":"ReadAction","target":["https:\/\/www.santjosep.net\/ca\/esdeveniment\/iii-edicio-concert-extraordinari-a-benefici-dapneef\/"]}]},{"@type":"ImageObject","inLanguage":"ca","@id":"https:\/\/www.santjosep.net\/ca\/esdeveniment\/iii-edicio-concert-extraordinari-a-benefici-dapneef\/#primaryimage","url":"https:\/\/www.santjosep.net\/wp-content\/uploads\/2022\/05\/Cartel-Catala\u0301n.jpg","contentUrl":"https:\/\/www.santjosep.net\/wp-content\/uploads\/2022\/05\/Cartel-Catala\u0301n.jpg","width":1500,"height":2122},{"@type":"BreadcrumbList","@id":"https:\/\/www.santjosep.net\/ca\/esdeveniment\/iii-edicio-concert-extraordinari-a-benefici-dapneef\/#breadcrumb","itemListElement":[{"@type":"ListItem","position":1,"name":"Eventos","item":"https:\/\/www.santjosep.net\/agenda\/"},{"@type":"ListItem","position":2,"name":"III Edici\u00f3 Concert Extraordinari a benefici d\u2019APNEEF"}]},{"@type":"WebSite","@id":"https:\/\/www.santjosep.net\/#website","url":"https:\/\/www.santjosep.net\/","name":"Santjosep.net","description":"","potentialAction":[{"@type":"SearchAction","target":{"@type":"EntryPoint","urlTemplate":"https:\/\/www.santjosep.net\/?s={search_term_string}"},"query-input":{"@type":"PropertyValueSpecification","valueRequired":true,"valueName":"search_term_string"}}],"inLanguage":"ca"}]}},"_links":{"self":[{"href":"https:\/\/www.santjosep.net\/ca\/wp-json\/wp\/v2\/tribe_events\/32344","targetHints":{"allow":["GET"]}}],"collection":[{"href":"https:\/\/www.santjosep.net\/ca\/wp-json\/wp\/v2\/tribe_events"}],"about":[{"href":"https:\/\/www.santjosep.net\/ca\/wp-json\/wp\/v2\/types\/tribe_events"}],"author":[{"embeddable":true,"href":"https:\/\/www.santjosep.net\/ca\/wp-json\/wp\/v2\/users\/1"}],"version-history":[{"count":0,"href":"https:\/\/www.santjosep.net\/ca\/wp-json\/wp\/v2\/tribe_events\/32344\/revisions"}],"wp:featuredmedia":[{"embeddable":true,"href":"https:\/\/www.santjosep.net\/ca\/wp-json\/wp\/v2\/media\/32345"}],"wp:attachment":[{"href":"https:\/\/www.santjosep.net\/ca\/wp-json\/wp\/v2\/media?parent=32344"}],"wp:term":[{"taxonomy":"post_tag","embeddable":true,"href":"https:\/\/www.santjosep.net\/ca\/wp-json\/wp\/v2\/tags?post=32344"},{"taxonomy":"tribe_events_cat","embeddable":true,"href":"https:\/\/www.santjosep.net\/ca\/wp-json\/wp\/v2\/tribe_events_cat?post=32344"}],"curies":[{"name":"wp","href":"https:\/\/api.w.org\/{rel}","templated":true}]}}