{"id":31718,"date":"2022-03-23T08:45:14","date_gmt":"2022-03-23T07:45:14","guid":{"rendered":"https:\/\/www.santjosep.net\/evento\/ya-esta-aqui-la-festa-sant-josep-es-musica-dos-dias-de-rock-americano-con-el-iii-rock-island-festival\/"},"modified":"2022-03-23T08:57:57","modified_gmt":"2022-03-23T07:57:57","slug":"ya-esta-aqui-la-festa-sant-josep-es-musica-dos-dias-de-rock-americano-con-el-iii-rock-island-festival","status":"publish","type":"tribe_events","link":"https:\/\/www.santjosep.net\/ca\/esdeveniment\/ya-esta-aqui-la-festa-sant-josep-es-musica-dos-dias-de-rock-americano-con-el-iii-rock-island-festival\/","title":{"rendered":"Arriba la Festa Sant Josep \u00e9s M\u00fasica! Dos dies de rock americ\u00e0 amb el III Rock Island Festival"},"content":{"rendered":"<p>Sant Josep ja es prepara per a un dels esdeveniments musicals m\u00e9s potents d\u2019aquest 2022: la primera edici\u00f3 de la Festa Sant Josep \u00e9s M\u00fasica, que es celebrar\u00e0 a l\u2019Auditori Cal\u00f3 de s\u2019Oli el 2 i 3 d\u2019abril, amb un ampli programa de concerts, fira i activitats. En el marc d\u2019aquest esdeveniment, es celebra la III edici\u00f3 del Rock Island Festival, que es trasllada des de Sant Antoni a aquest altre costat de la badia, despr\u00e9s de no haver-se pogut celebrar l\u2019edici\u00f3 de 2021 a causa de la pand\u00e8mia.<\/p>\n<h3><a href=\"https:\/\/musica.santjosep.org\/wp-content\/uploads\/2022\/03\/sjem_whatsapp-comprimido.pdf\" target=\"_blank\" rel=\"noopener\">Descarrega\u2019t aqu\u00ed el programa de l\u2019esdeveniment en format PDF.<\/a><\/h3>\n<p>La festa l\u2019organitzen conjuntament l\u2019Ajuntament de Sant Josep i l\u2019<a href=\"https:\/\/musica.santjosep.org\/serveis\/associacio-cultural-great-river-road\/\" target=\"_blank\" rel=\"noopener\">Associaci\u00f3 Cultural Great River Road<\/a>. El seu programa inclou els sis concerts programats dins del III Rock Island Festival, en els quals participaran tres grups de l\u2019illa, tres vinguts de diferents zones de la pen\u00ednsula i tamb\u00e9 varis dj\u2019s, tots ells especialitzats en m\u00fasica americana d\u2019arrels. A m\u00e9s, tindr\u00e0 lloc la projecci\u00f3 de documentals de cinema musical a l\u2019interior de l\u2019auditori, una fira de vinils amb una desena de parades de Mallorca i Eivissa, un mercat ambulant d\u2019artesans en els quals es podr\u00e0 trobar roba vintage i motera, entre altres productes, i m\u00faltiples food trucks, amb menjar de carrer procedent de diferents llocs del m\u00f3n.<\/p>\n<p><img loading=\"lazy\" decoding=\"async\" class=\"alignnone wp-image-31737 size-large\" src=\"https:\/\/www.santjosep.net\/wp-content\/uploads\/2022\/03\/festivalsantjosepesmusica_final-comprimido_page-0001-scaled-1-667x1024.jpeg\" alt=\"\" width=\"667\" height=\"1024\" srcset=\"https:\/\/www.santjosep.net\/wp-content\/uploads\/2022\/03\/festivalsantjosepesmusica_final-comprimido_page-0001-scaled-1-667x1024.jpeg 667w, https:\/\/www.santjosep.net\/wp-content\/uploads\/2022\/03\/festivalsantjosepesmusica_final-comprimido_page-0001-scaled-1-195x300.jpeg 195w, https:\/\/www.santjosep.net\/wp-content\/uploads\/2022\/03\/festivalsantjosepesmusica_final-comprimido_page-0001-scaled-1-768x1179.jpeg 768w, https:\/\/www.santjosep.net\/wp-content\/uploads\/2022\/03\/festivalsantjosepesmusica_final-comprimido_page-0001-scaled-1-1001x1536.jpeg 1001w, https:\/\/www.santjosep.net\/wp-content\/uploads\/2022\/03\/festivalsantjosepesmusica_final-comprimido_page-0001-scaled-1-1334x2048.jpeg 1334w, https:\/\/www.santjosep.net\/wp-content\/uploads\/2022\/03\/festivalsantjosepesmusica_final-comprimido_page-0001-scaled-1.jpeg 1668w\" sizes=\"auto, (max-width: 667px) 100vw, 667px\" \/><\/p>\n","protected":false},"excerpt":{"rendered":"<p>Sant Josep ja es prepara per a un dels esdeveniments musicals m\u00e9s potents d\u2019aquest 2022: la primera edici\u00f3 de la Festa Sant Josep \u00e9s M\u00fasica, que es celebrar\u00e0 a l\u2019Auditori Cal\u00f3 de s\u2019Oli el 2 i 3 d\u2019abril, amb un [&hellip;]<\/p>\n","protected":false},"author":1,"featured_media":31713,"template":"","meta":{"_acf_changed":false,"inline_featured_image":false,"_tribe_events_status":"","_tribe_events_status_reason":"","footnotes":""},"tags":[],"tribe_events_cat":[187],"class_list":["post-31718","tribe_events","type-tribe_events","status-publish","has-post-thumbnail","hentry","tribe_events_cat-cultura","cat_cultura"],"acf":[],"yoast_head":"<!-- This site is optimized with the Yoast SEO plugin v25.7 - https:\/\/yoast.com\/wordpress\/plugins\/seo\/ -->\n<title>Arriba la Festa Sant Josep \u00e9s M\u00fasica! Dos dies de rock americ\u00e0 amb el III Rock Island Festival - Santjosep.net<\/title>\n<meta name=\"robots\" content=\"index, follow, max-snippet:-1, max-image-preview:large, max-video-preview:-1\" \/>\n<link rel=\"canonical\" href=\"https:\/\/www.santjosep.net\/ca\/esdeveniment\/ya-esta-aqui-la-festa-sant-josep-es-musica-dos-dias-de-rock-americano-con-el-iii-rock-island-festival\/\" \/>\n<meta property=\"og:locale\" content=\"ca_ES\" \/>\n<meta property=\"og:type\" content=\"article\" \/>\n<meta property=\"og:title\" content=\"Arriba la Festa Sant Josep \u00e9s M\u00fasica! Dos dies de rock americ\u00e0 amb el III Rock Island Festival - Santjosep.net\" \/>\n<meta property=\"og:description\" content=\"Sant Josep ja es prepara per a un dels esdeveniments musicals m\u00e9s potents d\u2019aquest 2022: la primera edici\u00f3 de la Festa Sant Josep \u00e9s M\u00fasica, que es celebrar\u00e0 a l\u2019Auditori Cal\u00f3 de s\u2019Oli el 2 i 3 d\u2019abril, amb un [&hellip;]\" \/>\n<meta property=\"og:url\" content=\"https:\/\/www.santjosep.net\/ca\/esdeveniment\/ya-esta-aqui-la-festa-sant-josep-es-musica-dos-dias-de-rock-americano-con-el-iii-rock-island-festival\/\" \/>\n<meta property=\"og:site_name\" content=\"Santjosep.net\" \/>\n<meta property=\"article:modified_time\" content=\"2022-03-23T07:57:57+00:00\" \/>\n<meta property=\"og:image\" content=\"https:\/\/www.santjosep.net\/wp-content\/uploads\/2022\/03\/soulman.jpeg\" \/>\n\t<meta property=\"og:image:width\" content=\"1400\" \/>\n\t<meta property=\"og:image:height\" content=\"933\" \/>\n\t<meta property=\"og:image:type\" content=\"image\/jpeg\" \/>\n<meta name=\"twitter:card\" content=\"summary_large_image\" \/>\n<meta name=\"twitter:label1\" content=\"Temps estimat de lectura\" \/>\n\t<meta name=\"twitter:data1\" content=\"1 minut\" \/>\n<script type=\"application\/ld+json\" class=\"yoast-schema-graph\">{\"@context\":\"https:\/\/schema.org\",\"@graph\":[{\"@type\":\"WebPage\",\"@id\":\"https:\/\/www.santjosep.net\/ca\/esdeveniment\/ya-esta-aqui-la-festa-sant-josep-es-musica-dos-dias-de-rock-americano-con-el-iii-rock-island-festival\/\",\"url\":\"https:\/\/www.santjosep.net\/ca\/esdeveniment\/ya-esta-aqui-la-festa-sant-josep-es-musica-dos-dias-de-rock-americano-con-el-iii-rock-island-festival\/\",\"name\":\"Arriba la Festa Sant Josep \u00e9s M\u00fasica! Dos dies de rock americ\u00e0 amb el III Rock Island Festival - Santjosep.net\",\"isPartOf\":{\"@id\":\"https:\/\/www.santjosep.net\/#website\"},\"primaryImageOfPage\":{\"@id\":\"https:\/\/www.santjosep.net\/ca\/esdeveniment\/ya-esta-aqui-la-festa-sant-josep-es-musica-dos-dias-de-rock-americano-con-el-iii-rock-island-festival\/#primaryimage\"},\"image\":{\"@id\":\"https:\/\/www.santjosep.net\/ca\/esdeveniment\/ya-esta-aqui-la-festa-sant-josep-es-musica-dos-dias-de-rock-americano-con-el-iii-rock-island-festival\/#primaryimage\"},\"thumbnailUrl\":\"https:\/\/www.santjosep.net\/wp-content\/uploads\/2022\/03\/soulman.jpeg\",\"datePublished\":\"2022-03-23T07:45:14+00:00\",\"dateModified\":\"2022-03-23T07:57:57+00:00\",\"breadcrumb\":{\"@id\":\"https:\/\/www.santjosep.net\/ca\/esdeveniment\/ya-esta-aqui-la-festa-sant-josep-es-musica-dos-dias-de-rock-americano-con-el-iii-rock-island-festival\/#breadcrumb\"},\"inLanguage\":\"ca\",\"potentialAction\":[{\"@type\":\"ReadAction\",\"target\":[\"https:\/\/www.santjosep.net\/ca\/esdeveniment\/ya-esta-aqui-la-festa-sant-josep-es-musica-dos-dias-de-rock-americano-con-el-iii-rock-island-festival\/\"]}]},{\"@type\":\"ImageObject\",\"inLanguage\":\"ca\",\"@id\":\"https:\/\/www.santjosep.net\/ca\/esdeveniment\/ya-esta-aqui-la-festa-sant-josep-es-musica-dos-dias-de-rock-americano-con-el-iii-rock-island-festival\/#primaryimage\",\"url\":\"https:\/\/www.santjosep.net\/wp-content\/uploads\/2022\/03\/soulman.jpeg\",\"contentUrl\":\"https:\/\/www.santjosep.net\/wp-content\/uploads\/2022\/03\/soulman.jpeg\",\"width\":1400,\"height\":933},{\"@type\":\"BreadcrumbList\",\"@id\":\"https:\/\/www.santjosep.net\/ca\/esdeveniment\/ya-esta-aqui-la-festa-sant-josep-es-musica-dos-dias-de-rock-americano-con-el-iii-rock-island-festival\/#breadcrumb\",\"itemListElement\":[{\"@type\":\"ListItem\",\"position\":1,\"name\":\"Eventos\",\"item\":\"https:\/\/www.santjosep.net\/agenda\/\"},{\"@type\":\"ListItem\",\"position\":2,\"name\":\"Arriba la Festa Sant Josep \u00e9s M\u00fasica! Dos dies de rock americ\u00e0 amb el III Rock Island Festival\"}]},{\"@type\":\"WebSite\",\"@id\":\"https:\/\/www.santjosep.net\/#website\",\"url\":\"https:\/\/www.santjosep.net\/\",\"name\":\"Santjosep.net\",\"description\":\"\",\"potentialAction\":[{\"@type\":\"SearchAction\",\"target\":{\"@type\":\"EntryPoint\",\"urlTemplate\":\"https:\/\/www.santjosep.net\/?s={search_term_string}\"},\"query-input\":{\"@type\":\"PropertyValueSpecification\",\"valueRequired\":true,\"valueName\":\"search_term_string\"}}],\"inLanguage\":\"ca\"}]}<\/script>\n<!-- \/ Yoast SEO plugin. -->","yoast_head_json":{"title":"Arriba la Festa Sant Josep \u00e9s M\u00fasica! Dos dies de rock americ\u00e0 amb el III Rock Island Festival - Santjosep.net","robots":{"index":"index","follow":"follow","max-snippet":"max-snippet:-1","max-image-preview":"max-image-preview:large","max-video-preview":"max-video-preview:-1"},"canonical":"https:\/\/www.santjosep.net\/ca\/esdeveniment\/ya-esta-aqui-la-festa-sant-josep-es-musica-dos-dias-de-rock-americano-con-el-iii-rock-island-festival\/","og_locale":"ca_ES","og_type":"article","og_title":"Arriba la Festa Sant Josep \u00e9s M\u00fasica! Dos dies de rock americ\u00e0 amb el III Rock Island Festival - Santjosep.net","og_description":"Sant Josep ja es prepara per a un dels esdeveniments musicals m\u00e9s potents d\u2019aquest 2022: la primera edici\u00f3 de la Festa Sant Josep \u00e9s M\u00fasica, que es celebrar\u00e0 a l\u2019Auditori Cal\u00f3 de s\u2019Oli el 2 i 3 d\u2019abril, amb un [&hellip;]","og_url":"https:\/\/www.santjosep.net\/ca\/esdeveniment\/ya-esta-aqui-la-festa-sant-josep-es-musica-dos-dias-de-rock-americano-con-el-iii-rock-island-festival\/","og_site_name":"Santjosep.net","article_modified_time":"2022-03-23T07:57:57+00:00","og_image":[{"width":1400,"height":933,"url":"https:\/\/www.santjosep.net\/wp-content\/uploads\/2022\/03\/soulman.jpeg","type":"image\/jpeg"}],"twitter_card":"summary_large_image","twitter_misc":{"Temps estimat de lectura":"1 minut"},"schema":{"@context":"https:\/\/schema.org","@graph":[{"@type":"WebPage","@id":"https:\/\/www.santjosep.net\/ca\/esdeveniment\/ya-esta-aqui-la-festa-sant-josep-es-musica-dos-dias-de-rock-americano-con-el-iii-rock-island-festival\/","url":"https:\/\/www.santjosep.net\/ca\/esdeveniment\/ya-esta-aqui-la-festa-sant-josep-es-musica-dos-dias-de-rock-americano-con-el-iii-rock-island-festival\/","name":"Arriba la Festa Sant Josep \u00e9s M\u00fasica! Dos dies de rock americ\u00e0 amb el III Rock Island Festival - Santjosep.net","isPartOf":{"@id":"https:\/\/www.santjosep.net\/#website"},"primaryImageOfPage":{"@id":"https:\/\/www.santjosep.net\/ca\/esdeveniment\/ya-esta-aqui-la-festa-sant-josep-es-musica-dos-dias-de-rock-americano-con-el-iii-rock-island-festival\/#primaryimage"},"image":{"@id":"https:\/\/www.santjosep.net\/ca\/esdeveniment\/ya-esta-aqui-la-festa-sant-josep-es-musica-dos-dias-de-rock-americano-con-el-iii-rock-island-festival\/#primaryimage"},"thumbnailUrl":"https:\/\/www.santjosep.net\/wp-content\/uploads\/2022\/03\/soulman.jpeg","datePublished":"2022-03-23T07:45:14+00:00","dateModified":"2022-03-23T07:57:57+00:00","breadcrumb":{"@id":"https:\/\/www.santjosep.net\/ca\/esdeveniment\/ya-esta-aqui-la-festa-sant-josep-es-musica-dos-dias-de-rock-americano-con-el-iii-rock-island-festival\/#breadcrumb"},"inLanguage":"ca","potentialAction":[{"@type":"ReadAction","target":["https:\/\/www.santjosep.net\/ca\/esdeveniment\/ya-esta-aqui-la-festa-sant-josep-es-musica-dos-dias-de-rock-americano-con-el-iii-rock-island-festival\/"]}]},{"@type":"ImageObject","inLanguage":"ca","@id":"https:\/\/www.santjosep.net\/ca\/esdeveniment\/ya-esta-aqui-la-festa-sant-josep-es-musica-dos-dias-de-rock-americano-con-el-iii-rock-island-festival\/#primaryimage","url":"https:\/\/www.santjosep.net\/wp-content\/uploads\/2022\/03\/soulman.jpeg","contentUrl":"https:\/\/www.santjosep.net\/wp-content\/uploads\/2022\/03\/soulman.jpeg","width":1400,"height":933},{"@type":"BreadcrumbList","@id":"https:\/\/www.santjosep.net\/ca\/esdeveniment\/ya-esta-aqui-la-festa-sant-josep-es-musica-dos-dias-de-rock-americano-con-el-iii-rock-island-festival\/#breadcrumb","itemListElement":[{"@type":"ListItem","position":1,"name":"Eventos","item":"https:\/\/www.santjosep.net\/agenda\/"},{"@type":"ListItem","position":2,"name":"Arriba la Festa Sant Josep \u00e9s M\u00fasica! Dos dies de rock americ\u00e0 amb el III Rock Island Festival"}]},{"@type":"WebSite","@id":"https:\/\/www.santjosep.net\/#website","url":"https:\/\/www.santjosep.net\/","name":"Santjosep.net","description":"","potentialAction":[{"@type":"SearchAction","target":{"@type":"EntryPoint","urlTemplate":"https:\/\/www.santjosep.net\/?s={search_term_string}"},"query-input":{"@type":"PropertyValueSpecification","valueRequired":true,"valueName":"search_term_string"}}],"inLanguage":"ca"}]}},"_links":{"self":[{"href":"https:\/\/www.santjosep.net\/ca\/wp-json\/wp\/v2\/tribe_events\/31718","targetHints":{"allow":["GET"]}}],"collection":[{"href":"https:\/\/www.santjosep.net\/ca\/wp-json\/wp\/v2\/tribe_events"}],"about":[{"href":"https:\/\/www.santjosep.net\/ca\/wp-json\/wp\/v2\/types\/tribe_events"}],"author":[{"embeddable":true,"href":"https:\/\/www.santjosep.net\/ca\/wp-json\/wp\/v2\/users\/1"}],"version-history":[{"count":0,"href":"https:\/\/www.santjosep.net\/ca\/wp-json\/wp\/v2\/tribe_events\/31718\/revisions"}],"wp:featuredmedia":[{"embeddable":true,"href":"https:\/\/www.santjosep.net\/ca\/wp-json\/wp\/v2\/media\/31713"}],"wp:attachment":[{"href":"https:\/\/www.santjosep.net\/ca\/wp-json\/wp\/v2\/media?parent=31718"}],"wp:term":[{"taxonomy":"post_tag","embeddable":true,"href":"https:\/\/www.santjosep.net\/ca\/wp-json\/wp\/v2\/tags?post=31718"},{"taxonomy":"tribe_events_cat","embeddable":true,"href":"https:\/\/www.santjosep.net\/ca\/wp-json\/wp\/v2\/tribe_events_cat?post=31718"}],"curies":[{"name":"wp","href":"https:\/\/api.w.org\/{rel}","templated":true}]}}