{"id":31691,"date":"2022-02-23T12:49:14","date_gmt":"2022-02-23T11:49:14","guid":{"rendered":"https:\/\/www.santjosep.net\/evento\/iv-mostra-de-curtmetratges-dia-de-les-illes-balears\/"},"modified":"2022-02-23T12:49:14","modified_gmt":"2022-02-23T11:49:14","slug":"iv-mostra-de-curtmetratges-dia-de-les-illes-balears","status":"publish","type":"tribe_events","link":"https:\/\/www.santjosep.net\/ca\/esdeveniment\/iv-mostra-de-curtmetratges-dia-de-les-illes-balears\/","title":{"rendered":"IV mostra de curtmetratges dia de les Illes Balears"},"content":{"rendered":"<div class=\"curtsevent\">\n<div>\n<p><img loading=\"lazy\" decoding=\"async\" class=\"alignleft size-full wp-image-47574\" src=\"https:\/\/www.santjosep.org\/wp-content\/uploads\/2022\/02\/lluqui.jpg\" alt=\"\" width=\"212\" height=\"296\" \/><\/p>\n<p>T\u00edtol: <strong>Can Lluqu\u00ed<\/strong><br \/>\nAny de producci\u00f3: <strong>2018<\/strong><br \/>\nG\u00e8nere: <strong>Documental<\/strong><br \/>\nIlla\/ Idioma: <strong>Eivissa \/ catal\u00e0<\/strong><br \/>\nDuraci\u00f3: <strong>7 min<\/strong><br \/>\nDirector: <strong>Cristina Ramon<\/strong><br \/>\nGui\u00f3: <strong>Cristina Ramon<\/strong><br \/>\nInt\u00e8rprets: <strong>Cristina Ramon (veu en off).<\/strong><br \/>\nSinopsi: <strong>Can Lluqu\u00ed \u00e9s el nom de la casa on va n\u00e9ixer na Maria Serra. Seran els seus familiars els qui ens contaran la seva hist\u00f2ria. Un curtmetratge documental que ens permetr\u00e0 con\u00e8ixer m\u00e9s de prop la cultura popular eivissenca.<\/strong>\n<\/div>\n<hr>\n<div>\n<p><img loading=\"lazy\" decoding=\"async\" class=\"alignleft size-full wp-image-47589\" src=\"https:\/\/www.santjosep.org\/wp-content\/uploads\/2022\/02\/5horas.jpg\" alt=\"\" width=\"212\" height=\"296\" \/><\/p>\n<p>T\u00edtol: <strong>5 horas, 39 minutos, 25 segundos <\/strong><br \/>\nAny de producci\u00f3: <strong>2019<\/strong><br \/>\nG\u00e9nere: <strong>Drama<\/strong><br \/>\nIlla\/ Idioma: <strong>Eivissa \/ castell\u00e0<\/strong><br \/>\nDuraci\u00f3: <strong>23 min<\/strong><br \/>\nDirectora: <strong>Tom\u00e1s Rojo i Santiago Rindel<\/strong><br \/>\nGui\u00f3: <strong>Tom\u00e1s Rojo<\/strong><br \/>\nInt\u00e8rprets: <strong>Mikel Arostegui, Cristina Bravo, B\u00e1rbara de Lema. <\/strong><br \/>\nSinopsi: <strong>Quan Dami\u00e1n arriba al m\u00f3n, la seva salut \u00e9s molt delicada. Seguint la seva intu\u00efci\u00f3, una infermera decideix col\u00b7locar un altre nad\u00f3 al seu costat i la seva millora \u00e9s instant\u00e0nia. Vint-i-cinc anys despr\u00e9s, Dami\u00e1n va a buscar aquesta infermera.<\/strong>\n<\/div>\n<hr>\n<div>\n<p><img loading=\"lazy\" decoding=\"async\" class=\"alignleft size-full wp-image-47598\" src=\"https:\/\/www.santjosep.org\/wp-content\/uploads\/2022\/02\/avistamiento.jpg\" alt=\"\" width=\"212\" height=\"296\" \/><\/p>\n<p>T\u00edtol: <strong>Avistament 1978<\/strong><br \/>\nAny de producci\u00f3: <strong>2020<\/strong><br \/>\nG\u00e8nere: <strong>Fals documental<\/strong><br \/>\nIlla\/ Idioma: <strong>Mallorca \/ catal\u00e0 <\/strong><br \/>\nDuraci\u00f3: <strong>8 min<\/strong><br \/>\nDirectora:<strong> Guillem Mir\u00f3<\/strong><br \/>\nGui\u00f3: <strong>Guillem Mir\u00f3<\/strong><br \/>\nInt\u00e8rprets: <strong>Guillem Mir\u00f3.<\/strong><br \/>\nSinopsi: <strong>Un jove mallorqu\u00ed confinat a Barcelona disminueix la seva nost\u00e0lgia visitant el seu poble amb Google Maps. No tardar\u00e0 a descobrir que all\u00ed s\u2019estan produint una s\u00e8rie de successos paranormals.<\/strong>\n<\/div>\n<hr>\n<div>\n<p><img loading=\"lazy\" decoding=\"async\" class=\"alignleft size-full wp-image-47601\" src=\"https:\/\/www.santjosep.org\/wp-content\/uploads\/2022\/02\/sol.jpg\" alt=\"\" width=\"212\" height=\"296\" \/><\/p>\n<p>Titol: <strong>Sol sol<\/strong><br \/>\nAny de producci\u00f3: <strong>2021<\/strong><br \/>\nG\u00e8nere: <strong>Drama<\/strong><br \/>\nIlla\/ Idioma: <strong>Menorca \/ catal\u00e0<\/strong><br \/>\nDuraci\u00f3: <strong>11 min<\/strong><br \/>\nDirector: <strong>\u00c0lex Arroyo<\/strong><br \/>\nGui\u00f3: <strong>Miquel Gomila<\/strong><br \/>\nInt\u00e8rprets: <strong>Oriol Enrich, Ferran Sim\u00f3n, Blanca Noguera.<\/strong><br \/>\nSinopsi: <strong>Xavier \u00e9s un adolescent menorqu\u00ed que no se sent c\u00f2mode a casa. Quan un turista catal\u00e0 visita l&#8217;illa, Xavier intentar\u00e0 resoldre els seus problemes explorant la seva sexualitat.<\/strong>\n<\/div>\n<hr>\n<div>\n<p><img loading=\"lazy\" decoding=\"async\" class=\"alignleft size-full wp-image-47604\" src=\"https:\/\/www.santjosep.org\/wp-content\/uploads\/2022\/02\/ulisses.jpg\" alt=\"\" width=\"213\" height=\"296\" \/><\/p>\n<p>T\u00edtol: <strong>Ulisses<\/strong><br \/>\nAny de produccio: <strong>2020<\/strong><br \/>\nG\u00e8nere: <strong>Documental<\/strong><br \/>\nIlla\/ Idioma: <strong>Mallorca\/ Catal\u00e0, castell\u00e0, angl\u00e8s<\/strong><br \/>\nDuraci\u00f3: <strong>21 min<\/strong><br \/>\nDirector: <strong>Joan Bover<\/strong><br \/>\nGui\u00f3: <strong>Joan Bover, Javier G. Ler\u00edn<\/strong><br \/>\nInt\u00e8rprets: <strong>Albert L\u00f3pez, Orca Ulisses.<\/strong><br \/>\nSinopsi: <strong>El 19 de novembre de 1980, una cria d&#8217;orca va ser capturada en aig\u00fces d&#8217;Isl\u00e0ndia. La van batejar com Ulisses i, amb els anys, es va convertir en una de les estrelles del Zoo de Barcelona. Aquesta \u00e9s la hist\u00f2ria de la seva odissea.<\/strong>\n<\/div>\n<hr>\n<p class=\"ss-pdf pdfbig\"><a href=\"https:\/\/www.santjosep.org\/wp-content\/uploads\/2022\/02\/Programa-MCDIB-A4-full-2022.pdf\" target=\"_blank\" rel=\"noopener\"><span class=\"edgtf-social-icon-widget fa fa-file\"\"><\/span>Descarrega el Programa<\/a><\/p>\n<p><img loading=\"lazy\" decoding=\"async\" class=\"alignleft size-full wp-image-47611\" src=\"https:\/\/www.santjosep.org\/wp-content\/uploads\/2022\/02\/organitazan-curts.png\" alt=\"\" width=\"819\" height=\"239\" \/><\/p>\n<\/div>\n","protected":false},"excerpt":{"rendered":"<p>Projecci\u00f3 de 5 curtmetratges. Can Lluqu\u00ed. 5 horas, 39 minutos, 25 segundos. Avistament 1978. Sol sol. Ulisses.<\/p>\n","protected":false},"author":1,"featured_media":24097,"template":"","meta":{"_acf_changed":false,"inline_featured_image":false,"_tribe_events_status":"","_tribe_events_status_reason":"","footnotes":""},"tags":[],"tribe_events_cat":[187],"class_list":["post-31691","tribe_events","type-tribe_events","status-publish","has-post-thumbnail","hentry","tribe_events_cat-cultura","cat_cultura"],"acf":[],"yoast_head":"<!-- This site is optimized with the Yoast SEO plugin v25.7 - https:\/\/yoast.com\/wordpress\/plugins\/seo\/ -->\n<title>IV mostra de curtmetratges dia de les Illes Balears - Santjosep.net<\/title>\n<meta name=\"robots\" content=\"index, follow, max-snippet:-1, max-image-preview:large, max-video-preview:-1\" \/>\n<link rel=\"canonical\" href=\"https:\/\/www.santjosep.net\/ca\/esdeveniment\/iv-mostra-de-curtmetratges-dia-de-les-illes-balears\/\" \/>\n<meta property=\"og:locale\" content=\"ca_ES\" \/>\n<meta property=\"og:type\" content=\"article\" \/>\n<meta property=\"og:title\" content=\"IV mostra de curtmetratges dia de les Illes Balears - Santjosep.net\" \/>\n<meta property=\"og:description\" content=\"Projecci\u00f3 de 5 curtmetratges. Can Lluqu\u00ed. 5 horas, 39 minutos, 25 segundos. Avistament 1978. Sol sol. Ulisses.\" \/>\n<meta property=\"og:url\" content=\"https:\/\/www.santjosep.net\/ca\/esdeveniment\/iv-mostra-de-curtmetratges-dia-de-les-illes-balears\/\" \/>\n<meta property=\"og:site_name\" content=\"Santjosep.net\" \/>\n<meta property=\"og:image\" content=\"https:\/\/www.santjosep.net\/wp-content\/uploads\/2021\/03\/can-jeroni-fachada-trasera-scaled-1.jpg\" \/>\n\t<meta property=\"og:image:width\" content=\"1200\" \/>\n\t<meta property=\"og:image:height\" content=\"800\" \/>\n\t<meta property=\"og:image:type\" content=\"image\/jpeg\" \/>\n<meta name=\"twitter:card\" content=\"summary_large_image\" \/>\n<meta name=\"twitter:label1\" content=\"Temps estimat de lectura\" \/>\n\t<meta name=\"twitter:data1\" content=\"2 minuts\" \/>\n<script type=\"application\/ld+json\" class=\"yoast-schema-graph\">{\"@context\":\"https:\/\/schema.org\",\"@graph\":[{\"@type\":\"WebPage\",\"@id\":\"https:\/\/www.santjosep.net\/ca\/esdeveniment\/iv-mostra-de-curtmetratges-dia-de-les-illes-balears\/\",\"url\":\"https:\/\/www.santjosep.net\/ca\/esdeveniment\/iv-mostra-de-curtmetratges-dia-de-les-illes-balears\/\",\"name\":\"IV mostra de curtmetratges dia de les Illes Balears - Santjosep.net\",\"isPartOf\":{\"@id\":\"https:\/\/www.santjosep.net\/#website\"},\"primaryImageOfPage\":{\"@id\":\"https:\/\/www.santjosep.net\/ca\/esdeveniment\/iv-mostra-de-curtmetratges-dia-de-les-illes-balears\/#primaryimage\"},\"image\":{\"@id\":\"https:\/\/www.santjosep.net\/ca\/esdeveniment\/iv-mostra-de-curtmetratges-dia-de-les-illes-balears\/#primaryimage\"},\"thumbnailUrl\":\"https:\/\/www.santjosep.net\/wp-content\/uploads\/2021\/03\/can-jeroni-fachada-trasera-scaled-1.jpg\",\"datePublished\":\"2022-02-23T11:49:14+00:00\",\"breadcrumb\":{\"@id\":\"https:\/\/www.santjosep.net\/ca\/esdeveniment\/iv-mostra-de-curtmetratges-dia-de-les-illes-balears\/#breadcrumb\"},\"inLanguage\":\"ca\",\"potentialAction\":[{\"@type\":\"ReadAction\",\"target\":[\"https:\/\/www.santjosep.net\/ca\/esdeveniment\/iv-mostra-de-curtmetratges-dia-de-les-illes-balears\/\"]}]},{\"@type\":\"ImageObject\",\"inLanguage\":\"ca\",\"@id\":\"https:\/\/www.santjosep.net\/ca\/esdeveniment\/iv-mostra-de-curtmetratges-dia-de-les-illes-balears\/#primaryimage\",\"url\":\"https:\/\/www.santjosep.net\/wp-content\/uploads\/2021\/03\/can-jeroni-fachada-trasera-scaled-1.jpg\",\"contentUrl\":\"https:\/\/www.santjosep.net\/wp-content\/uploads\/2021\/03\/can-jeroni-fachada-trasera-scaled-1.jpg\",\"width\":1200,\"height\":800},{\"@type\":\"BreadcrumbList\",\"@id\":\"https:\/\/www.santjosep.net\/ca\/esdeveniment\/iv-mostra-de-curtmetratges-dia-de-les-illes-balears\/#breadcrumb\",\"itemListElement\":[{\"@type\":\"ListItem\",\"position\":1,\"name\":\"Eventos\",\"item\":\"https:\/\/www.santjosep.net\/agenda\/\"},{\"@type\":\"ListItem\",\"position\":2,\"name\":\"IV mostra de curtmetratges dia de les Illes Balears\"}]},{\"@type\":\"WebSite\",\"@id\":\"https:\/\/www.santjosep.net\/#website\",\"url\":\"https:\/\/www.santjosep.net\/\",\"name\":\"Santjosep.net\",\"description\":\"\",\"potentialAction\":[{\"@type\":\"SearchAction\",\"target\":{\"@type\":\"EntryPoint\",\"urlTemplate\":\"https:\/\/www.santjosep.net\/?s={search_term_string}\"},\"query-input\":{\"@type\":\"PropertyValueSpecification\",\"valueRequired\":true,\"valueName\":\"search_term_string\"}}],\"inLanguage\":\"ca\"}]}<\/script>\n<!-- \/ Yoast SEO plugin. -->","yoast_head_json":{"title":"IV mostra de curtmetratges dia de les Illes Balears - Santjosep.net","robots":{"index":"index","follow":"follow","max-snippet":"max-snippet:-1","max-image-preview":"max-image-preview:large","max-video-preview":"max-video-preview:-1"},"canonical":"https:\/\/www.santjosep.net\/ca\/esdeveniment\/iv-mostra-de-curtmetratges-dia-de-les-illes-balears\/","og_locale":"ca_ES","og_type":"article","og_title":"IV mostra de curtmetratges dia de les Illes Balears - Santjosep.net","og_description":"Projecci\u00f3 de 5 curtmetratges. Can Lluqu\u00ed. 5 horas, 39 minutos, 25 segundos. Avistament 1978. Sol sol. Ulisses.","og_url":"https:\/\/www.santjosep.net\/ca\/esdeveniment\/iv-mostra-de-curtmetratges-dia-de-les-illes-balears\/","og_site_name":"Santjosep.net","og_image":[{"width":1200,"height":800,"url":"https:\/\/www.santjosep.net\/wp-content\/uploads\/2021\/03\/can-jeroni-fachada-trasera-scaled-1.jpg","type":"image\/jpeg"}],"twitter_card":"summary_large_image","twitter_misc":{"Temps estimat de lectura":"2 minuts"},"schema":{"@context":"https:\/\/schema.org","@graph":[{"@type":"WebPage","@id":"https:\/\/www.santjosep.net\/ca\/esdeveniment\/iv-mostra-de-curtmetratges-dia-de-les-illes-balears\/","url":"https:\/\/www.santjosep.net\/ca\/esdeveniment\/iv-mostra-de-curtmetratges-dia-de-les-illes-balears\/","name":"IV mostra de curtmetratges dia de les Illes Balears - Santjosep.net","isPartOf":{"@id":"https:\/\/www.santjosep.net\/#website"},"primaryImageOfPage":{"@id":"https:\/\/www.santjosep.net\/ca\/esdeveniment\/iv-mostra-de-curtmetratges-dia-de-les-illes-balears\/#primaryimage"},"image":{"@id":"https:\/\/www.santjosep.net\/ca\/esdeveniment\/iv-mostra-de-curtmetratges-dia-de-les-illes-balears\/#primaryimage"},"thumbnailUrl":"https:\/\/www.santjosep.net\/wp-content\/uploads\/2021\/03\/can-jeroni-fachada-trasera-scaled-1.jpg","datePublished":"2022-02-23T11:49:14+00:00","breadcrumb":{"@id":"https:\/\/www.santjosep.net\/ca\/esdeveniment\/iv-mostra-de-curtmetratges-dia-de-les-illes-balears\/#breadcrumb"},"inLanguage":"ca","potentialAction":[{"@type":"ReadAction","target":["https:\/\/www.santjosep.net\/ca\/esdeveniment\/iv-mostra-de-curtmetratges-dia-de-les-illes-balears\/"]}]},{"@type":"ImageObject","inLanguage":"ca","@id":"https:\/\/www.santjosep.net\/ca\/esdeveniment\/iv-mostra-de-curtmetratges-dia-de-les-illes-balears\/#primaryimage","url":"https:\/\/www.santjosep.net\/wp-content\/uploads\/2021\/03\/can-jeroni-fachada-trasera-scaled-1.jpg","contentUrl":"https:\/\/www.santjosep.net\/wp-content\/uploads\/2021\/03\/can-jeroni-fachada-trasera-scaled-1.jpg","width":1200,"height":800},{"@type":"BreadcrumbList","@id":"https:\/\/www.santjosep.net\/ca\/esdeveniment\/iv-mostra-de-curtmetratges-dia-de-les-illes-balears\/#breadcrumb","itemListElement":[{"@type":"ListItem","position":1,"name":"Eventos","item":"https:\/\/www.santjosep.net\/agenda\/"},{"@type":"ListItem","position":2,"name":"IV mostra de curtmetratges dia de les Illes Balears"}]},{"@type":"WebSite","@id":"https:\/\/www.santjosep.net\/#website","url":"https:\/\/www.santjosep.net\/","name":"Santjosep.net","description":"","potentialAction":[{"@type":"SearchAction","target":{"@type":"EntryPoint","urlTemplate":"https:\/\/www.santjosep.net\/?s={search_term_string}"},"query-input":{"@type":"PropertyValueSpecification","valueRequired":true,"valueName":"search_term_string"}}],"inLanguage":"ca"}]}},"_links":{"self":[{"href":"https:\/\/www.santjosep.net\/ca\/wp-json\/wp\/v2\/tribe_events\/31691","targetHints":{"allow":["GET"]}}],"collection":[{"href":"https:\/\/www.santjosep.net\/ca\/wp-json\/wp\/v2\/tribe_events"}],"about":[{"href":"https:\/\/www.santjosep.net\/ca\/wp-json\/wp\/v2\/types\/tribe_events"}],"author":[{"embeddable":true,"href":"https:\/\/www.santjosep.net\/ca\/wp-json\/wp\/v2\/users\/1"}],"version-history":[{"count":0,"href":"https:\/\/www.santjosep.net\/ca\/wp-json\/wp\/v2\/tribe_events\/31691\/revisions"}],"wp:featuredmedia":[{"embeddable":true,"href":"https:\/\/www.santjosep.net\/ca\/wp-json\/wp\/v2\/media\/24097"}],"wp:attachment":[{"href":"https:\/\/www.santjosep.net\/ca\/wp-json\/wp\/v2\/media?parent=31691"}],"wp:term":[{"taxonomy":"post_tag","embeddable":true,"href":"https:\/\/www.santjosep.net\/ca\/wp-json\/wp\/v2\/tags?post=31691"},{"taxonomy":"tribe_events_cat","embeddable":true,"href":"https:\/\/www.santjosep.net\/ca\/wp-json\/wp\/v2\/tribe_events_cat?post=31691"}],"curies":[{"name":"wp","href":"https:\/\/api.w.org\/{rel}","templated":true}]}}