{"id":22594,"date":"2020-06-24T10:16:32","date_gmt":"2020-06-24T08:16:32","guid":{"rendered":"https:\/\/www.santjosep.net\/evento\/exposicion-taller-de-ceramica\/"},"modified":"2020-06-24T10:18:03","modified_gmt":"2020-06-24T08:18:03","slug":"exposicio-taller-de-ceramica","status":"publish","type":"tribe_events","link":"https:\/\/www.santjosep.net\/ca\/esdeveniment\/exposicio-taller-de-ceramica\/","title":{"rendered":"Exposici\u00f3 taller de cer\u00e0mica"},"content":{"rendered":"<p>Exposici\u00f3 dels participants en el Taller de cer\u00e0mica que imparteix Toniet.<\/p>\n<p>Exposici\u00f3 del 26 de juny al 12 de juliol a la sala d&#8217;Exposicions de Can Jeroni.<\/p>\n<p><strong>Participants:<\/strong><br \/>\nIv\u00e1n \u00c1lvarez, Vale Fieschi Mar\u00ed, Paloma Garc\u00eda del Barrio, Lola Garrido Luna, Laura Julve Mart\u00ednez, Catalina Mar\u00ed Tur, Juan Olmo, Amparo P\u00e9rez Mas, Margalida Prats Ribas, Maria Prats Ribas, Kika S\u00e1nchez Pastor, Eduardo Tejada Canongia, Esperan\u00e7a Torres Ribas, Esperan\u00e7a Tur Ribas i Francisca Tur Tur.<\/p>\n<p><strong>Horari:<\/strong><br \/>\nDe dimarts a diumenge, d\u201911.00 a 13.30 h<br \/>\nDe dijous a diumenge, de 19.00 a 21.00 h<br \/>\nDilluns tancat<\/p>\n","protected":false},"excerpt":{"rendered":"<p>Exposici\u00f3 dels participants en el Taller de cer\u00e0mica que imparteix Toniet. Exposici\u00f3 del 26 de juny al 12 de juliol a la sala d&#8217;Exposicions de Can Jeroni. Participants: Iv\u00e1n \u00c1lvarez, Vale Fieschi Mar\u00ed, Paloma Garc\u00eda del Barrio, Lola Garrido Luna, [&hellip;]<\/p>\n","protected":false},"author":1,"featured_media":22589,"template":"","meta":{"_acf_changed":false,"inline_featured_image":false,"_tribe_events_status":"","_tribe_events_status_reason":"","footnotes":""},"tags":[],"tribe_events_cat":[187],"class_list":["post-22594","tribe_events","type-tribe_events","status-publish","has-post-thumbnail","hentry","tribe_events_cat-cultura","cat_cultura"],"acf":[],"yoast_head":"<!-- This site is optimized with the Yoast SEO plugin v25.7 - https:\/\/yoast.com\/wordpress\/plugins\/seo\/ -->\n<title>Exposici\u00f3 taller de cer\u00e0mica - Santjosep.net<\/title>\n<meta name=\"robots\" content=\"index, follow, max-snippet:-1, max-image-preview:large, max-video-preview:-1\" \/>\n<link rel=\"canonical\" href=\"https:\/\/www.santjosep.net\/ca\/esdeveniment\/exposicio-taller-de-ceramica\/\" \/>\n<meta property=\"og:locale\" content=\"ca_ES\" \/>\n<meta property=\"og:type\" content=\"article\" \/>\n<meta property=\"og:title\" content=\"Exposici\u00f3 taller de cer\u00e0mica - Santjosep.net\" \/>\n<meta property=\"og:description\" content=\"Exposici\u00f3 dels participants en el Taller de cer\u00e0mica que imparteix Toniet. Exposici\u00f3 del 26 de juny al 12 de juliol a la sala d&#8217;Exposicions de Can Jeroni. Participants: Iv\u00e1n \u00c1lvarez, Vale Fieschi Mar\u00ed, Paloma Garc\u00eda del Barrio, Lola Garrido Luna, [&hellip;]\" \/>\n<meta property=\"og:url\" content=\"https:\/\/www.santjosep.net\/ca\/esdeveniment\/exposicio-taller-de-ceramica\/\" \/>\n<meta property=\"og:site_name\" content=\"Santjosep.net\" \/>\n<meta property=\"article:modified_time\" content=\"2020-06-24T08:18:03+00:00\" \/>\n<meta property=\"og:image\" content=\"https:\/\/www.santjosep.net\/wp-content\/uploads\/2020\/06\/Kika.jpg\" \/>\n\t<meta property=\"og:image:width\" content=\"1600\" \/>\n\t<meta property=\"og:image:height\" content=\"900\" \/>\n\t<meta property=\"og:image:type\" content=\"image\/jpeg\" \/>\n<meta name=\"twitter:card\" content=\"summary_large_image\" \/>\n<script type=\"application\/ld+json\" class=\"yoast-schema-graph\">{\"@context\":\"https:\/\/schema.org\",\"@graph\":[{\"@type\":\"WebPage\",\"@id\":\"https:\/\/www.santjosep.net\/ca\/esdeveniment\/exposicio-taller-de-ceramica\/\",\"url\":\"https:\/\/www.santjosep.net\/ca\/esdeveniment\/exposicio-taller-de-ceramica\/\",\"name\":\"Exposici\u00f3 taller de cer\u00e0mica - Santjosep.net\",\"isPartOf\":{\"@id\":\"https:\/\/www.santjosep.net\/#website\"},\"primaryImageOfPage\":{\"@id\":\"https:\/\/www.santjosep.net\/ca\/esdeveniment\/exposicio-taller-de-ceramica\/#primaryimage\"},\"image\":{\"@id\":\"https:\/\/www.santjosep.net\/ca\/esdeveniment\/exposicio-taller-de-ceramica\/#primaryimage\"},\"thumbnailUrl\":\"https:\/\/www.santjosep.net\/wp-content\/uploads\/2020\/06\/Kika.jpg\",\"datePublished\":\"2020-06-24T08:16:32+00:00\",\"dateModified\":\"2020-06-24T08:18:03+00:00\",\"breadcrumb\":{\"@id\":\"https:\/\/www.santjosep.net\/ca\/esdeveniment\/exposicio-taller-de-ceramica\/#breadcrumb\"},\"inLanguage\":\"ca\",\"potentialAction\":[{\"@type\":\"ReadAction\",\"target\":[\"https:\/\/www.santjosep.net\/ca\/esdeveniment\/exposicio-taller-de-ceramica\/\"]}]},{\"@type\":\"ImageObject\",\"inLanguage\":\"ca\",\"@id\":\"https:\/\/www.santjosep.net\/ca\/esdeveniment\/exposicio-taller-de-ceramica\/#primaryimage\",\"url\":\"https:\/\/www.santjosep.net\/wp-content\/uploads\/2020\/06\/Kika.jpg\",\"contentUrl\":\"https:\/\/www.santjosep.net\/wp-content\/uploads\/2020\/06\/Kika.jpg\",\"width\":1600,\"height\":900,\"caption\":\"Exposici\u00f3n taller de cer\u00e1mica en Can Jeroni\"},{\"@type\":\"BreadcrumbList\",\"@id\":\"https:\/\/www.santjosep.net\/ca\/esdeveniment\/exposicio-taller-de-ceramica\/#breadcrumb\",\"itemListElement\":[{\"@type\":\"ListItem\",\"position\":1,\"name\":\"Eventos\",\"item\":\"https:\/\/www.santjosep.net\/agenda\/\"},{\"@type\":\"ListItem\",\"position\":2,\"name\":\"Exposici\u00f3 taller de cer\u00e0mica\"}]},{\"@type\":\"WebSite\",\"@id\":\"https:\/\/www.santjosep.net\/#website\",\"url\":\"https:\/\/www.santjosep.net\/\",\"name\":\"Santjosep.net\",\"description\":\"\",\"potentialAction\":[{\"@type\":\"SearchAction\",\"target\":{\"@type\":\"EntryPoint\",\"urlTemplate\":\"https:\/\/www.santjosep.net\/?s={search_term_string}\"},\"query-input\":{\"@type\":\"PropertyValueSpecification\",\"valueRequired\":true,\"valueName\":\"search_term_string\"}}],\"inLanguage\":\"ca\"}]}<\/script>\n<!-- \/ Yoast SEO plugin. -->","yoast_head_json":{"title":"Exposici\u00f3 taller de cer\u00e0mica - Santjosep.net","robots":{"index":"index","follow":"follow","max-snippet":"max-snippet:-1","max-image-preview":"max-image-preview:large","max-video-preview":"max-video-preview:-1"},"canonical":"https:\/\/www.santjosep.net\/ca\/esdeveniment\/exposicio-taller-de-ceramica\/","og_locale":"ca_ES","og_type":"article","og_title":"Exposici\u00f3 taller de cer\u00e0mica - Santjosep.net","og_description":"Exposici\u00f3 dels participants en el Taller de cer\u00e0mica que imparteix Toniet. Exposici\u00f3 del 26 de juny al 12 de juliol a la sala d&#8217;Exposicions de Can Jeroni. Participants: Iv\u00e1n \u00c1lvarez, Vale Fieschi Mar\u00ed, Paloma Garc\u00eda del Barrio, Lola Garrido Luna, [&hellip;]","og_url":"https:\/\/www.santjosep.net\/ca\/esdeveniment\/exposicio-taller-de-ceramica\/","og_site_name":"Santjosep.net","article_modified_time":"2020-06-24T08:18:03+00:00","og_image":[{"width":1600,"height":900,"url":"https:\/\/www.santjosep.net\/wp-content\/uploads\/2020\/06\/Kika.jpg","type":"image\/jpeg"}],"twitter_card":"summary_large_image","schema":{"@context":"https:\/\/schema.org","@graph":[{"@type":"WebPage","@id":"https:\/\/www.santjosep.net\/ca\/esdeveniment\/exposicio-taller-de-ceramica\/","url":"https:\/\/www.santjosep.net\/ca\/esdeveniment\/exposicio-taller-de-ceramica\/","name":"Exposici\u00f3 taller de cer\u00e0mica - Santjosep.net","isPartOf":{"@id":"https:\/\/www.santjosep.net\/#website"},"primaryImageOfPage":{"@id":"https:\/\/www.santjosep.net\/ca\/esdeveniment\/exposicio-taller-de-ceramica\/#primaryimage"},"image":{"@id":"https:\/\/www.santjosep.net\/ca\/esdeveniment\/exposicio-taller-de-ceramica\/#primaryimage"},"thumbnailUrl":"https:\/\/www.santjosep.net\/wp-content\/uploads\/2020\/06\/Kika.jpg","datePublished":"2020-06-24T08:16:32+00:00","dateModified":"2020-06-24T08:18:03+00:00","breadcrumb":{"@id":"https:\/\/www.santjosep.net\/ca\/esdeveniment\/exposicio-taller-de-ceramica\/#breadcrumb"},"inLanguage":"ca","potentialAction":[{"@type":"ReadAction","target":["https:\/\/www.santjosep.net\/ca\/esdeveniment\/exposicio-taller-de-ceramica\/"]}]},{"@type":"ImageObject","inLanguage":"ca","@id":"https:\/\/www.santjosep.net\/ca\/esdeveniment\/exposicio-taller-de-ceramica\/#primaryimage","url":"https:\/\/www.santjosep.net\/wp-content\/uploads\/2020\/06\/Kika.jpg","contentUrl":"https:\/\/www.santjosep.net\/wp-content\/uploads\/2020\/06\/Kika.jpg","width":1600,"height":900,"caption":"Exposici\u00f3n taller de cer\u00e1mica en Can Jeroni"},{"@type":"BreadcrumbList","@id":"https:\/\/www.santjosep.net\/ca\/esdeveniment\/exposicio-taller-de-ceramica\/#breadcrumb","itemListElement":[{"@type":"ListItem","position":1,"name":"Eventos","item":"https:\/\/www.santjosep.net\/agenda\/"},{"@type":"ListItem","position":2,"name":"Exposici\u00f3 taller de cer\u00e0mica"}]},{"@type":"WebSite","@id":"https:\/\/www.santjosep.net\/#website","url":"https:\/\/www.santjosep.net\/","name":"Santjosep.net","description":"","potentialAction":[{"@type":"SearchAction","target":{"@type":"EntryPoint","urlTemplate":"https:\/\/www.santjosep.net\/?s={search_term_string}"},"query-input":{"@type":"PropertyValueSpecification","valueRequired":true,"valueName":"search_term_string"}}],"inLanguage":"ca"}]}},"_links":{"self":[{"href":"https:\/\/www.santjosep.net\/ca\/wp-json\/wp\/v2\/tribe_events\/22594","targetHints":{"allow":["GET"]}}],"collection":[{"href":"https:\/\/www.santjosep.net\/ca\/wp-json\/wp\/v2\/tribe_events"}],"about":[{"href":"https:\/\/www.santjosep.net\/ca\/wp-json\/wp\/v2\/types\/tribe_events"}],"author":[{"embeddable":true,"href":"https:\/\/www.santjosep.net\/ca\/wp-json\/wp\/v2\/users\/1"}],"version-history":[{"count":0,"href":"https:\/\/www.santjosep.net\/ca\/wp-json\/wp\/v2\/tribe_events\/22594\/revisions"}],"wp:featuredmedia":[{"embeddable":true,"href":"https:\/\/www.santjosep.net\/ca\/wp-json\/wp\/v2\/media\/22589"}],"wp:attachment":[{"href":"https:\/\/www.santjosep.net\/ca\/wp-json\/wp\/v2\/media?parent=22594"}],"wp:term":[{"taxonomy":"post_tag","embeddable":true,"href":"https:\/\/www.santjosep.net\/ca\/wp-json\/wp\/v2\/tags?post=22594"},{"taxonomy":"tribe_events_cat","embeddable":true,"href":"https:\/\/www.santjosep.net\/ca\/wp-json\/wp\/v2\/tribe_events_cat?post=22594"}],"curies":[{"name":"wp","href":"https:\/\/api.w.org\/{rel}","templated":true}]}}