{"id":21970,"date":"2020-02-13T11:48:15","date_gmt":"2020-02-13T10:48:15","guid":{"rendered":"https:\/\/www.santjosep.net\/evento\/ibiza-media-maraton-2\/"},"modified":"2021-10-27T11:00:15","modified_gmt":"2021-10-27T09:00:15","slug":"mitja-marato-deivissa","status":"publish","type":"tribe_events","link":"https:\/\/www.santjosep.net\/ca\/esdeveniment\/mitja-marato-deivissa\/","title":{"rendered":"Mitja Marat\u00f3 d\u2019Eivissa"},"content":{"rendered":"<p>Escull entre l\u2019aut\u00e8ntica Mitja Marat\u00f3 d\u2019Eivissa o un 10 km llest per cremar sabatilles.<\/p>\n<p>La Mitja Marat\u00f3 d\u2019EIVISSA et portar\u00e0, cobrint la dist\u00e0ncia oficial homologada per la Real Federaci\u00f3 Espanyola d\u2019Atletisme, per llocs pintorescos de l\u2019illa, des de la localitat de Sant Josep fins al mateix casc antic d\u2019Eivissa, passant per llocs tan ic\u00f2nics como la Cala Jondal o Sant Jordi.<\/p>\n<p>Tant si competeixes a la prova de 10 quil\u00f2metres com a la Mitja Marat\u00f3 21 km, disposar\u00e0s d\u2019un r\u00e0pid recorregut amb la mateixa arribada a meta i els mateixos \u00e0nims d\u2019amics, familiars, afeccionats i el p\u00fablic eivissenc, a m\u00e9s dels serveis al corredor que<br \/>\nhan fet d\u2019aquesta prova esportiva una refer\u00e8ncia m\u00e9s enll\u00e0 de les fronteres de l\u2019illa d\u2019Eivissa.<\/p>\n<blockquote class=\"wp-embedded-content\" data-secret=\"3ybEDe2PgG\"><p><a href=\"https:\/\/ibizamediamaraton.com\/\">Ibiza Media Marat\u00f3n | Ibiza Run &#038; Fun<\/a><\/p><\/blockquote>\n<p><iframe loading=\"lazy\" class=\"wp-embedded-content\" sandbox=\"allow-scripts\" security=\"restricted\" style=\"position: absolute; clip: rect(1px, 1px, 1px, 1px);\" title=\"\u00abIbiza Media Marat\u00f3n | Ibiza Run &#038; Fun\u00bb \u2014 Ibiza Media Marat\u00f3n\" src=\"https:\/\/ibizamediamaraton.com\/embed\/#?secret=3ybEDe2PgG\" data-secret=\"3ybEDe2PgG\" width=\"600\" height=\"338\" frameborder=\"0\" marginwidth=\"0\" marginheight=\"0\" scrolling=\"no\"><\/iframe><\/p>\n","protected":false},"excerpt":{"rendered":"<p>Escull entre l\u2019aut\u00e8ntica Mitja Marat\u00f3 d\u2019Eivissa o un 10 km llest per cremar sabatilles. La Mitja Marat\u00f3 d\u2019EIVISSA et portar\u00e0, cobrint la dist\u00e0ncia oficial homologada per la Real Federaci\u00f3 Espanyola d\u2019Atletisme, per llocs pintorescos de l\u2019illa, des de la localitat [&hellip;]<\/p>\n","protected":false},"author":1,"featured_media":25248,"template":"","meta":{"_acf_changed":false,"inline_featured_image":false,"_tribe_events_status":"","_tribe_events_status_reason":"","footnotes":""},"tags":[],"tribe_events_cat":[215],"class_list":["post-21970","tribe_events","type-tribe_events","status-publish","has-post-thumbnail","hentry","tribe_events_cat-esport","cat_esport"],"acf":[],"yoast_head":"<!-- This site is optimized with the Yoast SEO plugin v25.7 - https:\/\/yoast.com\/wordpress\/plugins\/seo\/ -->\n<title>Mitja Marat\u00f3 d\u2019Eivissa - Santjosep.net<\/title>\n<meta name=\"robots\" content=\"index, follow, max-snippet:-1, max-image-preview:large, max-video-preview:-1\" \/>\n<link rel=\"canonical\" href=\"https:\/\/www.santjosep.net\/ca\/esdeveniment\/mitja-marato-deivissa\/\" \/>\n<meta property=\"og:locale\" content=\"ca_ES\" \/>\n<meta property=\"og:type\" content=\"article\" \/>\n<meta property=\"og:title\" content=\"Mitja Marat\u00f3 d\u2019Eivissa - Santjosep.net\" \/>\n<meta property=\"og:description\" content=\"Escull entre l\u2019aut\u00e8ntica Mitja Marat\u00f3 d\u2019Eivissa o un 10 km llest per cremar sabatilles. La Mitja Marat\u00f3 d\u2019EIVISSA et portar\u00e0, cobrint la dist\u00e0ncia oficial homologada per la Real Federaci\u00f3 Espanyola d\u2019Atletisme, per llocs pintorescos de l\u2019illa, des de la localitat [&hellip;]\" \/>\n<meta property=\"og:url\" content=\"https:\/\/www.santjosep.net\/ca\/esdeveniment\/mitja-marato-deivissa\/\" \/>\n<meta property=\"og:site_name\" content=\"Santjosep.net\" \/>\n<meta property=\"article:modified_time\" content=\"2021-10-27T09:00:15+00:00\" \/>\n<meta property=\"og:image\" content=\"https:\/\/www.santjosep.net\/wp-content\/uploads\/2020\/02\/media-maraton-ibiza-2019_0057_1200px_jon-izeta.jpg\" \/>\n\t<meta property=\"og:image:width\" content=\"1200\" \/>\n\t<meta property=\"og:image:height\" content=\"798\" \/>\n\t<meta property=\"og:image:type\" content=\"image\/jpeg\" \/>\n<meta name=\"twitter:card\" content=\"summary_large_image\" \/>\n<meta name=\"twitter:label1\" content=\"Temps estimat de lectura\" \/>\n\t<meta name=\"twitter:data1\" content=\"1 minut\" \/>\n<script type=\"application\/ld+json\" class=\"yoast-schema-graph\">{\"@context\":\"https:\/\/schema.org\",\"@graph\":[{\"@type\":\"WebPage\",\"@id\":\"https:\/\/www.santjosep.net\/ca\/esdeveniment\/mitja-marato-deivissa\/\",\"url\":\"https:\/\/www.santjosep.net\/ca\/esdeveniment\/mitja-marato-deivissa\/\",\"name\":\"Mitja Marat\u00f3 d\u2019Eivissa - Santjosep.net\",\"isPartOf\":{\"@id\":\"https:\/\/www.santjosep.net\/#website\"},\"primaryImageOfPage\":{\"@id\":\"https:\/\/www.santjosep.net\/ca\/esdeveniment\/mitja-marato-deivissa\/#primaryimage\"},\"image\":{\"@id\":\"https:\/\/www.santjosep.net\/ca\/esdeveniment\/mitja-marato-deivissa\/#primaryimage\"},\"thumbnailUrl\":\"https:\/\/www.santjosep.net\/wp-content\/uploads\/2020\/02\/media-maraton-ibiza-2019_0057_1200px_jon-izeta.jpg\",\"datePublished\":\"2020-02-13T10:48:15+00:00\",\"dateModified\":\"2021-10-27T09:00:15+00:00\",\"breadcrumb\":{\"@id\":\"https:\/\/www.santjosep.net\/ca\/esdeveniment\/mitja-marato-deivissa\/#breadcrumb\"},\"inLanguage\":\"ca\",\"potentialAction\":[{\"@type\":\"ReadAction\",\"target\":[\"https:\/\/www.santjosep.net\/ca\/esdeveniment\/mitja-marato-deivissa\/\"]}]},{\"@type\":\"ImageObject\",\"inLanguage\":\"ca\",\"@id\":\"https:\/\/www.santjosep.net\/ca\/esdeveniment\/mitja-marato-deivissa\/#primaryimage\",\"url\":\"https:\/\/www.santjosep.net\/wp-content\/uploads\/2020\/02\/media-maraton-ibiza-2019_0057_1200px_jon-izeta.jpg\",\"contentUrl\":\"https:\/\/www.santjosep.net\/wp-content\/uploads\/2020\/02\/media-maraton-ibiza-2019_0057_1200px_jon-izeta.jpg\",\"width\":1200,\"height\":798},{\"@type\":\"BreadcrumbList\",\"@id\":\"https:\/\/www.santjosep.net\/ca\/esdeveniment\/mitja-marato-deivissa\/#breadcrumb\",\"itemListElement\":[{\"@type\":\"ListItem\",\"position\":1,\"name\":\"Eventos\",\"item\":\"https:\/\/www.santjosep.net\/agenda\/\"},{\"@type\":\"ListItem\",\"position\":2,\"name\":\"Mitja Marat\u00f3 d\u2019Eivissa\"}]},{\"@type\":\"WebSite\",\"@id\":\"https:\/\/www.santjosep.net\/#website\",\"url\":\"https:\/\/www.santjosep.net\/\",\"name\":\"Santjosep.net\",\"description\":\"\",\"potentialAction\":[{\"@type\":\"SearchAction\",\"target\":{\"@type\":\"EntryPoint\",\"urlTemplate\":\"https:\/\/www.santjosep.net\/?s={search_term_string}\"},\"query-input\":{\"@type\":\"PropertyValueSpecification\",\"valueRequired\":true,\"valueName\":\"search_term_string\"}}],\"inLanguage\":\"ca\"}]}<\/script>\n<!-- \/ Yoast SEO plugin. -->","yoast_head_json":{"title":"Mitja Marat\u00f3 d\u2019Eivissa - Santjosep.net","robots":{"index":"index","follow":"follow","max-snippet":"max-snippet:-1","max-image-preview":"max-image-preview:large","max-video-preview":"max-video-preview:-1"},"canonical":"https:\/\/www.santjosep.net\/ca\/esdeveniment\/mitja-marato-deivissa\/","og_locale":"ca_ES","og_type":"article","og_title":"Mitja Marat\u00f3 d\u2019Eivissa - Santjosep.net","og_description":"Escull entre l\u2019aut\u00e8ntica Mitja Marat\u00f3 d\u2019Eivissa o un 10 km llest per cremar sabatilles. La Mitja Marat\u00f3 d\u2019EIVISSA et portar\u00e0, cobrint la dist\u00e0ncia oficial homologada per la Real Federaci\u00f3 Espanyola d\u2019Atletisme, per llocs pintorescos de l\u2019illa, des de la localitat [&hellip;]","og_url":"https:\/\/www.santjosep.net\/ca\/esdeveniment\/mitja-marato-deivissa\/","og_site_name":"Santjosep.net","article_modified_time":"2021-10-27T09:00:15+00:00","og_image":[{"width":1200,"height":798,"url":"https:\/\/www.santjosep.net\/wp-content\/uploads\/2020\/02\/media-maraton-ibiza-2019_0057_1200px_jon-izeta.jpg","type":"image\/jpeg"}],"twitter_card":"summary_large_image","twitter_misc":{"Temps estimat de lectura":"1 minut"},"schema":{"@context":"https:\/\/schema.org","@graph":[{"@type":"WebPage","@id":"https:\/\/www.santjosep.net\/ca\/esdeveniment\/mitja-marato-deivissa\/","url":"https:\/\/www.santjosep.net\/ca\/esdeveniment\/mitja-marato-deivissa\/","name":"Mitja Marat\u00f3 d\u2019Eivissa - Santjosep.net","isPartOf":{"@id":"https:\/\/www.santjosep.net\/#website"},"primaryImageOfPage":{"@id":"https:\/\/www.santjosep.net\/ca\/esdeveniment\/mitja-marato-deivissa\/#primaryimage"},"image":{"@id":"https:\/\/www.santjosep.net\/ca\/esdeveniment\/mitja-marato-deivissa\/#primaryimage"},"thumbnailUrl":"https:\/\/www.santjosep.net\/wp-content\/uploads\/2020\/02\/media-maraton-ibiza-2019_0057_1200px_jon-izeta.jpg","datePublished":"2020-02-13T10:48:15+00:00","dateModified":"2021-10-27T09:00:15+00:00","breadcrumb":{"@id":"https:\/\/www.santjosep.net\/ca\/esdeveniment\/mitja-marato-deivissa\/#breadcrumb"},"inLanguage":"ca","potentialAction":[{"@type":"ReadAction","target":["https:\/\/www.santjosep.net\/ca\/esdeveniment\/mitja-marato-deivissa\/"]}]},{"@type":"ImageObject","inLanguage":"ca","@id":"https:\/\/www.santjosep.net\/ca\/esdeveniment\/mitja-marato-deivissa\/#primaryimage","url":"https:\/\/www.santjosep.net\/wp-content\/uploads\/2020\/02\/media-maraton-ibiza-2019_0057_1200px_jon-izeta.jpg","contentUrl":"https:\/\/www.santjosep.net\/wp-content\/uploads\/2020\/02\/media-maraton-ibiza-2019_0057_1200px_jon-izeta.jpg","width":1200,"height":798},{"@type":"BreadcrumbList","@id":"https:\/\/www.santjosep.net\/ca\/esdeveniment\/mitja-marato-deivissa\/#breadcrumb","itemListElement":[{"@type":"ListItem","position":1,"name":"Eventos","item":"https:\/\/www.santjosep.net\/agenda\/"},{"@type":"ListItem","position":2,"name":"Mitja Marat\u00f3 d\u2019Eivissa"}]},{"@type":"WebSite","@id":"https:\/\/www.santjosep.net\/#website","url":"https:\/\/www.santjosep.net\/","name":"Santjosep.net","description":"","potentialAction":[{"@type":"SearchAction","target":{"@type":"EntryPoint","urlTemplate":"https:\/\/www.santjosep.net\/?s={search_term_string}"},"query-input":{"@type":"PropertyValueSpecification","valueRequired":true,"valueName":"search_term_string"}}],"inLanguage":"ca"}]}},"_links":{"self":[{"href":"https:\/\/www.santjosep.net\/ca\/wp-json\/wp\/v2\/tribe_events\/21970","targetHints":{"allow":["GET"]}}],"collection":[{"href":"https:\/\/www.santjosep.net\/ca\/wp-json\/wp\/v2\/tribe_events"}],"about":[{"href":"https:\/\/www.santjosep.net\/ca\/wp-json\/wp\/v2\/types\/tribe_events"}],"author":[{"embeddable":true,"href":"https:\/\/www.santjosep.net\/ca\/wp-json\/wp\/v2\/users\/1"}],"version-history":[{"count":0,"href":"https:\/\/www.santjosep.net\/ca\/wp-json\/wp\/v2\/tribe_events\/21970\/revisions"}],"wp:featuredmedia":[{"embeddable":true,"href":"https:\/\/www.santjosep.net\/ca\/wp-json\/wp\/v2\/media\/25248"}],"wp:attachment":[{"href":"https:\/\/www.santjosep.net\/ca\/wp-json\/wp\/v2\/media?parent=21970"}],"wp:term":[{"taxonomy":"post_tag","embeddable":true,"href":"https:\/\/www.santjosep.net\/ca\/wp-json\/wp\/v2\/tags?post=21970"},{"taxonomy":"tribe_events_cat","embeddable":true,"href":"https:\/\/www.santjosep.net\/ca\/wp-json\/wp\/v2\/tribe_events_cat?post=21970"}],"curies":[{"name":"wp","href":"https:\/\/api.w.org\/{rel}","templated":true}]}}