{"id":13978,"date":"2019-01-14T08:20:52","date_gmt":"2019-01-14T08:20:52","guid":{"rendered":"https:\/\/www.santjosep.net\/evento\/recorrido-las-reservas-sin-plasticos\/"},"modified":"2019-01-14T08:23:16","modified_gmt":"2019-01-14T08:23:16","slug":"recorrido-las-reservas-sin-plasticos","status":"publish","type":"tribe_events","link":"https:\/\/www.santjosep.net\/ca\/esdeveniment\/recorrido-las-reservas-sin-plasticos\/","title":{"rendered":"Recorregut: &#8216;Les Reserves sense pl\u00e0stics&#8217;"},"content":{"rendered":"<p>Un recorregut per les platges de Cala Carb\u00f3 i Cala d&#8217;Hort per tractar la problem\u00e0tica dels pl\u00e0stics.<\/p>\n<p><img loading=\"lazy\" decoding=\"async\" class=\"alignnone size-full wp-image-13967\" src=\"https:\/\/www.santjosep.net\/wp-content\/uploads\/2019\/01\/48905062_1745843755520052_5531455240550744064_o-728x1030.jpg\" alt=\"\" width=\"728\" height=\"1030\" srcset=\"https:\/\/www.santjosep.net\/wp-content\/uploads\/2019\/01\/48905062_1745843755520052_5531455240550744064_o-728x1030.jpg 728w, https:\/\/www.santjosep.net\/wp-content\/uploads\/2019\/01\/48905062_1745843755520052_5531455240550744064_o-728x1030-212x300.jpg 212w, https:\/\/www.santjosep.net\/wp-content\/uploads\/2019\/01\/48905062_1745843755520052_5531455240550744064_o-728x1030-724x1024.jpg 724w\" sizes=\"auto, (max-width: 728px) 100vw, 728px\" \/><\/p>\n<p>&nbsp;<\/p>\n","protected":false},"excerpt":{"rendered":"<p>Un recorregut per les platges de Cala Carb\u00f3 i Cala d&#8217;Hort per tractar la problem\u00e0tica dels pl\u00e0stics. &nbsp;<\/p>\n","protected":false},"author":1,"featured_media":13972,"template":"","meta":{"_acf_changed":false,"inline_featured_image":false,"_tribe_events_status":"","_tribe_events_status_reason":"","footnotes":""},"tags":[],"tribe_events_cat":[214],"class_list":["post-13978","tribe_events","type-tribe_events","status-publish","has-post-thumbnail","hentry","tribe_events_cat-naturalesa","cat_naturalesa"],"acf":[],"yoast_head":"<!-- This site is optimized with the Yoast SEO plugin v25.7 - https:\/\/yoast.com\/wordpress\/plugins\/seo\/ -->\n<title>Recorregut: &#039;Les Reserves sense pl\u00e0stics&#039; - Santjosep.net<\/title>\n<meta name=\"robots\" content=\"index, follow, max-snippet:-1, max-image-preview:large, max-video-preview:-1\" \/>\n<link rel=\"canonical\" href=\"https:\/\/www.santjosep.net\/ca\/esdeveniment\/recorrido-las-reservas-sin-plasticos\/\" \/>\n<meta property=\"og:locale\" content=\"ca_ES\" \/>\n<meta property=\"og:type\" content=\"article\" \/>\n<meta property=\"og:title\" content=\"Recorregut: &#039;Les Reserves sense pl\u00e0stics&#039; - Santjosep.net\" \/>\n<meta property=\"og:description\" content=\"Un recorregut per les platges de Cala Carb\u00f3 i Cala d&#8217;Hort per tractar la problem\u00e0tica dels pl\u00e0stics. &nbsp;\" \/>\n<meta property=\"og:url\" content=\"https:\/\/www.santjosep.net\/ca\/esdeveniment\/recorrido-las-reservas-sin-plasticos\/\" \/>\n<meta property=\"og:site_name\" content=\"Santjosep.net\" \/>\n<meta property=\"article:modified_time\" content=\"2019-01-14T08:23:16+00:00\" \/>\n<meta property=\"og:image\" content=\"https:\/\/www.santjosep.net\/wp-content\/uploads\/2019\/01\/sant_josep_sin_plasticos.jpg\" \/>\n\t<meta property=\"og:image:width\" content=\"1200\" \/>\n\t<meta property=\"og:image:height\" content=\"798\" \/>\n\t<meta property=\"og:image:type\" content=\"image\/jpeg\" \/>\n<meta name=\"twitter:card\" content=\"summary_large_image\" \/>\n<script type=\"application\/ld+json\" class=\"yoast-schema-graph\">{\"@context\":\"https:\/\/schema.org\",\"@graph\":[{\"@type\":\"WebPage\",\"@id\":\"https:\/\/www.santjosep.net\/ca\/esdeveniment\/recorrido-las-reservas-sin-plasticos\/\",\"url\":\"https:\/\/www.santjosep.net\/ca\/esdeveniment\/recorrido-las-reservas-sin-plasticos\/\",\"name\":\"Recorregut: 'Les Reserves sense pl\u00e0stics' - Santjosep.net\",\"isPartOf\":{\"@id\":\"https:\/\/www.santjosep.net\/#website\"},\"primaryImageOfPage\":{\"@id\":\"https:\/\/www.santjosep.net\/ca\/esdeveniment\/recorrido-las-reservas-sin-plasticos\/#primaryimage\"},\"image\":{\"@id\":\"https:\/\/www.santjosep.net\/ca\/esdeveniment\/recorrido-las-reservas-sin-plasticos\/#primaryimage\"},\"thumbnailUrl\":\"https:\/\/www.santjosep.net\/wp-content\/uploads\/2019\/01\/sant_josep_sin_plasticos.jpg\",\"datePublished\":\"2019-01-14T08:20:52+00:00\",\"dateModified\":\"2019-01-14T08:23:16+00:00\",\"breadcrumb\":{\"@id\":\"https:\/\/www.santjosep.net\/ca\/esdeveniment\/recorrido-las-reservas-sin-plasticos\/#breadcrumb\"},\"inLanguage\":\"ca\",\"potentialAction\":[{\"@type\":\"ReadAction\",\"target\":[\"https:\/\/www.santjosep.net\/ca\/esdeveniment\/recorrido-las-reservas-sin-plasticos\/\"]}]},{\"@type\":\"ImageObject\",\"inLanguage\":\"ca\",\"@id\":\"https:\/\/www.santjosep.net\/ca\/esdeveniment\/recorrido-las-reservas-sin-plasticos\/#primaryimage\",\"url\":\"https:\/\/www.santjosep.net\/wp-content\/uploads\/2019\/01\/sant_josep_sin_plasticos.jpg\",\"contentUrl\":\"https:\/\/www.santjosep.net\/wp-content\/uploads\/2019\/01\/sant_josep_sin_plasticos.jpg\",\"width\":1200,\"height\":798},{\"@type\":\"BreadcrumbList\",\"@id\":\"https:\/\/www.santjosep.net\/ca\/esdeveniment\/recorrido-las-reservas-sin-plasticos\/#breadcrumb\",\"itemListElement\":[{\"@type\":\"ListItem\",\"position\":1,\"name\":\"Eventos\",\"item\":\"https:\/\/www.santjosep.net\/agenda\/\"},{\"@type\":\"ListItem\",\"position\":2,\"name\":\"Recorregut: &#8216;Les Reserves sense pl\u00e0stics&#8217;\"}]},{\"@type\":\"WebSite\",\"@id\":\"https:\/\/www.santjosep.net\/#website\",\"url\":\"https:\/\/www.santjosep.net\/\",\"name\":\"Santjosep.net\",\"description\":\"\",\"potentialAction\":[{\"@type\":\"SearchAction\",\"target\":{\"@type\":\"EntryPoint\",\"urlTemplate\":\"https:\/\/www.santjosep.net\/?s={search_term_string}\"},\"query-input\":{\"@type\":\"PropertyValueSpecification\",\"valueRequired\":true,\"valueName\":\"search_term_string\"}}],\"inLanguage\":\"ca\"}]}<\/script>\n<!-- \/ Yoast SEO plugin. -->","yoast_head_json":{"title":"Recorregut: 'Les Reserves sense pl\u00e0stics' - Santjosep.net","robots":{"index":"index","follow":"follow","max-snippet":"max-snippet:-1","max-image-preview":"max-image-preview:large","max-video-preview":"max-video-preview:-1"},"canonical":"https:\/\/www.santjosep.net\/ca\/esdeveniment\/recorrido-las-reservas-sin-plasticos\/","og_locale":"ca_ES","og_type":"article","og_title":"Recorregut: 'Les Reserves sense pl\u00e0stics' - Santjosep.net","og_description":"Un recorregut per les platges de Cala Carb\u00f3 i Cala d&#8217;Hort per tractar la problem\u00e0tica dels pl\u00e0stics. &nbsp;","og_url":"https:\/\/www.santjosep.net\/ca\/esdeveniment\/recorrido-las-reservas-sin-plasticos\/","og_site_name":"Santjosep.net","article_modified_time":"2019-01-14T08:23:16+00:00","og_image":[{"width":1200,"height":798,"url":"https:\/\/www.santjosep.net\/wp-content\/uploads\/2019\/01\/sant_josep_sin_plasticos.jpg","type":"image\/jpeg"}],"twitter_card":"summary_large_image","schema":{"@context":"https:\/\/schema.org","@graph":[{"@type":"WebPage","@id":"https:\/\/www.santjosep.net\/ca\/esdeveniment\/recorrido-las-reservas-sin-plasticos\/","url":"https:\/\/www.santjosep.net\/ca\/esdeveniment\/recorrido-las-reservas-sin-plasticos\/","name":"Recorregut: 'Les Reserves sense pl\u00e0stics' - Santjosep.net","isPartOf":{"@id":"https:\/\/www.santjosep.net\/#website"},"primaryImageOfPage":{"@id":"https:\/\/www.santjosep.net\/ca\/esdeveniment\/recorrido-las-reservas-sin-plasticos\/#primaryimage"},"image":{"@id":"https:\/\/www.santjosep.net\/ca\/esdeveniment\/recorrido-las-reservas-sin-plasticos\/#primaryimage"},"thumbnailUrl":"https:\/\/www.santjosep.net\/wp-content\/uploads\/2019\/01\/sant_josep_sin_plasticos.jpg","datePublished":"2019-01-14T08:20:52+00:00","dateModified":"2019-01-14T08:23:16+00:00","breadcrumb":{"@id":"https:\/\/www.santjosep.net\/ca\/esdeveniment\/recorrido-las-reservas-sin-plasticos\/#breadcrumb"},"inLanguage":"ca","potentialAction":[{"@type":"ReadAction","target":["https:\/\/www.santjosep.net\/ca\/esdeveniment\/recorrido-las-reservas-sin-plasticos\/"]}]},{"@type":"ImageObject","inLanguage":"ca","@id":"https:\/\/www.santjosep.net\/ca\/esdeveniment\/recorrido-las-reservas-sin-plasticos\/#primaryimage","url":"https:\/\/www.santjosep.net\/wp-content\/uploads\/2019\/01\/sant_josep_sin_plasticos.jpg","contentUrl":"https:\/\/www.santjosep.net\/wp-content\/uploads\/2019\/01\/sant_josep_sin_plasticos.jpg","width":1200,"height":798},{"@type":"BreadcrumbList","@id":"https:\/\/www.santjosep.net\/ca\/esdeveniment\/recorrido-las-reservas-sin-plasticos\/#breadcrumb","itemListElement":[{"@type":"ListItem","position":1,"name":"Eventos","item":"https:\/\/www.santjosep.net\/agenda\/"},{"@type":"ListItem","position":2,"name":"Recorregut: &#8216;Les Reserves sense pl\u00e0stics&#8217;"}]},{"@type":"WebSite","@id":"https:\/\/www.santjosep.net\/#website","url":"https:\/\/www.santjosep.net\/","name":"Santjosep.net","description":"","potentialAction":[{"@type":"SearchAction","target":{"@type":"EntryPoint","urlTemplate":"https:\/\/www.santjosep.net\/?s={search_term_string}"},"query-input":{"@type":"PropertyValueSpecification","valueRequired":true,"valueName":"search_term_string"}}],"inLanguage":"ca"}]}},"_links":{"self":[{"href":"https:\/\/www.santjosep.net\/ca\/wp-json\/wp\/v2\/tribe_events\/13978","targetHints":{"allow":["GET"]}}],"collection":[{"href":"https:\/\/www.santjosep.net\/ca\/wp-json\/wp\/v2\/tribe_events"}],"about":[{"href":"https:\/\/www.santjosep.net\/ca\/wp-json\/wp\/v2\/types\/tribe_events"}],"author":[{"embeddable":true,"href":"https:\/\/www.santjosep.net\/ca\/wp-json\/wp\/v2\/users\/1"}],"version-history":[{"count":0,"href":"https:\/\/www.santjosep.net\/ca\/wp-json\/wp\/v2\/tribe_events\/13978\/revisions"}],"wp:featuredmedia":[{"embeddable":true,"href":"https:\/\/www.santjosep.net\/ca\/wp-json\/wp\/v2\/media\/13972"}],"wp:attachment":[{"href":"https:\/\/www.santjosep.net\/ca\/wp-json\/wp\/v2\/media?parent=13978"}],"wp:term":[{"taxonomy":"post_tag","embeddable":true,"href":"https:\/\/www.santjosep.net\/ca\/wp-json\/wp\/v2\/tags?post=13978"},{"taxonomy":"tribe_events_cat","embeddable":true,"href":"https:\/\/www.santjosep.net\/ca\/wp-json\/wp\/v2\/tribe_events_cat?post=13978"}],"curies":[{"name":"wp","href":"https:\/\/api.w.org\/{rel}","templated":true}]}}