{"id":13127,"date":"2018-08-07T09:02:29","date_gmt":"2018-08-07T09:02:29","guid":{"rendered":"https:\/\/www.santjosep.net\/?post_type=tribe_events&#038;p=13127&#038;lang=ca"},"modified":"2018-08-07T09:02:29","modified_gmt":"2018-08-07T09:02:29","slug":"exposicio-estiu-danna-ametller","status":"publish","type":"tribe_events","link":"https:\/\/www.santjosep.net\/ca\/esdeveniment\/exposicio-estiu-danna-ametller\/","title":{"rendered":"Exposici\u00f3 &#8216;Estiu&#8217; d&#8217;Anna Ametller"},"content":{"rendered":"<p>L\u2019estiu \u00e9s l\u2019estaci\u00f3 de la inf\u00e0ncia, de les vacances i el joc. \u00c9s temps de calor i sol. De roba lleugera, festes als carrers. De men\u00adjar i prendre canyes amb amics. D\u2019amanides i fruites fresques. De gaudir de vetllades nocturnes sota les estrelles o passejades amb bicicleta entre camins de pedra.<\/p>\n<p>Fins al 26 d\u2019agost<\/p>\n<p>https:\/\/www.instagram.com\/annaametller\/<\/p>\n<p>www.annaametller.com<\/p>\n<p>&nbsp;<\/p>\n<p><img loading=\"lazy\" decoding=\"async\" class=\"alignnone size-large wp-image-13132\" src=\"https:\/\/www.santjosep.net\/wp-content\/uploads\/2018\/08\/cartell1-488x1024.jpg\" alt=\"\" width=\"488\" height=\"1024\" srcset=\"https:\/\/www.santjosep.net\/wp-content\/uploads\/2018\/08\/cartell1-488x1024.jpg 488w, https:\/\/www.santjosep.net\/wp-content\/uploads\/2018\/08\/cartell1-143x300.jpg 143w, https:\/\/www.santjosep.net\/wp-content\/uploads\/2018\/08\/cartell1.jpg 700w\" sizes=\"auto, (max-width: 488px) 100vw, 488px\" \/><\/p>\n","protected":false},"excerpt":{"rendered":"<p>L\u2019estiu \u00e9s l\u2019estaci\u00f3 de la inf\u00e0ncia, de les vacances i el joc. \u00c9s temps de calor i sol. De roba lleugera, festes als carrers. De men\u00adjar i prendre canyes amb amics. D\u2019amanides i fruites fresques. De gaudir de vetllades nocturnes [&hellip;]<\/p>\n","protected":false},"author":1,"featured_media":13149,"template":"","meta":{"_acf_changed":false,"inline_featured_image":false,"_tribe_events_status":"","_tribe_events_status_reason":"","footnotes":""},"tags":[],"tribe_events_cat":[187],"class_list":["post-13127","tribe_events","type-tribe_events","status-publish","has-post-thumbnail","hentry","tribe_events_cat-cultura","cat_cultura"],"acf":[],"yoast_head":"<!-- This site is optimized with the Yoast SEO plugin v25.7 - https:\/\/yoast.com\/wordpress\/plugins\/seo\/ -->\n<title>Exposici\u00f3 &#039;Estiu&#039; d&#039;Anna Ametller - Santjosep.net<\/title>\n<meta name=\"robots\" content=\"index, follow, max-snippet:-1, max-image-preview:large, max-video-preview:-1\" \/>\n<link rel=\"canonical\" href=\"https:\/\/www.santjosep.net\/ca\/esdeveniment\/exposicio-estiu-danna-ametller\/\" \/>\n<meta property=\"og:locale\" content=\"ca_ES\" \/>\n<meta property=\"og:type\" content=\"article\" \/>\n<meta property=\"og:title\" content=\"Exposici\u00f3 &#039;Estiu&#039; d&#039;Anna Ametller - Santjosep.net\" \/>\n<meta property=\"og:description\" content=\"L\u2019estiu \u00e9s l\u2019estaci\u00f3 de la inf\u00e0ncia, de les vacances i el joc. \u00c9s temps de calor i sol. De roba lleugera, festes als carrers. De men\u00adjar i prendre canyes amb amics. D\u2019amanides i fruites fresques. De gaudir de vetllades nocturnes [&hellip;]\" \/>\n<meta property=\"og:url\" content=\"https:\/\/www.santjosep.net\/ca\/esdeveniment\/exposicio-estiu-danna-ametller\/\" \/>\n<meta property=\"og:site_name\" content=\"Santjosep.net\" \/>\n<meta property=\"og:image\" content=\"https:\/\/www.santjosep.net\/wp-content\/uploads\/2018\/08\/banner_agenda_dos-1.jpg\" \/>\n\t<meta property=\"og:image:width\" content=\"1200\" \/>\n\t<meta property=\"og:image:height\" content=\"798\" \/>\n\t<meta property=\"og:image:type\" content=\"image\/jpeg\" \/>\n<meta name=\"twitter:card\" content=\"summary_large_image\" \/>\n<script type=\"application\/ld+json\" class=\"yoast-schema-graph\">{\"@context\":\"https:\/\/schema.org\",\"@graph\":[{\"@type\":\"WebPage\",\"@id\":\"https:\/\/www.santjosep.net\/ca\/esdeveniment\/exposicio-estiu-danna-ametller\/\",\"url\":\"https:\/\/www.santjosep.net\/ca\/esdeveniment\/exposicio-estiu-danna-ametller\/\",\"name\":\"Exposici\u00f3 'Estiu' d'Anna Ametller - Santjosep.net\",\"isPartOf\":{\"@id\":\"https:\/\/www.santjosep.net\/#website\"},\"primaryImageOfPage\":{\"@id\":\"https:\/\/www.santjosep.net\/ca\/esdeveniment\/exposicio-estiu-danna-ametller\/#primaryimage\"},\"image\":{\"@id\":\"https:\/\/www.santjosep.net\/ca\/esdeveniment\/exposicio-estiu-danna-ametller\/#primaryimage\"},\"thumbnailUrl\":\"https:\/\/www.santjosep.net\/wp-content\/uploads\/2018\/08\/banner_agenda_dos-1.jpg\",\"datePublished\":\"2018-08-07T09:02:29+00:00\",\"breadcrumb\":{\"@id\":\"https:\/\/www.santjosep.net\/ca\/esdeveniment\/exposicio-estiu-danna-ametller\/#breadcrumb\"},\"inLanguage\":\"ca\",\"potentialAction\":[{\"@type\":\"ReadAction\",\"target\":[\"https:\/\/www.santjosep.net\/ca\/esdeveniment\/exposicio-estiu-danna-ametller\/\"]}]},{\"@type\":\"ImageObject\",\"inLanguage\":\"ca\",\"@id\":\"https:\/\/www.santjosep.net\/ca\/esdeveniment\/exposicio-estiu-danna-ametller\/#primaryimage\",\"url\":\"https:\/\/www.santjosep.net\/wp-content\/uploads\/2018\/08\/banner_agenda_dos-1.jpg\",\"contentUrl\":\"https:\/\/www.santjosep.net\/wp-content\/uploads\/2018\/08\/banner_agenda_dos-1.jpg\",\"width\":1200,\"height\":798},{\"@type\":\"BreadcrumbList\",\"@id\":\"https:\/\/www.santjosep.net\/ca\/esdeveniment\/exposicio-estiu-danna-ametller\/#breadcrumb\",\"itemListElement\":[{\"@type\":\"ListItem\",\"position\":1,\"name\":\"Eventos\",\"item\":\"https:\/\/www.santjosep.net\/agenda\/\"},{\"@type\":\"ListItem\",\"position\":2,\"name\":\"Exposici\u00f3 &#8216;Estiu&#8217; d&#8217;Anna Ametller\"}]},{\"@type\":\"WebSite\",\"@id\":\"https:\/\/www.santjosep.net\/#website\",\"url\":\"https:\/\/www.santjosep.net\/\",\"name\":\"Santjosep.net\",\"description\":\"\",\"potentialAction\":[{\"@type\":\"SearchAction\",\"target\":{\"@type\":\"EntryPoint\",\"urlTemplate\":\"https:\/\/www.santjosep.net\/?s={search_term_string}\"},\"query-input\":{\"@type\":\"PropertyValueSpecification\",\"valueRequired\":true,\"valueName\":\"search_term_string\"}}],\"inLanguage\":\"ca\"}]}<\/script>\n<!-- \/ Yoast SEO plugin. -->","yoast_head_json":{"title":"Exposici\u00f3 'Estiu' d'Anna Ametller - Santjosep.net","robots":{"index":"index","follow":"follow","max-snippet":"max-snippet:-1","max-image-preview":"max-image-preview:large","max-video-preview":"max-video-preview:-1"},"canonical":"https:\/\/www.santjosep.net\/ca\/esdeveniment\/exposicio-estiu-danna-ametller\/","og_locale":"ca_ES","og_type":"article","og_title":"Exposici\u00f3 'Estiu' d'Anna Ametller - Santjosep.net","og_description":"L\u2019estiu \u00e9s l\u2019estaci\u00f3 de la inf\u00e0ncia, de les vacances i el joc. \u00c9s temps de calor i sol. De roba lleugera, festes als carrers. De men\u00adjar i prendre canyes amb amics. D\u2019amanides i fruites fresques. De gaudir de vetllades nocturnes [&hellip;]","og_url":"https:\/\/www.santjosep.net\/ca\/esdeveniment\/exposicio-estiu-danna-ametller\/","og_site_name":"Santjosep.net","og_image":[{"width":1200,"height":798,"url":"https:\/\/www.santjosep.net\/wp-content\/uploads\/2018\/08\/banner_agenda_dos-1.jpg","type":"image\/jpeg"}],"twitter_card":"summary_large_image","schema":{"@context":"https:\/\/schema.org","@graph":[{"@type":"WebPage","@id":"https:\/\/www.santjosep.net\/ca\/esdeveniment\/exposicio-estiu-danna-ametller\/","url":"https:\/\/www.santjosep.net\/ca\/esdeveniment\/exposicio-estiu-danna-ametller\/","name":"Exposici\u00f3 'Estiu' d'Anna Ametller - Santjosep.net","isPartOf":{"@id":"https:\/\/www.santjosep.net\/#website"},"primaryImageOfPage":{"@id":"https:\/\/www.santjosep.net\/ca\/esdeveniment\/exposicio-estiu-danna-ametller\/#primaryimage"},"image":{"@id":"https:\/\/www.santjosep.net\/ca\/esdeveniment\/exposicio-estiu-danna-ametller\/#primaryimage"},"thumbnailUrl":"https:\/\/www.santjosep.net\/wp-content\/uploads\/2018\/08\/banner_agenda_dos-1.jpg","datePublished":"2018-08-07T09:02:29+00:00","breadcrumb":{"@id":"https:\/\/www.santjosep.net\/ca\/esdeveniment\/exposicio-estiu-danna-ametller\/#breadcrumb"},"inLanguage":"ca","potentialAction":[{"@type":"ReadAction","target":["https:\/\/www.santjosep.net\/ca\/esdeveniment\/exposicio-estiu-danna-ametller\/"]}]},{"@type":"ImageObject","inLanguage":"ca","@id":"https:\/\/www.santjosep.net\/ca\/esdeveniment\/exposicio-estiu-danna-ametller\/#primaryimage","url":"https:\/\/www.santjosep.net\/wp-content\/uploads\/2018\/08\/banner_agenda_dos-1.jpg","contentUrl":"https:\/\/www.santjosep.net\/wp-content\/uploads\/2018\/08\/banner_agenda_dos-1.jpg","width":1200,"height":798},{"@type":"BreadcrumbList","@id":"https:\/\/www.santjosep.net\/ca\/esdeveniment\/exposicio-estiu-danna-ametller\/#breadcrumb","itemListElement":[{"@type":"ListItem","position":1,"name":"Eventos","item":"https:\/\/www.santjosep.net\/agenda\/"},{"@type":"ListItem","position":2,"name":"Exposici\u00f3 &#8216;Estiu&#8217; d&#8217;Anna Ametller"}]},{"@type":"WebSite","@id":"https:\/\/www.santjosep.net\/#website","url":"https:\/\/www.santjosep.net\/","name":"Santjosep.net","description":"","potentialAction":[{"@type":"SearchAction","target":{"@type":"EntryPoint","urlTemplate":"https:\/\/www.santjosep.net\/?s={search_term_string}"},"query-input":{"@type":"PropertyValueSpecification","valueRequired":true,"valueName":"search_term_string"}}],"inLanguage":"ca"}]}},"_links":{"self":[{"href":"https:\/\/www.santjosep.net\/ca\/wp-json\/wp\/v2\/tribe_events\/13127","targetHints":{"allow":["GET"]}}],"collection":[{"href":"https:\/\/www.santjosep.net\/ca\/wp-json\/wp\/v2\/tribe_events"}],"about":[{"href":"https:\/\/www.santjosep.net\/ca\/wp-json\/wp\/v2\/types\/tribe_events"}],"author":[{"embeddable":true,"href":"https:\/\/www.santjosep.net\/ca\/wp-json\/wp\/v2\/users\/1"}],"version-history":[{"count":0,"href":"https:\/\/www.santjosep.net\/ca\/wp-json\/wp\/v2\/tribe_events\/13127\/revisions"}],"wp:featuredmedia":[{"embeddable":true,"href":"https:\/\/www.santjosep.net\/ca\/wp-json\/wp\/v2\/media\/13149"}],"wp:attachment":[{"href":"https:\/\/www.santjosep.net\/ca\/wp-json\/wp\/v2\/media?parent=13127"}],"wp:term":[{"taxonomy":"post_tag","embeddable":true,"href":"https:\/\/www.santjosep.net\/ca\/wp-json\/wp\/v2\/tags?post=13127"},{"taxonomy":"tribe_events_cat","embeddable":true,"href":"https:\/\/www.santjosep.net\/ca\/wp-json\/wp\/v2\/tribe_events_cat?post=13127"}],"curies":[{"name":"wp","href":"https:\/\/api.w.org\/{rel}","templated":true}]}}