{"id":13124,"date":"2018-08-07T08:34:00","date_gmt":"2018-08-07T08:34:00","guid":{"rendered":"https:\/\/www.santjosep.net\/evento\/exposicion-las-pinturas-ramon-medina\/"},"modified":"2018-08-07T08:38:24","modified_gmt":"2018-08-07T08:38:24","slug":"exposicion-las-pinturas-ramon-medina","status":"publish","type":"tribe_events","link":"https:\/\/www.santjosep.net\/ca\/esdeveniment\/exposicion-las-pinturas-ramon-medina\/","title":{"rendered":"Exposici\u00f3 de les pintures de Ram\u00f3n Medina"},"content":{"rendered":"<p>Des el 10 d&#8217;agost fins al 2 de setembre podr\u00e0s visitar la mostra de pintures de\u00a0 la col\u00b7lecci\u00f3 de Ram\u00f3n Medina..<\/p>\n<p>Horari: de dimarts a diumenge de 10.30 h a 13.30 h<br \/>\nDijous, divendres i dissabte de 18.30 h a 21.30 h<br \/>\nDilluns tancat.<\/p>\n<p><img loading=\"lazy\" decoding=\"async\" class=\"alignnone size-full wp-image-13119\" src=\"https:\/\/www.santjosep.net\/wp-content\/uploads\/2018\/08\/Expo_Fundacion_R_Medina.jpg\" alt=\"\" width=\"827\" height=\"345\" srcset=\"https:\/\/www.santjosep.net\/wp-content\/uploads\/2018\/08\/Expo_Fundacion_R_Medina.jpg 827w, https:\/\/www.santjosep.net\/wp-content\/uploads\/2018\/08\/Expo_Fundacion_R_Medina-300x125.jpg 300w, https:\/\/www.santjosep.net\/wp-content\/uploads\/2018\/08\/Expo_Fundacion_R_Medina-768x320.jpg 768w\" sizes=\"auto, (max-width: 827px) 100vw, 827px\" \/><\/p>\n","protected":false},"excerpt":{"rendered":"<p>Des el 10 d&#8217;agost fins al 2 de setembre podr\u00e0s visitar la mostra de pintures de\u00a0 la col\u00b7lecci\u00f3 de Ram\u00f3n Medina.. Horari: de dimarts a diumenge de 10.30 h a 13.30 h Dijous, divendres i dissabte de 18.30 h a [&hellip;]<\/p>\n","protected":false},"author":1,"featured_media":12048,"template":"","meta":{"_acf_changed":false,"inline_featured_image":false,"_tribe_events_status":"","_tribe_events_status_reason":"","footnotes":""},"tags":[],"tribe_events_cat":[187],"class_list":["post-13124","tribe_events","type-tribe_events","status-publish","has-post-thumbnail","hentry","tribe_events_cat-cultura","cat_cultura"],"acf":[],"yoast_head":"<!-- This site is optimized with the Yoast SEO plugin v25.7 - https:\/\/yoast.com\/wordpress\/plugins\/seo\/ -->\n<title>Exposici\u00f3 de les pintures de Ram\u00f3n Medina - Santjosep.net<\/title>\n<meta name=\"robots\" content=\"index, follow, max-snippet:-1, max-image-preview:large, max-video-preview:-1\" \/>\n<link rel=\"canonical\" href=\"https:\/\/www.santjosep.net\/ca\/esdeveniment\/exposicion-las-pinturas-ramon-medina\/\" \/>\n<meta property=\"og:locale\" content=\"ca_ES\" \/>\n<meta property=\"og:type\" content=\"article\" \/>\n<meta property=\"og:title\" content=\"Exposici\u00f3 de les pintures de Ram\u00f3n Medina - Santjosep.net\" \/>\n<meta property=\"og:description\" content=\"Des el 10 d&#8217;agost fins al 2 de setembre podr\u00e0s visitar la mostra de pintures de\u00a0 la col\u00b7lecci\u00f3 de Ram\u00f3n Medina.. Horari: de dimarts a diumenge de 10.30 h a 13.30 h Dijous, divendres i dissabte de 18.30 h a [&hellip;]\" \/>\n<meta property=\"og:url\" content=\"https:\/\/www.santjosep.net\/ca\/esdeveniment\/exposicion-las-pinturas-ramon-medina\/\" \/>\n<meta property=\"og:site_name\" content=\"Santjosep.net\" \/>\n<meta property=\"article:modified_time\" content=\"2018-08-07T08:38:24+00:00\" \/>\n<meta property=\"og:image\" content=\"https:\/\/www.santjosep.net\/wp-content\/uploads\/2018\/07\/IMG_0501.jpg\" \/>\n\t<meta property=\"og:image:width\" content=\"1200\" \/>\n\t<meta property=\"og:image:height\" content=\"800\" \/>\n\t<meta property=\"og:image:type\" content=\"image\/jpeg\" \/>\n<meta name=\"twitter:card\" content=\"summary_large_image\" \/>\n<script type=\"application\/ld+json\" class=\"yoast-schema-graph\">{\"@context\":\"https:\/\/schema.org\",\"@graph\":[{\"@type\":\"WebPage\",\"@id\":\"https:\/\/www.santjosep.net\/ca\/esdeveniment\/exposicion-las-pinturas-ramon-medina\/\",\"url\":\"https:\/\/www.santjosep.net\/ca\/esdeveniment\/exposicion-las-pinturas-ramon-medina\/\",\"name\":\"Exposici\u00f3 de les pintures de Ram\u00f3n Medina - Santjosep.net\",\"isPartOf\":{\"@id\":\"https:\/\/www.santjosep.net\/#website\"},\"primaryImageOfPage\":{\"@id\":\"https:\/\/www.santjosep.net\/ca\/esdeveniment\/exposicion-las-pinturas-ramon-medina\/#primaryimage\"},\"image\":{\"@id\":\"https:\/\/www.santjosep.net\/ca\/esdeveniment\/exposicion-las-pinturas-ramon-medina\/#primaryimage\"},\"thumbnailUrl\":\"https:\/\/www.santjosep.net\/wp-content\/uploads\/2018\/07\/IMG_0501.jpg\",\"datePublished\":\"2018-08-07T08:34:00+00:00\",\"dateModified\":\"2018-08-07T08:38:24+00:00\",\"breadcrumb\":{\"@id\":\"https:\/\/www.santjosep.net\/ca\/esdeveniment\/exposicion-las-pinturas-ramon-medina\/#breadcrumb\"},\"inLanguage\":\"ca\",\"potentialAction\":[{\"@type\":\"ReadAction\",\"target\":[\"https:\/\/www.santjosep.net\/ca\/esdeveniment\/exposicion-las-pinturas-ramon-medina\/\"]}]},{\"@type\":\"ImageObject\",\"inLanguage\":\"ca\",\"@id\":\"https:\/\/www.santjosep.net\/ca\/esdeveniment\/exposicion-las-pinturas-ramon-medina\/#primaryimage\",\"url\":\"https:\/\/www.santjosep.net\/wp-content\/uploads\/2018\/07\/IMG_0501.jpg\",\"contentUrl\":\"https:\/\/www.santjosep.net\/wp-content\/uploads\/2018\/07\/IMG_0501.jpg\",\"width\":1200,\"height\":800},{\"@type\":\"BreadcrumbList\",\"@id\":\"https:\/\/www.santjosep.net\/ca\/esdeveniment\/exposicion-las-pinturas-ramon-medina\/#breadcrumb\",\"itemListElement\":[{\"@type\":\"ListItem\",\"position\":1,\"name\":\"Eventos\",\"item\":\"https:\/\/www.santjosep.net\/agenda\/\"},{\"@type\":\"ListItem\",\"position\":2,\"name\":\"Exposici\u00f3 de les pintures de Ram\u00f3n Medina\"}]},{\"@type\":\"WebSite\",\"@id\":\"https:\/\/www.santjosep.net\/#website\",\"url\":\"https:\/\/www.santjosep.net\/\",\"name\":\"Santjosep.net\",\"description\":\"\",\"potentialAction\":[{\"@type\":\"SearchAction\",\"target\":{\"@type\":\"EntryPoint\",\"urlTemplate\":\"https:\/\/www.santjosep.net\/?s={search_term_string}\"},\"query-input\":{\"@type\":\"PropertyValueSpecification\",\"valueRequired\":true,\"valueName\":\"search_term_string\"}}],\"inLanguage\":\"ca\"}]}<\/script>\n<!-- \/ Yoast SEO plugin. -->","yoast_head_json":{"title":"Exposici\u00f3 de les pintures de Ram\u00f3n Medina - Santjosep.net","robots":{"index":"index","follow":"follow","max-snippet":"max-snippet:-1","max-image-preview":"max-image-preview:large","max-video-preview":"max-video-preview:-1"},"canonical":"https:\/\/www.santjosep.net\/ca\/esdeveniment\/exposicion-las-pinturas-ramon-medina\/","og_locale":"ca_ES","og_type":"article","og_title":"Exposici\u00f3 de les pintures de Ram\u00f3n Medina - Santjosep.net","og_description":"Des el 10 d&#8217;agost fins al 2 de setembre podr\u00e0s visitar la mostra de pintures de\u00a0 la col\u00b7lecci\u00f3 de Ram\u00f3n Medina.. Horari: de dimarts a diumenge de 10.30 h a 13.30 h Dijous, divendres i dissabte de 18.30 h a [&hellip;]","og_url":"https:\/\/www.santjosep.net\/ca\/esdeveniment\/exposicion-las-pinturas-ramon-medina\/","og_site_name":"Santjosep.net","article_modified_time":"2018-08-07T08:38:24+00:00","og_image":[{"width":1200,"height":800,"url":"https:\/\/www.santjosep.net\/wp-content\/uploads\/2018\/07\/IMG_0501.jpg","type":"image\/jpeg"}],"twitter_card":"summary_large_image","schema":{"@context":"https:\/\/schema.org","@graph":[{"@type":"WebPage","@id":"https:\/\/www.santjosep.net\/ca\/esdeveniment\/exposicion-las-pinturas-ramon-medina\/","url":"https:\/\/www.santjosep.net\/ca\/esdeveniment\/exposicion-las-pinturas-ramon-medina\/","name":"Exposici\u00f3 de les pintures de Ram\u00f3n Medina - Santjosep.net","isPartOf":{"@id":"https:\/\/www.santjosep.net\/#website"},"primaryImageOfPage":{"@id":"https:\/\/www.santjosep.net\/ca\/esdeveniment\/exposicion-las-pinturas-ramon-medina\/#primaryimage"},"image":{"@id":"https:\/\/www.santjosep.net\/ca\/esdeveniment\/exposicion-las-pinturas-ramon-medina\/#primaryimage"},"thumbnailUrl":"https:\/\/www.santjosep.net\/wp-content\/uploads\/2018\/07\/IMG_0501.jpg","datePublished":"2018-08-07T08:34:00+00:00","dateModified":"2018-08-07T08:38:24+00:00","breadcrumb":{"@id":"https:\/\/www.santjosep.net\/ca\/esdeveniment\/exposicion-las-pinturas-ramon-medina\/#breadcrumb"},"inLanguage":"ca","potentialAction":[{"@type":"ReadAction","target":["https:\/\/www.santjosep.net\/ca\/esdeveniment\/exposicion-las-pinturas-ramon-medina\/"]}]},{"@type":"ImageObject","inLanguage":"ca","@id":"https:\/\/www.santjosep.net\/ca\/esdeveniment\/exposicion-las-pinturas-ramon-medina\/#primaryimage","url":"https:\/\/www.santjosep.net\/wp-content\/uploads\/2018\/07\/IMG_0501.jpg","contentUrl":"https:\/\/www.santjosep.net\/wp-content\/uploads\/2018\/07\/IMG_0501.jpg","width":1200,"height":800},{"@type":"BreadcrumbList","@id":"https:\/\/www.santjosep.net\/ca\/esdeveniment\/exposicion-las-pinturas-ramon-medina\/#breadcrumb","itemListElement":[{"@type":"ListItem","position":1,"name":"Eventos","item":"https:\/\/www.santjosep.net\/agenda\/"},{"@type":"ListItem","position":2,"name":"Exposici\u00f3 de les pintures de Ram\u00f3n Medina"}]},{"@type":"WebSite","@id":"https:\/\/www.santjosep.net\/#website","url":"https:\/\/www.santjosep.net\/","name":"Santjosep.net","description":"","potentialAction":[{"@type":"SearchAction","target":{"@type":"EntryPoint","urlTemplate":"https:\/\/www.santjosep.net\/?s={search_term_string}"},"query-input":{"@type":"PropertyValueSpecification","valueRequired":true,"valueName":"search_term_string"}}],"inLanguage":"ca"}]}},"_links":{"self":[{"href":"https:\/\/www.santjosep.net\/ca\/wp-json\/wp\/v2\/tribe_events\/13124","targetHints":{"allow":["GET"]}}],"collection":[{"href":"https:\/\/www.santjosep.net\/ca\/wp-json\/wp\/v2\/tribe_events"}],"about":[{"href":"https:\/\/www.santjosep.net\/ca\/wp-json\/wp\/v2\/types\/tribe_events"}],"author":[{"embeddable":true,"href":"https:\/\/www.santjosep.net\/ca\/wp-json\/wp\/v2\/users\/1"}],"version-history":[{"count":0,"href":"https:\/\/www.santjosep.net\/ca\/wp-json\/wp\/v2\/tribe_events\/13124\/revisions"}],"wp:featuredmedia":[{"embeddable":true,"href":"https:\/\/www.santjosep.net\/ca\/wp-json\/wp\/v2\/media\/12048"}],"wp:attachment":[{"href":"https:\/\/www.santjosep.net\/ca\/wp-json\/wp\/v2\/media?parent=13124"}],"wp:term":[{"taxonomy":"post_tag","embeddable":true,"href":"https:\/\/www.santjosep.net\/ca\/wp-json\/wp\/v2\/tags?post=13124"},{"taxonomy":"tribe_events_cat","embeddable":true,"href":"https:\/\/www.santjosep.net\/ca\/wp-json\/wp\/v2\/tribe_events_cat?post=13124"}],"curies":[{"name":"wp","href":"https:\/\/api.w.org\/{rel}","templated":true}]}}