{"id":36370,"date":"2024-12-09T12:07:03","date_gmt":"2024-12-09T11:07:03","guid":{"rendered":"https:\/\/www.santjosep.net\/fira-de-la-sal\/"},"modified":"2025-02-13T10:31:13","modified_gmt":"2025-02-13T09:31:13","slug":"fira-de-la-sal","status":"publish","type":"page","link":"https:\/\/www.santjosep.net\/ca\/fira-de-la-sal\/","title":{"rendered":"Fira de la Sal"},"content":{"rendered":"<div class=\"wpb-content-wrapper\"><p>[vc_row enable_hue_rotation=&#8221;no&#8221; enable_text_marquee=&#8221;no&#8221;][vc_column][vc_column_text el_class=&#8221;topfira&#8221;]<\/p>\n<h3>Cada octubre, el Parc Natural de Ses Salines d\u2019Eivissa i el poble de Sant Jordi es transformen en un escenari fascinant per a la \u00abFira de la Sal\u00bb, un esdeveniment tur\u00edstic i cultural \u00fanic dedicat a commemorar el patrimoni i la cultura entrella\u00e7ats amb la recol\u00b7lecci\u00f3 tradicional de sal.<\/h3>\n<p>[\/vc_column_text][vc_single_image image=&#8221;35573&#8243; img_size=&#8221;full&#8221;][\/vc_column][\/vc_row][vc_row enable_hue_rotation=&#8221;no&#8221; enable_text_marquee=&#8221;no&#8221; el_class=&#8221;bfirasal&#8221;][vc_column][vc_custom_heading text=&#8221;Parc Natural de ses Salines d\u2019Eivissa i Formentera&#8221; use_theme_fonts=&#8221;yes&#8221;][vc_column_text el_class=&#8221;mw_900&#8243;]<strong>El Parc Natural de ses Salines d\u2019Eivissa i Formentera, situat al sud d&#8217;Eivissa, \u00e9s un enclavament de gran riquesa ecol\u00f2gica i bellesa natural.<\/strong><\/p>\n<p>Aquest entorn protegit abasta paisatges diversos, que inclouen salines centen\u00e0ries, platges d&#8217;aig\u00fces cristal\u00b7lines, dunes i extensos matolls mediterranis. La zona alberga una biodiversitat excepcional, sent refugi de nombroses esp\u00e8cies end\u00e8miques de flora i fauna, moltes de les quals es troben protegides.<\/p>\n<p>La import\u00e0ncia del Parc Natural de ses Salines d\u2019Eivissa i Formentera va m\u00e9s enll\u00e0 del seu valor ecol\u00f2gic, ja que tamb\u00e9 t\u00e9 un profund significat cultural i patrimonial, convertint-se en un espai ic\u00f2nic per a residents i visitants de les illes.[\/vc_column_text][\/vc_column][\/vc_row][vc_row full_width=&#8221;stretch_row_content_no_spaces&#8221; enable_hue_rotation=&#8221;no&#8221; enable_text_marquee=&#8221;no&#8221; css=&#8221;.vc_custom_1733742164884{margin-top: 40px !important;}&#8221;][vc_column][vc_column_text]<style>#jtg-35596 .modula-item .jtg-social a, .lightbox-socials.jtg-social a{ fill: #ffffff; color: #ffffff }#jtg-35596 .modula-item .jtg-social-mobile a{ fill: #ffffff; color: #ffffff }#jtg-35596 .modula-item .jtg-social svg, .lightbox-socials.jtg-social svg { height: 16px; width: 16px }#jtg-35596 .modula-item .jtg-social-mobile svg { height: 16px; width: 16px }#jtg-35596 .modula-item .jtg-social a:not(:last-child), .lightbox-socials.jtg-social a:not(:last-child) { margin-right: 10px }#jtg-35596 .modula-item .jtg-social-mobile .jtg-social-mobile-icons a:not(:last-child){ margin-right: 10px }#jtg-35596 .modula-item .figc {color:#ffffff;}#jtg-35596 .modula-item .modula-item-content { transform: scale(1) }#jtg-35596 .modula-items .figc p.description { font-size:14px; }#jtg-35596 .modula-items .figc p.description { color:#ffffff;}#jtg-35596.modula-gallery .modula-item > a, #jtg-35596.modula-gallery .modula-item, #jtg-35596.modula-gallery .modula-item-content > a:not(.modula-no-follow) { cursor:zoom-in; } #jtg-35596.modula-gallery .modula-item-content .modula-no-follow { cursor: default; } @media screen and (max-width:480px){#jtg-35596 .modula-item .figc .jtg-title {  font-size: 12px; }#jtg-35596 .modula-items .figc p.description { color:#ffffff;font-size:10px; }}#jtg-35596 .modula-items .modula-item:hover img{opacity:1;}<\/style>\n<div  id=\"jtg-35596\" class=\"modula modula-gallery modula-custom-grid\" data-config=\"{&quot;height&quot;:800,&quot;tabletHeight&quot;:800,&quot;mobileHeight&quot;:800,&quot;desktopHeight&quot;:800,&quot;enableTwitter&quot;:true,&quot;enableWhatsapp&quot;:false,&quot;enableFacebook&quot;:true,&quot;enablePinterest&quot;:true,&quot;enableLinkedin&quot;:true,&quot;enableEmail&quot;:false,&quot;randomFactor&quot;:0.5,&quot;type&quot;:&quot;custom-grid&quot;,&quot;columns&quot;:12,&quot;gutter&quot;:0,&quot;mobileGutter&quot;:0,&quot;tabletGutter&quot;:0,&quot;desktopGutter&quot;:0,&quot;enableResponsive&quot;:true,&quot;tabletColumns&quot;:2,&quot;mobileColumns&quot;:1,&quot;lazyLoad&quot;:&quot;0&quot;,&quot;lightboxOpts&quot;:{&quot;animated&quot;:true,&quot;Thumbs&quot;:{&quot;type&quot;:&quot;modern&quot;,&quot;showOnStart&quot;:false},&quot;Toolbar&quot;:{&quot;display&quot;:{&quot;right&quot;:[&quot;close&quot;]},&quot;enabled&quot;:true},&quot;Carousel&quot;:{&quot;Panzoom&quot;:{&quot;touch&quot;:false},&quot;infinite&quot;:false},&quot;keyboard&quot;:{&quot;Escape&quot;:&quot;close&quot;,&quot;Delete&quot;:&quot;close&quot;,&quot;Backspace&quot;:&quot;close&quot;,&quot;PageUp&quot;:false,&quot;PageDown&quot;:false,&quot;ArrowUp&quot;:false,&quot;ArrowDown&quot;:false,&quot;ArrowRight&quot;:false,&quot;ArrowLeft&quot;:false},&quot;touch&quot;:false,&quot;backdropClick&quot;:false,&quot;l10n&quot;:{&quot;CLOSE&quot;:&quot;Close&quot;,&quot;NEXT&quot;:&quot;Next&quot;,&quot;PREV&quot;:&quot;Previous&quot;,&quot;Error&quot;:&quot;The requested content cannot be loaded. Please try again later.&quot;,&quot;PLAY_START&quot;:&quot;Start slideshow&quot;,&quot;PLAY_STOP&quot;:&quot;Pause slideshow&quot;,&quot;FULL_SCREEN&quot;:&quot;Full screen&quot;,&quot;THUMBS&quot;:&quot;Thumbnails&quot;,&quot;DOWNLOAD&quot;:&quot;Download&quot;,&quot;SHARE&quot;:&quot;Share&quot;,&quot;ZOOM&quot;:&quot;Zoom&quot;,&quot;EMAIL&quot;:&quot;Here is the link to the image : %%image_link%% and this is the link to the gallery : %%gallery_link%%&quot;,&quot;MODAL&quot;:&quot;You can close this modal content with the ESC key&quot;,&quot;ERROR&quot;:&quot;Something Went Wrong, Please Try Again Later&quot;,&quot;IMAGE_ERROR&quot;:&quot;Image Not Found&quot;,&quot;ELEMENT_NOT_FOUND&quot;:&quot;HTML Element Not Found&quot;,&quot;AJAX_NOT_FOUND&quot;:&quot;Error Loading AJAX : Not Found&quot;,&quot;AJAX_FORBIDDEN&quot;:&quot;Error Loading AJAX : Forbidden&quot;,&quot;IFRAME_ERROR&quot;:&quot;Error Loading Page&quot;,&quot;TOGGLE_ZOOM&quot;:&quot;Toggle zoom level&quot;,&quot;TOGGLE_THUMBS&quot;:&quot;Toggle thumbnails&quot;,&quot;TOGGLE_SLIDESHOW&quot;:&quot;Toggle slideshow&quot;,&quot;TOGGLE_FULLSCREEN&quot;:&quot;Toggle full-screen mode&quot;},&quot;Images&quot;:{&quot;Panzoom&quot;:{&quot;maxScale&quot;:2}},&quot;mainClass&quot;:&quot;modula-fancybox-container modula-lightbox-jtg-35596&quot;,&quot;Html&quot;:{&quot;videoAutoplay&quot;:0,&quot;videoTpl&quot;:&quot;&lt;video class=\\&quot;fancybox__html5video\\&quot; controls muted playsinline controlsList controlsList=\\&quot;nodownload\\&quot; poster=\\&quot;{{poster}}\\&quot; src=\\&quot;{{src}}\\&quot; type=\\&quot;{{format}}\\&quot; &gt;  Sorry, your browser doesn&#039;t support embedded videos, &lt;a href=\\&quot;{{src}}\\&quot;&gt; download &lt;\\\/a&gt; and watch with your favorite video player! &lt;\\\/video&gt;&quot;}},&quot;inView&quot;:false,&quot;email_subject&quot;:&quot;Check out this awesome image !!&quot;,&quot;email_message&quot;:&quot;Here is the link to the image : %%image_link%% and this is the link to the gallery : %%gallery_link%%&quot;,&quot;lightbox&quot;:&quot;fancybox&quot;}\">\n\n\t\n\t<div  class=\"modula-items\">\n\t\t<div class=\"modula-item\" data-width=\"5\" data-height=\"4\" >\n\t<div class=\"modula-item-content\">\n\t\t\n\t\t\t\t\t<a data-image-id=\"35597\" tabindex=\"0\" rel=\"jtg-35596\" data-caption=\"DCIM\/100MEDIA\/DJI_0359.JPG\" aria-label=\"Open image in lightbox\" role=\"button\" class=\"tile-inner modula-item-link\"><\/a>\n\t\t\n\t\t<img loading=\"lazy\" decoding=\"async\" class=\"pic wp-image-35597\"  data-valign=\"middle\" data-halign=\"center\" alt=\"\" data-full=\"https:\/\/www.santjosep.net\/wp-content\/uploads\/2024\/12\/1-.jpg\" title=\"Aerial view of Ses Salines beach, Ibiza. Spain.\" width=\"1900\" height=\"1425\" src=\"https:\/\/www.santjosep.net\/wp-content\/uploads\/2024\/12\/1-.jpg\" data-src=\"https:\/\/www.santjosep.net\/wp-content\/uploads\/2024\/12\/1-.jpg\" data-caption=\"DCIM\/100MEDIA\/DJI_0359.JPG\" srcset=\"https:\/\/www.santjosep.net\/wp-content\/uploads\/2024\/12\/1-.jpg 1900w, https:\/\/www.santjosep.net\/wp-content\/uploads\/2024\/12\/1--300x225.jpg 300w, https:\/\/www.santjosep.net\/wp-content\/uploads\/2024\/12\/1--1024x768.jpg 1024w, https:\/\/www.santjosep.net\/wp-content\/uploads\/2024\/12\/1--768x576.jpg 768w, https:\/\/www.santjosep.net\/wp-content\/uploads\/2024\/12\/1--1536x1152.jpg 1536w, https:\/\/www.santjosep.net\/wp-content\/uploads\/2024\/12\/1--800x600.jpg 800w\" sizes=\"auto, (max-width: 1900px) 100vw, 1900px\" \/>\n\t<\/div>\n\n<\/div><div class=\"modula-item\" data-width=\"4\" data-height=\"4\" >\n\t<div class=\"modula-item-content\">\n\t\t\n\t\t\t\t\t<a data-image-id=\"35602\" tabindex=\"0\" rel=\"jtg-35596\" data-caption=\"\" aria-label=\"Open image in lightbox\" role=\"button\" class=\"tile-inner modula-item-link\"><\/a>\n\t\t\n\t\t<img loading=\"lazy\" decoding=\"async\" class=\"pic wp-image-35602\"  data-valign=\"middle\" data-halign=\"center\" alt=\"\" data-full=\"https:\/\/www.santjosep.net\/wp-content\/uploads\/2024\/12\/1-DSC08619.jpg\" title=\"1--DSC08619\" width=\"1200\" height=\"1800\" src=\"https:\/\/www.santjosep.net\/wp-content\/uploads\/2024\/12\/1-DSC08619.jpg\" data-src=\"https:\/\/www.santjosep.net\/wp-content\/uploads\/2024\/12\/1-DSC08619.jpg\" data-caption=\"\" srcset=\"https:\/\/www.santjosep.net\/wp-content\/uploads\/2024\/12\/1-DSC08619.jpg 1200w, https:\/\/www.santjosep.net\/wp-content\/uploads\/2024\/12\/1-DSC08619-200x300.jpg 200w, https:\/\/www.santjosep.net\/wp-content\/uploads\/2024\/12\/1-DSC08619-683x1024.jpg 683w, https:\/\/www.santjosep.net\/wp-content\/uploads\/2024\/12\/1-DSC08619-768x1152.jpg 768w, https:\/\/www.santjosep.net\/wp-content\/uploads\/2024\/12\/1-DSC08619-1024x1536.jpg 1024w\" sizes=\"auto, (max-width: 1200px) 100vw, 1200px\" \/>\n\t<\/div>\n\n<\/div><div class=\"modula-item\" data-width=\"3\" data-height=\"4\" >\n\t<div class=\"modula-item-content\">\n\t\t\n\t\t\t\t\t<a data-image-id=\"35607\" tabindex=\"0\" rel=\"jtg-35596\" data-caption=\"\" aria-label=\"Open image in lightbox\" role=\"button\" class=\"tile-inner modula-item-link\"><\/a>\n\t\t\n\t\t<img loading=\"lazy\" decoding=\"async\" class=\"pic wp-image-35607\"  data-valign=\"middle\" data-halign=\"center\" alt=\"\" data-full=\"https:\/\/www.santjosep.net\/wp-content\/uploads\/2024\/12\/1-P1001363.jpg\" title=\"1--P1001363\" width=\"1900\" height=\"1425\" src=\"https:\/\/www.santjosep.net\/wp-content\/uploads\/2024\/12\/1-P1001363.jpg\" data-src=\"https:\/\/www.santjosep.net\/wp-content\/uploads\/2024\/12\/1-P1001363.jpg\" data-caption=\"\" srcset=\"https:\/\/www.santjosep.net\/wp-content\/uploads\/2024\/12\/1-P1001363.jpg 1900w, https:\/\/www.santjosep.net\/wp-content\/uploads\/2024\/12\/1-P1001363-300x225.jpg 300w, https:\/\/www.santjosep.net\/wp-content\/uploads\/2024\/12\/1-P1001363-1024x768.jpg 1024w, https:\/\/www.santjosep.net\/wp-content\/uploads\/2024\/12\/1-P1001363-768x576.jpg 768w, https:\/\/www.santjosep.net\/wp-content\/uploads\/2024\/12\/1-P1001363-1536x1152.jpg 1536w, https:\/\/www.santjosep.net\/wp-content\/uploads\/2024\/12\/1-P1001363-800x600.jpg 800w\" sizes=\"auto, (max-width: 1900px) 100vw, 1900px\" \/>\n\t<\/div>\n\n<\/div><div class=\"modula-item\" data-width=\"6\" data-height=\"4\" >\n\t<div class=\"modula-item-content\">\n\t\t\n\t\t\t\t\t<a data-image-id=\"35612\" tabindex=\"0\" rel=\"jtg-35596\" data-caption=\"\" aria-label=\"Open image in lightbox\" role=\"button\" class=\"tile-inner modula-item-link\"><\/a>\n\t\t\n\t\t<img loading=\"lazy\" decoding=\"async\" class=\"pic wp-image-35612\"  data-valign=\"middle\" data-halign=\"center\" alt=\"\" data-full=\"https:\/\/www.santjosep.net\/wp-content\/uploads\/2024\/12\/1-P1220448.jpg\" title=\"1--P1220448\" width=\"1900\" height=\"1900\" src=\"https:\/\/www.santjosep.net\/wp-content\/uploads\/2024\/12\/1-P1220448.jpg\" data-src=\"https:\/\/www.santjosep.net\/wp-content\/uploads\/2024\/12\/1-P1220448.jpg\" data-caption=\"\" srcset=\"https:\/\/www.santjosep.net\/wp-content\/uploads\/2024\/12\/1-P1220448.jpg 1900w, https:\/\/www.santjosep.net\/wp-content\/uploads\/2024\/12\/1-P1220448-300x300.jpg 300w, https:\/\/www.santjosep.net\/wp-content\/uploads\/2024\/12\/1-P1220448-1024x1024.jpg 1024w, https:\/\/www.santjosep.net\/wp-content\/uploads\/2024\/12\/1-P1220448-150x150.jpg 150w, https:\/\/www.santjosep.net\/wp-content\/uploads\/2024\/12\/1-P1220448-768x768.jpg 768w, https:\/\/www.santjosep.net\/wp-content\/uploads\/2024\/12\/1-P1220448-1536x1536.jpg 1536w, https:\/\/www.santjosep.net\/wp-content\/uploads\/2024\/12\/1-P1220448-550x550.jpg 550w, https:\/\/www.santjosep.net\/wp-content\/uploads\/2024\/12\/1-P1220448-1100x1100.jpg 1100w\" sizes=\"auto, (max-width: 1900px) 100vw, 1900px\" \/>\n\t<\/div>\n\n<\/div><div class=\"modula-item\" data-width=\"6\" data-height=\"4\" >\n\t<div class=\"modula-item-content\">\n\t\t\n\t\t\t\t\t<a data-image-id=\"35617\" tabindex=\"0\" rel=\"jtg-35596\" data-caption=\"\" aria-label=\"Open image in lightbox\" role=\"button\" class=\"tile-inner modula-item-link\"><\/a>\n\t\t\n\t\t<img loading=\"lazy\" decoding=\"async\" class=\"pic wp-image-35617\"  data-valign=\"middle\" data-halign=\"center\" alt=\"\" data-full=\"https:\/\/www.santjosep.net\/wp-content\/uploads\/2024\/12\/1-web1600-00082.jpg\" title=\"1--web1600-00082\" width=\"1900\" height=\"1267\" src=\"https:\/\/www.santjosep.net\/wp-content\/uploads\/2024\/12\/1-web1600-00082.jpg\" data-src=\"https:\/\/www.santjosep.net\/wp-content\/uploads\/2024\/12\/1-web1600-00082.jpg\" data-caption=\"\" srcset=\"https:\/\/www.santjosep.net\/wp-content\/uploads\/2024\/12\/1-web1600-00082.jpg 1900w, https:\/\/www.santjosep.net\/wp-content\/uploads\/2024\/12\/1-web1600-00082-300x200.jpg 300w, https:\/\/www.santjosep.net\/wp-content\/uploads\/2024\/12\/1-web1600-00082-1024x683.jpg 1024w, https:\/\/www.santjosep.net\/wp-content\/uploads\/2024\/12\/1-web1600-00082-768x512.jpg 768w, https:\/\/www.santjosep.net\/wp-content\/uploads\/2024\/12\/1-web1600-00082-1536x1024.jpg 1536w\" sizes=\"auto, (max-width: 1900px) 100vw, 1900px\" \/>\n\t<\/div>\n\n<\/div><div class=\"modula-item\" data-width=\"6\" data-height=\"4\" >\n\t<div class=\"modula-item-content\">\n\t\t\n\t\t\t\t\t<a data-image-id=\"35622\" tabindex=\"0\" rel=\"jtg-35596\" data-caption=\"DCIM\/100MEDIA\/DJI_0391.JPG\" aria-label=\"Open image in lightbox\" role=\"button\" class=\"tile-inner modula-item-link\"><\/a>\n\t\t\n\t\t<img loading=\"lazy\" decoding=\"async\" class=\"pic wp-image-35622\"  data-valign=\"middle\" data-halign=\"center\" alt=\"\" data-full=\"https:\/\/www.santjosep.net\/wp-content\/uploads\/2024\/12\/1-fira2.jpg\" title=\"Ibiza island. Punta de Ses Portes. Ses Salines beach on the left and Es Cavallet beach on the right.\" width=\"1900\" height=\"1425\" src=\"https:\/\/www.santjosep.net\/wp-content\/uploads\/2024\/12\/1-fira2.jpg\" data-src=\"https:\/\/www.santjosep.net\/wp-content\/uploads\/2024\/12\/1-fira2.jpg\" data-caption=\"DCIM\/100MEDIA\/DJI_0391.JPG\" srcset=\"https:\/\/www.santjosep.net\/wp-content\/uploads\/2024\/12\/1-fira2.jpg 1900w, https:\/\/www.santjosep.net\/wp-content\/uploads\/2024\/12\/1-fira2-300x225.jpg 300w, https:\/\/www.santjosep.net\/wp-content\/uploads\/2024\/12\/1-fira2-1024x768.jpg 1024w, https:\/\/www.santjosep.net\/wp-content\/uploads\/2024\/12\/1-fira2-768x576.jpg 768w, https:\/\/www.santjosep.net\/wp-content\/uploads\/2024\/12\/1-fira2-1536x1152.jpg 1536w, https:\/\/www.santjosep.net\/wp-content\/uploads\/2024\/12\/1-fira2-800x600.jpg 800w\" sizes=\"auto, (max-width: 1900px) 100vw, 1900px\" \/>\n\t<\/div>\n\n<\/div><div class=\"modula-item\" data-width=\"6\" data-height=\"4\" >\n\t<div class=\"modula-item-content\">\n\t\t\n\t\t\t\t\t<a data-image-id=\"35627\" tabindex=\"0\" rel=\"jtg-35596\" data-caption=\"Sunset on saltworks of Ibiza\" aria-label=\"Open image in lightbox\" role=\"button\" class=\"tile-inner modula-item-link\"><\/a>\n\t\t\n\t\t<img loading=\"lazy\" decoding=\"async\" class=\"pic wp-image-35627\"  data-valign=\"middle\" data-halign=\"center\" alt=\"\" data-full=\"https:\/\/www.santjosep.net\/wp-content\/uploads\/2024\/12\/1-fira3.jpg\" title=\"Sunset,On,Saltworks,Of,Ibiza\" width=\"1900\" height=\"1266\" src=\"https:\/\/www.santjosep.net\/wp-content\/uploads\/2024\/12\/1-fira3.jpg\" data-src=\"https:\/\/www.santjosep.net\/wp-content\/uploads\/2024\/12\/1-fira3.jpg\" data-caption=\"Sunset on saltworks of Ibiza\" srcset=\"https:\/\/www.santjosep.net\/wp-content\/uploads\/2024\/12\/1-fira3.jpg 1900w, https:\/\/www.santjosep.net\/wp-content\/uploads\/2024\/12\/1-fira3-300x200.jpg 300w, https:\/\/www.santjosep.net\/wp-content\/uploads\/2024\/12\/1-fira3-1024x682.jpg 1024w, https:\/\/www.santjosep.net\/wp-content\/uploads\/2024\/12\/1-fira3-768x512.jpg 768w, https:\/\/www.santjosep.net\/wp-content\/uploads\/2024\/12\/1-fira3-1536x1023.jpg 1536w\" sizes=\"auto, (max-width: 1900px) 100vw, 1900px\" \/>\n\t<\/div>\n\n<\/div>\t\t\n\t<\/div>\n\n\t\n\t\n\t<script type=\"application\/ld+json\">\n\t{\n\t\t\"@context\": \"http:\/\/schema.org\",\n\t\t\"@type\"   : \"ImageGallery\",\n\t\t\"id\"      : \"https:\/\/www.santjosep.net\/ca\/fira-de-la-sal\/\",\n\t\t\"url\"     : \"https:\/\/www.santjosep.net\/ca\/fira-de-la-sal\/\"\n\t}\n\n\t<\/script>\n\n\t\n<\/div>\n[\/vc_column_text][\/vc_column][\/vc_row][vc_row enable_hue_rotation=&#8221;no&#8221; enable_text_marquee=&#8221;no&#8221; el_class=&#8221;bfirasal&#8221;][vc_column][vc_custom_heading text=&#8221;Cultura de la Sal i els Saliners<br \/>\n&#8221; use_theme_fonts=&#8221;yes&#8221;][vc_column_text el_class=&#8221;mw_900&#8243;]<strong>La hist\u00f2ria d&#8217;Eivissa est\u00e0 estretament lligada a la producci\u00f3 de sal, una activitat tradicional que ha donat forma a l&#8217;economia i cultura local durant segles. <\/strong><\/p>\n<p>Els saliners, treballadors dedicats a l&#8217;extracci\u00f3 d&#8217;aquest \u201cor blanc\u201d, han preservat i transm\u00e8s el seu coneixement i habilitats a trav\u00e9s de generacions. Les seves t\u00e8cniques i l&#8217;esfor\u00e7 col\u00b7lectiu en les salines representen la connexi\u00f3 de l&#8217;illa amb la mar i la terra, i simbolitzen una identitat cultural profunda. Aquesta labor dels saliners se celebra cada any en la Fira de la Sal, en reconeixement al seu llegat hist\u00f2ric i la seva contribuci\u00f3 a la identitat eivissenca.[\/vc_column_text][\/vc_column][\/vc_row][vc_row enable_hue_rotation=&#8221;no&#8221; enable_text_marquee=&#8221;no&#8221; css=&#8221;.vc_custom_1733904281245{margin-top: 40px !important;}&#8221;][vc_column][vc_column_text]<style>#jtg-35673 .modula-item .jtg-social a, .lightbox-socials.jtg-social a{ fill: #ffffff; color: #ffffff }#jtg-35673 .modula-item .jtg-social-mobile a{ fill: #ffffff; color: #ffffff }#jtg-35673 .modula-item .jtg-social svg, .lightbox-socials.jtg-social svg { height: 16px; width: 16px }#jtg-35673 .modula-item .jtg-social-mobile svg { height: 16px; width: 16px }#jtg-35673 .modula-item .jtg-social a:not(:last-child), .lightbox-socials.jtg-social a:not(:last-child) { margin-right: 10px }#jtg-35673 .modula-item .jtg-social-mobile .jtg-social-mobile-icons a:not(:last-child){ margin-right: 10px }#jtg-35673 .modula-item .figc {color:#ffffff;}#jtg-35673 .modula-item .figc .jtg-title {  font-size: 10px; }#jtg-35673 .modula-item .modula-item-content { transform: scale(1) }#jtg-35673 .modula-items .figc p.description { font-size:14px; }#jtg-35673 .modula-items .figc p.description { color:#ffffff;}#jtg-35673 .modula-items .figc .jtg-title { color:#000000; }#jtg-35673.modula-gallery .modula-item > a, #jtg-35673.modula-gallery .modula-item, #jtg-35673.modula-gallery .modula-item-content > a:not(.modula-no-follow) { cursor:zoom-in; } #jtg-35673.modula-gallery .modula-item-content .modula-no-follow { cursor: default; } @media screen and (max-width:480px){#jtg-35673 .modula-item .figc .jtg-title {  font-size: 12px; }#jtg-35673 .modula-items .figc p.description { color:#ffffff;font-size:10px; }}#jtg-35673 .modula-items .modula-item:hover img{opacity:1;}<\/style>\n<div  id=\"jtg-35673\" class=\"modula modula-gallery modula-custom-grid\" data-config=\"{&quot;height&quot;:800,&quot;tabletHeight&quot;:800,&quot;mobileHeight&quot;:800,&quot;desktopHeight&quot;:800,&quot;enableTwitter&quot;:true,&quot;enableWhatsapp&quot;:false,&quot;enableFacebook&quot;:true,&quot;enablePinterest&quot;:true,&quot;enableLinkedin&quot;:true,&quot;enableEmail&quot;:false,&quot;randomFactor&quot;:0.5,&quot;type&quot;:&quot;custom-grid&quot;,&quot;columns&quot;:12,&quot;gutter&quot;:0,&quot;mobileGutter&quot;:0,&quot;tabletGutter&quot;:0,&quot;desktopGutter&quot;:0,&quot;enableResponsive&quot;:true,&quot;tabletColumns&quot;:2,&quot;mobileColumns&quot;:1,&quot;lazyLoad&quot;:&quot;0&quot;,&quot;lightboxOpts&quot;:{&quot;animated&quot;:true,&quot;Thumbs&quot;:{&quot;type&quot;:&quot;modern&quot;,&quot;showOnStart&quot;:false},&quot;Toolbar&quot;:{&quot;display&quot;:{&quot;right&quot;:[&quot;close&quot;]},&quot;enabled&quot;:true},&quot;Carousel&quot;:{&quot;Panzoom&quot;:{&quot;touch&quot;:false},&quot;infinite&quot;:false},&quot;keyboard&quot;:{&quot;Escape&quot;:&quot;close&quot;,&quot;Delete&quot;:&quot;close&quot;,&quot;Backspace&quot;:&quot;close&quot;,&quot;PageUp&quot;:false,&quot;PageDown&quot;:false,&quot;ArrowUp&quot;:false,&quot;ArrowDown&quot;:false,&quot;ArrowRight&quot;:false,&quot;ArrowLeft&quot;:false},&quot;touch&quot;:false,&quot;backdropClick&quot;:false,&quot;l10n&quot;:{&quot;CLOSE&quot;:&quot;Close&quot;,&quot;NEXT&quot;:&quot;Next&quot;,&quot;PREV&quot;:&quot;Previous&quot;,&quot;Error&quot;:&quot;The requested content cannot be loaded. Please try again later.&quot;,&quot;PLAY_START&quot;:&quot;Start slideshow&quot;,&quot;PLAY_STOP&quot;:&quot;Pause slideshow&quot;,&quot;FULL_SCREEN&quot;:&quot;Full screen&quot;,&quot;THUMBS&quot;:&quot;Thumbnails&quot;,&quot;DOWNLOAD&quot;:&quot;Download&quot;,&quot;SHARE&quot;:&quot;Share&quot;,&quot;ZOOM&quot;:&quot;Zoom&quot;,&quot;EMAIL&quot;:&quot;Here is the link to the image : %%image_link%% and this is the link to the gallery : %%gallery_link%%&quot;,&quot;MODAL&quot;:&quot;You can close this modal content with the ESC key&quot;,&quot;ERROR&quot;:&quot;Something Went Wrong, Please Try Again Later&quot;,&quot;IMAGE_ERROR&quot;:&quot;Image Not Found&quot;,&quot;ELEMENT_NOT_FOUND&quot;:&quot;HTML Element Not Found&quot;,&quot;AJAX_NOT_FOUND&quot;:&quot;Error Loading AJAX : Not Found&quot;,&quot;AJAX_FORBIDDEN&quot;:&quot;Error Loading AJAX : Forbidden&quot;,&quot;IFRAME_ERROR&quot;:&quot;Error Loading Page&quot;,&quot;TOGGLE_ZOOM&quot;:&quot;Toggle zoom level&quot;,&quot;TOGGLE_THUMBS&quot;:&quot;Toggle thumbnails&quot;,&quot;TOGGLE_SLIDESHOW&quot;:&quot;Toggle slideshow&quot;,&quot;TOGGLE_FULLSCREEN&quot;:&quot;Toggle full-screen mode&quot;},&quot;Images&quot;:{&quot;Panzoom&quot;:{&quot;maxScale&quot;:2}},&quot;mainClass&quot;:&quot;modula-fancybox-container modula-lightbox-jtg-35673&quot;,&quot;Html&quot;:{&quot;videoAutoplay&quot;:0,&quot;videoTpl&quot;:&quot;&lt;video class=\\&quot;fancybox__html5video\\&quot; controls muted playsinline controlsList controlsList=\\&quot;nodownload\\&quot; poster=\\&quot;{{poster}}\\&quot; src=\\&quot;{{src}}\\&quot; type=\\&quot;{{format}}\\&quot; &gt;  Sorry, your browser doesn&#039;t support embedded videos, &lt;a href=\\&quot;{{src}}\\&quot;&gt; download &lt;\\\/a&gt; and watch with your favorite video player! &lt;\\\/video&gt;&quot;}},&quot;inView&quot;:false,&quot;email_subject&quot;:&quot;Check out this awesome image !!&quot;,&quot;email_message&quot;:&quot;Here is the link to the image : %%image_link%% and this is the link to the gallery : %%gallery_link%%&quot;,&quot;lightbox&quot;:&quot;fancybox&quot;}\">\n\n\t\n\t<div  class=\"modula-items\">\n\t\t<div class=\"modula-item\" data-width=\"5\" data-height=\"5\" >\n\t<div class=\"modula-item-content\">\n\t\t\n\t\t\t\t\t<a data-image-id=\"35648\" tabindex=\"0\" rel=\"jtg-35673\" data-caption=\"\" aria-label=\"Open image in lightbox\" role=\"button\" class=\"tile-inner modula-item-link\"><\/a>\n\t\t\n\t\t<img loading=\"lazy\" decoding=\"async\" class=\"pic wp-image-35648\"  data-valign=\"middle\" data-halign=\"center\" alt=\"\" data-full=\"https:\/\/www.santjosep.net\/wp-content\/uploads\/2024\/12\/2-treta-d-ela-sal.jpg\" title=\"2-treta d ela sal\" width=\"1200\" height=\"1803\" src=\"https:\/\/www.santjosep.net\/wp-content\/uploads\/2024\/12\/2-treta-d-ela-sal.jpg\" data-src=\"https:\/\/www.santjosep.net\/wp-content\/uploads\/2024\/12\/2-treta-d-ela-sal.jpg\" data-caption=\"\" srcset=\"https:\/\/www.santjosep.net\/wp-content\/uploads\/2024\/12\/2-treta-d-ela-sal.jpg 1200w, https:\/\/www.santjosep.net\/wp-content\/uploads\/2024\/12\/2-treta-d-ela-sal-200x300.jpg 200w, https:\/\/www.santjosep.net\/wp-content\/uploads\/2024\/12\/2-treta-d-ela-sal-682x1024.jpg 682w, https:\/\/www.santjosep.net\/wp-content\/uploads\/2024\/12\/2-treta-d-ela-sal-768x1154.jpg 768w, https:\/\/www.santjosep.net\/wp-content\/uploads\/2024\/12\/2-treta-d-ela-sal-1022x1536.jpg 1022w\" sizes=\"auto, (max-width: 1200px) 100vw, 1200px\" \/>\n\t<\/div>\n\n<\/div><div class=\"modula-item\" data-width=\"7\" data-height=\"5\" >\n\t<div class=\"modula-item-content\">\n\t\t\n\t\t\t\t\t<a data-image-id=\"35633\" tabindex=\"0\" rel=\"jtg-35673\" data-caption=\"\" aria-label=\"Open image in lightbox\" role=\"button\" class=\"tile-inner modula-item-link\"><\/a>\n\t\t\n\t\t<img loading=\"lazy\" decoding=\"async\" class=\"pic wp-image-35633\"  data-valign=\"middle\" data-halign=\"center\" alt=\"\" data-full=\"https:\/\/www.santjosep.net\/wp-content\/uploads\/2024\/12\/2-Fira-de-la-Sal_Treta-de-sal.jpg\" title=\"2--Fira de la Sal_Treta de sal\" width=\"1900\" height=\"1264\" src=\"https:\/\/www.santjosep.net\/wp-content\/uploads\/2024\/12\/2-Fira-de-la-Sal_Treta-de-sal.jpg\" data-src=\"https:\/\/www.santjosep.net\/wp-content\/uploads\/2024\/12\/2-Fira-de-la-Sal_Treta-de-sal.jpg\" data-caption=\"\" srcset=\"https:\/\/www.santjosep.net\/wp-content\/uploads\/2024\/12\/2-Fira-de-la-Sal_Treta-de-sal.jpg 1900w, https:\/\/www.santjosep.net\/wp-content\/uploads\/2024\/12\/2-Fira-de-la-Sal_Treta-de-sal-300x200.jpg 300w, https:\/\/www.santjosep.net\/wp-content\/uploads\/2024\/12\/2-Fira-de-la-Sal_Treta-de-sal-1024x681.jpg 1024w, https:\/\/www.santjosep.net\/wp-content\/uploads\/2024\/12\/2-Fira-de-la-Sal_Treta-de-sal-768x511.jpg 768w, https:\/\/www.santjosep.net\/wp-content\/uploads\/2024\/12\/2-Fira-de-la-Sal_Treta-de-sal-1536x1022.jpg 1536w\" sizes=\"auto, (max-width: 1900px) 100vw, 1900px\" \/>\n\t<\/div>\n\n<\/div><div class=\"modula-item\" data-width=\"6\" data-height=\"5\" >\n\t<div class=\"modula-item-content\">\n\t\t\n\t\t\t\t\t<a data-image-id=\"35643\" tabindex=\"0\" rel=\"jtg-35673\" data-caption=\"\" aria-label=\"Open image in lightbox\" role=\"button\" class=\"tile-inner modula-item-link\"><\/a>\n\t\t\n\t\t<img loading=\"lazy\" decoding=\"async\" class=\"pic wp-image-35643\"  data-valign=\"middle\" data-halign=\"center\" alt=\"\" data-full=\"https:\/\/www.santjosep.net\/wp-content\/uploads\/2024\/12\/2-Foto-color-4-e1733905464645.jpg\" title=\"2-Foto color-4\" width=\"1900\" height=\"1340\" src=\"https:\/\/www.santjosep.net\/wp-content\/uploads\/2024\/12\/2-Foto-color-4-e1733905464645.jpg\" data-src=\"https:\/\/www.santjosep.net\/wp-content\/uploads\/2024\/12\/2-Foto-color-4-e1733905464645.jpg\" data-caption=\"\" srcset=\"https:\/\/www.santjosep.net\/wp-content\/uploads\/2024\/12\/2-Foto-color-4-e1733905464645.jpg 1900w, https:\/\/www.santjosep.net\/wp-content\/uploads\/2024\/12\/2-Foto-color-4-e1733905464645-300x212.jpg 300w, https:\/\/www.santjosep.net\/wp-content\/uploads\/2024\/12\/2-Foto-color-4-e1733905464645-1024x722.jpg 1024w, https:\/\/www.santjosep.net\/wp-content\/uploads\/2024\/12\/2-Foto-color-4-e1733905464645-768x542.jpg 768w, https:\/\/www.santjosep.net\/wp-content\/uploads\/2024\/12\/2-Foto-color-4-e1733905464645-1536x1083.jpg 1536w\" sizes=\"auto, (max-width: 1900px) 100vw, 1900px\" \/>\n\t<\/div>\n\n<\/div><div class=\"modula-item\" data-width=\"6\" data-height=\"5\" >\n\t<div class=\"modula-item-content\">\n\t\t\n\t\t\t\t\t<a data-image-id=\"35638\" tabindex=\"0\" rel=\"jtg-35673\" data-caption=\"\" aria-label=\"Open image in lightbox\" role=\"button\" class=\"tile-inner modula-item-link\"><\/a>\n\t\t\n\t\t<img loading=\"lazy\" decoding=\"async\" class=\"pic wp-image-35638\"  data-valign=\"middle\" data-halign=\"center\" alt=\"\" data-full=\"https:\/\/www.santjosep.net\/wp-content\/uploads\/2024\/12\/2-AISI_BN_0282_SES_SALINES-e1733905521638.jpg\" title=\"2-AISI_BN_0282_SES_SALINES\" width=\"1900\" height=\"1184\" src=\"https:\/\/www.santjosep.net\/wp-content\/uploads\/2024\/12\/2-AISI_BN_0282_SES_SALINES-e1733905521638.jpg\" data-src=\"https:\/\/www.santjosep.net\/wp-content\/uploads\/2024\/12\/2-AISI_BN_0282_SES_SALINES-e1733905521638.jpg\" data-caption=\"\" srcset=\"https:\/\/www.santjosep.net\/wp-content\/uploads\/2024\/12\/2-AISI_BN_0282_SES_SALINES-e1733905521638.jpg 1900w, https:\/\/www.santjosep.net\/wp-content\/uploads\/2024\/12\/2-AISI_BN_0282_SES_SALINES-e1733905521638-300x187.jpg 300w, https:\/\/www.santjosep.net\/wp-content\/uploads\/2024\/12\/2-AISI_BN_0282_SES_SALINES-e1733905521638-1024x638.jpg 1024w, https:\/\/www.santjosep.net\/wp-content\/uploads\/2024\/12\/2-AISI_BN_0282_SES_SALINES-e1733905521638-768x479.jpg 768w, https:\/\/www.santjosep.net\/wp-content\/uploads\/2024\/12\/2-AISI_BN_0282_SES_SALINES-e1733905521638-1536x957.jpg 1536w\" sizes=\"auto, (max-width: 1900px) 100vw, 1900px\" \/>\n\t<\/div>\n\n<\/div>\t\t\n\t<\/div>\n\n\t\n\t\n\t<script type=\"application\/ld+json\">\n\t{\n\t\t\"@context\": \"http:\/\/schema.org\",\n\t\t\"@type\"   : \"ImageGallery\",\n\t\t\"id\"      : \"https:\/\/www.santjosep.net\/ca\/fira-de-la-sal\/\",\n\t\t\"url\"     : \"https:\/\/www.santjosep.net\/ca\/fira-de-la-sal\/\"\n\t}\n\n\t<\/script>\n\n\t\n<\/div>\n[\/vc_column_text][\/vc_column][\/vc_row][vc_row enable_hue_rotation=&#8221;no&#8221; enable_text_marquee=&#8221;no&#8221; el_class=&#8221;bfirasal&#8221;][vc_column][vc_custom_heading text=&#8221;Gastronomia&#8221; use_theme_fonts=&#8221;yes&#8221;][vc_column_text el_class=&#8221;mw_900&#8243;]<strong>La sal d&#8217;Eivissa \u00e9s molt m\u00e9s que un simple condiment; \u00e9s un s\u00edmbol de l&#8217;her\u00e8ncia cultural i culin\u00e0ria de l&#8217;illa.<\/strong><\/p>\n<p>La Fira de la Sal honra aquesta her\u00e8ncia a trav\u00e9s d&#8217;una variada oferta gastron\u00f2mica que destaca plats tradicionals elaborats amb productes locals i t\u00e8cniques de conservaci\u00f3 mil\u00b7len\u00e0ries, com el salat de peixos, i altres aliments (salmorra per a olives; salat d&#8217;ossos de porc,\u2026).<\/p>\n<p>Els visitants tenen l&#8217;oportunitat de presenciar demostracions culin\u00e0ries i participar en tallers que mostren com la sal \u00e9s utilitzada en la cuina eivissenca. Aquesta experi\u00e8ncia permet assaborir l&#8217;autenticitat d&#8217;Eivissa i con\u00e8ixer el valor dels seus recursos naturals, impregnats en cada mos. A m\u00e9s de poder gaudir de la degustaci\u00f3 del plat tradicional \u2018Ossos amb col\u2019, una recepta que combina ossos, morro, orella i peus de porc salats amb moniato i col.<\/p>\n<p>[\/vc_column_text][\/vc_column][\/vc_row][vc_row equal_height=&#8221;yes&#8221; enable_hue_rotation=&#8221;no&#8221; enable_text_marquee=&#8221;no&#8221; css=&#8221;.vc_custom_1733849357017{margin-top: 40px !important;}&#8221;][vc_column][vc_column_text]<style>#jtg-35593 .modula-item .jtg-social a, .lightbox-socials.jtg-social a{ fill: #ffffff; color: #ffffff }#jtg-35593 .modula-item .jtg-social-mobile a{ fill: #ffffff; color: #ffffff }#jtg-35593 .modula-item .jtg-social svg, .lightbox-socials.jtg-social svg { height: 16px; width: 16px }#jtg-35593 .modula-item .jtg-social-mobile svg { height: 16px; width: 16px }#jtg-35593 .modula-item .jtg-social a:not(:last-child), .lightbox-socials.jtg-social a:not(:last-child) { margin-right: 10px }#jtg-35593 .modula-item .jtg-social-mobile .jtg-social-mobile-icons a:not(:last-child){ margin-right: 10px }#jtg-35593 .modula-item .figc {color:#ffffff;}#jtg-35593 .modula-item .modula-item-content { transform: scale(1) }#jtg-35593 .modula-items .figc p.description { font-size:14px; }#jtg-35593 .modula-items .figc p.description { color:#ffffff;}#jtg-35593.modula-gallery .modula-item > a, #jtg-35593.modula-gallery .modula-item, #jtg-35593.modula-gallery .modula-item-content > a:not(.modula-no-follow) { cursor:zoom-in; } #jtg-35593.modula-gallery .modula-item-content .modula-no-follow { cursor: default; } @media screen and (max-width:480px){#jtg-35593 .modula-item .figc .jtg-title {  font-size: 12px; }#jtg-35593 .modula-items .figc p.description { color:#ffffff;font-size:10px; }}#jtg-35593 .modula-items .modula-item:hover img{opacity:1;}<\/style>\n<div  id=\"jtg-35593\" class=\"modula modula-gallery modula-custom-grid\" data-config=\"{&quot;height&quot;:800,&quot;tabletHeight&quot;:800,&quot;mobileHeight&quot;:800,&quot;desktopHeight&quot;:800,&quot;enableTwitter&quot;:true,&quot;enableWhatsapp&quot;:false,&quot;enableFacebook&quot;:true,&quot;enablePinterest&quot;:true,&quot;enableLinkedin&quot;:true,&quot;enableEmail&quot;:false,&quot;randomFactor&quot;:0.5,&quot;type&quot;:&quot;custom-grid&quot;,&quot;columns&quot;:12,&quot;gutter&quot;:0,&quot;mobileGutter&quot;:0,&quot;tabletGutter&quot;:0,&quot;desktopGutter&quot;:0,&quot;enableResponsive&quot;:true,&quot;tabletColumns&quot;:2,&quot;mobileColumns&quot;:1,&quot;lazyLoad&quot;:&quot;0&quot;,&quot;lightboxOpts&quot;:{&quot;animated&quot;:true,&quot;Thumbs&quot;:{&quot;type&quot;:&quot;modern&quot;,&quot;showOnStart&quot;:false},&quot;Toolbar&quot;:{&quot;display&quot;:{&quot;right&quot;:[&quot;close&quot;]},&quot;enabled&quot;:true},&quot;Carousel&quot;:{&quot;Panzoom&quot;:{&quot;touch&quot;:false},&quot;infinite&quot;:false},&quot;keyboard&quot;:{&quot;Escape&quot;:&quot;close&quot;,&quot;Delete&quot;:&quot;close&quot;,&quot;Backspace&quot;:&quot;close&quot;,&quot;PageUp&quot;:false,&quot;PageDown&quot;:false,&quot;ArrowUp&quot;:false,&quot;ArrowDown&quot;:false,&quot;ArrowRight&quot;:false,&quot;ArrowLeft&quot;:false},&quot;touch&quot;:false,&quot;backdropClick&quot;:false,&quot;l10n&quot;:{&quot;CLOSE&quot;:&quot;Close&quot;,&quot;NEXT&quot;:&quot;Next&quot;,&quot;PREV&quot;:&quot;Previous&quot;,&quot;Error&quot;:&quot;The requested content cannot be loaded. Please try again later.&quot;,&quot;PLAY_START&quot;:&quot;Start slideshow&quot;,&quot;PLAY_STOP&quot;:&quot;Pause slideshow&quot;,&quot;FULL_SCREEN&quot;:&quot;Full screen&quot;,&quot;THUMBS&quot;:&quot;Thumbnails&quot;,&quot;DOWNLOAD&quot;:&quot;Download&quot;,&quot;SHARE&quot;:&quot;Share&quot;,&quot;ZOOM&quot;:&quot;Zoom&quot;,&quot;EMAIL&quot;:&quot;Here is the link to the image : %%image_link%% and this is the link to the gallery : %%gallery_link%%&quot;,&quot;MODAL&quot;:&quot;You can close this modal content with the ESC key&quot;,&quot;ERROR&quot;:&quot;Something Went Wrong, Please Try Again Later&quot;,&quot;IMAGE_ERROR&quot;:&quot;Image Not Found&quot;,&quot;ELEMENT_NOT_FOUND&quot;:&quot;HTML Element Not Found&quot;,&quot;AJAX_NOT_FOUND&quot;:&quot;Error Loading AJAX : Not Found&quot;,&quot;AJAX_FORBIDDEN&quot;:&quot;Error Loading AJAX : Forbidden&quot;,&quot;IFRAME_ERROR&quot;:&quot;Error Loading Page&quot;,&quot;TOGGLE_ZOOM&quot;:&quot;Toggle zoom level&quot;,&quot;TOGGLE_THUMBS&quot;:&quot;Toggle thumbnails&quot;,&quot;TOGGLE_SLIDESHOW&quot;:&quot;Toggle slideshow&quot;,&quot;TOGGLE_FULLSCREEN&quot;:&quot;Toggle full-screen mode&quot;},&quot;Images&quot;:{&quot;Panzoom&quot;:{&quot;maxScale&quot;:2}},&quot;mainClass&quot;:&quot;modula-fancybox-container modula-lightbox-jtg-35593&quot;,&quot;Html&quot;:{&quot;videoAutoplay&quot;:0,&quot;videoTpl&quot;:&quot;&lt;video class=\\&quot;fancybox__html5video\\&quot; controls muted playsinline controlsList controlsList=\\&quot;nodownload\\&quot; poster=\\&quot;{{poster}}\\&quot; src=\\&quot;{{src}}\\&quot; type=\\&quot;{{format}}\\&quot; &gt;  Sorry, your browser doesn&#039;t support embedded videos, &lt;a href=\\&quot;{{src}}\\&quot;&gt; download &lt;\\\/a&gt; and watch with your favorite video player! &lt;\\\/video&gt;&quot;}},&quot;inView&quot;:false,&quot;email_subject&quot;:&quot;Check out this awesome image !!&quot;,&quot;email_message&quot;:&quot;Here is the link to the image : %%image_link%% and this is the link to the gallery : %%gallery_link%%&quot;,&quot;lightbox&quot;:&quot;fancybox&quot;}\">\n\n\t\n\t<div  class=\"modula-items\">\n\t\t<div class=\"modula-item\" data-width=\"5\" data-height=\"8\" >\n\t<div class=\"modula-item-content\">\n\t\t\n\t\t\t\t\t<a data-image-id=\"35587\" tabindex=\"0\" rel=\"jtg-35593\" data-caption=\"\" aria-label=\"Open image in lightbox\" role=\"button\" class=\"tile-inner modula-item-link\"><\/a>\n\t\t\n\t\t<img loading=\"lazy\" decoding=\"async\" class=\"pic wp-image-35587\"  data-valign=\"middle\" data-halign=\"center\" alt=\"\" data-full=\"https:\/\/www.santjosep.net\/wp-content\/uploads\/2024\/12\/3-Fira-de-la-Sal_151_osos-e1733849503678.jpg\" title=\"3-Fira de la Sal_151_osos\" width=\"1200\" height=\"1750\" src=\"https:\/\/www.santjosep.net\/wp-content\/uploads\/2024\/12\/3-Fira-de-la-Sal_151_osos-e1733849503678.jpg\" data-src=\"https:\/\/www.santjosep.net\/wp-content\/uploads\/2024\/12\/3-Fira-de-la-Sal_151_osos-e1733849503678.jpg\" data-caption=\"\" srcset=\"https:\/\/www.santjosep.net\/wp-content\/uploads\/2024\/12\/3-Fira-de-la-Sal_151_osos-e1733849503678.jpg 1200w, https:\/\/www.santjosep.net\/wp-content\/uploads\/2024\/12\/3-Fira-de-la-Sal_151_osos-e1733849503678-206x300.jpg 206w, https:\/\/www.santjosep.net\/wp-content\/uploads\/2024\/12\/3-Fira-de-la-Sal_151_osos-e1733849503678-702x1024.jpg 702w, https:\/\/www.santjosep.net\/wp-content\/uploads\/2024\/12\/3-Fira-de-la-Sal_151_osos-e1733849503678-768x1120.jpg 768w, https:\/\/www.santjosep.net\/wp-content\/uploads\/2024\/12\/3-Fira-de-la-Sal_151_osos-e1733849503678-1053x1536.jpg 1053w\" sizes=\"auto, (max-width: 1200px) 100vw, 1200px\" \/>\n\t<\/div>\n\n<\/div><div class=\"modula-item\" data-width=\"7\" data-height=\"4\" >\n\t<div class=\"modula-item-content\">\n\t\t\n\t\t\t\t\t<a data-image-id=\"35577\" tabindex=\"0\" rel=\"jtg-35593\" data-caption=\"\" aria-label=\"Open image in lightbox\" role=\"button\" class=\"tile-inner modula-item-link\"><\/a>\n\t\t\n\t\t<img loading=\"lazy\" decoding=\"async\" class=\"pic wp-image-35577\"  data-valign=\"middle\" data-halign=\"center\" alt=\"\" data-full=\"https:\/\/www.santjosep.net\/wp-content\/uploads\/2024\/12\/3-Fira-de-la-Sal_137.jpg\" title=\"3--Fira de la Sal_137\" width=\"1900\" height=\"1264\" src=\"https:\/\/www.santjosep.net\/wp-content\/uploads\/2024\/12\/3-Fira-de-la-Sal_137.jpg\" data-src=\"https:\/\/www.santjosep.net\/wp-content\/uploads\/2024\/12\/3-Fira-de-la-Sal_137.jpg\" data-caption=\"\" srcset=\"https:\/\/www.santjosep.net\/wp-content\/uploads\/2024\/12\/3-Fira-de-la-Sal_137.jpg 1900w, https:\/\/www.santjosep.net\/wp-content\/uploads\/2024\/12\/3-Fira-de-la-Sal_137-300x200.jpg 300w, https:\/\/www.santjosep.net\/wp-content\/uploads\/2024\/12\/3-Fira-de-la-Sal_137-1024x681.jpg 1024w, https:\/\/www.santjosep.net\/wp-content\/uploads\/2024\/12\/3-Fira-de-la-Sal_137-768x511.jpg 768w, https:\/\/www.santjosep.net\/wp-content\/uploads\/2024\/12\/3-Fira-de-la-Sal_137-1536x1022.jpg 1536w\" sizes=\"auto, (max-width: 1900px) 100vw, 1900px\" \/>\n\t<\/div>\n\n<\/div><div class=\"modula-item\" data-width=\"7\" data-height=\"4\" >\n\t<div class=\"modula-item-content\">\n\t\t\n\t\t\t\t\t<a data-image-id=\"35582\" tabindex=\"0\" rel=\"jtg-35593\" data-caption=\"II Fira de la Sal, Ses Salines d&#039;Eivissa. ?sSom un poble saliner&#039;\" aria-label=\"Open image in lightbox\" role=\"button\" class=\"tile-inner modula-item-link\"><\/a>\n\t\t\n\t\t<img loading=\"lazy\" decoding=\"async\" class=\"pic wp-image-35582\"  data-valign=\"middle\" data-halign=\"center\" alt=\"\" data-full=\"https:\/\/www.santjosep.net\/wp-content\/uploads\/2024\/12\/3-II-Fira-de-la-Sal__SGC6623.jpg\" title=\"II Fira de la Sal, Ses Salines d&#039;Eivissa. ?sSom un poble saliner&#039;\" width=\"1900\" height=\"1266\" src=\"https:\/\/www.santjosep.net\/wp-content\/uploads\/2024\/12\/3-II-Fira-de-la-Sal__SGC6623.jpg\" data-src=\"https:\/\/www.santjosep.net\/wp-content\/uploads\/2024\/12\/3-II-Fira-de-la-Sal__SGC6623.jpg\" data-caption=\"II Fira de la Sal, Ses Salines d&#039;Eivissa. ?sSom un poble saliner&#039;\" srcset=\"https:\/\/www.santjosep.net\/wp-content\/uploads\/2024\/12\/3-II-Fira-de-la-Sal__SGC6623.jpg 1900w, https:\/\/www.santjosep.net\/wp-content\/uploads\/2024\/12\/3-II-Fira-de-la-Sal__SGC6623-300x200.jpg 300w, https:\/\/www.santjosep.net\/wp-content\/uploads\/2024\/12\/3-II-Fira-de-la-Sal__SGC6623-1024x682.jpg 1024w, https:\/\/www.santjosep.net\/wp-content\/uploads\/2024\/12\/3-II-Fira-de-la-Sal__SGC6623-768x512.jpg 768w, https:\/\/www.santjosep.net\/wp-content\/uploads\/2024\/12\/3-II-Fira-de-la-Sal__SGC6623-1536x1023.jpg 1536w\" sizes=\"auto, (max-width: 1900px) 100vw, 1900px\" \/>\n\t<\/div>\n\n<\/div>\t\t\n\t<\/div>\n\n\t\n\t\n\t<script type=\"application\/ld+json\">\n\t{\n\t\t\"@context\": \"http:\/\/schema.org\",\n\t\t\"@type\"   : \"ImageGallery\",\n\t\t\"id\"      : \"https:\/\/www.santjosep.net\/ca\/fira-de-la-sal\/\",\n\t\t\"url\"     : \"https:\/\/www.santjosep.net\/ca\/fira-de-la-sal\/\"\n\t}\n\n\t<\/script>\n\n\t\n<\/div>\n[\/vc_column_text][\/vc_column][\/vc_row][vc_row enable_hue_rotation=&#8221;no&#8221; enable_text_marquee=&#8221;no&#8221; el_class=&#8221;bfirasal&#8221;][vc_column][vc_custom_heading text=&#8221;Esdeveniments i activitats<br \/>\n&#8221; use_theme_fonts=&#8221;yes&#8221;][vc_column_text el_class=&#8221;mw_900&#8243;]<strong>La Fira de la Sal \u00e9s una celebraci\u00f3 anual que reviu les antigues tradicions salineres a trav\u00e9s d&#8217;un programa variat d&#8217;esdeveniments i activitats per a totes les edats.<\/strong><\/p>\n<p>Tallers creatius, demostracions de t\u00e8cniques d&#8217;extracci\u00f3 de sal, visites guiades i un mercat artesanal permeten als assistents submergir-se en la hist\u00f2ria i cultura de l&#8217;illa. A m\u00e9s, la Fira de la Sal ofereix espectacles de m\u00fasica en viu, exhibicions de dansa tradicional \u2018Ball Pag\u00e8s\u2019, exposicions i activitats pensades per al gaudi de tota la fam\u00edlia. Aquest esdeveniment brinda una oportunitat \u00fanica de descobrir l&#8217;Eivissa m\u00e9s aut\u00e8ntica, en un ambient que celebra el passat mentre es viu el present.[\/vc_column_text][vc_video link=&#8221;https:\/\/vimeo.com\/1056303440&#8243;][\/vc_column][\/vc_row][vc_row full_width=&#8221;stretch_row_content_no_spaces&#8221; enable_hue_rotation=&#8221;no&#8221; enable_text_marquee=&#8221;no&#8221; css=&#8221;.vc_custom_1733903643503{margin-top: 40px !important;}&#8221;][vc_column][vc_column_text]<style>#jtg-35632 .modula-item .jtg-social a, .lightbox-socials.jtg-social a{ fill: #ffffff; color: #ffffff }#jtg-35632 .modula-item .jtg-social-mobile a{ fill: #ffffff; color: #ffffff }#jtg-35632 .modula-item .jtg-social svg, .lightbox-socials.jtg-social svg { height: 16px; width: 16px }#jtg-35632 .modula-item .jtg-social-mobile svg { height: 16px; width: 16px }#jtg-35632 .modula-item .jtg-social a:not(:last-child), .lightbox-socials.jtg-social a:not(:last-child) { margin-right: 10px }#jtg-35632 .modula-item .jtg-social-mobile .jtg-social-mobile-icons a:not(:last-child){ margin-right: 10px }#jtg-35632 .modula-item .figc {color:#ffffff;}#jtg-35632 .modula-item .figc .jtg-title {  font-size: 10px; }#jtg-35632 .modula-item .modula-item-content { transform: scale(1) }#jtg-35632 .modula-items .figc p.description { font-size:14px; }#jtg-35632 .modula-items .figc p.description { color:#ffffff;}#jtg-35632 .modula-items .figc .jtg-title { color:#000000; }#jtg-35632.modula-gallery .modula-item > a, #jtg-35632.modula-gallery .modula-item, #jtg-35632.modula-gallery .modula-item-content > a:not(.modula-no-follow) { cursor:zoom-in; } #jtg-35632.modula-gallery .modula-item-content .modula-no-follow { cursor: default; } @media screen and (max-width:480px){#jtg-35632 .modula-item .figc .jtg-title {  font-size: 12px; }#jtg-35632 .modula-items .figc p.description { color:#ffffff;font-size:10px; }}#jtg-35632 .modula-items .modula-item:hover img{opacity:1;}<\/style>\n<div  id=\"jtg-35632\" class=\"modula modula-gallery modula-custom-grid\" data-config=\"{&quot;height&quot;:800,&quot;tabletHeight&quot;:800,&quot;mobileHeight&quot;:800,&quot;desktopHeight&quot;:800,&quot;enableTwitter&quot;:true,&quot;enableWhatsapp&quot;:false,&quot;enableFacebook&quot;:true,&quot;enablePinterest&quot;:true,&quot;enableLinkedin&quot;:true,&quot;enableEmail&quot;:false,&quot;randomFactor&quot;:0.5,&quot;type&quot;:&quot;custom-grid&quot;,&quot;columns&quot;:12,&quot;gutter&quot;:0,&quot;mobileGutter&quot;:0,&quot;tabletGutter&quot;:0,&quot;desktopGutter&quot;:0,&quot;enableResponsive&quot;:true,&quot;tabletColumns&quot;:2,&quot;mobileColumns&quot;:1,&quot;lazyLoad&quot;:&quot;0&quot;,&quot;lightboxOpts&quot;:{&quot;animated&quot;:true,&quot;Thumbs&quot;:{&quot;type&quot;:&quot;modern&quot;,&quot;showOnStart&quot;:false},&quot;Toolbar&quot;:{&quot;display&quot;:{&quot;right&quot;:[&quot;close&quot;]},&quot;enabled&quot;:true},&quot;Carousel&quot;:{&quot;Panzoom&quot;:{&quot;touch&quot;:false},&quot;infinite&quot;:false},&quot;keyboard&quot;:{&quot;Escape&quot;:&quot;close&quot;,&quot;Delete&quot;:&quot;close&quot;,&quot;Backspace&quot;:&quot;close&quot;,&quot;PageUp&quot;:false,&quot;PageDown&quot;:false,&quot;ArrowUp&quot;:false,&quot;ArrowDown&quot;:false,&quot;ArrowRight&quot;:false,&quot;ArrowLeft&quot;:false},&quot;touch&quot;:false,&quot;backdropClick&quot;:false,&quot;l10n&quot;:{&quot;CLOSE&quot;:&quot;Close&quot;,&quot;NEXT&quot;:&quot;Next&quot;,&quot;PREV&quot;:&quot;Previous&quot;,&quot;Error&quot;:&quot;The requested content cannot be loaded. Please try again later.&quot;,&quot;PLAY_START&quot;:&quot;Start slideshow&quot;,&quot;PLAY_STOP&quot;:&quot;Pause slideshow&quot;,&quot;FULL_SCREEN&quot;:&quot;Full screen&quot;,&quot;THUMBS&quot;:&quot;Thumbnails&quot;,&quot;DOWNLOAD&quot;:&quot;Download&quot;,&quot;SHARE&quot;:&quot;Share&quot;,&quot;ZOOM&quot;:&quot;Zoom&quot;,&quot;EMAIL&quot;:&quot;Here is the link to the image : %%image_link%% and this is the link to the gallery : %%gallery_link%%&quot;,&quot;MODAL&quot;:&quot;You can close this modal content with the ESC key&quot;,&quot;ERROR&quot;:&quot;Something Went Wrong, Please Try Again Later&quot;,&quot;IMAGE_ERROR&quot;:&quot;Image Not Found&quot;,&quot;ELEMENT_NOT_FOUND&quot;:&quot;HTML Element Not Found&quot;,&quot;AJAX_NOT_FOUND&quot;:&quot;Error Loading AJAX : Not Found&quot;,&quot;AJAX_FORBIDDEN&quot;:&quot;Error Loading AJAX : Forbidden&quot;,&quot;IFRAME_ERROR&quot;:&quot;Error Loading Page&quot;,&quot;TOGGLE_ZOOM&quot;:&quot;Toggle zoom level&quot;,&quot;TOGGLE_THUMBS&quot;:&quot;Toggle thumbnails&quot;,&quot;TOGGLE_SLIDESHOW&quot;:&quot;Toggle slideshow&quot;,&quot;TOGGLE_FULLSCREEN&quot;:&quot;Toggle full-screen mode&quot;},&quot;Images&quot;:{&quot;Panzoom&quot;:{&quot;maxScale&quot;:2}},&quot;mainClass&quot;:&quot;modula-fancybox-container modula-lightbox-jtg-35632&quot;,&quot;Html&quot;:{&quot;videoAutoplay&quot;:0,&quot;videoTpl&quot;:&quot;&lt;video class=\\&quot;fancybox__html5video\\&quot; controls muted playsinline controlsList controlsList=\\&quot;nodownload\\&quot; poster=\\&quot;{{poster}}\\&quot; src=\\&quot;{{src}}\\&quot; type=\\&quot;{{format}}\\&quot; &gt;  Sorry, your browser doesn&#039;t support embedded videos, &lt;a href=\\&quot;{{src}}\\&quot;&gt; download &lt;\\\/a&gt; and watch with your favorite video player! &lt;\\\/video&gt;&quot;}},&quot;inView&quot;:false,&quot;email_subject&quot;:&quot;Check out this awesome image !!&quot;,&quot;email_message&quot;:&quot;Here is the link to the image : %%image_link%% and this is the link to the gallery : %%gallery_link%%&quot;,&quot;lightbox&quot;:&quot;fancybox&quot;}\">\n\n\t\n\t<div  class=\"modula-items\">\n\t\t<div class=\"modula-item\" data-width=\"6\" data-height=\"4\" >\n\t<div class=\"modula-item-content\">\n\t\t\n\t\t\t\t\t<a data-image-id=\"35663\" tabindex=\"0\" rel=\"jtg-35632\" data-caption=\"\" aria-label=\"Open image in lightbox\" role=\"button\" class=\"tile-inner modula-item-link\"><\/a>\n\t\t\n\t\t<img loading=\"lazy\" decoding=\"async\" class=\"pic wp-image-35663\"  data-valign=\"middle\" data-halign=\"center\" alt=\"\" data-full=\"https:\/\/www.santjosep.net\/wp-content\/uploads\/2024\/12\/4-DSC7744.jpg\" title=\"4-DSC7744\" width=\"1900\" height=\"1266\" src=\"https:\/\/www.santjosep.net\/wp-content\/uploads\/2024\/12\/4-DSC7744.jpg\" data-src=\"https:\/\/www.santjosep.net\/wp-content\/uploads\/2024\/12\/4-DSC7744.jpg\" data-caption=\"\" srcset=\"https:\/\/www.santjosep.net\/wp-content\/uploads\/2024\/12\/4-DSC7744.jpg 1900w, https:\/\/www.santjosep.net\/wp-content\/uploads\/2024\/12\/4-DSC7744-300x200.jpg 300w, https:\/\/www.santjosep.net\/wp-content\/uploads\/2024\/12\/4-DSC7744-1024x682.jpg 1024w, https:\/\/www.santjosep.net\/wp-content\/uploads\/2024\/12\/4-DSC7744-768x512.jpg 768w, https:\/\/www.santjosep.net\/wp-content\/uploads\/2024\/12\/4-DSC7744-1536x1023.jpg 1536w\" sizes=\"auto, (max-width: 1900px) 100vw, 1900px\" \/>\n\t<\/div>\n\n<\/div><div class=\"modula-item\" data-width=\"6\" data-height=\"4\" >\n\t<div class=\"modula-item-content\">\n\t\t\n\t\t\t\t\t<a data-image-id=\"35653\" tabindex=\"0\" rel=\"jtg-35632\" data-caption=\"\" aria-label=\"Open image in lightbox\" role=\"button\" class=\"tile-inner modula-item-link\"><\/a>\n\t\t\n\t\t<img loading=\"lazy\" decoding=\"async\" class=\"pic wp-image-35653\"  data-valign=\"middle\" data-halign=\"center\" alt=\"\" data-full=\"https:\/\/www.santjosep.net\/wp-content\/uploads\/2024\/12\/4-.jpg\" title=\"4--\" width=\"1900\" height=\"1264\" src=\"https:\/\/www.santjosep.net\/wp-content\/uploads\/2024\/12\/4-.jpg\" data-src=\"https:\/\/www.santjosep.net\/wp-content\/uploads\/2024\/12\/4-.jpg\" data-caption=\"\" srcset=\"https:\/\/www.santjosep.net\/wp-content\/uploads\/2024\/12\/4-.jpg 1900w, https:\/\/www.santjosep.net\/wp-content\/uploads\/2024\/12\/4--300x200.jpg 300w, https:\/\/www.santjosep.net\/wp-content\/uploads\/2024\/12\/4--1024x681.jpg 1024w, https:\/\/www.santjosep.net\/wp-content\/uploads\/2024\/12\/4--768x511.jpg 768w, https:\/\/www.santjosep.net\/wp-content\/uploads\/2024\/12\/4--1536x1022.jpg 1536w\" sizes=\"auto, (max-width: 1900px) 100vw, 1900px\" \/>\n\t<\/div>\n\n<\/div><div class=\"modula-item\" data-width=\"8\" data-height=\"4\" >\n\t<div class=\"modula-item-content\">\n\t\t\n\t\t\t\t\t<a data-image-id=\"35658\" tabindex=\"0\" rel=\"jtg-35632\" data-caption=\"\" aria-label=\"Open image in lightbox\" role=\"button\" class=\"tile-inner modula-item-link\"><\/a>\n\t\t\n\t\t<img loading=\"lazy\" decoding=\"async\" class=\"pic wp-image-35658\"  data-valign=\"middle\" data-halign=\"center\" alt=\"\" data-full=\"https:\/\/www.santjosep.net\/wp-content\/uploads\/2024\/12\/4-Fira-de-la-Sal_017.jpg\" title=\"4--Fira de la Sal_017\" width=\"1900\" height=\"1264\" src=\"https:\/\/www.santjosep.net\/wp-content\/uploads\/2024\/12\/4-Fira-de-la-Sal_017.jpg\" data-src=\"https:\/\/www.santjosep.net\/wp-content\/uploads\/2024\/12\/4-Fira-de-la-Sal_017.jpg\" data-caption=\"\" srcset=\"https:\/\/www.santjosep.net\/wp-content\/uploads\/2024\/12\/4-Fira-de-la-Sal_017.jpg 1900w, https:\/\/www.santjosep.net\/wp-content\/uploads\/2024\/12\/4-Fira-de-la-Sal_017-300x200.jpg 300w, https:\/\/www.santjosep.net\/wp-content\/uploads\/2024\/12\/4-Fira-de-la-Sal_017-1024x681.jpg 1024w, https:\/\/www.santjosep.net\/wp-content\/uploads\/2024\/12\/4-Fira-de-la-Sal_017-768x511.jpg 768w, https:\/\/www.santjosep.net\/wp-content\/uploads\/2024\/12\/4-Fira-de-la-Sal_017-1536x1022.jpg 1536w\" sizes=\"auto, (max-width: 1900px) 100vw, 1900px\" \/>\n\t<\/div>\n\n<\/div><div class=\"modula-item\" data-width=\"4\" data-height=\"4\" >\n\t<div class=\"modula-item-content\">\n\t\t\n\t\t\t\t\t<a data-image-id=\"35668\" tabindex=\"0\" rel=\"jtg-35632\" data-caption=\"\" aria-label=\"Open image in lightbox\" role=\"button\" class=\"tile-inner modula-item-link\"><\/a>\n\t\t\n\t\t<img loading=\"lazy\" decoding=\"async\" class=\"pic wp-image-35668\"  data-valign=\"middle\" data-halign=\"center\" alt=\"\" data-full=\"https:\/\/www.santjosep.net\/wp-content\/uploads\/2024\/12\/4-P1110300.jpg\" title=\"4-P1110300\" width=\"1900\" height=\"1425\" src=\"https:\/\/www.santjosep.net\/wp-content\/uploads\/2024\/12\/4-P1110300.jpg\" data-src=\"https:\/\/www.santjosep.net\/wp-content\/uploads\/2024\/12\/4-P1110300.jpg\" data-caption=\"\" srcset=\"https:\/\/www.santjosep.net\/wp-content\/uploads\/2024\/12\/4-P1110300.jpg 1900w, https:\/\/www.santjosep.net\/wp-content\/uploads\/2024\/12\/4-P1110300-300x225.jpg 300w, https:\/\/www.santjosep.net\/wp-content\/uploads\/2024\/12\/4-P1110300-1024x768.jpg 1024w, https:\/\/www.santjosep.net\/wp-content\/uploads\/2024\/12\/4-P1110300-768x576.jpg 768w, https:\/\/www.santjosep.net\/wp-content\/uploads\/2024\/12\/4-P1110300-1536x1152.jpg 1536w, https:\/\/www.santjosep.net\/wp-content\/uploads\/2024\/12\/4-P1110300-800x600.jpg 800w\" sizes=\"auto, (max-width: 1900px) 100vw, 1900px\" \/>\n\t<\/div>\n\n<\/div>\t\t\n\t<\/div>\n\n\t\n\t\n\t<script type=\"application\/ld+json\">\n\t{\n\t\t\"@context\": \"http:\/\/schema.org\",\n\t\t\"@type\"   : \"ImageGallery\",\n\t\t\"id\"      : \"https:\/\/www.santjosep.net\/ca\/fira-de-la-sal\/\",\n\t\t\"url\"     : \"https:\/\/www.santjosep.net\/ca\/fira-de-la-sal\/\"\n\t}\n\n\t<\/script>\n\n\t\n<\/div>\n[\/vc_column_text][\/vc_column][\/vc_row]<\/p>\n<\/div>","protected":false},"excerpt":{"rendered":"<p>[vc_row enable_hue_rotation=&#8221;no&#8221; enable_text_marquee=&#8221;no&#8221;][vc_column][vc_column_text el_class=&#8221;topfira&#8221;] Cada octubre, el Parc Natural de Ses Salines d\u2019Eivissa i el poble de Sant Jordi es transformen en un escenari fascinant per a la \u00abFira de la Sal\u00bb, un esdeveniment tur\u00edstic i cultural \u00fanic dedicat a [&hellip;]<\/p>\n","protected":false},"author":1,"featured_media":35089,"parent":0,"menu_order":0,"comment_status":"closed","ping_status":"closed","template":"page-cabecera.php","meta":{"_acf_changed":false,"inline_featured_image":false,"footnotes":""},"categoria_pagina":[],"class_list":["post-36370","page","type-page","status-publish","has-post-thumbnail","hentry"],"acf":[],"yoast_head":"<!-- This site is optimized with the Yoast SEO plugin v25.7 - https:\/\/yoast.com\/wordpress\/plugins\/seo\/ -->\n<title>Fira de la Sal - Santjosep.net<\/title>\n<meta name=\"robots\" content=\"index, follow, max-snippet:-1, max-image-preview:large, max-video-preview:-1\" \/>\n<link rel=\"canonical\" href=\"https:\/\/www.santjosep.net\/ca\/fira-de-la-sal\/\" \/>\n<meta property=\"og:locale\" content=\"ca_ES\" \/>\n<meta property=\"og:type\" content=\"article\" \/>\n<meta property=\"og:title\" content=\"Fira de la Sal - Santjosep.net\" \/>\n<meta property=\"og:description\" content=\"[vc_row enable_hue_rotation=&#8221;no&#8221; enable_text_marquee=&#8221;no&#8221;][vc_column][vc_column_text el_class=&#8221;topfira&#8221;] Cada octubre, el Parc Natural de Ses Salines d\u2019Eivissa i el poble de Sant Jordi es transformen en un escenari fascinant per a la \u00abFira de la Sal\u00bb, un esdeveniment tur\u00edstic i cultural \u00fanic dedicat a [&hellip;]\" \/>\n<meta property=\"og:url\" content=\"https:\/\/www.santjosep.net\/ca\/fira-de-la-sal\/\" \/>\n<meta property=\"og:site_name\" content=\"Santjosep.net\" \/>\n<meta property=\"article:modified_time\" content=\"2025-02-13T09:31:13+00:00\" \/>\n<meta property=\"og:image\" content=\"https:\/\/www.santjosep.net\/wp-content\/uploads\/2023\/10\/firadelasalold.jpg\" \/>\n\t<meta property=\"og:image:width\" content=\"2000\" \/>\n\t<meta property=\"og:image:height\" content=\"1500\" \/>\n\t<meta property=\"og:image:type\" content=\"image\/jpeg\" \/>\n<meta name=\"twitter:card\" content=\"summary_large_image\" \/>\n<meta name=\"twitter:label1\" content=\"Temps estimat de lectura\" \/>\n\t<meta name=\"twitter:data1\" content=\"4 minuts\" \/>\n<script type=\"application\/ld+json\" class=\"yoast-schema-graph\">{\"@context\":\"https:\/\/schema.org\",\"@graph\":[{\"@type\":\"WebPage\",\"@id\":\"https:\/\/www.santjosep.net\/ca\/fira-de-la-sal\/\",\"url\":\"https:\/\/www.santjosep.net\/ca\/fira-de-la-sal\/\",\"name\":\"Fira de la Sal - Santjosep.net\",\"isPartOf\":{\"@id\":\"https:\/\/www.santjosep.net\/#website\"},\"primaryImageOfPage\":{\"@id\":\"https:\/\/www.santjosep.net\/ca\/fira-de-la-sal\/#primaryimage\"},\"image\":{\"@id\":\"https:\/\/www.santjosep.net\/ca\/fira-de-la-sal\/#primaryimage\"},\"thumbnailUrl\":\"https:\/\/www.santjosep.net\/wp-content\/uploads\/2023\/10\/firadelasalold.jpg\",\"datePublished\":\"2024-12-09T11:07:03+00:00\",\"dateModified\":\"2025-02-13T09:31:13+00:00\",\"inLanguage\":\"ca\",\"potentialAction\":[{\"@type\":\"ReadAction\",\"target\":[\"https:\/\/www.santjosep.net\/ca\/fira-de-la-sal\/\"]}]},{\"@type\":\"ImageObject\",\"inLanguage\":\"ca\",\"@id\":\"https:\/\/www.santjosep.net\/ca\/fira-de-la-sal\/#primaryimage\",\"url\":\"https:\/\/www.santjosep.net\/wp-content\/uploads\/2023\/10\/firadelasalold.jpg\",\"contentUrl\":\"https:\/\/www.santjosep.net\/wp-content\/uploads\/2023\/10\/firadelasalold.jpg\",\"width\":2000,\"height\":1500},{\"@type\":\"WebSite\",\"@id\":\"https:\/\/www.santjosep.net\/#website\",\"url\":\"https:\/\/www.santjosep.net\/\",\"name\":\"Santjosep.net\",\"description\":\"\",\"potentialAction\":[{\"@type\":\"SearchAction\",\"target\":{\"@type\":\"EntryPoint\",\"urlTemplate\":\"https:\/\/www.santjosep.net\/?s={search_term_string}\"},\"query-input\":{\"@type\":\"PropertyValueSpecification\",\"valueRequired\":true,\"valueName\":\"search_term_string\"}}],\"inLanguage\":\"ca\"}]}<\/script>\n<!-- \/ Yoast SEO plugin. -->","yoast_head_json":{"title":"Fira de la Sal - Santjosep.net","robots":{"index":"index","follow":"follow","max-snippet":"max-snippet:-1","max-image-preview":"max-image-preview:large","max-video-preview":"max-video-preview:-1"},"canonical":"https:\/\/www.santjosep.net\/ca\/fira-de-la-sal\/","og_locale":"ca_ES","og_type":"article","og_title":"Fira de la Sal - Santjosep.net","og_description":"[vc_row enable_hue_rotation=&#8221;no&#8221; enable_text_marquee=&#8221;no&#8221;][vc_column][vc_column_text el_class=&#8221;topfira&#8221;] Cada octubre, el Parc Natural de Ses Salines d\u2019Eivissa i el poble de Sant Jordi es transformen en un escenari fascinant per a la \u00abFira de la Sal\u00bb, un esdeveniment tur\u00edstic i cultural \u00fanic dedicat a [&hellip;]","og_url":"https:\/\/www.santjosep.net\/ca\/fira-de-la-sal\/","og_site_name":"Santjosep.net","article_modified_time":"2025-02-13T09:31:13+00:00","og_image":[{"width":2000,"height":1500,"url":"https:\/\/www.santjosep.net\/wp-content\/uploads\/2023\/10\/firadelasalold.jpg","type":"image\/jpeg"}],"twitter_card":"summary_large_image","twitter_misc":{"Temps estimat de lectura":"4 minuts"},"schema":{"@context":"https:\/\/schema.org","@graph":[{"@type":"WebPage","@id":"https:\/\/www.santjosep.net\/ca\/fira-de-la-sal\/","url":"https:\/\/www.santjosep.net\/ca\/fira-de-la-sal\/","name":"Fira de la Sal - Santjosep.net","isPartOf":{"@id":"https:\/\/www.santjosep.net\/#website"},"primaryImageOfPage":{"@id":"https:\/\/www.santjosep.net\/ca\/fira-de-la-sal\/#primaryimage"},"image":{"@id":"https:\/\/www.santjosep.net\/ca\/fira-de-la-sal\/#primaryimage"},"thumbnailUrl":"https:\/\/www.santjosep.net\/wp-content\/uploads\/2023\/10\/firadelasalold.jpg","datePublished":"2024-12-09T11:07:03+00:00","dateModified":"2025-02-13T09:31:13+00:00","inLanguage":"ca","potentialAction":[{"@type":"ReadAction","target":["https:\/\/www.santjosep.net\/ca\/fira-de-la-sal\/"]}]},{"@type":"ImageObject","inLanguage":"ca","@id":"https:\/\/www.santjosep.net\/ca\/fira-de-la-sal\/#primaryimage","url":"https:\/\/www.santjosep.net\/wp-content\/uploads\/2023\/10\/firadelasalold.jpg","contentUrl":"https:\/\/www.santjosep.net\/wp-content\/uploads\/2023\/10\/firadelasalold.jpg","width":2000,"height":1500},{"@type":"WebSite","@id":"https:\/\/www.santjosep.net\/#website","url":"https:\/\/www.santjosep.net\/","name":"Santjosep.net","description":"","potentialAction":[{"@type":"SearchAction","target":{"@type":"EntryPoint","urlTemplate":"https:\/\/www.santjosep.net\/?s={search_term_string}"},"query-input":{"@type":"PropertyValueSpecification","valueRequired":true,"valueName":"search_term_string"}}],"inLanguage":"ca"}]}},"_links":{"self":[{"href":"https:\/\/www.santjosep.net\/ca\/wp-json\/wp\/v2\/pages\/36370","targetHints":{"allow":["GET"]}}],"collection":[{"href":"https:\/\/www.santjosep.net\/ca\/wp-json\/wp\/v2\/pages"}],"about":[{"href":"https:\/\/www.santjosep.net\/ca\/wp-json\/wp\/v2\/types\/page"}],"author":[{"embeddable":true,"href":"https:\/\/www.santjosep.net\/ca\/wp-json\/wp\/v2\/users\/1"}],"replies":[{"embeddable":true,"href":"https:\/\/www.santjosep.net\/ca\/wp-json\/wp\/v2\/comments?post=36370"}],"version-history":[{"count":0,"href":"https:\/\/www.santjosep.net\/ca\/wp-json\/wp\/v2\/pages\/36370\/revisions"}],"wp:featuredmedia":[{"embeddable":true,"href":"https:\/\/www.santjosep.net\/ca\/wp-json\/wp\/v2\/media\/35089"}],"wp:attachment":[{"href":"https:\/\/www.santjosep.net\/ca\/wp-json\/wp\/v2\/media?parent=36370"}],"wp:term":[{"taxonomy":"categoria_pagina","embeddable":true,"href":"https:\/\/www.santjosep.net\/ca\/wp-json\/wp\/v2\/categoria_pagina?post=36370"}],"curies":[{"name":"wp","href":"https:\/\/api.w.org\/{rel}","templated":true}]}}