{"id":31348,"date":"2022-01-19T13:21:54","date_gmt":"2022-01-19T12:21:54","guid":{"rendered":"https:\/\/www.santjosep.net\/veure\/patrimoni-i-cultura\/antiguo-cargador-de-sal\/"},"modified":"2025-01-22T15:19:30","modified_gmt":"2025-01-22T14:19:30","slug":"antic-carregador-de-sal","status":"publish","type":"page","link":"https:\/\/www.santjosep.net\/ca\/veure\/patrimoni\/antic-carregador-de-sal\/","title":{"rendered":"Antic carregador de sal"},"content":{"rendered":"<div class=\"wpb-content-wrapper\"><p>[vc_row enable_hue_rotation=&#8221;no&#8221; enable_text_marquee=&#8221;no&#8221;][vc_column][vc_column_text]Es coneix com carregador de sal l\u2019espai habilitat per a la provisi\u00f3, el trasllat i la c\u00e0rrega de la sal, en el cas d\u2019Eivissa, en embarcacions. El carregador de sal representa la baula final d\u2019una llarga cadena productiva que es remunta a segles enrere. Efectivament, la dilatada traject\u00f2ria salinera d\u2019Eivissa est\u00e0 abastament documentada: ja el 1300, un ge\u00f2graf \u00e0rab (Al-Himyari) va escriure que a Eivissa \u201chi ha una salina en qu\u00e8 la sal no s\u2019acaba mai\u201d. Per\u00f2 va ser amb la Reconquesta cristiana de 1235 quan les salines van viure una intensificaci\u00f3 de l\u2019activitat extractora. En aquesta din\u00e0mica comercial, els carregadors de sal eren una infraestructura clau per al transport.<\/p>\n<p>Les salines van tenir all llarg de la hist\u00f2ria tres molls des dels quals es va executar aquesta tasca: dos ja en des\u00fas (a <a href=\"https:\/\/www.santjosep.net\/ca\/veure\/patrimoni-i-cultura\/antic-moll-saliner-de-la-xanga\/\" target=\"_blank\" rel=\"noopener\">la Xanga<\/a> i a <a href=\"https:\/\/www.santjosep.net\/ca\/veure\/patrimoni-i-cultura\/punta-des-cavallet-moll-de-llevant\/\" target=\"_blank\" rel=\"noopener\">es Cavallet<\/a>) i un altre all\u00e0 on actualment hi ha el mecanitzat moll de c\u00e0rrega. Situat al cor de la zona que es coneix com <a href=\"https:\/\/www.santjosep.net\/ca\/veure\/visites\/sa-canal\/\" target=\"_blank\" rel=\"noopener\">sa Canal<\/a>, el poblet saliner que cont\u00e9 tamb\u00e9 diverses instal\u00b7lacions industrials, l\u2019antic carregador era la plataforma des de la qual es carregaven les gavarres, d\u2019entre 25 i 125 tones, que transportarien la sal fins als vaixells que fonejaven en una boia, a uns cent metres del moll. A l\u2019era industrial, unes vagonetes propulsades per una petita m\u00e0quina de vapor facilitaven el transport fins a la zona, per\u00f2 la feina dels jornalers i dels operaris seguia sent fonamental per a l\u2019execuci\u00f3 del treball. Dipositada al moll, la sal es rentava i triturava abans d\u2019embarcar-la. Amb l\u2019eclosi\u00f3 tur\u00edstica, l\u2019operativa va passar a ser objecte d\u2019atenci\u00f3 de visitants i escolars, que podien contemplar la fren\u00e8tica activitat des de ben a prop, fet avui impensable per les l\u00f2giques normes de seguretat.[\/vc_column_text][vc_column_text]<span data-sheets-root=\"1\"><div class=\"gm-map\" style=\"position: relative;height: 200px; width: 200px;\"><iframe name=\"gm-map-1\" allowfullscreen src=\"https:\/\/www.santjosep.net\/ca\/?geo_mashup_content=render-map&amp;map_data_key=79bac29f546759b1240173448f7706ae&amp;lang=ca&amp;zoom=13&amp;name=gm-map-1&amp;map_content=contextual&amp;error_comment=&lt;!-- Geo Mashup found no objects to map in this context--&gt;\" style=\"position: absolute; top: 0; left: 0; width: 100%; height: 100%; border: none; overflow: hidden;\"><\/iframe><\/div><\/span>[\/vc_column_text][\/vc_column][\/vc_row][vc_row enable_hue_rotation=&#8221;no&#8221; enable_text_marquee=&#8221;no&#8221;][vc_column css=&#8221;.vc_custom_1579097066588{padding-bottom: 20px !important;}&#8221;][vc_column_text]<\/p>\n<h2 style=\"text-align: left;\"><strong>Fotografia 360\u00ba<br \/>\n<\/strong><\/h2>\n<p>[\/vc_column_text][vc_column_text]<script src=\"https:\/\/static.kuula.io\/embed.js\" data-kuula=\"https:\/\/kuula.co\/share\/NvBgG?logo=-1&#038;info=0&#038;fs=1&#038;vr=1&#038;sd=1&#038;initload=0&#038;thumbs=1\" data-width=\"100%\" data-height=\"640px\"><\/script>[\/vc_column_text][\/vc_column][\/vc_row][vc_row full_width=&#8221;stretch_row_content_no_spaces&#8221; enable_hue_rotation=&#8221;no&#8221; enable_text_marquee=&#8221;no&#8221; el_id=&#8221;galeria&#8221;][vc_column][vc_column_text]<style>#jtg-31343 .modula-item .jtg-social a, .lightbox-socials.jtg-social a{ fill: #ffffff; color: #ffffff }#jtg-31343 .modula-item .jtg-social-mobile a{ fill: #ffffff; color: #ffffff }#jtg-31343 .modula-item .jtg-social svg, .lightbox-socials.jtg-social svg { height: 16px; width: 16px }#jtg-31343 .modula-item .jtg-social-mobile svg { height: 16px; width: 16px }#jtg-31343 .modula-item .jtg-social a:not(:last-child), .lightbox-socials.jtg-social a:not(:last-child) { margin-right: 10px }#jtg-31343 .modula-item .jtg-social-mobile .jtg-social-mobile-icons a:not(:last-child){ margin-right: 10px }#jtg-31343 .modula-item .figc {color:#ffffff;}#jtg-31343 .modula-item .modula-item-content { transform: scale(1) }#jtg-31343 .modula-items .figc p.description { font-size:14px; }#jtg-31343 .modula-items .figc p.description { color:#ffffff;}#jtg-31343.modula-gallery .modula-item > a, #jtg-31343.modula-gallery .modula-item, #jtg-31343.modula-gallery .modula-item-content > a:not(.modula-no-follow) { cursor:zoom-in; } #jtg-31343.modula-gallery .modula-item-content .modula-no-follow { cursor: default; } @media screen and (max-width:480px){#jtg-31343 .modula-item .figc .jtg-title {  font-size: 12px; }#jtg-31343 .modula-items .figc p.description { color:#ffffff;font-size:10px; }}#jtg-31343 .modula-items .modula-item:hover img{opacity:1;}<\/style>\n<div  id=\"jtg-31343\" class=\"modula modula-gallery modula-custom-grid\" data-config=\"{&quot;height&quot;:800,&quot;tabletHeight&quot;:800,&quot;mobileHeight&quot;:800,&quot;desktopHeight&quot;:800,&quot;enableTwitter&quot;:true,&quot;enableWhatsapp&quot;:false,&quot;enableFacebook&quot;:true,&quot;enablePinterest&quot;:true,&quot;enableLinkedin&quot;:true,&quot;enableEmail&quot;:false,&quot;randomFactor&quot;:0.5,&quot;type&quot;:&quot;custom-grid&quot;,&quot;columns&quot;:12,&quot;gutter&quot;:0,&quot;mobileGutter&quot;:0,&quot;tabletGutter&quot;:0,&quot;desktopGutter&quot;:0,&quot;enableResponsive&quot;:&quot;1&quot;,&quot;tabletColumns&quot;:&quot;2&quot;,&quot;mobileColumns&quot;:&quot;1&quot;,&quot;lazyLoad&quot;:&quot;0&quot;,&quot;lightboxOpts&quot;:{&quot;animated&quot;:true,&quot;Thumbs&quot;:{&quot;type&quot;:&quot;modern&quot;,&quot;showOnStart&quot;:false},&quot;Toolbar&quot;:{&quot;display&quot;:{&quot;right&quot;:[&quot;close&quot;]},&quot;enabled&quot;:true},&quot;Carousel&quot;:{&quot;Panzoom&quot;:{&quot;touch&quot;:false},&quot;infinite&quot;:false},&quot;keyboard&quot;:{&quot;Escape&quot;:&quot;close&quot;,&quot;Delete&quot;:&quot;close&quot;,&quot;Backspace&quot;:&quot;close&quot;,&quot;PageUp&quot;:false,&quot;PageDown&quot;:false,&quot;ArrowUp&quot;:false,&quot;ArrowDown&quot;:false,&quot;ArrowRight&quot;:false,&quot;ArrowLeft&quot;:false},&quot;touch&quot;:false,&quot;backdropClick&quot;:false,&quot;l10n&quot;:{&quot;CLOSE&quot;:&quot;Close&quot;,&quot;NEXT&quot;:&quot;Next&quot;,&quot;PREV&quot;:&quot;Previous&quot;,&quot;Error&quot;:&quot;The requested content cannot be loaded. Please try again later.&quot;,&quot;PLAY_START&quot;:&quot;Start slideshow&quot;,&quot;PLAY_STOP&quot;:&quot;Pause slideshow&quot;,&quot;FULL_SCREEN&quot;:&quot;Full screen&quot;,&quot;THUMBS&quot;:&quot;Thumbnails&quot;,&quot;DOWNLOAD&quot;:&quot;Download&quot;,&quot;SHARE&quot;:&quot;Share&quot;,&quot;ZOOM&quot;:&quot;Zoom&quot;,&quot;EMAIL&quot;:&quot;Here is the link to the image : %%image_link%% and this is the link to the gallery : %%gallery_link%%&quot;,&quot;MODAL&quot;:&quot;You can close this modal content with the ESC key&quot;,&quot;ERROR&quot;:&quot;Something Went Wrong, Please Try Again Later&quot;,&quot;IMAGE_ERROR&quot;:&quot;Image Not Found&quot;,&quot;ELEMENT_NOT_FOUND&quot;:&quot;HTML Element Not Found&quot;,&quot;AJAX_NOT_FOUND&quot;:&quot;Error Loading AJAX : Not Found&quot;,&quot;AJAX_FORBIDDEN&quot;:&quot;Error Loading AJAX : Forbidden&quot;,&quot;IFRAME_ERROR&quot;:&quot;Error Loading Page&quot;,&quot;TOGGLE_ZOOM&quot;:&quot;Toggle zoom level&quot;,&quot;TOGGLE_THUMBS&quot;:&quot;Toggle thumbnails&quot;,&quot;TOGGLE_SLIDESHOW&quot;:&quot;Toggle slideshow&quot;,&quot;TOGGLE_FULLSCREEN&quot;:&quot;Toggle full-screen mode&quot;},&quot;Images&quot;:{&quot;Panzoom&quot;:{&quot;maxScale&quot;:2}},&quot;mainClass&quot;:&quot;modula-fancybox-container modula-lightbox-jtg-31343&quot;,&quot;Html&quot;:{&quot;videoAutoplay&quot;:0,&quot;videoTpl&quot;:&quot;&lt;video class=\\&quot;fancybox__html5video\\&quot; controls muted playsinline controlsList controlsList=\\&quot;nodownload\\&quot; poster=\\&quot;{{poster}}\\&quot; src=\\&quot;{{src}}\\&quot; type=\\&quot;{{format}}\\&quot; &gt;  Sorry, your browser doesn&#039;t support embedded videos, &lt;a href=\\&quot;{{src}}\\&quot;&gt; download &lt;\\\/a&gt; and watch with your favorite video player! &lt;\\\/video&gt;&quot;}},&quot;inView&quot;:false,&quot;email_subject&quot;:&quot;Check out this awesome image !!&quot;,&quot;email_message&quot;:&quot;Here is the link to the image : %%image_link%% and this is the link to the gallery : %%gallery_link%%&quot;,&quot;lightbox&quot;:&quot;fancybox&quot;}\">\n\n\t\n\t<div  class=\"modula-items\">\n\t\t<div class=\"modula-item\" data-width=\"6\" data-height=\"5\" >\n\t<div class=\"modula-item-content\">\n\t\t\n\t\t\t\t\t<a data-image-id=\"31337\" tabindex=\"0\" rel=\"jtg-31343\" data-caption=\"\" aria-label=\"Open image in lightbox\" role=\"button\" class=\"tile-inner modula-item-link\"><\/a>\n\t\t\n\t\t<img loading=\"lazy\" decoding=\"async\" class=\"pic wp-image-31337\"  data-valign=\"middle\" data-halign=\"center\" alt=\"\" data-full=\"https:\/\/www.santjosep.net\/wp-content\/uploads\/2022\/01\/web-01105.jpg\" title=\"web-01105\" width=\"1900\" height=\"1267\" src=\"https:\/\/www.santjosep.net\/wp-content\/uploads\/2022\/01\/web-01105.jpg\" data-src=\"https:\/\/www.santjosep.net\/wp-content\/uploads\/2022\/01\/web-01105.jpg\" data-caption=\"\" srcset=\"https:\/\/www.santjosep.net\/wp-content\/uploads\/2022\/01\/web-01105.jpg 1900w, https:\/\/www.santjosep.net\/wp-content\/uploads\/2022\/01\/web-01105-300x200.jpg 300w, https:\/\/www.santjosep.net\/wp-content\/uploads\/2022\/01\/web-01105-1024x683.jpg 1024w, https:\/\/www.santjosep.net\/wp-content\/uploads\/2022\/01\/web-01105-768x512.jpg 768w, https:\/\/www.santjosep.net\/wp-content\/uploads\/2022\/01\/web-01105-1536x1024.jpg 1536w\" sizes=\"auto, (max-width: 1900px) 100vw, 1900px\" \/>\n\t<\/div>\n\n<\/div><div class=\"modula-item\" data-width=\"6\" data-height=\"5\" >\n\t<div class=\"modula-item-content\">\n\t\t\n\t\t\t\t\t<a data-image-id=\"31326\" tabindex=\"0\" rel=\"jtg-31343\" data-caption=\"\" aria-label=\"Open image in lightbox\" role=\"button\" class=\"tile-inner modula-item-link\"><\/a>\n\t\t\n\t\t<img loading=\"lazy\" decoding=\"async\" class=\"pic wp-image-31326\"  data-valign=\"middle\" data-halign=\"center\" alt=\"\" data-full=\"https:\/\/www.santjosep.net\/wp-content\/uploads\/2022\/01\/web-01083.jpg\" title=\"web-01083\" width=\"1900\" height=\"1267\" src=\"https:\/\/www.santjosep.net\/wp-content\/uploads\/2022\/01\/web-01083.jpg\" data-src=\"https:\/\/www.santjosep.net\/wp-content\/uploads\/2022\/01\/web-01083.jpg\" data-caption=\"\" srcset=\"https:\/\/www.santjosep.net\/wp-content\/uploads\/2022\/01\/web-01083.jpg 1900w, https:\/\/www.santjosep.net\/wp-content\/uploads\/2022\/01\/web-01083-300x200.jpg 300w, https:\/\/www.santjosep.net\/wp-content\/uploads\/2022\/01\/web-01083-1024x683.jpg 1024w, https:\/\/www.santjosep.net\/wp-content\/uploads\/2022\/01\/web-01083-768x512.jpg 768w, https:\/\/www.santjosep.net\/wp-content\/uploads\/2022\/01\/web-01083-1536x1024.jpg 1536w\" sizes=\"auto, (max-width: 1900px) 100vw, 1900px\" \/>\n\t<\/div>\n\n<\/div>\t\t\n\t<\/div>\n\n\t\n\t\n\t<script type=\"application\/ld+json\">\n\t{\n\t\t\"@context\": \"http:\/\/schema.org\",\n\t\t\"@type\"   : \"ImageGallery\",\n\t\t\"id\"      : \"https:\/\/www.santjosep.net\/ca\/veure\/patrimoni\/antic-carregador-de-sal\/\",\n\t\t\"url\"     : \"https:\/\/www.santjosep.net\/ca\/veure\/patrimoni\/antic-carregador-de-sal\/\"\n\t}\n\n\t<\/script>\n\n\t\n<\/div>\n[\/vc_column_text][\/vc_column][\/vc_row]<\/p>\n<\/div>","protected":false},"excerpt":{"rendered":"<p>[vc_row enable_hue_rotation=&#8221;no&#8221; enable_text_marquee=&#8221;no&#8221;][vc_column][vc_column_text]Es coneix com carregador de sal l\u2019espai habilitat per a la provisi\u00f3, el trasllat i la c\u00e0rrega de la sal, en el cas d\u2019Eivissa, en embarcacions. El carregador de sal representa la baula final d\u2019una llarga cadena productiva [&hellip;]<\/p>\n","protected":false},"author":1,"featured_media":31328,"parent":38705,"menu_order":0,"comment_status":"closed","ping_status":"closed","template":"","meta":{"_acf_changed":false,"inline_featured_image":false,"footnotes":""},"categoria_pagina":[],"class_list":["post-31348","page","type-page","status-publish","has-post-thumbnail","hentry"],"acf":[],"yoast_head":"<!-- This site is optimized with the Yoast SEO plugin v25.7 - https:\/\/yoast.com\/wordpress\/plugins\/seo\/ -->\n<title>Antic carregador de sal - Santjosep.net<\/title>\n<meta name=\"robots\" content=\"index, follow, max-snippet:-1, max-image-preview:large, max-video-preview:-1\" \/>\n<link rel=\"canonical\" href=\"https:\/\/www.santjosep.net\/ca\/veure\/patrimoni-i-cultura\/antic-carregador-de-sal\/\" \/>\n<meta property=\"og:locale\" content=\"ca_ES\" \/>\n<meta property=\"og:type\" content=\"article\" \/>\n<meta property=\"og:title\" content=\"Antic carregador de sal - Santjosep.net\" \/>\n<meta property=\"og:description\" content=\"[vc_row enable_hue_rotation=&#8221;no&#8221; enable_text_marquee=&#8221;no&#8221;][vc_column][vc_column_text]Es coneix com carregador de sal l\u2019espai habilitat per a la provisi\u00f3, el trasllat i la c\u00e0rrega de la sal, en el cas d\u2019Eivissa, en embarcacions. El carregador de sal representa la baula final d\u2019una llarga cadena productiva [&hellip;]\" \/>\n<meta property=\"og:url\" content=\"https:\/\/www.santjosep.net\/ca\/veure\/patrimoni-i-cultura\/antic-carregador-de-sal\/\" \/>\n<meta property=\"og:site_name\" content=\"Santjosep.net\" \/>\n<meta property=\"article:modified_time\" content=\"2025-01-22T14:19:30+00:00\" \/>\n<meta property=\"og:image\" content=\"https:\/\/www.santjosep.net\/wp-content\/uploads\/2022\/01\/web-01089.jpg\" \/>\n\t<meta property=\"og:image:width\" content=\"1900\" \/>\n\t<meta property=\"og:image:height\" content=\"1267\" \/>\n\t<meta property=\"og:image:type\" content=\"image\/jpeg\" \/>\n<meta name=\"twitter:card\" content=\"summary_large_image\" \/>\n<meta name=\"twitter:label1\" content=\"Temps estimat de lectura\" \/>\n\t<meta name=\"twitter:data1\" content=\"2 minuts\" \/>\n<script type=\"application\/ld+json\" class=\"yoast-schema-graph\">{\"@context\":\"https:\/\/schema.org\",\"@graph\":[{\"@type\":\"WebPage\",\"@id\":\"https:\/\/www.santjosep.net\/ca\/veure\/patrimoni-i-cultura\/antic-carregador-de-sal\/\",\"url\":\"https:\/\/www.santjosep.net\/ca\/veure\/patrimoni-i-cultura\/antic-carregador-de-sal\/\",\"name\":\"Antic carregador de sal - Santjosep.net\",\"isPartOf\":{\"@id\":\"https:\/\/www.santjosep.net\/#website\"},\"primaryImageOfPage\":{\"@id\":\"https:\/\/www.santjosep.net\/ca\/veure\/patrimoni-i-cultura\/antic-carregador-de-sal\/#primaryimage\"},\"image\":{\"@id\":\"https:\/\/www.santjosep.net\/ca\/veure\/patrimoni-i-cultura\/antic-carregador-de-sal\/#primaryimage\"},\"thumbnailUrl\":\"https:\/\/www.santjosep.net\/wp-content\/uploads\/2022\/01\/web-01089.jpg\",\"datePublished\":\"2022-01-19T12:21:54+00:00\",\"dateModified\":\"2025-01-22T14:19:30+00:00\",\"breadcrumb\":{\"@id\":\"https:\/\/www.santjosep.net\/ca\/veure\/patrimoni-i-cultura\/antic-carregador-de-sal\/#breadcrumb\"},\"inLanguage\":\"ca\",\"potentialAction\":[{\"@type\":\"ReadAction\",\"target\":[\"https:\/\/www.santjosep.net\/ca\/veure\/patrimoni-i-cultura\/antic-carregador-de-sal\/\"]}]},{\"@type\":\"ImageObject\",\"inLanguage\":\"ca\",\"@id\":\"https:\/\/www.santjosep.net\/ca\/veure\/patrimoni-i-cultura\/antic-carregador-de-sal\/#primaryimage\",\"url\":\"https:\/\/www.santjosep.net\/wp-content\/uploads\/2022\/01\/web-01089.jpg\",\"contentUrl\":\"https:\/\/www.santjosep.net\/wp-content\/uploads\/2022\/01\/web-01089.jpg\",\"width\":1900,\"height\":1267},{\"@type\":\"BreadcrumbList\",\"@id\":\"https:\/\/www.santjosep.net\/ca\/veure\/patrimoni-i-cultura\/antic-carregador-de-sal\/#breadcrumb\",\"itemListElement\":[{\"@type\":\"ListItem\",\"position\":1,\"name\":\"Veure\",\"item\":\"https:\/\/www.santjosep.net\/ca\/veure\/\"},{\"@type\":\"ListItem\",\"position\":2,\"name\":\"Patrimoni i cultura\",\"item\":\"https:\/\/www.santjosep.net\/ca\/veure\/patrimoni-i-cultura\/\"},{\"@type\":\"ListItem\",\"position\":3,\"name\":\"Antic carregador de sal\"}]},{\"@type\":\"WebSite\",\"@id\":\"https:\/\/www.santjosep.net\/#website\",\"url\":\"https:\/\/www.santjosep.net\/\",\"name\":\"Santjosep.net\",\"description\":\"\",\"potentialAction\":[{\"@type\":\"SearchAction\",\"target\":{\"@type\":\"EntryPoint\",\"urlTemplate\":\"https:\/\/www.santjosep.net\/?s={search_term_string}\"},\"query-input\":{\"@type\":\"PropertyValueSpecification\",\"valueRequired\":true,\"valueName\":\"search_term_string\"}}],\"inLanguage\":\"ca\"}]}<\/script>\n<!-- \/ Yoast SEO plugin. -->","yoast_head_json":{"title":"Antic carregador de sal - Santjosep.net","robots":{"index":"index","follow":"follow","max-snippet":"max-snippet:-1","max-image-preview":"max-image-preview:large","max-video-preview":"max-video-preview:-1"},"canonical":"https:\/\/www.santjosep.net\/ca\/veure\/patrimoni-i-cultura\/antic-carregador-de-sal\/","og_locale":"ca_ES","og_type":"article","og_title":"Antic carregador de sal - Santjosep.net","og_description":"[vc_row enable_hue_rotation=&#8221;no&#8221; enable_text_marquee=&#8221;no&#8221;][vc_column][vc_column_text]Es coneix com carregador de sal l\u2019espai habilitat per a la provisi\u00f3, el trasllat i la c\u00e0rrega de la sal, en el cas d\u2019Eivissa, en embarcacions. El carregador de sal representa la baula final d\u2019una llarga cadena productiva [&hellip;]","og_url":"https:\/\/www.santjosep.net\/ca\/veure\/patrimoni-i-cultura\/antic-carregador-de-sal\/","og_site_name":"Santjosep.net","article_modified_time":"2025-01-22T14:19:30+00:00","og_image":[{"width":1900,"height":1267,"url":"https:\/\/www.santjosep.net\/wp-content\/uploads\/2022\/01\/web-01089.jpg","type":"image\/jpeg"}],"twitter_card":"summary_large_image","twitter_misc":{"Temps estimat de lectura":"2 minuts"},"schema":{"@context":"https:\/\/schema.org","@graph":[{"@type":"WebPage","@id":"https:\/\/www.santjosep.net\/ca\/veure\/patrimoni-i-cultura\/antic-carregador-de-sal\/","url":"https:\/\/www.santjosep.net\/ca\/veure\/patrimoni-i-cultura\/antic-carregador-de-sal\/","name":"Antic carregador de sal - Santjosep.net","isPartOf":{"@id":"https:\/\/www.santjosep.net\/#website"},"primaryImageOfPage":{"@id":"https:\/\/www.santjosep.net\/ca\/veure\/patrimoni-i-cultura\/antic-carregador-de-sal\/#primaryimage"},"image":{"@id":"https:\/\/www.santjosep.net\/ca\/veure\/patrimoni-i-cultura\/antic-carregador-de-sal\/#primaryimage"},"thumbnailUrl":"https:\/\/www.santjosep.net\/wp-content\/uploads\/2022\/01\/web-01089.jpg","datePublished":"2022-01-19T12:21:54+00:00","dateModified":"2025-01-22T14:19:30+00:00","breadcrumb":{"@id":"https:\/\/www.santjosep.net\/ca\/veure\/patrimoni-i-cultura\/antic-carregador-de-sal\/#breadcrumb"},"inLanguage":"ca","potentialAction":[{"@type":"ReadAction","target":["https:\/\/www.santjosep.net\/ca\/veure\/patrimoni-i-cultura\/antic-carregador-de-sal\/"]}]},{"@type":"ImageObject","inLanguage":"ca","@id":"https:\/\/www.santjosep.net\/ca\/veure\/patrimoni-i-cultura\/antic-carregador-de-sal\/#primaryimage","url":"https:\/\/www.santjosep.net\/wp-content\/uploads\/2022\/01\/web-01089.jpg","contentUrl":"https:\/\/www.santjosep.net\/wp-content\/uploads\/2022\/01\/web-01089.jpg","width":1900,"height":1267},{"@type":"BreadcrumbList","@id":"https:\/\/www.santjosep.net\/ca\/veure\/patrimoni-i-cultura\/antic-carregador-de-sal\/#breadcrumb","itemListElement":[{"@type":"ListItem","position":1,"name":"Veure","item":"https:\/\/www.santjosep.net\/ca\/veure\/"},{"@type":"ListItem","position":2,"name":"Patrimoni i cultura","item":"https:\/\/www.santjosep.net\/ca\/veure\/patrimoni-i-cultura\/"},{"@type":"ListItem","position":3,"name":"Antic carregador de sal"}]},{"@type":"WebSite","@id":"https:\/\/www.santjosep.net\/#website","url":"https:\/\/www.santjosep.net\/","name":"Santjosep.net","description":"","potentialAction":[{"@type":"SearchAction","target":{"@type":"EntryPoint","urlTemplate":"https:\/\/www.santjosep.net\/?s={search_term_string}"},"query-input":{"@type":"PropertyValueSpecification","valueRequired":true,"valueName":"search_term_string"}}],"inLanguage":"ca"}]}},"_links":{"self":[{"href":"https:\/\/www.santjosep.net\/ca\/wp-json\/wp\/v2\/pages\/31348","targetHints":{"allow":["GET"]}}],"collection":[{"href":"https:\/\/www.santjosep.net\/ca\/wp-json\/wp\/v2\/pages"}],"about":[{"href":"https:\/\/www.santjosep.net\/ca\/wp-json\/wp\/v2\/types\/page"}],"author":[{"embeddable":true,"href":"https:\/\/www.santjosep.net\/ca\/wp-json\/wp\/v2\/users\/1"}],"replies":[{"embeddable":true,"href":"https:\/\/www.santjosep.net\/ca\/wp-json\/wp\/v2\/comments?post=31348"}],"version-history":[{"count":0,"href":"https:\/\/www.santjosep.net\/ca\/wp-json\/wp\/v2\/pages\/31348\/revisions"}],"up":[{"embeddable":true,"href":"https:\/\/www.santjosep.net\/ca\/wp-json\/wp\/v2\/pages\/38705"}],"wp:featuredmedia":[{"embeddable":true,"href":"https:\/\/www.santjosep.net\/ca\/wp-json\/wp\/v2\/media\/31328"}],"wp:attachment":[{"href":"https:\/\/www.santjosep.net\/ca\/wp-json\/wp\/v2\/media?parent=31348"}],"wp:term":[{"taxonomy":"categoria_pagina","embeddable":true,"href":"https:\/\/www.santjosep.net\/ca\/wp-json\/wp\/v2\/categoria_pagina?post=31348"}],"curies":[{"name":"wp","href":"https:\/\/api.w.org\/{rel}","templated":true}]}}