{"id":31120,"date":"2022-01-13T16:31:01","date_gmt":"2022-01-13T15:31:01","guid":{"rendered":"https:\/\/www.santjosep.net\/ruta-ses-portes\/"},"modified":"2022-01-19T14:09:52","modified_gmt":"2022-01-19T13:09:52","slug":"ruta-de-ses-portes","status":"publish","type":"page","link":"https:\/\/www.santjosep.net\/ca\/rutes-ses-salines\/ruta-de-ses-portes\/","title":{"rendered":"Ruta de Ses Portes"},"content":{"rendered":"<div class=\"wpb-content-wrapper\"><p>[vc_row enable_hue_rotation=&#8221;no&#8221; enable_text_marquee=&#8221;no&#8221; css=&#8221;.vc_custom_1641984897604{padding-top: 5% !important;padding-bottom: 5% !important;}&#8221; el_id=&#8221;b1-xx&#8221;][vc_column][vc_row_inner gap=&#8221;35&#8243;][vc_column_inner width=&#8221;1\/2&#8243;][vc_column_text]<\/p>\n<h2><strong>Aquesta ruta ens permet vorejar tot el per\u00edmetre de la fa\u00e7ana mar\u00edtima de les salines d\u2019Eivissa, tot recorrent els seus dos grans arenals.<\/strong><\/h2>\n<p>[\/vc_column_text][vc_column_text]La cosmopolita i famos\u00edssima <a href=\"https:\/\/www.santjosep.net\/ca\/veure\/platges\/ses-salines\/\" target=\"_blank\" rel=\"noopener\">platja de <em>ses Salines<\/em><\/a> i la <a href=\"https:\/\/www.santjosep.net\/ca\/veure\/platges\/es-cavallet\/\" target=\"_blank\" rel=\"noopener\">platja <em>des Cavallet<\/em><\/a><em>.<\/em> La ruta es pot comen\u00e7ar des de qualsevol dels dos extrems i ofereix recorreguts alternatius que discorren per zones boscoses i pels marges dels estanys saliners orientats a Llevant. El recorregut no exigeix un gran esfor\u00e7, nom\u00e9s cal tenir la precauci\u00f3 de portar aigua i una gorra o un barret que ens protegeixi del sol, especialment a l\u2019estiu.<\/p>\n<p>En el nostre cas, iniciarem la ruta per la zona de<a href=\"https:\/\/www.santjosep.net\/ca\/veure\/visites\/sa-canal\/\" target=\"_blank\" rel=\"noopener\"><em> sa Canal<\/em>,<\/a> el poblet de petites cases i magatzems que es va aixecar durant la fase industrial de l\u2019explotaci\u00f3 salinera, a cavall dels segles xix i xx. Aquest indret t\u00e9 l\u2019encant especial de la vella arquitectura cl\u00e0ssica, amb teulades de dos aiguavessos, fa\u00e7anes emblanquinades i porxos amb balustrades que presenten portes i finestres pintades de color verd maragda. Al davant del poble, endinsant-se al mar, hi ha el<a href=\"https:\/\/www.santjosep.net\/ca\/veure\/patrimoni-i-cultura\/moll-de-sa-canal\/\" target=\"_blank\" rel=\"noopener\"> moll saliner<\/a>, que incorpora tota la maquin\u00e0ria necess\u00e0ria per fer l\u2019embarcament de la sal als bucs que hi amarren.[\/vc_column_text][\/vc_column_inner][vc_column_inner width=&#8221;1\/2&#8243;][vc_btn title=&#8221;Segueix la ruta a Google Maps&#8221; size=&#8221;lg&#8221; i_align=&#8221;right&#8221; i_icon_fontawesome=&#8221;fab fa-google&#8221; add_icon=&#8221;true&#8221; el_class=&#8221;btn-lg-blue&#8221; css=&#8221;.vc_custom_1642525393673{padding-bottom: 8% !important;}&#8221; link=&#8221;url:https%3A%2F%2Fwww.google.com%2Fmaps%2Fd%2Fu%2F0%2Fedit%3Fmid%3D1rzCgwE_ZRbK1MV5hJndWcs2BfIafP9o2%26usp%3Dsharing|target:_blank&#8221;]<div class=\"edgtf-iwt clearfix  edgtf-iwt-icon-left edgtf-iwt-icon-medium\">\n\t<div class=\"edgtf-iwt-icon\">\n\t\t\t\t\t<a itemprop=\"url\" href=\"https:\/\/www.santjosep.net\/wp-content\/uploads\/2022\/01\/Ruta-Torre-ses-Portes.kmz\" target=\"_self\">\n\t\t\t\t\t\t\t\t\t<img loading=\"lazy\" decoding=\"async\" width=\"59\" height=\"44\" src=\"https:\/\/www.santjosep.net\/wp-content\/uploads\/2022\/01\/cloud-dwn.png\" class=\"attachment-full size-full\" alt=\"\" \/>\t\t\t\t\t\t\t\t<\/a>\n\t\t\t<\/div>\n\t<div class=\"edgtf-iwt-content\" >\n\t\t\t\t\t<h4 class=\"edgtf-iwt-title\" >\n\t\t\t\t\t\t\t\t\t<a itemprop=\"url\" href=\"https:\/\/www.santjosep.net\/wp-content\/uploads\/2022\/01\/Ruta-Torre-ses-Portes.kmz\" target=\"_self\">\n\t\t\t\t\t\t\t\t<span class=\"edgtf-iwt-title-text\">Descarrega la ruta<\/span>\n\t\t\t\t\t\t\t\t\t<\/a>\n\t\t\t\t\t\t\t<\/h4>\n\t\t\t\t\t\t\t<p class=\"edgtf-iwt-text\" >Format KMZ<\/p>\n\t\t\t<\/div>\n<\/div><div class=\"edgtf-iwt clearfix  edgtf-iwt-icon-left edgtf-iwt-icon-medium\">\n\t<div class=\"edgtf-iwt-icon\">\n\t\t\t\t\t<a itemprop=\"url\" href=\"https:\/\/es.wikiloc.com\/rutas-senderismo\/ruta-ses-portes-92672403\" target=\"_blank\">\n\t\t\t\t\t\t\t\t\t<img loading=\"lazy\" decoding=\"async\" width=\"59\" height=\"44\" src=\"https:\/\/www.santjosep.net\/wp-content\/uploads\/2022\/01\/loc-recorrido.png\" class=\"attachment-full size-full\" alt=\"\" \/>\t\t\t\t\t\t\t\t<\/a>\n\t\t\t<\/div>\n\t<div class=\"edgtf-iwt-content\" >\n\t\t\t\t\t<h4 class=\"edgtf-iwt-title\" >\n\t\t\t\t\t\t\t\t\t<a itemprop=\"url\" href=\"https:\/\/es.wikiloc.com\/rutas-senderismo\/ruta-ses-portes-92672403\" target=\"_blank\">\n\t\t\t\t\t\t\t\t<span class=\"edgtf-iwt-title-text\">Veure ruta a Wikiloc<\/span>\n\t\t\t\t\t\t\t\t\t<\/a>\n\t\t\t\t\t\t\t<\/h4>\n\t\t\t\t\t<\/div>\n<\/div><div class=\"edgtf-iwt clearfix  edgtf-iwt-icon-left edgtf-iwt-icon-medium\">\n\t<div class=\"edgtf-iwt-icon\">\n\t\t\t\t\t<a itemprop=\"url\" href=\"#lugaresdeinteres\" target=\"_self\">\n\t\t\t\t\t\t\t\t\t<img loading=\"lazy\" decoding=\"async\" width=\"59\" height=\"44\" src=\"https:\/\/www.santjosep.net\/wp-content\/uploads\/2022\/01\/punto.png\" class=\"attachment-full size-full\" alt=\"\" \/>\t\t\t\t\t\t\t\t<\/a>\n\t\t\t<\/div>\n\t<div class=\"edgtf-iwt-content\" >\n\t\t\t\t\t<h4 class=\"edgtf-iwt-title\" >\n\t\t\t\t\t\t\t\t\t<a itemprop=\"url\" href=\"#lugaresdeinteres\" target=\"_self\">\n\t\t\t\t\t\t\t\t<span class=\"edgtf-iwt-title-text\">Punts d&#039;inter\u00e8s a la ruta<\/span>\n\t\t\t\t\t\t\t\t\t<\/a>\n\t\t\t\t\t\t\t<\/h4>\n\t\t\t\t\t<\/div>\n<\/div>[vc_column_text]<\/p>\n<h6>COMPARTEIX AMB UN AMIC<\/h6>\n<p>[\/vc_column_text][vc_raw_html]JTNDZGl2JTIwY2xhc3MlM0QlMjJyZWRlc19maWNoYSUyMiUzRSUwQSUzQ2RpdiUyMGNsYXNzJTNEJTIyZmElMjBmYS13aGF0c2FwcCUyMHN0LWN1c3RvbS1idXR0b24lMjIlMjBkYXRhLW5ldHdvcmslM0QlMjJ3aGF0c2FwcCUyMiUzRSUzQyUyRmRpdiUzRSUzQyUyRmElM0UlMEElM0NkaXYlMjBjbGFzcyUzRCUyMmZhJTIwZmEtZmFjZWJvb2slMjBzdC1jdXN0b20tYnV0dG9uJTIyJTIwZGF0YS1uZXR3b3JrJTNEJTIyZmFjZWJvb2slMjIlM0UlM0MlMkZkaXYlM0UlMEElMEElM0NkaXYlMjBjbGFzcyUzRCUyMmZhJTIwZmEtdGVsZWdyYW0lMjBzdC1jdXN0b20tYnV0dG9uJTIyJTIwZGF0YS1uZXR3b3JrJTNEJTIydGVsZWdyYW0lMjIlM0UlM0MlMkZkaXYlM0UlMEElM0NkaXYlMjBjbGFzcyUzRCUyMmZhJTIwZmEtZW52ZWxvcGUlMjBzdC1jdXN0b20tYnV0dG9uJTIyJTIwZGF0YS1uZXR3b3JrJTNEJTIyZW1haWwlMjIlM0UlM0MlMkZkaXYlM0UlMEElMEElM0MlMkZkaXYlM0UlMEElMEElMEE=[\/vc_raw_html][\/vc_column_inner][\/vc_row_inner][\/vc_column][\/vc_row][vc_row enable_hue_rotation=&#8221;no&#8221; enable_text_marquee=&#8221;no&#8221; css=&#8221;.vc_custom_1641984908027{padding-bottom: 5% !important;}&#8221; el_id=&#8221;b2-xx&#8221;][vc_column][vc_column_text css=&#8221;.vc_custom_1642525479622{padding-bottom: 3% !important;}&#8221;]<\/p>\n<h2>Imatges de la ruta<\/h2>\n<p>[\/vc_column_text][vc_row_inner equal_height=&#8221;yes&#8221;][vc_column_inner width=&#8221;1\/2&#8243; css=&#8221;.vc_custom_1642087405357{background-image: url(https:\/\/www.santjosep.net\/wp-content\/uploads\/2022\/01\/RutaSesPortes19.jpg?id=30239) !important;background-position: center !important;background-repeat: no-repeat !important;background-size: cover !important;}&#8221;][\/vc_column_inner][vc_column_inner el_class=&#8221;b2-right&#8221; width=&#8221;1\/2&#8243;][vc_single_image image=&#8221;30245&#8243; img_size=&#8221;full&#8221;][vc_column_text el_class=&#8221;rutasesportes&#8221;]<\/p>\n<div class=\"fa fa-image st-custom-button\">\n<p>Veure galeria d&#8217;imatges<\/p>\n<\/div>\n<p>[\/vc_column_text][\/vc_column_inner][\/vc_row_inner][\/vc_column][\/vc_row][vc_row enable_hue_rotation=&#8221;no&#8221; enable_text_marquee=&#8221;no&#8221; css=&#8221;.vc_custom_1641984916242{padding-bottom: 5% !important;}&#8221; el_id=&#8221;b3-xx&#8221;][vc_column][vc_row_inner][vc_column_inner][vc_column_text]Cap al costat de Ponent, a pocs metres, hi observem una caleta amb casetes de pescadors i vestigis del que va ser l\u2019<strong>activitat salinera<\/strong> en el passat. Per exemple, el que queda d\u2019una vella barcassa, encara varada sobre pedra i, m\u00e9s enll\u00e0, una altra rampa m\u00e9s \u00e0mplia des de la qual es poden contemplar unes guies que se submergeixen al mar. Eren les antigues drassanes on l\u2019empresa salinera reparava i condicionava les seves barcasses, el transport utilitzat per a la sal abans de la mecanitzaci\u00f3 de tot el proc\u00e9s. <strong>L\u2019antic <\/strong><a href=\"https:\/\/www.santjosep.net\/ca\/veure\/patrimoni-i-cultura\/antic-carregador-de-sal\/\" target=\"_blank\" rel=\"noopener\">carregador de sal<\/a><strong>,<\/strong> el <a href=\"https:\/\/www.santjosep.net\/ca\/veure\/visites\/sa-canal\/\" target=\"_blank\" rel=\"noopener\">poblet de sa Canal<\/a> i el <a href=\"https:\/\/www.santjosep.net\/ca\/veure\/patrimoni-i-cultura\/moll-de-sa-canal\/\" target=\"_blank\" rel=\"noopener\">moll saliner<\/a> s\u00f3n el nucli industrial de la zona, que es complementa amb altres edificacions a mode de sitges, edificis administratius i grans naus. Alguna d\u2019aquestes, per cert, ha estat reconvertida en una imponent sala d\u2019exposicions: \u00e9s el cas de la que es coneix com <a href=\"https:\/\/www.santjosep.net\/ca\/veure\/patrimoni-i-cultura\/fundacio-la-nau-salines\/\" target=\"_blank\" rel=\"noopener\">La Nau<\/a>. Al costat hi discorria l\u2019antiga via del tren saliner, que portava la preuada mercaderia des dels estanys.<\/p>\n<p>&nbsp;<\/p>\n<p>Tot seguint el cam\u00ed, podem fer un petit desviament a l\u2019esquerra per descobrir el <a href=\"https:\/\/www.santjosep.net\/ca\/veure\/patrimoni-i-cultura\/pou-des-carbo\/\" target=\"_blank\" rel=\"noopener\">pou des Carb\u00f3<\/a>, la primera dataci\u00f3 del qual \u00e9s del 1765 i que proporcionava aigua a les calderes del ferrocarril. En tornar a la ruta, arribarem a la popular platja de ses Salines, un preci\u00f3s arenal l\u2019\u00faltim tram del qual es converteix en un seguit de petites i solit\u00e0ries cales tallades al mar\u00e8s per l\u2019efecte del vent i l\u2019activitat humana. Els talls m\u00e9s rectilinis corresponen a l\u2019\u00e8poca en qu\u00e8 es va fer servir com a cantera destinada a subministrar pedra per a la construcci\u00f3 de les muralles d\u2019Eivissa. Si fem la ruta a l\u2019estiu, \u00e9s m\u00e9s aconsellable gaudir de l\u2019ombra del sender que discorre per l\u2019interior del bosc que s\u2019obre al darrere de les dunes de la platja. Els camins convergeixen i ens fan descobrir punts d\u2019inter\u00e8s com el <a href=\"https:\/\/www.santjosep.net\/ca\/veure\/patrimoni-i-cultura\/pou-de-sa-trinxa\/\" target=\"_blank\" rel=\"noopener\">pouet de sa Trinxa<\/a> (un pou de mar\u00e8s habilitat per subministrar aigua dol\u00e7a als jornalers).[\/vc_column_text][vc_column_text css=&#8221;.vc_custom_1642510628538{padding-top: 25px !important;padding-bottom: 25px !important;}&#8221;]<style>#jtg-30889 .modula-item .jtg-social a, .lightbox-socials.jtg-social a{ fill: #ffffff; color: #ffffff }#jtg-30889 .modula-item .jtg-social-mobile a{ fill: #ffffff; color: #ffffff }#jtg-30889 .modula-item .jtg-social svg, .lightbox-socials.jtg-social svg { height: 16px; width: 16px }#jtg-30889 .modula-item .jtg-social-mobile svg { height: 16px; width: 16px }#jtg-30889 .modula-item .jtg-social a:not(:last-child), .lightbox-socials.jtg-social a:not(:last-child) { margin-right: 10px }#jtg-30889 .modula-item .jtg-social-mobile .jtg-social-mobile-icons a:not(:last-child){ margin-right: 10px }#jtg-30889 .modula-item .figc {color:#ffffff;}#jtg-30889 .modula-item .modula-item-content { transform: scale(1) }#jtg-30889 .modula-items .figc p.description { font-size:14px; }#jtg-30889 .modula-items .figc p.description { color:#ffffff;}#jtg-30889.modula-gallery .modula-item > a, #jtg-30889.modula-gallery .modula-item, #jtg-30889.modula-gallery .modula-item-content > a:not(.modula-no-follow) { cursor:zoom-in; } #jtg-30889.modula-gallery .modula-item-content .modula-no-follow { cursor: default; } @media screen and (max-width:480px){#jtg-30889 .modula-item .figc .jtg-title {  font-size: 12px; }#jtg-30889 .modula-items .figc p.description { color:#ffffff;font-size:10px; }}#jtg-30889 .modula-items .modula-item:hover img{opacity:1;}<\/style>\n<div  id=\"jtg-30889\" class=\"modula modula-gallery modula-custom-grid\" data-config=\"{&quot;height&quot;:800,&quot;tabletHeight&quot;:800,&quot;mobileHeight&quot;:800,&quot;desktopHeight&quot;:800,&quot;enableTwitter&quot;:true,&quot;enableWhatsapp&quot;:false,&quot;enableFacebook&quot;:true,&quot;enablePinterest&quot;:true,&quot;enableLinkedin&quot;:true,&quot;enableEmail&quot;:false,&quot;randomFactor&quot;:0.5,&quot;type&quot;:&quot;custom-grid&quot;,&quot;columns&quot;:12,&quot;gutter&quot;:0,&quot;mobileGutter&quot;:0,&quot;tabletGutter&quot;:0,&quot;desktopGutter&quot;:0,&quot;enableResponsive&quot;:&quot;1&quot;,&quot;tabletColumns&quot;:&quot;2&quot;,&quot;mobileColumns&quot;:&quot;1&quot;,&quot;lazyLoad&quot;:&quot;0&quot;,&quot;lightboxOpts&quot;:{&quot;animated&quot;:true,&quot;Thumbs&quot;:{&quot;type&quot;:&quot;modern&quot;,&quot;showOnStart&quot;:false},&quot;Toolbar&quot;:{&quot;display&quot;:{&quot;right&quot;:[&quot;close&quot;]},&quot;enabled&quot;:true},&quot;Carousel&quot;:{&quot;Panzoom&quot;:{&quot;touch&quot;:false},&quot;infinite&quot;:false},&quot;keyboard&quot;:{&quot;Escape&quot;:&quot;close&quot;,&quot;Delete&quot;:&quot;close&quot;,&quot;Backspace&quot;:&quot;close&quot;,&quot;PageUp&quot;:false,&quot;PageDown&quot;:false,&quot;ArrowUp&quot;:false,&quot;ArrowDown&quot;:false,&quot;ArrowRight&quot;:false,&quot;ArrowLeft&quot;:false},&quot;touch&quot;:false,&quot;backdropClick&quot;:false,&quot;l10n&quot;:{&quot;CLOSE&quot;:&quot;Close&quot;,&quot;NEXT&quot;:&quot;Next&quot;,&quot;PREV&quot;:&quot;Previous&quot;,&quot;Error&quot;:&quot;The requested content cannot be loaded. Please try again later.&quot;,&quot;PLAY_START&quot;:&quot;Start slideshow&quot;,&quot;PLAY_STOP&quot;:&quot;Pause slideshow&quot;,&quot;FULL_SCREEN&quot;:&quot;Full screen&quot;,&quot;THUMBS&quot;:&quot;Thumbnails&quot;,&quot;DOWNLOAD&quot;:&quot;Download&quot;,&quot;SHARE&quot;:&quot;Share&quot;,&quot;ZOOM&quot;:&quot;Zoom&quot;,&quot;EMAIL&quot;:&quot;Here is the link to the image : %%image_link%% and this is the link to the gallery : %%gallery_link%%&quot;,&quot;MODAL&quot;:&quot;You can close this modal content with the ESC key&quot;,&quot;ERROR&quot;:&quot;Something Went Wrong, Please Try Again Later&quot;,&quot;IMAGE_ERROR&quot;:&quot;Image Not Found&quot;,&quot;ELEMENT_NOT_FOUND&quot;:&quot;HTML Element Not Found&quot;,&quot;AJAX_NOT_FOUND&quot;:&quot;Error Loading AJAX : Not Found&quot;,&quot;AJAX_FORBIDDEN&quot;:&quot;Error Loading AJAX : Forbidden&quot;,&quot;IFRAME_ERROR&quot;:&quot;Error Loading Page&quot;,&quot;TOGGLE_ZOOM&quot;:&quot;Toggle zoom level&quot;,&quot;TOGGLE_THUMBS&quot;:&quot;Toggle thumbnails&quot;,&quot;TOGGLE_SLIDESHOW&quot;:&quot;Toggle slideshow&quot;,&quot;TOGGLE_FULLSCREEN&quot;:&quot;Toggle full-screen mode&quot;},&quot;Images&quot;:{&quot;Panzoom&quot;:{&quot;maxScale&quot;:2}},&quot;mainClass&quot;:&quot;modula-fancybox-container modula-lightbox-jtg-30889&quot;,&quot;Html&quot;:{&quot;videoAutoplay&quot;:0,&quot;videoTpl&quot;:&quot;&lt;video class=\\&quot;fancybox__html5video\\&quot; controls muted playsinline controlsList controlsList=\\&quot;nodownload\\&quot; poster=\\&quot;{{poster}}\\&quot; src=\\&quot;{{src}}\\&quot; type=\\&quot;{{format}}\\&quot; &gt;  Sorry, your browser doesn&#039;t support embedded videos, &lt;a href=\\&quot;{{src}}\\&quot;&gt; download &lt;\\\/a&gt; and watch with your favorite video player! &lt;\\\/video&gt;&quot;}},&quot;inView&quot;:false,&quot;email_subject&quot;:&quot;Check out this awesome image !!&quot;,&quot;email_message&quot;:&quot;Here is the link to the image : %%image_link%% and this is the link to the gallery : %%gallery_link%%&quot;,&quot;lightbox&quot;:&quot;fancybox&quot;}\">\n\n\t\n\t<div  class=\"modula-items\">\n\t\t<div class=\"modula-item\" data-width=\"6\" data-height=\"7\" >\n\t<div class=\"modula-item-content\">\n\t\t\n\t\t\t\t\t<a data-image-id=\"30892\" tabindex=\"0\" rel=\"jtg-30889\" data-caption=\"\" aria-label=\"Open image in lightbox\" role=\"button\" class=\"tile-inner modula-item-link\"><\/a>\n\t\t\n\t\t<img loading=\"lazy\" decoding=\"async\" class=\"pic wp-image-30892\"  data-valign=\"middle\" data-halign=\"center\" alt=\"\" data-full=\"https:\/\/www.santjosep.net\/wp-content\/uploads\/2022\/01\/RR_00893.jpg\" title=\"RR_00893\" width=\"2200\" height=\"1467\" src=\"https:\/\/www.santjosep.net\/wp-content\/uploads\/2022\/01\/RR_00893.jpg\" data-src=\"https:\/\/www.santjosep.net\/wp-content\/uploads\/2022\/01\/RR_00893.jpg\" data-caption=\"\" srcset=\"https:\/\/www.santjosep.net\/wp-content\/uploads\/2022\/01\/RR_00893.jpg 2200w, https:\/\/www.santjosep.net\/wp-content\/uploads\/2022\/01\/RR_00893-300x200.jpg 300w, https:\/\/www.santjosep.net\/wp-content\/uploads\/2022\/01\/RR_00893-1024x683.jpg 1024w, https:\/\/www.santjosep.net\/wp-content\/uploads\/2022\/01\/RR_00893-768x512.jpg 768w, https:\/\/www.santjosep.net\/wp-content\/uploads\/2022\/01\/RR_00893-1536x1024.jpg 1536w\" sizes=\"auto, (max-width: 2200px) 100vw, 2200px\" \/>\n\t<\/div>\n\n<\/div><div class=\"modula-item\" data-width=\"6\" data-height=\"7\" >\n\t<div class=\"modula-item-content\">\n\t\t\n\t\t\t\t\t<a data-image-id=\"30898\" tabindex=\"0\" rel=\"jtg-30889\" data-caption=\"\" aria-label=\"Open image in lightbox\" role=\"button\" class=\"tile-inner modula-item-link\"><\/a>\n\t\t\n\t\t<img loading=\"lazy\" decoding=\"async\" class=\"pic wp-image-30898\"  data-valign=\"middle\" data-halign=\"center\" alt=\"\" data-full=\"https:\/\/www.santjosep.net\/wp-content\/uploads\/2022\/01\/RR_01059.jpg\" title=\"RR_01059\" width=\"1467\" height=\"2200\" src=\"https:\/\/www.santjosep.net\/wp-content\/uploads\/2022\/01\/RR_01059.jpg\" data-src=\"https:\/\/www.santjosep.net\/wp-content\/uploads\/2022\/01\/RR_01059.jpg\" data-caption=\"\" srcset=\"https:\/\/www.santjosep.net\/wp-content\/uploads\/2022\/01\/RR_01059.jpg 1467w, https:\/\/www.santjosep.net\/wp-content\/uploads\/2022\/01\/RR_01059-200x300.jpg 200w, https:\/\/www.santjosep.net\/wp-content\/uploads\/2022\/01\/RR_01059-683x1024.jpg 683w, https:\/\/www.santjosep.net\/wp-content\/uploads\/2022\/01\/RR_01059-768x1152.jpg 768w, https:\/\/www.santjosep.net\/wp-content\/uploads\/2022\/01\/RR_01059-1024x1536.jpg 1024w, https:\/\/www.santjosep.net\/wp-content\/uploads\/2022\/01\/RR_01059-1366x2048.jpg 1366w\" sizes=\"auto, (max-width: 1467px) 100vw, 1467px\" \/>\n\t<\/div>\n\n<\/div>\t\t\n\t<\/div>\n\n\t\n\t\n\t<script type=\"application\/ld+json\">\n\t{\n\t\t\"@context\": \"http:\/\/schema.org\",\n\t\t\"@type\"   : \"ImageGallery\",\n\t\t\"id\"      : \"https:\/\/www.santjosep.net\/ca\/rutes-ses-salines\/ruta-de-ses-portes\/\",\n\t\t\"url\"     : \"https:\/\/www.santjosep.net\/ca\/rutes-ses-salines\/ruta-de-ses-portes\/\"\n\t}\n\n\t<\/script>\n\n\t\n<\/div>\n[\/vc_column_text][vc_column_text]En aquest punt, si volem, podem agafar una drecera i dirigir-nos cap al nord, gr\u00e0cies als estanys saliners que s\u2019obren al darrere d\u2019un extens bosc de savines i que ens condueixen cap a la punta des Cavallet, final del recorregut. Si, per contra, optem per seguir el cam\u00ed per la fa\u00e7ana mar\u00edtima de la platja de<a href=\"https:\/\/www.santjosep.net\/ca\/veure\/platges\/ses-salines\/\" target=\"_blank\" rel=\"noopener\"> Ses Salines<\/a>, acabarem arribant a la<a href=\"https:\/\/www.santjosep.net\/ca\/veure\/patrimoni-i-cultura\/torre-ses-portes\/\" target=\"_blank\" rel=\"noopener\"> torre de guaita de ses Portes<\/a>, un enclavament que va tenir una import\u00e0ncia cabdal i que es va aixecar al segle xvii per controlar el pas d\u2019embarcacions al canal mar\u00edtim entre Eivissa i <strong>Formentera<\/strong>. Des d\u2019all\u00ed, la costa fa un gir de gaireb\u00e9 180\u00ba i es perfila cap al nord. En aquest costat s\u2019obre la <a href=\"https:\/\/www.santjosep.net\/ca\/veure\/platges\/es-cavallet\/\" target=\"_blank\" rel=\"noopener\">platja des Cavallet<\/a>, amb un arenal magn\u00edfic i blanc disposat a Llevant, als fons del qual s\u2019hi poden observar extenses praderies de posid\u00f2nia. Aquesta planta submarina, possiblement un dels organismes vius m\u00e9s longeus del planeta, \u00e9s la responsable de la transpar\u00e8ncia de les aig\u00fces pel seu elevad\u00edssim poder de filtraci\u00f3 i oxigenaci\u00f3.<\/p>\n<p>El recorregut acaba a la <a href=\"https:\/\/www.santjosep.net\/ca\/veure\/patrimoni-i-cultura\/punta-des-cavallet-moll-de-llevant\/\" target=\"_blank\" rel=\"noopener\">punta des Cavallet<\/a>, en el que es coneix com el moll de Llevant, que va ser un altre moll de c\u00e0rrega de la sal. En tornar a la carretera que voreja els estanys, trobarem un petit nucli de cases salineres i una petita capella, la <a href=\"https:\/\/www.santjosep.net\/ca\/veure\/patrimoni-i-cultura\/sa-revista\/\" target=\"_blank\" rel=\"noopener\">capella de la Revista<i>, <\/i><\/a>aixecada al segle xviii per oferir un servei religi\u00f3s als treballadors de la zona.[\/vc_column_text][\/vc_column_inner][\/vc_row_inner][\/vc_column][\/vc_row][vc_row enable_hue_rotation=&#8221;no&#8221; enable_text_marquee=&#8221;no&#8221; el_id=&#8221;b4-xx&#8221;][vc_column][vc_column_text css=&#8221;.vc_custom_1642525553467{padding-bottom: 3% !important;}&#8221;]<\/p>\n<div style=\"position: relative;\">\n<h2><a style=\"position: absolute; top: -250px;\" name=\"lugaresdeinteres\"><\/a><\/h2>\n<h2>Que podr\u00e0s veure durant la ruta?<\/h2>\n<\/div>\n<p>[\/vc_column_text][vc_basic_grid post_type=&#8221;custom&#8221; element_width=&#8221;3&#8243; item=&#8221;29590&#8243; grid_id=&#8221;vc_gid:1642597767813-ffc1bc6c-1074-10&#8243; el_id=&#8221;post-lugaresinteres-xx&#8221; custom_query=&#8221;post_type=page&amp;posts_per_page=-1&amp;orderby=rand&amp;post__in%5B0%5D=30567&amp;post__in%5B1%5D=30602&amp;post__in%5B2%5D=30639&amp;post__in%5B3%5D=867&amp;post__in%5B4%5D=6561&amp;post__in%5B5%5D=30700&amp;post__in%5B6%5D=888&amp;post__in%5B7%5D=30797&amp;post__in%5B8%5D=30721&amp;post__in%5B9%5D=876&amp;post__in%5B10%5D=30761&amp;post__in%5B11%5D=3116&amp;post__in%5B12%5D=31348&#8243;][\/vc_column][\/vc_row]<\/p>\n<\/div>","protected":false},"excerpt":{"rendered":"<p>[vc_row enable_hue_rotation=&#8221;no&#8221; enable_text_marquee=&#8221;no&#8221; css=&#8221;.vc_custom_1641984897604{padding-top: 5% !important;padding-bottom: 5% !important;}&#8221; el_id=&#8221;b1-xx&#8221;][vc_column][vc_row_inner gap=&#8221;35&#8243;][vc_column_inner width=&#8221;1\/2&#8243;][vc_column_text] Aquesta ruta ens permet vorejar tot el per\u00edmetre de la fa\u00e7ana mar\u00edtima de les salines d\u2019Eivissa, tot recorrent els seus dos grans arenals. [\/vc_column_text][vc_column_text]La cosmopolita i famos\u00edssima platja de [&hellip;]<\/p>\n","protected":false},"author":1,"featured_media":30834,"parent":31176,"menu_order":0,"comment_status":"closed","ping_status":"closed","template":"page-mapa.php","meta":{"_acf_changed":false,"inline_featured_image":false,"footnotes":""},"categoria_pagina":[],"class_list":["post-31120","page","type-page","status-publish","has-post-thumbnail","hentry"],"acf":[],"yoast_head":"<!-- This site is optimized with the Yoast SEO plugin v25.7 - https:\/\/yoast.com\/wordpress\/plugins\/seo\/ -->\n<title>Ruta de Ses Portes - Santjosep.net<\/title>\n<meta name=\"robots\" content=\"index, follow, max-snippet:-1, max-image-preview:large, max-video-preview:-1\" \/>\n<link rel=\"canonical\" href=\"https:\/\/www.santjosep.net\/ca\/rutes-ses-salines\/ruta-de-ses-portes\/\" \/>\n<meta property=\"og:locale\" content=\"ca_ES\" \/>\n<meta property=\"og:type\" content=\"article\" \/>\n<meta property=\"og:title\" content=\"Ruta de Ses Portes - Santjosep.net\" \/>\n<meta property=\"og:description\" content=\"[vc_row enable_hue_rotation=&#8221;no&#8221; enable_text_marquee=&#8221;no&#8221; css=&#8221;.vc_custom_1641984897604{padding-top: 5% !important;padding-bottom: 5% !important;}&#8221; el_id=&#8221;b1-xx&#8221;][vc_column][vc_row_inner gap=&#8221;35&#8243;][vc_column_inner width=&#8221;1\/2&#8243;][vc_column_text] Aquesta ruta ens permet vorejar tot el per\u00edmetre de la fa\u00e7ana mar\u00edtima de les salines d\u2019Eivissa, tot recorrent els seus dos grans arenals. [\/vc_column_text][vc_column_text]La cosmopolita i famos\u00edssima platja de [&hellip;]\" \/>\n<meta property=\"og:url\" content=\"https:\/\/www.santjosep.net\/ca\/rutes-ses-salines\/ruta-de-ses-portes\/\" \/>\n<meta property=\"og:site_name\" content=\"Santjosep.net\" \/>\n<meta property=\"article:modified_time\" content=\"2022-01-19T13:09:52+00:00\" \/>\n<meta property=\"og:image\" content=\"https:\/\/www.santjosep.net\/wp-content\/uploads\/2022\/01\/RR_01016.jpg\" \/>\n\t<meta property=\"og:image:width\" content=\"2200\" \/>\n\t<meta property=\"og:image:height\" content=\"1467\" \/>\n\t<meta property=\"og:image:type\" content=\"image\/jpeg\" \/>\n<meta name=\"twitter:card\" content=\"summary_large_image\" \/>\n<meta name=\"twitter:label1\" content=\"Temps estimat de lectura\" \/>\n\t<meta name=\"twitter:data1\" content=\"4 minuts\" \/>\n<script type=\"application\/ld+json\" class=\"yoast-schema-graph\">{\"@context\":\"https:\/\/schema.org\",\"@graph\":[{\"@type\":\"WebPage\",\"@id\":\"https:\/\/www.santjosep.net\/ca\/rutes-ses-salines\/ruta-de-ses-portes\/\",\"url\":\"https:\/\/www.santjosep.net\/ca\/rutes-ses-salines\/ruta-de-ses-portes\/\",\"name\":\"Ruta de Ses Portes - Santjosep.net\",\"isPartOf\":{\"@id\":\"https:\/\/www.santjosep.net\/#website\"},\"primaryImageOfPage\":{\"@id\":\"https:\/\/www.santjosep.net\/ca\/rutes-ses-salines\/ruta-de-ses-portes\/#primaryimage\"},\"image\":{\"@id\":\"https:\/\/www.santjosep.net\/ca\/rutes-ses-salines\/ruta-de-ses-portes\/#primaryimage\"},\"thumbnailUrl\":\"https:\/\/www.santjosep.net\/wp-content\/uploads\/2022\/01\/RR_01016.jpg\",\"datePublished\":\"2022-01-13T15:31:01+00:00\",\"dateModified\":\"2022-01-19T13:09:52+00:00\",\"breadcrumb\":{\"@id\":\"https:\/\/www.santjosep.net\/ca\/rutes-ses-salines\/ruta-de-ses-portes\/#breadcrumb\"},\"inLanguage\":\"ca\",\"potentialAction\":[{\"@type\":\"ReadAction\",\"target\":[\"https:\/\/www.santjosep.net\/ca\/rutes-ses-salines\/ruta-de-ses-portes\/\"]}]},{\"@type\":\"ImageObject\",\"inLanguage\":\"ca\",\"@id\":\"https:\/\/www.santjosep.net\/ca\/rutes-ses-salines\/ruta-de-ses-portes\/#primaryimage\",\"url\":\"https:\/\/www.santjosep.net\/wp-content\/uploads\/2022\/01\/RR_01016.jpg\",\"contentUrl\":\"https:\/\/www.santjosep.net\/wp-content\/uploads\/2022\/01\/RR_01016.jpg\",\"width\":2200,\"height\":1467},{\"@type\":\"BreadcrumbList\",\"@id\":\"https:\/\/www.santjosep.net\/ca\/rutes-ses-salines\/ruta-de-ses-portes\/#breadcrumb\",\"itemListElement\":[{\"@type\":\"ListItem\",\"position\":1,\"name\":\"Rutes al Parc Natural de ses Salines\",\"item\":\"https:\/\/www.santjosep.net\/ca\/rutes-ses-salines\/\"},{\"@type\":\"ListItem\",\"position\":2,\"name\":\"Ruta de Ses Portes\"}]},{\"@type\":\"WebSite\",\"@id\":\"https:\/\/www.santjosep.net\/#website\",\"url\":\"https:\/\/www.santjosep.net\/\",\"name\":\"Santjosep.net\",\"description\":\"\",\"potentialAction\":[{\"@type\":\"SearchAction\",\"target\":{\"@type\":\"EntryPoint\",\"urlTemplate\":\"https:\/\/www.santjosep.net\/?s={search_term_string}\"},\"query-input\":{\"@type\":\"PropertyValueSpecification\",\"valueRequired\":true,\"valueName\":\"search_term_string\"}}],\"inLanguage\":\"ca\"}]}<\/script>\n<!-- \/ Yoast SEO plugin. -->","yoast_head_json":{"title":"Ruta de Ses Portes - Santjosep.net","robots":{"index":"index","follow":"follow","max-snippet":"max-snippet:-1","max-image-preview":"max-image-preview:large","max-video-preview":"max-video-preview:-1"},"canonical":"https:\/\/www.santjosep.net\/ca\/rutes-ses-salines\/ruta-de-ses-portes\/","og_locale":"ca_ES","og_type":"article","og_title":"Ruta de Ses Portes - Santjosep.net","og_description":"[vc_row enable_hue_rotation=&#8221;no&#8221; enable_text_marquee=&#8221;no&#8221; css=&#8221;.vc_custom_1641984897604{padding-top: 5% !important;padding-bottom: 5% !important;}&#8221; el_id=&#8221;b1-xx&#8221;][vc_column][vc_row_inner gap=&#8221;35&#8243;][vc_column_inner width=&#8221;1\/2&#8243;][vc_column_text] Aquesta ruta ens permet vorejar tot el per\u00edmetre de la fa\u00e7ana mar\u00edtima de les salines d\u2019Eivissa, tot recorrent els seus dos grans arenals. [\/vc_column_text][vc_column_text]La cosmopolita i famos\u00edssima platja de [&hellip;]","og_url":"https:\/\/www.santjosep.net\/ca\/rutes-ses-salines\/ruta-de-ses-portes\/","og_site_name":"Santjosep.net","article_modified_time":"2022-01-19T13:09:52+00:00","og_image":[{"width":2200,"height":1467,"url":"https:\/\/www.santjosep.net\/wp-content\/uploads\/2022\/01\/RR_01016.jpg","type":"image\/jpeg"}],"twitter_card":"summary_large_image","twitter_misc":{"Temps estimat de lectura":"4 minuts"},"schema":{"@context":"https:\/\/schema.org","@graph":[{"@type":"WebPage","@id":"https:\/\/www.santjosep.net\/ca\/rutes-ses-salines\/ruta-de-ses-portes\/","url":"https:\/\/www.santjosep.net\/ca\/rutes-ses-salines\/ruta-de-ses-portes\/","name":"Ruta de Ses Portes - Santjosep.net","isPartOf":{"@id":"https:\/\/www.santjosep.net\/#website"},"primaryImageOfPage":{"@id":"https:\/\/www.santjosep.net\/ca\/rutes-ses-salines\/ruta-de-ses-portes\/#primaryimage"},"image":{"@id":"https:\/\/www.santjosep.net\/ca\/rutes-ses-salines\/ruta-de-ses-portes\/#primaryimage"},"thumbnailUrl":"https:\/\/www.santjosep.net\/wp-content\/uploads\/2022\/01\/RR_01016.jpg","datePublished":"2022-01-13T15:31:01+00:00","dateModified":"2022-01-19T13:09:52+00:00","breadcrumb":{"@id":"https:\/\/www.santjosep.net\/ca\/rutes-ses-salines\/ruta-de-ses-portes\/#breadcrumb"},"inLanguage":"ca","potentialAction":[{"@type":"ReadAction","target":["https:\/\/www.santjosep.net\/ca\/rutes-ses-salines\/ruta-de-ses-portes\/"]}]},{"@type":"ImageObject","inLanguage":"ca","@id":"https:\/\/www.santjosep.net\/ca\/rutes-ses-salines\/ruta-de-ses-portes\/#primaryimage","url":"https:\/\/www.santjosep.net\/wp-content\/uploads\/2022\/01\/RR_01016.jpg","contentUrl":"https:\/\/www.santjosep.net\/wp-content\/uploads\/2022\/01\/RR_01016.jpg","width":2200,"height":1467},{"@type":"BreadcrumbList","@id":"https:\/\/www.santjosep.net\/ca\/rutes-ses-salines\/ruta-de-ses-portes\/#breadcrumb","itemListElement":[{"@type":"ListItem","position":1,"name":"Rutes al Parc Natural de ses Salines","item":"https:\/\/www.santjosep.net\/ca\/rutes-ses-salines\/"},{"@type":"ListItem","position":2,"name":"Ruta de Ses Portes"}]},{"@type":"WebSite","@id":"https:\/\/www.santjosep.net\/#website","url":"https:\/\/www.santjosep.net\/","name":"Santjosep.net","description":"","potentialAction":[{"@type":"SearchAction","target":{"@type":"EntryPoint","urlTemplate":"https:\/\/www.santjosep.net\/?s={search_term_string}"},"query-input":{"@type":"PropertyValueSpecification","valueRequired":true,"valueName":"search_term_string"}}],"inLanguage":"ca"}]}},"_links":{"self":[{"href":"https:\/\/www.santjosep.net\/ca\/wp-json\/wp\/v2\/pages\/31120","targetHints":{"allow":["GET"]}}],"collection":[{"href":"https:\/\/www.santjosep.net\/ca\/wp-json\/wp\/v2\/pages"}],"about":[{"href":"https:\/\/www.santjosep.net\/ca\/wp-json\/wp\/v2\/types\/page"}],"author":[{"embeddable":true,"href":"https:\/\/www.santjosep.net\/ca\/wp-json\/wp\/v2\/users\/1"}],"replies":[{"embeddable":true,"href":"https:\/\/www.santjosep.net\/ca\/wp-json\/wp\/v2\/comments?post=31120"}],"version-history":[{"count":0,"href":"https:\/\/www.santjosep.net\/ca\/wp-json\/wp\/v2\/pages\/31120\/revisions"}],"up":[{"embeddable":true,"href":"https:\/\/www.santjosep.net\/ca\/wp-json\/wp\/v2\/pages\/31176"}],"wp:featuredmedia":[{"embeddable":true,"href":"https:\/\/www.santjosep.net\/ca\/wp-json\/wp\/v2\/media\/30834"}],"wp:attachment":[{"href":"https:\/\/www.santjosep.net\/ca\/wp-json\/wp\/v2\/media?parent=31120"}],"wp:term":[{"taxonomy":"categoria_pagina","embeddable":true,"href":"https:\/\/www.santjosep.net\/ca\/wp-json\/wp\/v2\/categoria_pagina?post=31120"}],"curies":[{"name":"wp","href":"https:\/\/api.w.org\/{rel}","templated":true}]}}