{"id":31028,"date":"2022-01-18T13:10:06","date_gmt":"2022-01-18T12:10:06","guid":{"rendered":"https:\/\/www.santjosep.net\/veure\/patrimoni-i-cultura\/punta-des-cavallet-muelle-de-llevant\/"},"modified":"2025-01-24T09:56:05","modified_gmt":"2025-01-24T08:56:05","slug":"punta-des-cavallet-moll-de-llevant","status":"publish","type":"page","link":"https:\/\/www.santjosep.net\/ca\/veure\/patrimoni\/punta-des-cavallet-moll-de-llevant\/","title":{"rendered":"Punta des Cavallet (moll de Llevant)"},"content":{"rendered":"<div class=\"wpb-content-wrapper\"><p>[vc_row enable_hue_rotation=&#8221;no&#8221; enable_text_marquee=&#8221;no&#8221;][vc_column][vc_column_text]El <a href=\"https:\/\/www.santjosep.net\/ca\/veure\/natura\/ses-salines-deivissa-i-formentera\/\" target=\"_blank\" rel=\"noopener\">Parc Natural de ses Salines<\/a> integra un conjunt d\u2019espais d\u2019alt inter\u00e8s ecol\u00f2gic que presenten una important diversitat d\u2019esp\u00e8cies vegetals i animals. Tot aquest enorme patrimoni biol\u00f2gic s\u2019ha desenvolupat al voltant d\u2019un espai que la m\u00e0 de l\u2019home va reconfigurar fa segles a partir d\u2019unes maresmes primig\u00e8nies. El resultat \u00e9s el que actualment coneixem com les <strong>salines d\u2019Eivissa<\/strong>. Explotades des de l\u2019\u00e8poca fen\u00edcia, les salines tenen diversos punts de notable rellev\u00e0ncia hist\u00f2rica en el context de l\u2019extracci\u00f3, el transport i la comercialitzaci\u00f3 de la sal. Un d\u2019aquests \u00e9s el que es coneix com el <strong>moll de Llevant<\/strong>, situat a la<em> punta des Cavallet<\/em>. Es troba a l\u2019extrem nord de la <a href=\"https:\/\/www.santjosep.net\/ca\/veure\/platges\/es-cavallet\/\" target=\"_blank\" rel=\"noopener\">platja que porta el mateix nom<\/a>, un arenal que es prolonga fins a la <a href=\"https:\/\/www.santjosep.net\/ca\/veure\/patrimoni-i-cultura\/torre-ses-portes\/\" target=\"_blank\" rel=\"noopener\">torre de guaita de ses Portes<\/a>, a l\u2019extrem sud, i que marca la frontera amb l\u2019altre gran arenal de Ponent, <a href=\"https:\/\/www.santjosep.net\/ca\/veure\/platges\/ses-salines\/\" target=\"_blank\" rel=\"noopener\">ses Salines<\/a>.<\/p>\n<p>Les restes del moll, encara visibles, s\u2019aixequen al costat d\u2019un dels tres canals que alimenten amb aigua de mar el conjunt multicolor d\u2019estanys saliners que s\u2019obren cap a l\u2019oest. Des d\u2019all\u00ed <strong>s\u2019embarcava sal amb destinaci\u00f3 a la ciutat d\u2019Eivissa,<\/strong> i era un dels tres ports des dels quals es va arribar a fer aquesta tasca, juntament amb el <a href=\"https:\/\/www.santjosep.net\/ca\/veure\/patrimoni-i-cultura\/antic-moll-saliner-de-la-xanga\/\" target=\"_blank\" rel=\"noopener\">moll de la Xanga<\/a> i l\u2019<a href=\"https:\/\/www.santjosep.net\/ca\/veure\/patrimoni-i-cultura\/moll-de-sa-canal\/\" target=\"_blank\" rel=\"noopener\">actual dic saliner de sa Canal.<\/a> Des de la punta des Cavallet es t\u00e9 una bonica vista del <strong>recinte emmurallat de la ciutat d\u2019Eivissa<\/strong> i, si girem la mirada cap a <strong>Formentera<\/strong>, contemplarem els diversos illots que poblen el <strong>pas des Freus<\/strong>, el canal mar\u00edtim que separa les dues illes, que al capvespre s\u2019il\u00b7luminen amb l\u2019espurneig dels seus fars i balises.<\/p>\n<p>[\/vc_column_text][vc_column_text]<span data-sheets-root=\"1\"><div class=\"gm-map\" style=\"position: relative;height: 200px; width: 200px;\"><iframe name=\"gm-map-1\" allowfullscreen src=\"https:\/\/www.santjosep.net\/ca\/?geo_mashup_content=render-map&amp;map_data_key=79bac29f546759b1240173448f7706ae&amp;lang=ca&amp;zoom=13&amp;name=gm-map-1&amp;map_content=contextual&amp;error_comment=&lt;!-- Geo Mashup found no objects to map in this context--&gt;\" style=\"position: absolute; top: 0; left: 0; width: 100%; height: 100%; border: none; overflow: hidden;\"><\/iframe><\/div><\/span>[\/vc_column_text][\/vc_column][\/vc_row][vc_row full_width=&#8221;stretch_row_content_no_spaces&#8221; enable_hue_rotation=&#8221;no&#8221; enable_text_marquee=&#8221;no&#8221; el_id=&#8221;galeria&#8221;][vc_column][vc_column_text]<style>#jtg-30762 .modula-item .jtg-social a, .lightbox-socials.jtg-social a{ fill: #ffffff; color: #ffffff }#jtg-30762 .modula-item .jtg-social-mobile a{ fill: #ffffff; color: #ffffff }#jtg-30762 .modula-item .jtg-social svg, .lightbox-socials.jtg-social svg { height: 16px; width: 16px }#jtg-30762 .modula-item .jtg-social-mobile svg { height: 16px; width: 16px }#jtg-30762 .modula-item .jtg-social a:not(:last-child), .lightbox-socials.jtg-social a:not(:last-child) { margin-right: 10px }#jtg-30762 .modula-item .jtg-social-mobile .jtg-social-mobile-icons a:not(:last-child){ margin-right: 10px }#jtg-30762 .modula-item .figc {color:#ffffff;}#jtg-30762 .modula-item .modula-item-content { transform: scale(1) }#jtg-30762 .modula-items .figc p.description { font-size:14px; }#jtg-30762 .modula-items .figc p.description { color:#ffffff;}#jtg-30762.modula-gallery .modula-item > a, #jtg-30762.modula-gallery .modula-item, #jtg-30762.modula-gallery .modula-item-content > a:not(.modula-no-follow) { cursor:zoom-in; } #jtg-30762.modula-gallery .modula-item-content .modula-no-follow { cursor: default; } @media screen and (max-width:480px){#jtg-30762 .modula-item .figc .jtg-title {  font-size: 12px; }#jtg-30762 .modula-items .figc p.description { color:#ffffff;font-size:10px; }}#jtg-30762 .modula-items .modula-item:hover img{opacity:1;}<\/style>\n<div  id=\"jtg-30762\" class=\"modula modula-gallery modula-custom-grid\" data-config=\"{&quot;height&quot;:800,&quot;tabletHeight&quot;:800,&quot;mobileHeight&quot;:800,&quot;desktopHeight&quot;:800,&quot;enableTwitter&quot;:true,&quot;enableWhatsapp&quot;:false,&quot;enableFacebook&quot;:true,&quot;enablePinterest&quot;:true,&quot;enableLinkedin&quot;:true,&quot;enableEmail&quot;:false,&quot;randomFactor&quot;:0.5,&quot;type&quot;:&quot;custom-grid&quot;,&quot;columns&quot;:12,&quot;gutter&quot;:0,&quot;mobileGutter&quot;:0,&quot;tabletGutter&quot;:0,&quot;desktopGutter&quot;:0,&quot;enableResponsive&quot;:&quot;1&quot;,&quot;tabletColumns&quot;:&quot;2&quot;,&quot;mobileColumns&quot;:&quot;1&quot;,&quot;lazyLoad&quot;:&quot;0&quot;,&quot;lightboxOpts&quot;:{&quot;animated&quot;:true,&quot;Thumbs&quot;:{&quot;type&quot;:&quot;modern&quot;,&quot;showOnStart&quot;:false},&quot;Toolbar&quot;:{&quot;display&quot;:{&quot;right&quot;:[&quot;close&quot;]},&quot;enabled&quot;:true},&quot;Carousel&quot;:{&quot;Panzoom&quot;:{&quot;touch&quot;:false},&quot;infinite&quot;:false},&quot;keyboard&quot;:{&quot;Escape&quot;:&quot;close&quot;,&quot;Delete&quot;:&quot;close&quot;,&quot;Backspace&quot;:&quot;close&quot;,&quot;PageUp&quot;:false,&quot;PageDown&quot;:false,&quot;ArrowUp&quot;:false,&quot;ArrowDown&quot;:false,&quot;ArrowRight&quot;:false,&quot;ArrowLeft&quot;:false},&quot;touch&quot;:false,&quot;backdropClick&quot;:false,&quot;l10n&quot;:{&quot;CLOSE&quot;:&quot;Close&quot;,&quot;NEXT&quot;:&quot;Next&quot;,&quot;PREV&quot;:&quot;Previous&quot;,&quot;Error&quot;:&quot;The requested content cannot be loaded. Please try again later.&quot;,&quot;PLAY_START&quot;:&quot;Start slideshow&quot;,&quot;PLAY_STOP&quot;:&quot;Pause slideshow&quot;,&quot;FULL_SCREEN&quot;:&quot;Full screen&quot;,&quot;THUMBS&quot;:&quot;Thumbnails&quot;,&quot;DOWNLOAD&quot;:&quot;Download&quot;,&quot;SHARE&quot;:&quot;Share&quot;,&quot;ZOOM&quot;:&quot;Zoom&quot;,&quot;EMAIL&quot;:&quot;Here is the link to the image : %%image_link%% and this is the link to the gallery : %%gallery_link%%&quot;,&quot;MODAL&quot;:&quot;You can close this modal content with the ESC key&quot;,&quot;ERROR&quot;:&quot;Something Went Wrong, Please Try Again Later&quot;,&quot;IMAGE_ERROR&quot;:&quot;Image Not Found&quot;,&quot;ELEMENT_NOT_FOUND&quot;:&quot;HTML Element Not Found&quot;,&quot;AJAX_NOT_FOUND&quot;:&quot;Error Loading AJAX : Not Found&quot;,&quot;AJAX_FORBIDDEN&quot;:&quot;Error Loading AJAX : Forbidden&quot;,&quot;IFRAME_ERROR&quot;:&quot;Error Loading Page&quot;,&quot;TOGGLE_ZOOM&quot;:&quot;Toggle zoom level&quot;,&quot;TOGGLE_THUMBS&quot;:&quot;Toggle thumbnails&quot;,&quot;TOGGLE_SLIDESHOW&quot;:&quot;Toggle slideshow&quot;,&quot;TOGGLE_FULLSCREEN&quot;:&quot;Toggle full-screen mode&quot;},&quot;Images&quot;:{&quot;Panzoom&quot;:{&quot;maxScale&quot;:2}},&quot;mainClass&quot;:&quot;modula-fancybox-container modula-lightbox-jtg-30762&quot;,&quot;Html&quot;:{&quot;videoAutoplay&quot;:0,&quot;videoTpl&quot;:&quot;&lt;video class=\\&quot;fancybox__html5video\\&quot; controls muted playsinline controlsList controlsList=\\&quot;nodownload\\&quot; poster=\\&quot;{{poster}}\\&quot; src=\\&quot;{{src}}\\&quot; type=\\&quot;{{format}}\\&quot; &gt;  Sorry, your browser doesn&#039;t support embedded videos, &lt;a href=\\&quot;{{src}}\\&quot;&gt; download &lt;\\\/a&gt; and watch with your favorite video player! &lt;\\\/video&gt;&quot;}},&quot;inView&quot;:false,&quot;email_subject&quot;:&quot;Check out this awesome image !!&quot;,&quot;email_message&quot;:&quot;Here is the link to the image : %%image_link%% and this is the link to the gallery : %%gallery_link%%&quot;,&quot;lightbox&quot;:&quot;fancybox&quot;}\">\n\n\t\n\t<div  class=\"modula-items\">\n\t\t<div class=\"modula-item\" data-width=\"4\" data-height=\"5\" >\n\t<div class=\"modula-item-content\">\n\t\t\n\t\t\t\t\t<a data-image-id=\"30778\" tabindex=\"0\" rel=\"jtg-30762\" data-caption=\"\" aria-label=\"Open image in lightbox\" role=\"button\" class=\"tile-inner modula-item-link\"><\/a>\n\t\t\n\t\t<img loading=\"lazy\" decoding=\"async\" class=\"pic wp-image-30778\"  data-valign=\"middle\" data-halign=\"center\" alt=\"\" data-full=\"https:\/\/www.santjosep.net\/wp-content\/uploads\/2022\/01\/P1085543.jpg\" title=\"P1085543\" width=\"1125\" height=\"1500\" src=\"https:\/\/www.santjosep.net\/wp-content\/uploads\/2022\/01\/P1085543.jpg\" data-src=\"https:\/\/www.santjosep.net\/wp-content\/uploads\/2022\/01\/P1085543.jpg\" data-caption=\"\" srcset=\"https:\/\/www.santjosep.net\/wp-content\/uploads\/2022\/01\/P1085543.jpg 1125w, https:\/\/www.santjosep.net\/wp-content\/uploads\/2022\/01\/P1085543-225x300.jpg 225w, https:\/\/www.santjosep.net\/wp-content\/uploads\/2022\/01\/P1085543-768x1024.jpg 768w\" sizes=\"auto, (max-width: 1125px) 100vw, 1125px\" \/>\n\t<\/div>\n\n<\/div><div class=\"modula-item\" data-width=\"8\" data-height=\"5\" >\n\t<div class=\"modula-item-content\">\n\t\t\n\t\t\t\t\t<a data-image-id=\"30773\" tabindex=\"0\" rel=\"jtg-30762\" data-caption=\"\" aria-label=\"Open image in lightbox\" role=\"button\" class=\"tile-inner modula-item-link\"><\/a>\n\t\t\n\t\t<img loading=\"lazy\" decoding=\"async\" class=\"pic wp-image-30773\"  data-valign=\"middle\" data-halign=\"center\" alt=\"\" data-full=\"https:\/\/www.santjosep.net\/wp-content\/uploads\/2022\/01\/P1085373.jpg\" title=\"P1085373\" width=\"1500\" height=\"1125\" src=\"https:\/\/www.santjosep.net\/wp-content\/uploads\/2022\/01\/P1085373.jpg\" data-src=\"https:\/\/www.santjosep.net\/wp-content\/uploads\/2022\/01\/P1085373.jpg\" data-caption=\"\" srcset=\"https:\/\/www.santjosep.net\/wp-content\/uploads\/2022\/01\/P1085373.jpg 1500w, https:\/\/www.santjosep.net\/wp-content\/uploads\/2022\/01\/P1085373-300x225.jpg 300w, https:\/\/www.santjosep.net\/wp-content\/uploads\/2022\/01\/P1085373-1024x768.jpg 1024w, https:\/\/www.santjosep.net\/wp-content\/uploads\/2022\/01\/P1085373-768x576.jpg 768w, https:\/\/www.santjosep.net\/wp-content\/uploads\/2022\/01\/P1085373-800x600.jpg 800w\" sizes=\"auto, (max-width: 1500px) 100vw, 1500px\" \/>\n\t<\/div>\n\n<\/div><div class=\"modula-item\" data-width=\"6\" data-height=\"5\" >\n\t<div class=\"modula-item-content\">\n\t\t\n\t\t\t\t\t<a data-image-id=\"30768\" tabindex=\"0\" rel=\"jtg-30762\" data-caption=\"\" aria-label=\"Open image in lightbox\" role=\"button\" class=\"tile-inner modula-item-link\"><\/a>\n\t\t\n\t\t<img loading=\"lazy\" decoding=\"async\" class=\"pic wp-image-30768\"  data-valign=\"middle\" data-halign=\"center\" alt=\"\" data-full=\"https:\/\/www.santjosep.net\/wp-content\/uploads\/2022\/01\/P1085371.jpg\" title=\"P1085371\" width=\"1500\" height=\"1125\" src=\"https:\/\/www.santjosep.net\/wp-content\/uploads\/2022\/01\/P1085371.jpg\" data-src=\"https:\/\/www.santjosep.net\/wp-content\/uploads\/2022\/01\/P1085371.jpg\" data-caption=\"\" srcset=\"https:\/\/www.santjosep.net\/wp-content\/uploads\/2022\/01\/P1085371.jpg 1500w, https:\/\/www.santjosep.net\/wp-content\/uploads\/2022\/01\/P1085371-300x225.jpg 300w, https:\/\/www.santjosep.net\/wp-content\/uploads\/2022\/01\/P1085371-1024x768.jpg 1024w, https:\/\/www.santjosep.net\/wp-content\/uploads\/2022\/01\/P1085371-768x576.jpg 768w, https:\/\/www.santjosep.net\/wp-content\/uploads\/2022\/01\/P1085371-800x600.jpg 800w\" sizes=\"auto, (max-width: 1500px) 100vw, 1500px\" \/>\n\t<\/div>\n\n<\/div><div class=\"modula-item\" data-width=\"6\" data-height=\"5\" >\n\t<div class=\"modula-item-content\">\n\t\t\n\t\t\t\t\t<a data-image-id=\"30763\" tabindex=\"0\" rel=\"jtg-30762\" data-caption=\"\" aria-label=\"Open image in lightbox\" role=\"button\" class=\"tile-inner modula-item-link\"><\/a>\n\t\t\n\t\t<img loading=\"lazy\" decoding=\"async\" class=\"pic wp-image-30763\"  data-valign=\"middle\" data-halign=\"center\" alt=\"\" data-full=\"https:\/\/www.santjosep.net\/wp-content\/uploads\/2022\/01\/P1085369.jpg\" title=\"P1085369\" width=\"1125\" height=\"1500\" src=\"https:\/\/www.santjosep.net\/wp-content\/uploads\/2022\/01\/P1085369.jpg\" data-src=\"https:\/\/www.santjosep.net\/wp-content\/uploads\/2022\/01\/P1085369.jpg\" data-caption=\"\" srcset=\"https:\/\/www.santjosep.net\/wp-content\/uploads\/2022\/01\/P1085369.jpg 1125w, https:\/\/www.santjosep.net\/wp-content\/uploads\/2022\/01\/P1085369-225x300.jpg 225w, https:\/\/www.santjosep.net\/wp-content\/uploads\/2022\/01\/P1085369-768x1024.jpg 768w\" sizes=\"auto, (max-width: 1125px) 100vw, 1125px\" \/>\n\t<\/div>\n\n<\/div>\t\t\n\t<\/div>\n\n\t\n\t\n\t<script type=\"application\/ld+json\">\n\t{\n\t\t\"@context\": \"http:\/\/schema.org\",\n\t\t\"@type\"   : \"ImageGallery\",\n\t\t\"id\"      : \"https:\/\/www.santjosep.net\/ca\/veure\/patrimoni\/punta-des-cavallet-moll-de-llevant\/\",\n\t\t\"url\"     : \"https:\/\/www.santjosep.net\/ca\/veure\/patrimoni\/punta-des-cavallet-moll-de-llevant\/\"\n\t}\n\n\t<\/script>\n\n\t\n<\/div>\n[\/vc_column_text][\/vc_column][\/vc_row]<\/p>\n<\/div>","protected":false},"excerpt":{"rendered":"<p>[vc_row enable_hue_rotation=&#8221;no&#8221; enable_text_marquee=&#8221;no&#8221;][vc_column][vc_column_text]El Parc Natural de ses Salines integra un conjunt d\u2019espais d\u2019alt inter\u00e8s ecol\u00f2gic que presenten una important diversitat d\u2019esp\u00e8cies vegetals i animals. Tot aquest enorme patrimoni biol\u00f2gic s\u2019ha desenvolupat al voltant d\u2019un espai que la m\u00e0 de l\u2019home [&hellip;]<\/p>\n","protected":false},"author":1,"featured_media":30784,"parent":38705,"menu_order":0,"comment_status":"closed","ping_status":"closed","template":"","meta":{"_acf_changed":false,"inline_featured_image":false,"footnotes":""},"categoria_pagina":[],"class_list":["post-31028","page","type-page","status-publish","has-post-thumbnail","hentry"],"acf":[],"yoast_head":"<!-- This site is optimized with the Yoast SEO plugin v25.7 - https:\/\/yoast.com\/wordpress\/plugins\/seo\/ -->\n<title>Punta des Cavallet (moll de Llevant) - Santjosep.net<\/title>\n<meta name=\"robots\" content=\"index, follow, max-snippet:-1, max-image-preview:large, max-video-preview:-1\" \/>\n<link rel=\"canonical\" href=\"https:\/\/www.santjosep.net\/ca\/veure\/patrimoni-i-cultura\/punta-des-cavallet-moll-de-llevant\/\" \/>\n<meta property=\"og:locale\" content=\"ca_ES\" \/>\n<meta property=\"og:type\" content=\"article\" \/>\n<meta property=\"og:title\" content=\"Punta des Cavallet (moll de Llevant) - Santjosep.net\" \/>\n<meta property=\"og:description\" content=\"[vc_row enable_hue_rotation=&#8221;no&#8221; enable_text_marquee=&#8221;no&#8221;][vc_column][vc_column_text]El Parc Natural de ses Salines integra un conjunt d\u2019espais d\u2019alt inter\u00e8s ecol\u00f2gic que presenten una important diversitat d\u2019esp\u00e8cies vegetals i animals. Tot aquest enorme patrimoni biol\u00f2gic s\u2019ha desenvolupat al voltant d\u2019un espai que la m\u00e0 de l\u2019home [&hellip;]\" \/>\n<meta property=\"og:url\" content=\"https:\/\/www.santjosep.net\/ca\/veure\/patrimoni-i-cultura\/punta-des-cavallet-moll-de-llevant\/\" \/>\n<meta property=\"og:site_name\" content=\"Santjosep.net\" \/>\n<meta property=\"article:modified_time\" content=\"2025-01-24T08:56:05+00:00\" \/>\n<meta property=\"og:image\" content=\"https:\/\/www.santjosep.net\/wp-content\/uploads\/2022\/01\/P1085539.jpg\" \/>\n\t<meta property=\"og:image:width\" content=\"1500\" \/>\n\t<meta property=\"og:image:height\" content=\"1125\" \/>\n\t<meta property=\"og:image:type\" content=\"image\/jpeg\" \/>\n<meta name=\"twitter:card\" content=\"summary_large_image\" \/>\n<meta name=\"twitter:label1\" content=\"Temps estimat de lectura\" \/>\n\t<meta name=\"twitter:data1\" content=\"2 minuts\" \/>\n<script type=\"application\/ld+json\" class=\"yoast-schema-graph\">{\"@context\":\"https:\/\/schema.org\",\"@graph\":[{\"@type\":\"WebPage\",\"@id\":\"https:\/\/www.santjosep.net\/ca\/veure\/patrimoni-i-cultura\/punta-des-cavallet-moll-de-llevant\/\",\"url\":\"https:\/\/www.santjosep.net\/ca\/veure\/patrimoni-i-cultura\/punta-des-cavallet-moll-de-llevant\/\",\"name\":\"Punta des Cavallet (moll de Llevant) - Santjosep.net\",\"isPartOf\":{\"@id\":\"https:\/\/www.santjosep.net\/#website\"},\"primaryImageOfPage\":{\"@id\":\"https:\/\/www.santjosep.net\/ca\/veure\/patrimoni-i-cultura\/punta-des-cavallet-moll-de-llevant\/#primaryimage\"},\"image\":{\"@id\":\"https:\/\/www.santjosep.net\/ca\/veure\/patrimoni-i-cultura\/punta-des-cavallet-moll-de-llevant\/#primaryimage\"},\"thumbnailUrl\":\"https:\/\/www.santjosep.net\/wp-content\/uploads\/2022\/01\/P1085539.jpg\",\"datePublished\":\"2022-01-18T12:10:06+00:00\",\"dateModified\":\"2025-01-24T08:56:05+00:00\",\"breadcrumb\":{\"@id\":\"https:\/\/www.santjosep.net\/ca\/veure\/patrimoni-i-cultura\/punta-des-cavallet-moll-de-llevant\/#breadcrumb\"},\"inLanguage\":\"ca\",\"potentialAction\":[{\"@type\":\"ReadAction\",\"target\":[\"https:\/\/www.santjosep.net\/ca\/veure\/patrimoni-i-cultura\/punta-des-cavallet-moll-de-llevant\/\"]}]},{\"@type\":\"ImageObject\",\"inLanguage\":\"ca\",\"@id\":\"https:\/\/www.santjosep.net\/ca\/veure\/patrimoni-i-cultura\/punta-des-cavallet-moll-de-llevant\/#primaryimage\",\"url\":\"https:\/\/www.santjosep.net\/wp-content\/uploads\/2022\/01\/P1085539.jpg\",\"contentUrl\":\"https:\/\/www.santjosep.net\/wp-content\/uploads\/2022\/01\/P1085539.jpg\",\"width\":1500,\"height\":1125},{\"@type\":\"BreadcrumbList\",\"@id\":\"https:\/\/www.santjosep.net\/ca\/veure\/patrimoni-i-cultura\/punta-des-cavallet-moll-de-llevant\/#breadcrumb\",\"itemListElement\":[{\"@type\":\"ListItem\",\"position\":1,\"name\":\"Veure\",\"item\":\"https:\/\/www.santjosep.net\/ca\/veure\/\"},{\"@type\":\"ListItem\",\"position\":2,\"name\":\"Patrimoni i cultura\",\"item\":\"https:\/\/www.santjosep.net\/ca\/veure\/patrimoni-i-cultura\/\"},{\"@type\":\"ListItem\",\"position\":3,\"name\":\"Punta des Cavallet (moll de Llevant)\"}]},{\"@type\":\"WebSite\",\"@id\":\"https:\/\/www.santjosep.net\/#website\",\"url\":\"https:\/\/www.santjosep.net\/\",\"name\":\"Santjosep.net\",\"description\":\"\",\"potentialAction\":[{\"@type\":\"SearchAction\",\"target\":{\"@type\":\"EntryPoint\",\"urlTemplate\":\"https:\/\/www.santjosep.net\/?s={search_term_string}\"},\"query-input\":{\"@type\":\"PropertyValueSpecification\",\"valueRequired\":true,\"valueName\":\"search_term_string\"}}],\"inLanguage\":\"ca\"}]}<\/script>\n<!-- \/ Yoast SEO plugin. -->","yoast_head_json":{"title":"Punta des Cavallet (moll de Llevant) - Santjosep.net","robots":{"index":"index","follow":"follow","max-snippet":"max-snippet:-1","max-image-preview":"max-image-preview:large","max-video-preview":"max-video-preview:-1"},"canonical":"https:\/\/www.santjosep.net\/ca\/veure\/patrimoni-i-cultura\/punta-des-cavallet-moll-de-llevant\/","og_locale":"ca_ES","og_type":"article","og_title":"Punta des Cavallet (moll de Llevant) - Santjosep.net","og_description":"[vc_row enable_hue_rotation=&#8221;no&#8221; enable_text_marquee=&#8221;no&#8221;][vc_column][vc_column_text]El Parc Natural de ses Salines integra un conjunt d\u2019espais d\u2019alt inter\u00e8s ecol\u00f2gic que presenten una important diversitat d\u2019esp\u00e8cies vegetals i animals. Tot aquest enorme patrimoni biol\u00f2gic s\u2019ha desenvolupat al voltant d\u2019un espai que la m\u00e0 de l\u2019home [&hellip;]","og_url":"https:\/\/www.santjosep.net\/ca\/veure\/patrimoni-i-cultura\/punta-des-cavallet-moll-de-llevant\/","og_site_name":"Santjosep.net","article_modified_time":"2025-01-24T08:56:05+00:00","og_image":[{"width":1500,"height":1125,"url":"https:\/\/www.santjosep.net\/wp-content\/uploads\/2022\/01\/P1085539.jpg","type":"image\/jpeg"}],"twitter_card":"summary_large_image","twitter_misc":{"Temps estimat de lectura":"2 minuts"},"schema":{"@context":"https:\/\/schema.org","@graph":[{"@type":"WebPage","@id":"https:\/\/www.santjosep.net\/ca\/veure\/patrimoni-i-cultura\/punta-des-cavallet-moll-de-llevant\/","url":"https:\/\/www.santjosep.net\/ca\/veure\/patrimoni-i-cultura\/punta-des-cavallet-moll-de-llevant\/","name":"Punta des Cavallet (moll de Llevant) - Santjosep.net","isPartOf":{"@id":"https:\/\/www.santjosep.net\/#website"},"primaryImageOfPage":{"@id":"https:\/\/www.santjosep.net\/ca\/veure\/patrimoni-i-cultura\/punta-des-cavallet-moll-de-llevant\/#primaryimage"},"image":{"@id":"https:\/\/www.santjosep.net\/ca\/veure\/patrimoni-i-cultura\/punta-des-cavallet-moll-de-llevant\/#primaryimage"},"thumbnailUrl":"https:\/\/www.santjosep.net\/wp-content\/uploads\/2022\/01\/P1085539.jpg","datePublished":"2022-01-18T12:10:06+00:00","dateModified":"2025-01-24T08:56:05+00:00","breadcrumb":{"@id":"https:\/\/www.santjosep.net\/ca\/veure\/patrimoni-i-cultura\/punta-des-cavallet-moll-de-llevant\/#breadcrumb"},"inLanguage":"ca","potentialAction":[{"@type":"ReadAction","target":["https:\/\/www.santjosep.net\/ca\/veure\/patrimoni-i-cultura\/punta-des-cavallet-moll-de-llevant\/"]}]},{"@type":"ImageObject","inLanguage":"ca","@id":"https:\/\/www.santjosep.net\/ca\/veure\/patrimoni-i-cultura\/punta-des-cavallet-moll-de-llevant\/#primaryimage","url":"https:\/\/www.santjosep.net\/wp-content\/uploads\/2022\/01\/P1085539.jpg","contentUrl":"https:\/\/www.santjosep.net\/wp-content\/uploads\/2022\/01\/P1085539.jpg","width":1500,"height":1125},{"@type":"BreadcrumbList","@id":"https:\/\/www.santjosep.net\/ca\/veure\/patrimoni-i-cultura\/punta-des-cavallet-moll-de-llevant\/#breadcrumb","itemListElement":[{"@type":"ListItem","position":1,"name":"Veure","item":"https:\/\/www.santjosep.net\/ca\/veure\/"},{"@type":"ListItem","position":2,"name":"Patrimoni i cultura","item":"https:\/\/www.santjosep.net\/ca\/veure\/patrimoni-i-cultura\/"},{"@type":"ListItem","position":3,"name":"Punta des Cavallet (moll de Llevant)"}]},{"@type":"WebSite","@id":"https:\/\/www.santjosep.net\/#website","url":"https:\/\/www.santjosep.net\/","name":"Santjosep.net","description":"","potentialAction":[{"@type":"SearchAction","target":{"@type":"EntryPoint","urlTemplate":"https:\/\/www.santjosep.net\/?s={search_term_string}"},"query-input":{"@type":"PropertyValueSpecification","valueRequired":true,"valueName":"search_term_string"}}],"inLanguage":"ca"}]}},"_links":{"self":[{"href":"https:\/\/www.santjosep.net\/ca\/wp-json\/wp\/v2\/pages\/31028","targetHints":{"allow":["GET"]}}],"collection":[{"href":"https:\/\/www.santjosep.net\/ca\/wp-json\/wp\/v2\/pages"}],"about":[{"href":"https:\/\/www.santjosep.net\/ca\/wp-json\/wp\/v2\/types\/page"}],"author":[{"embeddable":true,"href":"https:\/\/www.santjosep.net\/ca\/wp-json\/wp\/v2\/users\/1"}],"replies":[{"embeddable":true,"href":"https:\/\/www.santjosep.net\/ca\/wp-json\/wp\/v2\/comments?post=31028"}],"version-history":[{"count":0,"href":"https:\/\/www.santjosep.net\/ca\/wp-json\/wp\/v2\/pages\/31028\/revisions"}],"up":[{"embeddable":true,"href":"https:\/\/www.santjosep.net\/ca\/wp-json\/wp\/v2\/pages\/38705"}],"wp:featuredmedia":[{"embeddable":true,"href":"https:\/\/www.santjosep.net\/ca\/wp-json\/wp\/v2\/media\/30784"}],"wp:attachment":[{"href":"https:\/\/www.santjosep.net\/ca\/wp-json\/wp\/v2\/media?parent=31028"}],"wp:term":[{"taxonomy":"categoria_pagina","embeddable":true,"href":"https:\/\/www.santjosep.net\/ca\/wp-json\/wp\/v2\/categoria_pagina?post=31028"}],"curies":[{"name":"wp","href":"https:\/\/api.w.org\/{rel}","templated":true}]}}