{"id":29737,"date":"2022-01-12T14:00:25","date_gmt":"2022-01-12T13:00:25","guid":{"rendered":"https:\/\/www.santjosep.net\/veure\/natura\/flamencos\/"},"modified":"2022-01-13T14:52:16","modified_gmt":"2022-01-13T13:52:16","slug":"el-flamenc-una-icona-viva-del-parc-natural-de-ses-salines","status":"publish","type":"page","link":"https:\/\/www.santjosep.net\/ca\/veure\/natura\/el-flamenc-una-icona-viva-del-parc-natural-de-ses-salines\/","title":{"rendered":"El flamenc, una icona viva"},"content":{"rendered":"<div class=\"wpb-content-wrapper\"><p>[vc_row enable_hue_rotation=&#8221;no&#8221; enable_text_marquee=&#8221;no&#8221;][vc_column][vc_column_text]<\/p>\n<h2>El Flamenc, una icona viva.<\/h2>\n<p><a href=\"https:\/\/www.santjosep.net\/ca\/veure\/natura\/el-flamenc-una-icona-viva-del-parc-natural-de-ses-salines\/#video\">Veure v\u00eddeo<\/a>[\/vc_column_text][\/vc_column][\/vc_row][vc_row enable_hue_rotation=&#8221;no&#8221; enable_text_marquee=&#8221;no&#8221;][vc_column][vc_column_text]Les salines d\u2019Eivissa constitueixen un dels paisatges naturals m\u00e9s carism\u00e0tics de l\u2019illa i els aiguamolls m\u00e9s importants de les Piti\u00fcses. S\u00f3n part integrant del <strong>Parc Natural de ses Salines d\u2019Eivissa i Formentera<\/strong>, que engloba tamb\u00e9 la zona mar\u00edtima que uneix l\u2019extrem de la punta de sa Torre de ses Portes, el bra\u00e7 que s\u2019est\u00e9n pel sud, amb el nord de Formentera<\/p>\n<p>L\u2019\u00e0rea total ocupa m\u00e9s de <strong>14.000 ha marines<\/strong> i m\u00e9s de <strong>2.752 terrestres.<\/strong> Aquest espai extraordinari cont\u00e9 una rica amalgama de vida vegetal i animal i \u00e9s un h\u00e0bitat terrestre i mar\u00ed ple de valors ecol\u00f2gics i paisatg\u00edstics. A banda d\u2019aquesta faceta, la seva import\u00e0ncia en la hist\u00f2ria i la cultura de les Piti\u00fcses ha estat capital des de l\u2019any 600 aC, quan els fenicis van comen\u00e7ar la seva explotaci\u00f3 com a tal, ampliada i millorada en l\u2019\u00e8poca musulmana i cristiana.<\/p>\n<p>&nbsp;<\/p>\n<div id=\"attachment_19871\" style=\"width: 1510px\" class=\"wp-caption aligncenter\"><img loading=\"lazy\" decoding=\"async\" aria-describedby=\"caption-attachment-19871\" class=\"wp-image-19872 size-full\" src=\"https:\/\/www.santjosep.net\/wp-content\/uploads\/2020\/01\/estanquessessalines_786478018.jpg\" alt=\"\" width=\"1500\" height=\"1125\" srcset=\"https:\/\/www.santjosep.net\/wp-content\/uploads\/2020\/01\/estanquessessalines_786478018.jpg 1500w, https:\/\/www.santjosep.net\/wp-content\/uploads\/2020\/01\/estanquessessalines_786478018-300x225.jpg 300w, https:\/\/www.santjosep.net\/wp-content\/uploads\/2020\/01\/estanquessessalines_786478018-1024x768.jpg 1024w, https:\/\/www.santjosep.net\/wp-content\/uploads\/2020\/01\/estanquessessalines_786478018-768x576.jpg 768w, https:\/\/www.santjosep.net\/wp-content\/uploads\/2020\/01\/estanquessessalines_786478018-800x600.jpg 800w\" sizes=\"auto, (max-width: 1500px) 100vw, 1500px\" \/><p id=\"caption-attachment-19871\" class=\"wp-caption-text\">Estanques del Parc Natural de ses Salines<\/p><\/div>\n<p>La panor\u00e0mica espectacular dels estanys geom\u00e8trics i la varietat crom\u00e0tica de les seves aig\u00fces atrapen a l\u2019instant la mirada del visitant. Per\u00f2 si l\u2019observador curi\u00f3s aguditza b\u00e9 la vista \u00e9s molt probable que de seguida s\u2019adoni de la pres\u00e8ncia d\u2019una avifauna molt diversa: camallargues, martinets blancs, corbs marins, \u00e0guiles pescadors, baldrigues, xoriguers, xivites, pardals, cabussons, \u00e0necs blancs\u2026 m\u00e9s de 200 esp\u00e8cies sobrevolen l\u2019\u00e0rea protegida i s\u2019alimenten als seus estanys i a les zones ve\u00efnes. Tanmateix, de totes les figures que es poden albirar en aquest parad\u00eds natural n\u2019hi ha una que destaca per la seva silueta peculiar i les seves notables dimensions: el flamenc <strong>(Phoenicopterus roseus)<\/strong>, possiblement <strong>l\u2019au m\u00e9s representativa del parc.<\/strong> El seu bec gros, dissenyat per gratar i filtrar el contingut dels fons dels estanys, les seves potes primes i llargues i el seu coll ondulat ja formen part de la iconografia de l\u2019indret. La seva alimentaci\u00f3 es basa en petits crustacis, mol\u00b7luscs, insectes i diversos tipus d\u2019algues que es troben a l\u2019aigua. De fet, la pigmentaci\u00f3 del seu plomatge adquireix el caracter\u00edstic to rosa com a conseq\u00fc\u00e8ncia de la ingesta massiva d\u2019algues planct\u00f2niques i d\u2019un petit crustaci, l\u2019<strong>Artemia salina<\/strong>, que com a resultat de la hipersalinitat de les aig\u00fces i el seu baix contingut en oxigen requereix una gran quantitat de pigments respiratoris que li donen una forta coloraci\u00f3 rogenca. Es podria dir, per tant, que el rosa dels estanys, provocat per bacteris de tipus Halobacterium, es transmet a les diverses formes de vida de l\u2019entorn i es transfereix indirectament al plomatge dels flamencs adults; els joves, per\u00f2, mantenen el to blanc a les seves plomes fins que l\u2019acumulaci\u00f3 del pigment els modifica el color.<\/p>\n<p>&nbsp;<\/p>\n<style>#jtg-19882 .modula-item .jtg-social a, .lightbox-socials.jtg-social a{ fill: #ffffff; color: #ffffff }#jtg-19882 .modula-item .jtg-social-mobile a{ fill: #ffffff; color: #ffffff }#jtg-19882 .modula-item .jtg-social svg, .lightbox-socials.jtg-social svg { height: 16px; width: 16px }#jtg-19882 .modula-item .jtg-social-mobile svg { height: 16px; width: 16px }#jtg-19882 .modula-item .jtg-social a:not(:last-child), .lightbox-socials.jtg-social a:not(:last-child) { margin-right: 10px }#jtg-19882 .modula-item .jtg-social-mobile .jtg-social-mobile-icons a:not(:last-child){ margin-right: 10px }#jtg-19882 .modula-item .figc {color:#ffffff;}#jtg-19882 .modula-item .modula-item-content { transform: scale(1) }#jtg-19882 .modula-items .figc p.description { font-size:14px; }#jtg-19882 .modula-items .figc p.description { color:#ffffff;}#jtg-19882.modula-gallery .modula-item > a, #jtg-19882.modula-gallery .modula-item, #jtg-19882.modula-gallery .modula-item-content > a:not(.modula-no-follow) { cursor:zoom-in; } #jtg-19882.modula-gallery .modula-item-content .modula-no-follow { cursor: default; } @media screen and (max-width:480px){#jtg-19882 .modula-item .figc .jtg-title {  font-size: 12px; }#jtg-19882 .modula-items .figc p.description { color:#ffffff;font-size:10px; }}#jtg-19882 .modula-items .modula-item:hover img{opacity:1;}<\/style>\n<div  id=\"jtg-19882\" class=\"modula modula-gallery modula-custom-grid\" data-config=\"{&quot;height&quot;:800,&quot;tabletHeight&quot;:800,&quot;mobileHeight&quot;:800,&quot;desktopHeight&quot;:800,&quot;enableTwitter&quot;:true,&quot;enableWhatsapp&quot;:false,&quot;enableFacebook&quot;:true,&quot;enablePinterest&quot;:true,&quot;enableLinkedin&quot;:true,&quot;enableEmail&quot;:false,&quot;randomFactor&quot;:0.5,&quot;type&quot;:&quot;custom-grid&quot;,&quot;columns&quot;:12,&quot;gutter&quot;:0,&quot;mobileGutter&quot;:0,&quot;tabletGutter&quot;:0,&quot;desktopGutter&quot;:0,&quot;enableResponsive&quot;:&quot;1&quot;,&quot;tabletColumns&quot;:&quot;2&quot;,&quot;mobileColumns&quot;:&quot;1&quot;,&quot;lazyLoad&quot;:&quot;0&quot;,&quot;lightboxOpts&quot;:{&quot;animated&quot;:true,&quot;Thumbs&quot;:{&quot;type&quot;:&quot;modern&quot;,&quot;showOnStart&quot;:false},&quot;Toolbar&quot;:{&quot;display&quot;:{&quot;right&quot;:[&quot;close&quot;]},&quot;enabled&quot;:true},&quot;Carousel&quot;:{&quot;Panzoom&quot;:{&quot;touch&quot;:false},&quot;infinite&quot;:false},&quot;keyboard&quot;:{&quot;Escape&quot;:&quot;close&quot;,&quot;Delete&quot;:&quot;close&quot;,&quot;Backspace&quot;:&quot;close&quot;,&quot;PageUp&quot;:false,&quot;PageDown&quot;:false,&quot;ArrowUp&quot;:false,&quot;ArrowDown&quot;:false,&quot;ArrowRight&quot;:false,&quot;ArrowLeft&quot;:false},&quot;touch&quot;:false,&quot;backdropClick&quot;:false,&quot;l10n&quot;:{&quot;CLOSE&quot;:&quot;Close&quot;,&quot;NEXT&quot;:&quot;Next&quot;,&quot;PREV&quot;:&quot;Previous&quot;,&quot;Error&quot;:&quot;The requested content cannot be loaded. Please try again later.&quot;,&quot;PLAY_START&quot;:&quot;Start slideshow&quot;,&quot;PLAY_STOP&quot;:&quot;Pause slideshow&quot;,&quot;FULL_SCREEN&quot;:&quot;Full screen&quot;,&quot;THUMBS&quot;:&quot;Thumbnails&quot;,&quot;DOWNLOAD&quot;:&quot;Download&quot;,&quot;SHARE&quot;:&quot;Share&quot;,&quot;ZOOM&quot;:&quot;Zoom&quot;,&quot;EMAIL&quot;:&quot;Here is the link to the image : %%image_link%% and this is the link to the gallery : %%gallery_link%%&quot;,&quot;MODAL&quot;:&quot;You can close this modal content with the ESC key&quot;,&quot;ERROR&quot;:&quot;Something Went Wrong, Please Try Again Later&quot;,&quot;IMAGE_ERROR&quot;:&quot;Image Not Found&quot;,&quot;ELEMENT_NOT_FOUND&quot;:&quot;HTML Element Not Found&quot;,&quot;AJAX_NOT_FOUND&quot;:&quot;Error Loading AJAX : Not Found&quot;,&quot;AJAX_FORBIDDEN&quot;:&quot;Error Loading AJAX : Forbidden&quot;,&quot;IFRAME_ERROR&quot;:&quot;Error Loading Page&quot;,&quot;TOGGLE_ZOOM&quot;:&quot;Toggle zoom level&quot;,&quot;TOGGLE_THUMBS&quot;:&quot;Toggle thumbnails&quot;,&quot;TOGGLE_SLIDESHOW&quot;:&quot;Toggle slideshow&quot;,&quot;TOGGLE_FULLSCREEN&quot;:&quot;Toggle full-screen mode&quot;},&quot;Images&quot;:{&quot;Panzoom&quot;:{&quot;maxScale&quot;:2}},&quot;mainClass&quot;:&quot;modula-fancybox-container modula-lightbox-jtg-19882&quot;,&quot;Html&quot;:{&quot;videoAutoplay&quot;:0,&quot;videoTpl&quot;:&quot;&lt;video class=\\&quot;fancybox__html5video\\&quot; controls muted playsinline controlsList controlsList=\\&quot;nodownload\\&quot; poster=\\&quot;{{poster}}\\&quot; src=\\&quot;{{src}}\\&quot; type=\\&quot;{{format}}\\&quot; &gt;  Sorry, your browser doesn&#039;t support embedded videos, &lt;a href=\\&quot;{{src}}\\&quot;&gt; download &lt;\\\/a&gt; and watch with your favorite video player! &lt;\\\/video&gt;&quot;}},&quot;inView&quot;:false,&quot;email_subject&quot;:&quot;Check out this awesome image !!&quot;,&quot;email_message&quot;:&quot;Here is the link to the image : %%image_link%% and this is the link to the gallery : %%gallery_link%%&quot;,&quot;lightbox&quot;:&quot;fancybox&quot;}\">\n\n\t\n\t<div  class=\"modula-items\">\n\t\t<div class=\"modula-item\" data-width=\"7\" data-height=\"5\" >\n\t<div class=\"modula-item-content\">\n\t\t\n\t\t\t\t\t<a data-image-id=\"19939\" tabindex=\"0\" rel=\"jtg-19882\" data-caption=\"\" aria-label=\"Open image in lightbox\" role=\"button\" class=\"tile-inner modula-item-link\"><\/a>\n\t\t\n\t\t<img loading=\"lazy\" decoding=\"async\" class=\"pic wp-image-19939\"  data-valign=\"middle\" data-halign=\"center\" alt=\"\" data-full=\"https:\/\/www.santjosep.net\/wp-content\/uploads\/2020\/01\/aereestanques_sessalines_1234650400.jpg\" title=\"aereestanques_sessalines_1234650400\" width=\"1500\" height=\"1125\" src=\"https:\/\/www.santjosep.net\/wp-content\/uploads\/2020\/01\/aereestanques_sessalines_1234650400.jpg\" data-src=\"https:\/\/www.santjosep.net\/wp-content\/uploads\/2020\/01\/aereestanques_sessalines_1234650400.jpg\" data-caption=\"\" srcset=\"https:\/\/www.santjosep.net\/wp-content\/uploads\/2020\/01\/aereestanques_sessalines_1234650400.jpg 1500w, https:\/\/www.santjosep.net\/wp-content\/uploads\/2020\/01\/aereestanques_sessalines_1234650400-300x225.jpg 300w, https:\/\/www.santjosep.net\/wp-content\/uploads\/2020\/01\/aereestanques_sessalines_1234650400-1024x768.jpg 1024w, https:\/\/www.santjosep.net\/wp-content\/uploads\/2020\/01\/aereestanques_sessalines_1234650400-768x576.jpg 768w, https:\/\/www.santjosep.net\/wp-content\/uploads\/2020\/01\/aereestanques_sessalines_1234650400-800x600.jpg 800w\" sizes=\"auto, (max-width: 1500px) 100vw, 1500px\" \/>\n\t<\/div>\n\n<\/div><div class=\"modula-item\" data-width=\"5\" data-height=\"5\" >\n\t<div class=\"modula-item-content\">\n\t\t\n\t\t\t\t\t<a data-image-id=\"19889\" tabindex=\"0\" rel=\"jtg-19882\" data-caption=\"\" aria-label=\"Open image in lightbox\" role=\"button\" class=\"tile-inner modula-item-link\"><\/a>\n\t\t\n\t\t<img loading=\"lazy\" decoding=\"async\" class=\"pic wp-image-19889\"  data-valign=\"middle\" data-halign=\"center\" alt=\"\" data-full=\"https:\/\/www.santjosep.net\/wp-content\/uploads\/2020\/01\/P1083842.jpg\" title=\"P1083842\" width=\"1500\" height=\"1125\" src=\"https:\/\/www.santjosep.net\/wp-content\/uploads\/2020\/01\/P1083842.jpg\" data-src=\"https:\/\/www.santjosep.net\/wp-content\/uploads\/2020\/01\/P1083842.jpg\" data-caption=\"\" srcset=\"https:\/\/www.santjosep.net\/wp-content\/uploads\/2020\/01\/P1083842.jpg 1500w, https:\/\/www.santjosep.net\/wp-content\/uploads\/2020\/01\/P1083842-300x225.jpg 300w, https:\/\/www.santjosep.net\/wp-content\/uploads\/2020\/01\/P1083842-1024x768.jpg 1024w, https:\/\/www.santjosep.net\/wp-content\/uploads\/2020\/01\/P1083842-768x576.jpg 768w, https:\/\/www.santjosep.net\/wp-content\/uploads\/2020\/01\/P1083842-800x600.jpg 800w\" sizes=\"auto, (max-width: 1500px) 100vw, 1500px\" \/>\n\t<\/div>\n\n<\/div><div class=\"modula-item\" data-width=\"5\" data-height=\"5\" >\n\t<div class=\"modula-item-content\">\n\t\t\n\t\t\t\t\t<a data-image-id=\"19899\" tabindex=\"0\" rel=\"jtg-19882\" data-caption=\"\" aria-label=\"Open image in lightbox\" role=\"button\" class=\"tile-inner modula-item-link\"><\/a>\n\t\t\n\t\t<img loading=\"lazy\" decoding=\"async\" class=\"pic wp-image-19899\"  data-valign=\"middle\" data-halign=\"center\" alt=\"\" data-full=\"https:\/\/www.santjosep.net\/wp-content\/uploads\/2020\/01\/flamencos_1194450076.jpg\" title=\"flamencos_1194450076\" width=\"1500\" height=\"1125\" src=\"https:\/\/www.santjosep.net\/wp-content\/uploads\/2020\/01\/flamencos_1194450076.jpg\" data-src=\"https:\/\/www.santjosep.net\/wp-content\/uploads\/2020\/01\/flamencos_1194450076.jpg\" data-caption=\"\" srcset=\"https:\/\/www.santjosep.net\/wp-content\/uploads\/2020\/01\/flamencos_1194450076.jpg 1500w, https:\/\/www.santjosep.net\/wp-content\/uploads\/2020\/01\/flamencos_1194450076-300x225.jpg 300w, https:\/\/www.santjosep.net\/wp-content\/uploads\/2020\/01\/flamencos_1194450076-1024x768.jpg 1024w, https:\/\/www.santjosep.net\/wp-content\/uploads\/2020\/01\/flamencos_1194450076-768x576.jpg 768w, https:\/\/www.santjosep.net\/wp-content\/uploads\/2020\/01\/flamencos_1194450076-800x600.jpg 800w\" sizes=\"auto, (max-width: 1500px) 100vw, 1500px\" \/>\n\t<\/div>\n\n<\/div><div class=\"modula-item\" data-width=\"7\" data-height=\"5\" >\n\t<div class=\"modula-item-content\">\n\t\t\n\t\t\t\t\t<a data-image-id=\"19894\" tabindex=\"0\" rel=\"jtg-19882\" data-caption=\"\" aria-label=\"Open image in lightbox\" role=\"button\" class=\"tile-inner modula-item-link\"><\/a>\n\t\t\n\t\t<img loading=\"lazy\" decoding=\"async\" class=\"pic wp-image-19894\"  data-valign=\"middle\" data-halign=\"center\" alt=\"\" data-full=\"https:\/\/www.santjosep.net\/wp-content\/uploads\/2020\/01\/P1083924.jpg\" title=\"P1083924\" width=\"1500\" height=\"1125\" src=\"https:\/\/www.santjosep.net\/wp-content\/uploads\/2020\/01\/P1083924.jpg\" data-src=\"https:\/\/www.santjosep.net\/wp-content\/uploads\/2020\/01\/P1083924.jpg\" data-caption=\"\" srcset=\"https:\/\/www.santjosep.net\/wp-content\/uploads\/2020\/01\/P1083924.jpg 1500w, https:\/\/www.santjosep.net\/wp-content\/uploads\/2020\/01\/P1083924-300x225.jpg 300w, https:\/\/www.santjosep.net\/wp-content\/uploads\/2020\/01\/P1083924-1024x768.jpg 1024w, https:\/\/www.santjosep.net\/wp-content\/uploads\/2020\/01\/P1083924-768x576.jpg 768w, https:\/\/www.santjosep.net\/wp-content\/uploads\/2020\/01\/P1083924-800x600.jpg 800w\" sizes=\"auto, (max-width: 1500px) 100vw, 1500px\" \/>\n\t<\/div>\n\n<\/div>\t\t\n\t<\/div>\n\n\t\n\t\n\t<script type=\"application\/ld+json\">\n\t{\n\t\t\"@context\": \"http:\/\/schema.org\",\n\t\t\"@type\"   : \"ImageGallery\",\n\t\t\"id\"      : \"https:\/\/www.santjosep.net\/ca\/veure\/natura\/el-flamenc-una-icona-viva-del-parc-natural-de-ses-salines\/\",\n\t\t\"url\"     : \"https:\/\/www.santjosep.net\/ca\/veure\/natura\/el-flamenc-una-icona-viva-del-parc-natural-de-ses-salines\/\"\n\t}\n\n\t<\/script>\n\n\t\n<\/div>\n\n<p>&nbsp;<\/p>\n<p>Al parc natural es poden comptabilitzar nombrosos grups d\u2019aus, que superen els<strong> 850 individus <\/strong>en els recomptes m\u00e9s recents. Aquestes aus migrat\u00f2ries utilitzen les salines com a zona de descans, especialment les que arriben a l\u2019estiu, tot i que la seva pres\u00e8ncia als estanys eivissencs \u00e9s for\u00e7a estable al llarg de l\u2019any. La proced\u00e8ncia d\u2019algunes \u00e9s molt variada i va des de les m\u00e9s llunyanes, arribades de <strong>Turquia,<\/strong> fins les que tenen el delta de l\u2019Ebre o el sud mediterrani de <strong>Fran\u00e7a<\/strong> com a punt de partida.<\/p>\n<div id=\"attachment_19914\" style=\"width: 627px\" class=\"wp-caption alignnone\"><img loading=\"lazy\" decoding=\"async\" aria-describedby=\"caption-attachment-19914\" class=\"wp-image-19915 size-full\" src=\"https:\/\/www.santjosep.net\/wp-content\/uploads\/2020\/01\/F128_Mapa.jpg\" alt=\"\" width=\"617\" height=\"547\" srcset=\"https:\/\/www.santjosep.net\/wp-content\/uploads\/2020\/01\/F128_Mapa.jpg 617w, https:\/\/www.santjosep.net\/wp-content\/uploads\/2020\/01\/F128_Mapa-300x266.jpg 300w\" sizes=\"auto, (max-width: 617px) 100vw, 617px\" \/><p id=\"caption-attachment-19914\" class=\"wp-caption-text\">Mapa de llocs on es troben col\u00f2nies de flamencs<\/p><\/div>\n<p>&nbsp;<\/p>\n<p>El parc ofereix unes condicions \u00f2ptimes per a <strong>l\u2019observaci\u00f3 d\u2019aquestes aus<\/strong> que, d\u2019altra banda, s\u00f3n molt sensibles a l\u2019activitat humana. Tot i que no s\u2019han consolidat <strong>zones de nidificaci\u00f3<\/strong>, les salines d\u2019Eivissa ofereixen al flamenc un entorn molt ampli, amb nombrosos estanys en els quals alimentar-se i un clima benigne que han afavorit l\u2019estabilitzaci\u00f3 de la col\u00f2nia.<\/p>\n<p>&nbsp;<\/p>\n<div id=\"attachment_19919\" style=\"width: 1610px\" class=\"wp-caption alignnone\"><img loading=\"lazy\" decoding=\"async\" aria-describedby=\"caption-attachment-19919\" class=\"wp-image-19920 size-full\" src=\"https:\/\/www.santjosep.net\/wp-content\/uploads\/2020\/01\/P1120126.jpg\" alt=\"\" width=\"1600\" height=\"1200\" srcset=\"https:\/\/www.santjosep.net\/wp-content\/uploads\/2020\/01\/P1120126.jpg 1600w, https:\/\/www.santjosep.net\/wp-content\/uploads\/2020\/01\/P1120126-300x225.jpg 300w, https:\/\/www.santjosep.net\/wp-content\/uploads\/2020\/01\/P1120126-1024x768.jpg 1024w, https:\/\/www.santjosep.net\/wp-content\/uploads\/2020\/01\/P1120126-768x576.jpg 768w, https:\/\/www.santjosep.net\/wp-content\/uploads\/2020\/01\/P1120126-1536x1152.jpg 1536w, https:\/\/www.santjosep.net\/wp-content\/uploads\/2020\/01\/P1120126-800x600.jpg 800w\" sizes=\"auto, (max-width: 1600px) 100vw, 1600px\" \/><p id=\"caption-attachment-19919\" class=\"wp-caption-text\">Posta de sol i els estancs del Parc Natural de ses Salines<\/p><\/div>\n<p>&nbsp;<\/p>\n<p>El visitant que vulgui contemplar aquesta bella au pot iniciar la seva ruta al mateix <strong>centre d\u2019interpretaci\u00f3 del Parc Natural de ses Salines<\/strong>. Situat a la casa parroquial de <strong>Sant Francesc de s\u2019Estany<\/strong>, ofereix una visi\u00f3 global de l\u2019\u00e0rea natural i una primera introducci\u00f3 a la rica flora i fauna que la pobla. Despr\u00e9s, ja a l\u2019exterior, el centre ofereix una zona d\u2019observaci\u00f3 d\u2019aus que, projectada sobre els estanys m\u00e9s propers, pot ajudar a ubicar els flamencs err\u00e0tics.<\/p>\n<p>&nbsp;<\/p>\n<div id=\"attachment_19924\" style=\"width: 1210px\" class=\"wp-caption alignnone\"><img loading=\"lazy\" decoding=\"async\" aria-describedby=\"caption-attachment-19924\" class=\"wp-image-19924 size-full\" src=\"https:\/\/www.santjosep.net\/wp-content\/uploads\/2020\/01\/P1070308-1.jpg\" alt=\"\" width=\"1200\" height=\"900\" srcset=\"https:\/\/www.santjosep.net\/wp-content\/uploads\/2020\/01\/P1070308-1.jpg 1200w, https:\/\/www.santjosep.net\/wp-content\/uploads\/2020\/01\/P1070308-1-300x225.jpg 300w, https:\/\/www.santjosep.net\/wp-content\/uploads\/2020\/01\/P1070308-1-1024x768.jpg 1024w, https:\/\/www.santjosep.net\/wp-content\/uploads\/2020\/01\/P1070308-1-768x576.jpg 768w, https:\/\/www.santjosep.net\/wp-content\/uploads\/2020\/01\/P1070308-1-800x600.jpg 800w\" sizes=\"auto, (max-width: 1200px) 100vw, 1200px\" \/><p id=\"caption-attachment-19924\" class=\"wp-caption-text\">Avistament de flamencs des del Centre d&#8217;Interpretaci\u00f3 del Parc Natural de Ses Salines.<\/p><\/div>\n<p>&nbsp;<\/p>\n<p>\u00c9s indispensable que els amants de la fotografia s\u2019equipin amb uns bons binoculars perqu\u00e8 puguin treure el m\u00e0xim rendiment dels seus equips i obtenir aix\u00ed primers plans espectaculars. Els accessos als estanys estan prohibits, per\u00f2 \u00e9s possible rec\u00f3rrer els camins del seu per\u00edmetre per poder apropar-nos a qualsevol dels grups que s\u2019arremolinen a l\u2019extensa superf\u00edcie salinera. \u00c9s fonamental evitar tota activitat que generi soroll o moviments bruscos per tal de preservar la tranquil\u00b7litat de l\u2019animal. Vestir peces de roba de tons apagats contribueix a augmentar les possibilitats d\u2019\u00e8xit a l\u2019hora de gaudir de la majestuositat d\u2019aquesta ic\u00f2nica au d\u2019Eivissa. L\u2019\u00e8poca m\u00e9s id\u00f2nia per fer-ho \u00e9s entre els mesos de <strong>juliol i setembre<\/strong>, sobretot a la <strong>zona des Codolar i es Cavallet.<\/strong> Tanmateix, a l\u2019hivern tamb\u00e9 \u00e9s factible observar-los, buscant sempre els estanys menys castigats pel vent.[\/vc_column_text][\/vc_column][\/vc_row][vc_row enable_hue_rotation=&#8221;no&#8221; enable_text_marquee=&#8221;no&#8221; css=&#8221;.vc_custom_1642081512411{padding-top: 50px !important;padding-bottom: 50px !important;}&#8221; el_id=&#8221;video&#8221;][vc_column][\/vc_column][\/vc_row][vc_row enable_hue_rotation=&#8221;no&#8221; enable_text_marquee=&#8221;no&#8221; css=&#8221;.vc_custom_1642080057565{padding-top: 50px !important;}&#8221;][vc_column][vc_video link=&#8221;https:\/\/vimeo.com\/551961350&#8243;][\/vc_column][\/vc_row]<\/p>\n<\/div>","protected":false},"excerpt":{"rendered":"<p>[vc_row enable_hue_rotation=&#8221;no&#8221; enable_text_marquee=&#8221;no&#8221;][vc_column][vc_column_text] El Flamenc, una icona viva. Veure v\u00eddeo[\/vc_column_text][\/vc_column][\/vc_row][vc_row enable_hue_rotation=&#8221;no&#8221; enable_text_marquee=&#8221;no&#8221;][vc_column][vc_column_text]Les salines d\u2019Eivissa constitueixen un dels paisatges naturals m\u00e9s carism\u00e0tics de l\u2019illa i els aiguamolls m\u00e9s importants de les Piti\u00fcses. S\u00f3n part integrant del Parc Natural de ses Salines [&hellip;]<\/p>\n","protected":false},"author":1,"featured_media":21185,"parent":12367,"menu_order":0,"comment_status":"closed","ping_status":"closed","template":"page-actividad.php","meta":{"_acf_changed":false,"inline_featured_image":false,"footnotes":""},"categoria_pagina":[],"class_list":["post-29737","page","type-page","status-publish","has-post-thumbnail","hentry"],"acf":[],"yoast_head":"<!-- This site is optimized with the Yoast SEO plugin v25.7 - https:\/\/yoast.com\/wordpress\/plugins\/seo\/ -->\n<title>El flamenc, una icona viva - Santjosep.net<\/title>\n<meta name=\"robots\" content=\"index, follow, max-snippet:-1, max-image-preview:large, max-video-preview:-1\" \/>\n<link rel=\"canonical\" href=\"https:\/\/www.santjosep.net\/ca\/veure\/natura\/el-flamenc-una-icona-viva-del-parc-natural-de-ses-salines\/\" \/>\n<meta property=\"og:locale\" content=\"ca_ES\" \/>\n<meta property=\"og:type\" content=\"article\" \/>\n<meta property=\"og:title\" content=\"El flamenc, una icona viva - Santjosep.net\" \/>\n<meta property=\"og:description\" content=\"[vc_row enable_hue_rotation=&#8221;no&#8221; enable_text_marquee=&#8221;no&#8221;][vc_column][vc_column_text] El Flamenc, una icona viva. Veure v\u00eddeo[\/vc_column_text][\/vc_column][\/vc_row][vc_row enable_hue_rotation=&#8221;no&#8221; enable_text_marquee=&#8221;no&#8221;][vc_column][vc_column_text]Les salines d\u2019Eivissa constitueixen un dels paisatges naturals m\u00e9s carism\u00e0tics de l\u2019illa i els aiguamolls m\u00e9s importants de les Piti\u00fcses. S\u00f3n part integrant del Parc Natural de ses Salines [&hellip;]\" \/>\n<meta property=\"og:url\" content=\"https:\/\/www.santjosep.net\/ca\/veure\/natura\/el-flamenc-una-icona-viva-del-parc-natural-de-ses-salines\/\" \/>\n<meta property=\"og:site_name\" content=\"Santjosep.net\" \/>\n<meta property=\"article:modified_time\" content=\"2022-01-13T13:52:16+00:00\" \/>\n<meta property=\"og:image\" content=\"https:\/\/www.santjosep.net\/wp-content\/uploads\/2020\/01\/flamencoiconosesalines-1.jpg\" \/>\n\t<meta property=\"og:image:width\" content=\"2000\" \/>\n\t<meta property=\"og:image:height\" content=\"1500\" \/>\n\t<meta property=\"og:image:type\" content=\"image\/jpeg\" \/>\n<meta name=\"twitter:card\" content=\"summary_large_image\" \/>\n<meta name=\"twitter:label1\" content=\"Temps estimat de lectura\" \/>\n\t<meta name=\"twitter:data1\" content=\"5 minuts\" \/>\n<script type=\"application\/ld+json\" class=\"yoast-schema-graph\">{\"@context\":\"https:\/\/schema.org\",\"@graph\":[{\"@type\":\"WebPage\",\"@id\":\"https:\/\/www.santjosep.net\/ca\/veure\/natura\/el-flamenc-una-icona-viva-del-parc-natural-de-ses-salines\/\",\"url\":\"https:\/\/www.santjosep.net\/ca\/veure\/natura\/el-flamenc-una-icona-viva-del-parc-natural-de-ses-salines\/\",\"name\":\"El flamenc, una icona viva - Santjosep.net\",\"isPartOf\":{\"@id\":\"https:\/\/www.santjosep.net\/#website\"},\"primaryImageOfPage\":{\"@id\":\"https:\/\/www.santjosep.net\/ca\/veure\/natura\/el-flamenc-una-icona-viva-del-parc-natural-de-ses-salines\/#primaryimage\"},\"image\":{\"@id\":\"https:\/\/www.santjosep.net\/ca\/veure\/natura\/el-flamenc-una-icona-viva-del-parc-natural-de-ses-salines\/#primaryimage\"},\"thumbnailUrl\":\"https:\/\/www.santjosep.net\/wp-content\/uploads\/2020\/01\/flamencoiconosesalines-1.jpg\",\"datePublished\":\"2022-01-12T13:00:25+00:00\",\"dateModified\":\"2022-01-13T13:52:16+00:00\",\"breadcrumb\":{\"@id\":\"https:\/\/www.santjosep.net\/ca\/veure\/natura\/el-flamenc-una-icona-viva-del-parc-natural-de-ses-salines\/#breadcrumb\"},\"inLanguage\":\"ca\",\"potentialAction\":[{\"@type\":\"ReadAction\",\"target\":[\"https:\/\/www.santjosep.net\/ca\/veure\/natura\/el-flamenc-una-icona-viva-del-parc-natural-de-ses-salines\/\"]}]},{\"@type\":\"ImageObject\",\"inLanguage\":\"ca\",\"@id\":\"https:\/\/www.santjosep.net\/ca\/veure\/natura\/el-flamenc-una-icona-viva-del-parc-natural-de-ses-salines\/#primaryimage\",\"url\":\"https:\/\/www.santjosep.net\/wp-content\/uploads\/2020\/01\/flamencoiconosesalines-1.jpg\",\"contentUrl\":\"https:\/\/www.santjosep.net\/wp-content\/uploads\/2020\/01\/flamencoiconosesalines-1.jpg\",\"width\":2000,\"height\":1500},{\"@type\":\"BreadcrumbList\",\"@id\":\"https:\/\/www.santjosep.net\/ca\/veure\/natura\/el-flamenc-una-icona-viva-del-parc-natural-de-ses-salines\/#breadcrumb\",\"itemListElement\":[{\"@type\":\"ListItem\",\"position\":1,\"name\":\"Veure\",\"item\":\"https:\/\/www.santjosep.net\/ca\/veure\/\"},{\"@type\":\"ListItem\",\"position\":2,\"name\":\"Natura\",\"item\":\"https:\/\/www.santjosep.net\/ca\/veure\/natura\/\"},{\"@type\":\"ListItem\",\"position\":3,\"name\":\"El flamenc, una icona viva\"}]},{\"@type\":\"WebSite\",\"@id\":\"https:\/\/www.santjosep.net\/#website\",\"url\":\"https:\/\/www.santjosep.net\/\",\"name\":\"Santjosep.net\",\"description\":\"\",\"potentialAction\":[{\"@type\":\"SearchAction\",\"target\":{\"@type\":\"EntryPoint\",\"urlTemplate\":\"https:\/\/www.santjosep.net\/?s={search_term_string}\"},\"query-input\":{\"@type\":\"PropertyValueSpecification\",\"valueRequired\":true,\"valueName\":\"search_term_string\"}}],\"inLanguage\":\"ca\"}]}<\/script>\n<!-- \/ Yoast SEO plugin. -->","yoast_head_json":{"title":"El flamenc, una icona viva - Santjosep.net","robots":{"index":"index","follow":"follow","max-snippet":"max-snippet:-1","max-image-preview":"max-image-preview:large","max-video-preview":"max-video-preview:-1"},"canonical":"https:\/\/www.santjosep.net\/ca\/veure\/natura\/el-flamenc-una-icona-viva-del-parc-natural-de-ses-salines\/","og_locale":"ca_ES","og_type":"article","og_title":"El flamenc, una icona viva - Santjosep.net","og_description":"[vc_row enable_hue_rotation=&#8221;no&#8221; enable_text_marquee=&#8221;no&#8221;][vc_column][vc_column_text] El Flamenc, una icona viva. Veure v\u00eddeo[\/vc_column_text][\/vc_column][\/vc_row][vc_row enable_hue_rotation=&#8221;no&#8221; enable_text_marquee=&#8221;no&#8221;][vc_column][vc_column_text]Les salines d\u2019Eivissa constitueixen un dels paisatges naturals m\u00e9s carism\u00e0tics de l\u2019illa i els aiguamolls m\u00e9s importants de les Piti\u00fcses. S\u00f3n part integrant del Parc Natural de ses Salines [&hellip;]","og_url":"https:\/\/www.santjosep.net\/ca\/veure\/natura\/el-flamenc-una-icona-viva-del-parc-natural-de-ses-salines\/","og_site_name":"Santjosep.net","article_modified_time":"2022-01-13T13:52:16+00:00","og_image":[{"width":2000,"height":1500,"url":"https:\/\/www.santjosep.net\/wp-content\/uploads\/2020\/01\/flamencoiconosesalines-1.jpg","type":"image\/jpeg"}],"twitter_card":"summary_large_image","twitter_misc":{"Temps estimat de lectura":"5 minuts"},"schema":{"@context":"https:\/\/schema.org","@graph":[{"@type":"WebPage","@id":"https:\/\/www.santjosep.net\/ca\/veure\/natura\/el-flamenc-una-icona-viva-del-parc-natural-de-ses-salines\/","url":"https:\/\/www.santjosep.net\/ca\/veure\/natura\/el-flamenc-una-icona-viva-del-parc-natural-de-ses-salines\/","name":"El flamenc, una icona viva - Santjosep.net","isPartOf":{"@id":"https:\/\/www.santjosep.net\/#website"},"primaryImageOfPage":{"@id":"https:\/\/www.santjosep.net\/ca\/veure\/natura\/el-flamenc-una-icona-viva-del-parc-natural-de-ses-salines\/#primaryimage"},"image":{"@id":"https:\/\/www.santjosep.net\/ca\/veure\/natura\/el-flamenc-una-icona-viva-del-parc-natural-de-ses-salines\/#primaryimage"},"thumbnailUrl":"https:\/\/www.santjosep.net\/wp-content\/uploads\/2020\/01\/flamencoiconosesalines-1.jpg","datePublished":"2022-01-12T13:00:25+00:00","dateModified":"2022-01-13T13:52:16+00:00","breadcrumb":{"@id":"https:\/\/www.santjosep.net\/ca\/veure\/natura\/el-flamenc-una-icona-viva-del-parc-natural-de-ses-salines\/#breadcrumb"},"inLanguage":"ca","potentialAction":[{"@type":"ReadAction","target":["https:\/\/www.santjosep.net\/ca\/veure\/natura\/el-flamenc-una-icona-viva-del-parc-natural-de-ses-salines\/"]}]},{"@type":"ImageObject","inLanguage":"ca","@id":"https:\/\/www.santjosep.net\/ca\/veure\/natura\/el-flamenc-una-icona-viva-del-parc-natural-de-ses-salines\/#primaryimage","url":"https:\/\/www.santjosep.net\/wp-content\/uploads\/2020\/01\/flamencoiconosesalines-1.jpg","contentUrl":"https:\/\/www.santjosep.net\/wp-content\/uploads\/2020\/01\/flamencoiconosesalines-1.jpg","width":2000,"height":1500},{"@type":"BreadcrumbList","@id":"https:\/\/www.santjosep.net\/ca\/veure\/natura\/el-flamenc-una-icona-viva-del-parc-natural-de-ses-salines\/#breadcrumb","itemListElement":[{"@type":"ListItem","position":1,"name":"Veure","item":"https:\/\/www.santjosep.net\/ca\/veure\/"},{"@type":"ListItem","position":2,"name":"Natura","item":"https:\/\/www.santjosep.net\/ca\/veure\/natura\/"},{"@type":"ListItem","position":3,"name":"El flamenc, una icona viva"}]},{"@type":"WebSite","@id":"https:\/\/www.santjosep.net\/#website","url":"https:\/\/www.santjosep.net\/","name":"Santjosep.net","description":"","potentialAction":[{"@type":"SearchAction","target":{"@type":"EntryPoint","urlTemplate":"https:\/\/www.santjosep.net\/?s={search_term_string}"},"query-input":{"@type":"PropertyValueSpecification","valueRequired":true,"valueName":"search_term_string"}}],"inLanguage":"ca"}]}},"_links":{"self":[{"href":"https:\/\/www.santjosep.net\/ca\/wp-json\/wp\/v2\/pages\/29737","targetHints":{"allow":["GET"]}}],"collection":[{"href":"https:\/\/www.santjosep.net\/ca\/wp-json\/wp\/v2\/pages"}],"about":[{"href":"https:\/\/www.santjosep.net\/ca\/wp-json\/wp\/v2\/types\/page"}],"author":[{"embeddable":true,"href":"https:\/\/www.santjosep.net\/ca\/wp-json\/wp\/v2\/users\/1"}],"replies":[{"embeddable":true,"href":"https:\/\/www.santjosep.net\/ca\/wp-json\/wp\/v2\/comments?post=29737"}],"version-history":[{"count":0,"href":"https:\/\/www.santjosep.net\/ca\/wp-json\/wp\/v2\/pages\/29737\/revisions"}],"up":[{"embeddable":true,"href":"https:\/\/www.santjosep.net\/ca\/wp-json\/wp\/v2\/pages\/12367"}],"wp:featuredmedia":[{"embeddable":true,"href":"https:\/\/www.santjosep.net\/ca\/wp-json\/wp\/v2\/media\/21185"}],"wp:attachment":[{"href":"https:\/\/www.santjosep.net\/ca\/wp-json\/wp\/v2\/media?parent=29737"}],"wp:term":[{"taxonomy":"categoria_pagina","embeddable":true,"href":"https:\/\/www.santjosep.net\/ca\/wp-json\/wp\/v2\/categoria_pagina?post=29737"}],"curies":[{"name":"wp","href":"https:\/\/api.w.org\/{rel}","templated":true}]}}