{"id":24852,"date":"2021-06-22T13:38:27","date_gmt":"2021-06-22T11:38:27","guid":{"rendered":"https:\/\/www.santjosep.net\/ibiza-family-experience\/yoga-en-familia\/"},"modified":"2021-07-01T12:55:03","modified_gmt":"2021-07-01T10:55:03","slug":"ioga-en-familia","status":"publish","type":"page","link":"https:\/\/www.santjosep.net\/ca\/ibiza-family-experience\/ioga-en-familia\/","title":{"rendered":"Ioga en fam\u00edlia"},"content":{"rendered":"<div class=\"wpb-content-wrapper\"><p>[vc_row enable_hue_rotation=&#8221;no&#8221; enable_text_marquee=&#8221;no&#8221;][vc_column][vc_single_image image=&#8221;24930&#8243; img_size=&#8221;full&#8221;][\/vc_column][\/vc_row][vc_row enable_hue_rotation=&#8221;no&#8221; enable_text_marquee=&#8221;no&#8221; css=&#8221;.vc_custom_1624975337500{padding-top: 40px !important;}&#8221;][vc_column css=&#8221;.vc_custom_1624976031398{padding-bottom: 60px !important;}&#8221; offset=&#8221;vc_col-lg-8&#8243;][vc_column_text css=&#8221;.vc_custom_1625034089661{padding-right: 30px !important;padding-left: 30px !important;}&#8221;]<strong>IOGA<\/strong><\/p>\n<p>En un entorn natural tan fant\u00e0stic com Eivissa, tenir la sort de poder fer exercici a les nostres costes i amb els primers raigs de sol \u00e9s un luxe del qual poden gaudir els qui visiten aquestes bell\u00edssimes terres balears.<\/p>\n<p>En aquest marc, les classes de ioga ens ofereixen la possibilitat d\u2019assolir una millor qualitat de vida, entrenant el cos i la ment per millorar l\u2019equilibri i l\u2019harmonia amb nosaltres mateixos, amb l\u2019entorn i amb la natura.<\/p>\n<p>Durant la classe de ioga enfortirem els m\u00fasculs, donarem flexibilitat a les articulacions i obtindrem m\u00e9s calma mental: d\u2019aquesta manera, aconseguirem sentir-nos forts, flexibles, \u00e0gils i m\u00e9s vitals en el nostre dia a dia.<\/p>\n<p>Les classes s\u00f3n per a tots els p\u00fablics i per a totes les edats, no \u00e9s necessari tenir experi\u00e8ncia&#8230; nom\u00e9s cal que tinguis ganes de sentir-te b\u00e9 i fer el primer pas per comen\u00e7ar.<\/p>\n<p>T\u2019esperem a la m\u00e0rfega!<\/p>\n<p><strong>Durada de l\u2019activitat i grups:<\/strong><\/p>\n<p>Les classes de ioga seran els dimarts en Cala Tarida i els dijous en Port des Torrent, a les 8.30 hs. Amb una durada de 75 minuts i s\u00f3n aptes per a tots els p\u00fablics.<\/p>\n<p><strong>Qu\u00e8 inclou la classe?<\/strong><br \/>\nCada alumne tindr\u00e0 una m\u00e0rfega, un bloc de ioga i un cintur\u00f3 de ioga. Tot el material es desinfectar\u00e0 abans i despr\u00e9s de cada classe. Qui vulgui, pot portar la seva pr\u00f2pia m\u00e0rfega (recomanable).<\/p>\n<p><strong>Qu\u00e8 han de portar els assistents?<\/strong><br \/>\nCal portar: roba c\u00f2moda, protecci\u00f3 solar, aigua i tovallola o pareo. Tamb\u00e9 recomanem portar ulleres de sol i barret o mocador per protegir el cap del sol.<\/p>\n<p><strong>Dates:<\/strong><br \/>\nDes del 1\/7\/21 fins al 30\/09\/21.[\/vc_column_text][vc_column_text css=&#8221;.vc_custom_1625136900278{padding-top: 30px !important;}&#8221;]1- Condicions generals<br \/>\nPodran assistir a les classes de Ioga:<br \/>\na) Persones de totes les edats (menors de 16 anys, acompanyats o autoritzats pels seus pares)<br \/>\nb) Persones que no presentin cap lesi\u00f3 o malaltia pr\u00e8via que pogu\u00e9s veure&#8217;s afectada per la pr\u00e0ctica de Ioga. Totes les persones que assisteixin a les classes de Ioga asseguren que no tenen cap patologia pr\u00e8via i que es troben en un estat de salut apropiat per a realitzar la pr\u00e0ctica de Ioga.<br \/>\nc) La classe compta amb matalassets que poden ser utilitzades pels alumnes durant la classe. Igualment, en cas que els alumnes tinguin matalasset propi, recomanem que la portin per a fer \u00fas d&#8217;ella durant la sessi\u00f3 de Ioga.<\/p>\n<p>2- Pol\u00edtica de cancel\u00b7laci\u00f3<br \/>\na) At\u00e8s que s\u00f3n places redu\u00efdes, en cas de no poder assistir a classe, preguem cancel\u00b7lar amb almenys 24 *hs d&#8217;antelaci\u00f3 per a deixar la pla\u00e7a lliure a una altra persona enviant un email a <a href=\"mailto:hola@vanesacantobodymind.com\">hola@vanesacantobodymind.com<\/a><\/p>\n<p>3- Pol\u00edtica de contractaci\u00f3 del servei<br \/>\na) Nom\u00e9s s&#8217;admetran les reserves realitzades a trav\u00e9s del motor de reserves existent en aquest mateixa p\u00e0gina.[\/vc_column_text][\/vc_column][vc_column offset=&#8221;vc_col-lg-4&#8243;][vc_custom_heading text=&#8221;Reserva la teva experi\u00e8ncia&#8221; font_container=&#8221;tag:h3|text_align:center&#8221; use_theme_fonts=&#8221;yes&#8221;][vc_raw_html]JTNDZGl2JTIwY2xhc3MlM0QlMjJsb2FkLXR1cml0b3AlMjIlMjBkYXRhLXNlcnZpY2UlM0QlMjJDMCUyMiUyMGRhdGEtbGFuZyUzRCUyMmNhJTIyJTIwZGF0YS1lbWJlZCUzRCUyMmJveCUyMiUzRSUzQyUyRmRpdiUzRQ==[\/vc_raw_html][\/vc_column][\/vc_row]<\/p>\n<\/div>","protected":false},"excerpt":{"rendered":"<p>[vc_row enable_hue_rotation=&#8221;no&#8221; enable_text_marquee=&#8221;no&#8221;][vc_column][vc_single_image image=&#8221;24930&#8243; img_size=&#8221;full&#8221;][\/vc_column][\/vc_row][vc_row enable_hue_rotation=&#8221;no&#8221; enable_text_marquee=&#8221;no&#8221; css=&#8221;.vc_custom_1624975337500{padding-top: 40px !important;}&#8221;][vc_column css=&#8221;.vc_custom_1624976031398{padding-bottom: 60px !important;}&#8221; offset=&#8221;vc_col-lg-8&#8243;][vc_column_text css=&#8221;.vc_custom_1625034089661{padding-right: 30px !important;padding-left: 30px !important;}&#8221;]IOGA En un entorn natural tan fant\u00e0stic com Eivissa, tenir la sort de poder fer exercici a les nostres costes i amb [&hellip;]<\/p>\n","protected":false},"author":1,"featured_media":24792,"parent":24848,"menu_order":0,"comment_status":"closed","ping_status":"closed","template":"page-landing.php","meta":{"_acf_changed":false,"inline_featured_image":false,"footnotes":""},"categoria_pagina":[],"class_list":["post-24852","page","type-page","status-publish","has-post-thumbnail","hentry"],"acf":[],"yoast_head":"<!-- This site is optimized with the Yoast SEO plugin v25.7 - https:\/\/yoast.com\/wordpress\/plugins\/seo\/ -->\n<title>Ioga en fam\u00edlia - Santjosep.net<\/title>\n<meta name=\"robots\" content=\"index, follow, max-snippet:-1, max-image-preview:large, max-video-preview:-1\" \/>\n<link rel=\"canonical\" href=\"https:\/\/www.santjosep.net\/ca\/ibiza-family-experience\/ioga-en-familia\/\" \/>\n<meta property=\"og:locale\" content=\"ca_ES\" \/>\n<meta property=\"og:type\" content=\"article\" \/>\n<meta property=\"og:title\" content=\"Ioga en fam\u00edlia - Santjosep.net\" \/>\n<meta property=\"og:description\" content=\"[vc_row enable_hue_rotation=&#8221;no&#8221; enable_text_marquee=&#8221;no&#8221;][vc_column][vc_single_image image=&#8221;24930&#8243; img_size=&#8221;full&#8221;][\/vc_column][\/vc_row][vc_row enable_hue_rotation=&#8221;no&#8221; enable_text_marquee=&#8221;no&#8221; css=&#8221;.vc_custom_1624975337500{padding-top: 40px !important;}&#8221;][vc_column css=&#8221;.vc_custom_1624976031398{padding-bottom: 60px !important;}&#8221; offset=&#8221;vc_col-lg-8&#8243;][vc_column_text css=&#8221;.vc_custom_1625034089661{padding-right: 30px !important;padding-left: 30px !important;}&#8221;]IOGA En un entorn natural tan fant\u00e0stic com Eivissa, tenir la sort de poder fer exercici a les nostres costes i amb [&hellip;]\" \/>\n<meta property=\"og:url\" content=\"https:\/\/www.santjosep.net\/ca\/ibiza-family-experience\/ioga-en-familia\/\" \/>\n<meta property=\"og:site_name\" content=\"Santjosep.net\" \/>\n<meta property=\"article:modified_time\" content=\"2021-07-01T10:55:03+00:00\" \/>\n<meta property=\"og:image\" content=\"https:\/\/www.santjosep.net\/wp-content\/uploads\/2021\/06\/VanesaSalinas-14.jpg\" \/>\n\t<meta property=\"og:image:width\" content=\"1024\" \/>\n\t<meta property=\"og:image:height\" content=\"684\" \/>\n\t<meta property=\"og:image:type\" content=\"image\/jpeg\" \/>\n<meta name=\"twitter:card\" content=\"summary_large_image\" \/>\n<meta name=\"twitter:label1\" content=\"Temps estimat de lectura\" \/>\n\t<meta name=\"twitter:data1\" content=\"3 minuts\" \/>\n<script type=\"application\/ld+json\" class=\"yoast-schema-graph\">{\"@context\":\"https:\/\/schema.org\",\"@graph\":[{\"@type\":\"WebPage\",\"@id\":\"https:\/\/www.santjosep.net\/ca\/ibiza-family-experience\/ioga-en-familia\/\",\"url\":\"https:\/\/www.santjosep.net\/ca\/ibiza-family-experience\/ioga-en-familia\/\",\"name\":\"Ioga en fam\u00edlia - Santjosep.net\",\"isPartOf\":{\"@id\":\"https:\/\/www.santjosep.net\/#website\"},\"primaryImageOfPage\":{\"@id\":\"https:\/\/www.santjosep.net\/ca\/ibiza-family-experience\/ioga-en-familia\/#primaryimage\"},\"image\":{\"@id\":\"https:\/\/www.santjosep.net\/ca\/ibiza-family-experience\/ioga-en-familia\/#primaryimage\"},\"thumbnailUrl\":\"https:\/\/www.santjosep.net\/wp-content\/uploads\/2021\/06\/VanesaSalinas-14.jpg\",\"datePublished\":\"2021-06-22T11:38:27+00:00\",\"dateModified\":\"2021-07-01T10:55:03+00:00\",\"breadcrumb\":{\"@id\":\"https:\/\/www.santjosep.net\/ca\/ibiza-family-experience\/ioga-en-familia\/#breadcrumb\"},\"inLanguage\":\"ca\",\"potentialAction\":[{\"@type\":\"ReadAction\",\"target\":[\"https:\/\/www.santjosep.net\/ca\/ibiza-family-experience\/ioga-en-familia\/\"]}]},{\"@type\":\"ImageObject\",\"inLanguage\":\"ca\",\"@id\":\"https:\/\/www.santjosep.net\/ca\/ibiza-family-experience\/ioga-en-familia\/#primaryimage\",\"url\":\"https:\/\/www.santjosep.net\/wp-content\/uploads\/2021\/06\/VanesaSalinas-14.jpg\",\"contentUrl\":\"https:\/\/www.santjosep.net\/wp-content\/uploads\/2021\/06\/VanesaSalinas-14.jpg\",\"width\":1024,\"height\":684},{\"@type\":\"BreadcrumbList\",\"@id\":\"https:\/\/www.santjosep.net\/ca\/ibiza-family-experience\/ioga-en-familia\/#breadcrumb\",\"itemListElement\":[{\"@type\":\"ListItem\",\"position\":1,\"name\":\"Ibiza Family Experience\",\"item\":\"https:\/\/www.santjosep.net\/ca\/ibiza-family-experience\/\"},{\"@type\":\"ListItem\",\"position\":2,\"name\":\"Ioga en fam\u00edlia\"}]},{\"@type\":\"WebSite\",\"@id\":\"https:\/\/www.santjosep.net\/#website\",\"url\":\"https:\/\/www.santjosep.net\/\",\"name\":\"Santjosep.net\",\"description\":\"\",\"potentialAction\":[{\"@type\":\"SearchAction\",\"target\":{\"@type\":\"EntryPoint\",\"urlTemplate\":\"https:\/\/www.santjosep.net\/?s={search_term_string}\"},\"query-input\":{\"@type\":\"PropertyValueSpecification\",\"valueRequired\":true,\"valueName\":\"search_term_string\"}}],\"inLanguage\":\"ca\"}]}<\/script>\n<!-- \/ Yoast SEO plugin. -->","yoast_head_json":{"title":"Ioga en fam\u00edlia - Santjosep.net","robots":{"index":"index","follow":"follow","max-snippet":"max-snippet:-1","max-image-preview":"max-image-preview:large","max-video-preview":"max-video-preview:-1"},"canonical":"https:\/\/www.santjosep.net\/ca\/ibiza-family-experience\/ioga-en-familia\/","og_locale":"ca_ES","og_type":"article","og_title":"Ioga en fam\u00edlia - Santjosep.net","og_description":"[vc_row enable_hue_rotation=&#8221;no&#8221; enable_text_marquee=&#8221;no&#8221;][vc_column][vc_single_image image=&#8221;24930&#8243; img_size=&#8221;full&#8221;][\/vc_column][\/vc_row][vc_row enable_hue_rotation=&#8221;no&#8221; enable_text_marquee=&#8221;no&#8221; css=&#8221;.vc_custom_1624975337500{padding-top: 40px !important;}&#8221;][vc_column css=&#8221;.vc_custom_1624976031398{padding-bottom: 60px !important;}&#8221; offset=&#8221;vc_col-lg-8&#8243;][vc_column_text css=&#8221;.vc_custom_1625034089661{padding-right: 30px !important;padding-left: 30px !important;}&#8221;]IOGA En un entorn natural tan fant\u00e0stic com Eivissa, tenir la sort de poder fer exercici a les nostres costes i amb [&hellip;]","og_url":"https:\/\/www.santjosep.net\/ca\/ibiza-family-experience\/ioga-en-familia\/","og_site_name":"Santjosep.net","article_modified_time":"2021-07-01T10:55:03+00:00","og_image":[{"width":1024,"height":684,"url":"https:\/\/www.santjosep.net\/wp-content\/uploads\/2021\/06\/VanesaSalinas-14.jpg","type":"image\/jpeg"}],"twitter_card":"summary_large_image","twitter_misc":{"Temps estimat de lectura":"3 minuts"},"schema":{"@context":"https:\/\/schema.org","@graph":[{"@type":"WebPage","@id":"https:\/\/www.santjosep.net\/ca\/ibiza-family-experience\/ioga-en-familia\/","url":"https:\/\/www.santjosep.net\/ca\/ibiza-family-experience\/ioga-en-familia\/","name":"Ioga en fam\u00edlia - Santjosep.net","isPartOf":{"@id":"https:\/\/www.santjosep.net\/#website"},"primaryImageOfPage":{"@id":"https:\/\/www.santjosep.net\/ca\/ibiza-family-experience\/ioga-en-familia\/#primaryimage"},"image":{"@id":"https:\/\/www.santjosep.net\/ca\/ibiza-family-experience\/ioga-en-familia\/#primaryimage"},"thumbnailUrl":"https:\/\/www.santjosep.net\/wp-content\/uploads\/2021\/06\/VanesaSalinas-14.jpg","datePublished":"2021-06-22T11:38:27+00:00","dateModified":"2021-07-01T10:55:03+00:00","breadcrumb":{"@id":"https:\/\/www.santjosep.net\/ca\/ibiza-family-experience\/ioga-en-familia\/#breadcrumb"},"inLanguage":"ca","potentialAction":[{"@type":"ReadAction","target":["https:\/\/www.santjosep.net\/ca\/ibiza-family-experience\/ioga-en-familia\/"]}]},{"@type":"ImageObject","inLanguage":"ca","@id":"https:\/\/www.santjosep.net\/ca\/ibiza-family-experience\/ioga-en-familia\/#primaryimage","url":"https:\/\/www.santjosep.net\/wp-content\/uploads\/2021\/06\/VanesaSalinas-14.jpg","contentUrl":"https:\/\/www.santjosep.net\/wp-content\/uploads\/2021\/06\/VanesaSalinas-14.jpg","width":1024,"height":684},{"@type":"BreadcrumbList","@id":"https:\/\/www.santjosep.net\/ca\/ibiza-family-experience\/ioga-en-familia\/#breadcrumb","itemListElement":[{"@type":"ListItem","position":1,"name":"Ibiza Family Experience","item":"https:\/\/www.santjosep.net\/ca\/ibiza-family-experience\/"},{"@type":"ListItem","position":2,"name":"Ioga en fam\u00edlia"}]},{"@type":"WebSite","@id":"https:\/\/www.santjosep.net\/#website","url":"https:\/\/www.santjosep.net\/","name":"Santjosep.net","description":"","potentialAction":[{"@type":"SearchAction","target":{"@type":"EntryPoint","urlTemplate":"https:\/\/www.santjosep.net\/?s={search_term_string}"},"query-input":{"@type":"PropertyValueSpecification","valueRequired":true,"valueName":"search_term_string"}}],"inLanguage":"ca"}]}},"_links":{"self":[{"href":"https:\/\/www.santjosep.net\/ca\/wp-json\/wp\/v2\/pages\/24852","targetHints":{"allow":["GET"]}}],"collection":[{"href":"https:\/\/www.santjosep.net\/ca\/wp-json\/wp\/v2\/pages"}],"about":[{"href":"https:\/\/www.santjosep.net\/ca\/wp-json\/wp\/v2\/types\/page"}],"author":[{"embeddable":true,"href":"https:\/\/www.santjosep.net\/ca\/wp-json\/wp\/v2\/users\/1"}],"replies":[{"embeddable":true,"href":"https:\/\/www.santjosep.net\/ca\/wp-json\/wp\/v2\/comments?post=24852"}],"version-history":[{"count":0,"href":"https:\/\/www.santjosep.net\/ca\/wp-json\/wp\/v2\/pages\/24852\/revisions"}],"up":[{"embeddable":true,"href":"https:\/\/www.santjosep.net\/ca\/wp-json\/wp\/v2\/pages\/24848"}],"wp:featuredmedia":[{"embeddable":true,"href":"https:\/\/www.santjosep.net\/ca\/wp-json\/wp\/v2\/media\/24792"}],"wp:attachment":[{"href":"https:\/\/www.santjosep.net\/ca\/wp-json\/wp\/v2\/media?parent=24852"}],"wp:term":[{"taxonomy":"categoria_pagina","embeddable":true,"href":"https:\/\/www.santjosep.net\/ca\/wp-json\/wp\/v2\/categoria_pagina?post=24852"}],"curies":[{"name":"wp","href":"https:\/\/api.w.org\/{rel}","templated":true}]}}