{"id":20559,"date":"2016-03-07T12:45:06","date_gmt":"2016-03-07T12:45:06","guid":{"rendered":"https:\/\/www.santjosep.net\/activitats-esportives\/rutes-btt\/ibiza-patrimonio-de-la-humanidad-sant-josep-ibiza\/"},"modified":"2021-10-05T13:10:27","modified_gmt":"2021-10-05T11:10:27","slug":"eivissa-patrimoni-de-la-humanitat-sant-josep-ibiza","status":"publish","type":"page","link":"https:\/\/www.santjosep.net\/ca\/turisme-actiu\/rutes-btt\/eivissa-patrimoni-de-la-humanitat-sant-josep-ibiza\/","title":{"rendered":"Eivissa Patrimoni de la humanitat (Sant Josep) &#8211; Ibiza"},"content":{"rendered":"<p>Ens trobem davant d\u2019una ruta lineal que travessa les muntanyes que separen dues de les poblacions m\u00e9s grans de l\u2019illa: Eivissa i Sant Antoni.<\/p>\n<p>Al llarg de la ruta, durant la qual arribarem a la cota de tres-cents cinquanta metres dues vegades, podrem gaudir d\u2019unes boniques vistes de l\u2019illa i de boscs frondosos de pins i savines, que cobreixen la major part de l\u2019orografia insular.<\/p>\n<p><a href=\"https:\/\/www.santjosep.net\/wp-content\/uploads\/2014\/04\/santagusti_SDIM1355.jpg\" rel=\"attachment wp-att-2042\"><img loading=\"lazy\" decoding=\"async\" class=\"size-full wp-image-13188\" src=\"https:\/\/www.santjosep.net\/wp-content\/uploads\/2014\/04\/santagusti_SDIM1355.jpg\" alt=\"Pl\u00e0 de Sant Agust\u00ed\" width=\"1000\" height=\"667\" srcset=\"https:\/\/www.santjosep.net\/wp-content\/uploads\/2014\/04\/santagusti_SDIM1355.jpg 1000w, https:\/\/www.santjosep.net\/wp-content\/uploads\/2014\/04\/santagusti_SDIM1355-300x200.jpg 300w\" sizes=\"auto, (max-width: 1000px) 100vw, 1000px\" \/><\/a><\/p>\n<p>La primera pujada, a la serra de sa Murta, ens dona una pista sobre el car\u00e0cter muntany\u00f3s i d\u2019interior que proposa aquesta ruta.<\/p>\n<p>Durant el segon ascens, a es Puig Gros, podrem aprofitar per refrescar-nos amb aigua d\u2019un brollador que hi ha al costat del viarany de pujada. Una vegada a dalt, passarem pel costat de sa Capelleta d\u2019en Serra, indret de peregrinaci\u00f3 constru\u00eft fa gaireb\u00e9 cent anys per Vicent Serra fruit d\u2019una promesa i que t\u00e9 unes vistes incre\u00efbles al Parc Natural de ses Salines.<\/p>\n<p><a href=\"https:\/\/www.santjosep.net\/wp-content\/uploads\/2014\/10\/parcnaturalsalinasIMG_9775.jpg\" rel=\"attachment wp-att-2366\"><img loading=\"lazy\" decoding=\"async\" class=\"alignnone size-full wp-image-13058\" src=\"https:\/\/www.santjosep.net\/wp-content\/uploads\/2014\/10\/parcnaturalsalinasIMG_9775.jpg\" alt=\"parcnaturalsalinasIMG_9775\" width=\"1000\" height=\"667\" srcset=\"https:\/\/www.santjosep.net\/wp-content\/uploads\/2014\/10\/parcnaturalsalinasIMG_9775.jpg 1000w, https:\/\/www.santjosep.net\/wp-content\/uploads\/2014\/10\/parcnaturalsalinasIMG_9775-300x200.jpg 300w\" sizes=\"auto, (max-width: 1000px) 100vw, 1000px\" \/><\/a><\/p>\n<p>L\u2019\u00faltim descens es fa per la vall de Benimussa, un indret molt bonic amb nombroses cases de pag\u00e8s amb el qual ens acomiadem de l\u2019entorn muntany\u00f3s i rebem l\u2019ambient mar\u00ed del poble de Sant Antoni.<\/p>\n<p>Dist\u00e0ncia total \u2013 34,56 km<br \/>\nTemps estimat \u2013 3-4 hores<br \/>\nAscens total \u2013 834<br \/>\nDescens total \u2013 858<br \/>\nCarretera \u2013 35%<br \/>\nPista \u2013 40%<br \/>\nCam\u00ed \u2013 25%<br \/>\nDificultat t\u00e8cnica \u2013 Mitjana<br \/>\nDificultat f\u00edsica \u2013 Mitjana<br \/>\nDificultat global \u2013 VERMELLA<\/p>\n<p>\u2013 Si fa poc que ha plogut, els viaranys poden relliscar bastant.<br \/>\n\u2013 Al punt m\u00e9s alt del segon ascens, podem deixar la bici i pujar a peu fins a sa Capelleta d\u2019en Serra.<\/p>\n<div class=\"gm-map\" style=\"position: relative;height: 200px; width: 200px;\"><iframe name=\"gm-map-1\" allowfullscreen src=\"https:\/\/www.santjosep.net\/ca\/?geo_mashup_content=render-map&amp;map_data_key=93cb4996053eb45fde6a766ca5d9a87c&amp;lang=ca&amp;zoom=12&amp;name=gm-map-1&amp;map_content=contextual&amp;error_comment=&lt;!-- Geo Mashup found no objects to map in this context--&gt;\" style=\"position: absolute; top: 0; left: 0; width: 100%; height: 100%; border: none; overflow: hidden;\"><\/iframe><\/div>\n<p>QUADERN DE RUTA<br \/>\n1. Sortida. Sortim des de Vara de Rey, a Eivissa, i agafem el carrer Ignacio Wallis en direcci\u00f3 oest. M\u00e9s endavant, girem a l\u2019esquerra i ens incorporem al carrer Isidor Macabich.<br \/>\n2. Bifurcaci\u00f3 dreta. Arribem al final del carrer i tombem a la dreta a la bifurcaci\u00f3. A la rotonda seg\u00fcent, girem a l\u2019esquerra en direcci\u00f3 a l\u2019hospital.<br \/>\n3. Gir esquerra. Tombem a l\u2019esquerra just despr\u00e9s de la rotonda anterior i passem al costat de l\u2019edifici dels Multicines Eivissa; al final del carrer, hi trobem una escola (Can Cant\u00f3) i girem a la dreta, tot pujant pel carrer.<br \/>\n4. Rotonda recte. Arribem a una rotonda i continuem recte pel cam\u00ed del cementiri nou. A la cru\u00eflla seg\u00fcent, tombem a l\u2019esquerra.<br \/>\n5. Gir esquerra pista. Trobem un cam\u00ed de terra a l\u2019esquerra i l\u2019agafem; entrem al bosc. Durant la baixada, trobarem una bifurcaci\u00f3 i girarem a l\u2019esquerra. A la pr\u00f2xima bifurcaci\u00f3, al costat d\u2019un pi enorme, tombarem a la dreta.<br \/>\n6. Cru\u00eflla dreta carretera. Arribem a una carretera i girem a la dreta. Una mica m\u00e9s endavant, trobem una bifurcaci\u00f3 i seguim a la dreta per una pista, que seguim sense desviar-nos.<br \/>\n7. Bifurcaci\u00f3 dreta. Trobem una bifurcaci\u00f3 i seguim per la dreta sense desviar-nos de la pista principal durant diversos quil\u00f2metres.<br \/>\n8. Bifurcaci\u00f3 esquerra. Arribem a aquesta bifurcaci\u00f3, on continuem pujant cap a l\u2019esquerra. A la cru\u00eflla seg\u00fcent, seguim recte i comencem la baixada seguint la pista principal.<br \/>\n9. Cru\u00eflla esquerra carretera. Anem a parar a una carretera, girem a l\u2019esquerra i la seguim sense desviar-nos per pujar una collada.<br \/>\n10. Gir dreta pista. Durant la baixada, arribem a una cru\u00eflla amb indicaci\u00f3 de La Casita Verde; tombem a la dreta per una pista. A les dues cru\u00eflles seg\u00fcents, girem a l\u2019esquerra.<br \/>\n11. Cru\u00eflla esquerra carretera. Anem a parar a una carretera i girem a l\u2019esquerra; tot seguit, tornem a girar a l\u2019esquerra per una pista que seguim sense desviar-nos.<br \/>\n12. Cru\u00eflla esquerra carretera. Sortim a una carretera i girem a l\u2019esquerra. A la cru\u00eflla seg\u00fcent, girem a la dreta per una pista que continuem sense desviar-nos fins a arribar a una carretera.<br \/>\n13. Cru\u00eflla dreta carretera. Despr\u00e9s de la baixada, arribem a una carretera i continuem baixant cap a la dreta durant dos quil\u00f2metres.<br \/>\n14. Gir dreta pista. En aquest punt, girem a la dreta i ens endinsem en una pista pel bosc. Passarem al costat d\u2019un brollador d\u2019aigua.<br \/>\n15. Cru\u00eflla esquerra viarany. Arribem a una cru\u00eflla i continuem per l\u2019esquerra tot pujant un viarany. A la cru\u00eflla seg\u00fcent, seguim pel viarany principal a la dreta.<br \/>\n16. Cru\u00eflla dreta pista. Arribem al punt m\u00e9s alt de l\u2019ascens i continuem pujant per la dreta, sense desviar-nos per la pista principal. Aqu\u00ed es troba el punt d\u2019avituallament.<br \/>\n17. Cru\u00eflla esquerra carretera. En aquesta cru\u00eflla, continuem per la carretera cap a la dreta en direcci\u00f3 a Sant Josep. A la cru\u00eflla seg\u00fcent, seguim per la dreta.<br \/>\n18. Cru\u00eflla dreta. Abans d\u2019arribar a Sant Josep, girem a la dreta i passem per la porta del cementiri. A la tercera cru\u00eflla, tombem a la dreta i ens endinsem en el bosc.<br \/>\n19. Cru\u00eflla recte pista. Arribem a una cru\u00eflla i continuem recte per la pista de terra que baixa.<br \/>\n20. Cru\u00eflla recte viarany. Al costat d\u2019una casa, apareix un viarany; l\u2019agafem i continuem tot recte sense desviar-nos durant una estona.<br \/>\n21. Cru\u00eflla dreta pista. Arribem a una cru\u00eflla al costat d\u2019una caseta d\u2019electricitat i tombem a la dreta. Una mica m\u00e9s endavant, apareix una cru\u00eflla; girem a l\u2019esquerra per un viarany que baixa.<br \/>\n22. Bifurcaci\u00f3 dreta. Arribem a una bifurcaci\u00f3 i girem a la dreta; a la cru\u00eflla seg\u00fcent, continuem per l\u2019esquerra tot seguint el cam\u00ed principal fins a una altra bifurcaci\u00f3 que prenem per l\u2019esquerra.<br \/>\n23. Esquerra pista. Arribem a una pista i girem a l\u2019esquerra fins a una carretera; continuem per la dreta.<br \/>\n24. Gir dreta pista. Sortim de la carretera i girem a la dreta cap a una pista. M\u00e9s endavant, al costat d\u2019una casa, girem a l\u2019esquerra en una bifurcaci\u00f3. A la cru\u00eflla seg\u00fcent, girem a la dreta.<br \/>\n25. Cru\u00eflla esquerra carretera. Arribem a una carretera i girem a l\u2019esquerra; comencem a baixar. Seguim la carretera sense desviar-nos fins a una cru\u00eflla a uns dos-cents metres, on girem a la dreta.<br \/>\n26. Gir esquerra pista. Al costat d\u2019una casa, tombem a l\u2019esquerra per baixar per una pista en direcci\u00f3 a Sant Antoni.<br \/>\n27. Cru\u00eflla recte carretera. En aquesta cru\u00eflla i en les tres rotondes seg\u00fcents, seguim recte cap a Sant Antoni.<br \/>\n28. Fi de la ruta. Acabem la ruta al costat de la rotonda central de Sant Antoni, al costat del passeig Mar\u00edtim.<\/p>\n","protected":false},"excerpt":{"rendered":"<p>Ens trobem davant d\u2019una ruta lineal que travessa les muntanyes que separen dues de les poblacions m\u00e9s grans de l\u2019illa: Eivissa i Sant Antoni. Al llarg de la ruta, durant la qual arribarem a la cota de tres-cents cinquanta metres [&hellip;]<\/p>\n","protected":false},"author":1,"featured_media":25362,"parent":12397,"menu_order":0,"comment_status":"closed","ping_status":"closed","template":"page-actividad.php","meta":{"_acf_changed":false,"inline_featured_image":false,"footnotes":""},"categoria_pagina":[],"class_list":["post-20559","page","type-page","status-publish","has-post-thumbnail","hentry"],"acf":[],"yoast_head":"<!-- This site is optimized with the Yoast SEO plugin v25.7 - https:\/\/yoast.com\/wordpress\/plugins\/seo\/ -->\n<title>Eivissa Patrimoni de la humanitat (Sant Josep) - Ibiza - Santjosep.net<\/title>\n<meta name=\"robots\" content=\"index, follow, max-snippet:-1, max-image-preview:large, max-video-preview:-1\" \/>\n<link rel=\"canonical\" href=\"https:\/\/www.santjosep.net\/ca\/turisme-actiu\/rutes-btt\/eivissa-patrimoni-de-la-humanitat-sant-josep-ibiza\/\" \/>\n<meta property=\"og:locale\" content=\"ca_ES\" \/>\n<meta property=\"og:type\" content=\"article\" \/>\n<meta property=\"og:title\" content=\"Eivissa Patrimoni de la humanitat (Sant Josep) - Ibiza - Santjosep.net\" \/>\n<meta property=\"og:description\" content=\"Ens trobem davant d\u2019una ruta lineal que travessa les muntanyes que separen dues de les poblacions m\u00e9s grans de l\u2019illa: Eivissa i Sant Antoni. Al llarg de la ruta, durant la qual arribarem a la cota de tres-cents cinquanta metres [&hellip;]\" \/>\n<meta property=\"og:url\" content=\"https:\/\/www.santjosep.net\/ca\/turisme-actiu\/rutes-btt\/eivissa-patrimoni-de-la-humanitat-sant-josep-ibiza\/\" \/>\n<meta property=\"og:site_name\" content=\"Santjosep.net\" \/>\n<meta property=\"article:modified_time\" content=\"2021-10-05T11:10:27+00:00\" \/>\n<meta property=\"og:image\" content=\"https:\/\/www.santjosep.net\/wp-content\/uploads\/2021\/09\/Salineras.jpg\" \/>\n\t<meta property=\"og:image:width\" content=\"1900\" \/>\n\t<meta property=\"og:image:height\" content=\"1054\" \/>\n\t<meta property=\"og:image:type\" content=\"image\/jpeg\" \/>\n<meta name=\"twitter:card\" content=\"summary_large_image\" \/>\n<meta name=\"twitter:label1\" content=\"Temps estimat de lectura\" \/>\n\t<meta name=\"twitter:data1\" content=\"6 minuts\" \/>\n<script type=\"application\/ld+json\" class=\"yoast-schema-graph\">{\"@context\":\"https:\/\/schema.org\",\"@graph\":[{\"@type\":\"WebPage\",\"@id\":\"https:\/\/www.santjosep.net\/ca\/turisme-actiu\/rutes-btt\/eivissa-patrimoni-de-la-humanitat-sant-josep-ibiza\/\",\"url\":\"https:\/\/www.santjosep.net\/ca\/turisme-actiu\/rutes-btt\/eivissa-patrimoni-de-la-humanitat-sant-josep-ibiza\/\",\"name\":\"Eivissa Patrimoni de la humanitat (Sant Josep) - Ibiza - Santjosep.net\",\"isPartOf\":{\"@id\":\"https:\/\/www.santjosep.net\/#website\"},\"primaryImageOfPage\":{\"@id\":\"https:\/\/www.santjosep.net\/ca\/turisme-actiu\/rutes-btt\/eivissa-patrimoni-de-la-humanitat-sant-josep-ibiza\/#primaryimage\"},\"image\":{\"@id\":\"https:\/\/www.santjosep.net\/ca\/turisme-actiu\/rutes-btt\/eivissa-patrimoni-de-la-humanitat-sant-josep-ibiza\/#primaryimage\"},\"thumbnailUrl\":\"https:\/\/www.santjosep.net\/wp-content\/uploads\/2021\/09\/Salineras.jpg\",\"datePublished\":\"2016-03-07T12:45:06+00:00\",\"dateModified\":\"2021-10-05T11:10:27+00:00\",\"breadcrumb\":{\"@id\":\"https:\/\/www.santjosep.net\/ca\/turisme-actiu\/rutes-btt\/eivissa-patrimoni-de-la-humanitat-sant-josep-ibiza\/#breadcrumb\"},\"inLanguage\":\"ca\",\"potentialAction\":[{\"@type\":\"ReadAction\",\"target\":[\"https:\/\/www.santjosep.net\/ca\/turisme-actiu\/rutes-btt\/eivissa-patrimoni-de-la-humanitat-sant-josep-ibiza\/\"]}]},{\"@type\":\"ImageObject\",\"inLanguage\":\"ca\",\"@id\":\"https:\/\/www.santjosep.net\/ca\/turisme-actiu\/rutes-btt\/eivissa-patrimoni-de-la-humanitat-sant-josep-ibiza\/#primaryimage\",\"url\":\"https:\/\/www.santjosep.net\/wp-content\/uploads\/2021\/09\/Salineras.jpg\",\"contentUrl\":\"https:\/\/www.santjosep.net\/wp-content\/uploads\/2021\/09\/Salineras.jpg\",\"width\":1900,\"height\":1054},{\"@type\":\"BreadcrumbList\",\"@id\":\"https:\/\/www.santjosep.net\/ca\/turisme-actiu\/rutes-btt\/eivissa-patrimoni-de-la-humanitat-sant-josep-ibiza\/#breadcrumb\",\"itemListElement\":[{\"@type\":\"ListItem\",\"position\":1,\"name\":\"Turisme actiu\",\"item\":\"https:\/\/www.santjosep.net\/ca\/turisme-actiu\/\"},{\"@type\":\"ListItem\",\"position\":2,\"name\":\"Rutes BTT\",\"item\":\"https:\/\/www.santjosep.net\/ca\/turisme-actiu\/rutes-btt\/\"},{\"@type\":\"ListItem\",\"position\":3,\"name\":\"Eivissa Patrimoni de la humanitat (Sant Josep) &#8211; Ibiza\"}]},{\"@type\":\"WebSite\",\"@id\":\"https:\/\/www.santjosep.net\/#website\",\"url\":\"https:\/\/www.santjosep.net\/\",\"name\":\"Santjosep.net\",\"description\":\"\",\"potentialAction\":[{\"@type\":\"SearchAction\",\"target\":{\"@type\":\"EntryPoint\",\"urlTemplate\":\"https:\/\/www.santjosep.net\/?s={search_term_string}\"},\"query-input\":{\"@type\":\"PropertyValueSpecification\",\"valueRequired\":true,\"valueName\":\"search_term_string\"}}],\"inLanguage\":\"ca\"}]}<\/script>\n<!-- \/ Yoast SEO plugin. -->","yoast_head_json":{"title":"Eivissa Patrimoni de la humanitat (Sant Josep) - Ibiza - Santjosep.net","robots":{"index":"index","follow":"follow","max-snippet":"max-snippet:-1","max-image-preview":"max-image-preview:large","max-video-preview":"max-video-preview:-1"},"canonical":"https:\/\/www.santjosep.net\/ca\/turisme-actiu\/rutes-btt\/eivissa-patrimoni-de-la-humanitat-sant-josep-ibiza\/","og_locale":"ca_ES","og_type":"article","og_title":"Eivissa Patrimoni de la humanitat (Sant Josep) - Ibiza - Santjosep.net","og_description":"Ens trobem davant d\u2019una ruta lineal que travessa les muntanyes que separen dues de les poblacions m\u00e9s grans de l\u2019illa: Eivissa i Sant Antoni. Al llarg de la ruta, durant la qual arribarem a la cota de tres-cents cinquanta metres [&hellip;]","og_url":"https:\/\/www.santjosep.net\/ca\/turisme-actiu\/rutes-btt\/eivissa-patrimoni-de-la-humanitat-sant-josep-ibiza\/","og_site_name":"Santjosep.net","article_modified_time":"2021-10-05T11:10:27+00:00","og_image":[{"width":1900,"height":1054,"url":"https:\/\/www.santjosep.net\/wp-content\/uploads\/2021\/09\/Salineras.jpg","type":"image\/jpeg"}],"twitter_card":"summary_large_image","twitter_misc":{"Temps estimat de lectura":"6 minuts"},"schema":{"@context":"https:\/\/schema.org","@graph":[{"@type":"WebPage","@id":"https:\/\/www.santjosep.net\/ca\/turisme-actiu\/rutes-btt\/eivissa-patrimoni-de-la-humanitat-sant-josep-ibiza\/","url":"https:\/\/www.santjosep.net\/ca\/turisme-actiu\/rutes-btt\/eivissa-patrimoni-de-la-humanitat-sant-josep-ibiza\/","name":"Eivissa Patrimoni de la humanitat (Sant Josep) - Ibiza - Santjosep.net","isPartOf":{"@id":"https:\/\/www.santjosep.net\/#website"},"primaryImageOfPage":{"@id":"https:\/\/www.santjosep.net\/ca\/turisme-actiu\/rutes-btt\/eivissa-patrimoni-de-la-humanitat-sant-josep-ibiza\/#primaryimage"},"image":{"@id":"https:\/\/www.santjosep.net\/ca\/turisme-actiu\/rutes-btt\/eivissa-patrimoni-de-la-humanitat-sant-josep-ibiza\/#primaryimage"},"thumbnailUrl":"https:\/\/www.santjosep.net\/wp-content\/uploads\/2021\/09\/Salineras.jpg","datePublished":"2016-03-07T12:45:06+00:00","dateModified":"2021-10-05T11:10:27+00:00","breadcrumb":{"@id":"https:\/\/www.santjosep.net\/ca\/turisme-actiu\/rutes-btt\/eivissa-patrimoni-de-la-humanitat-sant-josep-ibiza\/#breadcrumb"},"inLanguage":"ca","potentialAction":[{"@type":"ReadAction","target":["https:\/\/www.santjosep.net\/ca\/turisme-actiu\/rutes-btt\/eivissa-patrimoni-de-la-humanitat-sant-josep-ibiza\/"]}]},{"@type":"ImageObject","inLanguage":"ca","@id":"https:\/\/www.santjosep.net\/ca\/turisme-actiu\/rutes-btt\/eivissa-patrimoni-de-la-humanitat-sant-josep-ibiza\/#primaryimage","url":"https:\/\/www.santjosep.net\/wp-content\/uploads\/2021\/09\/Salineras.jpg","contentUrl":"https:\/\/www.santjosep.net\/wp-content\/uploads\/2021\/09\/Salineras.jpg","width":1900,"height":1054},{"@type":"BreadcrumbList","@id":"https:\/\/www.santjosep.net\/ca\/turisme-actiu\/rutes-btt\/eivissa-patrimoni-de-la-humanitat-sant-josep-ibiza\/#breadcrumb","itemListElement":[{"@type":"ListItem","position":1,"name":"Turisme actiu","item":"https:\/\/www.santjosep.net\/ca\/turisme-actiu\/"},{"@type":"ListItem","position":2,"name":"Rutes BTT","item":"https:\/\/www.santjosep.net\/ca\/turisme-actiu\/rutes-btt\/"},{"@type":"ListItem","position":3,"name":"Eivissa Patrimoni de la humanitat (Sant Josep) &#8211; Ibiza"}]},{"@type":"WebSite","@id":"https:\/\/www.santjosep.net\/#website","url":"https:\/\/www.santjosep.net\/","name":"Santjosep.net","description":"","potentialAction":[{"@type":"SearchAction","target":{"@type":"EntryPoint","urlTemplate":"https:\/\/www.santjosep.net\/?s={search_term_string}"},"query-input":{"@type":"PropertyValueSpecification","valueRequired":true,"valueName":"search_term_string"}}],"inLanguage":"ca"}]}},"_links":{"self":[{"href":"https:\/\/www.santjosep.net\/ca\/wp-json\/wp\/v2\/pages\/20559","targetHints":{"allow":["GET"]}}],"collection":[{"href":"https:\/\/www.santjosep.net\/ca\/wp-json\/wp\/v2\/pages"}],"about":[{"href":"https:\/\/www.santjosep.net\/ca\/wp-json\/wp\/v2\/types\/page"}],"author":[{"embeddable":true,"href":"https:\/\/www.santjosep.net\/ca\/wp-json\/wp\/v2\/users\/1"}],"replies":[{"embeddable":true,"href":"https:\/\/www.santjosep.net\/ca\/wp-json\/wp\/v2\/comments?post=20559"}],"version-history":[{"count":0,"href":"https:\/\/www.santjosep.net\/ca\/wp-json\/wp\/v2\/pages\/20559\/revisions"}],"up":[{"embeddable":true,"href":"https:\/\/www.santjosep.net\/ca\/wp-json\/wp\/v2\/pages\/12397"}],"wp:featuredmedia":[{"embeddable":true,"href":"https:\/\/www.santjosep.net\/ca\/wp-json\/wp\/v2\/media\/25362"}],"wp:attachment":[{"href":"https:\/\/www.santjosep.net\/ca\/wp-json\/wp\/v2\/media?parent=20559"}],"wp:term":[{"taxonomy":"categoria_pagina","embeddable":true,"href":"https:\/\/www.santjosep.net\/ca\/wp-json\/wp\/v2\/categoria_pagina?post=20559"}],"curies":[{"name":"wp","href":"https:\/\/api.w.org\/{rel}","templated":true}]}}