{"id":20484,"date":"2016-03-12T11:04:51","date_gmt":"2016-03-12T10:04:51","guid":{"rendered":"https:\/\/www.santjosep.net\/activitats-esportives\/busseig\/ruta-submarinismo-escull-sespartar\/"},"modified":"2020-01-24T10:21:55","modified_gmt":"2020-01-24T09:21:55","slug":"ruta-submarinismo-escull-sespartar","status":"publish","type":"page","link":"https:\/\/www.santjosep.net\/ca\/turisme-actiu\/busseig\/ruta-submarinismo-escull-sespartar\/","title":{"rendered":"Ruta de submarinismo en Escull de S&#8217;Espartar &#8211; Ibiza"},"content":{"rendered":"<p>COORDENADAS FONDEO: 38\u00b0 57\u2019 24,00\u2019\u2019 N | 1\u00b0 11\u2019 57,00\u2019\u2019 E<br \/>\nPROFUNDIDAD M\u00c1XIMA: 35 M.<br \/>\nDURACI\u00d3N: 45 Min.<br \/>\nRECORRIDO DE: 400 M.<br \/>\nDIFICULTAD: Media<\/p>\n<p>Nos encontramos en la isla s\u2019Espartar, perteneciente al parque natural y por tanto no podemos amarrar la embarcaci\u00f3n, ni acceder a la parte terrestre del islote.<\/p>\n<p>La inmersi\u00f3n comienza en la plataforma Sur de la isla, justo despu\u00e9s del Escull de s\u2019Espartar, en una peque\u00f1a bah\u00eda que se forma entre la punta Este y la pared Sur de la citada isla.<\/p>\n<p><img loading=\"lazy\" decoding=\"async\" class=\"alignnone size-large wp-image-6608\" src=\"https:\/\/www.santjosep.net\/wp-content\/uploads\/2016\/03\/IMG_0693-1-1024x683.jpg\" alt=\"IMG_0693\" width=\"1024\" height=\"683\" srcset=\"https:\/\/www.santjosep.net\/wp-content\/uploads\/2016\/03\/IMG_0693-1-1024x683.jpg 1024w, https:\/\/www.santjosep.net\/wp-content\/uploads\/2016\/03\/IMG_0693-1-300x200.jpg 300w, https:\/\/www.santjosep.net\/wp-content\/uploads\/2016\/03\/IMG_0693-1-768x512.jpg 768w, https:\/\/www.santjosep.net\/wp-content\/uploads\/2016\/03\/IMG_0693-1.jpg 1200w\" sizes=\"auto, (max-width: 1024px) 100vw, 1024px\" \/><\/p>\n<p>La embarcaci\u00f3n la fondearemos sobre un fondo de no m\u00e1s de 5 metros, ya que la parte menos profunda de esta zona no supera esta cota.<\/p>\n<p>Con un rumbo Sur progresaremos a trav\u00e9s de una extensa pradera de Posidonia oce\u00e1nica hasta llegar a una ca\u00edda desde la cota 5 metros hasta la de 30 metros. En este punto cambiaremos el rumbo Sur que hab\u00edamos trazado hasta ahora a un rumbo SO, siguiendo la pared y sin apartarnos de ella dej\u00e1ndola siempre a mano derecha.<\/p>\n<p>El fondo es predominantemente rocoso, con extensas \u00e1reas de escollera donde no es raro encontrar meros, corvas y sargos de gran tama\u00f1o. Debido a la facilidad de estos peces para encontrar refugios, no es una mala idea planificar la inmersi\u00f3n acompa\u00f1ados de una potente luz artificial para poder escrutar las numerosas oquedades que encontraremos.<\/p>\n<p><img loading=\"lazy\" decoding=\"async\" class=\"alignnone size-large wp-image-6614\" src=\"https:\/\/www.santjosep.net\/wp-content\/uploads\/2016\/03\/Buceo-4-1-1024x768.jpg\" alt=\"Buceo 4\" width=\"1024\" height=\"768\" srcset=\"https:\/\/www.santjosep.net\/wp-content\/uploads\/2016\/03\/Buceo-4-1-1024x768.jpg 1024w, https:\/\/www.santjosep.net\/wp-content\/uploads\/2016\/03\/Buceo-4-1-300x225.jpg 300w, https:\/\/www.santjosep.net\/wp-content\/uploads\/2016\/03\/Buceo-4-1-768x576.jpg 768w\" sizes=\"auto, (max-width: 1024px) 100vw, 1024px\" \/><\/p>\n<p>Como medida de precauci\u00f3n debemos jarnos una profundidad m\u00e1xima en funcio\u0301n del nivel de buceo que poseamos e intentar no rebasarla, ya que el fondo desciende ininterrumpidamente hasta cerca de los 50 metros.<\/p>\n<p>En el momento que nuestra \u201cpared gui\u0301a\u201d cambie de direcci\u00f3n y el rumbo SO pase a O\u2013NO la fauna marina empieza a perder inter\u00e9s en cantidad y espectacularidad, por tanto es un buen momento (si todav\u00eda el suministro de aire no nos ha hecho volver) para ir pensando en regresar hacia la zona de inicio.<\/p>\n<p><img loading=\"lazy\" decoding=\"async\" class=\"size-large wp-image-6611\" src=\"https:\/\/www.santjosep.net\/wp-content\/uploads\/2016\/03\/40-1024x768.jpg\" alt=\"OLYMPUS DIGITAL CAMER\" width=\"1024\" height=\"768\" srcset=\"https:\/\/www.santjosep.net\/wp-content\/uploads\/2016\/03\/40-1024x768.jpg 1024w, https:\/\/www.santjosep.net\/wp-content\/uploads\/2016\/03\/40-300x225.jpg 300w, https:\/\/www.santjosep.net\/wp-content\/uploads\/2016\/03\/40-768x576.jpg 768w\" sizes=\"auto, (max-width: 1024px) 100vw, 1024px\" \/><\/p>\n<p>Una vez localizada la plataforma en la que hab\u00edamos dejado el barco fondeado, podemos realizar la parada de seguridad en los alrededores, aprovechando la excelente profundidad que brinda la zona para ello.<\/p>\n<p>En esta \u00faltima \u00e1rea podremos observar bellos ejemplares de nacras (Pinna nobilis) entre la extensa pradera de Posidonia. No es raro localizar morenas y peque\u00f1os juveniles de otras especies entre los innumerables escondrijos que ofrecen las rocas que alternan con la pradera de faner\u00f3gamas.<\/p>\n<div class=\"gm-map\" style=\"position: relative;height: 200px; width: 200px;\"><iframe name=\"gm-map-1\" allowfullscreen src=\"https:\/\/www.santjosep.net\/ca\/?geo_mashup_content=render-map&amp;map_data_key=cff4c38f90abcddcb979b9fcdb3a0ba5&amp;lang=ca&amp;zoom=11&amp;name=gm-map-1&amp;map_content=contextual&amp;error_comment=&lt;!-- Geo Mashup found no objects to map in this context--&gt;\" style=\"position: absolute; top: 0; left: 0; width: 100%; height: 100%; border: none; overflow: hidden;\"><\/iframe><\/div>\n","protected":false},"excerpt":{"rendered":"<p>COORDENADAS FONDEO: 38\u00b0 57\u2019 24,00\u2019\u2019 N | 1\u00b0 11\u2019 57,00\u2019\u2019 E PROFUNDIDAD M\u00c1XIMA: 35 M. DURACI\u00d3N: 45 Min. RECORRIDO DE: 400 M. DIFICULTAD: Media Nos encontramos en la isla s\u2019Espartar, perteneciente al parque natural y por tanto no podemos amarrar [&hellip;]<\/p>\n","protected":false},"author":1,"featured_media":20486,"parent":12395,"menu_order":0,"comment_status":"closed","ping_status":"closed","template":"page-actividad.php","meta":{"_acf_changed":false,"inline_featured_image":false,"footnotes":""},"categoria_pagina":[],"class_list":["post-20484","page","type-page","status-publish","has-post-thumbnail","hentry"],"acf":[],"yoast_head":"<!-- This site is optimized with the Yoast SEO plugin v25.7 - https:\/\/yoast.com\/wordpress\/plugins\/seo\/ -->\n<title>Ruta de submarinismo en Escull de S&#039;Espartar - Ibiza - Santjosep.net<\/title>\n<meta name=\"robots\" content=\"index, follow, max-snippet:-1, max-image-preview:large, max-video-preview:-1\" \/>\n<link rel=\"canonical\" href=\"https:\/\/www.santjosep.net\/ca\/turisme-actiu\/busseig\/ruta-submarinismo-escull-sespartar\/\" \/>\n<meta property=\"og:locale\" content=\"ca_ES\" \/>\n<meta property=\"og:type\" content=\"article\" \/>\n<meta property=\"og:title\" content=\"Ruta de submarinismo en Escull de S&#039;Espartar - Ibiza - Santjosep.net\" \/>\n<meta property=\"og:description\" content=\"COORDENADAS FONDEO: 38\u00b0 57\u2019 24,00\u2019\u2019 N | 1\u00b0 11\u2019 57,00\u2019\u2019 E PROFUNDIDAD M\u00c1XIMA: 35 M. DURACI\u00d3N: 45 Min. RECORRIDO DE: 400 M. DIFICULTAD: Media Nos encontramos en la isla s\u2019Espartar, perteneciente al parque natural y por tanto no podemos amarrar [&hellip;]\" \/>\n<meta property=\"og:url\" content=\"https:\/\/www.santjosep.net\/ca\/turisme-actiu\/busseig\/ruta-submarinismo-escull-sespartar\/\" \/>\n<meta property=\"og:site_name\" content=\"Santjosep.net\" \/>\n<meta property=\"article:modified_time\" content=\"2020-01-24T09:21:55+00:00\" \/>\n<meta property=\"og:image\" content=\"https:\/\/www.santjosep.net\/wp-content\/uploads\/2016\/03\/IMG_0339.jpg\" \/>\n\t<meta property=\"og:image:width\" content=\"1200\" \/>\n\t<meta property=\"og:image:height\" content=\"800\" \/>\n\t<meta property=\"og:image:type\" content=\"image\/jpeg\" \/>\n<meta name=\"twitter:card\" content=\"summary_large_image\" \/>\n<meta name=\"twitter:label1\" content=\"Temps estimat de lectura\" \/>\n\t<meta name=\"twitter:data1\" content=\"2 minuts\" \/>\n<script type=\"application\/ld+json\" class=\"yoast-schema-graph\">{\"@context\":\"https:\/\/schema.org\",\"@graph\":[{\"@type\":\"WebPage\",\"@id\":\"https:\/\/www.santjosep.net\/ca\/turisme-actiu\/busseig\/ruta-submarinismo-escull-sespartar\/\",\"url\":\"https:\/\/www.santjosep.net\/ca\/turisme-actiu\/busseig\/ruta-submarinismo-escull-sespartar\/\",\"name\":\"Ruta de submarinismo en Escull de S'Espartar - Ibiza - Santjosep.net\",\"isPartOf\":{\"@id\":\"https:\/\/www.santjosep.net\/#website\"},\"primaryImageOfPage\":{\"@id\":\"https:\/\/www.santjosep.net\/ca\/turisme-actiu\/busseig\/ruta-submarinismo-escull-sespartar\/#primaryimage\"},\"image\":{\"@id\":\"https:\/\/www.santjosep.net\/ca\/turisme-actiu\/busseig\/ruta-submarinismo-escull-sespartar\/#primaryimage\"},\"thumbnailUrl\":\"https:\/\/www.santjosep.net\/wp-content\/uploads\/2016\/03\/IMG_0339.jpg\",\"datePublished\":\"2016-03-12T10:04:51+00:00\",\"dateModified\":\"2020-01-24T09:21:55+00:00\",\"breadcrumb\":{\"@id\":\"https:\/\/www.santjosep.net\/ca\/turisme-actiu\/busseig\/ruta-submarinismo-escull-sespartar\/#breadcrumb\"},\"inLanguage\":\"ca\",\"potentialAction\":[{\"@type\":\"ReadAction\",\"target\":[\"https:\/\/www.santjosep.net\/ca\/turisme-actiu\/busseig\/ruta-submarinismo-escull-sespartar\/\"]}]},{\"@type\":\"ImageObject\",\"inLanguage\":\"ca\",\"@id\":\"https:\/\/www.santjosep.net\/ca\/turisme-actiu\/busseig\/ruta-submarinismo-escull-sespartar\/#primaryimage\",\"url\":\"https:\/\/www.santjosep.net\/wp-content\/uploads\/2016\/03\/IMG_0339.jpg\",\"contentUrl\":\"https:\/\/www.santjosep.net\/wp-content\/uploads\/2016\/03\/IMG_0339.jpg\",\"width\":1200,\"height\":800},{\"@type\":\"BreadcrumbList\",\"@id\":\"https:\/\/www.santjosep.net\/ca\/turisme-actiu\/busseig\/ruta-submarinismo-escull-sespartar\/#breadcrumb\",\"itemListElement\":[{\"@type\":\"ListItem\",\"position\":1,\"name\":\"Turisme actiu\",\"item\":\"https:\/\/www.santjosep.net\/ca\/turisme-actiu\/\"},{\"@type\":\"ListItem\",\"position\":2,\"name\":\"Busseig\",\"item\":\"https:\/\/www.santjosep.net\/ca\/turisme-actiu\/busseig\/\"},{\"@type\":\"ListItem\",\"position\":3,\"name\":\"Ruta de submarinismo en Escull de S&#8217;Espartar &#8211; Ibiza\"}]},{\"@type\":\"WebSite\",\"@id\":\"https:\/\/www.santjosep.net\/#website\",\"url\":\"https:\/\/www.santjosep.net\/\",\"name\":\"Santjosep.net\",\"description\":\"\",\"potentialAction\":[{\"@type\":\"SearchAction\",\"target\":{\"@type\":\"EntryPoint\",\"urlTemplate\":\"https:\/\/www.santjosep.net\/?s={search_term_string}\"},\"query-input\":{\"@type\":\"PropertyValueSpecification\",\"valueRequired\":true,\"valueName\":\"search_term_string\"}}],\"inLanguage\":\"ca\"}]}<\/script>\n<!-- \/ Yoast SEO plugin. -->","yoast_head_json":{"title":"Ruta de submarinismo en Escull de S'Espartar - Ibiza - Santjosep.net","robots":{"index":"index","follow":"follow","max-snippet":"max-snippet:-1","max-image-preview":"max-image-preview:large","max-video-preview":"max-video-preview:-1"},"canonical":"https:\/\/www.santjosep.net\/ca\/turisme-actiu\/busseig\/ruta-submarinismo-escull-sespartar\/","og_locale":"ca_ES","og_type":"article","og_title":"Ruta de submarinismo en Escull de S'Espartar - Ibiza - Santjosep.net","og_description":"COORDENADAS FONDEO: 38\u00b0 57\u2019 24,00\u2019\u2019 N | 1\u00b0 11\u2019 57,00\u2019\u2019 E PROFUNDIDAD M\u00c1XIMA: 35 M. DURACI\u00d3N: 45 Min. RECORRIDO DE: 400 M. DIFICULTAD: Media Nos encontramos en la isla s\u2019Espartar, perteneciente al parque natural y por tanto no podemos amarrar [&hellip;]","og_url":"https:\/\/www.santjosep.net\/ca\/turisme-actiu\/busseig\/ruta-submarinismo-escull-sespartar\/","og_site_name":"Santjosep.net","article_modified_time":"2020-01-24T09:21:55+00:00","og_image":[{"width":1200,"height":800,"url":"https:\/\/www.santjosep.net\/wp-content\/uploads\/2016\/03\/IMG_0339.jpg","type":"image\/jpeg"}],"twitter_card":"summary_large_image","twitter_misc":{"Temps estimat de lectura":"2 minuts"},"schema":{"@context":"https:\/\/schema.org","@graph":[{"@type":"WebPage","@id":"https:\/\/www.santjosep.net\/ca\/turisme-actiu\/busseig\/ruta-submarinismo-escull-sespartar\/","url":"https:\/\/www.santjosep.net\/ca\/turisme-actiu\/busseig\/ruta-submarinismo-escull-sespartar\/","name":"Ruta de submarinismo en Escull de S'Espartar - Ibiza - Santjosep.net","isPartOf":{"@id":"https:\/\/www.santjosep.net\/#website"},"primaryImageOfPage":{"@id":"https:\/\/www.santjosep.net\/ca\/turisme-actiu\/busseig\/ruta-submarinismo-escull-sespartar\/#primaryimage"},"image":{"@id":"https:\/\/www.santjosep.net\/ca\/turisme-actiu\/busseig\/ruta-submarinismo-escull-sespartar\/#primaryimage"},"thumbnailUrl":"https:\/\/www.santjosep.net\/wp-content\/uploads\/2016\/03\/IMG_0339.jpg","datePublished":"2016-03-12T10:04:51+00:00","dateModified":"2020-01-24T09:21:55+00:00","breadcrumb":{"@id":"https:\/\/www.santjosep.net\/ca\/turisme-actiu\/busseig\/ruta-submarinismo-escull-sespartar\/#breadcrumb"},"inLanguage":"ca","potentialAction":[{"@type":"ReadAction","target":["https:\/\/www.santjosep.net\/ca\/turisme-actiu\/busseig\/ruta-submarinismo-escull-sespartar\/"]}]},{"@type":"ImageObject","inLanguage":"ca","@id":"https:\/\/www.santjosep.net\/ca\/turisme-actiu\/busseig\/ruta-submarinismo-escull-sespartar\/#primaryimage","url":"https:\/\/www.santjosep.net\/wp-content\/uploads\/2016\/03\/IMG_0339.jpg","contentUrl":"https:\/\/www.santjosep.net\/wp-content\/uploads\/2016\/03\/IMG_0339.jpg","width":1200,"height":800},{"@type":"BreadcrumbList","@id":"https:\/\/www.santjosep.net\/ca\/turisme-actiu\/busseig\/ruta-submarinismo-escull-sespartar\/#breadcrumb","itemListElement":[{"@type":"ListItem","position":1,"name":"Turisme actiu","item":"https:\/\/www.santjosep.net\/ca\/turisme-actiu\/"},{"@type":"ListItem","position":2,"name":"Busseig","item":"https:\/\/www.santjosep.net\/ca\/turisme-actiu\/busseig\/"},{"@type":"ListItem","position":3,"name":"Ruta de submarinismo en Escull de S&#8217;Espartar &#8211; Ibiza"}]},{"@type":"WebSite","@id":"https:\/\/www.santjosep.net\/#website","url":"https:\/\/www.santjosep.net\/","name":"Santjosep.net","description":"","potentialAction":[{"@type":"SearchAction","target":{"@type":"EntryPoint","urlTemplate":"https:\/\/www.santjosep.net\/?s={search_term_string}"},"query-input":{"@type":"PropertyValueSpecification","valueRequired":true,"valueName":"search_term_string"}}],"inLanguage":"ca"}]}},"_links":{"self":[{"href":"https:\/\/www.santjosep.net\/ca\/wp-json\/wp\/v2\/pages\/20484","targetHints":{"allow":["GET"]}}],"collection":[{"href":"https:\/\/www.santjosep.net\/ca\/wp-json\/wp\/v2\/pages"}],"about":[{"href":"https:\/\/www.santjosep.net\/ca\/wp-json\/wp\/v2\/types\/page"}],"author":[{"embeddable":true,"href":"https:\/\/www.santjosep.net\/ca\/wp-json\/wp\/v2\/users\/1"}],"replies":[{"embeddable":true,"href":"https:\/\/www.santjosep.net\/ca\/wp-json\/wp\/v2\/comments?post=20484"}],"version-history":[{"count":0,"href":"https:\/\/www.santjosep.net\/ca\/wp-json\/wp\/v2\/pages\/20484\/revisions"}],"up":[{"embeddable":true,"href":"https:\/\/www.santjosep.net\/ca\/wp-json\/wp\/v2\/pages\/12395"}],"wp:featuredmedia":[{"embeddable":true,"href":"https:\/\/www.santjosep.net\/ca\/wp-json\/wp\/v2\/media\/20486"}],"wp:attachment":[{"href":"https:\/\/www.santjosep.net\/ca\/wp-json\/wp\/v2\/media?parent=20484"}],"wp:term":[{"taxonomy":"categoria_pagina","embeddable":true,"href":"https:\/\/www.santjosep.net\/ca\/wp-json\/wp\/v2\/categoria_pagina?post=20484"}],"curies":[{"name":"wp","href":"https:\/\/api.w.org\/{rel}","templated":true}]}}