{"id":20445,"date":"2016-03-03T16:04:08","date_gmt":"2016-03-03T16:04:08","guid":{"rendered":"https:\/\/www.santjosep.net\/activitats-esportives\/caiac\/ruta-en-kayak-desde-sa-canal-ses-salines-a-sa-caleta-ibiza\/"},"modified":"2020-01-27T14:00:43","modified_gmt":"2020-01-27T13:00:43","slug":"ruta-en-kayak-desde-sa-canal-ses-salines-a-sa-caleta-ibiza","status":"publish","type":"page","link":"https:\/\/www.santjosep.net\/ca\/turisme-actiu\/caiac\/ruta-en-kayak-desde-sa-canal-ses-salines-a-sa-caleta-ibiza\/","title":{"rendered":"Ruta en Kayak desde Sa Canal (Ses Salines) a Sa Caleta &#8211; Ibiza"},"content":{"rendered":"<p><iframe loading=\"lazy\" src=\"https:\/\/www.google.com\/maps\/d\/embed?mid=z5YVYhWup8YU.k5HqvaubqB3I\" width=\"780\" height=\"480\"><\/iframe><\/p>\n<p>DURACI\u00d3N: 2.30 Horas<br \/>\nLONGITUD: 5,7 Millas<br \/>\nDIFICULTAD: Baja\/Media<br \/>\nPUNTO DE SALIDA: Sa Canal<br \/>\nPUNTO DE LLEGADA: Sa Caleta<\/p>\n<p><strong>C\u00d3MO LLEGAR:<\/strong><br \/>\nLlegamos al punto de salida desde Sant Josep, en direcci\u00f3n a Eivissa por la carretera (PM-803), desviaci\u00f3n al Aeropuerto y desde all\u00ed, direcci\u00f3n Sant Jordi o Eivissa hasta encontrar la rotonda \u201cSant Jordi &#8211; Eivissa &#8211; Sa Canal &#8211; Aeropuerto\u201d y desde Eivissa, por la carretera de Eivissa al Aeropuerto (PM-801), pasando Sant Jordi hasta llegar a la misma rotonda, donde, en ambos casos, tomaremos la desviaci\u00f3n a Sa Canal (PM-802). Al final de esta carretera encontraremos la playa a nuestra izquierda.<\/p>\n<p><strong>TRAVES\u00cdA:<\/strong><br \/>\nSalimos desde el principio de la playa poniendo proa al Sur, en direcci\u00f3n al muelle donde se realiza actualmente la carga de la sal. Aqu\u00ed podremos ad- mirar el hermoso pueblo de Sa Canal que antiguamente estaba habitado por trabajadores de la industria salinera.<\/p>\n<p><img loading=\"lazy\" decoding=\"async\" class=\"alignnone size-full wp-image-5056\" src=\"https:\/\/www.santjosep.net\/wp-content\/uploads\/2016\/03\/IMG_9815_4193-x-2795.jpg\" alt=\"IMG_9815_4193-x-2795\" width=\"1200\" height=\"800\" srcset=\"https:\/\/www.santjosep.net\/wp-content\/uploads\/2016\/03\/IMG_9815_4193-x-2795.jpg 1200w, https:\/\/www.santjosep.net\/wp-content\/uploads\/2016\/03\/IMG_9815_4193-x-2795-300x200.jpg 300w, https:\/\/www.santjosep.net\/wp-content\/uploads\/2016\/03\/IMG_9815_4193-x-2795-768x512.jpg 768w, https:\/\/www.santjosep.net\/wp-content\/uploads\/2016\/03\/IMG_9815_4193-x-2795-1024x683.jpg 1024w\" sizes=\"auto, (max-width: 1200px) 100vw, 1200px\" \/><\/p>\n<p>Continuamos costeando, admirando el bosque de esta zona protegida hasta llegar a la playa del Canal de s&#8217;Olla, donde podremos desembarcar.<\/p>\n<p>M\u00e1s adelante llegaremos a la Punta de sa Rama, donde en d\u00edas de mala mar la navegaci\u00f3n puede resultar complicada. Pasaremos dejando el islote a nuestro babor.<\/p>\n<p>A continuaci\u00f3n, despu\u00e9s de una impresionante bah\u00eda rodeada de acantilados, llegaremos a Cap des Falc\u00f3. Esta zona era utilizada antiguamente como criadero de halcones y a\u00fan hoy en d\u00eda es posible observarlos en vuelo.<\/p>\n<p><img loading=\"lazy\" decoding=\"async\" class=\"alignnone size-full wp-image-5059\" src=\"https:\/\/www.santjosep.net\/wp-content\/uploads\/2016\/03\/IMG_8913.jpg\" alt=\"IMG_8913\" width=\"1200\" height=\"800\" srcset=\"https:\/\/www.santjosep.net\/wp-content\/uploads\/2016\/03\/IMG_8913.jpg 1200w, https:\/\/www.santjosep.net\/wp-content\/uploads\/2016\/03\/IMG_8913-300x200.jpg 300w, https:\/\/www.santjosep.net\/wp-content\/uploads\/2016\/03\/IMG_8913-768x512.jpg 768w, https:\/\/www.santjosep.net\/wp-content\/uploads\/2016\/03\/IMG_8913-1024x683.jpg 1024w\" sizes=\"auto, (max-width: 1200px) 100vw, 1200px\" \/><\/p>\n<p>Continuamos bordeando y llegaremos a una playa de cantos rodados que se llama Es Codolar. Aqu\u00ed comienza la gran bah\u00eda de Es Codolar, donde podremos admirar los estanques de Ses Salines con sus aves migratorias. El acceso a la playa es complicado debido a la gran cantidad de cantos rodados.<\/p>\n<p><img loading=\"lazy\" decoding=\"async\" class=\"alignnone size-full wp-image-1007\" src=\"https:\/\/www.santjosep.net\/wp-content\/uploads\/2013\/11\/escodolar_IMG_1106.jpg\" alt=\"escodolar_IMG_1106\" width=\"1000\" height=\"667\" srcset=\"https:\/\/www.santjosep.net\/wp-content\/uploads\/2013\/11\/escodolar_IMG_1106.jpg 1000w, https:\/\/www.santjosep.net\/wp-content\/uploads\/2013\/11\/escodolar_IMG_1106-300x200.jpg 300w\" sizes=\"auto, (max-width: 1000px) 100vw, 1000px\" \/><\/p>\n<p>M\u00e1s adelante divisaremos las pistas del aeropuerto y despu\u00e9s comenzar\u00e1 la zona urbanizada donde encontraremos unas casetas de pescadores. La navegaci\u00f3n en esta bah\u00eda puede resultar lenta, al ser \u00e9sta muy abierta, y por la imposibilidad de acercarse a la costa. Extremar las precauciones en d\u00edas de mala mar, debido a la formaci\u00f3n de grandes olas producidas por la poca profundidad.<\/p>\n<p>Al final de esta extensa playa llegaremos al puerto de Sa Caleta. Puerto de pescadores con gran cantidad de casetas varadero. Aqu\u00ed se encuentra tambi\u00e9n el poblado fenicio de Sa Caleta, el que hasta la fecha se supone el primer asentamiento humano en la isla, incluido en el cat\u00e1logo de bienes declarados Patrimonio Mundial.<\/p>\n<p><img loading=\"lazy\" decoding=\"async\" class=\"alignnone size-full wp-image-5062\" src=\"https:\/\/www.santjosep.net\/wp-content\/uploads\/2016\/03\/IMG_0776.jpg\" alt=\"IMG_0776\" width=\"1200\" height=\"800\" srcset=\"https:\/\/www.santjosep.net\/wp-content\/uploads\/2016\/03\/IMG_0776.jpg 1200w, https:\/\/www.santjosep.net\/wp-content\/uploads\/2016\/03\/IMG_0776-300x200.jpg 300w, https:\/\/www.santjosep.net\/wp-content\/uploads\/2016\/03\/IMG_0776-768x512.jpg 768w, https:\/\/www.santjosep.net\/wp-content\/uploads\/2016\/03\/IMG_0776-1024x683.jpg 1024w\" sizes=\"auto, (max-width: 1200px) 100vw, 1200px\" \/><\/p>\n<p>Buen acceso para desembarcar los kayaks, f\u00e1cil aparcamiento y restaurante cercano.<\/p>\n","protected":false},"excerpt":{"rendered":"<p>DURACI\u00d3N: 2.30 Horas LONGITUD: 5,7 Millas DIFICULTAD: Baja\/Media PUNTO DE SALIDA: Sa Canal PUNTO DE LLEGADA: Sa Caleta C\u00d3MO LLEGAR: Llegamos al punto de salida desde Sant Josep, en direcci\u00f3n a Eivissa por la carretera (PM-803), desviaci\u00f3n al Aeropuerto y [&hellip;]<\/p>\n","protected":false},"author":1,"featured_media":20447,"parent":12396,"menu_order":0,"comment_status":"closed","ping_status":"closed","template":"page-actividad.php","meta":{"_acf_changed":false,"inline_featured_image":false,"footnotes":""},"categoria_pagina":[],"class_list":["post-20445","page","type-page","status-publish","has-post-thumbnail","hentry"],"acf":[],"yoast_head":"<!-- This site is optimized with the Yoast SEO plugin v25.7 - https:\/\/yoast.com\/wordpress\/plugins\/seo\/ -->\n<title>Ruta en Kayak desde Sa Canal (Ses Salines) a Sa Caleta - Ibiza - Santjosep.net<\/title>\n<meta name=\"robots\" content=\"index, follow, max-snippet:-1, max-image-preview:large, max-video-preview:-1\" \/>\n<link rel=\"canonical\" href=\"https:\/\/www.santjosep.net\/ca\/turisme-actiu\/caiac\/ruta-en-kayak-desde-sa-canal-ses-salines-a-sa-caleta-ibiza\/\" \/>\n<meta property=\"og:locale\" content=\"ca_ES\" \/>\n<meta property=\"og:type\" content=\"article\" \/>\n<meta property=\"og:title\" content=\"Ruta en Kayak desde Sa Canal (Ses Salines) a Sa Caleta - Ibiza - Santjosep.net\" \/>\n<meta property=\"og:description\" content=\"DURACI\u00d3N: 2.30 Horas LONGITUD: 5,7 Millas DIFICULTAD: Baja\/Media PUNTO DE SALIDA: Sa Canal PUNTO DE LLEGADA: Sa Caleta C\u00d3MO LLEGAR: Llegamos al punto de salida desde Sant Josep, en direcci\u00f3n a Eivissa por la carretera (PM-803), desviaci\u00f3n al Aeropuerto y [&hellip;]\" \/>\n<meta property=\"og:url\" content=\"https:\/\/www.santjosep.net\/ca\/turisme-actiu\/caiac\/ruta-en-kayak-desde-sa-canal-ses-salines-a-sa-caleta-ibiza\/\" \/>\n<meta property=\"og:site_name\" content=\"Santjosep.net\" \/>\n<meta property=\"article:modified_time\" content=\"2020-01-27T13:00:43+00:00\" \/>\n<meta property=\"og:image\" content=\"https:\/\/www.santjosep.net\/wp-content\/uploads\/2016\/03\/IMG_8913.jpg\" \/>\n\t<meta property=\"og:image:width\" content=\"1200\" \/>\n\t<meta property=\"og:image:height\" content=\"800\" \/>\n\t<meta property=\"og:image:type\" content=\"image\/jpeg\" \/>\n<meta name=\"twitter:card\" content=\"summary_large_image\" \/>\n<meta name=\"twitter:label1\" content=\"Temps estimat de lectura\" \/>\n\t<meta name=\"twitter:data1\" content=\"2 minuts\" \/>\n<script type=\"application\/ld+json\" class=\"yoast-schema-graph\">{\"@context\":\"https:\/\/schema.org\",\"@graph\":[{\"@type\":\"WebPage\",\"@id\":\"https:\/\/www.santjosep.net\/ca\/turisme-actiu\/caiac\/ruta-en-kayak-desde-sa-canal-ses-salines-a-sa-caleta-ibiza\/\",\"url\":\"https:\/\/www.santjosep.net\/ca\/turisme-actiu\/caiac\/ruta-en-kayak-desde-sa-canal-ses-salines-a-sa-caleta-ibiza\/\",\"name\":\"Ruta en Kayak desde Sa Canal (Ses Salines) a Sa Caleta - Ibiza - Santjosep.net\",\"isPartOf\":{\"@id\":\"https:\/\/www.santjosep.net\/#website\"},\"primaryImageOfPage\":{\"@id\":\"https:\/\/www.santjosep.net\/ca\/turisme-actiu\/caiac\/ruta-en-kayak-desde-sa-canal-ses-salines-a-sa-caleta-ibiza\/#primaryimage\"},\"image\":{\"@id\":\"https:\/\/www.santjosep.net\/ca\/turisme-actiu\/caiac\/ruta-en-kayak-desde-sa-canal-ses-salines-a-sa-caleta-ibiza\/#primaryimage\"},\"thumbnailUrl\":\"https:\/\/www.santjosep.net\/wp-content\/uploads\/2016\/03\/IMG_8913.jpg\",\"datePublished\":\"2016-03-03T16:04:08+00:00\",\"dateModified\":\"2020-01-27T13:00:43+00:00\",\"breadcrumb\":{\"@id\":\"https:\/\/www.santjosep.net\/ca\/turisme-actiu\/caiac\/ruta-en-kayak-desde-sa-canal-ses-salines-a-sa-caleta-ibiza\/#breadcrumb\"},\"inLanguage\":\"ca\",\"potentialAction\":[{\"@type\":\"ReadAction\",\"target\":[\"https:\/\/www.santjosep.net\/ca\/turisme-actiu\/caiac\/ruta-en-kayak-desde-sa-canal-ses-salines-a-sa-caleta-ibiza\/\"]}]},{\"@type\":\"ImageObject\",\"inLanguage\":\"ca\",\"@id\":\"https:\/\/www.santjosep.net\/ca\/turisme-actiu\/caiac\/ruta-en-kayak-desde-sa-canal-ses-salines-a-sa-caleta-ibiza\/#primaryimage\",\"url\":\"https:\/\/www.santjosep.net\/wp-content\/uploads\/2016\/03\/IMG_8913.jpg\",\"contentUrl\":\"https:\/\/www.santjosep.net\/wp-content\/uploads\/2016\/03\/IMG_8913.jpg\",\"width\":1200,\"height\":800},{\"@type\":\"BreadcrumbList\",\"@id\":\"https:\/\/www.santjosep.net\/ca\/turisme-actiu\/caiac\/ruta-en-kayak-desde-sa-canal-ses-salines-a-sa-caleta-ibiza\/#breadcrumb\",\"itemListElement\":[{\"@type\":\"ListItem\",\"position\":1,\"name\":\"Turisme actiu\",\"item\":\"https:\/\/www.santjosep.net\/ca\/turisme-actiu\/\"},{\"@type\":\"ListItem\",\"position\":2,\"name\":\"Caiac\",\"item\":\"https:\/\/www.santjosep.net\/ca\/turisme-actiu\/caiac\/\"},{\"@type\":\"ListItem\",\"position\":3,\"name\":\"Ruta en Kayak desde Sa Canal (Ses Salines) a Sa Caleta &#8211; Ibiza\"}]},{\"@type\":\"WebSite\",\"@id\":\"https:\/\/www.santjosep.net\/#website\",\"url\":\"https:\/\/www.santjosep.net\/\",\"name\":\"Santjosep.net\",\"description\":\"\",\"potentialAction\":[{\"@type\":\"SearchAction\",\"target\":{\"@type\":\"EntryPoint\",\"urlTemplate\":\"https:\/\/www.santjosep.net\/?s={search_term_string}\"},\"query-input\":{\"@type\":\"PropertyValueSpecification\",\"valueRequired\":true,\"valueName\":\"search_term_string\"}}],\"inLanguage\":\"ca\"}]}<\/script>\n<!-- \/ Yoast SEO plugin. -->","yoast_head_json":{"title":"Ruta en Kayak desde Sa Canal (Ses Salines) a Sa Caleta - Ibiza - Santjosep.net","robots":{"index":"index","follow":"follow","max-snippet":"max-snippet:-1","max-image-preview":"max-image-preview:large","max-video-preview":"max-video-preview:-1"},"canonical":"https:\/\/www.santjosep.net\/ca\/turisme-actiu\/caiac\/ruta-en-kayak-desde-sa-canal-ses-salines-a-sa-caleta-ibiza\/","og_locale":"ca_ES","og_type":"article","og_title":"Ruta en Kayak desde Sa Canal (Ses Salines) a Sa Caleta - Ibiza - Santjosep.net","og_description":"DURACI\u00d3N: 2.30 Horas LONGITUD: 5,7 Millas DIFICULTAD: Baja\/Media PUNTO DE SALIDA: Sa Canal PUNTO DE LLEGADA: Sa Caleta C\u00d3MO LLEGAR: Llegamos al punto de salida desde Sant Josep, en direcci\u00f3n a Eivissa por la carretera (PM-803), desviaci\u00f3n al Aeropuerto y [&hellip;]","og_url":"https:\/\/www.santjosep.net\/ca\/turisme-actiu\/caiac\/ruta-en-kayak-desde-sa-canal-ses-salines-a-sa-caleta-ibiza\/","og_site_name":"Santjosep.net","article_modified_time":"2020-01-27T13:00:43+00:00","og_image":[{"width":1200,"height":800,"url":"https:\/\/www.santjosep.net\/wp-content\/uploads\/2016\/03\/IMG_8913.jpg","type":"image\/jpeg"}],"twitter_card":"summary_large_image","twitter_misc":{"Temps estimat de lectura":"2 minuts"},"schema":{"@context":"https:\/\/schema.org","@graph":[{"@type":"WebPage","@id":"https:\/\/www.santjosep.net\/ca\/turisme-actiu\/caiac\/ruta-en-kayak-desde-sa-canal-ses-salines-a-sa-caleta-ibiza\/","url":"https:\/\/www.santjosep.net\/ca\/turisme-actiu\/caiac\/ruta-en-kayak-desde-sa-canal-ses-salines-a-sa-caleta-ibiza\/","name":"Ruta en Kayak desde Sa Canal (Ses Salines) a Sa Caleta - Ibiza - Santjosep.net","isPartOf":{"@id":"https:\/\/www.santjosep.net\/#website"},"primaryImageOfPage":{"@id":"https:\/\/www.santjosep.net\/ca\/turisme-actiu\/caiac\/ruta-en-kayak-desde-sa-canal-ses-salines-a-sa-caleta-ibiza\/#primaryimage"},"image":{"@id":"https:\/\/www.santjosep.net\/ca\/turisme-actiu\/caiac\/ruta-en-kayak-desde-sa-canal-ses-salines-a-sa-caleta-ibiza\/#primaryimage"},"thumbnailUrl":"https:\/\/www.santjosep.net\/wp-content\/uploads\/2016\/03\/IMG_8913.jpg","datePublished":"2016-03-03T16:04:08+00:00","dateModified":"2020-01-27T13:00:43+00:00","breadcrumb":{"@id":"https:\/\/www.santjosep.net\/ca\/turisme-actiu\/caiac\/ruta-en-kayak-desde-sa-canal-ses-salines-a-sa-caleta-ibiza\/#breadcrumb"},"inLanguage":"ca","potentialAction":[{"@type":"ReadAction","target":["https:\/\/www.santjosep.net\/ca\/turisme-actiu\/caiac\/ruta-en-kayak-desde-sa-canal-ses-salines-a-sa-caleta-ibiza\/"]}]},{"@type":"ImageObject","inLanguage":"ca","@id":"https:\/\/www.santjosep.net\/ca\/turisme-actiu\/caiac\/ruta-en-kayak-desde-sa-canal-ses-salines-a-sa-caleta-ibiza\/#primaryimage","url":"https:\/\/www.santjosep.net\/wp-content\/uploads\/2016\/03\/IMG_8913.jpg","contentUrl":"https:\/\/www.santjosep.net\/wp-content\/uploads\/2016\/03\/IMG_8913.jpg","width":1200,"height":800},{"@type":"BreadcrumbList","@id":"https:\/\/www.santjosep.net\/ca\/turisme-actiu\/caiac\/ruta-en-kayak-desde-sa-canal-ses-salines-a-sa-caleta-ibiza\/#breadcrumb","itemListElement":[{"@type":"ListItem","position":1,"name":"Turisme actiu","item":"https:\/\/www.santjosep.net\/ca\/turisme-actiu\/"},{"@type":"ListItem","position":2,"name":"Caiac","item":"https:\/\/www.santjosep.net\/ca\/turisme-actiu\/caiac\/"},{"@type":"ListItem","position":3,"name":"Ruta en Kayak desde Sa Canal (Ses Salines) a Sa Caleta &#8211; Ibiza"}]},{"@type":"WebSite","@id":"https:\/\/www.santjosep.net\/#website","url":"https:\/\/www.santjosep.net\/","name":"Santjosep.net","description":"","potentialAction":[{"@type":"SearchAction","target":{"@type":"EntryPoint","urlTemplate":"https:\/\/www.santjosep.net\/?s={search_term_string}"},"query-input":{"@type":"PropertyValueSpecification","valueRequired":true,"valueName":"search_term_string"}}],"inLanguage":"ca"}]}},"_links":{"self":[{"href":"https:\/\/www.santjosep.net\/ca\/wp-json\/wp\/v2\/pages\/20445","targetHints":{"allow":["GET"]}}],"collection":[{"href":"https:\/\/www.santjosep.net\/ca\/wp-json\/wp\/v2\/pages"}],"about":[{"href":"https:\/\/www.santjosep.net\/ca\/wp-json\/wp\/v2\/types\/page"}],"author":[{"embeddable":true,"href":"https:\/\/www.santjosep.net\/ca\/wp-json\/wp\/v2\/users\/1"}],"replies":[{"embeddable":true,"href":"https:\/\/www.santjosep.net\/ca\/wp-json\/wp\/v2\/comments?post=20445"}],"version-history":[{"count":0,"href":"https:\/\/www.santjosep.net\/ca\/wp-json\/wp\/v2\/pages\/20445\/revisions"}],"up":[{"embeddable":true,"href":"https:\/\/www.santjosep.net\/ca\/wp-json\/wp\/v2\/pages\/12396"}],"wp:featuredmedia":[{"embeddable":true,"href":"https:\/\/www.santjosep.net\/ca\/wp-json\/wp\/v2\/media\/20447"}],"wp:attachment":[{"href":"https:\/\/www.santjosep.net\/ca\/wp-json\/wp\/v2\/media?parent=20445"}],"wp:term":[{"taxonomy":"categoria_pagina","embeddable":true,"href":"https:\/\/www.santjosep.net\/ca\/wp-json\/wp\/v2\/categoria_pagina?post=20445"}],"curies":[{"name":"wp","href":"https:\/\/api.w.org\/{rel}","templated":true}]}}