{"id":20443,"date":"2016-03-04T11:03:43","date_gmt":"2016-03-04T11:03:43","guid":{"rendered":"https:\/\/www.santjosep.net\/activitats-esportives\/caiac\/ruta-en-kayak-desde-cala-carbo-a-cala-tarida-ibiza\/"},"modified":"2020-01-27T14:00:20","modified_gmt":"2020-01-27T13:00:20","slug":"ruta-en-kayak-desde-cala-carbo-a-cala-tarida-ibiza","status":"publish","type":"page","link":"https:\/\/www.santjosep.net\/ca\/turisme-actiu\/caiac\/ruta-en-kayak-desde-cala-carbo-a-cala-tarida-ibiza\/","title":{"rendered":"Ruta en Kayak desde Cala Carb\u00f3 a Cala Tarida &#8211; Ibiza"},"content":{"rendered":"<p><iframe loading=\"lazy\" src=\"https:\/\/www.google.com\/maps\/d\/embed?mid=z5YVYhWup8YU.kiN1UyNGZB08\" width=\"780\" height=\"480\"><\/iframe><\/p>\n<p>DURACIO\u0301N: 2.00 Hours<br \/>\nLONGITUD: 5,5 Miles<br \/>\nDIFICULTAD: Medium<br \/>\nPUNTO DE SALIDA: Cala Carb\u00f3<br \/>\nPUNTO DE LLEGADA: Cala Tarida<\/p>\n<p><strong>C\u00d3MO LLEGAR<\/strong>:<br \/>\nSalimos desde Sant Josep, por la carretera PM-803 en direcci\u00f3n a Sant Antoni y a unos 500 metros tomaremos una desviaci\u00f3n a la izquierda con direcci\u00f3n a Cala Carb\u00f3 se\u00f1alizada; indicaciones que seguiremos hasta llegar a la playa.<\/p>\n<p><strong>TRAVES\u00cdA<\/strong>:<br \/>\nSalimos con la embarcaci\u00f3n para navegar en direcci\u00f3n Norte, dejando a nuestra izquierda las vistas de Es Vedr\u00e0 y Es Vedranell. Observaremos la zona de grandes acantilados de la punta de Es Moros, con el Puig Pelat en su cima, es de bosque de pinos y sabinas hasta la costa. Despu\u00e9s de la Punta Forcada llegaremos a Cal\u00f3 de s&#8217;Oratge, peque\u00f1a cala con dif\u00edcil acceso a tierra. Continuamos bajo los acantilados por una costa sin accesos a tierra.<\/p>\n<p>Ma\u0301s adelante llegaremos a Cala Vedella, cala bastante abrigada con todos los servicios y f\u00e1cil aparcamiento.<\/p>\n<p><img loading=\"lazy\" decoding=\"async\" class=\"size-full wp-image-1073\" src=\"https:\/\/www.santjosep.net\/wp-content\/uploads\/2013\/11\/esvedra.jpg\" alt=\"Es Vedr\u00e0 y Es Vedranell\" width=\"1000\" height=\"667\" srcset=\"https:\/\/www.santjosep.net\/wp-content\/uploads\/2013\/11\/esvedra.jpg 1000w, https:\/\/www.santjosep.net\/wp-content\/uploads\/2013\/11\/esvedra-300x200.jpg 300w\" sizes=\"auto, (max-width: 1000px) 100vw, 1000px\" \/><\/p>\n<p>Abandonamos Cala Vedella y continuamos costeando hasta encontrarnos una peque\u00f1a rada llamada Sa Torrassa, con casetas de pescadores y f\u00e1cil desembarco. A nuestro babor comenzaremos a ver la silueta de la isla de s&#8217;Espartar y Ses Bledes al fondo.<\/p>\n<p>Despue\u0301s de pasar Cal\u00f3 den Real, zona boscosa, y la punta des Llosar, parte baja y muy urbanizada, llegaremos al Clot des Llamp con posibilidad de desembarque, aunque complicado, entre las rocas. Aqu\u00ed el bosque se hace m\u00e1s denso y vuelven los acantilados de la punta de Roma hasta llegar a Cala Mol\u00ed, playa de arena, tranquila y con poca gente, donde se encuentra un bar restaurante, bastante abrigada debido a los acantilados que la rodean.<\/p>\n<p><img loading=\"lazy\" decoding=\"async\" class=\"alignnone size-full wp-image-961\" src=\"https:\/\/www.santjosep.net\/wp-content\/uploads\/2013\/11\/calavedella_IMG_9205.jpg\" alt=\"calavedella_IMG_9205\" width=\"800\" height=\"533\" srcset=\"https:\/\/www.santjosep.net\/wp-content\/uploads\/2013\/11\/calavedella_IMG_9205.jpg 800w, https:\/\/www.santjosep.net\/wp-content\/uploads\/2013\/11\/calavedella_IMG_9205-300x199.jpg 300w\" sizes=\"auto, (max-width: 800px) 100vw, 800px\" \/><\/p>\n<p>Extremaremos el cuidado al desembarcar ya que el fondo de \u00e9sta, antes de llegar a la arena, esta cubierto de rocas cortantes.<\/p>\n<p><img loading=\"lazy\" decoding=\"async\" class=\"alignnone size-full wp-image-955\" src=\"https:\/\/www.santjosep.net\/wp-content\/uploads\/2013\/11\/calamoli.jpg\" alt=\"calamoli\" width=\"800\" height=\"533\" srcset=\"https:\/\/www.santjosep.net\/wp-content\/uploads\/2013\/11\/calamoli.jpg 800w, https:\/\/www.santjosep.net\/wp-content\/uploads\/2013\/11\/calamoli-300x199.jpg 300w\" sizes=\"auto, (max-width: 800px) 100vw, 800px\" \/><\/p>\n<p>Abandonaremos Cala Mol\u00ed para seguir costeando y encontraremos varios entrantes, como es Calon\u00e0s, algunos de ellos con casetas varadero y as\u00ed llegaremos a la zona urbanizada de Cala Tarida, amplia playa de arena con varios islotes enfrente en la que entraremos con algo de precaucio\u0301n debido a la posibilidad de encontrarnos con tr\u00e1fico de embarcaciones de pasaje tipo \u201cgolondrina\u201d, barcos de recreo y deportes n\u00e1uticos. Dispone la playa de servicio de bar, restaurantes con todos los servicios y aparcamiento.<\/p>\n<p><img loading=\"lazy\" decoding=\"async\" class=\"alignnone size-full wp-image-1131\" src=\"https:\/\/www.santjosep.net\/wp-content\/uploads\/2013\/11\/calatarida_IMG_7980.jpg\" alt=\"calatarida_IMG_7980\" width=\"1000\" height=\"667\" srcset=\"https:\/\/www.santjosep.net\/wp-content\/uploads\/2013\/11\/calatarida_IMG_7980.jpg 1000w, https:\/\/www.santjosep.net\/wp-content\/uploads\/2013\/11\/calatarida_IMG_7980-300x200.jpg 300w\" sizes=\"auto, (max-width: 1000px) 100vw, 1000px\" \/><\/p>\n","protected":false},"excerpt":{"rendered":"<p>DURACIO\u0301N: 2.00 Hours LONGITUD: 5,5 Miles DIFICULTAD: Medium PUNTO DE SALIDA: Cala Carb\u00f3 PUNTO DE LLEGADA: Cala Tarida C\u00d3MO LLEGAR: Salimos desde Sant Josep, por la carretera PM-803 en direcci\u00f3n a Sant Antoni y a unos 500 metros tomaremos una [&hellip;]<\/p>\n","protected":false},"author":1,"featured_media":12272,"parent":12396,"menu_order":0,"comment_status":"closed","ping_status":"closed","template":"page-actividad.php","meta":{"_acf_changed":false,"inline_featured_image":false,"footnotes":""},"categoria_pagina":[],"class_list":["post-20443","page","type-page","status-publish","has-post-thumbnail","hentry"],"acf":[],"yoast_head":"<!-- This site is optimized with the Yoast SEO plugin v25.7 - https:\/\/yoast.com\/wordpress\/plugins\/seo\/ -->\n<title>Ruta en Kayak desde Cala Carb\u00f3 a Cala Tarida - Ibiza - Santjosep.net<\/title>\n<meta name=\"robots\" content=\"index, follow, max-snippet:-1, max-image-preview:large, max-video-preview:-1\" \/>\n<link rel=\"canonical\" href=\"https:\/\/www.santjosep.net\/ca\/turisme-actiu\/caiac\/ruta-en-kayak-desde-cala-carbo-a-cala-tarida-ibiza\/\" \/>\n<meta property=\"og:locale\" content=\"ca_ES\" \/>\n<meta property=\"og:type\" content=\"article\" \/>\n<meta property=\"og:title\" content=\"Ruta en Kayak desde Cala Carb\u00f3 a Cala Tarida - Ibiza - Santjosep.net\" \/>\n<meta property=\"og:description\" content=\"DURACIO\u0301N: 2.00 Hours LONGITUD: 5,5 Miles DIFICULTAD: Medium PUNTO DE SALIDA: Cala Carb\u00f3 PUNTO DE LLEGADA: Cala Tarida C\u00d3MO LLEGAR: Salimos desde Sant Josep, por la carretera PM-803 en direcci\u00f3n a Sant Antoni y a unos 500 metros tomaremos una [&hellip;]\" \/>\n<meta property=\"og:url\" content=\"https:\/\/www.santjosep.net\/ca\/turisme-actiu\/caiac\/ruta-en-kayak-desde-cala-carbo-a-cala-tarida-ibiza\/\" \/>\n<meta property=\"og:site_name\" content=\"Santjosep.net\" \/>\n<meta property=\"article:modified_time\" content=\"2020-01-27T13:00:20+00:00\" \/>\n<meta property=\"og:image\" content=\"https:\/\/www.santjosep.net\/wp-content\/uploads\/2013\/11\/calavedella_IMG_9205.jpg\" \/>\n\t<meta property=\"og:image:width\" content=\"800\" \/>\n\t<meta property=\"og:image:height\" content=\"533\" \/>\n\t<meta property=\"og:image:type\" content=\"image\/jpeg\" \/>\n<meta name=\"twitter:card\" content=\"summary_large_image\" \/>\n<meta name=\"twitter:label1\" content=\"Temps estimat de lectura\" \/>\n\t<meta name=\"twitter:data1\" content=\"2 minuts\" \/>\n<script type=\"application\/ld+json\" class=\"yoast-schema-graph\">{\"@context\":\"https:\/\/schema.org\",\"@graph\":[{\"@type\":\"WebPage\",\"@id\":\"https:\/\/www.santjosep.net\/ca\/turisme-actiu\/caiac\/ruta-en-kayak-desde-cala-carbo-a-cala-tarida-ibiza\/\",\"url\":\"https:\/\/www.santjosep.net\/ca\/turisme-actiu\/caiac\/ruta-en-kayak-desde-cala-carbo-a-cala-tarida-ibiza\/\",\"name\":\"Ruta en Kayak desde Cala Carb\u00f3 a Cala Tarida - Ibiza - Santjosep.net\",\"isPartOf\":{\"@id\":\"https:\/\/www.santjosep.net\/#website\"},\"primaryImageOfPage\":{\"@id\":\"https:\/\/www.santjosep.net\/ca\/turisme-actiu\/caiac\/ruta-en-kayak-desde-cala-carbo-a-cala-tarida-ibiza\/#primaryimage\"},\"image\":{\"@id\":\"https:\/\/www.santjosep.net\/ca\/turisme-actiu\/caiac\/ruta-en-kayak-desde-cala-carbo-a-cala-tarida-ibiza\/#primaryimage\"},\"thumbnailUrl\":\"https:\/\/www.santjosep.net\/wp-content\/uploads\/2013\/11\/calavedella_IMG_9205.jpg\",\"datePublished\":\"2016-03-04T11:03:43+00:00\",\"dateModified\":\"2020-01-27T13:00:20+00:00\",\"breadcrumb\":{\"@id\":\"https:\/\/www.santjosep.net\/ca\/turisme-actiu\/caiac\/ruta-en-kayak-desde-cala-carbo-a-cala-tarida-ibiza\/#breadcrumb\"},\"inLanguage\":\"ca\",\"potentialAction\":[{\"@type\":\"ReadAction\",\"target\":[\"https:\/\/www.santjosep.net\/ca\/turisme-actiu\/caiac\/ruta-en-kayak-desde-cala-carbo-a-cala-tarida-ibiza\/\"]}]},{\"@type\":\"ImageObject\",\"inLanguage\":\"ca\",\"@id\":\"https:\/\/www.santjosep.net\/ca\/turisme-actiu\/caiac\/ruta-en-kayak-desde-cala-carbo-a-cala-tarida-ibiza\/#primaryimage\",\"url\":\"https:\/\/www.santjosep.net\/wp-content\/uploads\/2013\/11\/calavedella_IMG_9205.jpg\",\"contentUrl\":\"https:\/\/www.santjosep.net\/wp-content\/uploads\/2013\/11\/calavedella_IMG_9205.jpg\",\"width\":800,\"height\":533},{\"@type\":\"BreadcrumbList\",\"@id\":\"https:\/\/www.santjosep.net\/ca\/turisme-actiu\/caiac\/ruta-en-kayak-desde-cala-carbo-a-cala-tarida-ibiza\/#breadcrumb\",\"itemListElement\":[{\"@type\":\"ListItem\",\"position\":1,\"name\":\"Turisme actiu\",\"item\":\"https:\/\/www.santjosep.net\/ca\/turisme-actiu\/\"},{\"@type\":\"ListItem\",\"position\":2,\"name\":\"Caiac\",\"item\":\"https:\/\/www.santjosep.net\/ca\/turisme-actiu\/caiac\/\"},{\"@type\":\"ListItem\",\"position\":3,\"name\":\"Ruta en Kayak desde Cala Carb\u00f3 a Cala Tarida &#8211; Ibiza\"}]},{\"@type\":\"WebSite\",\"@id\":\"https:\/\/www.santjosep.net\/#website\",\"url\":\"https:\/\/www.santjosep.net\/\",\"name\":\"Santjosep.net\",\"description\":\"\",\"potentialAction\":[{\"@type\":\"SearchAction\",\"target\":{\"@type\":\"EntryPoint\",\"urlTemplate\":\"https:\/\/www.santjosep.net\/?s={search_term_string}\"},\"query-input\":{\"@type\":\"PropertyValueSpecification\",\"valueRequired\":true,\"valueName\":\"search_term_string\"}}],\"inLanguage\":\"ca\"}]}<\/script>\n<!-- \/ Yoast SEO plugin. -->","yoast_head_json":{"title":"Ruta en Kayak desde Cala Carb\u00f3 a Cala Tarida - Ibiza - Santjosep.net","robots":{"index":"index","follow":"follow","max-snippet":"max-snippet:-1","max-image-preview":"max-image-preview:large","max-video-preview":"max-video-preview:-1"},"canonical":"https:\/\/www.santjosep.net\/ca\/turisme-actiu\/caiac\/ruta-en-kayak-desde-cala-carbo-a-cala-tarida-ibiza\/","og_locale":"ca_ES","og_type":"article","og_title":"Ruta en Kayak desde Cala Carb\u00f3 a Cala Tarida - Ibiza - Santjosep.net","og_description":"DURACIO\u0301N: 2.00 Hours LONGITUD: 5,5 Miles DIFICULTAD: Medium PUNTO DE SALIDA: Cala Carb\u00f3 PUNTO DE LLEGADA: Cala Tarida C\u00d3MO LLEGAR: Salimos desde Sant Josep, por la carretera PM-803 en direcci\u00f3n a Sant Antoni y a unos 500 metros tomaremos una [&hellip;]","og_url":"https:\/\/www.santjosep.net\/ca\/turisme-actiu\/caiac\/ruta-en-kayak-desde-cala-carbo-a-cala-tarida-ibiza\/","og_site_name":"Santjosep.net","article_modified_time":"2020-01-27T13:00:20+00:00","og_image":[{"width":800,"height":533,"url":"https:\/\/www.santjosep.net\/wp-content\/uploads\/2013\/11\/calavedella_IMG_9205.jpg","type":"image\/jpeg"}],"twitter_card":"summary_large_image","twitter_misc":{"Temps estimat de lectura":"2 minuts"},"schema":{"@context":"https:\/\/schema.org","@graph":[{"@type":"WebPage","@id":"https:\/\/www.santjosep.net\/ca\/turisme-actiu\/caiac\/ruta-en-kayak-desde-cala-carbo-a-cala-tarida-ibiza\/","url":"https:\/\/www.santjosep.net\/ca\/turisme-actiu\/caiac\/ruta-en-kayak-desde-cala-carbo-a-cala-tarida-ibiza\/","name":"Ruta en Kayak desde Cala Carb\u00f3 a Cala Tarida - Ibiza - Santjosep.net","isPartOf":{"@id":"https:\/\/www.santjosep.net\/#website"},"primaryImageOfPage":{"@id":"https:\/\/www.santjosep.net\/ca\/turisme-actiu\/caiac\/ruta-en-kayak-desde-cala-carbo-a-cala-tarida-ibiza\/#primaryimage"},"image":{"@id":"https:\/\/www.santjosep.net\/ca\/turisme-actiu\/caiac\/ruta-en-kayak-desde-cala-carbo-a-cala-tarida-ibiza\/#primaryimage"},"thumbnailUrl":"https:\/\/www.santjosep.net\/wp-content\/uploads\/2013\/11\/calavedella_IMG_9205.jpg","datePublished":"2016-03-04T11:03:43+00:00","dateModified":"2020-01-27T13:00:20+00:00","breadcrumb":{"@id":"https:\/\/www.santjosep.net\/ca\/turisme-actiu\/caiac\/ruta-en-kayak-desde-cala-carbo-a-cala-tarida-ibiza\/#breadcrumb"},"inLanguage":"ca","potentialAction":[{"@type":"ReadAction","target":["https:\/\/www.santjosep.net\/ca\/turisme-actiu\/caiac\/ruta-en-kayak-desde-cala-carbo-a-cala-tarida-ibiza\/"]}]},{"@type":"ImageObject","inLanguage":"ca","@id":"https:\/\/www.santjosep.net\/ca\/turisme-actiu\/caiac\/ruta-en-kayak-desde-cala-carbo-a-cala-tarida-ibiza\/#primaryimage","url":"https:\/\/www.santjosep.net\/wp-content\/uploads\/2013\/11\/calavedella_IMG_9205.jpg","contentUrl":"https:\/\/www.santjosep.net\/wp-content\/uploads\/2013\/11\/calavedella_IMG_9205.jpg","width":800,"height":533},{"@type":"BreadcrumbList","@id":"https:\/\/www.santjosep.net\/ca\/turisme-actiu\/caiac\/ruta-en-kayak-desde-cala-carbo-a-cala-tarida-ibiza\/#breadcrumb","itemListElement":[{"@type":"ListItem","position":1,"name":"Turisme actiu","item":"https:\/\/www.santjosep.net\/ca\/turisme-actiu\/"},{"@type":"ListItem","position":2,"name":"Caiac","item":"https:\/\/www.santjosep.net\/ca\/turisme-actiu\/caiac\/"},{"@type":"ListItem","position":3,"name":"Ruta en Kayak desde Cala Carb\u00f3 a Cala Tarida &#8211; Ibiza"}]},{"@type":"WebSite","@id":"https:\/\/www.santjosep.net\/#website","url":"https:\/\/www.santjosep.net\/","name":"Santjosep.net","description":"","potentialAction":[{"@type":"SearchAction","target":{"@type":"EntryPoint","urlTemplate":"https:\/\/www.santjosep.net\/?s={search_term_string}"},"query-input":{"@type":"PropertyValueSpecification","valueRequired":true,"valueName":"search_term_string"}}],"inLanguage":"ca"}]}},"_links":{"self":[{"href":"https:\/\/www.santjosep.net\/ca\/wp-json\/wp\/v2\/pages\/20443","targetHints":{"allow":["GET"]}}],"collection":[{"href":"https:\/\/www.santjosep.net\/ca\/wp-json\/wp\/v2\/pages"}],"about":[{"href":"https:\/\/www.santjosep.net\/ca\/wp-json\/wp\/v2\/types\/page"}],"author":[{"embeddable":true,"href":"https:\/\/www.santjosep.net\/ca\/wp-json\/wp\/v2\/users\/1"}],"replies":[{"embeddable":true,"href":"https:\/\/www.santjosep.net\/ca\/wp-json\/wp\/v2\/comments?post=20443"}],"version-history":[{"count":0,"href":"https:\/\/www.santjosep.net\/ca\/wp-json\/wp\/v2\/pages\/20443\/revisions"}],"up":[{"embeddable":true,"href":"https:\/\/www.santjosep.net\/ca\/wp-json\/wp\/v2\/pages\/12396"}],"wp:featuredmedia":[{"embeddable":true,"href":"https:\/\/www.santjosep.net\/ca\/wp-json\/wp\/v2\/media\/12272"}],"wp:attachment":[{"href":"https:\/\/www.santjosep.net\/ca\/wp-json\/wp\/v2\/media?parent=20443"}],"wp:term":[{"taxonomy":"categoria_pagina","embeddable":true,"href":"https:\/\/www.santjosep.net\/ca\/wp-json\/wp\/v2\/categoria_pagina?post=20443"}],"curies":[{"name":"wp","href":"https:\/\/api.w.org\/{rel}","templated":true}]}}