{"id":20439,"date":"2016-03-04T10:43:08","date_gmt":"2016-03-04T10:43:08","guid":{"rendered":"https:\/\/www.santjosep.net\/activitats-esportives\/caiac\/ruta-en-kayak-desde-ses-boques-es-cubells-a-cala-carbo-ibiza\/"},"modified":"2020-01-27T14:00:11","modified_gmt":"2020-01-27T13:00:11","slug":"ruta-en-kayak-desde-ses-boques-es-cubells-a-cala-carbo-ibiza","status":"publish","type":"page","link":"https:\/\/www.santjosep.net\/ca\/turisme-actiu\/caiac\/ruta-en-kayak-desde-ses-boques-es-cubells-a-cala-carbo-ibiza\/","title":{"rendered":"Ruta en Kayak desde Ses Boques (Es Cubells) a Cala Carb\u00f3 &#8211; Ibiza"},"content":{"rendered":"<p><iframe loading=\"lazy\" src=\"https:\/\/www.google.com\/maps\/d\/embed?mid=z5YVYhWup8YU.kamROlkukR8Y\" width=\"780\" height=\"480\"><\/iframe><\/p>\n<p>DURACI\u00d3N: 3.30 Horas<br \/>\nLONGITUD: 7,2 Millas<br \/>\nDIFICULTAD: Media<br \/>\nPUNTO DE SALIDA: Ses Boques<br \/>\nPUNTO DE LLEGADA: Cala Carb\u00f3<\/p>\n<p><strong>C\u00d3MO LLEGAR:<\/strong><br \/>\nDesde Sant Josep, tomaremos la carretera a Es Cubells (PM-803-1). Al final, a la llegada al pueblo y antes de la iglesia, nos desviamos a la izquierda en direcci\u00f3n a la playa de Ses Boques, a la que llegaremos siguiendo las indicaciones hasta la playa.<\/p>\n<p><strong>TRAVES\u00cdA:<\/strong><br \/>\nSalimos de Ses Boques rumbo Oeste y en unos minutos llegaremos a Es Niu de s&#8217;\u00c1guila, calita de piedra con casetas de pescadores precedida por una roca en punta que sobresale del agua. En estos acantilados antiguamente exist\u00edan nidos de \u00e1guila pescadora.<\/p>\n<p><img loading=\"lazy\" decoding=\"async\" class=\"alignnone size-full wp-image-1087\" src=\"https:\/\/www.santjosep.net\/wp-content\/uploads\/2013\/11\/tiasesboques_IMG_0965.jpg\" alt=\"tiasesboques_IMG_0965\" width=\"1000\" height=\"667\" srcset=\"https:\/\/www.santjosep.net\/wp-content\/uploads\/2013\/11\/tiasesboques_IMG_0965.jpg 1000w, https:\/\/www.santjosep.net\/wp-content\/uploads\/2013\/11\/tiasesboques_IMG_0965-300x200.jpg 300w\" sizes=\"auto, (max-width: 1000px) 100vw, 1000px\" \/><\/p>\n<p>Continuamos y, enseguida, encontramos otra calita en la desembocadura del torrente y a continuaci\u00f3n entraremos en Cala Llentrisca, peque\u00f1o puerto de pescadores con varias casetas varadero donde podremos desembarcar. Esta es una zona todav\u00eda bastante agreste de dif\u00edcil acceso por tierra y muy bien conservada. Es importante tener en cuenta la gran distancia desde aqu\u00ed hasta el pr\u00f3ximo desembarco, aproximadamente a una hora de navegaci\u00f3n.<\/p>\n<p><img loading=\"lazy\" decoding=\"async\" class=\"alignnone size-full wp-image-2610\" src=\"https:\/\/www.santjosep.net\/wp-content\/uploads\/2014\/12\/calallentrisca_playas_ibiza.jpg\" alt=\"calallentrisca_playas_ibiza\" width=\"900\" height=\"600\" srcset=\"https:\/\/www.santjosep.net\/wp-content\/uploads\/2014\/12\/calallentrisca_playas_ibiza.jpg 900w, https:\/\/www.santjosep.net\/wp-content\/uploads\/2014\/12\/calallentrisca_playas_ibiza-300x200.jpg 300w\" sizes=\"auto, (max-width: 900px) 100vw, 900px\" \/><\/p>\n<p>A partir de aqu\u00ed la navegaci\u00f3n se desarrolla costeando entre grandes acantilados de dif\u00edcil desembarco. Un poco despu\u00e9s encontraremos la zona de Ses Covetes con algunas cuevas de f\u00e1cil acceso y con posibilidad de ver aves rapaces en vuelo. Se dice que por esta zona \u201cpesca\u201d el \u00e1guila pescadora. Desde aqu\u00ed tendremos unas maravillosas vistas de Es Vedr\u00e0 y Es Vedranell.<\/p>\n<div id=\"attachment_1073\" style=\"width: 1010px\" class=\"wp-caption alignnone\"><a href=\"https:\/\/www.santjosep.net\/wp-content\/uploads\/2013\/11\/esvedra.jpg\" rel=\"attachment wp-att-1073\"><img loading=\"lazy\" decoding=\"async\" aria-describedby=\"caption-attachment-1073\" class=\"size-full wp-image-1073\" src=\"https:\/\/www.santjosep.net\/wp-content\/uploads\/2013\/11\/esvedra.jpg\" alt=\"Es Vedr\u00e0 y Es Vedranell\" width=\"1000\" height=\"667\" srcset=\"https:\/\/www.santjosep.net\/wp-content\/uploads\/2013\/11\/esvedra.jpg 1000w, https:\/\/www.santjosep.net\/wp-content\/uploads\/2013\/11\/esvedra-300x200.jpg 300w\" sizes=\"auto, (max-width: 1000px) 100vw, 1000px\" \/><\/a><p id=\"caption-attachment-1073\" class=\"wp-caption-text\">Es Vedr\u00e0 y Es Vedranell<\/p><\/div>\n<p>Un poco m\u00e1s adelante encontramos unos pasadizos por debajo de las rocas y una peque\u00f1a calita de arena donde podremos desembarcar f\u00e1cilmente. Pasaremos por la zona de Sa Pedrera, usada antiguamente como cantera y que ha dado lugar a formas muy curiosas.<\/p>\n<p><a href=\"https:\/\/www.santjosep.net\/wp-content\/uploads\/2016\/03\/IMG_9962.jpg\" rel=\"attachment wp-att-5093\"><img loading=\"lazy\" decoding=\"async\" class=\"alignnone size-full wp-image-5093\" src=\"https:\/\/www.santjosep.net\/wp-content\/uploads\/2016\/03\/IMG_9962.jpg\" alt=\"IMG_9962\" width=\"1200\" height=\"800\" srcset=\"https:\/\/www.santjosep.net\/wp-content\/uploads\/2016\/03\/IMG_9962.jpg 1200w, https:\/\/www.santjosep.net\/wp-content\/uploads\/2016\/03\/IMG_9962-300x200.jpg 300w, https:\/\/www.santjosep.net\/wp-content\/uploads\/2016\/03\/IMG_9962-768x512.jpg 768w, https:\/\/www.santjosep.net\/wp-content\/uploads\/2016\/03\/IMG_9962-1024x683.jpg 1024w\" sizes=\"auto, (max-width: 1200px) 100vw, 1200px\" \/><\/a><\/p>\n<p>A continuaci\u00f3n llegaremos a la Punta de l \u0301Oliva donde tendremos ocasi\u00f3n de admirar de cerca los impresionantes islotes de Es Vedr\u00e0 y Es Vedranell, y arriba, a nuestra derecha, en lo alto del Cap des Jueu, la Torre des Savinar, antigua torre de defensa, famosa por sus leyendas, tambi\u00e9n conocida como del Pirata debido a la novela de Blasco Ib\u00e1\u00f1ez, \u201cLos Muertos Mandan\u201d, cuya trama transcurr\u00eda en este lugar.<\/p>\n<p>Continuamos por Cap Blanc y, antes de llegar a Cala d&#8217;Hort, encontraremos una zona con varios pasadizos en las rocas y diversos puntos donde desembarcar.<\/p>\n<p><a href=\"https:\/\/www.santjosep.net\/wp-content\/uploads\/2016\/01\/caladhort_IMG_3943.jpg\" rel=\"attachment wp-att-4621\"><img loading=\"lazy\" decoding=\"async\" class=\"alignnone size-full wp-image-4621\" src=\"https:\/\/www.santjosep.net\/wp-content\/uploads\/2016\/01\/caladhort_IMG_3943.jpg\" alt=\"caladhort_IMG_3943\" width=\"1200\" height=\"800\" srcset=\"https:\/\/www.santjosep.net\/wp-content\/uploads\/2016\/01\/caladhort_IMG_3943.jpg 1200w, https:\/\/www.santjosep.net\/wp-content\/uploads\/2016\/01\/caladhort_IMG_3943-300x200.jpg 300w, https:\/\/www.santjosep.net\/wp-content\/uploads\/2016\/01\/caladhort_IMG_3943-768x512.jpg 768w, https:\/\/www.santjosep.net\/wp-content\/uploads\/2016\/01\/caladhort_IMG_3943-1024x683.jpg 1024w\" sizes=\"auto, (max-width: 1200px) 100vw, 1200px\" \/><\/a><\/p>\n<p>Cala d&#8217;Hort, con restaurantes y todos los servicios, es una bonita playa con casetas de pescadores y una de las m\u00e1s emblem\u00e1ticas del municipio por la panor\u00e1mica sobre los islotes de Es Vedr\u00e0 y Es Vedranell.<\/p>\n<p>Seguimos navegando en direcci\u00f3n Norte a Cala Truja, llegando a Cala Carb\u00f3, peque\u00f1a cala de arena con restaurante y f\u00e1cil aparcamiento.<\/p>\n","protected":false},"excerpt":{"rendered":"<p>DURACI\u00d3N: 3.30 Horas LONGITUD: 7,2 Millas DIFICULTAD: Media PUNTO DE SALIDA: Ses Boques PUNTO DE LLEGADA: Cala Carb\u00f3 C\u00d3MO LLEGAR: Desde Sant Josep, tomaremos la carretera a Es Cubells (PM-803-1). Al final, a la llegada al pueblo y antes de [&hellip;]<\/p>\n","protected":false},"author":1,"featured_media":20441,"parent":12396,"menu_order":0,"comment_status":"closed","ping_status":"closed","template":"page-actividad.php","meta":{"_acf_changed":false,"inline_featured_image":false,"footnotes":""},"categoria_pagina":[],"class_list":["post-20439","page","type-page","status-publish","has-post-thumbnail","hentry"],"acf":[],"yoast_head":"<!-- This site is optimized with the Yoast SEO plugin v25.7 - https:\/\/yoast.com\/wordpress\/plugins\/seo\/ -->\n<title>Ruta en Kayak desde Ses Boques (Es Cubells) a Cala Carb\u00f3 - Ibiza - Santjosep.net<\/title>\n<meta name=\"robots\" content=\"index, follow, max-snippet:-1, max-image-preview:large, max-video-preview:-1\" \/>\n<link rel=\"canonical\" href=\"https:\/\/www.santjosep.net\/ca\/turisme-actiu\/caiac\/ruta-en-kayak-desde-ses-boques-es-cubells-a-cala-carbo-ibiza\/\" \/>\n<meta property=\"og:locale\" content=\"ca_ES\" \/>\n<meta property=\"og:type\" content=\"article\" \/>\n<meta property=\"og:title\" content=\"Ruta en Kayak desde Ses Boques (Es Cubells) a Cala Carb\u00f3 - Ibiza - Santjosep.net\" \/>\n<meta property=\"og:description\" content=\"DURACI\u00d3N: 3.30 Horas LONGITUD: 7,2 Millas DIFICULTAD: Media PUNTO DE SALIDA: Ses Boques PUNTO DE LLEGADA: Cala Carb\u00f3 C\u00d3MO LLEGAR: Desde Sant Josep, tomaremos la carretera a Es Cubells (PM-803-1). Al final, a la llegada al pueblo y antes de [&hellip;]\" \/>\n<meta property=\"og:url\" content=\"https:\/\/www.santjosep.net\/ca\/turisme-actiu\/caiac\/ruta-en-kayak-desde-ses-boques-es-cubells-a-cala-carbo-ibiza\/\" \/>\n<meta property=\"og:site_name\" content=\"Santjosep.net\" \/>\n<meta property=\"article:modified_time\" content=\"2020-01-27T13:00:11+00:00\" \/>\n<meta property=\"og:image\" content=\"https:\/\/www.santjosep.net\/wp-content\/uploads\/2015\/10\/IMG_57081.jpg\" \/>\n\t<meta property=\"og:image:width\" content=\"1200\" \/>\n\t<meta property=\"og:image:height\" content=\"800\" \/>\n\t<meta property=\"og:image:type\" content=\"image\/jpeg\" \/>\n<meta name=\"twitter:card\" content=\"summary_large_image\" \/>\n<meta name=\"twitter:label1\" content=\"Temps estimat de lectura\" \/>\n\t<meta name=\"twitter:data1\" content=\"2 minuts\" \/>\n<script type=\"application\/ld+json\" class=\"yoast-schema-graph\">{\"@context\":\"https:\/\/schema.org\",\"@graph\":[{\"@type\":\"WebPage\",\"@id\":\"https:\/\/www.santjosep.net\/ca\/turisme-actiu\/caiac\/ruta-en-kayak-desde-ses-boques-es-cubells-a-cala-carbo-ibiza\/\",\"url\":\"https:\/\/www.santjosep.net\/ca\/turisme-actiu\/caiac\/ruta-en-kayak-desde-ses-boques-es-cubells-a-cala-carbo-ibiza\/\",\"name\":\"Ruta en Kayak desde Ses Boques (Es Cubells) a Cala Carb\u00f3 - Ibiza - Santjosep.net\",\"isPartOf\":{\"@id\":\"https:\/\/www.santjosep.net\/#website\"},\"primaryImageOfPage\":{\"@id\":\"https:\/\/www.santjosep.net\/ca\/turisme-actiu\/caiac\/ruta-en-kayak-desde-ses-boques-es-cubells-a-cala-carbo-ibiza\/#primaryimage\"},\"image\":{\"@id\":\"https:\/\/www.santjosep.net\/ca\/turisme-actiu\/caiac\/ruta-en-kayak-desde-ses-boques-es-cubells-a-cala-carbo-ibiza\/#primaryimage\"},\"thumbnailUrl\":\"https:\/\/www.santjosep.net\/wp-content\/uploads\/2015\/10\/IMG_57081.jpg\",\"datePublished\":\"2016-03-04T10:43:08+00:00\",\"dateModified\":\"2020-01-27T13:00:11+00:00\",\"breadcrumb\":{\"@id\":\"https:\/\/www.santjosep.net\/ca\/turisme-actiu\/caiac\/ruta-en-kayak-desde-ses-boques-es-cubells-a-cala-carbo-ibiza\/#breadcrumb\"},\"inLanguage\":\"ca\",\"potentialAction\":[{\"@type\":\"ReadAction\",\"target\":[\"https:\/\/www.santjosep.net\/ca\/turisme-actiu\/caiac\/ruta-en-kayak-desde-ses-boques-es-cubells-a-cala-carbo-ibiza\/\"]}]},{\"@type\":\"ImageObject\",\"inLanguage\":\"ca\",\"@id\":\"https:\/\/www.santjosep.net\/ca\/turisme-actiu\/caiac\/ruta-en-kayak-desde-ses-boques-es-cubells-a-cala-carbo-ibiza\/#primaryimage\",\"url\":\"https:\/\/www.santjosep.net\/wp-content\/uploads\/2015\/10\/IMG_57081.jpg\",\"contentUrl\":\"https:\/\/www.santjosep.net\/wp-content\/uploads\/2015\/10\/IMG_57081.jpg\",\"width\":1200,\"height\":800},{\"@type\":\"BreadcrumbList\",\"@id\":\"https:\/\/www.santjosep.net\/ca\/turisme-actiu\/caiac\/ruta-en-kayak-desde-ses-boques-es-cubells-a-cala-carbo-ibiza\/#breadcrumb\",\"itemListElement\":[{\"@type\":\"ListItem\",\"position\":1,\"name\":\"Turisme actiu\",\"item\":\"https:\/\/www.santjosep.net\/ca\/turisme-actiu\/\"},{\"@type\":\"ListItem\",\"position\":2,\"name\":\"Caiac\",\"item\":\"https:\/\/www.santjosep.net\/ca\/turisme-actiu\/caiac\/\"},{\"@type\":\"ListItem\",\"position\":3,\"name\":\"Ruta en Kayak desde Ses Boques (Es Cubells) a Cala Carb\u00f3 &#8211; Ibiza\"}]},{\"@type\":\"WebSite\",\"@id\":\"https:\/\/www.santjosep.net\/#website\",\"url\":\"https:\/\/www.santjosep.net\/\",\"name\":\"Santjosep.net\",\"description\":\"\",\"potentialAction\":[{\"@type\":\"SearchAction\",\"target\":{\"@type\":\"EntryPoint\",\"urlTemplate\":\"https:\/\/www.santjosep.net\/?s={search_term_string}\"},\"query-input\":{\"@type\":\"PropertyValueSpecification\",\"valueRequired\":true,\"valueName\":\"search_term_string\"}}],\"inLanguage\":\"ca\"}]}<\/script>\n<!-- \/ Yoast SEO plugin. -->","yoast_head_json":{"title":"Ruta en Kayak desde Ses Boques (Es Cubells) a Cala Carb\u00f3 - Ibiza - Santjosep.net","robots":{"index":"index","follow":"follow","max-snippet":"max-snippet:-1","max-image-preview":"max-image-preview:large","max-video-preview":"max-video-preview:-1"},"canonical":"https:\/\/www.santjosep.net\/ca\/turisme-actiu\/caiac\/ruta-en-kayak-desde-ses-boques-es-cubells-a-cala-carbo-ibiza\/","og_locale":"ca_ES","og_type":"article","og_title":"Ruta en Kayak desde Ses Boques (Es Cubells) a Cala Carb\u00f3 - Ibiza - Santjosep.net","og_description":"DURACI\u00d3N: 3.30 Horas LONGITUD: 7,2 Millas DIFICULTAD: Media PUNTO DE SALIDA: Ses Boques PUNTO DE LLEGADA: Cala Carb\u00f3 C\u00d3MO LLEGAR: Desde Sant Josep, tomaremos la carretera a Es Cubells (PM-803-1). Al final, a la llegada al pueblo y antes de [&hellip;]","og_url":"https:\/\/www.santjosep.net\/ca\/turisme-actiu\/caiac\/ruta-en-kayak-desde-ses-boques-es-cubells-a-cala-carbo-ibiza\/","og_site_name":"Santjosep.net","article_modified_time":"2020-01-27T13:00:11+00:00","og_image":[{"width":1200,"height":800,"url":"https:\/\/www.santjosep.net\/wp-content\/uploads\/2015\/10\/IMG_57081.jpg","type":"image\/jpeg"}],"twitter_card":"summary_large_image","twitter_misc":{"Temps estimat de lectura":"2 minuts"},"schema":{"@context":"https:\/\/schema.org","@graph":[{"@type":"WebPage","@id":"https:\/\/www.santjosep.net\/ca\/turisme-actiu\/caiac\/ruta-en-kayak-desde-ses-boques-es-cubells-a-cala-carbo-ibiza\/","url":"https:\/\/www.santjosep.net\/ca\/turisme-actiu\/caiac\/ruta-en-kayak-desde-ses-boques-es-cubells-a-cala-carbo-ibiza\/","name":"Ruta en Kayak desde Ses Boques (Es Cubells) a Cala Carb\u00f3 - Ibiza - Santjosep.net","isPartOf":{"@id":"https:\/\/www.santjosep.net\/#website"},"primaryImageOfPage":{"@id":"https:\/\/www.santjosep.net\/ca\/turisme-actiu\/caiac\/ruta-en-kayak-desde-ses-boques-es-cubells-a-cala-carbo-ibiza\/#primaryimage"},"image":{"@id":"https:\/\/www.santjosep.net\/ca\/turisme-actiu\/caiac\/ruta-en-kayak-desde-ses-boques-es-cubells-a-cala-carbo-ibiza\/#primaryimage"},"thumbnailUrl":"https:\/\/www.santjosep.net\/wp-content\/uploads\/2015\/10\/IMG_57081.jpg","datePublished":"2016-03-04T10:43:08+00:00","dateModified":"2020-01-27T13:00:11+00:00","breadcrumb":{"@id":"https:\/\/www.santjosep.net\/ca\/turisme-actiu\/caiac\/ruta-en-kayak-desde-ses-boques-es-cubells-a-cala-carbo-ibiza\/#breadcrumb"},"inLanguage":"ca","potentialAction":[{"@type":"ReadAction","target":["https:\/\/www.santjosep.net\/ca\/turisme-actiu\/caiac\/ruta-en-kayak-desde-ses-boques-es-cubells-a-cala-carbo-ibiza\/"]}]},{"@type":"ImageObject","inLanguage":"ca","@id":"https:\/\/www.santjosep.net\/ca\/turisme-actiu\/caiac\/ruta-en-kayak-desde-ses-boques-es-cubells-a-cala-carbo-ibiza\/#primaryimage","url":"https:\/\/www.santjosep.net\/wp-content\/uploads\/2015\/10\/IMG_57081.jpg","contentUrl":"https:\/\/www.santjosep.net\/wp-content\/uploads\/2015\/10\/IMG_57081.jpg","width":1200,"height":800},{"@type":"BreadcrumbList","@id":"https:\/\/www.santjosep.net\/ca\/turisme-actiu\/caiac\/ruta-en-kayak-desde-ses-boques-es-cubells-a-cala-carbo-ibiza\/#breadcrumb","itemListElement":[{"@type":"ListItem","position":1,"name":"Turisme actiu","item":"https:\/\/www.santjosep.net\/ca\/turisme-actiu\/"},{"@type":"ListItem","position":2,"name":"Caiac","item":"https:\/\/www.santjosep.net\/ca\/turisme-actiu\/caiac\/"},{"@type":"ListItem","position":3,"name":"Ruta en Kayak desde Ses Boques (Es Cubells) a Cala Carb\u00f3 &#8211; Ibiza"}]},{"@type":"WebSite","@id":"https:\/\/www.santjosep.net\/#website","url":"https:\/\/www.santjosep.net\/","name":"Santjosep.net","description":"","potentialAction":[{"@type":"SearchAction","target":{"@type":"EntryPoint","urlTemplate":"https:\/\/www.santjosep.net\/?s={search_term_string}"},"query-input":{"@type":"PropertyValueSpecification","valueRequired":true,"valueName":"search_term_string"}}],"inLanguage":"ca"}]}},"_links":{"self":[{"href":"https:\/\/www.santjosep.net\/ca\/wp-json\/wp\/v2\/pages\/20439","targetHints":{"allow":["GET"]}}],"collection":[{"href":"https:\/\/www.santjosep.net\/ca\/wp-json\/wp\/v2\/pages"}],"about":[{"href":"https:\/\/www.santjosep.net\/ca\/wp-json\/wp\/v2\/types\/page"}],"author":[{"embeddable":true,"href":"https:\/\/www.santjosep.net\/ca\/wp-json\/wp\/v2\/users\/1"}],"replies":[{"embeddable":true,"href":"https:\/\/www.santjosep.net\/ca\/wp-json\/wp\/v2\/comments?post=20439"}],"version-history":[{"count":0,"href":"https:\/\/www.santjosep.net\/ca\/wp-json\/wp\/v2\/pages\/20439\/revisions"}],"up":[{"embeddable":true,"href":"https:\/\/www.santjosep.net\/ca\/wp-json\/wp\/v2\/pages\/12396"}],"wp:featuredmedia":[{"embeddable":true,"href":"https:\/\/www.santjosep.net\/ca\/wp-json\/wp\/v2\/media\/20441"}],"wp:attachment":[{"href":"https:\/\/www.santjosep.net\/ca\/wp-json\/wp\/v2\/media?parent=20439"}],"wp:term":[{"taxonomy":"categoria_pagina","embeddable":true,"href":"https:\/\/www.santjosep.net\/ca\/wp-json\/wp\/v2\/categoria_pagina?post=20439"}],"curies":[{"name":"wp","href":"https:\/\/api.w.org\/{rel}","templated":true}]}}