{"id":13654,"date":"2016-03-07T08:34:33","date_gmt":"2016-03-07T08:34:33","guid":{"rendered":"https:\/\/www.santjosep.net\/activitats-esportives\/passejos\/platges-de-comte-torre-rovira\/"},"modified":"2020-01-23T08:48:03","modified_gmt":"2020-01-23T07:48:03","slug":"platges-de-comte-torre-rovira","status":"publish","type":"page","link":"https:\/\/www.santjosep.net\/ca\/turisme-actiu\/passejos\/platges-de-comte-torre-rovira\/","title":{"rendered":"Platges de Comte &#8211; Torre Rovira"},"content":{"rendered":"<p>Avui us recomanem un passeig per una de les zones de costa m\u00e9s boniques de l\u2019illa d\u2019Eivissa, fins i tot podr\u00edem dir que del mar Mediterrani. \u00c9s una caminada senzilla, al voltant d\u2019una hora anada i tornada, entre les platges de Comte i la torre d\u2019en Rovira. No t\u00e9 grans desnivells, la qual cosa us permetr\u00e0 gaudir mentre camineu d\u2019aquesta obra mestra que ens regala la natura d\u2019Eivissa.<\/p>\n<h2>Mapa de la ruta<\/h2>\n<p><iframe loading=\"lazy\" src=\"https:\/\/mapsengine.google.com\/map\/embed?mid=znaHCaX734e8.kPhHPDgoKmSM\" width=\"795\" height=\"480\"><\/iframe><\/p>\n<p><b>Dificultat<\/b>: baixa<br \/>\n<b>Dist\u00e0ncia<\/b>: 2,29 km<br \/>\n<b>Temps estimat<\/b>: 1 hora<br \/>\n<b>Recomanacions<\/b>: cal\u00e7at esportiu i roba d\u2019abric si es fa cap al vespre.<\/p>\n<h2>Un d\u2019aquests passejos per Sant Josep dignes de recordar, per enamorar-se de la costa eivissenca&#8230;<\/h2>\n<div id=\"attachment_2008\" style=\"width: 1010px\" class=\"wp-caption alignnone\"><a href=\"https:\/\/www.santjosep.net\/wp-content\/uploads\/2014\/04\/IMG_0720.jpg\"><img loading=\"lazy\" decoding=\"async\" aria-describedby=\"caption-attachment-2008\" class=\"size-full wp-image-2008\" src=\"https:\/\/www.santjosep.net\/wp-content\/uploads\/2014\/04\/IMG_0720.jpg\" alt=\"IMG_0720\" width=\"1000\" height=\"667\" srcset=\"https:\/\/www.santjosep.net\/wp-content\/uploads\/2014\/04\/IMG_0720.jpg 1000w, https:\/\/www.santjosep.net\/wp-content\/uploads\/2014\/04\/IMG_0720-300x200.jpg 300w, https:\/\/www.santjosep.net\/wp-content\/uploads\/2014\/04\/IMG_0720-768x512.jpg 768w\" sizes=\"auto, (max-width: 1000px) 100vw, 1000px\" \/><\/a><p id=\"caption-attachment-2008\" class=\"wp-caption-text\">Platges de Comte<\/p><\/div>\n<p>Sortirem de platges de Comte, concretament del restaurant ses Roques, ubicat a la vora de l\u2019embarcador. En arribar, comprendreu immediatament que sou davant d\u2019un mirador \u00fanic. Aig\u00fces blaves i turqueses, costa rocosa i salvatge i part dels illots de Ponent al fons, que donen vida pr\u00f2pia a l\u2019horitz\u00f3. Veure la posta de sol des d\u2019all\u00e0 \u00e9s incre\u00efble.<\/p>\n<div id=\"attachment_2006\" style=\"width: 1010px\" class=\"wp-caption alignnone\"><a href=\"https:\/\/www.santjosep.net\/wp-content\/uploads\/2014\/04\/IMG_5028.jpg\"><img loading=\"lazy\" decoding=\"async\" aria-describedby=\"caption-attachment-2006\" class=\"size-full wp-image-2006\" src=\"https:\/\/www.santjosep.net\/wp-content\/uploads\/2014\/04\/IMG_5028.jpg\" alt=\"IMG_5028\" width=\"1000\" height=\"667\" srcset=\"https:\/\/www.santjosep.net\/wp-content\/uploads\/2014\/04\/IMG_5028.jpg 1000w, https:\/\/www.santjosep.net\/wp-content\/uploads\/2014\/04\/IMG_5028-300x200.jpg 300w\" sizes=\"auto, (max-width: 1000px) 100vw, 1000px\" \/><\/a><p id=\"caption-attachment-2006\" class=\"wp-caption-text\">Casetes de pescadors<\/p><\/div>\n<p>El cam\u00ed \u00e9s senzill, des del punt d\u2019inici voregeu la costa en direcci\u00f3 nord amb l\u2019 illot de l\u2019 illa des Bosc a l\u2019esquerra. \u00c9s un passeig molt aut\u00e8ntic, nom\u00e9s mar i terra. Els illots de l\u2019 illa des Bosc i sa Conillera, just al davant durant tot el recorregut, s\u00f3n impactants. A un costat hi ha el mar i les t\u00edpiques casetes de pescadors, a l\u2019altre, aquest bosc de pins i savines tan eivissenc d\u2019un color verd intens. Natura en estat pur.<\/p>\n<div id=\"attachment_2010\" style=\"width: 1010px\" class=\"wp-caption alignnone\"><a href=\"https:\/\/www.santjosep.net\/wp-content\/uploads\/2014\/04\/IMG_2721.jpg\"><img loading=\"lazy\" decoding=\"async\" aria-describedby=\"caption-attachment-2010\" class=\"size-full wp-image-2010\" src=\"https:\/\/www.santjosep.net\/wp-content\/uploads\/2014\/04\/IMG_2721.jpg\" alt=\"IMG_2721\" width=\"1000\" height=\"667\" srcset=\"https:\/\/www.santjosep.net\/wp-content\/uploads\/2014\/04\/IMG_2721.jpg 1000w, https:\/\/www.santjosep.net\/wp-content\/uploads\/2014\/04\/IMG_2721-300x200.jpg 300w\" sizes=\"auto, (max-width: 1000px) 100vw, 1000px\" \/><\/a><p id=\"caption-attachment-2010\" class=\"wp-caption-text\">Torre d&#8217;en Rovira. <span id=\"result_box\" class=\"short_text\" lang=\"ca\">Al fons la punta <span class=\"\">de Cap<\/span> <span class=\"\">Non\u00f3<\/span><\/span><\/p><\/div>\n<p>Voregeu la costa i arribareu a la punta de sa Torre, on divisareu r\u00e0pidament la punta del cap Nun\u00f3 i la costa de Sant Antoni al fons. Just all\u00e0 descobrireu la torre de vigil\u00e0ncia d\u2019en Rovira. Data de l\u2019any 1763 i va ser utilitzada, com d\u2019altres distribu\u00efdes per la costa piti\u00fcsa, com a torre de vigil\u00e0ncia i defensa (fins i tot va arribar a tenir canons), en aquest cas de la badia de Sant Antoni, que es troba a pocs quil\u00f2metres. Disposa d\u2019un angle que li permetia comunicar-se amb la torre de vigil\u00e0ncia des Savinar (cala d\u2019Hort) i amb l\u2019esgl\u00e9sia de Sant Antoni de Portmany.<\/p>\n<div id=\"attachment_2014\" style=\"width: 1010px\" class=\"wp-caption alignnone\"><a href=\"https:\/\/www.santjosep.net\/wp-content\/uploads\/2014\/04\/IMG_5103.jpg\"><img loading=\"lazy\" decoding=\"async\" aria-describedby=\"caption-attachment-2014\" class=\"size-full wp-image-2014\" src=\"https:\/\/www.santjosep.net\/wp-content\/uploads\/2014\/04\/IMG_5103.jpg\" alt=\"Puesta de sol en Platges de Comte\" width=\"1000\" height=\"667\" srcset=\"https:\/\/www.santjosep.net\/wp-content\/uploads\/2014\/04\/IMG_5103.jpg 1000w, https:\/\/www.santjosep.net\/wp-content\/uploads\/2014\/04\/IMG_5103-300x200.jpg 300w\" sizes=\"auto, (max-width: 1000px) 100vw, 1000px\" \/><\/a><p id=\"caption-attachment-2014\" class=\"wp-caption-text\">Posta de sol Platges de Comte<\/p><\/div>\n<p>Aquest petit passeig \u00e9s un vertader plaer a qualsevol hora del dia, per\u00f2 us recomanem el vespre com el moment perfecte. Les postes de sol des de qualsevol punt del recorregut s\u00f3n impressionants. Si voleu gaudir-les amb m\u00e9s ambient, feu-ho des de la platja mateix i, si voleu m\u00e9s intimitat, busqueu el vostre lloc a qualsevol punt del recorregut.<\/p>\n<p>Uns dels passejos per Sant Josep dignes de recordar, per enamorar-se de la costa de l\u2019 illa eivissenca&#8230;<\/p>\n<p>&nbsp;<\/p>\n","protected":false},"excerpt":{"rendered":"<p>Avui us recomanem un passeig per una de les zones de costa m\u00e9s boniques de l\u2019illa d\u2019Eivissa, fins i tot podr\u00edem dir que del mar Mediterrani. \u00c9s una caminada senzilla, al voltant d\u2019una hora anada i tornada, entre les platges [&hellip;]<\/p>\n","protected":false},"author":1,"featured_media":13655,"parent":12398,"menu_order":0,"comment_status":"closed","ping_status":"closed","template":"page-actividad.php","meta":{"_acf_changed":false,"inline_featured_image":false,"footnotes":""},"categoria_pagina":[],"class_list":["post-13654","page","type-page","status-publish","has-post-thumbnail","hentry"],"acf":[],"yoast_head":"<!-- This site is optimized with the Yoast SEO plugin v25.7 - https:\/\/yoast.com\/wordpress\/plugins\/seo\/ -->\n<title>Platges de Comte - Torre Rovira - Santjosep.net<\/title>\n<meta name=\"robots\" content=\"index, follow, max-snippet:-1, max-image-preview:large, max-video-preview:-1\" \/>\n<link rel=\"canonical\" href=\"https:\/\/www.santjosep.net\/ca\/turisme-actiu\/passejos\/platges-de-comte-torre-rovira\/\" \/>\n<meta property=\"og:locale\" content=\"ca_ES\" \/>\n<meta property=\"og:type\" content=\"article\" \/>\n<meta property=\"og:title\" content=\"Platges de Comte - Torre Rovira - Santjosep.net\" \/>\n<meta property=\"og:description\" content=\"Avui us recomanem un passeig per una de les zones de costa m\u00e9s boniques de l\u2019illa d\u2019Eivissa, fins i tot podr\u00edem dir que del mar Mediterrani. \u00c9s una caminada senzilla, al voltant d\u2019una hora anada i tornada, entre les platges [&hellip;]\" \/>\n<meta property=\"og:url\" content=\"https:\/\/www.santjosep.net\/ca\/turisme-actiu\/passejos\/platges-de-comte-torre-rovira\/\" \/>\n<meta property=\"og:site_name\" content=\"Santjosep.net\" \/>\n<meta property=\"article:modified_time\" content=\"2020-01-23T07:48:03+00:00\" \/>\n<meta property=\"og:image\" content=\"https:\/\/www.santjosep.net\/wp-content\/uploads\/2015\/02\/IMG_4777.jpg\" \/>\n\t<meta property=\"og:image:width\" content=\"1000\" \/>\n\t<meta property=\"og:image:height\" content=\"667\" \/>\n\t<meta property=\"og:image:type\" content=\"image\/jpeg\" \/>\n<meta name=\"twitter:card\" content=\"summary_large_image\" \/>\n<meta name=\"twitter:label1\" content=\"Temps estimat de lectura\" \/>\n\t<meta name=\"twitter:data1\" content=\"3 minuts\" \/>\n<script type=\"application\/ld+json\" class=\"yoast-schema-graph\">{\"@context\":\"https:\/\/schema.org\",\"@graph\":[{\"@type\":\"WebPage\",\"@id\":\"https:\/\/www.santjosep.net\/ca\/turisme-actiu\/passejos\/platges-de-comte-torre-rovira\/\",\"url\":\"https:\/\/www.santjosep.net\/ca\/turisme-actiu\/passejos\/platges-de-comte-torre-rovira\/\",\"name\":\"Platges de Comte - Torre Rovira - Santjosep.net\",\"isPartOf\":{\"@id\":\"https:\/\/www.santjosep.net\/#website\"},\"primaryImageOfPage\":{\"@id\":\"https:\/\/www.santjosep.net\/ca\/turisme-actiu\/passejos\/platges-de-comte-torre-rovira\/#primaryimage\"},\"image\":{\"@id\":\"https:\/\/www.santjosep.net\/ca\/turisme-actiu\/passejos\/platges-de-comte-torre-rovira\/#primaryimage\"},\"thumbnailUrl\":\"https:\/\/www.santjosep.net\/wp-content\/uploads\/2015\/02\/IMG_4777.jpg\",\"datePublished\":\"2016-03-07T08:34:33+00:00\",\"dateModified\":\"2020-01-23T07:48:03+00:00\",\"breadcrumb\":{\"@id\":\"https:\/\/www.santjosep.net\/ca\/turisme-actiu\/passejos\/platges-de-comte-torre-rovira\/#breadcrumb\"},\"inLanguage\":\"ca\",\"potentialAction\":[{\"@type\":\"ReadAction\",\"target\":[\"https:\/\/www.santjosep.net\/ca\/turisme-actiu\/passejos\/platges-de-comte-torre-rovira\/\"]}]},{\"@type\":\"ImageObject\",\"inLanguage\":\"ca\",\"@id\":\"https:\/\/www.santjosep.net\/ca\/turisme-actiu\/passejos\/platges-de-comte-torre-rovira\/#primaryimage\",\"url\":\"https:\/\/www.santjosep.net\/wp-content\/uploads\/2015\/02\/IMG_4777.jpg\",\"contentUrl\":\"https:\/\/www.santjosep.net\/wp-content\/uploads\/2015\/02\/IMG_4777.jpg\",\"width\":1000,\"height\":667},{\"@type\":\"BreadcrumbList\",\"@id\":\"https:\/\/www.santjosep.net\/ca\/turisme-actiu\/passejos\/platges-de-comte-torre-rovira\/#breadcrumb\",\"itemListElement\":[{\"@type\":\"ListItem\",\"position\":1,\"name\":\"Turisme actiu\",\"item\":\"https:\/\/www.santjosep.net\/ca\/turisme-actiu\/\"},{\"@type\":\"ListItem\",\"position\":2,\"name\":\"Passejos\",\"item\":\"https:\/\/www.santjosep.net\/ca\/turisme-actiu\/passejos\/\"},{\"@type\":\"ListItem\",\"position\":3,\"name\":\"Platges de Comte &#8211; Torre Rovira\"}]},{\"@type\":\"WebSite\",\"@id\":\"https:\/\/www.santjosep.net\/#website\",\"url\":\"https:\/\/www.santjosep.net\/\",\"name\":\"Santjosep.net\",\"description\":\"\",\"potentialAction\":[{\"@type\":\"SearchAction\",\"target\":{\"@type\":\"EntryPoint\",\"urlTemplate\":\"https:\/\/www.santjosep.net\/?s={search_term_string}\"},\"query-input\":{\"@type\":\"PropertyValueSpecification\",\"valueRequired\":true,\"valueName\":\"search_term_string\"}}],\"inLanguage\":\"ca\"}]}<\/script>\n<!-- \/ Yoast SEO plugin. -->","yoast_head_json":{"title":"Platges de Comte - Torre Rovira - Santjosep.net","robots":{"index":"index","follow":"follow","max-snippet":"max-snippet:-1","max-image-preview":"max-image-preview:large","max-video-preview":"max-video-preview:-1"},"canonical":"https:\/\/www.santjosep.net\/ca\/turisme-actiu\/passejos\/platges-de-comte-torre-rovira\/","og_locale":"ca_ES","og_type":"article","og_title":"Platges de Comte - Torre Rovira - Santjosep.net","og_description":"Avui us recomanem un passeig per una de les zones de costa m\u00e9s boniques de l\u2019illa d\u2019Eivissa, fins i tot podr\u00edem dir que del mar Mediterrani. \u00c9s una caminada senzilla, al voltant d\u2019una hora anada i tornada, entre les platges [&hellip;]","og_url":"https:\/\/www.santjosep.net\/ca\/turisme-actiu\/passejos\/platges-de-comte-torre-rovira\/","og_site_name":"Santjosep.net","article_modified_time":"2020-01-23T07:48:03+00:00","og_image":[{"width":1000,"height":667,"url":"https:\/\/www.santjosep.net\/wp-content\/uploads\/2015\/02\/IMG_4777.jpg","type":"image\/jpeg"}],"twitter_card":"summary_large_image","twitter_misc":{"Temps estimat de lectura":"3 minuts"},"schema":{"@context":"https:\/\/schema.org","@graph":[{"@type":"WebPage","@id":"https:\/\/www.santjosep.net\/ca\/turisme-actiu\/passejos\/platges-de-comte-torre-rovira\/","url":"https:\/\/www.santjosep.net\/ca\/turisme-actiu\/passejos\/platges-de-comte-torre-rovira\/","name":"Platges de Comte - Torre Rovira - Santjosep.net","isPartOf":{"@id":"https:\/\/www.santjosep.net\/#website"},"primaryImageOfPage":{"@id":"https:\/\/www.santjosep.net\/ca\/turisme-actiu\/passejos\/platges-de-comte-torre-rovira\/#primaryimage"},"image":{"@id":"https:\/\/www.santjosep.net\/ca\/turisme-actiu\/passejos\/platges-de-comte-torre-rovira\/#primaryimage"},"thumbnailUrl":"https:\/\/www.santjosep.net\/wp-content\/uploads\/2015\/02\/IMG_4777.jpg","datePublished":"2016-03-07T08:34:33+00:00","dateModified":"2020-01-23T07:48:03+00:00","breadcrumb":{"@id":"https:\/\/www.santjosep.net\/ca\/turisme-actiu\/passejos\/platges-de-comte-torre-rovira\/#breadcrumb"},"inLanguage":"ca","potentialAction":[{"@type":"ReadAction","target":["https:\/\/www.santjosep.net\/ca\/turisme-actiu\/passejos\/platges-de-comte-torre-rovira\/"]}]},{"@type":"ImageObject","inLanguage":"ca","@id":"https:\/\/www.santjosep.net\/ca\/turisme-actiu\/passejos\/platges-de-comte-torre-rovira\/#primaryimage","url":"https:\/\/www.santjosep.net\/wp-content\/uploads\/2015\/02\/IMG_4777.jpg","contentUrl":"https:\/\/www.santjosep.net\/wp-content\/uploads\/2015\/02\/IMG_4777.jpg","width":1000,"height":667},{"@type":"BreadcrumbList","@id":"https:\/\/www.santjosep.net\/ca\/turisme-actiu\/passejos\/platges-de-comte-torre-rovira\/#breadcrumb","itemListElement":[{"@type":"ListItem","position":1,"name":"Turisme actiu","item":"https:\/\/www.santjosep.net\/ca\/turisme-actiu\/"},{"@type":"ListItem","position":2,"name":"Passejos","item":"https:\/\/www.santjosep.net\/ca\/turisme-actiu\/passejos\/"},{"@type":"ListItem","position":3,"name":"Platges de Comte &#8211; Torre Rovira"}]},{"@type":"WebSite","@id":"https:\/\/www.santjosep.net\/#website","url":"https:\/\/www.santjosep.net\/","name":"Santjosep.net","description":"","potentialAction":[{"@type":"SearchAction","target":{"@type":"EntryPoint","urlTemplate":"https:\/\/www.santjosep.net\/?s={search_term_string}"},"query-input":{"@type":"PropertyValueSpecification","valueRequired":true,"valueName":"search_term_string"}}],"inLanguage":"ca"}]}},"_links":{"self":[{"href":"https:\/\/www.santjosep.net\/ca\/wp-json\/wp\/v2\/pages\/13654","targetHints":{"allow":["GET"]}}],"collection":[{"href":"https:\/\/www.santjosep.net\/ca\/wp-json\/wp\/v2\/pages"}],"about":[{"href":"https:\/\/www.santjosep.net\/ca\/wp-json\/wp\/v2\/types\/page"}],"author":[{"embeddable":true,"href":"https:\/\/www.santjosep.net\/ca\/wp-json\/wp\/v2\/users\/1"}],"replies":[{"embeddable":true,"href":"https:\/\/www.santjosep.net\/ca\/wp-json\/wp\/v2\/comments?post=13654"}],"version-history":[{"count":0,"href":"https:\/\/www.santjosep.net\/ca\/wp-json\/wp\/v2\/pages\/13654\/revisions"}],"up":[{"embeddable":true,"href":"https:\/\/www.santjosep.net\/ca\/wp-json\/wp\/v2\/pages\/12398"}],"wp:featuredmedia":[{"embeddable":true,"href":"https:\/\/www.santjosep.net\/ca\/wp-json\/wp\/v2\/media\/13655"}],"wp:attachment":[{"href":"https:\/\/www.santjosep.net\/ca\/wp-json\/wp\/v2\/media?parent=13654"}],"wp:term":[{"taxonomy":"categoria_pagina","embeddable":true,"href":"https:\/\/www.santjosep.net\/ca\/wp-json\/wp\/v2\/categoria_pagina?post=13654"}],"curies":[{"name":"wp","href":"https:\/\/api.w.org\/{rel}","templated":true}]}}