{"id":13648,"date":"2016-03-07T08:46:42","date_gmt":"2016-03-07T08:46:42","guid":{"rendered":"https:\/\/www.santjosep.net\/activitats-esportives\/passejos\/sa-talaia\/"},"modified":"2020-01-24T08:53:50","modified_gmt":"2020-01-24T07:53:50","slug":"sa-talaia","status":"publish","type":"page","link":"https:\/\/www.santjosep.net\/ca\/turisme-actiu\/passejos\/sa-talaia\/","title":{"rendered":"Sa Talaia"},"content":{"rendered":"<p>Us hem preparat una nova ruta de senderisme per un dels llocs m\u00e9s emblem\u00e0tics de Sant Josep de sa Talaia. Pujar al cim de sa Talaia, el m\u00e9s elevat d\u2019Eivissa amb 475 metres, us permetr\u00e0 gaudir de les incre\u00efbles vistes del nostre municipi i d\u2019una gran part de l\u2019illa d\u2019Eivissa i la costa de Formentera. Una excursi\u00f3 molt recomanable, sobretot els dies m\u00e9s clars.<\/p>\n<h2>Mapa de la ruta<\/h2>\n<p><iframe loading=\"lazy\" src=\"https:\/\/mapsengine.google.com\/map\/embed?mid=znaHCaX734e8.k5mP8YDKZX9Y\" width=\"795\" height=\"480\"><\/iframe><\/p>\n<p><b>Dificultat<\/b>: mitjana-baixa<br \/>\n<b>Dist\u00e0ncia<\/b>: 2,40 km<br \/>\n<b>Temps estimat<\/b>: 1 hora i 15 minuts (anada)<br \/>\n<b>Recomanacions<\/b>: portar cal\u00e7at i roba esportiva i aigua.<\/p>\n<h2>Visualitzar l\u2019illa des del seu punt m\u00e9s alt&#8230;<\/h2>\n<p>Tot i que sigui una caminada de pujada, no us heu de preocupar. La ruta que us proposem \u00e9s tranquil\u00b7la i amb poc desnivell, nom\u00e9s us trobareu amb una zona m\u00e9s empinada al final. A mesura que es vagi pujant, es recomana fer petits descansos, amb la c\u00e0mera a la m\u00e0 i disposats a gaudir del paisatge que us envolta&#8230;<\/p>\n<div id=\"attachment_2058\" style=\"width: 1010px\" class=\"wp-caption alignnone\"><a href=\"https:\/\/www.santjosep.net\/wp-content\/uploads\/2014\/05\/santjosep_IMG_1091.jpg\"><img loading=\"lazy\" decoding=\"async\" aria-describedby=\"caption-attachment-2058\" class=\"size-full wp-image-2058\" src=\"https:\/\/www.santjosep.net\/wp-content\/uploads\/2014\/05\/santjosep_IMG_1091.jpg\" alt=\"santjosep_IMG_1091\" width=\"1000\" height=\"667\" srcset=\"https:\/\/www.santjosep.net\/wp-content\/uploads\/2014\/05\/santjosep_IMG_1091.jpg 1000w, https:\/\/www.santjosep.net\/wp-content\/uploads\/2014\/05\/santjosep_IMG_1091-300x200.jpg 300w, https:\/\/www.santjosep.net\/wp-content\/uploads\/2014\/05\/santjosep_IMG_1091-768x512.jpg 768w\" sizes=\"auto, (max-width: 1000px) 100vw, 1000px\" \/><\/a><p id=\"caption-attachment-2058\" class=\"wp-caption-text\">\u00c8sglesia de Sant Josep de Sa Talaia<\/p><\/div>\n<p>El passeig s\u2019inicia des de la pla\u00e7a de l\u2019esgl\u00e9sia i s\u2019agafa el carrer de sa Talaia, passant per davant de <a href=\"\/?page_id=12417\">Can Jeroni<\/a>, un centre cultural que ofereix peri\u00f2dicament exposicions sobre pintura, escultura i fotografia. Poc despr\u00e9s el carrer es converteix en un cam\u00ed amb vegetaci\u00f3 aut\u00f2ctona als dos costats i un bosc de pins. El sender \u00e9s de f\u00e0cil acc\u00e9s, passa per la falda de les muntanyes contig\u00fces a sa Talaia, amenitzat per unes fabuloses panor\u00e0miques que fan que la caminada sigui m\u00e9s lleugera. En un dia de sort, \u00e9s possible que us trobeu amb una geneta, el mam\u00edfer m\u00e9s ex\u00f2tic d\u2019Eivissa. S\u00f3n animals molt t\u00edmids i esquius que no es solen deixar veure.<\/p>\n<p>Al primer tram, aquestes s\u00f3n les vistes que gaudireu: un preci\u00f3s paisatge rural, cases eivissenques disperses entre murs de pedra, camps llaurats i els boscos de la zona. Seguim la caminada fins a arribar al cim, on trobareu dos incre\u00efbles miradors que dominen gran part de l\u2019illa i des d\u2019on es poden fer les millors fotos.<\/p>\n<div id=\"attachment_2062\" style=\"width: 1034px\" class=\"wp-caption alignnone\"><a href=\"https:\/\/www.santjosep.net\/wp-content\/uploads\/2014\/05\/satalaia_santantoni_IMG_4751.jpg\"><img loading=\"lazy\" decoding=\"async\" aria-describedby=\"caption-attachment-2062\" class=\"size-large wp-image-2062\" src=\"https:\/\/www.santjosep.net\/wp-content\/uploads\/2014\/05\/satalaia_santantoni_IMG_4751-1024x682.jpg\" alt=\"satalaia_santantoni_IMG_4751\" width=\"1024\" height=\"682\" srcset=\"https:\/\/www.santjosep.net\/wp-content\/uploads\/2014\/05\/satalaia_santantoni_IMG_4751-1024x682.jpg 1024w, https:\/\/www.santjosep.net\/wp-content\/uploads\/2014\/05\/satalaia_santantoni_IMG_4751-300x200.jpg 300w, https:\/\/www.santjosep.net\/wp-content\/uploads\/2014\/05\/satalaia_santantoni_IMG_4751.jpg 1200w\" sizes=\"auto, (max-width: 1024px) 100vw, 1024px\" \/><\/a><p id=\"caption-attachment-2062\" class=\"wp-caption-text\">Cala de Bou i la bah\u00eda de Sant Antoni<\/p><\/div>\n<p>Si us situeu a la vora de l\u2019antena i mireu cap al nord, \u00a0contemplareu la badia i el perfil del poble de Sant Antoni, el cap Nun\u00f3 i la zona tur\u00edstica de Cala de Bou i Port des Torrent. L\u2019hora m\u00e9s interessant \u00e9s cap al vespre, per veure la posta de sol.<\/p>\n<p>En canvi, si mireu al sud, podreu visualitzar l\u2019impressionant badia de Porroig, la<a href=\"\/?p=11442\"> platja des Jondal<\/a> i la costa de l\u2019illa de Formentera al fons. Incre\u00efble!<\/p>\n<div id=\"attachment_2060\" style=\"width: 1034px\" class=\"wp-caption alignnone\"><a href=\"https:\/\/www.santjosep.net\/wp-content\/uploads\/2014\/05\/satalaia_IMG_4721.jpg\"><img loading=\"lazy\" decoding=\"async\" aria-describedby=\"caption-attachment-2060\" class=\"size-large wp-image-2060\" src=\"https:\/\/www.santjosep.net\/wp-content\/uploads\/2014\/05\/satalaia_IMG_4721-1024x682.jpg\" alt=\"satalaia_IMG_4721\" width=\"1024\" height=\"682\" srcset=\"https:\/\/www.santjosep.net\/wp-content\/uploads\/2014\/05\/satalaia_IMG_4721-1024x682.jpg 1024w, https:\/\/www.santjosep.net\/wp-content\/uploads\/2014\/05\/satalaia_IMG_4721-300x200.jpg 300w, https:\/\/www.santjosep.net\/wp-content\/uploads\/2014\/05\/satalaia_IMG_4721.jpg 1200w\" sizes=\"auto, (max-width: 1024px) 100vw, 1024px\" \/><\/a><p id=\"caption-attachment-2060\" class=\"wp-caption-text\">Cala Jondal, Salinas i Formentera<\/p><\/div>\n<p>Per gaudir d\u2019unes altres vistes, heu de tornar al cam\u00ed principal, deixant enrere l\u2019antena. A la vora d\u2019una esplanada (aparcament), veureu un petit sender que puja a un monticle on podreu gaudir de les vistes m\u00e9s impressionants de la costa oest de Sant Josep: des de la<a href=\"\/?p=12188\"> platja de cala Bassa<\/a> fins a <a href=\"\/?p=11455\">platges de Comte<\/a> podreu veure la <a href=\"\/?page_id=12372\">Reserva Natural dels illots de Ponent<\/a>. Sense paraules! Els dies m\u00e9s clars, fins i tot hi podreu veure la costa de la pen\u00ednsula (Val\u00e8ncia).<\/p>\n<div id=\"attachment_2071\" style=\"width: 1010px\" class=\"wp-caption alignnone\"><a href=\"https:\/\/www.santjosep.net\/wp-content\/uploads\/2014\/05\/satalaia_IMG_4772.jpg\"><img loading=\"lazy\" decoding=\"async\" aria-describedby=\"caption-attachment-2071\" class=\"size-full wp-image-2071\" src=\"https:\/\/www.santjosep.net\/wp-content\/uploads\/2014\/05\/satalaia_IMG_4772.jpg\" alt=\"satalaia_IMG_4772\" width=\"1000\" height=\"667\" srcset=\"https:\/\/www.santjosep.net\/wp-content\/uploads\/2014\/05\/satalaia_IMG_4772.jpg 1000w, https:\/\/www.santjosep.net\/wp-content\/uploads\/2014\/05\/satalaia_IMG_4772-300x200.jpg 300w\" sizes=\"auto, (max-width: 1000px) 100vw, 1000px\" \/><\/a><p id=\"caption-attachment-2071\" class=\"wp-caption-text\"><span id=\"result_box\" class=\"\" lang=\"ca\">Vista al capvespre del <span class=\"\">Illots de Ponent<\/span> <span class=\"\">i la costa<\/span> <span class=\"\">de Sant Josep<\/span><\/span><\/p><\/div>\n<p>\u00c9s hora de tornar d\u2019aquest passeig que la vostra retina no oblidar\u00e0 en molt de temps!<\/p>\n","protected":false},"excerpt":{"rendered":"<p>Us hem preparat una nova ruta de senderisme per un dels llocs m\u00e9s emblem\u00e0tics de Sant Josep de sa Talaia. Pujar al cim de sa Talaia, el m\u00e9s elevat d\u2019Eivissa amb 475 metres, us permetr\u00e0 gaudir de les incre\u00efbles vistes [&hellip;]<\/p>\n","protected":false},"author":1,"featured_media":13176,"parent":12398,"menu_order":0,"comment_status":"closed","ping_status":"closed","template":"page-actividad.php","meta":{"_acf_changed":false,"inline_featured_image":false,"footnotes":""},"categoria_pagina":[],"class_list":["post-13648","page","type-page","status-publish","has-post-thumbnail","hentry"],"acf":[],"yoast_head":"<!-- This site is optimized with the Yoast SEO plugin v25.7 - https:\/\/yoast.com\/wordpress\/plugins\/seo\/ -->\n<title>Sa Talaia - Santjosep.net<\/title>\n<meta name=\"robots\" content=\"index, follow, max-snippet:-1, max-image-preview:large, max-video-preview:-1\" \/>\n<link rel=\"canonical\" href=\"https:\/\/www.santjosep.net\/ca\/turisme-actiu\/passejos\/sa-talaia\/\" \/>\n<meta property=\"og:locale\" content=\"ca_ES\" \/>\n<meta property=\"og:type\" content=\"article\" \/>\n<meta property=\"og:title\" content=\"Sa Talaia - Santjosep.net\" \/>\n<meta property=\"og:description\" content=\"Us hem preparat una nova ruta de senderisme per un dels llocs m\u00e9s emblem\u00e0tics de Sant Josep de sa Talaia. Pujar al cim de sa Talaia, el m\u00e9s elevat d\u2019Eivissa amb 475 metres, us permetr\u00e0 gaudir de les incre\u00efbles vistes [&hellip;]\" \/>\n<meta property=\"og:url\" content=\"https:\/\/www.santjosep.net\/ca\/turisme-actiu\/passejos\/sa-talaia\/\" \/>\n<meta property=\"og:site_name\" content=\"Santjosep.net\" \/>\n<meta property=\"article:modified_time\" content=\"2020-01-24T07:53:50+00:00\" \/>\n<meta property=\"og:image\" content=\"https:\/\/www.santjosep.net\/wp-content\/uploads\/2014\/05\/satalaia_IMG_4787.jpg\" \/>\n\t<meta property=\"og:image:width\" content=\"1200\" \/>\n\t<meta property=\"og:image:height\" content=\"800\" \/>\n\t<meta property=\"og:image:type\" content=\"image\/jpeg\" \/>\n<meta name=\"twitter:card\" content=\"summary_large_image\" \/>\n<meta name=\"twitter:label1\" content=\"Temps estimat de lectura\" \/>\n\t<meta name=\"twitter:data1\" content=\"3 minuts\" \/>\n<script type=\"application\/ld+json\" class=\"yoast-schema-graph\">{\"@context\":\"https:\/\/schema.org\",\"@graph\":[{\"@type\":\"WebPage\",\"@id\":\"https:\/\/www.santjosep.net\/ca\/turisme-actiu\/passejos\/sa-talaia\/\",\"url\":\"https:\/\/www.santjosep.net\/ca\/turisme-actiu\/passejos\/sa-talaia\/\",\"name\":\"Sa Talaia - Santjosep.net\",\"isPartOf\":{\"@id\":\"https:\/\/www.santjosep.net\/#website\"},\"primaryImageOfPage\":{\"@id\":\"https:\/\/www.santjosep.net\/ca\/turisme-actiu\/passejos\/sa-talaia\/#primaryimage\"},\"image\":{\"@id\":\"https:\/\/www.santjosep.net\/ca\/turisme-actiu\/passejos\/sa-talaia\/#primaryimage\"},\"thumbnailUrl\":\"https:\/\/www.santjosep.net\/wp-content\/uploads\/2014\/05\/satalaia_IMG_4787.jpg\",\"datePublished\":\"2016-03-07T08:46:42+00:00\",\"dateModified\":\"2020-01-24T07:53:50+00:00\",\"breadcrumb\":{\"@id\":\"https:\/\/www.santjosep.net\/ca\/turisme-actiu\/passejos\/sa-talaia\/#breadcrumb\"},\"inLanguage\":\"ca\",\"potentialAction\":[{\"@type\":\"ReadAction\",\"target\":[\"https:\/\/www.santjosep.net\/ca\/turisme-actiu\/passejos\/sa-talaia\/\"]}]},{\"@type\":\"ImageObject\",\"inLanguage\":\"ca\",\"@id\":\"https:\/\/www.santjosep.net\/ca\/turisme-actiu\/passejos\/sa-talaia\/#primaryimage\",\"url\":\"https:\/\/www.santjosep.net\/wp-content\/uploads\/2014\/05\/satalaia_IMG_4787.jpg\",\"contentUrl\":\"https:\/\/www.santjosep.net\/wp-content\/uploads\/2014\/05\/satalaia_IMG_4787.jpg\",\"width\":1200,\"height\":800},{\"@type\":\"BreadcrumbList\",\"@id\":\"https:\/\/www.santjosep.net\/ca\/turisme-actiu\/passejos\/sa-talaia\/#breadcrumb\",\"itemListElement\":[{\"@type\":\"ListItem\",\"position\":1,\"name\":\"Turisme actiu\",\"item\":\"https:\/\/www.santjosep.net\/ca\/turisme-actiu\/\"},{\"@type\":\"ListItem\",\"position\":2,\"name\":\"Passejos\",\"item\":\"https:\/\/www.santjosep.net\/ca\/turisme-actiu\/passejos\/\"},{\"@type\":\"ListItem\",\"position\":3,\"name\":\"Sa Talaia\"}]},{\"@type\":\"WebSite\",\"@id\":\"https:\/\/www.santjosep.net\/#website\",\"url\":\"https:\/\/www.santjosep.net\/\",\"name\":\"Santjosep.net\",\"description\":\"\",\"potentialAction\":[{\"@type\":\"SearchAction\",\"target\":{\"@type\":\"EntryPoint\",\"urlTemplate\":\"https:\/\/www.santjosep.net\/?s={search_term_string}\"},\"query-input\":{\"@type\":\"PropertyValueSpecification\",\"valueRequired\":true,\"valueName\":\"search_term_string\"}}],\"inLanguage\":\"ca\"}]}<\/script>\n<!-- \/ Yoast SEO plugin. -->","yoast_head_json":{"title":"Sa Talaia - Santjosep.net","robots":{"index":"index","follow":"follow","max-snippet":"max-snippet:-1","max-image-preview":"max-image-preview:large","max-video-preview":"max-video-preview:-1"},"canonical":"https:\/\/www.santjosep.net\/ca\/turisme-actiu\/passejos\/sa-talaia\/","og_locale":"ca_ES","og_type":"article","og_title":"Sa Talaia - Santjosep.net","og_description":"Us hem preparat una nova ruta de senderisme per un dels llocs m\u00e9s emblem\u00e0tics de Sant Josep de sa Talaia. Pujar al cim de sa Talaia, el m\u00e9s elevat d\u2019Eivissa amb 475 metres, us permetr\u00e0 gaudir de les incre\u00efbles vistes [&hellip;]","og_url":"https:\/\/www.santjosep.net\/ca\/turisme-actiu\/passejos\/sa-talaia\/","og_site_name":"Santjosep.net","article_modified_time":"2020-01-24T07:53:50+00:00","og_image":[{"width":1200,"height":800,"url":"https:\/\/www.santjosep.net\/wp-content\/uploads\/2014\/05\/satalaia_IMG_4787.jpg","type":"image\/jpeg"}],"twitter_card":"summary_large_image","twitter_misc":{"Temps estimat de lectura":"3 minuts"},"schema":{"@context":"https:\/\/schema.org","@graph":[{"@type":"WebPage","@id":"https:\/\/www.santjosep.net\/ca\/turisme-actiu\/passejos\/sa-talaia\/","url":"https:\/\/www.santjosep.net\/ca\/turisme-actiu\/passejos\/sa-talaia\/","name":"Sa Talaia - Santjosep.net","isPartOf":{"@id":"https:\/\/www.santjosep.net\/#website"},"primaryImageOfPage":{"@id":"https:\/\/www.santjosep.net\/ca\/turisme-actiu\/passejos\/sa-talaia\/#primaryimage"},"image":{"@id":"https:\/\/www.santjosep.net\/ca\/turisme-actiu\/passejos\/sa-talaia\/#primaryimage"},"thumbnailUrl":"https:\/\/www.santjosep.net\/wp-content\/uploads\/2014\/05\/satalaia_IMG_4787.jpg","datePublished":"2016-03-07T08:46:42+00:00","dateModified":"2020-01-24T07:53:50+00:00","breadcrumb":{"@id":"https:\/\/www.santjosep.net\/ca\/turisme-actiu\/passejos\/sa-talaia\/#breadcrumb"},"inLanguage":"ca","potentialAction":[{"@type":"ReadAction","target":["https:\/\/www.santjosep.net\/ca\/turisme-actiu\/passejos\/sa-talaia\/"]}]},{"@type":"ImageObject","inLanguage":"ca","@id":"https:\/\/www.santjosep.net\/ca\/turisme-actiu\/passejos\/sa-talaia\/#primaryimage","url":"https:\/\/www.santjosep.net\/wp-content\/uploads\/2014\/05\/satalaia_IMG_4787.jpg","contentUrl":"https:\/\/www.santjosep.net\/wp-content\/uploads\/2014\/05\/satalaia_IMG_4787.jpg","width":1200,"height":800},{"@type":"BreadcrumbList","@id":"https:\/\/www.santjosep.net\/ca\/turisme-actiu\/passejos\/sa-talaia\/#breadcrumb","itemListElement":[{"@type":"ListItem","position":1,"name":"Turisme actiu","item":"https:\/\/www.santjosep.net\/ca\/turisme-actiu\/"},{"@type":"ListItem","position":2,"name":"Passejos","item":"https:\/\/www.santjosep.net\/ca\/turisme-actiu\/passejos\/"},{"@type":"ListItem","position":3,"name":"Sa Talaia"}]},{"@type":"WebSite","@id":"https:\/\/www.santjosep.net\/#website","url":"https:\/\/www.santjosep.net\/","name":"Santjosep.net","description":"","potentialAction":[{"@type":"SearchAction","target":{"@type":"EntryPoint","urlTemplate":"https:\/\/www.santjosep.net\/?s={search_term_string}"},"query-input":{"@type":"PropertyValueSpecification","valueRequired":true,"valueName":"search_term_string"}}],"inLanguage":"ca"}]}},"_links":{"self":[{"href":"https:\/\/www.santjosep.net\/ca\/wp-json\/wp\/v2\/pages\/13648","targetHints":{"allow":["GET"]}}],"collection":[{"href":"https:\/\/www.santjosep.net\/ca\/wp-json\/wp\/v2\/pages"}],"about":[{"href":"https:\/\/www.santjosep.net\/ca\/wp-json\/wp\/v2\/types\/page"}],"author":[{"embeddable":true,"href":"https:\/\/www.santjosep.net\/ca\/wp-json\/wp\/v2\/users\/1"}],"replies":[{"embeddable":true,"href":"https:\/\/www.santjosep.net\/ca\/wp-json\/wp\/v2\/comments?post=13648"}],"version-history":[{"count":0,"href":"https:\/\/www.santjosep.net\/ca\/wp-json\/wp\/v2\/pages\/13648\/revisions"}],"up":[{"embeddable":true,"href":"https:\/\/www.santjosep.net\/ca\/wp-json\/wp\/v2\/pages\/12398"}],"wp:featuredmedia":[{"embeddable":true,"href":"https:\/\/www.santjosep.net\/ca\/wp-json\/wp\/v2\/media\/13176"}],"wp:attachment":[{"href":"https:\/\/www.santjosep.net\/ca\/wp-json\/wp\/v2\/media?parent=13648"}],"wp:term":[{"taxonomy":"categoria_pagina","embeddable":true,"href":"https:\/\/www.santjosep.net\/ca\/wp-json\/wp\/v2\/categoria_pagina?post=13648"}],"curies":[{"name":"wp","href":"https:\/\/api.w.org\/{rel}","templated":true}]}}