{"id":13642,"date":"2017-09-06T11:06:13","date_gmt":"2017-09-06T11:06:13","guid":{"rendered":"https:\/\/www.santjosep.net\/activitats-esportives\/passejos\/los-acantilados-de-poniente\/"},"modified":"2020-01-23T11:49:29","modified_gmt":"2020-01-23T10:49:29","slug":"els-penya-segats-de-ponent","status":"publish","type":"page","link":"https:\/\/www.santjosep.net\/ca\/turisme-actiu\/passejos\/els-penya-segats-de-ponent\/","title":{"rendered":"Els penya-segats del ponent de Sant Josep"},"content":{"rendered":"<p>Qualsevol moment del dia \u00e9s perfecte per fer una passejada per Eivissa, una d\u2019aquelles caminades que fan que entreu en contacte amb la natura i a la tornada sentiu que heu recarregat les piles. No obstant aix\u00f2, el moment m\u00e9s especial del dia per passejar \u00e9s la vesprada, quan el paisatge es tenyeix de tons vermellosos i la calor es va esvaint per donar pas a les agradables temperatures de la nit.<\/p>\n<p>Per aquesta ra\u00f3, us proposem fer un tomb per una de les parts m\u00e9s atractives de la costa del municipi de Sant Josep, els penya-segats de ponent, que recorren el litoral des de cala Codolar fins a platges de Comte, des d\u2019on es pot contemplar millor la posta de sol durant els mesos d\u2019estiu. Descobriu tot el que us pot oferir el ponent eivissenc!<\/p>\n<p>&nbsp;<\/p>\n<p>&nbsp;<\/p>\n<h2>Mapa de la ruta<\/h2>\n<p><iframe loading=\"lazy\" src=\"https:\/\/www.google.com\/maps\/d\/embed?mid=1hjhxGF-KrtYvcqTk8EVUOEAzmgA\" width=\"800\" height=\"500\"><\/iframe><\/p>\n<p><b>Dificultat<\/b>: mitjana<br \/>\n<b>Dist\u00e0ncia<\/b>: 3,32 km<br \/>\n<b>Temps estimat<\/b>: 2 hores<br \/>\n<b>Recomanacions<\/b>: portar cal\u00e7at esportiu, roba esportiva i aigua.<\/p>\n<p>Si sortiu de Sant Josep, haureu de dirigir-vos cap a Sant Agust\u00ed i, quan passeu el desviament que condueix al nucli del poble, en trobareu un altre, a la part esquerra, que indica les diverses platges que s\u2019ubiquen en aquesta zona, la majoria d\u2019elles orientades cap a l\u2019oest. Si seguiu aquesta carretera en direcci\u00f3 a platges de Comte, un parell de quil\u00f2metres abans d\u2019arribar a aquestes espectaculars platges es troba el cam\u00ed que porta a cala Codolar, una cala amagada des d\u2019on es comen\u00e7a aquest recorregut tan interessant.<\/p>\n<p><img loading=\"lazy\" decoding=\"async\" class=\"alignnone size-large wp-image-8205\" src=\"https:\/\/www.santjosep.net\/wp-content\/uploads\/2016\/12\/Cala-codolar-1024x683.jpg\" alt=\"cala-codolar\" width=\"1024\" height=\"683\" srcset=\"https:\/\/www.santjosep.net\/wp-content\/uploads\/2016\/12\/Cala-codolar-1024x683.jpg 1024w, https:\/\/www.santjosep.net\/wp-content\/uploads\/2016\/12\/Cala-codolar-300x200.jpg 300w, https:\/\/www.santjosep.net\/wp-content\/uploads\/2016\/12\/Cala-codolar-768x512.jpg 768w, https:\/\/www.santjosep.net\/wp-content\/uploads\/2016\/12\/Cala-codolar.jpg 1200w\" sizes=\"auto, (max-width: 1024px) 100vw, 1024px\" \/><\/p>\n<p>Si sortiu de Sant Josep, haureu de dirigir-vos cap a Sant Agust\u00ed i, quan passeu el desviament que condueix al nucli del poble, en trobareu un altre, a la part esquerra, que indica les diverses platges que s\u2019ubiquen en aquesta zona, la majoria d\u2019elles orientades cap a l\u2019oest. Si seguiu aquesta carretera en direcci\u00f3 a platges de Comte, un parell de quil\u00f2metres abans d\u2019arribar a aquestes espectaculars platges es troba el cam\u00ed que porta a cala Codolar, una cala amagada des d\u2019on es comen\u00e7a aquest recorregut tan interessant.<\/p>\n<p><img loading=\"lazy\" decoding=\"async\" class=\"alignnone size-large wp-image-8214\" src=\"https:\/\/www.santjosep.net\/wp-content\/uploads\/2016\/12\/Cala-Llentia-1024x683.jpg\" alt=\"cala-llentia\" width=\"1024\" height=\"683\" srcset=\"https:\/\/www.santjosep.net\/wp-content\/uploads\/2016\/12\/Cala-Llentia-1024x683.jpg 1024w, https:\/\/www.santjosep.net\/wp-content\/uploads\/2016\/12\/Cala-Llentia-300x200.jpg 300w, https:\/\/www.santjosep.net\/wp-content\/uploads\/2016\/12\/Cala-Llentia-768x512.jpg 768w, https:\/\/www.santjosep.net\/wp-content\/uploads\/2016\/12\/Cala-Llentia.jpg 1200w\" sizes=\"auto, (max-width: 1024px) 100vw, 1024px\" \/><\/p>\n<p>L\u2019atractiu de cala Llentia roman en la seva ubicaci\u00f3 de dif\u00edcil acc\u00e9s (no hi ha cap cam\u00ed per apropar-s\u2019hi amb vehicle), fet que permet que segueixi quasi intacta. Est\u00e0 ubicada a una badia amagada entre els penya-segats que van des de cala Corral fins a cala Codolar, i s\u00f3n tamb\u00e9 un mirador meravell\u00f3s per contemplar el Mediterrani, amb es Vedr\u00e0 de fons a la part sud i, als dies m\u00e9s clars, amb la costa de D\u00e9nia a la llunyania. Clarament, es tracta d\u2019un lloc ideal per contemplar la posta de sol, m\u00e9s aviat a l\u2019hivern i m\u00e9s tard a l\u2019estiu. Des d\u2019all\u00e0, existeix un petit cam\u00ed que condueix fins a la vora de cala Llentia, una platja de c\u00f2dols i aig\u00fces cristal\u00b7lines i, amb una mica de sort, la tindreu tota a la vostra disposici\u00f3. Amb les casetes de pescador de la cala, l\u2019estampa tan t\u00edpica eivissenca es veur\u00e0 completa del tot.<\/p>\n<p><img loading=\"lazy\" decoding=\"async\" class=\"alignnone size-large wp-image-8217\" src=\"https:\/\/www.santjosep.net\/wp-content\/uploads\/2016\/12\/Cala-Llentia-vista-es-vedra-1024x683.jpg\" alt=\"cala-llentia-vista-es-vedra\" width=\"1024\" height=\"683\" srcset=\"https:\/\/www.santjosep.net\/wp-content\/uploads\/2016\/12\/Cala-Llentia-vista-es-vedra-1024x683.jpg 1024w, https:\/\/www.santjosep.net\/wp-content\/uploads\/2016\/12\/Cala-Llentia-vista-es-vedra-300x200.jpg 300w, https:\/\/www.santjosep.net\/wp-content\/uploads\/2016\/12\/Cala-Llentia-vista-es-vedra-768x512.jpg 768w, https:\/\/www.santjosep.net\/wp-content\/uploads\/2016\/12\/Cala-Llentia-vista-es-vedra.jpg 1200w\" sizes=\"auto, (max-width: 1024px) 100vw, 1024px\" \/><\/p>\n<p>Tornant al punt de partida, Cala Codolar, cal seguir endinsant-se en la bellesa del paisatge de la zona. Per aix\u00f2, dirigiu-vos al nord travessant la urbanitzaci\u00f3 ubicada al puig des Dof\u00ed. A l\u2019altre costat, seguint la costa, arribareu fins a sa Figuera Borda, una badia amb un atractiu que us sorprendr\u00e0 quan l\u2019observeu des d\u2019amunt. El millor d\u2019aquest rac\u00f3 \u00e9s la seva enorme cova, un impressionant forat que travessa la roca d\u2019un costat a l\u2019altre, el marc perfecte per contemplar les vistes sobre s\u2019Espartar, l\u2019illot que es troba just davant la costa. Per a poder accedir-hi, trobareu unes escales a la part nord de la badia. Aquestes condueixen fins a les casetes de pescadors que aprofiten el recer de la cova. El lloc t\u00e9 un aspecte poc com\u00fa i val la pena relaxar-se i gaudir del que pot oferir la costa rocosa, ja sigui donant-se un bany i fent un cabuss\u00f3 a les seves aig\u00fces clares o observant el paisatge a trav\u00e9s del forat de la pedra.<\/p>\n<p><img loading=\"lazy\" decoding=\"async\" class=\"alignnone size-large wp-image-8220\" src=\"https:\/\/www.santjosep.net\/wp-content\/uploads\/2016\/12\/Cueva-figuera-683x1024.jpg\" alt=\"cueva-figuera\" width=\"683\" height=\"1024\" srcset=\"https:\/\/www.santjosep.net\/wp-content\/uploads\/2016\/12\/Cueva-figuera-683x1024.jpg 683w, https:\/\/www.santjosep.net\/wp-content\/uploads\/2016\/12\/Cueva-figuera-200x300.jpg 200w, https:\/\/www.santjosep.net\/wp-content\/uploads\/2016\/12\/Cueva-figuera-768x1152.jpg 768w, https:\/\/www.santjosep.net\/wp-content\/uploads\/2016\/12\/Cueva-figuera-300x450.jpg 300w, https:\/\/www.santjosep.net\/wp-content\/uploads\/2016\/12\/Cueva-figuera.jpg 800w\" sizes=\"auto, (max-width: 683px) 100vw, 683px\" \/><\/p>\n<p>Un cop torneu a pujar, podreu gaudir de la panor\u00e0mica de l\u2019horitz\u00f3 oest de l\u2019illa i s\u2019Espartar al fons. Aquest illot \u00e9s conegut per haver sigut un dels llocs de recol\u00b7lecta d\u2019espart anys enrere. En l\u2019actualitat, ja no es practica aquesta collita, per\u00f2 encara queda algun recol\u00b7lector amb llic\u00e8ncia que mant\u00e9 viva la tradici\u00f3. La zona de penya-segats recorreguda \u00e9s coneguda com ses Roques Males i \u00e9s on es troba un cam\u00ed que condueix directament a platges de Comte, on finalitza la caminada.<\/p>\n<p><img loading=\"lazy\" decoding=\"async\" class=\"alignnone size-large wp-image-8235\" src=\"https:\/\/www.santjosep.net\/wp-content\/uploads\/2016\/12\/DSC_3421-1024x685.jpg\" alt=\"dsc_3421\" width=\"1024\" height=\"685\" srcset=\"https:\/\/www.santjosep.net\/wp-content\/uploads\/2016\/12\/DSC_3421-1024x685.jpg 1024w, https:\/\/www.santjosep.net\/wp-content\/uploads\/2016\/12\/DSC_3421-300x201.jpg 300w, https:\/\/www.santjosep.net\/wp-content\/uploads\/2016\/12\/DSC_3421-768x514.jpg 768w\" sizes=\"auto, (max-width: 1024px) 100vw, 1024px\" \/><\/p>\n<p>Si manteniu la ruta per la vora de la costa, la primera cala de platges de Comte que us trobareu \u00e9s el rac\u00f3 d\u2019en Xic, un petit arenal amb alguna caseta de pescador ideal per gaudir de les pl\u00e0cides aig\u00fces cristal\u00b7lines que banyen aquesta costa. A continuaci\u00f3, si seguiu els penyals, trobareu la platja de ponent, la preferida dels visitants per veure el final de la posta de sol, aquest instant en qu\u00e8 el sol m\u00e9s enrogeix per desapar\u00e8ixer definitivament per l\u2019horitz\u00f3. M\u00e9s endavant trobareu la platja de Tramuntana, que no gaudeix de la mateixa perspectiva per gaudir aquest espectacle, per\u00f2 que \u00e9s igual de bonica que la resta del paisatge i proporciona les millors vistes sobre l\u2019illa des Bosc, protagonista indiscutible de platges de Comte. Al fons, per acompanyar el moment de l\u2019oc\u00e0s, tamb\u00e9 veureu els illots de Ponent, que junt amb es Vedr\u00e0 i es Vedranell conformen una de les reserves naturals m\u00e9s importants del municipi.<\/p>\n<p><img loading=\"lazy\" decoding=\"async\" class=\"alignnone size-large wp-image-8223\" src=\"https:\/\/www.santjosep.net\/wp-content\/uploads\/2016\/12\/raco-xic-1024x683.jpg\" alt=\"raco-xic\" width=\"1024\" height=\"683\" srcset=\"https:\/\/www.santjosep.net\/wp-content\/uploads\/2016\/12\/raco-xic-1024x683.jpg 1024w, https:\/\/www.santjosep.net\/wp-content\/uploads\/2016\/12\/raco-xic-300x200.jpg 300w, https:\/\/www.santjosep.net\/wp-content\/uploads\/2016\/12\/raco-xic-768x512.jpg 768w, https:\/\/www.santjosep.net\/wp-content\/uploads\/2016\/12\/raco-xic.jpg 1200w\" sizes=\"auto, (max-width: 1024px) 100vw, 1024px\" \/><\/p>\n<p>En conclusi\u00f3, despr\u00e9s de rec\u00f3rrer les dunes, els penya-segats i les platges d\u2019aquesta zona, no hi ha res millor que asseure\u2019s, ja sigui a la sorra de la vora o al costat dels petits penyals que voregen la platja de ponent, per observar l\u2019espectacular posta de sol de platges de Comte.<\/p>\n<p><img loading=\"lazy\" decoding=\"async\" class=\"alignnone size-large wp-image-8226\" src=\"https:\/\/www.santjosep.net\/wp-content\/uploads\/2016\/12\/puesta-sol-1024x768.jpg\" alt=\"puesta-sol\" width=\"1024\" height=\"768\" srcset=\"https:\/\/www.santjosep.net\/wp-content\/uploads\/2016\/12\/puesta-sol-1024x768.jpg 1024w, https:\/\/www.santjosep.net\/wp-content\/uploads\/2016\/12\/puesta-sol-300x225.jpg 300w, https:\/\/www.santjosep.net\/wp-content\/uploads\/2016\/12\/puesta-sol-768x576.jpg 768w, https:\/\/www.santjosep.net\/wp-content\/uploads\/2016\/12\/puesta-sol.jpg 1200w\" sizes=\"auto, (max-width: 1024px) 100vw, 1024px\" \/><\/p>\n","protected":false},"excerpt":{"rendered":"<p>Qualsevol moment del dia \u00e9s perfecte per fer una passejada per Eivissa, una d\u2019aquelles caminades que fan que entreu en contacte amb la natura i a la tornada sentiu que heu recarregat les piles. No obstant aix\u00f2, el moment m\u00e9s [&hellip;]<\/p>\n","protected":false},"author":1,"featured_media":12853,"parent":12398,"menu_order":0,"comment_status":"closed","ping_status":"closed","template":"page-actividad.php","meta":{"_acf_changed":false,"inline_featured_image":false,"footnotes":""},"categoria_pagina":[],"class_list":["post-13642","page","type-page","status-publish","has-post-thumbnail","hentry"],"acf":[],"yoast_head":"<!-- This site is optimized with the Yoast SEO plugin v25.7 - https:\/\/yoast.com\/wordpress\/plugins\/seo\/ -->\n<title>Els penya-segats del ponent de Sant Josep - Santjosep.net<\/title>\n<meta name=\"robots\" content=\"index, follow, max-snippet:-1, max-image-preview:large, max-video-preview:-1\" \/>\n<link rel=\"canonical\" href=\"https:\/\/www.santjosep.net\/ca\/turisme-actiu\/passejos\/els-penya-segats-de-ponent\/\" \/>\n<meta property=\"og:locale\" content=\"ca_ES\" \/>\n<meta property=\"og:type\" content=\"article\" \/>\n<meta property=\"og:title\" content=\"Els penya-segats del ponent de Sant Josep - Santjosep.net\" \/>\n<meta property=\"og:description\" content=\"Qualsevol moment del dia \u00e9s perfecte per fer una passejada per Eivissa, una d\u2019aquelles caminades que fan que entreu en contacte amb la natura i a la tornada sentiu que heu recarregat les piles. No obstant aix\u00f2, el moment m\u00e9s [&hellip;]\" \/>\n<meta property=\"og:url\" content=\"https:\/\/www.santjosep.net\/ca\/turisme-actiu\/passejos\/els-penya-segats-de-ponent\/\" \/>\n<meta property=\"og:site_name\" content=\"Santjosep.net\" \/>\n<meta property=\"article:modified_time\" content=\"2020-01-23T10:49:29+00:00\" \/>\n<meta property=\"og:image\" content=\"https:\/\/www.santjosep.net\/wp-content\/uploads\/2016\/12\/Sin-ti\u0301tulo-1-e1504698376548.jpg\" \/>\n\t<meta property=\"og:image:width\" content=\"1000\" \/>\n\t<meta property=\"og:image:height\" content=\"665\" \/>\n\t<meta property=\"og:image:type\" content=\"image\/jpeg\" \/>\n<meta name=\"twitter:card\" content=\"summary_large_image\" \/>\n<meta name=\"twitter:label1\" content=\"Temps estimat de lectura\" \/>\n\t<meta name=\"twitter:data1\" content=\"5 minuts\" \/>\n<script type=\"application\/ld+json\" class=\"yoast-schema-graph\">{\"@context\":\"https:\/\/schema.org\",\"@graph\":[{\"@type\":\"WebPage\",\"@id\":\"https:\/\/www.santjosep.net\/ca\/turisme-actiu\/passejos\/els-penya-segats-de-ponent\/\",\"url\":\"https:\/\/www.santjosep.net\/ca\/turisme-actiu\/passejos\/els-penya-segats-de-ponent\/\",\"name\":\"Els penya-segats del ponent de Sant Josep - Santjosep.net\",\"isPartOf\":{\"@id\":\"https:\/\/www.santjosep.net\/#website\"},\"primaryImageOfPage\":{\"@id\":\"https:\/\/www.santjosep.net\/ca\/turisme-actiu\/passejos\/els-penya-segats-de-ponent\/#primaryimage\"},\"image\":{\"@id\":\"https:\/\/www.santjosep.net\/ca\/turisme-actiu\/passejos\/els-penya-segats-de-ponent\/#primaryimage\"},\"thumbnailUrl\":\"https:\/\/www.santjosep.net\/wp-content\/uploads\/2016\/12\/Sin-ti\u0301tulo-1-e1504698376548.jpg\",\"datePublished\":\"2017-09-06T11:06:13+00:00\",\"dateModified\":\"2020-01-23T10:49:29+00:00\",\"breadcrumb\":{\"@id\":\"https:\/\/www.santjosep.net\/ca\/turisme-actiu\/passejos\/els-penya-segats-de-ponent\/#breadcrumb\"},\"inLanguage\":\"ca\",\"potentialAction\":[{\"@type\":\"ReadAction\",\"target\":[\"https:\/\/www.santjosep.net\/ca\/turisme-actiu\/passejos\/els-penya-segats-de-ponent\/\"]}]},{\"@type\":\"ImageObject\",\"inLanguage\":\"ca\",\"@id\":\"https:\/\/www.santjosep.net\/ca\/turisme-actiu\/passejos\/els-penya-segats-de-ponent\/#primaryimage\",\"url\":\"https:\/\/www.santjosep.net\/wp-content\/uploads\/2016\/12\/Sin-ti\u0301tulo-1-e1504698376548.jpg\",\"contentUrl\":\"https:\/\/www.santjosep.net\/wp-content\/uploads\/2016\/12\/Sin-ti\u0301tulo-1-e1504698376548.jpg\",\"width\":1000,\"height\":665},{\"@type\":\"BreadcrumbList\",\"@id\":\"https:\/\/www.santjosep.net\/ca\/turisme-actiu\/passejos\/els-penya-segats-de-ponent\/#breadcrumb\",\"itemListElement\":[{\"@type\":\"ListItem\",\"position\":1,\"name\":\"Turisme actiu\",\"item\":\"https:\/\/www.santjosep.net\/ca\/turisme-actiu\/\"},{\"@type\":\"ListItem\",\"position\":2,\"name\":\"Passejos\",\"item\":\"https:\/\/www.santjosep.net\/ca\/turisme-actiu\/passejos\/\"},{\"@type\":\"ListItem\",\"position\":3,\"name\":\"Els penya-segats del ponent de Sant Josep\"}]},{\"@type\":\"WebSite\",\"@id\":\"https:\/\/www.santjosep.net\/#website\",\"url\":\"https:\/\/www.santjosep.net\/\",\"name\":\"Santjosep.net\",\"description\":\"\",\"potentialAction\":[{\"@type\":\"SearchAction\",\"target\":{\"@type\":\"EntryPoint\",\"urlTemplate\":\"https:\/\/www.santjosep.net\/?s={search_term_string}\"},\"query-input\":{\"@type\":\"PropertyValueSpecification\",\"valueRequired\":true,\"valueName\":\"search_term_string\"}}],\"inLanguage\":\"ca\"}]}<\/script>\n<!-- \/ Yoast SEO plugin. -->","yoast_head_json":{"title":"Els penya-segats del ponent de Sant Josep - Santjosep.net","robots":{"index":"index","follow":"follow","max-snippet":"max-snippet:-1","max-image-preview":"max-image-preview:large","max-video-preview":"max-video-preview:-1"},"canonical":"https:\/\/www.santjosep.net\/ca\/turisme-actiu\/passejos\/els-penya-segats-de-ponent\/","og_locale":"ca_ES","og_type":"article","og_title":"Els penya-segats del ponent de Sant Josep - Santjosep.net","og_description":"Qualsevol moment del dia \u00e9s perfecte per fer una passejada per Eivissa, una d\u2019aquelles caminades que fan que entreu en contacte amb la natura i a la tornada sentiu que heu recarregat les piles. No obstant aix\u00f2, el moment m\u00e9s [&hellip;]","og_url":"https:\/\/www.santjosep.net\/ca\/turisme-actiu\/passejos\/els-penya-segats-de-ponent\/","og_site_name":"Santjosep.net","article_modified_time":"2020-01-23T10:49:29+00:00","og_image":[{"width":1000,"height":665,"url":"https:\/\/www.santjosep.net\/wp-content\/uploads\/2016\/12\/Sin-ti\u0301tulo-1-e1504698376548.jpg","type":"image\/jpeg"}],"twitter_card":"summary_large_image","twitter_misc":{"Temps estimat de lectura":"5 minuts"},"schema":{"@context":"https:\/\/schema.org","@graph":[{"@type":"WebPage","@id":"https:\/\/www.santjosep.net\/ca\/turisme-actiu\/passejos\/els-penya-segats-de-ponent\/","url":"https:\/\/www.santjosep.net\/ca\/turisme-actiu\/passejos\/els-penya-segats-de-ponent\/","name":"Els penya-segats del ponent de Sant Josep - Santjosep.net","isPartOf":{"@id":"https:\/\/www.santjosep.net\/#website"},"primaryImageOfPage":{"@id":"https:\/\/www.santjosep.net\/ca\/turisme-actiu\/passejos\/els-penya-segats-de-ponent\/#primaryimage"},"image":{"@id":"https:\/\/www.santjosep.net\/ca\/turisme-actiu\/passejos\/els-penya-segats-de-ponent\/#primaryimage"},"thumbnailUrl":"https:\/\/www.santjosep.net\/wp-content\/uploads\/2016\/12\/Sin-ti\u0301tulo-1-e1504698376548.jpg","datePublished":"2017-09-06T11:06:13+00:00","dateModified":"2020-01-23T10:49:29+00:00","breadcrumb":{"@id":"https:\/\/www.santjosep.net\/ca\/turisme-actiu\/passejos\/els-penya-segats-de-ponent\/#breadcrumb"},"inLanguage":"ca","potentialAction":[{"@type":"ReadAction","target":["https:\/\/www.santjosep.net\/ca\/turisme-actiu\/passejos\/els-penya-segats-de-ponent\/"]}]},{"@type":"ImageObject","inLanguage":"ca","@id":"https:\/\/www.santjosep.net\/ca\/turisme-actiu\/passejos\/els-penya-segats-de-ponent\/#primaryimage","url":"https:\/\/www.santjosep.net\/wp-content\/uploads\/2016\/12\/Sin-ti\u0301tulo-1-e1504698376548.jpg","contentUrl":"https:\/\/www.santjosep.net\/wp-content\/uploads\/2016\/12\/Sin-ti\u0301tulo-1-e1504698376548.jpg","width":1000,"height":665},{"@type":"BreadcrumbList","@id":"https:\/\/www.santjosep.net\/ca\/turisme-actiu\/passejos\/els-penya-segats-de-ponent\/#breadcrumb","itemListElement":[{"@type":"ListItem","position":1,"name":"Turisme actiu","item":"https:\/\/www.santjosep.net\/ca\/turisme-actiu\/"},{"@type":"ListItem","position":2,"name":"Passejos","item":"https:\/\/www.santjosep.net\/ca\/turisme-actiu\/passejos\/"},{"@type":"ListItem","position":3,"name":"Els penya-segats del ponent de Sant Josep"}]},{"@type":"WebSite","@id":"https:\/\/www.santjosep.net\/#website","url":"https:\/\/www.santjosep.net\/","name":"Santjosep.net","description":"","potentialAction":[{"@type":"SearchAction","target":{"@type":"EntryPoint","urlTemplate":"https:\/\/www.santjosep.net\/?s={search_term_string}"},"query-input":{"@type":"PropertyValueSpecification","valueRequired":true,"valueName":"search_term_string"}}],"inLanguage":"ca"}]}},"_links":{"self":[{"href":"https:\/\/www.santjosep.net\/ca\/wp-json\/wp\/v2\/pages\/13642","targetHints":{"allow":["GET"]}}],"collection":[{"href":"https:\/\/www.santjosep.net\/ca\/wp-json\/wp\/v2\/pages"}],"about":[{"href":"https:\/\/www.santjosep.net\/ca\/wp-json\/wp\/v2\/types\/page"}],"author":[{"embeddable":true,"href":"https:\/\/www.santjosep.net\/ca\/wp-json\/wp\/v2\/users\/1"}],"replies":[{"embeddable":true,"href":"https:\/\/www.santjosep.net\/ca\/wp-json\/wp\/v2\/comments?post=13642"}],"version-history":[{"count":0,"href":"https:\/\/www.santjosep.net\/ca\/wp-json\/wp\/v2\/pages\/13642\/revisions"}],"up":[{"embeddable":true,"href":"https:\/\/www.santjosep.net\/ca\/wp-json\/wp\/v2\/pages\/12398"}],"wp:featuredmedia":[{"embeddable":true,"href":"https:\/\/www.santjosep.net\/ca\/wp-json\/wp\/v2\/media\/12853"}],"wp:attachment":[{"href":"https:\/\/www.santjosep.net\/ca\/wp-json\/wp\/v2\/media?parent=13642"}],"wp:term":[{"taxonomy":"categoria_pagina","embeddable":true,"href":"https:\/\/www.santjosep.net\/ca\/wp-json\/wp\/v2\/categoria_pagina?post=13642"}],"curies":[{"name":"wp","href":"https:\/\/api.w.org\/{rel}","templated":true}]}}