{"id":13639,"date":"2017-09-06T11:32:09","date_gmt":"2017-09-06T11:32:09","guid":{"rendered":"https:\/\/www.santjosep.net\/activitats-esportives\/passejos\/bol-nou-codolar\/"},"modified":"2020-01-23T11:25:14","modified_gmt":"2020-01-23T10:25:14","slug":"bol-nou-codolar","status":"publish","type":"page","link":"https:\/\/www.santjosep.net\/ca\/turisme-actiu\/passejos\/bol-nou-codolar\/","title":{"rendered":"Es Bol Nou &#8211; Es Codolar"},"content":{"rendered":"<p>Sempre \u00e9s reconfortant saber que Eivissa guarda mil i un camins on perdre\u2019s per contemplar el mar i fer un passeig acompanyat d\u2019un paisatge excepcional. A Sant Josep, en especial, trobareu molts d\u2019aquests \u00a0racons que inciten a desconnectar, com \u00e9s el cas de sa Caleta, una part de la costa que, a m\u00e9s de ser ideal per passejar, tamb\u00e9 \u00e9s un rac\u00f3 \u00fanic per endinsar-se en la hist\u00f2ria d\u2019Eivissa i Formentera.<\/p>\n<p>A la zona de sa Caleta es troben les restes del que va ser el primer assentament fenici de l\u2019illa. Els seus habitants foren els primers a contemplar les fabuloses vistes que es veuen des d\u2019aquests penya-segats i que ara poden ser un dels records m\u00e9s bonics que us emporteu d\u2019Eivissa&#8230; nom\u00e9s heu de deixar-vos enamorar per la costa de ponent de Sant Josep.<\/p>\n<p><iframe loading=\"lazy\" src=\"https:\/\/www.google.com\/maps\/d\/embed?mid=1hb9s6A1oHrAiWWAEHa7Ntvm_kGA\" width=\"750\" height=\"480\"><\/iframe><\/p>\n<h2>Mapa de la ruta<\/h2>\n<p><b>Dificultat<\/b>: baixa.<br \/>\n<b>Dist\u00e0ncia<\/b>: 1,87 km.<br \/>\n<b>Temps estimat<\/b>: 1 h 30 min. (anada).<br \/>\n<b>Recomanacions<\/b>: portar cal\u00e7at i roba esportiva i aigua.<\/p>\n<div id=\"new-royalslider-54\" class=\"royalSlider new-royalslider-54 rsDefaultInv rs-default-template\" style=\"width:100%;height:533px;;\" data-rs-options='{&quot;template&quot;:&quot;default&quot;,&quot;image_generation&quot;:{&quot;imageWidth&quot;:&quot;&quot;,&quot;imageHeight&quot;:&quot;&quot;,&quot;thumbImageWidth&quot;:&quot;&quot;,&quot;thumbImageHeight&quot;:&quot;&quot;},&quot;thumbs&quot;:{&quot;thumbWidth&quot;:96,&quot;thumbHeight&quot;:72},&quot;autoPlay&quot;:{&quot;delay&quot;:5000},&quot;block&quot;:{&quot;moveOffset&quot;:20,&quot;speed&quot;:400,&quot;delay&quot;:200},&quot;width&quot;:&quot;100%&quot;,&quot;height&quot;:533,&quot;autoScaleSlider&quot;:&quot;true&quot;,&quot;autoScaleSliderHeight&quot;:533,&quot;imageScaleMode&quot;:&quot;fill&quot;,&quot;imageScalePadding&quot;:0,&quot;arrowsNavAutoHide&quot;:&quot;false&quot;}'>\n<div class=\"rsContent\">\n  <img decoding=\"async\" class=\"rsImg\" src=\"https:\/\/www.santjosep.net\/wp-content\/uploads\/2016\/06\/IMG_2545-1024x683.jpg\" alt=\"IMG_2545\"\/>\n  \n  \n  \n<\/div>\n<div class=\"rsContent\">\n  <img decoding=\"async\" class=\"rsImg\" src=\"https:\/\/www.santjosep.net\/wp-content\/uploads\/2016\/06\/IMG_2526-1024x683.jpg\" alt=\"IMG_2526\"\/>\n  \n  \n  \n<\/div>\n<div class=\"rsContent\">\n  <img decoding=\"async\" class=\"rsImg\" src=\"https:\/\/www.santjosep.net\/wp-content\/uploads\/2016\/06\/IMG_2564-1024x683.jpg\" alt=\"IMG_2564\"\/>\n  \n  \n  \n<\/div>\n<div class=\"rsContent\">\n  <img decoding=\"async\" class=\"rsImg\" src=\"https:\/\/www.santjosep.net\/wp-content\/uploads\/2016\/06\/P1030114-1024x768.jpg\" alt=\"P1030114\"\/>\n  \n  \n  \n<\/div>\n<div class=\"rsContent\">\n  <img decoding=\"async\" class=\"rsImg\" src=\"https:\/\/www.santjosep.net\/wp-content\/uploads\/2016\/06\/IMG_2569-1024x683.jpg\" alt=\"IMG_2569\"\/>\n  \n  \n  \n<\/div>\n\n<\/div>\n<br \/>\n[su_divider top=&#8221;no&#8221; divider_color=&#8221;#ffffff&#8221; link_color=&#8221;#ffffff&#8221; margin=&#8221;5&#8243;]<\/p>\n<h2>Platja des Bol Nou<\/h2>\n<p>Tot i que es conegui com sa Caleta, la veritable platja freq\u00fcentada pels visitants \u00e9s <a href=\"\/?p=12210\">es Bol Nou<\/a>, una zona de sorra ubicada sota uns penya-segats de terra roja. Just al davant s\u2019observa el cam\u00ed que condueix fins a sa punta des Jondal, cap que separa aquesta zona de la seg\u00fcent platja situada m\u00e9s al nord, la platja des Jondal. \u00c9s impressionant el contrast de colors, amb aig\u00fces turqueses poc profundes i el roig de l\u2019argila que es fusiona amb la sorra clara. Aquest \u00e9s un lloc idoni tant per fer una parada i banyar-se a les seves aig\u00fces tranquil\u00b7les, com per fer un petit passeig per aquesta zona de l\u2019illa.<\/p>\n<div id=\"new-royalslider-55\" class=\"royalSlider new-royalslider-55 rsDefaultInv rs-default-template\" style=\"width:100%;height:533px;;\" data-rs-options='{&quot;template&quot;:&quot;default&quot;,&quot;image_generation&quot;:{&quot;imageWidth&quot;:&quot;&quot;,&quot;imageHeight&quot;:&quot;&quot;,&quot;thumbImageWidth&quot;:&quot;&quot;,&quot;thumbImageHeight&quot;:&quot;&quot;},&quot;thumbs&quot;:{&quot;thumbWidth&quot;:96,&quot;thumbHeight&quot;:72},&quot;autoPlay&quot;:{&quot;delay&quot;:5000},&quot;block&quot;:{&quot;moveOffset&quot;:20,&quot;speed&quot;:400,&quot;delay&quot;:200},&quot;width&quot;:&quot;100%&quot;,&quot;height&quot;:533,&quot;autoScaleSlider&quot;:&quot;true&quot;,&quot;autoScaleSliderHeight&quot;:533,&quot;imageScaleMode&quot;:&quot;fill&quot;,&quot;imageScalePadding&quot;:0,&quot;arrowsNavAutoHide&quot;:&quot;false&quot;}'>\n<div class=\"rsContent\">\n  <img decoding=\"async\" class=\"rsImg\" src=\"https:\/\/www.santjosep.net\/wp-content\/uploads\/2016\/06\/IMG_2562-1024x683.jpg\" alt=\"IMG_2562\"\/>\n  \n  \n  \n<\/div>\n<div class=\"rsContent\">\n  <img decoding=\"async\" class=\"rsImg\" src=\"https:\/\/www.santjosep.net\/wp-content\/uploads\/2016\/06\/sacaleta_IMG_0814.jpg\" alt=\"sacaleta_IMG_0814\"\/>\n  \n  \n  \n<\/div>\n<div class=\"rsContent\">\n  <img decoding=\"async\" class=\"rsImg\" src=\"https:\/\/www.santjosep.net\/wp-content\/uploads\/2016\/06\/IMG_2555-1024x683.jpg\" alt=\"IMG_2555\"\/>\n  \n  \n  \n<\/div>\n<div class=\"rsContent\">\n  <img decoding=\"async\" class=\"rsImg\" src=\"https:\/\/www.santjosep.net\/wp-content\/uploads\/2016\/06\/Poblado-fenicio-sa-Caleta-1-CE-XD.jpg\" alt=\"Poblado-fenicio-sa-Caleta-1-CE-XD\"\/>\n  \n  \n  \n<\/div>\n<div class=\"rsContent\">\n  <img decoding=\"async\" class=\"rsImg\" src=\"https:\/\/www.santjosep.net\/wp-content\/uploads\/2016\/06\/P1030118-1024x768.jpg\" alt=\"P1030118\"\/>\n  \n  \n  \n<\/div>\n<div class=\"rsContent\">\n  <img decoding=\"async\" class=\"rsImg\" src=\"https:\/\/www.santjosep.net\/wp-content\/uploads\/2016\/06\/Poblado-fenicio-Sa-Caleta-2-FU-VM.jpg\" alt=\"Poblado-fenicio-Sa-Caleta-2-FU-VM\"\/>\n  \n  \n  \n<\/div>\n\n<\/div>\n<br \/>\n[su_divider top=&#8221;no&#8221; divider_color=&#8221;#ffffff&#8221; link_color=&#8221;#ffffff&#8221; margin=&#8221;5&#8243;]<\/p>\n<h2>Poblat fenici de sa Caleta<\/h2>\n<p>Si pugeu el cam\u00ed que condueix als penya-segats que resguarden es Bol Nou, trobareu<a href=\"\/?p=12296\"> l\u2019assentament fenici de sa Caleta<\/a>, que es va construir al segle VIII aC i \u00e9s clau per comprendre els or\u00edgens de l\u2019illa. En l\u2019actualitat, el recinte est\u00e0 protegit amb una tanca per evitar que les restes recuperades es perdin, per\u00f2 dins de poc disposarem del centre d\u2019interpretaci\u00f3 de sa Caleta, actualment en proc\u00e9s de construcci\u00f3. D\u2019aquesta manera, ser\u00e0 molt m\u00e9s f\u00e0cil entendre la hist\u00f2ria que s\u2019amaga darrere aquestes ru\u00efnes. Passejar per aquesta petita pen\u00ednsula us donar\u00e0 una idea de com vivia aquesta civilitzaci\u00f3, que va abandonar la zona l\u2019any 600 aC sense cap lluita aparent. Aqu\u00ed tamb\u00e9 hi ha restes d\u2019antics b\u00fanquers, que es varen construir l\u2019any 1940 amb l\u2019objectiu de protegir l\u2019illa dels possibles atacs aeris dels a\u00efllats durant la Segona Guerra Mundial, tot i que mai no va arribar a ser necessari. Es va abandonar del tot els anys 60.<\/p>\n<div id=\"new-royalslider-56\" class=\"royalSlider new-royalslider-56 rsDefaultInv rs-default-template\" style=\"width:100%;height:533px;;\" data-rs-options='{&quot;template&quot;:&quot;default&quot;,&quot;image_generation&quot;:{&quot;imageWidth&quot;:&quot;&quot;,&quot;imageHeight&quot;:&quot;&quot;,&quot;thumbImageWidth&quot;:&quot;&quot;,&quot;thumbImageHeight&quot;:&quot;&quot;},&quot;thumbs&quot;:{&quot;thumbWidth&quot;:96,&quot;thumbHeight&quot;:72},&quot;autoPlay&quot;:{&quot;delay&quot;:5000},&quot;block&quot;:{&quot;moveOffset&quot;:20,&quot;speed&quot;:400,&quot;delay&quot;:200},&quot;width&quot;:&quot;100%&quot;,&quot;height&quot;:533,&quot;autoScaleSlider&quot;:&quot;true&quot;,&quot;autoScaleSliderHeight&quot;:533,&quot;imageScaleMode&quot;:&quot;fill&quot;,&quot;imageScalePadding&quot;:0,&quot;arrowsNavAutoHide&quot;:&quot;false&quot;}'>\n<div class=\"rsContent\">\n  <img decoding=\"async\" class=\"rsImg\" src=\"https:\/\/www.santjosep.net\/wp-content\/uploads\/2016\/06\/IMG_0776-1024x683.jpg\" alt=\"IMG_0776\"\/>\n  \n  \n  \n<\/div>\n<div class=\"rsContent\">\n  <img decoding=\"async\" class=\"rsImg\" src=\"https:\/\/www.santjosep.net\/wp-content\/uploads\/2016\/06\/IMG_0785-1024x683.jpg\" alt=\"IMG_0785\"\/>\n  \n  \n  \n<\/div>\n<div class=\"rsContent\">\n  <img decoding=\"async\" class=\"rsImg\" src=\"https:\/\/www.santjosep.net\/wp-content\/uploads\/2016\/06\/IMG_0778-1024x683.jpg\" alt=\"IMG_0778\"\/>\n  \n  \n  \n<\/div>\n<div class=\"rsContent\">\n  <img decoding=\"async\" class=\"rsImg\" src=\"https:\/\/www.santjosep.net\/wp-content\/uploads\/2016\/06\/IMG_0766-1024x683.jpg\" alt=\"IMG_0766\"\/>\n  \n  \n  \n<\/div>\n\n<\/div>\n<br \/>\n[su_divider top=&#8221;no&#8221; divider_color=&#8221;#ffffff&#8221; link_color=&#8221;#ffffff&#8221; margin=&#8221;5&#8243;]<\/p>\n<h2>Port Natural sa Caleta<\/h2>\n<p>Si abandoneu l\u2019assentament pel costat sud, descobrireu que es Bol Nou no \u00e9s l\u2019\u00fanica zona de bany, ja que el que realment \u00e9s conegut com <a href=\"\/?p=12336\">sa Caleta<\/a> \u00e9s el petit port natural amagat darrere la pen\u00ednsula sobre la qual s\u2019ubica l\u2019assentament. Tamb\u00e9 \u00e9s un lloc perfecte per a banyar-se i fins i tot per a practicar <i>snorkel<\/i>, ja que el fons roc\u00f3s est\u00e0 ple de detalls interessants per observar amb les ulleres de busseig. Es tracta d\u2019una badia perfecta per a resguardar-se de temporals i en l\u2019actualitat hi podreu trobar moltes casetes de pescadors que enalteixen aquesta bellesa marinera de la costa eivissenca. Aquesta cala va ser el primer port on varen desembarcar els fenicis segles enrere, els quals varen constituir el barri portuari de l\u2019assentament. D\u2019aquest assentament no en queden restes, at\u00e8s que les generacions seg\u00fcents li varen seguir donant \u00fas com a port pesquer fins als nostres dies.<\/p>\n<div id=\"new-royalslider-57\" class=\"royalSlider new-royalslider-57 rsDefaultInv rs-default-template\" style=\"width:100%;height:533px;;\" data-rs-options='{&quot;template&quot;:&quot;default&quot;,&quot;image_generation&quot;:{&quot;imageWidth&quot;:&quot;&quot;,&quot;imageHeight&quot;:&quot;&quot;,&quot;thumbImageWidth&quot;:&quot;&quot;,&quot;thumbImageHeight&quot;:&quot;&quot;},&quot;thumbs&quot;:{&quot;thumbWidth&quot;:96,&quot;thumbHeight&quot;:72},&quot;autoPlay&quot;:{&quot;delay&quot;:5000},&quot;block&quot;:{&quot;moveOffset&quot;:20,&quot;speed&quot;:400,&quot;delay&quot;:200},&quot;width&quot;:&quot;100%&quot;,&quot;height&quot;:533,&quot;autoScaleSlider&quot;:&quot;true&quot;,&quot;autoScaleSliderHeight&quot;:533,&quot;imageScaleMode&quot;:&quot;fill&quot;,&quot;imageScalePadding&quot;:0,&quot;arrowsNavAutoHide&quot;:&quot;false&quot;}'>\n<div class=\"rsContent\">\n  <img decoding=\"async\" class=\"rsImg\" src=\"https:\/\/www.santjosep.net\/wp-content\/uploads\/2016\/06\/IMG_2578-1024x683.jpg\" alt=\"IMG_2578\"\/>\n  \n  \n  \n<\/div>\n<div class=\"rsContent\">\n  <img decoding=\"async\" class=\"rsImg\" src=\"https:\/\/www.santjosep.net\/wp-content\/uploads\/2016\/06\/IMG_2582-1-1024x683.jpg\" alt=\"IMG_2582\"\/>\n  \n  \n  \n<\/div>\n<div class=\"rsContent\">\n  <img decoding=\"async\" class=\"rsImg\" src=\"https:\/\/www.santjosep.net\/wp-content\/uploads\/2016\/06\/escodolar_IMG_1106.jpg\" alt=\"escodolar_IMG_1106\"\/>\n  \n  \n  \n<\/div>\n<div class=\"rsContent\">\n  <img decoding=\"async\" class=\"rsImg\" src=\"https:\/\/www.santjosep.net\/wp-content\/uploads\/2016\/06\/escodolar_IMG_1117.jpg\" alt=\"escodolar_IMG_1117\"\/>\n  \n  \n  \n<\/div>\n\n<\/div>\n<br \/>\n[su_divider top=&#8221;no&#8221; divider_color=&#8221;#ffffff&#8221; link_color=&#8221;#ffffff&#8221; margin=&#8221;5&#8243;]<\/p>\n<h2>Platja des Codolar<\/h2>\n<p>Si continueu vorejant la costa, arribar\u00e0 un moment en qu\u00e8 us trobareu amb la carretera principal, per\u00f2 heu de seguir anant per la vora del mar per contemplar la bellesa dels penya-segats de la costa, plens de racons especials on asseure\u2019s a gaudir de la natura. Heu de seguir per la vora en direcci\u00f3 as Codolar, una immensa platja de pedres on regna la tranquil\u00b7litat allunyada del turisme. Pel cam\u00ed trobareu m\u00e9s d\u2019una caseta de pescadors, un paisatge \u00a0perfecte per familiaritzar-se amb la tradici\u00f3 marinera d\u2019Eivissa i tamb\u00e9 per prendre el sol apartat de les platges m\u00e9s freq\u00fcentades. Un altre lloc per distreure\u2019s \u00e9s la cova de ses Dones, un altre raconet de la costa ideal per banyistes que busquen intimitat i natura.<\/p>\n<p>Un cop arribeu fins as Codolar, haureu acabat aquest passeig tan interessant i, si teniu la sort de fer-ho a \u00faltima hora del vespre, a finals d\u2019estiu us espera una posta de sol inoblidable, la millor estampa per a finalitzar aquesta petita excursi\u00f3 que us mostrar\u00e0 part de la m\u00e0gia del municipi de Sant Josep.<\/p>\n","protected":false},"excerpt":{"rendered":"<p>Sempre \u00e9s reconfortant saber que Eivissa guarda mil i un camins on perdre\u2019s per contemplar el mar i fer un passeig acompanyat d\u2019un paisatge excepcional. A Sant Josep, en especial, trobareu molts d\u2019aquests \u00a0racons que inciten a desconnectar, com \u00e9s [&hellip;]<\/p>\n","protected":false},"author":1,"featured_media":12929,"parent":12398,"menu_order":0,"comment_status":"closed","ping_status":"closed","template":"page-actividad.php","meta":{"_acf_changed":false,"inline_featured_image":false,"footnotes":""},"categoria_pagina":[],"class_list":["post-13639","page","type-page","status-publish","has-post-thumbnail","hentry"],"acf":[],"yoast_head":"<!-- This site is optimized with the Yoast SEO plugin v25.7 - https:\/\/yoast.com\/wordpress\/plugins\/seo\/ -->\n<title>Es Bol Nou - Es Codolar - Santjosep.net<\/title>\n<meta name=\"robots\" content=\"index, follow, max-snippet:-1, max-image-preview:large, max-video-preview:-1\" \/>\n<link rel=\"canonical\" href=\"https:\/\/www.santjosep.net\/ca\/turisme-actiu\/passejos\/bol-nou-codolar\/\" \/>\n<meta property=\"og:locale\" content=\"ca_ES\" \/>\n<meta property=\"og:type\" content=\"article\" \/>\n<meta property=\"og:title\" content=\"Es Bol Nou - Es Codolar - Santjosep.net\" \/>\n<meta property=\"og:description\" content=\"Sempre \u00e9s reconfortant saber que Eivissa guarda mil i un camins on perdre\u2019s per contemplar el mar i fer un passeig acompanyat d\u2019un paisatge excepcional. A Sant Josep, en especial, trobareu molts d\u2019aquests \u00a0racons que inciten a desconnectar, com \u00e9s [&hellip;]\" \/>\n<meta property=\"og:url\" content=\"https:\/\/www.santjosep.net\/ca\/turisme-actiu\/passejos\/bol-nou-codolar\/\" \/>\n<meta property=\"og:site_name\" content=\"Santjosep.net\" \/>\n<meta property=\"article:modified_time\" content=\"2020-01-23T10:25:14+00:00\" \/>\n<meta property=\"og:image\" content=\"https:\/\/www.santjosep.net\/wp-content\/uploads\/2016\/06\/DJI_0075-3-e1504697607860.jpg\" \/>\n\t<meta property=\"og:image:width\" content=\"1200\" \/>\n\t<meta property=\"og:image:height\" content=\"798\" \/>\n\t<meta property=\"og:image:type\" content=\"image\/jpeg\" \/>\n<meta name=\"twitter:card\" content=\"summary_large_image\" \/>\n<meta name=\"twitter:label1\" content=\"Temps estimat de lectura\" \/>\n\t<meta name=\"twitter:data1\" content=\"4 minuts\" \/>\n<script type=\"application\/ld+json\" class=\"yoast-schema-graph\">{\"@context\":\"https:\/\/schema.org\",\"@graph\":[{\"@type\":\"WebPage\",\"@id\":\"https:\/\/www.santjosep.net\/ca\/turisme-actiu\/passejos\/bol-nou-codolar\/\",\"url\":\"https:\/\/www.santjosep.net\/ca\/turisme-actiu\/passejos\/bol-nou-codolar\/\",\"name\":\"Es Bol Nou - Es Codolar - Santjosep.net\",\"isPartOf\":{\"@id\":\"https:\/\/www.santjosep.net\/#website\"},\"primaryImageOfPage\":{\"@id\":\"https:\/\/www.santjosep.net\/ca\/turisme-actiu\/passejos\/bol-nou-codolar\/#primaryimage\"},\"image\":{\"@id\":\"https:\/\/www.santjosep.net\/ca\/turisme-actiu\/passejos\/bol-nou-codolar\/#primaryimage\"},\"thumbnailUrl\":\"https:\/\/www.santjosep.net\/wp-content\/uploads\/2016\/06\/DJI_0075-3-e1504697607860.jpg\",\"datePublished\":\"2017-09-06T11:32:09+00:00\",\"dateModified\":\"2020-01-23T10:25:14+00:00\",\"breadcrumb\":{\"@id\":\"https:\/\/www.santjosep.net\/ca\/turisme-actiu\/passejos\/bol-nou-codolar\/#breadcrumb\"},\"inLanguage\":\"ca\",\"potentialAction\":[{\"@type\":\"ReadAction\",\"target\":[\"https:\/\/www.santjosep.net\/ca\/turisme-actiu\/passejos\/bol-nou-codolar\/\"]}]},{\"@type\":\"ImageObject\",\"inLanguage\":\"ca\",\"@id\":\"https:\/\/www.santjosep.net\/ca\/turisme-actiu\/passejos\/bol-nou-codolar\/#primaryimage\",\"url\":\"https:\/\/www.santjosep.net\/wp-content\/uploads\/2016\/06\/DJI_0075-3-e1504697607860.jpg\",\"contentUrl\":\"https:\/\/www.santjosep.net\/wp-content\/uploads\/2016\/06\/DJI_0075-3-e1504697607860.jpg\",\"width\":1200,\"height\":798},{\"@type\":\"BreadcrumbList\",\"@id\":\"https:\/\/www.santjosep.net\/ca\/turisme-actiu\/passejos\/bol-nou-codolar\/#breadcrumb\",\"itemListElement\":[{\"@type\":\"ListItem\",\"position\":1,\"name\":\"Turisme actiu\",\"item\":\"https:\/\/www.santjosep.net\/ca\/turisme-actiu\/\"},{\"@type\":\"ListItem\",\"position\":2,\"name\":\"Passejos\",\"item\":\"https:\/\/www.santjosep.net\/ca\/turisme-actiu\/passejos\/\"},{\"@type\":\"ListItem\",\"position\":3,\"name\":\"Es Bol Nou &#8211; Es Codolar\"}]},{\"@type\":\"WebSite\",\"@id\":\"https:\/\/www.santjosep.net\/#website\",\"url\":\"https:\/\/www.santjosep.net\/\",\"name\":\"Santjosep.net\",\"description\":\"\",\"potentialAction\":[{\"@type\":\"SearchAction\",\"target\":{\"@type\":\"EntryPoint\",\"urlTemplate\":\"https:\/\/www.santjosep.net\/?s={search_term_string}\"},\"query-input\":{\"@type\":\"PropertyValueSpecification\",\"valueRequired\":true,\"valueName\":\"search_term_string\"}}],\"inLanguage\":\"ca\"}]}<\/script>\n<!-- \/ Yoast SEO plugin. -->","yoast_head_json":{"title":"Es Bol Nou - Es Codolar - Santjosep.net","robots":{"index":"index","follow":"follow","max-snippet":"max-snippet:-1","max-image-preview":"max-image-preview:large","max-video-preview":"max-video-preview:-1"},"canonical":"https:\/\/www.santjosep.net\/ca\/turisme-actiu\/passejos\/bol-nou-codolar\/","og_locale":"ca_ES","og_type":"article","og_title":"Es Bol Nou - Es Codolar - Santjosep.net","og_description":"Sempre \u00e9s reconfortant saber que Eivissa guarda mil i un camins on perdre\u2019s per contemplar el mar i fer un passeig acompanyat d\u2019un paisatge excepcional. A Sant Josep, en especial, trobareu molts d\u2019aquests \u00a0racons que inciten a desconnectar, com \u00e9s [&hellip;]","og_url":"https:\/\/www.santjosep.net\/ca\/turisme-actiu\/passejos\/bol-nou-codolar\/","og_site_name":"Santjosep.net","article_modified_time":"2020-01-23T10:25:14+00:00","og_image":[{"width":1200,"height":798,"url":"https:\/\/www.santjosep.net\/wp-content\/uploads\/2016\/06\/DJI_0075-3-e1504697607860.jpg","type":"image\/jpeg"}],"twitter_card":"summary_large_image","twitter_misc":{"Temps estimat de lectura":"4 minuts"},"schema":{"@context":"https:\/\/schema.org","@graph":[{"@type":"WebPage","@id":"https:\/\/www.santjosep.net\/ca\/turisme-actiu\/passejos\/bol-nou-codolar\/","url":"https:\/\/www.santjosep.net\/ca\/turisme-actiu\/passejos\/bol-nou-codolar\/","name":"Es Bol Nou - Es Codolar - Santjosep.net","isPartOf":{"@id":"https:\/\/www.santjosep.net\/#website"},"primaryImageOfPage":{"@id":"https:\/\/www.santjosep.net\/ca\/turisme-actiu\/passejos\/bol-nou-codolar\/#primaryimage"},"image":{"@id":"https:\/\/www.santjosep.net\/ca\/turisme-actiu\/passejos\/bol-nou-codolar\/#primaryimage"},"thumbnailUrl":"https:\/\/www.santjosep.net\/wp-content\/uploads\/2016\/06\/DJI_0075-3-e1504697607860.jpg","datePublished":"2017-09-06T11:32:09+00:00","dateModified":"2020-01-23T10:25:14+00:00","breadcrumb":{"@id":"https:\/\/www.santjosep.net\/ca\/turisme-actiu\/passejos\/bol-nou-codolar\/#breadcrumb"},"inLanguage":"ca","potentialAction":[{"@type":"ReadAction","target":["https:\/\/www.santjosep.net\/ca\/turisme-actiu\/passejos\/bol-nou-codolar\/"]}]},{"@type":"ImageObject","inLanguage":"ca","@id":"https:\/\/www.santjosep.net\/ca\/turisme-actiu\/passejos\/bol-nou-codolar\/#primaryimage","url":"https:\/\/www.santjosep.net\/wp-content\/uploads\/2016\/06\/DJI_0075-3-e1504697607860.jpg","contentUrl":"https:\/\/www.santjosep.net\/wp-content\/uploads\/2016\/06\/DJI_0075-3-e1504697607860.jpg","width":1200,"height":798},{"@type":"BreadcrumbList","@id":"https:\/\/www.santjosep.net\/ca\/turisme-actiu\/passejos\/bol-nou-codolar\/#breadcrumb","itemListElement":[{"@type":"ListItem","position":1,"name":"Turisme actiu","item":"https:\/\/www.santjosep.net\/ca\/turisme-actiu\/"},{"@type":"ListItem","position":2,"name":"Passejos","item":"https:\/\/www.santjosep.net\/ca\/turisme-actiu\/passejos\/"},{"@type":"ListItem","position":3,"name":"Es Bol Nou &#8211; Es Codolar"}]},{"@type":"WebSite","@id":"https:\/\/www.santjosep.net\/#website","url":"https:\/\/www.santjosep.net\/","name":"Santjosep.net","description":"","potentialAction":[{"@type":"SearchAction","target":{"@type":"EntryPoint","urlTemplate":"https:\/\/www.santjosep.net\/?s={search_term_string}"},"query-input":{"@type":"PropertyValueSpecification","valueRequired":true,"valueName":"search_term_string"}}],"inLanguage":"ca"}]}},"_links":{"self":[{"href":"https:\/\/www.santjosep.net\/ca\/wp-json\/wp\/v2\/pages\/13639","targetHints":{"allow":["GET"]}}],"collection":[{"href":"https:\/\/www.santjosep.net\/ca\/wp-json\/wp\/v2\/pages"}],"about":[{"href":"https:\/\/www.santjosep.net\/ca\/wp-json\/wp\/v2\/types\/page"}],"author":[{"embeddable":true,"href":"https:\/\/www.santjosep.net\/ca\/wp-json\/wp\/v2\/users\/1"}],"replies":[{"embeddable":true,"href":"https:\/\/www.santjosep.net\/ca\/wp-json\/wp\/v2\/comments?post=13639"}],"version-history":[{"count":0,"href":"https:\/\/www.santjosep.net\/ca\/wp-json\/wp\/v2\/pages\/13639\/revisions"}],"up":[{"embeddable":true,"href":"https:\/\/www.santjosep.net\/ca\/wp-json\/wp\/v2\/pages\/12398"}],"wp:featuredmedia":[{"embeddable":true,"href":"https:\/\/www.santjosep.net\/ca\/wp-json\/wp\/v2\/media\/12929"}],"wp:attachment":[{"href":"https:\/\/www.santjosep.net\/ca\/wp-json\/wp\/v2\/media?parent=13639"}],"wp:term":[{"taxonomy":"categoria_pagina","embeddable":true,"href":"https:\/\/www.santjosep.net\/ca\/wp-json\/wp\/v2\/categoria_pagina?post=13639"}],"curies":[{"name":"wp","href":"https:\/\/api.w.org\/{rel}","templated":true}]}}